{"id":103755,"date":"2020-07-29T07:01:29","date_gmt":"2020-07-29T07:01:29","guid":{"rendered":"https:\/\/eurecat.org\/?post_type=avada_portfolio&#038;p=103755"},"modified":"2020-11-26T12:03:42","modified_gmt":"2020-11-26T12:03:42","slug":"comunidadris3catmedia","status":"publish","type":"avada_portfolio","link":"https:\/\/eurecat.org\/es\/portfolio-items\/comunidadris3catmedia\/","title":{"rendered":"Comunidad RIS3CAT Media"},"content":{"rendered":"<div class=\"fusion-fullwidth fullwidth-box fusion-builder-row-1 hundred-percent-fullwidth non-hundred-percent-height-scrolling\" style=\"--awb-border-radius-top-left:0px;--awb-border-radius-top-right:0px;--awb-border-radius-bottom-right:0px;--awb-border-radius-bottom-left:0px;--awb-overflow:visible;--awb-flex-wrap:wrap;\" ><div class=\"fusion-builder-row fusion-row\"><div class=\"fusion-layout-column fusion_builder_column fusion-builder-column-0 fusion_builder_column_2_3 2_3 fusion-two-third fusion-column-first\" style=\"--awb-bg-size:cover;width:65.3333%; margin-right: 4%;\"><div class=\"fusion-column-wrapper fusion-flex-column-wrapper-legacy\"><div class=\"fusion-text fusion-text-1\"><p><img decoding=\"async\" class=\"aligncenter size-full wp-image-103763\" src=\"https:\/\/eurecat.org\/wp-content\/uploads\/2020\/07\/Comunitat-Media_850x447px.jpg\" alt=\"Comunitat RIS3CAT Media\" width=\"850\" height=\"447\" srcset=\"https:\/\/eurecat.org\/wp-content\/uploads\/2020\/07\/Comunitat-Media_850x447px-200x105.jpg 200w, https:\/\/eurecat.org\/wp-content\/uploads\/2020\/07\/Comunitat-Media_850x447px-300x158.jpg 300w, https:\/\/eurecat.org\/wp-content\/uploads\/2020\/07\/Comunitat-Media_850x447px-400x210.jpg 400w, https:\/\/eurecat.org\/wp-content\/uploads\/2020\/07\/Comunitat-Media_850x447px-600x316.jpg 600w, https:\/\/eurecat.org\/wp-content\/uploads\/2020\/07\/Comunitat-Media_850x447px-768x404.jpg 768w, https:\/\/eurecat.org\/wp-content\/uploads\/2020\/07\/Comunitat-Media_850x447px-800x421.jpg 800w, https:\/\/eurecat.org\/wp-content\/uploads\/2020\/07\/Comunitat-Media_850x447px.jpg 850w\" sizes=\"(max-width: 850px) 100vw, 850px\" \/><\/p>\n<\/div><div class=\"fusion-sep-clear\"><\/div><div class=\"fusion-separator fusion-full-width-sep\" style=\"margin-left: auto;margin-right: auto;width:100%;\"><\/div><div class=\"fusion-sep-clear\"><\/div><div class=\"fusion-sep-clear\"><\/div><div class=\"fusion-separator fusion-full-width-sep\" style=\"margin-left: auto;margin-right: auto;margin-top:0px;margin-bottom:10px;width:100%;\"><div class=\"fusion-separator-border sep-double sep-solid\" style=\"--awb-height:20px;--awb-amount:20px;border-color:#e0dede;border-top-width:1px;border-bottom-width:1px;\"><\/div><\/div><div class=\"fusion-sep-clear\"><\/div><div class=\"fusion-text fusion-text-2\"><p>La <strong>Comunidad RIS3CAT Media<\/strong> es una <strong>agrupaci\u00f3n formada por 34 empresas y agentes de las industrias culturales y creativas (ICC)<\/strong> que trabajan para impulsar y potenciar un plan de actuaciones de R+D+i, con el objetivo de contribuir a posicionar Catalu\u00f1a como referente internacional en el desarrollo de estrategias de impulso de la innovaci\u00f3n, basada en la intersecci\u00f3n de ciencia, tecnolog\u00eda y sociedad.<\/p>\n<p>La Comunidad, liderada por Eurecat, realizar\u00e1 <strong>8 proyectos de innovaci\u00f3n en el sector cultural y creativo catal\u00e1n<\/strong> durante el trienio 2020-2023. Entre estos se incluyen el proyecto <a href=\"https:\/\/eurecat.org\/es\/portfolio-items\/picae\/\">PICAE<\/a>, ViVIM, MIRONINS, <a href=\"https:\/\/comunitatmedia.cat\/portfolio\/projecte-nanomoocs\/\" target=\"_blank\" rel=\"noopener noreferrer\">nanoMOOCs<\/a>, \u00a0<a href=\"https:\/\/eurecat.org\/portfolio-items\/identiart\/\">IDENTI@RT<\/a>, <a href=\"https:\/\/eurecat.org\/portfolio-items\/engagement\/\">ENGAGEMENT<\/a>, <a href=\"https:\/\/comunitatmedia.cat\/portfolio\/projecte-edvidence\/\" target=\"_blank\" rel=\"noopener noreferrer\">EDvidence<\/a> y ZINKCAT.<\/p>\n<p>Como resultado de estos proyectos se obtendr\u00e1n diferentes impactos transversales para el sector como: la <strong>mejora de la eficiencia y la eficacia en la producci\u00f3n y distribuci\u00f3n de contenidos culturales y creativos<\/strong>, el <strong>desarrollo de nuevos formatos<\/strong>, el <strong>impulso en la investigaci\u00f3n de nuevas metodolog\u00edas de conocimiento e interacci\u00f3n<\/strong> con los usuarios, la <strong>mejora de la competitividad<\/strong> de las ICC y el <strong>impulso de la creatividad como factor de innovaci\u00f3n<\/strong>, reforzando el papel de los servicios creativos en la econom\u00eda y la sociedad en general.<\/p>\n<p>El plan de actuaciones de la Comunidad RIS3CAT Media ha recibido una ayuda de 6M\u20ac por parte del Gobierno de la Generalitat de Catalu\u00f1a, concedidos por <a href=\"http:\/\/www.accio.gencat.cat\/ca\/inici\" target=\"_blank\" rel=\"noopener noreferrer\">ACCI\u00d3<\/a>, la Agencia para la Competitividad de la Empresa.<\/p>\n<\/div><div class=\"fusion-clearfix\"><\/div><\/div><\/div><div class=\"fusion-layout-column fusion_builder_column fusion-builder-column-1 fusion_builder_column_1_3 1_3 fusion-one-third fusion-column-last\" style=\"--awb-bg-size:cover;width:30.6666%;\"><div class=\"fusion-column-wrapper fusion-flex-column-wrapper-legacy\"><div class=\"fusion-image-element fusion-image-align-center in-legacy-container\" style=\"text-align:center;--awb-caption-title-font-family:var(--h2_typography-font-family);--awb-caption-title-font-weight:var(--h2_typography-font-weight);--awb-caption-title-font-style:var(--h2_typography-font-style);--awb-caption-title-size:var(--h2_typography-font-size);--awb-caption-title-transform:var(--h2_typography-text-transform);--awb-caption-title-line-height:var(--h2_typography-line-height);--awb-caption-title-letter-spacing:var(--h2_typography-letter-spacing);\"><div class=\"imageframe-align-center\"><span class=\" fusion-imageframe imageframe-none imageframe-1 hover-type-none\"><img decoding=\"async\" width=\"200\" height=\"184\" alt=\"ris3cat comunitat media logo eurecat\" title=\"Maquetaci\u00f3n 1\" src=\"https:\/\/eurecat.org\/wp-content\/uploads\/2020\/07\/logo_ris3catmedia-200x184.jpg\" class=\"img-responsive wp-image-103766\" srcset=\"https:\/\/eurecat.org\/wp-content\/uploads\/2020\/07\/logo_ris3catmedia-200x184.jpg 200w, https:\/\/eurecat.org\/wp-content\/uploads\/2020\/07\/logo_ris3catmedia-400x367.jpg 400w, https:\/\/eurecat.org\/wp-content\/uploads\/2020\/07\/logo_ris3catmedia-600x551.jpg 600w, https:\/\/eurecat.org\/wp-content\/uploads\/2020\/07\/logo_ris3catmedia-800x734.jpg 800w, https:\/\/eurecat.org\/wp-content\/uploads\/2020\/07\/logo_ris3catmedia-1200x1101.jpg 1200w, https:\/\/eurecat.org\/wp-content\/uploads\/2020\/07\/logo_ris3catmedia.jpg 1412w\" sizes=\"(max-width: 800px) 100vw, 600px\" \/><\/span><\/div><\/div><div class=\"fusion-title title fusion-title-1 fusion-title-text fusion-title-size-three\" style=\"--awb-margin-top-small:0px;--awb-margin-right-small:0px;--awb-margin-bottom-small:20px;--awb-margin-left-small:0px;\"><h3 class=\"fusion-title-heading title-heading-left\" style=\"margin:0;\">Datos generales<\/h3><span class=\"awb-title-spacer\"><\/span><div class=\"title-sep-container\"><div class=\"title-sep sep-double sep-solid\" style=\"border-color:#e0dede;\"><\/div><\/div><\/div><div class=\"fusion-text fusion-text-3\"><p><strong>Proyecto<\/strong><\/p>\n<p>Comunidad RIS3CAT Media<\/p>\n<h3><\/h3>\n<\/div><div class=\"fusion-sep-clear\"><\/div><div class=\"fusion-separator fusion-full-width-sep\" style=\"margin-left: auto;margin-right: auto;margin-top:0px;margin-bottom:10px;width:100%;\"><div class=\"fusion-separator-border sep-single sep-solid\" style=\"--awb-height:20px;--awb-amount:20px;border-color:#e0dede;border-top-width:1px;\"><\/div><\/div><div class=\"fusion-sep-clear\"><\/div><div class=\"fusion-text fusion-text-4\"><p><strong>Programa y convocatoria<\/strong><\/p>\n<p>La Comunidad RIS3CAT Media es una de las comunidades RIS3CAT acreditadas por la Generalitat de Catalunya Este proyecto ha sido cofinanciado por ACCI\u00d3, la Agencia para la Competitividad de la Empresa de Catalunya.<\/p>\n<\/div><div class=\"fusion-sep-clear\"><\/div><div class=\"fusion-separator fusion-full-width-sep\" style=\"margin-left: auto;margin-right: auto;margin-top:0px;margin-bottom:10px;width:100%;\"><div class=\"fusion-separator-border sep-single sep-solid\" style=\"--awb-height:20px;--awb-amount:20px;border-color:#e0dede;border-top-width:1px;\"><\/div><\/div><div class=\"fusion-sep-clear\"><\/div><div class=\"fusion-text fusion-text-5\"><p><strong>Web del proyecto<\/strong><\/p>\n<p><a href=\"https:\/\/comunitatmedia.cat\/es\/\" target=\"_blank\" rel=\"noopener noreferrer\">https:\/\/comunitatmedia.cat\/es\/<\/a><\/p>\n<\/div><div class=\"fusion-sep-clear\"><\/div><div class=\"fusion-separator fusion-full-width-sep\" style=\"margin-left: auto;margin-right: auto;margin-top:0px;margin-bottom:10px;width:100%;\"><div class=\"fusion-separator-border sep-single sep-solid\" style=\"--awb-height:20px;--awb-amount:20px;border-color:#e0dede;border-top-width:1px;\"><\/div><\/div><div class=\"fusion-sep-clear\"><\/div><div class=\"fusion-sep-clear\"><\/div><div class=\"fusion-separator fusion-full-width-sep\" style=\"margin-left: auto;margin-right: auto;margin-top:10px;margin-bottom:10px;width:100%;\"><\/div><div class=\"fusion-sep-clear\"><\/div><div class=\"fusion-image-element fusion-image-align-center in-legacy-container\" style=\"text-align:center;--awb-caption-title-font-family:var(--h2_typography-font-family);--awb-caption-title-font-weight:var(--h2_typography-font-weight);--awb-caption-title-font-style:var(--h2_typography-font-style);--awb-caption-title-size:var(--h2_typography-font-size);--awb-caption-title-transform:var(--h2_typography-text-transform);--awb-caption-title-line-height:var(--h2_typography-line-height);--awb-caption-title-letter-spacing:var(--h2_typography-letter-spacing);\"><div class=\"imageframe-align-center\"><span class=\" fusion-imageframe imageframe-none imageframe-2 hover-type-none\"><img decoding=\"async\" width=\"200\" height=\"135\" title=\"logo_accio\" src=\"https:\/\/eurecat.org\/wp-content\/uploads\/2020\/05\/logo_accio-200x135.png\" alt class=\"img-responsive wp-image-100812\" srcset=\"https:\/\/eurecat.org\/wp-content\/uploads\/2020\/05\/logo_accio-200x135.png 200w, https:\/\/eurecat.org\/wp-content\/uploads\/2020\/05\/logo_accio-400x271.png 400w, https:\/\/eurecat.org\/wp-content\/uploads\/2020\/05\/logo_accio-600x406.png 600w, https:\/\/eurecat.org\/wp-content\/uploads\/2020\/05\/logo_accio.png 659w\" sizes=\"(max-width: 800px) 100vw, 600px\" \/><\/span><\/div><\/div><div class=\"fusion-clearfix\"><\/div><\/div><\/div><\/div><\/div>\n","protected":false},"excerpt":{"rendered":"","protected":false},"author":30,"featured_media":103760,"menu_order":0,"comment_status":"closed","ping_status":"closed","template":"","format":"standard","meta":{"footnotes":""},"portfolio_category":[1552,1871,1571,1570,1435,1564],"portfolio_skills":[1584,1589],"portfolio_tags":[1738],"class_list":["post-103755","avada_portfolio","type-avada_portfolio","status-publish","format-standard","has-post-thumbnail","hentry","portfolio_category-big-data-es","portfolio_category-consultoria-es","portfolio_category-impresion-funcional-y-sistemas-integrados","portfolio_category-it-security-es","portfolio_category-proyectos-nacionales-es","portfolio_category-tecnologias-audiovisuales","portfolio_skills-feder-es","portfolio_skills-ris3cat-es","portfolio_tags-gdpr"],"yoast_head":"<!-- This site is optimized with the Yoast SEO plugin v27.4 - https:\/\/yoast.com\/product\/yoast-seo-wordpress\/ -->\n<title>Comunidad RIS3CAT Media - Fomentar las industrias culturales<\/title>\n<meta name=\"description\" content=\"Comunitat RIS3CAT Media - Agrupaci\u00f3n de empresas y agentes que impulsan un plan de actuaciones en el \u00e1mbito sectorial de las industrias culturales\" \/>\n<meta name=\"robots\" content=\"index, follow, max-snippet:-1, max-image-preview:large, max-video-preview:-1\" \/>\n<link rel=\"canonical\" href=\"https:\/\/eurecat.org\/es\/portfolio-items\/comunidadris3catmedia\/\" \/>\n<meta property=\"og:locale\" content=\"es_ES\" \/>\n<meta property=\"og:type\" content=\"article\" \/>\n<meta property=\"og:title\" content=\"Comunidad RIS3CAT Media - Fomentar las industrias culturales\" \/>\n<meta property=\"og:description\" content=\"Comunitat RIS3CAT Media - Agrupaci\u00f3n de empresas y agentes que impulsan un plan de actuaciones en el \u00e1mbito sectorial de las industrias culturales\" \/>\n<meta property=\"og:url\" content=\"https:\/\/eurecat.org\/es\/portfolio-items\/comunidadris3catmedia\/\" \/>\n<meta property=\"og:site_name\" content=\"Eurecat\" \/>\n<meta property=\"article:modified_time\" content=\"2020-11-26T12:03:42+00:00\" \/>\n<meta property=\"og:image\" content=\"https:\/\/eurecat.org\/wp-content\/uploads\/2020\/07\/Comunitat-Media_520x272px.jpg\" \/>\n\t<meta property=\"og:image:width\" content=\"520\" \/>\n\t<meta property=\"og:image:height\" content=\"272\" \/>\n\t<meta property=\"og:image:type\" content=\"image\/jpeg\" \/>\n<meta name=\"twitter:card\" content=\"summary_large_image\" \/>\n<meta name=\"twitter:label1\" content=\"Tiempo de lectura\" \/>\n\t<meta name=\"twitter:data1\" content=\"6 minutos\" \/>\n<script type=\"application\/ld+json\" class=\"yoast-schema-graph\">{\"@context\":\"https:\\\/\\\/schema.org\",\"@graph\":[{\"@type\":\"WebPage\",\"@id\":\"https:\\\/\\\/eurecat.org\\\/es\\\/portfolio-items\\\/comunidadris3catmedia\\\/\",\"url\":\"https:\\\/\\\/eurecat.org\\\/es\\\/portfolio-items\\\/comunidadris3catmedia\\\/\",\"name\":\"Comunidad RIS3CAT Media - Fomentar las industrias culturales\",\"isPartOf\":{\"@id\":\"https:\\\/\\\/eurecat.org\\\/es\\\/#website\"},\"primaryImageOfPage\":{\"@id\":\"https:\\\/\\\/eurecat.org\\\/es\\\/portfolio-items\\\/comunidadris3catmedia\\\/#primaryimage\"},\"image\":{\"@id\":\"https:\\\/\\\/eurecat.org\\\/es\\\/portfolio-items\\\/comunidadris3catmedia\\\/#primaryimage\"},\"thumbnailUrl\":\"https:\\\/\\\/eurecat.org\\\/wp-content\\\/uploads\\\/2020\\\/07\\\/Comunitat-Media_520x272px.jpg\",\"datePublished\":\"2020-07-29T07:01:29+00:00\",\"dateModified\":\"2020-11-26T12:03:42+00:00\",\"description\":\"Comunitat RIS3CAT Media - Agrupaci\u00f3n de empresas y agentes que impulsan un plan de actuaciones en el \u00e1mbito sectorial de las industrias culturales\",\"breadcrumb\":{\"@id\":\"https:\\\/\\\/eurecat.org\\\/es\\\/portfolio-items\\\/comunidadris3catmedia\\\/#breadcrumb\"},\"inLanguage\":\"es\",\"potentialAction\":[{\"@type\":\"ReadAction\",\"target\":[\"https:\\\/\\\/eurecat.org\\\/es\\\/portfolio-items\\\/comunidadris3catmedia\\\/\"]}]},{\"@type\":\"ImageObject\",\"inLanguage\":\"es\",\"@id\":\"https:\\\/\\\/eurecat.org\\\/es\\\/portfolio-items\\\/comunidadris3catmedia\\\/#primaryimage\",\"url\":\"https:\\\/\\\/eurecat.org\\\/wp-content\\\/uploads\\\/2020\\\/07\\\/Comunitat-Media_520x272px.jpg\",\"contentUrl\":\"https:\\\/\\\/eurecat.org\\\/wp-content\\\/uploads\\\/2020\\\/07\\\/Comunitat-Media_520x272px.jpg\",\"width\":520,\"height\":272,\"caption\":\"Comunitat Media Eurecat\"},{\"@type\":\"BreadcrumbList\",\"@id\":\"https:\\\/\\\/eurecat.org\\\/es\\\/portfolio-items\\\/comunidadris3catmedia\\\/#breadcrumb\",\"itemListElement\":[{\"@type\":\"ListItem\",\"position\":1,\"name\":\"Inici\",\"item\":\"https:\\\/\\\/eurecat.org\\\/es\\\/\"},{\"@type\":\"ListItem\",\"position\":2,\"name\":\"Proyectos\",\"item\":\"https:\\\/\\\/eurecat.org\\\/es\\\/portfolio-items\\\/\"},{\"@type\":\"ListItem\",\"position\":3,\"name\":\"Comunidad RIS3CAT Media\"}]},{\"@type\":\"WebSite\",\"@id\":\"https:\\\/\\\/eurecat.org\\\/es\\\/#website\",\"url\":\"https:\\\/\\\/eurecat.org\\\/es\\\/\",\"name\":\"Eurecat\",\"description\":\"Otro sitio realizado con WordPress\",\"potentialAction\":[{\"@type\":\"SearchAction\",\"target\":{\"@type\":\"EntryPoint\",\"urlTemplate\":\"https:\\\/\\\/eurecat.org\\\/es\\\/?s={search_term_string}\"},\"query-input\":{\"@type\":\"PropertyValueSpecification\",\"valueRequired\":true,\"valueName\":\"search_term_string\"}}],\"inLanguage\":\"es\"}]}<\/script>\n<!-- \/ Yoast SEO plugin. -->","yoast_head_json":{"title":"Comunidad RIS3CAT Media - Fomentar las industrias culturales","description":"Comunitat RIS3CAT Media - Agrupaci\u00f3n de empresas y agentes que impulsan un plan de actuaciones en el \u00e1mbito sectorial de las industrias culturales","robots":{"index":"index","follow":"follow","max-snippet":"max-snippet:-1","max-image-preview":"max-image-preview:large","max-video-preview":"max-video-preview:-1"},"canonical":"https:\/\/eurecat.org\/es\/portfolio-items\/comunidadris3catmedia\/","og_locale":"es_ES","og_type":"article","og_title":"Comunidad RIS3CAT Media - Fomentar las industrias culturales","og_description":"Comunitat RIS3CAT Media - Agrupaci\u00f3n de empresas y agentes que impulsan un plan de actuaciones en el \u00e1mbito sectorial de las industrias culturales","og_url":"https:\/\/eurecat.org\/es\/portfolio-items\/comunidadris3catmedia\/","og_site_name":"Eurecat","article_modified_time":"2020-11-26T12:03:42+00:00","og_image":[{"width":520,"height":272,"url":"https:\/\/eurecat.org\/wp-content\/uploads\/2020\/07\/Comunitat-Media_520x272px.jpg","type":"image\/jpeg"}],"twitter_card":"summary_large_image","twitter_misc":{"Tiempo de lectura":"6 minutos"},"schema":{"@context":"https:\/\/schema.org","@graph":[{"@type":"WebPage","@id":"https:\/\/eurecat.org\/es\/portfolio-items\/comunidadris3catmedia\/","url":"https:\/\/eurecat.org\/es\/portfolio-items\/comunidadris3catmedia\/","name":"Comunidad RIS3CAT Media - Fomentar las industrias culturales","isPartOf":{"@id":"https:\/\/eurecat.org\/es\/#website"},"primaryImageOfPage":{"@id":"https:\/\/eurecat.org\/es\/portfolio-items\/comunidadris3catmedia\/#primaryimage"},"image":{"@id":"https:\/\/eurecat.org\/es\/portfolio-items\/comunidadris3catmedia\/#primaryimage"},"thumbnailUrl":"https:\/\/eurecat.org\/wp-content\/uploads\/2020\/07\/Comunitat-Media_520x272px.jpg","datePublished":"2020-07-29T07:01:29+00:00","dateModified":"2020-11-26T12:03:42+00:00","description":"Comunitat RIS3CAT Media - Agrupaci\u00f3n de empresas y agentes que impulsan un plan de actuaciones en el \u00e1mbito sectorial de las industrias culturales","breadcrumb":{"@id":"https:\/\/eurecat.org\/es\/portfolio-items\/comunidadris3catmedia\/#breadcrumb"},"inLanguage":"es","potentialAction":[{"@type":"ReadAction","target":["https:\/\/eurecat.org\/es\/portfolio-items\/comunidadris3catmedia\/"]}]},{"@type":"ImageObject","inLanguage":"es","@id":"https:\/\/eurecat.org\/es\/portfolio-items\/comunidadris3catmedia\/#primaryimage","url":"https:\/\/eurecat.org\/wp-content\/uploads\/2020\/07\/Comunitat-Media_520x272px.jpg","contentUrl":"https:\/\/eurecat.org\/wp-content\/uploads\/2020\/07\/Comunitat-Media_520x272px.jpg","width":520,"height":272,"caption":"Comunitat Media Eurecat"},{"@type":"BreadcrumbList","@id":"https:\/\/eurecat.org\/es\/portfolio-items\/comunidadris3catmedia\/#breadcrumb","itemListElement":[{"@type":"ListItem","position":1,"name":"Inici","item":"https:\/\/eurecat.org\/es\/"},{"@type":"ListItem","position":2,"name":"Proyectos","item":"https:\/\/eurecat.org\/es\/portfolio-items\/"},{"@type":"ListItem","position":3,"name":"Comunidad RIS3CAT Media"}]},{"@type":"WebSite","@id":"https:\/\/eurecat.org\/es\/#website","url":"https:\/\/eurecat.org\/es\/","name":"Eurecat","description":"Otro sitio realizado con WordPress","potentialAction":[{"@type":"SearchAction","target":{"@type":"EntryPoint","urlTemplate":"https:\/\/eurecat.org\/es\/?s={search_term_string}"},"query-input":{"@type":"PropertyValueSpecification","valueRequired":true,"valueName":"search_term_string"}}],"inLanguage":"es"}]}},"_links":{"self":[{"href":"https:\/\/eurecat.org\/es\/wp-json\/wp\/v2\/avada_portfolio\/103755","targetHints":{"allow":["GET"]}}],"collection":[{"href":"https:\/\/eurecat.org\/es\/wp-json\/wp\/v2\/avada_portfolio"}],"about":[{"href":"https:\/\/eurecat.org\/es\/wp-json\/wp\/v2\/types\/avada_portfolio"}],"author":[{"embeddable":true,"href":"https:\/\/eurecat.org\/es\/wp-json\/wp\/v2\/users\/30"}],"replies":[{"embeddable":true,"href":"https:\/\/eurecat.org\/es\/wp-json\/wp\/v2\/comments?post=103755"}],"version-history":[{"count":0,"href":"https:\/\/eurecat.org\/es\/wp-json\/wp\/v2\/avada_portfolio\/103755\/revisions"}],"wp:featuredmedia":[{"embeddable":true,"href":"https:\/\/eurecat.org\/es\/wp-json\/wp\/v2\/media\/103760"}],"wp:attachment":[{"href":"https:\/\/eurecat.org\/es\/wp-json\/wp\/v2\/media?parent=103755"}],"wp:term":[{"taxonomy":"portfolio_category","embeddable":true,"href":"https:\/\/eurecat.org\/es\/wp-json\/wp\/v2\/portfolio_category?post=103755"},{"taxonomy":"portfolio_skills","embeddable":true,"href":"https:\/\/eurecat.org\/es\/wp-json\/wp\/v2\/portfolio_skills?post=103755"},{"taxonomy":"portfolio_tags","embeddable":true,"href":"https:\/\/eurecat.org\/es\/wp-json\/wp\/v2\/portfolio_tags?post=103755"}],"curies":[{"name":"wp","href":"https:\/\/api.w.org\/{rel}","templated":true}]}}