{"id":114726,"date":"2021-05-25T07:56:44","date_gmt":"2021-05-25T05:56:44","guid":{"rendered":"https:\/\/eurecat.org\/?post_type=avada_portfolio&#038;p=114726"},"modified":"2024-01-30T09:13:10","modified_gmt":"2024-01-30T08:13:10","slug":"pect-hubb30-mes-enlla-de-la-circularitat","status":"publish","type":"avada_portfolio","link":"https:\/\/eurecat.org\/es\/portfolio-items\/pect-hubb30-mes-enlla-de-la-circularitat\/","title":{"rendered":"PECT \u201cHubB30, M\u00e9s enll\u00e0 de la circularitat\u201d"},"content":{"rendered":"<div class=\"fusion-fullwidth fullwidth-box fusion-builder-row-1 hundred-percent-fullwidth non-hundred-percent-height-scrolling\" style=\"--awb-border-radius-top-left:0px;--awb-border-radius-top-right:0px;--awb-border-radius-bottom-right:0px;--awb-border-radius-bottom-left:0px;--awb-overflow:visible;--awb-flex-wrap:wrap;\" ><div class=\"fusion-builder-row fusion-row\"><div class=\"fusion-layout-column fusion_builder_column fusion-builder-column-0 fusion_builder_column_2_3 2_3 fusion-two-third fusion-column-first\" style=\"--awb-bg-size:cover;width:65.3333%; margin-right: 4%;\"><div class=\"fusion-column-wrapper fusion-flex-column-wrapper-legacy\"><div class=\"fusion-text fusion-text-1\"><p><img decoding=\"async\" class=\"aligncenter size-full wp-image-114734\" src=\"https:\/\/eurecat.org\/wp-content\/uploads\/2021\/05\/PECT-HubB30_850x447px.jpg\" alt=\"PECT HUBB30\" width=\"850\" height=\"447\" srcset=\"https:\/\/eurecat.org\/wp-content\/uploads\/2021\/05\/PECT-HubB30_850x447px-200x105.jpg 200w, https:\/\/eurecat.org\/wp-content\/uploads\/2021\/05\/PECT-HubB30_850x447px-300x158.jpg 300w, https:\/\/eurecat.org\/wp-content\/uploads\/2021\/05\/PECT-HubB30_850x447px-400x210.jpg 400w, https:\/\/eurecat.org\/wp-content\/uploads\/2021\/05\/PECT-HubB30_850x447px-600x316.jpg 600w, https:\/\/eurecat.org\/wp-content\/uploads\/2021\/05\/PECT-HubB30_850x447px-768x404.jpg 768w, https:\/\/eurecat.org\/wp-content\/uploads\/2021\/05\/PECT-HubB30_850x447px-800x421.jpg 800w, https:\/\/eurecat.org\/wp-content\/uploads\/2021\/05\/PECT-HubB30_850x447px.jpg 850w\" sizes=\"(max-width: 850px) 100vw, 850px\" \/><\/p>\n<\/div><div class=\"fusion-sep-clear\"><\/div><div class=\"fusion-separator fusion-full-width-sep\" style=\"margin-left: auto;margin-right: auto;width:100%;\"><\/div><div class=\"fusion-sep-clear\"><\/div><div class=\"fusion-sep-clear\"><\/div><div class=\"fusion-separator fusion-full-width-sep\" style=\"margin-left: auto;margin-right: auto;margin-top:0px;margin-bottom:10px;width:100%;\"><div class=\"fusion-separator-border sep-double sep-solid\" style=\"--awb-height:20px;--awb-amount:20px;border-color:#e0dede;border-top-width:1px;border-bottom-width:1px;\"><\/div><\/div><div class=\"fusion-sep-clear\"><\/div><div class=\"fusion-text fusion-text-2\" style=\"--awb-text-transform:none;\"><p>Desarrollo de una <strong>red de \u201clabs\u201d en el territorio (OpenLabs)<\/strong> con el objetivo de convertirlos en una matriz a partir de la cual empiece la <strong>transformaci\u00f3n hacia un ecosistema sostenible de investigacion e innovaci\u00f3n. <\/strong><\/p>\n<p>El proyecto de Especializaci\u00f3n y Competitividad Territorial (PECT) \u201c<strong><em>HubB30, m\u00e1s all\u00e1 de la circularidad<\/em><\/strong>\u201d es una experiencia piloto centrada en el <strong>Residuo Cero<\/strong>, que ha de permitir dise\u00f1ar la metodolog\u00eda, la estructura optima y los espacios para implementar un nuevo modelo de interacci\u00f3n entre los diferentes actores de la <strong>Cu\u00e1druple H\u00e9lix<\/strong> (universidades y centros de investigaci\u00f3n; administraciones; empresas; ciudadan\u00eda) y los procesos de innovaci\u00f3n abierta.<\/p>\n<p>La estrategia global del proyecto se basa principalmente en el enfoque de <strong>Investigaci\u00f3n e Innovaci\u00f3n Responsable<\/strong> para la definici\u00f3n de las pol\u00edticas de desarrollo y de su marco de actuaci\u00f3n estrat\u00e9gica, avanzando hacia un modelo de ecosistema I+D resiliente y sostenible. En este contexto, el territorio B30 deviene descarbonizado y sin residuos (<strong>Territorio Residuo Cero<\/strong>), y crea valor mediante los recursos que tiene, genera o recibe, en procesos productivos regenerativos.<\/p>\n<p>La red de \u201clab\u201d articulada en el marco del proyecto coordinar\u00e1 los <strong>procesos participativos y de co-creaci\u00f3n para la identificaci\u00f3n de retos<\/strong>. Estos retos se trabajar\u00e1n de manera conjunta con otros labs del territorio a nivel de prototipaje y desarrollo de soluciones; productos o servicios, que junto con el apoyo de las incubadoras y aceleradoras pueden generar nuevas oportunidades de negocio.<\/p>\n<p>Eurecat, que participa en el proyecto a trav\u00e9s del <a href=\"https:\/\/eurecat.org\/es\/portfolio_category\/sostenibilidad\/\">\u00c1rea de Sostenibilidad<\/a> y la <a href=\"https:\/\/eurecat.org\/es\/servicios\/consultoria-tecnologica\/\">Unidad de Consultor\u00eda<\/a>, se encarga de la Operaci\u00f3n 7, conocida como <strong>Observatorio \u201cHubB30 Residuo 0\u201d<\/strong>. Esta operaci\u00f3n tiene el objetivo de crear e impulsar un ecosistema de innovaci\u00f3n y emprendimiento que articule iniciativas de transferencia de conocimiento tecnol\u00f3gico para fomentar la identificaci\u00f3n de iniciativas innovadoras y del capital humano, en un contexto de econom\u00eda circular. Dentro de esta actividad, Eurecat trabaja en un <strong>estudio sistem\u00e1tico de vigilancia tecnol\u00f3gica y prospectiva estrat\u00e9gica innovadora<\/strong> que analizar\u00e1 las tendencias actuales y los avances tecnol\u00f3gicos reales y potenciales susceptibles de ser transferidos a las empresas de la industria del territorio y a la ciudadan\u00eda, as\u00ed como en una <strong>herramienta de autodiagnosis para evaluar el estado de las peque\u00f1as y medianas empresas<\/strong> y ofrecer recomendaciones de tecnolog\u00edas en el sector de la econom\u00eda circular dirigidas a fomentar la b\u00fasqueda de talento. Por otra parte, tambi\u00e9n se realizar\u00e1 un <strong><em>Road Map<\/em> tecnol\u00f3gico<\/strong> para la definici\u00f3n de un plan de acci\u00f3n que ayude a incentivar la realizaci\u00f3n de proyectos de b\u00fasqueda y desarrollo y capacitar a las empresas de talento vinculado a la econom\u00eda circular.<\/p>\n<p>El proyecto cuenta con la participaci\u00f3n del <a href=\"http:\/\/www.cerdanyola.cat\/\" target=\"_blank\" rel=\"noopener\">Ayuntamiento de Cerdanyola del Vall\u00e8s<\/a>, el <a href=\"https:\/\/www.molletvalles.cat\/home-es-es\/\" target=\"_blank\" rel=\"noopener\">Ayuntamiento de Mollet del Vall\u00e8s<\/a>, la <a href=\"https:\/\/www.uab.cat\/web\/universitat-autonoma-de-barcelona-1345467954409.html\" target=\"_blank\" rel=\"noopener\">Universidad Aut\u00f3noma de Barcelona<\/a>, <a href=\"https:\/\/www.esade.edu\/es\" target=\"_blank\" rel=\"noopener\">ESADE<\/a>, el <a href=\"https:\/\/www.uab.cat\/web\/parc-de-recerca-1345468452269.html\" target=\"_blank\" rel=\"noopener\">Parc de Recerca UAB<\/a> y la <a href=\"https:\/\/ambitb30.org\/es\/\" target=\"_blank\" rel=\"noopener\">Asociaci\u00f3n \u00c1mbit B30<\/a>.<\/p>\n<p>________________________________________________________________________________________________________________________________<\/p>\n<h3><strong>Asesoramiento para la definici\u00f3n de la estrategia circular de la empresa y la elaboraci\u00f3n de su Roadmap de Econom\u00eda Circular<\/strong><\/h3>\n<p>En el marco de la operaci\u00f3n 7, Eurecat busca peque\u00f1as y medianas empresas vinculadas al territorio de la B30 para ofrecerles un <strong>servicio de definici\u00f3n de Roadmap de Econom\u00eda Circular<\/strong>.<\/p>\n<p>Las PYMEs disfrutan de este asesoramiento de forma gratuita, gracias a la financiaci\u00f3n del proyecto de los fondos FEDER.<\/p>\n<p>Las empresas interesadas <strong>pueden ponerse en contacto con Julia Riquelme en el correo electr\u00f3nico <a href=\"mailto:julia.riquelme@eurecat.org\">julia.riquelme@eurecat.org<\/a><\/strong><\/p>\n<p><img decoding=\"async\" class=\"size-full wp-image-123729 alignleft\" src=\"https:\/\/eurecat.org\/wp-content\/uploads\/2021\/05\/Imagen1_ES.png\" alt=\"\" width=\"567\" height=\"238\" srcset=\"https:\/\/eurecat.org\/wp-content\/uploads\/2021\/05\/Imagen1_ES-200x84.png 200w, https:\/\/eurecat.org\/wp-content\/uploads\/2021\/05\/Imagen1_ES-300x126.png 300w, https:\/\/eurecat.org\/wp-content\/uploads\/2021\/05\/Imagen1_ES-400x168.png 400w, https:\/\/eurecat.org\/wp-content\/uploads\/2021\/05\/Imagen1_ES.png 567w\" sizes=\"(max-width: 567px) 100vw, 567px\" \/><\/p>\n<\/div><div class=\"fusion-clearfix\"><\/div><\/div><\/div><div class=\"fusion-layout-column fusion_builder_column fusion-builder-column-1 fusion_builder_column_1_3 1_3 fusion-one-third fusion-column-last\" style=\"--awb-bg-size:cover;width:30.6666%;\"><div class=\"fusion-column-wrapper fusion-flex-column-wrapper-legacy\"><div class=\"fusion-image-element fusion-image-align-center in-legacy-container\" style=\"text-align:center;--awb-caption-title-font-family:var(--h2_typography-font-family);--awb-caption-title-font-weight:var(--h2_typography-font-weight);--awb-caption-title-font-style:var(--h2_typography-font-style);--awb-caption-title-size:var(--h2_typography-font-size);--awb-caption-title-transform:var(--h2_typography-text-transform);--awb-caption-title-line-height:var(--h2_typography-line-height);--awb-caption-title-letter-spacing:var(--h2_typography-letter-spacing);\"><div class=\"imageframe-align-center\"><span class=\" fusion-imageframe imageframe-none imageframe-1 hover-type-none\"><img decoding=\"async\" width=\"300\" height=\"146\" alt=\"PECT HubB30 Logo\" title=\"PECT HubB30_Logo\" src=\"https:\/\/eurecat.org\/wp-content\/uploads\/2021\/05\/PECT-HubB30_Logo-300x146.jpg\" class=\"img-responsive wp-image-125391\" srcset=\"https:\/\/eurecat.org\/wp-content\/uploads\/2021\/05\/PECT-HubB30_Logo-200x97.jpg 200w, https:\/\/eurecat.org\/wp-content\/uploads\/2021\/05\/PECT-HubB30_Logo-400x195.jpg 400w, https:\/\/eurecat.org\/wp-content\/uploads\/2021\/05\/PECT-HubB30_Logo-600x292.jpg 600w, https:\/\/eurecat.org\/wp-content\/uploads\/2021\/05\/PECT-HubB30_Logo-800x390.jpg 800w, https:\/\/eurecat.org\/wp-content\/uploads\/2021\/05\/PECT-HubB30_Logo-1200x584.jpg 1200w\" sizes=\"(max-width: 800px) 100vw, 600px\" \/><\/span><\/div><\/div><div class=\"fusion-title title fusion-title-1 fusion-title-text fusion-title-size-three\" style=\"--awb-margin-top-small:0px;--awb-margin-right-small:0px;--awb-margin-bottom-small:20px;--awb-margin-left-small:0px;\"><h3 class=\"fusion-title-heading title-heading-left\" style=\"margin:0;\">Datos generales<\/h3><span class=\"awb-title-spacer\"><\/span><div class=\"title-sep-container\"><div class=\"title-sep sep-double sep-solid\" style=\"border-color:#e0dede;\"><\/div><\/div><\/div><div class=\"fusion-text fusion-text-3\"><p><strong>Proyecto<\/strong><\/p>\n<p>Proyecto de Especializaci\u00f3n y Competitividad Territorial (PECT) \u2013 \u201cHubB30, M\u00e1s all\u00e1 de la circularidad\u201d<\/p>\n<h3><\/h3>\n<\/div><div class=\"fusion-sep-clear\"><\/div><div class=\"fusion-separator fusion-full-width-sep\" style=\"margin-left: auto;margin-right: auto;margin-top:0px;margin-bottom:10px;width:100%;\"><div class=\"fusion-separator-border sep-single sep-solid\" style=\"--awb-height:20px;--awb-amount:20px;border-color:#e0dede;border-top-width:1px;\"><\/div><\/div><div class=\"fusion-sep-clear\"><\/div><div class=\"fusion-text fusion-text-4\"><p><strong>Programa y convocatoria<\/strong><\/p>\n<p>El proyecto, con un presupuesto de 3,9 millones de euros, ha estado subvencionado al 50% por la Generalitat de Catalu\u00f1a en el marco del PO FEDER de Catalu\u00f1a 2014-2020.<\/p>\n<\/div><div class=\"fusion-sep-clear\"><\/div><div class=\"fusion-separator fusion-full-width-sep\" style=\"margin-left: auto;margin-right: auto;margin-top:0px;margin-bottom:10px;width:100%;\"><div class=\"fusion-separator-border sep-single sep-solid\" style=\"--awb-height:20px;--awb-amount:20px;border-color:#e0dede;border-top-width:1px;\"><\/div><\/div><div class=\"fusion-sep-clear\"><\/div><div class=\"fusion-text fusion-text-5\"><p><strong>Web del proyecto<\/strong><\/p>\n<p><a href=\"https:\/\/www.circularb30.cat\/\" target=\"_blank\" rel=\"noopener\">www.circularb30.cat<\/a><\/p>\n<\/div><div class=\"fusion-sep-clear\"><\/div><div class=\"fusion-separator fusion-full-width-sep\" style=\"margin-left: auto;margin-right: auto;margin-top:0px;margin-bottom:10px;width:100%;\"><div class=\"fusion-separator-border sep-single sep-solid\" style=\"--awb-height:20px;--awb-amount:20px;border-color:#e0dede;border-top-width:1px;\"><\/div><\/div><div class=\"fusion-sep-clear\"><\/div><div class=\"fusion-sep-clear\"><\/div><div class=\"fusion-separator fusion-full-width-sep\" style=\"margin-left: auto;margin-right: auto;margin-top:10px;margin-bottom:10px;width:100%;\"><\/div><div class=\"fusion-sep-clear\"><\/div><div class=\"fusion-image-element fusion-image-align-center in-legacy-container\" style=\"text-align:center;--awb-caption-title-font-family:var(--h2_typography-font-family);--awb-caption-title-font-weight:var(--h2_typography-font-weight);--awb-caption-title-font-style:var(--h2_typography-font-style);--awb-caption-title-size:var(--h2_typography-font-size);--awb-caption-title-transform:var(--h2_typography-text-transform);--awb-caption-title-line-height:var(--h2_typography-line-height);--awb-caption-title-letter-spacing:var(--h2_typography-letter-spacing);\"><div class=\"imageframe-align-center\"><span class=\" fusion-imageframe imageframe-none imageframe-2 hover-type-none\"><img decoding=\"async\" width=\"200\" height=\"58\" src=\"https:\/\/eurecat.org\/wp-content\/uploads\/2020\/06\/Logotipo_de_la_Generalitat_de_Catalunya.svg-e1554109326336-200x58.png\" alt class=\"img-responsive wp-image-102394\" srcset=\"https:\/\/eurecat.org\/wp-content\/uploads\/2020\/06\/Logotipo_de_la_Generalitat_de_Catalunya.svg-e1554109326336-200x58.png 200w, https:\/\/eurecat.org\/wp-content\/uploads\/2020\/06\/Logotipo_de_la_Generalitat_de_Catalunya.svg-e1554109326336.png 400w\" sizes=\"(max-width: 800px) 100vw, 200px\" \/><\/span><\/div><\/div><div class=\"fusion-image-element fusion-image-align-center in-legacy-container\" style=\"text-align:center;--awb-caption-title-font-family:var(--h2_typography-font-family);--awb-caption-title-font-weight:var(--h2_typography-font-weight);--awb-caption-title-font-style:var(--h2_typography-font-style);--awb-caption-title-size:var(--h2_typography-font-size);--awb-caption-title-transform:var(--h2_typography-text-transform);--awb-caption-title-line-height:var(--h2_typography-line-height);--awb-caption-title-letter-spacing:var(--h2_typography-letter-spacing);\"><div class=\"imageframe-align-center\"><span class=\" fusion-imageframe imageframe-none imageframe-3 hover-type-none\"><img decoding=\"async\" width=\"300\" height=\"52\" title=\"fons-europeu_LOW-2\" src=\"https:\/\/eurecat.org\/wp-content\/uploads\/2020\/06\/fons-europeu_LOW-2-300x52.jpg\" alt class=\"img-responsive wp-image-102391\" srcset=\"https:\/\/eurecat.org\/wp-content\/uploads\/2020\/06\/fons-europeu_LOW-2-200x35.jpg 200w, https:\/\/eurecat.org\/wp-content\/uploads\/2020\/06\/fons-europeu_LOW-2-400x69.jpg 400w, https:\/\/eurecat.org\/wp-content\/uploads\/2020\/06\/fons-europeu_LOW-2.jpg 498w\" sizes=\"(max-width: 800px) 100vw, 300px\" \/><\/span><\/div><\/div><div class=\"fusion-sep-clear\"><\/div><div class=\"fusion-separator fusion-full-width-sep\" style=\"margin-left: auto;margin-right: auto;margin-top:0px;margin-bottom:10px;width:100%;\"><div class=\"fusion-separator-border sep-single sep-solid\" style=\"--awb-height:20px;--awb-amount:20px;border-color:#e0dede;border-top-width:1px;\"><\/div><\/div><div class=\"fusion-sep-clear\"><\/div><div class=\"fusion-sep-clear\"><\/div><div class=\"fusion-separator fusion-full-width-sep\" style=\"margin-left: auto;margin-right: auto;margin-top:10px;margin-bottom:10px;width:100%;\"><\/div><div class=\"fusion-sep-clear\"><\/div><div class=\"fusion-text fusion-text-6\" style=\"--awb-text-transform:none;\"><p><strong>Newsletters de inteligencia competitiva \u201cHubB30, m\u00e1s all\u00e1 de la circularidad\u201d<\/strong><\/p>\n<p>En el marco del proyecto, se elabora mensualmente un bolet\u00edn de inteligencia competitiva con las novedades, tecnolog\u00edas, innovaciones y tendencias en el marco de la tem\u00e1tica del PECT.<\/p>\n<ul>\n<li><a href=\"https:\/\/plataformavt.eurecat.org\/boletin.php?un_id=268&amp;t=66\" target=\"_blank\" rel=\"noopener\">Bolet\u00edn &#8211; Octubre-Diciembre 2023<\/a><\/li>\n<li><a href=\"http:\/\/plataformavt.eurecat.org\/boletin.php?un_id=255&amp;t=66\" target=\"_blank\" rel=\"noopener\">Bolet\u00edn &#8211; Julio-Septiembre 2023<\/a><\/li>\n<li><a href=\"https:\/\/plataformavt.eurecat.org\/boletin.php?un_id=253&amp;t=66\" target=\"_blank\" rel=\"noopener\">Bolet\u00edn &#8211; Abril-Junio 2023<\/a><\/li>\n<li><a href=\"https:\/\/plataformavt.eurecat.org\/boletin.php?un_id=236&amp;t=66\" target=\"_blank\" rel=\"noopener\">Bolet\u00edn &#8211; Enero-Marzo 2023<\/a><\/li>\n<li><a href=\"https:\/\/plataformavt.eurecat.org\/boletin.php?un_id=230&amp;t=66\" target=\"_blank\" rel=\"noopener\">Bolet\u00edn &#8211; Diciembre 2022<\/a><\/li>\n<li><a href=\"https:\/\/plataformavt.eurecat.org\/boletin.php?un_id=217&amp;t=66\" target=\"_blank\" rel=\"noopener\">Bolet\u00edn &#8211; Noviembre 2022<\/a><\/li>\n<li><a href=\"https:\/\/plataformavt.eurecat.org\/boletin.php?un_id=215&amp;t=66\" target=\"_blank\" rel=\"noopener\">Bolet\u00edn &#8211; Octubre 2022<\/a><\/li>\n<li><a href=\"https:\/\/plataformavt.eurecat.org\/boletin.php?un_id=208&amp;t=66\" target=\"_blank\" rel=\"noopener\">Bolet\u00edn &#8211; Septiembre 2022<\/a><\/li>\n<li><a href=\"https:\/\/plataformavt.eurecat.org\/boletin.php?un_id=198&amp;t=66\" target=\"_blank\" rel=\"noopener\">Bolet\u00edn &#8211; Agosto 2022<\/a><\/li>\n<li><a href=\"https:\/\/plataformavt.eurecat.org\/boletin.php?un_id=193&amp;t=66\" target=\"_blank\" rel=\"noopener\">Bolet\u00edn &#8211; Julio 2022<\/a><\/li>\n<li><a href=\"https:\/\/plataformavt.eurecat.org\/boletin.php?un_id=192&amp;t=66\" target=\"_blank\" rel=\"noopener\">Bolet\u00edn &#8211; Junio 2022<\/a><\/li>\n<li><a href=\"https:\/\/plataformavt.eurecat.org\/boletin.php?un_id=176&amp;t=66\" target=\"_blank\" rel=\"noopener\">Bolet\u00edn &#8211; Mayo 2022<\/a><\/li>\n<li><a href=\"https:\/\/plataformavt.eurecat.org\/boletin.php?un_id=169&amp;t=66\" target=\"_blank\" rel=\"noopener\">Bolet\u00edn &#8211; Abril 2022<\/a><\/li>\n<li><a href=\"https:\/\/plataformavt.eurecat.org\/boletin.php?un_id=168&amp;t=66\" target=\"_blank\" rel=\"noopener\">Bolet\u00edn &#8211; Marzo 2022<\/a><\/li>\n<li><a href=\"https:\/\/plataformavt.eurecat.org\/boletin.php?un_id=145&amp;t=66\" target=\"_blank\" rel=\"noopener\">Bolet\u00edn &#8211; Febrero 2022<\/a><\/li>\n<li><a href=\"https:\/\/plataformavt.eurecat.org\/boletin.php?un_id=137&amp;t=66\">Bolet\u00edn &#8211; Enero 2022<\/a><\/li>\n<li class=\"x_x_MsoNormal\"><span lang=\"CA\"><a href=\"https:\/\/plataformavt.eurecat.org\/boletin.php?un_id=112&amp;t=66\" target=\"_blank\" rel=\"noopener noreferrer\" data-auth=\"NotApplicable\" data-linkindex=\"2\">Bolet\u00edn &#8211; Diciembre 2021<\/a><\/span><\/li>\n<li><span lang=\"CA\"><a href=\"https:\/\/plataformavt.eurecat.org\/boletin.php?un_id=111&amp;t=65\" target=\"_blank\" rel=\"noopener noreferrer\" data-auth=\"NotApplicable\" data-linkindex=\"1\">Bolet\u00edn &#8211; Noviembre 2021<\/a><\/span><\/li>\n<li class=\"x_x_MsoNormal\"><span lang=\"CA\"><a href=\"https:\/\/plataformavt.eurecat.org\/boletin.php?un_id=110&amp;t=64\" target=\"_blank\" rel=\"noopener noreferrer\" data-auth=\"NotApplicable\" data-linkindex=\"0\">Bolet\u00edn &#8211; Octubre 2021<\/a><\/span><\/li>\n<li><a href=\"https:\/\/plataformavt.eurecat.org\/boletin.php?un_id=105&amp;t=60\" target=\"_blank\" rel=\"noopener\">Bolet\u00edn &#8211; Septiembre 2021<\/a><\/li>\n<li><a href=\"https:\/\/plataformavt.eurecat.org\/boletin.php?un_id=92&amp;t=50\" target=\"_blank\" rel=\"noopener\">Bolet\u00edn &#8211; Agosto 2021<\/a><\/li>\n<li><a href=\"https:\/\/plataformavt.eurecat.org\/boletin.php?un_id=91&amp;t=49\" target=\"_blank\" rel=\"noopener\">Bolet\u00edn &#8211; Julio 2021<\/a><\/li>\n<li><a href=\"https:\/\/plataformavt.eurecat.org\/boletin.php?un_id=89&amp;t=48\" target=\"_blank\" rel=\"noopener\">Bolet\u00edn &#8211; Junio 2021<\/a><\/li>\n<li><a href=\"https:\/\/plataformavt.eurecat.org\/boletin.php?un_id=88&amp;t=47\" target=\"_blank\" rel=\"noopener\">Bolet\u00edn &#8211; Mayo 2021<\/a><\/li>\n<li><a href=\"https:\/\/plataformavt.eurecat.org\/boletin.php?un_id=87&amp;t=46\" target=\"_blank\" rel=\"noopener\">Bolet\u00edn &#8211; Abril 2021<\/a><\/li>\n<li><a href=\"https:\/\/plataformavt.eurecat.org\/boletin.php?un_id=85&amp;t=44\" target=\"_blank\" rel=\"noopener\">Bolet\u00edn &#8211; Marzo 2021<\/a><\/li>\n<li><a href=\"https:\/\/plataformavt.eurecat.org\/boletin.php?un_id=82&amp;t=43\" target=\"_blank\" rel=\"noopener\">Bolet\u00edn &#8211; Febrero 2021<\/a><\/li>\n<li><a href=\"https:\/\/plataformavt.eurecat.org\/boletin.php?un_id=42&amp;t=17\" target=\"_blank\" rel=\"noopener\">Bolet\u00edn &#8211; Enero 2021<\/a><\/li>\n<\/ul>\n<\/div><div class=\"fusion-clearfix\"><\/div><\/div><\/div><\/div><\/div>\n","protected":false},"excerpt":{"rendered":"","protected":false},"author":30,"featured_media":114731,"menu_order":0,"comment_status":"closed","ping_status":"closed","template":"","format":"standard","meta":{"footnotes":""},"portfolio_category":[1871,1435,1566],"portfolio_skills":[1584],"portfolio_tags":[1738],"class_list":["post-114726","avada_portfolio","type-avada_portfolio","status-publish","format-standard","has-post-thumbnail","hentry","portfolio_category-consultoria-es","portfolio_category-proyectos-nacionales-es","portfolio_category-sostenibilidad","portfolio_skills-feder-es","portfolio_tags-gdpr"],"yoast_head":"<!-- This site is optimized with the Yoast SEO plugin v27.4 - https:\/\/yoast.com\/product\/yoast-seo-wordpress\/ -->\n<title>PECT HubB30 - M\u00e1s all\u00e1 de la circularidad<\/title>\n<meta name=\"description\" content=\"PECT HubB30 - Red de \u201clabs\u201d en el territorio (OpenLabs) para promover la transformaci\u00f3n hacia un ecosistema sostenible de investigacion e innovaci\u00f3n.\" \/>\n<meta name=\"robots\" content=\"index, follow, max-snippet:-1, max-image-preview:large, max-video-preview:-1\" \/>\n<link rel=\"canonical\" href=\"https:\/\/eurecat.org\/es\/portfolio-items\/pect-hubb30-mes-enlla-de-la-circularitat\/\" \/>\n<meta property=\"og:locale\" content=\"es_ES\" \/>\n<meta property=\"og:type\" content=\"article\" \/>\n<meta property=\"og:title\" content=\"PECT HubB30 - M\u00e1s all\u00e1 de la circularidad\" \/>\n<meta property=\"og:description\" content=\"PECT HubB30 - Red de \u201clabs\u201d en el territorio (OpenLabs) para promover la transformaci\u00f3n hacia un ecosistema sostenible de investigacion e innovaci\u00f3n.\" \/>\n<meta property=\"og:url\" content=\"https:\/\/eurecat.org\/es\/portfolio-items\/pect-hubb30-mes-enlla-de-la-circularitat\/\" \/>\n<meta property=\"og:site_name\" content=\"Eurecat\" \/>\n<meta property=\"article:modified_time\" content=\"2024-01-30T08:13:10+00:00\" \/>\n<meta property=\"og:image\" content=\"https:\/\/eurecat.org\/wp-content\/uploads\/2021\/05\/PECT-HubB30_520x272px.jpg\" \/>\n\t<meta property=\"og:image:width\" content=\"520\" \/>\n\t<meta property=\"og:image:height\" content=\"272\" \/>\n\t<meta property=\"og:image:type\" content=\"image\/jpeg\" \/>\n<meta name=\"twitter:card\" content=\"summary_large_image\" \/>\n<meta name=\"twitter:label1\" content=\"Tiempo de lectura\" \/>\n\t<meta name=\"twitter:data1\" content=\"6 minutos\" \/>\n<script type=\"application\/ld+json\" class=\"yoast-schema-graph\">{\"@context\":\"https:\\\/\\\/schema.org\",\"@graph\":[{\"@type\":\"WebPage\",\"@id\":\"https:\\\/\\\/eurecat.org\\\/es\\\/portfolio-items\\\/pect-hubb30-mes-enlla-de-la-circularitat\\\/\",\"url\":\"https:\\\/\\\/eurecat.org\\\/es\\\/portfolio-items\\\/pect-hubb30-mes-enlla-de-la-circularitat\\\/\",\"name\":\"PECT HubB30 - M\u00e1s all\u00e1 de la circularidad\",\"isPartOf\":{\"@id\":\"https:\\\/\\\/eurecat.org\\\/es\\\/#website\"},\"primaryImageOfPage\":{\"@id\":\"https:\\\/\\\/eurecat.org\\\/es\\\/portfolio-items\\\/pect-hubb30-mes-enlla-de-la-circularitat\\\/#primaryimage\"},\"image\":{\"@id\":\"https:\\\/\\\/eurecat.org\\\/es\\\/portfolio-items\\\/pect-hubb30-mes-enlla-de-la-circularitat\\\/#primaryimage\"},\"thumbnailUrl\":\"https:\\\/\\\/eurecat.org\\\/wp-content\\\/uploads\\\/2021\\\/05\\\/PECT-HubB30_520x272px.jpg\",\"datePublished\":\"2021-05-25T05:56:44+00:00\",\"dateModified\":\"2024-01-30T08:13:10+00:00\",\"description\":\"PECT HubB30 - Red de \u201clabs\u201d en el territorio (OpenLabs) para promover la transformaci\u00f3n hacia un ecosistema sostenible de investigacion e innovaci\u00f3n.\",\"breadcrumb\":{\"@id\":\"https:\\\/\\\/eurecat.org\\\/es\\\/portfolio-items\\\/pect-hubb30-mes-enlla-de-la-circularitat\\\/#breadcrumb\"},\"inLanguage\":\"es\",\"potentialAction\":[{\"@type\":\"ReadAction\",\"target\":[\"https:\\\/\\\/eurecat.org\\\/es\\\/portfolio-items\\\/pect-hubb30-mes-enlla-de-la-circularitat\\\/\"]}]},{\"@type\":\"ImageObject\",\"inLanguage\":\"es\",\"@id\":\"https:\\\/\\\/eurecat.org\\\/es\\\/portfolio-items\\\/pect-hubb30-mes-enlla-de-la-circularitat\\\/#primaryimage\",\"url\":\"https:\\\/\\\/eurecat.org\\\/wp-content\\\/uploads\\\/2021\\\/05\\\/PECT-HubB30_520x272px.jpg\",\"contentUrl\":\"https:\\\/\\\/eurecat.org\\\/wp-content\\\/uploads\\\/2021\\\/05\\\/PECT-HubB30_520x272px.jpg\",\"width\":520,\"height\":272,\"caption\":\"PECT HUBB30 EURECAT\"},{\"@type\":\"BreadcrumbList\",\"@id\":\"https:\\\/\\\/eurecat.org\\\/es\\\/portfolio-items\\\/pect-hubb30-mes-enlla-de-la-circularitat\\\/#breadcrumb\",\"itemListElement\":[{\"@type\":\"ListItem\",\"position\":1,\"name\":\"Inici\",\"item\":\"https:\\\/\\\/eurecat.org\\\/es\\\/\"},{\"@type\":\"ListItem\",\"position\":2,\"name\":\"Proyectos\",\"item\":\"https:\\\/\\\/eurecat.org\\\/es\\\/portfolio-items\\\/\"},{\"@type\":\"ListItem\",\"position\":3,\"name\":\"PECT \u201cHubB30, M\u00e9s enll\u00e0 de la circularitat\u201d\"}]},{\"@type\":\"WebSite\",\"@id\":\"https:\\\/\\\/eurecat.org\\\/es\\\/#website\",\"url\":\"https:\\\/\\\/eurecat.org\\\/es\\\/\",\"name\":\"Eurecat\",\"description\":\"Otro sitio realizado con WordPress\",\"potentialAction\":[{\"@type\":\"SearchAction\",\"target\":{\"@type\":\"EntryPoint\",\"urlTemplate\":\"https:\\\/\\\/eurecat.org\\\/es\\\/?s={search_term_string}\"},\"query-input\":{\"@type\":\"PropertyValueSpecification\",\"valueRequired\":true,\"valueName\":\"search_term_string\"}}],\"inLanguage\":\"es\"}]}<\/script>\n<!-- \/ Yoast SEO plugin. -->","yoast_head_json":{"title":"PECT HubB30 - M\u00e1s all\u00e1 de la circularidad","description":"PECT HubB30 - Red de \u201clabs\u201d en el territorio (OpenLabs) para promover la transformaci\u00f3n hacia un ecosistema sostenible de investigacion e innovaci\u00f3n.","robots":{"index":"index","follow":"follow","max-snippet":"max-snippet:-1","max-image-preview":"max-image-preview:large","max-video-preview":"max-video-preview:-1"},"canonical":"https:\/\/eurecat.org\/es\/portfolio-items\/pect-hubb30-mes-enlla-de-la-circularitat\/","og_locale":"es_ES","og_type":"article","og_title":"PECT HubB30 - M\u00e1s all\u00e1 de la circularidad","og_description":"PECT HubB30 - Red de \u201clabs\u201d en el territorio (OpenLabs) para promover la transformaci\u00f3n hacia un ecosistema sostenible de investigacion e innovaci\u00f3n.","og_url":"https:\/\/eurecat.org\/es\/portfolio-items\/pect-hubb30-mes-enlla-de-la-circularitat\/","og_site_name":"Eurecat","article_modified_time":"2024-01-30T08:13:10+00:00","og_image":[{"width":520,"height":272,"url":"https:\/\/eurecat.org\/wp-content\/uploads\/2021\/05\/PECT-HubB30_520x272px.jpg","type":"image\/jpeg"}],"twitter_card":"summary_large_image","twitter_misc":{"Tiempo de lectura":"6 minutos"},"schema":{"@context":"https:\/\/schema.org","@graph":[{"@type":"WebPage","@id":"https:\/\/eurecat.org\/es\/portfolio-items\/pect-hubb30-mes-enlla-de-la-circularitat\/","url":"https:\/\/eurecat.org\/es\/portfolio-items\/pect-hubb30-mes-enlla-de-la-circularitat\/","name":"PECT HubB30 - M\u00e1s all\u00e1 de la circularidad","isPartOf":{"@id":"https:\/\/eurecat.org\/es\/#website"},"primaryImageOfPage":{"@id":"https:\/\/eurecat.org\/es\/portfolio-items\/pect-hubb30-mes-enlla-de-la-circularitat\/#primaryimage"},"image":{"@id":"https:\/\/eurecat.org\/es\/portfolio-items\/pect-hubb30-mes-enlla-de-la-circularitat\/#primaryimage"},"thumbnailUrl":"https:\/\/eurecat.org\/wp-content\/uploads\/2021\/05\/PECT-HubB30_520x272px.jpg","datePublished":"2021-05-25T05:56:44+00:00","dateModified":"2024-01-30T08:13:10+00:00","description":"PECT HubB30 - Red de \u201clabs\u201d en el territorio (OpenLabs) para promover la transformaci\u00f3n hacia un ecosistema sostenible de investigacion e innovaci\u00f3n.","breadcrumb":{"@id":"https:\/\/eurecat.org\/es\/portfolio-items\/pect-hubb30-mes-enlla-de-la-circularitat\/#breadcrumb"},"inLanguage":"es","potentialAction":[{"@type":"ReadAction","target":["https:\/\/eurecat.org\/es\/portfolio-items\/pect-hubb30-mes-enlla-de-la-circularitat\/"]}]},{"@type":"ImageObject","inLanguage":"es","@id":"https:\/\/eurecat.org\/es\/portfolio-items\/pect-hubb30-mes-enlla-de-la-circularitat\/#primaryimage","url":"https:\/\/eurecat.org\/wp-content\/uploads\/2021\/05\/PECT-HubB30_520x272px.jpg","contentUrl":"https:\/\/eurecat.org\/wp-content\/uploads\/2021\/05\/PECT-HubB30_520x272px.jpg","width":520,"height":272,"caption":"PECT HUBB30 EURECAT"},{"@type":"BreadcrumbList","@id":"https:\/\/eurecat.org\/es\/portfolio-items\/pect-hubb30-mes-enlla-de-la-circularitat\/#breadcrumb","itemListElement":[{"@type":"ListItem","position":1,"name":"Inici","item":"https:\/\/eurecat.org\/es\/"},{"@type":"ListItem","position":2,"name":"Proyectos","item":"https:\/\/eurecat.org\/es\/portfolio-items\/"},{"@type":"ListItem","position":3,"name":"PECT \u201cHubB30, M\u00e9s enll\u00e0 de la circularitat\u201d"}]},{"@type":"WebSite","@id":"https:\/\/eurecat.org\/es\/#website","url":"https:\/\/eurecat.org\/es\/","name":"Eurecat","description":"Otro sitio realizado con WordPress","potentialAction":[{"@type":"SearchAction","target":{"@type":"EntryPoint","urlTemplate":"https:\/\/eurecat.org\/es\/?s={search_term_string}"},"query-input":{"@type":"PropertyValueSpecification","valueRequired":true,"valueName":"search_term_string"}}],"inLanguage":"es"}]}},"_links":{"self":[{"href":"https:\/\/eurecat.org\/es\/wp-json\/wp\/v2\/avada_portfolio\/114726","targetHints":{"allow":["GET"]}}],"collection":[{"href":"https:\/\/eurecat.org\/es\/wp-json\/wp\/v2\/avada_portfolio"}],"about":[{"href":"https:\/\/eurecat.org\/es\/wp-json\/wp\/v2\/types\/avada_portfolio"}],"author":[{"embeddable":true,"href":"https:\/\/eurecat.org\/es\/wp-json\/wp\/v2\/users\/30"}],"replies":[{"embeddable":true,"href":"https:\/\/eurecat.org\/es\/wp-json\/wp\/v2\/comments?post=114726"}],"version-history":[{"count":1,"href":"https:\/\/eurecat.org\/es\/wp-json\/wp\/v2\/avada_portfolio\/114726\/revisions"}],"predecessor-version":[{"id":145801,"href":"https:\/\/eurecat.org\/es\/wp-json\/wp\/v2\/avada_portfolio\/114726\/revisions\/145801"}],"wp:featuredmedia":[{"embeddable":true,"href":"https:\/\/eurecat.org\/es\/wp-json\/wp\/v2\/media\/114731"}],"wp:attachment":[{"href":"https:\/\/eurecat.org\/es\/wp-json\/wp\/v2\/media?parent=114726"}],"wp:term":[{"taxonomy":"portfolio_category","embeddable":true,"href":"https:\/\/eurecat.org\/es\/wp-json\/wp\/v2\/portfolio_category?post=114726"},{"taxonomy":"portfolio_skills","embeddable":true,"href":"https:\/\/eurecat.org\/es\/wp-json\/wp\/v2\/portfolio_skills?post=114726"},{"taxonomy":"portfolio_tags","embeddable":true,"href":"https:\/\/eurecat.org\/es\/wp-json\/wp\/v2\/portfolio_tags?post=114726"}],"curies":[{"name":"wp","href":"https:\/\/api.w.org\/{rel}","templated":true}]}}