{"id":172070,"date":"2025-02-12T10:30:00","date_gmt":"2025-02-12T09:30:00","guid":{"rendered":"https:\/\/eurecat.org\/?post_type=avada_portfolio&#038;p=172070"},"modified":"2025-02-12T10:30:38","modified_gmt":"2025-02-12T09:30:38","slug":"agrival","status":"publish","type":"avada_portfolio","link":"https:\/\/eurecat.org\/es\/portfolio-items\/agrival\/","title":{"rendered":"AGRIVAL"},"content":{"rendered":"<div class=\"fusion-fullwidth fullwidth-box fusion-builder-row-1 hundred-percent-fullwidth non-hundred-percent-height-scrolling\" style=\"--awb-border-radius-top-left:0px;--awb-border-radius-top-right:0px;--awb-border-radius-bottom-right:0px;--awb-border-radius-bottom-left:0px;--awb-overflow:visible;--awb-flex-wrap:wrap;\" ><div class=\"fusion-builder-row fusion-row\"><div class=\"fusion-layout-column fusion_builder_column fusion-builder-column-0 fusion_builder_column_2_3 2_3 fusion-two-third fusion-column-first\" style=\"--awb-bg-size:cover;width:65.3333%; margin-right: 4%;\"><div class=\"fusion-column-wrapper fusion-flex-column-wrapper-legacy\"><div class=\"fusion-text fusion-text-1\" style=\"--awb-text-transform:none;\"><p><img decoding=\"async\" class=\"alignnone size-full wp-image-172075\" src=\"https:\/\/eurecat.org\/wp-content\/uploads\/2025\/02\/AGRIVAL_850x447.jpg\" alt=\"AGRIVAL EURECAT\" width=\"850\" height=\"447\" srcset=\"https:\/\/eurecat.org\/wp-content\/uploads\/2025\/02\/AGRIVAL_850x447-200x105.jpg 200w, https:\/\/eurecat.org\/wp-content\/uploads\/2025\/02\/AGRIVAL_850x447-300x158.jpg 300w, https:\/\/eurecat.org\/wp-content\/uploads\/2025\/02\/AGRIVAL_850x447-400x210.jpg 400w, https:\/\/eurecat.org\/wp-content\/uploads\/2025\/02\/AGRIVAL_850x447-600x316.jpg 600w, https:\/\/eurecat.org\/wp-content\/uploads\/2025\/02\/AGRIVAL_850x447-768x404.jpg 768w, https:\/\/eurecat.org\/wp-content\/uploads\/2025\/02\/AGRIVAL_850x447-800x421.jpg 800w, https:\/\/eurecat.org\/wp-content\/uploads\/2025\/02\/AGRIVAL_850x447.jpg 850w\" sizes=\"(max-width: 850px) 100vw, 850px\" \/><\/p>\n<\/div><div class=\"fusion-sep-clear\"><\/div><div class=\"fusion-separator fusion-full-width-sep\" style=\"margin-left: auto;margin-right: auto;width:100%;\"><\/div><div class=\"fusion-sep-clear\"><\/div><div class=\"fusion-sep-clear\"><\/div><div class=\"fusion-separator fusion-full-width-sep\" style=\"margin-left: auto;margin-right: auto;margin-top:0px;margin-bottom:10px;width:100%;\"><div class=\"fusion-separator-border sep-double sep-solid\" style=\"--awb-height:20px;--awb-amount:20px;border-color:#e0dede;border-top-width:1px;border-bottom-width:1px;\"><\/div><\/div><div class=\"fusion-sep-clear\"><\/div><div class=\"fusion-text fusion-text-2\" style=\"--awb-text-transform:none;\"><p><strong>Desarrollo de un sustrato con propiedades similares a los sustratos convencionales, elaborado a partir de subproductos de la industria agroalimentaria como alternativa a la turba y\/o fibra de coco. <\/strong><\/p>\n<p><strong>AGRIVAL <\/strong>identifica qu\u00e9 subproductos y mezclas de la industria agroalimentaria presentan propiedades similares a las de la turba y la fibra de coco con el fin de generar sustratos sostenibles y eficientes.<\/p>\n<p>Una vez caracterizados, los nuevos sustratos se utilizar\u00e1n en cultivos de productores agr\u00edcolas locales, en particular, en cultivos de fresas y tomateras, para evaluar su aplicaci\u00f3n a nivel t\u00e9cnico, econ\u00f3mico y ambiental.<\/p>\n<p>Actualmente, la turba y la fibra de coco son componentes claves en la producci\u00f3n de sustratos agr\u00edcolas ya que ofrecen propiedades beneficiosas para los cultivos. Sin embargo, su utilizaci\u00f3n genera un impacto ambiental negativo considerable. Por ello, la b\u00fasqueda de alternativas m\u00e1s ecol\u00f3gicas a estos materiales es fundamental para promover una <strong>agricultura<\/strong> <strong>m\u00e1s sostenible y respetuosa<\/strong> con el medio ambiente.<\/p>\n<p>Eurecat participa en el proyecto a trav\u00e9s de la Unidad de <a href=\"https:\/\/eurecat.org\/es\/ambitos-de-conocimiento\/aire-agua-suelos\/\">Agua, Aire y Suelos (WAS)<\/a> y la Unidad de <a href=\"https:\/\/eurecat.org\/es\/ambitos-de-conocimiento\/residuos-energia-impacto-ambiental\/\">Residuos, Energ\u00eda e Impacto Ambiental (WEEI)<\/a>. Ambas unidades colaboran para la selecci\u00f3n de los subproductos a utilizar como materiales alternativos, y en la generaci\u00f3n de los nuevos sustratos. La Unidad de WAS participa adem\u00e1s en el seguimiento de los cultivos a escala piloto. \u00a0El proyecto, coordinado por el <a href=\"https:\/\/www.clusterfoodservice.org\/home\/?lang=es\" target=\"_blank\" rel=\"noopener\">Cl\u00faster FOODSERVICE<\/a>, tambi\u00e9n cuenta con la participaci\u00f3n de las empresas <a href=\"https:\/\/agroviver.com\/es\/inicio\/\" target=\"_blank\" rel=\"noopener\">Agroviver<\/a>, Agr\u00edcola Maresme SXXI SAT, y CET El Pla.<\/p>\n<\/div><div class=\"fusion-clearfix\"><\/div><\/div><\/div><div class=\"fusion-layout-column fusion_builder_column fusion-builder-column-1 fusion_builder_column_1_3 1_3 fusion-one-third fusion-column-last\" style=\"--awb-bg-size:cover;width:30.6666%;\"><div class=\"fusion-column-wrapper fusion-flex-column-wrapper-legacy\"><div class=\"fusion-title title fusion-title-1 fusion-title-text fusion-title-size-three\" style=\"--awb-margin-top-small:0px;--awb-margin-right-small:0px;--awb-margin-bottom-small:20px;--awb-margin-left-small:0px;\"><h3 class=\"fusion-title-heading title-heading-left\" style=\"margin:0;\">Datos generales<\/h3><span class=\"awb-title-spacer\"><\/span><div class=\"title-sep-container\"><div class=\"title-sep sep-double sep-solid\" style=\"border-color:#e0dede;\"><\/div><\/div><\/div><div class=\"fusion-text fusion-text-3\" style=\"--awb-text-transform:none;\"><p><strong>Proyecto<\/strong><\/p>\n<p>AGRIVAL \u2013 Valorizaci\u00f3n de residuos agroalimentarios para la producci\u00f3n de sustratos sostenibles<\/p>\n<\/div><div class=\"fusion-sep-clear\"><\/div><div class=\"fusion-separator fusion-full-width-sep\" style=\"margin-left: auto;margin-right: auto;margin-top:0px;margin-bottom:10px;width:100%;\"><div class=\"fusion-separator-border sep-single sep-solid\" style=\"--awb-height:20px;--awb-amount:20px;border-color:#e0dede;border-top-width:1px;\"><\/div><\/div><div class=\"fusion-sep-clear\"><\/div><div class=\"fusion-text fusion-text-4\" style=\"--awb-text-transform:none;\"><p><strong>Programa y convocatoria<\/strong><\/p>\n<p>Proyecto cofinanciado por la Uni\u00f3n Europea a trav\u00e9s de la intervenci\u00f3n 7161 del Plan estrat\u00e9gico de la PAC (PEPAC) 2023-2027, en el marco de la convocatoria de los Grupos Operativos 2023 de la red de innovaci\u00f3n agroalimentaria y rural de Catalu\u00f1a<\/p>\n<\/div><div class=\"fusion-sep-clear\"><\/div><div class=\"fusion-separator fusion-full-width-sep\" style=\"margin-left: auto;margin-right: auto;margin-top:0px;margin-bottom:10px;width:100%;\"><div class=\"fusion-separator-border sep-single sep-solid\" style=\"--awb-height:20px;--awb-amount:20px;border-color:#e0dede;border-top-width:1px;\"><\/div><\/div><div class=\"fusion-sep-clear\"><\/div><div class=\"fusion-text fusion-text-5\" style=\"--awb-text-transform:none;\"><p><strong>ODS relacionados<\/strong><\/p>\n<div id=\"gtx-trans\" style=\"position: absolute; left: -180px; top: 78.3333px;\">\n<div class=\"gtx-trans-icon\"><\/div>\n<\/div>\n<\/div><div class=\"accordian fusion-accordian\" style=\"--awb-border-size:1px;--awb-icon-size:13px;--awb-content-font-size:14px;--awb-icon-alignment:left;--awb-hover-color:#f9f9f9;--awb-border-color:#cccccc;--awb-background-color:#ffffff;--awb-divider-color:#e0dede;--awb-divider-hover-color:#e0dede;--awb-icon-color:#ffffff;--awb-title-color:#662483;--awb-content-color:#747474;--awb-icon-box-color:#333333;--awb-toggle-hover-accent-color:#642c81;--awb-title-font-family:&quot;Open Sans&quot;;--awb-title-font-weight:400;--awb-title-font-style:normal;--awb-title-font-size:13px;--awb-title-line-height:1.54;--awb-content-font-family:&quot;Open Sans&quot;;--awb-content-font-style:normal;--awb-content-font-weight:400;\"><div class=\"panel-group fusion-toggle-icon-boxed\" id=\"accordion-172070-1\"><div class=\"fusion-panel panel-default panel-0c310d98d283e983d fusion-toggle-has-divider\" style=\"--awb-title-color:#662483;--awb-content-color:#747474;\"><div class=\"panel-heading\"><h4 class=\"panel-title toggle\" id=\"toggle_0c310d98d283e983d\"><a aria-expanded=\"false\" aria-controls=\"0c310d98d283e983d\" role=\"button\" data-toggle=\"collapse\" data-parent=\"#accordion-172070-1\" data-target=\"#0c310d98d283e983d\" href=\"#0c310d98d283e983d\"><span class=\"fusion-toggle-icon-wrapper\" aria-hidden=\"true\"><i class=\"fa-fusion-box active-icon awb-icon-minus\" aria-hidden=\"true\"><\/i><i class=\"fa-fusion-box inactive-icon awb-icon-plus\" aria-hidden=\"true\"><\/i><\/span><span class=\"fusion-toggle-heading\">11. Ciudades y comunidades sostenibles<\/span><\/a><\/h4><\/div><div id=\"0c310d98d283e983d\" class=\"panel-collapse collapse \" aria-labelledby=\"toggle_0c310d98d283e983d\"><div class=\"panel-body toggle-content fusion-clearfix\">\n<p>Revalorizaci\u00f3n de residuos agroalimentarios para generar nuevo conocimiento y promover el uso de materiales sostenibles, crear nuevos flujos de valor y diversificar la econom\u00eda local en \u00e1reas rurales.<\/p>\n<\/div><\/div><\/div><div class=\"fusion-panel panel-default panel-a1ced0d49acc20b8e fusion-toggle-has-divider\" style=\"--awb-title-color:#662483;--awb-content-color:#747474;\"><div class=\"panel-heading\"><h4 class=\"panel-title toggle\" id=\"toggle_a1ced0d49acc20b8e\"><a aria-expanded=\"false\" aria-controls=\"a1ced0d49acc20b8e\" role=\"button\" data-toggle=\"collapse\" data-parent=\"#accordion-172070-1\" data-target=\"#a1ced0d49acc20b8e\" href=\"#a1ced0d49acc20b8e\"><span class=\"fusion-toggle-icon-wrapper\" aria-hidden=\"true\"><i class=\"fa-fusion-box active-icon awb-icon-minus\" aria-hidden=\"true\"><\/i><i class=\"fa-fusion-box inactive-icon awb-icon-plus\" aria-hidden=\"true\"><\/i><\/span><span class=\"fusion-toggle-heading\">12. Producci\u00f3n y consumo responsables<\/span><\/a><\/h4><\/div><div id=\"a1ced0d49acc20b8e\" class=\"panel-collapse collapse \" aria-labelledby=\"toggle_a1ced0d49acc20b8e\"><div class=\"panel-body toggle-content fusion-clearfix\">\n<p>Fomento del desarrollo sostenible y de la gesti\u00f3n eficiente de recursos naturales como el agua, el suelo y el aire, incluyendo la reducci\u00f3n de la dependencia qu\u00edmica.<\/p>\n<\/div><\/div><\/div><div class=\"fusion-panel panel-default panel-f54cd19db6702cfa5 fusion-toggle-has-divider\" style=\"--awb-title-color:#662483;--awb-content-color:#747474;\"><div class=\"panel-heading\"><h4 class=\"panel-title toggle\" id=\"toggle_f54cd19db6702cfa5\"><a aria-expanded=\"false\" aria-controls=\"f54cd19db6702cfa5\" role=\"button\" data-toggle=\"collapse\" data-parent=\"#accordion-172070-1\" data-target=\"#f54cd19db6702cfa5\" href=\"#f54cd19db6702cfa5\"><span class=\"fusion-toggle-icon-wrapper\" aria-hidden=\"true\"><i class=\"fa-fusion-box active-icon awb-icon-minus\" aria-hidden=\"true\"><\/i><i class=\"fa-fusion-box inactive-icon awb-icon-plus\" aria-hidden=\"true\"><\/i><\/span><span class=\"fusion-toggle-heading\">13. Acci\u00f3n por el clima<\/span><\/a><\/h4><\/div><div id=\"f54cd19db6702cfa5\" class=\"panel-collapse collapse \" aria-labelledby=\"toggle_f54cd19db6702cfa5\"><div class=\"panel-body toggle-content fusion-clearfix\">\n<p>Reducci\u00f3n de las emisiones de gases de efecto invernadero y de la generaci\u00f3n de residuos, as\u00ed como mejora en la captura de carbono y promoci\u00f3n del uso de energ\u00eda sostenible.<\/p>\n<\/div><\/div><\/div><\/div><\/div><div class=\"fusion-sep-clear\"><\/div><div class=\"fusion-separator fusion-full-width-sep\" style=\"margin-left: auto;margin-right: auto;margin-top:0px;margin-bottom:10px;width:100%;\"><div class=\"fusion-separator-border sep-single sep-solid\" style=\"--awb-height:20px;--awb-amount:20px;border-color:#e0dede;border-top-width:1px;\"><\/div><\/div><div class=\"fusion-sep-clear\"><\/div><div class=\"fusion-sep-clear\"><\/div><div class=\"fusion-separator fusion-full-width-sep\" style=\"margin-left: auto;margin-right: auto;margin-top:10px;margin-bottom:10px;width:100%;\"><\/div><div class=\"fusion-sep-clear\"><\/div><div class=\"fusion-image-element fusion-image-align-center in-legacy-container\" style=\"text-align:center;--awb-caption-title-font-family:var(--h2_typography-font-family);--awb-caption-title-font-weight:var(--h2_typography-font-weight);--awb-caption-title-font-style:var(--h2_typography-font-style);--awb-caption-title-size:var(--h2_typography-font-size);--awb-caption-title-transform:var(--h2_typography-text-transform);--awb-caption-title-line-height:var(--h2_typography-line-height);--awb-caption-title-letter-spacing:var(--h2_typography-letter-spacing);\"><div class=\"imageframe-align-center\"><span class=\" fusion-imageframe imageframe-none imageframe-1 hover-type-none\"><img decoding=\"async\" width=\"200\" height=\"71\" src=\"https:\/\/eurecat.org\/wp-content\/uploads\/2025\/01\/logo-DARPA-200x71.png\" alt class=\"img-responsive wp-image-168224\" srcset=\"https:\/\/eurecat.org\/wp-content\/uploads\/2025\/01\/logo-DARPA-200x71.png 200w, https:\/\/eurecat.org\/wp-content\/uploads\/2025\/01\/logo-DARPA-400x143.png 400w, https:\/\/eurecat.org\/wp-content\/uploads\/2025\/01\/logo-DARPA.png 474w\" sizes=\"(max-width: 800px) 100vw, 200px\" \/><\/span><\/div><\/div><div class=\"fusion-image-element fusion-image-align-center in-legacy-container\" style=\"text-align:center;--awb-caption-title-font-family:var(--h2_typography-font-family);--awb-caption-title-font-weight:var(--h2_typography-font-weight);--awb-caption-title-font-style:var(--h2_typography-font-style);--awb-caption-title-size:var(--h2_typography-font-size);--awb-caption-title-transform:var(--h2_typography-text-transform);--awb-caption-title-line-height:var(--h2_typography-line-height);--awb-caption-title-letter-spacing:var(--h2_typography-letter-spacing);\"><div class=\"imageframe-align-center\"><span class=\" fusion-imageframe imageframe-none imageframe-2 hover-type-none\"><img decoding=\"async\" width=\"200\" height=\"53\" src=\"https:\/\/eurecat.org\/wp-content\/uploads\/2025\/01\/Logotipo_del_Ministerio_de_Agricultura_Pesca_y_Alimentacion.svg-200x53.png\" alt class=\"img-responsive wp-image-168227\" srcset=\"https:\/\/eurecat.org\/wp-content\/uploads\/2025\/01\/Logotipo_del_Ministerio_de_Agricultura_Pesca_y_Alimentacion.svg-200x53.png 200w, https:\/\/eurecat.org\/wp-content\/uploads\/2025\/01\/Logotipo_del_Ministerio_de_Agricultura_Pesca_y_Alimentacion.svg-400x107.png 400w, https:\/\/eurecat.org\/wp-content\/uploads\/2025\/01\/Logotipo_del_Ministerio_de_Agricultura_Pesca_y_Alimentacion.svg-600x160.png 600w, https:\/\/eurecat.org\/wp-content\/uploads\/2025\/01\/Logotipo_del_Ministerio_de_Agricultura_Pesca_y_Alimentacion.svg-800x213.png 800w, https:\/\/eurecat.org\/wp-content\/uploads\/2025\/01\/Logotipo_del_Ministerio_de_Agricultura_Pesca_y_Alimentacion.svg.png 1200w\" sizes=\"(max-width: 800px) 100vw, 600px\" \/><\/span><\/div><\/div><div class=\"fusion-image-element fusion-image-align-center in-legacy-container\" style=\"text-align:center;--awb-caption-title-font-family:var(--h2_typography-font-family);--awb-caption-title-font-weight:var(--h2_typography-font-weight);--awb-caption-title-font-style:var(--h2_typography-font-style);--awb-caption-title-size:var(--h2_typography-font-size);--awb-caption-title-transform:var(--h2_typography-text-transform);--awb-caption-title-line-height:var(--h2_typography-line-height);--awb-caption-title-letter-spacing:var(--h2_typography-letter-spacing);\"><div class=\"imageframe-align-center\"><span class=\" fusion-imageframe imageframe-none imageframe-3 hover-type-none\"><a class=\"fusion-no-lightbox\" href=\"https:\/\/agriculture.ec.europa.eu\/common-agricultural-policy\/rural-development_es\" target=\"_blank\" rel=\"noopener noreferrer\"><img decoding=\"async\" width=\"200\" height=\"45\" src=\"https:\/\/eurecat.org\/wp-content\/uploads\/2025\/01\/EN_Co-fundedbytheEU_RGB_POS-200x45.png\" alt class=\"img-responsive wp-image-168230\" srcset=\"https:\/\/eurecat.org\/wp-content\/uploads\/2025\/01\/EN_Co-fundedbytheEU_RGB_POS-200x45.png 200w, https:\/\/eurecat.org\/wp-content\/uploads\/2025\/01\/EN_Co-fundedbytheEU_RGB_POS-400x89.png 400w, https:\/\/eurecat.org\/wp-content\/uploads\/2025\/01\/EN_Co-fundedbytheEU_RGB_POS-600x134.png 600w, https:\/\/eurecat.org\/wp-content\/uploads\/2025\/01\/EN_Co-fundedbytheEU_RGB_POS-800x178.png 800w, https:\/\/eurecat.org\/wp-content\/uploads\/2025\/01\/EN_Co-fundedbytheEU_RGB_POS-1200x268.png 1200w\" sizes=\"(max-width: 800px) 100vw, 600px\" \/><\/a><\/span><\/div><\/div><div class=\"fusion-clearfix\"><\/div><\/div><\/div><\/div><\/div>\n","protected":false},"excerpt":{"rendered":"","protected":false},"author":33,"featured_media":172078,"menu_order":0,"comment_status":"closed","ping_status":"closed","template":"","format":"standard","meta":{"footnotes":""},"portfolio_category":[1435,2063,2061],"portfolio_skills":[2837],"portfolio_tags":[],"class_list":["post-172070","avada_portfolio","type-avada_portfolio","status-publish","format-standard","has-post-thumbnail","hentry","portfolio_category-proyectos-nacionales-es","portfolio_category-was-es","portfolio_category-weei-es","portfolio_skills-generalitat-de-catalunya-2"],"yoast_head":"<!-- This site is optimized with the Yoast SEO plugin v27.4 - https:\/\/yoast.com\/product\/yoast-seo-wordpress\/ -->\n<title>AGRIVAL - Eurecat<\/title>\n<meta name=\"description\" content=\"AGRIVAL identifica qu\u00e9 subproductos y mezclas de la industria agroalimentaria presentan propiedades similares a las de la turba y la fibra de coco con el fin de generar sustratos sostenibles y eficientes.\" \/>\n<meta name=\"robots\" content=\"index, follow, max-snippet:-1, max-image-preview:large, max-video-preview:-1\" \/>\n<link rel=\"canonical\" href=\"https:\/\/eurecat.org\/es\/portfolio-items\/agrival\/\" \/>\n<meta property=\"og:locale\" content=\"es_ES\" \/>\n<meta property=\"og:type\" content=\"article\" \/>\n<meta property=\"og:title\" content=\"AGRIVAL - Eurecat\" \/>\n<meta property=\"og:description\" content=\"AGRIVAL identifica qu\u00e9 subproductos y mezclas de la industria agroalimentaria presentan propiedades similares a las de la turba y la fibra de coco con el fin de generar sustratos sostenibles y eficientes.\" \/>\n<meta property=\"og:url\" content=\"https:\/\/eurecat.org\/es\/portfolio-items\/agrival\/\" \/>\n<meta property=\"og:site_name\" content=\"Eurecat\" \/>\n<meta property=\"article:modified_time\" content=\"2025-02-12T09:30:38+00:00\" \/>\n<meta property=\"og:image\" content=\"https:\/\/eurecat.org\/wp-content\/uploads\/2025\/02\/AGRIVAL_520x272.png\" \/>\n\t<meta property=\"og:image:width\" content=\"520\" \/>\n\t<meta property=\"og:image:height\" content=\"272\" \/>\n\t<meta property=\"og:image:type\" content=\"image\/png\" \/>\n<meta name=\"twitter:card\" content=\"summary_large_image\" \/>\n<meta name=\"twitter:label1\" content=\"Tiempo de lectura\" \/>\n\t<meta name=\"twitter:data1\" content=\"4 minutos\" \/>\n<script type=\"application\/ld+json\" class=\"yoast-schema-graph\">{\"@context\":\"https:\\\/\\\/schema.org\",\"@graph\":[{\"@type\":\"WebPage\",\"@id\":\"https:\\\/\\\/eurecat.org\\\/es\\\/portfolio-items\\\/agrival\\\/\",\"url\":\"https:\\\/\\\/eurecat.org\\\/es\\\/portfolio-items\\\/agrival\\\/\",\"name\":\"AGRIVAL - Eurecat\",\"isPartOf\":{\"@id\":\"https:\\\/\\\/eurecat.org\\\/es\\\/#website\"},\"primaryImageOfPage\":{\"@id\":\"https:\\\/\\\/eurecat.org\\\/es\\\/portfolio-items\\\/agrival\\\/#primaryimage\"},\"image\":{\"@id\":\"https:\\\/\\\/eurecat.org\\\/es\\\/portfolio-items\\\/agrival\\\/#primaryimage\"},\"thumbnailUrl\":\"https:\\\/\\\/eurecat.org\\\/wp-content\\\/uploads\\\/2025\\\/02\\\/AGRIVAL_520x272.png\",\"datePublished\":\"2025-02-12T09:30:00+00:00\",\"dateModified\":\"2025-02-12T09:30:38+00:00\",\"description\":\"AGRIVAL identifica qu\u00e9 subproductos y mezclas de la industria agroalimentaria presentan propiedades similares a las de la turba y la fibra de coco con el fin de generar sustratos sostenibles y eficientes.\",\"breadcrumb\":{\"@id\":\"https:\\\/\\\/eurecat.org\\\/es\\\/portfolio-items\\\/agrival\\\/#breadcrumb\"},\"inLanguage\":\"es\",\"potentialAction\":[{\"@type\":\"ReadAction\",\"target\":[\"https:\\\/\\\/eurecat.org\\\/es\\\/portfolio-items\\\/agrival\\\/\"]}]},{\"@type\":\"ImageObject\",\"inLanguage\":\"es\",\"@id\":\"https:\\\/\\\/eurecat.org\\\/es\\\/portfolio-items\\\/agrival\\\/#primaryimage\",\"url\":\"https:\\\/\\\/eurecat.org\\\/wp-content\\\/uploads\\\/2025\\\/02\\\/AGRIVAL_520x272.png\",\"contentUrl\":\"https:\\\/\\\/eurecat.org\\\/wp-content\\\/uploads\\\/2025\\\/02\\\/AGRIVAL_520x272.png\",\"width\":520,\"height\":272,\"caption\":\"AGRIVAL EURECAT\"},{\"@type\":\"BreadcrumbList\",\"@id\":\"https:\\\/\\\/eurecat.org\\\/es\\\/portfolio-items\\\/agrival\\\/#breadcrumb\",\"itemListElement\":[{\"@type\":\"ListItem\",\"position\":1,\"name\":\"Inici\",\"item\":\"https:\\\/\\\/eurecat.org\\\/es\\\/\"},{\"@type\":\"ListItem\",\"position\":2,\"name\":\"Proyectos\",\"item\":\"https:\\\/\\\/eurecat.org\\\/es\\\/portfolio-items\\\/\"},{\"@type\":\"ListItem\",\"position\":3,\"name\":\"AGRIVAL\"}]},{\"@type\":\"WebSite\",\"@id\":\"https:\\\/\\\/eurecat.org\\\/es\\\/#website\",\"url\":\"https:\\\/\\\/eurecat.org\\\/es\\\/\",\"name\":\"Eurecat\",\"description\":\"Otro sitio realizado con WordPress\",\"potentialAction\":[{\"@type\":\"SearchAction\",\"target\":{\"@type\":\"EntryPoint\",\"urlTemplate\":\"https:\\\/\\\/eurecat.org\\\/es\\\/?s={search_term_string}\"},\"query-input\":{\"@type\":\"PropertyValueSpecification\",\"valueRequired\":true,\"valueName\":\"search_term_string\"}}],\"inLanguage\":\"es\"}]}<\/script>\n<!-- \/ Yoast SEO plugin. -->","yoast_head_json":{"title":"AGRIVAL - Eurecat","description":"AGRIVAL identifica qu\u00e9 subproductos y mezclas de la industria agroalimentaria presentan propiedades similares a las de la turba y la fibra de coco con el fin de generar sustratos sostenibles y eficientes.","robots":{"index":"index","follow":"follow","max-snippet":"max-snippet:-1","max-image-preview":"max-image-preview:large","max-video-preview":"max-video-preview:-1"},"canonical":"https:\/\/eurecat.org\/es\/portfolio-items\/agrival\/","og_locale":"es_ES","og_type":"article","og_title":"AGRIVAL - Eurecat","og_description":"AGRIVAL identifica qu\u00e9 subproductos y mezclas de la industria agroalimentaria presentan propiedades similares a las de la turba y la fibra de coco con el fin de generar sustratos sostenibles y eficientes.","og_url":"https:\/\/eurecat.org\/es\/portfolio-items\/agrival\/","og_site_name":"Eurecat","article_modified_time":"2025-02-12T09:30:38+00:00","og_image":[{"width":520,"height":272,"url":"https:\/\/eurecat.org\/wp-content\/uploads\/2025\/02\/AGRIVAL_520x272.png","type":"image\/png"}],"twitter_card":"summary_large_image","twitter_misc":{"Tiempo de lectura":"4 minutos"},"schema":{"@context":"https:\/\/schema.org","@graph":[{"@type":"WebPage","@id":"https:\/\/eurecat.org\/es\/portfolio-items\/agrival\/","url":"https:\/\/eurecat.org\/es\/portfolio-items\/agrival\/","name":"AGRIVAL - Eurecat","isPartOf":{"@id":"https:\/\/eurecat.org\/es\/#website"},"primaryImageOfPage":{"@id":"https:\/\/eurecat.org\/es\/portfolio-items\/agrival\/#primaryimage"},"image":{"@id":"https:\/\/eurecat.org\/es\/portfolio-items\/agrival\/#primaryimage"},"thumbnailUrl":"https:\/\/eurecat.org\/wp-content\/uploads\/2025\/02\/AGRIVAL_520x272.png","datePublished":"2025-02-12T09:30:00+00:00","dateModified":"2025-02-12T09:30:38+00:00","description":"AGRIVAL identifica qu\u00e9 subproductos y mezclas de la industria agroalimentaria presentan propiedades similares a las de la turba y la fibra de coco con el fin de generar sustratos sostenibles y eficientes.","breadcrumb":{"@id":"https:\/\/eurecat.org\/es\/portfolio-items\/agrival\/#breadcrumb"},"inLanguage":"es","potentialAction":[{"@type":"ReadAction","target":["https:\/\/eurecat.org\/es\/portfolio-items\/agrival\/"]}]},{"@type":"ImageObject","inLanguage":"es","@id":"https:\/\/eurecat.org\/es\/portfolio-items\/agrival\/#primaryimage","url":"https:\/\/eurecat.org\/wp-content\/uploads\/2025\/02\/AGRIVAL_520x272.png","contentUrl":"https:\/\/eurecat.org\/wp-content\/uploads\/2025\/02\/AGRIVAL_520x272.png","width":520,"height":272,"caption":"AGRIVAL EURECAT"},{"@type":"BreadcrumbList","@id":"https:\/\/eurecat.org\/es\/portfolio-items\/agrival\/#breadcrumb","itemListElement":[{"@type":"ListItem","position":1,"name":"Inici","item":"https:\/\/eurecat.org\/es\/"},{"@type":"ListItem","position":2,"name":"Proyectos","item":"https:\/\/eurecat.org\/es\/portfolio-items\/"},{"@type":"ListItem","position":3,"name":"AGRIVAL"}]},{"@type":"WebSite","@id":"https:\/\/eurecat.org\/es\/#website","url":"https:\/\/eurecat.org\/es\/","name":"Eurecat","description":"Otro sitio realizado con WordPress","potentialAction":[{"@type":"SearchAction","target":{"@type":"EntryPoint","urlTemplate":"https:\/\/eurecat.org\/es\/?s={search_term_string}"},"query-input":{"@type":"PropertyValueSpecification","valueRequired":true,"valueName":"search_term_string"}}],"inLanguage":"es"}]}},"_links":{"self":[{"href":"https:\/\/eurecat.org\/es\/wp-json\/wp\/v2\/avada_portfolio\/172070","targetHints":{"allow":["GET"]}}],"collection":[{"href":"https:\/\/eurecat.org\/es\/wp-json\/wp\/v2\/avada_portfolio"}],"about":[{"href":"https:\/\/eurecat.org\/es\/wp-json\/wp\/v2\/types\/avada_portfolio"}],"author":[{"embeddable":true,"href":"https:\/\/eurecat.org\/es\/wp-json\/wp\/v2\/users\/33"}],"replies":[{"embeddable":true,"href":"https:\/\/eurecat.org\/es\/wp-json\/wp\/v2\/comments?post=172070"}],"version-history":[{"count":2,"href":"https:\/\/eurecat.org\/es\/wp-json\/wp\/v2\/avada_portfolio\/172070\/revisions"}],"predecessor-version":[{"id":172082,"href":"https:\/\/eurecat.org\/es\/wp-json\/wp\/v2\/avada_portfolio\/172070\/revisions\/172082"}],"wp:featuredmedia":[{"embeddable":true,"href":"https:\/\/eurecat.org\/es\/wp-json\/wp\/v2\/media\/172078"}],"wp:attachment":[{"href":"https:\/\/eurecat.org\/es\/wp-json\/wp\/v2\/media?parent=172070"}],"wp:term":[{"taxonomy":"portfolio_category","embeddable":true,"href":"https:\/\/eurecat.org\/es\/wp-json\/wp\/v2\/portfolio_category?post=172070"},{"taxonomy":"portfolio_skills","embeddable":true,"href":"https:\/\/eurecat.org\/es\/wp-json\/wp\/v2\/portfolio_skills?post=172070"},{"taxonomy":"portfolio_tags","embeddable":true,"href":"https:\/\/eurecat.org\/es\/wp-json\/wp\/v2\/portfolio_tags?post=172070"}],"curies":[{"name":"wp","href":"https:\/\/api.w.org\/{rel}","templated":true}]}}