{"id":173235,"date":"2025-02-26T13:48:17","date_gmt":"2025-02-26T12:48:17","guid":{"rendered":"https:\/\/eurecat.org\/?post_type=avada_portfolio&#038;p=173235"},"modified":"2025-02-26T13:50:32","modified_gmt":"2025-02-26T12:50:32","slug":"biosal","status":"publish","type":"avada_portfolio","link":"https:\/\/eurecat.org\/es\/portfolio-items\/biosal\/","title":{"rendered":"BIOSAL"},"content":{"rendered":"<div class=\"fusion-fullwidth fullwidth-box fusion-builder-row-1 hundred-percent-fullwidth non-hundred-percent-height-scrolling\" style=\"--awb-border-radius-top-left:0px;--awb-border-radius-top-right:0px;--awb-border-radius-bottom-right:0px;--awb-border-radius-bottom-left:0px;--awb-overflow:visible;--awb-flex-wrap:wrap;\" ><div class=\"fusion-builder-row fusion-row\"><div class=\"fusion-layout-column fusion_builder_column fusion-builder-column-0 fusion_builder_column_2_3 2_3 fusion-two-third fusion-column-first\" style=\"--awb-bg-size:cover;width:65.3333%; margin-right: 4%;\"><div class=\"fusion-column-wrapper fusion-flex-column-wrapper-legacy\"><div class=\"fusion-text fusion-text-1\" style=\"--awb-text-transform:none;\"><p><img decoding=\"async\" class=\"alignnone size-full wp-image-173240\" src=\"https:\/\/eurecat.org\/wp-content\/uploads\/2025\/02\/BIOSAL_850x447.jpg\" alt=\"BIOSAL EURECAT\" width=\"850\" height=\"447\" srcset=\"https:\/\/eurecat.org\/wp-content\/uploads\/2025\/02\/BIOSAL_850x447-200x105.jpg 200w, https:\/\/eurecat.org\/wp-content\/uploads\/2025\/02\/BIOSAL_850x447-300x158.jpg 300w, https:\/\/eurecat.org\/wp-content\/uploads\/2025\/02\/BIOSAL_850x447-400x210.jpg 400w, https:\/\/eurecat.org\/wp-content\/uploads\/2025\/02\/BIOSAL_850x447-600x316.jpg 600w, https:\/\/eurecat.org\/wp-content\/uploads\/2025\/02\/BIOSAL_850x447-768x404.jpg 768w, https:\/\/eurecat.org\/wp-content\/uploads\/2025\/02\/BIOSAL_850x447-800x421.jpg 800w, https:\/\/eurecat.org\/wp-content\/uploads\/2025\/02\/BIOSAL_850x447.jpg 850w\" sizes=\"(max-width: 850px) 100vw, 850px\" \/><\/p>\n<\/div><div class=\"fusion-sep-clear\"><\/div><div class=\"fusion-separator fusion-full-width-sep\" style=\"margin-left: auto;margin-right: auto;width:100%;\"><\/div><div class=\"fusion-sep-clear\"><\/div><div class=\"fusion-sep-clear\"><\/div><div class=\"fusion-separator fusion-full-width-sep\" style=\"margin-left: auto;margin-right: auto;margin-top:0px;margin-bottom:10px;width:100%;\"><div class=\"fusion-separator-border sep-double sep-solid\" style=\"--awb-height:20px;--awb-amount:20px;border-color:#e0dede;border-top-width:1px;border-bottom-width:1px;\"><\/div><\/div><div class=\"fusion-sep-clear\"><\/div><div class=\"fusion-text fusion-text-2\" style=\"--awb-text-transform:none;\"><p><strong>Aplicaci\u00f3n de <em>biochar<\/em> en agricultura regenerativa.<\/strong><\/p>\n<p><strong>BIOSAL<\/strong> aplica el carb\u00f3n vegetal o <em>biochar<\/em> en la agricultura regenerativa, fomentando la bioeconom\u00eda circular y mejorando la salud del suelo.<\/p>\n<p>Esta iniciativa aborda retos ambientales significativos como la baja calidad del suelo, la dependencia de fertilizantes qu\u00edmicos y la gesti\u00f3n ineficiente de residuos org\u00e1nicos y forestales.<\/p>\n<p>El <em>biochar<\/em>, producido mediante pir\u00f3lisis de restos vegetales, tiene la capacidad de <strong>mejorar la calidad del suelo<\/strong>, aumentar la biodiversidad ed\u00e1fica y reducir la necesidad de inputs qu\u00edmicos. Adem\u00e1s, <strong>contribuye a la mitigaci\u00f3n del cambio clim\u00e1tico<\/strong> mediante la captura de carbono y la mejora de la estructura del suelo.<\/p>\n<p>El proyecto <strong>eval\u00faa las propiedades del <em>biochar<\/em> <\/strong>y otras enmiendas org\u00e1nicas seg\u00fan la normativa vigente, as\u00ed como <strong>cuantifica su impacto<\/strong> en indicadores f\u00edsicos, qu\u00edmicos y biol\u00f3gicos del suelo, <strong>incrementando la productividad agr\u00edcola<\/strong>.<\/p>\n<p>Los resultados esperados por BIOSAL incluyen un aumento de la capacidad de retenci\u00f3n de agua del suelo, un incremento de la biodiversidad microbiana y de la productividad agr\u00edcola y la promoci\u00f3n de pr\u00e1cticas agr\u00edcolas m\u00e1s sostenibles y menos dependientes de qu\u00edmicos.<\/p>\n<p>El consorcio de BIOSAL est\u00e1 liderado por la <a href=\"https:\/\/fundaciodrissa.com\/es\/\" target=\"_blank\" rel=\"noopener\">Fundaci\u00f3n Drissa<\/a>, coordinado por el <a href=\"https:\/\/www.clusterbioenergia.cat\/es\/\" target=\"_blank\" rel=\"noopener\">Cl\u00faster de Bioenerg\u00eda de Catalu\u00f1a (CBC)<\/a> y cuenta con la participaci\u00f3n de <a href=\"https:\/\/eurecat.org\/home\/es\">Eurecat<\/a> a trav\u00e9s de la Unidad de <a href=\"https:\/\/eurecat.org\/es\/ambitos-de-conocimiento\/aire-agua-suelos\/\">Agua, Aire y Suelos (WAS)<\/a> y de la cooperativa <a href=\"https:\/\/www.idaria.org\/\" target=\"_blank\" rel=\"noopener\">Id\u00e0ria<\/a>.<\/p>\n<\/div><div class=\"fusion-clearfix\"><\/div><\/div><\/div><div class=\"fusion-layout-column fusion_builder_column fusion-builder-column-1 fusion_builder_column_1_3 1_3 fusion-one-third fusion-column-last\" style=\"--awb-bg-size:cover;width:30.6666%;\"><div class=\"fusion-column-wrapper fusion-flex-column-wrapper-legacy\"><div class=\"fusion-title title fusion-title-1 fusion-title-text fusion-title-size-three\" style=\"--awb-margin-top-small:0px;--awb-margin-right-small:0px;--awb-margin-bottom-small:20px;--awb-margin-left-small:0px;\"><h3 class=\"fusion-title-heading title-heading-left\" style=\"margin:0;\">Datos generales<\/h3><span class=\"awb-title-spacer\"><\/span><div class=\"title-sep-container\"><div class=\"title-sep sep-double sep-solid\" style=\"border-color:#e0dede;\"><\/div><\/div><\/div><div class=\"fusion-text fusion-text-3\" style=\"--awb-text-transform:none;\"><p><strong>Proyecto<\/strong><\/p>\n<p>BIOSAL &#8211; Aplicaci\u00f3n de <em>biochar<\/em> en agricultura regenerativa: fomento de la bioeconom\u00eda circular para mejorar la salud del suelo<\/p>\n<\/div><div class=\"fusion-sep-clear\"><\/div><div class=\"fusion-separator fusion-full-width-sep\" style=\"margin-left: auto;margin-right: auto;margin-top:0px;margin-bottom:10px;width:100%;\"><div class=\"fusion-separator-border sep-single sep-solid\" style=\"--awb-height:20px;--awb-amount:20px;border-color:#e0dede;border-top-width:1px;\"><\/div><\/div><div class=\"fusion-sep-clear\"><\/div><div class=\"fusion-text fusion-text-4\" style=\"--awb-text-transform:none;\"><p><strong>Programa y convocatoria<\/strong><\/p>\n<p>Proyecto financiado por la convocatoria de grupos operativos de la Asociaci\u00f3n Europea para la Innovaci\u00f3n en materia de Productividad y Sostenibilidad Agr\u00edcolas (AEI-Agri) (intervenci\u00f3n 7161), en el marco del Plan Estrat\u00e9gico de la PAC 2023-2027.<\/p>\n<\/div><div class=\"fusion-sep-clear\"><\/div><div class=\"fusion-separator fusion-full-width-sep\" style=\"margin-left: auto;margin-right: auto;margin-top:0px;margin-bottom:10px;width:100%;\"><div class=\"fusion-separator-border sep-single sep-solid\" style=\"--awb-height:20px;--awb-amount:20px;border-color:#e0dede;border-top-width:1px;\"><\/div><\/div><div class=\"fusion-sep-clear\"><\/div><div class=\"fusion-text fusion-text-5\" style=\"--awb-text-transform:none;\"><p><strong>ODS relacionados<\/strong><\/p>\n<div id=\"gtx-trans\" style=\"position: absolute; left: -180px; top: 78.3333px;\">\n<div class=\"gtx-trans-icon\"><\/div>\n<\/div>\n<\/div><div class=\"accordian fusion-accordian\" style=\"--awb-border-size:1px;--awb-icon-size:13px;--awb-content-font-size:14px;--awb-icon-alignment:left;--awb-hover-color:#f9f9f9;--awb-border-color:#cccccc;--awb-background-color:#ffffff;--awb-divider-color:#e0dede;--awb-divider-hover-color:#e0dede;--awb-icon-color:#ffffff;--awb-title-color:#662483;--awb-content-color:#747474;--awb-icon-box-color:#333333;--awb-toggle-hover-accent-color:#642c81;--awb-title-font-family:&quot;Open Sans&quot;;--awb-title-font-weight:400;--awb-title-font-style:normal;--awb-title-font-size:13px;--awb-title-line-height:1.54;--awb-content-font-family:&quot;Open Sans&quot;;--awb-content-font-style:normal;--awb-content-font-weight:400;\"><div class=\"panel-group fusion-toggle-icon-boxed\" id=\"accordion-173235-1\"><div class=\"fusion-panel panel-default panel-b23b8918b7b440ad1 fusion-toggle-has-divider\" style=\"--awb-title-color:#662483;--awb-content-color:#747474;\"><div class=\"panel-heading\"><h4 class=\"panel-title toggle\" id=\"toggle_b23b8918b7b440ad1\"><a aria-expanded=\"false\" aria-controls=\"b23b8918b7b440ad1\" role=\"button\" data-toggle=\"collapse\" data-parent=\"#accordion-173235-1\" data-target=\"#b23b8918b7b440ad1\" href=\"#b23b8918b7b440ad1\"><span class=\"fusion-toggle-icon-wrapper\" aria-hidden=\"true\"><i class=\"fa-fusion-box active-icon awb-icon-minus\" aria-hidden=\"true\"><\/i><i class=\"fa-fusion-box inactive-icon awb-icon-plus\" aria-hidden=\"true\"><\/i><\/span><span class=\"fusion-toggle-heading\">2. Hambre cero<\/span><\/a><\/h4><\/div><div id=\"b23b8918b7b440ad1\" class=\"panel-collapse collapse \" aria-labelledby=\"toggle_b23b8918b7b440ad1\"><div class=\"panel-body toggle-content fusion-clearfix\">\n<p>Mejora de la productividad agr\u00edcola: BIOSAL promueve pr\u00e1cticas agr\u00edcolas m\u00e1s sostenibles que pueden aumentar la producci\u00f3n de alimentos mediante la mejora de la salud del suelo, con un incremento de la biodiversidad microbiana y una mayor capacidad de retenci\u00f3n de agua en el suelo. Estas mejoras pueden contribuir a aumentar la eficiencia de la agricultura y garantizar la seguridad alimenticia.<\/p>\n<\/div><\/div><\/div><div class=\"fusion-panel panel-default panel-cabf73801792c7603 fusion-toggle-has-divider\" style=\"--awb-title-color:#662483;--awb-content-color:#747474;\"><div class=\"panel-heading\"><h4 class=\"panel-title toggle\" id=\"toggle_cabf73801792c7603\"><a aria-expanded=\"false\" aria-controls=\"cabf73801792c7603\" role=\"button\" data-toggle=\"collapse\" data-parent=\"#accordion-173235-1\" data-target=\"#cabf73801792c7603\" href=\"#cabf73801792c7603\"><span class=\"fusion-toggle-icon-wrapper\" aria-hidden=\"true\"><i class=\"fa-fusion-box active-icon awb-icon-minus\" aria-hidden=\"true\"><\/i><i class=\"fa-fusion-box inactive-icon awb-icon-plus\" aria-hidden=\"true\"><\/i><\/span><span class=\"fusion-toggle-heading\">12. Producci\u00f3n y consumo responsables<\/span><\/a><\/h4><\/div><div id=\"cabf73801792c7603\" class=\"panel-collapse collapse \" aria-labelledby=\"toggle_cabf73801792c7603\"><div class=\"panel-body toggle-content fusion-clearfix\">\n<p>Bioeconom\u00eda circular: el proyecto promueve la gesti\u00f3n sostenible de residuos org\u00e1nicos y forestales mediante su conversi\u00f3n a <em>biochar<\/em>, material \u00fatil para la mejora del suelo. Esto contribuye a una econom\u00eda circular, reduciendo residuos y mejorando la sostenibilidad de los procesos agr\u00edcolas.<\/p>\n<p>Disminuci\u00f3n del uso de fertilizantes qu\u00edmicos: el uso del <em>biochar<\/em> en la agricultura regenerativa reduce la dependencia de fertilizantes qu\u00edmicos, impulsando una producci\u00f3n agr\u00edcola m\u00e1s limpia y responsable.<\/p>\n<\/div><\/div><\/div><div class=\"fusion-panel panel-default panel-a17ca7b73c7db38b2 fusion-toggle-has-divider\" style=\"--awb-title-color:#662483;--awb-content-color:#747474;\"><div class=\"panel-heading\"><h4 class=\"panel-title toggle\" id=\"toggle_a17ca7b73c7db38b2\"><a aria-expanded=\"false\" aria-controls=\"a17ca7b73c7db38b2\" role=\"button\" data-toggle=\"collapse\" data-parent=\"#accordion-173235-1\" data-target=\"#a17ca7b73c7db38b2\" href=\"#a17ca7b73c7db38b2\"><span class=\"fusion-toggle-icon-wrapper\" aria-hidden=\"true\"><i class=\"fa-fusion-box active-icon awb-icon-minus\" aria-hidden=\"true\"><\/i><i class=\"fa-fusion-box inactive-icon awb-icon-plus\" aria-hidden=\"true\"><\/i><\/span><span class=\"fusion-toggle-heading\">13. Acci\u00f3n por el clima<\/span><\/a><\/h4><\/div><div id=\"a17ca7b73c7db38b2\" class=\"panel-collapse collapse \" aria-labelledby=\"toggle_a17ca7b73c7db38b2\"><div class=\"panel-body toggle-content fusion-clearfix\">\n<p>Captura de carbono: el <em>biochar<\/em> tiene la capacidad de capturar carbono, contribuyendo as\u00ed a la mitigaci\u00f3n del cambio clim\u00e1tico. Adem\u00e1s, la mejora de la estructura del suelo favorece un mejor almacenamiento de CO\u2082 y nitr\u00f3geno en el suelo, reduciendo las emisiones de gases de efecto invernadero.<\/p>\n<p>Promoci\u00f3n de pr\u00e1cticas agr\u00edcolas m\u00e1s sostenibles: el proyecto fomenta el uso de t\u00e9cnicas regenerativas que pueden ayudar a reducir el impacto ambiental de la agricultura convencional.<\/p>\n<\/div><\/div><\/div><div class=\"fusion-panel panel-default panel-ae9618ac8cc0e9594 fusion-toggle-has-divider\" style=\"--awb-title-color:#662483;--awb-content-color:#747474;\"><div class=\"panel-heading\"><h4 class=\"panel-title toggle\" id=\"toggle_ae9618ac8cc0e9594\"><a aria-expanded=\"false\" aria-controls=\"ae9618ac8cc0e9594\" role=\"button\" data-toggle=\"collapse\" data-parent=\"#accordion-173235-1\" data-target=\"#ae9618ac8cc0e9594\" href=\"#ae9618ac8cc0e9594\"><span class=\"fusion-toggle-icon-wrapper\" aria-hidden=\"true\"><i class=\"fa-fusion-box active-icon awb-icon-minus\" aria-hidden=\"true\"><\/i><i class=\"fa-fusion-box inactive-icon awb-icon-plus\" aria-hidden=\"true\"><\/i><\/span><span class=\"fusion-toggle-heading\">15. Vida de ecosistemas terrestres<\/span><\/a><\/h4><\/div><div id=\"ae9618ac8cc0e9594\" class=\"panel-collapse collapse \" aria-labelledby=\"toggle_ae9618ac8cc0e9594\"><div class=\"panel-body toggle-content fusion-clearfix\">\n<p>Mejora de la biodiversidad ed\u00e1fica: el uso del <em>biochar<\/em> aumenta la biodiversidad microbiana del suelo, creando un ecosistema m\u00e1s saludable y resiliente. Esto contribuye a la regeneraci\u00f3n de los suelos y la conservaci\u00f3n de los ecosistemas terrestres, as\u00ed como a la promoci\u00f3n de pr\u00e1cticas agr\u00edcolas respetuosas con el medio ambiente.<\/p>\n<p>Mitigaci\u00f3n de la degradaci\u00f3n del suelo: el proyecto aborda los retos relacionados con la baja calidad del suelo, lo que contribuye a la conservaci\u00f3n y mejora de los ecosistemas terrestres.<\/p>\n<\/div><\/div><\/div><\/div><\/div><div class=\"fusion-sep-clear\"><\/div><div class=\"fusion-separator fusion-full-width-sep\" style=\"margin-left: auto;margin-right: auto;margin-top:0px;margin-bottom:10px;width:100%;\"><div class=\"fusion-separator-border sep-single sep-solid\" style=\"--awb-height:20px;--awb-amount:20px;border-color:#e0dede;border-top-width:1px;\"><\/div><\/div><div class=\"fusion-sep-clear\"><\/div><div class=\"fusion-sep-clear\"><\/div><div class=\"fusion-separator fusion-full-width-sep\" style=\"margin-left: auto;margin-right: auto;margin-top:10px;margin-bottom:10px;width:100%;\"><\/div><div class=\"fusion-sep-clear\"><\/div><div class=\"fusion-image-element fusion-image-align-center in-legacy-container\" style=\"text-align:center;--awb-caption-title-font-family:var(--h2_typography-font-family);--awb-caption-title-font-weight:var(--h2_typography-font-weight);--awb-caption-title-font-style:var(--h2_typography-font-style);--awb-caption-title-size:var(--h2_typography-font-size);--awb-caption-title-transform:var(--h2_typography-text-transform);--awb-caption-title-line-height:var(--h2_typography-line-height);--awb-caption-title-letter-spacing:var(--h2_typography-letter-spacing);\"><div class=\"imageframe-align-center\"><span class=\" fusion-imageframe imageframe-none imageframe-1 hover-type-none\"><img decoding=\"async\" width=\"200\" height=\"71\" src=\"https:\/\/eurecat.org\/wp-content\/uploads\/2025\/01\/logo-DARPA-200x71.png\" alt class=\"img-responsive wp-image-168224\" srcset=\"https:\/\/eurecat.org\/wp-content\/uploads\/2025\/01\/logo-DARPA-200x71.png 200w, https:\/\/eurecat.org\/wp-content\/uploads\/2025\/01\/logo-DARPA-400x143.png 400w, https:\/\/eurecat.org\/wp-content\/uploads\/2025\/01\/logo-DARPA.png 474w\" sizes=\"(max-width: 800px) 100vw, 200px\" \/><\/span><\/div><\/div><div class=\"fusion-image-element fusion-image-align-center in-legacy-container\" style=\"text-align:center;--awb-caption-title-font-family:var(--h2_typography-font-family);--awb-caption-title-font-weight:var(--h2_typography-font-weight);--awb-caption-title-font-style:var(--h2_typography-font-style);--awb-caption-title-size:var(--h2_typography-font-size);--awb-caption-title-transform:var(--h2_typography-text-transform);--awb-caption-title-line-height:var(--h2_typography-line-height);--awb-caption-title-letter-spacing:var(--h2_typography-letter-spacing);\"><div class=\"imageframe-align-center\"><span class=\" fusion-imageframe imageframe-none imageframe-2 hover-type-none\"><img decoding=\"async\" width=\"200\" height=\"53\" src=\"https:\/\/eurecat.org\/wp-content\/uploads\/2025\/01\/Logotipo_del_Ministerio_de_Agricultura_Pesca_y_Alimentacion.svg-200x53.png\" alt class=\"img-responsive wp-image-168227\" srcset=\"https:\/\/eurecat.org\/wp-content\/uploads\/2025\/01\/Logotipo_del_Ministerio_de_Agricultura_Pesca_y_Alimentacion.svg-200x53.png 200w, https:\/\/eurecat.org\/wp-content\/uploads\/2025\/01\/Logotipo_del_Ministerio_de_Agricultura_Pesca_y_Alimentacion.svg-400x107.png 400w, https:\/\/eurecat.org\/wp-content\/uploads\/2025\/01\/Logotipo_del_Ministerio_de_Agricultura_Pesca_y_Alimentacion.svg-600x160.png 600w, https:\/\/eurecat.org\/wp-content\/uploads\/2025\/01\/Logotipo_del_Ministerio_de_Agricultura_Pesca_y_Alimentacion.svg-800x213.png 800w, https:\/\/eurecat.org\/wp-content\/uploads\/2025\/01\/Logotipo_del_Ministerio_de_Agricultura_Pesca_y_Alimentacion.svg.png 1200w\" sizes=\"(max-width: 800px) 100vw, 600px\" \/><\/span><\/div><\/div><div class=\"fusion-image-element fusion-image-align-center in-legacy-container\" style=\"text-align:center;--awb-caption-title-font-family:var(--h2_typography-font-family);--awb-caption-title-font-weight:var(--h2_typography-font-weight);--awb-caption-title-font-style:var(--h2_typography-font-style);--awb-caption-title-size:var(--h2_typography-font-size);--awb-caption-title-transform:var(--h2_typography-text-transform);--awb-caption-title-line-height:var(--h2_typography-line-height);--awb-caption-title-letter-spacing:var(--h2_typography-letter-spacing);\"><div class=\"imageframe-align-center\"><span class=\" fusion-imageframe imageframe-none imageframe-3 hover-type-none\"><a class=\"fusion-no-lightbox\" href=\"https:\/\/agriculture.ec.europa.eu\/common-agricultural-policy\/rural-development_es\" target=\"_blank\" rel=\"noopener noreferrer\"><img decoding=\"async\" width=\"200\" height=\"45\" src=\"https:\/\/eurecat.org\/wp-content\/uploads\/2025\/01\/EN_Co-fundedbytheEU_RGB_POS-200x45.png\" alt class=\"img-responsive wp-image-168230\" srcset=\"https:\/\/eurecat.org\/wp-content\/uploads\/2025\/01\/EN_Co-fundedbytheEU_RGB_POS-200x45.png 200w, https:\/\/eurecat.org\/wp-content\/uploads\/2025\/01\/EN_Co-fundedbytheEU_RGB_POS-400x89.png 400w, https:\/\/eurecat.org\/wp-content\/uploads\/2025\/01\/EN_Co-fundedbytheEU_RGB_POS-600x134.png 600w, https:\/\/eurecat.org\/wp-content\/uploads\/2025\/01\/EN_Co-fundedbytheEU_RGB_POS-800x178.png 800w, https:\/\/eurecat.org\/wp-content\/uploads\/2025\/01\/EN_Co-fundedbytheEU_RGB_POS-1200x268.png 1200w\" sizes=\"(max-width: 800px) 100vw, 600px\" \/><\/a><\/span><\/div><\/div><div class=\"fusion-clearfix\"><\/div><\/div><\/div><\/div><\/div>\n","protected":false},"excerpt":{"rendered":"","protected":false},"author":33,"featured_media":173243,"menu_order":0,"comment_status":"closed","ping_status":"closed","template":"","format":"standard","meta":{"footnotes":""},"portfolio_category":[1435,2063],"portfolio_skills":[2837],"portfolio_tags":[],"class_list":["post-173235","avada_portfolio","type-avada_portfolio","status-publish","format-standard","has-post-thumbnail","hentry","portfolio_category-proyectos-nacionales-es","portfolio_category-was-es","portfolio_skills-generalitat-de-catalunya-2"],"yoast_head":"<!-- This site is optimized with the Yoast SEO plugin v27.5 - https:\/\/yoast.com\/product\/yoast-seo-wordpress\/ -->\n<title>BIOSAL - Eurecat<\/title>\n<meta name=\"description\" content=\"BIOSAL aplica el carb\u00f3n vegetal o biochar en la agricultura regenerativa, fomentando la bioeconom\u00eda circular y mejorando la salud del suelo.\" \/>\n<meta name=\"robots\" content=\"index, follow, max-snippet:-1, max-image-preview:large, max-video-preview:-1\" \/>\n<link rel=\"canonical\" href=\"https:\/\/eurecat.org\/es\/portfolio-items\/biosal\/\" \/>\n<meta property=\"og:locale\" content=\"es_ES\" \/>\n<meta property=\"og:type\" content=\"article\" \/>\n<meta property=\"og:title\" content=\"BIOSAL - Eurecat\" \/>\n<meta property=\"og:description\" content=\"BIOSAL aplica el carb\u00f3n vegetal o biochar en la agricultura regenerativa, fomentando la bioeconom\u00eda circular y mejorando la salud del suelo.\" \/>\n<meta property=\"og:url\" content=\"https:\/\/eurecat.org\/es\/portfolio-items\/biosal\/\" \/>\n<meta property=\"og:site_name\" content=\"Eurecat\" \/>\n<meta property=\"article:modified_time\" content=\"2025-02-26T12:50:32+00:00\" \/>\n<meta property=\"og:image\" content=\"https:\/\/eurecat.org\/wp-content\/uploads\/2025\/02\/BIOSAL_520x272.png\" \/>\n\t<meta property=\"og:image:width\" content=\"520\" \/>\n\t<meta property=\"og:image:height\" content=\"272\" \/>\n\t<meta property=\"og:image:type\" content=\"image\/png\" \/>\n<meta name=\"twitter:card\" content=\"summary_large_image\" \/>\n<meta name=\"twitter:label1\" content=\"Tiempo de lectura\" \/>\n\t<meta name=\"twitter:data1\" content=\"5 minutos\" \/>\n<script type=\"application\/ld+json\" class=\"yoast-schema-graph\">{\"@context\":\"https:\\\/\\\/schema.org\",\"@graph\":[{\"@type\":\"WebPage\",\"@id\":\"https:\\\/\\\/eurecat.org\\\/es\\\/portfolio-items\\\/biosal\\\/\",\"url\":\"https:\\\/\\\/eurecat.org\\\/es\\\/portfolio-items\\\/biosal\\\/\",\"name\":\"BIOSAL - Eurecat\",\"isPartOf\":{\"@id\":\"https:\\\/\\\/eurecat.org\\\/es\\\/#website\"},\"primaryImageOfPage\":{\"@id\":\"https:\\\/\\\/eurecat.org\\\/es\\\/portfolio-items\\\/biosal\\\/#primaryimage\"},\"image\":{\"@id\":\"https:\\\/\\\/eurecat.org\\\/es\\\/portfolio-items\\\/biosal\\\/#primaryimage\"},\"thumbnailUrl\":\"https:\\\/\\\/eurecat.org\\\/wp-content\\\/uploads\\\/2025\\\/02\\\/BIOSAL_520x272.png\",\"datePublished\":\"2025-02-26T12:48:17+00:00\",\"dateModified\":\"2025-02-26T12:50:32+00:00\",\"description\":\"BIOSAL aplica el carb\u00f3n vegetal o biochar en la agricultura regenerativa, fomentando la bioeconom\u00eda circular y mejorando la salud del suelo.\",\"breadcrumb\":{\"@id\":\"https:\\\/\\\/eurecat.org\\\/es\\\/portfolio-items\\\/biosal\\\/#breadcrumb\"},\"inLanguage\":\"es\",\"potentialAction\":[{\"@type\":\"ReadAction\",\"target\":[\"https:\\\/\\\/eurecat.org\\\/es\\\/portfolio-items\\\/biosal\\\/\"]}]},{\"@type\":\"ImageObject\",\"inLanguage\":\"es\",\"@id\":\"https:\\\/\\\/eurecat.org\\\/es\\\/portfolio-items\\\/biosal\\\/#primaryimage\",\"url\":\"https:\\\/\\\/eurecat.org\\\/wp-content\\\/uploads\\\/2025\\\/02\\\/BIOSAL_520x272.png\",\"contentUrl\":\"https:\\\/\\\/eurecat.org\\\/wp-content\\\/uploads\\\/2025\\\/02\\\/BIOSAL_520x272.png\",\"width\":520,\"height\":272,\"caption\":\"BIOSAL EURECAT\"},{\"@type\":\"BreadcrumbList\",\"@id\":\"https:\\\/\\\/eurecat.org\\\/es\\\/portfolio-items\\\/biosal\\\/#breadcrumb\",\"itemListElement\":[{\"@type\":\"ListItem\",\"position\":1,\"name\":\"Inici\",\"item\":\"https:\\\/\\\/eurecat.org\\\/es\\\/\"},{\"@type\":\"ListItem\",\"position\":2,\"name\":\"Proyectos\",\"item\":\"https:\\\/\\\/eurecat.org\\\/es\\\/portfolio-items\\\/\"},{\"@type\":\"ListItem\",\"position\":3,\"name\":\"BIOSAL\"}]},{\"@type\":\"WebSite\",\"@id\":\"https:\\\/\\\/eurecat.org\\\/es\\\/#website\",\"url\":\"https:\\\/\\\/eurecat.org\\\/es\\\/\",\"name\":\"Eurecat\",\"description\":\"Otro sitio realizado con WordPress\",\"potentialAction\":[{\"@type\":\"SearchAction\",\"target\":{\"@type\":\"EntryPoint\",\"urlTemplate\":\"https:\\\/\\\/eurecat.org\\\/es\\\/?s={search_term_string}\"},\"query-input\":{\"@type\":\"PropertyValueSpecification\",\"valueRequired\":true,\"valueName\":\"search_term_string\"}}],\"inLanguage\":\"es\"}]}<\/script>\n<!-- \/ Yoast SEO plugin. -->","yoast_head_json":{"title":"BIOSAL - Eurecat","description":"BIOSAL aplica el carb\u00f3n vegetal o biochar en la agricultura regenerativa, fomentando la bioeconom\u00eda circular y mejorando la salud del suelo.","robots":{"index":"index","follow":"follow","max-snippet":"max-snippet:-1","max-image-preview":"max-image-preview:large","max-video-preview":"max-video-preview:-1"},"canonical":"https:\/\/eurecat.org\/es\/portfolio-items\/biosal\/","og_locale":"es_ES","og_type":"article","og_title":"BIOSAL - Eurecat","og_description":"BIOSAL aplica el carb\u00f3n vegetal o biochar en la agricultura regenerativa, fomentando la bioeconom\u00eda circular y mejorando la salud del suelo.","og_url":"https:\/\/eurecat.org\/es\/portfolio-items\/biosal\/","og_site_name":"Eurecat","article_modified_time":"2025-02-26T12:50:32+00:00","og_image":[{"width":520,"height":272,"url":"https:\/\/eurecat.org\/wp-content\/uploads\/2025\/02\/BIOSAL_520x272.png","type":"image\/png"}],"twitter_card":"summary_large_image","twitter_misc":{"Tiempo de lectura":"5 minutos"},"schema":{"@context":"https:\/\/schema.org","@graph":[{"@type":"WebPage","@id":"https:\/\/eurecat.org\/es\/portfolio-items\/biosal\/","url":"https:\/\/eurecat.org\/es\/portfolio-items\/biosal\/","name":"BIOSAL - Eurecat","isPartOf":{"@id":"https:\/\/eurecat.org\/es\/#website"},"primaryImageOfPage":{"@id":"https:\/\/eurecat.org\/es\/portfolio-items\/biosal\/#primaryimage"},"image":{"@id":"https:\/\/eurecat.org\/es\/portfolio-items\/biosal\/#primaryimage"},"thumbnailUrl":"https:\/\/eurecat.org\/wp-content\/uploads\/2025\/02\/BIOSAL_520x272.png","datePublished":"2025-02-26T12:48:17+00:00","dateModified":"2025-02-26T12:50:32+00:00","description":"BIOSAL aplica el carb\u00f3n vegetal o biochar en la agricultura regenerativa, fomentando la bioeconom\u00eda circular y mejorando la salud del suelo.","breadcrumb":{"@id":"https:\/\/eurecat.org\/es\/portfolio-items\/biosal\/#breadcrumb"},"inLanguage":"es","potentialAction":[{"@type":"ReadAction","target":["https:\/\/eurecat.org\/es\/portfolio-items\/biosal\/"]}]},{"@type":"ImageObject","inLanguage":"es","@id":"https:\/\/eurecat.org\/es\/portfolio-items\/biosal\/#primaryimage","url":"https:\/\/eurecat.org\/wp-content\/uploads\/2025\/02\/BIOSAL_520x272.png","contentUrl":"https:\/\/eurecat.org\/wp-content\/uploads\/2025\/02\/BIOSAL_520x272.png","width":520,"height":272,"caption":"BIOSAL EURECAT"},{"@type":"BreadcrumbList","@id":"https:\/\/eurecat.org\/es\/portfolio-items\/biosal\/#breadcrumb","itemListElement":[{"@type":"ListItem","position":1,"name":"Inici","item":"https:\/\/eurecat.org\/es\/"},{"@type":"ListItem","position":2,"name":"Proyectos","item":"https:\/\/eurecat.org\/es\/portfolio-items\/"},{"@type":"ListItem","position":3,"name":"BIOSAL"}]},{"@type":"WebSite","@id":"https:\/\/eurecat.org\/es\/#website","url":"https:\/\/eurecat.org\/es\/","name":"Eurecat","description":"Otro sitio realizado con WordPress","potentialAction":[{"@type":"SearchAction","target":{"@type":"EntryPoint","urlTemplate":"https:\/\/eurecat.org\/es\/?s={search_term_string}"},"query-input":{"@type":"PropertyValueSpecification","valueRequired":true,"valueName":"search_term_string"}}],"inLanguage":"es"}]}},"_links":{"self":[{"href":"https:\/\/eurecat.org\/es\/wp-json\/wp\/v2\/avada_portfolio\/173235","targetHints":{"allow":["GET"]}}],"collection":[{"href":"https:\/\/eurecat.org\/es\/wp-json\/wp\/v2\/avada_portfolio"}],"about":[{"href":"https:\/\/eurecat.org\/es\/wp-json\/wp\/v2\/types\/avada_portfolio"}],"author":[{"embeddable":true,"href":"https:\/\/eurecat.org\/es\/wp-json\/wp\/v2\/users\/33"}],"replies":[{"embeddable":true,"href":"https:\/\/eurecat.org\/es\/wp-json\/wp\/v2\/comments?post=173235"}],"version-history":[{"count":1,"href":"https:\/\/eurecat.org\/es\/wp-json\/wp\/v2\/avada_portfolio\/173235\/revisions"}],"predecessor-version":[{"id":173247,"href":"https:\/\/eurecat.org\/es\/wp-json\/wp\/v2\/avada_portfolio\/173235\/revisions\/173247"}],"wp:featuredmedia":[{"embeddable":true,"href":"https:\/\/eurecat.org\/es\/wp-json\/wp\/v2\/media\/173243"}],"wp:attachment":[{"href":"https:\/\/eurecat.org\/es\/wp-json\/wp\/v2\/media?parent=173235"}],"wp:term":[{"taxonomy":"portfolio_category","embeddable":true,"href":"https:\/\/eurecat.org\/es\/wp-json\/wp\/v2\/portfolio_category?post=173235"},{"taxonomy":"portfolio_skills","embeddable":true,"href":"https:\/\/eurecat.org\/es\/wp-json\/wp\/v2\/portfolio_skills?post=173235"},{"taxonomy":"portfolio_tags","embeddable":true,"href":"https:\/\/eurecat.org\/es\/wp-json\/wp\/v2\/portfolio_tags?post=173235"}],"curies":[{"name":"wp","href":"https:\/\/api.w.org\/{rel}","templated":true}]}}