{"id":176588,"date":"2025-04-09T09:57:58","date_gmt":"2025-04-09T07:57:58","guid":{"rendered":"https:\/\/eurecat.org\/?post_type=avada_portfolio&#038;p=176588"},"modified":"2025-04-09T10:57:25","modified_gmt":"2025-04-09T08:57:25","slug":"empren-bio-40","status":"publish","type":"avada_portfolio","link":"https:\/\/eurecat.org\/es\/portfolio-items\/empren-bio-40\/","title":{"rendered":"EMPR\u00c8N BIO 4.0"},"content":{"rendered":"<div class=\"fusion-fullwidth fullwidth-box fusion-builder-row-1 hundred-percent-fullwidth non-hundred-percent-height-scrolling\" style=\"--awb-border-radius-top-left:0px;--awb-border-radius-top-right:0px;--awb-border-radius-bottom-right:0px;--awb-border-radius-bottom-left:0px;--awb-overflow:visible;--awb-flex-wrap:wrap;\" ><div class=\"fusion-builder-row fusion-row\"><div class=\"fusion-layout-column fusion_builder_column fusion-builder-column-0 fusion_builder_column_2_3 2_3 fusion-two-third fusion-column-first\" style=\"--awb-bg-size:cover;width:65.3333%; margin-right: 4%;\"><div class=\"fusion-column-wrapper fusion-flex-column-wrapper-legacy\"><div class=\"fusion-text fusion-text-1\" style=\"--awb-text-transform:none;\"><p><img decoding=\"async\" class=\"alignnone size-full wp-image-176593\" src=\"https:\/\/eurecat.org\/wp-content\/uploads\/2025\/04\/EMPREN-BIO-4.0_850x447.jpg\" alt=\"EMPR\u00c8N BIO 4.0 EURECAT\" width=\"850\" height=\"447\" srcset=\"https:\/\/eurecat.org\/wp-content\/uploads\/2025\/04\/EMPREN-BIO-4.0_850x447-200x105.jpg 200w, https:\/\/eurecat.org\/wp-content\/uploads\/2025\/04\/EMPREN-BIO-4.0_850x447-300x158.jpg 300w, https:\/\/eurecat.org\/wp-content\/uploads\/2025\/04\/EMPREN-BIO-4.0_850x447-400x210.jpg 400w, https:\/\/eurecat.org\/wp-content\/uploads\/2025\/04\/EMPREN-BIO-4.0_850x447-600x316.jpg 600w, https:\/\/eurecat.org\/wp-content\/uploads\/2025\/04\/EMPREN-BIO-4.0_850x447-768x404.jpg 768w, https:\/\/eurecat.org\/wp-content\/uploads\/2025\/04\/EMPREN-BIO-4.0_850x447-800x421.jpg 800w, https:\/\/eurecat.org\/wp-content\/uploads\/2025\/04\/EMPREN-BIO-4.0_850x447.jpg 850w\" sizes=\"(max-width: 850px) 100vw, 850px\" \/><\/p>\n<\/div><div class=\"fusion-sep-clear\"><\/div><div class=\"fusion-separator fusion-full-width-sep\" style=\"margin-left: auto;margin-right: auto;width:100%;\"><\/div><div class=\"fusion-sep-clear\"><\/div><div class=\"fusion-sep-clear\"><\/div><div class=\"fusion-separator fusion-full-width-sep\" style=\"margin-left: auto;margin-right: auto;margin-top:0px;margin-bottom:10px;width:100%;\"><div class=\"fusion-separator-border sep-double sep-solid\" style=\"--awb-height:20px;--awb-amount:20px;border-color:#e0dede;border-top-width:1px;border-bottom-width:1px;\"><\/div><\/div><div class=\"fusion-sep-clear\"><\/div><div class=\"fusion-text fusion-text-2\" style=\"--awb-text-transform:none;\"><p><strong>Programa de emprendimiento tecnol\u00f3gico e innovador en Lleida.<\/strong><\/p>\n<p><strong>EMPR\u00c8N BIO 4.0<\/strong> impulsa el emprendimiento tecnol\u00f3gico e innovador como motor de nuevos modelos de negocio sostenibles a las tierras de Lleida.<\/p>\n<p>El proyecto <strong>dinamiza el tejido econ\u00f3mico y empresarial a trav\u00e9s de la bioeconom\u00eda y sus cadenas de valor<\/strong>: agroalimentaci\u00f3n, biomateriales, bioenerg\u00eda, biofertilizantes, biocarburantes, bioproductos, biopl\u00e1sticos y la valorizaci\u00f3n econ\u00f3mica y social de los servicios ecosist\u00e9micos.<\/p>\n<p>EMPR\u00c8N BIO 4.0 apoya a las personas emprendedoras mediante formaci\u00f3n y mentor\u00eda especializada para impulsar la creaci\u00f3n y el crecimiento de empresas basadas en la innovaci\u00f3n, la tecnolog\u00eda y nuevos modelos de negocio en el \u00e1mbito de la bioeconom\u00eda. El objetivo es <strong>fomentar la valorizaci\u00f3n de los recursos biol\u00f3gicos renovables y locales para generar bienes y servicios de alto valor a\u00f1adido en diversos sectores econ\u00f3micos<\/strong>, promoviendo un emprendimiento innovador y tecnol\u00f3gico.<\/p>\n<p>El programa ofrece <strong>100 horas de formaci\u00f3n<\/strong> en tecnolog\u00eda disruptiva, sostenibilidad, bioeconom\u00eda y gesti\u00f3n empresarial, dotando los emprendedores de las herramientas necesarias para liderar nuevos retos m\u00e1s inteligentes, sostenibles, flexibles y conectados, contribuyendo a la competitividad del territorio.<\/p>\n<p>Adem\u00e1s, cuenta con <strong>60 horas de mentor\u00eda especializada<\/strong>, donde expertos del sector asesoran los participantes en el desarrollo de sus proyectos, ayud\u00e1ndolos a validar modelos de negocio, acelerar el crecimiento y acceder a nuevas oportunidades dentro del ecosistema de innovaci\u00f3n.<\/p>\n<p>El proyecto se enmarca en un nuevo paradigma donde la innovaci\u00f3n tecnol\u00f3gica es clave para la sostenibilidad y el progreso del territorio y cuenta con la participaci\u00f3n de las principales entidades del ecosistema de innovaci\u00f3n local: <a href=\"https:\/\/www.udl.cat\/\" target=\"_blank\" rel=\"noopener\">Universidad de Lleida<\/a>, <a href=\"https:\/\/ceeilleida.com\/\" target=\"_blank\" rel=\"noopener\">Fundaci\u00f3n Centro Europeo de Empresas e Innovaci\u00f3n de Lleida<\/a>, <a href=\"https:\/\/www.paeria.cat\/\" target=\"_blank\" rel=\"noopener\">Ayuntamiento de Lleida<\/a> y Fundaci\u00f3 Eurecat.<\/p>\n<\/div><div class=\"fusion-clearfix\"><\/div><\/div><\/div><div class=\"fusion-layout-column fusion_builder_column fusion-builder-column-1 fusion_builder_column_1_3 1_3 fusion-one-third fusion-column-last\" style=\"--awb-bg-size:cover;width:30.6666%;\"><div class=\"fusion-column-wrapper fusion-flex-column-wrapper-legacy\"><div class=\"fusion-image-element fusion-image-align-center in-legacy-container\" style=\"text-align:center;--awb-caption-title-font-family:var(--h2_typography-font-family);--awb-caption-title-font-weight:var(--h2_typography-font-weight);--awb-caption-title-font-style:var(--h2_typography-font-style);--awb-caption-title-size:var(--h2_typography-font-size);--awb-caption-title-transform:var(--h2_typography-text-transform);--awb-caption-title-line-height:var(--h2_typography-line-height);--awb-caption-title-letter-spacing:var(--h2_typography-letter-spacing);\"><div class=\"imageframe-align-center\"><span class=\" fusion-imageframe imageframe-none imageframe-1 hover-type-none\"><img decoding=\"async\" width=\"200\" height=\"169\" alt=\"LOGO EMPR\u00c8N BIO 4.0 EURECAT\" src=\"https:\/\/eurecat.org\/wp-content\/uploads\/2025\/04\/Logo-EMPREN-BIO-4.0-200x169.png\" class=\"img-responsive wp-image-176596\" srcset=\"https:\/\/eurecat.org\/wp-content\/uploads\/2025\/04\/Logo-EMPREN-BIO-4.0-200x169.png 200w, https:\/\/eurecat.org\/wp-content\/uploads\/2025\/04\/Logo-EMPREN-BIO-4.0-400x339.png 400w, https:\/\/eurecat.org\/wp-content\/uploads\/2025\/04\/Logo-EMPREN-BIO-4.0-600x508.png 600w, https:\/\/eurecat.org\/wp-content\/uploads\/2025\/04\/Logo-EMPREN-BIO-4.0.png 646w\" sizes=\"(max-width: 800px) 100vw, 600px\" \/><\/span><\/div><\/div><div class=\"fusion-title title fusion-title-1 fusion-title-text fusion-title-size-three\" style=\"--awb-margin-top-small:0px;--awb-margin-right-small:0px;--awb-margin-bottom-small:20px;--awb-margin-left-small:0px;\"><h3 class=\"fusion-title-heading title-heading-left\" style=\"margin:0;\">Datos generales<\/h3><span class=\"awb-title-spacer\"><\/span><div class=\"title-sep-container\"><div class=\"title-sep sep-double sep-solid\" style=\"border-color:#e0dede;\"><\/div><\/div><\/div><div class=\"fusion-text fusion-text-3\" style=\"--awb-text-transform:none;\"><p><strong>Proyecto<\/strong><\/p>\n<p>EMPR\u00c8N BIO 4.0<\/p>\n<\/div><div class=\"fusion-sep-clear\"><\/div><div class=\"fusion-separator fusion-full-width-sep\" style=\"margin-left: auto;margin-right: auto;margin-top:0px;margin-bottom:10px;width:100%;\"><div class=\"fusion-separator-border sep-single sep-solid\" style=\"--awb-height:20px;--awb-amount:20px;border-color:#e0dede;border-top-width:1px;\"><\/div><\/div><div class=\"fusion-sep-clear\"><\/div><div class=\"fusion-text fusion-text-4\" style=\"--awb-text-transform:none;\"><p><strong>Referencia del proyecto<\/strong><\/p>\n<p>SEC051\/23\/000011<\/p>\n<\/div><div class=\"fusion-sep-clear\"><\/div><div class=\"fusion-separator fusion-full-width-sep\" style=\"margin-left: auto;margin-right: auto;margin-top:0px;margin-bottom:10px;width:100%;\"><div class=\"fusion-separator-border sep-single sep-solid\" style=\"--awb-height:20px;--awb-amount:20px;border-color:#e0dede;border-top-width:1px;\"><\/div><\/div><div class=\"fusion-sep-clear\"><\/div><div class=\"fusion-text fusion-text-5\" style=\"--awb-text-transform:none;\"><p><strong>Programa y convocatoria<\/strong><\/p>\n<p>EMPR\u00c8N BIO 4.0 se enmarca en el Programa primero de preaceleraci\u00f3n, liderado por el Departamento de Empresa y Trabajo de la Generalidad de Catalu\u00f1a y cofinanciado por el Fondo Social Europeo Plus, para promover el emprendimiento territorial especializado.<\/p>\n<\/div><div class=\"fusion-sep-clear\"><\/div><div class=\"fusion-separator fusion-full-width-sep\" style=\"margin-left: auto;margin-right: auto;margin-top:0px;margin-bottom:10px;width:100%;\"><div class=\"fusion-separator-border sep-single sep-solid\" style=\"--awb-height:20px;--awb-amount:20px;border-color:#e0dede;border-top-width:1px;\"><\/div><\/div><div class=\"fusion-sep-clear\"><\/div><div class=\"fusion-text fusion-text-6\" style=\"--awb-text-transform:none;\"><p><strong>Web del proyecto<\/strong><\/p>\n<p><a href=\"http:\/\/www.emprenbiolleida.cat\" target=\"_blank\" rel=\"noopener\">www.emprenbiolleida.cat<\/a><\/p>\n<\/div><div class=\"fusion-sep-clear\"><\/div><div class=\"fusion-separator fusion-full-width-sep\" style=\"margin-left: auto;margin-right: auto;margin-top:0px;margin-bottom:10px;width:100%;\"><div class=\"fusion-separator-border sep-single sep-solid\" style=\"--awb-height:20px;--awb-amount:20px;border-color:#e0dede;border-top-width:1px;\"><\/div><\/div><div class=\"fusion-sep-clear\"><\/div><div class=\"fusion-text fusion-text-7\" style=\"--awb-text-transform:none;\"><p><strong>ODS relacionados<\/strong><\/p>\n<div id=\"gtx-trans\" style=\"position: absolute; left: -180px; top: 78.3333px;\">\n<div class=\"gtx-trans-icon\"><\/div>\n<\/div>\n<\/div><div class=\"accordian fusion-accordian\" style=\"--awb-border-size:1px;--awb-icon-size:13px;--awb-content-font-size:14px;--awb-icon-alignment:left;--awb-hover-color:#f9f9f9;--awb-border-color:#cccccc;--awb-background-color:#ffffff;--awb-divider-color:#e0dede;--awb-divider-hover-color:#e0dede;--awb-icon-color:#ffffff;--awb-title-color:#662483;--awb-content-color:#747474;--awb-icon-box-color:#333333;--awb-toggle-hover-accent-color:#642c81;--awb-title-font-family:&quot;Open Sans&quot;;--awb-title-font-weight:400;--awb-title-font-style:normal;--awb-title-font-size:13px;--awb-title-line-height:1.54;--awb-content-font-family:&quot;Open Sans&quot;;--awb-content-font-style:normal;--awb-content-font-weight:400;\"><div class=\"panel-group fusion-toggle-icon-boxed\" id=\"accordion-176588-1\"><div class=\"fusion-panel panel-default panel-43a68d025f81f88ad fusion-toggle-has-divider\" style=\"--awb-title-color:#662483;--awb-content-color:#747474;\"><div class=\"panel-heading\"><h4 class=\"panel-title toggle\" id=\"toggle_43a68d025f81f88ad\"><a aria-expanded=\"false\" aria-controls=\"43a68d025f81f88ad\" role=\"button\" data-toggle=\"collapse\" data-parent=\"#accordion-176588-1\" data-target=\"#43a68d025f81f88ad\" href=\"#43a68d025f81f88ad\"><span class=\"fusion-toggle-icon-wrapper\" aria-hidden=\"true\"><i class=\"fa-fusion-box active-icon awb-icon-minus\" aria-hidden=\"true\"><\/i><i class=\"fa-fusion-box inactive-icon awb-icon-plus\" aria-hidden=\"true\"><\/i><\/span><span class=\"fusion-toggle-heading\">2. Hambre cero<\/span><\/a><\/h4><\/div><div id=\"43a68d025f81f88ad\" class=\"panel-collapse collapse \" aria-labelledby=\"toggle_43a68d025f81f88ad\"><div class=\"panel-body toggle-content fusion-clearfix\">\n<p>Mejorar la nutrici\u00f3n y promover una agricultura sostenible. Promoviendo la sostenibilidad de los sistemas de producci\u00f3n de alimentos y aplicar pr\u00e1cticas agr\u00edcolas resilientes que aumenten la productividad y la producci\u00f3n; que contribuyan al mantenimiento de los ecosistemas; que fortalezcan la capacidad de adaptaci\u00f3n al cambio clim\u00e1tico, a fen\u00f3menos meteorol\u00f3gicos extremos, sequ\u00edas, inundaciones y otros desastres, y que mejoren progresivamente la calidad del suelo y la tierra.<\/p>\n<\/div><\/div><\/div><div class=\"fusion-panel panel-default panel-70b401ee2ae23b442 fusion-toggle-has-divider\" style=\"--awb-title-color:#662483;--awb-content-color:#747474;\"><div class=\"panel-heading\"><h4 class=\"panel-title toggle\" id=\"toggle_70b401ee2ae23b442\"><a aria-expanded=\"false\" aria-controls=\"70b401ee2ae23b442\" role=\"button\" data-toggle=\"collapse\" data-parent=\"#accordion-176588-1\" data-target=\"#70b401ee2ae23b442\" href=\"#70b401ee2ae23b442\"><span class=\"fusion-toggle-icon-wrapper\" aria-hidden=\"true\"><i class=\"fa-fusion-box active-icon awb-icon-minus\" aria-hidden=\"true\"><\/i><i class=\"fa-fusion-box inactive-icon awb-icon-plus\" aria-hidden=\"true\"><\/i><\/span><span class=\"fusion-toggle-heading\">4. Educaci\u00f3n de calidad<\/span><\/a><\/h4><\/div><div id=\"70b401ee2ae23b442\" class=\"panel-collapse collapse \" aria-labelledby=\"toggle_70b401ee2ae23b442\"><div class=\"panel-body toggle-content fusion-clearfix\">\n<p>Garantizar una educaci\u00f3n inclusiva para todos y promover oportunidades de aprendizaje duraderas que sean de calidad y equitativas. Ofreciendo un plan formativo al alcance de cualquier persona, gratuito y basado en aprendizajes significativos, relevantes y con sentido a nivel profesional y personal.<\/p>\n<\/div><\/div><\/div><div class=\"fusion-panel panel-default panel-713bc1f5abfd1e057 fusion-toggle-has-divider\" style=\"--awb-title-color:#662483;--awb-content-color:#747474;\"><div class=\"panel-heading\"><h4 class=\"panel-title toggle\" id=\"toggle_713bc1f5abfd1e057\"><a aria-expanded=\"false\" aria-controls=\"713bc1f5abfd1e057\" role=\"button\" data-toggle=\"collapse\" data-parent=\"#accordion-176588-1\" data-target=\"#713bc1f5abfd1e057\" href=\"#713bc1f5abfd1e057\"><span class=\"fusion-toggle-icon-wrapper\" aria-hidden=\"true\"><i class=\"fa-fusion-box active-icon awb-icon-minus\" aria-hidden=\"true\"><\/i><i class=\"fa-fusion-box inactive-icon awb-icon-plus\" aria-hidden=\"true\"><\/i><\/span><span class=\"fusion-toggle-heading\">5. Educaci\u00f3n de calidad<\/span><\/a><\/h4><\/div><div id=\"713bc1f5abfd1e057\" class=\"panel-collapse collapse \" aria-labelledby=\"toggle_713bc1f5abfd1e057\"><div class=\"panel-body toggle-content fusion-clearfix\">\n<p>Alcanzar la igualdad de g\u00e9nero a trav\u00e9s del fortalecimiento de mujeres adultas y j\u00f3venes. En un contexto de predominio de los hombres entre los emprendedores y emprendedoras del pa\u00eds, y tambi\u00e9n dentro de la bioeconom\u00eda y del sector agroalimentario, se visibilizar\u00e1n especialmente liderazgos femeninos y se favorecer\u00e1 la conciliaci\u00f3n.<\/p>\n<\/div><\/div><\/div><div class=\"fusion-panel panel-default panel-8f1fbdfc32470df1d fusion-toggle-has-divider\" style=\"--awb-title-color:#662483;--awb-content-color:#747474;\"><div class=\"panel-heading\"><h4 class=\"panel-title toggle\" id=\"toggle_8f1fbdfc32470df1d\"><a aria-expanded=\"false\" aria-controls=\"8f1fbdfc32470df1d\" role=\"button\" data-toggle=\"collapse\" data-parent=\"#accordion-176588-1\" data-target=\"#8f1fbdfc32470df1d\" href=\"#8f1fbdfc32470df1d\"><span class=\"fusion-toggle-icon-wrapper\" aria-hidden=\"true\"><i class=\"fa-fusion-box active-icon awb-icon-minus\" aria-hidden=\"true\"><\/i><i class=\"fa-fusion-box inactive-icon awb-icon-plus\" aria-hidden=\"true\"><\/i><\/span><span class=\"fusion-toggle-heading\">8. Trabajo decente y crecimiento econ\u00f3mico<\/span><\/a><\/h4><\/div><div id=\"8f1fbdfc32470df1d\" class=\"panel-collapse collapse \" aria-labelledby=\"toggle_8f1fbdfc32470df1d\"><div class=\"panel-body toggle-content fusion-clearfix\">\n<p>Promover un crecimiento econ\u00f3mico sostenido, inclusivo y sostenible, un empleo pleno y productivo, y un trabajo digno para todas las personas. A trav\u00e9s de proyectos innovadores que creen oportunidades de trabajo calificado y de calidad.<\/p>\n<\/div><\/div><\/div><div class=\"fusion-panel panel-default panel-08d0a42f0ee82f759 fusion-toggle-has-divider\" style=\"--awb-title-color:#662483;--awb-content-color:#747474;\"><div class=\"panel-heading\"><h4 class=\"panel-title toggle\" id=\"toggle_08d0a42f0ee82f759\"><a aria-expanded=\"false\" aria-controls=\"08d0a42f0ee82f759\" role=\"button\" data-toggle=\"collapse\" data-parent=\"#accordion-176588-1\" data-target=\"#08d0a42f0ee82f759\" href=\"#08d0a42f0ee82f759\"><span class=\"fusion-toggle-icon-wrapper\" aria-hidden=\"true\"><i class=\"fa-fusion-box active-icon awb-icon-minus\" aria-hidden=\"true\"><\/i><i class=\"fa-fusion-box inactive-icon awb-icon-plus\" aria-hidden=\"true\"><\/i><\/span><span class=\"fusion-toggle-heading\">9. Industria, innovaci\u00f3n e infraestructura<\/span><\/a><\/h4><\/div><div id=\"08d0a42f0ee82f759\" class=\"panel-collapse collapse \" aria-labelledby=\"toggle_08d0a42f0ee82f759\"><div class=\"panel-body toggle-content fusion-clearfix\">\n<p>Construir infraestructuras resistentes, promover una industrializaci\u00f3n inclusiva y sostenible y fomentar la innovaci\u00f3n a lo largo de toda la cadena de valor del sector agroalimentario.<\/p>\n<\/div><\/div><\/div><div class=\"fusion-panel panel-default panel-4f81ebeeeeff856e8 fusion-toggle-has-divider\" style=\"--awb-title-color:#662483;--awb-content-color:#747474;\"><div class=\"panel-heading\"><h4 class=\"panel-title toggle\" id=\"toggle_4f81ebeeeeff856e8\"><a aria-expanded=\"false\" aria-controls=\"4f81ebeeeeff856e8\" role=\"button\" data-toggle=\"collapse\" data-parent=\"#accordion-176588-1\" data-target=\"#4f81ebeeeeff856e8\" href=\"#4f81ebeeeeff856e8\"><span class=\"fusion-toggle-icon-wrapper\" aria-hidden=\"true\"><i class=\"fa-fusion-box active-icon awb-icon-minus\" aria-hidden=\"true\"><\/i><i class=\"fa-fusion-box inactive-icon awb-icon-plus\" aria-hidden=\"true\"><\/i><\/span><span class=\"fusion-toggle-heading\">12. Producci\u00f3n y consumo responsables<\/span><\/a><\/h4><\/div><div id=\"4f81ebeeeeff856e8\" class=\"panel-collapse collapse \" aria-labelledby=\"toggle_4f81ebeeeeff856e8\"><div class=\"panel-body toggle-content fusion-clearfix\">\n<p>Garantizar un consumo y patrones de producci\u00f3n sostenible. La innovaci\u00f3n en el sector agroalimentario tambi\u00e9n pasa por nuevos patrones de consumo de los productos y subproductos alimenticios basados \u200b\u200ben la sostenibilidad, la ecolog\u00eda, la econom\u00eda circular y el reciclaje<\/p>\n<\/div><\/div><\/div><div class=\"fusion-panel panel-default panel-c54989ee7b02b67c2 fusion-toggle-has-divider\" style=\"--awb-title-color:#662483;--awb-content-color:#747474;\"><div class=\"panel-heading\"><h4 class=\"panel-title toggle\" id=\"toggle_c54989ee7b02b67c2\"><a aria-expanded=\"false\" aria-controls=\"c54989ee7b02b67c2\" role=\"button\" data-toggle=\"collapse\" data-parent=\"#accordion-176588-1\" data-target=\"#c54989ee7b02b67c2\" href=\"#c54989ee7b02b67c2\"><span class=\"fusion-toggle-icon-wrapper\" aria-hidden=\"true\"><i class=\"fa-fusion-box active-icon awb-icon-minus\" aria-hidden=\"true\"><\/i><i class=\"fa-fusion-box inactive-icon awb-icon-plus\" aria-hidden=\"true\"><\/i><\/span><span class=\"fusion-toggle-heading\">13. Acci\u00f3n por el clima<\/span><\/a><\/h4><\/div><div id=\"c54989ee7b02b67c2\" class=\"panel-collapse collapse \" aria-labelledby=\"toggle_c54989ee7b02b67c2\"><div class=\"panel-body toggle-content fusion-clearfix\">\n<p>Combatir con urgencia el cambio clim\u00e1tico y sus efectos. El sector primario es uno de los que se ve m\u00e1s afectado por ese cambio. La investigaci\u00f3n en este \u00e1mbito debe ir de la mano de la innovaci\u00f3n empresarial y tecnol\u00f3gica.<\/p>\n<\/div><\/div><\/div><div class=\"fusion-panel panel-default panel-06e8f93ad3c263b3a fusion-toggle-has-divider\" style=\"--awb-title-color:#662483;--awb-content-color:#747474;\"><div class=\"panel-heading\"><h4 class=\"panel-title toggle\" id=\"toggle_06e8f93ad3c263b3a\"><a aria-expanded=\"false\" aria-controls=\"06e8f93ad3c263b3a\" role=\"button\" data-toggle=\"collapse\" data-parent=\"#accordion-176588-1\" data-target=\"#06e8f93ad3c263b3a\" href=\"#06e8f93ad3c263b3a\"><span class=\"fusion-toggle-icon-wrapper\" aria-hidden=\"true\"><i class=\"fa-fusion-box active-icon awb-icon-minus\" aria-hidden=\"true\"><\/i><i class=\"fa-fusion-box inactive-icon awb-icon-plus\" aria-hidden=\"true\"><\/i><\/span><span class=\"fusion-toggle-heading\">15. Vida de ecosistemas terrestres<\/span><\/a><\/h4><\/div><div id=\"06e8f93ad3c263b3a\" class=\"panel-collapse collapse \" aria-labelledby=\"toggle_06e8f93ad3c263b3a\"><div class=\"panel-body toggle-content fusion-clearfix\">\n<p>El trabajo conjunto entre administraciones, ciudadan\u00eda y los proyectos de innovaci\u00f3n empresarial que nacen en el territorio, debe permitir proteger, restaurar y promover el uso sostenible de los ecosistemas terrestres, gestionar los bosques de forma sostenible, combatir la desertificaci\u00f3n, y detener y revertir la degradaci\u00f3n de la tierra y detener la p\u00e9rdida de la biodiversidad.<\/p>\n<\/div><\/div><\/div><\/div><\/div><div class=\"fusion-sep-clear\"><\/div><div class=\"fusion-separator fusion-full-width-sep\" style=\"margin-left: auto;margin-right: auto;margin-top:0px;margin-bottom:10px;width:100%;\"><div class=\"fusion-separator-border sep-single sep-solid\" style=\"--awb-height:20px;--awb-amount:20px;border-color:#e0dede;border-top-width:1px;\"><\/div><\/div><div class=\"fusion-sep-clear\"><\/div><div class=\"fusion-sep-clear\"><\/div><div class=\"fusion-separator fusion-full-width-sep\" style=\"margin-left: auto;margin-right: auto;margin-top:10px;margin-bottom:10px;width:100%;\"><\/div><div class=\"fusion-sep-clear\"><\/div><div class=\"fusion-image-element fusion-image-align-center in-legacy-container\" style=\"text-align:center;--awb-caption-title-font-family:var(--h2_typography-font-family);--awb-caption-title-font-weight:var(--h2_typography-font-weight);--awb-caption-title-font-style:var(--h2_typography-font-style);--awb-caption-title-size:var(--h2_typography-font-size);--awb-caption-title-transform:var(--h2_typography-text-transform);--awb-caption-title-line-height:var(--h2_typography-line-height);--awb-caption-title-letter-spacing:var(--h2_typography-letter-spacing);\"><div class=\"imageframe-align-center\"><span class=\" fusion-imageframe imageframe-none imageframe-2 hover-type-none\"><img decoding=\"async\" width=\"400\" height=\"108\" src=\"https:\/\/eurecat.org\/wp-content\/uploads\/2025\/04\/Funding-EMPREN-BIO-4.0-400x108.png\" alt class=\"img-responsive wp-image-176599\" srcset=\"https:\/\/eurecat.org\/wp-content\/uploads\/2025\/04\/Funding-EMPREN-BIO-4.0-200x54.png 200w, https:\/\/eurecat.org\/wp-content\/uploads\/2025\/04\/Funding-EMPREN-BIO-4.0-400x108.png 400w, https:\/\/eurecat.org\/wp-content\/uploads\/2025\/04\/Funding-EMPREN-BIO-4.0.png 567w\" sizes=\"(max-width: 800px) 100vw, 400px\" \/><\/span><\/div><\/div><div class=\"fusion-clearfix\"><\/div><\/div><\/div><\/div><\/div>\n","protected":false},"excerpt":{"rendered":"","protected":false},"author":33,"featured_media":176603,"menu_order":0,"comment_status":"closed","ping_status":"closed","template":"","format":"standard","meta":{"footnotes":""},"portfolio_category":[1559,1565,1570,1562,1435,1566,1564,2063,2061],"portfolio_skills":[2837],"portfolio_tags":[],"class_list":["post-176588","avada_portfolio","type-avada_portfolio","status-publish","format-standard","has-post-thumbnail","hentry","portfolio_category-applied-artificial-intellligence","portfolio_category-formacion","portfolio_category-it-security-es","portfolio_category-nutricion-y-salud","portfolio_category-proyectos-nacionales-es","portfolio_category-sostenibilidad","portfolio_category-tecnologias-audiovisuales","portfolio_category-was-es","portfolio_category-weei-es","portfolio_skills-generalitat-de-catalunya-2"],"yoast_head":"<!-- This site is optimized with the Yoast SEO plugin v27.5 - https:\/\/yoast.com\/product\/yoast-seo-wordpress\/ -->\n<title>EMPR\u00c8N BIO 4.0 - Eurecat<\/title>\n<meta name=\"description\" content=\"EMPR\u00c8N BIO 4.0 impulsa el emprendimiento tecnol\u00f3gico e innovador como motor de nuevos modelos de negocio sostenibles a las tierras de Lleida.\" \/>\n<meta name=\"robots\" content=\"index, follow, max-snippet:-1, max-image-preview:large, max-video-preview:-1\" \/>\n<link rel=\"canonical\" href=\"https:\/\/eurecat.org\/es\/portfolio-items\/empren-bio-40\/\" \/>\n<meta property=\"og:locale\" content=\"es_ES\" \/>\n<meta property=\"og:type\" content=\"article\" \/>\n<meta property=\"og:title\" content=\"EMPR\u00c8N BIO 4.0 - Eurecat\" \/>\n<meta property=\"og:description\" content=\"EMPR\u00c8N BIO 4.0 impulsa el emprendimiento tecnol\u00f3gico e innovador como motor de nuevos modelos de negocio sostenibles a las tierras de Lleida.\" \/>\n<meta property=\"og:url\" content=\"https:\/\/eurecat.org\/es\/portfolio-items\/empren-bio-40\/\" \/>\n<meta property=\"og:site_name\" content=\"Eurecat\" \/>\n<meta property=\"article:modified_time\" content=\"2025-04-09T08:57:25+00:00\" \/>\n<meta property=\"og:image\" content=\"https:\/\/eurecat.org\/wp-content\/uploads\/2025\/04\/EMPREN-BIO-4.0_520x272.png\" \/>\n\t<meta property=\"og:image:width\" content=\"520\" \/>\n\t<meta property=\"og:image:height\" content=\"272\" \/>\n\t<meta property=\"og:image:type\" content=\"image\/png\" \/>\n<meta name=\"twitter:card\" content=\"summary_large_image\" \/>\n<meta name=\"twitter:label1\" content=\"Tiempo de lectura\" \/>\n\t<meta name=\"twitter:data1\" content=\"5 minutos\" \/>\n<script type=\"application\/ld+json\" class=\"yoast-schema-graph\">{\"@context\":\"https:\\\/\\\/schema.org\",\"@graph\":[{\"@type\":\"WebPage\",\"@id\":\"https:\\\/\\\/eurecat.org\\\/es\\\/portfolio-items\\\/empren-bio-40\\\/\",\"url\":\"https:\\\/\\\/eurecat.org\\\/es\\\/portfolio-items\\\/empren-bio-40\\\/\",\"name\":\"EMPR\u00c8N BIO 4.0 - Eurecat\",\"isPartOf\":{\"@id\":\"https:\\\/\\\/eurecat.org\\\/es\\\/#website\"},\"primaryImageOfPage\":{\"@id\":\"https:\\\/\\\/eurecat.org\\\/es\\\/portfolio-items\\\/empren-bio-40\\\/#primaryimage\"},\"image\":{\"@id\":\"https:\\\/\\\/eurecat.org\\\/es\\\/portfolio-items\\\/empren-bio-40\\\/#primaryimage\"},\"thumbnailUrl\":\"https:\\\/\\\/eurecat.org\\\/wp-content\\\/uploads\\\/2025\\\/04\\\/EMPREN-BIO-4.0_520x272.png\",\"datePublished\":\"2025-04-09T07:57:58+00:00\",\"dateModified\":\"2025-04-09T08:57:25+00:00\",\"description\":\"EMPR\u00c8N BIO 4.0 impulsa el emprendimiento tecnol\u00f3gico e innovador como motor de nuevos modelos de negocio sostenibles a las tierras de Lleida.\",\"breadcrumb\":{\"@id\":\"https:\\\/\\\/eurecat.org\\\/es\\\/portfolio-items\\\/empren-bio-40\\\/#breadcrumb\"},\"inLanguage\":\"es\",\"potentialAction\":[{\"@type\":\"ReadAction\",\"target\":[\"https:\\\/\\\/eurecat.org\\\/es\\\/portfolio-items\\\/empren-bio-40\\\/\"]}]},{\"@type\":\"ImageObject\",\"inLanguage\":\"es\",\"@id\":\"https:\\\/\\\/eurecat.org\\\/es\\\/portfolio-items\\\/empren-bio-40\\\/#primaryimage\",\"url\":\"https:\\\/\\\/eurecat.org\\\/wp-content\\\/uploads\\\/2025\\\/04\\\/EMPREN-BIO-4.0_520x272.png\",\"contentUrl\":\"https:\\\/\\\/eurecat.org\\\/wp-content\\\/uploads\\\/2025\\\/04\\\/EMPREN-BIO-4.0_520x272.png\",\"width\":520,\"height\":272,\"caption\":\"EMPR\u00c8N BIO 4.0 EURECAT\"},{\"@type\":\"BreadcrumbList\",\"@id\":\"https:\\\/\\\/eurecat.org\\\/es\\\/portfolio-items\\\/empren-bio-40\\\/#breadcrumb\",\"itemListElement\":[{\"@type\":\"ListItem\",\"position\":1,\"name\":\"Inici\",\"item\":\"https:\\\/\\\/eurecat.org\\\/es\\\/\"},{\"@type\":\"ListItem\",\"position\":2,\"name\":\"Proyectos\",\"item\":\"https:\\\/\\\/eurecat.org\\\/es\\\/portfolio-items\\\/\"},{\"@type\":\"ListItem\",\"position\":3,\"name\":\"EMPR\u00c8N BIO 4.0\"}]},{\"@type\":\"WebSite\",\"@id\":\"https:\\\/\\\/eurecat.org\\\/es\\\/#website\",\"url\":\"https:\\\/\\\/eurecat.org\\\/es\\\/\",\"name\":\"Eurecat\",\"description\":\"Otro sitio realizado con WordPress\",\"potentialAction\":[{\"@type\":\"SearchAction\",\"target\":{\"@type\":\"EntryPoint\",\"urlTemplate\":\"https:\\\/\\\/eurecat.org\\\/es\\\/?s={search_term_string}\"},\"query-input\":{\"@type\":\"PropertyValueSpecification\",\"valueRequired\":true,\"valueName\":\"search_term_string\"}}],\"inLanguage\":\"es\"}]}<\/script>\n<!-- \/ Yoast SEO plugin. -->","yoast_head_json":{"title":"EMPR\u00c8N BIO 4.0 - Eurecat","description":"EMPR\u00c8N BIO 4.0 impulsa el emprendimiento tecnol\u00f3gico e innovador como motor de nuevos modelos de negocio sostenibles a las tierras de Lleida.","robots":{"index":"index","follow":"follow","max-snippet":"max-snippet:-1","max-image-preview":"max-image-preview:large","max-video-preview":"max-video-preview:-1"},"canonical":"https:\/\/eurecat.org\/es\/portfolio-items\/empren-bio-40\/","og_locale":"es_ES","og_type":"article","og_title":"EMPR\u00c8N BIO 4.0 - Eurecat","og_description":"EMPR\u00c8N BIO 4.0 impulsa el emprendimiento tecnol\u00f3gico e innovador como motor de nuevos modelos de negocio sostenibles a las tierras de Lleida.","og_url":"https:\/\/eurecat.org\/es\/portfolio-items\/empren-bio-40\/","og_site_name":"Eurecat","article_modified_time":"2025-04-09T08:57:25+00:00","og_image":[{"width":520,"height":272,"url":"https:\/\/eurecat.org\/wp-content\/uploads\/2025\/04\/EMPREN-BIO-4.0_520x272.png","type":"image\/png"}],"twitter_card":"summary_large_image","twitter_misc":{"Tiempo de lectura":"5 minutos"},"schema":{"@context":"https:\/\/schema.org","@graph":[{"@type":"WebPage","@id":"https:\/\/eurecat.org\/es\/portfolio-items\/empren-bio-40\/","url":"https:\/\/eurecat.org\/es\/portfolio-items\/empren-bio-40\/","name":"EMPR\u00c8N BIO 4.0 - Eurecat","isPartOf":{"@id":"https:\/\/eurecat.org\/es\/#website"},"primaryImageOfPage":{"@id":"https:\/\/eurecat.org\/es\/portfolio-items\/empren-bio-40\/#primaryimage"},"image":{"@id":"https:\/\/eurecat.org\/es\/portfolio-items\/empren-bio-40\/#primaryimage"},"thumbnailUrl":"https:\/\/eurecat.org\/wp-content\/uploads\/2025\/04\/EMPREN-BIO-4.0_520x272.png","datePublished":"2025-04-09T07:57:58+00:00","dateModified":"2025-04-09T08:57:25+00:00","description":"EMPR\u00c8N BIO 4.0 impulsa el emprendimiento tecnol\u00f3gico e innovador como motor de nuevos modelos de negocio sostenibles a las tierras de Lleida.","breadcrumb":{"@id":"https:\/\/eurecat.org\/es\/portfolio-items\/empren-bio-40\/#breadcrumb"},"inLanguage":"es","potentialAction":[{"@type":"ReadAction","target":["https:\/\/eurecat.org\/es\/portfolio-items\/empren-bio-40\/"]}]},{"@type":"ImageObject","inLanguage":"es","@id":"https:\/\/eurecat.org\/es\/portfolio-items\/empren-bio-40\/#primaryimage","url":"https:\/\/eurecat.org\/wp-content\/uploads\/2025\/04\/EMPREN-BIO-4.0_520x272.png","contentUrl":"https:\/\/eurecat.org\/wp-content\/uploads\/2025\/04\/EMPREN-BIO-4.0_520x272.png","width":520,"height":272,"caption":"EMPR\u00c8N BIO 4.0 EURECAT"},{"@type":"BreadcrumbList","@id":"https:\/\/eurecat.org\/es\/portfolio-items\/empren-bio-40\/#breadcrumb","itemListElement":[{"@type":"ListItem","position":1,"name":"Inici","item":"https:\/\/eurecat.org\/es\/"},{"@type":"ListItem","position":2,"name":"Proyectos","item":"https:\/\/eurecat.org\/es\/portfolio-items\/"},{"@type":"ListItem","position":3,"name":"EMPR\u00c8N BIO 4.0"}]},{"@type":"WebSite","@id":"https:\/\/eurecat.org\/es\/#website","url":"https:\/\/eurecat.org\/es\/","name":"Eurecat","description":"Otro sitio realizado con WordPress","potentialAction":[{"@type":"SearchAction","target":{"@type":"EntryPoint","urlTemplate":"https:\/\/eurecat.org\/es\/?s={search_term_string}"},"query-input":{"@type":"PropertyValueSpecification","valueRequired":true,"valueName":"search_term_string"}}],"inLanguage":"es"}]}},"_links":{"self":[{"href":"https:\/\/eurecat.org\/es\/wp-json\/wp\/v2\/avada_portfolio\/176588","targetHints":{"allow":["GET"]}}],"collection":[{"href":"https:\/\/eurecat.org\/es\/wp-json\/wp\/v2\/avada_portfolio"}],"about":[{"href":"https:\/\/eurecat.org\/es\/wp-json\/wp\/v2\/types\/avada_portfolio"}],"author":[{"embeddable":true,"href":"https:\/\/eurecat.org\/es\/wp-json\/wp\/v2\/users\/33"}],"replies":[{"embeddable":true,"href":"https:\/\/eurecat.org\/es\/wp-json\/wp\/v2\/comments?post=176588"}],"version-history":[{"count":2,"href":"https:\/\/eurecat.org\/es\/wp-json\/wp\/v2\/avada_portfolio\/176588\/revisions"}],"predecessor-version":[{"id":176656,"href":"https:\/\/eurecat.org\/es\/wp-json\/wp\/v2\/avada_portfolio\/176588\/revisions\/176656"}],"wp:featuredmedia":[{"embeddable":true,"href":"https:\/\/eurecat.org\/es\/wp-json\/wp\/v2\/media\/176603"}],"wp:attachment":[{"href":"https:\/\/eurecat.org\/es\/wp-json\/wp\/v2\/media?parent=176588"}],"wp:term":[{"taxonomy":"portfolio_category","embeddable":true,"href":"https:\/\/eurecat.org\/es\/wp-json\/wp\/v2\/portfolio_category?post=176588"},{"taxonomy":"portfolio_skills","embeddable":true,"href":"https:\/\/eurecat.org\/es\/wp-json\/wp\/v2\/portfolio_skills?post=176588"},{"taxonomy":"portfolio_tags","embeddable":true,"href":"https:\/\/eurecat.org\/es\/wp-json\/wp\/v2\/portfolio_tags?post=176588"}],"curies":[{"name":"wp","href":"https:\/\/api.w.org\/{rel}","templated":true}]}}