{"id":176663,"date":"2025-04-09T11:31:02","date_gmt":"2025-04-09T09:31:02","guid":{"rendered":"https:\/\/eurecat.org\/?post_type=avada_portfolio&#038;p=176663"},"modified":"2025-04-09T11:32:02","modified_gmt":"2025-04-09T09:32:02","slug":"local-products-hub","status":"publish","type":"avada_portfolio","link":"https:\/\/eurecat.org\/es\/portfolio-items\/local-products-hub\/","title":{"rendered":"Local Products Hub"},"content":{"rendered":"<div class=\"fusion-fullwidth fullwidth-box fusion-builder-row-1 hundred-percent-fullwidth non-hundred-percent-height-scrolling\" style=\"--awb-border-radius-top-left:0px;--awb-border-radius-top-right:0px;--awb-border-radius-bottom-right:0px;--awb-border-radius-bottom-left:0px;--awb-overflow:visible;--awb-flex-wrap:wrap;\" ><div class=\"fusion-builder-row fusion-row\"><div class=\"fusion-layout-column fusion_builder_column fusion-builder-column-0 fusion_builder_column_2_3 2_3 fusion-two-third fusion-column-first\" style=\"--awb-bg-size:cover;width:65.3333%; margin-right: 4%;\"><div class=\"fusion-column-wrapper fusion-flex-column-wrapper-legacy\"><div class=\"fusion-text fusion-text-1\" style=\"--awb-text-transform:none;\"><p><img decoding=\"async\" class=\"alignnone size-full wp-image-176676\" src=\"https:\/\/eurecat.org\/wp-content\/uploads\/2025\/04\/Local-Products-Hub_850x447.jpg\" alt=\"LOCAL PRODUCTS HUB EURECAT\" width=\"850\" height=\"447\" srcset=\"https:\/\/eurecat.org\/wp-content\/uploads\/2025\/04\/Local-Products-Hub_850x447-200x105.jpg 200w, https:\/\/eurecat.org\/wp-content\/uploads\/2025\/04\/Local-Products-Hub_850x447-300x158.jpg 300w, https:\/\/eurecat.org\/wp-content\/uploads\/2025\/04\/Local-Products-Hub_850x447-400x210.jpg 400w, https:\/\/eurecat.org\/wp-content\/uploads\/2025\/04\/Local-Products-Hub_850x447-600x316.jpg 600w, https:\/\/eurecat.org\/wp-content\/uploads\/2025\/04\/Local-Products-Hub_850x447-768x404.jpg 768w, https:\/\/eurecat.org\/wp-content\/uploads\/2025\/04\/Local-Products-Hub_850x447-800x421.jpg 800w, https:\/\/eurecat.org\/wp-content\/uploads\/2025\/04\/Local-Products-Hub_850x447.jpg 850w\" sizes=\"(max-width: 850px) 100vw, 850px\" \/><\/p>\n<\/div><div class=\"fusion-sep-clear\"><\/div><div class=\"fusion-separator fusion-full-width-sep\" style=\"margin-left: auto;margin-right: auto;width:100%;\"><\/div><div class=\"fusion-sep-clear\"><\/div><div class=\"fusion-sep-clear\"><\/div><div class=\"fusion-separator fusion-full-width-sep\" style=\"margin-left: auto;margin-right: auto;margin-top:0px;margin-bottom:10px;width:100%;\"><div class=\"fusion-separator-border sep-double sep-solid\" style=\"--awb-height:20px;--awb-amount:20px;border-color:#e0dede;border-top-width:1px;border-bottom-width:1px;\"><\/div><\/div><div class=\"fusion-sep-clear\"><\/div><div class=\"fusion-text fusion-text-2\" style=\"--awb-text-transform:none;\"><p><strong>Programa de emprendimiento tecnol\u00f3gico e innovador de proximidad.<\/strong><\/p>\n<p><strong>Local Products Hub<\/strong> apoya a las personas emprendedoras mediante formaci\u00f3n y mentor\u00eda especializada para impulsar la <strong>creaci\u00f3n y el crecimiento de empresas basadas en la innovaci\u00f3n, la tecnolog\u00eda y nuevos modelos de negocio en el \u00e1mbito agroalimentario<\/strong>.<\/p>\n<p>El programa fomenta la producci\u00f3n de alimentos a partir de recursos propios, vinculados a los valores del territorio, promoviendo <strong>nuevos modelos de negocio m\u00e1s innovadores, digitales y sostenibles<\/strong>.<\/p>\n<p>Concretamente, el programa se dirige a toda la cadena de valor del sector agroalimentario que incluye la producci\u00f3n agraria, la elaboraci\u00f3n alimentaria, la comercializaci\u00f3n y log\u00edstica de los productos agroalimentarios, en el <strong>Empord\u00e0<\/strong>.<\/p>\n<p>El programa ofrece <strong>100 horas de formaci\u00f3n<\/strong> en tecnolog\u00eda disruptiva, sostenibilidad y gesti\u00f3n empresarial, dotando los emprendedores de las herramientas necesarias para liderar nuevos retos m\u00e1s inteligentes, sostenibles, flexibles y conectados, contribuyendo a la competitividad del territorio.<\/p>\n<p>Adem\u00e1s, cuenta con <strong>60 horas de mentor\u00eda especializada<\/strong>, donde expertos del sector asesoran los participantes en el desarrollo de sus proyectos, ayud\u00e1ndolos a validar modelos de negocio, acelerar el crecimiento y acceder a nuevas oportunidades dentro del ecosistema de innovaci\u00f3n.<\/p>\n<p>Local Products Hub es un proyecto de <a href=\"https:\/\/www.ajuntamentimpulsa.cat\/es\/forallac-progres-sam.aspx\" target=\"_blank\" rel=\"noopener\">Forallac Progr\u00e9s, SAM<\/a>, una empresa municipal del <a href=\"https:\/\/forallac.cat\/\" target=\"_blank\" rel=\"noopener\">Ayuntamiento de Forallac<\/a> y Eurecat.<\/p>\n<\/div><div class=\"fusion-clearfix\"><\/div><\/div><\/div><div class=\"fusion-layout-column fusion_builder_column fusion-builder-column-1 fusion_builder_column_1_3 1_3 fusion-one-third fusion-column-last\" style=\"--awb-bg-size:cover;width:30.6666%;\"><div class=\"fusion-column-wrapper fusion-flex-column-wrapper-legacy\"><div class=\"fusion-image-element fusion-image-align-center in-legacy-container\" style=\"text-align:center;--awb-caption-title-font-family:var(--h2_typography-font-family);--awb-caption-title-font-weight:var(--h2_typography-font-weight);--awb-caption-title-font-style:var(--h2_typography-font-style);--awb-caption-title-size:var(--h2_typography-font-size);--awb-caption-title-transform:var(--h2_typography-text-transform);--awb-caption-title-line-height:var(--h2_typography-line-height);--awb-caption-title-letter-spacing:var(--h2_typography-letter-spacing);\"><div class=\"imageframe-align-center\"><span class=\" fusion-imageframe imageframe-none imageframe-1 hover-type-none\"><img decoding=\"async\" width=\"400\" height=\"114\" alt=\"LOGO LOCAL PRODUCTS HUB EURECAT\" src=\"https:\/\/eurecat.org\/wp-content\/uploads\/2025\/04\/Logo-Local-Products-Hub-400x114.png\" class=\"img-responsive wp-image-176679\" srcset=\"https:\/\/eurecat.org\/wp-content\/uploads\/2025\/04\/Logo-Local-Products-Hub-200x57.png 200w, https:\/\/eurecat.org\/wp-content\/uploads\/2025\/04\/Logo-Local-Products-Hub-400x114.png 400w, https:\/\/eurecat.org\/wp-content\/uploads\/2025\/04\/Logo-Local-Products-Hub-600x171.png 600w, https:\/\/eurecat.org\/wp-content\/uploads\/2025\/04\/Logo-Local-Products-Hub.png 700w\" sizes=\"(max-width: 800px) 100vw, 600px\" \/><\/span><\/div><\/div><div class=\"fusion-title title fusion-title-1 fusion-title-text fusion-title-size-three\" style=\"--awb-margin-top-small:0px;--awb-margin-right-small:0px;--awb-margin-bottom-small:20px;--awb-margin-left-small:0px;\"><h3 class=\"fusion-title-heading title-heading-left\" style=\"margin:0;\">Datos generales<\/h3><span class=\"awb-title-spacer\"><\/span><div class=\"title-sep-container\"><div class=\"title-sep sep-double sep-solid\" style=\"border-color:#e0dede;\"><\/div><\/div><\/div><div class=\"fusion-text fusion-text-3\" style=\"--awb-text-transform:none;\"><p><strong>Proyecto<\/strong><\/p>\n<p>Local Products Hub<\/p>\n<\/div><div class=\"fusion-sep-clear\"><\/div><div class=\"fusion-separator fusion-full-width-sep\" style=\"margin-left: auto;margin-right: auto;margin-top:0px;margin-bottom:10px;width:100%;\"><div class=\"fusion-separator-border sep-single sep-solid\" style=\"--awb-height:20px;--awb-amount:20px;border-color:#e0dede;border-top-width:1px;\"><\/div><\/div><div class=\"fusion-sep-clear\"><\/div><div class=\"fusion-text fusion-text-4\" style=\"--awb-text-transform:none;\"><p><strong>Referencia del proyecto<\/strong><\/p>\n<p>SEC051\/23\/000011<\/p>\n<\/div><div class=\"fusion-sep-clear\"><\/div><div class=\"fusion-separator fusion-full-width-sep\" style=\"margin-left: auto;margin-right: auto;margin-top:0px;margin-bottom:10px;width:100%;\"><div class=\"fusion-separator-border sep-single sep-solid\" style=\"--awb-height:20px;--awb-amount:20px;border-color:#e0dede;border-top-width:1px;\"><\/div><\/div><div class=\"fusion-sep-clear\"><\/div><div class=\"fusion-text fusion-text-5\" style=\"--awb-text-transform:none;\"><p><strong>Programa y convocatoria<\/strong><\/p>\n<p>Local Products Hub s\u2019emmarca en el Programa Primer de preacceleraci\u00f3, liderat pel Departament d\u2019Empresa i Treball de la Generalitat de Catalunya i cofinan\u00e7at pel Fons Social Europeu Plus, per promoure l\u2019emprenedoria territorial especialitzada.<\/p>\n<\/div><div class=\"fusion-sep-clear\"><\/div><div class=\"fusion-separator fusion-full-width-sep\" style=\"margin-left: auto;margin-right: auto;margin-top:0px;margin-bottom:10px;width:100%;\"><div class=\"fusion-separator-border sep-single sep-solid\" style=\"--awb-height:20px;--awb-amount:20px;border-color:#e0dede;border-top-width:1px;\"><\/div><\/div><div class=\"fusion-sep-clear\"><\/div><div class=\"fusion-text fusion-text-6\" style=\"--awb-text-transform:none;\"><p><strong>Web del proyecto<\/strong><\/p>\n<p><a href=\"https:\/\/localproductshub.com\/\" target=\"_blank\" rel=\"noopener\">www.localproductshub.com<\/a><\/p>\n<\/div><div class=\"fusion-sep-clear\"><\/div><div class=\"fusion-separator fusion-full-width-sep\" style=\"margin-left: auto;margin-right: auto;margin-top:0px;margin-bottom:10px;width:100%;\"><div class=\"fusion-separator-border sep-single sep-solid\" style=\"--awb-height:20px;--awb-amount:20px;border-color:#e0dede;border-top-width:1px;\"><\/div><\/div><div class=\"fusion-sep-clear\"><\/div><div class=\"fusion-text fusion-text-7\" style=\"--awb-text-transform:none;\"><p><strong>ODS relacionados<\/strong><\/p>\n<div id=\"gtx-trans\" style=\"position: absolute; left: -180px; top: 78.3333px;\">\n<div class=\"gtx-trans-icon\"><\/div>\n<\/div>\n<\/div><div class=\"accordian fusion-accordian\" style=\"--awb-border-size:1px;--awb-icon-size:13px;--awb-content-font-size:14px;--awb-icon-alignment:left;--awb-hover-color:#f9f9f9;--awb-border-color:#cccccc;--awb-background-color:#ffffff;--awb-divider-color:#e0dede;--awb-divider-hover-color:#e0dede;--awb-icon-color:#ffffff;--awb-title-color:#662483;--awb-content-color:#747474;--awb-icon-box-color:#333333;--awb-toggle-hover-accent-color:#642c81;--awb-title-font-family:&quot;Open Sans&quot;;--awb-title-font-weight:400;--awb-title-font-style:normal;--awb-title-font-size:13px;--awb-title-line-height:1.54;--awb-content-font-family:&quot;Open Sans&quot;;--awb-content-font-style:normal;--awb-content-font-weight:400;\"><div class=\"panel-group fusion-toggle-icon-boxed\" id=\"accordion-176663-1\"><div class=\"fusion-panel panel-default panel-b8026e84943bd7cac fusion-toggle-has-divider\" style=\"--awb-title-color:#662483;--awb-content-color:#747474;\"><div class=\"panel-heading\"><h4 class=\"panel-title toggle\" id=\"toggle_b8026e84943bd7cac\"><a aria-expanded=\"false\" aria-controls=\"b8026e84943bd7cac\" role=\"button\" data-toggle=\"collapse\" data-parent=\"#accordion-176663-1\" data-target=\"#b8026e84943bd7cac\" href=\"#b8026e84943bd7cac\"><span class=\"fusion-toggle-icon-wrapper\" aria-hidden=\"true\"><i class=\"fa-fusion-box active-icon awb-icon-minus\" aria-hidden=\"true\"><\/i><i class=\"fa-fusion-box inactive-icon awb-icon-plus\" aria-hidden=\"true\"><\/i><\/span><span class=\"fusion-toggle-heading\">2. Hambre cero<\/span><\/a><\/h4><\/div><div id=\"b8026e84943bd7cac\" class=\"panel-collapse collapse \" aria-labelledby=\"toggle_b8026e84943bd7cac\"><div class=\"panel-body toggle-content fusion-clearfix\">\n<p>Poner fin al hambre y la inanici\u00f3n, conseguir la seguridad alimentaria, mejorar la nutrici\u00f3n y promover una agricultura sostenible.<\/p>\n<\/div><\/div><\/div><div class=\"fusion-panel panel-default panel-734f230aee8105cdf fusion-toggle-has-divider\" style=\"--awb-title-color:#662483;--awb-content-color:#747474;\"><div class=\"panel-heading\"><h4 class=\"panel-title toggle\" id=\"toggle_734f230aee8105cdf\"><a aria-expanded=\"false\" aria-controls=\"734f230aee8105cdf\" role=\"button\" data-toggle=\"collapse\" data-parent=\"#accordion-176663-1\" data-target=\"#734f230aee8105cdf\" href=\"#734f230aee8105cdf\"><span class=\"fusion-toggle-icon-wrapper\" aria-hidden=\"true\"><i class=\"fa-fusion-box active-icon awb-icon-minus\" aria-hidden=\"true\"><\/i><i class=\"fa-fusion-box inactive-icon awb-icon-plus\" aria-hidden=\"true\"><\/i><\/span><span class=\"fusion-toggle-heading\">3. Salud y bienestar<\/span><\/a><\/h4><\/div><div id=\"734f230aee8105cdf\" class=\"panel-collapse collapse \" aria-labelledby=\"toggle_734f230aee8105cdf\"><div class=\"panel-body toggle-content fusion-clearfix\">\n<p>Garantizar vidas saludables y promover el bienestar para todas las edades.<\/p>\n<\/div><\/div><\/div><div class=\"fusion-panel panel-default panel-1cde7ebf5f188635c fusion-toggle-has-divider\" style=\"--awb-title-color:#662483;--awb-content-color:#747474;\"><div class=\"panel-heading\"><h4 class=\"panel-title toggle\" id=\"toggle_1cde7ebf5f188635c\"><a aria-expanded=\"false\" aria-controls=\"1cde7ebf5f188635c\" role=\"button\" data-toggle=\"collapse\" data-parent=\"#accordion-176663-1\" data-target=\"#1cde7ebf5f188635c\" href=\"#1cde7ebf5f188635c\"><span class=\"fusion-toggle-icon-wrapper\" aria-hidden=\"true\"><i class=\"fa-fusion-box active-icon awb-icon-minus\" aria-hidden=\"true\"><\/i><i class=\"fa-fusion-box inactive-icon awb-icon-plus\" aria-hidden=\"true\"><\/i><\/span><span class=\"fusion-toggle-heading\">7. Energ\u00eda asequible y no contaminante<\/span><\/a><\/h4><\/div><div id=\"1cde7ebf5f188635c\" class=\"panel-collapse collapse \" aria-labelledby=\"toggle_1cde7ebf5f188635c\"><div class=\"panel-body toggle-content fusion-clearfix\">\n<p>Garantizar el acceso de todas las personas a fuentes de energ\u00eda asequibles, fiables, sostenibles y renovables.<\/p>\n<\/div><\/div><\/div><div class=\"fusion-panel panel-default panel-d677ea4a4913048d0 fusion-toggle-has-divider\" style=\"--awb-title-color:#662483;--awb-content-color:#747474;\"><div class=\"panel-heading\"><h4 class=\"panel-title toggle\" id=\"toggle_d677ea4a4913048d0\"><a aria-expanded=\"false\" aria-controls=\"d677ea4a4913048d0\" role=\"button\" data-toggle=\"collapse\" data-parent=\"#accordion-176663-1\" data-target=\"#d677ea4a4913048d0\" href=\"#d677ea4a4913048d0\"><span class=\"fusion-toggle-icon-wrapper\" aria-hidden=\"true\"><i class=\"fa-fusion-box active-icon awb-icon-minus\" aria-hidden=\"true\"><\/i><i class=\"fa-fusion-box inactive-icon awb-icon-plus\" aria-hidden=\"true\"><\/i><\/span><span class=\"fusion-toggle-heading\">8. Trabajo decente y crecimiento econ\u00f3mico<\/span><\/a><\/h4><\/div><div id=\"d677ea4a4913048d0\" class=\"panel-collapse collapse \" aria-labelledby=\"toggle_d677ea4a4913048d0\"><div class=\"panel-body toggle-content fusion-clearfix\">\n<p>Promover un crecimiento econ\u00f3mico sostenido, inclusivo y sostenible, un empleo pleno y productivo, y un trabajo digno para todas las personas.<\/p>\n<\/div><\/div><\/div><div class=\"fusion-panel panel-default panel-aa4f1e3716d84c233 fusion-toggle-has-divider\" style=\"--awb-title-color:#662483;--awb-content-color:#747474;\"><div class=\"panel-heading\"><h4 class=\"panel-title toggle\" id=\"toggle_aa4f1e3716d84c233\"><a aria-expanded=\"false\" aria-controls=\"aa4f1e3716d84c233\" role=\"button\" data-toggle=\"collapse\" data-parent=\"#accordion-176663-1\" data-target=\"#aa4f1e3716d84c233\" href=\"#aa4f1e3716d84c233\"><span class=\"fusion-toggle-icon-wrapper\" aria-hidden=\"true\"><i class=\"fa-fusion-box active-icon awb-icon-minus\" aria-hidden=\"true\"><\/i><i class=\"fa-fusion-box inactive-icon awb-icon-plus\" aria-hidden=\"true\"><\/i><\/span><span class=\"fusion-toggle-heading\">9. Industria, innovaci\u00f3n e infraestructura<\/span><\/a><\/h4><\/div><div id=\"aa4f1e3716d84c233\" class=\"panel-collapse collapse \" aria-labelledby=\"toggle_aa4f1e3716d84c233\"><div class=\"panel-body toggle-content fusion-clearfix\">\n<p>Construir infraestructuras resistentes, promover una industrializaci\u00f3n inclusiva y sostenible y fomentar la innovaci\u00f3n<\/p>\n<\/div><\/div><\/div><div class=\"fusion-panel panel-default panel-a70eb326af90d9422 fusion-toggle-has-divider\" style=\"--awb-title-color:#662483;--awb-content-color:#747474;\"><div class=\"panel-heading\"><h4 class=\"panel-title toggle\" id=\"toggle_a70eb326af90d9422\"><a aria-expanded=\"false\" aria-controls=\"a70eb326af90d9422\" role=\"button\" data-toggle=\"collapse\" data-parent=\"#accordion-176663-1\" data-target=\"#a70eb326af90d9422\" href=\"#a70eb326af90d9422\"><span class=\"fusion-toggle-icon-wrapper\" aria-hidden=\"true\"><i class=\"fa-fusion-box active-icon awb-icon-minus\" aria-hidden=\"true\"><\/i><i class=\"fa-fusion-box inactive-icon awb-icon-plus\" aria-hidden=\"true\"><\/i><\/span><span class=\"fusion-toggle-heading\">12. Producci\u00f3n y consumo responsables<\/span><\/a><\/h4><\/div><div id=\"a70eb326af90d9422\" class=\"panel-collapse collapse \" aria-labelledby=\"toggle_a70eb326af90d9422\"><div class=\"panel-body toggle-content fusion-clearfix\">\n<p>Garantizar un consumo y patrones de producci\u00f3n sostenible.<\/p>\n<\/div><\/div><\/div><div class=\"fusion-panel panel-default panel-74ef37a03c4ba30fe fusion-toggle-has-divider\" style=\"--awb-title-color:#662483;--awb-content-color:#747474;\"><div class=\"panel-heading\"><h4 class=\"panel-title toggle\" id=\"toggle_74ef37a03c4ba30fe\"><a aria-expanded=\"false\" aria-controls=\"74ef37a03c4ba30fe\" role=\"button\" data-toggle=\"collapse\" data-parent=\"#accordion-176663-1\" data-target=\"#74ef37a03c4ba30fe\" href=\"#74ef37a03c4ba30fe\"><span class=\"fusion-toggle-icon-wrapper\" aria-hidden=\"true\"><i class=\"fa-fusion-box active-icon awb-icon-minus\" aria-hidden=\"true\"><\/i><i class=\"fa-fusion-box inactive-icon awb-icon-plus\" aria-hidden=\"true\"><\/i><\/span><span class=\"fusion-toggle-heading\">13. Acci\u00f3n por el clima<\/span><\/a><\/h4><\/div><div id=\"74ef37a03c4ba30fe\" class=\"panel-collapse collapse \" aria-labelledby=\"toggle_74ef37a03c4ba30fe\"><div class=\"panel-body toggle-content fusion-clearfix\">\n<p>Combatir con urgencia el cambio clim\u00e1tico y sus efectos.<\/p>\n<\/div><\/div><\/div><div class=\"fusion-panel panel-default panel-297f4e068bf4cac5f fusion-toggle-has-divider\" style=\"--awb-title-color:#662483;--awb-content-color:#747474;\"><div class=\"panel-heading\"><h4 class=\"panel-title toggle\" id=\"toggle_297f4e068bf4cac5f\"><a aria-expanded=\"false\" aria-controls=\"297f4e068bf4cac5f\" role=\"button\" data-toggle=\"collapse\" data-parent=\"#accordion-176663-1\" data-target=\"#297f4e068bf4cac5f\" href=\"#297f4e068bf4cac5f\"><span class=\"fusion-toggle-icon-wrapper\" aria-hidden=\"true\"><i class=\"fa-fusion-box active-icon awb-icon-minus\" aria-hidden=\"true\"><\/i><i class=\"fa-fusion-box inactive-icon awb-icon-plus\" aria-hidden=\"true\"><\/i><\/span><span class=\"fusion-toggle-heading\">14. Vida submarina<\/span><\/a><\/h4><\/div><div id=\"297f4e068bf4cac5f\" class=\"panel-collapse collapse \" aria-labelledby=\"toggle_297f4e068bf4cac5f\"><div class=\"panel-body toggle-content fusion-clearfix\">\n<p>Conservar y utilizar de forma sostenible los oc\u00e9anos, mares y recursos marinos para su desarrollo sostenible.<\/p>\n<\/div><\/div><\/div><div class=\"fusion-panel panel-default panel-1ec6fdcfa983d4834 fusion-toggle-has-divider\" style=\"--awb-title-color:#662483;--awb-content-color:#747474;\"><div class=\"panel-heading\"><h4 class=\"panel-title toggle\" id=\"toggle_1ec6fdcfa983d4834\"><a aria-expanded=\"false\" aria-controls=\"1ec6fdcfa983d4834\" role=\"button\" data-toggle=\"collapse\" data-parent=\"#accordion-176663-1\" data-target=\"#1ec6fdcfa983d4834\" href=\"#1ec6fdcfa983d4834\"><span class=\"fusion-toggle-icon-wrapper\" aria-hidden=\"true\"><i class=\"fa-fusion-box active-icon awb-icon-minus\" aria-hidden=\"true\"><\/i><i class=\"fa-fusion-box inactive-icon awb-icon-plus\" aria-hidden=\"true\"><\/i><\/span><span class=\"fusion-toggle-heading\">15. Vida de ecosistemas terrestres<\/span><\/a><\/h4><\/div><div id=\"1ec6fdcfa983d4834\" class=\"panel-collapse collapse \" aria-labelledby=\"toggle_1ec6fdcfa983d4834\"><div class=\"panel-body toggle-content fusion-clearfix\">\n<p>Proteger, restaurar y promover el uso sostenible de los ecosistemas terrestres, gestionar los bosques de forma sostenible, combatir la desertificaci\u00f3n, detener y revertir la degradaci\u00f3n de la tierra y detener la p\u00e9rdida de la biodiversidad.<\/p>\n<\/div><\/div><\/div><div class=\"fusion-panel panel-default panel-f5289d2bb4629fc1f fusion-toggle-has-divider\" style=\"--awb-title-color:#662483;--awb-content-color:#747474;\"><div class=\"panel-heading\"><h4 class=\"panel-title toggle\" id=\"toggle_f5289d2bb4629fc1f\"><a aria-expanded=\"false\" aria-controls=\"f5289d2bb4629fc1f\" role=\"button\" data-toggle=\"collapse\" data-parent=\"#accordion-176663-1\" data-target=\"#f5289d2bb4629fc1f\" href=\"#f5289d2bb4629fc1f\"><span class=\"fusion-toggle-icon-wrapper\" aria-hidden=\"true\"><i class=\"fa-fusion-box active-icon awb-icon-minus\" aria-hidden=\"true\"><\/i><i class=\"fa-fusion-box inactive-icon awb-icon-plus\" aria-hidden=\"true\"><\/i><\/span><span class=\"fusion-toggle-heading\">16. Paz, justicia e instituciones s\u00f3lidas<\/span><\/a><\/h4><\/div><div id=\"f5289d2bb4629fc1f\" class=\"panel-collapse collapse \" aria-labelledby=\"toggle_f5289d2bb4629fc1f\"><div class=\"panel-body toggle-content fusion-clearfix\">\n<p>Promover sociedades pac\u00edficas e inclusivas para conseguir un desarrollo sostenible, proporcionar a todas las personas acceso a la justicia y desarrollar instituciones eficaces, responsables e inclusivas en todos los niveles.<\/p>\n<\/div><\/div><\/div><div class=\"fusion-panel panel-default panel-742206a4c4769599b fusion-toggle-has-divider\" style=\"--awb-title-color:#662483;--awb-content-color:#747474;\"><div class=\"panel-heading\"><h4 class=\"panel-title toggle\" id=\"toggle_742206a4c4769599b\"><a aria-expanded=\"false\" aria-controls=\"742206a4c4769599b\" role=\"button\" data-toggle=\"collapse\" data-parent=\"#accordion-176663-1\" data-target=\"#742206a4c4769599b\" href=\"#742206a4c4769599b\"><span class=\"fusion-toggle-icon-wrapper\" aria-hidden=\"true\"><i class=\"fa-fusion-box active-icon awb-icon-minus\" aria-hidden=\"true\"><\/i><i class=\"fa-fusion-box inactive-icon awb-icon-plus\" aria-hidden=\"true\"><\/i><\/span><span class=\"fusion-toggle-heading\">17. Alianzas para lograr los objetivos<\/span><\/a><\/h4><\/div><div id=\"742206a4c4769599b\" class=\"panel-collapse collapse \" aria-labelledby=\"toggle_742206a4c4769599b\"><div class=\"panel-body toggle-content fusion-clearfix\">\n<p>Fortalecer los medios para implementar y revitalizar a las asociaciones mundiales para un desarrollo sostenible.<\/p>\n<\/div><\/div><\/div><\/div><\/div><div class=\"fusion-sep-clear\"><\/div><div class=\"fusion-separator fusion-full-width-sep\" style=\"margin-left: auto;margin-right: auto;margin-top:0px;margin-bottom:10px;width:100%;\"><div class=\"fusion-separator-border sep-single sep-solid\" style=\"--awb-height:20px;--awb-amount:20px;border-color:#e0dede;border-top-width:1px;\"><\/div><\/div><div class=\"fusion-sep-clear\"><\/div><div class=\"fusion-sep-clear\"><\/div><div class=\"fusion-separator fusion-full-width-sep\" style=\"margin-left: auto;margin-right: auto;margin-top:10px;margin-bottom:10px;width:100%;\"><\/div><div class=\"fusion-sep-clear\"><\/div><div class=\"fusion-image-element fusion-image-align-center in-legacy-container\" style=\"text-align:center;--awb-caption-title-font-family:var(--h2_typography-font-family);--awb-caption-title-font-weight:var(--h2_typography-font-weight);--awb-caption-title-font-style:var(--h2_typography-font-style);--awb-caption-title-size:var(--h2_typography-font-size);--awb-caption-title-transform:var(--h2_typography-text-transform);--awb-caption-title-line-height:var(--h2_typography-line-height);--awb-caption-title-letter-spacing:var(--h2_typography-letter-spacing);\"><div class=\"imageframe-align-center\"><span class=\" fusion-imageframe imageframe-none imageframe-2 hover-type-none\"><img decoding=\"async\" width=\"400\" height=\"75\" src=\"https:\/\/eurecat.org\/wp-content\/uploads\/2025\/04\/Funding-Local-Products-Hub-400x75.png\" alt class=\"img-responsive wp-image-176685\" srcset=\"https:\/\/eurecat.org\/wp-content\/uploads\/2025\/04\/Funding-Local-Products-Hub-200x38.png 200w, https:\/\/eurecat.org\/wp-content\/uploads\/2025\/04\/Funding-Local-Products-Hub-400x75.png 400w, https:\/\/eurecat.org\/wp-content\/uploads\/2025\/04\/Funding-Local-Products-Hub-600x113.png 600w, https:\/\/eurecat.org\/wp-content\/uploads\/2025\/04\/Funding-Local-Products-Hub-800x151.png 800w, https:\/\/eurecat.org\/wp-content\/uploads\/2025\/04\/Funding-Local-Products-Hub-1200x226.png 1200w, https:\/\/eurecat.org\/wp-content\/uploads\/2025\/04\/Funding-Local-Products-Hub.png 1328w\" sizes=\"(max-width: 800px) 100vw, 600px\" \/><\/span><\/div><\/div><div class=\"fusion-clearfix\"><\/div><\/div><\/div><\/div><\/div>\n","protected":false},"excerpt":{"rendered":"","protected":false},"author":33,"featured_media":176688,"menu_order":0,"comment_status":"closed","ping_status":"closed","template":"","format":"standard","meta":{"footnotes":""},"portfolio_category":[1551,1565,1562,1435],"portfolio_skills":[2837],"portfolio_tags":[],"class_list":["post-176663","avada_portfolio","type-avada_portfolio","status-publish","format-standard","has-post-thumbnail","hentry","portfolio_category-advanced-manufacturing-systems","portfolio_category-formacion","portfolio_category-nutricion-y-salud","portfolio_category-proyectos-nacionales-es","portfolio_skills-generalitat-de-catalunya-2"],"yoast_head":"<!-- This site is optimized with the Yoast SEO plugin v27.5 - https:\/\/yoast.com\/product\/yoast-seo-wordpress\/ -->\n<title>Local Products Hub - Eurecat<\/title>\n<meta name=\"description\" content=\"Local Products Hub apoya a las personas emprendedoras mediante formaci\u00f3n y mentor\u00eda especializada para impulsar la creaci\u00f3n y el crecimiento de empresas basadas en la innovaci\u00f3n, la tecnolog\u00eda y nuevos modelos de negocio en el \u00e1mbito agroalimentario.\" \/>\n<meta name=\"robots\" content=\"index, follow, max-snippet:-1, max-image-preview:large, max-video-preview:-1\" \/>\n<link rel=\"canonical\" href=\"https:\/\/eurecat.org\/es\/portfolio-items\/local-products-hub\/\" \/>\n<meta property=\"og:locale\" content=\"es_ES\" \/>\n<meta property=\"og:type\" content=\"article\" \/>\n<meta property=\"og:title\" content=\"Local Products Hub - Eurecat\" \/>\n<meta property=\"og:description\" content=\"Local Products Hub apoya a las personas emprendedoras mediante formaci\u00f3n y mentor\u00eda especializada para impulsar la creaci\u00f3n y el crecimiento de empresas basadas en la innovaci\u00f3n, la tecnolog\u00eda y nuevos modelos de negocio en el \u00e1mbito agroalimentario.\" \/>\n<meta property=\"og:url\" content=\"https:\/\/eurecat.org\/es\/portfolio-items\/local-products-hub\/\" \/>\n<meta property=\"og:site_name\" content=\"Eurecat\" \/>\n<meta property=\"article:modified_time\" content=\"2025-04-09T09:32:02+00:00\" \/>\n<meta property=\"og:image\" content=\"https:\/\/eurecat.org\/wp-content\/uploads\/2025\/04\/Local-Products-Hub_520x272.png\" \/>\n\t<meta property=\"og:image:width\" content=\"520\" \/>\n\t<meta property=\"og:image:height\" content=\"272\" \/>\n\t<meta property=\"og:image:type\" content=\"image\/png\" \/>\n<meta name=\"twitter:card\" content=\"summary_large_image\" \/>\n<meta name=\"twitter:label1\" content=\"Tiempo de lectura\" \/>\n\t<meta name=\"twitter:data1\" content=\"4 minutos\" \/>\n<script type=\"application\/ld+json\" class=\"yoast-schema-graph\">{\"@context\":\"https:\\\/\\\/schema.org\",\"@graph\":[{\"@type\":\"WebPage\",\"@id\":\"https:\\\/\\\/eurecat.org\\\/es\\\/portfolio-items\\\/local-products-hub\\\/\",\"url\":\"https:\\\/\\\/eurecat.org\\\/es\\\/portfolio-items\\\/local-products-hub\\\/\",\"name\":\"Local Products Hub - Eurecat\",\"isPartOf\":{\"@id\":\"https:\\\/\\\/eurecat.org\\\/es\\\/#website\"},\"primaryImageOfPage\":{\"@id\":\"https:\\\/\\\/eurecat.org\\\/es\\\/portfolio-items\\\/local-products-hub\\\/#primaryimage\"},\"image\":{\"@id\":\"https:\\\/\\\/eurecat.org\\\/es\\\/portfolio-items\\\/local-products-hub\\\/#primaryimage\"},\"thumbnailUrl\":\"https:\\\/\\\/eurecat.org\\\/wp-content\\\/uploads\\\/2025\\\/04\\\/Local-Products-Hub_520x272.png\",\"datePublished\":\"2025-04-09T09:31:02+00:00\",\"dateModified\":\"2025-04-09T09:32:02+00:00\",\"description\":\"Local Products Hub apoya a las personas emprendedoras mediante formaci\u00f3n y mentor\u00eda especializada para impulsar la creaci\u00f3n y el crecimiento de empresas basadas en la innovaci\u00f3n, la tecnolog\u00eda y nuevos modelos de negocio en el \u00e1mbito agroalimentario.\",\"breadcrumb\":{\"@id\":\"https:\\\/\\\/eurecat.org\\\/es\\\/portfolio-items\\\/local-products-hub\\\/#breadcrumb\"},\"inLanguage\":\"es\",\"potentialAction\":[{\"@type\":\"ReadAction\",\"target\":[\"https:\\\/\\\/eurecat.org\\\/es\\\/portfolio-items\\\/local-products-hub\\\/\"]}]},{\"@type\":\"ImageObject\",\"inLanguage\":\"es\",\"@id\":\"https:\\\/\\\/eurecat.org\\\/es\\\/portfolio-items\\\/local-products-hub\\\/#primaryimage\",\"url\":\"https:\\\/\\\/eurecat.org\\\/wp-content\\\/uploads\\\/2025\\\/04\\\/Local-Products-Hub_520x272.png\",\"contentUrl\":\"https:\\\/\\\/eurecat.org\\\/wp-content\\\/uploads\\\/2025\\\/04\\\/Local-Products-Hub_520x272.png\",\"width\":520,\"height\":272,\"caption\":\"LOCAL PRODUCTS HUB EURECAT\"},{\"@type\":\"BreadcrumbList\",\"@id\":\"https:\\\/\\\/eurecat.org\\\/es\\\/portfolio-items\\\/local-products-hub\\\/#breadcrumb\",\"itemListElement\":[{\"@type\":\"ListItem\",\"position\":1,\"name\":\"Inici\",\"item\":\"https:\\\/\\\/eurecat.org\\\/es\\\/\"},{\"@type\":\"ListItem\",\"position\":2,\"name\":\"Proyectos\",\"item\":\"https:\\\/\\\/eurecat.org\\\/es\\\/portfolio-items\\\/\"},{\"@type\":\"ListItem\",\"position\":3,\"name\":\"Local Products Hub\"}]},{\"@type\":\"WebSite\",\"@id\":\"https:\\\/\\\/eurecat.org\\\/es\\\/#website\",\"url\":\"https:\\\/\\\/eurecat.org\\\/es\\\/\",\"name\":\"Eurecat\",\"description\":\"Otro sitio realizado con WordPress\",\"potentialAction\":[{\"@type\":\"SearchAction\",\"target\":{\"@type\":\"EntryPoint\",\"urlTemplate\":\"https:\\\/\\\/eurecat.org\\\/es\\\/?s={search_term_string}\"},\"query-input\":{\"@type\":\"PropertyValueSpecification\",\"valueRequired\":true,\"valueName\":\"search_term_string\"}}],\"inLanguage\":\"es\"}]}<\/script>\n<!-- \/ Yoast SEO plugin. -->","yoast_head_json":{"title":"Local Products Hub - Eurecat","description":"Local Products Hub apoya a las personas emprendedoras mediante formaci\u00f3n y mentor\u00eda especializada para impulsar la creaci\u00f3n y el crecimiento de empresas basadas en la innovaci\u00f3n, la tecnolog\u00eda y nuevos modelos de negocio en el \u00e1mbito agroalimentario.","robots":{"index":"index","follow":"follow","max-snippet":"max-snippet:-1","max-image-preview":"max-image-preview:large","max-video-preview":"max-video-preview:-1"},"canonical":"https:\/\/eurecat.org\/es\/portfolio-items\/local-products-hub\/","og_locale":"es_ES","og_type":"article","og_title":"Local Products Hub - Eurecat","og_description":"Local Products Hub apoya a las personas emprendedoras mediante formaci\u00f3n y mentor\u00eda especializada para impulsar la creaci\u00f3n y el crecimiento de empresas basadas en la innovaci\u00f3n, la tecnolog\u00eda y nuevos modelos de negocio en el \u00e1mbito agroalimentario.","og_url":"https:\/\/eurecat.org\/es\/portfolio-items\/local-products-hub\/","og_site_name":"Eurecat","article_modified_time":"2025-04-09T09:32:02+00:00","og_image":[{"width":520,"height":272,"url":"https:\/\/eurecat.org\/wp-content\/uploads\/2025\/04\/Local-Products-Hub_520x272.png","type":"image\/png"}],"twitter_card":"summary_large_image","twitter_misc":{"Tiempo de lectura":"4 minutos"},"schema":{"@context":"https:\/\/schema.org","@graph":[{"@type":"WebPage","@id":"https:\/\/eurecat.org\/es\/portfolio-items\/local-products-hub\/","url":"https:\/\/eurecat.org\/es\/portfolio-items\/local-products-hub\/","name":"Local Products Hub - Eurecat","isPartOf":{"@id":"https:\/\/eurecat.org\/es\/#website"},"primaryImageOfPage":{"@id":"https:\/\/eurecat.org\/es\/portfolio-items\/local-products-hub\/#primaryimage"},"image":{"@id":"https:\/\/eurecat.org\/es\/portfolio-items\/local-products-hub\/#primaryimage"},"thumbnailUrl":"https:\/\/eurecat.org\/wp-content\/uploads\/2025\/04\/Local-Products-Hub_520x272.png","datePublished":"2025-04-09T09:31:02+00:00","dateModified":"2025-04-09T09:32:02+00:00","description":"Local Products Hub apoya a las personas emprendedoras mediante formaci\u00f3n y mentor\u00eda especializada para impulsar la creaci\u00f3n y el crecimiento de empresas basadas en la innovaci\u00f3n, la tecnolog\u00eda y nuevos modelos de negocio en el \u00e1mbito agroalimentario.","breadcrumb":{"@id":"https:\/\/eurecat.org\/es\/portfolio-items\/local-products-hub\/#breadcrumb"},"inLanguage":"es","potentialAction":[{"@type":"ReadAction","target":["https:\/\/eurecat.org\/es\/portfolio-items\/local-products-hub\/"]}]},{"@type":"ImageObject","inLanguage":"es","@id":"https:\/\/eurecat.org\/es\/portfolio-items\/local-products-hub\/#primaryimage","url":"https:\/\/eurecat.org\/wp-content\/uploads\/2025\/04\/Local-Products-Hub_520x272.png","contentUrl":"https:\/\/eurecat.org\/wp-content\/uploads\/2025\/04\/Local-Products-Hub_520x272.png","width":520,"height":272,"caption":"LOCAL PRODUCTS HUB EURECAT"},{"@type":"BreadcrumbList","@id":"https:\/\/eurecat.org\/es\/portfolio-items\/local-products-hub\/#breadcrumb","itemListElement":[{"@type":"ListItem","position":1,"name":"Inici","item":"https:\/\/eurecat.org\/es\/"},{"@type":"ListItem","position":2,"name":"Proyectos","item":"https:\/\/eurecat.org\/es\/portfolio-items\/"},{"@type":"ListItem","position":3,"name":"Local Products Hub"}]},{"@type":"WebSite","@id":"https:\/\/eurecat.org\/es\/#website","url":"https:\/\/eurecat.org\/es\/","name":"Eurecat","description":"Otro sitio realizado con WordPress","potentialAction":[{"@type":"SearchAction","target":{"@type":"EntryPoint","urlTemplate":"https:\/\/eurecat.org\/es\/?s={search_term_string}"},"query-input":{"@type":"PropertyValueSpecification","valueRequired":true,"valueName":"search_term_string"}}],"inLanguage":"es"}]}},"_links":{"self":[{"href":"https:\/\/eurecat.org\/es\/wp-json\/wp\/v2\/avada_portfolio\/176663","targetHints":{"allow":["GET"]}}],"collection":[{"href":"https:\/\/eurecat.org\/es\/wp-json\/wp\/v2\/avada_portfolio"}],"about":[{"href":"https:\/\/eurecat.org\/es\/wp-json\/wp\/v2\/types\/avada_portfolio"}],"author":[{"embeddable":true,"href":"https:\/\/eurecat.org\/es\/wp-json\/wp\/v2\/users\/33"}],"replies":[{"embeddable":true,"href":"https:\/\/eurecat.org\/es\/wp-json\/wp\/v2\/comments?post=176663"}],"version-history":[{"count":1,"href":"https:\/\/eurecat.org\/es\/wp-json\/wp\/v2\/avada_portfolio\/176663\/revisions"}],"predecessor-version":[{"id":176691,"href":"https:\/\/eurecat.org\/es\/wp-json\/wp\/v2\/avada_portfolio\/176663\/revisions\/176691"}],"wp:featuredmedia":[{"embeddable":true,"href":"https:\/\/eurecat.org\/es\/wp-json\/wp\/v2\/media\/176688"}],"wp:attachment":[{"href":"https:\/\/eurecat.org\/es\/wp-json\/wp\/v2\/media?parent=176663"}],"wp:term":[{"taxonomy":"portfolio_category","embeddable":true,"href":"https:\/\/eurecat.org\/es\/wp-json\/wp\/v2\/portfolio_category?post=176663"},{"taxonomy":"portfolio_skills","embeddable":true,"href":"https:\/\/eurecat.org\/es\/wp-json\/wp\/v2\/portfolio_skills?post=176663"},{"taxonomy":"portfolio_tags","embeddable":true,"href":"https:\/\/eurecat.org\/es\/wp-json\/wp\/v2\/portfolio_tags?post=176663"}],"curies":[{"name":"wp","href":"https:\/\/api.w.org\/{rel}","templated":true}]}}