{"id":177677,"date":"2025-04-17T11:04:44","date_gmt":"2025-04-17T09:04:44","guid":{"rendered":"https:\/\/eurecat.org\/?post_type=avada_portfolio&#038;p=177677"},"modified":"2025-04-17T11:05:23","modified_gmt":"2025-04-17T09:05:23","slug":"manufow","status":"publish","type":"avada_portfolio","link":"https:\/\/eurecat.org\/es\/portfolio-items\/manufow\/","title":{"rendered":"ManuFoW"},"content":{"rendered":"<div class=\"fusion-fullwidth fullwidth-box fusion-builder-row-1 hundred-percent-fullwidth non-hundred-percent-height-scrolling\" style=\"--awb-border-radius-top-left:0px;--awb-border-radius-top-right:0px;--awb-border-radius-bottom-right:0px;--awb-border-radius-bottom-left:0px;--awb-overflow:visible;--awb-flex-wrap:wrap;\" ><div class=\"fusion-builder-row fusion-row\"><div class=\"fusion-layout-column fusion_builder_column fusion-builder-column-0 fusion_builder_column_2_3 2_3 fusion-two-third fusion-column-first\" style=\"--awb-bg-size:cover;width:65.3333%; margin-right: 4%;\"><div class=\"fusion-column-wrapper fusion-flex-column-wrapper-legacy\"><div class=\"fusion-text fusion-text-1\" style=\"--awb-text-transform:none;\"><p><img decoding=\"async\" class=\"alignnone size-full wp-image-177684\" src=\"https:\/\/eurecat.org\/wp-content\/uploads\/2025\/04\/ManuFoW_850x447.png\" alt=\"MANUFOW EURECAT\" width=\"850\" height=\"447\" srcset=\"https:\/\/eurecat.org\/wp-content\/uploads\/2025\/04\/ManuFoW_850x447-200x105.png 200w, https:\/\/eurecat.org\/wp-content\/uploads\/2025\/04\/ManuFoW_850x447-300x158.png 300w, https:\/\/eurecat.org\/wp-content\/uploads\/2025\/04\/ManuFoW_850x447-400x210.png 400w, https:\/\/eurecat.org\/wp-content\/uploads\/2025\/04\/ManuFoW_850x447-600x316.png 600w, https:\/\/eurecat.org\/wp-content\/uploads\/2025\/04\/ManuFoW_850x447-768x404.png 768w, https:\/\/eurecat.org\/wp-content\/uploads\/2025\/04\/ManuFoW_850x447-800x421.png 800w, https:\/\/eurecat.org\/wp-content\/uploads\/2025\/04\/ManuFoW_850x447.png 850w\" sizes=\"(max-width: 850px) 100vw, 850px\" \/><\/p>\n<\/div><div class=\"fusion-sep-clear\"><\/div><div class=\"fusion-separator fusion-full-width-sep\" style=\"margin-left: auto;margin-right: auto;width:100%;\"><\/div><div class=\"fusion-sep-clear\"><\/div><div class=\"fusion-sep-clear\"><\/div><div class=\"fusion-separator fusion-full-width-sep\" style=\"margin-left: auto;margin-right: auto;margin-top:0px;margin-bottom:10px;width:100%;\"><div class=\"fusion-separator-border sep-double sep-solid\" style=\"--awb-height:20px;--awb-amount:20px;border-color:#e0dede;border-top-width:1px;border-bottom-width:1px;\"><\/div><\/div><div class=\"fusion-sep-clear\"><\/div><div class=\"fusion-text fusion-text-2\" style=\"--awb-text-transform:none;\"><p><strong>Capacidades digitales e igualdad de g\u00e9nero en el futuro del trabajo en la manufactura.<\/strong><\/p>\n<p><strong>ManuFoW<\/strong> impulsa la mejora de las competencias de la fuerza laboral y la adaptabilidad de las empresas manufactureras para <strong>afrontar la transformaci\u00f3n digital con una perspectiva de igualdad de g\u00e9nero<\/strong>.<\/p>\n<p>Con el objetivo de cerrar la brecha de competencias y de g\u00e9nero en el contexto de la Industria 4.0, el proyecto desarrolla e implementa <strong>programas de formaci\u00f3n innovadores para empleados actuales y futuros, as\u00ed como para directivos, en seis dominios tecnol\u00f3gicos clave<\/strong>: anal\u00edtica de datos e inteligencia artificial, sistemas rob\u00f3ticos y automatizaci\u00f3n, IoT y tecnolog\u00edas de sensores, computaci\u00f3n en la nube y big data, ciberseguridad y CAD-CAM y fabricaci\u00f3n aditiva.<\/p>\n<p>El proyecto ofrece m\u00f3dulos formativos en tres niveles \u2014digitalizaci\u00f3n b\u00e1sica, competencias para la Industria 4.0 y competencias avanzadas\u2014 con el objetivo de capacitar a 800 trabajadores en conocimientos esenciales, 600 en habilidades para la Industria 4.0 y 150 en \u00e1reas m\u00e1s especializadas. Paralelamente, 180 directivos de 60 empresas reciben formaci\u00f3n para adaptar sus organizaciones a los nuevos retos tecnol\u00f3gicos, integrando la igualdad de g\u00e9nero como eje transversal.<\/p>\n<p>Para reforzar el impacto del proyecto, ManuFoW promueve espacios de di\u00e1logo y colaboraci\u00f3n entre los actores del ecosistema industrial, facilitando la transferencia de conocimiento y la sensibilizaci\u00f3n sobre la brecha existente en habilidades y g\u00e9nero.<\/p>\n<p>Una de las actividades clave del proyecto es la realizaci\u00f3n de una investigaci\u00f3n de base y un an\u00e1lisis de necesidades sobre el estado de la transformaci\u00f3n digital en el sector manufacturero y las pol\u00edticas relacionadas tanto en Turqu\u00eda como en la Uni\u00f3n Europea. A partir de este an\u00e1lisis, se define una hoja de ruta para la transformaci\u00f3n digital en la manufactura turca.<\/p>\n<p>Los resultados y conocimientos generados se difunden a trav\u00e9s de talleres y una conferencia internacional, contribuyendo a posicionar la igualdad y la digitalizaci\u00f3n como prioridades estrat\u00e9gicas en el futuro del trabajo.<\/p>\n<p>Eurecat participa en ManuFoW como co-solicitante a trav\u00e9s de su Departamento de <a href=\"https:\/\/eurecat.org\/es\/servicios\/capacitacion-profesional\/\">Formaci\u00f3n<\/a>, aportando su experiencia en I+D aplicada, servicios tecnol\u00f3gicos, desarrollo de contenidos formativos y consultor\u00eda. El proyecto est\u00e1 coordinado por la <a href=\"https:\/\/www.iso.org.tr\/Home\/\" target=\"_blank\" rel=\"noopener\">C\u00e1mara de Industria de Estambul (ICI)<\/a>.<\/p>\n<\/div><div class=\"fusion-clearfix\"><\/div><\/div><\/div><div class=\"fusion-layout-column fusion_builder_column fusion-builder-column-1 fusion_builder_column_1_3 1_3 fusion-one-third fusion-column-last\" style=\"--awb-bg-size:cover;width:30.6666%;\"><div class=\"fusion-column-wrapper fusion-flex-column-wrapper-legacy\"><div class=\"fusion-image-element fusion-image-align-center in-legacy-container\" style=\"text-align:center;--awb-caption-title-font-family:var(--h2_typography-font-family);--awb-caption-title-font-weight:var(--h2_typography-font-weight);--awb-caption-title-font-style:var(--h2_typography-font-style);--awb-caption-title-size:var(--h2_typography-font-size);--awb-caption-title-transform:var(--h2_typography-text-transform);--awb-caption-title-line-height:var(--h2_typography-line-height);--awb-caption-title-letter-spacing:var(--h2_typography-letter-spacing);\"><div class=\"imageframe-align-center\"><span class=\" fusion-imageframe imageframe-none imageframe-1 hover-type-none\"><img decoding=\"async\" width=\"358\" height=\"159\" alt=\"LOGO MANUFOW EURECAT\" src=\"https:\/\/eurecat.org\/wp-content\/uploads\/2025\/04\/Logo-ManuFoW.png\" class=\"img-responsive wp-image-177688\" srcset=\"https:\/\/eurecat.org\/wp-content\/uploads\/2025\/04\/Logo-ManuFoW-200x89.png 200w, https:\/\/eurecat.org\/wp-content\/uploads\/2025\/04\/Logo-ManuFoW.png 358w\" sizes=\"(max-width: 800px) 100vw, 358px\" \/><\/span><\/div><\/div><div class=\"fusion-title title fusion-title-1 fusion-title-text fusion-title-size-three\" style=\"--awb-margin-top-small:0px;--awb-margin-right-small:0px;--awb-margin-bottom-small:20px;--awb-margin-left-small:0px;\"><h3 class=\"fusion-title-heading title-heading-left\" style=\"margin:0;\">Datos generales<\/h3><span class=\"awb-title-spacer\"><\/span><div class=\"title-sep-container\"><div class=\"title-sep sep-double sep-solid\" style=\"border-color:#e0dede;\"><\/div><\/div><\/div><div class=\"fusion-text fusion-text-3\" style=\"--awb-text-transform:none;\"><p><strong>Proyecto<\/strong><\/p>\n<p>ManuFoW \u2013 El futuro del trabajo en la industria manufacturera: cerrando la brecha de habilidades y de g\u00e9nero<\/p>\n<\/div><div class=\"fusion-sep-clear\"><\/div><div class=\"fusion-separator fusion-full-width-sep\" style=\"margin-left: auto;margin-right: auto;margin-top:0px;margin-bottom:10px;width:100%;\"><div class=\"fusion-separator-border sep-single sep-solid\" style=\"--awb-height:20px;--awb-amount:20px;border-color:#e0dede;border-top-width:1px;\"><\/div><\/div><div class=\"fusion-sep-clear\"><\/div><div class=\"fusion-text fusion-text-4\" style=\"--awb-text-transform:none;\"><p><strong>Referencia del proyecto<\/strong><\/p>\n<p>TREESP.1.3.FoW\/P-03\/362<\/p>\n<\/div><div class=\"fusion-sep-clear\"><\/div><div class=\"fusion-separator fusion-full-width-sep\" style=\"margin-left: auto;margin-right: auto;margin-top:0px;margin-bottom:10px;width:100%;\"><div class=\"fusion-separator-border sep-single sep-solid\" style=\"--awb-height:20px;--awb-amount:20px;border-color:#e0dede;border-top-width:1px;\"><\/div><\/div><div class=\"fusion-sep-clear\"><\/div><div class=\"fusion-text fusion-text-5\" style=\"--awb-text-transform:none;\"><p><strong>Programa y convocatoria<\/strong><\/p>\n<p>Proyecto financiado por la Uni\u00f3n Europea y por la Rep\u00fablica de Turqu\u00eda a trav\u00e9s de la convocatoria EuropeAid\/167108\/ID\/ACT\/TR<\/p>\n<\/div><div class=\"fusion-sep-clear\"><\/div><div class=\"fusion-separator fusion-full-width-sep\" style=\"margin-left: auto;margin-right: auto;margin-top:0px;margin-bottom:10px;width:100%;\"><div class=\"fusion-separator-border sep-single sep-solid\" style=\"--awb-height:20px;--awb-amount:20px;border-color:#e0dede;border-top-width:1px;\"><\/div><\/div><div class=\"fusion-sep-clear\"><\/div><div class=\"fusion-text fusion-text-6\" style=\"--awb-text-transform:none;\"><p><strong>ODS relacionados<\/strong><\/p>\n<div id=\"gtx-trans\" style=\"position: absolute; left: -180px; top: 78.3333px;\">\n<div class=\"gtx-trans-icon\"><\/div>\n<\/div>\n<\/div><div class=\"accordian fusion-accordian\" style=\"--awb-border-size:1px;--awb-icon-size:13px;--awb-content-font-size:14px;--awb-icon-alignment:left;--awb-hover-color:#f9f9f9;--awb-border-color:#cccccc;--awb-background-color:#ffffff;--awb-divider-color:#e0dede;--awb-divider-hover-color:#e0dede;--awb-icon-color:#ffffff;--awb-title-color:#662483;--awb-content-color:#747474;--awb-icon-box-color:#333333;--awb-toggle-hover-accent-color:#642c81;--awb-title-font-family:&quot;Open Sans&quot;;--awb-title-font-weight:400;--awb-title-font-style:normal;--awb-title-font-size:13px;--awb-title-line-height:1.54;--awb-content-font-family:&quot;Open Sans&quot;;--awb-content-font-style:normal;--awb-content-font-weight:400;\"><div class=\"panel-group fusion-toggle-icon-boxed\" id=\"accordion-177677-1\"><div class=\"fusion-panel panel-default panel-939c8385e4e152150 fusion-toggle-has-divider\" style=\"--awb-title-color:#662483;--awb-content-color:#747474;\"><div class=\"panel-heading\"><h4 class=\"panel-title toggle\" id=\"toggle_939c8385e4e152150\"><a aria-expanded=\"false\" aria-controls=\"939c8385e4e152150\" role=\"button\" data-toggle=\"collapse\" data-parent=\"#accordion-177677-1\" data-target=\"#939c8385e4e152150\" href=\"#939c8385e4e152150\"><span class=\"fusion-toggle-icon-wrapper\" aria-hidden=\"true\"><i class=\"fa-fusion-box active-icon awb-icon-minus\" aria-hidden=\"true\"><\/i><i class=\"fa-fusion-box inactive-icon awb-icon-plus\" aria-hidden=\"true\"><\/i><\/span><span class=\"fusion-toggle-heading\">1. Fin de la pobreza<\/span><\/a><\/h4><\/div><div id=\"939c8385e4e152150\" class=\"panel-collapse collapse \" aria-labelledby=\"toggle_939c8385e4e152150\"><div class=\"panel-body toggle-content fusion-clearfix\">\n<p>Mejora de las habilidades de la fuerza laboral, aumentando las oportunidades de empleo y reduciendo la pobreza a largo plazo.<\/p>\n<\/div><\/div><\/div><div class=\"fusion-panel panel-default panel-191a25eb898915adf fusion-toggle-has-divider\" style=\"--awb-title-color:#662483;--awb-content-color:#747474;\"><div class=\"panel-heading\"><h4 class=\"panel-title toggle\" id=\"toggle_191a25eb898915adf\"><a aria-expanded=\"false\" aria-controls=\"191a25eb898915adf\" role=\"button\" data-toggle=\"collapse\" data-parent=\"#accordion-177677-1\" data-target=\"#191a25eb898915adf\" href=\"#191a25eb898915adf\"><span class=\"fusion-toggle-icon-wrapper\" aria-hidden=\"true\"><i class=\"fa-fusion-box active-icon awb-icon-minus\" aria-hidden=\"true\"><\/i><i class=\"fa-fusion-box inactive-icon awb-icon-plus\" aria-hidden=\"true\"><\/i><\/span><span class=\"fusion-toggle-heading\">2. Hambre cero<\/span><\/a><\/h4><\/div><div id=\"191a25eb898915adf\" class=\"panel-collapse collapse \" aria-labelledby=\"toggle_191a25eb898915adf\"><div class=\"panel-body toggle-content fusion-clearfix\">\n<p>Indirectamente, al mejorar las habilidades y la empleabilidad, el proyecto contribuye a la seguridad alimentaria de las familias.<\/p>\n<\/div><\/div><\/div><div class=\"fusion-panel panel-default panel-dd54ff046f30adfe4 fusion-toggle-has-divider\" style=\"--awb-title-color:#662483;--awb-content-color:#747474;\"><div class=\"panel-heading\"><h4 class=\"panel-title toggle\" id=\"toggle_dd54ff046f30adfe4\"><a aria-expanded=\"false\" aria-controls=\"dd54ff046f30adfe4\" role=\"button\" data-toggle=\"collapse\" data-parent=\"#accordion-177677-1\" data-target=\"#dd54ff046f30adfe4\" href=\"#dd54ff046f30adfe4\"><span class=\"fusion-toggle-icon-wrapper\" aria-hidden=\"true\"><i class=\"fa-fusion-box active-icon awb-icon-minus\" aria-hidden=\"true\"><\/i><i class=\"fa-fusion-box inactive-icon awb-icon-plus\" aria-hidden=\"true\"><\/i><\/span><span class=\"fusion-toggle-heading\">3. Salud y bienestar<\/span><\/a><\/h4><\/div><div id=\"dd54ff046f30adfe4\" class=\"panel-collapse collapse \" aria-labelledby=\"toggle_dd54ff046f30adfe4\"><div class=\"panel-body toggle-content fusion-clearfix\">\n<p>Al promover un entorno de trabajo decente y seguro, el proyecto mejora el bienestar de los trabajadores.<\/p>\n<\/div><\/div><\/div><div class=\"fusion-panel panel-default panel-53dcb5b851d49d52f fusion-toggle-has-divider\" style=\"--awb-title-color:#662483;--awb-content-color:#747474;\"><div class=\"panel-heading\"><h4 class=\"panel-title toggle\" id=\"toggle_53dcb5b851d49d52f\"><a aria-expanded=\"false\" aria-controls=\"53dcb5b851d49d52f\" role=\"button\" data-toggle=\"collapse\" data-parent=\"#accordion-177677-1\" data-target=\"#53dcb5b851d49d52f\" href=\"#53dcb5b851d49d52f\"><span class=\"fusion-toggle-icon-wrapper\" aria-hidden=\"true\"><i class=\"fa-fusion-box active-icon awb-icon-minus\" aria-hidden=\"true\"><\/i><i class=\"fa-fusion-box inactive-icon awb-icon-plus\" aria-hidden=\"true\"><\/i><\/span><span class=\"fusion-toggle-heading\">4. Educaci\u00f3n de calidad<\/span><\/a><\/h4><\/div><div id=\"53dcb5b851d49d52f\" class=\"panel-collapse collapse \" aria-labelledby=\"toggle_53dcb5b851d49d52f\"><div class=\"panel-body toggle-content fusion-clearfix\">\n<p>El proyecto proporciona formaci\u00f3n de calidad en habilidades digitales y tecnol\u00f3gicas, mejorando la educaci\u00f3n continua de los trabajadores.<\/p>\n<\/div><\/div><\/div><div class=\"fusion-panel panel-default panel-81c50e1ab9c7f56fa fusion-toggle-has-divider\" style=\"--awb-title-color:#662483;--awb-content-color:#747474;\"><div class=\"panel-heading\"><h4 class=\"panel-title toggle\" id=\"toggle_81c50e1ab9c7f56fa\"><a aria-expanded=\"false\" aria-controls=\"81c50e1ab9c7f56fa\" role=\"button\" data-toggle=\"collapse\" data-parent=\"#accordion-177677-1\" data-target=\"#81c50e1ab9c7f56fa\" href=\"#81c50e1ab9c7f56fa\"><span class=\"fusion-toggle-icon-wrapper\" aria-hidden=\"true\"><i class=\"fa-fusion-box active-icon awb-icon-minus\" aria-hidden=\"true\"><\/i><i class=\"fa-fusion-box inactive-icon awb-icon-plus\" aria-hidden=\"true\"><\/i><\/span><span class=\"fusion-toggle-heading\">5. Igualdad de g\u00e9nero<\/span><\/a><\/h4><\/div><div id=\"81c50e1ab9c7f56fa\" class=\"panel-collapse collapse \" aria-labelledby=\"toggle_81c50e1ab9c7f56fa\"><div class=\"panel-body toggle-content fusion-clearfix\">\n<p>Se enfoca espec\u00edficamente al reducir la brecha de g\u00e9nero en el sector de la manufactura, promoviendo la igualdad de oportunidades para mujeres.<\/p>\n<\/div><\/div><\/div><div class=\"fusion-panel panel-default panel-df474e1897adf97b9 fusion-toggle-has-divider\" style=\"--awb-title-color:#662483;--awb-content-color:#747474;\"><div class=\"panel-heading\"><h4 class=\"panel-title toggle\" id=\"toggle_df474e1897adf97b9\"><a aria-expanded=\"false\" aria-controls=\"df474e1897adf97b9\" role=\"button\" data-toggle=\"collapse\" data-parent=\"#accordion-177677-1\" data-target=\"#df474e1897adf97b9\" href=\"#df474e1897adf97b9\"><span class=\"fusion-toggle-icon-wrapper\" aria-hidden=\"true\"><i class=\"fa-fusion-box active-icon awb-icon-minus\" aria-hidden=\"true\"><\/i><i class=\"fa-fusion-box inactive-icon awb-icon-plus\" aria-hidden=\"true\"><\/i><\/span><span class=\"fusion-toggle-heading\">8. Trabajo decente y crecimiento econ\u00f3mico<\/span><\/a><\/h4><\/div><div id=\"df474e1897adf97b9\" class=\"panel-collapse collapse \" aria-labelledby=\"toggle_df474e1897adf97b9\"><div class=\"panel-body toggle-content fusion-clearfix\">\n<p>El proyecto promueve el trabajo decente y contribuye al crecimiento econ\u00f3mico al mejorar las habilidades de la fuerza laboral y aumentar la adaptabilidad de las empresas.<\/p>\n<\/div><\/div><\/div><div class=\"fusion-panel panel-default panel-8637448b6b84ebccd fusion-toggle-has-divider\" style=\"--awb-title-color:#662483;--awb-content-color:#747474;\"><div class=\"panel-heading\"><h4 class=\"panel-title toggle\" id=\"toggle_8637448b6b84ebccd\"><a aria-expanded=\"false\" aria-controls=\"8637448b6b84ebccd\" role=\"button\" data-toggle=\"collapse\" data-parent=\"#accordion-177677-1\" data-target=\"#8637448b6b84ebccd\" href=\"#8637448b6b84ebccd\"><span class=\"fusion-toggle-icon-wrapper\" aria-hidden=\"true\"><i class=\"fa-fusion-box active-icon awb-icon-minus\" aria-hidden=\"true\"><\/i><i class=\"fa-fusion-box inactive-icon awb-icon-plus\" aria-hidden=\"true\"><\/i><\/span><span class=\"fusion-toggle-heading\">9. Industria, innovaci\u00f3n e infraestructura<\/span><\/a><\/h4><\/div><div id=\"8637448b6b84ebccd\" class=\"panel-collapse collapse \" aria-labelledby=\"toggle_8637448b6b84ebccd\"><div class=\"panel-body toggle-content fusion-clearfix\">\n<p>Fomento de la innovaci\u00f3n y transformaci\u00f3n digital en la industria manufacturera, mejorando la infraestructura tecnol\u00f3gica.<\/p>\n<\/div><\/div><\/div><div class=\"fusion-panel panel-default panel-0350f633eae1ae853 fusion-toggle-has-divider\" style=\"--awb-title-color:#662483;--awb-content-color:#747474;\"><div class=\"panel-heading\"><h4 class=\"panel-title toggle\" id=\"toggle_0350f633eae1ae853\"><a aria-expanded=\"false\" aria-controls=\"0350f633eae1ae853\" role=\"button\" data-toggle=\"collapse\" data-parent=\"#accordion-177677-1\" data-target=\"#0350f633eae1ae853\" href=\"#0350f633eae1ae853\"><span class=\"fusion-toggle-icon-wrapper\" aria-hidden=\"true\"><i class=\"fa-fusion-box active-icon awb-icon-minus\" aria-hidden=\"true\"><\/i><i class=\"fa-fusion-box inactive-icon awb-icon-plus\" aria-hidden=\"true\"><\/i><\/span><span class=\"fusion-toggle-heading\">10. Reducci\u00f3n de las desigualdades<\/span><\/a><\/h4><\/div><div id=\"0350f633eae1ae853\" class=\"panel-collapse collapse \" aria-labelledby=\"toggle_0350f633eae1ae853\"><div class=\"panel-body toggle-content fusion-clearfix\">\n<p>Enfoc\u00e1ndose en la igualdad de g\u00e9nero y mejorando las habilidades de trabajadores de varios or\u00edgenes, el proyecto contribuye a reducir las desigualdades.<\/p>\n<\/div><\/div><\/div><div class=\"fusion-panel panel-default panel-dc2a8be88a5bc81a3 fusion-toggle-has-divider\" style=\"--awb-title-color:#662483;--awb-content-color:#747474;\"><div class=\"panel-heading\"><h4 class=\"panel-title toggle\" id=\"toggle_dc2a8be88a5bc81a3\"><a aria-expanded=\"false\" aria-controls=\"dc2a8be88a5bc81a3\" role=\"button\" data-toggle=\"collapse\" data-parent=\"#accordion-177677-1\" data-target=\"#dc2a8be88a5bc81a3\" href=\"#dc2a8be88a5bc81a3\"><span class=\"fusion-toggle-icon-wrapper\" aria-hidden=\"true\"><i class=\"fa-fusion-box active-icon awb-icon-minus\" aria-hidden=\"true\"><\/i><i class=\"fa-fusion-box inactive-icon awb-icon-plus\" aria-hidden=\"true\"><\/i><\/span><span class=\"fusion-toggle-heading\">11. Ciudades y comunidades sostenibles<\/span><\/a><\/h4><\/div><div id=\"dc2a8be88a5bc81a3\" class=\"panel-collapse collapse \" aria-labelledby=\"toggle_dc2a8be88a5bc81a3\"><div class=\"panel-body toggle-content fusion-clearfix\">\n<p>Indirectamente, al mejorar las oportunidades de empleo y habilidades, contribuye a comunidades m\u00e1s sostenibles.<\/p>\n<\/div><\/div><\/div><div class=\"fusion-panel panel-default panel-8a7e562ed40b0c9ff fusion-toggle-has-divider\" style=\"--awb-title-color:#662483;--awb-content-color:#747474;\"><div class=\"panel-heading\"><h4 class=\"panel-title toggle\" id=\"toggle_8a7e562ed40b0c9ff\"><a aria-expanded=\"false\" aria-controls=\"8a7e562ed40b0c9ff\" role=\"button\" data-toggle=\"collapse\" data-parent=\"#accordion-177677-1\" data-target=\"#8a7e562ed40b0c9ff\" href=\"#8a7e562ed40b0c9ff\"><span class=\"fusion-toggle-icon-wrapper\" aria-hidden=\"true\"><i class=\"fa-fusion-box active-icon awb-icon-minus\" aria-hidden=\"true\"><\/i><i class=\"fa-fusion-box inactive-icon awb-icon-plus\" aria-hidden=\"true\"><\/i><\/span><span class=\"fusion-toggle-heading\">12. Producci\u00f3n y consumo responsables<\/span><\/a><\/h4><\/div><div id=\"8a7e562ed40b0c9ff\" class=\"panel-collapse collapse \" aria-labelledby=\"toggle_8a7e562ed40b0c9ff\"><div class=\"panel-body toggle-content fusion-clearfix\">\n<p>Promoci\u00f3n de pr\u00e1cticas de manufactura m\u00e1s eficientes y sostenibles, contribuyendo a la producci\u00f3n responsable.<\/p>\n<\/div><\/div><\/div><div class=\"fusion-panel panel-default panel-b77f460935a4f1377 fusion-toggle-has-divider\" style=\"--awb-title-color:#662483;--awb-content-color:#747474;\"><div class=\"panel-heading\"><h4 class=\"panel-title toggle\" id=\"toggle_b77f460935a4f1377\"><a aria-expanded=\"false\" aria-controls=\"b77f460935a4f1377\" role=\"button\" data-toggle=\"collapse\" data-parent=\"#accordion-177677-1\" data-target=\"#b77f460935a4f1377\" href=\"#b77f460935a4f1377\"><span class=\"fusion-toggle-icon-wrapper\" aria-hidden=\"true\"><i class=\"fa-fusion-box active-icon awb-icon-minus\" aria-hidden=\"true\"><\/i><i class=\"fa-fusion-box inactive-icon awb-icon-plus\" aria-hidden=\"true\"><\/i><\/span><span class=\"fusion-toggle-heading\">13. Acci\u00f3n por el clima<\/span><\/a><\/h4><\/div><div id=\"b77f460935a4f1377\" class=\"panel-collapse collapse \" aria-labelledby=\"toggle_b77f460935a4f1377\"><div class=\"panel-body toggle-content fusion-clearfix\">\n<p>Al fomentar la transformaci\u00f3n digital y la innovaci\u00f3n, el proyecto contribuye a la reducci\u00f3n de la huella de carbono de la industria manufacturera.<\/p>\n<\/div><\/div><\/div><div class=\"fusion-panel panel-default panel-0b28eb0231c695aef fusion-toggle-has-divider\" style=\"--awb-title-color:#662483;--awb-content-color:#747474;\"><div class=\"panel-heading\"><h4 class=\"panel-title toggle\" id=\"toggle_0b28eb0231c695aef\"><a aria-expanded=\"false\" aria-controls=\"0b28eb0231c695aef\" role=\"button\" data-toggle=\"collapse\" data-parent=\"#accordion-177677-1\" data-target=\"#0b28eb0231c695aef\" href=\"#0b28eb0231c695aef\"><span class=\"fusion-toggle-icon-wrapper\" aria-hidden=\"true\"><i class=\"fa-fusion-box active-icon awb-icon-minus\" aria-hidden=\"true\"><\/i><i class=\"fa-fusion-box inactive-icon awb-icon-plus\" aria-hidden=\"true\"><\/i><\/span><span class=\"fusion-toggle-heading\">16. Paz, justicia e instituciones s\u00f3lidas<\/span><\/a><\/h4><\/div><div id=\"0b28eb0231c695aef\" class=\"panel-collapse collapse \" aria-labelledby=\"toggle_0b28eb0231c695aef\"><div class=\"panel-body toggle-content fusion-clearfix\">\n<p>Al promover un entorno de trabajo justo y seguro, el proyecto contribuye a instituciones m\u00e1s s\u00f3lidas y justas.<\/p>\n<\/div><\/div><\/div><div class=\"fusion-panel panel-default panel-9f07f6a0805aeee42 fusion-toggle-has-divider\" style=\"--awb-title-color:#662483;--awb-content-color:#747474;\"><div class=\"panel-heading\"><h4 class=\"panel-title toggle\" id=\"toggle_9f07f6a0805aeee42\"><a aria-expanded=\"false\" aria-controls=\"9f07f6a0805aeee42\" role=\"button\" data-toggle=\"collapse\" data-parent=\"#accordion-177677-1\" data-target=\"#9f07f6a0805aeee42\" href=\"#9f07f6a0805aeee42\"><span class=\"fusion-toggle-icon-wrapper\" aria-hidden=\"true\"><i class=\"fa-fusion-box active-icon awb-icon-minus\" aria-hidden=\"true\"><\/i><i class=\"fa-fusion-box inactive-icon awb-icon-plus\" aria-hidden=\"true\"><\/i><\/span><span class=\"fusion-toggle-heading\">17. Alianzas para lograr los objetivos<\/span><\/a><\/h4><\/div><div id=\"9f07f6a0805aeee42\" class=\"panel-collapse collapse \" aria-labelledby=\"toggle_9f07f6a0805aeee42\"><div class=\"panel-body toggle-content fusion-clearfix\">\n<p>El proyecto fomenta la colaboraci\u00f3n entre diversas organizaciones e instituciones, creando alianzas para conseguir los objetivos de desarrollo sostenible.<\/p>\n<\/div><\/div><\/div><\/div><\/div><div class=\"fusion-sep-clear\"><\/div><div class=\"fusion-separator fusion-full-width-sep\" style=\"margin-left: auto;margin-right: auto;margin-top:0px;margin-bottom:10px;width:100%;\"><div class=\"fusion-separator-border sep-single sep-solid\" style=\"--awb-height:20px;--awb-amount:20px;border-color:#e0dede;border-top-width:1px;\"><\/div><\/div><div class=\"fusion-sep-clear\"><\/div><div class=\"fusion-sep-clear\"><\/div><div class=\"fusion-separator fusion-full-width-sep\" style=\"margin-left: auto;margin-right: auto;margin-top:10px;margin-bottom:10px;width:100%;\"><\/div><div class=\"fusion-sep-clear\"><\/div><div class=\"fusion-image-element fusion-image-align-center in-legacy-container\" style=\"text-align:center;--awb-caption-title-font-family:var(--h2_typography-font-family);--awb-caption-title-font-weight:var(--h2_typography-font-weight);--awb-caption-title-font-style:var(--h2_typography-font-style);--awb-caption-title-size:var(--h2_typography-font-size);--awb-caption-title-transform:var(--h2_typography-text-transform);--awb-caption-title-line-height:var(--h2_typography-line-height);--awb-caption-title-letter-spacing:var(--h2_typography-letter-spacing);\"><div class=\"imageframe-align-center\"><span class=\" fusion-imageframe imageframe-none imageframe-2 hover-type-none\"><img decoding=\"async\" width=\"291\" height=\"133\" src=\"https:\/\/eurecat.org\/wp-content\/uploads\/2025\/04\/Captura-de-pantalla-2025-04-17-103852.png\" alt class=\"img-responsive wp-image-177694\" srcset=\"https:\/\/eurecat.org\/wp-content\/uploads\/2025\/04\/Captura-de-pantalla-2025-04-17-103852-200x91.png 200w, https:\/\/eurecat.org\/wp-content\/uploads\/2025\/04\/Captura-de-pantalla-2025-04-17-103852.png 291w\" sizes=\"(max-width: 800px) 100vw, 291px\" \/><\/span><\/div><\/div><div class=\"fusion-clearfix\"><\/div><\/div><\/div><\/div><\/div>\n","protected":false},"excerpt":{"rendered":"","protected":false},"author":33,"featured_media":177698,"menu_order":0,"comment_status":"closed","ping_status":"closed","template":"","format":"standard","meta":{"footnotes":""},"portfolio_category":[1565,1410],"portfolio_skills":[2933],"portfolio_tags":[],"class_list":["post-177677","avada_portfolio","type-avada_portfolio","status-publish","format-standard","has-post-thumbnail","hentry","portfolio_category-formacion","portfolio_category-proyectos-europeos-es","portfolio_skills-ue-2"],"yoast_head":"<!-- This site is optimized with the Yoast SEO plugin v27.5 - https:\/\/yoast.com\/product\/yoast-seo-wordpress\/ -->\n<title>ManuFoW - Eurecat<\/title>\n<meta name=\"description\" content=\"ManuFoW impulsa la mejora de las competencias de la fuerza laboral y la adaptabilidad de las empresas manufactureras para afrontar la transformaci\u00f3n digital con una perspectiva de igualdad de g\u00e9nero.\" \/>\n<meta name=\"robots\" content=\"index, follow, max-snippet:-1, max-image-preview:large, max-video-preview:-1\" \/>\n<link rel=\"canonical\" href=\"https:\/\/eurecat.org\/es\/portfolio-items\/manufow\/\" \/>\n<meta property=\"og:locale\" content=\"es_ES\" \/>\n<meta property=\"og:type\" content=\"article\" \/>\n<meta property=\"og:title\" content=\"ManuFoW - Eurecat\" \/>\n<meta property=\"og:description\" content=\"ManuFoW impulsa la mejora de las competencias de la fuerza laboral y la adaptabilidad de las empresas manufactureras para afrontar la transformaci\u00f3n digital con una perspectiva de igualdad de g\u00e9nero.\" \/>\n<meta property=\"og:url\" content=\"https:\/\/eurecat.org\/es\/portfolio-items\/manufow\/\" \/>\n<meta property=\"og:site_name\" content=\"Eurecat\" \/>\n<meta property=\"article:modified_time\" content=\"2025-04-17T09:05:23+00:00\" \/>\n<meta property=\"og:image\" content=\"https:\/\/eurecat.org\/wp-content\/uploads\/2025\/04\/ManuFoW_520x272.png\" \/>\n\t<meta property=\"og:image:width\" content=\"520\" \/>\n\t<meta property=\"og:image:height\" content=\"272\" \/>\n\t<meta property=\"og:image:type\" content=\"image\/png\" \/>\n<meta name=\"twitter:card\" content=\"summary_large_image\" \/>\n<meta name=\"twitter:label1\" content=\"Tiempo de lectura\" \/>\n\t<meta name=\"twitter:data1\" content=\"5 minutos\" \/>\n<script type=\"application\/ld+json\" class=\"yoast-schema-graph\">{\"@context\":\"https:\\\/\\\/schema.org\",\"@graph\":[{\"@type\":\"WebPage\",\"@id\":\"https:\\\/\\\/eurecat.org\\\/es\\\/portfolio-items\\\/manufow\\\/\",\"url\":\"https:\\\/\\\/eurecat.org\\\/es\\\/portfolio-items\\\/manufow\\\/\",\"name\":\"ManuFoW - Eurecat\",\"isPartOf\":{\"@id\":\"https:\\\/\\\/eurecat.org\\\/es\\\/#website\"},\"primaryImageOfPage\":{\"@id\":\"https:\\\/\\\/eurecat.org\\\/es\\\/portfolio-items\\\/manufow\\\/#primaryimage\"},\"image\":{\"@id\":\"https:\\\/\\\/eurecat.org\\\/es\\\/portfolio-items\\\/manufow\\\/#primaryimage\"},\"thumbnailUrl\":\"https:\\\/\\\/eurecat.org\\\/wp-content\\\/uploads\\\/2025\\\/04\\\/ManuFoW_520x272.png\",\"datePublished\":\"2025-04-17T09:04:44+00:00\",\"dateModified\":\"2025-04-17T09:05:23+00:00\",\"description\":\"ManuFoW impulsa la mejora de las competencias de la fuerza laboral y la adaptabilidad de las empresas manufactureras para afrontar la transformaci\u00f3n digital con una perspectiva de igualdad de g\u00e9nero.\",\"breadcrumb\":{\"@id\":\"https:\\\/\\\/eurecat.org\\\/es\\\/portfolio-items\\\/manufow\\\/#breadcrumb\"},\"inLanguage\":\"es\",\"potentialAction\":[{\"@type\":\"ReadAction\",\"target\":[\"https:\\\/\\\/eurecat.org\\\/es\\\/portfolio-items\\\/manufow\\\/\"]}]},{\"@type\":\"ImageObject\",\"inLanguage\":\"es\",\"@id\":\"https:\\\/\\\/eurecat.org\\\/es\\\/portfolio-items\\\/manufow\\\/#primaryimage\",\"url\":\"https:\\\/\\\/eurecat.org\\\/wp-content\\\/uploads\\\/2025\\\/04\\\/ManuFoW_520x272.png\",\"contentUrl\":\"https:\\\/\\\/eurecat.org\\\/wp-content\\\/uploads\\\/2025\\\/04\\\/ManuFoW_520x272.png\",\"width\":520,\"height\":272,\"caption\":\"MANUFOW EURECAT\"},{\"@type\":\"BreadcrumbList\",\"@id\":\"https:\\\/\\\/eurecat.org\\\/es\\\/portfolio-items\\\/manufow\\\/#breadcrumb\",\"itemListElement\":[{\"@type\":\"ListItem\",\"position\":1,\"name\":\"Inici\",\"item\":\"https:\\\/\\\/eurecat.org\\\/es\\\/\"},{\"@type\":\"ListItem\",\"position\":2,\"name\":\"Proyectos\",\"item\":\"https:\\\/\\\/eurecat.org\\\/es\\\/portfolio-items\\\/\"},{\"@type\":\"ListItem\",\"position\":3,\"name\":\"ManuFoW\"}]},{\"@type\":\"WebSite\",\"@id\":\"https:\\\/\\\/eurecat.org\\\/es\\\/#website\",\"url\":\"https:\\\/\\\/eurecat.org\\\/es\\\/\",\"name\":\"Eurecat\",\"description\":\"Otro sitio realizado con WordPress\",\"potentialAction\":[{\"@type\":\"SearchAction\",\"target\":{\"@type\":\"EntryPoint\",\"urlTemplate\":\"https:\\\/\\\/eurecat.org\\\/es\\\/?s={search_term_string}\"},\"query-input\":{\"@type\":\"PropertyValueSpecification\",\"valueRequired\":true,\"valueName\":\"search_term_string\"}}],\"inLanguage\":\"es\"}]}<\/script>\n<!-- \/ Yoast SEO plugin. -->","yoast_head_json":{"title":"ManuFoW - Eurecat","description":"ManuFoW impulsa la mejora de las competencias de la fuerza laboral y la adaptabilidad de las empresas manufactureras para afrontar la transformaci\u00f3n digital con una perspectiva de igualdad de g\u00e9nero.","robots":{"index":"index","follow":"follow","max-snippet":"max-snippet:-1","max-image-preview":"max-image-preview:large","max-video-preview":"max-video-preview:-1"},"canonical":"https:\/\/eurecat.org\/es\/portfolio-items\/manufow\/","og_locale":"es_ES","og_type":"article","og_title":"ManuFoW - Eurecat","og_description":"ManuFoW impulsa la mejora de las competencias de la fuerza laboral y la adaptabilidad de las empresas manufactureras para afrontar la transformaci\u00f3n digital con una perspectiva de igualdad de g\u00e9nero.","og_url":"https:\/\/eurecat.org\/es\/portfolio-items\/manufow\/","og_site_name":"Eurecat","article_modified_time":"2025-04-17T09:05:23+00:00","og_image":[{"width":520,"height":272,"url":"https:\/\/eurecat.org\/wp-content\/uploads\/2025\/04\/ManuFoW_520x272.png","type":"image\/png"}],"twitter_card":"summary_large_image","twitter_misc":{"Tiempo de lectura":"5 minutos"},"schema":{"@context":"https:\/\/schema.org","@graph":[{"@type":"WebPage","@id":"https:\/\/eurecat.org\/es\/portfolio-items\/manufow\/","url":"https:\/\/eurecat.org\/es\/portfolio-items\/manufow\/","name":"ManuFoW - Eurecat","isPartOf":{"@id":"https:\/\/eurecat.org\/es\/#website"},"primaryImageOfPage":{"@id":"https:\/\/eurecat.org\/es\/portfolio-items\/manufow\/#primaryimage"},"image":{"@id":"https:\/\/eurecat.org\/es\/portfolio-items\/manufow\/#primaryimage"},"thumbnailUrl":"https:\/\/eurecat.org\/wp-content\/uploads\/2025\/04\/ManuFoW_520x272.png","datePublished":"2025-04-17T09:04:44+00:00","dateModified":"2025-04-17T09:05:23+00:00","description":"ManuFoW impulsa la mejora de las competencias de la fuerza laboral y la adaptabilidad de las empresas manufactureras para afrontar la transformaci\u00f3n digital con una perspectiva de igualdad de g\u00e9nero.","breadcrumb":{"@id":"https:\/\/eurecat.org\/es\/portfolio-items\/manufow\/#breadcrumb"},"inLanguage":"es","potentialAction":[{"@type":"ReadAction","target":["https:\/\/eurecat.org\/es\/portfolio-items\/manufow\/"]}]},{"@type":"ImageObject","inLanguage":"es","@id":"https:\/\/eurecat.org\/es\/portfolio-items\/manufow\/#primaryimage","url":"https:\/\/eurecat.org\/wp-content\/uploads\/2025\/04\/ManuFoW_520x272.png","contentUrl":"https:\/\/eurecat.org\/wp-content\/uploads\/2025\/04\/ManuFoW_520x272.png","width":520,"height":272,"caption":"MANUFOW EURECAT"},{"@type":"BreadcrumbList","@id":"https:\/\/eurecat.org\/es\/portfolio-items\/manufow\/#breadcrumb","itemListElement":[{"@type":"ListItem","position":1,"name":"Inici","item":"https:\/\/eurecat.org\/es\/"},{"@type":"ListItem","position":2,"name":"Proyectos","item":"https:\/\/eurecat.org\/es\/portfolio-items\/"},{"@type":"ListItem","position":3,"name":"ManuFoW"}]},{"@type":"WebSite","@id":"https:\/\/eurecat.org\/es\/#website","url":"https:\/\/eurecat.org\/es\/","name":"Eurecat","description":"Otro sitio realizado con WordPress","potentialAction":[{"@type":"SearchAction","target":{"@type":"EntryPoint","urlTemplate":"https:\/\/eurecat.org\/es\/?s={search_term_string}"},"query-input":{"@type":"PropertyValueSpecification","valueRequired":true,"valueName":"search_term_string"}}],"inLanguage":"es"}]}},"_links":{"self":[{"href":"https:\/\/eurecat.org\/es\/wp-json\/wp\/v2\/avada_portfolio\/177677","targetHints":{"allow":["GET"]}}],"collection":[{"href":"https:\/\/eurecat.org\/es\/wp-json\/wp\/v2\/avada_portfolio"}],"about":[{"href":"https:\/\/eurecat.org\/es\/wp-json\/wp\/v2\/types\/avada_portfolio"}],"author":[{"embeddable":true,"href":"https:\/\/eurecat.org\/es\/wp-json\/wp\/v2\/users\/33"}],"replies":[{"embeddable":true,"href":"https:\/\/eurecat.org\/es\/wp-json\/wp\/v2\/comments?post=177677"}],"version-history":[{"count":1,"href":"https:\/\/eurecat.org\/es\/wp-json\/wp\/v2\/avada_portfolio\/177677\/revisions"}],"predecessor-version":[{"id":177700,"href":"https:\/\/eurecat.org\/es\/wp-json\/wp\/v2\/avada_portfolio\/177677\/revisions\/177700"}],"wp:featuredmedia":[{"embeddable":true,"href":"https:\/\/eurecat.org\/es\/wp-json\/wp\/v2\/media\/177698"}],"wp:attachment":[{"href":"https:\/\/eurecat.org\/es\/wp-json\/wp\/v2\/media?parent=177677"}],"wp:term":[{"taxonomy":"portfolio_category","embeddable":true,"href":"https:\/\/eurecat.org\/es\/wp-json\/wp\/v2\/portfolio_category?post=177677"},{"taxonomy":"portfolio_skills","embeddable":true,"href":"https:\/\/eurecat.org\/es\/wp-json\/wp\/v2\/portfolio_skills?post=177677"},{"taxonomy":"portfolio_tags","embeddable":true,"href":"https:\/\/eurecat.org\/es\/wp-json\/wp\/v2\/portfolio_tags?post=177677"}],"curies":[{"name":"wp","href":"https:\/\/api.w.org\/{rel}","templated":true}]}}