{"id":189368,"date":"2025-10-14T15:53:47","date_gmt":"2025-10-14T13:53:47","guid":{"rendered":"https:\/\/eurecat.org\/?post_type=avada_portfolio&#038;p=189368"},"modified":"2025-10-14T15:54:22","modified_gmt":"2025-10-14T13:54:22","slug":"barraclim","status":"publish","type":"avada_portfolio","link":"https:\/\/eurecat.org\/es\/portfolio-items\/barraclim\/","title":{"rendered":"BARRACLIM"},"content":{"rendered":"<div class=\"fusion-fullwidth fullwidth-box fusion-builder-row-1 hundred-percent-fullwidth non-hundred-percent-height-scrolling\" style=\"--awb-border-radius-top-left:0px;--awb-border-radius-top-right:0px;--awb-border-radius-bottom-right:0px;--awb-border-radius-bottom-left:0px;--awb-overflow:visible;--awb-flex-wrap:wrap;\" ><div class=\"fusion-builder-row fusion-row\"><div class=\"fusion-layout-column fusion_builder_column fusion-builder-column-0 fusion_builder_column_2_3 2_3 fusion-two-third fusion-column-first\" style=\"--awb-bg-size:cover;width:65.3333%; margin-right: 4%;\"><div class=\"fusion-column-wrapper fusion-flex-column-wrapper-legacy\"><div class=\"fusion-text fusion-text-1\" style=\"--awb-text-transform:none;\"><p><img decoding=\"async\" class=\"alignnone size-full wp-image-189373\" src=\"https:\/\/eurecat.org\/wp-content\/uploads\/2025\/10\/BARRACLIM_850x447.jpg\" alt=\"BARRACLIM EURECAT\" width=\"850\" height=\"447\" srcset=\"https:\/\/eurecat.org\/wp-content\/uploads\/2025\/10\/BARRACLIM_850x447-200x105.jpg 200w, https:\/\/eurecat.org\/wp-content\/uploads\/2025\/10\/BARRACLIM_850x447-300x158.jpg 300w, https:\/\/eurecat.org\/wp-content\/uploads\/2025\/10\/BARRACLIM_850x447-400x210.jpg 400w, https:\/\/eurecat.org\/wp-content\/uploads\/2025\/10\/BARRACLIM_850x447-600x316.jpg 600w, https:\/\/eurecat.org\/wp-content\/uploads\/2025\/10\/BARRACLIM_850x447-768x404.jpg 768w, https:\/\/eurecat.org\/wp-content\/uploads\/2025\/10\/BARRACLIM_850x447-800x421.jpg 800w, https:\/\/eurecat.org\/wp-content\/uploads\/2025\/10\/BARRACLIM_850x447.jpg 850w\" sizes=\"(max-width: 850px) 100vw, 850px\" \/><\/p>\n<\/div><div class=\"fusion-sep-clear\"><\/div><div class=\"fusion-separator fusion-full-width-sep\" style=\"margin-left: auto;margin-right: auto;width:100%;\"><\/div><div class=\"fusion-sep-clear\"><\/div><div class=\"fusion-sep-clear\"><\/div><div class=\"fusion-separator fusion-full-width-sep\" style=\"margin-left: auto;margin-right: auto;margin-top:0px;margin-bottom:10px;width:100%;\"><div class=\"fusion-separator-border sep-double sep-solid\" style=\"--awb-height:20px;--awb-amount:20px;border-color:#e0dede;border-top-width:1px;border-bottom-width:1px;\"><\/div><\/div><div class=\"fusion-sep-clear\"><\/div><div class=\"fusion-text fusion-text-2\" style=\"--awb-text-transform:none;\"><p><strong>Barracas clim\u00e1ticas para adaptar la costa y sus actividades a condiciones futuras.<\/strong><\/p>\n<p><strong>BARRACLIM<\/strong> monitoriza las <strong>interacciones hidro-morfo-ecol\u00f3gicas<\/strong> a lo largo del <strong>gradiente tierra\u2013mar en el Delta del Ebro<\/strong>, tanto en condiciones actuales como en escenarios simulados de futuro. A partir de este conocimiento, el proyecto <strong>eval\u00faa los impactos sobre la agricultura y la acuicultura<\/strong> y <strong>propone soluciones basadas en la naturaleza y de gesti\u00f3n integrada<\/strong> que permitan mejorar la resiliencia del Delta frente al cambio clim\u00e1tico.<\/p>\n<p>Adem\u00e1s, BARRACLIM <strong>cuantifica el potencial de Carbono Azul<\/strong> mediante el estudio de la acreci\u00f3n vertical y el secuestro de carbono, con el objetivo de definir una estrategia espec\u00edfica para el territorio. El proyecto tambi\u00e9n incluye el <strong>despliegue y la estandarizaci\u00f3n de sens\u00f3rica de bajo coste<\/strong>, con protocolos de calidad y una l\u00ednea de base f\u00edsica que permitan realizar un seguimiento ambiental s\u00f3lido y eficiente.<\/p>\n<p>Finalmente, BARRACLIM impulsa la<strong> transferencia de conocimiento y la capacitaci\u00f3n de los actores locales<\/strong> mediante actividades de <strong>docencia, divulgaci\u00f3n y ciencia ciudadana<\/strong>, as\u00ed como la <strong>emisi\u00f3n de recomendaciones de gesti\u00f3n basadas en datos<\/strong> para la adaptaci\u00f3n clim\u00e1tica del Delta.<\/p>\n<p>Eurecat, a trav\u00e9s de su Unidad de Cambio Clim\u00e1tico (CLIMSES), coordina el proyecto junto con la <a href=\"https:\/\/www.upc.edu\/ca\" target=\"_blank\" rel=\"noopener\">Universidad Polit\u00e9cnica de Catalu\u00f1a (UPC)<\/a>.<\/p>\n<\/div><div class=\"fusion-clearfix\"><\/div><\/div><\/div><div class=\"fusion-layout-column fusion_builder_column fusion-builder-column-1 fusion_builder_column_1_3 1_3 fusion-one-third fusion-column-last\" style=\"--awb-bg-size:cover;width:30.6666%;\"><div class=\"fusion-column-wrapper fusion-flex-column-wrapper-legacy\"><div class=\"fusion-title title fusion-title-1 fusion-title-text fusion-title-size-three\" style=\"--awb-margin-top-small:0px;--awb-margin-right-small:0px;--awb-margin-bottom-small:20px;--awb-margin-left-small:0px;\"><h3 class=\"fusion-title-heading title-heading-left\" style=\"margin:0;\">Datos generales<\/h3><span class=\"awb-title-spacer\"><\/span><div class=\"title-sep-container\"><div class=\"title-sep sep-double sep-solid\" style=\"border-color:#e0dede;\"><\/div><\/div><\/div><div class=\"fusion-text fusion-text-3\" style=\"--awb-text-transform:none;\"><p><strong>Proyecto<\/strong><\/p>\n<p>BARRACLIM \u2013 Barracas clim\u00e1ticas para adaptar la costa y sus actividades a condiciones futuras<\/p>\n<\/div><div class=\"fusion-sep-clear\"><\/div><div class=\"fusion-separator fusion-full-width-sep\" style=\"margin-left: auto;margin-right: auto;margin-top:0px;margin-bottom:10px;width:100%;\"><div class=\"fusion-separator-border sep-single sep-solid\" style=\"--awb-height:20px;--awb-amount:20px;border-color:#e0dede;border-top-width:1px;\"><\/div><\/div><div class=\"fusion-sep-clear\"><\/div><div class=\"fusion-text fusion-text-4\" style=\"--awb-text-transform:none;\"><p><strong>Referencia del proyecto<\/strong><\/p>\n<p>ACC_2023_EXP_SIA002_09_0000116<\/p>\n<\/div><div class=\"fusion-sep-clear\"><\/div><div class=\"fusion-separator fusion-full-width-sep\" style=\"margin-left: auto;margin-right: auto;margin-top:0px;margin-bottom:10px;width:100%;\"><div class=\"fusion-separator-border sep-single sep-solid\" style=\"--awb-height:20px;--awb-amount:20px;border-color:#e0dede;border-top-width:1px;\"><\/div><\/div><div class=\"fusion-sep-clear\"><\/div><div class=\"fusion-text fusion-text-5\" style=\"--awb-text-transform:none;\"><p><strong>Programa y convocatoria<\/strong><\/p>\n<p>Proyecto financiado por el programa de ayudas a las actividades de demostraci\u00f3n de transferencia de conocimientos, en el marco del Plan estrat\u00e9gico de la PAC 2023-2027<\/p>\n<\/div><div class=\"fusion-sep-clear\"><\/div><div class=\"fusion-separator fusion-full-width-sep\" style=\"margin-left: auto;margin-right: auto;margin-top:0px;margin-bottom:10px;width:100%;\"><div class=\"fusion-separator-border sep-single sep-solid\" style=\"--awb-height:20px;--awb-amount:20px;border-color:#e0dede;border-top-width:1px;\"><\/div><\/div><div class=\"fusion-sep-clear\"><\/div><div class=\"fusion-text fusion-text-6\" style=\"--awb-text-transform:none;\"><p><strong>ODS relacionados<\/strong><\/p>\n<div id=\"gtx-trans\" style=\"position: absolute; left: -180px; top: 78.3333px;\">\n<div class=\"gtx-trans-icon\"><\/div>\n<\/div>\n<\/div><div class=\"fusion-text fusion-text-7\" style=\"--awb-text-transform:none;\"><p>12. Producci\u00f3n y consumo responsables<\/p>\n<p>13. Acci\u00f3n por el clima<\/p>\n<\/div><div class=\"fusion-sep-clear\"><\/div><div class=\"fusion-separator fusion-full-width-sep\" style=\"margin-left: auto;margin-right: auto;margin-top:0px;margin-bottom:10px;width:100%;\"><div class=\"fusion-separator-border sep-single sep-solid\" style=\"--awb-height:20px;--awb-amount:20px;border-color:#e0dede;border-top-width:1px;\"><\/div><\/div><div class=\"fusion-sep-clear\"><\/div><div class=\"fusion-sep-clear\"><\/div><div class=\"fusion-separator fusion-full-width-sep\" style=\"margin-left: auto;margin-right: auto;margin-top:10px;margin-bottom:10px;width:100%;\"><\/div><div class=\"fusion-sep-clear\"><\/div><div class=\"fusion-image-element fusion-image-align-center in-legacy-container\" style=\"text-align:center;--awb-caption-title-font-family:var(--h2_typography-font-family);--awb-caption-title-font-weight:var(--h2_typography-font-weight);--awb-caption-title-font-style:var(--h2_typography-font-style);--awb-caption-title-size:var(--h2_typography-font-size);--awb-caption-title-transform:var(--h2_typography-text-transform);--awb-caption-title-line-height:var(--h2_typography-line-height);--awb-caption-title-letter-spacing:var(--h2_typography-letter-spacing);\"><div class=\"imageframe-align-center\"><span class=\" fusion-imageframe imageframe-none imageframe-1 hover-type-none\"><img decoding=\"async\" width=\"788\" height=\"73\" src=\"https:\/\/eurecat.org\/wp-content\/uploads\/2025\/04\/Captura-de-pantalla-2025-07-23-102541.png\" alt class=\"img-responsive wp-image-182215\" srcset=\"https:\/\/eurecat.org\/wp-content\/uploads\/2025\/04\/Captura-de-pantalla-2025-07-23-102541-200x19.png 200w, https:\/\/eurecat.org\/wp-content\/uploads\/2025\/04\/Captura-de-pantalla-2025-07-23-102541-400x37.png 400w, https:\/\/eurecat.org\/wp-content\/uploads\/2025\/04\/Captura-de-pantalla-2025-07-23-102541-600x56.png 600w, https:\/\/eurecat.org\/wp-content\/uploads\/2025\/04\/Captura-de-pantalla-2025-07-23-102541.png 788w\" sizes=\"(max-width: 800px) 100vw, 600px\" \/><\/span><\/div><\/div><div class=\"fusion-clearfix\"><\/div><\/div><\/div><\/div><\/div>\n","protected":false},"excerpt":{"rendered":"","protected":false},"author":33,"featured_media":189379,"menu_order":0,"comment_status":"closed","ping_status":"closed","template":"","format":"standard","meta":{"footnotes":""},"portfolio_category":[1435,1566],"portfolio_skills":[2837],"portfolio_tags":[],"class_list":["post-189368","avada_portfolio","type-avada_portfolio","status-publish","format-standard","has-post-thumbnail","hentry","portfolio_category-proyectos-nacionales-es","portfolio_category-sostenibilidad","portfolio_skills-generalitat-de-catalunya-2"],"yoast_head":"<!-- This site is optimized with the Yoast SEO plugin v27.4 - https:\/\/yoast.com\/product\/yoast-seo-wordpress\/ -->\n<title>BARRACLIM - Eurecat<\/title>\n<meta name=\"description\" content=\"BARRACLIM monitoriza las interacciones hidro-morfo-ecol\u00f3gicas a lo largo del gradiente tierra\u2013mar en el Delta del Ebro\" \/>\n<meta name=\"robots\" content=\"index, follow, max-snippet:-1, max-image-preview:large, max-video-preview:-1\" \/>\n<link rel=\"canonical\" href=\"https:\/\/eurecat.org\/es\/portfolio-items\/barraclim\/\" \/>\n<meta property=\"og:locale\" content=\"es_ES\" \/>\n<meta property=\"og:type\" content=\"article\" \/>\n<meta property=\"og:title\" content=\"BARRACLIM - Eurecat\" \/>\n<meta property=\"og:description\" content=\"BARRACLIM monitoriza las interacciones hidro-morfo-ecol\u00f3gicas a lo largo del gradiente tierra\u2013mar en el Delta del Ebro\" \/>\n<meta property=\"og:url\" content=\"https:\/\/eurecat.org\/es\/portfolio-items\/barraclim\/\" \/>\n<meta property=\"og:site_name\" content=\"Eurecat\" \/>\n<meta property=\"article:modified_time\" content=\"2025-10-14T13:54:22+00:00\" \/>\n<meta property=\"og:image\" content=\"https:\/\/eurecat.org\/wp-content\/uploads\/2025\/10\/BARRACLIM_520x272.png\" \/>\n\t<meta property=\"og:image:width\" content=\"520\" \/>\n\t<meta property=\"og:image:height\" content=\"272\" \/>\n\t<meta property=\"og:image:type\" content=\"image\/png\" \/>\n<meta name=\"twitter:card\" content=\"summary_large_image\" \/>\n<meta name=\"twitter:label1\" content=\"Tiempo de lectura\" \/>\n\t<meta name=\"twitter:data1\" content=\"3 minutos\" \/>\n<script type=\"application\/ld+json\" class=\"yoast-schema-graph\">{\"@context\":\"https:\\\/\\\/schema.org\",\"@graph\":[{\"@type\":\"WebPage\",\"@id\":\"https:\\\/\\\/eurecat.org\\\/es\\\/portfolio-items\\\/barraclim\\\/\",\"url\":\"https:\\\/\\\/eurecat.org\\\/es\\\/portfolio-items\\\/barraclim\\\/\",\"name\":\"BARRACLIM - Eurecat\",\"isPartOf\":{\"@id\":\"https:\\\/\\\/eurecat.org\\\/es\\\/#website\"},\"primaryImageOfPage\":{\"@id\":\"https:\\\/\\\/eurecat.org\\\/es\\\/portfolio-items\\\/barraclim\\\/#primaryimage\"},\"image\":{\"@id\":\"https:\\\/\\\/eurecat.org\\\/es\\\/portfolio-items\\\/barraclim\\\/#primaryimage\"},\"thumbnailUrl\":\"https:\\\/\\\/eurecat.org\\\/wp-content\\\/uploads\\\/2025\\\/10\\\/BARRACLIM_520x272.png\",\"datePublished\":\"2025-10-14T13:53:47+00:00\",\"dateModified\":\"2025-10-14T13:54:22+00:00\",\"description\":\"BARRACLIM monitoriza las interacciones hidro-morfo-ecol\u00f3gicas a lo largo del gradiente tierra\u2013mar en el Delta del Ebro\",\"breadcrumb\":{\"@id\":\"https:\\\/\\\/eurecat.org\\\/es\\\/portfolio-items\\\/barraclim\\\/#breadcrumb\"},\"inLanguage\":\"es\",\"potentialAction\":[{\"@type\":\"ReadAction\",\"target\":[\"https:\\\/\\\/eurecat.org\\\/es\\\/portfolio-items\\\/barraclim\\\/\"]}]},{\"@type\":\"ImageObject\",\"inLanguage\":\"es\",\"@id\":\"https:\\\/\\\/eurecat.org\\\/es\\\/portfolio-items\\\/barraclim\\\/#primaryimage\",\"url\":\"https:\\\/\\\/eurecat.org\\\/wp-content\\\/uploads\\\/2025\\\/10\\\/BARRACLIM_520x272.png\",\"contentUrl\":\"https:\\\/\\\/eurecat.org\\\/wp-content\\\/uploads\\\/2025\\\/10\\\/BARRACLIM_520x272.png\",\"width\":520,\"height\":272,\"caption\":\"BARRACLIM EURECAT\"},{\"@type\":\"BreadcrumbList\",\"@id\":\"https:\\\/\\\/eurecat.org\\\/es\\\/portfolio-items\\\/barraclim\\\/#breadcrumb\",\"itemListElement\":[{\"@type\":\"ListItem\",\"position\":1,\"name\":\"Inici\",\"item\":\"https:\\\/\\\/eurecat.org\\\/es\\\/\"},{\"@type\":\"ListItem\",\"position\":2,\"name\":\"Proyectos\",\"item\":\"https:\\\/\\\/eurecat.org\\\/es\\\/portfolio-items\\\/\"},{\"@type\":\"ListItem\",\"position\":3,\"name\":\"BARRACLIM\"}]},{\"@type\":\"WebSite\",\"@id\":\"https:\\\/\\\/eurecat.org\\\/es\\\/#website\",\"url\":\"https:\\\/\\\/eurecat.org\\\/es\\\/\",\"name\":\"Eurecat\",\"description\":\"Otro sitio realizado con WordPress\",\"potentialAction\":[{\"@type\":\"SearchAction\",\"target\":{\"@type\":\"EntryPoint\",\"urlTemplate\":\"https:\\\/\\\/eurecat.org\\\/es\\\/?s={search_term_string}\"},\"query-input\":{\"@type\":\"PropertyValueSpecification\",\"valueRequired\":true,\"valueName\":\"search_term_string\"}}],\"inLanguage\":\"es\"}]}<\/script>\n<!-- \/ Yoast SEO plugin. -->","yoast_head_json":{"title":"BARRACLIM - Eurecat","description":"BARRACLIM monitoriza las interacciones hidro-morfo-ecol\u00f3gicas a lo largo del gradiente tierra\u2013mar en el Delta del Ebro","robots":{"index":"index","follow":"follow","max-snippet":"max-snippet:-1","max-image-preview":"max-image-preview:large","max-video-preview":"max-video-preview:-1"},"canonical":"https:\/\/eurecat.org\/es\/portfolio-items\/barraclim\/","og_locale":"es_ES","og_type":"article","og_title":"BARRACLIM - Eurecat","og_description":"BARRACLIM monitoriza las interacciones hidro-morfo-ecol\u00f3gicas a lo largo del gradiente tierra\u2013mar en el Delta del Ebro","og_url":"https:\/\/eurecat.org\/es\/portfolio-items\/barraclim\/","og_site_name":"Eurecat","article_modified_time":"2025-10-14T13:54:22+00:00","og_image":[{"width":520,"height":272,"url":"https:\/\/eurecat.org\/wp-content\/uploads\/2025\/10\/BARRACLIM_520x272.png","type":"image\/png"}],"twitter_card":"summary_large_image","twitter_misc":{"Tiempo de lectura":"3 minutos"},"schema":{"@context":"https:\/\/schema.org","@graph":[{"@type":"WebPage","@id":"https:\/\/eurecat.org\/es\/portfolio-items\/barraclim\/","url":"https:\/\/eurecat.org\/es\/portfolio-items\/barraclim\/","name":"BARRACLIM - Eurecat","isPartOf":{"@id":"https:\/\/eurecat.org\/es\/#website"},"primaryImageOfPage":{"@id":"https:\/\/eurecat.org\/es\/portfolio-items\/barraclim\/#primaryimage"},"image":{"@id":"https:\/\/eurecat.org\/es\/portfolio-items\/barraclim\/#primaryimage"},"thumbnailUrl":"https:\/\/eurecat.org\/wp-content\/uploads\/2025\/10\/BARRACLIM_520x272.png","datePublished":"2025-10-14T13:53:47+00:00","dateModified":"2025-10-14T13:54:22+00:00","description":"BARRACLIM monitoriza las interacciones hidro-morfo-ecol\u00f3gicas a lo largo del gradiente tierra\u2013mar en el Delta del Ebro","breadcrumb":{"@id":"https:\/\/eurecat.org\/es\/portfolio-items\/barraclim\/#breadcrumb"},"inLanguage":"es","potentialAction":[{"@type":"ReadAction","target":["https:\/\/eurecat.org\/es\/portfolio-items\/barraclim\/"]}]},{"@type":"ImageObject","inLanguage":"es","@id":"https:\/\/eurecat.org\/es\/portfolio-items\/barraclim\/#primaryimage","url":"https:\/\/eurecat.org\/wp-content\/uploads\/2025\/10\/BARRACLIM_520x272.png","contentUrl":"https:\/\/eurecat.org\/wp-content\/uploads\/2025\/10\/BARRACLIM_520x272.png","width":520,"height":272,"caption":"BARRACLIM EURECAT"},{"@type":"BreadcrumbList","@id":"https:\/\/eurecat.org\/es\/portfolio-items\/barraclim\/#breadcrumb","itemListElement":[{"@type":"ListItem","position":1,"name":"Inici","item":"https:\/\/eurecat.org\/es\/"},{"@type":"ListItem","position":2,"name":"Proyectos","item":"https:\/\/eurecat.org\/es\/portfolio-items\/"},{"@type":"ListItem","position":3,"name":"BARRACLIM"}]},{"@type":"WebSite","@id":"https:\/\/eurecat.org\/es\/#website","url":"https:\/\/eurecat.org\/es\/","name":"Eurecat","description":"Otro sitio realizado con WordPress","potentialAction":[{"@type":"SearchAction","target":{"@type":"EntryPoint","urlTemplate":"https:\/\/eurecat.org\/es\/?s={search_term_string}"},"query-input":{"@type":"PropertyValueSpecification","valueRequired":true,"valueName":"search_term_string"}}],"inLanguage":"es"}]}},"_links":{"self":[{"href":"https:\/\/eurecat.org\/es\/wp-json\/wp\/v2\/avada_portfolio\/189368","targetHints":{"allow":["GET"]}}],"collection":[{"href":"https:\/\/eurecat.org\/es\/wp-json\/wp\/v2\/avada_portfolio"}],"about":[{"href":"https:\/\/eurecat.org\/es\/wp-json\/wp\/v2\/types\/avada_portfolio"}],"author":[{"embeddable":true,"href":"https:\/\/eurecat.org\/es\/wp-json\/wp\/v2\/users\/33"}],"replies":[{"embeddable":true,"href":"https:\/\/eurecat.org\/es\/wp-json\/wp\/v2\/comments?post=189368"}],"version-history":[{"count":1,"href":"https:\/\/eurecat.org\/es\/wp-json\/wp\/v2\/avada_portfolio\/189368\/revisions"}],"predecessor-version":[{"id":189381,"href":"https:\/\/eurecat.org\/es\/wp-json\/wp\/v2\/avada_portfolio\/189368\/revisions\/189381"}],"wp:featuredmedia":[{"embeddable":true,"href":"https:\/\/eurecat.org\/es\/wp-json\/wp\/v2\/media\/189379"}],"wp:attachment":[{"href":"https:\/\/eurecat.org\/es\/wp-json\/wp\/v2\/media?parent=189368"}],"wp:term":[{"taxonomy":"portfolio_category","embeddable":true,"href":"https:\/\/eurecat.org\/es\/wp-json\/wp\/v2\/portfolio_category?post=189368"},{"taxonomy":"portfolio_skills","embeddable":true,"href":"https:\/\/eurecat.org\/es\/wp-json\/wp\/v2\/portfolio_skills?post=189368"},{"taxonomy":"portfolio_tags","embeddable":true,"href":"https:\/\/eurecat.org\/es\/wp-json\/wp\/v2\/portfolio_tags?post=189368"}],"curies":[{"name":"wp","href":"https:\/\/api.w.org\/{rel}","templated":true}]}}