{"id":191080,"date":"2025-12-10T11:35:54","date_gmt":"2025-12-10T10:35:54","guid":{"rendered":"https:\/\/eurecat.org\/portfolio-items\/tic-i-turisme\/"},"modified":"2025-12-10T11:53:22","modified_gmt":"2025-12-10T10:53:22","slug":"tic-i-turisme","status":"publish","type":"avada_portfolio","link":"https:\/\/eurecat.org\/es\/portfolio-items\/tic-i-turisme\/","title":{"rendered":"TIC I TURISME"},"content":{"rendered":"<div class=\"fusion-fullwidth fullwidth-box fusion-builder-row-1 hundred-percent-fullwidth non-hundred-percent-height-scrolling\" style=\"--awb-border-radius-top-left:0px;--awb-border-radius-top-right:0px;--awb-border-radius-bottom-right:0px;--awb-border-radius-bottom-left:0px;--awb-overflow:visible;--awb-flex-wrap:wrap;\" ><div class=\"fusion-builder-row fusion-row\"><div class=\"fusion-layout-column fusion_builder_column fusion-builder-column-0 fusion_builder_column_2_3 2_3 fusion-two-third fusion-column-first\" style=\"--awb-bg-size:cover;width:65.3333%; margin-right: 4%;\"><div class=\"fusion-column-wrapper fusion-flex-column-wrapper-legacy\"><div class=\"fusion-image-element in-legacy-container\" style=\"--awb-caption-title-font-family:var(--h2_typography-font-family);--awb-caption-title-font-weight:var(--h2_typography-font-weight);--awb-caption-title-font-style:var(--h2_typography-font-style);--awb-caption-title-size:var(--h2_typography-font-size);--awb-caption-title-transform:var(--h2_typography-text-transform);--awb-caption-title-line-height:var(--h2_typography-line-height);--awb-caption-title-letter-spacing:var(--h2_typography-letter-spacing);\"><span class=\" fusion-imageframe imageframe-none imageframe-1 hover-type-none\"><img decoding=\"async\" width=\"850\" height=\"447\" alt=\"TIC I TURISME EURECAT\" title=\"TICITURISME_850x447px\" src=\"https:\/\/eurecat.org\/wp-content\/uploads\/2025\/12\/TICITURISME_850x447px.jpg\" class=\"img-responsive wp-image-191076\" srcset=\"https:\/\/eurecat.org\/wp-content\/uploads\/2025\/12\/TICITURISME_850x447px-200x105.jpg 200w, https:\/\/eurecat.org\/wp-content\/uploads\/2025\/12\/TICITURISME_850x447px-400x210.jpg 400w, https:\/\/eurecat.org\/wp-content\/uploads\/2025\/12\/TICITURISME_850x447px-600x316.jpg 600w, https:\/\/eurecat.org\/wp-content\/uploads\/2025\/12\/TICITURISME_850x447px-800x421.jpg 800w, https:\/\/eurecat.org\/wp-content\/uploads\/2025\/12\/TICITURISME_850x447px.jpg 850w\" sizes=\"(max-width: 800px) 100vw, 850px\" \/><\/span><\/div><div class=\"fusion-text fusion-text-1\" style=\"--awb-text-transform:none;\"><\/div><div class=\"fusion-sep-clear\"><\/div><div class=\"fusion-separator fusion-full-width-sep\" style=\"margin-left: auto;margin-right: auto;width:100%;\"><\/div><div class=\"fusion-sep-clear\"><\/div><div class=\"fusion-title title fusion-title-1 fusion-title-text fusion-title-size-three\" style=\"--awb-margin-top-small:0px;--awb-margin-right-small:0px;--awb-margin-bottom-small:20px;--awb-margin-left-small:0px;\"><h3 class=\"fusion-title-heading title-heading-left\" style=\"margin:0;\"><\/h3><span class=\"awb-title-spacer\"><\/span><div class=\"title-sep-container\"><div class=\"title-sep sep-double sep-solid\" style=\"border-color:#e0dede;\"><\/div><\/div><\/div><div class=\"fusion-text fusion-text-2\" style=\"--awb-text-transform:none;\"><p>Soluciones innovadoras, sostenibles e inteligentes para mejorar la gesti\u00f3n del turismo en Barcelona.<\/p>\n<p>El proyecto <strong>TIC I TURISME<\/strong> impulsa el <strong>uso de la tecnolog\u00eda, los datos y la innovaci\u00f3n para optimizar la gesti\u00f3n del turismo en Barcelona<\/strong>, promoviendo un modelo m\u00e1s sostenible, inteligente y responsable.<\/p>\n<p>Este proyecto incluye diversas actuaciones complementarias orientadas a <strong>generar conocimiento, mejorar las herramientas digitales existentes y fomentar la transferencia tecnol\u00f3gica al sector<\/strong>. Entre ellas, destaca la operaci\u00f3n estad\u00edstica de medici\u00f3n de la ocupaci\u00f3n de alojamientos tur\u00edsticos mediante el Tourism Data System (TDS), que proporciona indicadores fiables y actualizados para facilitar la toma de decisiones. Asimismo, se ha desarrollado un estudio basado en datos de telefon\u00eda m\u00f3vil para analizar los flujos de visitantes, caracterizar los perfiles y comprender la movilidad tur\u00edstica a escala urbana.<\/p>\n<p>El proyecto tambi\u00e9n impulsa el <strong>Forum TurisTIC<\/strong>, un espacio de referencia organizado por Eurecat que conecta empresas, administraciones y expertos para difundir tendencias y fomentar la innovaci\u00f3n en el turismo, y mantiene la plataforma <strong>Check Barcelona<\/strong>, una herramienta digital que ofrece informaci\u00f3n \u00fatil a los visitantes y contribuye a garantizar una experiencia m\u00e1s segura y ordenada en la ciudad. Estas iniciativas combinan tecnolog\u00eda y datos para apoyar un turismo m\u00e1s eficiente, sostenible y orientado a la calidad de la experiencia del visitante.<\/p>\n<p>TIC I TURISME es un proyecto impulsado mediante un convenio con el <a href=\"https:\/\/www.barcelona.cat\/es\" target=\"_blank\" rel=\"noopener\"><strong>Ayuntamiento de Barcelona<\/strong><\/a> y cuenta con la participaci\u00f3n de Eurecat a trav\u00e9s de su <a href=\"https:\/\/eurecat.org\/es\/servicios\/consultoria-tecnologica\/\"><strong>departamento de Consultor\u00eda<\/strong><\/a> y la <a href=\"https:\/\/eurecat.org\/es\/ambitos-de-conocimiento\/big-data\/\"><strong>unidad de Big Data &amp; Data Science<\/strong><\/a>.<\/p>\n<\/div><div class=\"fusion-clearfix\"><\/div><\/div><\/div><div class=\"fusion-layout-column fusion_builder_column fusion-builder-column-1 fusion_builder_column_1_3 1_3 fusion-one-third fusion-column-last\" style=\"--awb-bg-size:cover;width:30.6666%;\"><div class=\"fusion-column-wrapper fusion-flex-column-wrapper-legacy\"><div class=\"fusion-title title fusion-title-2 fusion-title-text fusion-title-size-three\" style=\"--awb-margin-top-small:0px;--awb-margin-right-small:0px;--awb-margin-bottom-small:20px;--awb-margin-left-small:0px;\"><h3 class=\"fusion-title-heading title-heading-left\" style=\"margin:0;\">Datos generales<\/h3><span class=\"awb-title-spacer\"><\/span><div class=\"title-sep-container\"><div class=\"title-sep sep-double sep-solid\" style=\"border-color:#e0dede;\"><\/div><\/div><\/div><div class=\"fusion-text fusion-text-3\" style=\"--awb-text-transform:none;\"><p><strong>Proyecto<\/strong><\/p>\n<p>TIC I TURISME<\/p>\n<div id=\"gtx-trans\" style=\"position: absolute; left: 209px; top: 30px;\">\n<div class=\"gtx-trans-icon\"><\/div>\n<\/div>\n<\/div><div class=\"fusion-sep-clear\"><\/div><div class=\"fusion-separator fusion-full-width-sep\" style=\"margin-left: auto;margin-right: auto;margin-top:0px;margin-bottom:10px;width:100%;\"><div class=\"fusion-separator-border sep-single sep-solid\" style=\"--awb-height:20px;--awb-amount:20px;border-color:#e0dede;border-top-width:1px;\"><\/div><\/div><div class=\"fusion-sep-clear\"><\/div><div class=\"fusion-text fusion-text-4\" style=\"--awb-text-transform:none;\"><p><strong>Referencia del proyecto<\/strong><\/p>\n<p>PR25\/0344<\/p>\n<\/div><div class=\"fusion-sep-clear\"><\/div><div class=\"fusion-separator fusion-full-width-sep\" style=\"margin-left: auto;margin-right: auto;margin-top:0px;margin-bottom:10px;width:100%;\"><div class=\"fusion-separator-border sep-single sep-solid\" style=\"--awb-height:20px;--awb-amount:20px;border-color:#e0dede;border-top-width:1px;\"><\/div><\/div><div class=\"fusion-sep-clear\"><\/div><div class=\"fusion-text fusion-text-5\" style=\"--awb-text-transform:none;\"><p><strong>Programa y convocatoria <\/strong><\/p>\n<p>Convenio con el Ayuntamiento de Barcelona para impulsar la estrategia de uso de herramientas digitales<\/p>\n<div id=\"gtx-trans\" style=\"position: absolute; left: 325px; top: 30px;\">\n<div class=\"gtx-trans-icon\"><\/div>\n<\/div>\n<\/div><div class=\"fusion-sep-clear\"><\/div><div class=\"fusion-separator fusion-full-width-sep\" style=\"margin-left: auto;margin-right: auto;margin-top:0px;margin-bottom:10px;width:100%;\"><div class=\"fusion-separator-border sep-single sep-solid\" style=\"--awb-height:20px;--awb-amount:20px;border-color:#e0dede;border-top-width:1px;\"><\/div><\/div><div class=\"fusion-sep-clear\"><\/div><div class=\"fusion-text fusion-text-6\" style=\"--awb-text-transform:none;\"><p><strong>ODS relacionados<\/strong><\/p>\n<\/div><div class=\"accordian fusion-accordian\" style=\"--awb-border-size:1px;--awb-icon-size:13px;--awb-content-font-size:14px;--awb-icon-alignment:left;--awb-hover-color:#f9f9f9;--awb-border-color:#cccccc;--awb-background-color:#ffffff;--awb-divider-color:#e0dede;--awb-divider-hover-color:#e0dede;--awb-icon-color:#ffffff;--awb-title-color:#662483;--awb-content-color:#747474;--awb-icon-box-color:#333333;--awb-toggle-hover-accent-color:#642c81;--awb-title-font-family:&quot;Open Sans&quot;;--awb-title-font-weight:400;--awb-title-font-style:normal;--awb-title-font-size:13px;--awb-content-font-family:&quot;Open Sans&quot;;--awb-content-font-style:normal;--awb-content-font-weight:400;\"><div class=\"panel-group fusion-toggle-icon-boxed\" id=\"accordion-191080-1\"><div class=\"fusion-panel panel-default panel-39e3a303e8e3dad8a fusion-toggle-has-divider\" style=\"--awb-title-color:#662483;--awb-content-color:#747474;\"><div class=\"panel-heading\"><h4 class=\"panel-title toggle\" id=\"toggle_39e3a303e8e3dad8a\"><a aria-expanded=\"false\" aria-controls=\"39e3a303e8e3dad8a\" role=\"button\" data-toggle=\"collapse\" data-parent=\"#accordion-191080-1\" data-target=\"#39e3a303e8e3dad8a\" href=\"#39e3a303e8e3dad8a\"><span class=\"fusion-toggle-icon-wrapper\" aria-hidden=\"true\"><i class=\"fa-fusion-box active-icon awb-icon-minus\" aria-hidden=\"true\"><\/i><i class=\"fa-fusion-box inactive-icon awb-icon-plus\" aria-hidden=\"true\"><\/i><\/span><span class=\"fusion-toggle-heading\">4. Educaci\u00f3n de calidad<\/span><\/a><\/h4><\/div><div id=\"39e3a303e8e3dad8a\" class=\"panel-collapse collapse \" aria-labelledby=\"toggle_39e3a303e8e3dad8a\"><div class=\"panel-body toggle-content fusion-clearfix\">\n<p data-start=\"124\" data-end=\"400\">El convenio incorpora acciones de difusi\u00f3n y capacitaci\u00f3n (especialmente a trav\u00e9s del F\u00f3rum TurisTIC) que contribuyen a la formaci\u00f3n continua del sector, a la difusi\u00f3n de conocimiento y a la mejora de las competencias en TIC y gesti\u00f3n tur\u00edstica.<\/p>\n<\/div><\/div><\/div><div class=\"fusion-panel panel-default panel-9dc0a92f2a6b22903 fusion-toggle-has-divider\" style=\"--awb-title-color:#662483;--awb-content-color:#747474;\"><div class=\"panel-heading\"><h4 class=\"panel-title toggle\" id=\"toggle_9dc0a92f2a6b22903\"><a aria-expanded=\"false\" aria-controls=\"9dc0a92f2a6b22903\" role=\"button\" data-toggle=\"collapse\" data-parent=\"#accordion-191080-1\" data-target=\"#9dc0a92f2a6b22903\" href=\"#9dc0a92f2a6b22903\"><span class=\"fusion-toggle-icon-wrapper\" aria-hidden=\"true\"><i class=\"fa-fusion-box active-icon awb-icon-minus\" aria-hidden=\"true\"><\/i><i class=\"fa-fusion-box inactive-icon awb-icon-plus\" aria-hidden=\"true\"><\/i><\/span><span class=\"fusion-toggle-heading\">8. Trabajo digno y crecimiento econ\u00f3mico<\/span><\/a><\/h4><\/div><div id=\"9dc0a92f2a6b22903\" class=\"panel-collapse collapse \" aria-labelledby=\"toggle_9dc0a92f2a6b22903\"><div class=\"panel-body toggle-content fusion-clearfix\">\n<p data-start=\"402\" data-end=\"767\">Las actuaciones del proyecto contribuyen al desarrollo de un sector tur\u00edstico m\u00e1s competitivo, eficiente y preparado para afrontar retos futuros. El conocimiento generado mejora la toma de decisiones econ\u00f3micas, fomenta un crecimiento responsable y potencia la actividad vinculada a la innovaci\u00f3n y la digitalizaci\u00f3n.<\/p>\n<\/div><\/div><\/div><div class=\"fusion-panel panel-default panel-5c78805dd8972c1c9 fusion-toggle-has-divider\" style=\"--awb-title-color:#662483;--awb-content-color:#747474;\"><div class=\"panel-heading\"><h4 class=\"panel-title toggle\" id=\"toggle_5c78805dd8972c1c9\"><a aria-expanded=\"false\" aria-controls=\"5c78805dd8972c1c9\" role=\"button\" data-toggle=\"collapse\" data-parent=\"#accordion-191080-1\" data-target=\"#5c78805dd8972c1c9\" href=\"#5c78805dd8972c1c9\"><span class=\"fusion-toggle-icon-wrapper\" aria-hidden=\"true\"><i class=\"fa-fusion-box active-icon awb-icon-minus\" aria-hidden=\"true\"><\/i><i class=\"fa-fusion-box inactive-icon awb-icon-plus\" aria-hidden=\"true\"><\/i><\/span><span class=\"fusion-toggle-heading\">9. Innovaci\u00f3n e infraestructuras<\/span><\/a><\/h4><\/div><div id=\"5c78805dd8972c1c9\" class=\"panel-collapse collapse \" aria-labelledby=\"toggle_5c78805dd8972c1c9\"><div class=\"panel-body toggle-content fusion-clearfix\">\n<p data-start=\"769\" data-end=\"1074\">El proyecto promueve la digitalizaci\u00f3n del sector tur\u00edstico, la generaci\u00f3n y el uso de herramientas tecnol\u00f3gicas avanzadas y la transferencia de conocimiento en innovaci\u00f3n. Esto moderniza la infraestructura de gesti\u00f3n tur\u00edstica y facilita procesos basados en datos.<\/p>\n<\/div><\/div><\/div><div class=\"fusion-panel panel-default panel-cfa012c380be8b572 fusion-toggle-has-divider\" style=\"--awb-title-color:#662483;--awb-content-color:#747474;\"><div class=\"panel-heading\"><h4 class=\"panel-title toggle\" id=\"toggle_cfa012c380be8b572\"><a aria-expanded=\"false\" aria-controls=\"cfa012c380be8b572\" role=\"button\" data-toggle=\"collapse\" data-parent=\"#accordion-191080-1\" data-target=\"#cfa012c380be8b572\" href=\"#cfa012c380be8b572\"><span class=\"fusion-toggle-icon-wrapper\" aria-hidden=\"true\"><i class=\"fa-fusion-box active-icon awb-icon-minus\" aria-hidden=\"true\"><\/i><i class=\"fa-fusion-box inactive-icon awb-icon-plus\" aria-hidden=\"true\"><\/i><\/span><span class=\"fusion-toggle-heading\">11. Ciudades y comunidades sostenibles<\/span><\/a><\/h4><\/div><div id=\"cfa012c380be8b572\" class=\"panel-collapse collapse \" aria-labelledby=\"toggle_cfa012c380be8b572\"><div class=\"panel-body toggle-content fusion-clearfix\">\n<p data-start=\"1076\" data-end=\"1465\">El proyecto proporciona informaci\u00f3n clave para gestionar de manera responsable los flujos tur\u00edsticos, reducir la presi\u00f3n en zonas sensibles y favorecer la convivencia entre visitantes y residentes. Las herramientas y estudios desarrollados ayudan a planificar pol\u00edticas urbanas basadas en datos y orientadas a un turismo sostenible y ordenado.<\/p>\n<\/div><\/div><\/div><div class=\"fusion-panel panel-default panel-9cb3d8b183a34740a fusion-toggle-has-divider\" style=\"--awb-title-color:#662483;--awb-content-color:#747474;\"><div class=\"panel-heading\"><h4 class=\"panel-title toggle\" id=\"toggle_9cb3d8b183a34740a\"><a aria-expanded=\"false\" aria-controls=\"9cb3d8b183a34740a\" role=\"button\" data-toggle=\"collapse\" data-parent=\"#accordion-191080-1\" data-target=\"#9cb3d8b183a34740a\" href=\"#9cb3d8b183a34740a\"><span class=\"fusion-toggle-icon-wrapper\" aria-hidden=\"true\"><i class=\"fa-fusion-box active-icon awb-icon-minus\" aria-hidden=\"true\"><\/i><i class=\"fa-fusion-box inactive-icon awb-icon-plus\" aria-hidden=\"true\"><\/i><\/span><span class=\"fusion-toggle-heading\">12. Consumo responsable y producci\u00f3n sostenible<\/span><\/a><\/h4><\/div><div id=\"9cb3d8b183a34740a\" class=\"panel-collapse collapse \" aria-labelledby=\"toggle_9cb3d8b183a34740a\"><div class=\"panel-body toggle-content fusion-clearfix\">\n<p data-start=\"1467\" data-end=\"1756\">El uso de datos y herramientas digitales permite fomentar pr\u00e1cticas tur\u00edsticas m\u00e1s sostenibles, reducir aglomeraciones, mejorar la eficiencia en el uso de recursos e informar a visitantes y empresas sobre comportamientos responsables.<\/p>\n<\/div><\/div><\/div><div class=\"fusion-panel panel-default panel-342e3222d973275eb fusion-toggle-has-divider\" style=\"--awb-title-color:#662483;--awb-content-color:#747474;\"><div class=\"panel-heading\"><h4 class=\"panel-title toggle\" id=\"toggle_342e3222d973275eb\"><a aria-expanded=\"false\" aria-controls=\"342e3222d973275eb\" role=\"button\" data-toggle=\"collapse\" data-parent=\"#accordion-191080-1\" data-target=\"#342e3222d973275eb\" href=\"#342e3222d973275eb\"><span class=\"fusion-toggle-icon-wrapper\" aria-hidden=\"true\"><i class=\"fa-fusion-box active-icon awb-icon-minus\" aria-hidden=\"true\"><\/i><i class=\"fa-fusion-box inactive-icon awb-icon-plus\" aria-hidden=\"true\"><\/i><\/span><span class=\"fusion-toggle-heading\">13. Lucha contra el cambio clim\u00e1tico<\/span><\/a><\/h4><\/div><div id=\"342e3222d973275eb\" class=\"panel-collapse collapse \" aria-labelledby=\"toggle_342e3222d973275eb\"><div class=\"panel-body toggle-content fusion-clearfix\">\n<p data-start=\"1758\" data-end=\"2073\">De manera indirecta, el proyecto ayuda a reducir el impacto ambiental del turismo mediante la gesti\u00f3n inteligente de la movilidad, la disminuci\u00f3n de congestiones y la optimizaci\u00f3n de infraestructuras, favoreciendo as\u00ed un menor consumo energ\u00e9tico y de emisiones asociadas.<\/p>\n<\/div><\/div><\/div><div class=\"fusion-panel panel-default panel-1666c1d21e91b9614 fusion-toggle-has-divider\" style=\"--awb-title-color:#662483;--awb-content-color:#747474;\"><div class=\"panel-heading\"><h4 class=\"panel-title toggle\" id=\"toggle_1666c1d21e91b9614\"><a aria-expanded=\"false\" aria-controls=\"1666c1d21e91b9614\" role=\"button\" data-toggle=\"collapse\" data-parent=\"#accordion-191080-1\" data-target=\"#1666c1d21e91b9614\" href=\"#1666c1d21e91b9614\"><span class=\"fusion-toggle-icon-wrapper\" aria-hidden=\"true\"><i class=\"fa-fusion-box active-icon awb-icon-minus\" aria-hidden=\"true\"><\/i><i class=\"fa-fusion-box inactive-icon awb-icon-plus\" aria-hidden=\"true\"><\/i><\/span><span class=\"fusion-toggle-heading\">17. Alianzas para los objetivos mundiales<\/span><\/a><\/h4><\/div><div id=\"1666c1d21e91b9614\" class=\"panel-collapse collapse \" aria-labelledby=\"toggle_1666c1d21e91b9614\"><div class=\"panel-body toggle-content fusion-clearfix\">\n<p data-start=\"2075\" data-end=\"2449\">El proyecto consolida una colaboraci\u00f3n estrecha entre la administraci\u00f3n p\u00fablica y el centro tecnol\u00f3gico, y favorece la relaci\u00f3n con el sector empresarial, asociaciones y otros agentes del turismo y de las TIC. Esta alianza es esencial para generar estrategias conjuntas e impulsar un modelo de turismo sostenible e innovador.<\/p>\n<\/div><\/div><\/div><\/div><\/div><div class=\"fusion-sep-clear\"><\/div><div class=\"fusion-separator fusion-full-width-sep\" style=\"margin-left: auto;margin-right: auto;margin-top:0px;margin-bottom:10px;width:100%;\"><div class=\"fusion-separator-border sep-single sep-solid\" style=\"--awb-height:20px;--awb-amount:20px;border-color:#e0dede;border-top-width:1px;\"><\/div><\/div><div class=\"fusion-sep-clear\"><\/div><div class=\"fusion-sep-clear\"><\/div><div class=\"fusion-separator fusion-full-width-sep\" style=\"margin-left: auto;margin-right: auto;margin-top:10px;margin-bottom:10px;width:100%;\"><\/div><div class=\"fusion-sep-clear\"><\/div><div class=\"fusion-image-element fusion-image-align-center in-legacy-container\" style=\"text-align:center;--awb-caption-title-font-family:var(--h2_typography-font-family);--awb-caption-title-font-weight:var(--h2_typography-font-weight);--awb-caption-title-font-style:var(--h2_typography-font-style);--awb-caption-title-size:var(--h2_typography-font-size);--awb-caption-title-transform:var(--h2_typography-text-transform);--awb-caption-title-line-height:var(--h2_typography-line-height);--awb-caption-title-letter-spacing:var(--h2_typography-letter-spacing);\"><div class=\"imageframe-align-center\"><span class=\" fusion-imageframe imageframe-none imageframe-2 hover-type-none\"><img decoding=\"async\" width=\"400\" height=\"102\" title=\"AJBCN_Sign_Com_Negre_Transparent\" src=\"https:\/\/eurecat.org\/wp-content\/uploads\/2025\/12\/AJBCN_Sign_Com_Negre_Transparent-400x102.png\" alt class=\"img-responsive wp-image-191068\" srcset=\"https:\/\/eurecat.org\/wp-content\/uploads\/2025\/12\/AJBCN_Sign_Com_Negre_Transparent-200x51.png 200w, https:\/\/eurecat.org\/wp-content\/uploads\/2025\/12\/AJBCN_Sign_Com_Negre_Transparent-400x102.png 400w, https:\/\/eurecat.org\/wp-content\/uploads\/2025\/12\/AJBCN_Sign_Com_Negre_Transparent-600x154.png 600w, https:\/\/eurecat.org\/wp-content\/uploads\/2025\/12\/AJBCN_Sign_Com_Negre_Transparent-800x205.png 800w, https:\/\/eurecat.org\/wp-content\/uploads\/2025\/12\/AJBCN_Sign_Com_Negre_Transparent-1200x307.png 1200w\" sizes=\"(max-width: 800px) 100vw, 600px\" \/><\/span><\/div><\/div><div class=\"fusion-clearfix\"><\/div><\/div><\/div><\/div><\/div>\n","protected":false},"excerpt":{"rendered":"","protected":false},"author":30,"featured_media":191073,"menu_order":0,"comment_status":"closed","ping_status":"closed","template":"","format":"standard","meta":{"footnotes":""},"portfolio_category":[1552,1871,1435],"portfolio_skills":[3026],"portfolio_tags":[],"class_list":["post-191080","avada_portfolio","type-avada_portfolio","status-publish","format-standard","has-post-thumbnail","hentry","portfolio_category-big-data-es","portfolio_category-consultoria-es","portfolio_category-proyectos-nacionales-es","portfolio_skills-ajuntament-de-barcelona"],"yoast_head":"<!-- This site is optimized with the Yoast SEO plugin v27.4 - https:\/\/yoast.com\/product\/yoast-seo-wordpress\/ -->\n<title>TIC I TURISME - Eurecat<\/title>\n<meta name=\"description\" content=\"TIC I TURISME - Conveni amb l\u2019Ajuntament de Barcelona per impulsar l\u2019estrat\u00e8gia d\u2019\u00fas d\u2019eines digitals\" \/>\n<meta name=\"robots\" content=\"index, follow, max-snippet:-1, max-image-preview:large, max-video-preview:-1\" \/>\n<link rel=\"canonical\" href=\"https:\/\/eurecat.org\/es\/portfolio-items\/tic-i-turisme\/\" \/>\n<meta property=\"og:locale\" content=\"es_ES\" \/>\n<meta property=\"og:type\" content=\"article\" \/>\n<meta property=\"og:title\" content=\"TIC I TURISME - Eurecat\" \/>\n<meta property=\"og:description\" content=\"TIC I TURISME - Conveni amb l\u2019Ajuntament de Barcelona per impulsar l\u2019estrat\u00e8gia d\u2019\u00fas d\u2019eines digitals\" \/>\n<meta property=\"og:url\" content=\"https:\/\/eurecat.org\/es\/portfolio-items\/tic-i-turisme\/\" \/>\n<meta property=\"og:site_name\" content=\"Eurecat\" \/>\n<meta property=\"article:modified_time\" content=\"2025-12-10T10:53:22+00:00\" \/>\n<meta property=\"og:image\" content=\"https:\/\/eurecat.org\/wp-content\/uploads\/2025\/12\/TICITURISME_520x272px.jpg\" \/>\n\t<meta property=\"og:image:width\" content=\"520\" \/>\n\t<meta property=\"og:image:height\" content=\"272\" \/>\n\t<meta property=\"og:image:type\" content=\"image\/jpeg\" \/>\n<meta name=\"twitter:card\" content=\"summary_large_image\" \/>\n<meta name=\"twitter:label1\" content=\"Tiempo de lectura\" \/>\n\t<meta name=\"twitter:data1\" content=\"4 minutos\" \/>\n<script type=\"application\/ld+json\" class=\"yoast-schema-graph\">{\"@context\":\"https:\\\/\\\/schema.org\",\"@graph\":[{\"@type\":\"WebPage\",\"@id\":\"https:\\\/\\\/eurecat.org\\\/es\\\/portfolio-items\\\/tic-i-turisme\\\/\",\"url\":\"https:\\\/\\\/eurecat.org\\\/es\\\/portfolio-items\\\/tic-i-turisme\\\/\",\"name\":\"TIC I TURISME - Eurecat\",\"isPartOf\":{\"@id\":\"https:\\\/\\\/eurecat.org\\\/es\\\/#website\"},\"primaryImageOfPage\":{\"@id\":\"https:\\\/\\\/eurecat.org\\\/es\\\/portfolio-items\\\/tic-i-turisme\\\/#primaryimage\"},\"image\":{\"@id\":\"https:\\\/\\\/eurecat.org\\\/es\\\/portfolio-items\\\/tic-i-turisme\\\/#primaryimage\"},\"thumbnailUrl\":\"https:\\\/\\\/eurecat.org\\\/wp-content\\\/uploads\\\/2025\\\/12\\\/TICITURISME_520x272px.jpg\",\"datePublished\":\"2025-12-10T10:35:54+00:00\",\"dateModified\":\"2025-12-10T10:53:22+00:00\",\"description\":\"TIC I TURISME - Conveni amb l\u2019Ajuntament de Barcelona per impulsar l\u2019estrat\u00e8gia d\u2019\u00fas d\u2019eines digitals\",\"breadcrumb\":{\"@id\":\"https:\\\/\\\/eurecat.org\\\/es\\\/portfolio-items\\\/tic-i-turisme\\\/#breadcrumb\"},\"inLanguage\":\"es\",\"potentialAction\":[{\"@type\":\"ReadAction\",\"target\":[\"https:\\\/\\\/eurecat.org\\\/es\\\/portfolio-items\\\/tic-i-turisme\\\/\"]}]},{\"@type\":\"ImageObject\",\"inLanguage\":\"es\",\"@id\":\"https:\\\/\\\/eurecat.org\\\/es\\\/portfolio-items\\\/tic-i-turisme\\\/#primaryimage\",\"url\":\"https:\\\/\\\/eurecat.org\\\/wp-content\\\/uploads\\\/2025\\\/12\\\/TICITURISME_520x272px.jpg\",\"contentUrl\":\"https:\\\/\\\/eurecat.org\\\/wp-content\\\/uploads\\\/2025\\\/12\\\/TICITURISME_520x272px.jpg\",\"width\":520,\"height\":272,\"caption\":\"TIC I TURISME EURECAT\"},{\"@type\":\"BreadcrumbList\",\"@id\":\"https:\\\/\\\/eurecat.org\\\/es\\\/portfolio-items\\\/tic-i-turisme\\\/#breadcrumb\",\"itemListElement\":[{\"@type\":\"ListItem\",\"position\":1,\"name\":\"Inici\",\"item\":\"https:\\\/\\\/eurecat.org\\\/es\\\/\"},{\"@type\":\"ListItem\",\"position\":2,\"name\":\"Proyectos\",\"item\":\"https:\\\/\\\/eurecat.org\\\/es\\\/portfolio-items\\\/\"},{\"@type\":\"ListItem\",\"position\":3,\"name\":\"TIC I TURISME\"}]},{\"@type\":\"WebSite\",\"@id\":\"https:\\\/\\\/eurecat.org\\\/es\\\/#website\",\"url\":\"https:\\\/\\\/eurecat.org\\\/es\\\/\",\"name\":\"Eurecat\",\"description\":\"Otro sitio realizado con WordPress\",\"potentialAction\":[{\"@type\":\"SearchAction\",\"target\":{\"@type\":\"EntryPoint\",\"urlTemplate\":\"https:\\\/\\\/eurecat.org\\\/es\\\/?s={search_term_string}\"},\"query-input\":{\"@type\":\"PropertyValueSpecification\",\"valueRequired\":true,\"valueName\":\"search_term_string\"}}],\"inLanguage\":\"es\"}]}<\/script>\n<!-- \/ Yoast SEO plugin. -->","yoast_head_json":{"title":"TIC I TURISME - Eurecat","description":"TIC I TURISME - Conveni amb l\u2019Ajuntament de Barcelona per impulsar l\u2019estrat\u00e8gia d\u2019\u00fas d\u2019eines digitals","robots":{"index":"index","follow":"follow","max-snippet":"max-snippet:-1","max-image-preview":"max-image-preview:large","max-video-preview":"max-video-preview:-1"},"canonical":"https:\/\/eurecat.org\/es\/portfolio-items\/tic-i-turisme\/","og_locale":"es_ES","og_type":"article","og_title":"TIC I TURISME - Eurecat","og_description":"TIC I TURISME - Conveni amb l\u2019Ajuntament de Barcelona per impulsar l\u2019estrat\u00e8gia d\u2019\u00fas d\u2019eines digitals","og_url":"https:\/\/eurecat.org\/es\/portfolio-items\/tic-i-turisme\/","og_site_name":"Eurecat","article_modified_time":"2025-12-10T10:53:22+00:00","og_image":[{"width":520,"height":272,"url":"https:\/\/eurecat.org\/wp-content\/uploads\/2025\/12\/TICITURISME_520x272px.jpg","type":"image\/jpeg"}],"twitter_card":"summary_large_image","twitter_misc":{"Tiempo de lectura":"4 minutos"},"schema":{"@context":"https:\/\/schema.org","@graph":[{"@type":"WebPage","@id":"https:\/\/eurecat.org\/es\/portfolio-items\/tic-i-turisme\/","url":"https:\/\/eurecat.org\/es\/portfolio-items\/tic-i-turisme\/","name":"TIC I TURISME - Eurecat","isPartOf":{"@id":"https:\/\/eurecat.org\/es\/#website"},"primaryImageOfPage":{"@id":"https:\/\/eurecat.org\/es\/portfolio-items\/tic-i-turisme\/#primaryimage"},"image":{"@id":"https:\/\/eurecat.org\/es\/portfolio-items\/tic-i-turisme\/#primaryimage"},"thumbnailUrl":"https:\/\/eurecat.org\/wp-content\/uploads\/2025\/12\/TICITURISME_520x272px.jpg","datePublished":"2025-12-10T10:35:54+00:00","dateModified":"2025-12-10T10:53:22+00:00","description":"TIC I TURISME - Conveni amb l\u2019Ajuntament de Barcelona per impulsar l\u2019estrat\u00e8gia d\u2019\u00fas d\u2019eines digitals","breadcrumb":{"@id":"https:\/\/eurecat.org\/es\/portfolio-items\/tic-i-turisme\/#breadcrumb"},"inLanguage":"es","potentialAction":[{"@type":"ReadAction","target":["https:\/\/eurecat.org\/es\/portfolio-items\/tic-i-turisme\/"]}]},{"@type":"ImageObject","inLanguage":"es","@id":"https:\/\/eurecat.org\/es\/portfolio-items\/tic-i-turisme\/#primaryimage","url":"https:\/\/eurecat.org\/wp-content\/uploads\/2025\/12\/TICITURISME_520x272px.jpg","contentUrl":"https:\/\/eurecat.org\/wp-content\/uploads\/2025\/12\/TICITURISME_520x272px.jpg","width":520,"height":272,"caption":"TIC I TURISME EURECAT"},{"@type":"BreadcrumbList","@id":"https:\/\/eurecat.org\/es\/portfolio-items\/tic-i-turisme\/#breadcrumb","itemListElement":[{"@type":"ListItem","position":1,"name":"Inici","item":"https:\/\/eurecat.org\/es\/"},{"@type":"ListItem","position":2,"name":"Proyectos","item":"https:\/\/eurecat.org\/es\/portfolio-items\/"},{"@type":"ListItem","position":3,"name":"TIC I TURISME"}]},{"@type":"WebSite","@id":"https:\/\/eurecat.org\/es\/#website","url":"https:\/\/eurecat.org\/es\/","name":"Eurecat","description":"Otro sitio realizado con WordPress","potentialAction":[{"@type":"SearchAction","target":{"@type":"EntryPoint","urlTemplate":"https:\/\/eurecat.org\/es\/?s={search_term_string}"},"query-input":{"@type":"PropertyValueSpecification","valueRequired":true,"valueName":"search_term_string"}}],"inLanguage":"es"}]}},"_links":{"self":[{"href":"https:\/\/eurecat.org\/es\/wp-json\/wp\/v2\/avada_portfolio\/191080","targetHints":{"allow":["GET"]}}],"collection":[{"href":"https:\/\/eurecat.org\/es\/wp-json\/wp\/v2\/avada_portfolio"}],"about":[{"href":"https:\/\/eurecat.org\/es\/wp-json\/wp\/v2\/types\/avada_portfolio"}],"author":[{"embeddable":true,"href":"https:\/\/eurecat.org\/es\/wp-json\/wp\/v2\/users\/30"}],"replies":[{"embeddable":true,"href":"https:\/\/eurecat.org\/es\/wp-json\/wp\/v2\/comments?post=191080"}],"version-history":[{"count":1,"href":"https:\/\/eurecat.org\/es\/wp-json\/wp\/v2\/avada_portfolio\/191080\/revisions"}],"predecessor-version":[{"id":191096,"href":"https:\/\/eurecat.org\/es\/wp-json\/wp\/v2\/avada_portfolio\/191080\/revisions\/191096"}],"wp:featuredmedia":[{"embeddable":true,"href":"https:\/\/eurecat.org\/es\/wp-json\/wp\/v2\/media\/191073"}],"wp:attachment":[{"href":"https:\/\/eurecat.org\/es\/wp-json\/wp\/v2\/media?parent=191080"}],"wp:term":[{"taxonomy":"portfolio_category","embeddable":true,"href":"https:\/\/eurecat.org\/es\/wp-json\/wp\/v2\/portfolio_category?post=191080"},{"taxonomy":"portfolio_skills","embeddable":true,"href":"https:\/\/eurecat.org\/es\/wp-json\/wp\/v2\/portfolio_skills?post=191080"},{"taxonomy":"portfolio_tags","embeddable":true,"href":"https:\/\/eurecat.org\/es\/wp-json\/wp\/v2\/portfolio_tags?post=191080"}],"curies":[{"name":"wp","href":"https:\/\/api.w.org\/{rel}","templated":true}]}}