{"id":23608,"date":"2017-04-10T08:06:56","date_gmt":"2017-04-10T08:06:56","guid":{"rendered":"http:\/\/eurecat.org\/?post_type=avada_portfolio&#038;p=23608\/"},"modified":"2019-09-02T10:12:19","modified_gmt":"2019-09-02T10:12:19","slug":"pmbdigital","status":"publish","type":"avada_portfolio","link":"https:\/\/eurecat.org\/es\/portfolio-items\/pmbdigital\/","title":{"rendered":"[+PM@BDIGITAL]"},"content":{"rendered":"<div class=\"fusion-fullwidth fullwidth-box fusion-builder-row-1 hundred-percent-fullwidth non-hundred-percent-height-scrolling\" style=\"--awb-border-radius-top-left:0px;--awb-border-radius-top-right:0px;--awb-border-radius-bottom-right:0px;--awb-border-radius-bottom-left:0px;--awb-overflow:visible;--awb-flex-wrap:wrap;\" ><div class=\"fusion-builder-row fusion-row\"><div class=\"fusion-layout-column fusion_builder_column fusion-builder-column-0 fusion_builder_column_2_3 2_3 fusion-two-third fusion-column-first\" style=\"--awb-bg-size:cover;width:65.3333%; margin-right: 4%;\"><div class=\"fusion-column-wrapper fusion-flex-column-wrapper-legacy\"><div class=\"fusion-text fusion-text-1\"><p><img decoding=\"async\" class=\"alignnone size-full wp-image-86888\" src=\"https:\/\/eurecat.org\/wp-content\/uploads\/2017\/04\/oficina-gestio-projectes-bdigital-2020850x447px.jpg\" alt=\"PMBDIGITAL EURECAT\" width=\"850\" height=\"447\" srcset=\"https:\/\/eurecat.org\/wp-content\/uploads\/2017\/04\/oficina-gestio-projectes-bdigital-2020850x447px-200x105.jpg 200w, https:\/\/eurecat.org\/wp-content\/uploads\/2017\/04\/oficina-gestio-projectes-bdigital-2020850x447px-300x158.jpg 300w, https:\/\/eurecat.org\/wp-content\/uploads\/2017\/04\/oficina-gestio-projectes-bdigital-2020850x447px-400x210.jpg 400w, https:\/\/eurecat.org\/wp-content\/uploads\/2017\/04\/oficina-gestio-projectes-bdigital-2020850x447px-600x316.jpg 600w, https:\/\/eurecat.org\/wp-content\/uploads\/2017\/04\/oficina-gestio-projectes-bdigital-2020850x447px-768x404.jpg 768w, https:\/\/eurecat.org\/wp-content\/uploads\/2017\/04\/oficina-gestio-projectes-bdigital-2020850x447px-800x421.jpg 800w, https:\/\/eurecat.org\/wp-content\/uploads\/2017\/04\/oficina-gestio-projectes-bdigital-2020850x447px.jpg 850w\" sizes=\"(max-width: 850px) 100vw, 850px\" \/><\/p>\n<\/div><div class=\"fusion-sep-clear\"><\/div><div class=\"fusion-separator fusion-full-width-sep\" style=\"margin-left: auto;margin-right: auto;width:100%;\"><\/div><div class=\"fusion-sep-clear\"><\/div><div class=\"fusion-title title fusion-title-1 fusion-title-text fusion-title-size-three\" style=\"--awb-margin-top-small:0px;--awb-margin-right-small:0px;--awb-margin-bottom-small:20px;--awb-margin-left-small:0px;\"><h3 class=\"fusion-title-heading title-heading-left\" style=\"margin:0;\"><\/h3><span class=\"awb-title-spacer\"><\/span><div class=\"title-sep-container\"><div class=\"title-sep sep-double sep-solid\" style=\"border-color:#e0dede;\"><\/div><\/div><\/div><div class=\"fusion-text fusion-text-2\"><p>Durante el 2010 se llev\u00f3 a cabo con \u00e9xito el proyecto \u201c<strong>Creaci\u00f3n de una Oficina de Gesti\u00f3n de Proyectos Europeos en BDIGITAL<\/strong>\u201d en el marco del programa INNOEUROPA, en base a la necesidad de crear una estructura s\u00f3lida con la finalidad de aumentar la cantidad y calidad de las propuestas, estimular la participaci\u00f3n y lograr m\u00e1s retorno de fondos en actividades de investigaci\u00f3n financiadas por la Uni\u00f3n Europea (UE). Ahora, con la creciente actividad en el 7\u00ba Programa Marco (7PM) de la UE y la evoluci\u00f3n de los proyectos en ejecuci\u00f3n, tambi\u00e9n evolucionan los requisitos hac\u00eda la OGPE respecto recursos y conocimientos. El presente proyecto, <strong>[+PM@BDIGITAL]<\/strong>, responde a estas necesidades emergentes.<\/p>\n<p>En 2011, la estrategia que persigue Barcelona Digital (ahora Eurecat) para lograr los objetivos en el 7PM \u2013 mejor valoraci\u00f3n, mayor retorno, mayor liderazgo, m\u00e1s empresas espa\u00f1olas participantes, excelencia en la ejecuci\u00f3n de proyectos \u2013 est\u00e1 basada en dos ejes:<\/p>\n<ol>\n<li>Apoyar a los equipos de I+D+I y Desarrollo de Negocio a presentar m\u00e1s y mejores propuestas y ayudar en la incorporaci\u00f3n de empresas al consorcio.<\/li>\n<\/ol>\n<ol start=\"2\">\n<li>Fortalecer la estructura y aumentar el nivel de madurez de la OGPE en la gesti\u00f3n de proyectos, conocimiento experto en el 7PM y mejora de herramientas de trabajo.<\/li>\n<\/ol>\n<p>La OGPE de Barcelona Digital, siguiendo su proceso de maduraci\u00f3n, necesita profesionalizarse y consolidarse en el seno de la organizaci\u00f3n. Para ello, se precisa de una base conceptual te\u00f3rica bien definida e implantada y unos profesionales especializados en la gesti\u00f3n de proyectos como en la materia de 7PM. Para optimizar su trabajo y tener mayor capacidad de aprovechar todas las oportunidades que el 7PM brinda, la OGPE precisa de m\u00e1s recursos humanos, formaci\u00f3n y herramientas para la administraci\u00f3n de proyectos.<\/p>\n<p>Periodo de ejecuci\u00f3n del proyecto: 21\/04\/2011 \u2013 31\/12\/2011<\/p>\n<p>Solicitante: Fundaci\u00f3 Privada Barcelona Digital Centre Tecnol\u00f2gic, CIF G62844295<\/p>\n<\/div><div class=\"fusion-clearfix\"><\/div><\/div><\/div><div class=\"fusion-layout-column fusion_builder_column fusion-builder-column-1 fusion_builder_column_1_3 1_3 fusion-one-third fusion-column-last\" style=\"--awb-bg-size:cover;width:30.6666%;\"><div class=\"fusion-column-wrapper fusion-flex-column-wrapper-legacy\"><div class=\"fusion-image-element in-legacy-container\" style=\"--awb-caption-title-font-family:var(--h2_typography-font-family);--awb-caption-title-font-weight:var(--h2_typography-font-weight);--awb-caption-title-font-style:var(--h2_typography-font-style);--awb-caption-title-size:var(--h2_typography-font-size);--awb-caption-title-transform:var(--h2_typography-text-transform);--awb-caption-title-line-height:var(--h2_typography-line-height);--awb-caption-title-letter-spacing:var(--h2_typography-letter-spacing);\"><span class=\" fusion-imageframe imageframe-none imageframe-1 hover-type-none\"><img decoding=\"async\" width=\"1466\" height=\"116\" title=\"bfigital\" src=\"https:\/\/eurecat.org\/wp-content\/uploads\/2017\/04\/bfigital.jpg\" alt class=\"img-responsive wp-image-23657\" srcset=\"https:\/\/eurecat.org\/wp-content\/uploads\/2017\/04\/bfigital-200x16.jpg 200w, https:\/\/eurecat.org\/wp-content\/uploads\/2017\/04\/bfigital-400x32.jpg 400w, https:\/\/eurecat.org\/wp-content\/uploads\/2017\/04\/bfigital-600x47.jpg 600w, https:\/\/eurecat.org\/wp-content\/uploads\/2017\/04\/bfigital-800x63.jpg 800w, https:\/\/eurecat.org\/wp-content\/uploads\/2017\/04\/bfigital-1200x95.jpg 1200w, https:\/\/eurecat.org\/wp-content\/uploads\/2017\/04\/bfigital.jpg 1466w\" sizes=\"(max-width: 800px) 100vw, 600px\" \/><\/span><\/div><div class=\"fusion-title title fusion-title-2 fusion-title-text fusion-title-size-three\" style=\"--awb-margin-top-small:0px;--awb-margin-right-small:0px;--awb-margin-bottom-small:20px;--awb-margin-left-small:0px;\"><h3 class=\"fusion-title-heading title-heading-left\" style=\"margin:0;\">Datos generales<\/h3><span class=\"awb-title-spacer\"><\/span><div class=\"title-sep-container\"><div class=\"title-sep sep-double sep-solid\" style=\"border-color:#e0dede;\"><\/div><\/div><\/div><div class=\"fusion-text fusion-text-3\"><p><strong>Proyecto<\/strong><\/p>\n<p>[+PM@BDIGITAL]<\/p>\n<\/div><div class=\"fusion-sep-clear\"><\/div><div class=\"fusion-separator fusion-full-width-sep\" style=\"margin-left: auto;margin-right: auto;margin-top:0px;margin-bottom:10px;width:100%;\"><div class=\"fusion-separator-border sep-single sep-solid\" style=\"--awb-height:20px;--awb-amount:20px;border-color:#e0dede;border-top-width:1px;\"><\/div><\/div><div class=\"fusion-sep-clear\"><\/div><div class=\"fusion-text fusion-text-4\"><p><b>Referencia proyecto<\/b><\/p>\n<p>Este proyecto con n\u00famero de expediente INE-2011-0070 ha recibido financiaci\u00f3n del Ministerio de Ciencia e Innovaci\u00f3n (MICINN), dentro del Plan Nacional de Investigaci\u00f3n Cient\u00edfica, Desarrollo e Innovaci\u00f3n Tecnol\u00f3gica 2008-2011.<\/p>\n<\/div><div class=\"fusion-sep-clear\"><\/div><div class=\"fusion-separator fusion-full-width-sep\" style=\"margin-left: auto;margin-right: auto;margin-top:0px;margin-bottom:10px;width:100%;\"><div class=\"fusion-separator-border sep-single sep-solid\" style=\"--awb-height:20px;--awb-amount:20px;border-color:#e0dede;border-top-width:1px;\"><\/div><\/div><div class=\"fusion-sep-clear\"><\/div><div class=\"fusion-text fusion-text-5\"><p><strong>Convocatoria y programa<\/strong><\/p>\n<p>Plan Nacional de Investigaci\u00f3n Cient\u00edfica, Desarrollo e Innovaci\u00f3n Tecnol\u00f3gica, 2008 \u2013 2011; ayudas a la ciencia y tecnolog\u00eda en la l\u00ednea instrumental de articulaci\u00f3n e internacionalizaci\u00f3n del sistema \u201cSUBPROGRAMA Innoeuropa 2011\u201d<\/p>\n<\/div><div class=\"fusion-sep-clear\"><\/div><div class=\"fusion-separator fusion-full-width-sep\" style=\"margin-left: auto;margin-right: auto;margin-top:0px;margin-bottom:10px;width:100%;\"><div class=\"fusion-separator-border sep-single sep-solid\" style=\"--awb-height:20px;--awb-amount:20px;border-color:#e0dede;border-top-width:1px;\"><\/div><\/div><div class=\"fusion-sep-clear\"><\/div><div class=\"fusion-image-element fusion-image-align-center in-legacy-container\" style=\"text-align:center;--awb-caption-title-font-family:var(--h2_typography-font-family);--awb-caption-title-font-weight:var(--h2_typography-font-weight);--awb-caption-title-font-style:var(--h2_typography-font-style);--awb-caption-title-size:var(--h2_typography-font-size);--awb-caption-title-transform:var(--h2_typography-text-transform);--awb-caption-title-line-height:var(--h2_typography-line-height);--awb-caption-title-letter-spacing:var(--h2_typography-letter-spacing);\"><div class=\"imageframe-align-center\"><span class=\" fusion-imageframe imageframe-none imageframe-2 hover-type-none\"><img decoding=\"async\" width=\"1200\" height=\"289\" title=\"MinisterioEspa\u00f1a\" src=\"https:\/\/eurecat.org\/wp-content\/uploads\/2017\/04\/MinisterioEspa\u00f1a.jpg\" alt class=\"img-responsive wp-image-23612\" srcset=\"https:\/\/eurecat.org\/wp-content\/uploads\/2017\/04\/MinisterioEspa\u00f1a-200x48.jpg 200w, https:\/\/eurecat.org\/wp-content\/uploads\/2017\/04\/MinisterioEspa\u00f1a-400x96.jpg 400w, https:\/\/eurecat.org\/wp-content\/uploads\/2017\/04\/MinisterioEspa\u00f1a-600x144.jpg 600w, https:\/\/eurecat.org\/wp-content\/uploads\/2017\/04\/MinisterioEspa\u00f1a-800x193.jpg 800w, https:\/\/eurecat.org\/wp-content\/uploads\/2017\/04\/MinisterioEspa\u00f1a.jpg 1200w\" sizes=\"(max-width: 800px) 100vw, 600px\" \/><\/span><\/div><\/div><div class=\"fusion-clearfix\"><\/div><\/div><\/div><\/div><\/div>\n","protected":false},"excerpt":{"rendered":"","protected":false},"author":18,"featured_media":6099,"menu_order":0,"comment_status":"open","ping_status":"closed","template":"","format":"standard","meta":{"footnotes":""},"portfolio_category":[1435],"portfolio_skills":[1585],"portfolio_tags":[],"class_list":["post-23608","avada_portfolio","type-avada_portfolio","status-publish","format-standard","has-post-thumbnail","hentry","portfolio_category-proyectos-nacionales-es","portfolio_skills-innoeuropa-es"],"yoast_head":"<!-- This site is optimized with the Yoast SEO plugin v27.4 - https:\/\/yoast.com\/product\/yoast-seo-wordpress\/ -->\n<title>[+PM@BDIGITAL], oficina de gesti\u00f3n de proyectors europeos<\/title>\n<meta name=\"description\" content=\"Creaci\u00f3n de una oficina de gesti\u00f3n de proyectos Europeos en BDIGITAL en el marco del programa INNOEUROPA\" \/>\n<meta name=\"robots\" content=\"index, follow, max-snippet:-1, max-image-preview:large, max-video-preview:-1\" \/>\n<link rel=\"canonical\" href=\"https:\/\/eurecat.org\/es\/portfolio-items\/pmbdigital\/\" \/>\n<meta property=\"og:locale\" content=\"es_ES\" \/>\n<meta property=\"og:type\" content=\"article\" \/>\n<meta property=\"og:title\" content=\"[+PM@BDIGITAL], oficina de gesti\u00f3n de proyectors europeos\" \/>\n<meta property=\"og:description\" content=\"Creaci\u00f3n de una oficina de gesti\u00f3n de proyectos Europeos en BDIGITAL en el marco del programa INNOEUROPA\" \/>\n<meta property=\"og:url\" content=\"https:\/\/eurecat.org\/es\/portfolio-items\/pmbdigital\/\" \/>\n<meta property=\"og:site_name\" content=\"Eurecat\" \/>\n<meta property=\"article:modified_time\" content=\"2019-09-02T10:12:19+00:00\" \/>\n<meta property=\"og:image\" content=\"https:\/\/eurecat.org\/wp-content\/uploads\/2016\/03\/oficina-gestio-projectes-bdigital-2020.jpg\" \/>\n\t<meta property=\"og:image:width\" content=\"774\" \/>\n\t<meta property=\"og:image:height\" content=\"391\" \/>\n\t<meta property=\"og:image:type\" content=\"image\/jpeg\" \/>\n<meta name=\"twitter:card\" content=\"summary_large_image\" \/>\n<meta name=\"twitter:label1\" content=\"Tiempo de lectura\" \/>\n\t<meta name=\"twitter:data1\" content=\"4 minutos\" \/>\n<script type=\"application\/ld+json\" class=\"yoast-schema-graph\">{\"@context\":\"https:\\\/\\\/schema.org\",\"@graph\":[{\"@type\":\"WebPage\",\"@id\":\"https:\\\/\\\/eurecat.org\\\/es\\\/portfolio-items\\\/pmbdigital\\\/\",\"url\":\"https:\\\/\\\/eurecat.org\\\/es\\\/portfolio-items\\\/pmbdigital\\\/\",\"name\":\"[+PM@BDIGITAL], oficina de gesti\u00f3n de proyectors europeos\",\"isPartOf\":{\"@id\":\"https:\\\/\\\/eurecat.org\\\/es\\\/#website\"},\"primaryImageOfPage\":{\"@id\":\"https:\\\/\\\/eurecat.org\\\/es\\\/portfolio-items\\\/pmbdigital\\\/#primaryimage\"},\"image\":{\"@id\":\"https:\\\/\\\/eurecat.org\\\/es\\\/portfolio-items\\\/pmbdigital\\\/#primaryimage\"},\"thumbnailUrl\":\"https:\\\/\\\/eurecat.org\\\/wp-content\\\/uploads\\\/2016\\\/03\\\/oficina-gestio-projectes-bdigital-2020.jpg\",\"datePublished\":\"2017-04-10T08:06:56+00:00\",\"dateModified\":\"2019-09-02T10:12:19+00:00\",\"description\":\"Creaci\u00f3n de una oficina de gesti\u00f3n de proyectos Europeos en BDIGITAL en el marco del programa INNOEUROPA\",\"breadcrumb\":{\"@id\":\"https:\\\/\\\/eurecat.org\\\/es\\\/portfolio-items\\\/pmbdigital\\\/#breadcrumb\"},\"inLanguage\":\"es\",\"potentialAction\":[{\"@type\":\"ReadAction\",\"target\":[\"https:\\\/\\\/eurecat.org\\\/es\\\/portfolio-items\\\/pmbdigital\\\/\"]}]},{\"@type\":\"ImageObject\",\"inLanguage\":\"es\",\"@id\":\"https:\\\/\\\/eurecat.org\\\/es\\\/portfolio-items\\\/pmbdigital\\\/#primaryimage\",\"url\":\"https:\\\/\\\/eurecat.org\\\/wp-content\\\/uploads\\\/2016\\\/03\\\/oficina-gestio-projectes-bdigital-2020.jpg\",\"contentUrl\":\"https:\\\/\\\/eurecat.org\\\/wp-content\\\/uploads\\\/2016\\\/03\\\/oficina-gestio-projectes-bdigital-2020.jpg\",\"width\":774,\"height\":391},{\"@type\":\"BreadcrumbList\",\"@id\":\"https:\\\/\\\/eurecat.org\\\/es\\\/portfolio-items\\\/pmbdigital\\\/#breadcrumb\",\"itemListElement\":[{\"@type\":\"ListItem\",\"position\":1,\"name\":\"Inici\",\"item\":\"https:\\\/\\\/eurecat.org\\\/es\\\/\"},{\"@type\":\"ListItem\",\"position\":2,\"name\":\"Proyectos\",\"item\":\"https:\\\/\\\/eurecat.org\\\/es\\\/portfolio-items\\\/\"},{\"@type\":\"ListItem\",\"position\":3,\"name\":\"[+PM@BDIGITAL]\"}]},{\"@type\":\"WebSite\",\"@id\":\"https:\\\/\\\/eurecat.org\\\/es\\\/#website\",\"url\":\"https:\\\/\\\/eurecat.org\\\/es\\\/\",\"name\":\"Eurecat\",\"description\":\"Otro sitio realizado con WordPress\",\"potentialAction\":[{\"@type\":\"SearchAction\",\"target\":{\"@type\":\"EntryPoint\",\"urlTemplate\":\"https:\\\/\\\/eurecat.org\\\/es\\\/?s={search_term_string}\"},\"query-input\":{\"@type\":\"PropertyValueSpecification\",\"valueRequired\":true,\"valueName\":\"search_term_string\"}}],\"inLanguage\":\"es\"}]}<\/script>\n<!-- \/ Yoast SEO plugin. -->","yoast_head_json":{"title":"[+PM@BDIGITAL], oficina de gesti\u00f3n de proyectors europeos","description":"Creaci\u00f3n de una oficina de gesti\u00f3n de proyectos Europeos en BDIGITAL en el marco del programa INNOEUROPA","robots":{"index":"index","follow":"follow","max-snippet":"max-snippet:-1","max-image-preview":"max-image-preview:large","max-video-preview":"max-video-preview:-1"},"canonical":"https:\/\/eurecat.org\/es\/portfolio-items\/pmbdigital\/","og_locale":"es_ES","og_type":"article","og_title":"[+PM@BDIGITAL], oficina de gesti\u00f3n de proyectors europeos","og_description":"Creaci\u00f3n de una oficina de gesti\u00f3n de proyectos Europeos en BDIGITAL en el marco del programa INNOEUROPA","og_url":"https:\/\/eurecat.org\/es\/portfolio-items\/pmbdigital\/","og_site_name":"Eurecat","article_modified_time":"2019-09-02T10:12:19+00:00","og_image":[{"width":774,"height":391,"url":"https:\/\/eurecat.org\/wp-content\/uploads\/2016\/03\/oficina-gestio-projectes-bdigital-2020.jpg","type":"image\/jpeg"}],"twitter_card":"summary_large_image","twitter_misc":{"Tiempo de lectura":"4 minutos"},"schema":{"@context":"https:\/\/schema.org","@graph":[{"@type":"WebPage","@id":"https:\/\/eurecat.org\/es\/portfolio-items\/pmbdigital\/","url":"https:\/\/eurecat.org\/es\/portfolio-items\/pmbdigital\/","name":"[+PM@BDIGITAL], oficina de gesti\u00f3n de proyectors europeos","isPartOf":{"@id":"https:\/\/eurecat.org\/es\/#website"},"primaryImageOfPage":{"@id":"https:\/\/eurecat.org\/es\/portfolio-items\/pmbdigital\/#primaryimage"},"image":{"@id":"https:\/\/eurecat.org\/es\/portfolio-items\/pmbdigital\/#primaryimage"},"thumbnailUrl":"https:\/\/eurecat.org\/wp-content\/uploads\/2016\/03\/oficina-gestio-projectes-bdigital-2020.jpg","datePublished":"2017-04-10T08:06:56+00:00","dateModified":"2019-09-02T10:12:19+00:00","description":"Creaci\u00f3n de una oficina de gesti\u00f3n de proyectos Europeos en BDIGITAL en el marco del programa INNOEUROPA","breadcrumb":{"@id":"https:\/\/eurecat.org\/es\/portfolio-items\/pmbdigital\/#breadcrumb"},"inLanguage":"es","potentialAction":[{"@type":"ReadAction","target":["https:\/\/eurecat.org\/es\/portfolio-items\/pmbdigital\/"]}]},{"@type":"ImageObject","inLanguage":"es","@id":"https:\/\/eurecat.org\/es\/portfolio-items\/pmbdigital\/#primaryimage","url":"https:\/\/eurecat.org\/wp-content\/uploads\/2016\/03\/oficina-gestio-projectes-bdigital-2020.jpg","contentUrl":"https:\/\/eurecat.org\/wp-content\/uploads\/2016\/03\/oficina-gestio-projectes-bdigital-2020.jpg","width":774,"height":391},{"@type":"BreadcrumbList","@id":"https:\/\/eurecat.org\/es\/portfolio-items\/pmbdigital\/#breadcrumb","itemListElement":[{"@type":"ListItem","position":1,"name":"Inici","item":"https:\/\/eurecat.org\/es\/"},{"@type":"ListItem","position":2,"name":"Proyectos","item":"https:\/\/eurecat.org\/es\/portfolio-items\/"},{"@type":"ListItem","position":3,"name":"[+PM@BDIGITAL]"}]},{"@type":"WebSite","@id":"https:\/\/eurecat.org\/es\/#website","url":"https:\/\/eurecat.org\/es\/","name":"Eurecat","description":"Otro sitio realizado con WordPress","potentialAction":[{"@type":"SearchAction","target":{"@type":"EntryPoint","urlTemplate":"https:\/\/eurecat.org\/es\/?s={search_term_string}"},"query-input":{"@type":"PropertyValueSpecification","valueRequired":true,"valueName":"search_term_string"}}],"inLanguage":"es"}]}},"_links":{"self":[{"href":"https:\/\/eurecat.org\/es\/wp-json\/wp\/v2\/avada_portfolio\/23608","targetHints":{"allow":["GET"]}}],"collection":[{"href":"https:\/\/eurecat.org\/es\/wp-json\/wp\/v2\/avada_portfolio"}],"about":[{"href":"https:\/\/eurecat.org\/es\/wp-json\/wp\/v2\/types\/avada_portfolio"}],"author":[{"embeddable":true,"href":"https:\/\/eurecat.org\/es\/wp-json\/wp\/v2\/users\/18"}],"replies":[{"embeddable":true,"href":"https:\/\/eurecat.org\/es\/wp-json\/wp\/v2\/comments?post=23608"}],"version-history":[{"count":0,"href":"https:\/\/eurecat.org\/es\/wp-json\/wp\/v2\/avada_portfolio\/23608\/revisions"}],"wp:featuredmedia":[{"embeddable":true,"href":"https:\/\/eurecat.org\/es\/wp-json\/wp\/v2\/media\/6099"}],"wp:attachment":[{"href":"https:\/\/eurecat.org\/es\/wp-json\/wp\/v2\/media?parent=23608"}],"wp:term":[{"taxonomy":"portfolio_category","embeddable":true,"href":"https:\/\/eurecat.org\/es\/wp-json\/wp\/v2\/portfolio_category?post=23608"},{"taxonomy":"portfolio_skills","embeddable":true,"href":"https:\/\/eurecat.org\/es\/wp-json\/wp\/v2\/portfolio_skills?post=23608"},{"taxonomy":"portfolio_tags","embeddable":true,"href":"https:\/\/eurecat.org\/es\/wp-json\/wp\/v2\/portfolio_tags?post=23608"}],"curies":[{"name":"wp","href":"https:\/\/api.w.org\/{rel}","templated":true}]}}