{"id":23621,"date":"2017-04-06T16:06:25","date_gmt":"2017-04-06T16:06:25","guid":{"rendered":"http:\/\/eurecat.org\/?post_type=avada_portfolio&#038;p=23621\/"},"modified":"2019-08-02T08:32:19","modified_gmt":"2019-08-02T08:32:19","slug":"pae-pymedia","status":"publish","type":"avada_portfolio","link":"https:\/\/eurecat.org\/es\/portfolio-items\/pae-pymedia\/","title":{"rendered":"PAE PYMEdia"},"content":{"rendered":"<div class=\"fusion-fullwidth fullwidth-box fusion-builder-row-1 hundred-percent-fullwidth non-hundred-percent-height-scrolling\" style=\"--awb-border-radius-top-left:0px;--awb-border-radius-top-right:0px;--awb-border-radius-bottom-right:0px;--awb-border-radius-bottom-left:0px;--awb-overflow:visible;--awb-flex-wrap:wrap;\" ><div class=\"fusion-builder-row fusion-row\"><div class=\"fusion-layout-column fusion_builder_column fusion-builder-column-0 fusion_builder_column_2_3 2_3 fusion-two-third fusion-column-first\" style=\"--awb-bg-size:cover;width:65.3333%; margin-right: 4%;\"><div class=\"fusion-column-wrapper fusion-flex-column-wrapper-legacy\"><div class=\"fusion-text fusion-text-1\"><p><img decoding=\"async\" class=\"alignnone size-full wp-image-86267\" src=\"https:\/\/eurecat.org\/wp-content\/uploads\/2017\/04\/pymedia_850x447px.jpg\" alt=\"paepymedia eurecat\" width=\"850\" height=\"447\" srcset=\"https:\/\/eurecat.org\/wp-content\/uploads\/2017\/04\/pymedia_850x447px-200x105.jpg 200w, https:\/\/eurecat.org\/wp-content\/uploads\/2017\/04\/pymedia_850x447px-300x158.jpg 300w, https:\/\/eurecat.org\/wp-content\/uploads\/2017\/04\/pymedia_850x447px-400x210.jpg 400w, https:\/\/eurecat.org\/wp-content\/uploads\/2017\/04\/pymedia_850x447px-600x316.jpg 600w, https:\/\/eurecat.org\/wp-content\/uploads\/2017\/04\/pymedia_850x447px-768x404.jpg 768w, https:\/\/eurecat.org\/wp-content\/uploads\/2017\/04\/pymedia_850x447px-800x421.jpg 800w, https:\/\/eurecat.org\/wp-content\/uploads\/2017\/04\/pymedia_850x447px.jpg 850w\" sizes=\"(max-width: 850px) 100vw, 850px\" \/><\/p>\n<\/div><div class=\"fusion-sep-clear\"><\/div><div class=\"fusion-separator fusion-full-width-sep\" style=\"margin-left: auto;margin-right: auto;width:100%;\"><\/div><div class=\"fusion-sep-clear\"><\/div><div class=\"fusion-title title fusion-title-1 fusion-title-text fusion-title-size-three\" style=\"--awb-margin-top-small:0px;--awb-margin-right-small:0px;--awb-margin-bottom-small:20px;--awb-margin-left-small:0px;\"><h3 class=\"fusion-title-heading title-heading-left\" style=\"margin:0;\"><\/h3><span class=\"awb-title-spacer\"><\/span><div class=\"title-sep-container\"><div class=\"title-sep sep-double sep-solid\" style=\"border-color:#e0dede;\"><\/div><\/div><\/div><div class=\"fusion-text fusion-text-2\"><p>El proyecto <strong>PAE PYMEdia<\/strong>, concedido a la Fundaci\u00f3 Barcelona Media (absorbida el pasado 1 de mayo de 2015 por la Fundaci\u00f3 Eurecat) capitaliz\u00f3 la experiencia del centro en la presentaci\u00f3n y ejecuci\u00f3n de proyectos financiados por la Comisi\u00f3n Europea con el objetivo de apoyar a las pymes audiovisuales del territorio para aumentar su competitividad y capacidad de innovaci\u00f3n mediante su participaci\u00f3n en convocatorias de financiaci\u00f3n de I+D del Programa Marco europeo.<\/p>\n<p>Los objetivos de PAE PYMEdia, alineados con los del programa INNOEUROPA, fomentaron la competitividad de las peque\u00f1as y medianas empresas del sector audiovisual mediante una atenci\u00f3n personalizada a trav\u00e9s de la \u201cOficina de proyectos europeos\u201d, creada especialmente con esta finalidad.<\/p>\n<p>Esta unidad, que fue subvencionada con 116.319, ofreci\u00f3 a las empresas informaci\u00f3n sobre convocatorias de investigaci\u00f3n con fondos europeos y asesor\u00eda y acompa\u00f1amiento durante todo el proceso de preparaci\u00f3n y presentaci\u00f3n de los proyectos de I+D.<\/p>\n<p>El programa PAE PYMEdia obtuvo una respuesta muy positiva del tejido empresarial audiovisual y, en particular, de las pymes, que valoraron especialmente las oportunidades de innovaci\u00f3n que les ofrec\u00edan las convocatorias europeas para la mejora de su capacidad innovadora.<\/p>\n<p><span style=\"font-size: 11.0pt; font-family: 'Calibri',sans-serif; color: #2e75b6;\">\u00a0<\/span><\/p>\n<\/div><div class=\"fusion-clearfix\"><\/div><\/div><\/div><div class=\"fusion-layout-column fusion_builder_column fusion-builder-column-1 fusion_builder_column_1_3 1_3 fusion-one-third fusion-column-last\" style=\"--awb-bg-size:cover;width:30.6666%;\"><div class=\"fusion-column-wrapper fusion-flex-column-wrapper-legacy\"><div class=\"fusion-title title fusion-title-2 fusion-title-text fusion-title-size-three\" style=\"--awb-margin-top-small:0px;--awb-margin-right-small:0px;--awb-margin-bottom-small:20px;--awb-margin-left-small:0px;\"><h3 class=\"fusion-title-heading title-heading-left\" style=\"margin:0;\">Datos generales<\/h3><span class=\"awb-title-spacer\"><\/span><div class=\"title-sep-container\"><div class=\"title-sep sep-double sep-solid\" style=\"border-color:#e0dede;\"><\/div><\/div><\/div><div class=\"fusion-text fusion-text-3\"><p><strong>Proyecto<\/strong><\/p>\n<p>PAE PYMEdia<\/p>\n<\/div><div class=\"fusion-sep-clear\"><\/div><div class=\"fusion-separator fusion-full-width-sep\" style=\"margin-left: auto;margin-right: auto;margin-top:0px;margin-bottom:10px;width:100%;\"><div class=\"fusion-separator-border sep-single sep-solid\" style=\"--awb-height:20px;--awb-amount:20px;border-color:#e0dede;border-top-width:1px;\"><\/div><\/div><div class=\"fusion-sep-clear\"><\/div><div class=\"fusion-text fusion-text-4\"><p><strong>Referencia proyecto<\/strong><br \/>\nINE-2011-0069<\/p>\n<\/div><div class=\"fusion-sep-clear\"><\/div><div class=\"fusion-separator fusion-full-width-sep\" style=\"margin-left: auto;margin-right: auto;margin-top:0px;margin-bottom:10px;width:100%;\"><div class=\"fusion-separator-border sep-single sep-solid\" style=\"--awb-height:20px;--awb-amount:20px;border-color:#e0dede;border-top-width:1px;\"><\/div><\/div><div class=\"fusion-sep-clear\"><\/div><div class=\"fusion-text fusion-text-5\"><p><strong>Programa y convocatoria<\/strong><\/p>\n<p>Proyecto financiado por el Ministerio de Ciencia e Innovaci\u00f3n dentro del Plan Nacional de Investigaci\u00f3n Cient\u00edfica, Desarrollo e Innovaci\u00f3n Tecnol\u00f3gica 2008-2011.\u00a0Programa Nacional de Internacionalizaci\u00f3n de la I+D, Subprograma INNOEUROPA 2011<\/p>\n<\/div><div class=\"fusion-sep-clear\"><\/div><div class=\"fusion-separator fusion-full-width-sep\" style=\"margin-left: auto;margin-right: auto;margin-top:0px;margin-bottom:10px;width:100%;\"><div class=\"fusion-separator-border sep-single sep-solid\" style=\"--awb-height:20px;--awb-amount:20px;border-color:#e0dede;border-top-width:1px;\"><\/div><\/div><div class=\"fusion-sep-clear\"><\/div><div class=\"fusion-image-element fusion-image-align-center in-legacy-container\" style=\"text-align:center;--awb-caption-title-font-family:var(--h2_typography-font-family);--awb-caption-title-font-weight:var(--h2_typography-font-weight);--awb-caption-title-font-style:var(--h2_typography-font-style);--awb-caption-title-size:var(--h2_typography-font-size);--awb-caption-title-transform:var(--h2_typography-text-transform);--awb-caption-title-line-height:var(--h2_typography-line-height);--awb-caption-title-letter-spacing:var(--h2_typography-letter-spacing);\"><div class=\"imageframe-align-center\"><span class=\" fusion-imageframe imageframe-none imageframe-1 hover-type-none\"><img decoding=\"async\" width=\"1200\" height=\"289\" title=\"MinisterioEspa\u00f1a\" src=\"https:\/\/eurecat.org\/wp-content\/uploads\/2017\/04\/MinisterioEspa\u00f1a.jpg\" alt class=\"img-responsive wp-image-23612\" srcset=\"https:\/\/eurecat.org\/wp-content\/uploads\/2017\/04\/MinisterioEspa\u00f1a-200x48.jpg 200w, https:\/\/eurecat.org\/wp-content\/uploads\/2017\/04\/MinisterioEspa\u00f1a-400x96.jpg 400w, https:\/\/eurecat.org\/wp-content\/uploads\/2017\/04\/MinisterioEspa\u00f1a-600x144.jpg 600w, https:\/\/eurecat.org\/wp-content\/uploads\/2017\/04\/MinisterioEspa\u00f1a-800x193.jpg 800w, https:\/\/eurecat.org\/wp-content\/uploads\/2017\/04\/MinisterioEspa\u00f1a.jpg 1200w\" sizes=\"(max-width: 800px) 100vw, 600px\" \/><\/span><\/div><\/div><div class=\"fusion-clearfix\"><\/div><\/div><\/div><\/div><\/div>\n","protected":false},"excerpt":{"rendered":"","protected":false},"author":18,"featured_media":83524,"menu_order":0,"comment_status":"open","ping_status":"closed","template":"","format":"standard","meta":{"footnotes":""},"portfolio_category":[1435],"portfolio_skills":[1585],"portfolio_tags":[],"class_list":["post-23621","avada_portfolio","type-avada_portfolio","status-publish","format-standard","has-post-thumbnail","hentry","portfolio_category-proyectos-nacionales-es","portfolio_skills-innoeuropa-es"],"yoast_head":"<!-- This site is optimized with the Yoast SEO plugin v27.4 - https:\/\/yoast.com\/product\/yoast-seo-wordpress\/ -->\n<title>PAE PYMEdia - Eurecat<\/title>\n<meta name=\"description\" content=\"El proyecto PAE PYMEdia tiene el objetivo de incentivar a las pymes audiovisuales a participar en convocatorias de financiaci\u00f3n de I+D europeas.\" \/>\n<meta name=\"robots\" content=\"index, follow, max-snippet:-1, max-image-preview:large, max-video-preview:-1\" \/>\n<link rel=\"canonical\" href=\"https:\/\/eurecat.org\/es\/portfolio-items\/pae-pymedia\/\" \/>\n<meta property=\"og:locale\" content=\"es_ES\" \/>\n<meta property=\"og:type\" content=\"article\" \/>\n<meta property=\"og:title\" content=\"PAE PYMEdia - Eurecat\" \/>\n<meta property=\"og:description\" content=\"El proyecto PAE PYMEdia tiene el objetivo de incentivar a las pymes audiovisuales a participar en convocatorias de financiaci\u00f3n de I+D europeas.\" \/>\n<meta property=\"og:url\" content=\"https:\/\/eurecat.org\/es\/portfolio-items\/pae-pymedia\/\" \/>\n<meta property=\"og:site_name\" content=\"Eurecat\" \/>\n<meta property=\"article:modified_time\" content=\"2019-08-02T08:32:19+00:00\" \/>\n<meta property=\"og:image\" content=\"https:\/\/eurecat.org\/wp-content\/uploads\/2019\/07\/PAEPYMEdia_520x272px.jpg\" \/>\n\t<meta property=\"og:image:width\" content=\"520\" \/>\n\t<meta property=\"og:image:height\" content=\"272\" \/>\n\t<meta property=\"og:image:type\" content=\"image\/jpeg\" \/>\n<meta name=\"twitter:card\" content=\"summary_large_image\" \/>\n<meta name=\"twitter:label1\" content=\"Tiempo de lectura\" \/>\n\t<meta name=\"twitter:data1\" content=\"3 minutos\" \/>\n<script type=\"application\/ld+json\" class=\"yoast-schema-graph\">{\"@context\":\"https:\\\/\\\/schema.org\",\"@graph\":[{\"@type\":\"WebPage\",\"@id\":\"https:\\\/\\\/eurecat.org\\\/es\\\/portfolio-items\\\/pae-pymedia\\\/\",\"url\":\"https:\\\/\\\/eurecat.org\\\/es\\\/portfolio-items\\\/pae-pymedia\\\/\",\"name\":\"PAE PYMEdia - Eurecat\",\"isPartOf\":{\"@id\":\"https:\\\/\\\/eurecat.org\\\/es\\\/#website\"},\"primaryImageOfPage\":{\"@id\":\"https:\\\/\\\/eurecat.org\\\/es\\\/portfolio-items\\\/pae-pymedia\\\/#primaryimage\"},\"image\":{\"@id\":\"https:\\\/\\\/eurecat.org\\\/es\\\/portfolio-items\\\/pae-pymedia\\\/#primaryimage\"},\"thumbnailUrl\":\"https:\\\/\\\/eurecat.org\\\/wp-content\\\/uploads\\\/2019\\\/07\\\/PAEPYMEdia_520x272px.jpg\",\"datePublished\":\"2017-04-06T16:06:25+00:00\",\"dateModified\":\"2019-08-02T08:32:19+00:00\",\"description\":\"El proyecto PAE PYMEdia tiene el objetivo de incentivar a las pymes audiovisuales a participar en convocatorias de financiaci\u00f3n de I+D europeas.\",\"breadcrumb\":{\"@id\":\"https:\\\/\\\/eurecat.org\\\/es\\\/portfolio-items\\\/pae-pymedia\\\/#breadcrumb\"},\"inLanguage\":\"es\",\"potentialAction\":[{\"@type\":\"ReadAction\",\"target\":[\"https:\\\/\\\/eurecat.org\\\/es\\\/portfolio-items\\\/pae-pymedia\\\/\"]}]},{\"@type\":\"ImageObject\",\"inLanguage\":\"es\",\"@id\":\"https:\\\/\\\/eurecat.org\\\/es\\\/portfolio-items\\\/pae-pymedia\\\/#primaryimage\",\"url\":\"https:\\\/\\\/eurecat.org\\\/wp-content\\\/uploads\\\/2019\\\/07\\\/PAEPYMEdia_520x272px.jpg\",\"contentUrl\":\"https:\\\/\\\/eurecat.org\\\/wp-content\\\/uploads\\\/2019\\\/07\\\/PAEPYMEdia_520x272px.jpg\",\"width\":520,\"height\":272,\"caption\":\"PAEPYMEdia eurecat\"},{\"@type\":\"BreadcrumbList\",\"@id\":\"https:\\\/\\\/eurecat.org\\\/es\\\/portfolio-items\\\/pae-pymedia\\\/#breadcrumb\",\"itemListElement\":[{\"@type\":\"ListItem\",\"position\":1,\"name\":\"Inici\",\"item\":\"https:\\\/\\\/eurecat.org\\\/es\\\/\"},{\"@type\":\"ListItem\",\"position\":2,\"name\":\"Proyectos\",\"item\":\"https:\\\/\\\/eurecat.org\\\/es\\\/portfolio-items\\\/\"},{\"@type\":\"ListItem\",\"position\":3,\"name\":\"PAE PYMEdia\"}]},{\"@type\":\"WebSite\",\"@id\":\"https:\\\/\\\/eurecat.org\\\/es\\\/#website\",\"url\":\"https:\\\/\\\/eurecat.org\\\/es\\\/\",\"name\":\"Eurecat\",\"description\":\"Otro sitio realizado con WordPress\",\"potentialAction\":[{\"@type\":\"SearchAction\",\"target\":{\"@type\":\"EntryPoint\",\"urlTemplate\":\"https:\\\/\\\/eurecat.org\\\/es\\\/?s={search_term_string}\"},\"query-input\":{\"@type\":\"PropertyValueSpecification\",\"valueRequired\":true,\"valueName\":\"search_term_string\"}}],\"inLanguage\":\"es\"}]}<\/script>\n<!-- \/ Yoast SEO plugin. -->","yoast_head_json":{"title":"PAE PYMEdia - Eurecat","description":"El proyecto PAE PYMEdia tiene el objetivo de incentivar a las pymes audiovisuales a participar en convocatorias de financiaci\u00f3n de I+D europeas.","robots":{"index":"index","follow":"follow","max-snippet":"max-snippet:-1","max-image-preview":"max-image-preview:large","max-video-preview":"max-video-preview:-1"},"canonical":"https:\/\/eurecat.org\/es\/portfolio-items\/pae-pymedia\/","og_locale":"es_ES","og_type":"article","og_title":"PAE PYMEdia - Eurecat","og_description":"El proyecto PAE PYMEdia tiene el objetivo de incentivar a las pymes audiovisuales a participar en convocatorias de financiaci\u00f3n de I+D europeas.","og_url":"https:\/\/eurecat.org\/es\/portfolio-items\/pae-pymedia\/","og_site_name":"Eurecat","article_modified_time":"2019-08-02T08:32:19+00:00","og_image":[{"width":520,"height":272,"url":"https:\/\/eurecat.org\/wp-content\/uploads\/2019\/07\/PAEPYMEdia_520x272px.jpg","type":"image\/jpeg"}],"twitter_card":"summary_large_image","twitter_misc":{"Tiempo de lectura":"3 minutos"},"schema":{"@context":"https:\/\/schema.org","@graph":[{"@type":"WebPage","@id":"https:\/\/eurecat.org\/es\/portfolio-items\/pae-pymedia\/","url":"https:\/\/eurecat.org\/es\/portfolio-items\/pae-pymedia\/","name":"PAE PYMEdia - Eurecat","isPartOf":{"@id":"https:\/\/eurecat.org\/es\/#website"},"primaryImageOfPage":{"@id":"https:\/\/eurecat.org\/es\/portfolio-items\/pae-pymedia\/#primaryimage"},"image":{"@id":"https:\/\/eurecat.org\/es\/portfolio-items\/pae-pymedia\/#primaryimage"},"thumbnailUrl":"https:\/\/eurecat.org\/wp-content\/uploads\/2019\/07\/PAEPYMEdia_520x272px.jpg","datePublished":"2017-04-06T16:06:25+00:00","dateModified":"2019-08-02T08:32:19+00:00","description":"El proyecto PAE PYMEdia tiene el objetivo de incentivar a las pymes audiovisuales a participar en convocatorias de financiaci\u00f3n de I+D europeas.","breadcrumb":{"@id":"https:\/\/eurecat.org\/es\/portfolio-items\/pae-pymedia\/#breadcrumb"},"inLanguage":"es","potentialAction":[{"@type":"ReadAction","target":["https:\/\/eurecat.org\/es\/portfolio-items\/pae-pymedia\/"]}]},{"@type":"ImageObject","inLanguage":"es","@id":"https:\/\/eurecat.org\/es\/portfolio-items\/pae-pymedia\/#primaryimage","url":"https:\/\/eurecat.org\/wp-content\/uploads\/2019\/07\/PAEPYMEdia_520x272px.jpg","contentUrl":"https:\/\/eurecat.org\/wp-content\/uploads\/2019\/07\/PAEPYMEdia_520x272px.jpg","width":520,"height":272,"caption":"PAEPYMEdia eurecat"},{"@type":"BreadcrumbList","@id":"https:\/\/eurecat.org\/es\/portfolio-items\/pae-pymedia\/#breadcrumb","itemListElement":[{"@type":"ListItem","position":1,"name":"Inici","item":"https:\/\/eurecat.org\/es\/"},{"@type":"ListItem","position":2,"name":"Proyectos","item":"https:\/\/eurecat.org\/es\/portfolio-items\/"},{"@type":"ListItem","position":3,"name":"PAE PYMEdia"}]},{"@type":"WebSite","@id":"https:\/\/eurecat.org\/es\/#website","url":"https:\/\/eurecat.org\/es\/","name":"Eurecat","description":"Otro sitio realizado con WordPress","potentialAction":[{"@type":"SearchAction","target":{"@type":"EntryPoint","urlTemplate":"https:\/\/eurecat.org\/es\/?s={search_term_string}"},"query-input":{"@type":"PropertyValueSpecification","valueRequired":true,"valueName":"search_term_string"}}],"inLanguage":"es"}]}},"_links":{"self":[{"href":"https:\/\/eurecat.org\/es\/wp-json\/wp\/v2\/avada_portfolio\/23621","targetHints":{"allow":["GET"]}}],"collection":[{"href":"https:\/\/eurecat.org\/es\/wp-json\/wp\/v2\/avada_portfolio"}],"about":[{"href":"https:\/\/eurecat.org\/es\/wp-json\/wp\/v2\/types\/avada_portfolio"}],"author":[{"embeddable":true,"href":"https:\/\/eurecat.org\/es\/wp-json\/wp\/v2\/users\/18"}],"replies":[{"embeddable":true,"href":"https:\/\/eurecat.org\/es\/wp-json\/wp\/v2\/comments?post=23621"}],"version-history":[{"count":0,"href":"https:\/\/eurecat.org\/es\/wp-json\/wp\/v2\/avada_portfolio\/23621\/revisions"}],"wp:featuredmedia":[{"embeddable":true,"href":"https:\/\/eurecat.org\/es\/wp-json\/wp\/v2\/media\/83524"}],"wp:attachment":[{"href":"https:\/\/eurecat.org\/es\/wp-json\/wp\/v2\/media?parent=23621"}],"wp:term":[{"taxonomy":"portfolio_category","embeddable":true,"href":"https:\/\/eurecat.org\/es\/wp-json\/wp\/v2\/portfolio_category?post=23621"},{"taxonomy":"portfolio_skills","embeddable":true,"href":"https:\/\/eurecat.org\/es\/wp-json\/wp\/v2\/portfolio_skills?post=23621"},{"taxonomy":"portfolio_tags","embeddable":true,"href":"https:\/\/eurecat.org\/es\/wp-json\/wp\/v2\/portfolio_tags?post=23621"}],"curies":[{"name":"wp","href":"https:\/\/api.w.org\/{rel}","templated":true}]}}