{"id":1145426,"date":"2026-09-02T10:19:10","date_gmt":"2026-09-02T08:19:10","guid":{"rendered":"https:\/\/eurecat.org\/?post_type=mec-events&#038;p=1145426"},"modified":"2026-09-02T11:44:15","modified_gmt":"2026-09-02T09:44:15","slug":"jornada-oportunidades-cdti-2026-convocatorias-ayudas-publicas","status":"publish","type":"mec-events","link":"https:\/\/eurecat.org\/es\/calendario\/jornada-oportunidades-cdti-2026-convocatorias-ayudas-publicas\/","title":{"rendered":"Jornada Oportunidades CDTI 2026: Convocatorias de ayudas p\u00fablicas estrategia para impulsar la I+D"},"content":{"rendered":"<div class=\"fusion-fullwidth fullwidth-box fusion-builder-row-1 fusion-flex-container nonhundred-percent-fullwidth non-hundred-percent-height-scrolling\" style=\"--awb-border-radius-top-left:0px;--awb-border-radius-top-right:0px;--awb-border-radius-bottom-right:0px;--awb-border-radius-bottom-left:0px;--awb-flex-wrap:wrap;\" ><div class=\"fusion-builder-row fusion-row fusion-flex-align-items-flex-start fusion-flex-content-wrap\" style=\"max-width:1424.8px;margin-left: calc(-4% \/ 2 );margin-right: calc(-4% \/ 2 );\"><div class=\"fusion-layout-column fusion_builder_column fusion-builder-column-0 fusion_builder_column_1_1 1_1 fusion-flex-column\" style=\"--awb-bg-size:cover;--awb-width-large:100%;--awb-margin-top-large:0px;--awb-spacing-right-large:1.92%;--awb-margin-bottom-large:0px;--awb-spacing-left-large:1.92%;--awb-width-medium:100%;--awb-spacing-right-medium:1.92%;--awb-spacing-left-medium:1.92%;--awb-width-small:100%;--awb-spacing-right-small:1.92%;--awb-spacing-left-small:1.92%;\"><div class=\"fusion-column-wrapper fusion-flex-justify-content-flex-start fusion-content-layout-column\"><div class=\"fusion-text fusion-text-1\"><p><strong>Eurecat co-organiza esta jornada CDTI el pr\u00f3ximo 17 de septiembre<\/strong> en el espacio REDESSA Tecno Reus y presenta de la mano de <strong>Ignasi Papell<\/strong>, <span data-olk-copy-source=\"MessageBody\">Gerente territorial Catalunya Sur de Eurecat, \u00ab<strong><span class=\"a_GcMg font-feature-liga-off font-feature-clig-off font-feature-calt-off text-decoration-none text-strikethrough-none\">Como la colaboraci\u00f3n p\u00fablico-privada impulsa la I+D+i y facilita el acceso a financiaci\u00f3n en consorcio<\/span><\/strong><\/span><span data-olk-copy-source=\"MessageBody\">\u00ab.<\/span><\/p>\n<p>La investigaci\u00f3n, el desarrollo y la innovaci\u00f3n (I+D+i) son factores clave para impulsar la competitividad de las empresas. Conocer las oportunidades de financiaci\u00f3n disponibles y saber c\u00f3mo estructurar los proyectos es fundamental para transformar las ideas en iniciativas innovadoras con impacto.<\/p>\n<p data-start=\"1549\" data-end=\"1621\"><strong>OBJETIVO:<\/strong><\/p>\n<ul data-start=\"1623\" data-end=\"1738\">\n<li data-section-id=\"k2ffu3\" data-start=\"1623\" data-end=\"1648\">Presentar las principales oportunidades de financiaci\u00f3n p\u00fablica para proyectos de I+D+i previstas por los pr\u00f3ximos meses.<\/li>\n<li data-section-id=\"k2ffu3\" data-start=\"1623\" data-end=\"1648\">Ofrecer una visi\u00f3n clara sobre los criterios de evaluaci\u00f3n y los factores clave en la aprobaci\u00f3n de proyectos.<\/li>\n<li data-section-id=\"k2ffu3\" data-start=\"1623\" data-end=\"1648\">Poner en valor la colaboraci\u00f3n entre empresas y centros tecnol\u00f3gicos en el desarrollo de iniciativas innovadoras.<\/li>\n<li data-section-id=\"k2ffu3\" data-start=\"1623\" data-end=\"1648\">Mostrar como mejorar la estructuraci\u00f3n y enfoque de iniciativas de innovaci\u00f3n.<\/li>\n<\/ul>\n<p data-start=\"1549\" data-end=\"1621\"><strong>DIRIGIDO A:<\/strong><\/p>\n<ul data-start=\"1623\" data-end=\"1738\">\n<li data-section-id=\"k2ffu3\" data-start=\"1623\" data-end=\"1648\">Empresas con actividad o inter\u00e9s en I+D+i<\/li>\n<li data-section-id=\"k2ffu3\" data-start=\"1623\" data-end=\"1648\">Startups<\/li>\n<li data-section-id=\"k2ffu3\" data-start=\"1623\" data-end=\"1648\">Pymes innovadoras<\/li>\n<li data-section-id=\"k2ffu3\" data-start=\"1623\" data-end=\"1648\">Organizaciones de sectores como salud, tecnolog\u00eda, ingenier\u00eda o digitalizaci\u00f3n<\/li>\n<\/ul>\n<p class=\"\" data-start=\"1740\" data-end=\"2018\">Especialmente dirigido a organizaciones que est\u00e9n valorando o desarrollando proyectos de innovaci\u00f3n y quieran conocer las opciones de financiaci\u00f3n disponibles.<\/p>\n<h6 style=\"text-align: center;\"><a href=\"https:\/\/asetconsultoria.com\/jornada-aset-reus-cdti\/\" target=\"_blank\" rel=\"noopener\"><span style=\"text-decoration: underline;\"><strong>Inscripciones abiertas<\/strong><\/span><\/a><\/h6>\n<\/div><\/div><\/div><\/div><\/div>\n","protected":false},"excerpt":{"rendered":"","protected":false},"author":20,"featured_media":1145427,"comment_status":"closed","ping_status":"closed","template":"","tags":[],"mec_category":[872],"class_list":["post-1145426","mec-events","type-mec-events","status-publish","has-post-thumbnail","hentry","mec_category-actes-de-promocio-del-negoci-deurecat"],"yoast_head":"<!-- This site is optimized with the Yoast SEO plugin v28.3 - https:\/\/yoast.com\/product\/yoast-seo-wordpress\/ -->\n<title>Jornada Oportunidades CDTI 2026: Convocatorias de ayudas p\u00fablicas estrategia para impulsar la I+D - Eurecat<\/title>\n<meta name=\"robots\" content=\"index, follow, max-snippet:-1, max-image-preview:large, max-video-preview:-1\" \/>\n<link rel=\"canonical\" href=\"https:\/\/eurecat.org\/es\/calendario\/jornada-oportunidades-cdti-2026-convocatorias-ayudas-publicas\/\" \/>\n<meta property=\"og:locale\" content=\"es_ES\" \/>\n<meta property=\"og:type\" content=\"article\" \/>\n<meta property=\"og:title\" content=\"Jornada Oportunidades CDTI 2026: Convocatorias de ayudas p\u00fablicas estrategia para impulsar la I+D - Eurecat\" \/>\n<meta property=\"og:url\" content=\"https:\/\/eurecat.org\/es\/calendario\/jornada-oportunidades-cdti-2026-convocatorias-ayudas-publicas\/\" \/>\n<meta property=\"og:site_name\" content=\"Eurecat\" \/>\n<meta property=\"article:modified_time\" content=\"2026-09-02T09:44:15+00:00\" \/>\n<meta property=\"og:image\" content=\"https:\/\/eurecat.org\/wp-content\/uploads\/2026\/09\/26_Jornada_CDTI_17setembre_cast.webp\" \/>\n\t<meta property=\"og:image:width\" content=\"750\" \/>\n\t<meta property=\"og:image:height\" content=\"400\" \/>\n\t<meta property=\"og:image:type\" content=\"image\/webp\" \/>\n<meta name=\"twitter:card\" content=\"summary_large_image\" \/>\n<meta name=\"twitter:label1\" content=\"Tiempo de lectura\" \/>\n\t<meta name=\"twitter:data1\" content=\"2 minutos\" \/>\n<script type=\"application\/ld+json\" class=\"yoast-schema-graph\">{\"@context\":\"https:\\\/\\\/schema.org\",\"@graph\":[{\"@type\":\"WebPage\",\"@id\":\"https:\\\/\\\/eurecat.org\\\/es\\\/calendario\\\/jornada-oportunidades-cdti-2026-convocatorias-ayudas-publicas\\\/\",\"url\":\"https:\\\/\\\/eurecat.org\\\/es\\\/calendario\\\/jornada-oportunidades-cdti-2026-convocatorias-ayudas-publicas\\\/\",\"name\":\"Jornada Oportunidades CDTI 2026: Convocatorias de ayudas p\u00fablicas estrategia para impulsar la I+D - Eurecat\",\"isPartOf\":{\"@id\":\"https:\\\/\\\/eurecat.org\\\/es\\\/#website\"},\"primaryImageOfPage\":{\"@id\":\"https:\\\/\\\/eurecat.org\\\/es\\\/calendario\\\/jornada-oportunidades-cdti-2026-convocatorias-ayudas-publicas\\\/#primaryimage\"},\"image\":{\"@id\":\"https:\\\/\\\/eurecat.org\\\/es\\\/calendario\\\/jornada-oportunidades-cdti-2026-convocatorias-ayudas-publicas\\\/#primaryimage\"},\"thumbnailUrl\":\"https:\\\/\\\/eurecat.org\\\/wp-content\\\/uploads\\\/2026\\\/09\\\/26_Jornada_CDTI_17setembre_cast.webp\",\"datePublished\":\"2026-09-02T08:19:10+00:00\",\"dateModified\":\"2026-09-02T09:44:15+00:00\",\"breadcrumb\":{\"@id\":\"https:\\\/\\\/eurecat.org\\\/es\\\/calendario\\\/jornada-oportunidades-cdti-2026-convocatorias-ayudas-publicas\\\/#breadcrumb\"},\"inLanguage\":\"es\",\"potentialAction\":[{\"@type\":\"ReadAction\",\"target\":[\"https:\\\/\\\/eurecat.org\\\/es\\\/calendario\\\/jornada-oportunidades-cdti-2026-convocatorias-ayudas-publicas\\\/\"]}]},{\"@type\":\"ImageObject\",\"inLanguage\":\"es\",\"@id\":\"https:\\\/\\\/eurecat.org\\\/es\\\/calendario\\\/jornada-oportunidades-cdti-2026-convocatorias-ayudas-publicas\\\/#primaryimage\",\"url\":\"https:\\\/\\\/eurecat.org\\\/wp-content\\\/uploads\\\/2026\\\/09\\\/26_Jornada_CDTI_17setembre_cast.webp\",\"contentUrl\":\"https:\\\/\\\/eurecat.org\\\/wp-content\\\/uploads\\\/2026\\\/09\\\/26_Jornada_CDTI_17setembre_cast.webp\",\"width\":750,\"height\":400},{\"@type\":\"BreadcrumbList\",\"@id\":\"https:\\\/\\\/eurecat.org\\\/es\\\/calendario\\\/jornada-oportunidades-cdti-2026-convocatorias-ayudas-publicas\\\/#breadcrumb\",\"itemListElement\":[{\"@type\":\"ListItem\",\"position\":1,\"name\":\"Inici\",\"item\":\"https:\\\/\\\/eurecat.org\\\/es\\\/\"},{\"@type\":\"ListItem\",\"position\":2,\"name\":\"Eventos\",\"item\":\"https:\\\/\\\/eurecat.org\\\/es\\\/calendario\\\/\"},{\"@type\":\"ListItem\",\"position\":3,\"name\":\"Jornada Oportunidades CDTI 2026: Convocatorias de ayudas p\u00fablicas estrategia para impulsar la I+D\"}]},{\"@type\":\"WebSite\",\"@id\":\"https:\\\/\\\/eurecat.org\\\/es\\\/#website\",\"url\":\"https:\\\/\\\/eurecat.org\\\/es\\\/\",\"name\":\"Eurecat\",\"description\":\"Otro sitio realizado con WordPress\",\"potentialAction\":[{\"@type\":\"SearchAction\",\"target\":{\"@type\":\"EntryPoint\",\"urlTemplate\":\"https:\\\/\\\/eurecat.org\\\/es\\\/?s={search_term_string}\"},\"query-input\":{\"@type\":\"PropertyValueSpecification\",\"valueRequired\":true,\"valueName\":\"search_term_string\"}}],\"inLanguage\":\"es\"}]}<\/script>\n<!-- \/ Yoast SEO plugin. -->","yoast_head_json":{"title":"Jornada Oportunidades CDTI 2026: Convocatorias de ayudas p\u00fablicas estrategia para impulsar la I+D - Eurecat","robots":{"index":"index","follow":"follow","max-snippet":"max-snippet:-1","max-image-preview":"max-image-preview:large","max-video-preview":"max-video-preview:-1"},"canonical":"https:\/\/eurecat.org\/es\/calendario\/jornada-oportunidades-cdti-2026-convocatorias-ayudas-publicas\/","og_locale":"es_ES","og_type":"article","og_title":"Jornada Oportunidades CDTI 2026: Convocatorias de ayudas p\u00fablicas estrategia para impulsar la I+D - Eurecat","og_url":"https:\/\/eurecat.org\/es\/calendario\/jornada-oportunidades-cdti-2026-convocatorias-ayudas-publicas\/","og_site_name":"Eurecat","article_modified_time":"2026-09-02T09:44:15+00:00","og_image":[{"width":750,"height":400,"url":"https:\/\/eurecat.org\/wp-content\/uploads\/2026\/09\/26_Jornada_CDTI_17setembre_cast.webp","type":"image\/webp"}],"twitter_card":"summary_large_image","twitter_misc":{"Tiempo de lectura":"2 minutos"},"schema":{"@context":"https:\/\/schema.org","@graph":[{"@type":"WebPage","@id":"https:\/\/eurecat.org\/es\/calendario\/jornada-oportunidades-cdti-2026-convocatorias-ayudas-publicas\/","url":"https:\/\/eurecat.org\/es\/calendario\/jornada-oportunidades-cdti-2026-convocatorias-ayudas-publicas\/","name":"Jornada Oportunidades CDTI 2026: Convocatorias de ayudas p\u00fablicas estrategia para impulsar la I+D - Eurecat","isPartOf":{"@id":"https:\/\/eurecat.org\/es\/#website"},"primaryImageOfPage":{"@id":"https:\/\/eurecat.org\/es\/calendario\/jornada-oportunidades-cdti-2026-convocatorias-ayudas-publicas\/#primaryimage"},"image":{"@id":"https:\/\/eurecat.org\/es\/calendario\/jornada-oportunidades-cdti-2026-convocatorias-ayudas-publicas\/#primaryimage"},"thumbnailUrl":"https:\/\/eurecat.org\/wp-content\/uploads\/2026\/09\/26_Jornada_CDTI_17setembre_cast.webp","datePublished":"2026-09-02T08:19:10+00:00","dateModified":"2026-09-02T09:44:15+00:00","breadcrumb":{"@id":"https:\/\/eurecat.org\/es\/calendario\/jornada-oportunidades-cdti-2026-convocatorias-ayudas-publicas\/#breadcrumb"},"inLanguage":"es","potentialAction":[{"@type":"ReadAction","target":["https:\/\/eurecat.org\/es\/calendario\/jornada-oportunidades-cdti-2026-convocatorias-ayudas-publicas\/"]}]},{"@type":"ImageObject","inLanguage":"es","@id":"https:\/\/eurecat.org\/es\/calendario\/jornada-oportunidades-cdti-2026-convocatorias-ayudas-publicas\/#primaryimage","url":"https:\/\/eurecat.org\/wp-content\/uploads\/2026\/09\/26_Jornada_CDTI_17setembre_cast.webp","contentUrl":"https:\/\/eurecat.org\/wp-content\/uploads\/2026\/09\/26_Jornada_CDTI_17setembre_cast.webp","width":750,"height":400},{"@type":"BreadcrumbList","@id":"https:\/\/eurecat.org\/es\/calendario\/jornada-oportunidades-cdti-2026-convocatorias-ayudas-publicas\/#breadcrumb","itemListElement":[{"@type":"ListItem","position":1,"name":"Inici","item":"https:\/\/eurecat.org\/es\/"},{"@type":"ListItem","position":2,"name":"Eventos","item":"https:\/\/eurecat.org\/es\/calendario\/"},{"@type":"ListItem","position":3,"name":"Jornada Oportunidades CDTI 2026: Convocatorias de ayudas p\u00fablicas estrategia para impulsar la I+D"}]},{"@type":"WebSite","@id":"https:\/\/eurecat.org\/es\/#website","url":"https:\/\/eurecat.org\/es\/","name":"Eurecat","description":"Otro sitio realizado con WordPress","potentialAction":[{"@type":"SearchAction","target":{"@type":"EntryPoint","urlTemplate":"https:\/\/eurecat.org\/es\/?s={search_term_string}"},"query-input":{"@type":"PropertyValueSpecification","valueRequired":true,"valueName":"search_term_string"}}],"inLanguage":"es"}]}},"_links":{"self":[{"href":"https:\/\/eurecat.org\/es\/wp-json\/wp\/v2\/mec-events\/1145426","targetHints":{"allow":["GET"]}}],"collection":[{"href":"https:\/\/eurecat.org\/es\/wp-json\/wp\/v2\/mec-events"}],"about":[{"href":"https:\/\/eurecat.org\/es\/wp-json\/wp\/v2\/types\/mec-events"}],"author":[{"embeddable":true,"href":"https:\/\/eurecat.org\/es\/wp-json\/wp\/v2\/users\/20"}],"replies":[{"embeddable":true,"href":"https:\/\/eurecat.org\/es\/wp-json\/wp\/v2\/comments?post=1145426"}],"wp:featuredmedia":[{"embeddable":true,"href":"https:\/\/eurecat.org\/es\/wp-json\/wp\/v2\/media\/1145427"}],"wp:attachment":[{"href":"https:\/\/eurecat.org\/es\/wp-json\/wp\/v2\/media?parent=1145426"}],"wp:term":[{"taxonomy":"post_tag","embeddable":true,"href":"https:\/\/eurecat.org\/es\/wp-json\/wp\/v2\/tags?post=1145426"},{"taxonomy":"mec_category","embeddable":true,"href":"https:\/\/eurecat.org\/es\/wp-json\/wp\/v2\/mec_category?post=1145426"}],"curies":[{"name":"wp","href":"https:\/\/api.w.org\/{rel}","templated":true}]}}