{"id":127887,"date":"2022-11-03T09:21:56","date_gmt":"2022-11-03T08:21:56","guid":{"rendered":"https:\/\/eurecat.org\/?post_type=mec-events&#038;p=127887"},"modified":"2022-11-22T17:11:44","modified_gmt":"2022-11-22T16:11:44","slug":"dih4cat-taller-identificacio-reptes-tecnologics-cadena-valor","status":"publish","type":"mec-events","link":"https:\/\/eurecat.org\/es\/calendario\/dih4cat-taller-identificacio-reptes-tecnologics-cadena-valor\/","title":{"rendered":"DIH4CAT &#8211;   Taller de identificaci\u00f3n de retos tecnol\u00f3gicos en la cadena de valor de las empresas y posibilidades de financiaci\u00f3n para proyectos de adopci\u00f3n de tecnolog\u00edas avanzadas"},"content":{"rendered":"<div class=\"fusion-fullwidth fullwidth-box fusion-builder-row-1 fusion-flex-container nonhundred-percent-fullwidth non-hundred-percent-height-scrolling\" style=\"--awb-border-radius-top-left:0px;--awb-border-radius-top-right:0px;--awb-border-radius-bottom-right:0px;--awb-border-radius-bottom-left:0px;--awb-flex-wrap:wrap;\" ><div class=\"fusion-builder-row fusion-row fusion-flex-align-items-flex-start fusion-flex-content-wrap\" style=\"max-width:1424.8px;margin-left: calc(-4% \/ 2 );margin-right: calc(-4% \/ 2 );\"><div class=\"fusion-layout-column fusion_builder_column fusion-builder-column-0 fusion_builder_column_1_1 1_1 fusion-flex-column\" style=\"--awb-bg-size:cover;--awb-width-large:100%;--awb-margin-top-large:0px;--awb-spacing-right-large:1.92%;--awb-margin-bottom-large:0px;--awb-spacing-left-large:1.92%;--awb-width-medium:100%;--awb-spacing-right-medium:1.92%;--awb-spacing-left-medium:1.92%;--awb-width-small:100%;--awb-spacing-right-small:1.92%;--awb-spacing-left-small:1.92%;\"><div class=\"fusion-column-wrapper fusion-flex-justify-content-flex-start fusion-content-layout-column\"><div class=\"fusion-text fusion-text-1\"><p>El <a href=\"https:\/\/dih4cat.cat\/\">DIH4CAT<\/a>, del que Eurecat es socio colaborador, organiza un taller para ayudar a las pymes a identificar y afrontar los retos de su cadena de valor gracias a la incorporaci\u00f3n de las tecnolog\u00edas m\u00e1s avanzadas.<\/p>\n<p>El \u00abTaller de identificaci\u00f3n de retos en Tarragona\u00bb pretende reflexionar y hacer visibles los principales retos operativos y tecnol\u00f3gicos y analizar c\u00f3mo las tecnolog\u00edas m\u00e1s avanzadas pueden dar respuesta. La reflexi\u00f3n se realizar\u00e1 de forma conjunta con la red de Nodos de Innovaci\u00f3n Digital del territorio. Tambi\u00e9n se incidir\u00e1 en presentar distintas formas de financiaci\u00f3n.<\/p>\n<p>Esta jornada gratuita, dirigida a pymes y grandes empresas, tiene como objetivo reflexionar y ayudar a identificar y afrontar los retos comunes y de la cadena de valor gracias a la incorporaci\u00f3n de las tecnolog\u00edas m\u00e1s avanzadas, y as\u00ed identificar y contextualizar nuevos proyectos de I+D de la mano de los Nodos, para activar las oportunidades de mejora detectadas y aprovechar las diferentes fuentes de financiaci\u00f3n disponibles.<\/p>\n<h4>A qui\u00e9n se dirige<\/h4>\n<hr \/>\n<p>Pymes y grandes empresas que tengan inter\u00e9s en evaluar c\u00f3mo afrontar los principales retos comunes y la cadena de valor mediante la incorporaci\u00f3n de las tecnolog\u00edas m\u00e1s avanzadas.<\/p>\n<h4>Agenda<\/h4>\n<hr \/>\n<p>10:00 -10:10h Bienvenida<\/p>\n<p>10:10- 10:25h Presentaci\u00f3n del DIH4CAT y de sus capacidades<\/p>\n<p>10:25- 11:35h Presentaci\u00f3n de la Agencia de Ciberseguridad de Catalu\u00f1a<\/p>\n<p>11:35-11:00h P\u00edldora de inspiraci\u00f3n caso de \u00e9xito a cargo del nodo del <a href=\"https:\/\/cidai.eu\/\">CIDAI<\/a>* (Inteligencia artificial) y P\u00edldora de inspiraci\u00f3n caso de \u00e9xito a cargo del nodo de Fabricaci\u00f3n aditiva e impresi\u00f3n 3D<\/p>\n<p>11:00-12:15h Din\u00e1mica DIH4CAT Challenge: din\u00e1mica de creatividad para crear retos que se puedan lanzar en los Nodos vinculados a las diferentes tecnolog\u00edas clave<\/p>\n<p>12:15-12:30h Puesta en com\u00fan y presentaci\u00f3n de los proyectos priorizados<\/p>\n<p>13:20-13:30h Pr\u00f3ximos pasos y clausura<\/p>\n<\/div><div class=\"fusion-text fusion-text-2\"><p><strong><em>*CIDAI &#8211; Centre of Innovation for Data tech and Artificial Intelligence<\/em><\/strong><br \/>\n<em>El CIDAI rs una iniciativa p\u00fablico-privada de refererncia rn Catalu\u00f1a para promover proyectos y la transferencia de soluciones tecnol\u00f3gicas en AI aplicada.<\/em><\/p>\n<\/div><div style=\"text-align:center;\"><a class=\"fusion-button button-flat fusion-button-default-size button-default fusion-button-default button-1 fusion-button-default-span fusion-button-default-type\" style=\"--awb-padding-bottom:20px;\" target=\"_blank\" rel=\"noopener noreferrer\" href=\"https:\/\/www.tfaforms.com\/5024910\"><span class=\"fusion-button-text awb-button__text awb-button__text--default\">Inscripciones<\/span><\/a><\/div><\/div><\/div><\/div><\/div>\n","protected":false},"excerpt":{"rendered":"","protected":false},"author":20,"featured_media":128675,"comment_status":"closed","ping_status":"closed","template":"","tags":[],"mec_category":[986],"class_list":["post-127887","mec-events","type-mec-events","status-publish","has-post-thumbnail","hentry","mec_category-actos-cientificos-tecnologicos"],"yoast_head":"<!-- This site is optimized with the Yoast SEO plugin v27.4 - https:\/\/yoast.com\/product\/yoast-seo-wordpress\/ -->\n<title>DIH4CAT - Taller identificaci\u00f3n retos tecnol\u00f3gicos cadena de valor<\/title>\n<meta name=\"description\" content=\"El DIH4CAT organiza un taller para ayudar a las pymes a identificar y afrontar los retos de su cadena de valor en Tarragona\" \/>\n<meta name=\"robots\" content=\"index, follow, max-snippet:-1, max-image-preview:large, max-video-preview:-1\" \/>\n<link rel=\"canonical\" href=\"https:\/\/eurecat.org\/es\/calendario\/dih4cat-taller-identificacio-reptes-tecnologics-cadena-valor\/\" \/>\n<meta property=\"og:locale\" content=\"es_ES\" \/>\n<meta property=\"og:type\" content=\"article\" \/>\n<meta property=\"og:title\" content=\"DIH4CAT - Taller identificaci\u00f3n retos tecnol\u00f3gicos cadena de valor\" \/>\n<meta property=\"og:description\" content=\"El DIH4CAT organiza un taller para ayudar a las pymes a identificar y afrontar los retos de su cadena de valor en Tarragona\" \/>\n<meta property=\"og:url\" content=\"https:\/\/eurecat.org\/es\/calendario\/dih4cat-taller-identificacio-reptes-tecnologics-cadena-valor\/\" \/>\n<meta property=\"og:site_name\" content=\"Eurecat\" \/>\n<meta property=\"article:modified_time\" content=\"2022-11-22T16:11:44+00:00\" \/>\n<meta property=\"og:image\" content=\"https:\/\/eurecat.org\/wp-content\/uploads\/2022\/11\/jornada-dih4cat-online.jpg\" \/>\n\t<meta property=\"og:image:width\" content=\"750\" \/>\n\t<meta property=\"og:image:height\" content=\"400\" \/>\n\t<meta property=\"og:image:type\" content=\"image\/jpeg\" \/>\n<meta name=\"twitter:card\" content=\"summary_large_image\" \/>\n<meta name=\"twitter:label1\" content=\"Tiempo de lectura\" \/>\n\t<meta name=\"twitter:data1\" content=\"3 minutos\" \/>\n<script type=\"application\/ld+json\" class=\"yoast-schema-graph\">{\"@context\":\"https:\\\/\\\/schema.org\",\"@graph\":[{\"@type\":\"WebPage\",\"@id\":\"https:\\\/\\\/eurecat.org\\\/es\\\/calendario\\\/dih4cat-taller-identificacio-reptes-tecnologics-cadena-valor\\\/\",\"url\":\"https:\\\/\\\/eurecat.org\\\/es\\\/calendario\\\/dih4cat-taller-identificacio-reptes-tecnologics-cadena-valor\\\/\",\"name\":\"DIH4CAT - Taller identificaci\u00f3n retos tecnol\u00f3gicos cadena de valor\",\"isPartOf\":{\"@id\":\"https:\\\/\\\/eurecat.org\\\/es\\\/#website\"},\"primaryImageOfPage\":{\"@id\":\"https:\\\/\\\/eurecat.org\\\/es\\\/calendario\\\/dih4cat-taller-identificacio-reptes-tecnologics-cadena-valor\\\/#primaryimage\"},\"image\":{\"@id\":\"https:\\\/\\\/eurecat.org\\\/es\\\/calendario\\\/dih4cat-taller-identificacio-reptes-tecnologics-cadena-valor\\\/#primaryimage\"},\"thumbnailUrl\":\"https:\\\/\\\/eurecat.org\\\/wp-content\\\/uploads\\\/2022\\\/11\\\/jornada-dih4cat-online-2.jpg\",\"datePublished\":\"2022-11-03T08:21:56+00:00\",\"dateModified\":\"2022-11-22T16:11:44+00:00\",\"description\":\"El DIH4CAT organiza un taller para ayudar a las pymes a identificar y afrontar los retos de su cadena de valor en Tarragona\",\"breadcrumb\":{\"@id\":\"https:\\\/\\\/eurecat.org\\\/es\\\/calendario\\\/dih4cat-taller-identificacio-reptes-tecnologics-cadena-valor\\\/#breadcrumb\"},\"inLanguage\":\"es\",\"potentialAction\":[{\"@type\":\"ReadAction\",\"target\":[\"https:\\\/\\\/eurecat.org\\\/es\\\/calendario\\\/dih4cat-taller-identificacio-reptes-tecnologics-cadena-valor\\\/\"]}]},{\"@type\":\"ImageObject\",\"inLanguage\":\"es\",\"@id\":\"https:\\\/\\\/eurecat.org\\\/es\\\/calendario\\\/dih4cat-taller-identificacio-reptes-tecnologics-cadena-valor\\\/#primaryimage\",\"url\":\"https:\\\/\\\/eurecat.org\\\/wp-content\\\/uploads\\\/2022\\\/11\\\/jornada-dih4cat-online-2.jpg\",\"contentUrl\":\"https:\\\/\\\/eurecat.org\\\/wp-content\\\/uploads\\\/2022\\\/11\\\/jornada-dih4cat-online-2.jpg\",\"width\":750,\"height\":400},{\"@type\":\"BreadcrumbList\",\"@id\":\"https:\\\/\\\/eurecat.org\\\/es\\\/calendario\\\/dih4cat-taller-identificacio-reptes-tecnologics-cadena-valor\\\/#breadcrumb\",\"itemListElement\":[{\"@type\":\"ListItem\",\"position\":1,\"name\":\"Inici\",\"item\":\"https:\\\/\\\/eurecat.org\\\/es\\\/\"},{\"@type\":\"ListItem\",\"position\":2,\"name\":\"Eventos\",\"item\":\"https:\\\/\\\/eurecat.org\\\/es\\\/calendario\\\/\"},{\"@type\":\"ListItem\",\"position\":3,\"name\":\"DIH4CAT &#8211; Taller de identificaci\u00f3n de retos tecnol\u00f3gicos en la cadena de valor de las empresas y posibilidades de financiaci\u00f3n para proyectos de adopci\u00f3n de tecnolog\u00edas avanzadas\"}]},{\"@type\":\"WebSite\",\"@id\":\"https:\\\/\\\/eurecat.org\\\/es\\\/#website\",\"url\":\"https:\\\/\\\/eurecat.org\\\/es\\\/\",\"name\":\"Eurecat\",\"description\":\"Otro sitio realizado con WordPress\",\"potentialAction\":[{\"@type\":\"SearchAction\",\"target\":{\"@type\":\"EntryPoint\",\"urlTemplate\":\"https:\\\/\\\/eurecat.org\\\/es\\\/?s={search_term_string}\"},\"query-input\":{\"@type\":\"PropertyValueSpecification\",\"valueRequired\":true,\"valueName\":\"search_term_string\"}}],\"inLanguage\":\"es\"}]}<\/script>\n<!-- \/ Yoast SEO plugin. -->","yoast_head_json":{"title":"DIH4CAT - Taller identificaci\u00f3n retos tecnol\u00f3gicos cadena de valor","description":"El DIH4CAT organiza un taller para ayudar a las pymes a identificar y afrontar los retos de su cadena de valor en Tarragona","robots":{"index":"index","follow":"follow","max-snippet":"max-snippet:-1","max-image-preview":"max-image-preview:large","max-video-preview":"max-video-preview:-1"},"canonical":"https:\/\/eurecat.org\/es\/calendario\/dih4cat-taller-identificacio-reptes-tecnologics-cadena-valor\/","og_locale":"es_ES","og_type":"article","og_title":"DIH4CAT - Taller identificaci\u00f3n retos tecnol\u00f3gicos cadena de valor","og_description":"El DIH4CAT organiza un taller para ayudar a las pymes a identificar y afrontar los retos de su cadena de valor en Tarragona","og_url":"https:\/\/eurecat.org\/es\/calendario\/dih4cat-taller-identificacio-reptes-tecnologics-cadena-valor\/","og_site_name":"Eurecat","article_modified_time":"2022-11-22T16:11:44+00:00","og_image":[{"width":750,"height":400,"url":"https:\/\/eurecat.org\/wp-content\/uploads\/2022\/11\/jornada-dih4cat-online.jpg","type":"image\/jpeg"}],"twitter_card":"summary_large_image","twitter_misc":{"Tiempo de lectura":"3 minutos"},"schema":{"@context":"https:\/\/schema.org","@graph":[{"@type":"WebPage","@id":"https:\/\/eurecat.org\/es\/calendario\/dih4cat-taller-identificacio-reptes-tecnologics-cadena-valor\/","url":"https:\/\/eurecat.org\/es\/calendario\/dih4cat-taller-identificacio-reptes-tecnologics-cadena-valor\/","name":"DIH4CAT - Taller identificaci\u00f3n retos tecnol\u00f3gicos cadena de valor","isPartOf":{"@id":"https:\/\/eurecat.org\/es\/#website"},"primaryImageOfPage":{"@id":"https:\/\/eurecat.org\/es\/calendario\/dih4cat-taller-identificacio-reptes-tecnologics-cadena-valor\/#primaryimage"},"image":{"@id":"https:\/\/eurecat.org\/es\/calendario\/dih4cat-taller-identificacio-reptes-tecnologics-cadena-valor\/#primaryimage"},"thumbnailUrl":"https:\/\/eurecat.org\/wp-content\/uploads\/2022\/11\/jornada-dih4cat-online-2.jpg","datePublished":"2022-11-03T08:21:56+00:00","dateModified":"2022-11-22T16:11:44+00:00","description":"El DIH4CAT organiza un taller para ayudar a las pymes a identificar y afrontar los retos de su cadena de valor en Tarragona","breadcrumb":{"@id":"https:\/\/eurecat.org\/es\/calendario\/dih4cat-taller-identificacio-reptes-tecnologics-cadena-valor\/#breadcrumb"},"inLanguage":"es","potentialAction":[{"@type":"ReadAction","target":["https:\/\/eurecat.org\/es\/calendario\/dih4cat-taller-identificacio-reptes-tecnologics-cadena-valor\/"]}]},{"@type":"ImageObject","inLanguage":"es","@id":"https:\/\/eurecat.org\/es\/calendario\/dih4cat-taller-identificacio-reptes-tecnologics-cadena-valor\/#primaryimage","url":"https:\/\/eurecat.org\/wp-content\/uploads\/2022\/11\/jornada-dih4cat-online-2.jpg","contentUrl":"https:\/\/eurecat.org\/wp-content\/uploads\/2022\/11\/jornada-dih4cat-online-2.jpg","width":750,"height":400},{"@type":"BreadcrumbList","@id":"https:\/\/eurecat.org\/es\/calendario\/dih4cat-taller-identificacio-reptes-tecnologics-cadena-valor\/#breadcrumb","itemListElement":[{"@type":"ListItem","position":1,"name":"Inici","item":"https:\/\/eurecat.org\/es\/"},{"@type":"ListItem","position":2,"name":"Eventos","item":"https:\/\/eurecat.org\/es\/calendario\/"},{"@type":"ListItem","position":3,"name":"DIH4CAT &#8211; Taller de identificaci\u00f3n de retos tecnol\u00f3gicos en la cadena de valor de las empresas y posibilidades de financiaci\u00f3n para proyectos de adopci\u00f3n de tecnolog\u00edas avanzadas"}]},{"@type":"WebSite","@id":"https:\/\/eurecat.org\/es\/#website","url":"https:\/\/eurecat.org\/es\/","name":"Eurecat","description":"Otro sitio realizado con WordPress","potentialAction":[{"@type":"SearchAction","target":{"@type":"EntryPoint","urlTemplate":"https:\/\/eurecat.org\/es\/?s={search_term_string}"},"query-input":{"@type":"PropertyValueSpecification","valueRequired":true,"valueName":"search_term_string"}}],"inLanguage":"es"}]}},"_links":{"self":[{"href":"https:\/\/eurecat.org\/es\/wp-json\/wp\/v2\/mec-events\/127887","targetHints":{"allow":["GET"]}}],"collection":[{"href":"https:\/\/eurecat.org\/es\/wp-json\/wp\/v2\/mec-events"}],"about":[{"href":"https:\/\/eurecat.org\/es\/wp-json\/wp\/v2\/types\/mec-events"}],"author":[{"embeddable":true,"href":"https:\/\/eurecat.org\/es\/wp-json\/wp\/v2\/users\/20"}],"replies":[{"embeddable":true,"href":"https:\/\/eurecat.org\/es\/wp-json\/wp\/v2\/comments?post=127887"}],"wp:featuredmedia":[{"embeddable":true,"href":"https:\/\/eurecat.org\/es\/wp-json\/wp\/v2\/media\/128675"}],"wp:attachment":[{"href":"https:\/\/eurecat.org\/es\/wp-json\/wp\/v2\/media?parent=127887"}],"wp:term":[{"taxonomy":"post_tag","embeddable":true,"href":"https:\/\/eurecat.org\/es\/wp-json\/wp\/v2\/tags?post=127887"},{"taxonomy":"mec_category","embeddable":true,"href":"https:\/\/eurecat.org\/es\/wp-json\/wp\/v2\/mec_category?post=127887"}],"curies":[{"name":"wp","href":"https:\/\/api.w.org\/{rel}","templated":true}]}}