{"id":128618,"date":"2022-11-22T10:40:36","date_gmt":"2022-11-22T09:40:36","guid":{"rendered":"https:\/\/eurecat.org\/?post_type=mec-events&#038;p=128618"},"modified":"2022-11-22T10:52:33","modified_gmt":"2022-11-22T09:52:33","slug":"ai4es-summit-2022","status":"publish","type":"mec-events","link":"https:\/\/eurecat.org\/es\/calendario\/ai4es-summit-2022\/","title":{"rendered":"AI4ES SUMMIT 2022"},"content":{"rendered":"<div class=\"fusion-fullwidth fullwidth-box fusion-builder-row-1 fusion-flex-container nonhundred-percent-fullwidth non-hundred-percent-height-scrolling\" style=\"--awb-border-radius-top-left:0px;--awb-border-radius-top-right:0px;--awb-border-radius-bottom-right:0px;--awb-border-radius-bottom-left:0px;--awb-flex-wrap:wrap;\" ><div class=\"fusion-builder-row fusion-row fusion-flex-align-items-flex-start fusion-flex-content-wrap\" style=\"max-width:1424.8px;margin-left: calc(-4% \/ 2 );margin-right: calc(-4% \/ 2 );\"><div class=\"fusion-layout-column fusion_builder_column fusion-builder-column-0 fusion_builder_column_1_1 1_1 fusion-flex-column\" style=\"--awb-bg-size:cover;--awb-width-large:100%;--awb-margin-top-large:0px;--awb-spacing-right-large:1.92%;--awb-margin-bottom-large:0px;--awb-spacing-left-large:1.92%;--awb-width-medium:100%;--awb-spacing-right-medium:1.92%;--awb-spacing-left-medium:1.92%;--awb-width-small:100%;--awb-spacing-right-small:1.92%;--awb-spacing-left-small:1.92%;\"><div class=\"fusion-column-wrapper fusion-flex-justify-content-flex-start fusion-content-layout-column\"><div class=\"fusion-text fusion-text-1\"><\/div>\n<p>El pr\u00f3ximo<strong>\u00a030 de noviembre\u00a0<\/strong>celebraremos\u00a0<strong>en Barcelona<\/strong>\u00a0el segundo\u00a0<strong>AI4ES SUMMIT, <\/strong>un encuentro en el que contaremos con la presencia de un ponente de referencia internacional y presentaremos la agenda estrat\u00e9gica de investigaci\u00f3n y desarrollo de AI4ES, en la que se ha trabajado durante el primer a\u00f1o de actividad de la red. La bienvenida al acto ir\u00e1 a cargo de Joan Llu\u00eds Mas, Director del \u00c1rea Digital de Eurecat.<\/p>\n<p>En este AI4ES Summit tambi\u00e9n, \u00a0se presentar\u00e1n diferentes casos de \u00e9xito empresariales del uso de datos y la IA, y c\u00f3mo AI4ES puede ayudar a mejorar y acelerar el camino de las empresas en su transformaci\u00f3n digital.<\/p>\n<h5>Programa<\/h5>\n<p>10.10 &#8211; 10.20h \u00a0Bienvenida y presentaci\u00f3n al SUMMIT. <strong>Joan Lluis Mas,<\/strong> director del \u00c1rea digital de Eurecat.<br \/>\n10.10 &#8211; 10.20h \u00a0Apertura institucional. <strong>Daniel Santanach<\/strong>, en representaci\u00f3n de la Direcci\u00f3n General de Innovaci\u00f3n, Econom\u00eda Digital y Emprendimiento de la Generalitat de Catalunya.<br \/>\n10.20 &#8211; 11.15h\u00a0Keynote. \u00abAprendizaje causal e inteligencia artificial\u00bb <strong>Dr. Jordi Vitri\u00e0<\/strong>,\u00a0catedr\u00e1tico de Matem\u00e1ticas e Inform\u00e1tica de la Universitat de Barcelona.<br \/>\n11.15 &#8211; 11.45h \u00a0Pausa-caf\u00e9<br \/>\n11.45 &#8211; 12.45h\u00a0 Presentaci\u00f3n Agenda estrat\u00e9gica AI4ES<br \/>\n12.45 &#8211; 13.40h Casos de \u00e9xito empresariales del uso de datos y la aplicaci\u00f3n de la IA. 4 ponencias de empresas:<br \/>\n1. <strong>Beatriz Cris\u00f3stomo<\/strong>, Global Head of Innovation de Iberdrola<br \/>\n2. <strong>Xavier Lleixa<\/strong>,\u00a0Global Technology Product Leader and Enterpreneur de Digimevo<br \/>\n3. <strong>Nuria Zamorano<\/strong>, t\u00e9cnica de I+D+i de Grupo Gimeno\/FACSA, y\u00a0Federico Pi\u00f1uela, Senior Data Scientist. Big Data &amp; AI de Grupo Gimeno<br \/>\n4. <strong>Yv\u00e1n J. Presa<\/strong>, director de Ingenier\u00eda, I+D &amp; Gesti\u00f3n de Producto de PMG Powertrain R&amp;D Center<br \/>\n13.40- 14.00h Clausura. Presentaci\u00f3n DATATHON y presentaci\u00f3n de conclusiones<\/p>\n<h5>Sobre el AI4ES<\/h5>\n<p><a href=\"https:\/\/www.linkedin.com\/feed\/hashtag\/?keywords=ai4es&amp;highlightedUpdateUrns=urn%3Ali%3Aactivity%3A6998936813432107008\" data-attribute-index=\"4\">#AI4ES<\/a> tiene el objetivo de potenciar la econom\u00eda basada en datos e inteligencia artificial a nivel nacional, facilitando la transferencia de capacidades, resultados y tecnolog\u00edas al tejido productivo, proporcionando soluciones y servicios innovadores que requieran acceso seguro y fiable a datos, procesamiento eficiente , an\u00e1lisis avanzado, aprendizaje autom\u00e1tico, e inteligencia artificial. #AI4ES est\u00e1 integrada por los centros tecnol\u00f3gicos\u00a0<a href=\"https:\/\/www.linkedin.com\/company\/iti-instituto-tecnologico-de-informatica\/\" data-attribute-index=\"6\" data-entity-hovercard-id=\"urn:li:fs_miniCompany:349186\" data-entity-type=\"MINI_COMPANY\">ITI\u00a0<\/a>,\u00a0<a href=\"https:\/\/www.linkedin.com\/company\/tecnalia-research-&amp;-innovation\/\" data-attribute-index=\"8\" data-entity-hovercard-id=\"urn:li:fs_miniCompany:1281275\" data-entity-type=\"MINI_COMPANY\">TECNALIA Research &amp; Innovation<\/a>,\u00a0<a href=\"https:\/\/www.linkedin.com\/company\/fundacion-ctic\/\" data-attribute-index=\"10\" data-entity-hovercard-id=\"urn:li:fs_miniCompany:74432\" data-entity-type=\"MINI_COMPANY\">CTIC Technology Centre<\/a> y <a href=\"https:\/\/www.linkedin.com\/company\/eurecat\/\" data-attribute-index=\"12\" data-entity-hovercard-id=\"urn:li:fs_miniCompany:9355193\" data-entity-type=\"MINI_COMPANY\">Eurecat &#8211; Technology Centre of Catalonia<\/a><\/p>\n<div style=\"text-align:center;\"><a class=\"fusion-button button-flat fusion-button-default-size button-default fusion-button-default button-1 fusion-button-default-span fusion-button-default-type\" target=\"_blank\" rel=\"noopener noreferrer\" href=\"https:\/\/www.ai4es.com\/ai4es-summit-2022\/\"><span class=\"fusion-button-text awb-button__text awb-button__text--default\">Consulta el programa e inscr\u00edbete aqu\u00ed<\/span><\/a><\/div><\/div><\/div><\/div><\/div>\n","protected":false},"excerpt":{"rendered":"","protected":false},"author":20,"featured_media":128616,"comment_status":"closed","ping_status":"closed","template":"","tags":[2432],"mec_category":[986,976],"class_list":["post-128618","mec-events","type-mec-events","status-publish","has-post-thumbnail","hentry","tag-ia4es","mec_category-actos-cientificos-tecnologicos","mec_category-congresos-organizados-por-eurecat-es"],"yoast_head":"<!-- This site is optimized with the Yoast SEO plugin v27.4 - https:\/\/yoast.com\/product\/yoast-seo-wordpress\/ -->\n<title>AI4ES SUMMIT 2022AI4ES SUMMIT 2022 - Eurecat<\/title>\n<meta name=\"description\" content=\"El pr\u00f3ximo\u00a030 de noviembre\u00a0celebraremos\u00a0en Barcelona\u00a0el segundo\u00a0AI4ES SUMMIT y presentaremos la agenda estrat\u00e9gica de investigaci\u00f3n\" \/>\n<meta name=\"robots\" content=\"index, follow, max-snippet:-1, max-image-preview:large, max-video-preview:-1\" \/>\n<link rel=\"canonical\" href=\"https:\/\/eurecat.org\/es\/calendario\/ai4es-summit-2022\/\" \/>\n<meta property=\"og:locale\" content=\"es_ES\" \/>\n<meta property=\"og:type\" content=\"article\" \/>\n<meta property=\"og:title\" content=\"AI4ES SUMMIT 2022AI4ES SUMMIT 2022 - Eurecat\" \/>\n<meta property=\"og:description\" content=\"El pr\u00f3ximo\u00a030 de noviembre\u00a0celebraremos\u00a0en Barcelona\u00a0el segundo\u00a0AI4ES SUMMIT y presentaremos la agenda estrat\u00e9gica de investigaci\u00f3n\" \/>\n<meta property=\"og:url\" content=\"https:\/\/eurecat.org\/es\/calendario\/ai4es-summit-2022\/\" \/>\n<meta property=\"og:site_name\" content=\"Eurecat\" \/>\n<meta property=\"article:modified_time\" content=\"2022-11-22T09:52:33+00:00\" \/>\n<meta property=\"og:image\" content=\"https:\/\/eurecat.org\/wp-content\/uploads\/2022\/11\/AI4ES_30nov_web.jpg\" \/>\n\t<meta property=\"og:image:width\" content=\"750\" \/>\n\t<meta property=\"og:image:height\" content=\"400\" \/>\n\t<meta property=\"og:image:type\" content=\"image\/jpeg\" \/>\n<meta name=\"twitter:card\" content=\"summary_large_image\" \/>\n<meta name=\"twitter:label1\" content=\"Tiempo de lectura\" \/>\n\t<meta name=\"twitter:data1\" content=\"3 minutos\" \/>\n<script type=\"application\/ld+json\" class=\"yoast-schema-graph\">{\"@context\":\"https:\\\/\\\/schema.org\",\"@graph\":[{\"@type\":\"WebPage\",\"@id\":\"https:\\\/\\\/eurecat.org\\\/es\\\/calendario\\\/ai4es-summit-2022\\\/\",\"url\":\"https:\\\/\\\/eurecat.org\\\/es\\\/calendario\\\/ai4es-summit-2022\\\/\",\"name\":\"AI4ES SUMMIT 2022AI4ES SUMMIT 2022 - Eurecat\",\"isPartOf\":{\"@id\":\"https:\\\/\\\/eurecat.org\\\/es\\\/#website\"},\"primaryImageOfPage\":{\"@id\":\"https:\\\/\\\/eurecat.org\\\/es\\\/calendario\\\/ai4es-summit-2022\\\/#primaryimage\"},\"image\":{\"@id\":\"https:\\\/\\\/eurecat.org\\\/es\\\/calendario\\\/ai4es-summit-2022\\\/#primaryimage\"},\"thumbnailUrl\":\"https:\\\/\\\/eurecat.org\\\/wp-content\\\/uploads\\\/2022\\\/11\\\/AI4ES_30nov_web.jpg\",\"datePublished\":\"2022-11-22T09:40:36+00:00\",\"dateModified\":\"2022-11-22T09:52:33+00:00\",\"description\":\"El pr\u00f3ximo\u00a030 de noviembre\u00a0celebraremos\u00a0en Barcelona\u00a0el segundo\u00a0AI4ES SUMMIT y presentaremos la agenda estrat\u00e9gica de investigaci\u00f3n\",\"breadcrumb\":{\"@id\":\"https:\\\/\\\/eurecat.org\\\/es\\\/calendario\\\/ai4es-summit-2022\\\/#breadcrumb\"},\"inLanguage\":\"es\",\"potentialAction\":[{\"@type\":\"ReadAction\",\"target\":[\"https:\\\/\\\/eurecat.org\\\/es\\\/calendario\\\/ai4es-summit-2022\\\/\"]}]},{\"@type\":\"ImageObject\",\"inLanguage\":\"es\",\"@id\":\"https:\\\/\\\/eurecat.org\\\/es\\\/calendario\\\/ai4es-summit-2022\\\/#primaryimage\",\"url\":\"https:\\\/\\\/eurecat.org\\\/wp-content\\\/uploads\\\/2022\\\/11\\\/AI4ES_30nov_web.jpg\",\"contentUrl\":\"https:\\\/\\\/eurecat.org\\\/wp-content\\\/uploads\\\/2022\\\/11\\\/AI4ES_30nov_web.jpg\",\"width\":750,\"height\":400,\"caption\":\"AI4ES SUMMIT\"},{\"@type\":\"BreadcrumbList\",\"@id\":\"https:\\\/\\\/eurecat.org\\\/es\\\/calendario\\\/ai4es-summit-2022\\\/#breadcrumb\",\"itemListElement\":[{\"@type\":\"ListItem\",\"position\":1,\"name\":\"Inici\",\"item\":\"https:\\\/\\\/eurecat.org\\\/es\\\/\"},{\"@type\":\"ListItem\",\"position\":2,\"name\":\"Eventos\",\"item\":\"https:\\\/\\\/eurecat.org\\\/es\\\/calendario\\\/\"},{\"@type\":\"ListItem\",\"position\":3,\"name\":\"AI4ES SUMMIT 2022\"}]},{\"@type\":\"WebSite\",\"@id\":\"https:\\\/\\\/eurecat.org\\\/es\\\/#website\",\"url\":\"https:\\\/\\\/eurecat.org\\\/es\\\/\",\"name\":\"Eurecat\",\"description\":\"Otro sitio realizado con WordPress\",\"potentialAction\":[{\"@type\":\"SearchAction\",\"target\":{\"@type\":\"EntryPoint\",\"urlTemplate\":\"https:\\\/\\\/eurecat.org\\\/es\\\/?s={search_term_string}\"},\"query-input\":{\"@type\":\"PropertyValueSpecification\",\"valueRequired\":true,\"valueName\":\"search_term_string\"}}],\"inLanguage\":\"es\"}]}<\/script>\n<!-- \/ Yoast SEO plugin. -->","yoast_head_json":{"title":"AI4ES SUMMIT 2022AI4ES SUMMIT 2022 - Eurecat","description":"El pr\u00f3ximo\u00a030 de noviembre\u00a0celebraremos\u00a0en Barcelona\u00a0el segundo\u00a0AI4ES SUMMIT y presentaremos la agenda estrat\u00e9gica de investigaci\u00f3n","robots":{"index":"index","follow":"follow","max-snippet":"max-snippet:-1","max-image-preview":"max-image-preview:large","max-video-preview":"max-video-preview:-1"},"canonical":"https:\/\/eurecat.org\/es\/calendario\/ai4es-summit-2022\/","og_locale":"es_ES","og_type":"article","og_title":"AI4ES SUMMIT 2022AI4ES SUMMIT 2022 - Eurecat","og_description":"El pr\u00f3ximo\u00a030 de noviembre\u00a0celebraremos\u00a0en Barcelona\u00a0el segundo\u00a0AI4ES SUMMIT y presentaremos la agenda estrat\u00e9gica de investigaci\u00f3n","og_url":"https:\/\/eurecat.org\/es\/calendario\/ai4es-summit-2022\/","og_site_name":"Eurecat","article_modified_time":"2022-11-22T09:52:33+00:00","og_image":[{"width":750,"height":400,"url":"https:\/\/eurecat.org\/wp-content\/uploads\/2022\/11\/AI4ES_30nov_web.jpg","type":"image\/jpeg"}],"twitter_card":"summary_large_image","twitter_misc":{"Tiempo de lectura":"3 minutos"},"schema":{"@context":"https:\/\/schema.org","@graph":[{"@type":"WebPage","@id":"https:\/\/eurecat.org\/es\/calendario\/ai4es-summit-2022\/","url":"https:\/\/eurecat.org\/es\/calendario\/ai4es-summit-2022\/","name":"AI4ES SUMMIT 2022AI4ES SUMMIT 2022 - Eurecat","isPartOf":{"@id":"https:\/\/eurecat.org\/es\/#website"},"primaryImageOfPage":{"@id":"https:\/\/eurecat.org\/es\/calendario\/ai4es-summit-2022\/#primaryimage"},"image":{"@id":"https:\/\/eurecat.org\/es\/calendario\/ai4es-summit-2022\/#primaryimage"},"thumbnailUrl":"https:\/\/eurecat.org\/wp-content\/uploads\/2022\/11\/AI4ES_30nov_web.jpg","datePublished":"2022-11-22T09:40:36+00:00","dateModified":"2022-11-22T09:52:33+00:00","description":"El pr\u00f3ximo\u00a030 de noviembre\u00a0celebraremos\u00a0en Barcelona\u00a0el segundo\u00a0AI4ES SUMMIT y presentaremos la agenda estrat\u00e9gica de investigaci\u00f3n","breadcrumb":{"@id":"https:\/\/eurecat.org\/es\/calendario\/ai4es-summit-2022\/#breadcrumb"},"inLanguage":"es","potentialAction":[{"@type":"ReadAction","target":["https:\/\/eurecat.org\/es\/calendario\/ai4es-summit-2022\/"]}]},{"@type":"ImageObject","inLanguage":"es","@id":"https:\/\/eurecat.org\/es\/calendario\/ai4es-summit-2022\/#primaryimage","url":"https:\/\/eurecat.org\/wp-content\/uploads\/2022\/11\/AI4ES_30nov_web.jpg","contentUrl":"https:\/\/eurecat.org\/wp-content\/uploads\/2022\/11\/AI4ES_30nov_web.jpg","width":750,"height":400,"caption":"AI4ES SUMMIT"},{"@type":"BreadcrumbList","@id":"https:\/\/eurecat.org\/es\/calendario\/ai4es-summit-2022\/#breadcrumb","itemListElement":[{"@type":"ListItem","position":1,"name":"Inici","item":"https:\/\/eurecat.org\/es\/"},{"@type":"ListItem","position":2,"name":"Eventos","item":"https:\/\/eurecat.org\/es\/calendario\/"},{"@type":"ListItem","position":3,"name":"AI4ES SUMMIT 2022"}]},{"@type":"WebSite","@id":"https:\/\/eurecat.org\/es\/#website","url":"https:\/\/eurecat.org\/es\/","name":"Eurecat","description":"Otro sitio realizado con WordPress","potentialAction":[{"@type":"SearchAction","target":{"@type":"EntryPoint","urlTemplate":"https:\/\/eurecat.org\/es\/?s={search_term_string}"},"query-input":{"@type":"PropertyValueSpecification","valueRequired":true,"valueName":"search_term_string"}}],"inLanguage":"es"}]}},"_links":{"self":[{"href":"https:\/\/eurecat.org\/es\/wp-json\/wp\/v2\/mec-events\/128618","targetHints":{"allow":["GET"]}}],"collection":[{"href":"https:\/\/eurecat.org\/es\/wp-json\/wp\/v2\/mec-events"}],"about":[{"href":"https:\/\/eurecat.org\/es\/wp-json\/wp\/v2\/types\/mec-events"}],"author":[{"embeddable":true,"href":"https:\/\/eurecat.org\/es\/wp-json\/wp\/v2\/users\/20"}],"replies":[{"embeddable":true,"href":"https:\/\/eurecat.org\/es\/wp-json\/wp\/v2\/comments?post=128618"}],"wp:featuredmedia":[{"embeddable":true,"href":"https:\/\/eurecat.org\/es\/wp-json\/wp\/v2\/media\/128616"}],"wp:attachment":[{"href":"https:\/\/eurecat.org\/es\/wp-json\/wp\/v2\/media?parent=128618"}],"wp:term":[{"taxonomy":"post_tag","embeddable":true,"href":"https:\/\/eurecat.org\/es\/wp-json\/wp\/v2\/tags?post=128618"},{"taxonomy":"mec_category","embeddable":true,"href":"https:\/\/eurecat.org\/es\/wp-json\/wp\/v2\/mec_category?post=128618"}],"curies":[{"name":"wp","href":"https:\/\/api.w.org\/{rel}","templated":true}]}}