{"id":131767,"date":"2023-02-24T09:55:17","date_gmt":"2023-02-24T08:55:17","guid":{"rendered":"https:\/\/eurecat.org\/?post_type=mec-events&#038;p=131767"},"modified":"2023-02-24T10:09:02","modified_gmt":"2023-02-24T09:09:02","slug":"jornada-sobre-infraestructuras-tecnologicas-para-la-digitalizacion-del-sector-agricola","status":"publish","type":"mec-events","link":"https:\/\/eurecat.org\/es\/calendario\/jornada-sobre-infraestructuras-tecnologicas-para-la-digitalizacion-del-sector-agricola\/","title":{"rendered":"Jornada sobre Infraestructuras Tecnol\u00f3gicas para la Digitalizaci\u00f3n del Sector Agr\u00edcola"},"content":{"rendered":"<p>AgROBOfood organiza el pr\u00f3ximo <strong>23 de marzo<\/strong>\u00a0la <strong>jornada presencial<\/strong> dedicada a las Infraestructuras Tecnol\u00f3gicas para la Digitalizaci\u00f3n del Sector Agr\u00edcola en el Parc AgroBioTech de Lleida.<\/p>\n<p>La digitalizaci\u00f3n es un vector de innovaci\u00f3n y sostenibilidad necesario para mejorar la competitividad del sector agr\u00edcola, formando parte de todas las agendas estrat\u00e9gicas a nivel nacional e internacional. Asimismo, disponer de un tejido industrial fuerte y de calidad capaz de proveer de soluciones digitales a los productores es clave para fomentar la creaci\u00f3n de empleo y de riqueza. Es por esto, que la inversi\u00f3n en iniciativas que optimicen y aceleren la innovaci\u00f3n en las empresas est\u00e1 siendo un factor de posicionamiento y diferenciaci\u00f3n que mejora la competitividad de las distintas regiones europeas.<\/p>\n<p>La Comisi\u00f3n Europea define las redes de Infraestructuras para la experimentaci\u00f3n y validaci\u00f3n como una herramienta diferencial para la maduraci\u00f3n tecnol\u00f3gica. El objetivo de estas infraestructuras es del de ayudar a desarrollar nuevas soluciones tecnol\u00f3gicas y acercarlas al mercado mediante su validaci\u00f3n en entornos reales.<\/p>\n<p>Durante esta jornada,\u00a0<strong>productores, empresas y entidades de investigaci\u00f3n presentar\u00e1n sus experiencias y buenas pr\u00e1cticas para la validaci\u00f3n de soluciones digitales y discutir\u00e1n sobre la necesidad y las ventajas de disponer de una red de Infraestructuras tecnol\u00f3gicas que aceleren la digitalizaci\u00f3n del sector agr\u00edcola.<\/strong><\/p>\n<div class=\"fusion-button-wrapper fusion-aligncenter\"><a class=\"fusion-button button-flat fusion-button-default-size button-default fusion-button-default button-1 fusion-button-default-span fusion-button-default-type\" target=\"_blank\" rel=\"noopener noreferrer\" href=\"https:\/\/eurecat.org\/es\/servicios\/eurecatevents\/jornada-infraestructuras-tecnologicas-sector-agricola\/\"><span class=\"fusion-button-text awb-button__text awb-button__text--default\">Consulta el programa de la jornada aqu\u00ed<\/span><\/a><\/div>\n","protected":false},"excerpt":{"rendered":"<p>AgROBOfood organiza el pr\u00f3ximo 23 de marzo\u00a0la jornada presencial dedicada a las Infraestructuras Tecnol\u00f3gicas para la Digitalizaci\u00f3n del Sector Agr\u00edcola en el Parc AgroBioTech de Lleida. La digitalizaci\u00f3n es un vector de innovaci\u00f3n y sostenibilidad necesario para mejorar la competitividad del sector agr\u00edcola, formando parte de todas las agendas estrat\u00e9gicas a nivel nacional e internacional.  [&#8230;]<\/p>\n","protected":false},"author":20,"featured_media":131768,"comment_status":"closed","ping_status":"closed","template":"","tags":[2468,2467,2466],"mec_category":[986],"class_list":["post-131767","mec-events","type-mec-events","status-publish","has-post-thumbnail","hentry","tag-agricola-es","tag-agrobofood","tag-infraestructuras","mec_category-actos-cientificos-tecnologicos"],"yoast_head":"<!-- This site is optimized with the Yoast SEO plugin v27.4 - https:\/\/yoast.com\/product\/yoast-seo-wordpress\/ -->\n<title>Jornada sobre Infraestructuras Tecnol\u00f3gicas para la Digitalizaci\u00f3n del Sector Agr\u00edcola - Eurecat<\/title>\n<meta name=\"description\" content=\"AgROBOfood organiza el pr\u00f3ximo 23 de marzo\u00a0la jornada presencial dedicada a las Infraestructuras Tecnol\u00f3gicas para la Digitalizaci\u00f3n del Sector Agr\u00edcola\" \/>\n<meta name=\"robots\" content=\"index, follow, max-snippet:-1, max-image-preview:large, max-video-preview:-1\" \/>\n<link rel=\"canonical\" href=\"https:\/\/eurecat.org\/es\/calendario\/jornada-sobre-infraestructuras-tecnologicas-para-la-digitalizacion-del-sector-agricola\/\" \/>\n<meta property=\"og:locale\" content=\"es_ES\" \/>\n<meta property=\"og:type\" content=\"article\" \/>\n<meta property=\"og:title\" content=\"Jornada sobre Infraestructuras Tecnol\u00f3gicas para la Digitalizaci\u00f3n del Sector Agr\u00edcola - Eurecat\" \/>\n<meta property=\"og:description\" content=\"AgROBOfood organiza el pr\u00f3ximo 23 de marzo\u00a0la jornada presencial dedicada a las Infraestructuras Tecnol\u00f3gicas para la Digitalizaci\u00f3n del Sector Agr\u00edcola\" \/>\n<meta property=\"og:url\" content=\"https:\/\/eurecat.org\/es\/calendario\/jornada-sobre-infraestructuras-tecnologicas-para-la-digitalizacion-del-sector-agricola\/\" \/>\n<meta property=\"og:site_name\" content=\"Eurecat\" \/>\n<meta property=\"article:modified_time\" content=\"2023-02-24T09:09:02+00:00\" \/>\n<meta property=\"og:image\" content=\"https:\/\/eurecat.org\/wp-content\/uploads\/2023\/02\/Agrobofood_23marzo_CASTweb.jpg\" \/>\n\t<meta property=\"og:image:width\" content=\"750\" \/>\n\t<meta property=\"og:image:height\" content=\"400\" \/>\n\t<meta property=\"og:image:type\" content=\"image\/jpeg\" \/>\n<meta name=\"twitter:card\" content=\"summary_large_image\" \/>\n<meta name=\"twitter:label1\" content=\"Tiempo de lectura\" \/>\n\t<meta name=\"twitter:data1\" content=\"2 minutos\" \/>\n<script type=\"application\/ld+json\" class=\"yoast-schema-graph\">{\"@context\":\"https:\\\/\\\/schema.org\",\"@graph\":[{\"@type\":\"WebPage\",\"@id\":\"https:\\\/\\\/eurecat.org\\\/es\\\/calendario\\\/jornada-sobre-infraestructuras-tecnologicas-para-la-digitalizacion-del-sector-agricola\\\/\",\"url\":\"https:\\\/\\\/eurecat.org\\\/es\\\/calendario\\\/jornada-sobre-infraestructuras-tecnologicas-para-la-digitalizacion-del-sector-agricola\\\/\",\"name\":\"Jornada sobre Infraestructuras Tecnol\u00f3gicas para la Digitalizaci\u00f3n del Sector Agr\u00edcola - Eurecat\",\"isPartOf\":{\"@id\":\"https:\\\/\\\/eurecat.org\\\/es\\\/#website\"},\"primaryImageOfPage\":{\"@id\":\"https:\\\/\\\/eurecat.org\\\/es\\\/calendario\\\/jornada-sobre-infraestructuras-tecnologicas-para-la-digitalizacion-del-sector-agricola\\\/#primaryimage\"},\"image\":{\"@id\":\"https:\\\/\\\/eurecat.org\\\/es\\\/calendario\\\/jornada-sobre-infraestructuras-tecnologicas-para-la-digitalizacion-del-sector-agricola\\\/#primaryimage\"},\"thumbnailUrl\":\"https:\\\/\\\/eurecat.org\\\/wp-content\\\/uploads\\\/2023\\\/02\\\/Agrobofood_23marzo_CASTweb.jpg\",\"datePublished\":\"2023-02-24T08:55:17+00:00\",\"dateModified\":\"2023-02-24T09:09:02+00:00\",\"description\":\"AgROBOfood organiza el pr\u00f3ximo 23 de marzo\u00a0la jornada presencial dedicada a las Infraestructuras Tecnol\u00f3gicas para la Digitalizaci\u00f3n del Sector Agr\u00edcola\",\"breadcrumb\":{\"@id\":\"https:\\\/\\\/eurecat.org\\\/es\\\/calendario\\\/jornada-sobre-infraestructuras-tecnologicas-para-la-digitalizacion-del-sector-agricola\\\/#breadcrumb\"},\"inLanguage\":\"es\",\"potentialAction\":[{\"@type\":\"ReadAction\",\"target\":[\"https:\\\/\\\/eurecat.org\\\/es\\\/calendario\\\/jornada-sobre-infraestructuras-tecnologicas-para-la-digitalizacion-del-sector-agricola\\\/\"]}]},{\"@type\":\"ImageObject\",\"inLanguage\":\"es\",\"@id\":\"https:\\\/\\\/eurecat.org\\\/es\\\/calendario\\\/jornada-sobre-infraestructuras-tecnologicas-para-la-digitalizacion-del-sector-agricola\\\/#primaryimage\",\"url\":\"https:\\\/\\\/eurecat.org\\\/wp-content\\\/uploads\\\/2023\\\/02\\\/Agrobofood_23marzo_CASTweb.jpg\",\"contentUrl\":\"https:\\\/\\\/eurecat.org\\\/wp-content\\\/uploads\\\/2023\\\/02\\\/Agrobofood_23marzo_CASTweb.jpg\",\"width\":750,\"height\":400},{\"@type\":\"BreadcrumbList\",\"@id\":\"https:\\\/\\\/eurecat.org\\\/es\\\/calendario\\\/jornada-sobre-infraestructuras-tecnologicas-para-la-digitalizacion-del-sector-agricola\\\/#breadcrumb\",\"itemListElement\":[{\"@type\":\"ListItem\",\"position\":1,\"name\":\"Inici\",\"item\":\"https:\\\/\\\/eurecat.org\\\/es\\\/\"},{\"@type\":\"ListItem\",\"position\":2,\"name\":\"Eventos\",\"item\":\"https:\\\/\\\/eurecat.org\\\/es\\\/calendario\\\/\"},{\"@type\":\"ListItem\",\"position\":3,\"name\":\"Jornada sobre Infraestructuras Tecnol\u00f3gicas para la Digitalizaci\u00f3n del Sector Agr\u00edcola\"}]},{\"@type\":\"WebSite\",\"@id\":\"https:\\\/\\\/eurecat.org\\\/es\\\/#website\",\"url\":\"https:\\\/\\\/eurecat.org\\\/es\\\/\",\"name\":\"Eurecat\",\"description\":\"Otro sitio realizado con WordPress\",\"potentialAction\":[{\"@type\":\"SearchAction\",\"target\":{\"@type\":\"EntryPoint\",\"urlTemplate\":\"https:\\\/\\\/eurecat.org\\\/es\\\/?s={search_term_string}\"},\"query-input\":{\"@type\":\"PropertyValueSpecification\",\"valueRequired\":true,\"valueName\":\"search_term_string\"}}],\"inLanguage\":\"es\"}]}<\/script>\n<!-- \/ Yoast SEO plugin. -->","yoast_head_json":{"title":"Jornada sobre Infraestructuras Tecnol\u00f3gicas para la Digitalizaci\u00f3n del Sector Agr\u00edcola - Eurecat","description":"AgROBOfood organiza el pr\u00f3ximo 23 de marzo\u00a0la jornada presencial dedicada a las Infraestructuras Tecnol\u00f3gicas para la Digitalizaci\u00f3n del Sector Agr\u00edcola","robots":{"index":"index","follow":"follow","max-snippet":"max-snippet:-1","max-image-preview":"max-image-preview:large","max-video-preview":"max-video-preview:-1"},"canonical":"https:\/\/eurecat.org\/es\/calendario\/jornada-sobre-infraestructuras-tecnologicas-para-la-digitalizacion-del-sector-agricola\/","og_locale":"es_ES","og_type":"article","og_title":"Jornada sobre Infraestructuras Tecnol\u00f3gicas para la Digitalizaci\u00f3n del Sector Agr\u00edcola - Eurecat","og_description":"AgROBOfood organiza el pr\u00f3ximo 23 de marzo\u00a0la jornada presencial dedicada a las Infraestructuras Tecnol\u00f3gicas para la Digitalizaci\u00f3n del Sector Agr\u00edcola","og_url":"https:\/\/eurecat.org\/es\/calendario\/jornada-sobre-infraestructuras-tecnologicas-para-la-digitalizacion-del-sector-agricola\/","og_site_name":"Eurecat","article_modified_time":"2023-02-24T09:09:02+00:00","og_image":[{"width":750,"height":400,"url":"https:\/\/eurecat.org\/wp-content\/uploads\/2023\/02\/Agrobofood_23marzo_CASTweb.jpg","type":"image\/jpeg"}],"twitter_card":"summary_large_image","twitter_misc":{"Tiempo de lectura":"2 minutos"},"schema":{"@context":"https:\/\/schema.org","@graph":[{"@type":"WebPage","@id":"https:\/\/eurecat.org\/es\/calendario\/jornada-sobre-infraestructuras-tecnologicas-para-la-digitalizacion-del-sector-agricola\/","url":"https:\/\/eurecat.org\/es\/calendario\/jornada-sobre-infraestructuras-tecnologicas-para-la-digitalizacion-del-sector-agricola\/","name":"Jornada sobre Infraestructuras Tecnol\u00f3gicas para la Digitalizaci\u00f3n del Sector Agr\u00edcola - Eurecat","isPartOf":{"@id":"https:\/\/eurecat.org\/es\/#website"},"primaryImageOfPage":{"@id":"https:\/\/eurecat.org\/es\/calendario\/jornada-sobre-infraestructuras-tecnologicas-para-la-digitalizacion-del-sector-agricola\/#primaryimage"},"image":{"@id":"https:\/\/eurecat.org\/es\/calendario\/jornada-sobre-infraestructuras-tecnologicas-para-la-digitalizacion-del-sector-agricola\/#primaryimage"},"thumbnailUrl":"https:\/\/eurecat.org\/wp-content\/uploads\/2023\/02\/Agrobofood_23marzo_CASTweb.jpg","datePublished":"2023-02-24T08:55:17+00:00","dateModified":"2023-02-24T09:09:02+00:00","description":"AgROBOfood organiza el pr\u00f3ximo 23 de marzo\u00a0la jornada presencial dedicada a las Infraestructuras Tecnol\u00f3gicas para la Digitalizaci\u00f3n del Sector Agr\u00edcola","breadcrumb":{"@id":"https:\/\/eurecat.org\/es\/calendario\/jornada-sobre-infraestructuras-tecnologicas-para-la-digitalizacion-del-sector-agricola\/#breadcrumb"},"inLanguage":"es","potentialAction":[{"@type":"ReadAction","target":["https:\/\/eurecat.org\/es\/calendario\/jornada-sobre-infraestructuras-tecnologicas-para-la-digitalizacion-del-sector-agricola\/"]}]},{"@type":"ImageObject","inLanguage":"es","@id":"https:\/\/eurecat.org\/es\/calendario\/jornada-sobre-infraestructuras-tecnologicas-para-la-digitalizacion-del-sector-agricola\/#primaryimage","url":"https:\/\/eurecat.org\/wp-content\/uploads\/2023\/02\/Agrobofood_23marzo_CASTweb.jpg","contentUrl":"https:\/\/eurecat.org\/wp-content\/uploads\/2023\/02\/Agrobofood_23marzo_CASTweb.jpg","width":750,"height":400},{"@type":"BreadcrumbList","@id":"https:\/\/eurecat.org\/es\/calendario\/jornada-sobre-infraestructuras-tecnologicas-para-la-digitalizacion-del-sector-agricola\/#breadcrumb","itemListElement":[{"@type":"ListItem","position":1,"name":"Inici","item":"https:\/\/eurecat.org\/es\/"},{"@type":"ListItem","position":2,"name":"Eventos","item":"https:\/\/eurecat.org\/es\/calendario\/"},{"@type":"ListItem","position":3,"name":"Jornada sobre Infraestructuras Tecnol\u00f3gicas para la Digitalizaci\u00f3n del Sector Agr\u00edcola"}]},{"@type":"WebSite","@id":"https:\/\/eurecat.org\/es\/#website","url":"https:\/\/eurecat.org\/es\/","name":"Eurecat","description":"Otro sitio realizado con WordPress","potentialAction":[{"@type":"SearchAction","target":{"@type":"EntryPoint","urlTemplate":"https:\/\/eurecat.org\/es\/?s={search_term_string}"},"query-input":{"@type":"PropertyValueSpecification","valueRequired":true,"valueName":"search_term_string"}}],"inLanguage":"es"}]}},"_links":{"self":[{"href":"https:\/\/eurecat.org\/es\/wp-json\/wp\/v2\/mec-events\/131767","targetHints":{"allow":["GET"]}}],"collection":[{"href":"https:\/\/eurecat.org\/es\/wp-json\/wp\/v2\/mec-events"}],"about":[{"href":"https:\/\/eurecat.org\/es\/wp-json\/wp\/v2\/types\/mec-events"}],"author":[{"embeddable":true,"href":"https:\/\/eurecat.org\/es\/wp-json\/wp\/v2\/users\/20"}],"replies":[{"embeddable":true,"href":"https:\/\/eurecat.org\/es\/wp-json\/wp\/v2\/comments?post=131767"}],"wp:featuredmedia":[{"embeddable":true,"href":"https:\/\/eurecat.org\/es\/wp-json\/wp\/v2\/media\/131768"}],"wp:attachment":[{"href":"https:\/\/eurecat.org\/es\/wp-json\/wp\/v2\/media?parent=131767"}],"wp:term":[{"taxonomy":"post_tag","embeddable":true,"href":"https:\/\/eurecat.org\/es\/wp-json\/wp\/v2\/tags?post=131767"},{"taxonomy":"mec_category","embeddable":true,"href":"https:\/\/eurecat.org\/es\/wp-json\/wp\/v2\/mec_category?post=131767"}],"curies":[{"name":"wp","href":"https:\/\/api.w.org\/{rel}","templated":true}]}}