{"id":138434,"date":"2023-07-21T11:38:09","date_gmt":"2023-07-21T09:38:09","guid":{"rendered":"https:\/\/eurecat.org\/?post_type=mec-events&#038;p=138434"},"modified":"2023-07-21T11:44:09","modified_gmt":"2023-07-21T09:44:09","slug":"jornada-acelera-pyme-oportunidades-de-la-transformacion-digital-y-herramientas-de-financiacion","status":"publish","type":"mec-events","link":"https:\/\/eurecat.org\/es\/calendario\/jornada-acelera-pyme-oportunidades-de-la-transformacion-digital-y-herramientas-de-financiacion\/","title":{"rendered":"Jornada Acelera Pyme: Oportunidades de la transformaci\u00f3n digital y herramientas de financiaci\u00f3n"},"content":{"rendered":"<div class=\"fusion-fullwidth fullwidth-box fusion-builder-row-1 fusion-flex-container has-pattern-background has-mask-background nonhundred-percent-fullwidth non-hundred-percent-height-scrolling\" style=\"--awb-border-radius-top-left:0px;--awb-border-radius-top-right:0px;--awb-border-radius-bottom-right:0px;--awb-border-radius-bottom-left:0px;--awb-flex-wrap:wrap;\" ><div class=\"fusion-builder-row fusion-row fusion-flex-align-items-flex-start fusion-flex-content-wrap\" style=\"max-width:1424.8px;margin-left: calc(-4% \/ 2 );margin-right: calc(-4% \/ 2 );\"><div class=\"fusion-layout-column fusion_builder_column fusion-builder-column-0 fusion_builder_column_1_1 1_1 fusion-flex-column\" style=\"--awb-bg-size:cover;--awb-width-large:100%;--awb-margin-top-large:0px;--awb-spacing-right-large:1.92%;--awb-margin-bottom-large:20px;--awb-spacing-left-large:1.92%;--awb-width-medium:100%;--awb-order-medium:0;--awb-spacing-right-medium:1.92%;--awb-spacing-left-medium:1.92%;--awb-width-small:100%;--awb-order-small:0;--awb-spacing-right-small:1.92%;--awb-spacing-left-small:1.92%;\"><div class=\"fusion-column-wrapper fusion-column-has-shadow fusion-flex-justify-content-flex-start fusion-content-layout-column\"><div class=\"fusion-text fusion-text-1\"><p>La jornada, organizada en el marco del <strong>Programa Acelera Pyme Eurecat<\/strong>, ofrecer\u00e1 a las empresas de Figueres, el Alt Empord\u00e0, y por extensi\u00f3n la demarcaci\u00f3n de Girona, <strong>una visi\u00f3n general de las oportunidades que presenta la industria conectada, mostrando las ayudas y recursos de financiaci\u00f3n de que disponen en su recorrido hacia la transformaci\u00f3n digital.<\/strong> La industria conectada es primordial para las empresas que quieran mejorar aspectos de competitividad, agilidad de respuesta, o flexibilidad y adaptaci\u00f3n a un entorno cada vez m\u00e1s cambiante y competitivo.<\/p>\n<p>En el marco de la actividad, tambi\u00e9n <strong>se prev\u00e9n espacios para el networking<\/strong>, conectando las <strong>empresas de la demarcaci\u00f3n gerundense con empresas tecnol\u00f3gicas del Rosell\u00f3<\/strong>, y en definitiva, se quiere que sea un espacio para los negocios entre empresas de uno y otro lado de los Pirineos.<\/p>\n<p>Durante esta sesi\u00f3n, se presentar\u00e1 la <strong>Oficina Acelera Pyme \u2013 Eurecat<\/strong>, y los nuevos <strong>servicios gratuitos<\/strong> que se ponen a disposici\u00f3n de las organizaciones <strong>para iniciar y avanzar en el proceso de transformaci\u00f3n digital<\/strong>.<\/p>\n<\/div><div style=\"text-align:center;\"><a class=\"fusion-button button-flat fusion-button-default-size button-default fusion-button-default button-1 fusion-button-default-span fusion-button-default-type\" target=\"_blank\" rel=\"noopener noreferrer\" href=\"https:\/\/acelerapyme.eurecat.org\/ca\/19-set-23-oportunitats-de-la-transformacio-digital-i-eines-de-financament\/\"><span class=\"fusion-button-text awb-button__text awb-button__text--default\">Conoce el programa e inscr\u00edbete aqu\u00ed<\/span><\/a><\/div><\/div><\/div><\/div><\/div>\n","protected":false},"excerpt":{"rendered":"","protected":false},"author":20,"featured_media":138433,"comment_status":"closed","ping_status":"closed","template":"","tags":[],"mec_category":[986],"class_list":["post-138434","mec-events","type-mec-events","status-publish","has-post-thumbnail","hentry","mec_category-actos-cientificos-tecnologicos"],"yoast_head":"<!-- This site is optimized with the Yoast SEO plugin v27.4 - https:\/\/yoast.com\/product\/yoast-seo-wordpress\/ -->\n<title>Jornada Acelera Pyme: Oportunidades de la transformaci\u00f3n digital y herramientas de financiaci\u00f3n - Eurecat<\/title>\n<meta name=\"description\" content=\"La jornada ofrecer\u00e1 a las empresas de Figueres, el Alt Empord\u00e0, y por extensi\u00f3n la demarcaci\u00f3n de Girona, una visi\u00f3n general de las oportunidades que presenta la industria conectada\" \/>\n<meta name=\"robots\" content=\"index, follow, max-snippet:-1, max-image-preview:large, max-video-preview:-1\" \/>\n<link rel=\"canonical\" href=\"https:\/\/eurecat.org\/es\/calendario\/jornada-acelera-pyme-oportunidades-de-la-transformacion-digital-y-herramientas-de-financiacion\/\" \/>\n<meta property=\"og:locale\" content=\"es_ES\" \/>\n<meta property=\"og:type\" content=\"article\" \/>\n<meta property=\"og:title\" content=\"Jornada Acelera Pyme: Oportunidades de la transformaci\u00f3n digital y herramientas de financiaci\u00f3n - Eurecat\" \/>\n<meta property=\"og:description\" content=\"La jornada ofrecer\u00e1 a las empresas de Figueres, el Alt Empord\u00e0, y por extensi\u00f3n la demarcaci\u00f3n de Girona, una visi\u00f3n general de las oportunidades que presenta la industria conectada\" \/>\n<meta property=\"og:url\" content=\"https:\/\/eurecat.org\/es\/calendario\/jornada-acelera-pyme-oportunidades-de-la-transformacion-digital-y-herramientas-de-financiacion\/\" \/>\n<meta property=\"og:site_name\" content=\"Eurecat\" \/>\n<meta property=\"article:modified_time\" content=\"2023-07-21T09:44:09+00:00\" \/>\n<meta property=\"og:image\" content=\"https:\/\/eurecat.org\/wp-content\/uploads\/2023\/07\/ACELERAPYME_web.jpg\" \/>\n\t<meta property=\"og:image:width\" content=\"750\" \/>\n\t<meta property=\"og:image:height\" content=\"400\" \/>\n\t<meta property=\"og:image:type\" content=\"image\/jpeg\" \/>\n<meta name=\"twitter:card\" content=\"summary_large_image\" \/>\n<meta name=\"twitter:label1\" content=\"Tiempo de lectura\" \/>\n\t<meta name=\"twitter:data1\" content=\"4 minutos\" \/>\n<script type=\"application\/ld+json\" class=\"yoast-schema-graph\">{\"@context\":\"https:\\\/\\\/schema.org\",\"@graph\":[{\"@type\":\"WebPage\",\"@id\":\"https:\\\/\\\/eurecat.org\\\/es\\\/calendario\\\/jornada-acelera-pyme-oportunidades-de-la-transformacion-digital-y-herramientas-de-financiacion\\\/\",\"url\":\"https:\\\/\\\/eurecat.org\\\/es\\\/calendario\\\/jornada-acelera-pyme-oportunidades-de-la-transformacion-digital-y-herramientas-de-financiacion\\\/\",\"name\":\"Jornada Acelera Pyme: Oportunidades de la transformaci\u00f3n digital y herramientas de financiaci\u00f3n - Eurecat\",\"isPartOf\":{\"@id\":\"https:\\\/\\\/eurecat.org\\\/es\\\/#website\"},\"primaryImageOfPage\":{\"@id\":\"https:\\\/\\\/eurecat.org\\\/es\\\/calendario\\\/jornada-acelera-pyme-oportunidades-de-la-transformacion-digital-y-herramientas-de-financiacion\\\/#primaryimage\"},\"image\":{\"@id\":\"https:\\\/\\\/eurecat.org\\\/es\\\/calendario\\\/jornada-acelera-pyme-oportunidades-de-la-transformacion-digital-y-herramientas-de-financiacion\\\/#primaryimage\"},\"thumbnailUrl\":\"https:\\\/\\\/eurecat.org\\\/wp-content\\\/uploads\\\/2023\\\/07\\\/ACELERAPYME_web.jpg\",\"datePublished\":\"2023-07-21T09:38:09+00:00\",\"dateModified\":\"2023-07-21T09:44:09+00:00\",\"description\":\"La jornada ofrecer\u00e1 a las empresas de Figueres, el Alt Empord\u00e0, y por extensi\u00f3n la demarcaci\u00f3n de Girona, una visi\u00f3n general de las oportunidades que presenta la industria conectada\",\"breadcrumb\":{\"@id\":\"https:\\\/\\\/eurecat.org\\\/es\\\/calendario\\\/jornada-acelera-pyme-oportunidades-de-la-transformacion-digital-y-herramientas-de-financiacion\\\/#breadcrumb\"},\"inLanguage\":\"es\",\"potentialAction\":[{\"@type\":\"ReadAction\",\"target\":[\"https:\\\/\\\/eurecat.org\\\/es\\\/calendario\\\/jornada-acelera-pyme-oportunidades-de-la-transformacion-digital-y-herramientas-de-financiacion\\\/\"]}]},{\"@type\":\"ImageObject\",\"inLanguage\":\"es\",\"@id\":\"https:\\\/\\\/eurecat.org\\\/es\\\/calendario\\\/jornada-acelera-pyme-oportunidades-de-la-transformacion-digital-y-herramientas-de-financiacion\\\/#primaryimage\",\"url\":\"https:\\\/\\\/eurecat.org\\\/wp-content\\\/uploads\\\/2023\\\/07\\\/ACELERAPYME_web.jpg\",\"contentUrl\":\"https:\\\/\\\/eurecat.org\\\/wp-content\\\/uploads\\\/2023\\\/07\\\/ACELERAPYME_web.jpg\",\"width\":750,\"height\":400,\"caption\":\"Jornada ACELERA Pyme\"},{\"@type\":\"BreadcrumbList\",\"@id\":\"https:\\\/\\\/eurecat.org\\\/es\\\/calendario\\\/jornada-acelera-pyme-oportunidades-de-la-transformacion-digital-y-herramientas-de-financiacion\\\/#breadcrumb\",\"itemListElement\":[{\"@type\":\"ListItem\",\"position\":1,\"name\":\"Inici\",\"item\":\"https:\\\/\\\/eurecat.org\\\/es\\\/\"},{\"@type\":\"ListItem\",\"position\":2,\"name\":\"Eventos\",\"item\":\"https:\\\/\\\/eurecat.org\\\/es\\\/calendario\\\/\"},{\"@type\":\"ListItem\",\"position\":3,\"name\":\"Jornada Acelera Pyme: Oportunidades de la transformaci\u00f3n digital y herramientas de financiaci\u00f3n\"}]},{\"@type\":\"WebSite\",\"@id\":\"https:\\\/\\\/eurecat.org\\\/es\\\/#website\",\"url\":\"https:\\\/\\\/eurecat.org\\\/es\\\/\",\"name\":\"Eurecat\",\"description\":\"Otro sitio realizado con WordPress\",\"potentialAction\":[{\"@type\":\"SearchAction\",\"target\":{\"@type\":\"EntryPoint\",\"urlTemplate\":\"https:\\\/\\\/eurecat.org\\\/es\\\/?s={search_term_string}\"},\"query-input\":{\"@type\":\"PropertyValueSpecification\",\"valueRequired\":true,\"valueName\":\"search_term_string\"}}],\"inLanguage\":\"es\"}]}<\/script>\n<!-- \/ Yoast SEO plugin. -->","yoast_head_json":{"title":"Jornada Acelera Pyme: Oportunidades de la transformaci\u00f3n digital y herramientas de financiaci\u00f3n - Eurecat","description":"La jornada ofrecer\u00e1 a las empresas de Figueres, el Alt Empord\u00e0, y por extensi\u00f3n la demarcaci\u00f3n de Girona, una visi\u00f3n general de las oportunidades que presenta la industria conectada","robots":{"index":"index","follow":"follow","max-snippet":"max-snippet:-1","max-image-preview":"max-image-preview:large","max-video-preview":"max-video-preview:-1"},"canonical":"https:\/\/eurecat.org\/es\/calendario\/jornada-acelera-pyme-oportunidades-de-la-transformacion-digital-y-herramientas-de-financiacion\/","og_locale":"es_ES","og_type":"article","og_title":"Jornada Acelera Pyme: Oportunidades de la transformaci\u00f3n digital y herramientas de financiaci\u00f3n - Eurecat","og_description":"La jornada ofrecer\u00e1 a las empresas de Figueres, el Alt Empord\u00e0, y por extensi\u00f3n la demarcaci\u00f3n de Girona, una visi\u00f3n general de las oportunidades que presenta la industria conectada","og_url":"https:\/\/eurecat.org\/es\/calendario\/jornada-acelera-pyme-oportunidades-de-la-transformacion-digital-y-herramientas-de-financiacion\/","og_site_name":"Eurecat","article_modified_time":"2023-07-21T09:44:09+00:00","og_image":[{"width":750,"height":400,"url":"https:\/\/eurecat.org\/wp-content\/uploads\/2023\/07\/ACELERAPYME_web.jpg","type":"image\/jpeg"}],"twitter_card":"summary_large_image","twitter_misc":{"Tiempo de lectura":"4 minutos"},"schema":{"@context":"https:\/\/schema.org","@graph":[{"@type":"WebPage","@id":"https:\/\/eurecat.org\/es\/calendario\/jornada-acelera-pyme-oportunidades-de-la-transformacion-digital-y-herramientas-de-financiacion\/","url":"https:\/\/eurecat.org\/es\/calendario\/jornada-acelera-pyme-oportunidades-de-la-transformacion-digital-y-herramientas-de-financiacion\/","name":"Jornada Acelera Pyme: Oportunidades de la transformaci\u00f3n digital y herramientas de financiaci\u00f3n - Eurecat","isPartOf":{"@id":"https:\/\/eurecat.org\/es\/#website"},"primaryImageOfPage":{"@id":"https:\/\/eurecat.org\/es\/calendario\/jornada-acelera-pyme-oportunidades-de-la-transformacion-digital-y-herramientas-de-financiacion\/#primaryimage"},"image":{"@id":"https:\/\/eurecat.org\/es\/calendario\/jornada-acelera-pyme-oportunidades-de-la-transformacion-digital-y-herramientas-de-financiacion\/#primaryimage"},"thumbnailUrl":"https:\/\/eurecat.org\/wp-content\/uploads\/2023\/07\/ACELERAPYME_web.jpg","datePublished":"2023-07-21T09:38:09+00:00","dateModified":"2023-07-21T09:44:09+00:00","description":"La jornada ofrecer\u00e1 a las empresas de Figueres, el Alt Empord\u00e0, y por extensi\u00f3n la demarcaci\u00f3n de Girona, una visi\u00f3n general de las oportunidades que presenta la industria conectada","breadcrumb":{"@id":"https:\/\/eurecat.org\/es\/calendario\/jornada-acelera-pyme-oportunidades-de-la-transformacion-digital-y-herramientas-de-financiacion\/#breadcrumb"},"inLanguage":"es","potentialAction":[{"@type":"ReadAction","target":["https:\/\/eurecat.org\/es\/calendario\/jornada-acelera-pyme-oportunidades-de-la-transformacion-digital-y-herramientas-de-financiacion\/"]}]},{"@type":"ImageObject","inLanguage":"es","@id":"https:\/\/eurecat.org\/es\/calendario\/jornada-acelera-pyme-oportunidades-de-la-transformacion-digital-y-herramientas-de-financiacion\/#primaryimage","url":"https:\/\/eurecat.org\/wp-content\/uploads\/2023\/07\/ACELERAPYME_web.jpg","contentUrl":"https:\/\/eurecat.org\/wp-content\/uploads\/2023\/07\/ACELERAPYME_web.jpg","width":750,"height":400,"caption":"Jornada ACELERA Pyme"},{"@type":"BreadcrumbList","@id":"https:\/\/eurecat.org\/es\/calendario\/jornada-acelera-pyme-oportunidades-de-la-transformacion-digital-y-herramientas-de-financiacion\/#breadcrumb","itemListElement":[{"@type":"ListItem","position":1,"name":"Inici","item":"https:\/\/eurecat.org\/es\/"},{"@type":"ListItem","position":2,"name":"Eventos","item":"https:\/\/eurecat.org\/es\/calendario\/"},{"@type":"ListItem","position":3,"name":"Jornada Acelera Pyme: Oportunidades de la transformaci\u00f3n digital y herramientas de financiaci\u00f3n"}]},{"@type":"WebSite","@id":"https:\/\/eurecat.org\/es\/#website","url":"https:\/\/eurecat.org\/es\/","name":"Eurecat","description":"Otro sitio realizado con WordPress","potentialAction":[{"@type":"SearchAction","target":{"@type":"EntryPoint","urlTemplate":"https:\/\/eurecat.org\/es\/?s={search_term_string}"},"query-input":{"@type":"PropertyValueSpecification","valueRequired":true,"valueName":"search_term_string"}}],"inLanguage":"es"}]}},"_links":{"self":[{"href":"https:\/\/eurecat.org\/es\/wp-json\/wp\/v2\/mec-events\/138434","targetHints":{"allow":["GET"]}}],"collection":[{"href":"https:\/\/eurecat.org\/es\/wp-json\/wp\/v2\/mec-events"}],"about":[{"href":"https:\/\/eurecat.org\/es\/wp-json\/wp\/v2\/types\/mec-events"}],"author":[{"embeddable":true,"href":"https:\/\/eurecat.org\/es\/wp-json\/wp\/v2\/users\/20"}],"replies":[{"embeddable":true,"href":"https:\/\/eurecat.org\/es\/wp-json\/wp\/v2\/comments?post=138434"}],"wp:featuredmedia":[{"embeddable":true,"href":"https:\/\/eurecat.org\/es\/wp-json\/wp\/v2\/media\/138433"}],"wp:attachment":[{"href":"https:\/\/eurecat.org\/es\/wp-json\/wp\/v2\/media?parent=138434"}],"wp:term":[{"taxonomy":"post_tag","embeddable":true,"href":"https:\/\/eurecat.org\/es\/wp-json\/wp\/v2\/tags?post=138434"},{"taxonomy":"mec_category","embeddable":true,"href":"https:\/\/eurecat.org\/es\/wp-json\/wp\/v2\/mec_category?post=138434"}],"curies":[{"name":"wp","href":"https:\/\/api.w.org\/{rel}","templated":true}]}}