{"id":139962,"date":"2023-09-15T12:38:47","date_gmt":"2023-09-15T10:38:47","guid":{"rendered":"https:\/\/eurecat.org\/?post_type=mec-events&#038;p=139962"},"modified":"2023-09-15T12:45:53","modified_gmt":"2023-09-15T10:45:53","slug":"red-h2cat-demo-day-sobre-produccion-almacenaje-y-distribucion-del-hidrogeno-renovable","status":"publish","type":"mec-events","link":"https:\/\/eurecat.org\/es\/calendario\/red-h2cat-demo-day-sobre-produccion-almacenaje-y-distribucion-del-hidrogeno-renovable\/","title":{"rendered":"Red H2CAT: Demo Day sobre producci\u00f3n, almacenaje y distribuci\u00f3n del hidr\u00f3geno renovable"},"content":{"rendered":"<div class=\"fusion-fullwidth fullwidth-box fusion-builder-row-1 fusion-flex-container has-pattern-background has-mask-background nonhundred-percent-fullwidth non-hundred-percent-height-scrolling\" style=\"--awb-border-radius-top-left:0px;--awb-border-radius-top-right:0px;--awb-border-radius-bottom-right:0px;--awb-border-radius-bottom-left:0px;--awb-flex-wrap:wrap;\" ><div class=\"fusion-builder-row fusion-row fusion-flex-align-items-flex-start fusion-flex-content-wrap\" style=\"max-width:1424.8px;margin-left: calc(-4% \/ 2 );margin-right: calc(-4% \/ 2 );\"><div class=\"fusion-layout-column fusion_builder_column fusion-builder-column-0 fusion_builder_column_1_1 1_1 fusion-flex-column\" style=\"--awb-bg-size:cover;--awb-width-large:100%;--awb-margin-top-large:0px;--awb-spacing-right-large:1.92%;--awb-margin-bottom-large:20px;--awb-spacing-left-large:1.92%;--awb-width-medium:100%;--awb-order-medium:0;--awb-spacing-right-medium:1.92%;--awb-spacing-left-medium:1.92%;--awb-width-small:100%;--awb-order-small:0;--awb-spacing-right-small:1.92%;--awb-spacing-left-small:1.92%;\"><div class=\"fusion-column-wrapper fusion-column-has-shadow fusion-flex-justify-content-flex-start fusion-content-layout-column\"><div class=\"fusion-text fusion-text-1\"><p>La red H2CAT celebra su primer <strong>Demo Day<\/strong> en el que se abordar\u00e1n dos de los principales \u00e1mbitos tem\u00e1ticos en los que trabaja H2CAT: <strong>la producci\u00f3n del hidr\u00f3geno<\/strong> as\u00ed como su <strong>almacenamiento y distribuci\u00f3n<\/strong>.<\/p>\n<p>El acto <strong>acercar\u00e1 las tecnolog\u00edas y servicios de la red H2CAT<\/strong> que potencian la transferencia cient\u00edfico-tecnol\u00f3gica del hidr\u00f3geno verde para conseguir los objetivos clim\u00e1ticos propuestos por la Uni\u00f3n Europea de cara a 2050.<\/p>\n<p>Adem\u00e1s, los asistentes al Demo Day tendr\u00e1n la posibilidad de visitar los laboratorios del <strong>Centro Espec\u00edfico de Investigaci\u00f3n en Hidr\u00f3geno<\/strong> de la UPC (CER-H2), ubicados en el Campus Diagonal-Bes\u00f2s.<\/p>\n<p><strong>Sobre la Red H2CAT<\/strong><br \/>\nLa red catalana de innovaci\u00f3n y escalabilidad del conocimiento en tecnolog\u00edas diferenciales en el \u00e1mbito del hidr\u00f3geno renovable, el H2CAT, trabaja a lo largo de toda la cadena de valor del hidr\u00f3geno.<\/p>\n<p>Se trata de una iniciativa coordinada por <strong>Eurecat<\/strong> en colaboraci\u00f3n con el <strong>Institut Catal\u00e0 d&#8217;Investigaci\u00f3 Qu\u00edmica, el Institut de Recerca en Energia de Catalunya, la Universidad Polit\u00e9cnica de Catalunya y la Universidad Rovira i Virgili<\/strong>; y cuenta con <strong>m\u00e1s de 30 grupos de investigaci\u00f3n<\/strong>.<\/p>\n<p>El H2CAT trabaja sobre cuatro grandes \u00e1mbitos tem\u00e1ticos que abordan los diferentes retos que presenta el hidr\u00f3geno verde: <strong>la producci\u00f3n, el almacenamiento y distribuci\u00f3n, el uso del hidr\u00f3geno como fuente de energ\u00eda y el uso del hidr\u00f3geno como materia prima.<\/strong><\/p>\n<\/div><div style=\"text-align:center;\"><a class=\"fusion-button button-flat fusion-button-default-size button-default fusion-button-default button-1 fusion-button-default-span fusion-button-default-type\" target=\"_blank\" rel=\"noopener noreferrer\" href=\"https:\/\/xarxah2cat.org\/el-21-de-setembre-la-xarxa-h2cat-et-convida-al-demo-day-sobre-produccio-emmagatzematge-i-distribucio-de-lhidrogen-verd\/\"><span class=\"fusion-button-text awb-button__text awb-button__text--default\">Conoce m\u00e1s detalles de esta jornada<\/span><\/a><\/div><\/div><\/div><\/div><\/div>\n","protected":false},"excerpt":{"rendered":"","protected":false},"author":20,"featured_media":139960,"comment_status":"closed","ping_status":"closed","template":"","tags":[],"mec_category":[986],"class_list":["post-139962","mec-events","type-mec-events","status-publish","has-post-thumbnail","hentry","mec_category-actos-cientificos-tecnologicos"],"yoast_head":"<!-- This site is optimized with the Yoast SEO plugin v27.4 - https:\/\/yoast.com\/product\/yoast-seo-wordpress\/ -->\n<title>Red H2CAT: Demo Day sobre producci\u00f3n, almacenaje y distribuci\u00f3n del hidr\u00f3geno renovable - Eurecat<\/title>\n<meta name=\"description\" content=\"La red H2CAT celebra su primer Demo Day en el que se abordar\u00e1n dos de los principales \u00e1mbitos tem\u00e1ticos en los que trabaja H2CAT: la producci\u00f3n del hidr\u00f3geno as\u00ed como su almacenamiento y distribuci\u00f3n\" \/>\n<meta name=\"robots\" content=\"index, follow, max-snippet:-1, max-image-preview:large, max-video-preview:-1\" \/>\n<link rel=\"canonical\" href=\"https:\/\/eurecat.org\/es\/calendario\/red-h2cat-demo-day-sobre-produccion-almacenaje-y-distribucion-del-hidrogeno-renovable\/\" \/>\n<meta property=\"og:locale\" content=\"es_ES\" \/>\n<meta property=\"og:type\" content=\"article\" \/>\n<meta property=\"og:title\" content=\"Red H2CAT: Demo Day sobre producci\u00f3n, almacenaje y distribuci\u00f3n del hidr\u00f3geno renovable - Eurecat\" \/>\n<meta property=\"og:description\" content=\"La red H2CAT celebra su primer Demo Day en el que se abordar\u00e1n dos de los principales \u00e1mbitos tem\u00e1ticos en los que trabaja H2CAT: la producci\u00f3n del hidr\u00f3geno as\u00ed como su almacenamiento y distribuci\u00f3n\" \/>\n<meta property=\"og:url\" content=\"https:\/\/eurecat.org\/es\/calendario\/red-h2cat-demo-day-sobre-produccion-almacenaje-y-distribucion-del-hidrogeno-renovable\/\" \/>\n<meta property=\"og:site_name\" content=\"Eurecat\" \/>\n<meta property=\"article:modified_time\" content=\"2023-09-15T10:45:53+00:00\" \/>\n<meta property=\"og:image\" content=\"https:\/\/eurecat.org\/wp-content\/uploads\/2023\/09\/xarxaH2CAT_demoday.jpg\" \/>\n\t<meta property=\"og:image:width\" content=\"768\" \/>\n\t<meta property=\"og:image:height\" content=\"480\" \/>\n\t<meta property=\"og:image:type\" content=\"image\/jpeg\" \/>\n<meta name=\"twitter:card\" content=\"summary_large_image\" \/>\n<meta name=\"twitter:label1\" content=\"Tiempo de lectura\" \/>\n\t<meta name=\"twitter:data1\" content=\"4 minutos\" \/>\n<script type=\"application\/ld+json\" class=\"yoast-schema-graph\">{\"@context\":\"https:\\\/\\\/schema.org\",\"@graph\":[{\"@type\":\"WebPage\",\"@id\":\"https:\\\/\\\/eurecat.org\\\/es\\\/calendario\\\/red-h2cat-demo-day-sobre-produccion-almacenaje-y-distribucion-del-hidrogeno-renovable\\\/\",\"url\":\"https:\\\/\\\/eurecat.org\\\/es\\\/calendario\\\/red-h2cat-demo-day-sobre-produccion-almacenaje-y-distribucion-del-hidrogeno-renovable\\\/\",\"name\":\"Red H2CAT: Demo Day sobre producci\u00f3n, almacenaje y distribuci\u00f3n del hidr\u00f3geno renovable - Eurecat\",\"isPartOf\":{\"@id\":\"https:\\\/\\\/eurecat.org\\\/es\\\/#website\"},\"primaryImageOfPage\":{\"@id\":\"https:\\\/\\\/eurecat.org\\\/es\\\/calendario\\\/red-h2cat-demo-day-sobre-produccion-almacenaje-y-distribucion-del-hidrogeno-renovable\\\/#primaryimage\"},\"image\":{\"@id\":\"https:\\\/\\\/eurecat.org\\\/es\\\/calendario\\\/red-h2cat-demo-day-sobre-produccion-almacenaje-y-distribucion-del-hidrogeno-renovable\\\/#primaryimage\"},\"thumbnailUrl\":\"https:\\\/\\\/eurecat.org\\\/wp-content\\\/uploads\\\/2023\\\/09\\\/xarxaH2CAT_demoday.jpg\",\"datePublished\":\"2023-09-15T10:38:47+00:00\",\"dateModified\":\"2023-09-15T10:45:53+00:00\",\"description\":\"La red H2CAT celebra su primer Demo Day en el que se abordar\u00e1n dos de los principales \u00e1mbitos tem\u00e1ticos en los que trabaja H2CAT: la producci\u00f3n del hidr\u00f3geno as\u00ed como su almacenamiento y distribuci\u00f3n\",\"breadcrumb\":{\"@id\":\"https:\\\/\\\/eurecat.org\\\/es\\\/calendario\\\/red-h2cat-demo-day-sobre-produccion-almacenaje-y-distribucion-del-hidrogeno-renovable\\\/#breadcrumb\"},\"inLanguage\":\"es\",\"potentialAction\":[{\"@type\":\"ReadAction\",\"target\":[\"https:\\\/\\\/eurecat.org\\\/es\\\/calendario\\\/red-h2cat-demo-day-sobre-produccion-almacenaje-y-distribucion-del-hidrogeno-renovable\\\/\"]}]},{\"@type\":\"ImageObject\",\"inLanguage\":\"es\",\"@id\":\"https:\\\/\\\/eurecat.org\\\/es\\\/calendario\\\/red-h2cat-demo-day-sobre-produccion-almacenaje-y-distribucion-del-hidrogeno-renovable\\\/#primaryimage\",\"url\":\"https:\\\/\\\/eurecat.org\\\/wp-content\\\/uploads\\\/2023\\\/09\\\/xarxaH2CAT_demoday.jpg\",\"contentUrl\":\"https:\\\/\\\/eurecat.org\\\/wp-content\\\/uploads\\\/2023\\\/09\\\/xarxaH2CAT_demoday.jpg\",\"width\":768,\"height\":480,\"caption\":\"XarxaH2CAT Demo Day\"},{\"@type\":\"BreadcrumbList\",\"@id\":\"https:\\\/\\\/eurecat.org\\\/es\\\/calendario\\\/red-h2cat-demo-day-sobre-produccion-almacenaje-y-distribucion-del-hidrogeno-renovable\\\/#breadcrumb\",\"itemListElement\":[{\"@type\":\"ListItem\",\"position\":1,\"name\":\"Inici\",\"item\":\"https:\\\/\\\/eurecat.org\\\/es\\\/\"},{\"@type\":\"ListItem\",\"position\":2,\"name\":\"Eventos\",\"item\":\"https:\\\/\\\/eurecat.org\\\/es\\\/calendario\\\/\"},{\"@type\":\"ListItem\",\"position\":3,\"name\":\"Red H2CAT: Demo Day sobre producci\u00f3n, almacenaje y distribuci\u00f3n del hidr\u00f3geno renovable\"}]},{\"@type\":\"WebSite\",\"@id\":\"https:\\\/\\\/eurecat.org\\\/es\\\/#website\",\"url\":\"https:\\\/\\\/eurecat.org\\\/es\\\/\",\"name\":\"Eurecat\",\"description\":\"Otro sitio realizado con WordPress\",\"potentialAction\":[{\"@type\":\"SearchAction\",\"target\":{\"@type\":\"EntryPoint\",\"urlTemplate\":\"https:\\\/\\\/eurecat.org\\\/es\\\/?s={search_term_string}\"},\"query-input\":{\"@type\":\"PropertyValueSpecification\",\"valueRequired\":true,\"valueName\":\"search_term_string\"}}],\"inLanguage\":\"es\"}]}<\/script>\n<!-- \/ Yoast SEO plugin. -->","yoast_head_json":{"title":"Red H2CAT: Demo Day sobre producci\u00f3n, almacenaje y distribuci\u00f3n del hidr\u00f3geno renovable - Eurecat","description":"La red H2CAT celebra su primer Demo Day en el que se abordar\u00e1n dos de los principales \u00e1mbitos tem\u00e1ticos en los que trabaja H2CAT: la producci\u00f3n del hidr\u00f3geno as\u00ed como su almacenamiento y distribuci\u00f3n","robots":{"index":"index","follow":"follow","max-snippet":"max-snippet:-1","max-image-preview":"max-image-preview:large","max-video-preview":"max-video-preview:-1"},"canonical":"https:\/\/eurecat.org\/es\/calendario\/red-h2cat-demo-day-sobre-produccion-almacenaje-y-distribucion-del-hidrogeno-renovable\/","og_locale":"es_ES","og_type":"article","og_title":"Red H2CAT: Demo Day sobre producci\u00f3n, almacenaje y distribuci\u00f3n del hidr\u00f3geno renovable - Eurecat","og_description":"La red H2CAT celebra su primer Demo Day en el que se abordar\u00e1n dos de los principales \u00e1mbitos tem\u00e1ticos en los que trabaja H2CAT: la producci\u00f3n del hidr\u00f3geno as\u00ed como su almacenamiento y distribuci\u00f3n","og_url":"https:\/\/eurecat.org\/es\/calendario\/red-h2cat-demo-day-sobre-produccion-almacenaje-y-distribucion-del-hidrogeno-renovable\/","og_site_name":"Eurecat","article_modified_time":"2023-09-15T10:45:53+00:00","og_image":[{"width":768,"height":480,"url":"https:\/\/eurecat.org\/wp-content\/uploads\/2023\/09\/xarxaH2CAT_demoday.jpg","type":"image\/jpeg"}],"twitter_card":"summary_large_image","twitter_misc":{"Tiempo de lectura":"4 minutos"},"schema":{"@context":"https:\/\/schema.org","@graph":[{"@type":"WebPage","@id":"https:\/\/eurecat.org\/es\/calendario\/red-h2cat-demo-day-sobre-produccion-almacenaje-y-distribucion-del-hidrogeno-renovable\/","url":"https:\/\/eurecat.org\/es\/calendario\/red-h2cat-demo-day-sobre-produccion-almacenaje-y-distribucion-del-hidrogeno-renovable\/","name":"Red H2CAT: Demo Day sobre producci\u00f3n, almacenaje y distribuci\u00f3n del hidr\u00f3geno renovable - Eurecat","isPartOf":{"@id":"https:\/\/eurecat.org\/es\/#website"},"primaryImageOfPage":{"@id":"https:\/\/eurecat.org\/es\/calendario\/red-h2cat-demo-day-sobre-produccion-almacenaje-y-distribucion-del-hidrogeno-renovable\/#primaryimage"},"image":{"@id":"https:\/\/eurecat.org\/es\/calendario\/red-h2cat-demo-day-sobre-produccion-almacenaje-y-distribucion-del-hidrogeno-renovable\/#primaryimage"},"thumbnailUrl":"https:\/\/eurecat.org\/wp-content\/uploads\/2023\/09\/xarxaH2CAT_demoday.jpg","datePublished":"2023-09-15T10:38:47+00:00","dateModified":"2023-09-15T10:45:53+00:00","description":"La red H2CAT celebra su primer Demo Day en el que se abordar\u00e1n dos de los principales \u00e1mbitos tem\u00e1ticos en los que trabaja H2CAT: la producci\u00f3n del hidr\u00f3geno as\u00ed como su almacenamiento y distribuci\u00f3n","breadcrumb":{"@id":"https:\/\/eurecat.org\/es\/calendario\/red-h2cat-demo-day-sobre-produccion-almacenaje-y-distribucion-del-hidrogeno-renovable\/#breadcrumb"},"inLanguage":"es","potentialAction":[{"@type":"ReadAction","target":["https:\/\/eurecat.org\/es\/calendario\/red-h2cat-demo-day-sobre-produccion-almacenaje-y-distribucion-del-hidrogeno-renovable\/"]}]},{"@type":"ImageObject","inLanguage":"es","@id":"https:\/\/eurecat.org\/es\/calendario\/red-h2cat-demo-day-sobre-produccion-almacenaje-y-distribucion-del-hidrogeno-renovable\/#primaryimage","url":"https:\/\/eurecat.org\/wp-content\/uploads\/2023\/09\/xarxaH2CAT_demoday.jpg","contentUrl":"https:\/\/eurecat.org\/wp-content\/uploads\/2023\/09\/xarxaH2CAT_demoday.jpg","width":768,"height":480,"caption":"XarxaH2CAT Demo Day"},{"@type":"BreadcrumbList","@id":"https:\/\/eurecat.org\/es\/calendario\/red-h2cat-demo-day-sobre-produccion-almacenaje-y-distribucion-del-hidrogeno-renovable\/#breadcrumb","itemListElement":[{"@type":"ListItem","position":1,"name":"Inici","item":"https:\/\/eurecat.org\/es\/"},{"@type":"ListItem","position":2,"name":"Eventos","item":"https:\/\/eurecat.org\/es\/calendario\/"},{"@type":"ListItem","position":3,"name":"Red H2CAT: Demo Day sobre producci\u00f3n, almacenaje y distribuci\u00f3n del hidr\u00f3geno renovable"}]},{"@type":"WebSite","@id":"https:\/\/eurecat.org\/es\/#website","url":"https:\/\/eurecat.org\/es\/","name":"Eurecat","description":"Otro sitio realizado con WordPress","potentialAction":[{"@type":"SearchAction","target":{"@type":"EntryPoint","urlTemplate":"https:\/\/eurecat.org\/es\/?s={search_term_string}"},"query-input":{"@type":"PropertyValueSpecification","valueRequired":true,"valueName":"search_term_string"}}],"inLanguage":"es"}]}},"_links":{"self":[{"href":"https:\/\/eurecat.org\/es\/wp-json\/wp\/v2\/mec-events\/139962","targetHints":{"allow":["GET"]}}],"collection":[{"href":"https:\/\/eurecat.org\/es\/wp-json\/wp\/v2\/mec-events"}],"about":[{"href":"https:\/\/eurecat.org\/es\/wp-json\/wp\/v2\/types\/mec-events"}],"author":[{"embeddable":true,"href":"https:\/\/eurecat.org\/es\/wp-json\/wp\/v2\/users\/20"}],"replies":[{"embeddable":true,"href":"https:\/\/eurecat.org\/es\/wp-json\/wp\/v2\/comments?post=139962"}],"wp:featuredmedia":[{"embeddable":true,"href":"https:\/\/eurecat.org\/es\/wp-json\/wp\/v2\/media\/139960"}],"wp:attachment":[{"href":"https:\/\/eurecat.org\/es\/wp-json\/wp\/v2\/media?parent=139962"}],"wp:term":[{"taxonomy":"post_tag","embeddable":true,"href":"https:\/\/eurecat.org\/es\/wp-json\/wp\/v2\/tags?post=139962"},{"taxonomy":"mec_category","embeddable":true,"href":"https:\/\/eurecat.org\/es\/wp-json\/wp\/v2\/mec_category?post=139962"}],"curies":[{"name":"wp","href":"https:\/\/api.w.org\/{rel}","templated":true}]}}