{"id":140526,"date":"2023-09-26T10:28:19","date_gmt":"2023-09-26T08:28:19","guid":{"rendered":"https:\/\/eurecat.org\/?post_type=mec-events&#038;p=140526"},"modified":"2023-09-29T08:51:31","modified_gmt":"2023-09-29T06:51:31","slug":"bnew-barcelona-2023-4th-barcelona-new-economy-week","status":"publish","type":"mec-events","link":"https:\/\/eurecat.org\/es\/calendario\/bnew-barcelona-2023-4th-barcelona-new-economy-week\/","title":{"rendered":"BNEW Barcelona 2023 4th Barcelona New Economy Week"},"content":{"rendered":"<div class=\"fusion-fullwidth fullwidth-box fusion-builder-row-1 fusion-flex-container has-pattern-background has-mask-background nonhundred-percent-fullwidth non-hundred-percent-height-scrolling\" style=\"--awb-border-radius-top-left:0px;--awb-border-radius-top-right:0px;--awb-border-radius-bottom-right:0px;--awb-border-radius-bottom-left:0px;--awb-flex-wrap:wrap;\" ><div class=\"fusion-builder-row fusion-row fusion-flex-align-items-flex-start fusion-flex-content-wrap\" style=\"max-width:1424.8px;margin-left: calc(-4% \/ 2 );margin-right: calc(-4% \/ 2 );\"><div class=\"fusion-layout-column fusion_builder_column fusion-builder-column-0 fusion_builder_column_1_1 1_1 fusion-flex-column\" style=\"--awb-bg-size:cover;--awb-width-large:100%;--awb-margin-top-large:0px;--awb-spacing-right-large:1.92%;--awb-margin-bottom-large:20px;--awb-spacing-left-large:1.92%;--awb-width-medium:100%;--awb-order-medium:0;--awb-spacing-right-medium:1.92%;--awb-spacing-left-medium:1.92%;--awb-width-small:100%;--awb-order-small:0;--awb-spacing-right-small:1.92%;--awb-spacing-left-small:1.92%;\"><div class=\"fusion-column-wrapper fusion-column-has-shadow fusion-flex-justify-content-flex-start fusion-content-layout-column\"><div class=\"fusion-text fusion-text-1\"><p><strong>Eurecat es EVENT PARTNER<\/strong> de esta nueva edici\u00f3n de la Barcelona New Economy Week que tendr\u00e1 lugar en el DFactory de Zona Franca <strong>entre los d\u00edas 2 y 5 de octubre.<\/strong><\/p>\n<p><strong>El centro tecnol\u00f3gico participa en varias sesiones verticales:<\/strong><\/p>\n<p><strong>2 de octubre<\/strong> &#8211; DIGITAL INDUSTRY &#8211; <a href=\"https:\/\/www.bnewbarcelona.com\/es\/session.php?id=30\" target=\"_blank\" rel=\"noopener\"><strong>La Inteligencia Artificial, Presente y Futuro en nuestra Sociedad<\/strong><\/a> &#8211; <strong>Joan Mas<\/strong>, Dtor. \u00c1rea Tecnolog\u00edas Digitales de Eurecat y Director CIDAI y <strong>M\u00f2nica Andreu<\/strong>, Jefe de Mercado de Industrias Culturales y Creatives de Eurecat<\/p>\n<p><strong>2 de octubre<\/strong> &#8211; DIGITAL INDUSTRY &#8211; <a href=\"https:\/\/www.bnewbarcelona.com\/es\/session.php?id=79\" target=\"_blank\" rel=\"noopener\"><strong>Automatizaci\u00f3n del Futuro (IA, Chat GPT, rob\u00f3tica)<\/strong><\/a> &#8211; <strong>Mag\u00ed Dalmau<\/strong>, Investigador Unidad Robotics &amp; Automations de Eurecat<\/p>\n<p><strong>2 de octubre<\/strong> \u2013 SUSTAINABILITY \u2013 <a href=\"https:\/\/www.bnewbarcelona.com\/es\/session.php?id=35\" target=\"_blank\" rel=\"noopener\"><strong>De la Pasarela al Planeta: la Revoluci\u00f3n de la Industria y la Moda Sostenible<\/strong><\/a> \u2013 <strong>\u00c0urea Rodr\u00edguez<\/strong>, Dcci\u00f3n. Corporativa de Eurecat y Directora interina EIT Culture &amp; Creativity South West<\/p>\n<p><strong>3 de octubre<\/strong>\u00a0\u2013 SUSTAINABILITY \u2013\u00a0<a href=\"https:\/\/www.bnewbarcelona.com\/es\/session.php?id=48\" target=\"_blank\" rel=\"noopener\"><strong>Sostenibilidad: Econom\u00eda Regenerativa<\/strong><\/a>\u00a0\u2013\u00a0<strong>Miquel Rovira<\/strong>, Director \u00c1rea de Sostenibilidad de Eurecat<\/p>\n<p><strong>3 de octubre<\/strong> \u2013 MOBILITY \u2013 <a href=\"https:\/\/www.bnewbarcelona.com\/es\/session.php?id=42\" target=\"_blank\" rel=\"noopener\"><strong>DataSpaces: Motor de la Digitalizaci\u00f3n Urbana en Barcelona<\/strong><\/a> \u2013 <strong>Dani Gonz\u00e1lez<\/strong>, Gestor Unidad Data Science And Big Data Analytics de Eurecat<\/p>\n<p><strong>4 de octubre<\/strong> \u2013 TALENTO \u2013 <a href=\"https:\/\/www.bnewbarcelona.com\/es\/session.php?id=81\" target=\"_blank\" rel=\"noopener\"><strong>El arte del Liderazgo en un Mundo Empresarial Altamente Competitivo<\/strong><\/a> \u2013 <strong>Miquel Rey<\/strong>, Dtor. General de Negocio de Eurecat<\/p>\n<p><strong>ASISTE GRATUITAMENTE mediante el siguiente enlace <a href=\"https:\/\/www.bnewbarcelona.com\/es\/registration.html\" target=\"_blank\" rel=\"noopener\">INSCRIPCIONES<\/a><\/strong><\/p>\n<p><strong>Sobre el BNEW Barcelona 2023<\/strong><\/p>\n<p>Barcelona New Economy Week \u2013 BNEW es un evento B2B f\u00edsico y digital que re\u00fane eventos singulares de los sectores de Proptech, Industria Digital, Movilidad, Sostenibilidad, Talento, Salud y Experiencia. Todos ellos comparten un denominador com\u00fan: Nueva Econom\u00eda.<\/p>\n<p>La cuarta edici\u00f3n de esta cita tiene como objetivo volver a ser el punto de reuni\u00f3n de los agentes que dirigen las transformaciones tecnol\u00f3gicas y econ\u00f3micas a nivel mundial, tratando las tem\u00e1ticas m\u00e1s vanguardistas del momento en el avance hacia la econom\u00eda 4.0. Durante estos cuatro d\u00edas BNEW reunir\u00e1 a m\u00e1s de 350 top speakers que ofrecer\u00e1n hasta 140 horas de contenido distribuidas en 100 paneles, sesiones y debates. Este evento contar\u00e1, adem\u00e1s, con cerca de 1.500 startups participantes y con una previsi\u00f3n de m\u00e1s de 12.000 asistentes, que podr\u00e1n disfrutar de un completo programa de contenido estructurado en siete verticales clave: Digital Industry, Proptech, Mobility, Talento, Sustainability, Health y Experience.<\/p>\n<p>Cabe destacar que, en esta cuarta edici\u00f3n, los paneles y actividades correspondientes a los verticales Digital Industry, Mobility, y Sustainability se llevar\u00e1n a cabo los d\u00edas 2 y 3 de octubre, mientras que las conferencias y debates correspondientes a Proptech, Health y Talent tendr\u00e1n lugar durante los dos d\u00edas siguientes, 4 y 5 de octubre.<\/p>\n<\/div><div style=\"text-align:center;\"><a class=\"fusion-button button-flat fusion-button-default-size button-default fusion-button-default button-1 fusion-button-default-span fusion-button-default-type\" target=\"_blank\" rel=\"noopener noreferrer\" href=\"https:\/\/www.bnewbarcelona.com\/es\/index.html\"><span class=\"fusion-button-text awb-button__text awb-button__text--default\">CONOCE AQU\u00cd TODO EL PROGRAMA DEL BNEW BARCELONA 2023<\/span><\/a><\/div><\/div><\/div><\/div><\/div>\n","protected":false},"excerpt":{"rendered":"","protected":false},"author":20,"featured_media":140528,"comment_status":"closed","ping_status":"closed","template":"","tags":[2665,2664],"mec_category":[986,976],"class_list":["post-140526","mec-events","type-mec-events","status-publish","has-post-thumbnail","hentry","tag-bnew-es","tag-nueva-economia","mec_category-actos-cientificos-tecnologicos","mec_category-congresos-organizados-por-eurecat-es"],"yoast_head":"<!-- This site is optimized with the Yoast SEO plugin v27.4 - https:\/\/yoast.com\/product\/yoast-seo-wordpress\/ -->\n<title>BNEW Barcelona 2023 4th Barcelona New Economy WeekBNEW Barcelona 2023 4th Barcelona New Economy Week - Eurecat<\/title>\n<meta name=\"description\" content=\"Eurecat es EVENT PARTNER de la Barcelona New Economy Week que tendr\u00e1 lugar en el DFactory de Zona Franca entre los d\u00edas 2 y 5 de octubre\" \/>\n<meta name=\"robots\" content=\"index, follow, max-snippet:-1, max-image-preview:large, max-video-preview:-1\" \/>\n<link rel=\"canonical\" href=\"https:\/\/eurecat.org\/es\/calendario\/bnew-barcelona-2023-4th-barcelona-new-economy-week\/\" \/>\n<meta property=\"og:locale\" content=\"es_ES\" \/>\n<meta property=\"og:type\" content=\"article\" \/>\n<meta property=\"og:title\" content=\"BNEW Barcelona 2023 4th Barcelona New Economy WeekBNEW Barcelona 2023 4th Barcelona New Economy Week - Eurecat\" \/>\n<meta property=\"og:description\" content=\"Eurecat es EVENT PARTNER de la Barcelona New Economy Week que tendr\u00e1 lugar en el DFactory de Zona Franca entre los d\u00edas 2 y 5 de octubre\" \/>\n<meta property=\"og:url\" content=\"https:\/\/eurecat.org\/es\/calendario\/bnew-barcelona-2023-4th-barcelona-new-economy-week\/\" \/>\n<meta property=\"og:site_name\" content=\"Eurecat\" \/>\n<meta property=\"article:modified_time\" content=\"2023-09-29T06:51:31+00:00\" \/>\n<meta property=\"og:image\" content=\"https:\/\/eurecat.org\/wp-content\/uploads\/2023\/09\/BNEW_2023_ES.jpg\" \/>\n\t<meta property=\"og:image:width\" content=\"750\" \/>\n\t<meta property=\"og:image:height\" content=\"400\" \/>\n\t<meta property=\"og:image:type\" content=\"image\/jpeg\" \/>\n<meta name=\"twitter:card\" content=\"summary_large_image\" \/>\n<meta name=\"twitter:label1\" content=\"Tiempo de lectura\" \/>\n\t<meta name=\"twitter:data1\" content=\"5 minutos\" \/>\n<script type=\"application\/ld+json\" class=\"yoast-schema-graph\">{\"@context\":\"https:\\\/\\\/schema.org\",\"@graph\":[{\"@type\":\"WebPage\",\"@id\":\"https:\\\/\\\/eurecat.org\\\/es\\\/calendario\\\/bnew-barcelona-2023-4th-barcelona-new-economy-week\\\/\",\"url\":\"https:\\\/\\\/eurecat.org\\\/es\\\/calendario\\\/bnew-barcelona-2023-4th-barcelona-new-economy-week\\\/\",\"name\":\"BNEW Barcelona 2023 4th Barcelona New Economy WeekBNEW Barcelona 2023 4th Barcelona New Economy Week - Eurecat\",\"isPartOf\":{\"@id\":\"https:\\\/\\\/eurecat.org\\\/es\\\/#website\"},\"primaryImageOfPage\":{\"@id\":\"https:\\\/\\\/eurecat.org\\\/es\\\/calendario\\\/bnew-barcelona-2023-4th-barcelona-new-economy-week\\\/#primaryimage\"},\"image\":{\"@id\":\"https:\\\/\\\/eurecat.org\\\/es\\\/calendario\\\/bnew-barcelona-2023-4th-barcelona-new-economy-week\\\/#primaryimage\"},\"thumbnailUrl\":\"https:\\\/\\\/eurecat.org\\\/wp-content\\\/uploads\\\/2023\\\/09\\\/BNEW_2023_ES.jpg\",\"datePublished\":\"2023-09-26T08:28:19+00:00\",\"dateModified\":\"2023-09-29T06:51:31+00:00\",\"description\":\"Eurecat es EVENT PARTNER de la Barcelona New Economy Week que tendr\u00e1 lugar en el DFactory de Zona Franca entre los d\u00edas 2 y 5 de octubre\",\"breadcrumb\":{\"@id\":\"https:\\\/\\\/eurecat.org\\\/es\\\/calendario\\\/bnew-barcelona-2023-4th-barcelona-new-economy-week\\\/#breadcrumb\"},\"inLanguage\":\"es\",\"potentialAction\":[{\"@type\":\"ReadAction\",\"target\":[\"https:\\\/\\\/eurecat.org\\\/es\\\/calendario\\\/bnew-barcelona-2023-4th-barcelona-new-economy-week\\\/\"]}]},{\"@type\":\"ImageObject\",\"inLanguage\":\"es\",\"@id\":\"https:\\\/\\\/eurecat.org\\\/es\\\/calendario\\\/bnew-barcelona-2023-4th-barcelona-new-economy-week\\\/#primaryimage\",\"url\":\"https:\\\/\\\/eurecat.org\\\/wp-content\\\/uploads\\\/2023\\\/09\\\/BNEW_2023_ES.jpg\",\"contentUrl\":\"https:\\\/\\\/eurecat.org\\\/wp-content\\\/uploads\\\/2023\\\/09\\\/BNEW_2023_ES.jpg\",\"width\":750,\"height\":400,\"caption\":\"BNEW Barcelona 2023\"},{\"@type\":\"BreadcrumbList\",\"@id\":\"https:\\\/\\\/eurecat.org\\\/es\\\/calendario\\\/bnew-barcelona-2023-4th-barcelona-new-economy-week\\\/#breadcrumb\",\"itemListElement\":[{\"@type\":\"ListItem\",\"position\":1,\"name\":\"Inici\",\"item\":\"https:\\\/\\\/eurecat.org\\\/es\\\/\"},{\"@type\":\"ListItem\",\"position\":2,\"name\":\"Eventos\",\"item\":\"https:\\\/\\\/eurecat.org\\\/es\\\/calendario\\\/\"},{\"@type\":\"ListItem\",\"position\":3,\"name\":\"BNEW Barcelona 2023 4th Barcelona New Economy Week\"}]},{\"@type\":\"WebSite\",\"@id\":\"https:\\\/\\\/eurecat.org\\\/es\\\/#website\",\"url\":\"https:\\\/\\\/eurecat.org\\\/es\\\/\",\"name\":\"Eurecat\",\"description\":\"Otro sitio realizado con WordPress\",\"potentialAction\":[{\"@type\":\"SearchAction\",\"target\":{\"@type\":\"EntryPoint\",\"urlTemplate\":\"https:\\\/\\\/eurecat.org\\\/es\\\/?s={search_term_string}\"},\"query-input\":{\"@type\":\"PropertyValueSpecification\",\"valueRequired\":true,\"valueName\":\"search_term_string\"}}],\"inLanguage\":\"es\"}]}<\/script>\n<!-- \/ Yoast SEO plugin. -->","yoast_head_json":{"title":"BNEW Barcelona 2023 4th Barcelona New Economy WeekBNEW Barcelona 2023 4th Barcelona New Economy Week - Eurecat","description":"Eurecat es EVENT PARTNER de la Barcelona New Economy Week que tendr\u00e1 lugar en el DFactory de Zona Franca entre los d\u00edas 2 y 5 de octubre","robots":{"index":"index","follow":"follow","max-snippet":"max-snippet:-1","max-image-preview":"max-image-preview:large","max-video-preview":"max-video-preview:-1"},"canonical":"https:\/\/eurecat.org\/es\/calendario\/bnew-barcelona-2023-4th-barcelona-new-economy-week\/","og_locale":"es_ES","og_type":"article","og_title":"BNEW Barcelona 2023 4th Barcelona New Economy WeekBNEW Barcelona 2023 4th Barcelona New Economy Week - Eurecat","og_description":"Eurecat es EVENT PARTNER de la Barcelona New Economy Week que tendr\u00e1 lugar en el DFactory de Zona Franca entre los d\u00edas 2 y 5 de octubre","og_url":"https:\/\/eurecat.org\/es\/calendario\/bnew-barcelona-2023-4th-barcelona-new-economy-week\/","og_site_name":"Eurecat","article_modified_time":"2023-09-29T06:51:31+00:00","og_image":[{"width":750,"height":400,"url":"https:\/\/eurecat.org\/wp-content\/uploads\/2023\/09\/BNEW_2023_ES.jpg","type":"image\/jpeg"}],"twitter_card":"summary_large_image","twitter_misc":{"Tiempo de lectura":"5 minutos"},"schema":{"@context":"https:\/\/schema.org","@graph":[{"@type":"WebPage","@id":"https:\/\/eurecat.org\/es\/calendario\/bnew-barcelona-2023-4th-barcelona-new-economy-week\/","url":"https:\/\/eurecat.org\/es\/calendario\/bnew-barcelona-2023-4th-barcelona-new-economy-week\/","name":"BNEW Barcelona 2023 4th Barcelona New Economy WeekBNEW Barcelona 2023 4th Barcelona New Economy Week - Eurecat","isPartOf":{"@id":"https:\/\/eurecat.org\/es\/#website"},"primaryImageOfPage":{"@id":"https:\/\/eurecat.org\/es\/calendario\/bnew-barcelona-2023-4th-barcelona-new-economy-week\/#primaryimage"},"image":{"@id":"https:\/\/eurecat.org\/es\/calendario\/bnew-barcelona-2023-4th-barcelona-new-economy-week\/#primaryimage"},"thumbnailUrl":"https:\/\/eurecat.org\/wp-content\/uploads\/2023\/09\/BNEW_2023_ES.jpg","datePublished":"2023-09-26T08:28:19+00:00","dateModified":"2023-09-29T06:51:31+00:00","description":"Eurecat es EVENT PARTNER de la Barcelona New Economy Week que tendr\u00e1 lugar en el DFactory de Zona Franca entre los d\u00edas 2 y 5 de octubre","breadcrumb":{"@id":"https:\/\/eurecat.org\/es\/calendario\/bnew-barcelona-2023-4th-barcelona-new-economy-week\/#breadcrumb"},"inLanguage":"es","potentialAction":[{"@type":"ReadAction","target":["https:\/\/eurecat.org\/es\/calendario\/bnew-barcelona-2023-4th-barcelona-new-economy-week\/"]}]},{"@type":"ImageObject","inLanguage":"es","@id":"https:\/\/eurecat.org\/es\/calendario\/bnew-barcelona-2023-4th-barcelona-new-economy-week\/#primaryimage","url":"https:\/\/eurecat.org\/wp-content\/uploads\/2023\/09\/BNEW_2023_ES.jpg","contentUrl":"https:\/\/eurecat.org\/wp-content\/uploads\/2023\/09\/BNEW_2023_ES.jpg","width":750,"height":400,"caption":"BNEW Barcelona 2023"},{"@type":"BreadcrumbList","@id":"https:\/\/eurecat.org\/es\/calendario\/bnew-barcelona-2023-4th-barcelona-new-economy-week\/#breadcrumb","itemListElement":[{"@type":"ListItem","position":1,"name":"Inici","item":"https:\/\/eurecat.org\/es\/"},{"@type":"ListItem","position":2,"name":"Eventos","item":"https:\/\/eurecat.org\/es\/calendario\/"},{"@type":"ListItem","position":3,"name":"BNEW Barcelona 2023 4th Barcelona New Economy Week"}]},{"@type":"WebSite","@id":"https:\/\/eurecat.org\/es\/#website","url":"https:\/\/eurecat.org\/es\/","name":"Eurecat","description":"Otro sitio realizado con WordPress","potentialAction":[{"@type":"SearchAction","target":{"@type":"EntryPoint","urlTemplate":"https:\/\/eurecat.org\/es\/?s={search_term_string}"},"query-input":{"@type":"PropertyValueSpecification","valueRequired":true,"valueName":"search_term_string"}}],"inLanguage":"es"}]}},"_links":{"self":[{"href":"https:\/\/eurecat.org\/es\/wp-json\/wp\/v2\/mec-events\/140526","targetHints":{"allow":["GET"]}}],"collection":[{"href":"https:\/\/eurecat.org\/es\/wp-json\/wp\/v2\/mec-events"}],"about":[{"href":"https:\/\/eurecat.org\/es\/wp-json\/wp\/v2\/types\/mec-events"}],"author":[{"embeddable":true,"href":"https:\/\/eurecat.org\/es\/wp-json\/wp\/v2\/users\/20"}],"replies":[{"embeddable":true,"href":"https:\/\/eurecat.org\/es\/wp-json\/wp\/v2\/comments?post=140526"}],"wp:featuredmedia":[{"embeddable":true,"href":"https:\/\/eurecat.org\/es\/wp-json\/wp\/v2\/media\/140528"}],"wp:attachment":[{"href":"https:\/\/eurecat.org\/es\/wp-json\/wp\/v2\/media?parent=140526"}],"wp:term":[{"taxonomy":"post_tag","embeddable":true,"href":"https:\/\/eurecat.org\/es\/wp-json\/wp\/v2\/tags?post=140526"},{"taxonomy":"mec_category","embeddable":true,"href":"https:\/\/eurecat.org\/es\/wp-json\/wp\/v2\/mec_category?post=140526"}],"curies":[{"name":"wp","href":"https:\/\/api.w.org\/{rel}","templated":true}]}}