{"id":145147,"date":"2024-01-15T10:55:18","date_gmt":"2024-01-15T09:55:18","guid":{"rendered":"https:\/\/eurecat.org\/?post_type=mec-events&#038;p=145147"},"modified":"2025-01-31T14:08:27","modified_gmt":"2025-01-31T13:08:27","slug":"ise-2025-integrated-systems-europe","status":"publish","type":"mec-events","link":"https:\/\/eurecat.org\/es\/calendario\/ise-2025-integrated-systems-europe\/","title":{"rendered":"ISE 2025 Integrated Systems Europe"},"content":{"rendered":"<div class=\"fusion-fullwidth fullwidth-box fusion-builder-row-1 fusion-flex-container has-pattern-background has-mask-background nonhundred-percent-fullwidth non-hundred-percent-height-scrolling\" style=\"--awb-border-radius-top-left:0px;--awb-border-radius-top-right:0px;--awb-border-radius-bottom-right:0px;--awb-border-radius-bottom-left:0px;--awb-flex-wrap:wrap;\" ><div class=\"fusion-builder-row fusion-row fusion-flex-align-items-flex-start fusion-flex-content-wrap\" style=\"max-width:1424.8px;margin-left: calc(-4% \/ 2 );margin-right: calc(-4% \/ 2 );\"><div class=\"fusion-layout-column fusion_builder_column fusion-builder-column-0 fusion_builder_column_1_1 1_1 fusion-flex-column\" style=\"--awb-bg-size:cover;--awb-width-large:100%;--awb-margin-top-large:0px;--awb-spacing-right-large:1.92%;--awb-margin-bottom-large:20px;--awb-spacing-left-large:1.92%;--awb-width-medium:100%;--awb-order-medium:0;--awb-spacing-right-medium:1.92%;--awb-spacing-left-medium:1.92%;--awb-width-small:100%;--awb-order-small:0;--awb-spacing-right-small:1.92%;--awb-spacing-left-small:1.92%;\"><div class=\"fusion-column-wrapper fusion-column-has-shadow fusion-flex-justify-content-flex-start fusion-content-layout-column\"><div class=\"fusion-text fusion-text-1\"><p>Eurecat volver\u00e1 a estar presente como expositor en la <a href=\"https:\/\/www.iseurope.org\/\" target=\"_blank\" rel=\"noopener\"><strong>ISE<\/strong><\/a>, la feria l\u00edder de audiovisuales e integraci\u00f3n de sistemas, entre los d\u00edas 4 y 7 de febrero en Barcelona <strong>en el stand agrupado de la Generalitat de Catalunya.<\/strong><\/p>\n<p><strong>Nos pod\u00e9is encontrar en el Congress Square CS100 \u2013 4 !!<\/strong><\/p>\n<p>Vamos a mostrar diferentes experiencias en audio 3D, destacando una demostraci\u00f3n sobre las capacidades de la l\u00ednea de audio de la Unidad Multimedia en tecnolog\u00edas que permiten la reconstrucci\u00f3n de la identidad sonora de edificios hist\u00f3ricos o emblem\u00e1ticos en el marco del patrimonio hist\u00f3rico -Cultural Heritage. Adem\u00e1s de una demostraci\u00f3n inmersiva sobre el proyecto <a href=\"https:\/\/eurecat.org\/portfolio-items\/guestxr\/\" target=\"_blank\" rel=\"noopener\"><strong>Guest XR<\/strong><\/a>, que es un agente de aprendizaje autom\u00e1tico para la cohesi\u00f3n social en realidad virtual y aumentada. Tambi\u00e9n presentaremos un proyecto de mejora en la divulgaci\u00f3n de colecciones mediante el enriquecimiento de los metadatos con IA y el uso de nuevas formas de navegaci\u00f3n 3D, Herramientas inteligentes para el resumen y Generaci\u00f3n de contenido audiovisual en noticias y Herramientas d eficiencia por proyectos formativos basados \u200b\u200ben plataformas de formaci\u00f3n, entre otros.<\/p>\n<p><strong>Si necesitas entrada, aqu\u00ed tienes <a href=\"https:\/\/registration.firabarcelona.com\/?cod_prom=WHG2LZC5#\/en_GB\/E234025\/WEB\" target=\"_blank\" rel=\"noopener\">nuestra invitaci\u00f3n<\/a><\/strong><\/p>\n<\/div><div class=\"fusion-text fusion-text-2\" style=\"--awb-margin-top:30px;\"><p><img decoding=\"async\" class=\"wp-image-170797 aligncenter\" src=\"https:\/\/eurecat.org\/wp-content\/uploads\/2024\/01\/brochure-ISE-2025-v02.jpg\" alt=\"\" width=\"567\" height=\"801\" srcset=\"https:\/\/eurecat.org\/wp-content\/uploads\/2024\/01\/brochure-ISE-2025-v02-200x283.jpg 200w, https:\/\/eurecat.org\/wp-content\/uploads\/2024\/01\/brochure-ISE-2025-v02-212x300.jpg 212w, https:\/\/eurecat.org\/wp-content\/uploads\/2024\/01\/brochure-ISE-2025-v02-400x565.jpg 400w, https:\/\/eurecat.org\/wp-content\/uploads\/2024\/01\/brochure-ISE-2025-v02-600x848.jpg 600w, https:\/\/eurecat.org\/wp-content\/uploads\/2024\/01\/brochure-ISE-2025-v02-768x1085.jpg 768w, https:\/\/eurecat.org\/wp-content\/uploads\/2024\/01\/brochure-ISE-2025-v02-800x1131.jpg 800w, https:\/\/eurecat.org\/wp-content\/uploads\/2024\/01\/brochure-ISE-2025-v02-1087x1536.jpg 1087w, https:\/\/eurecat.org\/wp-content\/uploads\/2024\/01\/brochure-ISE-2025-v02-1160x1640.jpg 1160w, https:\/\/eurecat.org\/wp-content\/uploads\/2024\/01\/brochure-ISE-2025-v02-1200x1696.jpg 1200w, https:\/\/eurecat.org\/wp-content\/uploads\/2024\/01\/brochure-ISE-2025-v02.jpg 1241w\" sizes=\"(max-width: 567px) 100vw, 567px\" \/><\/p>\n<\/div><div class=\"fusion-text fusion-text-3\"><p><strong>Sobre ISE<\/strong><br \/>\nIntegrated Systems Europe (ISE), la principal feria mundial del audiovisual profesional (AV Pro) y la integraci\u00f3n de sistemas ha cumplido 20 a\u00f1os. Desde su creaci\u00f3n en Ginebra en 2004, ISE se ha convertido en un evento de referencia para el sector, que re\u00fane a profesionales, innovadores y l\u00edderes de opini\u00f3n de todo el mundo. Integrated Systems Europe es la mayor feria de integraci\u00f3n de sistemas y AV del mundo. La edici\u00f3n de 2024 tuvo lugar en Fira de Barcelona Gran Via, Espa\u00f1a, del 30 de enero al 2 de febrero y ocup\u00f3 ocho salas (pabellones 1-8) as\u00ed como la plaza del Congreso.<\/p>\n<\/div><\/div><\/div><\/div><\/div>\n","protected":false},"excerpt":{"rendered":"","protected":false},"author":20,"featured_media":166533,"comment_status":"closed","ping_status":"closed","template":"","tags":[],"mec_category":[976,975],"class_list":["post-145147","mec-events","type-mec-events","status-publish","has-post-thumbnail","hentry","mec_category-congresos-organizados-por-eurecat-es","mec_category-fires-on-participa-eurecat"],"yoast_head":"<!-- This site is optimized with the Yoast SEO plugin v27.4 - https:\/\/yoast.com\/product\/yoast-seo-wordpress\/ -->\n<title>ISE 2024 Integrated Systems EuropeISE 2025 Integrated Systems Europe - Eurecat<\/title>\n<meta name=\"description\" content=\"Eurecat estar\u00e1 presente de nuevo en el ISE la feria l\u00edder mundial de audiovisuales e integraci\u00f3n de sistemas entre los d\u00edas 30 de enero y 2 de febrero en el stand de la Generalitat de Catalunya\" \/>\n<meta name=\"robots\" content=\"index, follow, max-snippet:-1, max-image-preview:large, max-video-preview:-1\" \/>\n<link rel=\"canonical\" href=\"https:\/\/eurecat.org\/es\/calendario\/ise-2025-integrated-systems-europe\/\" \/>\n<meta property=\"og:locale\" content=\"es_ES\" \/>\n<meta property=\"og:type\" content=\"article\" \/>\n<meta property=\"og:title\" content=\"ISE 2024 Integrated Systems EuropeISE 2025 Integrated Systems Europe - Eurecat\" \/>\n<meta property=\"og:description\" content=\"Eurecat estar\u00e1 presente de nuevo en el ISE la feria l\u00edder mundial de audiovisuales e integraci\u00f3n de sistemas entre los d\u00edas 30 de enero y 2 de febrero en el stand de la Generalitat de Catalunya\" \/>\n<meta property=\"og:url\" content=\"https:\/\/eurecat.org\/es\/calendario\/ise-2025-integrated-systems-europe\/\" \/>\n<meta property=\"og:site_name\" content=\"Eurecat\" \/>\n<meta property=\"article:modified_time\" content=\"2025-01-31T13:08:27+00:00\" \/>\n<meta property=\"og:image\" content=\"https:\/\/eurecat.org\/wp-content\/uploads\/2024\/01\/ISE_2025_WEB.jpg\" \/>\n\t<meta property=\"og:image:width\" content=\"750\" \/>\n\t<meta property=\"og:image:height\" content=\"400\" \/>\n\t<meta property=\"og:image:type\" content=\"image\/jpeg\" \/>\n<meta name=\"twitter:card\" content=\"summary_large_image\" \/>\n<meta name=\"twitter:label1\" content=\"Tiempo de lectura\" \/>\n\t<meta name=\"twitter:data1\" content=\"2 minutos\" \/>\n<script type=\"application\/ld+json\" class=\"yoast-schema-graph\">{\"@context\":\"https:\\\/\\\/schema.org\",\"@graph\":[{\"@type\":\"WebPage\",\"@id\":\"https:\\\/\\\/eurecat.org\\\/es\\\/calendario\\\/ise-2025-integrated-systems-europe\\\/\",\"url\":\"https:\\\/\\\/eurecat.org\\\/es\\\/calendario\\\/ise-2025-integrated-systems-europe\\\/\",\"name\":\"ISE 2024 Integrated Systems EuropeISE 2025 Integrated Systems Europe - Eurecat\",\"isPartOf\":{\"@id\":\"https:\\\/\\\/eurecat.org\\\/es\\\/#website\"},\"primaryImageOfPage\":{\"@id\":\"https:\\\/\\\/eurecat.org\\\/es\\\/calendario\\\/ise-2025-integrated-systems-europe\\\/#primaryimage\"},\"image\":{\"@id\":\"https:\\\/\\\/eurecat.org\\\/es\\\/calendario\\\/ise-2025-integrated-systems-europe\\\/#primaryimage\"},\"thumbnailUrl\":\"https:\\\/\\\/eurecat.org\\\/wp-content\\\/uploads\\\/2024\\\/01\\\/ISE_2025_WEB.jpg\",\"datePublished\":\"2024-01-15T09:55:18+00:00\",\"dateModified\":\"2025-01-31T13:08:27+00:00\",\"description\":\"Eurecat estar\u00e1 presente de nuevo en el ISE la feria l\u00edder mundial de audiovisuales e integraci\u00f3n de sistemas entre los d\u00edas 30 de enero y 2 de febrero en el stand de la Generalitat de Catalunya\",\"breadcrumb\":{\"@id\":\"https:\\\/\\\/eurecat.org\\\/es\\\/calendario\\\/ise-2025-integrated-systems-europe\\\/#breadcrumb\"},\"inLanguage\":\"es\",\"potentialAction\":[{\"@type\":\"ReadAction\",\"target\":[\"https:\\\/\\\/eurecat.org\\\/es\\\/calendario\\\/ise-2025-integrated-systems-europe\\\/\"]}]},{\"@type\":\"ImageObject\",\"inLanguage\":\"es\",\"@id\":\"https:\\\/\\\/eurecat.org\\\/es\\\/calendario\\\/ise-2025-integrated-systems-europe\\\/#primaryimage\",\"url\":\"https:\\\/\\\/eurecat.org\\\/wp-content\\\/uploads\\\/2024\\\/01\\\/ISE_2025_WEB.jpg\",\"contentUrl\":\"https:\\\/\\\/eurecat.org\\\/wp-content\\\/uploads\\\/2024\\\/01\\\/ISE_2025_WEB.jpg\",\"width\":750,\"height\":400},{\"@type\":\"BreadcrumbList\",\"@id\":\"https:\\\/\\\/eurecat.org\\\/es\\\/calendario\\\/ise-2025-integrated-systems-europe\\\/#breadcrumb\",\"itemListElement\":[{\"@type\":\"ListItem\",\"position\":1,\"name\":\"Inici\",\"item\":\"https:\\\/\\\/eurecat.org\\\/es\\\/\"},{\"@type\":\"ListItem\",\"position\":2,\"name\":\"Eventos\",\"item\":\"https:\\\/\\\/eurecat.org\\\/es\\\/calendario\\\/\"},{\"@type\":\"ListItem\",\"position\":3,\"name\":\"ISE 2025 Integrated Systems Europe\"}]},{\"@type\":\"WebSite\",\"@id\":\"https:\\\/\\\/eurecat.org\\\/es\\\/#website\",\"url\":\"https:\\\/\\\/eurecat.org\\\/es\\\/\",\"name\":\"Eurecat\",\"description\":\"Otro sitio realizado con WordPress\",\"potentialAction\":[{\"@type\":\"SearchAction\",\"target\":{\"@type\":\"EntryPoint\",\"urlTemplate\":\"https:\\\/\\\/eurecat.org\\\/es\\\/?s={search_term_string}\"},\"query-input\":{\"@type\":\"PropertyValueSpecification\",\"valueRequired\":true,\"valueName\":\"search_term_string\"}}],\"inLanguage\":\"es\"}]}<\/script>\n<!-- \/ Yoast SEO plugin. -->","yoast_head_json":{"title":"ISE 2024 Integrated Systems EuropeISE 2025 Integrated Systems Europe - Eurecat","description":"Eurecat estar\u00e1 presente de nuevo en el ISE la feria l\u00edder mundial de audiovisuales e integraci\u00f3n de sistemas entre los d\u00edas 30 de enero y 2 de febrero en el stand de la Generalitat de Catalunya","robots":{"index":"index","follow":"follow","max-snippet":"max-snippet:-1","max-image-preview":"max-image-preview:large","max-video-preview":"max-video-preview:-1"},"canonical":"https:\/\/eurecat.org\/es\/calendario\/ise-2025-integrated-systems-europe\/","og_locale":"es_ES","og_type":"article","og_title":"ISE 2024 Integrated Systems EuropeISE 2025 Integrated Systems Europe - Eurecat","og_description":"Eurecat estar\u00e1 presente de nuevo en el ISE la feria l\u00edder mundial de audiovisuales e integraci\u00f3n de sistemas entre los d\u00edas 30 de enero y 2 de febrero en el stand de la Generalitat de Catalunya","og_url":"https:\/\/eurecat.org\/es\/calendario\/ise-2025-integrated-systems-europe\/","og_site_name":"Eurecat","article_modified_time":"2025-01-31T13:08:27+00:00","og_image":[{"width":750,"height":400,"url":"https:\/\/eurecat.org\/wp-content\/uploads\/2024\/01\/ISE_2025_WEB.jpg","type":"image\/jpeg"}],"twitter_card":"summary_large_image","twitter_misc":{"Tiempo de lectura":"2 minutos"},"schema":{"@context":"https:\/\/schema.org","@graph":[{"@type":"WebPage","@id":"https:\/\/eurecat.org\/es\/calendario\/ise-2025-integrated-systems-europe\/","url":"https:\/\/eurecat.org\/es\/calendario\/ise-2025-integrated-systems-europe\/","name":"ISE 2024 Integrated Systems EuropeISE 2025 Integrated Systems Europe - Eurecat","isPartOf":{"@id":"https:\/\/eurecat.org\/es\/#website"},"primaryImageOfPage":{"@id":"https:\/\/eurecat.org\/es\/calendario\/ise-2025-integrated-systems-europe\/#primaryimage"},"image":{"@id":"https:\/\/eurecat.org\/es\/calendario\/ise-2025-integrated-systems-europe\/#primaryimage"},"thumbnailUrl":"https:\/\/eurecat.org\/wp-content\/uploads\/2024\/01\/ISE_2025_WEB.jpg","datePublished":"2024-01-15T09:55:18+00:00","dateModified":"2025-01-31T13:08:27+00:00","description":"Eurecat estar\u00e1 presente de nuevo en el ISE la feria l\u00edder mundial de audiovisuales e integraci\u00f3n de sistemas entre los d\u00edas 30 de enero y 2 de febrero en el stand de la Generalitat de Catalunya","breadcrumb":{"@id":"https:\/\/eurecat.org\/es\/calendario\/ise-2025-integrated-systems-europe\/#breadcrumb"},"inLanguage":"es","potentialAction":[{"@type":"ReadAction","target":["https:\/\/eurecat.org\/es\/calendario\/ise-2025-integrated-systems-europe\/"]}]},{"@type":"ImageObject","inLanguage":"es","@id":"https:\/\/eurecat.org\/es\/calendario\/ise-2025-integrated-systems-europe\/#primaryimage","url":"https:\/\/eurecat.org\/wp-content\/uploads\/2024\/01\/ISE_2025_WEB.jpg","contentUrl":"https:\/\/eurecat.org\/wp-content\/uploads\/2024\/01\/ISE_2025_WEB.jpg","width":750,"height":400},{"@type":"BreadcrumbList","@id":"https:\/\/eurecat.org\/es\/calendario\/ise-2025-integrated-systems-europe\/#breadcrumb","itemListElement":[{"@type":"ListItem","position":1,"name":"Inici","item":"https:\/\/eurecat.org\/es\/"},{"@type":"ListItem","position":2,"name":"Eventos","item":"https:\/\/eurecat.org\/es\/calendario\/"},{"@type":"ListItem","position":3,"name":"ISE 2025 Integrated Systems Europe"}]},{"@type":"WebSite","@id":"https:\/\/eurecat.org\/es\/#website","url":"https:\/\/eurecat.org\/es\/","name":"Eurecat","description":"Otro sitio realizado con WordPress","potentialAction":[{"@type":"SearchAction","target":{"@type":"EntryPoint","urlTemplate":"https:\/\/eurecat.org\/es\/?s={search_term_string}"},"query-input":{"@type":"PropertyValueSpecification","valueRequired":true,"valueName":"search_term_string"}}],"inLanguage":"es"}]}},"_links":{"self":[{"href":"https:\/\/eurecat.org\/es\/wp-json\/wp\/v2\/mec-events\/145147","targetHints":{"allow":["GET"]}}],"collection":[{"href":"https:\/\/eurecat.org\/es\/wp-json\/wp\/v2\/mec-events"}],"about":[{"href":"https:\/\/eurecat.org\/es\/wp-json\/wp\/v2\/types\/mec-events"}],"author":[{"embeddable":true,"href":"https:\/\/eurecat.org\/es\/wp-json\/wp\/v2\/users\/20"}],"replies":[{"embeddable":true,"href":"https:\/\/eurecat.org\/es\/wp-json\/wp\/v2\/comments?post=145147"}],"wp:featuredmedia":[{"embeddable":true,"href":"https:\/\/eurecat.org\/es\/wp-json\/wp\/v2\/media\/166533"}],"wp:attachment":[{"href":"https:\/\/eurecat.org\/es\/wp-json\/wp\/v2\/media?parent=145147"}],"wp:term":[{"taxonomy":"post_tag","embeddable":true,"href":"https:\/\/eurecat.org\/es\/wp-json\/wp\/v2\/tags?post=145147"},{"taxonomy":"mec_category","embeddable":true,"href":"https:\/\/eurecat.org\/es\/wp-json\/wp\/v2\/mec_category?post=145147"}],"curies":[{"name":"wp","href":"https:\/\/api.w.org\/{rel}","templated":true}]}}