{"id":154028,"date":"2024-06-21T13:15:14","date_gmt":"2024-06-21T11:15:14","guid":{"rendered":"https:\/\/eurecat.org\/?post_type=mec-events&#038;p=154028"},"modified":"2024-08-26T11:00:12","modified_gmt":"2024-08-26T09:00:12","slug":"ai-big-data-congress","status":"publish","type":"mec-events","link":"https:\/\/eurecat.org\/es\/calendario\/ai-big-data-congress\/","title":{"rendered":"AI &#038; Big Data Congress"},"content":{"rendered":"<div class=\"fusion-fullwidth fullwidth-box fusion-builder-row-1 fusion-flex-container has-pattern-background has-mask-background nonhundred-percent-fullwidth non-hundred-percent-height-scrolling\" style=\"--awb-border-radius-top-left:0px;--awb-border-radius-top-right:0px;--awb-border-radius-bottom-right:0px;--awb-border-radius-bottom-left:0px;--awb-flex-wrap:wrap;\" ><div class=\"fusion-builder-row fusion-row fusion-flex-align-items-flex-start fusion-flex-content-wrap\" style=\"max-width:1424.8px;margin-left: calc(-4% \/ 2 );margin-right: calc(-4% \/ 2 );\"><div class=\"fusion-layout-column fusion_builder_column fusion-builder-column-0 fusion_builder_column_1_1 1_1 fusion-flex-column\" style=\"--awb-bg-size:cover;--awb-width-large:100%;--awb-margin-top-large:0px;--awb-spacing-right-large:1.92%;--awb-margin-bottom-large:20px;--awb-spacing-left-large:1.92%;--awb-width-medium:100%;--awb-order-medium:0;--awb-spacing-right-medium:1.92%;--awb-spacing-left-medium:1.92%;--awb-width-small:100%;--awb-order-small:0;--awb-spacing-right-small:1.92%;--awb-spacing-left-small:1.92%;\"><div class=\"fusion-column-wrapper fusion-column-has-shadow fusion-flex-justify-content-flex-start fusion-content-layout-column\"><div class=\"fusion-text fusion-text-1\"><p>Los d\u00edas\u00a0<strong>9 y 10 de octubre de 2024<\/strong>, te invitamos a asistir a la edici\u00f3n\u00a0<strong>n.\u00ba 10<\/strong>\u00a0del\u00a0<strong>AI &amp; Big Data Congress<\/strong>\u00a0en el\u00a0<strong>Auditorio Illa (AXA) de Barcelona<\/strong>.<\/p>\n<p>Con motivo del\u00a0<strong>d\u00e9cimo aniversario<\/strong>, la edici\u00f3n de este a\u00f1o ser\u00e1 especial. Durante el primer d\u00eda contaremos con la participaci\u00f3n de ponentes relevantes, expertos en distintos \u00e1mbitos de la IA, que compartir\u00e1n sus visiones sobre la tecnolog\u00eda y su impacto en diferentes \u00e1mbitos.<\/p>\n<p>Por primera vez en la historia de la AI &amp; BD Congress, durante el acto inaugural se har\u00e1 una menci\u00f3n individual por una contribuci\u00f3n destacada en el \u00e1mbito de la IA. Este a\u00f1o reconoceremos la<strong>\u00a0Trayectoria Profesional del Profesor Em\u00e9rito Ramon L\u00f3pez de M\u00e1ntaras, pionero de la IA en Catalu\u00f1a.<\/strong><\/p>\n<p>En el segundo d\u00eda, realizaremos una revisi\u00f3n de las principales tendencias tecnol\u00f3gicas a trav\u00e9s de seis sesiones donde se presentar\u00e1n proyectos e iniciativas representativas.<\/p>\n<p>Para subrayar la efem\u00e9ride de los 10 a\u00f1os del congreso, haremos una celebraci\u00f3n en la\u00a0<strong>Sala Bikini<\/strong>, anexa al Auditorio AXA, al finalizar el primer d\u00eda. Te invitamos a asistir y aprovechar la oportunidad para hacer networking\u00a0 y conocer algunas iniciativas empresariales destacadas durante estos \u00faltimos diez a\u00f1os.<\/p>\n<p>Un a\u00f1o m\u00e1s, el congreso est\u00e1\u00a0organizado por\u00a0<a href=\"https:\/\/aicongress.barcelona\/es\/congres\/organitzador\/\" target=\"_blank\" rel=\"noopener\"><strong>CIDAI y Eurecat<\/strong><\/a>, en el marco de la\u00a0<strong>Estrategia de Inteligencia Artificial de Catalu\u00f1a:\u00a0<a href=\"https:\/\/politiquesdigitals.gencat.cat\/ca\/economia\/catalonia-ai\/index.html#googtrans(ca|es)\" target=\"_blank\" rel=\"noopener\">Catalonia.AI<\/a>,\u00a0<\/strong>con el apoyo de los Patrocinadores a los que agradecemos su colaboraci\u00f3n.<\/p>\n<\/div><\/div><\/div><div class=\"fusion-layout-column fusion_builder_column fusion-builder-column-1 fusion_builder_column_1_2 1_2 fusion-flex-column\" style=\"--awb-bg-size:cover;--awb-width-large:50%;--awb-margin-top-large:0px;--awb-spacing-right-large:3.84%;--awb-margin-bottom-large:20px;--awb-spacing-left-large:3.84%;--awb-width-medium:100%;--awb-order-medium:0;--awb-spacing-right-medium:1.92%;--awb-spacing-left-medium:1.92%;--awb-width-small:100%;--awb-order-small:0;--awb-spacing-right-small:1.92%;--awb-spacing-left-small:1.92%;\"><div class=\"fusion-column-wrapper fusion-column-has-shadow fusion-flex-justify-content-flex-start fusion-content-layout-column\"><div ><a class=\"fusion-button button-flat fusion-button-default-size button-default fusion-button-default button-1 fusion-button-default-span fusion-button-default-type\" target=\"_blank\" rel=\"noopener noreferrer\" href=\"https:\/\/aicongress.barcelona\/es\/programa2024\"><span class=\"fusion-button-text awb-button__text awb-button__text--default\">Consulta el programa 2024<\/span><\/a><\/div><\/div><\/div><div class=\"fusion-layout-column fusion_builder_column fusion-builder-column-2 fusion_builder_column_1_2 1_2 fusion-flex-column\" style=\"--awb-bg-size:cover;--awb-width-large:50%;--awb-margin-top-large:0px;--awb-spacing-right-large:3.84%;--awb-margin-bottom-large:20px;--awb-spacing-left-large:3.84%;--awb-width-medium:100%;--awb-order-medium:0;--awb-spacing-right-medium:1.92%;--awb-spacing-left-medium:1.92%;--awb-width-small:100%;--awb-order-small:0;--awb-spacing-right-small:1.92%;--awb-spacing-left-small:1.92%;\"><div class=\"fusion-column-wrapper fusion-column-has-shadow fusion-flex-justify-content-flex-start fusion-content-layout-column\"><div ><a class=\"fusion-button button-flat fusion-button-default-size button-default fusion-button-default button-2 fusion-button-default-span fusion-button-default-type\" target=\"_self\" href=\"https:\/\/aicongress.barcelona\/es\/programa2024\/\"><span class=\"fusion-button-text awb-button__text awb-button__text--default\">Inscr\u00edbete ahora<\/span><\/a><\/div><\/div><\/div><\/div><\/div>\n","protected":false},"excerpt":{"rendered":"","protected":false},"author":6,"featured_media":154029,"comment_status":"open","ping_status":"closed","template":"","tags":[],"mec_category":[936],"class_list":["post-154028","mec-events","type-mec-events","status-publish","has-post-thumbnail","hentry","mec_category-congresses-organitzats-per-eurecat-en"],"yoast_head":"<!-- This site is optimized with the Yoast SEO plugin v27.5 - https:\/\/yoast.com\/product\/yoast-seo-wordpress\/ -->\n<title>AI &amp; Big Data Congress - Eurecat<\/title>\n<meta name=\"description\" content=\"El congreso sobre Inteligencia Artificial y Big Data en el sector empresarial organizado por el CIDAI y Eurecat,en el marco de la EEl congreso sobre Inteligencia Artificial y Big Data en el sector empresarial organizado por el CIDAI y Eurecat,en el marco de la Estrategia de Inteligencia Artificial de Catalunya Catalonia.AIstrategia de Inteligencia Artificial de Catalunya Catalonia.AI\" \/>\n<meta name=\"robots\" content=\"index, follow, max-snippet:-1, max-image-preview:large, max-video-preview:-1\" \/>\n<link rel=\"canonical\" href=\"https:\/\/eurecat.org\/es\/calendario\/ai-big-data-congress\/\" \/>\n<meta property=\"og:locale\" content=\"es_ES\" \/>\n<meta property=\"og:type\" content=\"article\" \/>\n<meta property=\"og:title\" content=\"AI &amp; Big Data Congress - Eurecat\" \/>\n<meta property=\"og:description\" content=\"El congreso sobre Inteligencia Artificial y Big Data en el sector empresarial organizado por el CIDAI y Eurecat,en el marco de la EEl congreso sobre Inteligencia Artificial y Big Data en el sector empresarial organizado por el CIDAI y Eurecat,en el marco de la Estrategia de Inteligencia Artificial de Catalunya Catalonia.AIstrategia de Inteligencia Artificial de Catalunya Catalonia.AI\" \/>\n<meta property=\"og:url\" content=\"https:\/\/eurecat.org\/es\/calendario\/ai-big-data-congress\/\" \/>\n<meta property=\"og:site_name\" content=\"Eurecat\" \/>\n<meta property=\"article:modified_time\" content=\"2024-08-26T09:00:12+00:00\" \/>\n<meta property=\"og:image\" content=\"https:\/\/eurecat.org\/wp-content\/uploads\/2024\/06\/bigdata-es.jpg\" \/>\n\t<meta property=\"og:image:width\" content=\"750\" \/>\n\t<meta property=\"og:image:height\" content=\"400\" \/>\n\t<meta property=\"og:image:type\" content=\"image\/jpeg\" \/>\n<meta name=\"twitter:card\" content=\"summary_large_image\" \/>\n<meta name=\"twitter:label1\" content=\"Tiempo de lectura\" \/>\n\t<meta name=\"twitter:data1\" content=\"2 minutos\" \/>\n<script type=\"application\/ld+json\" class=\"yoast-schema-graph\">{\"@context\":\"https:\\\/\\\/schema.org\",\"@graph\":[{\"@type\":\"WebPage\",\"@id\":\"https:\\\/\\\/eurecat.org\\\/es\\\/calendario\\\/ai-big-data-congress\\\/\",\"url\":\"https:\\\/\\\/eurecat.org\\\/es\\\/calendario\\\/ai-big-data-congress\\\/\",\"name\":\"AI & Big Data Congress - Eurecat\",\"isPartOf\":{\"@id\":\"https:\\\/\\\/eurecat.org\\\/es\\\/#website\"},\"primaryImageOfPage\":{\"@id\":\"https:\\\/\\\/eurecat.org\\\/es\\\/calendario\\\/ai-big-data-congress\\\/#primaryimage\"},\"image\":{\"@id\":\"https:\\\/\\\/eurecat.org\\\/es\\\/calendario\\\/ai-big-data-congress\\\/#primaryimage\"},\"thumbnailUrl\":\"https:\\\/\\\/eurecat.org\\\/wp-content\\\/uploads\\\/2024\\\/06\\\/bigdata-es.jpg\",\"datePublished\":\"2024-06-21T11:15:14+00:00\",\"dateModified\":\"2024-08-26T09:00:12+00:00\",\"description\":\"El congreso sobre Inteligencia Artificial y Big Data en el sector empresarial organizado por el CIDAI y Eurecat,en el marco de la EEl congreso sobre Inteligencia Artificial y Big Data en el sector empresarial organizado por el CIDAI y Eurecat,en el marco de la Estrategia de Inteligencia Artificial de Catalunya Catalonia.AIstrategia de Inteligencia Artificial de Catalunya Catalonia.AI\",\"breadcrumb\":{\"@id\":\"https:\\\/\\\/eurecat.org\\\/es\\\/calendario\\\/ai-big-data-congress\\\/#breadcrumb\"},\"inLanguage\":\"es\",\"potentialAction\":[{\"@type\":\"ReadAction\",\"target\":[\"https:\\\/\\\/eurecat.org\\\/es\\\/calendario\\\/ai-big-data-congress\\\/\"]}]},{\"@type\":\"ImageObject\",\"inLanguage\":\"es\",\"@id\":\"https:\\\/\\\/eurecat.org\\\/es\\\/calendario\\\/ai-big-data-congress\\\/#primaryimage\",\"url\":\"https:\\\/\\\/eurecat.org\\\/wp-content\\\/uploads\\\/2024\\\/06\\\/bigdata-es.jpg\",\"contentUrl\":\"https:\\\/\\\/eurecat.org\\\/wp-content\\\/uploads\\\/2024\\\/06\\\/bigdata-es.jpg\",\"width\":750,\"height\":400,\"caption\":\"ai big data es\"},{\"@type\":\"BreadcrumbList\",\"@id\":\"https:\\\/\\\/eurecat.org\\\/es\\\/calendario\\\/ai-big-data-congress\\\/#breadcrumb\",\"itemListElement\":[{\"@type\":\"ListItem\",\"position\":1,\"name\":\"Inici\",\"item\":\"https:\\\/\\\/eurecat.org\\\/es\\\/\"},{\"@type\":\"ListItem\",\"position\":2,\"name\":\"Eventos\",\"item\":\"https:\\\/\\\/eurecat.org\\\/es\\\/calendario\\\/\"},{\"@type\":\"ListItem\",\"position\":3,\"name\":\"AI &#038; Big Data Congress\"}]},{\"@type\":\"WebSite\",\"@id\":\"https:\\\/\\\/eurecat.org\\\/es\\\/#website\",\"url\":\"https:\\\/\\\/eurecat.org\\\/es\\\/\",\"name\":\"Eurecat\",\"description\":\"Otro sitio realizado con WordPress\",\"potentialAction\":[{\"@type\":\"SearchAction\",\"target\":{\"@type\":\"EntryPoint\",\"urlTemplate\":\"https:\\\/\\\/eurecat.org\\\/es\\\/?s={search_term_string}\"},\"query-input\":{\"@type\":\"PropertyValueSpecification\",\"valueRequired\":true,\"valueName\":\"search_term_string\"}}],\"inLanguage\":\"es\"}]}<\/script>\n<!-- \/ Yoast SEO plugin. -->","yoast_head_json":{"title":"AI & Big Data Congress - Eurecat","description":"El congreso sobre Inteligencia Artificial y Big Data en el sector empresarial organizado por el CIDAI y Eurecat,en el marco de la EEl congreso sobre Inteligencia Artificial y Big Data en el sector empresarial organizado por el CIDAI y Eurecat,en el marco de la Estrategia de Inteligencia Artificial de Catalunya Catalonia.AIstrategia de Inteligencia Artificial de Catalunya Catalonia.AI","robots":{"index":"index","follow":"follow","max-snippet":"max-snippet:-1","max-image-preview":"max-image-preview:large","max-video-preview":"max-video-preview:-1"},"canonical":"https:\/\/eurecat.org\/es\/calendario\/ai-big-data-congress\/","og_locale":"es_ES","og_type":"article","og_title":"AI & Big Data Congress - Eurecat","og_description":"El congreso sobre Inteligencia Artificial y Big Data en el sector empresarial organizado por el CIDAI y Eurecat,en el marco de la EEl congreso sobre Inteligencia Artificial y Big Data en el sector empresarial organizado por el CIDAI y Eurecat,en el marco de la Estrategia de Inteligencia Artificial de Catalunya Catalonia.AIstrategia de Inteligencia Artificial de Catalunya Catalonia.AI","og_url":"https:\/\/eurecat.org\/es\/calendario\/ai-big-data-congress\/","og_site_name":"Eurecat","article_modified_time":"2024-08-26T09:00:12+00:00","og_image":[{"width":750,"height":400,"url":"https:\/\/eurecat.org\/wp-content\/uploads\/2024\/06\/bigdata-es.jpg","type":"image\/jpeg"}],"twitter_card":"summary_large_image","twitter_misc":{"Tiempo de lectura":"2 minutos"},"schema":{"@context":"https:\/\/schema.org","@graph":[{"@type":"WebPage","@id":"https:\/\/eurecat.org\/es\/calendario\/ai-big-data-congress\/","url":"https:\/\/eurecat.org\/es\/calendario\/ai-big-data-congress\/","name":"AI & Big Data Congress - Eurecat","isPartOf":{"@id":"https:\/\/eurecat.org\/es\/#website"},"primaryImageOfPage":{"@id":"https:\/\/eurecat.org\/es\/calendario\/ai-big-data-congress\/#primaryimage"},"image":{"@id":"https:\/\/eurecat.org\/es\/calendario\/ai-big-data-congress\/#primaryimage"},"thumbnailUrl":"https:\/\/eurecat.org\/wp-content\/uploads\/2024\/06\/bigdata-es.jpg","datePublished":"2024-06-21T11:15:14+00:00","dateModified":"2024-08-26T09:00:12+00:00","description":"El congreso sobre Inteligencia Artificial y Big Data en el sector empresarial organizado por el CIDAI y Eurecat,en el marco de la EEl congreso sobre Inteligencia Artificial y Big Data en el sector empresarial organizado por el CIDAI y Eurecat,en el marco de la Estrategia de Inteligencia Artificial de Catalunya Catalonia.AIstrategia de Inteligencia Artificial de Catalunya Catalonia.AI","breadcrumb":{"@id":"https:\/\/eurecat.org\/es\/calendario\/ai-big-data-congress\/#breadcrumb"},"inLanguage":"es","potentialAction":[{"@type":"ReadAction","target":["https:\/\/eurecat.org\/es\/calendario\/ai-big-data-congress\/"]}]},{"@type":"ImageObject","inLanguage":"es","@id":"https:\/\/eurecat.org\/es\/calendario\/ai-big-data-congress\/#primaryimage","url":"https:\/\/eurecat.org\/wp-content\/uploads\/2024\/06\/bigdata-es.jpg","contentUrl":"https:\/\/eurecat.org\/wp-content\/uploads\/2024\/06\/bigdata-es.jpg","width":750,"height":400,"caption":"ai big data es"},{"@type":"BreadcrumbList","@id":"https:\/\/eurecat.org\/es\/calendario\/ai-big-data-congress\/#breadcrumb","itemListElement":[{"@type":"ListItem","position":1,"name":"Inici","item":"https:\/\/eurecat.org\/es\/"},{"@type":"ListItem","position":2,"name":"Eventos","item":"https:\/\/eurecat.org\/es\/calendario\/"},{"@type":"ListItem","position":3,"name":"AI &#038; Big Data Congress"}]},{"@type":"WebSite","@id":"https:\/\/eurecat.org\/es\/#website","url":"https:\/\/eurecat.org\/es\/","name":"Eurecat","description":"Otro sitio realizado con WordPress","potentialAction":[{"@type":"SearchAction","target":{"@type":"EntryPoint","urlTemplate":"https:\/\/eurecat.org\/es\/?s={search_term_string}"},"query-input":{"@type":"PropertyValueSpecification","valueRequired":true,"valueName":"search_term_string"}}],"inLanguage":"es"}]}},"_links":{"self":[{"href":"https:\/\/eurecat.org\/es\/wp-json\/wp\/v2\/mec-events\/154028","targetHints":{"allow":["GET"]}}],"collection":[{"href":"https:\/\/eurecat.org\/es\/wp-json\/wp\/v2\/mec-events"}],"about":[{"href":"https:\/\/eurecat.org\/es\/wp-json\/wp\/v2\/types\/mec-events"}],"author":[{"embeddable":true,"href":"https:\/\/eurecat.org\/es\/wp-json\/wp\/v2\/users\/6"}],"replies":[{"embeddable":true,"href":"https:\/\/eurecat.org\/es\/wp-json\/wp\/v2\/comments?post=154028"}],"wp:featuredmedia":[{"embeddable":true,"href":"https:\/\/eurecat.org\/es\/wp-json\/wp\/v2\/media\/154029"}],"wp:attachment":[{"href":"https:\/\/eurecat.org\/es\/wp-json\/wp\/v2\/media?parent=154028"}],"wp:term":[{"taxonomy":"post_tag","embeddable":true,"href":"https:\/\/eurecat.org\/es\/wp-json\/wp\/v2\/tags?post=154028"},{"taxonomy":"mec_category","embeddable":true,"href":"https:\/\/eurecat.org\/es\/wp-json\/wp\/v2\/mec_category?post=154028"}],"curies":[{"name":"wp","href":"https:\/\/api.w.org\/{rel}","templated":true}]}}