{"id":163896,"date":"2024-11-19T09:18:00","date_gmt":"2024-11-19T08:18:00","guid":{"rendered":"https:\/\/eurecat.org\/?post_type=mec-events&#038;p=163896"},"modified":"2024-11-19T09:22:03","modified_gmt":"2024-11-19T08:22:03","slug":"tendencias-en-audiologia-nuevos-metodos-de-diagnostico-rehabilitacion-y-uso-de-tecnologias-emergentes","status":"publish","type":"mec-events","link":"https:\/\/eurecat.org\/es\/calendario\/tendencias-en-audiologia-nuevos-metodos-de-diagnostico-rehabilitacion-y-uso-de-tecnologias-emergentes\/","title":{"rendered":"Tendencias en audiolog\u00eda: Nuevos m\u00e9todos de diagn\u00f3stico, rehabilitaci\u00f3n y uso de tecnolog\u00edas emergentes"},"content":{"rendered":"<div class=\"fusion-fullwidth fullwidth-box fusion-builder-row-1 fusion-flex-container has-pattern-background has-mask-background nonhundred-percent-fullwidth non-hundred-percent-height-scrolling\" style=\"--awb-border-radius-top-left:0px;--awb-border-radius-top-right:0px;--awb-border-radius-bottom-right:0px;--awb-border-radius-bottom-left:0px;--awb-flex-wrap:wrap;\" ><div class=\"fusion-builder-row fusion-row fusion-flex-align-items-flex-start fusion-flex-content-wrap\" style=\"max-width:1424.8px;margin-left: calc(-4% \/ 2 );margin-right: calc(-4% \/ 2 );\"><div class=\"fusion-layout-column fusion_builder_column fusion-builder-column-0 fusion_builder_column_1_1 1_1 fusion-flex-column\" style=\"--awb-bg-size:cover;--awb-width-large:100%;--awb-margin-top-large:0px;--awb-spacing-right-large:1.92%;--awb-margin-bottom-large:20px;--awb-spacing-left-large:1.92%;--awb-width-medium:100%;--awb-order-medium:0;--awb-spacing-right-medium:1.92%;--awb-spacing-left-medium:1.92%;--awb-width-small:100%;--awb-order-small:0;--awb-spacing-right-small:1.92%;--awb-spacing-left-small:1.92%;\"><div class=\"fusion-column-wrapper fusion-column-has-shadow fusion-flex-justify-content-flex-start fusion-content-layout-column\"><div class=\"fusion-text fusion-text-1\"><p>La audiolog\u00eda vive un momento de transformaci\u00f3n gracias a las nuevas tecnolog\u00edas y metodolog\u00edas que est\u00e1n redefiniendo el diagn\u00f3stico, tratamiento y rehabilitaci\u00f3n de la p\u00e9rdida auditiva. Aunque existen procedimientos establecidos, el creciente n\u00famero de personas con problemas auditivos\u2014impulsado por el envejecimiento de la poblaci\u00f3n, el uso frecuente de auriculares y la exposici\u00f3n a entornos ruidosos\u2014revela la necesidad de explorar soluciones m\u00e1s innovadoras.<\/p>\n<p>En este evento, <strong>investigadores y expertos presentar\u00e1n sus descubrimientos y debatir\u00e1n sobre las \u00faltimas tendencias en audiolog\u00eda, incluyendo el impacto de la inteligencia artificial, la realidad virtual y otras tecnolog\u00edas emergentes<\/strong>.<\/p>\n<p><strong>Dirigido a:<\/strong><\/p>\n<ul>\n<li>Investigadores interesados en avances en audiolog\u00eda<\/li>\n<li>Audi\u00f3logos que buscan nuevas herramientas y metodolog\u00edas<\/li>\n<li>Profesionales de la industria de aud\u00edfonos y cl\u00ednicas de audici\u00f3n<\/li>\n<\/ul>\n<\/div><div style=\"text-align:center;\"><a class=\"fusion-button button-flat fusion-button-default-size button-default fusion-button-default button-1 fusion-button-default-span fusion-button-default-type\" target=\"_blank\" rel=\"noopener noreferrer\" href=\"https:\/\/guestxr.eu\/tendencias-en-audiologia-nuevos-metodos-de-diagnostico-rehabilitacion-y-uso-de-tecnologias-emergentes\/\"><span class=\"fusion-button-text awb-button__text awb-button__text--default\">Conoce aqu\u00ed el programa e inscr\u00edbete<\/span><\/a><\/div><\/div><\/div><\/div><\/div>\n","protected":false},"excerpt":{"rendered":"","protected":false},"author":20,"featured_media":163899,"comment_status":"closed","ping_status":"closed","template":"","tags":[],"mec_category":[1960],"class_list":["post-163896","mec-events","type-mec-events","status-publish","has-post-thumbnail","hentry","mec_category-workshop"],"yoast_head":"<!-- This site is optimized with the Yoast SEO plugin v27.5 - https:\/\/yoast.com\/product\/yoast-seo-wordpress\/ -->\n<title>Tendencias en audiolog\u00eda: Nuevos m\u00e9todos de diagn\u00f3stico, rehabilitaci\u00f3n y uso de tecnolog\u00edas emergentes - Eurecat<\/title>\n<meta name=\"description\" content=\"Investigadores y expertos presentar\u00e1n sus descubrimientos y debatir\u00e1n sobre las \u00faltimas tendencias en audiolog\u00eda\" \/>\n<meta name=\"robots\" content=\"index, follow, max-snippet:-1, max-image-preview:large, max-video-preview:-1\" \/>\n<link rel=\"canonical\" href=\"https:\/\/eurecat.org\/es\/calendario\/tendencias-en-audiologia-nuevos-metodos-de-diagnostico-rehabilitacion-y-uso-de-tecnologias-emergentes\/\" \/>\n<meta property=\"og:locale\" content=\"es_ES\" \/>\n<meta property=\"og:type\" content=\"article\" \/>\n<meta property=\"og:title\" content=\"Tendencias en audiolog\u00eda: Nuevos m\u00e9todos de diagn\u00f3stico, rehabilitaci\u00f3n y uso de tecnolog\u00edas emergentes - Eurecat\" \/>\n<meta property=\"og:description\" content=\"Investigadores y expertos presentar\u00e1n sus descubrimientos y debatir\u00e1n sobre las \u00faltimas tendencias en audiolog\u00eda\" \/>\n<meta property=\"og:url\" content=\"https:\/\/eurecat.org\/es\/calendario\/tendencias-en-audiologia-nuevos-metodos-de-diagnostico-rehabilitacion-y-uso-de-tecnologias-emergentes\/\" \/>\n<meta property=\"og:site_name\" content=\"Eurecat\" \/>\n<meta property=\"article:modified_time\" content=\"2024-11-19T08:22:03+00:00\" \/>\n<meta property=\"og:image\" content=\"https:\/\/eurecat.org\/wp-content\/uploads\/2024\/11\/GuestXR_Local_Stakeholder_Event_Audiology_web.jpg\" \/>\n\t<meta property=\"og:image:width\" content=\"750\" \/>\n\t<meta property=\"og:image:height\" content=\"400\" \/>\n\t<meta property=\"og:image:type\" content=\"image\/jpeg\" \/>\n<meta name=\"twitter:card\" content=\"summary_large_image\" \/>\n<meta name=\"twitter:label1\" content=\"Tiempo de lectura\" \/>\n\t<meta name=\"twitter:data1\" content=\"1 minuto\" \/>\n<script type=\"application\/ld+json\" class=\"yoast-schema-graph\">{\"@context\":\"https:\\\/\\\/schema.org\",\"@graph\":[{\"@type\":\"WebPage\",\"@id\":\"https:\\\/\\\/eurecat.org\\\/es\\\/calendario\\\/tendencias-en-audiologia-nuevos-metodos-de-diagnostico-rehabilitacion-y-uso-de-tecnologias-emergentes\\\/\",\"url\":\"https:\\\/\\\/eurecat.org\\\/es\\\/calendario\\\/tendencias-en-audiologia-nuevos-metodos-de-diagnostico-rehabilitacion-y-uso-de-tecnologias-emergentes\\\/\",\"name\":\"Tendencias en audiolog\u00eda: Nuevos m\u00e9todos de diagn\u00f3stico, rehabilitaci\u00f3n y uso de tecnolog\u00edas emergentes - Eurecat\",\"isPartOf\":{\"@id\":\"https:\\\/\\\/eurecat.org\\\/es\\\/#website\"},\"primaryImageOfPage\":{\"@id\":\"https:\\\/\\\/eurecat.org\\\/es\\\/calendario\\\/tendencias-en-audiologia-nuevos-metodos-de-diagnostico-rehabilitacion-y-uso-de-tecnologias-emergentes\\\/#primaryimage\"},\"image\":{\"@id\":\"https:\\\/\\\/eurecat.org\\\/es\\\/calendario\\\/tendencias-en-audiologia-nuevos-metodos-de-diagnostico-rehabilitacion-y-uso-de-tecnologias-emergentes\\\/#primaryimage\"},\"thumbnailUrl\":\"https:\\\/\\\/eurecat.org\\\/wp-content\\\/uploads\\\/2024\\\/11\\\/GuestXR_Local_Stakeholder_Event_Audiology_CAT_web.jpg\",\"datePublished\":\"2024-11-19T08:18:00+00:00\",\"dateModified\":\"2024-11-19T08:22:03+00:00\",\"description\":\"Investigadores y expertos presentar\u00e1n sus descubrimientos y debatir\u00e1n sobre las \u00faltimas tendencias en audiolog\u00eda\",\"breadcrumb\":{\"@id\":\"https:\\\/\\\/eurecat.org\\\/es\\\/calendario\\\/tendencias-en-audiologia-nuevos-metodos-de-diagnostico-rehabilitacion-y-uso-de-tecnologias-emergentes\\\/#breadcrumb\"},\"inLanguage\":\"es\",\"potentialAction\":[{\"@type\":\"ReadAction\",\"target\":[\"https:\\\/\\\/eurecat.org\\\/es\\\/calendario\\\/tendencias-en-audiologia-nuevos-metodos-de-diagnostico-rehabilitacion-y-uso-de-tecnologias-emergentes\\\/\"]}]},{\"@type\":\"ImageObject\",\"inLanguage\":\"es\",\"@id\":\"https:\\\/\\\/eurecat.org\\\/es\\\/calendario\\\/tendencias-en-audiologia-nuevos-metodos-de-diagnostico-rehabilitacion-y-uso-de-tecnologias-emergentes\\\/#primaryimage\",\"url\":\"https:\\\/\\\/eurecat.org\\\/wp-content\\\/uploads\\\/2024\\\/11\\\/GuestXR_Local_Stakeholder_Event_Audiology_CAT_web.jpg\",\"contentUrl\":\"https:\\\/\\\/eurecat.org\\\/wp-content\\\/uploads\\\/2024\\\/11\\\/GuestXR_Local_Stakeholder_Event_Audiology_CAT_web.jpg\",\"width\":750,\"height\":400},{\"@type\":\"BreadcrumbList\",\"@id\":\"https:\\\/\\\/eurecat.org\\\/es\\\/calendario\\\/tendencias-en-audiologia-nuevos-metodos-de-diagnostico-rehabilitacion-y-uso-de-tecnologias-emergentes\\\/#breadcrumb\",\"itemListElement\":[{\"@type\":\"ListItem\",\"position\":1,\"name\":\"Inici\",\"item\":\"https:\\\/\\\/eurecat.org\\\/es\\\/\"},{\"@type\":\"ListItem\",\"position\":2,\"name\":\"Eventos\",\"item\":\"https:\\\/\\\/eurecat.org\\\/es\\\/calendario\\\/\"},{\"@type\":\"ListItem\",\"position\":3,\"name\":\"Tendencias en audiolog\u00eda: Nuevos m\u00e9todos de diagn\u00f3stico, rehabilitaci\u00f3n y uso de tecnolog\u00edas emergentes\"}]},{\"@type\":\"WebSite\",\"@id\":\"https:\\\/\\\/eurecat.org\\\/es\\\/#website\",\"url\":\"https:\\\/\\\/eurecat.org\\\/es\\\/\",\"name\":\"Eurecat\",\"description\":\"Otro sitio realizado con WordPress\",\"potentialAction\":[{\"@type\":\"SearchAction\",\"target\":{\"@type\":\"EntryPoint\",\"urlTemplate\":\"https:\\\/\\\/eurecat.org\\\/es\\\/?s={search_term_string}\"},\"query-input\":{\"@type\":\"PropertyValueSpecification\",\"valueRequired\":true,\"valueName\":\"search_term_string\"}}],\"inLanguage\":\"es\"}]}<\/script>\n<!-- \/ Yoast SEO plugin. -->","yoast_head_json":{"title":"Tendencias en audiolog\u00eda: Nuevos m\u00e9todos de diagn\u00f3stico, rehabilitaci\u00f3n y uso de tecnolog\u00edas emergentes - Eurecat","description":"Investigadores y expertos presentar\u00e1n sus descubrimientos y debatir\u00e1n sobre las \u00faltimas tendencias en audiolog\u00eda","robots":{"index":"index","follow":"follow","max-snippet":"max-snippet:-1","max-image-preview":"max-image-preview:large","max-video-preview":"max-video-preview:-1"},"canonical":"https:\/\/eurecat.org\/es\/calendario\/tendencias-en-audiologia-nuevos-metodos-de-diagnostico-rehabilitacion-y-uso-de-tecnologias-emergentes\/","og_locale":"es_ES","og_type":"article","og_title":"Tendencias en audiolog\u00eda: Nuevos m\u00e9todos de diagn\u00f3stico, rehabilitaci\u00f3n y uso de tecnolog\u00edas emergentes - Eurecat","og_description":"Investigadores y expertos presentar\u00e1n sus descubrimientos y debatir\u00e1n sobre las \u00faltimas tendencias en audiolog\u00eda","og_url":"https:\/\/eurecat.org\/es\/calendario\/tendencias-en-audiologia-nuevos-metodos-de-diagnostico-rehabilitacion-y-uso-de-tecnologias-emergentes\/","og_site_name":"Eurecat","article_modified_time":"2024-11-19T08:22:03+00:00","og_image":[{"width":750,"height":400,"url":"https:\/\/eurecat.org\/wp-content\/uploads\/2024\/11\/GuestXR_Local_Stakeholder_Event_Audiology_web.jpg","type":"image\/jpeg"}],"twitter_card":"summary_large_image","twitter_misc":{"Tiempo de lectura":"1 minuto"},"schema":{"@context":"https:\/\/schema.org","@graph":[{"@type":"WebPage","@id":"https:\/\/eurecat.org\/es\/calendario\/tendencias-en-audiologia-nuevos-metodos-de-diagnostico-rehabilitacion-y-uso-de-tecnologias-emergentes\/","url":"https:\/\/eurecat.org\/es\/calendario\/tendencias-en-audiologia-nuevos-metodos-de-diagnostico-rehabilitacion-y-uso-de-tecnologias-emergentes\/","name":"Tendencias en audiolog\u00eda: Nuevos m\u00e9todos de diagn\u00f3stico, rehabilitaci\u00f3n y uso de tecnolog\u00edas emergentes - Eurecat","isPartOf":{"@id":"https:\/\/eurecat.org\/es\/#website"},"primaryImageOfPage":{"@id":"https:\/\/eurecat.org\/es\/calendario\/tendencias-en-audiologia-nuevos-metodos-de-diagnostico-rehabilitacion-y-uso-de-tecnologias-emergentes\/#primaryimage"},"image":{"@id":"https:\/\/eurecat.org\/es\/calendario\/tendencias-en-audiologia-nuevos-metodos-de-diagnostico-rehabilitacion-y-uso-de-tecnologias-emergentes\/#primaryimage"},"thumbnailUrl":"https:\/\/eurecat.org\/wp-content\/uploads\/2024\/11\/GuestXR_Local_Stakeholder_Event_Audiology_CAT_web.jpg","datePublished":"2024-11-19T08:18:00+00:00","dateModified":"2024-11-19T08:22:03+00:00","description":"Investigadores y expertos presentar\u00e1n sus descubrimientos y debatir\u00e1n sobre las \u00faltimas tendencias en audiolog\u00eda","breadcrumb":{"@id":"https:\/\/eurecat.org\/es\/calendario\/tendencias-en-audiologia-nuevos-metodos-de-diagnostico-rehabilitacion-y-uso-de-tecnologias-emergentes\/#breadcrumb"},"inLanguage":"es","potentialAction":[{"@type":"ReadAction","target":["https:\/\/eurecat.org\/es\/calendario\/tendencias-en-audiologia-nuevos-metodos-de-diagnostico-rehabilitacion-y-uso-de-tecnologias-emergentes\/"]}]},{"@type":"ImageObject","inLanguage":"es","@id":"https:\/\/eurecat.org\/es\/calendario\/tendencias-en-audiologia-nuevos-metodos-de-diagnostico-rehabilitacion-y-uso-de-tecnologias-emergentes\/#primaryimage","url":"https:\/\/eurecat.org\/wp-content\/uploads\/2024\/11\/GuestXR_Local_Stakeholder_Event_Audiology_CAT_web.jpg","contentUrl":"https:\/\/eurecat.org\/wp-content\/uploads\/2024\/11\/GuestXR_Local_Stakeholder_Event_Audiology_CAT_web.jpg","width":750,"height":400},{"@type":"BreadcrumbList","@id":"https:\/\/eurecat.org\/es\/calendario\/tendencias-en-audiologia-nuevos-metodos-de-diagnostico-rehabilitacion-y-uso-de-tecnologias-emergentes\/#breadcrumb","itemListElement":[{"@type":"ListItem","position":1,"name":"Inici","item":"https:\/\/eurecat.org\/es\/"},{"@type":"ListItem","position":2,"name":"Eventos","item":"https:\/\/eurecat.org\/es\/calendario\/"},{"@type":"ListItem","position":3,"name":"Tendencias en audiolog\u00eda: Nuevos m\u00e9todos de diagn\u00f3stico, rehabilitaci\u00f3n y uso de tecnolog\u00edas emergentes"}]},{"@type":"WebSite","@id":"https:\/\/eurecat.org\/es\/#website","url":"https:\/\/eurecat.org\/es\/","name":"Eurecat","description":"Otro sitio realizado con WordPress","potentialAction":[{"@type":"SearchAction","target":{"@type":"EntryPoint","urlTemplate":"https:\/\/eurecat.org\/es\/?s={search_term_string}"},"query-input":{"@type":"PropertyValueSpecification","valueRequired":true,"valueName":"search_term_string"}}],"inLanguage":"es"}]}},"_links":{"self":[{"href":"https:\/\/eurecat.org\/es\/wp-json\/wp\/v2\/mec-events\/163896","targetHints":{"allow":["GET"]}}],"collection":[{"href":"https:\/\/eurecat.org\/es\/wp-json\/wp\/v2\/mec-events"}],"about":[{"href":"https:\/\/eurecat.org\/es\/wp-json\/wp\/v2\/types\/mec-events"}],"author":[{"embeddable":true,"href":"https:\/\/eurecat.org\/es\/wp-json\/wp\/v2\/users\/20"}],"replies":[{"embeddable":true,"href":"https:\/\/eurecat.org\/es\/wp-json\/wp\/v2\/comments?post=163896"}],"wp:featuredmedia":[{"embeddable":true,"href":"https:\/\/eurecat.org\/es\/wp-json\/wp\/v2\/media\/163899"}],"wp:attachment":[{"href":"https:\/\/eurecat.org\/es\/wp-json\/wp\/v2\/media?parent=163896"}],"wp:term":[{"taxonomy":"post_tag","embeddable":true,"href":"https:\/\/eurecat.org\/es\/wp-json\/wp\/v2\/tags?post=163896"},{"taxonomy":"mec_category","embeddable":true,"href":"https:\/\/eurecat.org\/es\/wp-json\/wp\/v2\/mec_category?post=163896"}],"curies":[{"name":"wp","href":"https:\/\/api.w.org\/{rel}","templated":true}]}}