{"id":173205,"date":"2025-02-26T10:48:18","date_gmt":"2025-02-26T09:48:18","guid":{"rendered":"https:\/\/eurecat.org\/?post_type=mec-events&#038;p=173205"},"modified":"2025-02-26T10:51:17","modified_gmt":"2025-02-26T09:51:17","slug":"jornada-presencial-como-impulsar-la-innovacion-en-la-gestion-del-suelo-y-el-agua-subterranea","status":"publish","type":"mec-events","link":"https:\/\/eurecat.org\/es\/calendario\/jornada-presencial-como-impulsar-la-innovacion-en-la-gestion-del-suelo-y-el-agua-subterranea\/","title":{"rendered":"Jornada presencial  \u00ab\u00bfC\u00f3mo impulsar la innovaci\u00f3n en la gesti\u00f3n del suelo y el agua subterr\u00e1nea?\u00bb"},"content":{"rendered":"<div class=\"fusion-fullwidth fullwidth-box fusion-builder-row-1 fusion-flex-container has-pattern-background has-mask-background nonhundred-percent-fullwidth non-hundred-percent-height-scrolling\" style=\"--awb-border-radius-top-left:0px;--awb-border-radius-top-right:0px;--awb-border-radius-bottom-right:0px;--awb-border-radius-bottom-left:0px;--awb-flex-wrap:wrap;\" ><div class=\"fusion-builder-row fusion-row fusion-flex-align-items-flex-start fusion-flex-content-wrap\" style=\"max-width:1424.8px;margin-left: calc(-4% \/ 2 );margin-right: calc(-4% \/ 2 );\"><div class=\"fusion-layout-column fusion_builder_column fusion-builder-column-0 fusion_builder_column_1_1 1_1 fusion-flex-column\" style=\"--awb-bg-size:cover;--awb-width-large:100%;--awb-margin-top-large:0px;--awb-spacing-right-large:1.92%;--awb-margin-bottom-large:20px;--awb-spacing-left-large:1.92%;--awb-width-medium:100%;--awb-order-medium:0;--awb-spacing-right-medium:1.92%;--awb-spacing-left-medium:1.92%;--awb-width-small:100%;--awb-order-small:0;--awb-spacing-right-small:1.92%;--awb-spacing-left-small:1.92%;\"><div class=\"fusion-column-wrapper fusion-column-has-shadow fusion-flex-justify-content-flex-start fusion-content-layout-column\"><div class=\"fusion-text fusion-text-1\"><p><b>Eurecat\u00a0<\/b>con la colaboraci\u00f3n de la\u00a0<strong><a href=\"https:\/\/aca.gencat.cat\/ca\/inici\">Agencia Catalana del Agua<\/a>\u00a0(ACA),\u00a0\u00a0<\/strong>la\u00a0<strong><a href=\"https:\/\/residus.gencat.cat\/es\/inici\/index.html\">Agencia de Residuos de Catalu\u00f1a<\/a>\u00a0(ARC)<\/strong>,\u00a0el\u00a0<a href=\"https:\/\/www.cdti.es\/\"><strong>Centro para el Desarrollo Tecnol\u00f3gico y la Innovaci\u00f3n<\/strong><\/a>\u00a0(CDTI), el\u00a0<strong><a href=\"https:\/\/cwp.cat\/es\/incio\/\">Catalan Water Partnership<\/a>\u00a0(CWP<\/strong><strong>)\u00a0<\/strong>y el proyecto<strong>\u00a0<a href=\"https:\/\/life-source.se\/en\/start\/\">Life SOuRCE\u00a0<\/a><\/strong>\u00a0organizan la jornada \u00ab<strong>\u00bfC\u00f3mo impulsar la innovaci\u00f3n en la gesti\u00f3n del suelo y el agua subterr\u00e1nea?\u00bb,\u00a0<\/strong>que se celebrar\u00e1 el<strong>\u00a03 de abril,\u00a0<\/strong>en un formato\u00a0<strong>presencial,<\/strong>\u00a0en la Sala de Actos de la sede de\u00a0<strong>Eurecat en Manresa.<br \/>\n<\/strong><br \/>\nEn este acto se presentar\u00e1n las\u00a0<strong>l\u00edneas estrat\u00e9gicas de los planes de investigaci\u00f3n e innovaci\u00f3n que afectan el sector de la gesti\u00f3n del suelo y el agua subterr\u00e1nea, mostraremos ejemplos de proyectos innovadores que han permitido aumentar la competitividad empresarial de las empresas del sector, y tambi\u00e9n hablaremos de los instrumentos disponibles para impulsar la transferencia tecnol\u00f3gica.<\/strong><\/p>\n<\/div><div style=\"text-align:center;\"><a class=\"fusion-button button-flat fusion-button-default-size button-default fusion-button-default button-1 fusion-button-default-span fusion-button-default-type\" target=\"_blank\" rel=\"noopener noreferrer\" href=\"https:\/\/eurecat.org\/es\/servicios\/eurecatevents\/jornada-innovacion-gestion-suelo-agua-subterranea\/\"><span class=\"fusion-button-text awb-button__text awb-button__text--default\">Conoce el programa e inscr\u00edbete aqu\u00ed<\/span><\/a><\/div><\/div><\/div><\/div><\/div>\n","protected":false},"excerpt":{"rendered":"","protected":false},"author":20,"featured_media":173207,"comment_status":"open","ping_status":"closed","template":"","tags":[],"mec_category":[986,2231],"class_list":["post-173205","mec-events","type-mec-events","status-publish","has-post-thumbnail","hentry","mec_category-actos-cientificos-tecnologicos","mec_category-workshops-es"],"yoast_head":"<!-- This site is optimized with the Yoast SEO plugin v27.4 - https:\/\/yoast.com\/product\/yoast-seo-wordpress\/ -->\n<title>Jornada presencial \u00ab\u00bfC\u00f3mo impulsar la innovaci\u00f3n en la gesti\u00f3n del suelo y el agua subterr\u00e1nea?\u00bb - Eurecat<\/title>\n<meta name=\"description\" content=\"Conoce las l\u00edneas estrat\u00e9gicas de los planes de investigaci\u00f3n e innovaci\u00f3n que afectan el sector de la gesti\u00f3n del suelo y el agua subterr\u00e1nea\" \/>\n<meta name=\"robots\" content=\"index, follow, max-snippet:-1, max-image-preview:large, max-video-preview:-1\" \/>\n<link rel=\"canonical\" href=\"https:\/\/eurecat.org\/es\/calendario\/jornada-presencial-como-impulsar-la-innovacion-en-la-gestion-del-suelo-y-el-agua-subterranea\/\" \/>\n<meta property=\"og:locale\" content=\"es_ES\" \/>\n<meta property=\"og:type\" content=\"article\" \/>\n<meta property=\"og:title\" content=\"Jornada presencial \u00ab\u00bfC\u00f3mo impulsar la innovaci\u00f3n en la gesti\u00f3n del suelo y el agua subterr\u00e1nea?\u00bb - Eurecat\" \/>\n<meta property=\"og:description\" content=\"Conoce las l\u00edneas estrat\u00e9gicas de los planes de investigaci\u00f3n e innovaci\u00f3n que afectan el sector de la gesti\u00f3n del suelo y el agua subterr\u00e1nea\" \/>\n<meta property=\"og:url\" content=\"https:\/\/eurecat.org\/es\/calendario\/jornada-presencial-como-impulsar-la-innovacion-en-la-gestion-del-suelo-y-el-agua-subterranea\/\" \/>\n<meta property=\"og:site_name\" content=\"Eurecat\" \/>\n<meta property=\"article:modified_time\" content=\"2025-02-26T09:51:17+00:00\" \/>\n<meta property=\"og:image\" content=\"https:\/\/eurecat.org\/wp-content\/uploads\/2025\/02\/3abril_jornada-Agua-Subterranea.jpg\" \/>\n\t<meta property=\"og:image:width\" content=\"750\" \/>\n\t<meta property=\"og:image:height\" content=\"400\" \/>\n\t<meta property=\"og:image:type\" content=\"image\/jpeg\" \/>\n<meta name=\"twitter:card\" content=\"summary_large_image\" \/>\n<meta name=\"twitter:label1\" content=\"Tiempo de lectura\" \/>\n\t<meta name=\"twitter:data1\" content=\"1 minuto\" \/>\n<script type=\"application\/ld+json\" class=\"yoast-schema-graph\">{\"@context\":\"https:\\\/\\\/schema.org\",\"@graph\":[{\"@type\":\"WebPage\",\"@id\":\"https:\\\/\\\/eurecat.org\\\/es\\\/calendario\\\/jornada-presencial-como-impulsar-la-innovacion-en-la-gestion-del-suelo-y-el-agua-subterranea\\\/\",\"url\":\"https:\\\/\\\/eurecat.org\\\/es\\\/calendario\\\/jornada-presencial-como-impulsar-la-innovacion-en-la-gestion-del-suelo-y-el-agua-subterranea\\\/\",\"name\":\"Jornada presencial \u00ab\u00bfC\u00f3mo impulsar la innovaci\u00f3n en la gesti\u00f3n del suelo y el agua subterr\u00e1nea?\u00bb - Eurecat\",\"isPartOf\":{\"@id\":\"https:\\\/\\\/eurecat.org\\\/es\\\/#website\"},\"primaryImageOfPage\":{\"@id\":\"https:\\\/\\\/eurecat.org\\\/es\\\/calendario\\\/jornada-presencial-como-impulsar-la-innovacion-en-la-gestion-del-suelo-y-el-agua-subterranea\\\/#primaryimage\"},\"image\":{\"@id\":\"https:\\\/\\\/eurecat.org\\\/es\\\/calendario\\\/jornada-presencial-como-impulsar-la-innovacion-en-la-gestion-del-suelo-y-el-agua-subterranea\\\/#primaryimage\"},\"thumbnailUrl\":\"https:\\\/\\\/eurecat.org\\\/wp-content\\\/uploads\\\/2025\\\/02\\\/3abril_jornada-Agua-Subterranea.jpg\",\"datePublished\":\"2025-02-26T09:48:18+00:00\",\"dateModified\":\"2025-02-26T09:51:17+00:00\",\"description\":\"Conoce las l\u00edneas estrat\u00e9gicas de los planes de investigaci\u00f3n e innovaci\u00f3n que afectan el sector de la gesti\u00f3n del suelo y el agua subterr\u00e1nea\",\"breadcrumb\":{\"@id\":\"https:\\\/\\\/eurecat.org\\\/es\\\/calendario\\\/jornada-presencial-como-impulsar-la-innovacion-en-la-gestion-del-suelo-y-el-agua-subterranea\\\/#breadcrumb\"},\"inLanguage\":\"es\",\"potentialAction\":[{\"@type\":\"ReadAction\",\"target\":[\"https:\\\/\\\/eurecat.org\\\/es\\\/calendario\\\/jornada-presencial-como-impulsar-la-innovacion-en-la-gestion-del-suelo-y-el-agua-subterranea\\\/\"]}]},{\"@type\":\"ImageObject\",\"inLanguage\":\"es\",\"@id\":\"https:\\\/\\\/eurecat.org\\\/es\\\/calendario\\\/jornada-presencial-como-impulsar-la-innovacion-en-la-gestion-del-suelo-y-el-agua-subterranea\\\/#primaryimage\",\"url\":\"https:\\\/\\\/eurecat.org\\\/wp-content\\\/uploads\\\/2025\\\/02\\\/3abril_jornada-Agua-Subterranea.jpg\",\"contentUrl\":\"https:\\\/\\\/eurecat.org\\\/wp-content\\\/uploads\\\/2025\\\/02\\\/3abril_jornada-Agua-Subterranea.jpg\",\"width\":750,\"height\":400},{\"@type\":\"BreadcrumbList\",\"@id\":\"https:\\\/\\\/eurecat.org\\\/es\\\/calendario\\\/jornada-presencial-como-impulsar-la-innovacion-en-la-gestion-del-suelo-y-el-agua-subterranea\\\/#breadcrumb\",\"itemListElement\":[{\"@type\":\"ListItem\",\"position\":1,\"name\":\"Inici\",\"item\":\"https:\\\/\\\/eurecat.org\\\/es\\\/\"},{\"@type\":\"ListItem\",\"position\":2,\"name\":\"Eventos\",\"item\":\"https:\\\/\\\/eurecat.org\\\/es\\\/calendario\\\/\"},{\"@type\":\"ListItem\",\"position\":3,\"name\":\"Jornada presencial \u00ab\u00bfC\u00f3mo impulsar la innovaci\u00f3n en la gesti\u00f3n del suelo y el agua subterr\u00e1nea?\u00bb\"}]},{\"@type\":\"WebSite\",\"@id\":\"https:\\\/\\\/eurecat.org\\\/es\\\/#website\",\"url\":\"https:\\\/\\\/eurecat.org\\\/es\\\/\",\"name\":\"Eurecat\",\"description\":\"Otro sitio realizado con WordPress\",\"potentialAction\":[{\"@type\":\"SearchAction\",\"target\":{\"@type\":\"EntryPoint\",\"urlTemplate\":\"https:\\\/\\\/eurecat.org\\\/es\\\/?s={search_term_string}\"},\"query-input\":{\"@type\":\"PropertyValueSpecification\",\"valueRequired\":true,\"valueName\":\"search_term_string\"}}],\"inLanguage\":\"es\"}]}<\/script>\n<!-- \/ Yoast SEO plugin. -->","yoast_head_json":{"title":"Jornada presencial \u00ab\u00bfC\u00f3mo impulsar la innovaci\u00f3n en la gesti\u00f3n del suelo y el agua subterr\u00e1nea?\u00bb - Eurecat","description":"Conoce las l\u00edneas estrat\u00e9gicas de los planes de investigaci\u00f3n e innovaci\u00f3n que afectan el sector de la gesti\u00f3n del suelo y el agua subterr\u00e1nea","robots":{"index":"index","follow":"follow","max-snippet":"max-snippet:-1","max-image-preview":"max-image-preview:large","max-video-preview":"max-video-preview:-1"},"canonical":"https:\/\/eurecat.org\/es\/calendario\/jornada-presencial-como-impulsar-la-innovacion-en-la-gestion-del-suelo-y-el-agua-subterranea\/","og_locale":"es_ES","og_type":"article","og_title":"Jornada presencial \u00ab\u00bfC\u00f3mo impulsar la innovaci\u00f3n en la gesti\u00f3n del suelo y el agua subterr\u00e1nea?\u00bb - Eurecat","og_description":"Conoce las l\u00edneas estrat\u00e9gicas de los planes de investigaci\u00f3n e innovaci\u00f3n que afectan el sector de la gesti\u00f3n del suelo y el agua subterr\u00e1nea","og_url":"https:\/\/eurecat.org\/es\/calendario\/jornada-presencial-como-impulsar-la-innovacion-en-la-gestion-del-suelo-y-el-agua-subterranea\/","og_site_name":"Eurecat","article_modified_time":"2025-02-26T09:51:17+00:00","og_image":[{"width":750,"height":400,"url":"https:\/\/eurecat.org\/wp-content\/uploads\/2025\/02\/3abril_jornada-Agua-Subterranea.jpg","type":"image\/jpeg"}],"twitter_card":"summary_large_image","twitter_misc":{"Tiempo de lectura":"1 minuto"},"schema":{"@context":"https:\/\/schema.org","@graph":[{"@type":"WebPage","@id":"https:\/\/eurecat.org\/es\/calendario\/jornada-presencial-como-impulsar-la-innovacion-en-la-gestion-del-suelo-y-el-agua-subterranea\/","url":"https:\/\/eurecat.org\/es\/calendario\/jornada-presencial-como-impulsar-la-innovacion-en-la-gestion-del-suelo-y-el-agua-subterranea\/","name":"Jornada presencial \u00ab\u00bfC\u00f3mo impulsar la innovaci\u00f3n en la gesti\u00f3n del suelo y el agua subterr\u00e1nea?\u00bb - Eurecat","isPartOf":{"@id":"https:\/\/eurecat.org\/es\/#website"},"primaryImageOfPage":{"@id":"https:\/\/eurecat.org\/es\/calendario\/jornada-presencial-como-impulsar-la-innovacion-en-la-gestion-del-suelo-y-el-agua-subterranea\/#primaryimage"},"image":{"@id":"https:\/\/eurecat.org\/es\/calendario\/jornada-presencial-como-impulsar-la-innovacion-en-la-gestion-del-suelo-y-el-agua-subterranea\/#primaryimage"},"thumbnailUrl":"https:\/\/eurecat.org\/wp-content\/uploads\/2025\/02\/3abril_jornada-Agua-Subterranea.jpg","datePublished":"2025-02-26T09:48:18+00:00","dateModified":"2025-02-26T09:51:17+00:00","description":"Conoce las l\u00edneas estrat\u00e9gicas de los planes de investigaci\u00f3n e innovaci\u00f3n que afectan el sector de la gesti\u00f3n del suelo y el agua subterr\u00e1nea","breadcrumb":{"@id":"https:\/\/eurecat.org\/es\/calendario\/jornada-presencial-como-impulsar-la-innovacion-en-la-gestion-del-suelo-y-el-agua-subterranea\/#breadcrumb"},"inLanguage":"es","potentialAction":[{"@type":"ReadAction","target":["https:\/\/eurecat.org\/es\/calendario\/jornada-presencial-como-impulsar-la-innovacion-en-la-gestion-del-suelo-y-el-agua-subterranea\/"]}]},{"@type":"ImageObject","inLanguage":"es","@id":"https:\/\/eurecat.org\/es\/calendario\/jornada-presencial-como-impulsar-la-innovacion-en-la-gestion-del-suelo-y-el-agua-subterranea\/#primaryimage","url":"https:\/\/eurecat.org\/wp-content\/uploads\/2025\/02\/3abril_jornada-Agua-Subterranea.jpg","contentUrl":"https:\/\/eurecat.org\/wp-content\/uploads\/2025\/02\/3abril_jornada-Agua-Subterranea.jpg","width":750,"height":400},{"@type":"BreadcrumbList","@id":"https:\/\/eurecat.org\/es\/calendario\/jornada-presencial-como-impulsar-la-innovacion-en-la-gestion-del-suelo-y-el-agua-subterranea\/#breadcrumb","itemListElement":[{"@type":"ListItem","position":1,"name":"Inici","item":"https:\/\/eurecat.org\/es\/"},{"@type":"ListItem","position":2,"name":"Eventos","item":"https:\/\/eurecat.org\/es\/calendario\/"},{"@type":"ListItem","position":3,"name":"Jornada presencial \u00ab\u00bfC\u00f3mo impulsar la innovaci\u00f3n en la gesti\u00f3n del suelo y el agua subterr\u00e1nea?\u00bb"}]},{"@type":"WebSite","@id":"https:\/\/eurecat.org\/es\/#website","url":"https:\/\/eurecat.org\/es\/","name":"Eurecat","description":"Otro sitio realizado con WordPress","potentialAction":[{"@type":"SearchAction","target":{"@type":"EntryPoint","urlTemplate":"https:\/\/eurecat.org\/es\/?s={search_term_string}"},"query-input":{"@type":"PropertyValueSpecification","valueRequired":true,"valueName":"search_term_string"}}],"inLanguage":"es"}]}},"_links":{"self":[{"href":"https:\/\/eurecat.org\/es\/wp-json\/wp\/v2\/mec-events\/173205","targetHints":{"allow":["GET"]}}],"collection":[{"href":"https:\/\/eurecat.org\/es\/wp-json\/wp\/v2\/mec-events"}],"about":[{"href":"https:\/\/eurecat.org\/es\/wp-json\/wp\/v2\/types\/mec-events"}],"author":[{"embeddable":true,"href":"https:\/\/eurecat.org\/es\/wp-json\/wp\/v2\/users\/20"}],"replies":[{"embeddable":true,"href":"https:\/\/eurecat.org\/es\/wp-json\/wp\/v2\/comments?post=173205"}],"wp:featuredmedia":[{"embeddable":true,"href":"https:\/\/eurecat.org\/es\/wp-json\/wp\/v2\/media\/173207"}],"wp:attachment":[{"href":"https:\/\/eurecat.org\/es\/wp-json\/wp\/v2\/media?parent=173205"}],"wp:term":[{"taxonomy":"post_tag","embeddable":true,"href":"https:\/\/eurecat.org\/es\/wp-json\/wp\/v2\/tags?post=173205"},{"taxonomy":"mec_category","embeddable":true,"href":"https:\/\/eurecat.org\/es\/wp-json\/wp\/v2\/mec_category?post=173205"}],"curies":[{"name":"wp","href":"https:\/\/api.w.org\/{rel}","templated":true}]}}