{"id":174777,"date":"2025-03-18T09:09:21","date_gmt":"2025-03-18T08:09:21","guid":{"rendered":"https:\/\/eurecat.org\/?post_type=mec-events&#038;p=174777"},"modified":"2025-04-09T09:00:19","modified_gmt":"2025-04-09T07:00:19","slug":"advanced-factories-2025","status":"publish","type":"mec-events","link":"https:\/\/eurecat.org\/es\/calendario\/advanced-factories-2025\/","title":{"rendered":"Advanced Factories 2025"},"content":{"rendered":"<div class=\"fusion-fullwidth fullwidth-box fusion-builder-row-1 fusion-flex-container has-pattern-background has-mask-background nonhundred-percent-fullwidth non-hundred-percent-height-scrolling\" style=\"--awb-border-radius-top-left:0px;--awb-border-radius-top-right:0px;--awb-border-radius-bottom-right:0px;--awb-border-radius-bottom-left:0px;--awb-flex-wrap:wrap;\" ><div class=\"fusion-builder-row fusion-row fusion-flex-align-items-flex-start fusion-flex-content-wrap\" style=\"max-width:1424.8px;margin-left: calc(-4% \/ 2 );margin-right: calc(-4% \/ 2 );\"><div class=\"fusion-layout-column fusion_builder_column fusion-builder-column-0 fusion_builder_column_1_1 1_1 fusion-flex-column\" style=\"--awb-bg-size:cover;--awb-width-large:100%;--awb-margin-top-large:0px;--awb-spacing-right-large:1.92%;--awb-margin-bottom-large:20px;--awb-spacing-left-large:1.92%;--awb-width-medium:100%;--awb-order-medium:0;--awb-spacing-right-medium:1.92%;--awb-spacing-left-medium:1.92%;--awb-width-small:100%;--awb-order-small:0;--awb-spacing-right-small:1.92%;--awb-spacing-left-small:1.92%;\"><div class=\"fusion-column-wrapper fusion-column-has-shadow fusion-flex-justify-content-flex-start fusion-content-layout-column\"><div class=\"fusion-text fusion-text-1\"><p><strong>EURECAT<\/strong> ofrece a las empresas soluciones tecnol\u00f3gicas realizadas a medida de su especialidad y necesidades. Combinamos el conocimiento y las infraestructuras tecnol\u00f3gicas en el \u00e1mbito industrial, digital, biotecnol\u00f3gico y la sostenibilidad para abordar el reto de la productividad industrial limpia.<\/p>\n<p>En esta edici\u00f3n del Advanced Factories, Eurecat, <strong>Global Parner<\/strong> del evento, presentar\u00e1 innovaciones tecnol\u00f3gicas realizadas en colaboraci\u00f3n con industrias en nuestra casa en\u2026<\/p>\n<ul>\n<li><strong>Advanced Manufacturing<\/strong>: dise\u00f1o, mejora y optimizaci\u00f3n de procesos de manufactura tanto por materiales convencionales como nuevos materiales, y que mejoran la productividad sin perjudicar la sostenibilidad del entorno, como por ejemplo las impresoras multimaterial de nueva generaci\u00f3n.<\/li>\n<li><strong>Rob\u00f3tica cognitiva<\/strong>: nueva generaci\u00f3n de robots aplicados a la manufactura, la salud y la log\u00edstica, que incluyen sistemas m\u00f3viles inteligentes no tripulados, como por ejemplo el mayor drone por la carga y movimiento de objetos.<\/li>\n<li><strong>Digitalizaci\u00f3n industrial<\/strong>: captaci\u00f3n y anal\u00edtica de datos que mediante inteligencia artificial y gemelos digitales mejoran la productividad de la planta industrial, como por ejemplo el empaquetado autom\u00e1tico de productos\u00a0<em>(ControlPack)<\/em>.<\/li>\n<li><strong>Printed Electronics<\/strong>: incorporaci\u00f3n de electr\u00f3nica flexible e impresa a nuevos productos de forma libre y disruptiva.<\/li>\n<li><strong>Digital Manufacturing<\/strong>: tecnolog\u00eda \u00fanica en el mundo para la producci\u00f3n de piezas de gran tama\u00f1o met\u00e1licas, como por ejemplo de aplicaci\u00f3n a la aeron\u00e1utica.<\/li>\n<\/ul>\n<p>Durante los tres d\u00edas habr\u00e1 demostraciones pr\u00e1cticas en las que nuestros expertos compartir\u00e1n con todo el mundo la tecnolog\u00eda que hemos creado. Tambi\u00e9n podr\u00e1 conocer otras innovaciones a trav\u00e9s de las sesiones que <strong>EURECAT<\/strong> presentar\u00e1 en el <strong>Industry 4.0 Congress\u00a0<\/strong>(<em>Imprescindible VIP Premium pass):<\/em><\/p>\n<ul>\n<li>\n<div class=\"x_elementToProof\" data-olk-copy-source=\"MessageBody\"><strong><a href=\"https:\/\/www.advancedfactories.com\/en\/agenda-sessions\/experiencia-industrial-ia-para-la-optimizacion-de-produccion-20250408\/\" target=\"_blank\" rel=\"noopener\">8\/4 10:00h <em>Auditorium Amada<\/em>\u00a0&#8211; Joan Guash (Moderador) &#8211; \u00abExperiencia Industrial: IA para la optimizaci\u00f3n de producci\u00f3n\u00bb<\/a><\/strong><\/div>\n<\/li>\n<li><a href=\"https:\/\/www.advancedfactories.com\/agenda-sessions\/hacia-la-neutralidad-de-carbono-estrategias-para-la-electrificacion-y-la-economia-circular-en-automocion-20250408\/\"><strong>8\/4 10:30h <\/strong><\/a><strong><em><a href=\"https:\/\/www.advancedfactories.com\/agenda-sessions\/hacia-la-neutralidad-de-carbono-estrategias-para-la-electrificacion-y-la-economia-circular-en-automocion-20250408\/\">Auditorium<\/a><a href=\"https:\/\/www.advancedfactories.com\/agenda-sessions\/hacia-la-neutralidad-de-carbono-estrategias-para-la-electrificacion-y-la-economia-circular-en-automocion-20250408\/\"> Dassault Syst\u00e8ms<\/a><\/em> &#8211;\u00a0<a href=\"https:\/\/www.advancedfactories.com\/agenda-sessions\/hacia-la-neutralidad-de-carbono-estrategias-para-la-electrificacion-y-la-economia-circular-en-automocion-20250408\/\">Xavier Plant\u00e0, Director \u00c1rea Industrial Eurecat \u00ab<\/a><a href=\"https:\/\/www.advancedfactories.com\/agenda-sessions\/hacia-la-neutralidad-de-carbono-estrategias-para-la-electrificacion-y-la-economia-circular-en-automocion-20250408\/\">Hacia la Neutralidad de Carbono: Estrategias para la Electrificaci\u00f3n y la Econom\u00eda Circular en Automoci\u00f3n\u00bb<\/a><\/strong><\/li>\n<li><a href=\"https:\/\/www.advancedfactories.com\/en\/agenda-sessions\/enhancing-productivity-in-manufacturing-with-ai-big-data-digital-twins-and-robotics-20250408\/\" target=\"_blank\" rel=\"noopener\"><strong>8\/4 16:45h <em>Main Auditorium<\/em> &#8211; Xavier Domingo Director Unidad Inteligencia Artificial Aplicada &#8211; \u00abEnhancing productivity in manufacturing with AI, Big Data, Digital Twins and Robotics\u00bb<\/strong><\/a><\/li>\n<li><a href=\"https:\/\/www.advancedfactories.com\/en\/agenda-sessions\/quantum-computing-y-su-potencial-en-la-industria-20250409\/\" target=\"_blank\" rel=\"noopener\"><strong><span lang=\"EN-US\" data-olk-copy-source=\"MessageBody\">9\/4 13 h\u00a0 <em>Main Auditorium<\/em> \u2013 <\/span>Adan Garriga, Director Unidad Tecnolog\u00edas Multimedia \u201cQuantum Computing y su potencial en la industria\u201d<\/strong><\/a><\/li>\n<li><strong><a href=\"https:\/\/www.advancedfactories.com\/agenda-sessions\/captura-y-utilizacion-del-carbono-innovaciones-y-aplicaciones-20250409\/\">9\/4 13:15h\u00a0<\/a><em><a href=\"https:\/\/www.advancedfactories.com\/agenda-sessions\/captura-y-utilizacion-del-carbono-innovaciones-y-aplicaciones-20250409\/\">Auditorium<\/a><\/em><a href=\"https:\/\/www.advancedfactories.com\/agenda-sessions\/captura-y-utilizacion-del-carbono-innovaciones-y-aplicaciones-20250409\/\"><em> Amada<\/em><\/a>\u00a0\u2013\u00a0<a href=\"https:\/\/www.advancedfactories.com\/agenda-sessions\/captura-y-utilizacion-del-carbono-innovaciones-y-aplicaciones-20250409\/\">M\u00edriam Diaz de los Bernardos, PhD, Directora\u00a0<\/a><a href=\"https:\/\/www.advancedfactories.com\/agenda-sessions\/captura-y-utilizacion-del-carbono-innovaciones-y-aplicaciones-20250409\/\">Unidad<\/a>\u00a0<a href=\"https:\/\/www.advancedfactories.com\/agenda-sessions\/captura-y-utilizacion-del-carbono-innovaciones-y-aplicaciones-20250409\/\">Tecnolog\u00eda<\/a><a href=\"https:\/\/www.advancedfactories.com\/agenda-sessions\/captura-y-utilizacion-del-carbono-innovaciones-y-aplicaciones-20250409\/\">\u00a0Qu\u00edmica Eurecat\u00a0 \u201c<\/a><a href=\"https:\/\/www.advancedfactories.com\/agenda-sessions\/captura-y-utilizacion-del-carbono-innovaciones-y-aplicaciones-20250409\/\">Carbon Capture and Utilization: Innovations and Applications\u201d<\/a><\/strong><\/li>\n<li><strong><a href=\"https:\/\/www.advancedfactories.com\/agenda-sessions\/observatorio-de-la-competitividad-y-productividad-industrial-20250409\/\">9\/4 16:30 h\u00a0<\/a><em><a href=\"https:\/\/www.advancedfactories.com\/agenda-sessions\/observatorio-de-la-competitividad-y-productividad-industrial-20250409\/\">Main<\/a>\u00a0<\/em><a href=\"https:\/\/www.advancedfactories.com\/agenda-sessions\/observatorio-de-la-competitividad-y-productividad-industrial-20250409\/\"><em>Auditorium<\/em><\/a>\u00a0\u2013\u00a0<a href=\"https:\/\/www.advancedfactories.com\/agenda-sessions\/observatorio-de-la-competitividad-y-productividad-industrial-20250409\/\">Xavier L\u00f3pez, Director General Corporativo<\/a>\u00a0<a href=\"https:\/\/www.advancedfactories.com\/agenda-sessions\/observatorio-de-la-competitividad-y-productividad-industrial-20250409\/\">\u201cObservatorio de Productividad Industrial. C\u00edrculo de Econom\u00eda\u201d<\/a>.<\/strong><\/li>\n<li><a href=\"https:\/\/www.advancedfactories.com\/agenda-sessions\/experiencias-industriales-en-la-industria-metalmecanica-20250410\/\" target=\"_blank\" rel=\"noopener\"><strong>10\/4 10:15 h A<em>uditorium Amada &#8211; <span data-olk-copy-source=\"MessageBody\"> Xavier Plant\u00e0, Director \u00c1rea Industrial \u201cExperiencias industriales en la Industria Metalmec\u00e1nica\u201d<\/span><\/em><\/strong><\/a><\/li>\n<\/ul>\n<p><strong>Nuestro compromiso con la sostenibilidad del sector industrial es absoluto y por eso queremos que puedas venir a conocernos.<\/strong><\/p>\n<p>Nos encontrar\u00e1s en el <strong>HALL 4, estand D513<\/strong><\/p>\n<p><strong>Os invitamos a visitarnos a trav\u00e9s del siguiente enlace:<\/strong><\/p>\n<\/div><div style=\"text-align:center;\"><a class=\"fusion-button button-flat fusion-button-default-size button-default fusion-button-default button-1 fusion-button-default-span fusion-button-default-type\" target=\"_blank\" rel=\"noopener noreferrer\" href=\"https:\/\/advancedfactories.ticketsnebext.com\/advanced_factories_advanced_machine_tools_2025\/es\/register\/RegisterPage\/visitante?InvitationGuid=4A9FC660-A145-4DB0-A62E-22836E62918D\"><span class=\"fusion-button-text awb-button__text awb-button__text--default\">Consigue tu Business Pass<\/span><\/a><\/div><div class=\"fusion-text fusion-text-2\"><p>I tambi\u00e9n estaremos en el:<\/p>\n<ul>\n<li><a href=\"https:\/\/www.advancedfactories.com\/talent-marketplace\/\" target=\"_blank\" rel=\"noopener\"><span style=\"color: #662483;\"><strong>Talent Marketplace <em>Auditorium Amada<\/em> 10\/4 &#8211; 16:30h<\/strong> <\/span><\/a>&#8211; Tarde sesiones para atraer el inter\u00e9s de los j\u00f3venes hacia el sector industrial del metal. Con la colaboraci\u00f3n del departamento de Formaci\u00f3n de Eurecat.<\/li>\n<li><a href=\"https:\/\/www.packagingcluster.com\/events\/tour-tecnologic-a-advanced-factories\/\" target=\"_blank\" rel=\"noopener\"><span style=\"color: #662483;\"><strong>Tour Tecnol\u00f3gico &#8211; Cluster Packagin<\/strong><strong>g<\/strong><\/span><\/a> 9\/4<\/li>\n<li><a href=\"https:\/\/www.advancedfactories.com\/actividades\/raco-innovacio-by-ciac\/\" target=\"_blank\" rel=\"noopener\"><span style=\"color: #662483;\"><strong>Rinc\u00f3n de Innovaci\u00f3n by CIAC 8\/9 &#8211; 15h <em>Workshop Arena<\/em><\/strong><\/span><\/a> &#8211; Participaci\u00f3n de Eurecat con 2 proyectos (ISF; IA)<\/li>\n<li><a href=\"https:\/\/www.advancedfactories.com\/actividades\/open-innovation-arena-by-accio\/\" target=\"_blank\" rel=\"noopener\"><span style=\"color: #662483;\"><strong>En las actividades de ACCI\u00d3 con el Digital Innovation Hub de Catalunya (DIH4CAT)<\/strong><\/span><\/a>. Estand 4N38\n<ul>\n<li><strong>8\/4 &#8211; Tech Meeting<\/strong><\/li>\n<li><strong>9\/4 &#8211; <a href=\"https:\/\/www.advancedfactories.com\/actividades\/open-innovation-arena-by-accio\/\">Open Innovation Challenge Manufacturing<\/a><\/strong><\/li>\n<li><strong>10\/4 &#8211; <span data-olk-copy-source=\"MessageBody\">10:15 h Sostenibilidad Industrial &#8211; Xavier Domingo, Director Unidad Inteligencia Artificial Aplicada Eurecat \u201c Soluciones digitales para la econom\u00eda Circular, el cambio clim\u00e1tico y el reporting en sostenibilidad\u201d<\/span><\/strong><\/li>\n<\/ul>\n<\/li>\n<\/ul>\n<\/div><\/div><\/div><\/div><\/div>\n","protected":false},"excerpt":{"rendered":"","protected":false},"author":20,"featured_media":174776,"comment_status":"closed","ping_status":"closed","template":"","tags":[],"mec_category":[976,975],"class_list":["post-174777","mec-events","type-mec-events","status-publish","has-post-thumbnail","hentry","mec_category-congresos-organizados-por-eurecat-es","mec_category-fires-on-participa-eurecat"],"yoast_head":"<!-- This site is optimized with the Yoast SEO plugin v27.4 - https:\/\/yoast.com\/product\/yoast-seo-wordpress\/ -->\n<title>Advanced Factories 2025Advanced Factories 2025 - Eurecat<\/title>\n<meta name=\"description\" content=\"En esta edici\u00f3n presentaremos innovaciones tecnol\u00f3gicas realizadas en colaboraci\u00f3n con industrias en nuestra casa en\u2026\" \/>\n<meta name=\"robots\" content=\"index, follow, max-snippet:-1, max-image-preview:large, max-video-preview:-1\" \/>\n<link rel=\"canonical\" href=\"https:\/\/eurecat.org\/es\/calendario\/advanced-factories-2025\/\" \/>\n<meta property=\"og:locale\" content=\"es_ES\" \/>\n<meta property=\"og:type\" content=\"article\" \/>\n<meta property=\"og:title\" content=\"Advanced Factories 2025Advanced Factories 2025 - Eurecat\" \/>\n<meta property=\"og:description\" content=\"En esta edici\u00f3n presentaremos innovaciones tecnol\u00f3gicas realizadas en colaboraci\u00f3n con industrias en nuestra casa en\u2026\" \/>\n<meta property=\"og:url\" content=\"https:\/\/eurecat.org\/es\/calendario\/advanced-factories-2025\/\" \/>\n<meta property=\"og:site_name\" content=\"Eurecat\" \/>\n<meta property=\"article:modified_time\" content=\"2025-04-09T07:00:19+00:00\" \/>\n<meta property=\"og:image\" content=\"https:\/\/eurecat.org\/wp-content\/uploads\/2025\/03\/ADVANCED-FACTORIES-2025_web.jpg\" \/>\n\t<meta property=\"og:image:width\" content=\"750\" \/>\n\t<meta property=\"og:image:height\" content=\"400\" \/>\n\t<meta property=\"og:image:type\" content=\"image\/jpeg\" \/>\n<meta name=\"twitter:card\" content=\"summary_large_image\" \/>\n<meta name=\"twitter:label1\" content=\"Tiempo de lectura\" \/>\n\t<meta name=\"twitter:data1\" content=\"4 minutos\" \/>\n<script type=\"application\/ld+json\" class=\"yoast-schema-graph\">{\"@context\":\"https:\\\/\\\/schema.org\",\"@graph\":[{\"@type\":\"WebPage\",\"@id\":\"https:\\\/\\\/eurecat.org\\\/es\\\/calendario\\\/advanced-factories-2025\\\/\",\"url\":\"https:\\\/\\\/eurecat.org\\\/es\\\/calendario\\\/advanced-factories-2025\\\/\",\"name\":\"Advanced Factories 2025Advanced Factories 2025 - Eurecat\",\"isPartOf\":{\"@id\":\"https:\\\/\\\/eurecat.org\\\/es\\\/#website\"},\"primaryImageOfPage\":{\"@id\":\"https:\\\/\\\/eurecat.org\\\/es\\\/calendario\\\/advanced-factories-2025\\\/#primaryimage\"},\"image\":{\"@id\":\"https:\\\/\\\/eurecat.org\\\/es\\\/calendario\\\/advanced-factories-2025\\\/#primaryimage\"},\"thumbnailUrl\":\"https:\\\/\\\/eurecat.org\\\/wp-content\\\/uploads\\\/2025\\\/03\\\/ADVANCED-FACTORIES-2025_web.jpg\",\"datePublished\":\"2025-03-18T08:09:21+00:00\",\"dateModified\":\"2025-04-09T07:00:19+00:00\",\"description\":\"En esta edici\u00f3n presentaremos innovaciones tecnol\u00f3gicas realizadas en colaboraci\u00f3n con industrias en nuestra casa en\u2026\",\"breadcrumb\":{\"@id\":\"https:\\\/\\\/eurecat.org\\\/es\\\/calendario\\\/advanced-factories-2025\\\/#breadcrumb\"},\"inLanguage\":\"es\",\"potentialAction\":[{\"@type\":\"ReadAction\",\"target\":[\"https:\\\/\\\/eurecat.org\\\/es\\\/calendario\\\/advanced-factories-2025\\\/\"]}]},{\"@type\":\"ImageObject\",\"inLanguage\":\"es\",\"@id\":\"https:\\\/\\\/eurecat.org\\\/es\\\/calendario\\\/advanced-factories-2025\\\/#primaryimage\",\"url\":\"https:\\\/\\\/eurecat.org\\\/wp-content\\\/uploads\\\/2025\\\/03\\\/ADVANCED-FACTORIES-2025_web.jpg\",\"contentUrl\":\"https:\\\/\\\/eurecat.org\\\/wp-content\\\/uploads\\\/2025\\\/03\\\/ADVANCED-FACTORIES-2025_web.jpg\",\"width\":750,\"height\":400},{\"@type\":\"BreadcrumbList\",\"@id\":\"https:\\\/\\\/eurecat.org\\\/es\\\/calendario\\\/advanced-factories-2025\\\/#breadcrumb\",\"itemListElement\":[{\"@type\":\"ListItem\",\"position\":1,\"name\":\"Inici\",\"item\":\"https:\\\/\\\/eurecat.org\\\/es\\\/\"},{\"@type\":\"ListItem\",\"position\":2,\"name\":\"Eventos\",\"item\":\"https:\\\/\\\/eurecat.org\\\/es\\\/calendario\\\/\"},{\"@type\":\"ListItem\",\"position\":3,\"name\":\"Advanced Factories 2025\"}]},{\"@type\":\"WebSite\",\"@id\":\"https:\\\/\\\/eurecat.org\\\/es\\\/#website\",\"url\":\"https:\\\/\\\/eurecat.org\\\/es\\\/\",\"name\":\"Eurecat\",\"description\":\"Otro sitio realizado con WordPress\",\"potentialAction\":[{\"@type\":\"SearchAction\",\"target\":{\"@type\":\"EntryPoint\",\"urlTemplate\":\"https:\\\/\\\/eurecat.org\\\/es\\\/?s={search_term_string}\"},\"query-input\":{\"@type\":\"PropertyValueSpecification\",\"valueRequired\":true,\"valueName\":\"search_term_string\"}}],\"inLanguage\":\"es\"}]}<\/script>\n<!-- \/ Yoast SEO plugin. -->","yoast_head_json":{"title":"Advanced Factories 2025Advanced Factories 2025 - Eurecat","description":"En esta edici\u00f3n presentaremos innovaciones tecnol\u00f3gicas realizadas en colaboraci\u00f3n con industrias en nuestra casa en\u2026","robots":{"index":"index","follow":"follow","max-snippet":"max-snippet:-1","max-image-preview":"max-image-preview:large","max-video-preview":"max-video-preview:-1"},"canonical":"https:\/\/eurecat.org\/es\/calendario\/advanced-factories-2025\/","og_locale":"es_ES","og_type":"article","og_title":"Advanced Factories 2025Advanced Factories 2025 - Eurecat","og_description":"En esta edici\u00f3n presentaremos innovaciones tecnol\u00f3gicas realizadas en colaboraci\u00f3n con industrias en nuestra casa en\u2026","og_url":"https:\/\/eurecat.org\/es\/calendario\/advanced-factories-2025\/","og_site_name":"Eurecat","article_modified_time":"2025-04-09T07:00:19+00:00","og_image":[{"width":750,"height":400,"url":"https:\/\/eurecat.org\/wp-content\/uploads\/2025\/03\/ADVANCED-FACTORIES-2025_web.jpg","type":"image\/jpeg"}],"twitter_card":"summary_large_image","twitter_misc":{"Tiempo de lectura":"4 minutos"},"schema":{"@context":"https:\/\/schema.org","@graph":[{"@type":"WebPage","@id":"https:\/\/eurecat.org\/es\/calendario\/advanced-factories-2025\/","url":"https:\/\/eurecat.org\/es\/calendario\/advanced-factories-2025\/","name":"Advanced Factories 2025Advanced Factories 2025 - Eurecat","isPartOf":{"@id":"https:\/\/eurecat.org\/es\/#website"},"primaryImageOfPage":{"@id":"https:\/\/eurecat.org\/es\/calendario\/advanced-factories-2025\/#primaryimage"},"image":{"@id":"https:\/\/eurecat.org\/es\/calendario\/advanced-factories-2025\/#primaryimage"},"thumbnailUrl":"https:\/\/eurecat.org\/wp-content\/uploads\/2025\/03\/ADVANCED-FACTORIES-2025_web.jpg","datePublished":"2025-03-18T08:09:21+00:00","dateModified":"2025-04-09T07:00:19+00:00","description":"En esta edici\u00f3n presentaremos innovaciones tecnol\u00f3gicas realizadas en colaboraci\u00f3n con industrias en nuestra casa en\u2026","breadcrumb":{"@id":"https:\/\/eurecat.org\/es\/calendario\/advanced-factories-2025\/#breadcrumb"},"inLanguage":"es","potentialAction":[{"@type":"ReadAction","target":["https:\/\/eurecat.org\/es\/calendario\/advanced-factories-2025\/"]}]},{"@type":"ImageObject","inLanguage":"es","@id":"https:\/\/eurecat.org\/es\/calendario\/advanced-factories-2025\/#primaryimage","url":"https:\/\/eurecat.org\/wp-content\/uploads\/2025\/03\/ADVANCED-FACTORIES-2025_web.jpg","contentUrl":"https:\/\/eurecat.org\/wp-content\/uploads\/2025\/03\/ADVANCED-FACTORIES-2025_web.jpg","width":750,"height":400},{"@type":"BreadcrumbList","@id":"https:\/\/eurecat.org\/es\/calendario\/advanced-factories-2025\/#breadcrumb","itemListElement":[{"@type":"ListItem","position":1,"name":"Inici","item":"https:\/\/eurecat.org\/es\/"},{"@type":"ListItem","position":2,"name":"Eventos","item":"https:\/\/eurecat.org\/es\/calendario\/"},{"@type":"ListItem","position":3,"name":"Advanced Factories 2025"}]},{"@type":"WebSite","@id":"https:\/\/eurecat.org\/es\/#website","url":"https:\/\/eurecat.org\/es\/","name":"Eurecat","description":"Otro sitio realizado con WordPress","potentialAction":[{"@type":"SearchAction","target":{"@type":"EntryPoint","urlTemplate":"https:\/\/eurecat.org\/es\/?s={search_term_string}"},"query-input":{"@type":"PropertyValueSpecification","valueRequired":true,"valueName":"search_term_string"}}],"inLanguage":"es"}]}},"_links":{"self":[{"href":"https:\/\/eurecat.org\/es\/wp-json\/wp\/v2\/mec-events\/174777","targetHints":{"allow":["GET"]}}],"collection":[{"href":"https:\/\/eurecat.org\/es\/wp-json\/wp\/v2\/mec-events"}],"about":[{"href":"https:\/\/eurecat.org\/es\/wp-json\/wp\/v2\/types\/mec-events"}],"author":[{"embeddable":true,"href":"https:\/\/eurecat.org\/es\/wp-json\/wp\/v2\/users\/20"}],"replies":[{"embeddable":true,"href":"https:\/\/eurecat.org\/es\/wp-json\/wp\/v2\/comments?post=174777"}],"wp:featuredmedia":[{"embeddable":true,"href":"https:\/\/eurecat.org\/es\/wp-json\/wp\/v2\/media\/174776"}],"wp:attachment":[{"href":"https:\/\/eurecat.org\/es\/wp-json\/wp\/v2\/media?parent=174777"}],"wp:term":[{"taxonomy":"post_tag","embeddable":true,"href":"https:\/\/eurecat.org\/es\/wp-json\/wp\/v2\/tags?post=174777"},{"taxonomy":"mec_category","embeddable":true,"href":"https:\/\/eurecat.org\/es\/wp-json\/wp\/v2\/mec_category?post=174777"}],"curies":[{"name":"wp","href":"https:\/\/api.w.org\/{rel}","templated":true}]}}