{"id":177649,"date":"2025-04-16T17:02:50","date_gmt":"2025-04-16T15:02:50","guid":{"rendered":"https:\/\/eurecat.org\/calendar\/jornada-presencial-presentacion-madrid\/"},"modified":"2025-06-02T12:24:03","modified_gmt":"2025-06-02T10:24:03","slug":"jornada-presencial-presentacion-madrid","status":"publish","type":"mec-events","link":"https:\/\/eurecat.org\/es\/calendario\/jornada-presencial-presentacion-madrid\/","title":{"rendered":"Acto de Presentaci\u00f3n Eurecat Madrid"},"content":{"rendered":"<div class=\"fusion-fullwidth fullwidth-box fusion-builder-row-1 fusion-flex-container has-pattern-background has-mask-background nonhundred-percent-fullwidth non-hundred-percent-height-scrolling\" style=\"--awb-border-radius-top-left:0px;--awb-border-radius-top-right:0px;--awb-border-radius-bottom-right:0px;--awb-border-radius-bottom-left:0px;--awb-flex-wrap:wrap;\" ><div class=\"fusion-builder-row fusion-row fusion-flex-align-items-flex-start fusion-flex-content-wrap\" style=\"max-width:1424.8px;margin-left: calc(-4% \/ 2 );margin-right: calc(-4% \/ 2 );\"><div class=\"fusion-layout-column fusion_builder_column fusion-builder-column-0 fusion_builder_column_1_1 1_1 fusion-flex-column\" style=\"--awb-bg-size:cover;--awb-width-large:100%;--awb-margin-top-large:0px;--awb-spacing-right-large:1.92%;--awb-margin-bottom-large:20px;--awb-spacing-left-large:1.92%;--awb-width-medium:100%;--awb-order-medium:0;--awb-spacing-right-medium:1.92%;--awb-spacing-left-medium:1.92%;--awb-width-small:100%;--awb-order-small:0;--awb-spacing-right-small:1.92%;--awb-spacing-left-small:1.92%;\"><div class=\"fusion-column-wrapper fusion-column-has-shadow fusion-flex-justify-content-flex-start fusion-content-layout-column\"><div class=\"fusion-text fusion-text-1\" style=\"--awb-content-alignment:justify;\"><h5>Por la presente nos es grato invitarle al acto\u00a0de presentaci\u00f3n de Eurecat Madrid, que\u00a0<strong>convoca a todo el ecosistema empresarial y de ciencia, tecnolog\u00eda e innovaci\u00f3n de Madrid.<\/strong><\/h5>\n<h5>Eurecat es un centro tecnol\u00f3gico que aporta\u00a0<strong>soluciones basadas en la innovaci\u00f3n tecnol\u00f3gica a los grandes retos<\/strong>\u00a0industriales y sociales y al desarrollo sostenible del territorio, aplicando tecnolog\u00edas complementarias y trabajando de forma articulada con el ecosistema, con las administraciones y las empresas, y con otros agentes de innovaci\u00f3n.<\/h5>\n<h5><strong>Este mes, cumplimos 10 a\u00f1os<\/strong>. Una d\u00e9cada llena de retos, aprendizajes, colaboraci\u00f3n e impacto positivo en las empresas y en la sociedad que nos ha consolidado como una de las mayores organizaciones de investigaci\u00f3n aplicada y transferencia tecnol\u00f3gica del sur de Europa.<\/h5>\n<h5>Acomp\u00e1\u00f1enos en esta jornada en la que, adem\u00e1s de celebrar nuestra trayectoria, presentamos la expansi\u00f3n del centro tecnol\u00f3gico y nuestras soluciones al tejido empresarial de la capital.<\/h5>\n<h5><span data-contrast=\"none\">Al finalizar, se servir\u00e1 un cocktail-networking.<\/span><span data-ccp-props=\"{\">\u00a0<\/span><\/h5>\n<h5><strong><span style=\"color: #800080;\">Idioma de la presentaci\u00f3n: Castellano.<\/span><\/strong><br \/>\n<em>*Jornada exclusivamente presencial.<\/em><\/h5>\n<\/div><div class=\"fusion-separator fusion-full-width-sep\" style=\"align-self: center;margin-left: auto;margin-right: auto;width:100%;\"><\/div><div style=\"text-align:center;\"><a class=\"fusion-button button-flat button-xlarge button-default fusion-button-default button-1 fusion-button-default-span fusion-button-default-type\" style=\"--button-border-radius-top-left:10px;--button-border-radius-top-right:10px;--button-border-radius-bottom-right:10px;--button-border-radius-bottom-left:10px;\" target=\"_blank\" rel=\"noopener noreferrer\" href=\"https:\/\/www.flickr.com\/photos\/eurecat\/albums\/72177720326556327\/\"><span class=\"fusion-button-text awb-button__text awb-button__text--default\">VISUALIZA LAS FOTOGRAF\u00cdAS<\/span><\/a><\/div><div class=\"fusion-separator fusion-full-width-sep\" style=\"align-self: center;margin-left: auto;margin-right: auto;width:100%;\"><\/div><\/div><\/div><\/div><\/div><div class=\"fusion-fullwidth fullwidth-box fusion-builder-row-2 fusion-flex-container has-pattern-background has-mask-background nonhundred-percent-fullwidth non-hundred-percent-height-scrolling\" style=\"--awb-border-radius-top-left:0px;--awb-border-radius-top-right:0px;--awb-border-radius-bottom-right:0px;--awb-border-radius-bottom-left:0px;--awb-flex-wrap:wrap;\" ><div class=\"fusion-builder-row fusion-row fusion-flex-align-items-flex-start fusion-flex-content-wrap\" style=\"max-width:1424.8px;margin-left: calc(-4% \/ 2 );margin-right: calc(-4% \/ 2 );\"><div class=\"fusion-layout-column fusion_builder_column fusion-builder-column-1 fusion_builder_column_1_1 1_1 fusion-flex-column\" style=\"--awb-bg-color:#6f268b;--awb-bg-color-hover:#6f268b;--awb-bg-image:linear-gradient(314deg, #6f268b 52%,#0499dd 100%);--awb-bg-size:cover;--awb-width-large:100%;--awb-margin-top-large:0px;--awb-spacing-right-large:1.92%;--awb-margin-bottom-large:20px;--awb-spacing-left-large:1.92%;--awb-width-medium:100%;--awb-order-medium:0;--awb-spacing-right-medium:1.92%;--awb-spacing-left-medium:1.92%;--awb-width-small:100%;--awb-order-small:0;--awb-spacing-right-small:1.92%;--awb-spacing-left-small:1.92%;\" data-scroll-devices=\"small-visibility,medium-visibility,large-visibility\"><div class=\"fusion-column-wrapper fusion-column-has-shadow fusion-flex-justify-content-flex-start fusion-content-layout-column\"><div class=\"fusion-separator\" style=\"align-self: center;margin-left: auto;margin-right: auto;flex-grow:10;margin-top:15px;width:100%;max-width:10px;\"><\/div><div class=\"fusion-title title fusion-title-1 fusion-sep-none fusion-title-text fusion-title-size-two\" style=\"--awb-text-color:#ffffff;--awb-margin-top:10px;--awb-margin-top-small:0px;--awb-margin-right-small:0px;--awb-margin-bottom-small:20px;--awb-margin-left-small:0px;\"><h2 class=\"fusion-title-heading title-heading-left\" style=\"margin:0;\"><h2 style=\"text-align: center;\"><span style=\"color: #ffffff;\"><strong>PROGRAMA<\/strong><\/span><\/h2><\/h2><\/div><\/div><\/div><\/div><\/div><div class=\"fusion-fullwidth fullwidth-box fusion-builder-row-3 fusion-flex-container has-pattern-background has-mask-background nonhundred-percent-fullwidth non-hundred-percent-height-scrolling\" style=\"--awb-border-radius-top-left:0px;--awb-border-radius-top-right:0px;--awb-border-radius-bottom-right:0px;--awb-border-radius-bottom-left:0px;--awb-flex-wrap:wrap;\" ><div class=\"fusion-builder-row fusion-row fusion-flex-align-items-flex-start fusion-flex-content-wrap\" style=\"max-width:1424.8px;margin-left: calc(-4% \/ 2 );margin-right: calc(-4% \/ 2 );\"><div class=\"fusion-layout-column fusion_builder_column fusion-builder-column-2 fusion_builder_column_1_1 1_1 fusion-flex-column\" style=\"--awb-bg-size:cover;--awb-border-color:#6f268b;--awb-border-left:2px;--awb-border-style:solid;--awb-width-large:100%;--awb-margin-top-large:0px;--awb-spacing-right-large:1.92%;--awb-margin-bottom-large:20px;--awb-spacing-left-large:1.92%;--awb-width-medium:100%;--awb-order-medium:0;--awb-spacing-right-medium:1.92%;--awb-spacing-left-medium:1.92%;--awb-width-small:100%;--awb-order-small:0;--awb-spacing-right-small:1.92%;--awb-spacing-left-small:1.92%;\" data-scroll-devices=\"small-visibility,medium-visibility,large-visibility\"><div class=\"fusion-column-wrapper fusion-column-has-shadow fusion-flex-justify-content-flex-start fusion-content-layout-column\"><div class=\"fusion-text fusion-text-2\" style=\"--awb-content-alignment:justify;\"><h5 style=\"padding-left: 40px;\">Esta jornada se centrar\u00e1 en la\u00a0<strong>disrupci\u00f3n de la Inteligencia Artificial y la Rob\u00f3tica<\/strong>, destac\u00e1ndolas como motores clave para el avance de la innovaci\u00f3n industrial, la sostenibilidad y de la salud.<\/h5>\n<\/div><div class=\"fusion-builder-row fusion-builder-row-inner fusion-row fusion-flex-align-items-flex-start fusion-flex-content-wrap\" style=\"--awb-flex-grow:0;--awb-flex-grow-medium:0;--awb-flex-grow-small:0;--awb-flex-shrink:0;--awb-flex-shrink-medium:0;--awb-flex-shrink-small:0;width:104% !important;max-width:104% !important;margin-left: calc(-4% \/ 2 );margin-right: calc(-4% \/ 2 );\"><div class=\"fusion-layout-column fusion_builder_column_inner fusion-builder-nested-column-0 fusion_builder_column_inner_1_5 1_5 fusion-flex-column\" style=\"--awb-bg-size:cover;--awb-width-large:20%;--awb-margin-top-large:0px;--awb-spacing-right-large:9.6%;--awb-margin-bottom-large:20px;--awb-spacing-left-large:9.6%;--awb-width-medium:100%;--awb-order-medium:0;--awb-spacing-right-medium:1.92%;--awb-spacing-left-medium:1.92%;--awb-width-small:100%;--awb-order-small:0;--awb-spacing-right-small:1.92%;--awb-spacing-left-small:1.92%;\"><div class=\"fusion-column-wrapper fusion-column-has-shadow fusion-flex-justify-content-flex-start fusion-content-layout-column\"><div class=\"fusion-text fusion-text-3\"><h5 style=\"text-align: center;\"><strong>10:00 h\u00a0<\/strong><\/h5>\n<\/div><\/div><\/div><div class=\"fusion-layout-column fusion_builder_column_inner fusion-builder-nested-column-1 fusion_builder_column_inner_4_5 4_5 fusion-flex-column\" style=\"--awb-bg-size:cover;--awb-width-large:80%;--awb-margin-top-large:0px;--awb-spacing-right-large:2.4%;--awb-margin-bottom-large:20px;--awb-spacing-left-large:2.4%;--awb-width-medium:100%;--awb-order-medium:0;--awb-spacing-right-medium:1.92%;--awb-spacing-left-medium:1.92%;--awb-width-small:100%;--awb-order-small:0;--awb-spacing-right-small:1.92%;--awb-spacing-left-small:1.92%;\" data-scroll-devices=\"small-visibility,medium-visibility,large-visibility\"><div class=\"fusion-column-wrapper fusion-column-has-shadow fusion-flex-justify-content-flex-start fusion-content-layout-column\"><div class=\"fusion-text fusion-text-4\"><h5><span style=\"color: #800080;\"><strong><span class=\"TextRun SCXW265479400 BCX0\" lang=\"ES-ES\" xml:lang=\"ES-ES\" data-contrast=\"auto\"><span class=\"NormalTextRun SCXW265479400 BCX0\">Recepci\u00f3n de asistentes y caf\u00e9 de bienvenida<\/span><\/span><\/strong><\/span><\/h5>\n<p><strong>Conduce el acto:<br \/>\n<\/strong><span style=\"color: #333333;\"><strong><span class=\"TextRun SCXW265479400 BCX0\" lang=\"ES-ES\" xml:lang=\"ES-ES\" data-contrast=\"auto\"><span class=\"NormalTextRun SCXW265479400 BCX0\">Samuel Rodr\u00edguez,\u00a0<\/span><\/span><\/strong><span class=\"TextRun SCXW265479400 BCX0\" lang=\"ES-ES\" xml:lang=\"ES-ES\" data-contrast=\"auto\"><span class=\"NormalTextRun SCXW265479400 BCX0\">Director Delegaci\u00f3n Madrid de <strong>Eurecat<\/strong><\/span><\/span><\/span><\/p>\n<\/div><\/div><\/div><\/div><div class=\"fusion-builder-row fusion-builder-row-inner fusion-row fusion-flex-align-items-flex-start fusion-flex-content-wrap\" style=\"--awb-flex-grow:0;--awb-flex-grow-medium:0;--awb-flex-grow-small:0;--awb-flex-shrink:0;--awb-flex-shrink-medium:0;--awb-flex-shrink-small:0;width:104% !important;max-width:104% !important;margin-left: calc(-4% \/ 2 );margin-right: calc(-4% \/ 2 );\"><div class=\"fusion-layout-column fusion_builder_column_inner fusion-builder-nested-column-2 fusion_builder_column_inner_1_5 1_5 fusion-flex-column\" style=\"--awb-bg-size:cover;--awb-width-large:20%;--awb-margin-top-large:0px;--awb-spacing-right-large:9.6%;--awb-margin-bottom-large:20px;--awb-spacing-left-large:9.6%;--awb-width-medium:100%;--awb-order-medium:0;--awb-spacing-right-medium:1.92%;--awb-spacing-left-medium:1.92%;--awb-width-small:100%;--awb-order-small:0;--awb-spacing-right-small:1.92%;--awb-spacing-left-small:1.92%;\"><div class=\"fusion-column-wrapper fusion-column-has-shadow fusion-flex-justify-content-flex-start fusion-content-layout-column\"><div class=\"fusion-text fusion-text-5\"><h5 style=\"text-align: center;\"><strong>10:30 h\u00a0<\/strong><\/h5>\n<\/div><\/div><\/div><div class=\"fusion-layout-column fusion_builder_column_inner fusion-builder-nested-column-3 fusion_builder_column_inner_4_5 4_5 fusion-flex-column\" style=\"--awb-bg-size:cover;--awb-width-large:80%;--awb-margin-top-large:0px;--awb-spacing-right-large:2.4%;--awb-margin-bottom-large:20px;--awb-spacing-left-large:2.4%;--awb-width-medium:100%;--awb-order-medium:0;--awb-spacing-right-medium:1.92%;--awb-spacing-left-medium:1.92%;--awb-width-small:100%;--awb-order-small:0;--awb-spacing-right-small:1.92%;--awb-spacing-left-small:1.92%;\" data-scroll-devices=\"small-visibility,medium-visibility,large-visibility\"><div class=\"fusion-column-wrapper fusion-column-has-shadow fusion-flex-justify-content-flex-start fusion-content-layout-column\"><div class=\"fusion-text fusion-text-6\"><h5><strong>Apertura Institucional<\/strong><\/h5>\n<p><span style=\"color: #333333;\"><strong><span class=\"TextRun SCXW137542334 BCX0\" lang=\"ES-ES\" xml:lang=\"ES-ES\" data-contrast=\"auto\"><span class=\"NormalTextRun SCXW137542334 BCX0\">Daniel <\/span><span class=\"NormalTextRun SpellingErrorV2Themed SCXW137542334 BCX0\">Altimiras<\/span><\/span><\/strong><span class=\"TextRun SCXW137542334 BCX0\" lang=\"ES-ES\" xml:lang=\"ES-ES\" data-contrast=\"auto\"><span class=\"NormalTextRun SCXW137542334 BCX0\">, <\/span><span class=\"NormalTextRun ContextualSpellingAndGrammarErrorV2Themed SCXW137542334 BCX0\">Presidente<\/span><span class=\"NormalTextRun SCXW137542334 BCX0\"> de <\/span><strong><span class=\"NormalTextRun SpellingErrorV2Themed SCXW137542334 BCX0\">Eurecat<\/span><\/strong><\/span><span class=\"TextRun SCXW137542334 BCX0\" lang=\"ES-ES\" xml:lang=\"ES-ES\" data-contrast=\"auto\"><span class=\"NormalTextRun SCXW137542334 BCX0\"><br \/>\n<strong>Teresa Riesgo,<\/strong> Secretaria General de Innovaci\u00f3n del <strong>Ministerio de Ciencia, Innovaci\u00f3n y Universidades<\/strong><br \/>\n<\/span><\/span><\/span><\/p>\n<\/div><\/div><\/div><\/div><div class=\"fusion-builder-row fusion-builder-row-inner fusion-row fusion-flex-align-items-flex-start fusion-flex-content-wrap\" style=\"--awb-flex-grow:0;--awb-flex-grow-medium:0;--awb-flex-grow-small:0;--awb-flex-shrink:0;--awb-flex-shrink-medium:0;--awb-flex-shrink-small:0;width:104% !important;max-width:104% !important;margin-left: calc(-4% \/ 2 );margin-right: calc(-4% \/ 2 );\"><div class=\"fusion-layout-column fusion_builder_column_inner fusion-builder-nested-column-4 fusion_builder_column_inner_1_5 1_5 fusion-flex-column\" style=\"--awb-bg-size:cover;--awb-width-large:20%;--awb-margin-top-large:0px;--awb-spacing-right-large:9.6%;--awb-margin-bottom-large:20px;--awb-spacing-left-large:9.6%;--awb-width-medium:100%;--awb-order-medium:0;--awb-spacing-right-medium:1.92%;--awb-spacing-left-medium:1.92%;--awb-width-small:100%;--awb-order-small:0;--awb-spacing-right-small:1.92%;--awb-spacing-left-small:1.92%;\"><div class=\"fusion-column-wrapper fusion-column-has-shadow fusion-flex-justify-content-flex-start fusion-content-layout-column\"><div class=\"fusion-text fusion-text-7\"><h5 style=\"text-align: center;\"><strong>10:50 h\u00a0<\/strong><\/h5>\n<\/div><\/div><\/div><div class=\"fusion-layout-column fusion_builder_column_inner fusion-builder-nested-column-5 fusion_builder_column_inner_4_5 4_5 fusion-flex-column\" style=\"--awb-bg-size:cover;--awb-width-large:80%;--awb-margin-top-large:0px;--awb-spacing-right-large:2.4%;--awb-margin-bottom-large:20px;--awb-spacing-left-large:2.4%;--awb-width-medium:100%;--awb-order-medium:0;--awb-spacing-right-medium:1.92%;--awb-spacing-left-medium:1.92%;--awb-width-small:100%;--awb-order-small:0;--awb-spacing-right-small:1.92%;--awb-spacing-left-small:1.92%;\"><div class=\"fusion-column-wrapper fusion-column-has-shadow fusion-flex-justify-content-flex-start fusion-content-layout-column\"><div class=\"fusion-text fusion-text-8\"><h5><strong><span class=\"NormalTextRun SCXW99211542 BCX0\">Visi\u00f3n Estrat\u00e9gica de <\/span><span class=\"NormalTextRun SpellingErrorV2Themed SCXW99211542 BCX0\">Eurecat<\/span><span class=\"NormalTextRun SCXW99211542 BCX0\"> Madrid<\/span><\/strong><\/h5>\n<p><span style=\"color: #333333;\"><strong><span class=\"TextRun SCXW167418459 BCX0\" lang=\"ES-ES\" xml:lang=\"ES-ES\" data-contrast=\"auto\"><span class=\"NormalTextRun SCXW167418459 BCX0\">Xavier L\u00f3pez<\/span><\/span><\/strong><span class=\"TextRun SCXW167418459 BCX0\" lang=\"ES-ES\" xml:lang=\"ES-ES\" data-contrast=\"auto\"><span class=\"NormalTextRun SCXW167418459 BCX0\">, <\/span><span class=\"NormalTextRun ContextualSpellingAndGrammarErrorV2Themed SCXW167418459 BCX0\">Director General<\/span><span class=\"NormalTextRun SCXW167418459 BCX0\"> de <strong>Eurecat<\/strong><\/span><\/span><\/span><\/p>\n<\/div><\/div><\/div><\/div><div class=\"fusion-builder-row fusion-builder-row-inner fusion-row fusion-flex-align-items-flex-start fusion-flex-content-wrap\" style=\"--awb-flex-grow:0;--awb-flex-grow-medium:0;--awb-flex-grow-small:0;--awb-flex-shrink:0;--awb-flex-shrink-medium:0;--awb-flex-shrink-small:0;width:104% !important;max-width:104% !important;margin-left: calc(-4% \/ 2 );margin-right: calc(-4% \/ 2 );\"><div class=\"fusion-layout-column fusion_builder_column_inner fusion-builder-nested-column-6 fusion_builder_column_inner_1_5 1_5 fusion-flex-column\" style=\"--awb-bg-size:cover;--awb-width-large:20%;--awb-margin-top-large:0px;--awb-spacing-right-large:9.6%;--awb-margin-bottom-large:20px;--awb-spacing-left-large:9.6%;--awb-width-medium:100%;--awb-order-medium:0;--awb-spacing-right-medium:1.92%;--awb-spacing-left-medium:1.92%;--awb-width-small:100%;--awb-order-small:0;--awb-spacing-right-small:1.92%;--awb-spacing-left-small:1.92%;\"><div class=\"fusion-column-wrapper fusion-column-has-shadow fusion-flex-justify-content-flex-start fusion-content-layout-column\"><div class=\"fusion-text fusion-text-9\"><h5 style=\"text-align: center;\"><strong>11:10 h\u00a0<\/strong><\/h5>\n<\/div><\/div><\/div><div class=\"fusion-layout-column fusion_builder_column_inner fusion-builder-nested-column-7 fusion_builder_column_inner_4_5 4_5 fusion-flex-column\" style=\"--awb-bg-size:cover;--awb-width-large:80%;--awb-margin-top-large:0px;--awb-spacing-right-large:2.4%;--awb-margin-bottom-large:20px;--awb-spacing-left-large:2.4%;--awb-width-medium:100%;--awb-order-medium:0;--awb-spacing-right-medium:1.92%;--awb-spacing-left-medium:1.92%;--awb-width-small:100%;--awb-order-small:0;--awb-spacing-right-small:1.92%;--awb-spacing-left-small:1.92%;\"><div class=\"fusion-column-wrapper fusion-column-has-shadow fusion-flex-justify-content-flex-start fusion-content-layout-column\"><div class=\"fusion-text fusion-text-10\"><h5><strong><span style=\"color: #800080;\">Paneles Tem\u00e1ticos : Transformaciones Sectoriales Impulsadas por Tecnolog\u00edas de Alto Impacto<\/span><\/strong><\/h5>\n<h5><strong><span style=\"color: #808080;\">Bloque 1: Personas.<br \/>\n<\/span>Mesa Redonda: Salud y el Bienestar a lo Largo de la Vida<\/strong><br \/>\n<b><\/b><\/h5>\n<p><em>Modera:<\/em><span data-contrast=\"auto\"><strong><br \/>\nFelip Miralles<\/strong>, Director de Tecnolog\u00edas de Salud de <strong>Eurecat<\/strong><\/span><span data-ccp-props=\"{\"><br \/>\n<\/span><i>Participan:<br \/>\n<span data-contrast=\"auto\"><strong>Ana Isabel Gonz\u00e1lez<\/strong>, Responsable de Innovaci\u00f3n de la Consejer\u00eda de <strong>Salud Madrid<\/strong><br \/>\n<strong>Pilar Navarro<\/strong>, Directora de Innovaci\u00f3n PhD de <strong>Fenin<br \/>\nC\u00e9sar Velasco, <\/strong>Director de Innovaci\u00f3n y estrategia Digital de <strong>Astrazeneca<\/strong><\/span><br \/>\n<\/i><\/p>\n<\/div><\/div><\/div><\/div><div class=\"fusion-builder-row fusion-builder-row-inner fusion-row fusion-flex-align-items-flex-start fusion-flex-content-wrap\" style=\"--awb-flex-grow:0;--awb-flex-grow-medium:0;--awb-flex-grow-small:0;--awb-flex-shrink:0;--awb-flex-shrink-medium:0;--awb-flex-shrink-small:0;width:104% !important;max-width:104% !important;margin-left: calc(-4% \/ 2 );margin-right: calc(-4% \/ 2 );\"><div class=\"fusion-layout-column fusion_builder_column_inner fusion-builder-nested-column-8 fusion_builder_column_inner_1_5 1_5 fusion-flex-column\" style=\"--awb-bg-size:cover;--awb-width-large:20%;--awb-margin-top-large:0px;--awb-spacing-right-large:9.6%;--awb-margin-bottom-large:20px;--awb-spacing-left-large:9.6%;--awb-width-medium:100%;--awb-order-medium:0;--awb-spacing-right-medium:1.92%;--awb-spacing-left-medium:1.92%;--awb-width-small:100%;--awb-order-small:0;--awb-spacing-right-small:1.92%;--awb-spacing-left-small:1.92%;\"><div class=\"fusion-column-wrapper fusion-column-has-shadow fusion-flex-justify-content-flex-start fusion-content-layout-column\"><div class=\"fusion-text fusion-text-11\"><h5 style=\"text-align: center;\"><strong>11:50 h\u00a0<\/strong><\/h5>\n<\/div><\/div><\/div><div class=\"fusion-layout-column fusion_builder_column_inner fusion-builder-nested-column-9 fusion_builder_column_inner_4_5 4_5 fusion-flex-column\" style=\"--awb-bg-size:cover;--awb-width-large:80%;--awb-margin-top-large:0px;--awb-spacing-right-large:2.4%;--awb-margin-bottom-large:20px;--awb-spacing-left-large:2.4%;--awb-width-medium:100%;--awb-order-medium:0;--awb-spacing-right-medium:1.92%;--awb-spacing-left-medium:1.92%;--awb-width-small:100%;--awb-order-small:0;--awb-spacing-right-small:1.92%;--awb-spacing-left-small:1.92%;\"><div class=\"fusion-column-wrapper fusion-column-has-shadow fusion-flex-justify-content-flex-start fusion-content-layout-column\"><div class=\"fusion-text fusion-text-12\"><h5><strong><span style=\"color: #808080;\">Bloque 2: Deeptech.<br \/>\n<\/span>Intervenciones \u00e1giles: Fronteras tecnol\u00f3gicas<\/strong><br \/>\n<b><\/b><\/h5>\n<p><span data-contrast=\"auto\"><em>Rob\u00f3tica aplicada<\/em>. <\/span><strong>Daniel Serrano<\/strong><span data-contrast=\"auto\">, Director de Rob\u00f3tica <span class=\"EOP SCXW191817582 BCX0\" data-ccp-props=\"{\">de <strong>Eurecat<\/strong><\/span><\/span><span data-ccp-props=\"{\"><br \/>\n<\/span><em>Inteligencia Artificial. <\/em><strong>Laia Garriga<\/strong><span data-contrast=\"auto\">, Promotora de Inteligencia Artificial Aplicada <span class=\"EOP SCXW191817582 BCX0\" data-ccp-props=\"{\">de <strong>Eurecat<\/strong><\/span><\/span><span data-ccp-props=\"{\"><br \/>\n<\/span><span data-contrast=\"auto\"><em>Computaci\u00f3n Cu\u00e1ntica<\/em>. <\/span><strong>Adan Garriga<\/strong><span data-contrast=\"auto\"><strong>,<\/strong>\u00a0Director de Tecnolog\u00edas Audiovisuales<\/span><span data-ccp-props=\"{\"> <span class=\"EOP SCXW191817582 BCX0\" data-ccp-props=\"{\">de <strong>Eurecat<\/strong><\/span><\/span><\/p>\n<p><strong><span class=\"TextRun SCXW157644462 BCX0\" lang=\"ES-ES\" xml:lang=\"ES-ES\" data-contrast=\"auto\"><span class=\"NormalTextRun SCXW157644462 BCX0\">Gabriel <\/span><span class=\"NormalTextRun SpellingErrorV2Themed SCXW157644462 BCX0\">Anzaldi<\/span><\/span><\/strong><span class=\"TextRun SCXW157644462 BCX0\" lang=\"ES-ES\" xml:lang=\"ES-ES\" data-contrast=\"auto\"><span class=\"NormalTextRun SCXW157644462 BCX0\"><strong>,<\/strong> <\/span><span class=\"NormalTextRun ContextualSpellingAndGrammarErrorV2Themed SCXW157644462 BCX0\">Director<\/span><span class=\"NormalTextRun SCXW157644462 BCX0\"> de Ecosistemas <span data-contrast=\"auto\"><span class=\"EOP SCXW191817582 BCX0\" data-ccp-props=\"{\">de <strong>Eurecat<\/strong><\/span><\/span>. Conclusi\u00f3n sobre la convergencia tecnol\u00f3gica (transversalidad y <\/span><span class=\"NormalTextRun SpellingErrorV2Themed SCXW157644462 BCX0\">multitecnolog\u00eda<\/span><span class=\"NormalTextRun SCXW157644462 BCX0\">)<\/span><\/span><span class=\"EOP SCXW157644462 BCX0\" data-ccp-props=\"{\">\u00a0<\/span><\/p>\n<\/div><\/div><\/div><\/div><div class=\"fusion-builder-row fusion-builder-row-inner fusion-row fusion-flex-align-items-flex-start fusion-flex-content-wrap\" style=\"--awb-flex-grow:0;--awb-flex-grow-medium:0;--awb-flex-grow-small:0;--awb-flex-shrink:0;--awb-flex-shrink-medium:0;--awb-flex-shrink-small:0;width:104% !important;max-width:104% !important;margin-left: calc(-4% \/ 2 );margin-right: calc(-4% \/ 2 );\"><div class=\"fusion-layout-column fusion_builder_column_inner fusion-builder-nested-column-10 fusion_builder_column_inner_1_5 1_5 fusion-flex-column\" style=\"--awb-bg-size:cover;--awb-width-large:20%;--awb-margin-top-large:0px;--awb-spacing-right-large:9.6%;--awb-margin-bottom-large:20px;--awb-spacing-left-large:9.6%;--awb-width-medium:100%;--awb-order-medium:0;--awb-spacing-right-medium:1.92%;--awb-spacing-left-medium:1.92%;--awb-width-small:100%;--awb-order-small:0;--awb-spacing-right-small:1.92%;--awb-spacing-left-small:1.92%;\"><div class=\"fusion-column-wrapper fusion-column-has-shadow fusion-flex-justify-content-flex-start fusion-content-layout-column\"><div class=\"fusion-text fusion-text-13\"><h5 style=\"text-align: center;\"><strong>12:20 h\u00a0<\/strong><\/h5>\n<\/div><\/div><\/div><div class=\"fusion-layout-column fusion_builder_column_inner fusion-builder-nested-column-11 fusion_builder_column_inner_4_5 4_5 fusion-flex-column\" style=\"--awb-bg-size:cover;--awb-width-large:80%;--awb-margin-top-large:0px;--awb-spacing-right-large:2.4%;--awb-margin-bottom-large:20px;--awb-spacing-left-large:2.4%;--awb-width-medium:100%;--awb-order-medium:0;--awb-spacing-right-medium:1.92%;--awb-spacing-left-medium:1.92%;--awb-width-small:100%;--awb-order-small:0;--awb-spacing-right-small:1.92%;--awb-spacing-left-small:1.92%;\"><div class=\"fusion-column-wrapper fusion-column-has-shadow fusion-flex-justify-content-flex-start fusion-content-layout-column\"><div class=\"fusion-text fusion-text-14\"><h5><strong><span style=\"color: #808080;\">Bloque 3: Entorno.<br \/>\n<\/span>Mesa Redonda: <span class=\"TextRun SCXW263435427 BCX0\" lang=\"ES-ES\" xml:lang=\"ES-ES\" data-contrast=\"auto\"><span class=\"NormalTextRun SCXW263435427 BCX0\">Calidad ambiental y resiliencia clim\u00e1tica<\/span><\/span><\/strong><br \/>\n<b><\/b><\/h5>\n<p><span data-contrast=\"auto\"><em>Modera:<\/em><span class=\"TextRun SCXW191817582 BCX0\" lang=\"ES-ES\" xml:lang=\"ES-ES\" data-contrast=\"auto\"><span class=\"NormalTextRun SCXW191817582 BCX0\"><br \/>\n<strong>Miquel Rovira<\/strong>, <\/span><span class=\"NormalTextRun ContextualSpellingAndGrammarErrorV2Themed SCXW191817582 BCX0\">Director<\/span><span class=\"NormalTextRun SCXW191817582 BCX0\"> de Sostenibilidad<\/span><\/span><span class=\"EOP SCXW191817582 BCX0\" data-ccp-props=\"{\"> de <strong>Eurecat<\/strong><\/span><\/span><span data-ccp-props=\"{\"><br \/>\n<\/span><i>Participan:<br \/>\n<span data-contrast=\"auto\"><span class=\"TextRun SCXW191817582 BCX0\" lang=\"ES-ES\" xml:lang=\"ES-ES\" data-contrast=\"auto\"><span class=\"NormalTextRun SCXW191817582 BCX0\"><strong>Valent\u00edn Alfaya<\/strong>, <\/span><span class=\"NormalTextRun ContextualSpellingAndGrammarErrorV2Themed SCXW191817582 BCX0\">Director<\/span><span class=\"NormalTextRun SCXW191817582 BCX0\"> de Sostenibilidad<\/span><\/span><span class=\"EOP SCXW191817582 BCX0\" data-ccp-props=\"{\"> de <strong>Ferrovial<br \/>\n<em>Ram\u00f3n Garc\u00eda, <\/em><\/strong><em>Director de la<\/em><strong><em> CEL<\/em><br \/>\n<\/strong><strong><em>Fernando Portillo, <\/em><\/strong><em>CEO <\/em><em>de<\/em><strong><em> Keiken<br \/>\nEsther S\u00e1nchez, <\/em><\/strong><em>Directora de Operaciones Madrid de <\/em><strong><em>Amphos 21 Consulting SL<\/em><\/strong><\/span><\/span><\/i><\/p>\n<\/div><\/div><\/div><\/div><div class=\"fusion-builder-row fusion-builder-row-inner fusion-row fusion-flex-align-items-flex-start fusion-flex-content-wrap\" style=\"--awb-flex-grow:0;--awb-flex-grow-medium:0;--awb-flex-grow-small:0;--awb-flex-shrink:0;--awb-flex-shrink-medium:0;--awb-flex-shrink-small:0;width:104% !important;max-width:104% !important;margin-left: calc(-4% \/ 2 );margin-right: calc(-4% \/ 2 );\"><div class=\"fusion-layout-column fusion_builder_column_inner fusion-builder-nested-column-12 fusion_builder_column_inner_1_5 1_5 fusion-flex-column\" style=\"--awb-bg-size:cover;--awb-width-large:20%;--awb-margin-top-large:0px;--awb-spacing-right-large:9.6%;--awb-margin-bottom-large:20px;--awb-spacing-left-large:9.6%;--awb-width-medium:100%;--awb-order-medium:0;--awb-spacing-right-medium:1.92%;--awb-spacing-left-medium:1.92%;--awb-width-small:100%;--awb-order-small:0;--awb-spacing-right-small:1.92%;--awb-spacing-left-small:1.92%;\"><div class=\"fusion-column-wrapper fusion-column-has-shadow fusion-flex-justify-content-flex-start fusion-content-layout-column\"><div class=\"fusion-text fusion-text-15\"><h5 style=\"text-align: center;\"><strong>12:50 h\u00a0<\/strong><\/h5>\n<\/div><\/div><\/div><div class=\"fusion-layout-column fusion_builder_column_inner fusion-builder-nested-column-13 fusion_builder_column_inner_4_5 4_5 fusion-flex-column\" style=\"--awb-bg-size:cover;--awb-width-large:80%;--awb-margin-top-large:0px;--awb-spacing-right-large:2.4%;--awb-margin-bottom-large:20px;--awb-spacing-left-large:2.4%;--awb-width-medium:100%;--awb-order-medium:0;--awb-spacing-right-medium:1.92%;--awb-spacing-left-medium:1.92%;--awb-width-small:100%;--awb-order-small:0;--awb-spacing-right-small:1.92%;--awb-spacing-left-small:1.92%;\"><div class=\"fusion-column-wrapper fusion-column-has-shadow fusion-flex-justify-content-flex-start fusion-content-layout-column\"><div class=\"fusion-text fusion-text-16\"><h5><strong>Clausura<\/strong><\/h5>\n<p><strong>Jordi Garc\u00eda-Brustenga, <\/strong>Director General de Estrategia Industrial y de la Peque\u00f1a y Mediana Empresa del<strong> Ministerio de Industria y Turismo\u00a0<\/strong><\/p>\n<h5><strong>\u00a0<\/strong><\/h5>\n<\/div><\/div><\/div><\/div><div class=\"fusion-builder-row fusion-builder-row-inner fusion-row fusion-flex-align-items-flex-start fusion-flex-content-wrap\" style=\"--awb-flex-grow:0;--awb-flex-grow-medium:0;--awb-flex-grow-small:0;--awb-flex-shrink:0;--awb-flex-shrink-medium:0;--awb-flex-shrink-small:0;width:104% !important;max-width:104% !important;margin-left: calc(-4% \/ 2 );margin-right: calc(-4% \/ 2 );\"><div class=\"fusion-layout-column fusion_builder_column_inner fusion-builder-nested-column-14 fusion_builder_column_inner_1_5 1_5 fusion-flex-column\" style=\"--awb-bg-size:cover;--awb-width-large:20%;--awb-margin-top-large:0px;--awb-spacing-right-large:9.6%;--awb-margin-bottom-large:20px;--awb-spacing-left-large:9.6%;--awb-width-medium:100%;--awb-order-medium:0;--awb-spacing-right-medium:1.92%;--awb-spacing-left-medium:1.92%;--awb-width-small:100%;--awb-order-small:0;--awb-spacing-right-small:1.92%;--awb-spacing-left-small:1.92%;\"><div class=\"fusion-column-wrapper fusion-column-has-shadow fusion-flex-justify-content-flex-start fusion-content-layout-column\"><div class=\"fusion-text fusion-text-17\"><h5 style=\"text-align: center;\"><strong>13:00 h\u00a0<\/strong><\/h5>\n<\/div><\/div><\/div><div class=\"fusion-layout-column fusion_builder_column_inner fusion-builder-nested-column-15 fusion_builder_column_inner_4_5 4_5 fusion-flex-column\" style=\"--awb-bg-size:cover;--awb-width-large:80%;--awb-margin-top-large:0px;--awb-spacing-right-large:2.4%;--awb-margin-bottom-large:20px;--awb-spacing-left-large:2.4%;--awb-width-medium:100%;--awb-order-medium:0;--awb-spacing-right-medium:1.92%;--awb-spacing-left-medium:1.92%;--awb-width-small:100%;--awb-order-small:0;--awb-spacing-right-small:1.92%;--awb-spacing-left-small:1.92%;\"><div class=\"fusion-column-wrapper fusion-column-has-shadow fusion-flex-justify-content-flex-start fusion-content-layout-column\"><div class=\"fusion-text fusion-text-18\"><h5><strong><span style=\"color: #800080;\">C\u00f3ctel Networking<\/span><\/strong><\/h5>\n<\/div><\/div><\/div><\/div><\/div><\/div><\/div><\/div><div class=\"fusion-fullwidth fullwidth-box fusion-builder-row-4 fusion-flex-container has-pattern-background has-mask-background nonhundred-percent-fullwidth non-hundred-percent-height-scrolling\" style=\"--awb-border-radius-top-left:0px;--awb-border-radius-top-right:0px;--awb-border-radius-bottom-right:0px;--awb-border-radius-bottom-left:0px;--awb-flex-wrap:wrap;\" ><div class=\"fusion-builder-row fusion-row fusion-flex-align-items-flex-start fusion-flex-content-wrap\" style=\"max-width:1424.8px;margin-left: calc(-4% \/ 2 );margin-right: calc(-4% \/ 2 );\"><div class=\"fusion-layout-column fusion_builder_column fusion-builder-column-3 fusion_builder_column_1_1 1_1 fusion-flex-column\" style=\"--awb-bg-color:#6f268b;--awb-bg-color-hover:#6f268b;--awb-bg-image:linear-gradient(314deg, #6f268b 52%,#0499dd 100%);--awb-bg-size:cover;--awb-width-large:100%;--awb-margin-top-large:0px;--awb-spacing-right-large:1.92%;--awb-margin-bottom-large:20px;--awb-spacing-left-large:1.92%;--awb-width-medium:100%;--awb-order-medium:0;--awb-spacing-right-medium:1.92%;--awb-spacing-left-medium:1.92%;--awb-width-small:100%;--awb-order-small:0;--awb-spacing-right-small:1.92%;--awb-spacing-left-small:1.92%;\" data-scroll-devices=\"small-visibility,medium-visibility,large-visibility\"><div class=\"fusion-column-wrapper fusion-column-has-shadow fusion-flex-justify-content-flex-start fusion-content-layout-column\"><div class=\"fusion-separator\" style=\"align-self: center;margin-left: auto;margin-right: auto;flex-grow:10;margin-top:15px;width:100%;max-width:10px;\"><\/div><div class=\"fusion-title title fusion-title-2 fusion-sep-none fusion-title-text fusion-title-size-two\" style=\"--awb-text-color:#ffffff;--awb-margin-top:10px;--awb-margin-top-small:0px;--awb-margin-right-small:0px;--awb-margin-bottom-small:20px;--awb-margin-left-small:0px;\"><h2 class=\"fusion-title-heading title-heading-left\" style=\"margin:0;\"><h2 style=\"text-align: center;\"><strong><span style=\"color: #ffffff;\">UBICACI\u00d3N<\/span><\/strong><\/h2><\/h2><\/div><\/div><\/div><\/div><\/div><div class=\"fusion-fullwidth fullwidth-box fusion-builder-row-5 fusion-flex-container has-pattern-background has-mask-background nonhundred-percent-fullwidth non-hundred-percent-height-scrolling\" style=\"--awb-border-radius-top-left:0px;--awb-border-radius-top-right:0px;--awb-border-radius-bottom-right:0px;--awb-border-radius-bottom-left:0px;--awb-flex-wrap:wrap;\" ><div class=\"fusion-builder-row fusion-row fusion-flex-align-items-flex-start fusion-flex-content-wrap\" style=\"max-width:1424.8px;margin-left: calc(-4% \/ 2 );margin-right: calc(-4% \/ 2 );\"><div class=\"fusion-layout-column fusion_builder_column fusion-builder-column-4 fusion_builder_column_1_1 1_1 fusion-flex-column\" style=\"--awb-bg-size:cover;--awb-border-color:#6f268b;--awb-border-style:solid;--awb-width-large:100%;--awb-margin-top-large:0px;--awb-spacing-right-large:1.92%;--awb-margin-bottom-large:20px;--awb-spacing-left-large:1.92%;--awb-width-medium:100%;--awb-order-medium:0;--awb-spacing-right-medium:1.92%;--awb-spacing-left-medium:1.92%;--awb-width-small:100%;--awb-order-small:0;--awb-spacing-right-small:1.92%;--awb-spacing-left-small:1.92%;\" data-scroll-devices=\"small-visibility,medium-visibility,large-visibility\"><div class=\"fusion-column-wrapper fusion-column-has-shadow fusion-flex-justify-content-flex-start fusion-content-layout-column\"><div class=\"fusion-separator fusion-full-width-sep\" style=\"align-self: center;margin-left: auto;margin-right: auto;margin-top:10px;width:100%;\"><\/div><div class=\"fusion-builder-row fusion-builder-row-inner fusion-row fusion-flex-align-items-flex-start fusion-flex-content-wrap\" style=\"--awb-flex-grow:0;--awb-flex-grow-medium:0;--awb-flex-grow-small:0;--awb-flex-shrink:0;--awb-flex-shrink-medium:0;--awb-flex-shrink-small:0;width:104% !important;max-width:104% !important;margin-left: calc(-4% \/ 2 );margin-right: calc(-4% \/ 2 );\"><div class=\"fusion-layout-column fusion_builder_column_inner fusion-builder-nested-column-16 fusion_builder_column_inner_1_2 1_2 fusion-flex-column\" style=\"--awb-bg-size:cover;--awb-width-large:50%;--awb-margin-top-large:0px;--awb-spacing-right-large:3.84%;--awb-margin-bottom-large:20px;--awb-spacing-left-large:3.84%;--awb-width-medium:100%;--awb-order-medium:0;--awb-spacing-right-medium:1.92%;--awb-spacing-left-medium:1.92%;--awb-width-small:100%;--awb-order-small:0;--awb-spacing-right-small:1.92%;--awb-spacing-left-small:1.92%;\"><div class=\"fusion-column-wrapper fusion-column-has-shadow fusion-flex-justify-content-flex-start fusion-content-layout-column\"><div class=\"fusion-image-element \" style=\"--awb-caption-title-font-family:var(--h2_typography-font-family);--awb-caption-title-font-weight:var(--h2_typography-font-weight);--awb-caption-title-font-style:var(--h2_typography-font-style);--awb-caption-title-size:var(--h2_typography-font-size);--awb-caption-title-transform:var(--h2_typography-text-transform);--awb-caption-title-line-height:var(--h2_typography-line-height);--awb-caption-title-letter-spacing:var(--h2_typography-letter-spacing);\"><span class=\" fusion-imageframe imageframe-none imageframe-1 hover-type-none\"><img decoding=\"async\" width=\"1360\" height=\"888\" title=\"edificio-1\" src=\"https:\/\/eurecat.org\/wp-content\/uploads\/2025\/04\/edificio-1.jpg\" alt class=\"img-responsive wp-image-177599\" srcset=\"https:\/\/eurecat.org\/wp-content\/uploads\/2025\/04\/edificio-1-200x131.jpg 200w, https:\/\/eurecat.org\/wp-content\/uploads\/2025\/04\/edificio-1-400x261.jpg 400w, https:\/\/eurecat.org\/wp-content\/uploads\/2025\/04\/edificio-1-600x392.jpg 600w, https:\/\/eurecat.org\/wp-content\/uploads\/2025\/04\/edificio-1-800x522.jpg 800w, https:\/\/eurecat.org\/wp-content\/uploads\/2025\/04\/edificio-1-1200x784.jpg 1200w, https:\/\/eurecat.org\/wp-content\/uploads\/2025\/04\/edificio-1.jpg 1360w\" sizes=\"(max-width: 1024px) 100vw, (max-width: 640px) 100vw, 800px\" \/><\/span><\/div><\/div><\/div><div class=\"fusion-layout-column fusion_builder_column_inner fusion-builder-nested-column-17 fusion_builder_column_inner_1_2 1_2 fusion-flex-column\" style=\"--awb-bg-size:cover;--awb-width-large:50%;--awb-margin-top-large:0px;--awb-spacing-right-large:3.84%;--awb-margin-bottom-large:20px;--awb-spacing-left-large:3.84%;--awb-width-medium:100%;--awb-order-medium:0;--awb-spacing-right-medium:1.92%;--awb-spacing-left-medium:1.92%;--awb-width-small:100%;--awb-order-small:0;--awb-spacing-right-small:1.92%;--awb-spacing-left-small:1.92%;\"><div class=\"fusion-column-wrapper fusion-column-has-shadow fusion-flex-justify-content-flex-start fusion-content-layout-column\"><div class=\"fusion-image-element \" style=\"--awb-caption-title-font-family:var(--h2_typography-font-family);--awb-caption-title-font-weight:var(--h2_typography-font-weight);--awb-caption-title-font-style:var(--h2_typography-font-style);--awb-caption-title-size:var(--h2_typography-font-size);--awb-caption-title-transform:var(--h2_typography-text-transform);--awb-caption-title-line-height:var(--h2_typography-line-height);--awb-caption-title-letter-spacing:var(--h2_typography-letter-spacing);\"><span class=\" fusion-imageframe imageframe-none imageframe-2 hover-type-none\"><img decoding=\"async\" width=\"573\" height=\"366\" title=\"Auditorio\" src=\"https:\/\/eurecat.org\/wp-content\/uploads\/2025\/04\/Auditorio.png\" alt class=\"img-responsive wp-image-177581\" srcset=\"https:\/\/eurecat.org\/wp-content\/uploads\/2025\/04\/Auditorio-200x128.png 200w, https:\/\/eurecat.org\/wp-content\/uploads\/2025\/04\/Auditorio-400x255.png 400w, https:\/\/eurecat.org\/wp-content\/uploads\/2025\/04\/Auditorio.png 573w\" sizes=\"(max-width: 1024px) 100vw, (max-width: 640px) 100vw, 573px\" \/><\/span><\/div><\/div><\/div><\/div><div class=\"fusion-text fusion-text-19\"><h4 style=\"text-align: center;\"><span style=\"color: #000000;\"><strong>Talent Garden Madrid<br \/>\n<\/strong><\/span><a href=\"https:\/\/www.google.com\/maps\/place\/\/data=!4m2!3m1!1s0xd422706bff431ad:0xe1297343074f52c0?sa=X&amp;ved=1t:8290&amp;ictx=111\"><span style=\"color: #808080;\">Calle Juan de Mariana, 15, Arganzuela, 28045 Madrid.<\/span><\/a><\/h4>\n<\/div><\/div><\/div><\/div><\/div>\n","protected":false},"excerpt":{"rendered":"","protected":false},"author":20,"featured_media":179169,"comment_status":"open","ping_status":"closed","template":"","tags":[],"mec_category":[986,2825,2231],"class_list":["post-177649","mec-events","type-mec-events","status-publish","has-post-thumbnail","hentry","mec_category-actos-cientificos-tecnologicos","mec_category-eurecat-events-2-es","mec_category-workshops-es"],"yoast_head":"<!-- This site is optimized with the Yoast SEO plugin v27.4 - https:\/\/yoast.com\/product\/yoast-seo-wordpress\/ -->\n<title>Acto de Presentaci\u00f3n Eurecat Madrid - Eurecat<\/title>\n<meta name=\"description\" content=\"Coneix les l\u00ednies estrat\u00e8giques dels plans d\u2019investigaci\u00f3 i innovaci\u00f3 que afecten el sector de la gesti\u00f3 del s\u00f2l i l\u2019aigua subterr\u00e0nia\" \/>\n<meta name=\"robots\" content=\"index, follow, max-snippet:-1, max-image-preview:large, max-video-preview:-1\" \/>\n<link rel=\"canonical\" href=\"https:\/\/eurecat.org\/es\/calendario\/jornada-presencial-presentacion-madrid\/\" \/>\n<meta property=\"og:locale\" content=\"es_ES\" \/>\n<meta property=\"og:type\" content=\"article\" \/>\n<meta property=\"og:title\" content=\"Acto de Presentaci\u00f3n Eurecat Madrid - Eurecat\" \/>\n<meta property=\"og:description\" content=\"Coneix les l\u00ednies estrat\u00e8giques dels plans d\u2019investigaci\u00f3 i innovaci\u00f3 que afecten el sector de la gesti\u00f3 del s\u00f2l i l\u2019aigua subterr\u00e0nia\" \/>\n<meta property=\"og:url\" content=\"https:\/\/eurecat.org\/es\/calendario\/jornada-presencial-presentacion-madrid\/\" \/>\n<meta property=\"og:site_name\" content=\"Eurecat\" \/>\n<meta property=\"article:modified_time\" content=\"2025-06-02T10:24:03+00:00\" \/>\n<meta property=\"og:image\" content=\"https:\/\/eurecat.org\/wp-content\/uploads\/2025\/04\/Imagen-eurecat-madrid-jpg-10anys.jpg\" \/>\n\t<meta property=\"og:image:width\" content=\"1280\" \/>\n\t<meta property=\"og:image:height\" content=\"720\" \/>\n\t<meta property=\"og:image:type\" content=\"image\/jpeg\" \/>\n<meta name=\"twitter:card\" content=\"summary_large_image\" \/>\n<meta name=\"twitter:label1\" content=\"Tiempo de lectura\" \/>\n\t<meta name=\"twitter:data1\" content=\"4 minutos\" \/>\n<script type=\"application\/ld+json\" class=\"yoast-schema-graph\">{\"@context\":\"https:\\\/\\\/schema.org\",\"@graph\":[{\"@type\":\"WebPage\",\"@id\":\"https:\\\/\\\/eurecat.org\\\/es\\\/calendario\\\/jornada-presencial-presentacion-madrid\\\/\",\"url\":\"https:\\\/\\\/eurecat.org\\\/es\\\/calendario\\\/jornada-presencial-presentacion-madrid\\\/\",\"name\":\"Acto de Presentaci\u00f3n Eurecat Madrid - Eurecat\",\"isPartOf\":{\"@id\":\"https:\\\/\\\/eurecat.org\\\/es\\\/#website\"},\"primaryImageOfPage\":{\"@id\":\"https:\\\/\\\/eurecat.org\\\/es\\\/calendario\\\/jornada-presencial-presentacion-madrid\\\/#primaryimage\"},\"image\":{\"@id\":\"https:\\\/\\\/eurecat.org\\\/es\\\/calendario\\\/jornada-presencial-presentacion-madrid\\\/#primaryimage\"},\"thumbnailUrl\":\"https:\\\/\\\/eurecat.org\\\/wp-content\\\/uploads\\\/2025\\\/04\\\/Imagen-eurecat-madrid-jpg-10anys.jpg\",\"datePublished\":\"2025-04-16T15:02:50+00:00\",\"dateModified\":\"2025-06-02T10:24:03+00:00\",\"description\":\"Coneix les l\u00ednies estrat\u00e8giques dels plans d\u2019investigaci\u00f3 i innovaci\u00f3 que afecten el sector de la gesti\u00f3 del s\u00f2l i l\u2019aigua subterr\u00e0nia\",\"breadcrumb\":{\"@id\":\"https:\\\/\\\/eurecat.org\\\/es\\\/calendario\\\/jornada-presencial-presentacion-madrid\\\/#breadcrumb\"},\"inLanguage\":\"es\",\"potentialAction\":[{\"@type\":\"ReadAction\",\"target\":[\"https:\\\/\\\/eurecat.org\\\/es\\\/calendario\\\/jornada-presencial-presentacion-madrid\\\/\"]}]},{\"@type\":\"ImageObject\",\"inLanguage\":\"es\",\"@id\":\"https:\\\/\\\/eurecat.org\\\/es\\\/calendario\\\/jornada-presencial-presentacion-madrid\\\/#primaryimage\",\"url\":\"https:\\\/\\\/eurecat.org\\\/wp-content\\\/uploads\\\/2025\\\/04\\\/Imagen-eurecat-madrid-jpg-10anys.jpg\",\"contentUrl\":\"https:\\\/\\\/eurecat.org\\\/wp-content\\\/uploads\\\/2025\\\/04\\\/Imagen-eurecat-madrid-jpg-10anys.jpg\",\"width\":1280,\"height\":720},{\"@type\":\"BreadcrumbList\",\"@id\":\"https:\\\/\\\/eurecat.org\\\/es\\\/calendario\\\/jornada-presencial-presentacion-madrid\\\/#breadcrumb\",\"itemListElement\":[{\"@type\":\"ListItem\",\"position\":1,\"name\":\"Inici\",\"item\":\"https:\\\/\\\/eurecat.org\\\/es\\\/\"},{\"@type\":\"ListItem\",\"position\":2,\"name\":\"Eventos\",\"item\":\"https:\\\/\\\/eurecat.org\\\/es\\\/calendario\\\/\"},{\"@type\":\"ListItem\",\"position\":3,\"name\":\"Acto de Presentaci\u00f3n Eurecat Madrid\"}]},{\"@type\":\"WebSite\",\"@id\":\"https:\\\/\\\/eurecat.org\\\/es\\\/#website\",\"url\":\"https:\\\/\\\/eurecat.org\\\/es\\\/\",\"name\":\"Eurecat\",\"description\":\"Otro sitio realizado con WordPress\",\"potentialAction\":[{\"@type\":\"SearchAction\",\"target\":{\"@type\":\"EntryPoint\",\"urlTemplate\":\"https:\\\/\\\/eurecat.org\\\/es\\\/?s={search_term_string}\"},\"query-input\":{\"@type\":\"PropertyValueSpecification\",\"valueRequired\":true,\"valueName\":\"search_term_string\"}}],\"inLanguage\":\"es\"}]}<\/script>\n<!-- \/ Yoast SEO plugin. -->","yoast_head_json":{"title":"Acto de Presentaci\u00f3n Eurecat Madrid - Eurecat","description":"Coneix les l\u00ednies estrat\u00e8giques dels plans d\u2019investigaci\u00f3 i innovaci\u00f3 que afecten el sector de la gesti\u00f3 del s\u00f2l i l\u2019aigua subterr\u00e0nia","robots":{"index":"index","follow":"follow","max-snippet":"max-snippet:-1","max-image-preview":"max-image-preview:large","max-video-preview":"max-video-preview:-1"},"canonical":"https:\/\/eurecat.org\/es\/calendario\/jornada-presencial-presentacion-madrid\/","og_locale":"es_ES","og_type":"article","og_title":"Acto de Presentaci\u00f3n Eurecat Madrid - Eurecat","og_description":"Coneix les l\u00ednies estrat\u00e8giques dels plans d\u2019investigaci\u00f3 i innovaci\u00f3 que afecten el sector de la gesti\u00f3 del s\u00f2l i l\u2019aigua subterr\u00e0nia","og_url":"https:\/\/eurecat.org\/es\/calendario\/jornada-presencial-presentacion-madrid\/","og_site_name":"Eurecat","article_modified_time":"2025-06-02T10:24:03+00:00","og_image":[{"width":1280,"height":720,"url":"https:\/\/eurecat.org\/wp-content\/uploads\/2025\/04\/Imagen-eurecat-madrid-jpg-10anys.jpg","type":"image\/jpeg"}],"twitter_card":"summary_large_image","twitter_misc":{"Tiempo de lectura":"4 minutos"},"schema":{"@context":"https:\/\/schema.org","@graph":[{"@type":"WebPage","@id":"https:\/\/eurecat.org\/es\/calendario\/jornada-presencial-presentacion-madrid\/","url":"https:\/\/eurecat.org\/es\/calendario\/jornada-presencial-presentacion-madrid\/","name":"Acto de Presentaci\u00f3n Eurecat Madrid - Eurecat","isPartOf":{"@id":"https:\/\/eurecat.org\/es\/#website"},"primaryImageOfPage":{"@id":"https:\/\/eurecat.org\/es\/calendario\/jornada-presencial-presentacion-madrid\/#primaryimage"},"image":{"@id":"https:\/\/eurecat.org\/es\/calendario\/jornada-presencial-presentacion-madrid\/#primaryimage"},"thumbnailUrl":"https:\/\/eurecat.org\/wp-content\/uploads\/2025\/04\/Imagen-eurecat-madrid-jpg-10anys.jpg","datePublished":"2025-04-16T15:02:50+00:00","dateModified":"2025-06-02T10:24:03+00:00","description":"Coneix les l\u00ednies estrat\u00e8giques dels plans d\u2019investigaci\u00f3 i innovaci\u00f3 que afecten el sector de la gesti\u00f3 del s\u00f2l i l\u2019aigua subterr\u00e0nia","breadcrumb":{"@id":"https:\/\/eurecat.org\/es\/calendario\/jornada-presencial-presentacion-madrid\/#breadcrumb"},"inLanguage":"es","potentialAction":[{"@type":"ReadAction","target":["https:\/\/eurecat.org\/es\/calendario\/jornada-presencial-presentacion-madrid\/"]}]},{"@type":"ImageObject","inLanguage":"es","@id":"https:\/\/eurecat.org\/es\/calendario\/jornada-presencial-presentacion-madrid\/#primaryimage","url":"https:\/\/eurecat.org\/wp-content\/uploads\/2025\/04\/Imagen-eurecat-madrid-jpg-10anys.jpg","contentUrl":"https:\/\/eurecat.org\/wp-content\/uploads\/2025\/04\/Imagen-eurecat-madrid-jpg-10anys.jpg","width":1280,"height":720},{"@type":"BreadcrumbList","@id":"https:\/\/eurecat.org\/es\/calendario\/jornada-presencial-presentacion-madrid\/#breadcrumb","itemListElement":[{"@type":"ListItem","position":1,"name":"Inici","item":"https:\/\/eurecat.org\/es\/"},{"@type":"ListItem","position":2,"name":"Eventos","item":"https:\/\/eurecat.org\/es\/calendario\/"},{"@type":"ListItem","position":3,"name":"Acto de Presentaci\u00f3n Eurecat Madrid"}]},{"@type":"WebSite","@id":"https:\/\/eurecat.org\/es\/#website","url":"https:\/\/eurecat.org\/es\/","name":"Eurecat","description":"Otro sitio realizado con WordPress","potentialAction":[{"@type":"SearchAction","target":{"@type":"EntryPoint","urlTemplate":"https:\/\/eurecat.org\/es\/?s={search_term_string}"},"query-input":{"@type":"PropertyValueSpecification","valueRequired":true,"valueName":"search_term_string"}}],"inLanguage":"es"}]}},"_links":{"self":[{"href":"https:\/\/eurecat.org\/es\/wp-json\/wp\/v2\/mec-events\/177649","targetHints":{"allow":["GET"]}}],"collection":[{"href":"https:\/\/eurecat.org\/es\/wp-json\/wp\/v2\/mec-events"}],"about":[{"href":"https:\/\/eurecat.org\/es\/wp-json\/wp\/v2\/types\/mec-events"}],"author":[{"embeddable":true,"href":"https:\/\/eurecat.org\/es\/wp-json\/wp\/v2\/users\/20"}],"replies":[{"embeddable":true,"href":"https:\/\/eurecat.org\/es\/wp-json\/wp\/v2\/comments?post=177649"}],"wp:featuredmedia":[{"embeddable":true,"href":"https:\/\/eurecat.org\/es\/wp-json\/wp\/v2\/media\/179169"}],"wp:attachment":[{"href":"https:\/\/eurecat.org\/es\/wp-json\/wp\/v2\/media?parent=177649"}],"wp:term":[{"taxonomy":"post_tag","embeddable":true,"href":"https:\/\/eurecat.org\/es\/wp-json\/wp\/v2\/tags?post=177649"},{"taxonomy":"mec_category","embeddable":true,"href":"https:\/\/eurecat.org\/es\/wp-json\/wp\/v2\/mec_category?post=177649"}],"curies":[{"name":"wp","href":"https:\/\/api.w.org\/{rel}","templated":true}]}}