{"id":178584,"date":"2025-04-28T11:39:31","date_gmt":"2025-04-28T09:39:31","guid":{"rendered":"https:\/\/eurecat.org\/?post_type=mec-events&#038;p=178584"},"modified":"2025-07-01T13:40:52","modified_gmt":"2025-07-01T11:40:52","slug":"jornada-labiit-sostenibilidad-turismo-regenerativo","status":"publish","type":"mec-events","link":"https:\/\/eurecat.org\/es\/calendario\/jornada-labiit-sostenibilidad-turismo-regenerativo\/","title":{"rendered":"Jornada T\u00e9cnica LABIIT- M\u00e1s all\u00e1 de la sostenibilidad: estrategias para impulsar el turismo regenerativo"},"content":{"rendered":"<div class=\"fusion-fullwidth fullwidth-box fusion-builder-row-1 fusion-flex-container has-pattern-background has-mask-background nonhundred-percent-fullwidth non-hundred-percent-height-scrolling\" style=\"--awb-border-radius-top-left:0px;--awb-border-radius-top-right:0px;--awb-border-radius-bottom-right:0px;--awb-border-radius-bottom-left:0px;--awb-flex-wrap:wrap;\" ><div class=\"fusion-builder-row fusion-row fusion-flex-align-items-flex-start fusion-flex-content-wrap\" style=\"max-width:1424.8px;margin-left: calc(-4% \/ 2 );margin-right: calc(-4% \/ 2 );\"><div class=\"fusion-layout-column fusion_builder_column fusion-builder-column-0 fusion_builder_column_1_1 1_1 fusion-flex-column\" style=\"--awb-bg-size:cover;--awb-width-large:100%;--awb-margin-top-large:0px;--awb-spacing-right-large:1.92%;--awb-margin-bottom-large:20px;--awb-spacing-left-large:1.92%;--awb-width-medium:100%;--awb-order-medium:0;--awb-spacing-right-medium:1.92%;--awb-spacing-left-medium:1.92%;--awb-width-small:100%;--awb-order-small:0;--awb-spacing-right-small:1.92%;--awb-spacing-left-small:1.92%;\"><div class=\"fusion-column-wrapper fusion-column-has-shadow fusion-flex-justify-content-flex-start fusion-content-layout-column\"><div class=\"fusion-text fusion-text-1\"><h5>La forma en que viajamos y disfrutamos de las experiencias tur\u00edsticas est\u00e1 cambiando y esto se debe, en parte, a la orientaci\u00f3n sostenible de la actividad tur\u00edstica que se ha estado trabajando y por la que se ha apostado en los \u00faltimos a\u00f1os en respuesta, tambi\u00e9n, a la situaci\u00f3n de emergencia clim\u00e1tica actual. Cada vez somos m\u00e1s conscientes de los efectos que genera el turismo, por lo que se han acelerado iniciativas que impulsan experiencias transformadoras y de alto impacto. Esa evoluci\u00f3n, precisamente, nos lleva a hablar de un nuevo paradigma, el turismo regenerativo. En la jornada <strong>organizada por el Laboratorio de Innovaci\u00f3n e Inteligencia Tur\u00edstica del Departamento de Consultor\u00eda Tecnol\u00f3gica de Eurecat y el Patronato de Turismo de la Diputaci\u00f3n de Tarragona<\/strong> queremos <strong>reflexionar sobre qu\u00e9 implica el turismo regenerativo, qu\u00e9 cambios lleva impl\u00edcitos y c\u00f3mo las empresas y destinos pueden impulsarlo.<\/strong><\/h5>\n<h5>Os invitamos <strong>a asistir a esta jornada<\/strong>, que tendr\u00e1 lugar el pr\u00f3ximo <strong>28 de mayo de 2025 de 9:30h a 12:30 h en la Sala Mestral<\/strong> &#8211; Hotel SB Corona de Tortosa (Pla\u00e7a de la Corona d&#8217;Arag\u00f3, 5, 43500 Tortosa).<\/h5>\n<h5><strong>\u00a1No te lo pierdas!<\/strong><\/h5>\n<\/div><\/div><\/div><div class=\"fusion-layout-column fusion_builder_column fusion-builder-column-1 fusion_builder_column_1_3 1_3 fusion-flex-column\" style=\"--awb-bg-size:cover;--awb-width-large:33.333333333333%;--awb-margin-top-large:0px;--awb-spacing-right-large:5.76%;--awb-margin-bottom-large:20px;--awb-spacing-left-large:5.76%;--awb-width-medium:100%;--awb-order-medium:0;--awb-spacing-right-medium:1.92%;--awb-spacing-left-medium:1.92%;--awb-width-small:100%;--awb-order-small:0;--awb-spacing-right-small:1.92%;--awb-spacing-left-small:1.92%;\"><div class=\"fusion-column-wrapper fusion-column-has-shadow fusion-flex-justify-content-flex-start fusion-content-layout-column\"><div style=\"text-align:center;\"><a class=\"fusion-button button-flat fusion-button-default-size button-custom fusion-button-default button-1 fusion-button-default-span fusion-button-default-type\" style=\"--button_accent_color:#ffffff;--button_accent_hover_color:#ffffff;--button_border_hover_color:#ffffff;--button_gradient_top_color:#bd1a8c;--button_gradient_bottom_color:#bd1a8c;--button_gradient_top_color_hover:#662483;--button_gradient_bottom_color_hover:#662483;\" target=\"_blank\" rel=\"noopener noreferrer\" href=\"https:\/\/storage.cdn.eurecat.org\/PDF\/LABIIT\/ProgramaComplet-JornadaTurismeRegeneratiu-LABIIT-PTDTEurecat-280525.pdf\"><span class=\"fusion-button-text awb-button__text awb-button__text--default\">Consulta el programa<\/span><\/a><\/div><\/div><\/div><div class=\"fusion-layout-column fusion_builder_column fusion-builder-column-2 fusion_builder_column_1_3 1_3 fusion-flex-column\" style=\"--awb-bg-size:cover;--awb-width-large:33.333333333333%;--awb-margin-top-large:0px;--awb-spacing-right-large:5.76%;--awb-margin-bottom-large:20px;--awb-spacing-left-large:5.76%;--awb-width-medium:100%;--awb-order-medium:0;--awb-spacing-right-medium:1.92%;--awb-spacing-left-medium:1.92%;--awb-width-small:100%;--awb-order-small:0;--awb-spacing-right-small:1.92%;--awb-spacing-left-small:1.92%;\"><div class=\"fusion-column-wrapper fusion-column-has-shadow fusion-flex-justify-content-flex-start fusion-content-layout-column\"><div style=\"text-align:center;\"><a class=\"fusion-button button-flat fusion-button-default-size button-custom fusion-button-default button-2 fusion-button-default-span fusion-button-default-type\" style=\"--button_accent_color:#ffffff;--button_accent_hover_color:#ffffff;--button_border_hover_color:#ffffff;--button_gradient_top_color:#bd1a8c;--button_gradient_bottom_color:#bd1a8c;--button_gradient_top_color_hover:#662483;--button_gradient_bottom_color_hover:#662483;\" target=\"_blank\" rel=\"noopener noreferrer\" href=\"https:\/\/storage.cdn.eurecat.org\/PDF\/LABIIT\/Presentacions-jornada-labiit-28maig-2025.pdf\"><span class=\"fusion-button-text awb-button__text awb-button__text--default\">DESCARGA LAS PRESENTACIONES<\/span><\/a><\/div><\/div><\/div><div class=\"fusion-layout-column fusion_builder_column fusion-builder-column-3 fusion_builder_column_1_3 1_3 fusion-flex-column\" style=\"--awb-bg-size:cover;--awb-width-large:33.333333333333%;--awb-margin-top-large:0px;--awb-spacing-right-large:5.76%;--awb-margin-bottom-large:20px;--awb-spacing-left-large:5.76%;--awb-width-medium:100%;--awb-order-medium:0;--awb-spacing-right-medium:1.92%;--awb-spacing-left-medium:1.92%;--awb-width-small:100%;--awb-order-small:0;--awb-spacing-right-small:1.92%;--awb-spacing-left-small:1.92%;\"><div class=\"fusion-column-wrapper fusion-column-has-shadow fusion-flex-justify-content-flex-start fusion-content-layout-column\"><div style=\"text-align:center;\"><a class=\"fusion-button button-flat fusion-button-default-size button-custom fusion-button-default button-3 fusion-button-default-span fusion-button-default-type\" style=\"--button_accent_color:#ffffff;--button_accent_hover_color:#ffffff;--button_border_hover_color:#ffffff;--button_gradient_top_color:#bd1a8c;--button_gradient_bottom_color:#bd1a8c;--button_gradient_top_color_hover:#662483;--button_gradient_bottom_color_hover:#662483;\" target=\"_blank\" rel=\"noopener noreferrer\" href=\"https:\/\/www.youtube.com\/playlist?list=PLHIPVfO2JGnrJKqhuorDTRXy9FvCG_sQp\"><span class=\"fusion-button-text awb-button__text awb-button__text--default\">VISUALIZA LOS V\u00cdDEOS DE LAS SESIONES<\/span><\/a><\/div><\/div><\/div><\/div><\/div><div class=\"fusion-fullwidth fullwidth-box fusion-builder-row-2 fusion-flex-container has-pattern-background has-mask-background nonhundred-percent-fullwidth non-hundred-percent-height-scrolling\" style=\"--awb-border-radius-top-left:0px;--awb-border-radius-top-right:0px;--awb-border-radius-bottom-right:0px;--awb-border-radius-bottom-left:0px;--awb-background-color:#ffffff;--awb-flex-wrap:wrap;\" ><div class=\"fusion-builder-row fusion-row fusion-flex-align-items-flex-start fusion-flex-content-wrap\" style=\"max-width:1424.8px;margin-left: calc(-4% \/ 2 );margin-right: calc(-4% \/ 2 );\"><div class=\"fusion-layout-column fusion_builder_column fusion-builder-column-4 fusion_builder_column_1_1 1_1 fusion-flex-column\" style=\"--awb-bg-size:cover;--awb-width-large:100%;--awb-margin-top-large:0px;--awb-spacing-right-large:1.92%;--awb-margin-bottom-large:20px;--awb-spacing-left-large:1.92%;--awb-width-medium:100%;--awb-order-medium:0;--awb-spacing-right-medium:1.92%;--awb-spacing-left-medium:1.92%;--awb-width-small:100%;--awb-order-small:0;--awb-spacing-right-small:1.92%;--awb-spacing-left-small:1.92%;\"><div class=\"fusion-column-wrapper fusion-column-has-shadow fusion-flex-justify-content-flex-start fusion-content-layout-column\"><div class=\"fusion-separator fusion-full-width-sep\" style=\"align-self: center;margin-left: auto;margin-right: auto;flex-grow:10;width:100%;\"><\/div><div class=\"fusion-text fusion-text-2\" style=\"--awb-content-alignment:center;\"><h3 style=\"text-align: left;\"><span style=\"color: #bd1a8c;\"><strong>PROGRAMA<\/strong><\/span><\/h3>\n<\/div><div class=\"fusion-separator fusion-full-width-sep\" style=\"align-self: center;margin-left: auto;margin-right: auto;flex-grow:5;width:100%;\"><div class=\"fusion-separator-border sep-single sep-solid\" style=\"--awb-height:20px;--awb-amount:20px;border-color:#e0dede;border-top-width:1px;\"><\/div><\/div><\/div><\/div><div class=\"fusion-layout-column fusion_builder_column fusion-builder-column-5 fusion_builder_column_1_4 1_4 fusion-flex-column\" style=\"--awb-bg-size:cover;--awb-width-large:25%;--awb-margin-top-large:0px;--awb-spacing-right-large:7.68%;--awb-margin-bottom-large:20px;--awb-spacing-left-large:7.68%;--awb-width-medium:100%;--awb-order-medium:0;--awb-spacing-right-medium:1.92%;--awb-spacing-left-medium:1.92%;--awb-width-small:100%;--awb-order-small:0;--awb-spacing-right-small:1.92%;--awb-spacing-left-small:1.92%;\"><div class=\"fusion-column-wrapper fusion-column-has-shadow fusion-flex-justify-content-flex-start fusion-content-layout-column\"><div class=\"fusion-text fusion-text-3\"><h5 style=\"text-align: center;\"><span style=\"color: #000000;\"><strong>9:30 &#8211; 9:45h<\/strong><\/span><\/h5>\n<\/div><\/div><\/div><div class=\"fusion-layout-column fusion_builder_column fusion-builder-column-6 fusion_builder_column_2_3 2_3 fusion-flex-column\" style=\"--awb-bg-size:cover;--awb-width-large:66.666666666667%;--awb-margin-top-large:0px;--awb-spacing-right-large:2.88%;--awb-margin-bottom-large:20px;--awb-spacing-left-large:2.88%;--awb-width-medium:100%;--awb-order-medium:0;--awb-spacing-right-medium:1.92%;--awb-spacing-left-medium:1.92%;--awb-width-small:100%;--awb-order-small:0;--awb-spacing-right-small:1.92%;--awb-spacing-left-small:1.92%;\"><div class=\"fusion-column-wrapper fusion-column-has-shadow fusion-flex-justify-content-flex-start fusion-content-layout-column\"><div class=\"fusion-text fusion-text-4\"><h5><strong><span style=\"color: #808080;\">Recepci\u00f3n de asistentes<\/span><\/strong><\/h5>\n<\/div><\/div><\/div><div class=\"fusion-layout-column fusion_builder_column fusion-builder-column-7 fusion_builder_column_1_4 1_4 fusion-flex-column\" style=\"--awb-bg-size:cover;--awb-width-large:25%;--awb-margin-top-large:0px;--awb-spacing-right-large:7.68%;--awb-margin-bottom-large:20px;--awb-spacing-left-large:7.68%;--awb-width-medium:100%;--awb-order-medium:0;--awb-spacing-right-medium:1.92%;--awb-spacing-left-medium:1.92%;--awb-width-small:100%;--awb-order-small:0;--awb-spacing-right-small:1.92%;--awb-spacing-left-small:1.92%;\"><div class=\"fusion-column-wrapper fusion-column-has-shadow fusion-flex-justify-content-flex-start fusion-content-layout-column\"><div class=\"fusion-text fusion-text-5\"><h5 style=\"text-align: center;\"><strong>9:45 &#8211; 10:00h<\/strong><\/h5>\n<\/div><\/div><\/div><div class=\"fusion-layout-column fusion_builder_column fusion-builder-column-8 fusion_builder_column_2_3 2_3 fusion-flex-column\" style=\"--awb-bg-size:cover;--awb-width-large:66.666666666667%;--awb-margin-top-large:0px;--awb-spacing-right-large:2.88%;--awb-margin-bottom-large:20px;--awb-spacing-left-large:2.88%;--awb-width-medium:100%;--awb-order-medium:0;--awb-spacing-right-medium:1.92%;--awb-spacing-left-medium:1.92%;--awb-width-small:100%;--awb-order-small:0;--awb-spacing-right-small:1.92%;--awb-spacing-left-small:1.92%;\"><div class=\"fusion-column-wrapper fusion-column-has-shadow fusion-flex-justify-content-flex-start fusion-content-layout-column\"><div class=\"fusion-text fusion-text-6\"><h5><span style=\"color: #bd1a8c;\"><strong>Bienvenida<\/strong><\/span><\/h5>\n<\/div><\/div><\/div><div class=\"fusion-layout-column fusion_builder_column fusion-builder-column-9 fusion_builder_column_1_4 1_4 fusion-flex-column\" style=\"--awb-bg-size:cover;--awb-width-large:25%;--awb-margin-top-large:0px;--awb-spacing-right-large:7.68%;--awb-margin-bottom-large:20px;--awb-spacing-left-large:7.68%;--awb-width-medium:100%;--awb-order-medium:0;--awb-spacing-right-medium:1.92%;--awb-spacing-left-medium:1.92%;--awb-width-small:100%;--awb-order-small:0;--awb-spacing-right-small:1.92%;--awb-spacing-left-small:1.92%;\"><div class=\"fusion-column-wrapper fusion-column-has-shadow fusion-flex-justify-content-flex-start fusion-content-layout-column\"><div class=\"fusion-text fusion-text-7\"><h5 style=\"text-align: center;\"><strong>10:00 &#8211; 10:30h<\/strong><\/h5>\n<\/div><\/div><\/div><div class=\"fusion-layout-column fusion_builder_column fusion-builder-column-10 fusion_builder_column_2_3 2_3 fusion-flex-column\" style=\"--awb-bg-size:cover;--awb-width-large:66.666666666667%;--awb-margin-top-large:0px;--awb-spacing-right-large:2.88%;--awb-margin-bottom-large:20px;--awb-spacing-left-large:2.88%;--awb-width-medium:100%;--awb-order-medium:0;--awb-spacing-right-medium:1.92%;--awb-spacing-left-medium:1.92%;--awb-width-small:100%;--awb-order-small:0;--awb-spacing-right-small:1.92%;--awb-spacing-left-small:1.92%;\"><div class=\"fusion-column-wrapper fusion-column-has-shadow fusion-flex-justify-content-flex-start fusion-content-layout-column\"><div class=\"fusion-text fusion-text-8\"><h5><span style=\"color: #808080;\"><strong>Di\u00e1logo <span style=\"color: #bd1a8c;\">\u2018El futuro del turismo y su efecto regenerativo\u2019<\/span><\/strong><\/span><\/h5>\n<ul>\n<li>\n<h5><strong>Carles Ib\u00e1\u00f1ez<\/strong>, director del Centro en Resili\u00e9ncia Clim\u00e1tica (CRC), coordinado por Eurecat<\/h5>\n<\/li>\n<li>\n<h5><strong>Luc\u00eda Hern\u00e1ndez<\/strong>, Experta en innovaci\u00f3n ecosist\u00e9mica<\/h5>\n<\/li>\n<\/ul>\n<\/div><\/div><\/div><div class=\"fusion-layout-column fusion_builder_column fusion-builder-column-11 fusion_builder_column_1_4 1_4 fusion-flex-column\" style=\"--awb-bg-size:cover;--awb-width-large:25%;--awb-margin-top-large:0px;--awb-spacing-right-large:7.68%;--awb-margin-bottom-large:20px;--awb-spacing-left-large:7.68%;--awb-width-medium:100%;--awb-order-medium:0;--awb-spacing-right-medium:1.92%;--awb-spacing-left-medium:1.92%;--awb-width-small:100%;--awb-order-small:0;--awb-spacing-right-small:1.92%;--awb-spacing-left-small:1.92%;\"><div class=\"fusion-column-wrapper fusion-column-has-shadow fusion-flex-justify-content-flex-start fusion-content-layout-column\"><div class=\"fusion-text fusion-text-9\"><h5 style=\"text-align: center;\"><strong>10:30 &#8211; 11:15h<\/strong><\/h5>\n<\/div><\/div><\/div><div class=\"fusion-layout-column fusion_builder_column fusion-builder-column-12 fusion_builder_column_2_3 2_3 fusion-flex-column\" style=\"--awb-bg-size:cover;--awb-width-large:66.666666666667%;--awb-margin-top-large:0px;--awb-spacing-right-large:2.88%;--awb-margin-bottom-large:20px;--awb-spacing-left-large:2.88%;--awb-width-medium:100%;--awb-order-medium:0;--awb-spacing-right-medium:1.92%;--awb-spacing-left-medium:1.92%;--awb-width-small:100%;--awb-order-small:0;--awb-spacing-right-small:1.92%;--awb-spacing-left-small:1.92%;\"><div class=\"fusion-column-wrapper fusion-column-has-shadow fusion-flex-justify-content-flex-start fusion-content-layout-column\"><div class=\"fusion-text fusion-text-10\"><h5><span style=\"color: #808080;\"><strong>Ponencia inspiradora <span style=\"color: #bd1a8c;\">\u2018Qu\u00e9 entendemos por turismo regenerativo? Oportunidades y aspectos clave\u2019<\/span><\/strong><\/span><\/h5>\n<\/div><\/div><\/div><div class=\"fusion-layout-column fusion_builder_column fusion-builder-column-13 fusion_builder_column_1_4 1_4 fusion-flex-column\" style=\"--awb-bg-size:cover;--awb-width-large:25%;--awb-margin-top-large:0px;--awb-spacing-right-large:7.68%;--awb-margin-bottom-large:20px;--awb-spacing-left-large:7.68%;--awb-width-medium:100%;--awb-order-medium:0;--awb-spacing-right-medium:1.92%;--awb-spacing-left-medium:1.92%;--awb-width-small:100%;--awb-order-small:0;--awb-spacing-right-small:1.92%;--awb-spacing-left-small:1.92%;\"><div class=\"fusion-column-wrapper fusion-column-has-shadow fusion-flex-justify-content-flex-start fusion-content-layout-column\"><div class=\"fusion-text fusion-text-11\"><h5 style=\"text-align: center;\"><strong>11:15 &#8211; 11:45h<\/strong><\/h5>\n<\/div><\/div><\/div><div class=\"fusion-layout-column fusion_builder_column fusion-builder-column-14 fusion_builder_column_2_3 2_3 fusion-flex-column\" style=\"--awb-bg-size:cover;--awb-width-large:66.666666666667%;--awb-margin-top-large:0px;--awb-spacing-right-large:2.88%;--awb-margin-bottom-large:20px;--awb-spacing-left-large:2.88%;--awb-width-medium:100%;--awb-order-medium:0;--awb-spacing-right-medium:1.92%;--awb-spacing-left-medium:1.92%;--awb-width-small:100%;--awb-order-small:0;--awb-spacing-right-small:1.92%;--awb-spacing-left-small:1.92%;\"><div class=\"fusion-column-wrapper fusion-column-has-shadow fusion-flex-justify-content-flex-start fusion-content-layout-column\"><div class=\"fusion-text fusion-text-12\"><h5><em><span style=\"color: #808080;\"><strong><span style=\"color: #bd1a8c;\">Caf\u00e9 Networking<\/span><\/strong><\/span><\/em><\/h5>\n<\/div><\/div><\/div><div class=\"fusion-layout-column fusion_builder_column fusion-builder-column-15 fusion_builder_column_1_4 1_4 fusion-flex-column\" style=\"--awb-bg-size:cover;--awb-width-large:25%;--awb-margin-top-large:0px;--awb-spacing-right-large:7.68%;--awb-margin-bottom-large:20px;--awb-spacing-left-large:7.68%;--awb-width-medium:100%;--awb-order-medium:0;--awb-spacing-right-medium:1.92%;--awb-spacing-left-medium:1.92%;--awb-width-small:100%;--awb-order-small:0;--awb-spacing-right-small:1.92%;--awb-spacing-left-small:1.92%;\"><div class=\"fusion-column-wrapper fusion-column-has-shadow fusion-flex-justify-content-flex-start fusion-content-layout-column\"><div class=\"fusion-text fusion-text-13\"><h5 style=\"text-align: center;\"><strong>11:45 &#8211; 12:30h<\/strong><\/h5>\n<\/div><\/div><\/div><div class=\"fusion-layout-column fusion_builder_column fusion-builder-column-16 fusion_builder_column_2_3 2_3 fusion-flex-column\" style=\"--awb-bg-size:cover;--awb-width-large:66.666666666667%;--awb-margin-top-large:0px;--awb-spacing-right-large:2.88%;--awb-margin-bottom-large:20px;--awb-spacing-left-large:2.88%;--awb-width-medium:100%;--awb-order-medium:0;--awb-spacing-right-medium:1.92%;--awb-spacing-left-medium:1.92%;--awb-width-small:100%;--awb-order-small:0;--awb-spacing-right-small:1.92%;--awb-spacing-left-small:1.92%;\"><div class=\"fusion-column-wrapper fusion-column-has-shadow fusion-flex-justify-content-flex-start fusion-content-layout-column\"><div class=\"fusion-text fusion-text-14\"><h5><span style=\"color: #808080;\">Mesa de experiencias<strong>:<span style=\"color: #bd1a8c;\"> El replanteamiento de las propuestas tur\u00edsticas para promover nuevas formas de viajar m\u00e1s conscientes y transformadoras<br \/>\n<\/span><\/strong><br \/>\n<\/span><\/h5>\n<\/div><\/div><\/div><div class=\"fusion-layout-column fusion_builder_column fusion-builder-column-17 fusion_builder_column_1_4 1_4 fusion-flex-column\" style=\"--awb-bg-size:cover;--awb-width-large:25%;--awb-margin-top-large:0px;--awb-spacing-right-large:7.68%;--awb-margin-bottom-large:20px;--awb-spacing-left-large:7.68%;--awb-width-medium:100%;--awb-order-medium:0;--awb-spacing-right-medium:1.92%;--awb-spacing-left-medium:1.92%;--awb-width-small:100%;--awb-order-small:0;--awb-spacing-right-small:1.92%;--awb-spacing-left-small:1.92%;\"><div class=\"fusion-column-wrapper fusion-column-has-shadow fusion-flex-justify-content-flex-start fusion-content-layout-column\"><div class=\"fusion-text fusion-text-15\"><h5 style=\"text-align: center;\"><strong>12:30h<\/strong><\/h5>\n<\/div><\/div><\/div><div class=\"fusion-layout-column fusion_builder_column fusion-builder-column-18 fusion_builder_column_2_3 2_3 fusion-flex-column\" style=\"--awb-bg-size:cover;--awb-width-large:66.666666666667%;--awb-margin-top-large:0px;--awb-spacing-right-large:2.88%;--awb-margin-bottom-large:20px;--awb-spacing-left-large:2.88%;--awb-width-medium:100%;--awb-order-medium:0;--awb-spacing-right-medium:1.92%;--awb-spacing-left-medium:1.92%;--awb-width-small:100%;--awb-order-small:0;--awb-spacing-right-small:1.92%;--awb-spacing-left-small:1.92%;\"><div class=\"fusion-column-wrapper fusion-column-has-shadow fusion-flex-justify-content-flex-start fusion-content-layout-column\"><div class=\"fusion-text fusion-text-16\"><h5><em><span style=\"color: #808080;\"><strong><span style=\"color: #bd1a8c;\">Clausura<\/span><\/strong><\/span><\/em><\/h5>\n<\/div><\/div><\/div><\/div><\/div><div class=\"fusion-fullwidth fullwidth-box fusion-builder-row-3 fusion-flex-container has-pattern-background has-mask-background nonhundred-percent-fullwidth non-hundred-percent-height-scrolling\" style=\"--awb-border-radius-top-left:0px;--awb-border-radius-top-right:0px;--awb-border-radius-bottom-right:0px;--awb-border-radius-bottom-left:0px;--awb-background-color:#ffffff;--awb-flex-wrap:wrap;\" ><div class=\"fusion-builder-row fusion-row fusion-flex-align-items-flex-start fusion-flex-content-wrap\" style=\"max-width:1424.8px;margin-left: calc(-4% \/ 2 );margin-right: calc(-4% \/ 2 );\"><div class=\"fusion-layout-column fusion_builder_column fusion-builder-column-19 fusion_builder_column_1_1 1_1 fusion-flex-column\" style=\"--awb-bg-size:cover;--awb-width-large:100%;--awb-margin-top-large:0px;--awb-spacing-right-large:1.92%;--awb-margin-bottom-large:20px;--awb-spacing-left-large:1.92%;--awb-width-medium:100%;--awb-order-medium:0;--awb-spacing-right-medium:1.92%;--awb-spacing-left-medium:1.92%;--awb-width-small:100%;--awb-order-small:0;--awb-spacing-right-small:1.92%;--awb-spacing-left-small:1.92%;\"><div class=\"fusion-column-wrapper fusion-column-has-shadow fusion-flex-justify-content-flex-start fusion-content-layout-column\"><div class=\"fusion-separator fusion-full-width-sep\" style=\"align-self: center;margin-left: auto;margin-right: auto;flex-grow:10;width:100%;\"><\/div><div class=\"fusion-text fusion-text-17\" style=\"--awb-content-alignment:center;\"><h3 style=\"text-align: left;\"><span style=\"color: #bd1a8c;\"><strong>PONENTS<\/strong><\/span><\/h3>\n<\/div><div class=\"fusion-separator fusion-full-width-sep\" style=\"align-self: center;margin-left: auto;margin-right: auto;flex-grow:5;width:100%;\"><div class=\"fusion-separator-border sep-single sep-solid\" style=\"--awb-height:20px;--awb-amount:20px;border-color:#e0dede;border-top-width:1px;\"><\/div><\/div><div class=\"fusion-builder-row fusion-builder-row-inner fusion-row fusion-flex-align-items-flex-start fusion-flex-content-wrap\" style=\"--awb-flex-grow:0;--awb-flex-grow-medium:0;--awb-flex-grow-small:0;--awb-flex-shrink:0;--awb-flex-shrink-medium:0;--awb-flex-shrink-small:0;width:104% !important;max-width:104% !important;margin-left: calc(-4% \/ 2 );margin-right: calc(-4% \/ 2 );\"><div class=\"fusion-layout-column fusion_builder_column_inner fusion-builder-nested-column-0 fusion_builder_column_inner_1_3 1_3 fusion-flex-column\" style=\"--awb-bg-size:cover;--awb-width-large:33.333333333333%;--awb-margin-top-large:0px;--awb-spacing-right-large:5.76%;--awb-margin-bottom-large:20px;--awb-spacing-left-large:5.76%;--awb-width-medium:100%;--awb-order-medium:0;--awb-spacing-right-medium:1.92%;--awb-spacing-left-medium:1.92%;--awb-width-small:100%;--awb-order-small:0;--awb-spacing-right-small:1.92%;--awb-spacing-left-small:1.92%;\"><div class=\"fusion-column-wrapper fusion-column-has-shadow fusion-flex-justify-content-flex-start fusion-content-layout-column\"><div class=\"fusion-image-element \" style=\"--awb-caption-title-font-family:var(--h2_typography-font-family);--awb-caption-title-font-weight:var(--h2_typography-font-weight);--awb-caption-title-font-style:var(--h2_typography-font-style);--awb-caption-title-size:var(--h2_typography-font-size);--awb-caption-title-transform:var(--h2_typography-text-transform);--awb-caption-title-line-height:var(--h2_typography-line-height);--awb-caption-title-letter-spacing:var(--h2_typography-letter-spacing);\"><span class=\" fusion-imageframe imageframe-none imageframe-1 hover-type-none\"><img decoding=\"async\" width=\"750\" height=\"750\" title=\"Salvador-anton-min\" src=\"https:\/\/eurecat.org\/wp-content\/uploads\/2024\/10\/Salvador-anton-min.png\" alt class=\"img-responsive wp-image-161976\" srcset=\"https:\/\/eurecat.org\/wp-content\/uploads\/2024\/10\/Salvador-anton-min-200x200.png 200w, https:\/\/eurecat.org\/wp-content\/uploads\/2024\/10\/Salvador-anton-min-400x400.png 400w, https:\/\/eurecat.org\/wp-content\/uploads\/2024\/10\/Salvador-anton-min-600x600.png 600w, https:\/\/eurecat.org\/wp-content\/uploads\/2024\/10\/Salvador-anton-min.png 750w\" sizes=\"(max-width: 1024px) 100vw, (max-width: 640px) 100vw, 600px\" \/><\/span><\/div><\/div><\/div><div class=\"fusion-layout-column fusion_builder_column_inner fusion-builder-nested-column-1 fusion_builder_column_inner_2_3 2_3 fusion-flex-column\" style=\"--awb-bg-size:cover;--awb-width-large:66.666666666667%;--awb-margin-top-large:0px;--awb-spacing-right-large:2.88%;--awb-margin-bottom-large:20px;--awb-spacing-left-large:2.88%;--awb-width-medium:100%;--awb-order-medium:0;--awb-spacing-right-medium:1.92%;--awb-spacing-left-medium:1.92%;--awb-width-small:100%;--awb-order-small:0;--awb-spacing-right-small:1.92%;--awb-spacing-left-small:1.92%;\"><div class=\"fusion-column-wrapper fusion-column-has-shadow fusion-flex-justify-content-flex-start fusion-content-layout-column\"><div class=\"fusion-text fusion-text-18\"><h5><span style=\"color: #808080;\"><strong><span style=\"color: #bd1a8c;\">SALVADOR ANTON<br \/>\n<\/span><\/strong><\/span><strong><span style=\"color: #808080;\">Director del area de turismo de Eurecat y profesor de la Universidad Rovira i Virgili<\/span><br \/>\n<\/strong><\/h5>\n<h5><em>Catedr\u00e1tico de An\u00e1lisis Geogr\u00e1fico Regional en la Universidad Rovira i Virgili desde 2010 y profesor Distinguido desde 2018, actualmente es el director cient\u00edfico del \u00e1rea de turismo del centro tecnol\u00f3gico Eurecat.<\/em><\/h5>\n<h5>X: <strong>@SalvadorAntonC<\/strong><\/h5>\n<\/div><\/div><\/div><\/div><div class=\"fusion-builder-row fusion-builder-row-inner fusion-row fusion-flex-align-items-flex-start fusion-flex-content-wrap\" style=\"--awb-flex-grow:0;--awb-flex-grow-medium:0;--awb-flex-grow-small:0;--awb-flex-shrink:0;--awb-flex-shrink-medium:0;--awb-flex-shrink-small:0;width:104% !important;max-width:104% !important;margin-left: calc(-4% \/ 2 );margin-right: calc(-4% \/ 2 );\"><div class=\"fusion-layout-column fusion_builder_column_inner fusion-builder-nested-column-2 fusion_builder_column_inner_1_3 1_3 fusion-flex-column\" style=\"--awb-bg-size:cover;--awb-width-large:33.333333333333%;--awb-margin-top-large:0px;--awb-spacing-right-large:5.76%;--awb-margin-bottom-large:20px;--awb-spacing-left-large:5.76%;--awb-width-medium:100%;--awb-order-medium:0;--awb-spacing-right-medium:1.92%;--awb-spacing-left-medium:1.92%;--awb-width-small:100%;--awb-order-small:0;--awb-spacing-right-small:1.92%;--awb-spacing-left-small:1.92%;\"><div class=\"fusion-column-wrapper fusion-column-has-shadow fusion-flex-justify-content-flex-start fusion-content-layout-column\"><div class=\"fusion-image-element \" style=\"--awb-caption-title-font-family:var(--h2_typography-font-family);--awb-caption-title-font-weight:var(--h2_typography-font-weight);--awb-caption-title-font-style:var(--h2_typography-font-style);--awb-caption-title-size:var(--h2_typography-font-size);--awb-caption-title-transform:var(--h2_typography-text-transform);--awb-caption-title-line-height:var(--h2_typography-line-height);--awb-caption-title-letter-spacing:var(--h2_typography-letter-spacing);\"><span class=\" fusion-imageframe imageframe-none imageframe-2 hover-type-none\"><img decoding=\"async\" width=\"500\" height=\"500\" title=\"Josep Bertomeu web\" src=\"https:\/\/eurecat.org\/wp-content\/uploads\/2025\/04\/Josep-Bertomeu-web.png\" alt class=\"img-responsive wp-image-179254\" srcset=\"https:\/\/eurecat.org\/wp-content\/uploads\/2025\/04\/Josep-Bertomeu-web-200x200.png 200w, https:\/\/eurecat.org\/wp-content\/uploads\/2025\/04\/Josep-Bertomeu-web-400x400.png 400w, https:\/\/eurecat.org\/wp-content\/uploads\/2025\/04\/Josep-Bertomeu-web.png 500w\" sizes=\"(max-width: 1024px) 100vw, (max-width: 640px) 100vw, 500px\" \/><\/span><\/div><\/div><\/div><div class=\"fusion-layout-column fusion_builder_column_inner fusion-builder-nested-column-3 fusion_builder_column_inner_2_3 2_3 fusion-flex-column\" style=\"--awb-bg-size:cover;--awb-width-large:66.666666666667%;--awb-margin-top-large:0px;--awb-spacing-right-large:2.88%;--awb-margin-bottom-large:20px;--awb-spacing-left-large:2.88%;--awb-width-medium:100%;--awb-order-medium:0;--awb-spacing-right-medium:1.92%;--awb-spacing-left-medium:1.92%;--awb-width-small:100%;--awb-order-small:0;--awb-spacing-right-small:1.92%;--awb-spacing-left-small:1.92%;\"><div class=\"fusion-column-wrapper fusion-column-has-shadow fusion-flex-justify-content-flex-start fusion-content-layout-column\"><div class=\"fusion-text fusion-text-19\"><h5><span style=\"color: #808080;\"><strong><span style=\"color: #bd1a8c;\">JOSEP BERTOMEU<br \/>\n<\/span><\/strong><\/span><strong><span style=\"color: #808080;\">Fundador de DeltaPolet Natura i Sabers<\/span><br \/>\n<\/strong><\/h5>\n<h5><em>Es conocido por defender la cultura, la lengua y la forma de vivir tradicional del Delta, a menudo con un toque de humor y cr\u00edtica social. Ha participado en entrevistas, v\u00eddeos virales y ha estado presente en actos y campa\u00f1as que tienen que ver con la defensa del territorio y del medio ambiente, especialmente en relaci\u00f3n a la regresi\u00f3n del Delta y la protecci\u00f3n del r\u00edo Ebro. Actualmente desde la empresa DeltaPolet Natura y Sabers, pretende utilizar el turismo regenerativo como una plataforma para concienciar a la sociedad, hacia un turismo y una forma de vida m\u00e1s responsables.<\/em><\/h5>\n<h5><em>Experiencia:<\/em><br \/>\n<em>DeltaPolet Natura i Sabers es una empresa familiar del Delta del Ebro. Con la voluntad de que los conocimientos de c\u00f3mo cultivar arroz y obtener los recursos b\u00e1sicos no quedaran en el olvido, crearon un producto tur\u00edstico que pusiera en valor la conservaci\u00f3n de los espacios naturales y la cultura, convirti\u00e9ndose en una empresa referente en Ecoturismo.<\/em><\/h5>\n<\/div><\/div><\/div><\/div><div class=\"fusion-builder-row fusion-builder-row-inner fusion-row fusion-flex-align-items-flex-start fusion-flex-content-wrap\" style=\"--awb-flex-grow:0;--awb-flex-grow-medium:0;--awb-flex-grow-small:0;--awb-flex-shrink:0;--awb-flex-shrink-medium:0;--awb-flex-shrink-small:0;width:104% !important;max-width:104% !important;margin-left: calc(-4% \/ 2 );margin-right: calc(-4% \/ 2 );\"><div class=\"fusion-layout-column fusion_builder_column_inner fusion-builder-nested-column-4 fusion_builder_column_inner_1_3 1_3 fusion-flex-column\" style=\"--awb-bg-size:cover;--awb-width-large:33.333333333333%;--awb-margin-top-large:0px;--awb-spacing-right-large:5.76%;--awb-margin-bottom-large:20px;--awb-spacing-left-large:5.76%;--awb-width-medium:100%;--awb-order-medium:0;--awb-spacing-right-medium:1.92%;--awb-spacing-left-medium:1.92%;--awb-width-small:100%;--awb-order-small:0;--awb-spacing-right-small:1.92%;--awb-spacing-left-small:1.92%;\"><div class=\"fusion-column-wrapper fusion-column-has-shadow fusion-flex-justify-content-flex-start fusion-content-layout-column\"><div class=\"fusion-image-element \" style=\"--awb-caption-title-font-family:var(--h2_typography-font-family);--awb-caption-title-font-weight:var(--h2_typography-font-weight);--awb-caption-title-font-style:var(--h2_typography-font-style);--awb-caption-title-size:var(--h2_typography-font-size);--awb-caption-title-transform:var(--h2_typography-text-transform);--awb-caption-title-line-height:var(--h2_typography-line-height);--awb-caption-title-letter-spacing:var(--h2_typography-letter-spacing);\"><span class=\" fusion-imageframe imageframe-none imageframe-3 hover-type-none\"><img decoding=\"async\" width=\"500\" height=\"500\" title=\"Gerard Costa web\" src=\"https:\/\/eurecat.org\/wp-content\/uploads\/2025\/04\/Gerard-Costa-web.png\" alt class=\"img-responsive wp-image-179257\" srcset=\"https:\/\/eurecat.org\/wp-content\/uploads\/2025\/04\/Gerard-Costa-web-200x200.png 200w, https:\/\/eurecat.org\/wp-content\/uploads\/2025\/04\/Gerard-Costa-web-400x400.png 400w, https:\/\/eurecat.org\/wp-content\/uploads\/2025\/04\/Gerard-Costa-web.png 500w\" sizes=\"(max-width: 1024px) 100vw, (max-width: 640px) 100vw, 500px\" \/><\/span><\/div><\/div><\/div><div class=\"fusion-layout-column fusion_builder_column_inner fusion-builder-nested-column-5 fusion_builder_column_inner_2_3 2_3 fusion-flex-column\" style=\"--awb-bg-size:cover;--awb-width-large:66.666666666667%;--awb-margin-top-large:0px;--awb-spacing-right-large:2.88%;--awb-margin-bottom-large:20px;--awb-spacing-left-large:2.88%;--awb-width-medium:100%;--awb-order-medium:0;--awb-spacing-right-medium:1.92%;--awb-spacing-left-medium:1.92%;--awb-width-small:100%;--awb-order-small:0;--awb-spacing-right-small:1.92%;--awb-spacing-left-small:1.92%;\"><div class=\"fusion-column-wrapper fusion-column-has-shadow fusion-flex-justify-content-flex-start fusion-content-layout-column\"><div class=\"fusion-text fusion-text-20\"><h5><span style=\"color: #808080;\"><strong><span style=\"color: #bd1a8c;\">GERARD COSTA<br \/>\n<\/span><\/strong><\/span><strong><span style=\"color: #808080;\">Cofundador y CEO de Anigami, cofundador y vicepresidente de Miceli.Social, cofundador y presidente de Imagina, cofundador y vicepresidente de Cardant Cultura y cofundador y tesorero de Batec Natura<\/span><br \/>\n<\/strong><\/h5>\n<h5><em>Emprendedor natural focalizado en los retos ecosociales que afronta nuestra sociedad. Cuenta con m\u00e1s de 30 a\u00f1os trabajando en las relaciones de las personas, organizaciones y comunidades con la naturaleza. Impulsor del binomio salud y naturaleza en el marco de la salud comunitaria. Especializado en turismo regenerativo, movilidad sostenible, nuevas gobernanzas y gesti\u00f3n de la masificaci\u00f3n en entornos naturales vulnerables. Viajero de cordilleras, desiertos y paisajes naturales por m\u00e1s de 50 pa\u00edses en todo el mundo, es cofundador de Anigami, las asociaciones Imagina, Gu\u00edas del Collsacabra y Batec Natura y las cooperativas Miceli Social y Cardant Cultura.<\/em><\/h5>\n<h5><em>Experiencia:<\/em><br \/>\n<em>Santuarios Naturals.org es un proyecto sin \u00e1nimo de lucro de beneficio comunitario que se financia con aportaciones individuales y proyectos RSE de empresas sensibles con la naturaleza cuyo fin es fomentar nuevas actitudes respetuosas hacia los espacios naturales singulares.<\/em><\/h5>\n<h5><em>X: <\/em><strong>@Anigamis<\/strong><\/h5>\n<\/div><\/div><\/div><\/div><div class=\"fusion-builder-row fusion-builder-row-inner fusion-row fusion-flex-align-items-flex-start fusion-flex-content-wrap\" style=\"--awb-flex-grow:0;--awb-flex-grow-medium:0;--awb-flex-grow-small:0;--awb-flex-shrink:0;--awb-flex-shrink-medium:0;--awb-flex-shrink-small:0;width:104% !important;max-width:104% !important;margin-left: calc(-4% \/ 2 );margin-right: calc(-4% \/ 2 );\"><div class=\"fusion-layout-column fusion_builder_column_inner fusion-builder-nested-column-6 fusion_builder_column_inner_1_3 1_3 fusion-flex-column\" style=\"--awb-bg-size:cover;--awb-width-large:33.333333333333%;--awb-margin-top-large:0px;--awb-spacing-right-large:5.76%;--awb-margin-bottom-large:20px;--awb-spacing-left-large:5.76%;--awb-width-medium:100%;--awb-order-medium:0;--awb-spacing-right-medium:1.92%;--awb-spacing-left-medium:1.92%;--awb-width-small:100%;--awb-order-small:0;--awb-spacing-right-small:1.92%;--awb-spacing-left-small:1.92%;\"><div class=\"fusion-column-wrapper fusion-column-has-shadow fusion-flex-justify-content-flex-start fusion-content-layout-column\"><div class=\"fusion-image-element \" style=\"--awb-caption-title-font-family:var(--h2_typography-font-family);--awb-caption-title-font-weight:var(--h2_typography-font-weight);--awb-caption-title-font-style:var(--h2_typography-font-style);--awb-caption-title-size:var(--h2_typography-font-size);--awb-caption-title-transform:var(--h2_typography-text-transform);--awb-caption-title-line-height:var(--h2_typography-line-height);--awb-caption-title-letter-spacing:var(--h2_typography-letter-spacing);\"><span class=\" fusion-imageframe imageframe-none imageframe-4 hover-type-none\"><img decoding=\"async\" width=\"500\" height=\"500\" title=\"Albert-Folch-web\" src=\"https:\/\/eurecat.org\/wp-content\/uploads\/2024\/10\/Albert-Folch-web.png\" alt class=\"img-responsive wp-image-163028\" srcset=\"https:\/\/eurecat.org\/wp-content\/uploads\/2024\/10\/Albert-Folch-web-200x200.png 200w, https:\/\/eurecat.org\/wp-content\/uploads\/2024\/10\/Albert-Folch-web-400x400.png 400w, https:\/\/eurecat.org\/wp-content\/uploads\/2024\/10\/Albert-Folch-web.png 500w\" sizes=\"(max-width: 1024px) 100vw, (max-width: 640px) 100vw, 500px\" \/><\/span><\/div><\/div><\/div><div class=\"fusion-layout-column fusion_builder_column_inner fusion-builder-nested-column-7 fusion_builder_column_inner_2_3 2_3 fusion-flex-column\" style=\"--awb-bg-size:cover;--awb-width-large:66.666666666667%;--awb-margin-top-large:0px;--awb-spacing-right-large:2.88%;--awb-margin-bottom-large:20px;--awb-spacing-left-large:2.88%;--awb-width-medium:100%;--awb-order-medium:0;--awb-spacing-right-medium:1.92%;--awb-spacing-left-medium:1.92%;--awb-width-small:100%;--awb-order-small:0;--awb-spacing-right-small:1.92%;--awb-spacing-left-small:1.92%;\"><div class=\"fusion-column-wrapper fusion-column-has-shadow fusion-flex-justify-content-flex-start fusion-content-layout-column\"><div class=\"fusion-text fusion-text-21\"><h5><span style=\"color: #808080;\"><strong><span style=\"color: #bd1a8c;\">ALBERT FOLCH<br \/>\n<\/span><\/strong><\/span><strong><span style=\"color: #808080;\">Jefe de secci\u00f3n en las Tierras del Ebro del Patronato de Turismo de la Diputaci\u00f3n de Tarragona<\/span><br \/>\n<\/strong><\/h5>\n<h5><em>Diplomado en turismo y postgraduado en marketing por la Universidad Pompeu Fabra, es desde el a\u00f1o 2013 el adjunto a la direcci\u00f3n por las Tierras del Ebro del Patronato de Turismo de la Diputaci\u00f3n de Tarragona donde desde 2016 impulsan la candidatura de Terres de l&#8217;Ebre en el top 100 green destinations. Anteriormente, fue el gerente de la Empresa Municipal de desarrollo econ\u00f3mico de Tarragona. Su trayectoria profesional tambi\u00e9n se vincula con el \u00e1mbito de la formaci\u00f3n como profesor asociado, en varias ocasiones, en la Facultad de Turismo y Geograf\u00eda de la URV.<\/em><\/h5>\n<h5>X: <strong>@afolch<\/strong><\/h5>\n<\/div><\/div><\/div><\/div><div class=\"fusion-builder-row fusion-builder-row-inner fusion-row fusion-flex-align-items-flex-start fusion-flex-content-wrap\" style=\"--awb-flex-grow:0;--awb-flex-grow-medium:0;--awb-flex-grow-small:0;--awb-flex-shrink:0;--awb-flex-shrink-medium:0;--awb-flex-shrink-small:0;width:104% !important;max-width:104% !important;margin-left: calc(-4% \/ 2 );margin-right: calc(-4% \/ 2 );\"><div class=\"fusion-layout-column fusion_builder_column_inner fusion-builder-nested-column-8 fusion_builder_column_inner_1_3 1_3 fusion-flex-column\" style=\"--awb-bg-size:cover;--awb-width-large:33.333333333333%;--awb-margin-top-large:0px;--awb-spacing-right-large:5.76%;--awb-margin-bottom-large:20px;--awb-spacing-left-large:5.76%;--awb-width-medium:100%;--awb-order-medium:0;--awb-spacing-right-medium:1.92%;--awb-spacing-left-medium:1.92%;--awb-width-small:100%;--awb-order-small:0;--awb-spacing-right-small:1.92%;--awb-spacing-left-small:1.92%;\"><div class=\"fusion-column-wrapper fusion-column-has-shadow fusion-flex-justify-content-flex-start fusion-content-layout-column\"><div class=\"fusion-image-element \" style=\"--awb-caption-title-font-family:var(--h2_typography-font-family);--awb-caption-title-font-weight:var(--h2_typography-font-weight);--awb-caption-title-font-style:var(--h2_typography-font-style);--awb-caption-title-size:var(--h2_typography-font-size);--awb-caption-title-transform:var(--h2_typography-text-transform);--awb-caption-title-line-height:var(--h2_typography-line-height);--awb-caption-title-letter-spacing:var(--h2_typography-letter-spacing);\"><span class=\" fusion-imageframe imageframe-none imageframe-5 hover-type-none\"><img decoding=\"async\" width=\"500\" height=\"500\" title=\"Alba Gracia web\" src=\"https:\/\/eurecat.org\/wp-content\/uploads\/2025\/04\/Alba-Gracia-web.png\" alt class=\"img-responsive wp-image-179296\" srcset=\"https:\/\/eurecat.org\/wp-content\/uploads\/2025\/04\/Alba-Gracia-web-200x200.png 200w, https:\/\/eurecat.org\/wp-content\/uploads\/2025\/04\/Alba-Gracia-web-400x400.png 400w, https:\/\/eurecat.org\/wp-content\/uploads\/2025\/04\/Alba-Gracia-web.png 500w\" sizes=\"(max-width: 1024px) 100vw, (max-width: 640px) 100vw, 500px\" \/><\/span><\/div><\/div><\/div><div class=\"fusion-layout-column fusion_builder_column_inner fusion-builder-nested-column-9 fusion_builder_column_inner_2_3 2_3 fusion-flex-column\" style=\"--awb-bg-size:cover;--awb-width-large:66.666666666667%;--awb-margin-top-large:0px;--awb-spacing-right-large:2.88%;--awb-margin-bottom-large:20px;--awb-spacing-left-large:2.88%;--awb-width-medium:100%;--awb-order-medium:0;--awb-spacing-right-medium:1.92%;--awb-spacing-left-medium:1.92%;--awb-width-small:100%;--awb-order-small:0;--awb-spacing-right-small:1.92%;--awb-spacing-left-small:1.92%;\"><div class=\"fusion-column-wrapper fusion-column-has-shadow fusion-flex-justify-content-flex-start fusion-content-layout-column\"><div class=\"fusion-text fusion-text-22\"><h5><span style=\"color: #808080;\"><strong><span style=\"color: #bd1a8c;\">ALBA GR\u00c0CIA<br \/>\n<\/span><\/strong><\/span><strong><span style=\"color: #808080;\">Directora del centro de interpretaci\u00f3n de Malvasia de la Sitges<\/span><br \/>\n<\/strong><\/h5>\n<h5><em>Licenciada en historia, se ha especializado en investigar, generar contenidos y difundir el patrimonio y la historia vitivin\u00edcola de Catalu\u00f1a, especialmente de la varietal Malvas\u00eda de Sitges y sus escenarios socioecon\u00f3micos.\u00a0 Actualmente es la directora del Centro de Interpretaci\u00f3n de la Malvas\u00eda de Sitges, impulsado por la Fundaci\u00f3n del Hospital San Juan Bautista de Sitges y ubicado en el antiguo corral de la villa y en la antigua bodega del hospital.<\/em><\/h5>\n<h5><em>Experiencia:<\/em><br \/>\n<em>El Centro de Interpretaci\u00f3n de la Malvas\u00eda de Sitges se enfoca al turismo regenerativo. Uno de sus impactos versa sobre la residencia de ancianos y abuelas, ya que la actividad de visitar el vi\u00f1edo urbano tiene lugar en su patio exterior y se controlan las capacidades de carga para aportar un entretenimiento e intercambio emocional eficiente.<\/em><\/h5>\n<h5><em>X: <\/em>@malvasia_sitges<\/h5>\n<\/div><\/div><\/div><\/div><div class=\"fusion-builder-row fusion-builder-row-inner fusion-row fusion-flex-align-items-flex-start fusion-flex-content-wrap\" style=\"--awb-flex-grow:0;--awb-flex-grow-medium:0;--awb-flex-grow-small:0;--awb-flex-shrink:0;--awb-flex-shrink-medium:0;--awb-flex-shrink-small:0;width:104% !important;max-width:104% !important;margin-left: calc(-4% \/ 2 );margin-right: calc(-4% \/ 2 );\"><div class=\"fusion-layout-column fusion_builder_column_inner fusion-builder-nested-column-10 fusion_builder_column_inner_1_3 1_3 fusion-flex-column\" style=\"--awb-bg-size:cover;--awb-width-large:33.333333333333%;--awb-margin-top-large:0px;--awb-spacing-right-large:5.76%;--awb-margin-bottom-large:20px;--awb-spacing-left-large:5.76%;--awb-width-medium:100%;--awb-order-medium:0;--awb-spacing-right-medium:1.92%;--awb-spacing-left-medium:1.92%;--awb-width-small:100%;--awb-order-small:0;--awb-spacing-right-small:1.92%;--awb-spacing-left-small:1.92%;\"><div class=\"fusion-column-wrapper fusion-column-has-shadow fusion-flex-justify-content-flex-start fusion-content-layout-column\"><div class=\"fusion-image-element \" style=\"--awb-caption-title-font-family:var(--h2_typography-font-family);--awb-caption-title-font-weight:var(--h2_typography-font-weight);--awb-caption-title-font-style:var(--h2_typography-font-style);--awb-caption-title-size:var(--h2_typography-font-size);--awb-caption-title-transform:var(--h2_typography-text-transform);--awb-caption-title-line-height:var(--h2_typography-line-height);--awb-caption-title-letter-spacing:var(--h2_typography-letter-spacing);\"><span class=\" fusion-imageframe imageframe-none imageframe-6 hover-type-none\"><img decoding=\"async\" width=\"500\" height=\"500\" title=\"Lucia BLess &#8211; web\" src=\"https:\/\/eurecat.org\/wp-content\/uploads\/2025\/04\/Lucia-BLess-web.png\" alt class=\"img-responsive wp-image-179453\" srcset=\"https:\/\/eurecat.org\/wp-content\/uploads\/2025\/04\/Lucia-BLess-web-200x200.png 200w, https:\/\/eurecat.org\/wp-content\/uploads\/2025\/04\/Lucia-BLess-web-400x400.png 400w, https:\/\/eurecat.org\/wp-content\/uploads\/2025\/04\/Lucia-BLess-web.png 500w\" sizes=\"(max-width: 1024px) 100vw, (max-width: 640px) 100vw, 500px\" \/><\/span><\/div><\/div><\/div><div class=\"fusion-layout-column fusion_builder_column_inner fusion-builder-nested-column-11 fusion_builder_column_inner_2_3 2_3 fusion-flex-column\" style=\"--awb-bg-size:cover;--awb-width-large:66.666666666667%;--awb-margin-top-large:0px;--awb-spacing-right-large:2.88%;--awb-margin-bottom-large:20px;--awb-spacing-left-large:2.88%;--awb-width-medium:100%;--awb-order-medium:0;--awb-spacing-right-medium:1.92%;--awb-spacing-left-medium:1.92%;--awb-width-small:100%;--awb-order-small:0;--awb-spacing-right-small:1.92%;--awb-spacing-left-small:1.92%;\"><div class=\"fusion-column-wrapper fusion-column-has-shadow fusion-flex-justify-content-flex-start fusion-content-layout-column\"><div class=\"fusion-text fusion-text-23\"><h5><span style=\"color: #808080;\"><strong><span style=\"color: #bd1a8c;\">LUC\u00cdA HERN\u00c1NDEZ<br \/>\n<\/span><\/strong><strong>Experta en innovaci\u00f3n ecosist\u00e9mica <\/strong><\/span><\/h5>\n<h5><em>Consultora especializada en el desarrollo de modelos de negocio y ecosistemas colaborativos con m\u00e1s de 10 a\u00f1os de experiencia liderando proyectos de activaci\u00f3n ecosist\u00e9mica con organizaciones p\u00fablicas y privadas. Es experta en Econom\u00eda de Plataforma y Regeneraci\u00f3n, y acompa\u00f1a a instituciones y empresas a la transici\u00f3n hacia modelos m\u00e1s colaborativos, resilientes y orientados al territorio.<\/em><\/h5>\n<h5><em>Ha colaborado en el dise\u00f1o de pol\u00edticas p\u00fablicas con la Comisi\u00f3n Europea, el Banco Interamericano de Desarrollo (BID) y varios gobiernos locales y forma parte de redes internacionales de innovaci\u00f3n, desde donde identifica tendencias emergentes y patrones globales. Combina su experiencia de gesti\u00f3n con una s\u00f3lida capacidad para liderar equipos multiculturales e implementar soluciones innovadoras que conecten su rentabilidad con la regeneraci\u00f3n.<\/em><br \/>\n<em>Conferenciante internacional y docente en diversas universidades y escuelas de negocio.<\/em><\/h5>\n<h5>X: <strong>@luciahdez3<\/strong><\/h5>\n<\/div><\/div><\/div><\/div><div class=\"fusion-builder-row fusion-builder-row-inner fusion-row fusion-flex-align-items-flex-start fusion-flex-content-wrap\" style=\"--awb-flex-grow:0;--awb-flex-grow-medium:0;--awb-flex-grow-small:0;--awb-flex-shrink:0;--awb-flex-shrink-medium:0;--awb-flex-shrink-small:0;width:104% !important;max-width:104% !important;margin-left: calc(-4% \/ 2 );margin-right: calc(-4% \/ 2 );\"><div class=\"fusion-layout-column fusion_builder_column_inner fusion-builder-nested-column-12 fusion_builder_column_inner_1_3 1_3 fusion-flex-column\" style=\"--awb-bg-size:cover;--awb-width-large:33.333333333333%;--awb-margin-top-large:0px;--awb-spacing-right-large:5.76%;--awb-margin-bottom-large:20px;--awb-spacing-left-large:5.76%;--awb-width-medium:100%;--awb-order-medium:0;--awb-spacing-right-medium:1.92%;--awb-spacing-left-medium:1.92%;--awb-width-small:100%;--awb-order-small:0;--awb-spacing-right-small:1.92%;--awb-spacing-left-small:1.92%;\"><div class=\"fusion-column-wrapper fusion-column-has-shadow fusion-flex-justify-content-flex-start fusion-content-layout-column\"><div class=\"fusion-image-element \" style=\"--awb-caption-title-font-family:var(--h2_typography-font-family);--awb-caption-title-font-weight:var(--h2_typography-font-weight);--awb-caption-title-font-style:var(--h2_typography-font-style);--awb-caption-title-size:var(--h2_typography-font-size);--awb-caption-title-transform:var(--h2_typography-text-transform);--awb-caption-title-line-height:var(--h2_typography-line-height);--awb-caption-title-letter-spacing:var(--h2_typography-letter-spacing);\"><span class=\" fusion-imageframe imageframe-none imageframe-7 hover-type-none\"><img decoding=\"async\" width=\"500\" height=\"500\" title=\"Carles Iba\u00f1ez_web\" src=\"https:\/\/eurecat.org\/wp-content\/uploads\/2025\/04\/Carles-Ibanez_web.png\" alt class=\"img-responsive wp-image-179387\" srcset=\"https:\/\/eurecat.org\/wp-content\/uploads\/2025\/04\/Carles-Ibanez_web-200x200.png 200w, https:\/\/eurecat.org\/wp-content\/uploads\/2025\/04\/Carles-Ibanez_web-400x400.png 400w, https:\/\/eurecat.org\/wp-content\/uploads\/2025\/04\/Carles-Ibanez_web.png 500w\" sizes=\"(max-width: 1024px) 100vw, (max-width: 640px) 100vw, 500px\" \/><\/span><\/div><\/div><\/div><div class=\"fusion-layout-column fusion_builder_column_inner fusion-builder-nested-column-13 fusion_builder_column_inner_2_3 2_3 fusion-flex-column\" style=\"--awb-bg-size:cover;--awb-width-large:66.666666666667%;--awb-margin-top-large:0px;--awb-spacing-right-large:2.88%;--awb-margin-bottom-large:20px;--awb-spacing-left-large:2.88%;--awb-width-medium:100%;--awb-order-medium:0;--awb-spacing-right-medium:1.92%;--awb-spacing-left-medium:1.92%;--awb-width-small:100%;--awb-order-small:0;--awb-spacing-right-small:1.92%;--awb-spacing-left-small:1.92%;\"><div class=\"fusion-column-wrapper fusion-column-has-shadow fusion-flex-justify-content-flex-start fusion-content-layout-column\"><div class=\"fusion-text fusion-text-24\"><h5><span style=\"color: #808080;\"><strong><span style=\"color: #bd1a8c;\">CARLES IBA\u00d1EZ<br \/>\n<\/span><\/strong><\/span><strong><span style=\"color: #808080;\">Director del Centro en Resiliencia Clim\u00e1tica (CRC), coordinado por Eurecat<\/span><br \/>\n<\/strong><\/h5>\n<h5><em>Doctor en Biolog\u00eda (Cum Laude) por la Universidad de Barcelona (UB), es investigador Senior de la Unidad Tecnol\u00f3gica de Soluciones Clim\u00e1ticas y Servicios Ecosist\u00e9micos del \u00c1rea de Sostenibilidad de Eurecat. Tambi\u00e9n asume la direcci\u00f3n del Centro en Resiliencia Clim\u00e1tica (CRC), que trabaja de forma coordinada con instituciones de investigaci\u00f3n, agentes sociales y econ\u00f3micos y administraciones p\u00fablicas, para sumar capacidades a la mitigaci\u00f3n y adaptaci\u00f3n al cambio clim\u00e1tico. Autor de m\u00e1s de 130 publicaciones en revistas cient\u00edficas internacionales y cap\u00edtulos de libro, y de numerosas publicaciones t\u00e9cnicas y divulgativas.<\/em><\/h5>\n<h5>X: <strong>@Eurecat_news<\/strong><\/h5>\n<\/div><\/div><\/div><\/div><div class=\"fusion-builder-row fusion-builder-row-inner fusion-row fusion-flex-align-items-flex-start fusion-flex-content-wrap\" style=\"--awb-flex-grow:0;--awb-flex-grow-medium:0;--awb-flex-grow-small:0;--awb-flex-shrink:0;--awb-flex-shrink-medium:0;--awb-flex-shrink-small:0;width:104% !important;max-width:104% !important;margin-left: calc(-4% \/ 2 );margin-right: calc(-4% \/ 2 );\"><div class=\"fusion-layout-column fusion_builder_column_inner fusion-builder-nested-column-14 fusion_builder_column_inner_1_3 1_3 fusion-flex-column\" style=\"--awb-bg-size:cover;--awb-width-large:33.333333333333%;--awb-margin-top-large:0px;--awb-spacing-right-large:5.76%;--awb-margin-bottom-large:20px;--awb-spacing-left-large:5.76%;--awb-width-medium:100%;--awb-order-medium:0;--awb-spacing-right-medium:1.92%;--awb-spacing-left-medium:1.92%;--awb-width-small:100%;--awb-order-small:0;--awb-spacing-right-small:1.92%;--awb-spacing-left-small:1.92%;\"><div class=\"fusion-column-wrapper fusion-column-has-shadow fusion-flex-justify-content-flex-start fusion-content-layout-column\"><div class=\"fusion-image-element \" style=\"--awb-caption-title-font-family:var(--h2_typography-font-family);--awb-caption-title-font-weight:var(--h2_typography-font-weight);--awb-caption-title-font-style:var(--h2_typography-font-style);--awb-caption-title-size:var(--h2_typography-font-size);--awb-caption-title-transform:var(--h2_typography-text-transform);--awb-caption-title-line-height:var(--h2_typography-line-height);--awb-caption-title-letter-spacing:var(--h2_typography-letter-spacing);\"><span class=\" fusion-imageframe imageframe-none imageframe-8 hover-type-none\"><img decoding=\"async\" width=\"500\" height=\"500\" title=\"Alba Gracia web\" src=\"https:\/\/eurecat.org\/wp-content\/uploads\/2025\/04\/Alba-Gracia-web.png\" alt class=\"img-responsive wp-image-179296\" srcset=\"https:\/\/eurecat.org\/wp-content\/uploads\/2025\/04\/Alba-Gracia-web-200x200.png 200w, https:\/\/eurecat.org\/wp-content\/uploads\/2025\/04\/Alba-Gracia-web-400x400.png 400w, https:\/\/eurecat.org\/wp-content\/uploads\/2025\/04\/Alba-Gracia-web.png 500w\" sizes=\"(max-width: 1024px) 100vw, (max-width: 640px) 100vw, 500px\" \/><\/span><\/div><\/div><\/div><div class=\"fusion-layout-column fusion_builder_column_inner fusion-builder-nested-column-15 fusion_builder_column_inner_2_3 2_3 fusion-flex-column\" style=\"--awb-bg-size:cover;--awb-width-large:66.666666666667%;--awb-margin-top-large:0px;--awb-spacing-right-large:2.88%;--awb-margin-bottom-large:20px;--awb-spacing-left-large:2.88%;--awb-width-medium:100%;--awb-order-medium:0;--awb-spacing-right-medium:1.92%;--awb-spacing-left-medium:1.92%;--awb-width-small:100%;--awb-order-small:0;--awb-spacing-right-small:1.92%;--awb-spacing-left-small:1.92%;\"><div class=\"fusion-column-wrapper fusion-column-has-shadow fusion-flex-justify-content-flex-start fusion-content-layout-column\"><div class=\"fusion-text fusion-text-25\"><h5><span style=\"color: #808080;\"><strong><span style=\"color: #bd1a8c;\">MARINA PRAT<br \/>\n<\/span><\/strong>Consultora en turismo sostenible y regenerativo en Pax# Genuine Tourism Advisors.<br \/>\n<\/span><\/h5>\n<h5><em>Licenciada en Turismo por la Universidad de Girona. M\u00e1ster en Destinos Tur\u00edsticos Sostenibles y Planificaci\u00f3n Territorial por Ostelea Tourism Management School y la Universidad de Lleida.<\/em><br \/>\n<em>Actualmente es consultora, y su especializaci\u00f3n se basa en la coordinaci\u00f3n y el desarrollo de proyectos en el \u00e1mbito de la sostenibilidad tur\u00edstica: planificaci\u00f3n estrat\u00e9gica para destinos, investigaci\u00f3n para el desarrollo sostenible y competitivo del sector tur\u00edstico y asesoramiento en est\u00e1ndares de sostenibilidad y calidad a empresas tur\u00edsticas y destinos Adicionalmente, tambi\u00e9n se especializa en la conceptualizaci\u00f3n, capacitaci\u00f3n y divulgaci\u00f3n del turismo como la econom\u00eda circular.<\/em><\/h5>\n<\/div><\/div><\/div><\/div><\/div><\/div><\/div><\/div>\n","protected":false},"excerpt":{"rendered":"","protected":false},"author":45,"featured_media":179814,"comment_status":"closed","ping_status":"closed","template":"","tags":[2476,751],"mec_category":[986,2231],"class_list":["post-178584","mec-events","type-mec-events","status-publish","has-post-thumbnail","hentry","tag-ia-es","tag-turisme-es","mec_category-actos-cientificos-tecnologicos","mec_category-workshops-es"],"yoast_head":"<!-- This site is optimized with the Yoast SEO plugin v27.4 - https:\/\/yoast.com\/product\/yoast-seo-wordpress\/ -->\n<title>Jornada T\u00e9cnica LABIIT- M\u00e1s all\u00e1 de la sostenibilidad: estrategias para impulsar el turismo regenerativo - Eurecat<\/title>\n<meta name=\"description\" content=\"El Laboratori d\u2019Innovaci\u00f3 i Intel\u00b7lig\u00e8ncia Tur\u00edstica del Departament de Consultoria Tecnol\u00f2gica d\u2019Eurecat i el Patronat de Turisme de la Diputaci\u00f3 de Tarragona compleix 10 anys.\" \/>\n<meta name=\"robots\" content=\"index, follow, max-snippet:-1, max-image-preview:large, max-video-preview:-1\" \/>\n<link rel=\"canonical\" href=\"https:\/\/eurecat.org\/es\/calendario\/jornada-labiit-sostenibilidad-turismo-regenerativo\/\" \/>\n<meta property=\"og:locale\" content=\"es_ES\" \/>\n<meta property=\"og:type\" content=\"article\" \/>\n<meta property=\"og:title\" content=\"Jornada T\u00e9cnica LABIIT- M\u00e1s all\u00e1 de la sostenibilidad: estrategias para impulsar el turismo regenerativo - Eurecat\" \/>\n<meta property=\"og:description\" content=\"El Laboratori d\u2019Innovaci\u00f3 i Intel\u00b7lig\u00e8ncia Tur\u00edstica del Departament de Consultoria Tecnol\u00f2gica d\u2019Eurecat i el Patronat de Turisme de la Diputaci\u00f3 de Tarragona compleix 10 anys.\" \/>\n<meta property=\"og:url\" content=\"https:\/\/eurecat.org\/es\/calendario\/jornada-labiit-sostenibilidad-turismo-regenerativo\/\" \/>\n<meta property=\"og:site_name\" content=\"Eurecat\" \/>\n<meta property=\"article:modified_time\" content=\"2025-07-01T11:40:52+00:00\" \/>\n<meta property=\"og:image\" content=\"https:\/\/eurecat.org\/wp-content\/uploads\/2025\/04\/x-2.jpg\" \/>\n\t<meta property=\"og:image:width\" content=\"1200\" \/>\n\t<meta property=\"og:image:height\" content=\"675\" \/>\n\t<meta property=\"og:image:type\" content=\"image\/jpeg\" \/>\n<meta name=\"twitter:card\" content=\"summary_large_image\" \/>\n<meta name=\"twitter:label1\" content=\"Tiempo de lectura\" \/>\n\t<meta name=\"twitter:data1\" content=\"9 minutos\" \/>\n<script type=\"application\/ld+json\" class=\"yoast-schema-graph\">{\"@context\":\"https:\\\/\\\/schema.org\",\"@graph\":[{\"@type\":\"WebPage\",\"@id\":\"https:\\\/\\\/eurecat.org\\\/es\\\/calendario\\\/jornada-labiit-sostenibilidad-turismo-regenerativo\\\/\",\"url\":\"https:\\\/\\\/eurecat.org\\\/es\\\/calendario\\\/jornada-labiit-sostenibilidad-turismo-regenerativo\\\/\",\"name\":\"Jornada T\u00e9cnica LABIIT- M\u00e1s all\u00e1 de la sostenibilidad: estrategias para impulsar el turismo regenerativo - Eurecat\",\"isPartOf\":{\"@id\":\"https:\\\/\\\/eurecat.org\\\/es\\\/#website\"},\"primaryImageOfPage\":{\"@id\":\"https:\\\/\\\/eurecat.org\\\/es\\\/calendario\\\/jornada-labiit-sostenibilidad-turismo-regenerativo\\\/#primaryimage\"},\"image\":{\"@id\":\"https:\\\/\\\/eurecat.org\\\/es\\\/calendario\\\/jornada-labiit-sostenibilidad-turismo-regenerativo\\\/#primaryimage\"},\"thumbnailUrl\":\"https:\\\/\\\/eurecat.org\\\/wp-content\\\/uploads\\\/2025\\\/04\\\/x-2.jpg\",\"datePublished\":\"2025-04-28T09:39:31+00:00\",\"dateModified\":\"2025-07-01T11:40:52+00:00\",\"description\":\"El Laboratori d\u2019Innovaci\u00f3 i Intel\u00b7lig\u00e8ncia Tur\u00edstica del Departament de Consultoria Tecnol\u00f2gica d\u2019Eurecat i el Patronat de Turisme de la Diputaci\u00f3 de Tarragona compleix 10 anys.\",\"breadcrumb\":{\"@id\":\"https:\\\/\\\/eurecat.org\\\/es\\\/calendario\\\/jornada-labiit-sostenibilidad-turismo-regenerativo\\\/#breadcrumb\"},\"inLanguage\":\"es\",\"potentialAction\":[{\"@type\":\"ReadAction\",\"target\":[\"https:\\\/\\\/eurecat.org\\\/es\\\/calendario\\\/jornada-labiit-sostenibilidad-turismo-regenerativo\\\/\"]}]},{\"@type\":\"ImageObject\",\"inLanguage\":\"es\",\"@id\":\"https:\\\/\\\/eurecat.org\\\/es\\\/calendario\\\/jornada-labiit-sostenibilidad-turismo-regenerativo\\\/#primaryimage\",\"url\":\"https:\\\/\\\/eurecat.org\\\/wp-content\\\/uploads\\\/2025\\\/04\\\/x-2.jpg\",\"contentUrl\":\"https:\\\/\\\/eurecat.org\\\/wp-content\\\/uploads\\\/2025\\\/04\\\/x-2.jpg\",\"width\":1200,\"height\":675},{\"@type\":\"BreadcrumbList\",\"@id\":\"https:\\\/\\\/eurecat.org\\\/es\\\/calendario\\\/jornada-labiit-sostenibilidad-turismo-regenerativo\\\/#breadcrumb\",\"itemListElement\":[{\"@type\":\"ListItem\",\"position\":1,\"name\":\"Inici\",\"item\":\"https:\\\/\\\/eurecat.org\\\/es\\\/\"},{\"@type\":\"ListItem\",\"position\":2,\"name\":\"Eventos\",\"item\":\"https:\\\/\\\/eurecat.org\\\/es\\\/calendario\\\/\"},{\"@type\":\"ListItem\",\"position\":3,\"name\":\"Jornada T\u00e9cnica LABIIT- M\u00e1s all\u00e1 de la sostenibilidad: estrategias para impulsar el turismo regenerativo\"}]},{\"@type\":\"WebSite\",\"@id\":\"https:\\\/\\\/eurecat.org\\\/es\\\/#website\",\"url\":\"https:\\\/\\\/eurecat.org\\\/es\\\/\",\"name\":\"Eurecat\",\"description\":\"Otro sitio realizado con WordPress\",\"potentialAction\":[{\"@type\":\"SearchAction\",\"target\":{\"@type\":\"EntryPoint\",\"urlTemplate\":\"https:\\\/\\\/eurecat.org\\\/es\\\/?s={search_term_string}\"},\"query-input\":{\"@type\":\"PropertyValueSpecification\",\"valueRequired\":true,\"valueName\":\"search_term_string\"}}],\"inLanguage\":\"es\"}]}<\/script>\n<!-- \/ Yoast SEO plugin. -->","yoast_head_json":{"title":"Jornada T\u00e9cnica LABIIT- M\u00e1s all\u00e1 de la sostenibilidad: estrategias para impulsar el turismo regenerativo - Eurecat","description":"El Laboratori d\u2019Innovaci\u00f3 i Intel\u00b7lig\u00e8ncia Tur\u00edstica del Departament de Consultoria Tecnol\u00f2gica d\u2019Eurecat i el Patronat de Turisme de la Diputaci\u00f3 de Tarragona compleix 10 anys.","robots":{"index":"index","follow":"follow","max-snippet":"max-snippet:-1","max-image-preview":"max-image-preview:large","max-video-preview":"max-video-preview:-1"},"canonical":"https:\/\/eurecat.org\/es\/calendario\/jornada-labiit-sostenibilidad-turismo-regenerativo\/","og_locale":"es_ES","og_type":"article","og_title":"Jornada T\u00e9cnica LABIIT- M\u00e1s all\u00e1 de la sostenibilidad: estrategias para impulsar el turismo regenerativo - Eurecat","og_description":"El Laboratori d\u2019Innovaci\u00f3 i Intel\u00b7lig\u00e8ncia Tur\u00edstica del Departament de Consultoria Tecnol\u00f2gica d\u2019Eurecat i el Patronat de Turisme de la Diputaci\u00f3 de Tarragona compleix 10 anys.","og_url":"https:\/\/eurecat.org\/es\/calendario\/jornada-labiit-sostenibilidad-turismo-regenerativo\/","og_site_name":"Eurecat","article_modified_time":"2025-07-01T11:40:52+00:00","og_image":[{"width":1200,"height":675,"url":"https:\/\/eurecat.org\/wp-content\/uploads\/2025\/04\/x-2.jpg","type":"image\/jpeg"}],"twitter_card":"summary_large_image","twitter_misc":{"Tiempo de lectura":"9 minutos"},"schema":{"@context":"https:\/\/schema.org","@graph":[{"@type":"WebPage","@id":"https:\/\/eurecat.org\/es\/calendario\/jornada-labiit-sostenibilidad-turismo-regenerativo\/","url":"https:\/\/eurecat.org\/es\/calendario\/jornada-labiit-sostenibilidad-turismo-regenerativo\/","name":"Jornada T\u00e9cnica LABIIT- M\u00e1s all\u00e1 de la sostenibilidad: estrategias para impulsar el turismo regenerativo - Eurecat","isPartOf":{"@id":"https:\/\/eurecat.org\/es\/#website"},"primaryImageOfPage":{"@id":"https:\/\/eurecat.org\/es\/calendario\/jornada-labiit-sostenibilidad-turismo-regenerativo\/#primaryimage"},"image":{"@id":"https:\/\/eurecat.org\/es\/calendario\/jornada-labiit-sostenibilidad-turismo-regenerativo\/#primaryimage"},"thumbnailUrl":"https:\/\/eurecat.org\/wp-content\/uploads\/2025\/04\/x-2.jpg","datePublished":"2025-04-28T09:39:31+00:00","dateModified":"2025-07-01T11:40:52+00:00","description":"El Laboratori d\u2019Innovaci\u00f3 i Intel\u00b7lig\u00e8ncia Tur\u00edstica del Departament de Consultoria Tecnol\u00f2gica d\u2019Eurecat i el Patronat de Turisme de la Diputaci\u00f3 de Tarragona compleix 10 anys.","breadcrumb":{"@id":"https:\/\/eurecat.org\/es\/calendario\/jornada-labiit-sostenibilidad-turismo-regenerativo\/#breadcrumb"},"inLanguage":"es","potentialAction":[{"@type":"ReadAction","target":["https:\/\/eurecat.org\/es\/calendario\/jornada-labiit-sostenibilidad-turismo-regenerativo\/"]}]},{"@type":"ImageObject","inLanguage":"es","@id":"https:\/\/eurecat.org\/es\/calendario\/jornada-labiit-sostenibilidad-turismo-regenerativo\/#primaryimage","url":"https:\/\/eurecat.org\/wp-content\/uploads\/2025\/04\/x-2.jpg","contentUrl":"https:\/\/eurecat.org\/wp-content\/uploads\/2025\/04\/x-2.jpg","width":1200,"height":675},{"@type":"BreadcrumbList","@id":"https:\/\/eurecat.org\/es\/calendario\/jornada-labiit-sostenibilidad-turismo-regenerativo\/#breadcrumb","itemListElement":[{"@type":"ListItem","position":1,"name":"Inici","item":"https:\/\/eurecat.org\/es\/"},{"@type":"ListItem","position":2,"name":"Eventos","item":"https:\/\/eurecat.org\/es\/calendario\/"},{"@type":"ListItem","position":3,"name":"Jornada T\u00e9cnica LABIIT- M\u00e1s all\u00e1 de la sostenibilidad: estrategias para impulsar el turismo regenerativo"}]},{"@type":"WebSite","@id":"https:\/\/eurecat.org\/es\/#website","url":"https:\/\/eurecat.org\/es\/","name":"Eurecat","description":"Otro sitio realizado con WordPress","potentialAction":[{"@type":"SearchAction","target":{"@type":"EntryPoint","urlTemplate":"https:\/\/eurecat.org\/es\/?s={search_term_string}"},"query-input":{"@type":"PropertyValueSpecification","valueRequired":true,"valueName":"search_term_string"}}],"inLanguage":"es"}]}},"_links":{"self":[{"href":"https:\/\/eurecat.org\/es\/wp-json\/wp\/v2\/mec-events\/178584","targetHints":{"allow":["GET"]}}],"collection":[{"href":"https:\/\/eurecat.org\/es\/wp-json\/wp\/v2\/mec-events"}],"about":[{"href":"https:\/\/eurecat.org\/es\/wp-json\/wp\/v2\/types\/mec-events"}],"author":[{"embeddable":true,"href":"https:\/\/eurecat.org\/es\/wp-json\/wp\/v2\/users\/45"}],"replies":[{"embeddable":true,"href":"https:\/\/eurecat.org\/es\/wp-json\/wp\/v2\/comments?post=178584"}],"wp:featuredmedia":[{"embeddable":true,"href":"https:\/\/eurecat.org\/es\/wp-json\/wp\/v2\/media\/179814"}],"wp:attachment":[{"href":"https:\/\/eurecat.org\/es\/wp-json\/wp\/v2\/media?parent=178584"}],"wp:term":[{"taxonomy":"post_tag","embeddable":true,"href":"https:\/\/eurecat.org\/es\/wp-json\/wp\/v2\/tags?post=178584"},{"taxonomy":"mec_category","embeddable":true,"href":"https:\/\/eurecat.org\/es\/wp-json\/wp\/v2\/mec_category?post=178584"}],"curies":[{"name":"wp","href":"https:\/\/api.w.org\/{rel}","templated":true}]}}