{"id":181878,"date":"2025-07-09T10:44:55","date_gmt":"2025-07-09T08:44:55","guid":{"rendered":"https:\/\/eurecat.org\/?post_type=mec-events&#038;p=181878"},"modified":"2025-07-09T10:54:45","modified_gmt":"2025-07-09T08:54:45","slug":"presentacion-proyecto-de-impacto-aplicacion-de-la-ia-en-servicios-de-movilidad-con-amb","status":"publish","type":"mec-events","link":"https:\/\/eurecat.org\/es\/calendario\/presentacion-proyecto-de-impacto-aplicacion-de-la-ia-en-servicios-de-movilidad-con-amb\/","title":{"rendered":"Presentaci\u00f3n Proyecto de Impacto \u00abAplicaci\u00f3n de la IA en servicios de movilidad con AMB\u00bb"},"content":{"rendered":"<div class=\"fusion-fullwidth fullwidth-box fusion-builder-row-1 fusion-flex-container has-pattern-background has-mask-background nonhundred-percent-fullwidth non-hundred-percent-height-scrolling\" style=\"--awb-border-radius-top-left:0px;--awb-border-radius-top-right:0px;--awb-border-radius-bottom-right:0px;--awb-border-radius-bottom-left:0px;--awb-flex-wrap:wrap;\" ><div class=\"fusion-builder-row fusion-row fusion-flex-align-items-flex-start fusion-flex-content-wrap\" style=\"max-width:1424.8px;margin-left: calc(-4% \/ 2 );margin-right: calc(-4% \/ 2 );\"><div class=\"fusion-layout-column fusion_builder_column fusion-builder-column-0 fusion_builder_column_1_1 1_1 fusion-flex-column\" style=\"--awb-bg-size:cover;--awb-width-large:100%;--awb-margin-top-large:0px;--awb-spacing-right-large:1.92%;--awb-margin-bottom-large:20px;--awb-spacing-left-large:1.92%;--awb-width-medium:100%;--awb-order-medium:0;--awb-spacing-right-medium:1.92%;--awb-spacing-left-medium:1.92%;--awb-width-small:100%;--awb-order-small:0;--awb-spacing-right-small:1.92%;--awb-spacing-left-small:1.92%;\"><div class=\"fusion-column-wrapper fusion-column-has-shadow fusion-flex-justify-content-flex-start fusion-content-layout-column\"><div class=\"fusion-text fusion-text-1\"><p>El<strong>\u00a0CIDAI<\/strong>\u00a0(Centre of Innovation for Data tech and Artificial Intelligence)\u00a0<strong>organiza, con la colaboraci\u00f3n del\u00a0<\/strong><strong>\u00c1rea Metropolitana de Barcelona (AMB),\u00a0<\/strong>esta jornada t\u00e9cnica para analizar y difundir los resultados del proyecto \u201cAn\u00e1lisis de Impacto y Predicci\u00f3n de la demanda del Aerob\u00fas\u201d (AIDA).<\/p>\n<p>AIDA es un proyecto de impacto del CIDAI que tiene por objetivo contribuir a la\u00a0<strong>mejora de la eficiencia operativa en funci\u00f3n de la demanda del servicio Aerob\u00fas, de transporte del centro de Barcelona hacia el aeropuerto del Prat, con el uso de soluciones innovadoras basadas en IA y datos.<\/strong>\u00a0El proyecto incluye una fase de an\u00e1lisis exploratorio de datos (EDA) y del rendimiento de los varios modelos de predicci\u00f3n utilizados, as\u00ed como el desarrollo de un modelo matem\u00e1tico.<\/p>\n<p><strong>La jornada, adem\u00e1s, ofrecer\u00e1 contexto local e internacional con casos de uso reales de aplicaci\u00f3n de la IA en el \u00e1mbito de la movilidad<\/strong>. En este sentido, se contar\u00e1 con la participaci\u00f3n de\u00a0<strong>Eurecat<\/strong>, entidad que ha liderado el proyecto del CIDAI en colaboraci\u00f3n con AMB Informaci\u00f3 i Serveis, y la\u00a0<strong>Uni\u00f3n Internacional de Transporte P\u00fablico (UITP).<\/strong><\/p>\n<\/div><div style=\"text-align:center;\"><a class=\"fusion-button button-flat fusion-button-default-size button-default fusion-button-default button-1 fusion-button-default-span fusion-button-default-type\" target=\"_blank\" rel=\"noopener noreferrer\" href=\"https:\/\/cidai.eu\/es\/eventos\/presentacion-ia-en-servicios-movilidad-amb\/\"><span class=\"fusion-button-text awb-button__text awb-button__text--default\">Conoce el programa e inscr\u00edbete aqu\u00ed<\/span><\/a><\/div><\/div><\/div><\/div><\/div>\n","protected":false},"excerpt":{"rendered":"","protected":false},"author":20,"featured_media":181877,"comment_status":"closed","ping_status":"closed","template":"","tags":[],"mec_category":[986],"class_list":["post-181878","mec-events","type-mec-events","status-publish","has-post-thumbnail","hentry","mec_category-actos-cientificos-tecnologicos"],"yoast_head":"<!-- This site is optimized with the Yoast SEO plugin v27.4 - https:\/\/yoast.com\/product\/yoast-seo-wordpress\/ -->\n<title>Presentaci\u00f3n Proyecto de Impacto &quot;Aplicaci\u00f3n de la IA en servicios de movilidad con AMB&quot; - Eurecat<\/title>\n<meta name=\"description\" content=\"El CIDAI organiza con la AMB esta jornada t\u00e9cnica para analizar y difundir los resultados del proyecto \u201cAn\u00e1lisis de Impacto y Predicci\u00f3n de la demanda del Aerob\u00fas\u201d\" \/>\n<meta name=\"robots\" content=\"index, follow, max-snippet:-1, max-image-preview:large, max-video-preview:-1\" \/>\n<link rel=\"canonical\" href=\"https:\/\/eurecat.org\/es\/calendario\/presentacion-proyecto-de-impacto-aplicacion-de-la-ia-en-servicios-de-movilidad-con-amb\/\" \/>\n<meta property=\"og:locale\" content=\"es_ES\" \/>\n<meta property=\"og:type\" content=\"article\" \/>\n<meta property=\"og:title\" content=\"Presentaci\u00f3n Proyecto de Impacto &quot;Aplicaci\u00f3n de la IA en servicios de movilidad con AMB&quot; - Eurecat\" \/>\n<meta property=\"og:description\" content=\"El CIDAI organiza con la AMB esta jornada t\u00e9cnica para analizar y difundir los resultados del proyecto \u201cAn\u00e1lisis de Impacto y Predicci\u00f3n de la demanda del Aerob\u00fas\u201d\" \/>\n<meta property=\"og:url\" content=\"https:\/\/eurecat.org\/es\/calendario\/presentacion-proyecto-de-impacto-aplicacion-de-la-ia-en-servicios-de-movilidad-con-amb\/\" \/>\n<meta property=\"og:site_name\" content=\"Eurecat\" \/>\n<meta property=\"article:modified_time\" content=\"2025-07-09T08:54:45+00:00\" \/>\n<meta property=\"og:image\" content=\"https:\/\/eurecat.org\/wp-content\/uploads\/2025\/07\/CIDAI_1_17JULIOL_webcat.gif\" \/>\n\t<meta property=\"og:image:width\" content=\"800\" \/>\n\t<meta property=\"og:image:height\" content=\"533\" \/>\n\t<meta property=\"og:image:type\" content=\"image\/gif\" \/>\n<meta name=\"twitter:card\" content=\"summary_large_image\" \/>\n<meta name=\"twitter:label1\" content=\"Tiempo de lectura\" \/>\n\t<meta name=\"twitter:data1\" content=\"1 minuto\" \/>\n<script type=\"application\/ld+json\" class=\"yoast-schema-graph\">{\"@context\":\"https:\\\/\\\/schema.org\",\"@graph\":[{\"@type\":\"WebPage\",\"@id\":\"https:\\\/\\\/eurecat.org\\\/es\\\/calendario\\\/presentacion-proyecto-de-impacto-aplicacion-de-la-ia-en-servicios-de-movilidad-con-amb\\\/\",\"url\":\"https:\\\/\\\/eurecat.org\\\/es\\\/calendario\\\/presentacion-proyecto-de-impacto-aplicacion-de-la-ia-en-servicios-de-movilidad-con-amb\\\/\",\"name\":\"Presentaci\u00f3n Proyecto de Impacto \\\"Aplicaci\u00f3n de la IA en servicios de movilidad con AMB\\\" - Eurecat\",\"isPartOf\":{\"@id\":\"https:\\\/\\\/eurecat.org\\\/es\\\/#website\"},\"primaryImageOfPage\":{\"@id\":\"https:\\\/\\\/eurecat.org\\\/es\\\/calendario\\\/presentacion-proyecto-de-impacto-aplicacion-de-la-ia-en-servicios-de-movilidad-con-amb\\\/#primaryimage\"},\"image\":{\"@id\":\"https:\\\/\\\/eurecat.org\\\/es\\\/calendario\\\/presentacion-proyecto-de-impacto-aplicacion-de-la-ia-en-servicios-de-movilidad-con-amb\\\/#primaryimage\"},\"thumbnailUrl\":\"https:\\\/\\\/eurecat.org\\\/wp-content\\\/uploads\\\/2025\\\/07\\\/CIDAI_1_17JULIOL_webcat.gif\",\"datePublished\":\"2025-07-09T08:44:55+00:00\",\"dateModified\":\"2025-07-09T08:54:45+00:00\",\"description\":\"El CIDAI organiza con la AMB esta jornada t\u00e9cnica para analizar y difundir los resultados del proyecto \u201cAn\u00e1lisis de Impacto y Predicci\u00f3n de la demanda del Aerob\u00fas\u201d\",\"breadcrumb\":{\"@id\":\"https:\\\/\\\/eurecat.org\\\/es\\\/calendario\\\/presentacion-proyecto-de-impacto-aplicacion-de-la-ia-en-servicios-de-movilidad-con-amb\\\/#breadcrumb\"},\"inLanguage\":\"es\",\"potentialAction\":[{\"@type\":\"ReadAction\",\"target\":[\"https:\\\/\\\/eurecat.org\\\/es\\\/calendario\\\/presentacion-proyecto-de-impacto-aplicacion-de-la-ia-en-servicios-de-movilidad-con-amb\\\/\"]}]},{\"@type\":\"ImageObject\",\"inLanguage\":\"es\",\"@id\":\"https:\\\/\\\/eurecat.org\\\/es\\\/calendario\\\/presentacion-proyecto-de-impacto-aplicacion-de-la-ia-en-servicios-de-movilidad-con-amb\\\/#primaryimage\",\"url\":\"https:\\\/\\\/eurecat.org\\\/wp-content\\\/uploads\\\/2025\\\/07\\\/CIDAI_1_17JULIOL_webcat.gif\",\"contentUrl\":\"https:\\\/\\\/eurecat.org\\\/wp-content\\\/uploads\\\/2025\\\/07\\\/CIDAI_1_17JULIOL_webcat.gif\",\"width\":800,\"height\":533},{\"@type\":\"BreadcrumbList\",\"@id\":\"https:\\\/\\\/eurecat.org\\\/es\\\/calendario\\\/presentacion-proyecto-de-impacto-aplicacion-de-la-ia-en-servicios-de-movilidad-con-amb\\\/#breadcrumb\",\"itemListElement\":[{\"@type\":\"ListItem\",\"position\":1,\"name\":\"Inici\",\"item\":\"https:\\\/\\\/eurecat.org\\\/es\\\/\"},{\"@type\":\"ListItem\",\"position\":2,\"name\":\"Eventos\",\"item\":\"https:\\\/\\\/eurecat.org\\\/es\\\/calendario\\\/\"},{\"@type\":\"ListItem\",\"position\":3,\"name\":\"Presentaci\u00f3n Proyecto de Impacto &#8220;Aplicaci\u00f3n de la IA en servicios de movilidad con AMB&#8221;\"}]},{\"@type\":\"WebSite\",\"@id\":\"https:\\\/\\\/eurecat.org\\\/es\\\/#website\",\"url\":\"https:\\\/\\\/eurecat.org\\\/es\\\/\",\"name\":\"Eurecat\",\"description\":\"Otro sitio realizado con WordPress\",\"potentialAction\":[{\"@type\":\"SearchAction\",\"target\":{\"@type\":\"EntryPoint\",\"urlTemplate\":\"https:\\\/\\\/eurecat.org\\\/es\\\/?s={search_term_string}\"},\"query-input\":{\"@type\":\"PropertyValueSpecification\",\"valueRequired\":true,\"valueName\":\"search_term_string\"}}],\"inLanguage\":\"es\"}]}<\/script>\n<!-- \/ Yoast SEO plugin. -->","yoast_head_json":{"title":"Presentaci\u00f3n Proyecto de Impacto \"Aplicaci\u00f3n de la IA en servicios de movilidad con AMB\" - Eurecat","description":"El CIDAI organiza con la AMB esta jornada t\u00e9cnica para analizar y difundir los resultados del proyecto \u201cAn\u00e1lisis de Impacto y Predicci\u00f3n de la demanda del Aerob\u00fas\u201d","robots":{"index":"index","follow":"follow","max-snippet":"max-snippet:-1","max-image-preview":"max-image-preview:large","max-video-preview":"max-video-preview:-1"},"canonical":"https:\/\/eurecat.org\/es\/calendario\/presentacion-proyecto-de-impacto-aplicacion-de-la-ia-en-servicios-de-movilidad-con-amb\/","og_locale":"es_ES","og_type":"article","og_title":"Presentaci\u00f3n Proyecto de Impacto \"Aplicaci\u00f3n de la IA en servicios de movilidad con AMB\" - Eurecat","og_description":"El CIDAI organiza con la AMB esta jornada t\u00e9cnica para analizar y difundir los resultados del proyecto \u201cAn\u00e1lisis de Impacto y Predicci\u00f3n de la demanda del Aerob\u00fas\u201d","og_url":"https:\/\/eurecat.org\/es\/calendario\/presentacion-proyecto-de-impacto-aplicacion-de-la-ia-en-servicios-de-movilidad-con-amb\/","og_site_name":"Eurecat","article_modified_time":"2025-07-09T08:54:45+00:00","og_image":[{"width":800,"height":533,"url":"https:\/\/eurecat.org\/wp-content\/uploads\/2025\/07\/CIDAI_1_17JULIOL_webcat.gif","type":"image\/gif"}],"twitter_card":"summary_large_image","twitter_misc":{"Tiempo de lectura":"1 minuto"},"schema":{"@context":"https:\/\/schema.org","@graph":[{"@type":"WebPage","@id":"https:\/\/eurecat.org\/es\/calendario\/presentacion-proyecto-de-impacto-aplicacion-de-la-ia-en-servicios-de-movilidad-con-amb\/","url":"https:\/\/eurecat.org\/es\/calendario\/presentacion-proyecto-de-impacto-aplicacion-de-la-ia-en-servicios-de-movilidad-con-amb\/","name":"Presentaci\u00f3n Proyecto de Impacto \"Aplicaci\u00f3n de la IA en servicios de movilidad con AMB\" - Eurecat","isPartOf":{"@id":"https:\/\/eurecat.org\/es\/#website"},"primaryImageOfPage":{"@id":"https:\/\/eurecat.org\/es\/calendario\/presentacion-proyecto-de-impacto-aplicacion-de-la-ia-en-servicios-de-movilidad-con-amb\/#primaryimage"},"image":{"@id":"https:\/\/eurecat.org\/es\/calendario\/presentacion-proyecto-de-impacto-aplicacion-de-la-ia-en-servicios-de-movilidad-con-amb\/#primaryimage"},"thumbnailUrl":"https:\/\/eurecat.org\/wp-content\/uploads\/2025\/07\/CIDAI_1_17JULIOL_webcat.gif","datePublished":"2025-07-09T08:44:55+00:00","dateModified":"2025-07-09T08:54:45+00:00","description":"El CIDAI organiza con la AMB esta jornada t\u00e9cnica para analizar y difundir los resultados del proyecto \u201cAn\u00e1lisis de Impacto y Predicci\u00f3n de la demanda del Aerob\u00fas\u201d","breadcrumb":{"@id":"https:\/\/eurecat.org\/es\/calendario\/presentacion-proyecto-de-impacto-aplicacion-de-la-ia-en-servicios-de-movilidad-con-amb\/#breadcrumb"},"inLanguage":"es","potentialAction":[{"@type":"ReadAction","target":["https:\/\/eurecat.org\/es\/calendario\/presentacion-proyecto-de-impacto-aplicacion-de-la-ia-en-servicios-de-movilidad-con-amb\/"]}]},{"@type":"ImageObject","inLanguage":"es","@id":"https:\/\/eurecat.org\/es\/calendario\/presentacion-proyecto-de-impacto-aplicacion-de-la-ia-en-servicios-de-movilidad-con-amb\/#primaryimage","url":"https:\/\/eurecat.org\/wp-content\/uploads\/2025\/07\/CIDAI_1_17JULIOL_webcat.gif","contentUrl":"https:\/\/eurecat.org\/wp-content\/uploads\/2025\/07\/CIDAI_1_17JULIOL_webcat.gif","width":800,"height":533},{"@type":"BreadcrumbList","@id":"https:\/\/eurecat.org\/es\/calendario\/presentacion-proyecto-de-impacto-aplicacion-de-la-ia-en-servicios-de-movilidad-con-amb\/#breadcrumb","itemListElement":[{"@type":"ListItem","position":1,"name":"Inici","item":"https:\/\/eurecat.org\/es\/"},{"@type":"ListItem","position":2,"name":"Eventos","item":"https:\/\/eurecat.org\/es\/calendario\/"},{"@type":"ListItem","position":3,"name":"Presentaci\u00f3n Proyecto de Impacto &#8220;Aplicaci\u00f3n de la IA en servicios de movilidad con AMB&#8221;"}]},{"@type":"WebSite","@id":"https:\/\/eurecat.org\/es\/#website","url":"https:\/\/eurecat.org\/es\/","name":"Eurecat","description":"Otro sitio realizado con WordPress","potentialAction":[{"@type":"SearchAction","target":{"@type":"EntryPoint","urlTemplate":"https:\/\/eurecat.org\/es\/?s={search_term_string}"},"query-input":{"@type":"PropertyValueSpecification","valueRequired":true,"valueName":"search_term_string"}}],"inLanguage":"es"}]}},"_links":{"self":[{"href":"https:\/\/eurecat.org\/es\/wp-json\/wp\/v2\/mec-events\/181878","targetHints":{"allow":["GET"]}}],"collection":[{"href":"https:\/\/eurecat.org\/es\/wp-json\/wp\/v2\/mec-events"}],"about":[{"href":"https:\/\/eurecat.org\/es\/wp-json\/wp\/v2\/types\/mec-events"}],"author":[{"embeddable":true,"href":"https:\/\/eurecat.org\/es\/wp-json\/wp\/v2\/users\/20"}],"replies":[{"embeddable":true,"href":"https:\/\/eurecat.org\/es\/wp-json\/wp\/v2\/comments?post=181878"}],"wp:featuredmedia":[{"embeddable":true,"href":"https:\/\/eurecat.org\/es\/wp-json\/wp\/v2\/media\/181877"}],"wp:attachment":[{"href":"https:\/\/eurecat.org\/es\/wp-json\/wp\/v2\/media?parent=181878"}],"wp:term":[{"taxonomy":"post_tag","embeddable":true,"href":"https:\/\/eurecat.org\/es\/wp-json\/wp\/v2\/tags?post=181878"},{"taxonomy":"mec_category","embeddable":true,"href":"https:\/\/eurecat.org\/es\/wp-json\/wp\/v2\/mec_category?post=181878"}],"curies":[{"name":"wp","href":"https:\/\/api.w.org\/{rel}","templated":true}]}}