{"id":182336,"date":"2025-07-22T15:14:56","date_gmt":"2025-07-22T13:14:56","guid":{"rendered":"https:\/\/eurecat.org\/calendar\/jornada-labiit-bessons-digitals-servei-turisme\/"},"modified":"2025-10-10T14:33:41","modified_gmt":"2025-10-10T12:33:41","slug":"jornada-labiit-bessons-digitals-servei-turisme","status":"publish","type":"mec-events","link":"https:\/\/eurecat.org\/es\/calendario\/jornada-labiit-bessons-digitals-servei-turisme\/","title":{"rendered":"Jornada T\u00e9cnica LABIIT: Gemelos digitales al servicio del turismo: de la empresa y el destino f\u00edsico al entorno inteligente"},"content":{"rendered":"<div class=\"fusion-fullwidth fullwidth-box fusion-builder-row-1 fusion-flex-container has-pattern-background has-mask-background nonhundred-percent-fullwidth non-hundred-percent-height-scrolling\" style=\"--awb-border-radius-top-left:0px;--awb-border-radius-top-right:0px;--awb-border-radius-bottom-right:0px;--awb-border-radius-bottom-left:0px;--awb-flex-wrap:wrap;\" ><div class=\"fusion-builder-row fusion-row fusion-flex-align-items-flex-start fusion-flex-content-wrap\" style=\"max-width:1424.8px;margin-left: calc(-4% \/ 2 );margin-right: calc(-4% \/ 2 );\"><div class=\"fusion-layout-column fusion_builder_column fusion-builder-column-0 fusion_builder_column_1_1 1_1 fusion-flex-column\" style=\"--awb-bg-size:cover;--awb-width-large:100%;--awb-margin-top-large:0px;--awb-spacing-right-large:1.92%;--awb-margin-bottom-large:20px;--awb-spacing-left-large:1.92%;--awb-width-medium:100%;--awb-order-medium:0;--awb-spacing-right-medium:1.92%;--awb-spacing-left-medium:1.92%;--awb-width-small:100%;--awb-order-small:0;--awb-spacing-right-small:1.92%;--awb-spacing-left-small:1.92%;\"><div class=\"fusion-column-wrapper fusion-column-has-shadow fusion-flex-justify-content-flex-start fusion-content-layout-column\"><div class=\"fusion-text fusion-text-1\"><h5>Los<strong> gemelos digitales<\/strong> se est\u00e1n convirtiendo en una herramienta estrat\u00e9gica con un enorme potencial de aplicaci\u00f3n en \u00e1mbitos como el turismo. Estos modelos virtuales permiten simular, optimizar y anticipar escenarios reales con gran precisi\u00f3n. Gracias a la mejora de la conectividad y al an\u00e1lisis inteligente de grandes vol\u00famenes de datos, los gemelos digitales est\u00e1n revolucionando la forma en que gestionamos procesos, tomamos decisiones e innovamos en los destinos tur\u00edsticos.<\/h5>\n<h5>En la jornada organizada por el <strong>Laboratorio de Innovaci\u00f3n e Inteligencia Tur\u00edstica del Departamento de Consultor\u00eda Tecnol\u00f3gica de Eurecat<\/strong> y el <strong>Patronato de Turismo de la Diputaci\u00f3n de Tarragona<\/strong> queremos <strong>reflexionar c\u00f3mo esta tecnolog\u00eda puede transformar la gesti\u00f3n de los destinos tur\u00edsticos,<\/strong> poniendo el foco en sus aplicaciones m\u00e1s relevantes y los retos y oportunidades que comporta. Mediante casos pr\u00e1cticos de empresas y destinos que ya lo est\u00e1n implementando, impulsaremos una reflexi\u00f3n estrat\u00e9gica sobre el futuro del turismo inteligente y c\u00f3mo los gemelos digitales pueden ayudar a hacerlo m\u00e1s eficiente, sostenible y competitivo.<\/h5>\n<h5><strong>Os invitamos a asistir en esta jornada, que tendr\u00e1 lugar el pr\u00f3ximo 4 de septiembre de 2025 de 9:30 ha 12:30 h en el Centre d\u2019Innovaci\u00f3 i Formaci\u00f3 de la Boca de la Mina (Reus).<\/strong><\/h5>\n<h5><strong>\u00a1No te lo piedas!<\/strong><\/h5>\n<\/div><\/div><\/div><div class=\"fusion-layout-column fusion_builder_column fusion-builder-column-1 fusion_builder_column_1_3 1_3 fusion-flex-column\" style=\"--awb-bg-size:cover;--awb-width-large:33.333333333333%;--awb-margin-top-large:0px;--awb-spacing-right-large:5.76%;--awb-margin-bottom-large:20px;--awb-spacing-left-large:5.76%;--awb-width-medium:100%;--awb-order-medium:0;--awb-spacing-right-medium:1.92%;--awb-spacing-left-medium:1.92%;--awb-width-small:100%;--awb-order-small:0;--awb-spacing-right-small:1.92%;--awb-spacing-left-small:1.92%;\"><div class=\"fusion-column-wrapper fusion-column-has-shadow fusion-flex-justify-content-flex-start fusion-content-layout-column\"><div style=\"text-align:center;\"><a class=\"fusion-button button-flat fusion-button-default-size button-custom fusion-button-default button-1 fusion-button-default-span fusion-button-default-type\" style=\"--button_accent_color:#ffffff;--button_accent_hover_color:#ffffff;--button_border_hover_color:#ffffff;--button_gradient_top_color:#bd1a8c;--button_gradient_bottom_color:#bd1a8c;--button_gradient_top_color_hover:#662483;--button_gradient_bottom_color_hover:#662483;\" target=\"_blank\" rel=\"noopener noreferrer\" href=\"https:\/\/storage.cdn.eurecat.org\/PDF\/LABIIT\/Jornada_LABIIT_Bessons%20digitals.pdf\"><span class=\"fusion-button-text awb-button__text awb-button__text--default\">Consulta el programa<\/span><\/a><\/div><\/div><\/div><div class=\"fusion-layout-column fusion_builder_column fusion-builder-column-2 fusion_builder_column_1_3 1_3 fusion-flex-column\" style=\"--awb-bg-size:cover;--awb-width-large:33.333333333333%;--awb-margin-top-large:0px;--awb-spacing-right-large:5.76%;--awb-margin-bottom-large:20px;--awb-spacing-left-large:5.76%;--awb-width-medium:100%;--awb-order-medium:0;--awb-spacing-right-medium:1.92%;--awb-spacing-left-medium:1.92%;--awb-width-small:100%;--awb-order-small:0;--awb-spacing-right-small:1.92%;--awb-spacing-left-small:1.92%;\"><div class=\"fusion-column-wrapper fusion-column-has-shadow fusion-flex-justify-content-flex-start fusion-content-layout-column\"><div style=\"text-align:center;\"><a class=\"fusion-button button-flat fusion-button-default-size button-custom fusion-button-default button-2 fusion-button-default-span fusion-button-default-type\" style=\"--button_accent_color:#ffffff;--button_accent_hover_color:#ffffff;--button_border_hover_color:#ffffff;--button_gradient_top_color:#bd1a8c;--button_gradient_bottom_color:#bd1a8c;--button_gradient_top_color_hover:#662483;--button_gradient_bottom_color_hover:#662483;\" target=\"_blank\" rel=\"noopener noreferrer\" href=\"https:\/\/storage.cdn.eurecat.org\/PDF\/LABIIT\/PPT_jornada_TR_LABIIT_EurecatPTDT_04092025.pdf\"><span class=\"fusion-button-text awb-button__text awb-button__text--default\">DESCARGA LA PRESENTACI\u00d3N<\/span><\/a><\/div><\/div><\/div><div class=\"fusion-layout-column fusion_builder_column fusion-builder-column-3 fusion_builder_column_1_3 1_3 fusion-flex-column\" style=\"--awb-bg-size:cover;--awb-width-large:33.333333333333%;--awb-margin-top-large:0px;--awb-spacing-right-large:5.76%;--awb-margin-bottom-large:20px;--awb-spacing-left-large:5.76%;--awb-width-medium:100%;--awb-order-medium:0;--awb-spacing-right-medium:1.92%;--awb-spacing-left-medium:1.92%;--awb-width-small:100%;--awb-order-small:0;--awb-spacing-right-small:1.92%;--awb-spacing-left-small:1.92%;\"><div class=\"fusion-column-wrapper fusion-column-has-shadow fusion-flex-justify-content-flex-start fusion-content-layout-column\"><div style=\"text-align:center;\"><a class=\"fusion-button button-flat fusion-button-default-size button-custom fusion-button-default button-3 fusion-button-default-span fusion-button-default-type\" style=\"--button_accent_color:#ffffff;--button_accent_hover_color:#ffffff;--button_border_hover_color:#ffffff;--button_gradient_top_color:#bd1a8c;--button_gradient_bottom_color:#bd1a8c;--button_gradient_top_color_hover:#662483;--button_gradient_bottom_color_hover:#662483;\" target=\"_blank\" rel=\"noopener noreferrer\" href=\"https:\/\/www.youtube.com\/playlist?list=PLHIPVfO2JGnrteSspf1v5zUHkITq6yq84\"><span class=\"fusion-button-text awb-button__text awb-button__text--default\">VISUALIZA EL VIDEO RESUMEN<\/span><\/a><\/div><\/div><\/div><\/div><\/div><div class=\"fusion-fullwidth fullwidth-box fusion-builder-row-2 fusion-flex-container has-pattern-background has-mask-background nonhundred-percent-fullwidth non-hundred-percent-height-scrolling\" style=\"--awb-border-radius-top-left:0px;--awb-border-radius-top-right:0px;--awb-border-radius-bottom-right:0px;--awb-border-radius-bottom-left:0px;--awb-background-color:#ffffff;--awb-flex-wrap:wrap;\" ><div class=\"fusion-builder-row fusion-row fusion-flex-align-items-flex-start fusion-flex-content-wrap\" style=\"max-width:1424.8px;margin-left: calc(-4% \/ 2 );margin-right: calc(-4% \/ 2 );\"><div class=\"fusion-layout-column fusion_builder_column fusion-builder-column-4 fusion_builder_column_1_1 1_1 fusion-flex-column\" style=\"--awb-bg-size:cover;--awb-width-large:100%;--awb-margin-top-large:0px;--awb-spacing-right-large:1.92%;--awb-margin-bottom-large:20px;--awb-spacing-left-large:1.92%;--awb-width-medium:100%;--awb-order-medium:0;--awb-spacing-right-medium:1.92%;--awb-spacing-left-medium:1.92%;--awb-width-small:100%;--awb-order-small:0;--awb-spacing-right-small:1.92%;--awb-spacing-left-small:1.92%;\"><div class=\"fusion-column-wrapper fusion-column-has-shadow fusion-flex-justify-content-flex-start fusion-content-layout-column\"><div class=\"fusion-separator fusion-full-width-sep\" style=\"align-self: center;margin-left: auto;margin-right: auto;flex-grow:10;width:100%;\"><\/div><div class=\"fusion-text fusion-text-2\" style=\"--awb-content-alignment:center;\"><h3 style=\"text-align: left;\"><span style=\"color: #bd1a8c;\"><strong>PROGRAMA<\/strong><\/span><\/h3>\n<\/div><div class=\"fusion-separator fusion-full-width-sep\" style=\"align-self: center;margin-left: auto;margin-right: auto;flex-grow:5;width:100%;\"><div class=\"fusion-separator-border sep-single sep-solid\" style=\"--awb-height:20px;--awb-amount:20px;border-color:#e0dede;border-top-width:1px;\"><\/div><\/div><\/div><\/div><div class=\"fusion-layout-column fusion_builder_column fusion-builder-column-5 fusion_builder_column_1_4 1_4 fusion-flex-column\" style=\"--awb-bg-size:cover;--awb-width-large:25%;--awb-margin-top-large:0px;--awb-spacing-right-large:7.68%;--awb-margin-bottom-large:20px;--awb-spacing-left-large:7.68%;--awb-width-medium:100%;--awb-order-medium:0;--awb-spacing-right-medium:1.92%;--awb-spacing-left-medium:1.92%;--awb-width-small:100%;--awb-order-small:0;--awb-spacing-right-small:1.92%;--awb-spacing-left-small:1.92%;\"><div class=\"fusion-column-wrapper fusion-column-has-shadow fusion-flex-justify-content-flex-start fusion-content-layout-column\"><div class=\"fusion-text fusion-text-3\"><h5><\/h5>\n<h5 style=\"text-align: center;\"><span style=\"color: #363839;\"><strong>9:30 &#8211; 9:45<\/strong><strong>h<\/strong><\/span><\/h5>\n<\/div><\/div><\/div><div class=\"fusion-layout-column fusion_builder_column fusion-builder-column-6 fusion_builder_column_2_3 2_3 fusion-flex-column\" style=\"--awb-bg-size:cover;--awb-width-large:66.666666666667%;--awb-margin-top-large:0px;--awb-spacing-right-large:2.88%;--awb-margin-bottom-large:20px;--awb-spacing-left-large:2.88%;--awb-width-medium:100%;--awb-order-medium:0;--awb-spacing-right-medium:1.92%;--awb-spacing-left-medium:1.92%;--awb-width-small:100%;--awb-order-small:0;--awb-spacing-right-small:1.92%;--awb-spacing-left-small:1.92%;\"><div class=\"fusion-column-wrapper fusion-column-has-shadow fusion-flex-justify-content-flex-start fusion-content-layout-column\"><div class=\"fusion-text fusion-text-4\"><h5><strong><span style=\"color: #808080;\">Recepci\u00f3n de asistentes<\/span><\/strong><\/h5>\n<\/div><\/div><\/div><div class=\"fusion-layout-column fusion_builder_column fusion-builder-column-7 fusion_builder_column_1_4 1_4 fusion-flex-column\" style=\"--awb-bg-size:cover;--awb-width-large:25%;--awb-margin-top-large:0px;--awb-spacing-right-large:7.68%;--awb-margin-bottom-large:20px;--awb-spacing-left-large:7.68%;--awb-width-medium:100%;--awb-order-medium:0;--awb-spacing-right-medium:1.92%;--awb-spacing-left-medium:1.92%;--awb-width-small:100%;--awb-order-small:0;--awb-spacing-right-small:1.92%;--awb-spacing-left-small:1.92%;\"><div class=\"fusion-column-wrapper fusion-column-has-shadow fusion-flex-justify-content-flex-start fusion-content-layout-column\"><div class=\"fusion-text fusion-text-5\"><h5><\/h5>\n<h5 style=\"text-align: center;\"><span style=\"color: #363839;\"><strong>9:45 &#8211; 10:00<\/strong><strong>h<\/strong><\/span><\/h5>\n<\/div><\/div><\/div><div class=\"fusion-layout-column fusion_builder_column fusion-builder-column-8 fusion_builder_column_2_3 2_3 fusion-flex-column\" style=\"--awb-bg-size:cover;--awb-width-large:66.666666666667%;--awb-margin-top-large:0px;--awb-spacing-right-large:2.88%;--awb-margin-bottom-large:20px;--awb-spacing-left-large:2.88%;--awb-width-medium:100%;--awb-order-medium:0;--awb-spacing-right-medium:1.92%;--awb-spacing-left-medium:1.92%;--awb-width-small:100%;--awb-order-small:0;--awb-spacing-right-small:1.92%;--awb-spacing-left-small:1.92%;\"><div class=\"fusion-column-wrapper fusion-column-has-shadow fusion-flex-justify-content-flex-start fusion-content-layout-column\"><div class=\"fusion-text fusion-text-6\"><h5><span style=\"color: #808080;\"><strong><span style=\"color: #bd1a8c;\">Bienvenida<br \/>\n<\/span><\/strong><\/span><\/h5>\n<ul>\n<li>\n<h5><strong>Salvador Anton<\/strong>, director del \u00e1rea de turismo de Eurecat y profesor de la Universidad Rovira i Virgili.<\/h5>\n<\/li>\n<li>\n<h5><strong>Francesc Bueno<\/strong>, Responsable de promoci\u00f3n, m\u00e1rqueting y comunicaci\u00f3n del Patronat de Turisme de la Diputaci\u00f3 de Tarragona &#8211; Costa Daurada.<\/h5>\n<\/li>\n<\/ul>\n<\/div><\/div><\/div><div class=\"fusion-layout-column fusion_builder_column fusion-builder-column-9 fusion_builder_column_1_4 1_4 fusion-flex-column\" style=\"--awb-bg-size:cover;--awb-width-large:25%;--awb-margin-top-large:0px;--awb-spacing-right-large:7.68%;--awb-margin-bottom-large:20px;--awb-spacing-left-large:7.68%;--awb-width-medium:100%;--awb-order-medium:0;--awb-spacing-right-medium:1.92%;--awb-spacing-left-medium:1.92%;--awb-width-small:100%;--awb-order-small:0;--awb-spacing-right-small:1.92%;--awb-spacing-left-small:1.92%;\"><div class=\"fusion-column-wrapper fusion-column-has-shadow fusion-flex-justify-content-flex-start fusion-content-layout-column\"><div class=\"fusion-text fusion-text-7\"><h5><\/h5>\n<h5 style=\"text-align: center;\"><span style=\"color: #363839;\"><strong>10:00 &#8211; 10:45<\/strong><strong>h<\/strong><\/span><\/h5>\n<\/div><\/div><\/div><div class=\"fusion-layout-column fusion_builder_column fusion-builder-column-10 fusion_builder_column_2_3 2_3 fusion-flex-column\" style=\"--awb-bg-size:cover;--awb-width-large:66.666666666667%;--awb-margin-top-large:0px;--awb-spacing-right-large:2.88%;--awb-margin-bottom-large:20px;--awb-spacing-left-large:2.88%;--awb-width-medium:100%;--awb-order-medium:0;--awb-spacing-right-medium:1.92%;--awb-spacing-left-medium:1.92%;--awb-width-small:100%;--awb-order-small:0;--awb-spacing-right-small:1.92%;--awb-spacing-left-small:1.92%;\"><div class=\"fusion-column-wrapper fusion-column-has-shadow fusion-flex-justify-content-flex-start fusion-content-layout-column\"><div class=\"fusion-text fusion-text-8\"><h5><span style=\"color: #808080;\"><strong><span style=\"color: #bd1a8c;\"><span style=\"color: #808080;\">Di\u00e1logo<\/span> \u2018Gemelos digitales para entender y gestionar el turismo\u2019<\/span><\/strong><\/span><\/h5>\n<ul>\n<li>\n<h5><strong>Rolando Garcia<\/strong>, Responsable de desarrollo de negocio del sector turismo en Eurecat.<\/h5>\n<\/li>\n<li>\n<h5><strong>\u00c1lvaro Carrillo<\/strong>, Director del Instituto Tecnol\u00f3gico Hotelero &#8211; ITH<\/h5>\n<\/li>\n<\/ul>\n<\/div><\/div><\/div><div class=\"fusion-layout-column fusion_builder_column fusion-builder-column-11 fusion_builder_column_1_4 1_4 fusion-flex-column\" style=\"--awb-bg-size:cover;--awb-width-large:25%;--awb-margin-top-large:0px;--awb-spacing-right-large:7.68%;--awb-margin-bottom-large:20px;--awb-spacing-left-large:7.68%;--awb-width-medium:100%;--awb-order-medium:0;--awb-spacing-right-medium:1.92%;--awb-spacing-left-medium:1.92%;--awb-width-small:100%;--awb-order-small:0;--awb-spacing-right-small:1.92%;--awb-spacing-left-small:1.92%;\"><div class=\"fusion-column-wrapper fusion-column-has-shadow fusion-flex-justify-content-flex-start fusion-content-layout-column\"><div class=\"fusion-text fusion-text-9\"><h5><\/h5>\n<h5 style=\"text-align: center;\"><span style=\"color: #363839;\"><strong>10:45 -11:15<\/strong><strong>h<\/strong><\/span><\/h5>\n<\/div><\/div><\/div><div class=\"fusion-layout-column fusion_builder_column fusion-builder-column-12 fusion_builder_column_2_3 2_3 fusion-flex-column\" style=\"--awb-bg-size:cover;--awb-width-large:66.666666666667%;--awb-margin-top-large:0px;--awb-spacing-right-large:2.88%;--awb-margin-bottom-large:20px;--awb-spacing-left-large:2.88%;--awb-width-medium:100%;--awb-order-medium:0;--awb-spacing-right-medium:1.92%;--awb-spacing-left-medium:1.92%;--awb-width-small:100%;--awb-order-small:0;--awb-spacing-right-small:1.92%;--awb-spacing-left-small:1.92%;\"><div class=\"fusion-column-wrapper fusion-column-has-shadow fusion-flex-justify-content-flex-start fusion-content-layout-column\"><div class=\"fusion-text fusion-text-10\"><h5><span style=\"color: #808080;\"><strong><span style=\"color: #bd1a8c;\"><span style=\"color: #808080;\">Ponencia inspiradora<\/span> \u2018Los gemelos digitales en el sector tur\u00edstico\u2019<\/span><\/strong><\/span><\/h5>\n<ul>\n<li>\n<h5><strong>V\u00edctor Badorre<\/strong><strong>y<\/strong>, Public Administration Business Development Director en Libelium.<\/h5>\n<\/li>\n<\/ul>\n<\/div><\/div><\/div><div class=\"fusion-layout-column fusion_builder_column fusion-builder-column-13 fusion_builder_column_1_4 1_4 fusion-flex-column\" style=\"--awb-bg-size:cover;--awb-width-large:25%;--awb-margin-top-large:0px;--awb-spacing-right-large:7.68%;--awb-margin-bottom-large:20px;--awb-spacing-left-large:7.68%;--awb-width-medium:100%;--awb-order-medium:0;--awb-spacing-right-medium:1.92%;--awb-spacing-left-medium:1.92%;--awb-width-small:100%;--awb-order-small:0;--awb-spacing-right-small:1.92%;--awb-spacing-left-small:1.92%;\"><div class=\"fusion-column-wrapper fusion-column-has-shadow fusion-flex-justify-content-flex-start fusion-content-layout-column\"><div class=\"fusion-text fusion-text-11\"><h5><\/h5>\n<h5 style=\"text-align: center;\"><span style=\"color: #363839;\"><strong>11:15 -11:30<\/strong><strong>h<\/strong><\/span><\/h5>\n<\/div><\/div><\/div><div class=\"fusion-layout-column fusion_builder_column fusion-builder-column-14 fusion_builder_column_2_3 2_3 fusion-flex-column\" style=\"--awb-bg-size:cover;--awb-width-large:66.666666666667%;--awb-margin-top-large:0px;--awb-spacing-right-large:2.88%;--awb-margin-bottom-large:20px;--awb-spacing-left-large:2.88%;--awb-width-medium:100%;--awb-order-medium:0;--awb-spacing-right-medium:1.92%;--awb-spacing-left-medium:1.92%;--awb-width-small:100%;--awb-order-small:0;--awb-spacing-right-small:1.92%;--awb-spacing-left-small:1.92%;\"><div class=\"fusion-column-wrapper fusion-column-has-shadow fusion-flex-justify-content-flex-start fusion-content-layout-column\"><div class=\"fusion-text fusion-text-12\"><h5><em><span style=\"color: #808080;\"><strong><span style=\"color: #bd1a8c;\">Caf\u00e9 networking<\/span><\/strong><\/span><\/em><\/h5>\n<\/div><\/div><\/div><div class=\"fusion-layout-column fusion_builder_column fusion-builder-column-15 fusion_builder_column_1_4 1_4 fusion-flex-column\" style=\"--awb-bg-size:cover;--awb-width-large:25%;--awb-margin-top-large:0px;--awb-spacing-right-large:7.68%;--awb-margin-bottom-large:20px;--awb-spacing-left-large:7.68%;--awb-width-medium:100%;--awb-order-medium:0;--awb-spacing-right-medium:1.92%;--awb-spacing-left-medium:1.92%;--awb-width-small:100%;--awb-order-small:0;--awb-spacing-right-small:1.92%;--awb-spacing-left-small:1.92%;\"><div class=\"fusion-column-wrapper fusion-column-has-shadow fusion-flex-justify-content-flex-start fusion-content-layout-column\"><div class=\"fusion-text fusion-text-13\"><h5><\/h5>\n<h5 style=\"text-align: center;\"><span style=\"color: #363839;\"><strong>11:30 -12:30<\/strong><strong>h<\/strong><\/span><\/h5>\n<\/div><\/div><\/div><div class=\"fusion-layout-column fusion_builder_column fusion-builder-column-16 fusion_builder_column_2_3 2_3 fusion-flex-column\" style=\"--awb-bg-size:cover;--awb-width-large:66.666666666667%;--awb-margin-top-large:0px;--awb-spacing-right-large:2.88%;--awb-margin-bottom-large:20px;--awb-spacing-left-large:2.88%;--awb-width-medium:100%;--awb-order-medium:0;--awb-spacing-right-medium:1.92%;--awb-spacing-left-medium:1.92%;--awb-width-small:100%;--awb-order-small:0;--awb-spacing-right-small:1.92%;--awb-spacing-left-small:1.92%;\"><div class=\"fusion-column-wrapper fusion-column-has-shadow fusion-flex-justify-content-flex-start fusion-content-layout-column\"><div class=\"fusion-text fusion-text-14\"><h5><span style=\"color: #808080;\"><strong><span style=\"color: #bd1a8c;\"><span style=\"color: #808080;\">Mesa de experiencias<\/span> \u2018Del Modelo a la Realidad: Gemelos Digitales que ya transforman el turismo\u2019\u00a0<\/span><\/strong><\/span><\/h5>\n<h6><strong>Moderan:<\/strong><\/h6>\n<ul>\n<li>\n<h5><strong>Montse Jaraba,<\/strong> T\u00e9cnica de gesti\u00f3n en la unidad de Marketing y Comunicaci\u00f3n del Patronato de Turismo de la Diputaci\u00f3n de Tarragona &#8211; Costa Daurada<\/h5>\n<\/li>\n<\/ul>\n<h6><strong>Participan:<\/strong><\/h6>\n<ul>\n<li>\n<h5><strong>\u00c1lvaro Arrieta, <\/strong>Profesor y Director acad\u00e9mico en Hospitality Management, CETT Barcelona School of Tourism, Hospitality and Gastronomy<\/h5>\n<\/li>\n<li>\n<h5><strong>Jos\u00e9 Antonio Mu\u00f1iz,<\/strong> Fundador y propietario de DIGIVISIO<\/h5>\n<\/li>\n<li>\n<h5><strong>Christian S\u00e1nchez<\/strong>, 3D Manager en Mirai<\/h5>\n<\/li>\n<li>\n<h5><strong>Ricardo G\u00f3nzalez,<\/strong> Director de Politicas Digitales e Innovaci\u00f3n- Ajuntament de Vila-seca.<\/h5>\n<\/li>\n<\/ul>\n<\/div><\/div><\/div><div class=\"fusion-layout-column fusion_builder_column fusion-builder-column-17 fusion_builder_column_1_4 1_4 fusion-flex-column\" style=\"--awb-bg-size:cover;--awb-width-large:25%;--awb-margin-top-large:0px;--awb-spacing-right-large:7.68%;--awb-margin-bottom-large:20px;--awb-spacing-left-large:7.68%;--awb-width-medium:100%;--awb-order-medium:0;--awb-spacing-right-medium:1.92%;--awb-spacing-left-medium:1.92%;--awb-width-small:100%;--awb-order-small:0;--awb-spacing-right-small:1.92%;--awb-spacing-left-small:1.92%;\"><div class=\"fusion-column-wrapper fusion-column-has-shadow fusion-flex-justify-content-flex-start fusion-content-layout-column\"><div class=\"fusion-text fusion-text-15\"><h5><\/h5>\n<h5 style=\"text-align: center;\"><span style=\"color: #363839;\"><strong>12:30<\/strong><strong>h<\/strong><\/span><\/h5>\n<\/div><\/div><\/div><div class=\"fusion-layout-column fusion_builder_column fusion-builder-column-18 fusion_builder_column_2_3 2_3 fusion-flex-column\" style=\"--awb-bg-size:cover;--awb-width-large:66.666666666667%;--awb-margin-top-large:0px;--awb-spacing-right-large:2.88%;--awb-margin-bottom-large:20px;--awb-spacing-left-large:2.88%;--awb-width-medium:100%;--awb-order-medium:0;--awb-spacing-right-medium:1.92%;--awb-spacing-left-medium:1.92%;--awb-width-small:100%;--awb-order-small:0;--awb-spacing-right-small:1.92%;--awb-spacing-left-small:1.92%;\"><div class=\"fusion-column-wrapper fusion-column-has-shadow fusion-flex-justify-content-flex-start fusion-content-layout-column\"><div class=\"fusion-text fusion-text-16\"><h5><em><span style=\"color: #808080;\"><strong><span style=\"color: #bd1a8c;\">Cierre<\/span><\/strong><\/span><\/em><\/h5>\n<\/div><\/div><\/div><\/div><\/div><div class=\"fusion-fullwidth fullwidth-box fusion-builder-row-3 fusion-flex-container has-pattern-background has-mask-background nonhundred-percent-fullwidth non-hundred-percent-height-scrolling\" style=\"--awb-border-radius-top-left:0px;--awb-border-radius-top-right:0px;--awb-border-radius-bottom-right:0px;--awb-border-radius-bottom-left:0px;--awb-background-color:#ffffff;--awb-flex-wrap:wrap;\" ><div class=\"fusion-builder-row fusion-row fusion-flex-align-items-flex-start fusion-flex-content-wrap\" style=\"max-width:1424.8px;margin-left: calc(-4% \/ 2 );margin-right: calc(-4% \/ 2 );\"><div class=\"fusion-layout-column fusion_builder_column fusion-builder-column-19 fusion_builder_column_1_1 1_1 fusion-flex-column\" style=\"--awb-bg-size:cover;--awb-width-large:100%;--awb-margin-top-large:0px;--awb-spacing-right-large:1.92%;--awb-margin-bottom-large:20px;--awb-spacing-left-large:1.92%;--awb-width-medium:100%;--awb-order-medium:0;--awb-spacing-right-medium:1.92%;--awb-spacing-left-medium:1.92%;--awb-width-small:100%;--awb-order-small:0;--awb-spacing-right-small:1.92%;--awb-spacing-left-small:1.92%;\"><div class=\"fusion-column-wrapper fusion-column-has-shadow fusion-flex-justify-content-flex-start fusion-content-layout-column\"><div class=\"fusion-separator fusion-full-width-sep\" style=\"align-self: center;margin-left: auto;margin-right: auto;flex-grow:10;width:100%;\"><\/div><div class=\"fusion-text fusion-text-17\" style=\"--awb-content-alignment:center;\"><h3 style=\"text-align: left;\"><span style=\"color: #bd1a8c;\"><strong>PONENTES<\/strong><\/span><\/h3>\n<\/div><div class=\"fusion-separator fusion-full-width-sep\" style=\"align-self: center;margin-left: auto;margin-right: auto;flex-grow:5;width:100%;\"><div class=\"fusion-separator-border sep-single sep-solid\" style=\"--awb-height:20px;--awb-amount:20px;border-color:#e0dede;border-top-width:1px;\"><\/div><\/div><\/div><\/div><div class=\"fusion-layout-column fusion_builder_column fusion-builder-column-20 fusion_builder_column_1_3 1_3 fusion-flex-column\" style=\"--awb-bg-size:cover;--awb-width-large:33.333333333333%;--awb-margin-top-large:0px;--awb-spacing-right-large:5.76%;--awb-margin-bottom-large:20px;--awb-spacing-left-large:5.76%;--awb-width-medium:100%;--awb-order-medium:0;--awb-spacing-right-medium:1.92%;--awb-spacing-left-medium:1.92%;--awb-width-small:100%;--awb-order-small:0;--awb-spacing-right-small:1.92%;--awb-spacing-left-small:1.92%;\"><div class=\"fusion-column-wrapper fusion-column-has-shadow fusion-flex-justify-content-flex-start fusion-content-layout-column\"><div class=\"fusion-image-element \" style=\"--awb-caption-title-font-family:var(--h2_typography-font-family);--awb-caption-title-font-weight:var(--h2_typography-font-weight);--awb-caption-title-font-style:var(--h2_typography-font-style);--awb-caption-title-size:var(--h2_typography-font-size);--awb-caption-title-transform:var(--h2_typography-text-transform);--awb-caption-title-line-height:var(--h2_typography-line-height);--awb-caption-title-letter-spacing:var(--h2_typography-letter-spacing);\"><span class=\" fusion-imageframe imageframe-none imageframe-1 hover-type-none\"><img decoding=\"async\" width=\"400\" height=\"400\" title=\"1-Salvador-anton\" src=\"https:\/\/eurecat.org\/wp-content\/uploads\/2025\/07\/1-Salvador-anton.png\" alt class=\"img-responsive wp-image-182408\" srcset=\"https:\/\/eurecat.org\/wp-content\/uploads\/2025\/07\/1-Salvador-anton-200x200.png 200w, https:\/\/eurecat.org\/wp-content\/uploads\/2025\/07\/1-Salvador-anton.png 400w\" sizes=\"(max-width: 1024px) 100vw, (max-width: 640px) 100vw, 400px\" \/><\/span><\/div><\/div><\/div><div class=\"fusion-layout-column fusion_builder_column fusion-builder-column-21 fusion_builder_column_2_3 2_3 fusion-flex-column\" style=\"--awb-bg-size:cover;--awb-width-large:66.666666666667%;--awb-margin-top-large:0px;--awb-spacing-right-large:2.88%;--awb-margin-bottom-large:20px;--awb-spacing-left-large:2.88%;--awb-width-medium:100%;--awb-order-medium:0;--awb-spacing-right-medium:1.92%;--awb-spacing-left-medium:1.92%;--awb-width-small:100%;--awb-order-small:0;--awb-spacing-right-small:1.92%;--awb-spacing-left-small:1.92%;\"><div class=\"fusion-column-wrapper fusion-column-has-shadow fusion-flex-justify-content-flex-start fusion-content-layout-column\"><div class=\"fusion-text fusion-text-18\"><h5><span style=\"color: #808080;\"><strong><span style=\"color: #bd1a8c;\">SALVADOR ANTON<\/span><\/strong><\/span><strong><br \/>\n<span style=\"color: #808080;\">Director del \u00e1rea de turismo de Eurecat y profesor de la Universidad Rovira i Virgili<\/span><br \/>\n<\/strong><\/h5>\n<h5><em>Catedr\u00e1tico de An\u00e1lisis Geogr\u00e1fico Regional en la Universidad Rovira i Virgili desde 2010 y profesor Distinguido desde 2018, actualmente es el director cient\u00edfico del \u00e1rea de turismo del centro tecnol\u00f3gico Eurecat.<\/em><\/h5>\n<\/div><\/div><\/div><div class=\"fusion-layout-column fusion_builder_column fusion-builder-column-22 fusion_builder_column_1_3 1_3 fusion-flex-column\" style=\"--awb-bg-size:cover;--awb-width-large:33.333333333333%;--awb-margin-top-large:0px;--awb-spacing-right-large:5.76%;--awb-margin-bottom-large:20px;--awb-spacing-left-large:5.76%;--awb-width-medium:100%;--awb-order-medium:0;--awb-spacing-right-medium:1.92%;--awb-spacing-left-medium:1.92%;--awb-width-small:100%;--awb-order-small:0;--awb-spacing-right-small:1.92%;--awb-spacing-left-small:1.92%;\"><div class=\"fusion-column-wrapper fusion-column-has-shadow fusion-flex-justify-content-flex-start fusion-content-layout-column\"><div class=\"fusion-image-element \" style=\"--awb-caption-title-font-family:var(--h2_typography-font-family);--awb-caption-title-font-weight:var(--h2_typography-font-weight);--awb-caption-title-font-style:var(--h2_typography-font-style);--awb-caption-title-size:var(--h2_typography-font-size);--awb-caption-title-transform:var(--h2_typography-text-transform);--awb-caption-title-line-height:var(--h2_typography-line-height);--awb-caption-title-letter-spacing:var(--h2_typography-letter-spacing);\"><span class=\" fusion-imageframe imageframe-none imageframe-2 hover-type-none\"><img decoding=\"async\" width=\"500\" height=\"500\" title=\"Francesc-Bueno-web\" src=\"https:\/\/eurecat.org\/wp-content\/uploads\/2025\/07\/Francesc-Bueno-web.png\" alt class=\"img-responsive wp-image-182417\" srcset=\"https:\/\/eurecat.org\/wp-content\/uploads\/2025\/07\/Francesc-Bueno-web-200x200.png 200w, https:\/\/eurecat.org\/wp-content\/uploads\/2025\/07\/Francesc-Bueno-web-400x400.png 400w, https:\/\/eurecat.org\/wp-content\/uploads\/2025\/07\/Francesc-Bueno-web.png 500w\" sizes=\"(max-width: 1024px) 100vw, (max-width: 640px) 100vw, 500px\" \/><\/span><\/div><\/div><\/div><div class=\"fusion-layout-column fusion_builder_column fusion-builder-column-23 fusion_builder_column_2_3 2_3 fusion-flex-column\" style=\"--awb-bg-size:cover;--awb-width-large:66.666666666667%;--awb-margin-top-large:0px;--awb-spacing-right-large:2.88%;--awb-margin-bottom-large:20px;--awb-spacing-left-large:2.88%;--awb-width-medium:100%;--awb-order-medium:0;--awb-spacing-right-medium:1.92%;--awb-spacing-left-medium:1.92%;--awb-width-small:100%;--awb-order-small:0;--awb-spacing-right-small:1.92%;--awb-spacing-left-small:1.92%;\"><div class=\"fusion-column-wrapper fusion-column-has-shadow fusion-flex-justify-content-flex-start fusion-content-layout-column\"><div class=\"fusion-text fusion-text-19\"><h5><span style=\"color: #808080;\"><strong><span style=\"color: #bd1a8c;\">FRANCESC BUENO<\/span><\/strong><\/span><strong><br \/>\n<span style=\"color: #808080;\">Jefe de Promoci\u00f3n, Marketing y Comunicaci\u00f3n del Patronato de Turismo de la Diputaci\u00f3n de Tarragona &#8211; Costa Daurada<\/span><br \/>\n<\/strong><\/h5>\n<h5><em>Diplomado en Turismo. Fue gerente del Patronato de Turismo de Hospitalet de l&#8217;Infant entre los a\u00f1os 1989-2003. Desde hace m\u00e1s de 30 a\u00f1os es una figura activa en la promoci\u00f3n del turismo en las comarcas de Tarragona y participa en el dise\u00f1o de la estrategia de los entes p\u00fablicos, as\u00ed como en el impulso de la acci\u00f3n p\u00fablico-privada en este mismo \u00e1mbito.<\/em><\/h5>\n<\/div><\/div><\/div><div class=\"fusion-layout-column fusion_builder_column fusion-builder-column-24 fusion_builder_column_1_3 1_3 fusion-flex-column\" style=\"--awb-bg-size:cover;--awb-width-large:33.333333333333%;--awb-margin-top-large:0px;--awb-spacing-right-large:5.76%;--awb-margin-bottom-large:20px;--awb-spacing-left-large:5.76%;--awb-width-medium:100%;--awb-order-medium:0;--awb-spacing-right-medium:1.92%;--awb-spacing-left-medium:1.92%;--awb-width-small:100%;--awb-order-small:0;--awb-spacing-right-small:1.92%;--awb-spacing-left-small:1.92%;\"><div class=\"fusion-column-wrapper fusion-column-has-shadow fusion-flex-justify-content-flex-start fusion-content-layout-column\"><div class=\"fusion-image-element \" style=\"--awb-caption-title-font-family:var(--h2_typography-font-family);--awb-caption-title-font-weight:var(--h2_typography-font-weight);--awb-caption-title-font-style:var(--h2_typography-font-style);--awb-caption-title-size:var(--h2_typography-font-size);--awb-caption-title-transform:var(--h2_typography-text-transform);--awb-caption-title-line-height:var(--h2_typography-line-height);--awb-caption-title-letter-spacing:var(--h2_typography-letter-spacing);\"><span class=\" fusion-imageframe imageframe-none imageframe-3 hover-type-none\"><img decoding=\"async\" width=\"500\" height=\"500\" title=\"Rolando-Garcia-web\" src=\"https:\/\/eurecat.org\/wp-content\/uploads\/2025\/07\/Rolando-Garcia-web.png\" alt class=\"img-responsive wp-image-182429\" srcset=\"https:\/\/eurecat.org\/wp-content\/uploads\/2025\/07\/Rolando-Garcia-web-200x200.png 200w, https:\/\/eurecat.org\/wp-content\/uploads\/2025\/07\/Rolando-Garcia-web-400x400.png 400w, https:\/\/eurecat.org\/wp-content\/uploads\/2025\/07\/Rolando-Garcia-web.png 500w\" sizes=\"(max-width: 1024px) 100vw, (max-width: 640px) 100vw, 500px\" \/><\/span><\/div><\/div><\/div><div class=\"fusion-layout-column fusion_builder_column fusion-builder-column-25 fusion_builder_column_2_3 2_3 fusion-flex-column\" style=\"--awb-bg-size:cover;--awb-width-large:66.666666666667%;--awb-margin-top-large:0px;--awb-spacing-right-large:2.88%;--awb-margin-bottom-large:20px;--awb-spacing-left-large:2.88%;--awb-width-medium:100%;--awb-order-medium:0;--awb-spacing-right-medium:1.92%;--awb-spacing-left-medium:1.92%;--awb-width-small:100%;--awb-order-small:0;--awb-spacing-right-small:1.92%;--awb-spacing-left-small:1.92%;\"><div class=\"fusion-column-wrapper fusion-column-has-shadow fusion-flex-justify-content-flex-start fusion-content-layout-column\"><div class=\"fusion-text fusion-text-20\"><h5><span style=\"color: #808080;\"><strong><span style=\"color: #bd1a8c;\">ROLANDO GARC\u00cdA<\/span><\/strong><\/span><strong><br \/>\n<span style=\"color: #808080;\">Responsable de desarrollo de negocio del sector turismo en Eurecat<\/span><br \/>\n<\/strong><\/h5>\n<h5><em>Responsable de desarrollo de negocio para el sector Turismo en Eurecat. Lidera proyectos de inteligencia artificial aplicada, sostenibilidad y adaptaci\u00f3n al cambio clim\u00e1tico junto a empresas tur\u00edsticas y destinos. Ingeniero qu\u00edmico con un MBA, su trayectoria combina consultor\u00eda estrat\u00e9gica e innovaci\u00f3n digital, con un enfoque especial en experiencias inmersivas y gemelos digitales aplicados al patrimonio cultural europeo.<\/em><\/h5>\n<\/div><\/div><\/div><div class=\"fusion-layout-column fusion_builder_column fusion-builder-column-26 fusion_builder_column_1_3 1_3 fusion-flex-column\" style=\"--awb-bg-size:cover;--awb-width-large:33.333333333333%;--awb-margin-top-large:0px;--awb-spacing-right-large:5.76%;--awb-margin-bottom-large:20px;--awb-spacing-left-large:5.76%;--awb-width-medium:100%;--awb-order-medium:0;--awb-spacing-right-medium:1.92%;--awb-spacing-left-medium:1.92%;--awb-width-small:100%;--awb-order-small:0;--awb-spacing-right-small:1.92%;--awb-spacing-left-small:1.92%;\"><div class=\"fusion-column-wrapper fusion-column-has-shadow fusion-flex-justify-content-flex-start fusion-content-layout-column\"><div class=\"fusion-image-element \" style=\"--awb-caption-title-font-family:var(--h2_typography-font-family);--awb-caption-title-font-weight:var(--h2_typography-font-weight);--awb-caption-title-font-style:var(--h2_typography-font-style);--awb-caption-title-size:var(--h2_typography-font-size);--awb-caption-title-transform:var(--h2_typography-text-transform);--awb-caption-title-line-height:var(--h2_typography-line-height);--awb-caption-title-letter-spacing:var(--h2_typography-letter-spacing);\"><span class=\" fusion-imageframe imageframe-none imageframe-4 hover-type-none\"><img decoding=\"async\" width=\"500\" height=\"500\" title=\"Alvaro-Carrillo-web\" src=\"https:\/\/eurecat.org\/wp-content\/uploads\/2025\/07\/Alvaro-Carrillo-web.png\" alt class=\"img-responsive wp-image-182435\" srcset=\"https:\/\/eurecat.org\/wp-content\/uploads\/2025\/07\/Alvaro-Carrillo-web-200x200.png 200w, https:\/\/eurecat.org\/wp-content\/uploads\/2025\/07\/Alvaro-Carrillo-web-400x400.png 400w, https:\/\/eurecat.org\/wp-content\/uploads\/2025\/07\/Alvaro-Carrillo-web.png 500w\" sizes=\"(max-width: 1024px) 100vw, (max-width: 640px) 100vw, 500px\" \/><\/span><\/div><\/div><\/div><div class=\"fusion-layout-column fusion_builder_column fusion-builder-column-27 fusion_builder_column_2_3 2_3 fusion-flex-column\" style=\"--awb-bg-size:cover;--awb-width-large:66.666666666667%;--awb-margin-top-large:0px;--awb-spacing-right-large:2.88%;--awb-margin-bottom-large:20px;--awb-spacing-left-large:2.88%;--awb-width-medium:100%;--awb-order-medium:0;--awb-spacing-right-medium:1.92%;--awb-spacing-left-medium:1.92%;--awb-width-small:100%;--awb-order-small:0;--awb-spacing-right-small:1.92%;--awb-spacing-left-small:1.92%;\"><div class=\"fusion-column-wrapper fusion-column-has-shadow fusion-flex-justify-content-flex-start fusion-content-layout-column\"><div class=\"fusion-text fusion-text-21\"><h5><span style=\"color: #808080;\"><strong><span style=\"color: #bd1a8c;\">\u00c1LVARO CARRILLO<\/span><\/strong><\/span><strong><br \/>\n<span style=\"color: #808080;\">Managing Director del Instituto Tecnol\u00f3gico Hotelero &#8211; ITH<\/span><br \/>\n<\/strong><\/h5>\n<h5><em>Ingeniero Aeron\u00e1utico de formaci\u00f3n y Executive MBA por el Instituto de Empresa. Programa de Innovaci\u00f3n IESE.\u00a0<\/em><em>Desde el a\u00f1o 2008 dirige el\u202fInstituto Tecnol\u00f3gico Hotelero (ITH)\u202fcomo referente de la mejora de la competitividad del sector Hotelero mediante la Innovaci\u00f3n, la sostenibilidad y la Tecnolog\u00eda. Compagina esta labor con la de director de la Plataforma Tecnol\u00f3gica del Turismo; ThinkTur y presidente de la asociaci\u00f3n eAPyme (para la transformaci\u00f3n digital de pymes y aut\u00f3nomos).<\/em><\/h5>\n<p><a href=\"https:\/\/www.linkedin.com\/in\/alvarocarrillodealbornoz\/\">Alvaro Carrillo de Albornoz | LinkedIn<\/a><\/p>\n<h5><em>\u00a0<\/em><\/h5>\n<\/div><\/div><\/div><div class=\"fusion-layout-column fusion_builder_column fusion-builder-column-28 fusion_builder_column_1_3 1_3 fusion-flex-column\" style=\"--awb-bg-size:cover;--awb-width-large:33.333333333333%;--awb-margin-top-large:0px;--awb-spacing-right-large:5.76%;--awb-margin-bottom-large:20px;--awb-spacing-left-large:5.76%;--awb-width-medium:100%;--awb-order-medium:0;--awb-spacing-right-medium:1.92%;--awb-spacing-left-medium:1.92%;--awb-width-small:100%;--awb-order-small:0;--awb-spacing-right-small:1.92%;--awb-spacing-left-small:1.92%;\"><div class=\"fusion-column-wrapper fusion-column-has-shadow fusion-flex-justify-content-flex-start fusion-content-layout-column\"><div class=\"fusion-image-element \" style=\"--awb-caption-title-font-family:var(--h2_typography-font-family);--awb-caption-title-font-weight:var(--h2_typography-font-weight);--awb-caption-title-font-style:var(--h2_typography-font-style);--awb-caption-title-size:var(--h2_typography-font-size);--awb-caption-title-transform:var(--h2_typography-text-transform);--awb-caption-title-line-height:var(--h2_typography-line-height);--awb-caption-title-letter-spacing:var(--h2_typography-letter-spacing);\"><span class=\" fusion-imageframe imageframe-none imageframe-5 hover-type-none\"><img decoding=\"async\" width=\"500\" height=\"500\" title=\"Victor-Badorrey-web\" src=\"https:\/\/eurecat.org\/wp-content\/uploads\/2025\/07\/Victor-Badorrey-web.png\" alt class=\"img-responsive wp-image-182432\" srcset=\"https:\/\/eurecat.org\/wp-content\/uploads\/2025\/07\/Victor-Badorrey-web-200x200.png 200w, https:\/\/eurecat.org\/wp-content\/uploads\/2025\/07\/Victor-Badorrey-web-400x400.png 400w, https:\/\/eurecat.org\/wp-content\/uploads\/2025\/07\/Victor-Badorrey-web.png 500w\" sizes=\"(max-width: 1024px) 100vw, (max-width: 640px) 100vw, 500px\" \/><\/span><\/div><\/div><\/div><div class=\"fusion-layout-column fusion_builder_column fusion-builder-column-29 fusion_builder_column_2_3 2_3 fusion-flex-column\" style=\"--awb-bg-size:cover;--awb-width-large:66.666666666667%;--awb-margin-top-large:0px;--awb-spacing-right-large:2.88%;--awb-margin-bottom-large:20px;--awb-spacing-left-large:2.88%;--awb-width-medium:100%;--awb-order-medium:0;--awb-spacing-right-medium:1.92%;--awb-spacing-left-medium:1.92%;--awb-width-small:100%;--awb-order-small:0;--awb-spacing-right-small:1.92%;--awb-spacing-left-small:1.92%;\"><div class=\"fusion-column-wrapper fusion-column-has-shadow fusion-flex-justify-content-flex-start fusion-content-layout-column\"><div class=\"fusion-text fusion-text-22\"><h5><span style=\"color: #808080;\"><strong><span style=\"color: #bd1a8c;\">V\u00cdCTOR BADORREY<\/span><\/strong><\/span><strong><br \/>\n<span style=\"color: #808080;\">Public Administration Business Development Director a Libelium.<\/span><br \/>\n<\/strong><\/h5>\n<h5><em>Es ingeniero de telecomunicaci\u00f3n por la Universidad Polit\u00e9cnica de Madrid, M\u00e1ster en Dise\u00f1o y Gesti\u00f3n de Sistemas de Telecomunicaci\u00f3n por el Instituto Telesystems de Par\u00eds y Executive MBA por el Instituto de Empresa de Madrid. <\/em><em>Ha desarrollado su carrera profesional en el \u00e1mbito de las Telecomunicaciones y las Tecnolog\u00edas de la Informaci\u00f3n, en el que lleva trabajando m\u00e1s de 35 a\u00f1os, en empresas como Siemens, BT y Grupo Telef\u00f3nica.\u00a0 <\/em><em>Desde 2017 hasta 2022 fue el director de Relaciones Institucionales de SEGITTUR, sociedad p\u00fablica perteneciente al Ministerio de Industria y Turismo. <\/em><em>En su pen\u00faltima etapa fue el responsable de la unidad de Consultor\u00eda en la compa\u00f1\u00eda espa\u00f1ola de servicios de inteligencia tur\u00edstica ForwardKeys.<\/em><br \/>\n<em>Actualmente, es el director de desarrollo de negocio para sector p\u00fablico en Libelium.<\/em><\/h5>\n<p><span data-teams=\"true\"><a id=\"menur1926\" class=\"fui-Link ___1q1shib f2hkw1w f3rmtva f1ewtqcl fyind8e f1k6fduh f1w7gpdv fk6fouc fjoy568 figsok6 f1s184ao f1mk8lai fnbmjn9 f1o700av f13mvf36 f1cmlufx f9n3di6 f1ids18y f1tx3yz7 f1deo86v f1eh06m1 f1iescvh fhgqx19 f1olyrje f1p93eir f1nev41a f1h8hb77 f1lqvz6u f10aw75t fsle3fq f17ae5zn\" title=\"https:\/\/www.linkedin.com\/in\/victorbadorrey\/\" href=\"https:\/\/www.linkedin.com\/in\/victorbadorrey\/\" target=\"_blank\" rel=\"noreferrer noopener\" aria-label=\"V\u00ednculo V\u00edctor Badorrey | LinkedIn\">V\u00edctor Badorrey | LinkedIn<\/a><\/span><\/p>\n<h5><\/h5>\n<\/div><\/div><\/div><div class=\"fusion-layout-column fusion_builder_column fusion-builder-column-30 fusion_builder_column_1_3 1_3 fusion-flex-column\" style=\"--awb-bg-size:cover;--awb-width-large:33.333333333333%;--awb-margin-top-large:0px;--awb-spacing-right-large:5.76%;--awb-margin-bottom-large:20px;--awb-spacing-left-large:5.76%;--awb-width-medium:100%;--awb-order-medium:0;--awb-spacing-right-medium:1.92%;--awb-spacing-left-medium:1.92%;--awb-width-small:100%;--awb-order-small:0;--awb-spacing-right-small:1.92%;--awb-spacing-left-small:1.92%;\"><div class=\"fusion-column-wrapper fusion-column-has-shadow fusion-flex-justify-content-flex-start fusion-content-layout-column\"><div class=\"fusion-image-element \" style=\"--awb-caption-title-font-family:var(--h2_typography-font-family);--awb-caption-title-font-weight:var(--h2_typography-font-weight);--awb-caption-title-font-style:var(--h2_typography-font-style);--awb-caption-title-size:var(--h2_typography-font-size);--awb-caption-title-transform:var(--h2_typography-text-transform);--awb-caption-title-line-height:var(--h2_typography-line-height);--awb-caption-title-letter-spacing:var(--h2_typography-letter-spacing);\"><span class=\" fusion-imageframe imageframe-none imageframe-6 hover-type-none\"><img decoding=\"async\" width=\"500\" height=\"500\" title=\"montserrat-jarba-web\" src=\"https:\/\/eurecat.org\/wp-content\/uploads\/2025\/07\/montserrat-jarba-web.png\" alt class=\"img-responsive wp-image-182423\" srcset=\"https:\/\/eurecat.org\/wp-content\/uploads\/2025\/07\/montserrat-jarba-web-200x200.png 200w, https:\/\/eurecat.org\/wp-content\/uploads\/2025\/07\/montserrat-jarba-web-400x400.png 400w, https:\/\/eurecat.org\/wp-content\/uploads\/2025\/07\/montserrat-jarba-web.png 500w\" sizes=\"(max-width: 1024px) 100vw, (max-width: 640px) 100vw, 500px\" \/><\/span><\/div><\/div><\/div><div class=\"fusion-layout-column fusion_builder_column fusion-builder-column-31 fusion_builder_column_2_3 2_3 fusion-flex-column\" style=\"--awb-bg-size:cover;--awb-width-large:66.666666666667%;--awb-margin-top-large:0px;--awb-spacing-right-large:2.88%;--awb-margin-bottom-large:20px;--awb-spacing-left-large:2.88%;--awb-width-medium:100%;--awb-order-medium:0;--awb-spacing-right-medium:1.92%;--awb-spacing-left-medium:1.92%;--awb-width-small:100%;--awb-order-small:0;--awb-spacing-right-small:1.92%;--awb-spacing-left-small:1.92%;\"><div class=\"fusion-column-wrapper fusion-column-has-shadow fusion-flex-justify-content-flex-start fusion-content-layout-column\"><div class=\"fusion-text fusion-text-23\"><h5><span style=\"color: #808080;\"><strong><span style=\"color: #bd1a8c;\">MONTSE JARABA<\/span><\/strong><\/span><strong><br \/>\n<span style=\"color: #808080;\">T\u00e9cnica de gesti\u00f3n en la unidad de Marketing y Comunicaci\u00f3n del Patronato de Turismo de la Diputaci\u00f3n de Tarragona &#8211; Costa Daurada<\/span><br \/>\n<\/strong><\/h5>\n<h5><em>Licenciada en Ciencias de la Informaci\u00f3n por la UAB. M\u00e1ster en Comunicaci\u00f3n y Educaci\u00f3n. UAB 2019. En 1990 empez\u00f3 a trabajar como periodista en diferentes medios de comunicaci\u00f3n de alcance catal\u00e1n y estatal en Tarragona y Reus: Cadena Ser, El Pa\u00eds, Catalunya R\u00e0dio y Agencia EFE.<\/em><br \/>\n<em>Desde 2005, ha trabajado en el \u00e1mbito de la comunicaci\u00f3n institucional en distintos organismos y unidades de la Diputaci\u00f3n de Tarragona.<\/em><\/h5>\n<h5><\/h5>\n<h5><\/h5>\n<\/div><\/div><\/div><div class=\"fusion-layout-column fusion_builder_column fusion-builder-column-32 fusion_builder_column_1_3 1_3 fusion-flex-column\" style=\"--awb-bg-size:cover;--awb-width-large:33.333333333333%;--awb-margin-top-large:0px;--awb-spacing-right-large:5.76%;--awb-margin-bottom-large:20px;--awb-spacing-left-large:5.76%;--awb-width-medium:100%;--awb-order-medium:0;--awb-spacing-right-medium:1.92%;--awb-spacing-left-medium:1.92%;--awb-width-small:100%;--awb-order-small:0;--awb-spacing-right-small:1.92%;--awb-spacing-left-small:1.92%;\"><div class=\"fusion-column-wrapper fusion-column-has-shadow fusion-flex-justify-content-flex-start fusion-content-layout-column\"><div class=\"fusion-image-element \" style=\"--awb-caption-title-font-family:var(--h2_typography-font-family);--awb-caption-title-font-weight:var(--h2_typography-font-weight);--awb-caption-title-font-style:var(--h2_typography-font-style);--awb-caption-title-size:var(--h2_typography-font-size);--awb-caption-title-transform:var(--h2_typography-text-transform);--awb-caption-title-line-height:var(--h2_typography-line-height);--awb-caption-title-letter-spacing:var(--h2_typography-letter-spacing);\"><span class=\" fusion-imageframe imageframe-none imageframe-7 hover-type-none\"><img decoding=\"async\" width=\"500\" height=\"500\" title=\"alvaro-arrieta-web\" src=\"https:\/\/eurecat.org\/wp-content\/uploads\/2025\/07\/alvaro-arrieta-web.png\" alt class=\"img-responsive wp-image-182411\" srcset=\"https:\/\/eurecat.org\/wp-content\/uploads\/2025\/07\/alvaro-arrieta-web-200x200.png 200w, https:\/\/eurecat.org\/wp-content\/uploads\/2025\/07\/alvaro-arrieta-web-400x400.png 400w, https:\/\/eurecat.org\/wp-content\/uploads\/2025\/07\/alvaro-arrieta-web.png 500w\" sizes=\"(max-width: 1024px) 100vw, (max-width: 640px) 100vw, 500px\" \/><\/span><\/div><\/div><\/div><div class=\"fusion-layout-column fusion_builder_column fusion-builder-column-33 fusion_builder_column_2_3 2_3 fusion-flex-column\" style=\"--awb-bg-size:cover;--awb-width-large:66.666666666667%;--awb-margin-top-large:0px;--awb-spacing-right-large:2.88%;--awb-margin-bottom-large:20px;--awb-spacing-left-large:2.88%;--awb-width-medium:100%;--awb-order-medium:0;--awb-spacing-right-medium:1.92%;--awb-spacing-left-medium:1.92%;--awb-width-small:100%;--awb-order-small:0;--awb-spacing-right-small:1.92%;--awb-spacing-left-small:1.92%;\"><div class=\"fusion-column-wrapper fusion-column-has-shadow fusion-flex-justify-content-flex-start fusion-content-layout-column\"><div class=\"fusion-text fusion-text-24\"><h5><span style=\"color: #808080;\"><strong><span style=\"color: #bd1a8c;\">\u00c1LVARO ARRIETA<\/span><\/strong><\/span><strong><br \/>\n<span style=\"color: #808080;\">Profesor y Director Acad\u00e9mico en Hospitality Management, CETT Barcelona, Hospitality and Gastronomy<\/span><br \/>\n<\/strong><\/h5>\n<h5><em>Director de Alimara Living Lab, el primer laboratorio vive en el marco de un hotel universitario, donde impulsa la innovaci\u00f3n disruptiva en el sector hotelero y gastron\u00f3mico. Apasionado por la formaci\u00f3n del nuevo talento y con una visi\u00f3n hol\u00edstica, vincula educaci\u00f3n, vanguardia y negocio para dise\u00f1ar programas acad\u00e9micos que integren sostenibilidad, tecnolog\u00eda y experiencia del cliente. Su investigaci\u00f3n se centra en la intersecci\u00f3n entre la innovaci\u00f3n y la sostenibilidad en la industria hotelera.<\/em><\/h5>\n<p><a href=\"https:\/\/www.linkedin.com\/in\/alvaro-arrieta-valle-197a98112\/\">Alvaro Arrieta Valle | LinkedIn<\/a><\/p>\n<h5><span style=\"text-decoration: underline;\">Experiencia en establecimiento hotelero.<br \/>\n<\/span><span style=\"color: #808080;\">Gemelo digital del Hotel Alimara<\/span><br \/>\nEste proyecto ejemplifica el potencial de los gemelos digitales para impulsar una gesti\u00f3n tur\u00edstica m\u00e1s eficiente, sostenible y orientada a los datos. El caso de estudio se materializa en el desarrollo de un gemelo digital del Hotel Alimara, que permite analizar y optimizar en tiempo real distintos par\u00e1metros de funcionamiento del establecimiento.<\/h5>\n<h5><\/h5>\n<h5><\/h5>\n<h5><\/h5>\n<\/div><\/div><\/div><div class=\"fusion-layout-column fusion_builder_column fusion-builder-column-34 fusion_builder_column_1_3 1_3 fusion-flex-column\" style=\"--awb-bg-size:cover;--awb-width-large:33.333333333333%;--awb-margin-top-large:0px;--awb-spacing-right-large:5.76%;--awb-margin-bottom-large:20px;--awb-spacing-left-large:5.76%;--awb-width-medium:100%;--awb-order-medium:0;--awb-spacing-right-medium:1.92%;--awb-spacing-left-medium:1.92%;--awb-width-small:100%;--awb-order-small:0;--awb-spacing-right-small:1.92%;--awb-spacing-left-small:1.92%;\"><div class=\"fusion-column-wrapper fusion-column-has-shadow fusion-flex-justify-content-flex-start fusion-content-layout-column\"><div class=\"fusion-image-element \" style=\"--awb-caption-title-font-family:var(--h2_typography-font-family);--awb-caption-title-font-weight:var(--h2_typography-font-weight);--awb-caption-title-font-style:var(--h2_typography-font-style);--awb-caption-title-size:var(--h2_typography-font-size);--awb-caption-title-transform:var(--h2_typography-text-transform);--awb-caption-title-line-height:var(--h2_typography-line-height);--awb-caption-title-letter-spacing:var(--h2_typography-letter-spacing);\"><span class=\" fusion-imageframe imageframe-none imageframe-8 hover-type-none\"><img decoding=\"async\" width=\"500\" height=\"500\" title=\"JoseAntonio-Mu\u00f1iz-web\" src=\"https:\/\/eurecat.org\/wp-content\/uploads\/2025\/07\/JoseAntonio-Muniz-web.png\" alt class=\"img-responsive wp-image-182420\" srcset=\"https:\/\/eurecat.org\/wp-content\/uploads\/2025\/07\/JoseAntonio-Muniz-web-200x200.png 200w, https:\/\/eurecat.org\/wp-content\/uploads\/2025\/07\/JoseAntonio-Muniz-web-400x400.png 400w, https:\/\/eurecat.org\/wp-content\/uploads\/2025\/07\/JoseAntonio-Muniz-web.png 500w\" sizes=\"(max-width: 1024px) 100vw, (max-width: 640px) 100vw, 500px\" \/><\/span><\/div><\/div><\/div><div class=\"fusion-layout-column fusion_builder_column fusion-builder-column-35 fusion_builder_column_2_3 2_3 fusion-flex-column\" style=\"--awb-bg-size:cover;--awb-width-large:66.666666666667%;--awb-margin-top-large:0px;--awb-spacing-right-large:2.88%;--awb-margin-bottom-large:20px;--awb-spacing-left-large:2.88%;--awb-width-medium:100%;--awb-order-medium:0;--awb-spacing-right-medium:1.92%;--awb-spacing-left-medium:1.92%;--awb-width-small:100%;--awb-order-small:0;--awb-spacing-right-small:1.92%;--awb-spacing-left-small:1.92%;\"><div class=\"fusion-column-wrapper fusion-column-has-shadow fusion-flex-justify-content-flex-start fusion-content-layout-column\"><div class=\"fusion-text fusion-text-25\"><h5><span style=\"color: #808080;\"><strong><span style=\"color: #bd1a8c;\">JOS\u00c9 ANTONIO MU\u00d1IZ<\/span><\/strong><\/span><strong><br \/>\n<span style=\"color: #808080;\">Fundador y propietario de DIGIVISION<\/span><br \/>\n<\/strong><\/h5>\n<h5><em>Promotor de proyectos empresariales dirigidos a generar impacto positivo en la sociedad. Sus proyectos empresariales est\u00e1n vinculados a tecnolog\u00edas de alto impacto y transformaci\u00f3n, eficiencia energ\u00e9tica invernaderos de alta tecnolog\u00eda y la producci\u00f3n de contenidos digitales dirigidos a la fusi\u00f3n de entretenimiento y educaci\u00f3n. En el mundo de la producci\u00f3n audiovisual promueve y produce series documentales de gran carga did\u00e1ctica y emocional en tem\u00e1ticas relacionadas con la ciencia, la tecnolog\u00eda y la historia.<\/em><\/h5>\n<p><a href=\"https:\/\/www.linkedin.com\/in\/jose-antonio-mu%C3%B1iz-olivares-52746262\/\">Jose Antonio Mu\u00f1iz Olivares | LinkedIn<\/a><\/p>\n<h5><span style=\"text-decoration: underline;\">Experiencia en producto tur\u00edstico.<br \/>\n<\/span><span style=\"color: #808080;\">Gemelos digitales para el turismo patrimonial: Experiencias inmersivas y MetaversDigivision.<\/span><br \/>\nEste proyecto comienza con una idea clara: hacer que el patrimonio no s\u00f3lo se explique, sino que se viva. En DIGIVISION, hace a\u00f1os que entendemos que la mejor forma de preservar y transmitir la historia es haci\u00e9ndola tangible, inmersiva y significativa para todos. Con esta visi\u00f3n hemos aplicado la tecnolog\u00eda de los digitales para transformar espacios patrimoniales en experiencias interactivas. Ya sea en un yacimiento arqueol\u00f3gico, en el puerto hist\u00f3rico de Tarragona o en entornos culturales en riesgo de olvido, creamos r\u00e9plicas digitales fieles que permiten recuperar, explorar e interpretar el pasado como nunca antes.<\/h5>\n<h5><\/h5>\n<h5><\/h5>\n<h5><\/h5>\n<\/div><\/div><\/div><div class=\"fusion-layout-column fusion_builder_column fusion-builder-column-36 fusion_builder_column_1_3 1_3 fusion-flex-column\" style=\"--awb-bg-size:cover;--awb-width-large:33.333333333333%;--awb-margin-top-large:0px;--awb-spacing-right-large:5.76%;--awb-margin-bottom-large:20px;--awb-spacing-left-large:5.76%;--awb-width-medium:100%;--awb-order-medium:0;--awb-spacing-right-medium:1.92%;--awb-spacing-left-medium:1.92%;--awb-width-small:100%;--awb-order-small:0;--awb-spacing-right-small:1.92%;--awb-spacing-left-small:1.92%;\"><div class=\"fusion-column-wrapper fusion-column-has-shadow fusion-flex-justify-content-flex-start fusion-content-layout-column\"><div class=\"fusion-image-element \" style=\"--awb-caption-title-font-family:var(--h2_typography-font-family);--awb-caption-title-font-weight:var(--h2_typography-font-weight);--awb-caption-title-font-style:var(--h2_typography-font-style);--awb-caption-title-size:var(--h2_typography-font-size);--awb-caption-title-transform:var(--h2_typography-text-transform);--awb-caption-title-line-height:var(--h2_typography-line-height);--awb-caption-title-letter-spacing:var(--h2_typography-letter-spacing);\"><span class=\" fusion-imageframe imageframe-none imageframe-9 hover-type-none\"><img decoding=\"async\" width=\"500\" height=\"500\" title=\"Christian-sanchez-web\" src=\"https:\/\/eurecat.org\/wp-content\/uploads\/2025\/07\/Christian-sanchez-web.png\" alt class=\"img-responsive wp-image-182414\" srcset=\"https:\/\/eurecat.org\/wp-content\/uploads\/2025\/07\/Christian-sanchez-web-200x200.png 200w, https:\/\/eurecat.org\/wp-content\/uploads\/2025\/07\/Christian-sanchez-web-400x400.png 400w, https:\/\/eurecat.org\/wp-content\/uploads\/2025\/07\/Christian-sanchez-web.png 500w\" sizes=\"(max-width: 1024px) 100vw, (max-width: 640px) 100vw, 500px\" \/><\/span><\/div><\/div><\/div><div class=\"fusion-layout-column fusion_builder_column fusion-builder-column-37 fusion_builder_column_2_3 2_3 fusion-flex-column\" style=\"--awb-bg-size:cover;--awb-width-large:66.666666666667%;--awb-margin-top-large:0px;--awb-spacing-right-large:2.88%;--awb-margin-bottom-large:20px;--awb-spacing-left-large:2.88%;--awb-width-medium:100%;--awb-order-medium:0;--awb-spacing-right-medium:1.92%;--awb-spacing-left-medium:1.92%;--awb-width-small:100%;--awb-order-small:0;--awb-spacing-right-small:1.92%;--awb-spacing-left-small:1.92%;\"><div class=\"fusion-column-wrapper fusion-column-has-shadow fusion-flex-justify-content-flex-start fusion-content-layout-column\"><div class=\"fusion-text fusion-text-26\"><h5><span style=\"color: #808080;\"><strong><span style=\"color: #bd1a8c;\">CHRISTIAN S\u00c1NCHEZ<br \/>\n<\/span><\/strong><\/span><strong><span style=\"color: #808080;\">3D Manager en Mirai<\/span><br \/>\n<\/strong><\/h5>\n<h5><em>Con una s\u00f3lida trayectoria en el sector tur\u00edstico, Christian empez\u00f3 su carrera como recepcionista en la cadena RH, para despu\u00e9s dirigir el departamento de Grupos en la mayorista nacional Marsol. Tras su experiencia como Director Comercial en Albir Playa Hotel &amp; Spa, se incorpor\u00f3 a Mirai, donde ha desarrollado diversas funciones, desde Account Manager hasta liderar actualmente el \u00e1rea de soluciones 3D, impulsando la innovaci\u00f3n en la visualizaci\u00f3n digital de hoteles y destinos.<\/em><\/h5>\n<p><em><a href=\"https:\/\/www.linkedin.com\/in\/christian-sanchez-rodriguez\/\">Christian Sanchez | LinkedIn<\/a><\/em><\/p>\n<h5><span style=\"text-decoration: underline;\">Experiencia en establecimiento hotelero y destino tur\u00edstico:<br \/>\n<\/span><span style=\"color: #808080;\">Mirai Twin y Mirai Maps: innovaci\u00f3n 3D para hoteles y destinos<\/span><br \/>\nMirai mostrar\u00e1 su tecnolog\u00eda de gemelos digitales aplicada a hoteles y destinos tur\u00edsticos. Mirai Twin ofrece una r\u00e9plica digital en 3D del hotel, permitiendo al cliente explorar virtualmente sus instalaciones, vistas, habitaciones y servicios desde el momento de su reserva. Mirai Maps extiende esta experiencia al destino completo: permite descubrir la oferta hotelera, cultural, gastron\u00f3mica y de ocio a trav\u00e9s de un mapa 3D interactivo desde el que tambi\u00e9n se pueden reservar servicios. Benidorm es el primer municipio digitalizado al completo. Ambas soluciones mejoran la experiencia del viajero, aumentan la visibilidad y conversi\u00f3n directa y se adaptan a los nuevos h\u00e1bitos digitales.<\/h5>\n<h5><\/h5>\n<h5><\/h5>\n<\/div><\/div><\/div><div class=\"fusion-layout-column fusion_builder_column fusion-builder-column-38 fusion_builder_column_1_3 1_3 fusion-flex-column\" style=\"--awb-bg-size:cover;--awb-width-large:33.333333333333%;--awb-margin-top-large:0px;--awb-spacing-right-large:5.76%;--awb-margin-bottom-large:20px;--awb-spacing-left-large:5.76%;--awb-width-medium:100%;--awb-order-medium:0;--awb-spacing-right-medium:1.92%;--awb-spacing-left-medium:1.92%;--awb-width-small:100%;--awb-order-small:0;--awb-spacing-right-small:1.92%;--awb-spacing-left-small:1.92%;\"><div class=\"fusion-column-wrapper fusion-column-has-shadow fusion-flex-justify-content-flex-start fusion-content-layout-column\"><div class=\"fusion-image-element \" style=\"--awb-caption-title-font-family:var(--h2_typography-font-family);--awb-caption-title-font-weight:var(--h2_typography-font-weight);--awb-caption-title-font-style:var(--h2_typography-font-style);--awb-caption-title-size:var(--h2_typography-font-size);--awb-caption-title-transform:var(--h2_typography-text-transform);--awb-caption-title-line-height:var(--h2_typography-line-height);--awb-caption-title-letter-spacing:var(--h2_typography-letter-spacing);\"><span class=\" fusion-imageframe imageframe-none imageframe-10 hover-type-none\"><img decoding=\"async\" width=\"500\" height=\"500\" title=\"Ricardo-gonzalez-web\" src=\"https:\/\/eurecat.org\/wp-content\/uploads\/2025\/07\/Ricardo-gonzalez-web.png\" alt class=\"img-responsive wp-image-182426\" srcset=\"https:\/\/eurecat.org\/wp-content\/uploads\/2025\/07\/Ricardo-gonzalez-web-200x200.png 200w, https:\/\/eurecat.org\/wp-content\/uploads\/2025\/07\/Ricardo-gonzalez-web-400x400.png 400w, https:\/\/eurecat.org\/wp-content\/uploads\/2025\/07\/Ricardo-gonzalez-web.png 500w\" sizes=\"(max-width: 1024px) 100vw, (max-width: 640px) 100vw, 500px\" \/><\/span><\/div><\/div><\/div><div class=\"fusion-layout-column fusion_builder_column fusion-builder-column-39 fusion_builder_column_2_3 2_3 fusion-flex-column\" style=\"--awb-bg-size:cover;--awb-width-large:66.666666666667%;--awb-margin-top-large:0px;--awb-spacing-right-large:2.88%;--awb-margin-bottom-large:20px;--awb-spacing-left-large:2.88%;--awb-width-medium:100%;--awb-order-medium:0;--awb-spacing-right-medium:1.92%;--awb-spacing-left-medium:1.92%;--awb-width-small:100%;--awb-order-small:0;--awb-spacing-right-small:1.92%;--awb-spacing-left-small:1.92%;\"><div class=\"fusion-column-wrapper fusion-column-has-shadow fusion-flex-justify-content-flex-start fusion-content-layout-column\"><div class=\"fusion-text fusion-text-27\"><h5><span style=\"color: #808080;\"><strong><span style=\"color: #bd1a8c;\">RICARDO GONZ\u00c1LEZ<\/span><\/strong><\/span><strong><br \/>\n<span style=\"color: #808080;\">Director de Pol\u00edticas Digitales e Innovaci\u00f3n del Ayuntamiento de Vila-Seca<\/span><br \/>\n<\/strong><\/h5>\n<h5><em>Ingeniero en Inform\u00e1tica y M\u00e1ster en Direcci\u00f3n Estrat\u00e9gica de la Empresa por la URV. M\u00e1ster en Direcci\u00f3n P\u00fablica de las TIC por INAP. Interesado en la Direcci\u00f3n de proyectos con certificaciones PMP PMI y Scrum Master. Tambi\u00e9n colaborador docente como profesor asociado en la Escuela de Ingenier\u00eda ETSE de la URV. <\/em><em>Con m\u00e1s de 15 a\u00f1os de experiencia en el sector p\u00fablico en puestos de responsabilidad en el \u00e1mbito TIC, ha participado en m\u00faltiples grupos de trabajo y en congresos componente. Tambi\u00e9n ha liderado proyectos de innovaci\u00f3n que han recibido reconocimiento, como el V Premio Alfons Ortu\u00f1o de la EAPC.<\/em><br \/>\n<em>Actualmente desarrolla su actividad profesional como Director de Pol\u00edticas Digitales e Innovaci\u00f3n del Ajuntament de Vila-seca desarrollando pol\u00edticas y proyectos de transformaci\u00f3n digital organizativa y ciudadana.<\/em><\/h5>\n<p><span data-teams=\"true\"><a id=\"menur1921\" class=\"fui-Link ___1q1shib f2hkw1w f3rmtva f1ewtqcl fyind8e f1k6fduh f1w7gpdv fk6fouc fjoy568 figsok6 f1s184ao f1mk8lai fnbmjn9 f1o700av f13mvf36 f1cmlufx f9n3di6 f1ids18y f1tx3yz7 f1deo86v f1eh06m1 f1iescvh fhgqx19 f1olyrje f1p93eir f1nev41a f1h8hb77 f1lqvz6u f10aw75t fsle3fq f17ae5zn\" title=\"https:\/\/www.linkedin.com\/in\/ricardo-gonzalez-5052448\/\" href=\"https:\/\/www.linkedin.com\/in\/ricardo-gonzalez-5052448\/\" target=\"_blank\" rel=\"noreferrer noopener\" aria-label=\"V\u00ednculo Ricardo Gonzalez | LinkedIn\">Ricardo Gonzalez | LinkedIn<\/a><\/span><\/p>\n<h5><span style=\"text-decoration: underline;\">Experiencia en destino tur\u00edstico:<\/span><br \/>\nEl municipio de Vila-seca ha iniciado un proceso de digitalizaci\u00f3n tur\u00edstica orientado a una gesti\u00f3n m\u00e1s eficiente y sostenible del municipio como destino. A trav\u00e9s de una plataforma de ciudad inteligente, se recogen datos ambientales, de movilidad y de servicios que permiten mejorar la toma de decisiones y optimizar los recursos p\u00fablicos.<\/h5>\n<h5><\/h5>\n<h5><\/h5>\n<\/div><\/div><\/div><\/div><\/div>\n","protected":false},"excerpt":{"rendered":"","protected":false},"author":45,"featured_media":182187,"comment_status":"closed","ping_status":"closed","template":"","tags":[2476,751],"mec_category":[986,2231],"class_list":["post-182336","mec-events","type-mec-events","status-publish","has-post-thumbnail","hentry","tag-ia-es","tag-turisme-es","mec_category-actos-cientificos-tecnologicos","mec_category-workshops-es"],"yoast_head":"<!-- This site is optimized with the Yoast SEO plugin v27.4 - https:\/\/yoast.com\/product\/yoast-seo-wordpress\/ -->\n<title>Jornada T\u00e9cnica LABIIT: Gemelos digitales al servicio del turismo: de la empresa y el destino f\u00edsico al entorno inteligente - Eurecat<\/title>\n<meta name=\"description\" content=\"El Laboratori d\u2019Innovaci\u00f3 i Intel\u00b7lig\u00e8ncia Tur\u00edstica del Departament de Consultoria Tecnol\u00f2gica d\u2019Eurecat i el Patronat de Turisme de la Diputaci\u00f3 de Tarragona compleix 10 anys.\" \/>\n<meta name=\"robots\" content=\"index, follow, max-snippet:-1, max-image-preview:large, max-video-preview:-1\" \/>\n<link rel=\"canonical\" href=\"https:\/\/eurecat.org\/es\/calendario\/jornada-labiit-bessons-digitals-servei-turisme\/\" \/>\n<meta property=\"og:locale\" content=\"es_ES\" \/>\n<meta property=\"og:type\" content=\"article\" \/>\n<meta property=\"og:title\" content=\"Jornada T\u00e9cnica LABIIT: Gemelos digitales al servicio del turismo: de la empresa y el destino f\u00edsico al entorno inteligente - Eurecat\" \/>\n<meta property=\"og:description\" content=\"El Laboratori d\u2019Innovaci\u00f3 i Intel\u00b7lig\u00e8ncia Tur\u00edstica del Departament de Consultoria Tecnol\u00f2gica d\u2019Eurecat i el Patronat de Turisme de la Diputaci\u00f3 de Tarragona compleix 10 anys.\" \/>\n<meta property=\"og:url\" content=\"https:\/\/eurecat.org\/es\/calendario\/jornada-labiit-bessons-digitals-servei-turisme\/\" \/>\n<meta property=\"og:site_name\" content=\"Eurecat\" \/>\n<meta property=\"article:modified_time\" content=\"2025-10-10T12:33:41+00:00\" \/>\n<meta property=\"og:image\" content=\"https:\/\/eurecat.org\/wp-content\/uploads\/2025\/07\/x-2.jpg\" \/>\n\t<meta property=\"og:image:width\" content=\"1200\" \/>\n\t<meta property=\"og:image:height\" content=\"675\" \/>\n\t<meta property=\"og:image:type\" content=\"image\/jpeg\" \/>\n<meta name=\"twitter:card\" content=\"summary_large_image\" \/>\n<meta name=\"twitter:label1\" content=\"Tiempo de lectura\" \/>\n\t<meta name=\"twitter:data1\" content=\"12 minutos\" \/>\n<script type=\"application\/ld+json\" class=\"yoast-schema-graph\">{\"@context\":\"https:\\\/\\\/schema.org\",\"@graph\":[{\"@type\":\"WebPage\",\"@id\":\"https:\\\/\\\/eurecat.org\\\/es\\\/calendario\\\/jornada-labiit-bessons-digitals-servei-turisme\\\/\",\"url\":\"https:\\\/\\\/eurecat.org\\\/es\\\/calendario\\\/jornada-labiit-bessons-digitals-servei-turisme\\\/\",\"name\":\"Jornada T\u00e9cnica LABIIT: Gemelos digitales al servicio del turismo: de la empresa y el destino f\u00edsico al entorno inteligente - Eurecat\",\"isPartOf\":{\"@id\":\"https:\\\/\\\/eurecat.org\\\/es\\\/#website\"},\"primaryImageOfPage\":{\"@id\":\"https:\\\/\\\/eurecat.org\\\/es\\\/calendario\\\/jornada-labiit-bessons-digitals-servei-turisme\\\/#primaryimage\"},\"image\":{\"@id\":\"https:\\\/\\\/eurecat.org\\\/es\\\/calendario\\\/jornada-labiit-bessons-digitals-servei-turisme\\\/#primaryimage\"},\"thumbnailUrl\":\"https:\\\/\\\/eurecat.org\\\/wp-content\\\/uploads\\\/2025\\\/07\\\/x-2.jpg\",\"datePublished\":\"2025-07-22T13:14:56+00:00\",\"dateModified\":\"2025-10-10T12:33:41+00:00\",\"description\":\"El Laboratori d\u2019Innovaci\u00f3 i Intel\u00b7lig\u00e8ncia Tur\u00edstica del Departament de Consultoria Tecnol\u00f2gica d\u2019Eurecat i el Patronat de Turisme de la Diputaci\u00f3 de Tarragona compleix 10 anys.\",\"breadcrumb\":{\"@id\":\"https:\\\/\\\/eurecat.org\\\/es\\\/calendario\\\/jornada-labiit-bessons-digitals-servei-turisme\\\/#breadcrumb\"},\"inLanguage\":\"es\",\"potentialAction\":[{\"@type\":\"ReadAction\",\"target\":[\"https:\\\/\\\/eurecat.org\\\/es\\\/calendario\\\/jornada-labiit-bessons-digitals-servei-turisme\\\/\"]}]},{\"@type\":\"ImageObject\",\"inLanguage\":\"es\",\"@id\":\"https:\\\/\\\/eurecat.org\\\/es\\\/calendario\\\/jornada-labiit-bessons-digitals-servei-turisme\\\/#primaryimage\",\"url\":\"https:\\\/\\\/eurecat.org\\\/wp-content\\\/uploads\\\/2025\\\/07\\\/x-2.jpg\",\"contentUrl\":\"https:\\\/\\\/eurecat.org\\\/wp-content\\\/uploads\\\/2025\\\/07\\\/x-2.jpg\",\"width\":1200,\"height\":675},{\"@type\":\"BreadcrumbList\",\"@id\":\"https:\\\/\\\/eurecat.org\\\/es\\\/calendario\\\/jornada-labiit-bessons-digitals-servei-turisme\\\/#breadcrumb\",\"itemListElement\":[{\"@type\":\"ListItem\",\"position\":1,\"name\":\"Inici\",\"item\":\"https:\\\/\\\/eurecat.org\\\/es\\\/\"},{\"@type\":\"ListItem\",\"position\":2,\"name\":\"Eventos\",\"item\":\"https:\\\/\\\/eurecat.org\\\/es\\\/calendario\\\/\"},{\"@type\":\"ListItem\",\"position\":3,\"name\":\"Jornada T\u00e9cnica LABIIT: Gemelos digitales al servicio del turismo: de la empresa y el destino f\u00edsico al entorno inteligente\"}]},{\"@type\":\"WebSite\",\"@id\":\"https:\\\/\\\/eurecat.org\\\/es\\\/#website\",\"url\":\"https:\\\/\\\/eurecat.org\\\/es\\\/\",\"name\":\"Eurecat\",\"description\":\"Otro sitio realizado con WordPress\",\"potentialAction\":[{\"@type\":\"SearchAction\",\"target\":{\"@type\":\"EntryPoint\",\"urlTemplate\":\"https:\\\/\\\/eurecat.org\\\/es\\\/?s={search_term_string}\"},\"query-input\":{\"@type\":\"PropertyValueSpecification\",\"valueRequired\":true,\"valueName\":\"search_term_string\"}}],\"inLanguage\":\"es\"}]}<\/script>\n<!-- \/ Yoast SEO plugin. -->","yoast_head_json":{"title":"Jornada T\u00e9cnica LABIIT: Gemelos digitales al servicio del turismo: de la empresa y el destino f\u00edsico al entorno inteligente - Eurecat","description":"El Laboratori d\u2019Innovaci\u00f3 i Intel\u00b7lig\u00e8ncia Tur\u00edstica del Departament de Consultoria Tecnol\u00f2gica d\u2019Eurecat i el Patronat de Turisme de la Diputaci\u00f3 de Tarragona compleix 10 anys.","robots":{"index":"index","follow":"follow","max-snippet":"max-snippet:-1","max-image-preview":"max-image-preview:large","max-video-preview":"max-video-preview:-1"},"canonical":"https:\/\/eurecat.org\/es\/calendario\/jornada-labiit-bessons-digitals-servei-turisme\/","og_locale":"es_ES","og_type":"article","og_title":"Jornada T\u00e9cnica LABIIT: Gemelos digitales al servicio del turismo: de la empresa y el destino f\u00edsico al entorno inteligente - Eurecat","og_description":"El Laboratori d\u2019Innovaci\u00f3 i Intel\u00b7lig\u00e8ncia Tur\u00edstica del Departament de Consultoria Tecnol\u00f2gica d\u2019Eurecat i el Patronat de Turisme de la Diputaci\u00f3 de Tarragona compleix 10 anys.","og_url":"https:\/\/eurecat.org\/es\/calendario\/jornada-labiit-bessons-digitals-servei-turisme\/","og_site_name":"Eurecat","article_modified_time":"2025-10-10T12:33:41+00:00","og_image":[{"width":1200,"height":675,"url":"https:\/\/eurecat.org\/wp-content\/uploads\/2025\/07\/x-2.jpg","type":"image\/jpeg"}],"twitter_card":"summary_large_image","twitter_misc":{"Tiempo de lectura":"12 minutos"},"schema":{"@context":"https:\/\/schema.org","@graph":[{"@type":"WebPage","@id":"https:\/\/eurecat.org\/es\/calendario\/jornada-labiit-bessons-digitals-servei-turisme\/","url":"https:\/\/eurecat.org\/es\/calendario\/jornada-labiit-bessons-digitals-servei-turisme\/","name":"Jornada T\u00e9cnica LABIIT: Gemelos digitales al servicio del turismo: de la empresa y el destino f\u00edsico al entorno inteligente - Eurecat","isPartOf":{"@id":"https:\/\/eurecat.org\/es\/#website"},"primaryImageOfPage":{"@id":"https:\/\/eurecat.org\/es\/calendario\/jornada-labiit-bessons-digitals-servei-turisme\/#primaryimage"},"image":{"@id":"https:\/\/eurecat.org\/es\/calendario\/jornada-labiit-bessons-digitals-servei-turisme\/#primaryimage"},"thumbnailUrl":"https:\/\/eurecat.org\/wp-content\/uploads\/2025\/07\/x-2.jpg","datePublished":"2025-07-22T13:14:56+00:00","dateModified":"2025-10-10T12:33:41+00:00","description":"El Laboratori d\u2019Innovaci\u00f3 i Intel\u00b7lig\u00e8ncia Tur\u00edstica del Departament de Consultoria Tecnol\u00f2gica d\u2019Eurecat i el Patronat de Turisme de la Diputaci\u00f3 de Tarragona compleix 10 anys.","breadcrumb":{"@id":"https:\/\/eurecat.org\/es\/calendario\/jornada-labiit-bessons-digitals-servei-turisme\/#breadcrumb"},"inLanguage":"es","potentialAction":[{"@type":"ReadAction","target":["https:\/\/eurecat.org\/es\/calendario\/jornada-labiit-bessons-digitals-servei-turisme\/"]}]},{"@type":"ImageObject","inLanguage":"es","@id":"https:\/\/eurecat.org\/es\/calendario\/jornada-labiit-bessons-digitals-servei-turisme\/#primaryimage","url":"https:\/\/eurecat.org\/wp-content\/uploads\/2025\/07\/x-2.jpg","contentUrl":"https:\/\/eurecat.org\/wp-content\/uploads\/2025\/07\/x-2.jpg","width":1200,"height":675},{"@type":"BreadcrumbList","@id":"https:\/\/eurecat.org\/es\/calendario\/jornada-labiit-bessons-digitals-servei-turisme\/#breadcrumb","itemListElement":[{"@type":"ListItem","position":1,"name":"Inici","item":"https:\/\/eurecat.org\/es\/"},{"@type":"ListItem","position":2,"name":"Eventos","item":"https:\/\/eurecat.org\/es\/calendario\/"},{"@type":"ListItem","position":3,"name":"Jornada T\u00e9cnica LABIIT: Gemelos digitales al servicio del turismo: de la empresa y el destino f\u00edsico al entorno inteligente"}]},{"@type":"WebSite","@id":"https:\/\/eurecat.org\/es\/#website","url":"https:\/\/eurecat.org\/es\/","name":"Eurecat","description":"Otro sitio realizado con WordPress","potentialAction":[{"@type":"SearchAction","target":{"@type":"EntryPoint","urlTemplate":"https:\/\/eurecat.org\/es\/?s={search_term_string}"},"query-input":{"@type":"PropertyValueSpecification","valueRequired":true,"valueName":"search_term_string"}}],"inLanguage":"es"}]}},"_links":{"self":[{"href":"https:\/\/eurecat.org\/es\/wp-json\/wp\/v2\/mec-events\/182336","targetHints":{"allow":["GET"]}}],"collection":[{"href":"https:\/\/eurecat.org\/es\/wp-json\/wp\/v2\/mec-events"}],"about":[{"href":"https:\/\/eurecat.org\/es\/wp-json\/wp\/v2\/types\/mec-events"}],"author":[{"embeddable":true,"href":"https:\/\/eurecat.org\/es\/wp-json\/wp\/v2\/users\/45"}],"replies":[{"embeddable":true,"href":"https:\/\/eurecat.org\/es\/wp-json\/wp\/v2\/comments?post=182336"}],"wp:featuredmedia":[{"embeddable":true,"href":"https:\/\/eurecat.org\/es\/wp-json\/wp\/v2\/media\/182187"}],"wp:attachment":[{"href":"https:\/\/eurecat.org\/es\/wp-json\/wp\/v2\/media?parent=182336"}],"wp:term":[{"taxonomy":"post_tag","embeddable":true,"href":"https:\/\/eurecat.org\/es\/wp-json\/wp\/v2\/tags?post=182336"},{"taxonomy":"mec_category","embeddable":true,"href":"https:\/\/eurecat.org\/es\/wp-json\/wp\/v2\/mec_category?post=182336"}],"curies":[{"name":"wp","href":"https:\/\/api.w.org\/{rel}","templated":true}]}}