{"id":183464,"date":"2025-08-04T09:13:04","date_gmt":"2025-08-04T07:13:04","guid":{"rendered":"https:\/\/eurecat.org\/calendar\/steel-tech-2025\/"},"modified":"2025-10-21T15:13:51","modified_gmt":"2025-10-21T13:13:51","slug":"steel-tech-2025","status":"publish","type":"mec-events","link":"https:\/\/eurecat.org\/es\/calendario\/steel-tech-2025\/","title":{"rendered":"STEEL TECH 2025 Congress &#038; Expo"},"content":{"rendered":"<div class=\"fusion-fullwidth fullwidth-box fusion-builder-row-1 fusion-flex-container has-pattern-background has-mask-background nonhundred-percent-fullwidth non-hundred-percent-height-scrolling\" style=\"--awb-border-radius-top-left:0px;--awb-border-radius-top-right:0px;--awb-border-radius-bottom-right:0px;--awb-border-radius-bottom-left:0px;--awb-flex-wrap:wrap;\" ><div class=\"fusion-builder-row fusion-row fusion-flex-align-items-flex-start fusion-flex-content-wrap\" style=\"max-width:1424.8px;margin-left: calc(-4% \/ 2 );margin-right: calc(-4% \/ 2 );\"><div class=\"fusion-layout-column fusion_builder_column fusion-builder-column-0 fusion_builder_column_1_1 1_1 fusion-flex-column\" style=\"--awb-bg-size:cover;--awb-width-large:100%;--awb-margin-top-large:0px;--awb-spacing-right-large:1.92%;--awb-margin-bottom-large:20px;--awb-spacing-left-large:1.92%;--awb-width-medium:100%;--awb-order-medium:0;--awb-spacing-right-medium:1.92%;--awb-spacing-left-medium:1.92%;--awb-width-small:100%;--awb-order-small:0;--awb-spacing-right-small:1.92%;--awb-spacing-left-small:1.92%;\"><div class=\"fusion-column-wrapper fusion-column-has-shadow fusion-flex-justify-content-flex-start fusion-content-layout-column\"><div class=\"fusion-text fusion-text-1\"><p><strong>Eurecat participa a SteelTech 2025 con innovaci\u00f3n para una industria sider\u00fargica sostenible<\/strong><\/p>\n<p><strong>Bilbao<\/strong> acoger\u00e1, del 21 al 23 de octubre, una nueva edici\u00f3n de <strong>SteelTech<\/strong>, el principal acontecimiento de referencia en Espa\u00f1a para el sector del acero, donde se dar\u00e1n cita los principales agentes de la cadena de valor para debatir sobre sostenibilidad, digitalizaci\u00f3n y nueces retas tecnol\u00f3gicos.<\/p>\n<p><strong>Eurecat<\/strong> estar\u00e1 presente con un <strong>estand propio<\/strong>, donde mostrar\u00e1 su actividad en el marco de programas europeos como <strong>Horizon Europe y el Research Fund for Coal and Steel (RFCS),<\/strong> con un <strong>portfolio de diez proyectos coordinados<\/strong> en \u00e1mbitos clave como la <strong>fabricaci\u00f3n aditiva, los aceros avanzados ligeros y resistentes<\/strong>, su uso en <strong>energ\u00edas renovables<\/strong> y la promoci\u00f3n de una <strong>producci\u00f3n sider\u00fargica m\u00e1s circular y eficiente<\/strong>.<\/p>\n<p>\u2728 En el marco de <strong>Horizon Europe<\/strong>, Eurecat coordina el proyecto <strong>Cisma<\/strong>, que promueve la econom\u00eda circular mediante la fabricaci\u00f3n de <strong>aceros reciclados de alta calidad<\/strong> a partir de chatarra puesto-consumidor, utilizando hornos de arco el\u00e9ctrico. El proyecto apuesta por una producci\u00f3n de acero con <strong>baja huella de carbono, propiedades mec\u00e1nicas mejoradas y trazabilidad completa<\/strong>, abriendo el camino hacia una siderurgia europea m\u00e1s verde y competitiva.<\/p>\n<p>\ud83d\udccd <span data-olk-copy-source=\"MessageBody\">Eurecat tambi\u00e9n participar\u00e1 en la zona de <strong>workshop:<\/strong><\/span><\/p>\n<p class=\"x_MsoNormal\"><strong><span lang=\"EN-US\">21.10 15:30h <\/span><\/strong><strong><span lang=\"EN-US\">\u201cRedefining Steel: Innovation for a Sustainable and Decarbonised Circular Economy\u201d <\/span><\/strong><span lang=\"EN-US\">a cargo de<\/span><strong><span lang=\"EN-US\"> Paula F\u00e9lix de Castro, <\/span><\/strong><span lang=\"EN-US\">Innovation Manager de la <span data-olk-copy-source=\"MessageBody\">Unidad de Materiales Met\u00e1licos y Cer\u00e1micos de Eurecat<\/span>.<\/span><\/p>\n<p class=\"x_MsoNormal\"><strong>\ud83d\udd17 <\/strong>Y en la <strong>zona de p\u00f3steres, Anna Pay\u00e0,<\/strong> investigadora de la Unidad de Materiales Met\u00e1licos y Cer\u00e1micos de Eurecat,<strong> presentar\u00e1 los resultados del proyecto <a href=\"https:\/\/eurecat.org\/portfolio-items\/sup3rform\/\" target=\"_blank\" rel=\"noopener\">Sup3rForm <\/a><\/strong>en el que se eval\u00faa la conformabilidad de aceros avanzados de 3\u00aa generaci\u00f3n mediante la obtenci\u00f3n de curvas de l\u00edmite de conformado (FLC) y su comparaci\u00f3n con aceros de 1\u00aa y 2\u00aa generaci\u00f3n.<\/p>\n<p class=\"x_MsoNormal\">\u00a0Ven a visitarnos al <strong>estand 26<\/strong>\u00a0y descubre como Eurecat impulsa la transformaci\u00f3n tecnol\u00f3gica del sector del acero.<\/p>\n<p>\ud83d\udcc6 <strong>Nos vemos a SteelTech 2025!<\/strong><\/p>\n<\/div><div style=\"text-align:center;\"><a class=\"fusion-button button-flat fusion-button-default-size button-default fusion-button-default button-1 fusion-button-default-span fusion-button-default-type\" target=\"_blank\" rel=\"noopener noreferrer\" href=\"https:\/\/steeltech.bilbaoexhibitioncentre.com\/\"><span class=\"fusion-button-text awb-button__text awb-button__text--default\">Conoce todo sobre el Steel Tech 2025<\/span><\/a><\/div><\/div><\/div><\/div><\/div>\n","protected":false},"excerpt":{"rendered":"","protected":false},"author":12,"featured_media":141009,"comment_status":"closed","ping_status":"closed","template":"","tags":[],"mec_category":[976,975],"class_list":["post-183464","mec-events","type-mec-events","status-publish","has-post-thumbnail","hentry","mec_category-congresos-organizados-por-eurecat-es","mec_category-fires-on-participa-eurecat"],"yoast_head":"<!-- This site is optimized with the Yoast SEO plugin v27.5 - https:\/\/yoast.com\/product\/yoast-seo-wordpress\/ -->\n<title>STEEL TECH 2025 Congress &amp; Expo - Eurecat<\/title>\n<meta name=\"description\" content=\"Eurecat participa al Steel Tech 2023 de Bilbao i ens trobar\u00e0s a l&#039;estand n\u00ba14 i amb un workshop especialitzat en la tenacitat de l&#039;acer\" \/>\n<meta name=\"robots\" content=\"index, follow, max-snippet:-1, max-image-preview:large, max-video-preview:-1\" \/>\n<link rel=\"canonical\" href=\"https:\/\/eurecat.org\/es\/calendario\/steel-tech-2025\/\" \/>\n<meta property=\"og:locale\" content=\"es_ES\" \/>\n<meta property=\"og:type\" content=\"article\" \/>\n<meta property=\"og:title\" content=\"STEEL TECH 2025 Congress &amp; Expo - Eurecat\" \/>\n<meta property=\"og:description\" content=\"Eurecat participa al Steel Tech 2023 de Bilbao i ens trobar\u00e0s a l&#039;estand n\u00ba14 i amb un workshop especialitzat en la tenacitat de l&#039;acer\" \/>\n<meta property=\"og:url\" content=\"https:\/\/eurecat.org\/es\/calendario\/steel-tech-2025\/\" \/>\n<meta property=\"og:site_name\" content=\"Eurecat\" \/>\n<meta property=\"article:modified_time\" content=\"2025-10-21T13:13:51+00:00\" \/>\n<meta property=\"og:image\" content=\"https:\/\/eurecat.org\/wp-content\/uploads\/2023\/10\/steel-tech_2023web.jpg\" \/>\n\t<meta property=\"og:image:width\" content=\"750\" \/>\n\t<meta property=\"og:image:height\" content=\"400\" \/>\n\t<meta property=\"og:image:type\" content=\"image\/jpeg\" \/>\n<meta name=\"twitter:card\" content=\"summary_large_image\" \/>\n<meta name=\"twitter:label1\" content=\"Tiempo de lectura\" \/>\n\t<meta name=\"twitter:data1\" content=\"2 minutos\" \/>\n<script type=\"application\/ld+json\" class=\"yoast-schema-graph\">{\"@context\":\"https:\\\/\\\/schema.org\",\"@graph\":[{\"@type\":\"WebPage\",\"@id\":\"https:\\\/\\\/eurecat.org\\\/es\\\/calendario\\\/steel-tech-2025\\\/\",\"url\":\"https:\\\/\\\/eurecat.org\\\/es\\\/calendario\\\/steel-tech-2025\\\/\",\"name\":\"STEEL TECH 2025 Congress & Expo - Eurecat\",\"isPartOf\":{\"@id\":\"https:\\\/\\\/eurecat.org\\\/es\\\/#website\"},\"primaryImageOfPage\":{\"@id\":\"https:\\\/\\\/eurecat.org\\\/es\\\/calendario\\\/steel-tech-2025\\\/#primaryimage\"},\"image\":{\"@id\":\"https:\\\/\\\/eurecat.org\\\/es\\\/calendario\\\/steel-tech-2025\\\/#primaryimage\"},\"thumbnailUrl\":\"https:\\\/\\\/eurecat.org\\\/wp-content\\\/uploads\\\/2023\\\/10\\\/steel-tech_2023web.jpg\",\"datePublished\":\"2025-08-04T07:13:04+00:00\",\"dateModified\":\"2025-10-21T13:13:51+00:00\",\"description\":\"Eurecat participa al Steel Tech 2023 de Bilbao i ens trobar\u00e0s a l'estand n\u00ba14 i amb un workshop especialitzat en la tenacitat de l'acer\",\"breadcrumb\":{\"@id\":\"https:\\\/\\\/eurecat.org\\\/es\\\/calendario\\\/steel-tech-2025\\\/#breadcrumb\"},\"inLanguage\":\"es\",\"potentialAction\":[{\"@type\":\"ReadAction\",\"target\":[\"https:\\\/\\\/eurecat.org\\\/es\\\/calendario\\\/steel-tech-2025\\\/\"]}]},{\"@type\":\"ImageObject\",\"inLanguage\":\"es\",\"@id\":\"https:\\\/\\\/eurecat.org\\\/es\\\/calendario\\\/steel-tech-2025\\\/#primaryimage\",\"url\":\"https:\\\/\\\/eurecat.org\\\/wp-content\\\/uploads\\\/2023\\\/10\\\/steel-tech_2023web.jpg\",\"contentUrl\":\"https:\\\/\\\/eurecat.org\\\/wp-content\\\/uploads\\\/2023\\\/10\\\/steel-tech_2023web.jpg\",\"width\":750,\"height\":400,\"caption\":\"Steel Tech 2023\"},{\"@type\":\"BreadcrumbList\",\"@id\":\"https:\\\/\\\/eurecat.org\\\/es\\\/calendario\\\/steel-tech-2025\\\/#breadcrumb\",\"itemListElement\":[{\"@type\":\"ListItem\",\"position\":1,\"name\":\"Inici\",\"item\":\"https:\\\/\\\/eurecat.org\\\/es\\\/\"},{\"@type\":\"ListItem\",\"position\":2,\"name\":\"Eventos\",\"item\":\"https:\\\/\\\/eurecat.org\\\/es\\\/calendario\\\/\"},{\"@type\":\"ListItem\",\"position\":3,\"name\":\"STEEL TECH 2025 Congress &#038; Expo\"}]},{\"@type\":\"WebSite\",\"@id\":\"https:\\\/\\\/eurecat.org\\\/es\\\/#website\",\"url\":\"https:\\\/\\\/eurecat.org\\\/es\\\/\",\"name\":\"Eurecat\",\"description\":\"Otro sitio realizado con WordPress\",\"potentialAction\":[{\"@type\":\"SearchAction\",\"target\":{\"@type\":\"EntryPoint\",\"urlTemplate\":\"https:\\\/\\\/eurecat.org\\\/es\\\/?s={search_term_string}\"},\"query-input\":{\"@type\":\"PropertyValueSpecification\",\"valueRequired\":true,\"valueName\":\"search_term_string\"}}],\"inLanguage\":\"es\"}]}<\/script>\n<!-- \/ Yoast SEO plugin. -->","yoast_head_json":{"title":"STEEL TECH 2025 Congress & Expo - Eurecat","description":"Eurecat participa al Steel Tech 2023 de Bilbao i ens trobar\u00e0s a l'estand n\u00ba14 i amb un workshop especialitzat en la tenacitat de l'acer","robots":{"index":"index","follow":"follow","max-snippet":"max-snippet:-1","max-image-preview":"max-image-preview:large","max-video-preview":"max-video-preview:-1"},"canonical":"https:\/\/eurecat.org\/es\/calendario\/steel-tech-2025\/","og_locale":"es_ES","og_type":"article","og_title":"STEEL TECH 2025 Congress & Expo - Eurecat","og_description":"Eurecat participa al Steel Tech 2023 de Bilbao i ens trobar\u00e0s a l'estand n\u00ba14 i amb un workshop especialitzat en la tenacitat de l'acer","og_url":"https:\/\/eurecat.org\/es\/calendario\/steel-tech-2025\/","og_site_name":"Eurecat","article_modified_time":"2025-10-21T13:13:51+00:00","og_image":[{"width":750,"height":400,"url":"https:\/\/eurecat.org\/wp-content\/uploads\/2023\/10\/steel-tech_2023web.jpg","type":"image\/jpeg"}],"twitter_card":"summary_large_image","twitter_misc":{"Tiempo de lectura":"2 minutos"},"schema":{"@context":"https:\/\/schema.org","@graph":[{"@type":"WebPage","@id":"https:\/\/eurecat.org\/es\/calendario\/steel-tech-2025\/","url":"https:\/\/eurecat.org\/es\/calendario\/steel-tech-2025\/","name":"STEEL TECH 2025 Congress & Expo - Eurecat","isPartOf":{"@id":"https:\/\/eurecat.org\/es\/#website"},"primaryImageOfPage":{"@id":"https:\/\/eurecat.org\/es\/calendario\/steel-tech-2025\/#primaryimage"},"image":{"@id":"https:\/\/eurecat.org\/es\/calendario\/steel-tech-2025\/#primaryimage"},"thumbnailUrl":"https:\/\/eurecat.org\/wp-content\/uploads\/2023\/10\/steel-tech_2023web.jpg","datePublished":"2025-08-04T07:13:04+00:00","dateModified":"2025-10-21T13:13:51+00:00","description":"Eurecat participa al Steel Tech 2023 de Bilbao i ens trobar\u00e0s a l'estand n\u00ba14 i amb un workshop especialitzat en la tenacitat de l'acer","breadcrumb":{"@id":"https:\/\/eurecat.org\/es\/calendario\/steel-tech-2025\/#breadcrumb"},"inLanguage":"es","potentialAction":[{"@type":"ReadAction","target":["https:\/\/eurecat.org\/es\/calendario\/steel-tech-2025\/"]}]},{"@type":"ImageObject","inLanguage":"es","@id":"https:\/\/eurecat.org\/es\/calendario\/steel-tech-2025\/#primaryimage","url":"https:\/\/eurecat.org\/wp-content\/uploads\/2023\/10\/steel-tech_2023web.jpg","contentUrl":"https:\/\/eurecat.org\/wp-content\/uploads\/2023\/10\/steel-tech_2023web.jpg","width":750,"height":400,"caption":"Steel Tech 2023"},{"@type":"BreadcrumbList","@id":"https:\/\/eurecat.org\/es\/calendario\/steel-tech-2025\/#breadcrumb","itemListElement":[{"@type":"ListItem","position":1,"name":"Inici","item":"https:\/\/eurecat.org\/es\/"},{"@type":"ListItem","position":2,"name":"Eventos","item":"https:\/\/eurecat.org\/es\/calendario\/"},{"@type":"ListItem","position":3,"name":"STEEL TECH 2025 Congress &#038; Expo"}]},{"@type":"WebSite","@id":"https:\/\/eurecat.org\/es\/#website","url":"https:\/\/eurecat.org\/es\/","name":"Eurecat","description":"Otro sitio realizado con WordPress","potentialAction":[{"@type":"SearchAction","target":{"@type":"EntryPoint","urlTemplate":"https:\/\/eurecat.org\/es\/?s={search_term_string}"},"query-input":{"@type":"PropertyValueSpecification","valueRequired":true,"valueName":"search_term_string"}}],"inLanguage":"es"}]}},"_links":{"self":[{"href":"https:\/\/eurecat.org\/es\/wp-json\/wp\/v2\/mec-events\/183464","targetHints":{"allow":["GET"]}}],"collection":[{"href":"https:\/\/eurecat.org\/es\/wp-json\/wp\/v2\/mec-events"}],"about":[{"href":"https:\/\/eurecat.org\/es\/wp-json\/wp\/v2\/types\/mec-events"}],"author":[{"embeddable":true,"href":"https:\/\/eurecat.org\/es\/wp-json\/wp\/v2\/users\/12"}],"replies":[{"embeddable":true,"href":"https:\/\/eurecat.org\/es\/wp-json\/wp\/v2\/comments?post=183464"}],"wp:featuredmedia":[{"embeddable":true,"href":"https:\/\/eurecat.org\/es\/wp-json\/wp\/v2\/media\/141009"}],"wp:attachment":[{"href":"https:\/\/eurecat.org\/es\/wp-json\/wp\/v2\/media?parent=183464"}],"wp:term":[{"taxonomy":"post_tag","embeddable":true,"href":"https:\/\/eurecat.org\/es\/wp-json\/wp\/v2\/tags?post=183464"},{"taxonomy":"mec_category","embeddable":true,"href":"https:\/\/eurecat.org\/es\/wp-json\/wp\/v2\/mec_category?post=183464"}],"curies":[{"name":"wp","href":"https:\/\/api.w.org\/{rel}","templated":true}]}}