{"id":188506,"date":"2025-09-15T12:50:31","date_gmt":"2025-09-15T10:50:31","guid":{"rendered":"https:\/\/eurecat.org\/?post_type=mec-events&#038;p=188506"},"modified":"2025-10-06T14:06:19","modified_gmt":"2025-10-06T12:06:19","slug":"jornada-presentacion-del-estudio-que-necesita-la-industria-catalana","status":"publish","type":"mec-events","link":"https:\/\/eurecat.org\/es\/calendario\/jornada-presentacion-del-estudio-que-necesita-la-industria-catalana\/","title":{"rendered":"Jornada Presentaci\u00f3n del estudio \u00ab\u00bfQu\u00e9 necesita la industria catalana?\u00bb"},"content":{"rendered":"<div class=\"fusion-fullwidth fullwidth-box fusion-builder-row-1 fusion-flex-container has-pattern-background has-mask-background nonhundred-percent-fullwidth non-hundred-percent-height-scrolling\" style=\"--awb-border-radius-top-left:0px;--awb-border-radius-top-right:0px;--awb-border-radius-bottom-right:0px;--awb-border-radius-bottom-left:0px;--awb-flex-wrap:wrap;\" ><div class=\"fusion-builder-row fusion-row fusion-flex-align-items-flex-start fusion-flex-content-wrap\" style=\"max-width:1424.8px;margin-left: calc(-4% \/ 2 );margin-right: calc(-4% \/ 2 );\"><div class=\"fusion-layout-column fusion_builder_column fusion-builder-column-0 fusion_builder_column_1_1 1_1 fusion-flex-column\" style=\"--awb-bg-size:cover;--awb-width-large:100%;--awb-margin-top-large:0px;--awb-spacing-right-large:1.92%;--awb-margin-bottom-large:20px;--awb-spacing-left-large:1.92%;--awb-width-medium:100%;--awb-order-medium:0;--awb-spacing-right-medium:1.92%;--awb-spacing-left-medium:1.92%;--awb-width-small:100%;--awb-order-small:0;--awb-spacing-right-small:1.92%;--awb-spacing-left-small:1.92%;\"><div class=\"fusion-column-wrapper fusion-column-has-shadow fusion-flex-justify-content-flex-start fusion-content-layout-column\"><div class=\"fusion-text fusion-text-1\"><p>El pr\u00f3ximo <strong>16 de octubre<\/strong> te invitamos a asistir a la <strong>presentaci\u00f3n del estudio\u00a0 <em>\u201c\u00bfQu\u00e9 necesita la industria catalana?\u201d<\/em><\/strong>, en el que ha participado Eurecat, en <strong>la Llotja de Mar de Barcelona<\/strong>.<\/p>\n<p>Conducci\u00f3n del acto: <strong>\u00c0urea Rodr\u00edguez<\/strong> <strong>|<\/strong> Eurecat<\/p>\n<p><strong>Programa<\/strong><\/p>\n<p><strong>10:45h<\/strong> Recepci\u00f3n de los asistentes.<\/p>\n<p><strong>11:00h<\/strong> Bienvenida institucional.<\/p>\n<p><strong>11:15h<\/strong> La pol\u00edtica industrial catalana y su contexto.<br \/>\n<strong>Sr. Xavier Roca Ramon |\u00a0<\/strong>Director General de Industria.<\/p>\n<p><strong>11:30h<\/strong> Objetivos del estudio <strong>\u201c\u00bfQu\u00e9 necesita la industria catalana?\u201d<\/strong>, basado en aportaciones de 60 personas expertas.<br \/>\n<strong>Sra. Laia Castany | <\/strong>Directora del Observatorio de la Industria.<\/p>\n<p><strong>11:45h<\/strong> Presentaci\u00f3n del estudio. Exposici\u00f3n de las 60 aportaciones por parte de 7 relatores<strong>:<\/strong><\/p>\n<ul>\n<li><strong>Eje 1. <\/strong>Una industria con productos y procesos sofisticados, tecnol\u00f3gicamente complejos. <strong>Sr. Xavier Ferr\u00e0s |\u00a0<\/strong>Esade.<\/li>\n<li><strong>Eje 2.<\/strong> Una industria con productos, procesos y empresas m\u00e1s sostenibles. <strong>Sra. Ana Garcia Molina |\u00a0<\/strong>Col\u00b7legi d\u2019Economistes de Catalunya.<\/li>\n<li><strong>Eje 3<\/strong>. Una industria con las personas en el centro. <strong>Sra. Carme Poveda |\u00a0<\/strong>Cambra de Comer\u00e7 de Barcelona.<\/li>\n<li><strong>Eje 4<\/strong>. Una industria con infraestructuras de apoyo. <strong>Sr. Xavier L\u00f3pez |<\/strong>\u00a0Eurecat.<\/li>\n<li><strong>Eje 5.<\/strong> Los cl\u00e1sicos factores de competitividad empresarial revisados. <strong>Sra. Cristina Serradell |\u00a0<\/strong>Agencia para la competitividad de la empresa (Acci\u00f3).<\/li>\n<li><strong>Eje 6.<\/strong> Una diversificaci\u00f3n de la econom\u00eda catalana. <strong>Sr. Xavier Testar<\/strong>\u00a0| Universitat de Barcelona.<\/li>\n<li><strong>Eje 7.<\/strong> Una industria con una sociedad y una administraci\u00f3n pr\u00f3ximas. <strong>Sr. Oriol Amat<\/strong>\u00a0| Universitat Pompeu Fabra.<\/li>\n<\/ul>\n<p><strong>\u00a013:00h<\/strong> S\u00edntesis, agradecimientos a los autores y clausura.<\/p>\n<p><strong>13:05h<\/strong> Fin de la jornada.<\/p>\n<\/div><div style=\"text-align:center;\"><a class=\"fusion-button button-flat fusion-button-default-size button-default fusion-button-default button-1 fusion-button-default-span fusion-button-default-type\" target=\"_blank\" rel=\"noopener noreferrer\" href=\"https:\/\/www.tfaforms.com\/5194467\"><span class=\"fusion-button-text awb-button__text awb-button__text--default\">Inscr\u00edbete aqu\u00ed<\/span><\/a><\/div><\/div><\/div><\/div><\/div>\n","protected":false},"excerpt":{"rendered":"","protected":false},"author":20,"featured_media":189217,"comment_status":"closed","ping_status":"closed","template":"","tags":[],"mec_category":[986],"class_list":["post-188506","mec-events","type-mec-events","status-publish","has-post-thumbnail","hentry","mec_category-actos-cientificos-tecnologicos"],"yoast_head":"<!-- This site is optimized with the Yoast SEO plugin v27.4 - https:\/\/yoast.com\/product\/yoast-seo-wordpress\/ -->\n<title>Jornada Presentaci\u00f3n del estudio &quot;\u00bfQu\u00e9 necesita la industria catalana?&quot; - Eurecat<\/title>\n<meta name=\"robots\" content=\"index, follow, max-snippet:-1, max-image-preview:large, max-video-preview:-1\" \/>\n<link rel=\"canonical\" href=\"https:\/\/eurecat.org\/es\/calendario\/jornada-presentacion-del-estudio-que-necesita-la-industria-catalana\/\" \/>\n<meta property=\"og:locale\" content=\"es_ES\" \/>\n<meta property=\"og:type\" content=\"article\" \/>\n<meta property=\"og:title\" content=\"Jornada Presentaci\u00f3n del estudio &quot;\u00bfQu\u00e9 necesita la industria catalana?&quot; - Eurecat\" \/>\n<meta property=\"og:url\" content=\"https:\/\/eurecat.org\/es\/calendario\/jornada-presentacion-del-estudio-que-necesita-la-industria-catalana\/\" \/>\n<meta property=\"og:site_name\" content=\"Eurecat\" \/>\n<meta property=\"article:modified_time\" content=\"2025-10-06T12:06:19+00:00\" \/>\n<meta property=\"og:image\" content=\"https:\/\/eurecat.org\/wp-content\/uploads\/2025\/09\/Capcalera-creativitat_750X400.jpg\" \/>\n\t<meta property=\"og:image:width\" content=\"750\" \/>\n\t<meta property=\"og:image:height\" content=\"400\" \/>\n\t<meta property=\"og:image:type\" content=\"image\/jpeg\" \/>\n<meta name=\"twitter:card\" content=\"summary_large_image\" \/>\n<meta name=\"twitter:label1\" content=\"Tiempo de lectura\" \/>\n\t<meta name=\"twitter:data1\" content=\"2 minutos\" \/>\n<script type=\"application\/ld+json\" class=\"yoast-schema-graph\">{\"@context\":\"https:\\\/\\\/schema.org\",\"@graph\":[{\"@type\":\"WebPage\",\"@id\":\"https:\\\/\\\/eurecat.org\\\/es\\\/calendario\\\/jornada-presentacion-del-estudio-que-necesita-la-industria-catalana\\\/\",\"url\":\"https:\\\/\\\/eurecat.org\\\/es\\\/calendario\\\/jornada-presentacion-del-estudio-que-necesita-la-industria-catalana\\\/\",\"name\":\"Jornada Presentaci\u00f3n del estudio \\\"\u00bfQu\u00e9 necesita la industria catalana?\\\" - Eurecat\",\"isPartOf\":{\"@id\":\"https:\\\/\\\/eurecat.org\\\/es\\\/#website\"},\"primaryImageOfPage\":{\"@id\":\"https:\\\/\\\/eurecat.org\\\/es\\\/calendario\\\/jornada-presentacion-del-estudio-que-necesita-la-industria-catalana\\\/#primaryimage\"},\"image\":{\"@id\":\"https:\\\/\\\/eurecat.org\\\/es\\\/calendario\\\/jornada-presentacion-del-estudio-que-necesita-la-industria-catalana\\\/#primaryimage\"},\"thumbnailUrl\":\"https:\\\/\\\/eurecat.org\\\/wp-content\\\/uploads\\\/2025\\\/09\\\/Capcalera-creativitat_750X400.jpg\",\"datePublished\":\"2025-09-15T10:50:31+00:00\",\"dateModified\":\"2025-10-06T12:06:19+00:00\",\"breadcrumb\":{\"@id\":\"https:\\\/\\\/eurecat.org\\\/es\\\/calendario\\\/jornada-presentacion-del-estudio-que-necesita-la-industria-catalana\\\/#breadcrumb\"},\"inLanguage\":\"es\",\"potentialAction\":[{\"@type\":\"ReadAction\",\"target\":[\"https:\\\/\\\/eurecat.org\\\/es\\\/calendario\\\/jornada-presentacion-del-estudio-que-necesita-la-industria-catalana\\\/\"]}]},{\"@type\":\"ImageObject\",\"inLanguage\":\"es\",\"@id\":\"https:\\\/\\\/eurecat.org\\\/es\\\/calendario\\\/jornada-presentacion-del-estudio-que-necesita-la-industria-catalana\\\/#primaryimage\",\"url\":\"https:\\\/\\\/eurecat.org\\\/wp-content\\\/uploads\\\/2025\\\/09\\\/Capcalera-creativitat_750X400.jpg\",\"contentUrl\":\"https:\\\/\\\/eurecat.org\\\/wp-content\\\/uploads\\\/2025\\\/09\\\/Capcalera-creativitat_750X400.jpg\",\"width\":750,\"height\":400},{\"@type\":\"BreadcrumbList\",\"@id\":\"https:\\\/\\\/eurecat.org\\\/es\\\/calendario\\\/jornada-presentacion-del-estudio-que-necesita-la-industria-catalana\\\/#breadcrumb\",\"itemListElement\":[{\"@type\":\"ListItem\",\"position\":1,\"name\":\"Inici\",\"item\":\"https:\\\/\\\/eurecat.org\\\/es\\\/\"},{\"@type\":\"ListItem\",\"position\":2,\"name\":\"Eventos\",\"item\":\"https:\\\/\\\/eurecat.org\\\/es\\\/calendario\\\/\"},{\"@type\":\"ListItem\",\"position\":3,\"name\":\"Jornada Presentaci\u00f3n del estudio &#8220;\u00bfQu\u00e9 necesita la industria catalana?&#8221;\"}]},{\"@type\":\"WebSite\",\"@id\":\"https:\\\/\\\/eurecat.org\\\/es\\\/#website\",\"url\":\"https:\\\/\\\/eurecat.org\\\/es\\\/\",\"name\":\"Eurecat\",\"description\":\"Otro sitio realizado con WordPress\",\"potentialAction\":[{\"@type\":\"SearchAction\",\"target\":{\"@type\":\"EntryPoint\",\"urlTemplate\":\"https:\\\/\\\/eurecat.org\\\/es\\\/?s={search_term_string}\"},\"query-input\":{\"@type\":\"PropertyValueSpecification\",\"valueRequired\":true,\"valueName\":\"search_term_string\"}}],\"inLanguage\":\"es\"}]}<\/script>\n<!-- \/ Yoast SEO plugin. -->","yoast_head_json":{"title":"Jornada Presentaci\u00f3n del estudio \"\u00bfQu\u00e9 necesita la industria catalana?\" - Eurecat","robots":{"index":"index","follow":"follow","max-snippet":"max-snippet:-1","max-image-preview":"max-image-preview:large","max-video-preview":"max-video-preview:-1"},"canonical":"https:\/\/eurecat.org\/es\/calendario\/jornada-presentacion-del-estudio-que-necesita-la-industria-catalana\/","og_locale":"es_ES","og_type":"article","og_title":"Jornada Presentaci\u00f3n del estudio \"\u00bfQu\u00e9 necesita la industria catalana?\" - Eurecat","og_url":"https:\/\/eurecat.org\/es\/calendario\/jornada-presentacion-del-estudio-que-necesita-la-industria-catalana\/","og_site_name":"Eurecat","article_modified_time":"2025-10-06T12:06:19+00:00","og_image":[{"width":750,"height":400,"url":"https:\/\/eurecat.org\/wp-content\/uploads\/2025\/09\/Capcalera-creativitat_750X400.jpg","type":"image\/jpeg"}],"twitter_card":"summary_large_image","twitter_misc":{"Tiempo de lectura":"2 minutos"},"schema":{"@context":"https:\/\/schema.org","@graph":[{"@type":"WebPage","@id":"https:\/\/eurecat.org\/es\/calendario\/jornada-presentacion-del-estudio-que-necesita-la-industria-catalana\/","url":"https:\/\/eurecat.org\/es\/calendario\/jornada-presentacion-del-estudio-que-necesita-la-industria-catalana\/","name":"Jornada Presentaci\u00f3n del estudio \"\u00bfQu\u00e9 necesita la industria catalana?\" - Eurecat","isPartOf":{"@id":"https:\/\/eurecat.org\/es\/#website"},"primaryImageOfPage":{"@id":"https:\/\/eurecat.org\/es\/calendario\/jornada-presentacion-del-estudio-que-necesita-la-industria-catalana\/#primaryimage"},"image":{"@id":"https:\/\/eurecat.org\/es\/calendario\/jornada-presentacion-del-estudio-que-necesita-la-industria-catalana\/#primaryimage"},"thumbnailUrl":"https:\/\/eurecat.org\/wp-content\/uploads\/2025\/09\/Capcalera-creativitat_750X400.jpg","datePublished":"2025-09-15T10:50:31+00:00","dateModified":"2025-10-06T12:06:19+00:00","breadcrumb":{"@id":"https:\/\/eurecat.org\/es\/calendario\/jornada-presentacion-del-estudio-que-necesita-la-industria-catalana\/#breadcrumb"},"inLanguage":"es","potentialAction":[{"@type":"ReadAction","target":["https:\/\/eurecat.org\/es\/calendario\/jornada-presentacion-del-estudio-que-necesita-la-industria-catalana\/"]}]},{"@type":"ImageObject","inLanguage":"es","@id":"https:\/\/eurecat.org\/es\/calendario\/jornada-presentacion-del-estudio-que-necesita-la-industria-catalana\/#primaryimage","url":"https:\/\/eurecat.org\/wp-content\/uploads\/2025\/09\/Capcalera-creativitat_750X400.jpg","contentUrl":"https:\/\/eurecat.org\/wp-content\/uploads\/2025\/09\/Capcalera-creativitat_750X400.jpg","width":750,"height":400},{"@type":"BreadcrumbList","@id":"https:\/\/eurecat.org\/es\/calendario\/jornada-presentacion-del-estudio-que-necesita-la-industria-catalana\/#breadcrumb","itemListElement":[{"@type":"ListItem","position":1,"name":"Inici","item":"https:\/\/eurecat.org\/es\/"},{"@type":"ListItem","position":2,"name":"Eventos","item":"https:\/\/eurecat.org\/es\/calendario\/"},{"@type":"ListItem","position":3,"name":"Jornada Presentaci\u00f3n del estudio &#8220;\u00bfQu\u00e9 necesita la industria catalana?&#8221;"}]},{"@type":"WebSite","@id":"https:\/\/eurecat.org\/es\/#website","url":"https:\/\/eurecat.org\/es\/","name":"Eurecat","description":"Otro sitio realizado con WordPress","potentialAction":[{"@type":"SearchAction","target":{"@type":"EntryPoint","urlTemplate":"https:\/\/eurecat.org\/es\/?s={search_term_string}"},"query-input":{"@type":"PropertyValueSpecification","valueRequired":true,"valueName":"search_term_string"}}],"inLanguage":"es"}]}},"_links":{"self":[{"href":"https:\/\/eurecat.org\/es\/wp-json\/wp\/v2\/mec-events\/188506","targetHints":{"allow":["GET"]}}],"collection":[{"href":"https:\/\/eurecat.org\/es\/wp-json\/wp\/v2\/mec-events"}],"about":[{"href":"https:\/\/eurecat.org\/es\/wp-json\/wp\/v2\/types\/mec-events"}],"author":[{"embeddable":true,"href":"https:\/\/eurecat.org\/es\/wp-json\/wp\/v2\/users\/20"}],"replies":[{"embeddable":true,"href":"https:\/\/eurecat.org\/es\/wp-json\/wp\/v2\/comments?post=188506"}],"wp:featuredmedia":[{"embeddable":true,"href":"https:\/\/eurecat.org\/es\/wp-json\/wp\/v2\/media\/189217"}],"wp:attachment":[{"href":"https:\/\/eurecat.org\/es\/wp-json\/wp\/v2\/media?parent=188506"}],"wp:term":[{"taxonomy":"post_tag","embeddable":true,"href":"https:\/\/eurecat.org\/es\/wp-json\/wp\/v2\/tags?post=188506"},{"taxonomy":"mec_category","embeddable":true,"href":"https:\/\/eurecat.org\/es\/wp-json\/wp\/v2\/mec_category?post=188506"}],"curies":[{"name":"wp","href":"https:\/\/api.w.org\/{rel}","templated":true}]}}