{"id":189329,"date":"2025-10-07T16:36:13","date_gmt":"2025-10-07T14:36:13","guid":{"rendered":"https:\/\/eurecat.org\/calendar\/impetus-adaptacio-clima-costa-catalana\/"},"modified":"2025-11-06T12:11:10","modified_gmt":"2025-11-06T11:11:10","slug":"impetus-adaptacion-clima-costa-catalana","status":"publish","type":"mec-events","link":"https:\/\/eurecat.org\/es\/calendario\/impetus-adaptacion-clima-costa-catalana\/","title":{"rendered":"Del conocimiento a la acci\u00f3n: adaptaci\u00f3n clim\u00e1tica de la costa catalana"},"content":{"rendered":"<div class=\"fusion-fullwidth fullwidth-box fusion-builder-row-1 fusion-flex-container has-pattern-background has-mask-background nonhundred-percent-fullwidth non-hundred-percent-height-scrolling\" style=\"--awb-border-radius-top-left:0px;--awb-border-radius-top-right:0px;--awb-border-radius-bottom-right:0px;--awb-border-radius-bottom-left:0px;--awb-flex-wrap:wrap;\" ><div class=\"fusion-builder-row fusion-row fusion-flex-align-items-flex-start fusion-flex-content-wrap\" style=\"max-width:1424.8px;margin-left: calc(-4% \/ 2 );margin-right: calc(-4% \/ 2 );\"><div class=\"fusion-layout-column fusion_builder_column fusion-builder-column-0 fusion_builder_column_1_1 1_1 fusion-flex-column\" style=\"--awb-bg-size:cover;--awb-width-large:100%;--awb-margin-top-large:0px;--awb-spacing-right-large:1.92%;--awb-margin-bottom-large:20px;--awb-spacing-left-large:1.92%;--awb-width-medium:100%;--awb-order-medium:0;--awb-spacing-right-medium:1.92%;--awb-spacing-left-medium:1.92%;--awb-width-small:100%;--awb-order-small:0;--awb-spacing-right-small:1.92%;--awb-spacing-left-small:1.92%;\"><div class=\"fusion-column-wrapper fusion-column-has-shadow fusion-flex-justify-content-flex-start fusion-content-layout-column\"><div class=\"fusion-text fusion-text-1\" style=\"--awb-content-alignment:justify;\"><p><strong><span style=\"font-size: 16px;\">J<\/span><\/strong><strong style=\"font-size: 16px;\">ornada <em>\u00abDel conocimiento a la acci\u00f3n: adaptaci\u00f3n clim\u00e1tica de la costa catalana\u00bb,<\/em> organizada por la <a href=\"https:\/\/territori.gencat.cat\/ca\/inici\" target=\"_blank\" rel=\"noopener\">Oficina Catalana del Cambio Clim\u00e1tico<\/a> de la Generalitat de Catalunya y <a href=\"https:\/\/eurecat.org\/es\" target=\"_blank\" rel=\"noopener\">Eurecat<\/a> en el marco del proyecto <a href=\"https:\/\/climate-impetus.eu\/\" target=\"_blank\" rel=\"noopener\">IMPETUS<\/a>.<\/strong><\/p>\n<p><span style=\"font-size: 16px;\">El cambio clim\u00e1tico impacta de manera especial en las zonas costeras, exigiendo respuestas coordinadas e innovadoras. Esta jornada ha reunido representantes institucionales, centros de investigaci\u00f3n, empresas y actores locales para poner en com\u00fan estrategias y soluciones de adaptaci\u00f3n en el litoral mediterr\u00e1neo.<\/span><\/p>\n<p>El evento supuso un recorrido que va del <strong>marco institucional y la innovaci\u00f3n cient\u00edfica<\/strong>, hasta las <strong>experiencias concretas del territorio<\/strong> del proyecto IMPETUS con el objetivo de generar <strong>di\u00e1logo, co-creaci\u00f3n y nuevas alianzas<\/strong> por una costa m\u00e1s resiliente y sostenible.<\/p>\n<p>Un <strong>punto de encuentro<\/strong> entre gobierno regional y local, empresas, investigaci\u00f3n, educaci\u00f3n, comunicaci\u00f3n, mundo social y territorio para construir una costa m\u00e1s resiliente<\/p>\n<h5><strong><span style=\"color: #800080;\">Idioma del acto: Catal\u00e1n<\/span><\/strong><br \/>\n<em>*Jornada exclusivamente presencial.<\/em><\/h5>\n<h6><em><img decoding=\"async\" class=\"wp-image-189543 alignleft\" src=\"https:\/\/eurecat.org\/wp-content\/uploads\/2025\/10\/european-flag-2.png\" alt=\"\" width=\"102\" height=\"70\" srcset=\"https:\/\/eurecat.org\/wp-content\/uploads\/2025\/10\/european-flag-2-200x136.png 200w, https:\/\/eurecat.org\/wp-content\/uploads\/2025\/10\/european-flag-2.png 296w\" sizes=\"(max-width: 102px) 100vw, 102px\" \/>Este evento ha recibido financiaci\u00f3n del programa de investigaci\u00f3n e innovaci\u00f3n Horizon 2020 de la Uni\u00f3n Europea en virtud del acuerdo de subvenci\u00f3n n.\u00ba 101037084.<br \/>\n<\/em><\/h6>\n<\/div><div class=\"fusion-separator fusion-full-width-sep\" style=\"align-self: center;margin-left: auto;margin-right: auto;width:100%;\"><\/div><div class=\"fusion-separator fusion-full-width-sep\" style=\"align-self: center;margin-left: auto;margin-right: auto;width:100%;\"><\/div><div style=\"text-align:center;\"><a class=\"fusion-button button-flat fusion-button-default-size button-custom fusion-button-default button-1 fusion-button-default-span fusion-button-default-type\" style=\"--button_accent_color:#ffffff;--button_accent_hover_color:#ffffff;--button_border_hover_color:#ffffff;--button_gradient_top_color:#662483;--button_gradient_bottom_color:#662483;--button_gradient_top_color_hover:#662483;--button_gradient_bottom_color_hover:#662483;\" target=\"_blank\" rel=\"noopener noreferrer\" href=\"http:\/\/storage.cdn.eurecat.org\/web_corporativa\/docs\/pdf\/INTEGRAT_IMPETUS.pdf\"><span class=\"fusion-button-text awb-button__text awb-button__text--default\">DESCARGA LAS PRESENTACIONES AQU\u00cd<\/span><\/a><\/div><\/div><\/div><\/div><\/div><div class=\"fusion-fullwidth fullwidth-box fusion-builder-row-2 fusion-flex-container has-pattern-background has-mask-background nonhundred-percent-fullwidth non-hundred-percent-height-scrolling\" style=\"--awb-border-radius-top-left:0px;--awb-border-radius-top-right:0px;--awb-border-radius-bottom-right:0px;--awb-border-radius-bottom-left:0px;--awb-flex-wrap:wrap;\" ><div class=\"fusion-builder-row fusion-row fusion-flex-align-items-flex-start fusion-flex-content-wrap\" style=\"max-width:1424.8px;margin-left: calc(-4% \/ 2 );margin-right: calc(-4% \/ 2 );\"><div class=\"fusion-layout-column fusion_builder_column fusion-builder-column-1 fusion_builder_column_1_1 1_1 fusion-flex-column\" style=\"--awb-bg-color:#6f268b;--awb-bg-color-hover:#6f268b;--awb-bg-image:linear-gradient(314deg, #6f268b 52%,#0499dd 100%);--awb-bg-size:cover;--awb-width-large:100%;--awb-margin-top-large:0px;--awb-spacing-right-large:1.92%;--awb-margin-bottom-large:20px;--awb-spacing-left-large:1.92%;--awb-width-medium:100%;--awb-order-medium:0;--awb-spacing-right-medium:1.92%;--awb-spacing-left-medium:1.92%;--awb-width-small:100%;--awb-order-small:0;--awb-spacing-right-small:1.92%;--awb-spacing-left-small:1.92%;\" data-scroll-devices=\"small-visibility,medium-visibility,large-visibility\"><div class=\"fusion-column-wrapper fusion-column-has-shadow fusion-flex-justify-content-flex-start fusion-content-layout-column\"><div class=\"fusion-separator\" style=\"align-self: center;margin-left: auto;margin-right: auto;flex-grow:10;margin-top:15px;width:100%;max-width:10px;\"><\/div><div class=\"fusion-title title fusion-title-1 fusion-sep-none fusion-title-text fusion-title-size-two\" style=\"--awb-text-color:#ffffff;--awb-margin-top:10px;--awb-margin-top-small:0px;--awb-margin-right-small:0px;--awb-margin-bottom-small:20px;--awb-margin-left-small:0px;\"><h2 class=\"fusion-title-heading title-heading-left\" style=\"margin:0;\"><h2 style=\"text-align: center;\"><span style=\"color: #ffffff;\"><strong>PROGRAMA<\/strong><\/span><\/h2><\/h2><\/div><\/div><\/div><\/div><\/div><div class=\"fusion-fullwidth fullwidth-box fusion-builder-row-3 fusion-flex-container has-pattern-background has-mask-background nonhundred-percent-fullwidth non-hundred-percent-height-scrolling\" style=\"--awb-border-radius-top-left:0px;--awb-border-radius-top-right:0px;--awb-border-radius-bottom-right:0px;--awb-border-radius-bottom-left:0px;--awb-flex-wrap:wrap;\" ><div class=\"fusion-builder-row fusion-row fusion-flex-align-items-flex-start fusion-flex-content-wrap\" style=\"max-width:1424.8px;margin-left: calc(-4% \/ 2 );margin-right: calc(-4% \/ 2 );\"><div class=\"fusion-layout-column fusion_builder_column fusion-builder-column-2 fusion_builder_column_1_1 1_1 fusion-flex-column\" style=\"--awb-bg-size:cover;--awb-border-color:#6f268b;--awb-border-left:2px;--awb-border-style:solid;--awb-width-large:100%;--awb-margin-top-large:0px;--awb-spacing-right-large:1.92%;--awb-margin-bottom-large:20px;--awb-spacing-left-large:1.92%;--awb-width-medium:100%;--awb-order-medium:0;--awb-spacing-right-medium:1.92%;--awb-spacing-left-medium:1.92%;--awb-width-small:100%;--awb-order-small:0;--awb-spacing-right-small:1.92%;--awb-spacing-left-small:1.92%;\" data-scroll-devices=\"small-visibility,medium-visibility,large-visibility\"><div class=\"fusion-column-wrapper fusion-column-has-shadow fusion-flex-justify-content-flex-start fusion-content-layout-column\"><div class=\"fusion-builder-row fusion-builder-row-inner fusion-row fusion-flex-align-items-flex-start fusion-flex-content-wrap\" style=\"--awb-flex-grow:0;--awb-flex-grow-medium:0;--awb-flex-grow-small:0;--awb-flex-shrink:0;--awb-flex-shrink-medium:0;--awb-flex-shrink-small:0;width:104% !important;max-width:104% !important;margin-left: calc(-4% \/ 2 );margin-right: calc(-4% \/ 2 );\"><div class=\"fusion-layout-column fusion_builder_column_inner fusion-builder-nested-column-0 fusion_builder_column_inner_1_5 1_5 fusion-flex-column\" style=\"--awb-bg-size:cover;--awb-width-large:20%;--awb-margin-top-large:0px;--awb-spacing-right-large:9.6%;--awb-margin-bottom-large:20px;--awb-spacing-left-large:9.6%;--awb-width-medium:100%;--awb-order-medium:0;--awb-spacing-right-medium:1.92%;--awb-spacing-left-medium:1.92%;--awb-width-small:100%;--awb-order-small:0;--awb-spacing-right-small:1.92%;--awb-spacing-left-small:1.92%;\"><div class=\"fusion-column-wrapper fusion-column-has-shadow fusion-flex-justify-content-flex-start fusion-content-layout-column\"><div class=\"fusion-text fusion-text-2\"><h5 style=\"text-align: center;\"><strong>8:30h\u00a0<\/strong><\/h5>\n<\/div><\/div><\/div><div class=\"fusion-layout-column fusion_builder_column_inner fusion-builder-nested-column-1 fusion_builder_column_inner_4_5 4_5 fusion-flex-column\" style=\"--awb-padding-top:-10px;--awb-padding-left:-10px;--awb-bg-size:cover;--awb-width-large:80%;--awb-margin-top-large:0px;--awb-spacing-right-large:2.4%;--awb-margin-bottom-large:20px;--awb-spacing-left-large:2.4%;--awb-width-medium:100%;--awb-order-medium:0;--awb-spacing-right-medium:1.92%;--awb-spacing-left-medium:1.92%;--awb-width-small:100%;--awb-order-small:0;--awb-spacing-right-small:1.92%;--awb-spacing-left-small:1.92%;\" data-scroll-devices=\"small-visibility,medium-visibility,large-visibility\"><div class=\"fusion-column-wrapper fusion-column-has-shadow fusion-flex-justify-content-flex-start fusion-content-layout-column\"><div class=\"fusion-text fusion-text-3\"><h5><span style=\"color: #800080;\"><strong><span class=\"TextRun SCXW265479400 BCX0\" lang=\"ES-ES\" xml:lang=\"ES-ES\" data-contrast=\"auto\"><span class=\"NormalTextRun SCXW265479400 BCX0\">Bienvenida y recepci\u00f3n de asistentes<\/span><\/span><\/strong><\/span><\/h5>\n<\/div><\/div><\/div><\/div><div class=\"fusion-builder-row fusion-builder-row-inner fusion-row fusion-flex-align-items-flex-start fusion-flex-content-wrap\" style=\"--awb-flex-grow:0;--awb-flex-grow-medium:0;--awb-flex-grow-small:0;--awb-flex-shrink:0;--awb-flex-shrink-medium:0;--awb-flex-shrink-small:0;width:104% !important;max-width:104% !important;margin-left: calc(-4% \/ 2 );margin-right: calc(-4% \/ 2 );\"><div class=\"fusion-layout-column fusion_builder_column_inner fusion-builder-nested-column-2 fusion_builder_column_inner_1_5 1_5 fusion-flex-column\" style=\"--awb-bg-size:cover;--awb-width-large:20%;--awb-margin-top-large:0px;--awb-spacing-right-large:9.6%;--awb-margin-bottom-large:20px;--awb-spacing-left-large:9.6%;--awb-width-medium:100%;--awb-order-medium:0;--awb-spacing-right-medium:1.92%;--awb-spacing-left-medium:1.92%;--awb-width-small:100%;--awb-order-small:0;--awb-spacing-right-small:1.92%;--awb-spacing-left-small:1.92%;\"><div class=\"fusion-column-wrapper fusion-column-has-shadow fusion-flex-justify-content-flex-start fusion-content-layout-column\"><div class=\"fusion-text fusion-text-4\"><h5 style=\"text-align: center;\"><strong>9:00h\u00a0<\/strong><\/h5>\n<\/div><\/div><\/div><div class=\"fusion-layout-column fusion_builder_column_inner fusion-builder-nested-column-3 fusion_builder_column_inner_4_5 4_5 fusion-flex-column\" style=\"--awb-padding-top:-10px;--awb-padding-left:-10px;--awb-bg-size:cover;--awb-width-large:80%;--awb-margin-top-large:0px;--awb-spacing-right-large:2.4%;--awb-margin-bottom-large:20px;--awb-spacing-left-large:2.4%;--awb-width-medium:100%;--awb-order-medium:0;--awb-spacing-right-medium:1.92%;--awb-spacing-left-medium:1.92%;--awb-width-small:100%;--awb-order-small:0;--awb-spacing-right-small:1.92%;--awb-spacing-left-small:1.92%;\" data-scroll-devices=\"small-visibility,medium-visibility,large-visibility\"><div class=\"fusion-column-wrapper fusion-column-has-shadow fusion-flex-justify-content-flex-start fusion-content-layout-column\"><div class=\"fusion-text fusion-text-5\"><h5><span style=\"color: #800080;\"><strong>De Catalunya a Europa: un compromiso compartido para la adaptaci\u00f3n clim\u00e1tica<\/strong><\/span><\/h5>\n<h5><strong>Jordi Terrades i Santacreu,<\/strong> <i>secretari general del Departament de Territori, Habitatge i Transici\u00f3 Ecol\u00f2gica<\/i>, <strong>Generalitat de Catalunya<\/strong><\/h5>\n<h5><strong>Irene Jubany, <\/strong><em>directora de sostenibilitat<\/em>, <strong>Eurecat<\/strong><\/h5>\n<h5><strong>Ximena Michemberg, <\/strong><em>Principal Adaptation Consultant &#8211; MIP4Adapt<\/em>, <strong>Ricardo PLC, Member of WSP<\/strong><\/h5>\n<\/div><\/div><\/div><\/div><div class=\"fusion-builder-row fusion-builder-row-inner fusion-row fusion-flex-align-items-flex-start fusion-flex-content-wrap\" style=\"--awb-flex-grow:0;--awb-flex-grow-medium:0;--awb-flex-grow-small:0;--awb-flex-shrink:0;--awb-flex-shrink-medium:0;--awb-flex-shrink-small:0;width:104% !important;max-width:104% !important;margin-left: calc(-4% \/ 2 );margin-right: calc(-4% \/ 2 );\"><div class=\"fusion-layout-column fusion_builder_column_inner fusion-builder-nested-column-4 fusion_builder_column_inner_1_5 1_5 fusion-flex-column\" style=\"--awb-bg-size:cover;--awb-width-large:20%;--awb-margin-top-large:0px;--awb-spacing-right-large:9.6%;--awb-margin-bottom-large:20px;--awb-spacing-left-large:9.6%;--awb-width-medium:100%;--awb-order-medium:0;--awb-spacing-right-medium:1.92%;--awb-spacing-left-medium:1.92%;--awb-width-small:100%;--awb-order-small:0;--awb-spacing-right-small:1.92%;--awb-spacing-left-small:1.92%;\"><div class=\"fusion-column-wrapper fusion-column-has-shadow fusion-flex-justify-content-flex-start fusion-content-layout-column\"><div class=\"fusion-text fusion-text-6\"><h5 style=\"text-align: center;\"><strong>9:40h\u00a0<\/strong><\/h5>\n<\/div><\/div><\/div><div class=\"fusion-layout-column fusion_builder_column_inner fusion-builder-nested-column-5 fusion_builder_column_inner_4_5 4_5 fusion-flex-column\" style=\"--awb-bg-size:cover;--awb-width-large:80%;--awb-margin-top-large:0px;--awb-spacing-right-large:2.4%;--awb-margin-bottom-large:20px;--awb-spacing-left-large:2.4%;--awb-width-medium:100%;--awb-order-medium:0;--awb-spacing-right-medium:1.92%;--awb-spacing-left-medium:1.92%;--awb-width-small:100%;--awb-order-small:0;--awb-spacing-right-small:1.92%;--awb-spacing-left-small:1.92%;\"><div class=\"fusion-column-wrapper fusion-column-has-shadow fusion-flex-justify-content-flex-start fusion-content-layout-column\"><div class=\"fusion-text fusion-text-7\"><h5><strong><span style=\"color: #800080;\">Estrategias e innovaci\u00f3n para una costa resiliente<\/span><\/strong><\/h5>\n<h5><strong><span style=\"color: #808080;\">Resiliencia litoral: evidencias, estrategias de adaptaci\u00f3n al cambio clim\u00e1tico en Catalu\u00f1a<br \/>\n<\/span>Leonardo Bejarano<\/strong>, <em>jefe de la Oficina Catalana del Cambio Clim\u00e1tico,<\/em> <strong>Generalitat de Catalunya<br \/>\n<\/strong><\/h5>\n<h5><strong><span style=\"color: #808080;\"><span class=\"NormalTextRun SCXW45308949 BCX0\">IMPETUS, nuevas soluciones para la adaptaci\u00f3n al cambio clim\u00e1tico<\/span><br \/>\n<\/span>Josep Pijuan, <\/strong><em>coordinador t\u00e9cnico del proyecto IMPETUS, investigador en inteligencia artificial,<\/em> <strong>Eurecat<\/strong><\/h5>\n<\/div><\/div><\/div><\/div><div class=\"fusion-builder-row fusion-builder-row-inner fusion-row fusion-flex-align-items-flex-start fusion-flex-content-wrap\" style=\"--awb-flex-grow:0;--awb-flex-grow-medium:0;--awb-flex-grow-small:0;--awb-flex-shrink:0;--awb-flex-shrink-medium:0;--awb-flex-shrink-small:0;width:104% !important;max-width:104% !important;margin-left: calc(-4% \/ 2 );margin-right: calc(-4% \/ 2 );\"><div class=\"fusion-layout-column fusion_builder_column_inner fusion-builder-nested-column-6 fusion_builder_column_inner_1_5 1_5 fusion-flex-column\" style=\"--awb-bg-size:cover;--awb-width-large:20%;--awb-margin-top-large:0px;--awb-spacing-right-large:9.6%;--awb-margin-bottom-large:20px;--awb-spacing-left-large:9.6%;--awb-width-medium:100%;--awb-order-medium:0;--awb-spacing-right-medium:1.92%;--awb-spacing-left-medium:1.92%;--awb-width-small:100%;--awb-order-small:0;--awb-spacing-right-small:1.92%;--awb-spacing-left-small:1.92%;\"><div class=\"fusion-column-wrapper fusion-column-has-shadow fusion-flex-justify-content-flex-start fusion-content-layout-column\"><div class=\"fusion-text fusion-text-8\"><h5 style=\"text-align: center;\"><strong>10:20h\u00a0<\/strong><\/h5>\n<\/div><\/div><\/div><div class=\"fusion-layout-column fusion_builder_column_inner fusion-builder-nested-column-7 fusion_builder_column_inner_4_5 4_5 fusion-flex-column\" style=\"--awb-bg-size:cover;--awb-width-large:80%;--awb-margin-top-large:0px;--awb-spacing-right-large:2.4%;--awb-margin-bottom-large:20px;--awb-spacing-left-large:2.4%;--awb-width-medium:100%;--awb-order-medium:0;--awb-spacing-right-medium:1.92%;--awb-spacing-left-medium:1.92%;--awb-width-small:100%;--awb-order-small:0;--awb-spacing-right-small:1.92%;--awb-spacing-left-small:1.92%;\"><div class=\"fusion-column-wrapper fusion-column-has-shadow fusion-flex-justify-content-flex-start fusion-content-layout-column\"><div class=\"fusion-text fusion-text-9\"><h5><i><b>Pausa-caf\u00e9 networking <\/b><\/i><span data-ccp-props=\"{\"><br \/>\n<\/span><\/h5>\n<\/div><\/div><\/div><\/div><div class=\"fusion-builder-row fusion-builder-row-inner fusion-row fusion-flex-align-items-flex-start fusion-flex-content-wrap\" style=\"--awb-flex-grow:0;--awb-flex-grow-medium:0;--awb-flex-grow-small:0;--awb-flex-shrink:0;--awb-flex-shrink-medium:0;--awb-flex-shrink-small:0;width:104% !important;max-width:104% !important;margin-left: calc(-4% \/ 2 );margin-right: calc(-4% \/ 2 );\"><div class=\"fusion-layout-column fusion_builder_column_inner fusion-builder-nested-column-8 fusion_builder_column_inner_1_5 1_5 fusion-flex-column\" style=\"--awb-bg-size:cover;--awb-width-large:20%;--awb-margin-top-large:0px;--awb-spacing-right-large:9.6%;--awb-margin-bottom-large:20px;--awb-spacing-left-large:9.6%;--awb-width-medium:100%;--awb-order-medium:0;--awb-spacing-right-medium:1.92%;--awb-spacing-left-medium:1.92%;--awb-width-small:100%;--awb-order-small:0;--awb-spacing-right-small:1.92%;--awb-spacing-left-small:1.92%;\"><div class=\"fusion-column-wrapper fusion-column-has-shadow fusion-flex-justify-content-flex-start fusion-content-layout-column\"><div class=\"fusion-text fusion-text-10\"><h5 style=\"text-align: center;\"><strong>11:00h\u00a0<\/strong><\/h5>\n<\/div><\/div><\/div><div class=\"fusion-layout-column fusion_builder_column_inner fusion-builder-nested-column-9 fusion_builder_column_inner_4_5 4_5 fusion-flex-column\" style=\"--awb-bg-size:cover;--awb-width-large:80%;--awb-margin-top-large:0px;--awb-spacing-right-large:2.4%;--awb-margin-bottom-large:20px;--awb-spacing-left-large:2.4%;--awb-width-medium:100%;--awb-order-medium:0;--awb-spacing-right-medium:1.92%;--awb-spacing-left-medium:1.92%;--awb-width-small:100%;--awb-order-small:0;--awb-spacing-right-small:1.92%;--awb-spacing-left-small:1.92%;\"><div class=\"fusion-column-wrapper fusion-column-has-shadow fusion-flex-justify-content-flex-start fusion-content-layout-column\"><div class=\"fusion-text fusion-text-11\"><h5><strong><span style=\"color: #800080;\">Adaptaci\u00f3n en acci\u00f3n: experiencias en el litoral catal\u00e1n<\/span><\/strong><\/h5>\n<h5><em>Modera:<\/em><span data-contrast=\"auto\"><strong><br \/>\nXavier Mart\u00ednez<\/strong>, <em>jefe de la unidad tecnol\u00f3gico de Agua, Aire y Suelos,<\/em> <strong>Eurecat<\/strong><\/span><\/h5>\n<h5><strong><span style=\"text-decoration: underline;\">Erosi\u00f3n costera y proteccion al litoral catal\u00e1n<\/span><\/strong><\/h5>\n<h5><strong><span style=\"color: #808080;\">Restauraci\u00f3n dunar sostenible en el litoral catal\u00e1n<\/span><\/strong><\/h5>\n<p><em>Experiencia de restauraci\u00f3n y gesti\u00f3n de sistemas dunares para reforzar la resiliencia natural del litoral<\/em><\/p>\n<h5><strong>Carla Garcia-Lozano<\/strong>, <em>profesora e investigadora<\/em>, <strong>Universitat de Girona (UdG)<\/strong><\/h5>\n<h5><strong><span style=\"color: #808080;\"><span class=\"NormalTextRun SCXW45308949 BCX0\"><span class=\"NormalTextRun SpellingErrorV2Themed SCXW13770885 BCX8\">Estudio de la erosi\u00f3n costera del espacio. Ventajas y retos de los datos satelitales<\/span><\/span><\/span><\/strong><\/h5>\n<p>Aplicaci\u00f3n de tecnolog\u00eda de observaci\u00f3n de la Tierra para analizar y anticipar cambios en la l\u00ednea de costa.<\/p>\n<h5><b>Isadora Jim\u00e9nez,<\/b><i> r<\/i><em>esponsable de comunicaci\u00f3n<\/em><em>,<\/em> <strong>Lobelia Earth<\/strong><\/h5>\n<h5><strong><span style=\"color: #808080;\">Gobernanza y co-creaci\u00f3n en turismo local<\/span><\/strong><\/h5>\n<p>Proyecto de participaci\u00f3n local para integrar la adaptaci\u00f3n clim\u00e1tica en la planificaci\u00f3n tur\u00edstica.<\/p>\n<h5><strong>Anna Boqu\u00e9<\/strong>, <em>investigadora,<\/em> <strong>URV &#8211; IU\u00b7 RESCAT, C3<\/strong><\/h5>\n<h5><strong><span style=\"text-decoration: underline;\">Ciclo del agua: sequ\u00eda y calidad<\/span><\/strong><\/h5>\n<h5><strong><span style=\"color: #808080;\">Calidad y reutilizaci\u00f3n del agua: retos ante la sequ\u00eda<\/span><\/strong><\/h5>\n<p>Estudio sobre la gesti\u00f3n del agua en \u00e1reas de ba\u00f1o y su reutilizaci\u00f3n para usos potables.<\/p>\n<h5><strong>Queralt Plana<\/strong>,<em> investigadora en la unidad tecnol\u00f3gica de Agua, Aire y Suelos<\/em>, <strong>Eurecat<\/strong><\/h5>\n<h5><strong><span style=\"color: #808080;\">Soluciones basadas en la naturaleza en la lagunas del Delta<\/span><\/strong><\/h5>\n<p>Acciones piloto de restauraci\u00f3n ecol\u00f3gica para mejorar la resiliencia h\u00eddrica y la biodiversidad en el Delta.<\/p>\n<h5><strong>Faye Weaver<\/strong>, <em>Biodiversity Standards &amp;<\/em> <em>Indicators Assistant,<\/em><strong> IUCN <\/strong><\/h5>\n<\/div><\/div><\/div><\/div><div class=\"fusion-builder-row fusion-builder-row-inner fusion-row fusion-flex-align-items-flex-start fusion-flex-content-wrap\" style=\"--awb-flex-grow:0;--awb-flex-grow-medium:0;--awb-flex-grow-small:0;--awb-flex-shrink:0;--awb-flex-shrink-medium:0;--awb-flex-shrink-small:0;width:104% !important;max-width:104% !important;margin-left: calc(-4% \/ 2 );margin-right: calc(-4% \/ 2 );\"><div class=\"fusion-layout-column fusion_builder_column_inner fusion-builder-nested-column-10 fusion_builder_column_inner_1_5 1_5 fusion-flex-column\" style=\"--awb-bg-size:cover;--awb-width-large:20%;--awb-margin-top-large:0px;--awb-spacing-right-large:9.6%;--awb-margin-bottom-large:20px;--awb-spacing-left-large:9.6%;--awb-width-medium:100%;--awb-order-medium:0;--awb-spacing-right-medium:1.92%;--awb-spacing-left-medium:1.92%;--awb-width-small:100%;--awb-order-small:0;--awb-spacing-right-small:1.92%;--awb-spacing-left-small:1.92%;\"><div class=\"fusion-column-wrapper fusion-column-has-shadow fusion-flex-justify-content-flex-start fusion-content-layout-column\"><div class=\"fusion-text fusion-text-12\"><h5 style=\"text-align: center;\"><strong>12:30h\u00a0<\/strong><\/h5>\n<\/div><\/div><\/div><div class=\"fusion-layout-column fusion_builder_column_inner fusion-builder-nested-column-11 fusion_builder_column_inner_4_5 4_5 fusion-flex-column\" style=\"--awb-bg-size:cover;--awb-width-large:80%;--awb-margin-top-large:0px;--awb-spacing-right-large:2.4%;--awb-margin-bottom-large:20px;--awb-spacing-left-large:2.4%;--awb-width-medium:100%;--awb-order-medium:0;--awb-spacing-right-medium:1.92%;--awb-spacing-left-medium:1.92%;--awb-width-small:100%;--awb-order-small:0;--awb-spacing-right-small:1.92%;--awb-spacing-left-small:1.92%;\"><div class=\"fusion-column-wrapper fusion-column-has-shadow fusion-flex-justify-content-flex-start fusion-content-layout-column\"><div class=\"fusion-text fusion-text-13\"><h5><strong><span style=\"color: #800080;\">De la acci\u00f3n al impacto, escalar soluciones para la adaptaci\u00f3n clim\u00e1tica<\/span><\/strong><\/h5>\n<h5><span data-ccp-props=\"{\"><span style=\"color: #333333;\"><span class=\"TextRun SCXW137542334 BCX0\" lang=\"ES-ES\" xml:lang=\"ES-ES\" data-contrast=\"auto\"><span class=\"NormalTextRun SCXW137542334 BCX0\"><b>Carles Ib\u00e1\u00f1ez<\/b>, <em>Director Centro en Resiliencia Clim\u00e1tica,<\/em> <strong>Eurecat<\/strong><\/span><\/span><\/span><\/span><\/h5>\n<\/div><\/div><\/div><\/div><div class=\"fusion-builder-row fusion-builder-row-inner fusion-row fusion-flex-align-items-flex-start fusion-flex-content-wrap\" style=\"--awb-flex-grow:0;--awb-flex-grow-medium:0;--awb-flex-grow-small:0;--awb-flex-shrink:0;--awb-flex-shrink-medium:0;--awb-flex-shrink-small:0;width:104% !important;max-width:104% !important;margin-left: calc(-4% \/ 2 );margin-right: calc(-4% \/ 2 );\"><div class=\"fusion-layout-column fusion_builder_column_inner fusion-builder-nested-column-12 fusion_builder_column_inner_1_5 1_5 fusion-flex-column\" style=\"--awb-bg-size:cover;--awb-width-large:20%;--awb-margin-top-large:0px;--awb-spacing-right-large:9.6%;--awb-margin-bottom-large:20px;--awb-spacing-left-large:9.6%;--awb-width-medium:100%;--awb-order-medium:0;--awb-spacing-right-medium:1.92%;--awb-spacing-left-medium:1.92%;--awb-width-small:100%;--awb-order-small:0;--awb-spacing-right-small:1.92%;--awb-spacing-left-small:1.92%;\"><div class=\"fusion-column-wrapper fusion-column-has-shadow fusion-flex-justify-content-flex-start fusion-content-layout-column\"><div class=\"fusion-text fusion-text-14\"><h5 style=\"text-align: center;\"><strong>13:00h\u00a0<\/strong><\/h5>\n<\/div><\/div><\/div><div class=\"fusion-layout-column fusion_builder_column_inner fusion-builder-nested-column-13 fusion_builder_column_inner_4_5 4_5 fusion-flex-column\" style=\"--awb-bg-size:cover;--awb-width-large:80%;--awb-margin-top-large:0px;--awb-spacing-right-large:2.4%;--awb-margin-bottom-large:20px;--awb-spacing-left-large:2.4%;--awb-width-medium:100%;--awb-order-medium:0;--awb-spacing-right-medium:1.92%;--awb-spacing-left-medium:1.92%;--awb-width-small:100%;--awb-order-small:0;--awb-spacing-right-small:1.92%;--awb-spacing-left-small:1.92%;\"><div class=\"fusion-column-wrapper fusion-column-has-shadow fusion-flex-justify-content-flex-start fusion-content-layout-column\"><div class=\"fusion-text fusion-text-15\"><h5><strong><span style=\"color: #800080;\">Caf\u00e9 de ideas de innovaci\u00f3n: co-creaci\u00f3n y demostraci\u00f3n de soluciones <\/span><\/strong><\/h5>\n<h5><em><span style=\"color: #000000;\">Moderan:<br \/>\n<\/span><\/em><span style=\"background-color: rgba(0, 0, 0, 0);\"><span style=\"color: #000000;\"><i><br \/>\n<\/i><\/span><b style=\"color: #171c24; font-style: inherit;\">Joana D\u00edaz, <\/b><\/span><em style=\"color: #171c24; background-color: rgba(0, 0, 0, 0);\">investigadora de la unidad tecnol\u00f3gica de Agua, Aire y Suelos<\/em><span style=\"color: #171c24; font-style: inherit; background-color: rgba(0, 0, 0, 0);\">,<\/span><strong style=\"color: #171c24; font-style: inherit; background-color: rgba(0, 0, 0, 0);\"> Eurecat<\/strong><\/h5>\n<h5><strong>Anna Boqu\u00e9,<\/strong><em> investigadora, <\/em><strong>URV &#8211; IU\u00b7RESCAT, C3<\/strong><\/h5>\n<h5><strong>Isadora Jim\u00e9nez,<\/strong><em> responsable de comunicaci\u00f3n,<\/em> <strong>Lobelia Earth<\/strong><\/h5>\n<\/div><\/div><\/div><\/div><div class=\"fusion-builder-row fusion-builder-row-inner fusion-row fusion-flex-align-items-flex-start fusion-flex-content-wrap\" style=\"--awb-flex-grow:0;--awb-flex-grow-medium:0;--awb-flex-grow-small:0;--awb-flex-shrink:0;--awb-flex-shrink-medium:0;--awb-flex-shrink-small:0;width:104% !important;max-width:104% !important;margin-left: calc(-4% \/ 2 );margin-right: calc(-4% \/ 2 );\"><div class=\"fusion-layout-column fusion_builder_column_inner fusion-builder-nested-column-14 fusion_builder_column_inner_1_5 1_5 fusion-flex-column\" style=\"--awb-bg-size:cover;--awb-width-large:20%;--awb-margin-top-large:0px;--awb-spacing-right-large:9.6%;--awb-margin-bottom-large:20px;--awb-spacing-left-large:9.6%;--awb-width-medium:100%;--awb-order-medium:0;--awb-spacing-right-medium:1.92%;--awb-spacing-left-medium:1.92%;--awb-width-small:100%;--awb-order-small:0;--awb-spacing-right-small:1.92%;--awb-spacing-left-small:1.92%;\"><div class=\"fusion-column-wrapper fusion-column-has-shadow fusion-flex-justify-content-flex-start fusion-content-layout-column\"><div class=\"fusion-text fusion-text-16\"><h5 style=\"text-align: center;\"><strong>14:00h\u00a0<\/strong><\/h5>\n<\/div><\/div><\/div><div class=\"fusion-layout-column fusion_builder_column_inner fusion-builder-nested-column-15 fusion_builder_column_inner_4_5 4_5 fusion-flex-column\" style=\"--awb-bg-size:cover;--awb-width-large:80%;--awb-margin-top-large:0px;--awb-spacing-right-large:2.4%;--awb-margin-bottom-large:20px;--awb-spacing-left-large:2.4%;--awb-width-medium:100%;--awb-order-medium:0;--awb-spacing-right-medium:1.92%;--awb-spacing-left-medium:1.92%;--awb-width-small:100%;--awb-order-small:0;--awb-spacing-right-small:1.92%;--awb-spacing-left-small:1.92%;\"><div class=\"fusion-column-wrapper fusion-column-has-shadow fusion-flex-justify-content-flex-start fusion-content-layout-column\"><div class=\"fusion-text fusion-text-17\"><h5><i><b>Almuerzo networking<\/b><\/i><\/h5>\n<\/div><\/div><\/div><\/div><div style=\"text-align:center;\"><a class=\"fusion-button button-flat fusion-button-default-size button-default fusion-button-default button-2 fusion-button-default-span fusion-button-default-type\" style=\"--awb-margin-top:10px;--awb-margin-bottom:20px;\" target=\"_self\" href=\"https:\/\/www.tfaforms.com\/5197066\"><span class=\"fusion-button-text awb-button__text awb-button__text--default\">Registro abierto<\/span><\/a><\/div><\/div><\/div><\/div><\/div><div class=\"fusion-fullwidth fullwidth-box fusion-builder-row-4 fusion-flex-container has-pattern-background has-mask-background nonhundred-percent-fullwidth non-hundred-percent-height-scrolling\" style=\"--awb-border-radius-top-left:0px;--awb-border-radius-top-right:0px;--awb-border-radius-bottom-right:0px;--awb-border-radius-bottom-left:0px;--awb-flex-wrap:wrap;\" ><div class=\"fusion-builder-row fusion-row fusion-flex-align-items-flex-start fusion-flex-content-wrap\" style=\"max-width:1424.8px;margin-left: calc(-4% \/ 2 );margin-right: calc(-4% \/ 2 );\"><div class=\"fusion-layout-column fusion_builder_column fusion-builder-column-3 fusion_builder_column_1_1 1_1 fusion-flex-column\" style=\"--awb-bg-color:#6f268b;--awb-bg-color-hover:#6f268b;--awb-bg-image:linear-gradient(314deg, #6f268b 52%,#0499dd 100%);--awb-bg-size:cover;--awb-width-large:100%;--awb-margin-top-large:0px;--awb-spacing-right-large:1.92%;--awb-margin-bottom-large:20px;--awb-spacing-left-large:1.92%;--awb-width-medium:100%;--awb-order-medium:0;--awb-spacing-right-medium:1.92%;--awb-spacing-left-medium:1.92%;--awb-width-small:100%;--awb-order-small:0;--awb-spacing-right-small:1.92%;--awb-spacing-left-small:1.92%;\" data-scroll-devices=\"small-visibility,medium-visibility,large-visibility\"><div class=\"fusion-column-wrapper fusion-column-has-shadow fusion-flex-justify-content-flex-start fusion-content-layout-column\"><div class=\"fusion-separator\" style=\"align-self: center;margin-left: auto;margin-right: auto;flex-grow:10;margin-top:15px;width:100%;max-width:10px;\"><\/div><div class=\"fusion-title title fusion-title-2 fusion-sep-none fusion-title-text fusion-title-size-two\" style=\"--awb-text-color:#ffffff;--awb-margin-top:10px;--awb-margin-top-small:0px;--awb-margin-right-small:0px;--awb-margin-bottom-small:20px;--awb-margin-left-small:0px;\"><h2 class=\"fusion-title-heading title-heading-left\" style=\"margin:0;\"><h2 style=\"text-align: center;\"><strong><span style=\"color: #ffffff;\">UBICACI\u00d3N<\/span><\/strong><\/h2><\/h2><\/div><\/div><\/div><\/div><\/div><div class=\"fusion-fullwidth fullwidth-box fusion-builder-row-5 fusion-flex-container has-pattern-background has-mask-background nonhundred-percent-fullwidth non-hundred-percent-height-scrolling\" style=\"--awb-border-radius-top-left:0px;--awb-border-radius-top-right:0px;--awb-border-radius-bottom-right:0px;--awb-border-radius-bottom-left:0px;--awb-flex-wrap:wrap;\" ><div class=\"fusion-builder-row fusion-row fusion-flex-align-items-flex-start fusion-flex-content-wrap\" style=\"max-width:1424.8px;margin-left: calc(-4% \/ 2 );margin-right: calc(-4% \/ 2 );\"><div class=\"fusion-layout-column fusion_builder_column fusion-builder-column-4 fusion_builder_column_1_1 1_1 fusion-flex-column\" style=\"--awb-bg-size:cover;--awb-border-color:#6f268b;--awb-border-style:solid;--awb-width-large:100%;--awb-margin-top-large:0px;--awb-spacing-right-large:1.92%;--awb-margin-bottom-large:20px;--awb-spacing-left-large:1.92%;--awb-width-medium:100%;--awb-order-medium:0;--awb-spacing-right-medium:1.92%;--awb-spacing-left-medium:1.92%;--awb-width-small:100%;--awb-order-small:0;--awb-spacing-right-small:1.92%;--awb-spacing-left-small:1.92%;\" data-scroll-devices=\"small-visibility,medium-visibility,large-visibility\"><div class=\"fusion-column-wrapper fusion-column-has-shadow fusion-flex-justify-content-flex-start fusion-content-layout-column\"><div class=\"fusion-separator fusion-full-width-sep\" style=\"align-self: center;margin-left: auto;margin-right: auto;margin-top:10px;width:100%;\"><\/div><div class=\"fusion-text fusion-text-18\"><h4 style=\"padding-left: 40px; text-align: center;\">Cibern\u00e0rium<\/h4>\n<h4 style=\"padding-left: 40px; text-align: center;\"><a href=\"https:\/\/maps.app.goo.gl\/RTdnuaoqUtQuJLXg6\"><span style=\"color: #808080;\">Carrer Roc Boronat, 117, Barcelona <\/span><\/a><\/h4>\n<\/div><\/div><\/div><\/div><\/div>\n","protected":false},"excerpt":{"rendered":"","protected":false},"author":18,"featured_media":189475,"comment_status":"closed","ping_status":"closed","template":"","tags":[],"mec_category":[986,2231],"class_list":["post-189329","mec-events","type-mec-events","status-publish","has-post-thumbnail","hentry","mec_category-actos-cientificos-tecnologicos","mec_category-workshops-es"],"yoast_head":"<!-- This site is optimized with the Yoast SEO plugin v27.4 - https:\/\/yoast.com\/product\/yoast-seo-wordpress\/ -->\n<title>Del conocimiento a la acci\u00f3n: adaptaci\u00f3n clim\u00e1tica de la costa catalana - Eurecat<\/title>\n<meta name=\"description\" content=\"Del coneixement a l&#039;acci\u00f3: l&#039;adaptaci\u00f3 clim\u00e0tica de la costa catalana. Innovacions i experi\u00e8ncies per a la resili\u00e8ncia i sostenibilitat.\" \/>\n<meta name=\"robots\" content=\"index, follow, max-snippet:-1, max-image-preview:large, max-video-preview:-1\" \/>\n<link rel=\"canonical\" href=\"https:\/\/eurecat.org\/es\/calendario\/impetus-adaptacion-clima-costa-catalana\/\" \/>\n<meta property=\"og:locale\" content=\"es_ES\" \/>\n<meta property=\"og:type\" content=\"article\" \/>\n<meta property=\"og:title\" content=\"Del conocimiento a la acci\u00f3n: adaptaci\u00f3n clim\u00e1tica de la costa catalana - Eurecat\" \/>\n<meta property=\"og:description\" content=\"Del coneixement a l&#039;acci\u00f3: l&#039;adaptaci\u00f3 clim\u00e0tica de la costa catalana. Innovacions i experi\u00e8ncies per a la resili\u00e8ncia i sostenibilitat.\" \/>\n<meta property=\"og:url\" content=\"https:\/\/eurecat.org\/es\/calendario\/impetus-adaptacion-clima-costa-catalana\/\" \/>\n<meta property=\"og:site_name\" content=\"Eurecat\" \/>\n<meta property=\"article:modified_time\" content=\"2025-11-06T11:11:10+00:00\" \/>\n<meta property=\"og:image\" content=\"https:\/\/eurecat.org\/wp-content\/uploads\/2025\/10\/Banner_IMPETUS_LINKEDIN_GovernTothom_4_CAST_vf.png\" \/>\n\t<meta property=\"og:image:width\" content=\"1500\" \/>\n\t<meta property=\"og:image:height\" content=\"781\" \/>\n\t<meta property=\"og:image:type\" content=\"image\/png\" \/>\n<meta name=\"twitter:card\" content=\"summary_large_image\" \/>\n<meta name=\"twitter:label1\" content=\"Tiempo de lectura\" \/>\n\t<meta name=\"twitter:data1\" content=\"4 minutos\" \/>\n<script type=\"application\/ld+json\" class=\"yoast-schema-graph\">{\"@context\":\"https:\\\/\\\/schema.org\",\"@graph\":[{\"@type\":\"WebPage\",\"@id\":\"https:\\\/\\\/eurecat.org\\\/es\\\/calendario\\\/impetus-adaptacion-clima-costa-catalana\\\/\",\"url\":\"https:\\\/\\\/eurecat.org\\\/es\\\/calendario\\\/impetus-adaptacion-clima-costa-catalana\\\/\",\"name\":\"Del conocimiento a la acci\u00f3n: adaptaci\u00f3n clim\u00e1tica de la costa catalana - Eurecat\",\"isPartOf\":{\"@id\":\"https:\\\/\\\/eurecat.org\\\/es\\\/#website\"},\"primaryImageOfPage\":{\"@id\":\"https:\\\/\\\/eurecat.org\\\/es\\\/calendario\\\/impetus-adaptacion-clima-costa-catalana\\\/#primaryimage\"},\"image\":{\"@id\":\"https:\\\/\\\/eurecat.org\\\/es\\\/calendario\\\/impetus-adaptacion-clima-costa-catalana\\\/#primaryimage\"},\"thumbnailUrl\":\"https:\\\/\\\/eurecat.org\\\/wp-content\\\/uploads\\\/2025\\\/10\\\/Banner_IMPETUS_LINKEDIN_GovernTothom_4_CAST_vf.png\",\"datePublished\":\"2025-10-07T14:36:13+00:00\",\"dateModified\":\"2025-11-06T11:11:10+00:00\",\"description\":\"Del coneixement a l'acci\u00f3: l'adaptaci\u00f3 clim\u00e0tica de la costa catalana. Innovacions i experi\u00e8ncies per a la resili\u00e8ncia i sostenibilitat.\",\"breadcrumb\":{\"@id\":\"https:\\\/\\\/eurecat.org\\\/es\\\/calendario\\\/impetus-adaptacion-clima-costa-catalana\\\/#breadcrumb\"},\"inLanguage\":\"es\",\"potentialAction\":[{\"@type\":\"ReadAction\",\"target\":[\"https:\\\/\\\/eurecat.org\\\/es\\\/calendario\\\/impetus-adaptacion-clima-costa-catalana\\\/\"]}]},{\"@type\":\"ImageObject\",\"inLanguage\":\"es\",\"@id\":\"https:\\\/\\\/eurecat.org\\\/es\\\/calendario\\\/impetus-adaptacion-clima-costa-catalana\\\/#primaryimage\",\"url\":\"https:\\\/\\\/eurecat.org\\\/wp-content\\\/uploads\\\/2025\\\/10\\\/Banner_IMPETUS_LINKEDIN_GovernTothom_4_CAST_vf.png\",\"contentUrl\":\"https:\\\/\\\/eurecat.org\\\/wp-content\\\/uploads\\\/2025\\\/10\\\/Banner_IMPETUS_LINKEDIN_GovernTothom_4_CAST_vf.png\",\"width\":1500,\"height\":781},{\"@type\":\"BreadcrumbList\",\"@id\":\"https:\\\/\\\/eurecat.org\\\/es\\\/calendario\\\/impetus-adaptacion-clima-costa-catalana\\\/#breadcrumb\",\"itemListElement\":[{\"@type\":\"ListItem\",\"position\":1,\"name\":\"Inici\",\"item\":\"https:\\\/\\\/eurecat.org\\\/es\\\/\"},{\"@type\":\"ListItem\",\"position\":2,\"name\":\"Eventos\",\"item\":\"https:\\\/\\\/eurecat.org\\\/es\\\/calendario\\\/\"},{\"@type\":\"ListItem\",\"position\":3,\"name\":\"Del conocimiento a la acci\u00f3n: adaptaci\u00f3n clim\u00e1tica de la costa catalana\"}]},{\"@type\":\"WebSite\",\"@id\":\"https:\\\/\\\/eurecat.org\\\/es\\\/#website\",\"url\":\"https:\\\/\\\/eurecat.org\\\/es\\\/\",\"name\":\"Eurecat\",\"description\":\"Otro sitio realizado con WordPress\",\"potentialAction\":[{\"@type\":\"SearchAction\",\"target\":{\"@type\":\"EntryPoint\",\"urlTemplate\":\"https:\\\/\\\/eurecat.org\\\/es\\\/?s={search_term_string}\"},\"query-input\":{\"@type\":\"PropertyValueSpecification\",\"valueRequired\":true,\"valueName\":\"search_term_string\"}}],\"inLanguage\":\"es\"}]}<\/script>\n<!-- \/ Yoast SEO plugin. -->","yoast_head_json":{"title":"Del conocimiento a la acci\u00f3n: adaptaci\u00f3n clim\u00e1tica de la costa catalana - Eurecat","description":"Del coneixement a l'acci\u00f3: l'adaptaci\u00f3 clim\u00e0tica de la costa catalana. Innovacions i experi\u00e8ncies per a la resili\u00e8ncia i sostenibilitat.","robots":{"index":"index","follow":"follow","max-snippet":"max-snippet:-1","max-image-preview":"max-image-preview:large","max-video-preview":"max-video-preview:-1"},"canonical":"https:\/\/eurecat.org\/es\/calendario\/impetus-adaptacion-clima-costa-catalana\/","og_locale":"es_ES","og_type":"article","og_title":"Del conocimiento a la acci\u00f3n: adaptaci\u00f3n clim\u00e1tica de la costa catalana - Eurecat","og_description":"Del coneixement a l'acci\u00f3: l'adaptaci\u00f3 clim\u00e0tica de la costa catalana. Innovacions i experi\u00e8ncies per a la resili\u00e8ncia i sostenibilitat.","og_url":"https:\/\/eurecat.org\/es\/calendario\/impetus-adaptacion-clima-costa-catalana\/","og_site_name":"Eurecat","article_modified_time":"2025-11-06T11:11:10+00:00","og_image":[{"width":1500,"height":781,"url":"https:\/\/eurecat.org\/wp-content\/uploads\/2025\/10\/Banner_IMPETUS_LINKEDIN_GovernTothom_4_CAST_vf.png","type":"image\/png"}],"twitter_card":"summary_large_image","twitter_misc":{"Tiempo de lectura":"4 minutos"},"schema":{"@context":"https:\/\/schema.org","@graph":[{"@type":"WebPage","@id":"https:\/\/eurecat.org\/es\/calendario\/impetus-adaptacion-clima-costa-catalana\/","url":"https:\/\/eurecat.org\/es\/calendario\/impetus-adaptacion-clima-costa-catalana\/","name":"Del conocimiento a la acci\u00f3n: adaptaci\u00f3n clim\u00e1tica de la costa catalana - Eurecat","isPartOf":{"@id":"https:\/\/eurecat.org\/es\/#website"},"primaryImageOfPage":{"@id":"https:\/\/eurecat.org\/es\/calendario\/impetus-adaptacion-clima-costa-catalana\/#primaryimage"},"image":{"@id":"https:\/\/eurecat.org\/es\/calendario\/impetus-adaptacion-clima-costa-catalana\/#primaryimage"},"thumbnailUrl":"https:\/\/eurecat.org\/wp-content\/uploads\/2025\/10\/Banner_IMPETUS_LINKEDIN_GovernTothom_4_CAST_vf.png","datePublished":"2025-10-07T14:36:13+00:00","dateModified":"2025-11-06T11:11:10+00:00","description":"Del coneixement a l'acci\u00f3: l'adaptaci\u00f3 clim\u00e0tica de la costa catalana. Innovacions i experi\u00e8ncies per a la resili\u00e8ncia i sostenibilitat.","breadcrumb":{"@id":"https:\/\/eurecat.org\/es\/calendario\/impetus-adaptacion-clima-costa-catalana\/#breadcrumb"},"inLanguage":"es","potentialAction":[{"@type":"ReadAction","target":["https:\/\/eurecat.org\/es\/calendario\/impetus-adaptacion-clima-costa-catalana\/"]}]},{"@type":"ImageObject","inLanguage":"es","@id":"https:\/\/eurecat.org\/es\/calendario\/impetus-adaptacion-clima-costa-catalana\/#primaryimage","url":"https:\/\/eurecat.org\/wp-content\/uploads\/2025\/10\/Banner_IMPETUS_LINKEDIN_GovernTothom_4_CAST_vf.png","contentUrl":"https:\/\/eurecat.org\/wp-content\/uploads\/2025\/10\/Banner_IMPETUS_LINKEDIN_GovernTothom_4_CAST_vf.png","width":1500,"height":781},{"@type":"BreadcrumbList","@id":"https:\/\/eurecat.org\/es\/calendario\/impetus-adaptacion-clima-costa-catalana\/#breadcrumb","itemListElement":[{"@type":"ListItem","position":1,"name":"Inici","item":"https:\/\/eurecat.org\/es\/"},{"@type":"ListItem","position":2,"name":"Eventos","item":"https:\/\/eurecat.org\/es\/calendario\/"},{"@type":"ListItem","position":3,"name":"Del conocimiento a la acci\u00f3n: adaptaci\u00f3n clim\u00e1tica de la costa catalana"}]},{"@type":"WebSite","@id":"https:\/\/eurecat.org\/es\/#website","url":"https:\/\/eurecat.org\/es\/","name":"Eurecat","description":"Otro sitio realizado con WordPress","potentialAction":[{"@type":"SearchAction","target":{"@type":"EntryPoint","urlTemplate":"https:\/\/eurecat.org\/es\/?s={search_term_string}"},"query-input":{"@type":"PropertyValueSpecification","valueRequired":true,"valueName":"search_term_string"}}],"inLanguage":"es"}]}},"_links":{"self":[{"href":"https:\/\/eurecat.org\/es\/wp-json\/wp\/v2\/mec-events\/189329","targetHints":{"allow":["GET"]}}],"collection":[{"href":"https:\/\/eurecat.org\/es\/wp-json\/wp\/v2\/mec-events"}],"about":[{"href":"https:\/\/eurecat.org\/es\/wp-json\/wp\/v2\/types\/mec-events"}],"author":[{"embeddable":true,"href":"https:\/\/eurecat.org\/es\/wp-json\/wp\/v2\/users\/18"}],"replies":[{"embeddable":true,"href":"https:\/\/eurecat.org\/es\/wp-json\/wp\/v2\/comments?post=189329"}],"wp:featuredmedia":[{"embeddable":true,"href":"https:\/\/eurecat.org\/es\/wp-json\/wp\/v2\/media\/189475"}],"wp:attachment":[{"href":"https:\/\/eurecat.org\/es\/wp-json\/wp\/v2\/media?parent=189329"}],"wp:term":[{"taxonomy":"post_tag","embeddable":true,"href":"https:\/\/eurecat.org\/es\/wp-json\/wp\/v2\/tags?post=189329"},{"taxonomy":"mec_category","embeddable":true,"href":"https:\/\/eurecat.org\/es\/wp-json\/wp\/v2\/mec_category?post=189329"}],"curies":[{"name":"wp","href":"https:\/\/api.w.org\/{rel}","templated":true}]}}