{"id":190044,"date":"2025-11-07T12:15:56","date_gmt":"2025-11-07T11:15:56","guid":{"rendered":"https:\/\/eurecat.org\/?post_type=mec-events&#038;p=190044"},"modified":"2025-12-02T14:03:35","modified_gmt":"2025-12-02T13:03:35","slug":"jornada-intercambio-de-experiencias-en-la-gestion-de-los-recursos-forestales","status":"publish","type":"mec-events","link":"https:\/\/eurecat.org\/es\/calendario\/jornada-intercambio-de-experiencias-en-la-gestion-de-los-recursos-forestales\/","title":{"rendered":"Jornada: Intercambio de experiencias en la gesti\u00f3n de los recursos forestales"},"content":{"rendered":"<div class=\"fusion-fullwidth fullwidth-box fusion-builder-row-1 fusion-flex-container has-pattern-background has-mask-background nonhundred-percent-fullwidth non-hundred-percent-height-scrolling\" style=\"--awb-border-radius-top-left:0px;--awb-border-radius-top-right:0px;--awb-border-radius-bottom-right:0px;--awb-border-radius-bottom-left:0px;--awb-flex-wrap:wrap;\" ><div class=\"fusion-builder-row fusion-row fusion-flex-align-items-flex-start fusion-flex-content-wrap\" style=\"max-width:1424.8px;margin-left: calc(-4% \/ 2 );margin-right: calc(-4% \/ 2 );\"><div class=\"fusion-layout-column fusion_builder_column fusion-builder-column-0 fusion_builder_column_1_1 1_1 fusion-flex-column\" style=\"--awb-bg-size:cover;--awb-width-large:100%;--awb-margin-top-large:0px;--awb-spacing-right-large:1.92%;--awb-margin-bottom-large:20px;--awb-spacing-left-large:1.92%;--awb-width-medium:100%;--awb-order-medium:0;--awb-spacing-right-medium:1.92%;--awb-spacing-left-medium:1.92%;--awb-width-small:100%;--awb-order-small:0;--awb-spacing-right-small:1.92%;--awb-spacing-left-small:1.92%;\"><div class=\"fusion-column-wrapper fusion-column-has-shadow fusion-flex-justify-content-flex-start fusion-content-layout-column\"><div class=\"fusion-text fusion-text-1\" style=\"--awb-content-alignment:justify;\"><p><strong>Resultados e impacto del proyecto BIOFORIN<\/strong><\/p>\n<p>El 4 de diciembre te esperamos a la Jornada <em><strong>\u201cIntercambio de experiencias en la gesti\u00f3n de los recursos forestales\u201d<\/strong><\/em>, organizada conjuntamente por Eurecat y el Cl\u00faster de Bioenerg\u00eda de Catalu\u00f1a en el marco del <strong><a href=\"https:\/\/bioforin.com\/es\/\">proyecto BIOFORIN<\/a><\/strong>.<\/p>\n<p>Este encuentro ser\u00e1 un espacio de conocimiento compartido y colaboraci\u00f3n entre proyectos, entidades y profesionales vinculados a la gesti\u00f3n forestal sostenible, donde se presentar\u00e1n los resultados y el impacto del proyecto\u00a0BIOFORIN.<\/p>\n<p>El proyecto BIOFORIN promueve un modelo de gesti\u00f3n bioregional de los recursos forestales, impulsando la bioeconom\u00eda regional y la resiliencia clim\u00e1tica mediante la investigaci\u00f3n y el desarrollo de nuevos bioproductos de alto valor a\u00f1adido.<\/p>\n<p>La sesi\u00f3n incluir\u00e1 la presentaci\u00f3n del proyecto\u00a0BIOFORIN\u00a0y de sus socios, as\u00ed como un espacio de\u00a0speed\u00a0networking\u00a0para fomentar sinergias entre las personas y entidades participantes.<\/p>\n<p>Adem\u00e1s, se dar\u00e1 a conocer una selecci\u00f3n de iniciativas vinculadas a la gesti\u00f3n forestal sostenible, con el objetivo de poner en valor la diversidad de acciones y proyectos que contribuyen a la sostenibilidad del sector.<\/p>\n<p>La jornada finalizar\u00e1 con una visita a las instalaciones de\u00a0Eurecat, centro tecnol\u00f3gico de investigaci\u00f3n de referencia.<\/p>\n<h5><strong><span style=\"color: #800080;\">Idioma del acto: Catal\u00e1n<\/span><\/strong><br \/>\n<em>*Jornada exclusivamente presencial.<\/em><\/h5>\n<p><img decoding=\"async\" class=\"alignnone wp-image-190038 size-full\" src=\"https:\/\/eurecat.org\/wp-content\/uploads\/2025\/11\/logos_BIOFORIN_.png\" alt=\"\" width=\"567\" height=\"64\" srcset=\"https:\/\/eurecat.org\/wp-content\/uploads\/2025\/11\/logos_BIOFORIN_-200x23.png 200w, https:\/\/eurecat.org\/wp-content\/uploads\/2025\/11\/logos_BIOFORIN_-300x34.png 300w, https:\/\/eurecat.org\/wp-content\/uploads\/2025\/11\/logos_BIOFORIN_-400x45.png 400w, https:\/\/eurecat.org\/wp-content\/uploads\/2025\/11\/logos_BIOFORIN_.png 567w\" sizes=\"(max-width: 567px) 100vw, 567px\" \/><\/p>\n<p><em>BioForIn cuenta con el apoyo de la Fundaci\u00f3n Biodiversidad del Ministerio para la Transici\u00f3n Ecol\u00f3gica y el Reto Demogr\u00e1fico (MITECO) en el marco del Plan de Recuperaci\u00f3n, Transformaci\u00f3n y Resiliencia (PRTR), financiado por la Uni\u00f3n Europea &#8211; NextGenerationEU.<\/em><\/p>\n<\/div><div class=\"fusion-separator fusion-full-width-sep\" style=\"align-self: center;margin-left: auto;margin-right: auto;width:100%;\"><\/div><div class=\"fusion-separator fusion-full-width-sep\" style=\"align-self: center;margin-left: auto;margin-right: auto;width:100%;\"><\/div><div style=\"text-align:center;\"><a class=\"fusion-button button-flat fusion-button-default-size button-custom fusion-button-default button-1 fusion-button-default-span fusion-button-default-type\" style=\"--button_accent_color:#ffffff;--button_accent_hover_color:#ffffff;--button_border_hover_color:#ffffff;--button_gradient_top_color:#662483;--button_gradient_bottom_color:#662483;--button_gradient_top_color_hover:#662483;--button_gradient_bottom_color_hover:#662483;\" target=\"_blank\" rel=\"noopener noreferrer\" href=\"https:\/\/www.tfaforms.com\/5202185\"><span class=\"fusion-button-text awb-button__text awb-button__text--default\">Inscr\u00edbete aqu\u00ed<\/span><\/a><\/div><\/div><\/div><\/div><\/div><div class=\"fusion-fullwidth fullwidth-box fusion-builder-row-2 fusion-flex-container has-pattern-background has-mask-background nonhundred-percent-fullwidth non-hundred-percent-height-scrolling\" style=\"--awb-border-radius-top-left:0px;--awb-border-radius-top-right:0px;--awb-border-radius-bottom-right:0px;--awb-border-radius-bottom-left:0px;--awb-flex-wrap:wrap;\" ><div class=\"fusion-builder-row fusion-row fusion-flex-align-items-flex-start fusion-flex-content-wrap\" style=\"max-width:1424.8px;margin-left: calc(-4% \/ 2 );margin-right: calc(-4% \/ 2 );\"><div class=\"fusion-layout-column fusion_builder_column fusion-builder-column-1 fusion_builder_column_1_1 1_1 fusion-flex-column\" style=\"--awb-bg-color:#6f268b;--awb-bg-color-hover:#6f268b;--awb-bg-image:linear-gradient(314deg, #6f268b 52%,#0499dd 100%);--awb-bg-size:cover;--awb-width-large:100%;--awb-margin-top-large:0px;--awb-spacing-right-large:1.92%;--awb-margin-bottom-large:20px;--awb-spacing-left-large:1.92%;--awb-width-medium:100%;--awb-order-medium:0;--awb-spacing-right-medium:1.92%;--awb-spacing-left-medium:1.92%;--awb-width-small:100%;--awb-order-small:0;--awb-spacing-right-small:1.92%;--awb-spacing-left-small:1.92%;\" data-scroll-devices=\"small-visibility,medium-visibility,large-visibility\"><div class=\"fusion-column-wrapper fusion-column-has-shadow fusion-flex-justify-content-flex-start fusion-content-layout-column\"><div class=\"fusion-separator\" style=\"align-self: center;margin-left: auto;margin-right: auto;flex-grow:10;margin-top:15px;width:100%;max-width:10px;\"><\/div><div class=\"fusion-title title fusion-title-1 fusion-sep-none fusion-title-text fusion-title-size-two\" style=\"--awb-text-color:#ffffff;--awb-margin-top:10px;--awb-margin-top-small:0px;--awb-margin-right-small:0px;--awb-margin-bottom-small:20px;--awb-margin-left-small:0px;\"><h2 class=\"fusion-title-heading title-heading-left\" style=\"margin:0;\"><h2 style=\"text-align: center;\"><span style=\"color: #ffffff;\"><strong>AGENDA<\/strong><\/span><\/h2><\/h2><\/div><\/div><\/div><\/div><\/div><div class=\"fusion-fullwidth fullwidth-box fusion-builder-row-3 fusion-flex-container has-pattern-background has-mask-background nonhundred-percent-fullwidth non-hundred-percent-height-scrolling\" style=\"--awb-border-radius-top-left:0px;--awb-border-radius-top-right:0px;--awb-border-radius-bottom-right:0px;--awb-border-radius-bottom-left:0px;--awb-flex-wrap:wrap;\" ><div class=\"fusion-builder-row fusion-row fusion-flex-align-items-flex-start fusion-flex-content-wrap\" style=\"max-width:1424.8px;margin-left: calc(-4% \/ 2 );margin-right: calc(-4% \/ 2 );\"><div class=\"fusion-layout-column fusion_builder_column fusion-builder-column-2 fusion_builder_column_1_1 1_1 fusion-flex-column\" style=\"--awb-bg-size:cover;--awb-border-color:#6f268b;--awb-border-left:2px;--awb-border-style:solid;--awb-width-large:100%;--awb-margin-top-large:0px;--awb-spacing-right-large:1.92%;--awb-margin-bottom-large:20px;--awb-spacing-left-large:1.92%;--awb-width-medium:100%;--awb-order-medium:0;--awb-spacing-right-medium:1.92%;--awb-spacing-left-medium:1.92%;--awb-width-small:100%;--awb-order-small:0;--awb-spacing-right-small:1.92%;--awb-spacing-left-small:1.92%;\" data-scroll-devices=\"small-visibility,medium-visibility,large-visibility\"><div class=\"fusion-column-wrapper fusion-column-has-shadow fusion-flex-justify-content-flex-start fusion-content-layout-column\"><div class=\"fusion-builder-row fusion-builder-row-inner fusion-row fusion-flex-align-items-flex-start fusion-flex-content-wrap\" style=\"--awb-flex-grow:0;--awb-flex-grow-medium:0;--awb-flex-grow-small:0;--awb-flex-shrink:0;--awb-flex-shrink-medium:0;--awb-flex-shrink-small:0;width:104% !important;max-width:104% !important;margin-left: calc(-4% \/ 2 );margin-right: calc(-4% \/ 2 );\"><div class=\"fusion-layout-column fusion_builder_column_inner fusion-builder-nested-column-0 fusion_builder_column_inner_1_5 1_5 fusion-flex-column\" style=\"--awb-bg-size:cover;--awb-width-large:20%;--awb-margin-top-large:0px;--awb-spacing-right-large:9.6%;--awb-margin-bottom-large:20px;--awb-spacing-left-large:9.6%;--awb-width-medium:100%;--awb-order-medium:0;--awb-spacing-right-medium:1.92%;--awb-spacing-left-medium:1.92%;--awb-width-small:100%;--awb-order-small:0;--awb-spacing-right-small:1.92%;--awb-spacing-left-small:1.92%;\"><div class=\"fusion-column-wrapper fusion-column-has-shadow fusion-flex-justify-content-flex-start fusion-content-layout-column\"><div class=\"fusion-text fusion-text-2\"><h5 style=\"text-align: center;\"><strong>Modera el acto:<\/strong><\/h5>\n<\/div><\/div><\/div><div class=\"fusion-layout-column fusion_builder_column_inner fusion-builder-nested-column-1 fusion_builder_column_inner_4_5 4_5 fusion-flex-column\" style=\"--awb-padding-top:-10px;--awb-padding-left:-10px;--awb-bg-size:cover;--awb-width-large:80%;--awb-margin-top-large:0px;--awb-spacing-right-large:2.4%;--awb-margin-bottom-large:20px;--awb-spacing-left-large:2.4%;--awb-width-medium:100%;--awb-order-medium:0;--awb-spacing-right-medium:1.92%;--awb-spacing-left-medium:1.92%;--awb-width-small:100%;--awb-order-small:0;--awb-spacing-right-small:1.92%;--awb-spacing-left-small:1.92%;\" data-scroll-devices=\"small-visibility,medium-visibility,large-visibility\"><div class=\"fusion-column-wrapper fusion-column-has-shadow fusion-flex-justify-content-flex-start fusion-content-layout-column\"><div class=\"fusion-text fusion-text-3\"><h5><span style=\"color: #000000;\"><span class=\"TextRun SCXW265479400 BCX0\" lang=\"ES-ES\" xml:lang=\"ES-ES\" data-contrast=\"auto\"><span class=\"NormalTextRun SCXW265479400 BCX0\">Xavier Mart\u00ednez,<strong> Eurecat<\/strong><\/span><\/span><\/span><\/h5>\n<\/div><\/div><\/div><\/div><div class=\"fusion-builder-row fusion-builder-row-inner fusion-row fusion-flex-align-items-flex-start fusion-flex-content-wrap\" style=\"--awb-flex-grow:0;--awb-flex-grow-medium:0;--awb-flex-grow-small:0;--awb-flex-shrink:0;--awb-flex-shrink-medium:0;--awb-flex-shrink-small:0;width:104% !important;max-width:104% !important;margin-left: calc(-4% \/ 2 );margin-right: calc(-4% \/ 2 );\"><div class=\"fusion-layout-column fusion_builder_column_inner fusion-builder-nested-column-2 fusion_builder_column_inner_1_5 1_5 fusion-flex-column\" style=\"--awb-bg-size:cover;--awb-width-large:20%;--awb-margin-top-large:0px;--awb-spacing-right-large:9.6%;--awb-margin-bottom-large:20px;--awb-spacing-left-large:9.6%;--awb-width-medium:100%;--awb-order-medium:0;--awb-spacing-right-medium:1.92%;--awb-spacing-left-medium:1.92%;--awb-width-small:100%;--awb-order-small:0;--awb-spacing-right-small:1.92%;--awb-spacing-left-small:1.92%;\"><div class=\"fusion-column-wrapper fusion-column-has-shadow fusion-flex-justify-content-flex-start fusion-content-layout-column\"><div class=\"fusion-text fusion-text-4\"><h5 style=\"text-align: center;\"><strong>9:00 &#8211; 9:30\u00a0<\/strong><\/h5>\n<\/div><\/div><\/div><div class=\"fusion-layout-column fusion_builder_column_inner fusion-builder-nested-column-3 fusion_builder_column_inner_4_5 4_5 fusion-flex-column\" style=\"--awb-padding-top:-10px;--awb-padding-left:-10px;--awb-bg-size:cover;--awb-width-large:80%;--awb-margin-top-large:0px;--awb-spacing-right-large:2.4%;--awb-margin-bottom-large:20px;--awb-spacing-left-large:2.4%;--awb-width-medium:100%;--awb-order-medium:0;--awb-spacing-right-medium:1.92%;--awb-spacing-left-medium:1.92%;--awb-width-small:100%;--awb-order-small:0;--awb-spacing-right-small:1.92%;--awb-spacing-left-small:1.92%;\" data-scroll-devices=\"small-visibility,medium-visibility,large-visibility\"><div class=\"fusion-column-wrapper fusion-column-has-shadow fusion-flex-justify-content-flex-start fusion-content-layout-column\"><div class=\"fusion-text fusion-text-5\"><h5><span style=\"color: #800080;\"><strong><span class=\"TextRun SCXW265479400 BCX0\" lang=\"ES-ES\" xml:lang=\"ES-ES\" data-contrast=\"auto\"><span class=\"NormalTextRun SCXW265479400 BCX0\">Registro y bienvenida<\/span><\/span><\/strong><\/span><\/h5>\n<\/div><\/div><\/div><\/div><div class=\"fusion-builder-row fusion-builder-row-inner fusion-row fusion-flex-align-items-flex-start fusion-flex-content-wrap\" style=\"--awb-flex-grow:0;--awb-flex-grow-medium:0;--awb-flex-grow-small:0;--awb-flex-shrink:0;--awb-flex-shrink-medium:0;--awb-flex-shrink-small:0;width:104% !important;max-width:104% !important;margin-left: calc(-4% \/ 2 );margin-right: calc(-4% \/ 2 );\"><div class=\"fusion-layout-column fusion_builder_column_inner fusion-builder-nested-column-4 fusion_builder_column_inner_1_5 1_5 fusion-flex-column\" style=\"--awb-bg-size:cover;--awb-width-large:20%;--awb-margin-top-large:0px;--awb-spacing-right-large:9.6%;--awb-margin-bottom-large:20px;--awb-spacing-left-large:9.6%;--awb-width-medium:100%;--awb-order-medium:0;--awb-spacing-right-medium:1.92%;--awb-spacing-left-medium:1.92%;--awb-width-small:100%;--awb-order-small:0;--awb-spacing-right-small:1.92%;--awb-spacing-left-small:1.92%;\"><div class=\"fusion-column-wrapper fusion-column-has-shadow fusion-flex-justify-content-flex-start fusion-content-layout-column\"><div class=\"fusion-text fusion-text-6\"><h5 style=\"text-align: center;\"><strong>9:30 &#8211; 9:45\u00a0<\/strong><\/h5>\n<\/div><\/div><\/div><div class=\"fusion-layout-column fusion_builder_column_inner fusion-builder-nested-column-5 fusion_builder_column_inner_4_5 4_5 fusion-flex-column\" style=\"--awb-padding-top:-10px;--awb-padding-left:-10px;--awb-bg-size:cover;--awb-width-large:80%;--awb-margin-top-large:0px;--awb-spacing-right-large:2.4%;--awb-margin-bottom-large:20px;--awb-spacing-left-large:2.4%;--awb-width-medium:100%;--awb-order-medium:0;--awb-spacing-right-medium:1.92%;--awb-spacing-left-medium:1.92%;--awb-width-small:100%;--awb-order-small:0;--awb-spacing-right-small:1.92%;--awb-spacing-left-small:1.92%;\" data-scroll-devices=\"small-visibility,medium-visibility,large-visibility\"><div class=\"fusion-column-wrapper fusion-column-has-shadow fusion-flex-justify-content-flex-start fusion-content-layout-column\"><div class=\"fusion-text fusion-text-7\"><h5><span style=\"color: #800080;\"><strong><span class=\"TextRun SCXW265479400 BCX0\" lang=\"ES-ES\" xml:lang=\"ES-ES\" data-contrast=\"auto\"><span class=\"NormalTextRun SCXW265479400 BCX0\">Apertura de la jornada<\/span><\/span><\/strong><\/span><\/h5>\n<p>Roger Cardellach,\u00a0<b>Cl\u00faster Bioenergia de Catalunya<\/b><\/p>\n<\/div><\/div><\/div><\/div><div class=\"fusion-builder-row fusion-builder-row-inner fusion-row fusion-flex-align-items-flex-start fusion-flex-content-wrap\" style=\"--awb-flex-grow:0;--awb-flex-grow-medium:0;--awb-flex-grow-small:0;--awb-flex-shrink:0;--awb-flex-shrink-medium:0;--awb-flex-shrink-small:0;width:104% !important;max-width:104% !important;margin-left: calc(-4% \/ 2 );margin-right: calc(-4% \/ 2 );\"><div class=\"fusion-layout-column fusion_builder_column_inner fusion-builder-nested-column-6 fusion_builder_column_inner_1_5 1_5 fusion-flex-column\" style=\"--awb-bg-size:cover;--awb-width-large:20%;--awb-margin-top-large:0px;--awb-spacing-right-large:9.6%;--awb-margin-bottom-large:20px;--awb-spacing-left-large:9.6%;--awb-width-medium:100%;--awb-order-medium:0;--awb-spacing-right-medium:1.92%;--awb-spacing-left-medium:1.92%;--awb-width-small:100%;--awb-order-small:0;--awb-spacing-right-small:1.92%;--awb-spacing-left-small:1.92%;\"><div class=\"fusion-column-wrapper fusion-column-has-shadow fusion-flex-justify-content-flex-start fusion-content-layout-column\"><div class=\"fusion-text fusion-text-8\"><h5 style=\"text-align: center;\"><strong>9:45 &#8211; 11:20\u00a0<\/strong><\/h5>\n<\/div><\/div><\/div><div class=\"fusion-layout-column fusion_builder_column_inner fusion-builder-nested-column-7 fusion_builder_column_inner_4_5 4_5 fusion-flex-column\" style=\"--awb-padding-top:-10px;--awb-padding-left:-10px;--awb-bg-size:cover;--awb-width-large:80%;--awb-margin-top-large:0px;--awb-spacing-right-large:2.4%;--awb-margin-bottom-large:20px;--awb-spacing-left-large:2.4%;--awb-width-medium:100%;--awb-order-medium:0;--awb-spacing-right-medium:1.92%;--awb-spacing-left-medium:1.92%;--awb-width-small:100%;--awb-order-small:0;--awb-spacing-right-small:1.92%;--awb-spacing-left-small:1.92%;\" data-scroll-devices=\"small-visibility,medium-visibility,large-visibility\"><div class=\"fusion-column-wrapper fusion-column-has-shadow fusion-flex-justify-content-flex-start fusion-content-layout-column\"><div class=\"fusion-text fusion-text-9\"><h5><span style=\"color: #800080;\"><strong>Presentaci\u00f3n de los resultados del proyecto BIOFORIN<\/strong><\/span><\/h5>\n<p>Roger Cardellach,&nbsp;<b>Cl\u00faster Bioenerg\u00eda de Catalu\u00f1a<\/b><\/p>\n<p><span data-olk-copy-source=\"MessageBody\">Miquel Monr\u00e0s,&nbsp;<b>Maresme Circular<\/b><\/span><\/p>\n<p>Anna Ayats,&nbsp;<b>Consorcio para la Gesti\u00f3n de los Residuos del Vall\u00e8s Oriental<\/b><\/p>\n<p>Angie Pedraza,&nbsp;<b>Eurecat<\/b><\/p>\n<p>Arnau Rueda,&nbsp;<strong>Associaci\u00f3 de propietaris del Montnegre i el Corredor<\/strong><\/p>\n<\/div><\/div><\/div><\/div><div class=\"fusion-builder-row fusion-builder-row-inner fusion-row fusion-flex-align-items-flex-start fusion-flex-content-wrap\" style=\"--awb-flex-grow:0;--awb-flex-grow-medium:0;--awb-flex-grow-small:0;--awb-flex-shrink:0;--awb-flex-shrink-medium:0;--awb-flex-shrink-small:0;width:104% !important;max-width:104% !important;margin-left: calc(-4% \/ 2 );margin-right: calc(-4% \/ 2 );\"><div class=\"fusion-layout-column fusion_builder_column_inner fusion-builder-nested-column-8 fusion_builder_column_inner_1_5 1_5 fusion-flex-column\" style=\"--awb-bg-size:cover;--awb-width-large:20%;--awb-margin-top-large:0px;--awb-spacing-right-large:9.6%;--awb-margin-bottom-large:20px;--awb-spacing-left-large:9.6%;--awb-width-medium:100%;--awb-order-medium:0;--awb-spacing-right-medium:1.92%;--awb-spacing-left-medium:1.92%;--awb-width-small:100%;--awb-order-small:0;--awb-spacing-right-small:1.92%;--awb-spacing-left-small:1.92%;\"><div class=\"fusion-column-wrapper fusion-column-has-shadow fusion-flex-justify-content-flex-start fusion-content-layout-column\"><div class=\"fusion-text fusion-text-10\"><h5 style=\"text-align: center;\"><strong>11:20 &#8211; 11:50\u00a0<\/strong><\/h5>\n<\/div><\/div><\/div><div class=\"fusion-layout-column fusion_builder_column_inner fusion-builder-nested-column-9 fusion_builder_column_inner_4_5 4_5 fusion-flex-column\" style=\"--awb-bg-size:cover;--awb-width-large:80%;--awb-margin-top-large:0px;--awb-spacing-right-large:2.4%;--awb-margin-bottom-large:20px;--awb-spacing-left-large:2.4%;--awb-width-medium:100%;--awb-order-medium:0;--awb-spacing-right-medium:1.92%;--awb-spacing-left-medium:1.92%;--awb-width-small:100%;--awb-order-small:0;--awb-spacing-right-small:1.92%;--awb-spacing-left-small:1.92%;\"><div class=\"fusion-column-wrapper fusion-column-has-shadow fusion-flex-justify-content-flex-start fusion-content-layout-column\"><div class=\"fusion-text fusion-text-11\"><h5><i><b><em>Caf\u00e9 y<\/em>\u00a0matchmaking<\/b><\/i><\/h5>\n<\/div><\/div><\/div><\/div><div class=\"fusion-builder-row fusion-builder-row-inner fusion-row fusion-flex-align-items-flex-start fusion-flex-content-wrap\" style=\"--awb-flex-grow:0;--awb-flex-grow-medium:0;--awb-flex-grow-small:0;--awb-flex-shrink:0;--awb-flex-shrink-medium:0;--awb-flex-shrink-small:0;width:104% !important;max-width:104% !important;margin-left: calc(-4% \/ 2 );margin-right: calc(-4% \/ 2 );\"><div class=\"fusion-layout-column fusion_builder_column_inner fusion-builder-nested-column-10 fusion_builder_column_inner_1_5 1_5 fusion-flex-column\" style=\"--awb-bg-size:cover;--awb-width-large:20%;--awb-margin-top-large:0px;--awb-spacing-right-large:9.6%;--awb-margin-bottom-large:20px;--awb-spacing-left-large:9.6%;--awb-width-medium:100%;--awb-order-medium:0;--awb-spacing-right-medium:1.92%;--awb-spacing-left-medium:1.92%;--awb-width-small:100%;--awb-order-small:0;--awb-spacing-right-small:1.92%;--awb-spacing-left-small:1.92%;\"><div class=\"fusion-column-wrapper fusion-column-has-shadow fusion-flex-justify-content-flex-start fusion-content-layout-column\"><div class=\"fusion-text fusion-text-12\"><h5 style=\"text-align: center;\"><strong>11:50 &#8211; 12:50\u00a0<\/strong><\/h5>\n<\/div><\/div><\/div><div class=\"fusion-layout-column fusion_builder_column_inner fusion-builder-nested-column-11 fusion_builder_column_inner_4_5 4_5 fusion-flex-column\" style=\"--awb-bg-size:cover;--awb-width-large:80%;--awb-margin-top-large:0px;--awb-spacing-right-large:2.4%;--awb-margin-bottom-large:20px;--awb-spacing-left-large:2.4%;--awb-width-medium:100%;--awb-order-medium:0;--awb-spacing-right-medium:1.92%;--awb-spacing-left-medium:1.92%;--awb-width-small:100%;--awb-order-small:0;--awb-spacing-right-small:1.92%;--awb-spacing-left-small:1.92%;\"><div class=\"fusion-column-wrapper fusion-column-has-shadow fusion-flex-justify-content-flex-start fusion-content-layout-column\"><div class=\"fusion-text fusion-text-13\"><h5><strong><span style=\"color: #800080;\">Presentaci\u00f3n de iniciativas relacionadas<\/span><\/strong><\/h5>\n<p><b data-olk-copy-source=\"MessageBody\">CustForest \u2013 Custodia del territorio como herramienta de conservaci\u00f3n de la biodiversidad forestal multifuncional y generadora de bioeconom\u00eda<\/b><\/p>\n<p>Laura Gracia,&nbsp;<b>Xarxa per a la Conservaci\u00f3 de la Natura<\/b><\/p>\n<p><b>Mo<\/b><b>squeruela-BIOFOR \u2013 Activaci\u00f3n e impulso de la bioeconom\u00eda entorno a la gesti\u00f3n forestal sostenible como actividad tractora del desarrollo local<\/b><\/p>\n<p>Santi Mart\u00edn Alc\u00f3n,&nbsp;<strong>Agresta S. Coop.<\/strong><\/p>\n<p><b data-olk-copy-source=\"MessageBody\">TEXWOODS \u2013 Convertir la biomasa forestal en nuevos productos para la industria textil<\/b><\/p>\n<p>Petar Jovanovic,&nbsp;<b>Eurecat<\/b><\/p>\n<p><b>BioForPiri \u2013 Bioeconom\u00eda Forestal en los Pirineos: convertir la amenaza de los grandes incendios forestales en oportunidad de desarrollo rural y conservaci\u00f3n de la naturaleza<\/b><\/p>\n<p>Joachim Englert,&nbsp;<b>Fundaci\u00f3 Catalunya la Pedrera<\/b><\/p>\n<p><b>LIFE ECoADAPT \u2013 &nbsp;Co-creaci\u00f3n de acciones estrat\u00e9gicas para la adaptaci\u00f3n al cambio clim\u00e1tico de territorios y econom\u00edas locales<\/b><\/p>\n<p>Arnau Pou, <b>Eurecat<\/b><\/p>\n<\/div><\/div><\/div><\/div><div class=\"fusion-builder-row fusion-builder-row-inner fusion-row fusion-flex-align-items-flex-start fusion-flex-content-wrap\" style=\"--awb-flex-grow:0;--awb-flex-grow-medium:0;--awb-flex-grow-small:0;--awb-flex-shrink:0;--awb-flex-shrink-medium:0;--awb-flex-shrink-small:0;width:104% !important;max-width:104% !important;margin-left: calc(-4% \/ 2 );margin-right: calc(-4% \/ 2 );\"><div class=\"fusion-layout-column fusion_builder_column_inner fusion-builder-nested-column-12 fusion_builder_column_inner_1_5 1_5 fusion-flex-column\" style=\"--awb-bg-size:cover;--awb-width-large:20%;--awb-margin-top-large:0px;--awb-spacing-right-large:9.6%;--awb-margin-bottom-large:20px;--awb-spacing-left-large:9.6%;--awb-width-medium:100%;--awb-order-medium:0;--awb-spacing-right-medium:1.92%;--awb-spacing-left-medium:1.92%;--awb-width-small:100%;--awb-order-small:0;--awb-spacing-right-small:1.92%;--awb-spacing-left-small:1.92%;\"><div class=\"fusion-column-wrapper fusion-column-has-shadow fusion-flex-justify-content-flex-start fusion-content-layout-column\"><div class=\"fusion-text fusion-text-14\"><h5 style=\"text-align: center;\"><strong>12:50 &#8211; 13:50\u00a0<\/strong><\/h5>\n<\/div><\/div><\/div><div class=\"fusion-layout-column fusion_builder_column_inner fusion-builder-nested-column-13 fusion_builder_column_inner_4_5 4_5 fusion-flex-column\" style=\"--awb-bg-size:cover;--awb-width-large:80%;--awb-margin-top-large:0px;--awb-spacing-right-large:2.4%;--awb-margin-bottom-large:20px;--awb-spacing-left-large:2.4%;--awb-width-medium:100%;--awb-order-medium:0;--awb-spacing-right-medium:1.92%;--awb-spacing-left-medium:1.92%;--awb-width-small:100%;--awb-order-small:0;--awb-spacing-right-small:1.92%;--awb-spacing-left-small:1.92%;\"><div class=\"fusion-column-wrapper fusion-column-has-shadow fusion-flex-justify-content-flex-start fusion-content-layout-column\"><div class=\"fusion-text fusion-text-15\"><h5><strong><span style=\"color: #800080;\">Mesas de debate<\/span><\/strong><\/h5>\n<p><b data-olk-copy-source=\"MessageBody\">Prevenci\u00f3n de incendios y adaptaci\u00f3n del cambio clim\u00e1tico<\/b><\/p>\n<p>Arnau Rueda i Xavier Solanes, <strong>Associaci\u00f3 de propietaris del Montnegre i el Corredor<\/strong><\/p>\n<p><b>Econom\u00eda circular, valorizaci\u00f3n de productos forestales<\/b><\/p>\n<p>Anna Ayats,&nbsp;<b>Consorcio para la Gesti\u00f3n de los Residuos del Vall\u00e8s Oriental<\/b><\/p>\n<p><b>Governanza bioregional y cooperaci\u00f3n en la regi\u00f3n forestal sostenible<\/b><\/p>\n<p>Roger Cardellach,<b> Cl\u00faster Bioenerg\u00eda de Catalu\u00f1a<\/b><\/p>\n<p><b>Innovaci\u00f3n tecnol\u00f3gica, biomasa, biochar<\/b><\/p>\n<p>V\u00edctor Ortiz,<b>&nbsp;Eurecat<\/b><\/p>\n<\/div><\/div><\/div><\/div><div class=\"fusion-builder-row fusion-builder-row-inner fusion-row fusion-flex-align-items-flex-start fusion-flex-content-wrap\" style=\"--awb-flex-grow:0;--awb-flex-grow-medium:0;--awb-flex-grow-small:0;--awb-flex-shrink:0;--awb-flex-shrink-medium:0;--awb-flex-shrink-small:0;width:104% !important;max-width:104% !important;margin-left: calc(-4% \/ 2 );margin-right: calc(-4% \/ 2 );\"><div class=\"fusion-layout-column fusion_builder_column_inner fusion-builder-nested-column-14 fusion_builder_column_inner_1_5 1_5 fusion-flex-column\" style=\"--awb-bg-size:cover;--awb-width-large:20%;--awb-margin-top-large:0px;--awb-spacing-right-large:9.6%;--awb-margin-bottom-large:20px;--awb-spacing-left-large:9.6%;--awb-width-medium:100%;--awb-order-medium:0;--awb-spacing-right-medium:1.92%;--awb-spacing-left-medium:1.92%;--awb-width-small:100%;--awb-order-small:0;--awb-spacing-right-small:1.92%;--awb-spacing-left-small:1.92%;\"><div class=\"fusion-column-wrapper fusion-column-has-shadow fusion-flex-justify-content-flex-start fusion-content-layout-column\"><div class=\"fusion-text fusion-text-16\"><h5 style=\"text-align: center;\"><strong>13:50 &#8211; 14:00\u00a0<\/strong><\/h5>\n<\/div><\/div><\/div><div class=\"fusion-layout-column fusion_builder_column_inner fusion-builder-nested-column-15 fusion_builder_column_inner_4_5 4_5 fusion-flex-column\" style=\"--awb-bg-size:cover;--awb-width-large:80%;--awb-margin-top-large:0px;--awb-spacing-right-large:2.4%;--awb-margin-bottom-large:20px;--awb-spacing-left-large:2.4%;--awb-width-medium:100%;--awb-order-medium:0;--awb-spacing-right-medium:1.92%;--awb-spacing-left-medium:1.92%;--awb-width-small:100%;--awb-order-small:0;--awb-spacing-right-small:1.92%;--awb-spacing-left-small:1.92%;\"><div class=\"fusion-column-wrapper fusion-column-has-shadow fusion-flex-justify-content-flex-start fusion-content-layout-column\"><div class=\"fusion-text fusion-text-17\"><h5><strong><span style=\"color: #800080;\">Resumen de sinergias y conclusiones<\/span><\/strong><\/h5>\n<\/div><\/div><\/div><\/div><div class=\"fusion-builder-row fusion-builder-row-inner fusion-row fusion-flex-align-items-flex-start fusion-flex-content-wrap\" style=\"--awb-flex-grow:0;--awb-flex-grow-medium:0;--awb-flex-grow-small:0;--awb-flex-shrink:0;--awb-flex-shrink-medium:0;--awb-flex-shrink-small:0;width:104% !important;max-width:104% !important;margin-left: calc(-4% \/ 2 );margin-right: calc(-4% \/ 2 );\"><div class=\"fusion-layout-column fusion_builder_column_inner fusion-builder-nested-column-16 fusion_builder_column_inner_1_5 1_5 fusion-flex-column\" style=\"--awb-bg-size:cover;--awb-width-large:20%;--awb-margin-top-large:0px;--awb-spacing-right-large:9.6%;--awb-margin-bottom-large:20px;--awb-spacing-left-large:9.6%;--awb-width-medium:100%;--awb-order-medium:0;--awb-spacing-right-medium:1.92%;--awb-spacing-left-medium:1.92%;--awb-width-small:100%;--awb-order-small:0;--awb-spacing-right-small:1.92%;--awb-spacing-left-small:1.92%;\"><div class=\"fusion-column-wrapper fusion-column-has-shadow fusion-flex-justify-content-flex-start fusion-content-layout-column\"><div class=\"fusion-text fusion-text-18\"><h5 style=\"text-align: center;\"><strong>14:00 &#8211; 14:30\u00a0<\/strong><\/h5>\n<\/div><\/div><\/div><div class=\"fusion-layout-column fusion_builder_column_inner fusion-builder-nested-column-17 fusion_builder_column_inner_4_5 4_5 fusion-flex-column\" style=\"--awb-bg-size:cover;--awb-width-large:80%;--awb-margin-top-large:0px;--awb-spacing-right-large:2.4%;--awb-margin-bottom-large:20px;--awb-spacing-left-large:2.4%;--awb-width-medium:100%;--awb-order-medium:0;--awb-spacing-right-medium:1.92%;--awb-spacing-left-medium:1.92%;--awb-width-small:100%;--awb-order-small:0;--awb-spacing-right-small:1.92%;--awb-spacing-left-small:1.92%;\"><div class=\"fusion-column-wrapper fusion-column-has-shadow fusion-flex-justify-content-flex-start fusion-content-layout-column\"><div class=\"fusion-text fusion-text-19\"><h5><i><b><em>Lunch y<\/em>\u00a0matchmaking<\/b><\/i><\/h5>\n<\/div><\/div><\/div><\/div><div class=\"fusion-builder-row fusion-builder-row-inner fusion-row fusion-flex-align-items-flex-start fusion-flex-content-wrap\" style=\"--awb-flex-grow:0;--awb-flex-grow-medium:0;--awb-flex-grow-small:0;--awb-flex-shrink:0;--awb-flex-shrink-medium:0;--awb-flex-shrink-small:0;width:104% !important;max-width:104% !important;margin-left: calc(-4% \/ 2 );margin-right: calc(-4% \/ 2 );\"><div class=\"fusion-layout-column fusion_builder_column_inner fusion-builder-nested-column-18 fusion_builder_column_inner_1_5 1_5 fusion-flex-column\" style=\"--awb-bg-size:cover;--awb-width-large:20%;--awb-margin-top-large:0px;--awb-spacing-right-large:9.6%;--awb-margin-bottom-large:20px;--awb-spacing-left-large:9.6%;--awb-width-medium:100%;--awb-order-medium:0;--awb-spacing-right-medium:1.92%;--awb-spacing-left-medium:1.92%;--awb-width-small:100%;--awb-order-small:0;--awb-spacing-right-small:1.92%;--awb-spacing-left-small:1.92%;\"><div class=\"fusion-column-wrapper fusion-column-has-shadow fusion-flex-justify-content-flex-start fusion-content-layout-column\"><div class=\"fusion-text fusion-text-20\"><h5 style=\"text-align: center;\"><strong>14:30 &#8211; 15:30\u00a0<\/strong><\/h5>\n<\/div><\/div><\/div><div class=\"fusion-layout-column fusion_builder_column_inner fusion-builder-nested-column-19 fusion_builder_column_inner_4_5 4_5 fusion-flex-column\" style=\"--awb-bg-size:cover;--awb-width-large:80%;--awb-margin-top-large:0px;--awb-spacing-right-large:2.4%;--awb-margin-bottom-large:20px;--awb-spacing-left-large:2.4%;--awb-width-medium:100%;--awb-order-medium:0;--awb-spacing-right-medium:1.92%;--awb-spacing-left-medium:1.92%;--awb-width-small:100%;--awb-order-small:0;--awb-spacing-right-small:1.92%;--awb-spacing-left-small:1.92%;\"><div class=\"fusion-column-wrapper fusion-column-has-shadow fusion-flex-justify-content-flex-start fusion-content-layout-column\"><div class=\"fusion-text fusion-text-21\"><h5><strong><span style=\"color: #800080;\">Visita guiada a las instalaciones de Eurecat <\/span><\/strong><\/h5>\n<\/div><\/div><\/div><\/div><div style=\"text-align:center;\"><a class=\"fusion-button button-flat fusion-button-default-size button-default fusion-button-default button-2 fusion-button-default-span fusion-button-default-type\" style=\"--awb-margin-top:10px;--awb-margin-bottom:20px;\" target=\"_self\" href=\"https:\/\/www.tfaforms.com\/5202185\"><span class=\"fusion-button-text awb-button__text awb-button__text--default\">Registro abierto<\/span><\/a><\/div><\/div><\/div><\/div><\/div><div class=\"fusion-fullwidth fullwidth-box fusion-builder-row-4 fusion-flex-container has-pattern-background has-mask-background nonhundred-percent-fullwidth non-hundred-percent-height-scrolling\" style=\"--awb-border-radius-top-left:0px;--awb-border-radius-top-right:0px;--awb-border-radius-bottom-right:0px;--awb-border-radius-bottom-left:0px;--awb-flex-wrap:wrap;\" ><div class=\"fusion-builder-row fusion-row fusion-flex-align-items-flex-start fusion-flex-content-wrap\" style=\"max-width:1424.8px;margin-left: calc(-4% \/ 2 );margin-right: calc(-4% \/ 2 );\"><div class=\"fusion-layout-column fusion_builder_column fusion-builder-column-3 fusion_builder_column_1_1 1_1 fusion-flex-column\" style=\"--awb-bg-color:#6f268b;--awb-bg-color-hover:#6f268b;--awb-bg-image:linear-gradient(314deg, #6f268b 52%,#0499dd 100%);--awb-bg-size:cover;--awb-width-large:100%;--awb-margin-top-large:0px;--awb-spacing-right-large:1.92%;--awb-margin-bottom-large:20px;--awb-spacing-left-large:1.92%;--awb-width-medium:100%;--awb-order-medium:0;--awb-spacing-right-medium:1.92%;--awb-spacing-left-medium:1.92%;--awb-width-small:100%;--awb-order-small:0;--awb-spacing-right-small:1.92%;--awb-spacing-left-small:1.92%;\" data-scroll-devices=\"small-visibility,medium-visibility,large-visibility\"><div class=\"fusion-column-wrapper fusion-column-has-shadow fusion-flex-justify-content-flex-start fusion-content-layout-column\"><div class=\"fusion-separator\" style=\"align-self: center;margin-left: auto;margin-right: auto;flex-grow:10;margin-top:15px;width:100%;max-width:10px;\"><\/div><div class=\"fusion-title title fusion-title-2 fusion-sep-none fusion-title-text fusion-title-size-two\" style=\"--awb-text-color:#ffffff;--awb-margin-top:10px;--awb-margin-top-small:0px;--awb-margin-right-small:0px;--awb-margin-bottom-small:20px;--awb-margin-left-small:0px;\"><h2 class=\"fusion-title-heading title-heading-left\" style=\"margin:0;\"><h2 style=\"text-align: center;\"><strong><span style=\"color: #ffffff;\">UBICACI\u00d3N<\/span><\/strong><\/h2><\/h2><\/div><\/div><\/div><\/div><\/div><div class=\"fusion-fullwidth fullwidth-box fusion-builder-row-5 fusion-flex-container has-pattern-background has-mask-background nonhundred-percent-fullwidth non-hundred-percent-height-scrolling\" style=\"--awb-border-radius-top-left:0px;--awb-border-radius-top-right:0px;--awb-border-radius-bottom-right:0px;--awb-border-radius-bottom-left:0px;--awb-flex-wrap:wrap;\" ><div class=\"fusion-builder-row fusion-row fusion-flex-align-items-flex-start fusion-flex-content-wrap\" style=\"max-width:1424.8px;margin-left: calc(-4% \/ 2 );margin-right: calc(-4% \/ 2 );\"><div class=\"fusion-layout-column fusion_builder_column fusion-builder-column-4 fusion_builder_column_1_1 1_1 fusion-flex-column\" style=\"--awb-bg-size:cover;--awb-border-color:#6f268b;--awb-border-style:solid;--awb-width-large:100%;--awb-margin-top-large:0px;--awb-spacing-right-large:1.92%;--awb-margin-bottom-large:20px;--awb-spacing-left-large:1.92%;--awb-width-medium:100%;--awb-order-medium:0;--awb-spacing-right-medium:1.92%;--awb-spacing-left-medium:1.92%;--awb-width-small:100%;--awb-order-small:0;--awb-spacing-right-small:1.92%;--awb-spacing-left-small:1.92%;\" data-scroll-devices=\"small-visibility,medium-visibility,large-visibility\"><div class=\"fusion-column-wrapper fusion-column-has-shadow fusion-flex-justify-content-flex-start fusion-content-layout-column\"><div class=\"fusion-separator fusion-full-width-sep\" style=\"align-self: center;margin-left: auto;margin-right: auto;margin-top:10px;width:100%;\"><\/div><div class=\"fusion-text fusion-text-22\"><h4 style=\"padding-left: 40px; text-align: center;\">Eurecat Manresa<\/h4>\n<h4 style=\"padding-left: 40px; text-align: center;\"><a href=\"https:\/\/www.google.com\/maps\/place\/\/data=!4m2!3m1!1s0x12a4580f98b8664b:0x4947ca79b9cffc90?sa=X&amp;ved=1t:8290&amp;ictx=111\" target=\"_blank\" rel=\"noopener\"><span style=\"color: #808080;\">Pl. de la Ci\u00e8ncia 2,\u00a0Manresa <\/span><\/a><\/h4>\n<\/div><\/div><\/div><\/div><\/div>\n","protected":false},"excerpt":{"rendered":"","protected":false},"author":20,"featured_media":190043,"comment_status":"closed","ping_status":"closed","template":"","tags":[],"mec_category":[986,2231],"class_list":["post-190044","mec-events","type-mec-events","status-publish","has-post-thumbnail","hentry","mec_category-actos-cientificos-tecnologicos","mec_category-workshops-es"],"yoast_head":"<!-- This site is optimized with the Yoast SEO plugin v27.4 - https:\/\/yoast.com\/product\/yoast-seo-wordpress\/ -->\n<title>Jornada: Intercambio de experiencias en la gesti\u00f3n de los recursos forestales - Eurecat<\/title>\n<meta name=\"description\" content=\"Jornada: Intercambio de experiencias en la gesti\u00f3n de los recursos forestales. Resultados e impacto del proyecto BIOFORIN\" \/>\n<meta name=\"robots\" content=\"index, follow, max-snippet:-1, max-image-preview:large, max-video-preview:-1\" \/>\n<link rel=\"canonical\" href=\"https:\/\/eurecat.org\/es\/calendario\/jornada-intercambio-de-experiencias-en-la-gestion-de-los-recursos-forestales\/\" \/>\n<meta property=\"og:locale\" content=\"es_ES\" \/>\n<meta property=\"og:type\" content=\"article\" \/>\n<meta property=\"og:title\" content=\"Jornada: Intercambio de experiencias en la gesti\u00f3n de los recursos forestales - Eurecat\" \/>\n<meta property=\"og:description\" content=\"Jornada: Intercambio de experiencias en la gesti\u00f3n de los recursos forestales. Resultados e impacto del proyecto BIOFORIN\" \/>\n<meta property=\"og:url\" content=\"https:\/\/eurecat.org\/es\/calendario\/jornada-intercambio-de-experiencias-en-la-gestion-de-los-recursos-forestales\/\" \/>\n<meta property=\"og:site_name\" content=\"Eurecat\" \/>\n<meta property=\"article:modified_time\" content=\"2025-12-02T13:03:35+00:00\" \/>\n<meta property=\"og:image\" content=\"https:\/\/eurecat.org\/wp-content\/uploads\/2025\/11\/BIOFORIN_Banner-jornada-Eurecat_web.jpg\" \/>\n\t<meta property=\"og:image:width\" content=\"750\" \/>\n\t<meta property=\"og:image:height\" content=\"400\" \/>\n\t<meta property=\"og:image:type\" content=\"image\/jpeg\" \/>\n<meta name=\"twitter:card\" content=\"summary_large_image\" \/>\n<meta name=\"twitter:label1\" content=\"Tiempo de lectura\" \/>\n\t<meta name=\"twitter:data1\" content=\"4 minutos\" \/>\n<script type=\"application\/ld+json\" class=\"yoast-schema-graph\">{\"@context\":\"https:\\\/\\\/schema.org\",\"@graph\":[{\"@type\":\"WebPage\",\"@id\":\"https:\\\/\\\/eurecat.org\\\/es\\\/calendario\\\/jornada-intercambio-de-experiencias-en-la-gestion-de-los-recursos-forestales\\\/\",\"url\":\"https:\\\/\\\/eurecat.org\\\/es\\\/calendario\\\/jornada-intercambio-de-experiencias-en-la-gestion-de-los-recursos-forestales\\\/\",\"name\":\"Jornada: Intercambio de experiencias en la gesti\u00f3n de los recursos forestales - Eurecat\",\"isPartOf\":{\"@id\":\"https:\\\/\\\/eurecat.org\\\/es\\\/#website\"},\"primaryImageOfPage\":{\"@id\":\"https:\\\/\\\/eurecat.org\\\/es\\\/calendario\\\/jornada-intercambio-de-experiencias-en-la-gestion-de-los-recursos-forestales\\\/#primaryimage\"},\"image\":{\"@id\":\"https:\\\/\\\/eurecat.org\\\/es\\\/calendario\\\/jornada-intercambio-de-experiencias-en-la-gestion-de-los-recursos-forestales\\\/#primaryimage\"},\"thumbnailUrl\":\"https:\\\/\\\/eurecat.org\\\/wp-content\\\/uploads\\\/2025\\\/11\\\/BIOFORIN_Banner-jornada-Eurecat_web.jpg\",\"datePublished\":\"2025-11-07T11:15:56+00:00\",\"dateModified\":\"2025-12-02T13:03:35+00:00\",\"description\":\"Jornada: Intercambio de experiencias en la gesti\u00f3n de los recursos forestales. Resultados e impacto del proyecto BIOFORIN\",\"breadcrumb\":{\"@id\":\"https:\\\/\\\/eurecat.org\\\/es\\\/calendario\\\/jornada-intercambio-de-experiencias-en-la-gestion-de-los-recursos-forestales\\\/#breadcrumb\"},\"inLanguage\":\"es\",\"potentialAction\":[{\"@type\":\"ReadAction\",\"target\":[\"https:\\\/\\\/eurecat.org\\\/es\\\/calendario\\\/jornada-intercambio-de-experiencias-en-la-gestion-de-los-recursos-forestales\\\/\"]}]},{\"@type\":\"ImageObject\",\"inLanguage\":\"es\",\"@id\":\"https:\\\/\\\/eurecat.org\\\/es\\\/calendario\\\/jornada-intercambio-de-experiencias-en-la-gestion-de-los-recursos-forestales\\\/#primaryimage\",\"url\":\"https:\\\/\\\/eurecat.org\\\/wp-content\\\/uploads\\\/2025\\\/11\\\/BIOFORIN_Banner-jornada-Eurecat_web.jpg\",\"contentUrl\":\"https:\\\/\\\/eurecat.org\\\/wp-content\\\/uploads\\\/2025\\\/11\\\/BIOFORIN_Banner-jornada-Eurecat_web.jpg\",\"width\":750,\"height\":400},{\"@type\":\"BreadcrumbList\",\"@id\":\"https:\\\/\\\/eurecat.org\\\/es\\\/calendario\\\/jornada-intercambio-de-experiencias-en-la-gestion-de-los-recursos-forestales\\\/#breadcrumb\",\"itemListElement\":[{\"@type\":\"ListItem\",\"position\":1,\"name\":\"Inici\",\"item\":\"https:\\\/\\\/eurecat.org\\\/es\\\/\"},{\"@type\":\"ListItem\",\"position\":2,\"name\":\"Eventos\",\"item\":\"https:\\\/\\\/eurecat.org\\\/es\\\/calendario\\\/\"},{\"@type\":\"ListItem\",\"position\":3,\"name\":\"Jornada: Intercambio de experiencias en la gesti\u00f3n de los recursos forestales\"}]},{\"@type\":\"WebSite\",\"@id\":\"https:\\\/\\\/eurecat.org\\\/es\\\/#website\",\"url\":\"https:\\\/\\\/eurecat.org\\\/es\\\/\",\"name\":\"Eurecat\",\"description\":\"Otro sitio realizado con WordPress\",\"potentialAction\":[{\"@type\":\"SearchAction\",\"target\":{\"@type\":\"EntryPoint\",\"urlTemplate\":\"https:\\\/\\\/eurecat.org\\\/es\\\/?s={search_term_string}\"},\"query-input\":{\"@type\":\"PropertyValueSpecification\",\"valueRequired\":true,\"valueName\":\"search_term_string\"}}],\"inLanguage\":\"es\"}]}<\/script>\n<!-- \/ Yoast SEO plugin. -->","yoast_head_json":{"title":"Jornada: Intercambio de experiencias en la gesti\u00f3n de los recursos forestales - Eurecat","description":"Jornada: Intercambio de experiencias en la gesti\u00f3n de los recursos forestales. Resultados e impacto del proyecto BIOFORIN","robots":{"index":"index","follow":"follow","max-snippet":"max-snippet:-1","max-image-preview":"max-image-preview:large","max-video-preview":"max-video-preview:-1"},"canonical":"https:\/\/eurecat.org\/es\/calendario\/jornada-intercambio-de-experiencias-en-la-gestion-de-los-recursos-forestales\/","og_locale":"es_ES","og_type":"article","og_title":"Jornada: Intercambio de experiencias en la gesti\u00f3n de los recursos forestales - Eurecat","og_description":"Jornada: Intercambio de experiencias en la gesti\u00f3n de los recursos forestales. Resultados e impacto del proyecto BIOFORIN","og_url":"https:\/\/eurecat.org\/es\/calendario\/jornada-intercambio-de-experiencias-en-la-gestion-de-los-recursos-forestales\/","og_site_name":"Eurecat","article_modified_time":"2025-12-02T13:03:35+00:00","og_image":[{"width":750,"height":400,"url":"https:\/\/eurecat.org\/wp-content\/uploads\/2025\/11\/BIOFORIN_Banner-jornada-Eurecat_web.jpg","type":"image\/jpeg"}],"twitter_card":"summary_large_image","twitter_misc":{"Tiempo de lectura":"4 minutos"},"schema":{"@context":"https:\/\/schema.org","@graph":[{"@type":"WebPage","@id":"https:\/\/eurecat.org\/es\/calendario\/jornada-intercambio-de-experiencias-en-la-gestion-de-los-recursos-forestales\/","url":"https:\/\/eurecat.org\/es\/calendario\/jornada-intercambio-de-experiencias-en-la-gestion-de-los-recursos-forestales\/","name":"Jornada: Intercambio de experiencias en la gesti\u00f3n de los recursos forestales - Eurecat","isPartOf":{"@id":"https:\/\/eurecat.org\/es\/#website"},"primaryImageOfPage":{"@id":"https:\/\/eurecat.org\/es\/calendario\/jornada-intercambio-de-experiencias-en-la-gestion-de-los-recursos-forestales\/#primaryimage"},"image":{"@id":"https:\/\/eurecat.org\/es\/calendario\/jornada-intercambio-de-experiencias-en-la-gestion-de-los-recursos-forestales\/#primaryimage"},"thumbnailUrl":"https:\/\/eurecat.org\/wp-content\/uploads\/2025\/11\/BIOFORIN_Banner-jornada-Eurecat_web.jpg","datePublished":"2025-11-07T11:15:56+00:00","dateModified":"2025-12-02T13:03:35+00:00","description":"Jornada: Intercambio de experiencias en la gesti\u00f3n de los recursos forestales. Resultados e impacto del proyecto BIOFORIN","breadcrumb":{"@id":"https:\/\/eurecat.org\/es\/calendario\/jornada-intercambio-de-experiencias-en-la-gestion-de-los-recursos-forestales\/#breadcrumb"},"inLanguage":"es","potentialAction":[{"@type":"ReadAction","target":["https:\/\/eurecat.org\/es\/calendario\/jornada-intercambio-de-experiencias-en-la-gestion-de-los-recursos-forestales\/"]}]},{"@type":"ImageObject","inLanguage":"es","@id":"https:\/\/eurecat.org\/es\/calendario\/jornada-intercambio-de-experiencias-en-la-gestion-de-los-recursos-forestales\/#primaryimage","url":"https:\/\/eurecat.org\/wp-content\/uploads\/2025\/11\/BIOFORIN_Banner-jornada-Eurecat_web.jpg","contentUrl":"https:\/\/eurecat.org\/wp-content\/uploads\/2025\/11\/BIOFORIN_Banner-jornada-Eurecat_web.jpg","width":750,"height":400},{"@type":"BreadcrumbList","@id":"https:\/\/eurecat.org\/es\/calendario\/jornada-intercambio-de-experiencias-en-la-gestion-de-los-recursos-forestales\/#breadcrumb","itemListElement":[{"@type":"ListItem","position":1,"name":"Inici","item":"https:\/\/eurecat.org\/es\/"},{"@type":"ListItem","position":2,"name":"Eventos","item":"https:\/\/eurecat.org\/es\/calendario\/"},{"@type":"ListItem","position":3,"name":"Jornada: Intercambio de experiencias en la gesti\u00f3n de los recursos forestales"}]},{"@type":"WebSite","@id":"https:\/\/eurecat.org\/es\/#website","url":"https:\/\/eurecat.org\/es\/","name":"Eurecat","description":"Otro sitio realizado con WordPress","potentialAction":[{"@type":"SearchAction","target":{"@type":"EntryPoint","urlTemplate":"https:\/\/eurecat.org\/es\/?s={search_term_string}"},"query-input":{"@type":"PropertyValueSpecification","valueRequired":true,"valueName":"search_term_string"}}],"inLanguage":"es"}]}},"_links":{"self":[{"href":"https:\/\/eurecat.org\/es\/wp-json\/wp\/v2\/mec-events\/190044","targetHints":{"allow":["GET"]}}],"collection":[{"href":"https:\/\/eurecat.org\/es\/wp-json\/wp\/v2\/mec-events"}],"about":[{"href":"https:\/\/eurecat.org\/es\/wp-json\/wp\/v2\/types\/mec-events"}],"author":[{"embeddable":true,"href":"https:\/\/eurecat.org\/es\/wp-json\/wp\/v2\/users\/20"}],"replies":[{"embeddable":true,"href":"https:\/\/eurecat.org\/es\/wp-json\/wp\/v2\/comments?post=190044"}],"wp:featuredmedia":[{"embeddable":true,"href":"https:\/\/eurecat.org\/es\/wp-json\/wp\/v2\/media\/190043"}],"wp:attachment":[{"href":"https:\/\/eurecat.org\/es\/wp-json\/wp\/v2\/media?parent=190044"}],"wp:term":[{"taxonomy":"post_tag","embeddable":true,"href":"https:\/\/eurecat.org\/es\/wp-json\/wp\/v2\/tags?post=190044"},{"taxonomy":"mec_category","embeddable":true,"href":"https:\/\/eurecat.org\/es\/wp-json\/wp\/v2\/mec_category?post=190044"}],"curies":[{"name":"wp","href":"https:\/\/api.w.org\/{rel}","templated":true}]}}