{"id":190162,"date":"2025-11-13T11:52:54","date_gmt":"2025-11-13T10:52:54","guid":{"rendered":"https:\/\/eurecat.org\/calendar\/agrobiotech-innovation-forum-2025\/"},"modified":"2025-11-27T16:49:03","modified_gmt":"2025-11-27T15:49:03","slug":"agrobiotech-innovation-forum-2025","status":"publish","type":"mec-events","link":"https:\/\/eurecat.org\/es\/calendario\/agrobiotech-innovation-forum-2025\/","title":{"rendered":"Agrobiotech Innovation Forum 2025"},"content":{"rendered":"<div class=\"fusion-fullwidth fullwidth-box fusion-builder-row-1 fusion-flex-container has-pattern-background has-mask-background nonhundred-percent-fullwidth non-hundred-percent-height-scrolling\" style=\"--awb-border-radius-top-left:0px;--awb-border-radius-top-right:0px;--awb-border-radius-bottom-right:0px;--awb-border-radius-bottom-left:0px;--awb-flex-wrap:wrap;\" ><div class=\"fusion-builder-row fusion-row fusion-flex-align-items-flex-start fusion-flex-content-wrap\" style=\"max-width:1424.8px;margin-left: calc(-4% \/ 2 );margin-right: calc(-4% \/ 2 );\"><div class=\"fusion-layout-column fusion_builder_column fusion-builder-column-0 fusion_builder_column_1_1 1_1 fusion-flex-column\" style=\"--awb-bg-size:cover;--awb-width-large:100%;--awb-margin-top-large:0px;--awb-spacing-right-large:1.92%;--awb-margin-bottom-large:20px;--awb-spacing-left-large:1.92%;--awb-width-medium:100%;--awb-order-medium:0;--awb-spacing-right-medium:1.92%;--awb-spacing-left-medium:1.92%;--awb-width-small:100%;--awb-order-small:0;--awb-spacing-right-small:1.92%;--awb-spacing-left-small:1.92%;\"><div class=\"fusion-column-wrapper fusion-column-has-shadow fusion-flex-justify-content-flex-start fusion-content-layout-column\"><div class=\"fusion-text fusion-text-1\"><p>Este a\u00f1o, Eurecat estar\u00e1 presente a la primera edici\u00f3n de<a href=\"https:\/\/agrobiotechforum.com\/\"> AGROBIOTECH INNOVATION FORUM 2025<\/a>, centrada en la <strong>innovaci\u00f3n, sostenibilidad y tecnolog\u00eda para el sector Agrobiotech, <\/strong>que tendr\u00e1 lugar en Lleida del 25 al 27 de noviembre.<\/p>\n<p>Dispondremos de un estand donde mostraremos <strong>soluciones innovadoras en rob\u00f3tica agr\u00edcola<\/strong>, dise\u00f1adas para <strong>mejorar la eficiencia, la precisi\u00f3n y la sostenibilitat<\/strong> de las explotaciones:<\/p>\n<ul>\n<li>sistemas aut\u00f3nomos para la manipulaci\u00f3n de productos,<\/li>\n<li>robots para la <strong>cosecha selectiva<\/strong>,<\/li>\n<li>plataformas de <strong>monitorizaci\u00f3n inteligente de cultivos<\/strong>,<\/li>\n<li>y tecnolog\u00edas para la digitalizaci\u00f3n de procesos agr\u00edcolas.<\/li>\n<\/ul>\n<p><strong>Pero tambi\u00e9n vamos m\u00e1s all\u00e1 de la superficie del campo.<\/strong><br \/>\nPresentaremos <strong>soluciones pioneras de remediaci\u00f3n de suelos agr\u00edcolas<\/strong> medicante el uso de <strong>ciencias \u00f3micas (metagen\u00f3mica, metabol\u00f3mica, prote\u00f3mica)<\/strong>, que nos permiten:<\/p>\n<ul>\n<li>caracterizar la salud del suelo a nivel microbiano y molecular,<\/li>\n<li>identificar desequilibrios o contaminaciones,<\/li>\n<li>y proponer estrategias naturales y regenerativas para recuperar la fertilidad y sostenibilidad del suelo.<\/li>\n<\/ul>\n<p>Este enfoque nos permite desarrollar <strong>estrategias de fertilizaci\u00f3n inteligente y de regeneraci\u00f3 ed\u00e1fica<\/strong>, clave para una <strong>agricultura sostenible y resiliente<\/strong> ante el cambio clim\u00e1tico y las nuevas normativas ambientales.<\/p>\n<\/div><div class=\"fusion-separator fusion-no-medium-visibility fusion-full-width-sep\" style=\"align-self: center;margin-left: auto;margin-right: auto;margin-top:15px;margin-bottom:15px;width:100%;\"><\/div><div class=\"fusion-separator fusion-full-width-sep\" style=\"align-self: center;margin-left: auto;margin-right: auto;width:100%;\"><div class=\"fusion-separator-border sep-single sep-solid\" style=\"--awb-height:20px;--awb-amount:20px;border-color:#e0dede;border-top-width:1px;\"><\/div><\/div><div class=\"fusion-separator fusion-no-medium-visibility fusion-full-width-sep\" style=\"align-self: center;margin-left: auto;margin-right: auto;margin-top:15px;margin-bottom:15px;width:100%;\"><\/div><div class=\"fusion-text fusion-text-2\"><h4><span style=\"color: #642c81;\"><strong>Y no te pierdas nuestra demostraci\u00f3n en la zona exterior de Fira de Lleida, donde presentaremos un robot aut\u00f3nomo para el tratamiento de cultivos.<\/strong><\/span><\/h4>\n<p><img decoding=\"async\" class=\"aligncenter wp-image-189836 size-medium\" src=\"https:\/\/eurecat.org\/wp-content\/uploads\/2025\/10\/Eurecat_Geoentec_robotica-agricola_800px-300x200.jpg\" alt=\"\" width=\"300\" height=\"200\" srcset=\"https:\/\/eurecat.org\/wp-content\/uploads\/2025\/10\/Eurecat_Geoentec_robotica-agricola_800px-200x133.jpg 200w, https:\/\/eurecat.org\/wp-content\/uploads\/2025\/10\/Eurecat_Geoentec_robotica-agricola_800px-300x200.jpg 300w, https:\/\/eurecat.org\/wp-content\/uploads\/2025\/10\/Eurecat_Geoentec_robotica-agricola_800px-391x260.jpg 391w, https:\/\/eurecat.org\/wp-content\/uploads\/2025\/10\/Eurecat_Geoentec_robotica-agricola_800px-400x267.jpg 400w, https:\/\/eurecat.org\/wp-content\/uploads\/2025\/10\/Eurecat_Geoentec_robotica-agricola_800px-600x400.jpg 600w, https:\/\/eurecat.org\/wp-content\/uploads\/2025\/10\/Eurecat_Geoentec_robotica-agricola_800px-768x512.jpg 768w, https:\/\/eurecat.org\/wp-content\/uploads\/2025\/10\/Eurecat_Geoentec_robotica-agricola_800px.jpg 800w\" sizes=\"(max-width: 300px) 100vw, 300px\" \/><\/p>\n<p>Desarrollado y fabricado por la empresa <strong>GeoEntec Environment Technologies<\/strong> con Eurecat como aliado tecnol\u00f3gico, ROVAG es una plataforma rob\u00f3tica modular con kits de polvorizaci\u00f3n y espolvoreo de precisi\u00f3n para cultivos en invernadero.<br \/>\nOpera de manera aut\u00f3noma, con detecci\u00f3n de obst\u00e1culos, cultivos y personas, y sistemas de navegaci\u00f3n con y sin\u00a0GNSS\/GPS.<br \/>\nSu equipaci\u00f3n inteligente ajusta los tratamientos e integra visi\u00f3n e inteligencia artificial para monitorizar cultivos, detectar plagas y avanzar en la digitalizaci\u00f3n agr\u00edcola.<\/p>\n<p><b><span data-olk-copy-source=\"MessageBody\">Horarios de demostraci\u00f3n:<br \/>\n<\/span><\/b><b>Ma\u00f1ana 10 a 12 h<br \/>\n<\/b><b>Tarde 15 a 17 h<\/b><\/p>\n<\/div><div class=\"fusion-separator fusion-full-width-sep\" style=\"align-self: center;margin-left: auto;margin-right: auto;width:100%;\"><div class=\"fusion-separator-border sep-single sep-solid\" style=\"--awb-height:20px;--awb-amount:20px;border-color:#e0dede;border-top-width:1px;\"><\/div><\/div><div class=\"fusion-separator fusion-no-medium-visibility fusion-full-width-sep\" style=\"align-self: center;margin-left: auto;margin-right: auto;margin-top:15px;margin-bottom:15px;width:100%;\"><\/div><div class=\"fusion-text fusion-text-3\"><h5>Eurecat compartir\u00e1 su conocimiento participando en las siguientes conferencias:<\/h5>\n<h4><span style=\"color: #642c81;\"><strong>25 de noviembre<\/strong><\/span><\/h4>\n<h5><strong><span style=\"color: #808080;\">11:00 &#8211; 11:30 h<\/span> \u2013 Start up arena (Hall 5) &#8211; <\/strong><strong>Xavier Domingo, <\/strong>director Udad. Inteligencia Artificial Aplicada de Eurecat. <em>\u201cIA en el sector Agrobiotech\u201d.<\/em><\/h5>\n<h5><strong><span style=\"color: #808080;\">13:00 &#8211; 13:30 h<\/span> \u2013 Sala de presentaciones P4 &#8211; <\/strong><strong>Josep Pijuan, <\/strong>investigador Udad. Inteligencia Artificial Aplicada de Eurecat <em>\u201c<\/em><strong><a href=\"https:\/\/eurecat.org\/es\/portfolio-items\/irain\/\"><em>Proyecto iRain<\/em><\/a><\/strong><em>\u201d.<\/em><\/h5>\n<h5><strong><span style=\"color: #808080;\">13:00 &#8211; 13:30 h<\/span> \u2013 Start up arena (Hall 5) &#8211; \u00d3<\/strong><strong>scar Palac\u00edn, <\/strong>investigador Udad. Rob\u00f3tica y Automatizaci\u00f3n de Eurecat <em>\u201cDatos y rob\u00f3tica, \u00bfpor fin en el campo?\u201d.<\/em><\/h5>\n<h4><span style=\"color: #642c81;\"><strong>26 de noviembre<\/strong><\/span><\/h4>\n<h5><strong><span style=\"color: #808080;\">09:00 &#8211; 10:00 h<\/span> \u2013 Sala P5 Hall 5 &#8211; <\/strong><strong>Dani Serrano<\/strong>, director Udad. Rob\u00f3tica y Automatizaci\u00f3n de Eurecat <em>\u201cInnovando en rob\u00f3tica agr\u00edcola\u201d.<\/em><\/h5>\n<h5><strong><span style=\"color: #808080;\">10:00 &#8211; 11:00 h<\/span> \u2013 Sala P5 Hall 5 &#8211; Carlos Rizzo<\/strong><strong>, <\/strong>investigador Udad. Rob\u00f3tica y Automatizaci\u00f3n de Eurecat, modera la mesa sobre \u201c<em>Rob\u00f3tica aplicada a las labores agr\u00edcolas\u00bb.<\/em><\/h5>\n<h5><strong><span style=\"color: #808080;\">11:00 &#8211; 12:00 h<\/span> \u2013 Sala P5 Hall 5 &#8211; <\/strong><strong>\u00d3<\/strong><strong>scar Palac\u00edn, <\/strong>investigador Udad. Rob\u00f3tica y Automatizaci\u00f3n de Eurecat, modera la mesa sobre \u201c<em>Rob\u00f3tica aplicada a la cosecha y producci\u00f3n\u201d.<\/em><\/h5>\n<h5><strong><span style=\"color: #808080;\">12:00 &#8211; 13:00 h<\/span> \u2013 Sala P5 Hall 5 &#8211; <\/strong><strong>Marco Orellana, <\/strong>gerente del CIDAI, modera la mesa sobre <em>\u201c\u00bfComo ha evolucionado hasta hoy lo que se plante\u00f3 en el libro blanco? \u00bfCual ha sido el papel de las empresas?\u201d, <\/em>en la que tambi\u00e9n participa\u00a0<strong>Gabriel Anzaldi<\/strong><em><span data-olk-copy-source=\"MessageBody\">,\u00a0<\/span><\/em>director de Ecosistemas de Eurecat.<\/h5>\n<h5><strong><span style=\"color: #808080;\">13:00 &#8211; 13:20 h<\/span> \u2013 Sala de presentaciones P4N (Hall 4) &#8211; <\/strong><strong>Cristina Rodr\u00edguez<\/strong>, investigadora Udad. Nutrici\u00f3n y Salud <em>\u201cInsecticultura y econom\u00eda circular: nueva vida a los subproductos agr\u00edcolas y agroindustriales\u201d.<\/em><\/h5>\n<h5><strong><span style=\"color: #808080;\">13:30 &#8211; 14:00 h<\/span> \u2013 Sala de presentaciones P4 &#8211; <\/strong><strong>Mart\u00ed Gibert<\/strong>, investigador Udad. Functional Printing and Embedded Devices de Eurecat. \u201c<em>Proyecto SYNATRA: revoluci\u00f3n agrovoltaica con pl\u00e1sticos solares (OPV).\u201d<\/em><\/h5>\n<h4><span style=\"color: #642c81;\"><strong>27 de noviembre<\/strong><\/span><\/h4>\n<h5><strong><span style=\"color: #808080;\">9:45 &#8211; 13:00 h<\/span> \u2013 Sala P5 Transforma &#8211; <\/strong><strong>Gabriel Anzaldi, <\/strong>director de Ecosistemas de Eurecat participa en la Jornada DARPA dedicada a <em>Actividades de Demostraci\u00f3n &#8211; Impulsando la colaboraci\u00f3n, la transferencia y la capitalizaci\u00f3n de la innovaci\u00f3n en el sector agroalimentario y forestal.<\/em><\/h5>\n<h5><strong><span style=\"color: #808080;\">10:00 &#8211; 10:30 h<\/span> \u2013 Start up arena (Hall 5) &#8211; <\/strong><strong>Iolanda Sim\u00f3, <\/strong>responsable de desarrollo territorial de Eurecat en Lleida <em>\u201cInnovaci\u00f3 Agroaliment\u00e0ria \u2013 Centros tecnol\u00f3gicos\u201d.<\/em><\/h5>\n<h5><strong><span style=\"color: #808080;\">12:30 &#8211; 13:30 h<\/span> \u2013 Sala Sur &#8211; <\/strong><strong>Miriam D\u00edaz de los Bernardos<\/strong>, directora de la red H2CAT y directora Udad. de Tecnolog\u00eda Qu\u00edmica de Eurecat, modera la mesa sobre <em>\u201cInnovaci\u00f3n y R+D de los grupos en tecnolog\u00edas de hidr\u00f3geno vinculados a la bioeconom\u00eda\u201d<\/em><\/h5>\n<h5><strong>Adem\u00e1s participaremos en el B2B en el espacio Challenge Wall organizado por Up2you.<\/strong><\/h5>\n<\/div><div class=\"fusion-separator fusion-no-medium-visibility fusion-full-width-sep\" style=\"align-self: center;margin-left: auto;margin-right: auto;margin-top:10px;margin-bottom:10px;width:100%;\"><\/div><div class=\"fusion-separator fusion-full-width-sep\" style=\"align-self: center;margin-left: auto;margin-right: auto;width:100%;\"><div class=\"fusion-separator-border sep-single sep-solid\" style=\"--awb-height:20px;--awb-amount:20px;border-color:#e0dede;border-top-width:1px;\"><\/div><\/div><div class=\"fusion-text fusion-text-4\"><h5>Y en el marco de <strong>Agrobiotech Innovation Forum<\/strong> de Lleida celebraremos el <strong>acto de entrega de los Premios Ruralapps<\/strong> que tendr\u00e1 lugar el <strong>jueves 27 de noviembre<\/strong>. La jornada empezar\u00e1 a las 15:30h y contar\u00e1 con el <strong>Hble. \u00d2scar Ordeig i Molist, conseller de Agricultura, Ganader\u00eda, Pesca y Alimentaci\u00f3n<\/strong> para galardonar a los finalistas y ganadores.<\/h5>\n<h5>A continuaci\u00f3n habr\u00e1 una mesa redonda con los representantes de los proyectos premiados y una ponencia dedicada al futuro de la tecnolog\u00eda aplicada a la agricultura, la ganader\u00eda y la alimentaci\u00f3n a cargo de <strong>Xavier Domingo<\/strong>, director de la Udad. de Inteligencia Artificial Aplicada de Eurecat. El acto ser\u00e1 conducido y moderado por <strong>Ignasi Papell<\/strong>, responsable de Proyectos Singulares de Alimentaci\u00f3n de Eurecat.<br \/>\nEl acto ha sido organizado por la Generalitat de Catalunya y la unidad de Eventos Corporativos y Negocio de Eurecat.<\/h5>\n<h5>\ud83d\udc49Inscripciones abiertas: <a title=\"https:\/\/lnkd.in\/df76YGV7\" href=\"https:\/\/lnkd.in\/df76YGV7\" target=\"_blank\" rel=\"noopener noreferrer\" data-auth=\"NotApplicable\" data-linkindex=\"0\"><strong>https:\/\/lnkd.in\/df76YGV7<\/strong><\/a><\/h5>\n<\/div><div class=\"fusion-separator fusion-no-medium-visibility fusion-full-width-sep\" style=\"align-self: center;margin-left: auto;margin-right: auto;margin-top:10px;margin-bottom:10px;width:100%;\"><\/div><div class=\"fusion-separator fusion-full-width-sep\" style=\"align-self: center;margin-left: auto;margin-right: auto;width:100%;\"><div class=\"fusion-separator-border sep-single sep-solid\" style=\"--awb-height:20px;--awb-amount:20px;border-color:#e0dede;border-top-width:1px;\"><\/div><\/div><div class=\"fusion-text fusion-text-5\"><h4 style=\"text-align: center;\"><strong>\u00a1Ven y conoce nuestras SOLUCIONES INNOVADORAS!<\/strong><\/h4>\n<h4 style=\"text-align: center;\"><strong><em>Hall 5 estand 5100 y zona demo exterior.<\/em><\/strong><\/h4>\n<\/div><\/div><\/div><\/div><\/div>\n","protected":false},"excerpt":{"rendered":"","protected":false},"author":20,"featured_media":190158,"comment_status":"closed","ping_status":"closed","template":"","tags":[],"mec_category":[986,976,2825,975],"class_list":["post-190162","mec-events","type-mec-events","status-publish","has-post-thumbnail","hentry","mec_category-actos-cientificos-tecnologicos","mec_category-congresos-organizados-por-eurecat-es","mec_category-eurecat-events-2-es","mec_category-fires-on-participa-eurecat"],"yoast_head":"<!-- This site is optimized with the Yoast SEO plugin v27.4 - https:\/\/yoast.com\/product\/yoast-seo-wordpress\/ -->\n<title>Agrobiotech Innovation Forum 2025 - Eurecat<\/title>\n<meta name=\"description\" content=\"Eurecat estar\u00e1 presente a la primera edici\u00f3n de AGROBIOTECH INNOVATION FORUM 2025, centrada en la innovaci\u00f3n, sostenibilidad y tecnolog\u00eda para el sector Agrobiotech\" \/>\n<meta name=\"robots\" content=\"index, follow, max-snippet:-1, max-image-preview:large, max-video-preview:-1\" \/>\n<link rel=\"canonical\" href=\"https:\/\/eurecat.org\/es\/calendario\/agrobiotech-innovation-forum-2025\/\" \/>\n<meta property=\"og:locale\" content=\"es_ES\" \/>\n<meta property=\"og:type\" content=\"article\" \/>\n<meta property=\"og:title\" content=\"Agrobiotech Innovation Forum 2025 - Eurecat\" \/>\n<meta property=\"og:description\" content=\"Eurecat estar\u00e1 presente a la primera edici\u00f3n de AGROBIOTECH INNOVATION FORUM 2025, centrada en la innovaci\u00f3n, sostenibilidad y tecnolog\u00eda para el sector Agrobiotech\" \/>\n<meta property=\"og:url\" content=\"https:\/\/eurecat.org\/es\/calendario\/agrobiotech-innovation-forum-2025\/\" \/>\n<meta property=\"og:site_name\" content=\"Eurecat\" \/>\n<meta property=\"article:modified_time\" content=\"2025-11-27T15:49:03+00:00\" \/>\n<meta property=\"og:image\" content=\"https:\/\/eurecat.org\/wp-content\/uploads\/2025\/11\/AGROBIOTECH.jpg\" \/>\n\t<meta property=\"og:image:width\" content=\"750\" \/>\n\t<meta property=\"og:image:height\" content=\"400\" \/>\n\t<meta property=\"og:image:type\" content=\"image\/jpeg\" \/>\n<meta name=\"twitter:card\" content=\"summary_large_image\" \/>\n<meta name=\"twitter:label1\" content=\"Tiempo de lectura\" \/>\n\t<meta name=\"twitter:data1\" content=\"5 minutos\" \/>\n<script type=\"application\/ld+json\" class=\"yoast-schema-graph\">{\"@context\":\"https:\\\/\\\/schema.org\",\"@graph\":[{\"@type\":\"WebPage\",\"@id\":\"https:\\\/\\\/eurecat.org\\\/es\\\/calendario\\\/agrobiotech-innovation-forum-2025\\\/\",\"url\":\"https:\\\/\\\/eurecat.org\\\/es\\\/calendario\\\/agrobiotech-innovation-forum-2025\\\/\",\"name\":\"Agrobiotech Innovation Forum 2025 - Eurecat\",\"isPartOf\":{\"@id\":\"https:\\\/\\\/eurecat.org\\\/es\\\/#website\"},\"primaryImageOfPage\":{\"@id\":\"https:\\\/\\\/eurecat.org\\\/es\\\/calendario\\\/agrobiotech-innovation-forum-2025\\\/#primaryimage\"},\"image\":{\"@id\":\"https:\\\/\\\/eurecat.org\\\/es\\\/calendario\\\/agrobiotech-innovation-forum-2025\\\/#primaryimage\"},\"thumbnailUrl\":\"https:\\\/\\\/eurecat.org\\\/wp-content\\\/uploads\\\/2025\\\/11\\\/AGROBIOTECH.jpg\",\"datePublished\":\"2025-11-13T10:52:54+00:00\",\"dateModified\":\"2025-11-27T15:49:03+00:00\",\"description\":\"Eurecat estar\u00e1 presente a la primera edici\u00f3n de AGROBIOTECH INNOVATION FORUM 2025, centrada en la innovaci\u00f3n, sostenibilidad y tecnolog\u00eda para el sector Agrobiotech\",\"breadcrumb\":{\"@id\":\"https:\\\/\\\/eurecat.org\\\/es\\\/calendario\\\/agrobiotech-innovation-forum-2025\\\/#breadcrumb\"},\"inLanguage\":\"es\",\"potentialAction\":[{\"@type\":\"ReadAction\",\"target\":[\"https:\\\/\\\/eurecat.org\\\/es\\\/calendario\\\/agrobiotech-innovation-forum-2025\\\/\"]}]},{\"@type\":\"ImageObject\",\"inLanguage\":\"es\",\"@id\":\"https:\\\/\\\/eurecat.org\\\/es\\\/calendario\\\/agrobiotech-innovation-forum-2025\\\/#primaryimage\",\"url\":\"https:\\\/\\\/eurecat.org\\\/wp-content\\\/uploads\\\/2025\\\/11\\\/AGROBIOTECH.jpg\",\"contentUrl\":\"https:\\\/\\\/eurecat.org\\\/wp-content\\\/uploads\\\/2025\\\/11\\\/AGROBIOTECH.jpg\",\"width\":750,\"height\":400},{\"@type\":\"BreadcrumbList\",\"@id\":\"https:\\\/\\\/eurecat.org\\\/es\\\/calendario\\\/agrobiotech-innovation-forum-2025\\\/#breadcrumb\",\"itemListElement\":[{\"@type\":\"ListItem\",\"position\":1,\"name\":\"Inici\",\"item\":\"https:\\\/\\\/eurecat.org\\\/es\\\/\"},{\"@type\":\"ListItem\",\"position\":2,\"name\":\"Eventos\",\"item\":\"https:\\\/\\\/eurecat.org\\\/es\\\/calendario\\\/\"},{\"@type\":\"ListItem\",\"position\":3,\"name\":\"Agrobiotech Innovation Forum 2025\"}]},{\"@type\":\"WebSite\",\"@id\":\"https:\\\/\\\/eurecat.org\\\/es\\\/#website\",\"url\":\"https:\\\/\\\/eurecat.org\\\/es\\\/\",\"name\":\"Eurecat\",\"description\":\"Otro sitio realizado con WordPress\",\"potentialAction\":[{\"@type\":\"SearchAction\",\"target\":{\"@type\":\"EntryPoint\",\"urlTemplate\":\"https:\\\/\\\/eurecat.org\\\/es\\\/?s={search_term_string}\"},\"query-input\":{\"@type\":\"PropertyValueSpecification\",\"valueRequired\":true,\"valueName\":\"search_term_string\"}}],\"inLanguage\":\"es\"}]}<\/script>\n<!-- \/ Yoast SEO plugin. -->","yoast_head_json":{"title":"Agrobiotech Innovation Forum 2025 - Eurecat","description":"Eurecat estar\u00e1 presente a la primera edici\u00f3n de AGROBIOTECH INNOVATION FORUM 2025, centrada en la innovaci\u00f3n, sostenibilidad y tecnolog\u00eda para el sector Agrobiotech","robots":{"index":"index","follow":"follow","max-snippet":"max-snippet:-1","max-image-preview":"max-image-preview:large","max-video-preview":"max-video-preview:-1"},"canonical":"https:\/\/eurecat.org\/es\/calendario\/agrobiotech-innovation-forum-2025\/","og_locale":"es_ES","og_type":"article","og_title":"Agrobiotech Innovation Forum 2025 - Eurecat","og_description":"Eurecat estar\u00e1 presente a la primera edici\u00f3n de AGROBIOTECH INNOVATION FORUM 2025, centrada en la innovaci\u00f3n, sostenibilidad y tecnolog\u00eda para el sector Agrobiotech","og_url":"https:\/\/eurecat.org\/es\/calendario\/agrobiotech-innovation-forum-2025\/","og_site_name":"Eurecat","article_modified_time":"2025-11-27T15:49:03+00:00","og_image":[{"width":750,"height":400,"url":"https:\/\/eurecat.org\/wp-content\/uploads\/2025\/11\/AGROBIOTECH.jpg","type":"image\/jpeg"}],"twitter_card":"summary_large_image","twitter_misc":{"Tiempo de lectura":"5 minutos"},"schema":{"@context":"https:\/\/schema.org","@graph":[{"@type":"WebPage","@id":"https:\/\/eurecat.org\/es\/calendario\/agrobiotech-innovation-forum-2025\/","url":"https:\/\/eurecat.org\/es\/calendario\/agrobiotech-innovation-forum-2025\/","name":"Agrobiotech Innovation Forum 2025 - Eurecat","isPartOf":{"@id":"https:\/\/eurecat.org\/es\/#website"},"primaryImageOfPage":{"@id":"https:\/\/eurecat.org\/es\/calendario\/agrobiotech-innovation-forum-2025\/#primaryimage"},"image":{"@id":"https:\/\/eurecat.org\/es\/calendario\/agrobiotech-innovation-forum-2025\/#primaryimage"},"thumbnailUrl":"https:\/\/eurecat.org\/wp-content\/uploads\/2025\/11\/AGROBIOTECH.jpg","datePublished":"2025-11-13T10:52:54+00:00","dateModified":"2025-11-27T15:49:03+00:00","description":"Eurecat estar\u00e1 presente a la primera edici\u00f3n de AGROBIOTECH INNOVATION FORUM 2025, centrada en la innovaci\u00f3n, sostenibilidad y tecnolog\u00eda para el sector Agrobiotech","breadcrumb":{"@id":"https:\/\/eurecat.org\/es\/calendario\/agrobiotech-innovation-forum-2025\/#breadcrumb"},"inLanguage":"es","potentialAction":[{"@type":"ReadAction","target":["https:\/\/eurecat.org\/es\/calendario\/agrobiotech-innovation-forum-2025\/"]}]},{"@type":"ImageObject","inLanguage":"es","@id":"https:\/\/eurecat.org\/es\/calendario\/agrobiotech-innovation-forum-2025\/#primaryimage","url":"https:\/\/eurecat.org\/wp-content\/uploads\/2025\/11\/AGROBIOTECH.jpg","contentUrl":"https:\/\/eurecat.org\/wp-content\/uploads\/2025\/11\/AGROBIOTECH.jpg","width":750,"height":400},{"@type":"BreadcrumbList","@id":"https:\/\/eurecat.org\/es\/calendario\/agrobiotech-innovation-forum-2025\/#breadcrumb","itemListElement":[{"@type":"ListItem","position":1,"name":"Inici","item":"https:\/\/eurecat.org\/es\/"},{"@type":"ListItem","position":2,"name":"Eventos","item":"https:\/\/eurecat.org\/es\/calendario\/"},{"@type":"ListItem","position":3,"name":"Agrobiotech Innovation Forum 2025"}]},{"@type":"WebSite","@id":"https:\/\/eurecat.org\/es\/#website","url":"https:\/\/eurecat.org\/es\/","name":"Eurecat","description":"Otro sitio realizado con WordPress","potentialAction":[{"@type":"SearchAction","target":{"@type":"EntryPoint","urlTemplate":"https:\/\/eurecat.org\/es\/?s={search_term_string}"},"query-input":{"@type":"PropertyValueSpecification","valueRequired":true,"valueName":"search_term_string"}}],"inLanguage":"es"}]}},"_links":{"self":[{"href":"https:\/\/eurecat.org\/es\/wp-json\/wp\/v2\/mec-events\/190162","targetHints":{"allow":["GET"]}}],"collection":[{"href":"https:\/\/eurecat.org\/es\/wp-json\/wp\/v2\/mec-events"}],"about":[{"href":"https:\/\/eurecat.org\/es\/wp-json\/wp\/v2\/types\/mec-events"}],"author":[{"embeddable":true,"href":"https:\/\/eurecat.org\/es\/wp-json\/wp\/v2\/users\/20"}],"replies":[{"embeddable":true,"href":"https:\/\/eurecat.org\/es\/wp-json\/wp\/v2\/comments?post=190162"}],"wp:featuredmedia":[{"embeddable":true,"href":"https:\/\/eurecat.org\/es\/wp-json\/wp\/v2\/media\/190158"}],"wp:attachment":[{"href":"https:\/\/eurecat.org\/es\/wp-json\/wp\/v2\/media?parent=190162"}],"wp:term":[{"taxonomy":"post_tag","embeddable":true,"href":"https:\/\/eurecat.org\/es\/wp-json\/wp\/v2\/tags?post=190162"},{"taxonomy":"mec_category","embeddable":true,"href":"https:\/\/eurecat.org\/es\/wp-json\/wp\/v2\/mec_category?post=190162"}],"curies":[{"name":"wp","href":"https:\/\/api.w.org\/{rel}","templated":true}]}}