{"id":193386,"date":"2026-02-23T11:26:59","date_gmt":"2026-02-23T10:26:59","guid":{"rendered":"https:\/\/eurecat.org\/?post_type=mec-events&#038;p=193386"},"modified":"2026-02-23T11:32:27","modified_gmt":"2026-02-23T10:32:27","slug":"computacion-cuantica-de-la-frontera-cientifica-a-la-ventaja-competitiva","status":"publish","type":"mec-events","link":"https:\/\/eurecat.org\/es\/calendario\/computacion-cuantica-de-la-frontera-cientifica-a-la-ventaja-competitiva\/","title":{"rendered":"Computaci\u00f3n cu\u00e1ntica: de la frontera cient\u00edfica a la ventaja competitiva"},"content":{"rendered":"<div class=\"fusion-fullwidth fullwidth-box fusion-builder-row-1 fusion-flex-container has-pattern-background has-mask-background nonhundred-percent-fullwidth non-hundred-percent-height-scrolling\" style=\"--awb-border-radius-top-left:0px;--awb-border-radius-top-right:0px;--awb-border-radius-bottom-right:0px;--awb-border-radius-bottom-left:0px;--awb-flex-wrap:wrap;\" ><div class=\"fusion-builder-row fusion-row fusion-flex-align-items-flex-start fusion-flex-content-wrap\" style=\"max-width:1424.8px;margin-left: calc(-4% \/ 2 );margin-right: calc(-4% \/ 2 );\"><div class=\"fusion-layout-column fusion_builder_column fusion-builder-column-0 fusion_builder_column_1_1 1_1 fusion-flex-column\" style=\"--awb-bg-size:cover;--awb-width-large:100%;--awb-margin-top-large:0px;--awb-spacing-right-large:1.92%;--awb-margin-bottom-large:20px;--awb-spacing-left-large:1.92%;--awb-width-medium:100%;--awb-order-medium:0;--awb-spacing-right-medium:1.92%;--awb-spacing-left-medium:1.92%;--awb-width-small:100%;--awb-order-small:0;--awb-spacing-right-small:1.92%;--awb-spacing-left-small:1.92%;\"><div class=\"fusion-column-wrapper fusion-column-has-shadow fusion-flex-justify-content-flex-start fusion-content-layout-column\"><div class=\"fusion-text fusion-text-1\"><p>La computaci\u00f3n cu\u00e1ntica est\u00e1 dejando de ser un concepto futurista para convertirse en una tecnolog\u00eda con impacto real en la industria. En esta sesi\u00f3n, organizada por la Comisi\u00f3n de Innovaci\u00f3n e Industria 4.0 del 22@Network Barcelona, tendremos acceso exclusivo al<strong>\u00a0Quantum Lab de Eurecat<\/strong>, donde exploraremos c\u00f3mo esta disciplina se traduce en valor competitivo para las empresas.<\/p>\n<p><strong>Eurecat\u00a0<\/strong>es el centro tecnol\u00f3gico de referencia en Catalu\u00f1a y una de las organizaciones de investigaci\u00f3n aplicada m\u00e1s importantes del sur de Europa. En esta visita veremos de cerca c\u00f3mo Eurecat combina investigaci\u00f3n avanzada, servicios tecnol\u00f3gicos y consultor\u00eda estrat\u00e9gica para afrontar retos complejos de sectores como industria 4.0, sostenibilidad y tecnolog\u00edas emergentes.<\/p>\n<p>El evento estar\u00e1 liderado por\u00a0<strong>Ad\u00e1n Garriga<\/strong>, Director de la l\u00ednea de investigaci\u00f3n en Computaci\u00f3n Cu\u00e1ntica de Eurecat. Con un PhD en F\u00edsica Te\u00f3rica y MBA, Ad\u00e1n trabaja en la aplicaci\u00f3n pr\u00e1ctica de la computaci\u00f3n cu\u00e1ntica para que las empresas identifiquen casos de uso de alto impacto y alineen esta tecnolog\u00eda con sus estrategias.<\/p>\n<p>La sesi\u00f3n ser\u00e1 presentada por<strong>\u00a0\u00c0urea Rodr\u00edguez L\u00f3pez<\/strong>, Directora Corporativa en Eurecat y experta en innovaci\u00f3n tecnol\u00f3gica con m\u00e1s de 20 a\u00f1os de experiencia en liderazgo de proyectos, administraci\u00f3n p\u00fablica y transformaci\u00f3n digital.<\/p>\n<\/div><div class=\"fusion-text fusion-text-2\"><p><strong>Agenda<\/strong><\/p>\n<p><strong>12:00 \u2013 12:15 \u00b7 Bienvenida y presentaci\u00f3n<\/strong><\/p>\n<ul>\n<li>Introducci\u00f3n a la sesi\u00f3n a cargo de\u00a0<strong>Antoni Paz<\/strong>, presidente de la Comisi\u00f3n de Innovaci\u00f3n y director ejecutivo de KIMbcn, y de<strong>\u00a0\u00c0urea Rodr\u00edguez<\/strong>, vicepresidenta de la Comisi\u00f3n de Innovaci\u00f3n y directora corporativa en Eurecat.<\/li>\n<\/ul>\n<p><strong>12:15 \u2013 13:00 \u00b7 Presentaci\u00f3n + Visita guiada al Quantum Lab<\/strong><\/p>\n<ul>\n<li><strong>Ad\u00e1n Garriga,<\/strong>\u00a0Director de la l\u00ednea de investigaci\u00f3n en Computaci\u00f3n Cu\u00e1ntica de Eurecat<\/li>\n<\/ul>\n<p><strong>13:00 \u2013 13:30 \u00b7 Networking &amp; Coffee<\/strong><\/p>\n<\/div><div style=\"text-align:center;\"><a class=\"fusion-button button-flat fusion-button-default-size button-default fusion-button-default button-1 fusion-button-default-span fusion-button-default-type\" target=\"_blank\" rel=\"noopener noreferrer\" href=\"https:\/\/www.22network.net\/eventos\/22comision-de-innovacion-e-industria-40-computacion-cuantica-de-la-frontera-cientifica-a-la-ventaja-competitiva\/registration\"><span class=\"fusion-button-text awb-button__text awb-button__text--default\">Inscr\u00edbete aqu\u00ed<\/span><\/a><\/div><\/div><\/div><\/div><\/div>\n","protected":false},"excerpt":{"rendered":"","protected":false},"author":20,"featured_media":193385,"comment_status":"closed","ping_status":"closed","template":"","tags":[],"mec_category":[986],"class_list":["post-193386","mec-events","type-mec-events","status-publish","has-post-thumbnail","hentry","mec_category-actos-cientificos-tecnologicos"],"yoast_head":"<!-- This site is optimized with the Yoast SEO plugin v27.4 - https:\/\/yoast.com\/product\/yoast-seo-wordpress\/ -->\n<title>Computaci\u00f3n cu\u00e1ntica: de la frontera cient\u00edfica a la ventaja competitiva - Eurecat<\/title>\n<meta name=\"description\" content=\"La computaci\u00f3n cu\u00e1ntica est\u00e1 dejando de ser un concepto futurista para convertirse en una tecnolog\u00eda con impacto real en la industria.\" \/>\n<meta name=\"robots\" content=\"index, follow, max-snippet:-1, max-image-preview:large, max-video-preview:-1\" \/>\n<link rel=\"canonical\" href=\"https:\/\/eurecat.org\/es\/calendario\/computacion-cuantica-de-la-frontera-cientifica-a-la-ventaja-competitiva\/\" \/>\n<meta property=\"og:locale\" content=\"es_ES\" \/>\n<meta property=\"og:type\" content=\"article\" \/>\n<meta property=\"og:title\" content=\"Computaci\u00f3n cu\u00e1ntica: de la frontera cient\u00edfica a la ventaja competitiva - Eurecat\" \/>\n<meta property=\"og:description\" content=\"La computaci\u00f3n cu\u00e1ntica est\u00e1 dejando de ser un concepto futurista para convertirse en una tecnolog\u00eda con impacto real en la industria.\" \/>\n<meta property=\"og:url\" content=\"https:\/\/eurecat.org\/es\/calendario\/computacion-cuantica-de-la-frontera-cientifica-a-la-ventaja-competitiva\/\" \/>\n<meta property=\"og:site_name\" content=\"Eurecat\" \/>\n<meta property=\"article:modified_time\" content=\"2026-02-23T10:32:27+00:00\" \/>\n<meta property=\"og:image\" content=\"https:\/\/eurecat.org\/wp-content\/uploads\/2026\/02\/2026-quantica_web.jpg\" \/>\n\t<meta property=\"og:image:width\" content=\"750\" \/>\n\t<meta property=\"og:image:height\" content=\"400\" \/>\n\t<meta property=\"og:image:type\" content=\"image\/jpeg\" \/>\n<meta name=\"twitter:card\" content=\"summary_large_image\" \/>\n<meta name=\"twitter:label1\" content=\"Tiempo de lectura\" \/>\n\t<meta name=\"twitter:data1\" content=\"2 minutos\" \/>\n<script type=\"application\/ld+json\" class=\"yoast-schema-graph\">{\"@context\":\"https:\\\/\\\/schema.org\",\"@graph\":[{\"@type\":\"WebPage\",\"@id\":\"https:\\\/\\\/eurecat.org\\\/es\\\/calendario\\\/computacion-cuantica-de-la-frontera-cientifica-a-la-ventaja-competitiva\\\/\",\"url\":\"https:\\\/\\\/eurecat.org\\\/es\\\/calendario\\\/computacion-cuantica-de-la-frontera-cientifica-a-la-ventaja-competitiva\\\/\",\"name\":\"Computaci\u00f3n cu\u00e1ntica: de la frontera cient\u00edfica a la ventaja competitiva - Eurecat\",\"isPartOf\":{\"@id\":\"https:\\\/\\\/eurecat.org\\\/es\\\/#website\"},\"primaryImageOfPage\":{\"@id\":\"https:\\\/\\\/eurecat.org\\\/es\\\/calendario\\\/computacion-cuantica-de-la-frontera-cientifica-a-la-ventaja-competitiva\\\/#primaryimage\"},\"image\":{\"@id\":\"https:\\\/\\\/eurecat.org\\\/es\\\/calendario\\\/computacion-cuantica-de-la-frontera-cientifica-a-la-ventaja-competitiva\\\/#primaryimage\"},\"thumbnailUrl\":\"https:\\\/\\\/eurecat.org\\\/wp-content\\\/uploads\\\/2026\\\/02\\\/2026-quantica_web.jpg\",\"datePublished\":\"2026-02-23T10:26:59+00:00\",\"dateModified\":\"2026-02-23T10:32:27+00:00\",\"description\":\"La computaci\u00f3n cu\u00e1ntica est\u00e1 dejando de ser un concepto futurista para convertirse en una tecnolog\u00eda con impacto real en la industria.\",\"breadcrumb\":{\"@id\":\"https:\\\/\\\/eurecat.org\\\/es\\\/calendario\\\/computacion-cuantica-de-la-frontera-cientifica-a-la-ventaja-competitiva\\\/#breadcrumb\"},\"inLanguage\":\"es\",\"potentialAction\":[{\"@type\":\"ReadAction\",\"target\":[\"https:\\\/\\\/eurecat.org\\\/es\\\/calendario\\\/computacion-cuantica-de-la-frontera-cientifica-a-la-ventaja-competitiva\\\/\"]}]},{\"@type\":\"ImageObject\",\"inLanguage\":\"es\",\"@id\":\"https:\\\/\\\/eurecat.org\\\/es\\\/calendario\\\/computacion-cuantica-de-la-frontera-cientifica-a-la-ventaja-competitiva\\\/#primaryimage\",\"url\":\"https:\\\/\\\/eurecat.org\\\/wp-content\\\/uploads\\\/2026\\\/02\\\/2026-quantica_web.jpg\",\"contentUrl\":\"https:\\\/\\\/eurecat.org\\\/wp-content\\\/uploads\\\/2026\\\/02\\\/2026-quantica_web.jpg\",\"width\":750,\"height\":400},{\"@type\":\"BreadcrumbList\",\"@id\":\"https:\\\/\\\/eurecat.org\\\/es\\\/calendario\\\/computacion-cuantica-de-la-frontera-cientifica-a-la-ventaja-competitiva\\\/#breadcrumb\",\"itemListElement\":[{\"@type\":\"ListItem\",\"position\":1,\"name\":\"Inici\",\"item\":\"https:\\\/\\\/eurecat.org\\\/es\\\/\"},{\"@type\":\"ListItem\",\"position\":2,\"name\":\"Eventos\",\"item\":\"https:\\\/\\\/eurecat.org\\\/es\\\/calendario\\\/\"},{\"@type\":\"ListItem\",\"position\":3,\"name\":\"Computaci\u00f3n cu\u00e1ntica: de la frontera cient\u00edfica a la ventaja competitiva\"}]},{\"@type\":\"WebSite\",\"@id\":\"https:\\\/\\\/eurecat.org\\\/es\\\/#website\",\"url\":\"https:\\\/\\\/eurecat.org\\\/es\\\/\",\"name\":\"Eurecat\",\"description\":\"Otro sitio realizado con WordPress\",\"potentialAction\":[{\"@type\":\"SearchAction\",\"target\":{\"@type\":\"EntryPoint\",\"urlTemplate\":\"https:\\\/\\\/eurecat.org\\\/es\\\/?s={search_term_string}\"},\"query-input\":{\"@type\":\"PropertyValueSpecification\",\"valueRequired\":true,\"valueName\":\"search_term_string\"}}],\"inLanguage\":\"es\"}]}<\/script>\n<!-- \/ Yoast SEO plugin. -->","yoast_head_json":{"title":"Computaci\u00f3n cu\u00e1ntica: de la frontera cient\u00edfica a la ventaja competitiva - Eurecat","description":"La computaci\u00f3n cu\u00e1ntica est\u00e1 dejando de ser un concepto futurista para convertirse en una tecnolog\u00eda con impacto real en la industria.","robots":{"index":"index","follow":"follow","max-snippet":"max-snippet:-1","max-image-preview":"max-image-preview:large","max-video-preview":"max-video-preview:-1"},"canonical":"https:\/\/eurecat.org\/es\/calendario\/computacion-cuantica-de-la-frontera-cientifica-a-la-ventaja-competitiva\/","og_locale":"es_ES","og_type":"article","og_title":"Computaci\u00f3n cu\u00e1ntica: de la frontera cient\u00edfica a la ventaja competitiva - Eurecat","og_description":"La computaci\u00f3n cu\u00e1ntica est\u00e1 dejando de ser un concepto futurista para convertirse en una tecnolog\u00eda con impacto real en la industria.","og_url":"https:\/\/eurecat.org\/es\/calendario\/computacion-cuantica-de-la-frontera-cientifica-a-la-ventaja-competitiva\/","og_site_name":"Eurecat","article_modified_time":"2026-02-23T10:32:27+00:00","og_image":[{"width":750,"height":400,"url":"https:\/\/eurecat.org\/wp-content\/uploads\/2026\/02\/2026-quantica_web.jpg","type":"image\/jpeg"}],"twitter_card":"summary_large_image","twitter_misc":{"Tiempo de lectura":"2 minutos"},"schema":{"@context":"https:\/\/schema.org","@graph":[{"@type":"WebPage","@id":"https:\/\/eurecat.org\/es\/calendario\/computacion-cuantica-de-la-frontera-cientifica-a-la-ventaja-competitiva\/","url":"https:\/\/eurecat.org\/es\/calendario\/computacion-cuantica-de-la-frontera-cientifica-a-la-ventaja-competitiva\/","name":"Computaci\u00f3n cu\u00e1ntica: de la frontera cient\u00edfica a la ventaja competitiva - Eurecat","isPartOf":{"@id":"https:\/\/eurecat.org\/es\/#website"},"primaryImageOfPage":{"@id":"https:\/\/eurecat.org\/es\/calendario\/computacion-cuantica-de-la-frontera-cientifica-a-la-ventaja-competitiva\/#primaryimage"},"image":{"@id":"https:\/\/eurecat.org\/es\/calendario\/computacion-cuantica-de-la-frontera-cientifica-a-la-ventaja-competitiva\/#primaryimage"},"thumbnailUrl":"https:\/\/eurecat.org\/wp-content\/uploads\/2026\/02\/2026-quantica_web.jpg","datePublished":"2026-02-23T10:26:59+00:00","dateModified":"2026-02-23T10:32:27+00:00","description":"La computaci\u00f3n cu\u00e1ntica est\u00e1 dejando de ser un concepto futurista para convertirse en una tecnolog\u00eda con impacto real en la industria.","breadcrumb":{"@id":"https:\/\/eurecat.org\/es\/calendario\/computacion-cuantica-de-la-frontera-cientifica-a-la-ventaja-competitiva\/#breadcrumb"},"inLanguage":"es","potentialAction":[{"@type":"ReadAction","target":["https:\/\/eurecat.org\/es\/calendario\/computacion-cuantica-de-la-frontera-cientifica-a-la-ventaja-competitiva\/"]}]},{"@type":"ImageObject","inLanguage":"es","@id":"https:\/\/eurecat.org\/es\/calendario\/computacion-cuantica-de-la-frontera-cientifica-a-la-ventaja-competitiva\/#primaryimage","url":"https:\/\/eurecat.org\/wp-content\/uploads\/2026\/02\/2026-quantica_web.jpg","contentUrl":"https:\/\/eurecat.org\/wp-content\/uploads\/2026\/02\/2026-quantica_web.jpg","width":750,"height":400},{"@type":"BreadcrumbList","@id":"https:\/\/eurecat.org\/es\/calendario\/computacion-cuantica-de-la-frontera-cientifica-a-la-ventaja-competitiva\/#breadcrumb","itemListElement":[{"@type":"ListItem","position":1,"name":"Inici","item":"https:\/\/eurecat.org\/es\/"},{"@type":"ListItem","position":2,"name":"Eventos","item":"https:\/\/eurecat.org\/es\/calendario\/"},{"@type":"ListItem","position":3,"name":"Computaci\u00f3n cu\u00e1ntica: de la frontera cient\u00edfica a la ventaja competitiva"}]},{"@type":"WebSite","@id":"https:\/\/eurecat.org\/es\/#website","url":"https:\/\/eurecat.org\/es\/","name":"Eurecat","description":"Otro sitio realizado con WordPress","potentialAction":[{"@type":"SearchAction","target":{"@type":"EntryPoint","urlTemplate":"https:\/\/eurecat.org\/es\/?s={search_term_string}"},"query-input":{"@type":"PropertyValueSpecification","valueRequired":true,"valueName":"search_term_string"}}],"inLanguage":"es"}]}},"_links":{"self":[{"href":"https:\/\/eurecat.org\/es\/wp-json\/wp\/v2\/mec-events\/193386","targetHints":{"allow":["GET"]}}],"collection":[{"href":"https:\/\/eurecat.org\/es\/wp-json\/wp\/v2\/mec-events"}],"about":[{"href":"https:\/\/eurecat.org\/es\/wp-json\/wp\/v2\/types\/mec-events"}],"author":[{"embeddable":true,"href":"https:\/\/eurecat.org\/es\/wp-json\/wp\/v2\/users\/20"}],"replies":[{"embeddable":true,"href":"https:\/\/eurecat.org\/es\/wp-json\/wp\/v2\/comments?post=193386"}],"wp:featuredmedia":[{"embeddable":true,"href":"https:\/\/eurecat.org\/es\/wp-json\/wp\/v2\/media\/193385"}],"wp:attachment":[{"href":"https:\/\/eurecat.org\/es\/wp-json\/wp\/v2\/media?parent=193386"}],"wp:term":[{"taxonomy":"post_tag","embeddable":true,"href":"https:\/\/eurecat.org\/es\/wp-json\/wp\/v2\/tags?post=193386"},{"taxonomy":"mec_category","embeddable":true,"href":"https:\/\/eurecat.org\/es\/wp-json\/wp\/v2\/mec_category?post=193386"}],"curies":[{"name":"wp","href":"https:\/\/api.w.org\/{rel}","templated":true}]}}