{"id":193824,"date":"2026-03-04T16:13:04","date_gmt":"2026-03-04T15:13:04","guid":{"rendered":"https:\/\/eurecat.org\/?post_type=mec-events&#038;p=193824"},"modified":"2026-03-04T16:24:10","modified_gmt":"2026-03-04T15:24:10","slug":"ehec-2026","status":"publish","type":"mec-events","link":"https:\/\/eurecat.org\/es\/calendario\/ehec-2026\/","title":{"rendered":"EHEC 2026"},"content":{"rendered":"<div class=\"fusion-fullwidth fullwidth-box fusion-builder-row-1 fusion-flex-container has-pattern-background has-mask-background nonhundred-percent-fullwidth non-hundred-percent-height-scrolling\" style=\"--awb-border-radius-top-left:0px;--awb-border-radius-top-right:0px;--awb-border-radius-bottom-right:0px;--awb-border-radius-bottom-left:0px;--awb-flex-wrap:wrap;\" ><div class=\"fusion-builder-row fusion-row fusion-flex-align-items-flex-start fusion-flex-content-wrap\" style=\"max-width:1424.8px;margin-left: calc(-4% \/ 2 );margin-right: calc(-4% \/ 2 );\"><div class=\"fusion-layout-column fusion_builder_column fusion-builder-column-0 fusion_builder_column_1_1 1_1 fusion-flex-column\" style=\"--awb-bg-size:cover;--awb-width-large:100%;--awb-margin-top-large:0px;--awb-spacing-right-large:1.92%;--awb-margin-bottom-large:20px;--awb-spacing-left-large:1.92%;--awb-width-medium:100%;--awb-order-medium:0;--awb-spacing-right-medium:1.92%;--awb-spacing-left-medium:1.92%;--awb-width-small:100%;--awb-order-small:0;--awb-spacing-right-small:1.92%;--awb-spacing-left-small:1.92%;\"><div class=\"fusion-column-wrapper fusion-column-has-shadow fusion-flex-justify-content-flex-start fusion-content-layout-column\"><div class=\"fusion-text fusion-text-1\"><p>Eurecat <strong>participar\u00e1<\/strong> en la feria <strong>European Hydrogen Energy Conference (EHEC 26)<\/strong> <strong>en Sevilla<\/strong>, uno de los principales acontecimientos europeos en hidr\u00f3geno, un \u00e1mbito estrat\u00e9gico para la transici\u00f3n energ\u00e9tica y la descarbonizaci\u00f3n industrial. La conferencia re\u00fane expertos cient\u00edficos, empresas, centros tecnol\u00f3gicos, inversores y decisores pol\u00edticos de todo Europa, y ofrece una gran visibilidad internacional y una plataforma id\u00f3nea para posicionar Eurecat como referente en I+D+i en tecnolog\u00edas de hidr\u00f3geno y energ\u00eda limpia.<\/p>\n<p><strong>La presencia en este evento refuerza el compromiso del centro con la sostenibilidad y la innovaci\u00f3n, y consolida su papel como actor clave dentro del ecosistema europeo del hidr\u00f3geno y las energ\u00edas del futuro.<\/strong><\/p>\n<p>Nos pod\u00e9is encontrar en el <strong>estand 49 en Fibes II<\/strong> \u2013 Congress and Exhibition Centro, <strong>Sevilla<\/strong>.<\/p>\n<p>Destacamos nuestras <strong><b><u>participaciones:<\/u><\/b><\/strong><\/p>\n<ul>\n<li><span lang=\"EN-GB\">11\/03 \u2013 14:50 h.\u00a0<\/span><b><span lang=\"EN-GB\">Carlos Garc\u00eda Bellido \u2013\u00a0<\/span><\/b><em><span lang=\"EN-GB\">\u201c<\/span>Polysulfone-Based Membranes Modified with Ionic Liquids and Silica for Potential Fuel Cell Applications\u201d.<\/em><\/li>\n<li><span lang=\"EN-GB\">11\/03 \u2013 14:50 h.\u00a0<\/span><b><span lang=\"EN-GB\">Lola Fern\u00e1ndez \u2013\u00a0<\/span><\/b><em><span lang=\"EN-GB\">\u201c<\/span>Modular Electrochemical Reactor for CO\u2082 Capture and Conversion\u201d.<\/em><\/li>\n<li><span lang=\"EN-GB\">11\/03 \u2013 15:10 h.\u00a0<\/span><b><span lang=\"EN-GB\">Marina Pedrola Teixell \u2013\u00a0<\/span><\/b><em><span lang=\"EN-GB\">\u201c<\/span>Efficient CO\u2082 Methanation via Ni and Ni\u2013CeO\u2093 Catalysts for Power-to-Gas Applications\u201d.<\/em><\/li>\n<li><span lang=\"EN-GB\">11\/03 \u2013 15:10 h<\/span><span lang=\"EN-GB\">.<\/span><b><span lang=\"EN-GB\">\u00a0Diogo Garc\u00eda \u2013\u00a0<\/span><\/b><em><span lang=\"EN-GB\">\u201c<\/span>Modeling of a Pd-Based Reactor for Enhanced H\u2082 Production via Water Gas Shift and Selective Permeation\u201d.<\/em><\/li>\n<li><span lang=\"EN-GB\">12\/03 \u2013 18:30 h.<\/span><b><span lang=\"EN-GB\">\u00a0Bruno Branco \u2013\u00a0<\/span><\/b><em>\u201cLaser-Induced Graphene: A Scalable 3D Material Advancing Proton Exchange Membrane Water Electrolysis for High-Efficiency Green Hydrogen Generation\u201d.<\/em><\/li>\n<li><span lang=\"EN-GB\">13\/03 \u2013 12:10 h.<\/span><b><span lang=\"EN-GB\">\u00a0Sof\u00eda Luj\u00e1n L\u00f3pez \u2013\u00a0<\/span><\/b><em>\u201cDevelopment of composite PEM through printing methodologies for fuel cell and electrolyser applications\u201d.<\/em><\/li>\n<li><span lang=\"EN-GB\">13\/03 \u2013 12:50 h.\u00a0<\/span><b><span lang=\"EN-GB\">Roger Miro Serra \u2013\u00a0<\/span><\/b><span lang=\"EN-GB\"><em>\u201c<\/em><\/span><em><span lang=\"EN-GB\">Synthesis and Performance of Advanced Nanocatalysts for Green Hydrogen Production in PEM Electrolyzers\u201d.<\/span><\/em><\/li>\n<\/ul>\n<p class=\"x_MsoNormal\"><b><u><span lang=\"EN-GB\">Y nuestros p\u00f3sters:<\/span><\/u><\/b><\/p>\n<p class=\"x_MsoNormal\"><b><span lang=\"EN-GB\">Carme Torres \u2013\u00a0<\/span><\/b><em><span lang=\"EN-GB\">\u201cModeling of a Pd-Based Reactor for Enhanced H\u2082 Production via Water Gas Shift and Selective Permeation\u201d.<br \/>\n<\/span><\/em><b><span lang=\"EN-GB\">Bruno Branco \u2013\u00a0<em>\u201c<\/em><\/span><\/b><em><span lang=\"EN-GB\">Graphene and graphene-related materials as sustainable and cost-effective approaches for green hydrogen production\u201d.<\/span><\/em><\/p>\n<\/div><\/div><\/div><\/div><\/div>\n","protected":false},"excerpt":{"rendered":"","protected":false},"author":20,"featured_media":193821,"comment_status":"closed","ping_status":"closed","template":"","tags":[],"mec_category":[976],"class_list":["post-193824","mec-events","type-mec-events","status-publish","has-post-thumbnail","hentry","mec_category-congresos-organizados-por-eurecat-es"],"yoast_head":"<!-- This site is optimized with the Yoast SEO plugin v27.4 - https:\/\/yoast.com\/product\/yoast-seo-wordpress\/ -->\n<title>EHEC 2026EHEC 2026 - Eurecat<\/title>\n<meta name=\"description\" content=\"Eurecat participar\u00e1 en la feria European Hydrogen Energy Conference en Sevilla, uno de los principales eventos europeos en hidr\u00f3geno, un \u00e1mbito estrat\u00e9gico para la transici\u00f3n energ\u00e9tica y la descarbonizaci\u00f3n industrial\" \/>\n<meta name=\"robots\" content=\"index, follow, max-snippet:-1, max-image-preview:large, max-video-preview:-1\" \/>\n<link rel=\"canonical\" href=\"https:\/\/eurecat.org\/es\/calendario\/ehec-2026\/\" \/>\n<meta property=\"og:locale\" content=\"es_ES\" \/>\n<meta property=\"og:type\" content=\"article\" \/>\n<meta property=\"og:title\" content=\"EHEC 2026EHEC 2026 - Eurecat\" \/>\n<meta property=\"og:description\" content=\"Eurecat participar\u00e1 en la feria European Hydrogen Energy Conference en Sevilla, uno de los principales eventos europeos en hidr\u00f3geno, un \u00e1mbito estrat\u00e9gico para la transici\u00f3n energ\u00e9tica y la descarbonizaci\u00f3n industrial\" \/>\n<meta property=\"og:url\" content=\"https:\/\/eurecat.org\/es\/calendario\/ehec-2026\/\" \/>\n<meta property=\"og:site_name\" content=\"Eurecat\" \/>\n<meta property=\"article:modified_time\" content=\"2026-03-04T15:24:10+00:00\" \/>\n<meta property=\"og:image\" content=\"https:\/\/eurecat.org\/wp-content\/uploads\/2026\/03\/26_EHEC.jpg\" \/>\n\t<meta property=\"og:image:width\" content=\"750\" \/>\n\t<meta property=\"og:image:height\" content=\"400\" \/>\n\t<meta property=\"og:image:type\" content=\"image\/jpeg\" \/>\n<meta name=\"twitter:card\" content=\"summary_large_image\" \/>\n<meta name=\"twitter:label1\" content=\"Tiempo de lectura\" \/>\n\t<meta name=\"twitter:data1\" content=\"2 minutos\" \/>\n<script type=\"application\/ld+json\" class=\"yoast-schema-graph\">{\"@context\":\"https:\\\/\\\/schema.org\",\"@graph\":[{\"@type\":\"WebPage\",\"@id\":\"https:\\\/\\\/eurecat.org\\\/es\\\/calendario\\\/ehec-2026\\\/\",\"url\":\"https:\\\/\\\/eurecat.org\\\/es\\\/calendario\\\/ehec-2026\\\/\",\"name\":\"EHEC 2026EHEC 2026 - Eurecat\",\"isPartOf\":{\"@id\":\"https:\\\/\\\/eurecat.org\\\/es\\\/#website\"},\"primaryImageOfPage\":{\"@id\":\"https:\\\/\\\/eurecat.org\\\/es\\\/calendario\\\/ehec-2026\\\/#primaryimage\"},\"image\":{\"@id\":\"https:\\\/\\\/eurecat.org\\\/es\\\/calendario\\\/ehec-2026\\\/#primaryimage\"},\"thumbnailUrl\":\"https:\\\/\\\/eurecat.org\\\/wp-content\\\/uploads\\\/2026\\\/03\\\/26_EHEC.jpg\",\"datePublished\":\"2026-03-04T15:13:04+00:00\",\"dateModified\":\"2026-03-04T15:24:10+00:00\",\"description\":\"Eurecat participar\u00e1 en la feria European Hydrogen Energy Conference en Sevilla, uno de los principales eventos europeos en hidr\u00f3geno, un \u00e1mbito estrat\u00e9gico para la transici\u00f3n energ\u00e9tica y la descarbonizaci\u00f3n industrial\",\"breadcrumb\":{\"@id\":\"https:\\\/\\\/eurecat.org\\\/es\\\/calendario\\\/ehec-2026\\\/#breadcrumb\"},\"inLanguage\":\"es\",\"potentialAction\":[{\"@type\":\"ReadAction\",\"target\":[\"https:\\\/\\\/eurecat.org\\\/es\\\/calendario\\\/ehec-2026\\\/\"]}]},{\"@type\":\"ImageObject\",\"inLanguage\":\"es\",\"@id\":\"https:\\\/\\\/eurecat.org\\\/es\\\/calendario\\\/ehec-2026\\\/#primaryimage\",\"url\":\"https:\\\/\\\/eurecat.org\\\/wp-content\\\/uploads\\\/2026\\\/03\\\/26_EHEC.jpg\",\"contentUrl\":\"https:\\\/\\\/eurecat.org\\\/wp-content\\\/uploads\\\/2026\\\/03\\\/26_EHEC.jpg\",\"width\":750,\"height\":400},{\"@type\":\"BreadcrumbList\",\"@id\":\"https:\\\/\\\/eurecat.org\\\/es\\\/calendario\\\/ehec-2026\\\/#breadcrumb\",\"itemListElement\":[{\"@type\":\"ListItem\",\"position\":1,\"name\":\"Inici\",\"item\":\"https:\\\/\\\/eurecat.org\\\/es\\\/\"},{\"@type\":\"ListItem\",\"position\":2,\"name\":\"Eventos\",\"item\":\"https:\\\/\\\/eurecat.org\\\/es\\\/calendario\\\/\"},{\"@type\":\"ListItem\",\"position\":3,\"name\":\"EHEC 2026\"}]},{\"@type\":\"WebSite\",\"@id\":\"https:\\\/\\\/eurecat.org\\\/es\\\/#website\",\"url\":\"https:\\\/\\\/eurecat.org\\\/es\\\/\",\"name\":\"Eurecat\",\"description\":\"Otro sitio realizado con WordPress\",\"potentialAction\":[{\"@type\":\"SearchAction\",\"target\":{\"@type\":\"EntryPoint\",\"urlTemplate\":\"https:\\\/\\\/eurecat.org\\\/es\\\/?s={search_term_string}\"},\"query-input\":{\"@type\":\"PropertyValueSpecification\",\"valueRequired\":true,\"valueName\":\"search_term_string\"}}],\"inLanguage\":\"es\"}]}<\/script>\n<!-- \/ Yoast SEO plugin. -->","yoast_head_json":{"title":"EHEC 2026EHEC 2026 - Eurecat","description":"Eurecat participar\u00e1 en la feria European Hydrogen Energy Conference en Sevilla, uno de los principales eventos europeos en hidr\u00f3geno, un \u00e1mbito estrat\u00e9gico para la transici\u00f3n energ\u00e9tica y la descarbonizaci\u00f3n industrial","robots":{"index":"index","follow":"follow","max-snippet":"max-snippet:-1","max-image-preview":"max-image-preview:large","max-video-preview":"max-video-preview:-1"},"canonical":"https:\/\/eurecat.org\/es\/calendario\/ehec-2026\/","og_locale":"es_ES","og_type":"article","og_title":"EHEC 2026EHEC 2026 - Eurecat","og_description":"Eurecat participar\u00e1 en la feria European Hydrogen Energy Conference en Sevilla, uno de los principales eventos europeos en hidr\u00f3geno, un \u00e1mbito estrat\u00e9gico para la transici\u00f3n energ\u00e9tica y la descarbonizaci\u00f3n industrial","og_url":"https:\/\/eurecat.org\/es\/calendario\/ehec-2026\/","og_site_name":"Eurecat","article_modified_time":"2026-03-04T15:24:10+00:00","og_image":[{"width":750,"height":400,"url":"https:\/\/eurecat.org\/wp-content\/uploads\/2026\/03\/26_EHEC.jpg","type":"image\/jpeg"}],"twitter_card":"summary_large_image","twitter_misc":{"Tiempo de lectura":"2 minutos"},"schema":{"@context":"https:\/\/schema.org","@graph":[{"@type":"WebPage","@id":"https:\/\/eurecat.org\/es\/calendario\/ehec-2026\/","url":"https:\/\/eurecat.org\/es\/calendario\/ehec-2026\/","name":"EHEC 2026EHEC 2026 - Eurecat","isPartOf":{"@id":"https:\/\/eurecat.org\/es\/#website"},"primaryImageOfPage":{"@id":"https:\/\/eurecat.org\/es\/calendario\/ehec-2026\/#primaryimage"},"image":{"@id":"https:\/\/eurecat.org\/es\/calendario\/ehec-2026\/#primaryimage"},"thumbnailUrl":"https:\/\/eurecat.org\/wp-content\/uploads\/2026\/03\/26_EHEC.jpg","datePublished":"2026-03-04T15:13:04+00:00","dateModified":"2026-03-04T15:24:10+00:00","description":"Eurecat participar\u00e1 en la feria European Hydrogen Energy Conference en Sevilla, uno de los principales eventos europeos en hidr\u00f3geno, un \u00e1mbito estrat\u00e9gico para la transici\u00f3n energ\u00e9tica y la descarbonizaci\u00f3n industrial","breadcrumb":{"@id":"https:\/\/eurecat.org\/es\/calendario\/ehec-2026\/#breadcrumb"},"inLanguage":"es","potentialAction":[{"@type":"ReadAction","target":["https:\/\/eurecat.org\/es\/calendario\/ehec-2026\/"]}]},{"@type":"ImageObject","inLanguage":"es","@id":"https:\/\/eurecat.org\/es\/calendario\/ehec-2026\/#primaryimage","url":"https:\/\/eurecat.org\/wp-content\/uploads\/2026\/03\/26_EHEC.jpg","contentUrl":"https:\/\/eurecat.org\/wp-content\/uploads\/2026\/03\/26_EHEC.jpg","width":750,"height":400},{"@type":"BreadcrumbList","@id":"https:\/\/eurecat.org\/es\/calendario\/ehec-2026\/#breadcrumb","itemListElement":[{"@type":"ListItem","position":1,"name":"Inici","item":"https:\/\/eurecat.org\/es\/"},{"@type":"ListItem","position":2,"name":"Eventos","item":"https:\/\/eurecat.org\/es\/calendario\/"},{"@type":"ListItem","position":3,"name":"EHEC 2026"}]},{"@type":"WebSite","@id":"https:\/\/eurecat.org\/es\/#website","url":"https:\/\/eurecat.org\/es\/","name":"Eurecat","description":"Otro sitio realizado con WordPress","potentialAction":[{"@type":"SearchAction","target":{"@type":"EntryPoint","urlTemplate":"https:\/\/eurecat.org\/es\/?s={search_term_string}"},"query-input":{"@type":"PropertyValueSpecification","valueRequired":true,"valueName":"search_term_string"}}],"inLanguage":"es"}]}},"_links":{"self":[{"href":"https:\/\/eurecat.org\/es\/wp-json\/wp\/v2\/mec-events\/193824","targetHints":{"allow":["GET"]}}],"collection":[{"href":"https:\/\/eurecat.org\/es\/wp-json\/wp\/v2\/mec-events"}],"about":[{"href":"https:\/\/eurecat.org\/es\/wp-json\/wp\/v2\/types\/mec-events"}],"author":[{"embeddable":true,"href":"https:\/\/eurecat.org\/es\/wp-json\/wp\/v2\/users\/20"}],"replies":[{"embeddable":true,"href":"https:\/\/eurecat.org\/es\/wp-json\/wp\/v2\/comments?post=193824"}],"wp:featuredmedia":[{"embeddable":true,"href":"https:\/\/eurecat.org\/es\/wp-json\/wp\/v2\/media\/193821"}],"wp:attachment":[{"href":"https:\/\/eurecat.org\/es\/wp-json\/wp\/v2\/media?parent=193824"}],"wp:term":[{"taxonomy":"post_tag","embeddable":true,"href":"https:\/\/eurecat.org\/es\/wp-json\/wp\/v2\/tags?post=193824"},{"taxonomy":"mec_category","embeddable":true,"href":"https:\/\/eurecat.org\/es\/wp-json\/wp\/v2\/mec_category?post=193824"}],"curies":[{"name":"wp","href":"https:\/\/api.w.org\/{rel}","templated":true}]}}