{"id":193955,"date":"2026-03-06T12:29:03","date_gmt":"2026-03-06T11:29:03","guid":{"rendered":"https:\/\/eurecat.org\/?post_type=mec-events&#038;p=193955"},"modified":"2026-03-19T09:40:56","modified_gmt":"2026-03-19T08:40:56","slug":"alimentaria-2026","status":"publish","type":"mec-events","link":"https:\/\/eurecat.org\/es\/calendario\/alimentaria-2026\/","title":{"rendered":"Alimentaria 2026"},"content":{"rendered":"<div class=\"fusion-fullwidth fullwidth-box fusion-builder-row-1 fusion-flex-container has-pattern-background has-mask-background nonhundred-percent-fullwidth non-hundred-percent-height-scrolling\" style=\"--awb-border-radius-top-left:0px;--awb-border-radius-top-right:0px;--awb-border-radius-bottom-right:0px;--awb-border-radius-bottom-left:0px;--awb-flex-wrap:wrap;\" ><div class=\"fusion-builder-row fusion-row fusion-flex-align-items-flex-start fusion-flex-content-wrap\" style=\"max-width:1424.8px;margin-left: calc(-4% \/ 2 );margin-right: calc(-4% \/ 2 );\"><div class=\"fusion-layout-column fusion_builder_column fusion-builder-column-0 fusion_builder_column_1_1 1_1 fusion-flex-column\" style=\"--awb-bg-size:cover;--awb-width-large:100%;--awb-margin-top-large:0px;--awb-spacing-right-large:1.92%;--awb-margin-bottom-large:20px;--awb-spacing-left-large:1.92%;--awb-width-medium:100%;--awb-order-medium:0;--awb-spacing-right-medium:1.92%;--awb-spacing-left-medium:1.92%;--awb-width-small:100%;--awb-order-small:0;--awb-spacing-right-small:1.92%;--awb-spacing-left-small:1.92%;\"><div class=\"fusion-column-wrapper fusion-column-has-shadow fusion-flex-justify-content-flex-start fusion-content-layout-column\"><div class=\"fusion-text fusion-text-1\"><p><strong>Eurecat participar\u00e1 en la feria Alimentaria<\/strong>, que este a\u00f1o cumple su 50 aniversario, y que tendr\u00e1 lugar <strong>del 23 al 26 de marzo en Fira de Barcelona<\/strong>, Gran Via.<\/p>\n<p>Eurecat estar\u00e1 presente para mostrar todo el potencial como aliados estrat\u00e9gicos de las empresas de estos sectores que quieran innovar, sea para incorporar o producir de forma m\u00e1s sostenible, incorporar la IA o la rob\u00f3tica, innovar en packaging o para potenciar el uso de nuevos ingredientes o la alimentaci\u00f3n personalizada.<\/p>\n<p>En nuestro estand podr\u00e1s ver varios demostradores de estas tecnolog\u00edas:<\/p>\n<ul>\n<li>Remediaci\u00f3n de suelos con ciencias \u00f3micas<\/li>\n<li>Fermented ingredients<\/li>\n<li>Packaging con soluciones textiles sostenibles<\/li>\n<li>Innovaci\u00f3n en prote\u00edna alternativa centrada en el estudio nutricional y funcional de estos nuevos ingredientes en interacci\u00f3n con la microbiota intestinal<\/li>\n<li>RecyClass<\/li>\n<li>IAA\/AAI para la optimizaci\u00f3n de procesos<\/li>\n<\/ul>\n<p><strong>Ven a visitarnos a nuestro estand:\u00a0<a href=\"https:\/\/protect.checkpoint.com\/v2\/r02\/___https:\/\/www.linkedin.com\/company\/eurecat\/___.YzJlOmV1cmVjYXR0ZWNobm9sb2d5Y2VudHJlb2ZjYXRhbG9uaWE6YzpvOmUzMTNiMTdjMzA2NjdkODQwYWNiN2NmMGM4ODQ3MjRhOjc6MTk4Nzo2OGQ5ODY5YmI1Yjk3NGE1ZDNhOWY2ZWUyYTM2ZTY3OGMwNWVjZDhhNmQwYzliZjUxZDYxYTM5OTBiODhkMGYwOmg6VDpG\" target=\"_blank\" rel=\"noopener\">Eurecat\u00a0\u2013 Centro Tecnol\u00f3gico<\/a><\/strong>, The Alimentaria Hub, Gran Via, <strong>Pabell\u00f3n 5, Nivel 0, Calle D, Estand 4.<\/strong><\/p>\n<p class=\"x_MsoNormal\"><span lang=\"CA\"><span data-olk-copy-source=\"MessageBody\">Tambi\u00e9n estaremos en el programa oficial con <strong>diversas intervenciones de expertos de Eurecat<\/strong>:<\/span><\/span><\/p>\n<ul>\n<li>Conferencia <strong>ALIBER<\/strong>\u00a0<em><strong>\u201cAlimentaci\u00f3n 2026 y m\u00e1s all\u00e1\u201d<\/strong><\/em> Ponente:\u00a0<a href=\"https:\/\/www.linkedin.com\/in\/ignasi-papell-garcia-77986117\/\" target=\"_blank\" rel=\"noopener\"><strong>Ignasi Papell<\/strong><\/a><br \/>\n23 de marzo | 11:00 h en el Auditorio \u2013 The Alimentaria Hub<\/li>\n<li>Conferencia <strong>ALIBER <\/strong><em><strong>\u00abT\u00e9cnicas Biotecnol\u00f3gicas para la innovaci\u00f3n alimentaria\u00bb<\/strong><\/em> Ponente: <a href=\"https:\/\/www.linkedin.com\/in\/cesc-puiggros\/\" target=\"_blank\" rel=\"noopener\"><strong>Francesc Puiggr\u00f3s<\/strong><\/a><br \/>\n23 de marzo | 16:00 h en el Auditorio \u2013 The Alimentaria Hub<\/li>\n<li>Conferencia <strong>ALIBER<\/strong> <em><strong>\u00abEurecat LATAM: Proyectos innovadores Punteros desde Chile\u00bb<\/strong><\/em> Ponente: <a href=\"https:\/\/www.linkedin.com\/in\/javierasarmientom\/\" target=\"_blank\" rel=\"noopener\"><strong>Javiera Francisca Sarmiento<\/strong><\/a><br \/>\n24 de marzo | 11:00 h a Auditorio \u2013 The Alimentaria Hub<\/li>\n<li>Conferencia: <strong><em>\u201cInnovar en Brain Health con ciencia para nuevas soluciones alimentarias\u201d<\/em>\u00a0<\/strong>Ponente: <strong><a id=\"OWAba93d1dc-77a2-d46e-a41b-856b91fd66a7\" class=\"x_x_x_x_ember-view x_x_x_x_OWAAutoLink\" title=\"https:\/\/protect.checkpoint.com\/v2\/r02\/___https:\/\/www.linkedin.com\/in\/katherine-gil-phd-2709b473\/___.YzJlOmV1cmVjYXR0ZWNobm9sb2d5Y2VudHJlb2ZjYXRhbG9uaWE6YzpvOmUzMTNiMTdjMzA2NjdkODQwYWNiN2NmMGM4ODQ3MjRhOjc6ZGUxZjozYzgyZGRlZDgxZmYyYjQyMTYwNzM4ZTVjZDY0Mzc4NzM4YTk0MTIyZjZhM2FhOGE1MDg5ZDA3MTFlNDk4MmY1Omg6VDpG\" href=\"https:\/\/protect.checkpoint.com\/v2\/r02\/___https:\/\/www.linkedin.com\/in\/katherine-gil-phd-2709b473\/___.YzJlOmV1cmVjYXR0ZWNobm9sb2d5Y2VudHJlb2ZjYXRhbG9uaWE6YzpvOmUzMTNiMTdjMzA2NjdkODQwYWNiN2NmMGM4ODQ3MjRhOjc6ZGUxZjozYzgyZGRlZDgxZmYyYjQyMTYwNzM4ZTVjZDY0Mzc4NzM4YTk0MTIyZjZhM2FhOGE1MDg5ZDA3MTFlNDk4MmY1Omg6VDpG\" target=\"_blank\" rel=\"noopener noreferrer\" data-auth=\"NotApplicable\" data-linkindex=\"1\">Katherine Gil, PhD<\/a><\/strong><br \/>\n24 de marzo | 16:00 h en la Sala INNOVAL by CaixaBank \u2013 The Alimentaria Hub<\/li>\n<li>Conferencia: <em><strong>\u201cIA en la industria alimentaria: de la receta a la producci\u00f3n\u201d<\/strong>\u00a0<\/em>Ponentes: <strong><a id=\"OWAc3f638fe-a59f-8285-dca7-3d20b1f0a1e7\" class=\"x_x_x_x_ember-view x_x_x_x_OWAAutoLink\" title=\"https:\/\/protect.checkpoint.com\/v2\/r02\/___https:\/\/www.linkedin.com\/in\/pol-torres-alvarez\/___.YzJlOmV1cmVjYXR0ZWNobm9sb2d5Y2VudHJlb2ZjYXRhbG9uaWE6YzpvOmUzMTNiMTdjMzA2NjdkODQwYWNiN2NmMGM4ODQ3MjRhOjc6NGI2MzoxOGE2NjE0Yzk2OTM3YjM3ODgyM2U4MDBiNzIzOTI3ZjFjMjM2OWJmYzE0MmQwZGEwOTNlMTc3OTQwNjcxY2NkOmg6VDpG\" href=\"https:\/\/protect.checkpoint.com\/v2\/r02\/___https:\/\/www.linkedin.com\/in\/pol-torres-alvarez\/___.YzJlOmV1cmVjYXR0ZWNobm9sb2d5Y2VudHJlb2ZjYXRhbG9uaWE6YzpvOmUzMTNiMTdjMzA2NjdkODQwYWNiN2NmMGM4ODQ3MjRhOjc6NGI2MzoxOGE2NjE0Yzk2OTM3YjM3ODgyM2U4MDBiNzIzOTI3ZjFjMjM2OWJmYzE0MmQwZGEwOTNlMTc3OTQwNjcxY2NkOmg6VDpG\" target=\"_blank\" rel=\"noopener noreferrer\" data-auth=\"NotApplicable\" data-linkindex=\"2\">Pol Torres<\/a>,\u00a0<a id=\"OWA1d6987be-56dc-5271-8a11-8f3761d2d0ad\" class=\"x_x_x_x_ember-view x_x_x_x_OWAAutoLink\" title=\"https:\/\/protect.checkpoint.com\/v2\/r02\/___https:\/\/www.linkedin.com\/in\/frederic-clarens-79226b67\/___.YzJlOmV1cmVjYXR0ZWNobm9sb2d5Y2VudHJlb2ZjYXRhbG9uaWE6YzpvOmUzMTNiMTdjMzA2NjdkODQwYWNiN2NmMGM4ODQ3MjRhOjc6ZDI3MDo0NTVmNmNiNzU4MjhkNDJkNGZjMTJhMWYzOTRjYzhhNTQzYmUyNjk5OWI3NzMyYmE4NGE2ODJlMDM1MmNmNzc2Omg6VDpG\" href=\"https:\/\/protect.checkpoint.com\/v2\/r02\/___https:\/\/www.linkedin.com\/in\/frederic-clarens-79226b67\/___.YzJlOmV1cmVjYXR0ZWNobm9sb2d5Y2VudHJlb2ZjYXRhbG9uaWE6YzpvOmUzMTNiMTdjMzA2NjdkODQwYWNiN2NmMGM4ODQ3MjRhOjc6ZDI3MDo0NTVmNmNiNzU4MjhkNDJkNGZjMTJhMWYzOTRjYzhhNTQzYmUyNjk5OWI3NzMyYmE4NGE2ODJlMDM1MmNmNzc2Omg6VDpG\" target=\"_blank\" rel=\"noopener noreferrer\" data-auth=\"NotApplicable\" data-linkindex=\"3\">Frederic Clarens<\/a>,\u00a0<a id=\"OWAff8dbea4-db76-910f-ea36-d90436ae8484\" class=\"x_x_x_x_ember-view x_x_x_x_OWAAutoLink\" title=\"https:\/\/protect.checkpoint.com\/v2\/r02\/___https:\/\/www.linkedin.com\/in\/helena-torrell-galceran-99721451\/___.YzJlOmV1cmVjYXR0ZWNobm9sb2d5Y2VudHJlb2ZjYXRhbG9uaWE6YzpvOmUzMTNiMTdjMzA2NjdkODQwYWNiN2NmMGM4ODQ3MjRhOjc6YWEyNDphMGMxZDBlMmU2MjA5MzlmYTZjNGY4NTZkNzYxYjMyNDRjNzgwNTBhZTRlNjY1MTMzNDgwMWE2OTZmZDE0YzdiOmg6VDpG\" href=\"https:\/\/protect.checkpoint.com\/v2\/r02\/___https:\/\/www.linkedin.com\/in\/helena-torrell-galceran-99721451\/___.YzJlOmV1cmVjYXR0ZWNobm9sb2d5Y2VudHJlb2ZjYXRhbG9uaWE6YzpvOmUzMTNiMTdjMzA2NjdkODQwYWNiN2NmMGM4ODQ3MjRhOjc6YWEyNDphMGMxZDBlMmU2MjA5MzlmYTZjNGY4NTZkNzYxYjMyNDRjNzgwNTBhZTRlNjY1MTMzNDgwMWE2OTZmZDE0YzdiOmg6VDpG\" target=\"_blank\" rel=\"noopener noreferrer\" data-auth=\"NotApplicable\" data-linkindex=\"4\">Helena Torrell Galceran<\/a><\/strong><br \/>\n25 de marzo | 10:30 h en la Sala INNOVAL by CaixaBank \u2013 The Alimentaria Hub<\/li>\n<li>Conferencia: <em><strong>\u201cInnovaci\u00f3n, sostenibilidad y resiliencia en los sistemas alimentarios\u00bb<\/strong>\u00a0<\/em>Ponente: <a href=\"https:\/\/www.linkedin.com\/in\/lorena-calder%C3%B3n-p%C3%A9rez-a02b8a276\/\" target=\"_blank\" rel=\"noopener\"><strong>Lorena Calder\u00f3n<\/strong><\/a><br \/>\n25 de marzo | 16:45 h en la Sala 1.2. &#8211; \u00c1rea CC1 \u2013 The Alimentaria Hub<\/li>\n<\/ul>\n<p>Finalmente, el d\u00eda <strong>26 de marzo<\/strong> tambi\u00e9n tendr\u00e1s la oportunidad de realizar una <strong>visita guiada, <span data-olk-copy-source=\"MessageBody\">por Ignasi Papell y Anna Mas,<\/span> al centro de Eurecat en Reus<\/strong> de la mano de ALIBER.<\/p>\n<\/div><\/div><\/div><\/div><\/div>\n","protected":false},"excerpt":{"rendered":"","protected":false},"author":20,"featured_media":193954,"comment_status":"closed","ping_status":"closed","template":"","tags":[],"mec_category":[867],"class_list":["post-193955","mec-events","type-mec-events","status-publish","has-post-thumbnail","hentry","mec_category-fires-que-comptem-amb-la-particio-deurecat"],"yoast_head":"<!-- This site is optimized with the Yoast SEO plugin v27.5 - https:\/\/yoast.com\/product\/yoast-seo-wordpress\/ -->\n<title>Alimentaria 2026Alimentaria 2026 - Eurecat<\/title>\n<meta name=\"description\" content=\"Eurecat participar\u00e1 en la feria Alimentaria, que este a\u00f1o cumple su 50 aniversario, y que tendr\u00e1 lugar del 23 al 26 de marzo en Fira de Barcelona, Gran Via\" \/>\n<meta name=\"robots\" content=\"index, follow, max-snippet:-1, max-image-preview:large, max-video-preview:-1\" \/>\n<link rel=\"canonical\" href=\"https:\/\/eurecat.org\/es\/calendario\/alimentaria-2026\/\" \/>\n<meta property=\"og:locale\" content=\"es_ES\" \/>\n<meta property=\"og:type\" content=\"article\" \/>\n<meta property=\"og:title\" content=\"Alimentaria 2026Alimentaria 2026 - Eurecat\" \/>\n<meta property=\"og:description\" content=\"Eurecat participar\u00e1 en la feria Alimentaria, que este a\u00f1o cumple su 50 aniversario, y que tendr\u00e1 lugar del 23 al 26 de marzo en Fira de Barcelona, Gran Via\" \/>\n<meta property=\"og:url\" content=\"https:\/\/eurecat.org\/es\/calendario\/alimentaria-2026\/\" \/>\n<meta property=\"og:site_name\" content=\"Eurecat\" \/>\n<meta property=\"article:modified_time\" content=\"2026-03-19T08:40:56+00:00\" \/>\n<meta property=\"og:image\" content=\"https:\/\/eurecat.org\/wp-content\/uploads\/2026\/03\/26_alimentaria.jpg\" \/>\n\t<meta property=\"og:image:width\" content=\"750\" \/>\n\t<meta property=\"og:image:height\" content=\"400\" \/>\n\t<meta property=\"og:image:type\" content=\"image\/jpeg\" \/>\n<meta name=\"twitter:card\" content=\"summary_large_image\" \/>\n<meta name=\"twitter:label1\" content=\"Tiempo de lectura\" \/>\n\t<meta name=\"twitter:data1\" content=\"3 minutos\" \/>\n<script type=\"application\/ld+json\" class=\"yoast-schema-graph\">{\"@context\":\"https:\\\/\\\/schema.org\",\"@graph\":[{\"@type\":\"WebPage\",\"@id\":\"https:\\\/\\\/eurecat.org\\\/es\\\/calendario\\\/alimentaria-2026\\\/\",\"url\":\"https:\\\/\\\/eurecat.org\\\/es\\\/calendario\\\/alimentaria-2026\\\/\",\"name\":\"Alimentaria 2026Alimentaria 2026 - Eurecat\",\"isPartOf\":{\"@id\":\"https:\\\/\\\/eurecat.org\\\/es\\\/#website\"},\"primaryImageOfPage\":{\"@id\":\"https:\\\/\\\/eurecat.org\\\/es\\\/calendario\\\/alimentaria-2026\\\/#primaryimage\"},\"image\":{\"@id\":\"https:\\\/\\\/eurecat.org\\\/es\\\/calendario\\\/alimentaria-2026\\\/#primaryimage\"},\"thumbnailUrl\":\"https:\\\/\\\/eurecat.org\\\/wp-content\\\/uploads\\\/2026\\\/03\\\/26_alimentaria.jpg\",\"datePublished\":\"2026-03-06T11:29:03+00:00\",\"dateModified\":\"2026-03-19T08:40:56+00:00\",\"description\":\"Eurecat participar\u00e1 en la feria Alimentaria, que este a\u00f1o cumple su 50 aniversario, y que tendr\u00e1 lugar del 23 al 26 de marzo en Fira de Barcelona, Gran Via\",\"breadcrumb\":{\"@id\":\"https:\\\/\\\/eurecat.org\\\/es\\\/calendario\\\/alimentaria-2026\\\/#breadcrumb\"},\"inLanguage\":\"es\",\"potentialAction\":[{\"@type\":\"ReadAction\",\"target\":[\"https:\\\/\\\/eurecat.org\\\/es\\\/calendario\\\/alimentaria-2026\\\/\"]}]},{\"@type\":\"ImageObject\",\"inLanguage\":\"es\",\"@id\":\"https:\\\/\\\/eurecat.org\\\/es\\\/calendario\\\/alimentaria-2026\\\/#primaryimage\",\"url\":\"https:\\\/\\\/eurecat.org\\\/wp-content\\\/uploads\\\/2026\\\/03\\\/26_alimentaria.jpg\",\"contentUrl\":\"https:\\\/\\\/eurecat.org\\\/wp-content\\\/uploads\\\/2026\\\/03\\\/26_alimentaria.jpg\",\"width\":750,\"height\":400},{\"@type\":\"BreadcrumbList\",\"@id\":\"https:\\\/\\\/eurecat.org\\\/es\\\/calendario\\\/alimentaria-2026\\\/#breadcrumb\",\"itemListElement\":[{\"@type\":\"ListItem\",\"position\":1,\"name\":\"Inici\",\"item\":\"https:\\\/\\\/eurecat.org\\\/es\\\/\"},{\"@type\":\"ListItem\",\"position\":2,\"name\":\"Eventos\",\"item\":\"https:\\\/\\\/eurecat.org\\\/es\\\/calendario\\\/\"},{\"@type\":\"ListItem\",\"position\":3,\"name\":\"Alimentaria 2026\"}]},{\"@type\":\"WebSite\",\"@id\":\"https:\\\/\\\/eurecat.org\\\/es\\\/#website\",\"url\":\"https:\\\/\\\/eurecat.org\\\/es\\\/\",\"name\":\"Eurecat\",\"description\":\"Otro sitio realizado con WordPress\",\"potentialAction\":[{\"@type\":\"SearchAction\",\"target\":{\"@type\":\"EntryPoint\",\"urlTemplate\":\"https:\\\/\\\/eurecat.org\\\/es\\\/?s={search_term_string}\"},\"query-input\":{\"@type\":\"PropertyValueSpecification\",\"valueRequired\":true,\"valueName\":\"search_term_string\"}}],\"inLanguage\":\"es\"}]}<\/script>\n<!-- \/ Yoast SEO plugin. -->","yoast_head_json":{"title":"Alimentaria 2026Alimentaria 2026 - Eurecat","description":"Eurecat participar\u00e1 en la feria Alimentaria, que este a\u00f1o cumple su 50 aniversario, y que tendr\u00e1 lugar del 23 al 26 de marzo en Fira de Barcelona, Gran Via","robots":{"index":"index","follow":"follow","max-snippet":"max-snippet:-1","max-image-preview":"max-image-preview:large","max-video-preview":"max-video-preview:-1"},"canonical":"https:\/\/eurecat.org\/es\/calendario\/alimentaria-2026\/","og_locale":"es_ES","og_type":"article","og_title":"Alimentaria 2026Alimentaria 2026 - Eurecat","og_description":"Eurecat participar\u00e1 en la feria Alimentaria, que este a\u00f1o cumple su 50 aniversario, y que tendr\u00e1 lugar del 23 al 26 de marzo en Fira de Barcelona, Gran Via","og_url":"https:\/\/eurecat.org\/es\/calendario\/alimentaria-2026\/","og_site_name":"Eurecat","article_modified_time":"2026-03-19T08:40:56+00:00","og_image":[{"width":750,"height":400,"url":"https:\/\/eurecat.org\/wp-content\/uploads\/2026\/03\/26_alimentaria.jpg","type":"image\/jpeg"}],"twitter_card":"summary_large_image","twitter_misc":{"Tiempo de lectura":"3 minutos"},"schema":{"@context":"https:\/\/schema.org","@graph":[{"@type":"WebPage","@id":"https:\/\/eurecat.org\/es\/calendario\/alimentaria-2026\/","url":"https:\/\/eurecat.org\/es\/calendario\/alimentaria-2026\/","name":"Alimentaria 2026Alimentaria 2026 - Eurecat","isPartOf":{"@id":"https:\/\/eurecat.org\/es\/#website"},"primaryImageOfPage":{"@id":"https:\/\/eurecat.org\/es\/calendario\/alimentaria-2026\/#primaryimage"},"image":{"@id":"https:\/\/eurecat.org\/es\/calendario\/alimentaria-2026\/#primaryimage"},"thumbnailUrl":"https:\/\/eurecat.org\/wp-content\/uploads\/2026\/03\/26_alimentaria.jpg","datePublished":"2026-03-06T11:29:03+00:00","dateModified":"2026-03-19T08:40:56+00:00","description":"Eurecat participar\u00e1 en la feria Alimentaria, que este a\u00f1o cumple su 50 aniversario, y que tendr\u00e1 lugar del 23 al 26 de marzo en Fira de Barcelona, Gran Via","breadcrumb":{"@id":"https:\/\/eurecat.org\/es\/calendario\/alimentaria-2026\/#breadcrumb"},"inLanguage":"es","potentialAction":[{"@type":"ReadAction","target":["https:\/\/eurecat.org\/es\/calendario\/alimentaria-2026\/"]}]},{"@type":"ImageObject","inLanguage":"es","@id":"https:\/\/eurecat.org\/es\/calendario\/alimentaria-2026\/#primaryimage","url":"https:\/\/eurecat.org\/wp-content\/uploads\/2026\/03\/26_alimentaria.jpg","contentUrl":"https:\/\/eurecat.org\/wp-content\/uploads\/2026\/03\/26_alimentaria.jpg","width":750,"height":400},{"@type":"BreadcrumbList","@id":"https:\/\/eurecat.org\/es\/calendario\/alimentaria-2026\/#breadcrumb","itemListElement":[{"@type":"ListItem","position":1,"name":"Inici","item":"https:\/\/eurecat.org\/es\/"},{"@type":"ListItem","position":2,"name":"Eventos","item":"https:\/\/eurecat.org\/es\/calendario\/"},{"@type":"ListItem","position":3,"name":"Alimentaria 2026"}]},{"@type":"WebSite","@id":"https:\/\/eurecat.org\/es\/#website","url":"https:\/\/eurecat.org\/es\/","name":"Eurecat","description":"Otro sitio realizado con WordPress","potentialAction":[{"@type":"SearchAction","target":{"@type":"EntryPoint","urlTemplate":"https:\/\/eurecat.org\/es\/?s={search_term_string}"},"query-input":{"@type":"PropertyValueSpecification","valueRequired":true,"valueName":"search_term_string"}}],"inLanguage":"es"}]}},"_links":{"self":[{"href":"https:\/\/eurecat.org\/es\/wp-json\/wp\/v2\/mec-events\/193955","targetHints":{"allow":["GET"]}}],"collection":[{"href":"https:\/\/eurecat.org\/es\/wp-json\/wp\/v2\/mec-events"}],"about":[{"href":"https:\/\/eurecat.org\/es\/wp-json\/wp\/v2\/types\/mec-events"}],"author":[{"embeddable":true,"href":"https:\/\/eurecat.org\/es\/wp-json\/wp\/v2\/users\/20"}],"replies":[{"embeddable":true,"href":"https:\/\/eurecat.org\/es\/wp-json\/wp\/v2\/comments?post=193955"}],"wp:featuredmedia":[{"embeddable":true,"href":"https:\/\/eurecat.org\/es\/wp-json\/wp\/v2\/media\/193954"}],"wp:attachment":[{"href":"https:\/\/eurecat.org\/es\/wp-json\/wp\/v2\/media?parent=193955"}],"wp:term":[{"taxonomy":"post_tag","embeddable":true,"href":"https:\/\/eurecat.org\/es\/wp-json\/wp\/v2\/tags?post=193955"},{"taxonomy":"mec_category","embeddable":true,"href":"https:\/\/eurecat.org\/es\/wp-json\/wp\/v2\/mec_category?post=193955"}],"curies":[{"name":"wp","href":"https:\/\/api.w.org\/{rel}","templated":true}]}}