{"id":194755,"date":"2026-03-25T15:59:27","date_gmt":"2026-03-25T14:59:27","guid":{"rendered":"https:\/\/eurecat.org\/?post_type=mec-events&#038;p=194755"},"modified":"2026-03-25T16:35:55","modified_gmt":"2026-03-25T15:35:55","slug":"innovation-factory-01-como-viviremos-la-salud-del-futuro-como-personas-y-pacientes","status":"publish","type":"mec-events","link":"https:\/\/eurecat.org\/es\/calendario\/innovation-factory-01-como-viviremos-la-salud-del-futuro-como-personas-y-pacientes\/","title":{"rendered":"Innovation Factory #01 &#8211; \u00bfC\u00f3mo viviremos la salud del futuro como personas y pacientes?"},"content":{"rendered":"<div class=\"fusion-fullwidth fullwidth-box fusion-builder-row-1 fusion-flex-container has-pattern-background has-mask-background nonhundred-percent-fullwidth non-hundred-percent-height-scrolling\" style=\"--awb-border-radius-top-left:0px;--awb-border-radius-top-right:0px;--awb-border-radius-bottom-right:0px;--awb-border-radius-bottom-left:0px;--awb-flex-wrap:wrap;\" ><div class=\"fusion-builder-row fusion-row fusion-flex-align-items-flex-start fusion-flex-content-wrap\" style=\"max-width:1424.8px;margin-left: calc(-4% \/ 2 );margin-right: calc(-4% \/ 2 );\"><div class=\"fusion-layout-column fusion_builder_column fusion-builder-column-0 fusion_builder_column_1_1 1_1 fusion-flex-column\" style=\"--awb-bg-size:cover;--awb-width-large:100%;--awb-margin-top-large:0px;--awb-spacing-right-large:1.92%;--awb-margin-bottom-large:20px;--awb-spacing-left-large:1.92%;--awb-width-medium:100%;--awb-order-medium:0;--awb-spacing-right-medium:1.92%;--awb-spacing-left-medium:1.92%;--awb-width-small:100%;--awb-order-small:0;--awb-spacing-right-small:1.92%;--awb-spacing-left-small:1.92%;\"><div class=\"fusion-column-wrapper fusion-column-has-shadow fusion-flex-justify-content-flex-start fusion-content-layout-column\"><div class=\"fusion-text fusion-text-1\"><p>En <strong><a href=\"https:\/\/eurecat.org\/es\" target=\"_blank\" rel=\"noopener\">Eurecat<\/a><\/strong>\u00a0estrenamos los <strong>InnovationFactory<\/strong>, un encuentro de referencia de las empresas innovadoras para conocer las tecnolog\u00edas de vanguardia que impulsar\u00e1n su crecimiento y competitividad.<\/p>\n<p>Liderado por Eurecat, ser\u00e1n directos desde LinkedIn y en formato 30\u00d730 (cada 30 d\u00edas y de 30 minutos de duraci\u00f3n) que proponen un formato innovador que apuesta por la conversaci\u00f3n con una perspectiva de proximidad y de adaptaci\u00f3n a la realidad de las empresas.<\/p>\n<p>En cada cap\u00edtulo contaremos con expertos de\u00a0Eurecat\u00a0y con colaboradores que abordar\u00e1n las tecnolog\u00edas y soluciones que tendr\u00e1n gran impacto a largo plazo, como son las tecnolog\u00edas m\u00e9dicas, la computaci\u00f3n cu\u00e1ntica, la IA generativa, la descarbonizaci\u00f3n y la rob\u00f3tica, entre otros.<\/p>\n<p>Para el <strong>cap\u00edtulo #01<\/strong> abordaremos <strong>el reto de la salud del futuro como personas y pacientes<\/strong> con <a href=\"https:\/\/www.linkedin.com\/in\/felip-miralles-8640558\/\" target=\"_blank\" rel=\"noopener\"><strong>Felip Miralles<\/strong><\/a>, director de Tecnolog\u00edas de la Salud de Eurecat, <a href=\"https:\/\/www.linkedin.com\/in\/jordi-buisan-5277a28\/\" target=\"_blank\" rel=\"noopener\"><strong>Jordi Buisan<\/strong><\/a>, CEO de <a href=\"https:\/\/www.linkedin.com\/company\/behealthcare-pty-ltd\/\" target=\"_blank\" rel=\"noopener\">beHealthcare (Pty) Ltd<\/a> y <a href=\"https:\/\/www.linkedin.com\/in\/davidmari\/\" target=\"_blank\" rel=\"noopener\"><strong>David Mar\u00ed<\/strong><\/a>, responsable de la Unidad de Digital Health de Eurecat.<\/p>\n<p>\u00bfC\u00f3mo cambiar\u00e1n nuestra vida la inteligencia artificial, la medicina personalizada, los dispositivos conectados o la biotecnolog\u00eda? \u00bfQu\u00e9 nuevas oportunidades surgir\u00e1n para mejorar el bienestar, la prevenci\u00f3n y la calidad de vida de las personas?<\/p>\n<\/div><div style=\"text-align:center;\"><a class=\"fusion-button button-flat fusion-button-default-size button-default fusion-button-default button-1 fusion-button-default-span fusion-button-default-type\" target=\"_blank\" rel=\"noopener noreferrer\" href=\"https:\/\/www.linkedin.com\/events\/7440765541398556672\/?viewAsMember=true\"><span class=\"fusion-button-text awb-button__text awb-button__text--default\">Inscr\u00edbete aqu\u00ed<\/span><\/a><\/div><\/div><\/div><\/div><\/div>\n","protected":false},"excerpt":{"rendered":"","protected":false},"author":20,"featured_media":194754,"comment_status":"closed","ping_status":"closed","template":"","tags":[],"mec_category":[986],"class_list":["post-194755","mec-events","type-mec-events","status-publish","has-post-thumbnail","hentry","mec_category-actos-cientificos-tecnologicos"],"yoast_head":"<!-- This site is optimized with the Yoast SEO plugin v27.4 - https:\/\/yoast.com\/product\/yoast-seo-wordpress\/ -->\n<title>Innovation Factory #01 - \u00bfC\u00f3mo viviremos la salud del futuro como personas y pacientes? - Eurecat<\/title>\n<meta name=\"description\" content=\"Estrenamos los InnovationFactory, un encuentro de referencia de las empresas innovadoras para conocer las tecnolog\u00edas de vanguardia que impulsar\u00e1n su crecimiento y competitividad\" \/>\n<meta name=\"robots\" content=\"index, follow, max-snippet:-1, max-image-preview:large, max-video-preview:-1\" \/>\n<link rel=\"canonical\" href=\"https:\/\/eurecat.org\/es\/calendario\/innovation-factory-01-como-viviremos-la-salud-del-futuro-como-personas-y-pacientes\/\" \/>\n<meta property=\"og:locale\" content=\"es_ES\" \/>\n<meta property=\"og:type\" content=\"article\" \/>\n<meta property=\"og:title\" content=\"Innovation Factory #01 - \u00bfC\u00f3mo viviremos la salud del futuro como personas y pacientes? - Eurecat\" \/>\n<meta property=\"og:description\" content=\"Estrenamos los InnovationFactory, un encuentro de referencia de las empresas innovadoras para conocer las tecnolog\u00edas de vanguardia que impulsar\u00e1n su crecimiento y competitividad\" \/>\n<meta property=\"og:url\" content=\"https:\/\/eurecat.org\/es\/calendario\/innovation-factory-01-como-viviremos-la-salud-del-futuro-como-personas-y-pacientes\/\" \/>\n<meta property=\"og:site_name\" content=\"Eurecat\" \/>\n<meta property=\"article:modified_time\" content=\"2026-03-25T15:35:55+00:00\" \/>\n<meta property=\"og:image\" content=\"https:\/\/eurecat.org\/wp-content\/uploads\/2026\/03\/26_INNOVATION-FACTORY_1.jpg\" \/>\n\t<meta property=\"og:image:width\" content=\"750\" \/>\n\t<meta property=\"og:image:height\" content=\"400\" \/>\n\t<meta property=\"og:image:type\" content=\"image\/jpeg\" \/>\n<meta name=\"twitter:card\" content=\"summary_large_image\" \/>\n<meta name=\"twitter:label1\" content=\"Tiempo de lectura\" \/>\n\t<meta name=\"twitter:data1\" content=\"2 minutos\" \/>\n<script type=\"application\/ld+json\" class=\"yoast-schema-graph\">{\"@context\":\"https:\\\/\\\/schema.org\",\"@graph\":[{\"@type\":\"WebPage\",\"@id\":\"https:\\\/\\\/eurecat.org\\\/es\\\/calendario\\\/innovation-factory-01-como-viviremos-la-salud-del-futuro-como-personas-y-pacientes\\\/\",\"url\":\"https:\\\/\\\/eurecat.org\\\/es\\\/calendario\\\/innovation-factory-01-como-viviremos-la-salud-del-futuro-como-personas-y-pacientes\\\/\",\"name\":\"Innovation Factory #01 - \u00bfC\u00f3mo viviremos la salud del futuro como personas y pacientes? - Eurecat\",\"isPartOf\":{\"@id\":\"https:\\\/\\\/eurecat.org\\\/es\\\/#website\"},\"primaryImageOfPage\":{\"@id\":\"https:\\\/\\\/eurecat.org\\\/es\\\/calendario\\\/innovation-factory-01-como-viviremos-la-salud-del-futuro-como-personas-y-pacientes\\\/#primaryimage\"},\"image\":{\"@id\":\"https:\\\/\\\/eurecat.org\\\/es\\\/calendario\\\/innovation-factory-01-como-viviremos-la-salud-del-futuro-como-personas-y-pacientes\\\/#primaryimage\"},\"thumbnailUrl\":\"https:\\\/\\\/eurecat.org\\\/wp-content\\\/uploads\\\/2026\\\/03\\\/26_INNOVATION-FACTORY_1.jpg\",\"datePublished\":\"2026-03-25T14:59:27+00:00\",\"dateModified\":\"2026-03-25T15:35:55+00:00\",\"description\":\"Estrenamos los InnovationFactory, un encuentro de referencia de las empresas innovadoras para conocer las tecnolog\u00edas de vanguardia que impulsar\u00e1n su crecimiento y competitividad\",\"breadcrumb\":{\"@id\":\"https:\\\/\\\/eurecat.org\\\/es\\\/calendario\\\/innovation-factory-01-como-viviremos-la-salud-del-futuro-como-personas-y-pacientes\\\/#breadcrumb\"},\"inLanguage\":\"es\",\"potentialAction\":[{\"@type\":\"ReadAction\",\"target\":[\"https:\\\/\\\/eurecat.org\\\/es\\\/calendario\\\/innovation-factory-01-como-viviremos-la-salud-del-futuro-como-personas-y-pacientes\\\/\"]}]},{\"@type\":\"ImageObject\",\"inLanguage\":\"es\",\"@id\":\"https:\\\/\\\/eurecat.org\\\/es\\\/calendario\\\/innovation-factory-01-como-viviremos-la-salud-del-futuro-como-personas-y-pacientes\\\/#primaryimage\",\"url\":\"https:\\\/\\\/eurecat.org\\\/wp-content\\\/uploads\\\/2026\\\/03\\\/26_INNOVATION-FACTORY_1.jpg\",\"contentUrl\":\"https:\\\/\\\/eurecat.org\\\/wp-content\\\/uploads\\\/2026\\\/03\\\/26_INNOVATION-FACTORY_1.jpg\",\"width\":750,\"height\":400},{\"@type\":\"BreadcrumbList\",\"@id\":\"https:\\\/\\\/eurecat.org\\\/es\\\/calendario\\\/innovation-factory-01-como-viviremos-la-salud-del-futuro-como-personas-y-pacientes\\\/#breadcrumb\",\"itemListElement\":[{\"@type\":\"ListItem\",\"position\":1,\"name\":\"Inici\",\"item\":\"https:\\\/\\\/eurecat.org\\\/es\\\/\"},{\"@type\":\"ListItem\",\"position\":2,\"name\":\"Eventos\",\"item\":\"https:\\\/\\\/eurecat.org\\\/es\\\/calendario\\\/\"},{\"@type\":\"ListItem\",\"position\":3,\"name\":\"Innovation Factory #01 &#8211; \u00bfC\u00f3mo viviremos la salud del futuro como personas y pacientes?\"}]},{\"@type\":\"WebSite\",\"@id\":\"https:\\\/\\\/eurecat.org\\\/es\\\/#website\",\"url\":\"https:\\\/\\\/eurecat.org\\\/es\\\/\",\"name\":\"Eurecat\",\"description\":\"Otro sitio realizado con WordPress\",\"potentialAction\":[{\"@type\":\"SearchAction\",\"target\":{\"@type\":\"EntryPoint\",\"urlTemplate\":\"https:\\\/\\\/eurecat.org\\\/es\\\/?s={search_term_string}\"},\"query-input\":{\"@type\":\"PropertyValueSpecification\",\"valueRequired\":true,\"valueName\":\"search_term_string\"}}],\"inLanguage\":\"es\"}]}<\/script>\n<!-- \/ Yoast SEO plugin. -->","yoast_head_json":{"title":"Innovation Factory #01 - \u00bfC\u00f3mo viviremos la salud del futuro como personas y pacientes? - Eurecat","description":"Estrenamos los InnovationFactory, un encuentro de referencia de las empresas innovadoras para conocer las tecnolog\u00edas de vanguardia que impulsar\u00e1n su crecimiento y competitividad","robots":{"index":"index","follow":"follow","max-snippet":"max-snippet:-1","max-image-preview":"max-image-preview:large","max-video-preview":"max-video-preview:-1"},"canonical":"https:\/\/eurecat.org\/es\/calendario\/innovation-factory-01-como-viviremos-la-salud-del-futuro-como-personas-y-pacientes\/","og_locale":"es_ES","og_type":"article","og_title":"Innovation Factory #01 - \u00bfC\u00f3mo viviremos la salud del futuro como personas y pacientes? - Eurecat","og_description":"Estrenamos los InnovationFactory, un encuentro de referencia de las empresas innovadoras para conocer las tecnolog\u00edas de vanguardia que impulsar\u00e1n su crecimiento y competitividad","og_url":"https:\/\/eurecat.org\/es\/calendario\/innovation-factory-01-como-viviremos-la-salud-del-futuro-como-personas-y-pacientes\/","og_site_name":"Eurecat","article_modified_time":"2026-03-25T15:35:55+00:00","og_image":[{"width":750,"height":400,"url":"https:\/\/eurecat.org\/wp-content\/uploads\/2026\/03\/26_INNOVATION-FACTORY_1.jpg","type":"image\/jpeg"}],"twitter_card":"summary_large_image","twitter_misc":{"Tiempo de lectura":"2 minutos"},"schema":{"@context":"https:\/\/schema.org","@graph":[{"@type":"WebPage","@id":"https:\/\/eurecat.org\/es\/calendario\/innovation-factory-01-como-viviremos-la-salud-del-futuro-como-personas-y-pacientes\/","url":"https:\/\/eurecat.org\/es\/calendario\/innovation-factory-01-como-viviremos-la-salud-del-futuro-como-personas-y-pacientes\/","name":"Innovation Factory #01 - \u00bfC\u00f3mo viviremos la salud del futuro como personas y pacientes? - Eurecat","isPartOf":{"@id":"https:\/\/eurecat.org\/es\/#website"},"primaryImageOfPage":{"@id":"https:\/\/eurecat.org\/es\/calendario\/innovation-factory-01-como-viviremos-la-salud-del-futuro-como-personas-y-pacientes\/#primaryimage"},"image":{"@id":"https:\/\/eurecat.org\/es\/calendario\/innovation-factory-01-como-viviremos-la-salud-del-futuro-como-personas-y-pacientes\/#primaryimage"},"thumbnailUrl":"https:\/\/eurecat.org\/wp-content\/uploads\/2026\/03\/26_INNOVATION-FACTORY_1.jpg","datePublished":"2026-03-25T14:59:27+00:00","dateModified":"2026-03-25T15:35:55+00:00","description":"Estrenamos los InnovationFactory, un encuentro de referencia de las empresas innovadoras para conocer las tecnolog\u00edas de vanguardia que impulsar\u00e1n su crecimiento y competitividad","breadcrumb":{"@id":"https:\/\/eurecat.org\/es\/calendario\/innovation-factory-01-como-viviremos-la-salud-del-futuro-como-personas-y-pacientes\/#breadcrumb"},"inLanguage":"es","potentialAction":[{"@type":"ReadAction","target":["https:\/\/eurecat.org\/es\/calendario\/innovation-factory-01-como-viviremos-la-salud-del-futuro-como-personas-y-pacientes\/"]}]},{"@type":"ImageObject","inLanguage":"es","@id":"https:\/\/eurecat.org\/es\/calendario\/innovation-factory-01-como-viviremos-la-salud-del-futuro-como-personas-y-pacientes\/#primaryimage","url":"https:\/\/eurecat.org\/wp-content\/uploads\/2026\/03\/26_INNOVATION-FACTORY_1.jpg","contentUrl":"https:\/\/eurecat.org\/wp-content\/uploads\/2026\/03\/26_INNOVATION-FACTORY_1.jpg","width":750,"height":400},{"@type":"BreadcrumbList","@id":"https:\/\/eurecat.org\/es\/calendario\/innovation-factory-01-como-viviremos-la-salud-del-futuro-como-personas-y-pacientes\/#breadcrumb","itemListElement":[{"@type":"ListItem","position":1,"name":"Inici","item":"https:\/\/eurecat.org\/es\/"},{"@type":"ListItem","position":2,"name":"Eventos","item":"https:\/\/eurecat.org\/es\/calendario\/"},{"@type":"ListItem","position":3,"name":"Innovation Factory #01 &#8211; \u00bfC\u00f3mo viviremos la salud del futuro como personas y pacientes?"}]},{"@type":"WebSite","@id":"https:\/\/eurecat.org\/es\/#website","url":"https:\/\/eurecat.org\/es\/","name":"Eurecat","description":"Otro sitio realizado con WordPress","potentialAction":[{"@type":"SearchAction","target":{"@type":"EntryPoint","urlTemplate":"https:\/\/eurecat.org\/es\/?s={search_term_string}"},"query-input":{"@type":"PropertyValueSpecification","valueRequired":true,"valueName":"search_term_string"}}],"inLanguage":"es"}]}},"_links":{"self":[{"href":"https:\/\/eurecat.org\/es\/wp-json\/wp\/v2\/mec-events\/194755","targetHints":{"allow":["GET"]}}],"collection":[{"href":"https:\/\/eurecat.org\/es\/wp-json\/wp\/v2\/mec-events"}],"about":[{"href":"https:\/\/eurecat.org\/es\/wp-json\/wp\/v2\/types\/mec-events"}],"author":[{"embeddable":true,"href":"https:\/\/eurecat.org\/es\/wp-json\/wp\/v2\/users\/20"}],"replies":[{"embeddable":true,"href":"https:\/\/eurecat.org\/es\/wp-json\/wp\/v2\/comments?post=194755"}],"wp:featuredmedia":[{"embeddable":true,"href":"https:\/\/eurecat.org\/es\/wp-json\/wp\/v2\/media\/194754"}],"wp:attachment":[{"href":"https:\/\/eurecat.org\/es\/wp-json\/wp\/v2\/media?parent=194755"}],"wp:term":[{"taxonomy":"post_tag","embeddable":true,"href":"https:\/\/eurecat.org\/es\/wp-json\/wp\/v2\/tags?post=194755"},{"taxonomy":"mec_category","embeddable":true,"href":"https:\/\/eurecat.org\/es\/wp-json\/wp\/v2\/mec_category?post=194755"}],"curies":[{"name":"wp","href":"https:\/\/api.w.org\/{rel}","templated":true}]}}