{"id":101832,"date":"2020-06-04T10:09:38","date_gmt":"2020-06-04T10:09:38","guid":{"rendered":"https:\/\/eurecat.org\/servicios\/eurecatevents\/taller-disseny-de-producte-com-crear-valor-dins-de-l-experiencia-turistica\/"},"modified":"2020-06-04T10:14:04","modified_gmt":"2020-06-04T10:14:04","slug":"taller-disseny-de-producte-com-crear-valor-dins-de-l-experiencia-turistica","status":"publish","type":"page","link":"https:\/\/eurecat.org\/es\/servicios\/eurecatevents\/taller-disseny-de-producte-com-crear-valor-dins-de-l-experiencia-turistica\/","title":{"rendered":"Taller \u2018DISSENY DE PRODUCTE: COM CREAR VALOR DINS DE L\u2019EXPERI\u00c8NCIA TUR\u00cdSTICA?\u2019"},"content":{"rendered":"<div class=\"fusion-fullwidth fullwidth-box fusion-builder-row-1 fusion-parallax-none hundred-percent-fullwidth non-hundred-percent-height-scrolling\" style=\"--awb-border-radius-top-left:0px;--awb-border-radius-top-right:0px;--awb-border-radius-bottom-right:0px;--awb-border-radius-bottom-left:0px;--awb-padding-top:200px;--awb-padding-bottom:200px;--awb-margin-top:0px;--awb-margin-bottom:0px;--awb-background-image:url(&quot;https:\/\/eurecat.org\/wp-content\/uploads\/2020\/02\/Imatge-capcalera_1200x400.jpg&quot;);--awb-background-size:cover;--awb-flex-wrap:wrap;\" ><div class=\"fusion-builder-row fusion-row\"><div class=\"fusion-layout-column fusion_builder_column fusion-builder-column-0 fusion_builder_column_1_1 1_1 fusion-one-full fusion-column-first fusion-column-last\" style=\"--awb-bg-size:cover;\"><div class=\"fusion-column-wrapper fusion-column-has-shadow fusion-flex-column-wrapper-legacy\"><div class=\"fusion-clearfix\"><\/div><\/div><\/div><\/div><\/div><div class=\"fusion-fullwidth fullwidth-box fusion-builder-row-2 nonhundred-percent-fullwidth non-hundred-percent-height-scrolling\" style=\"--awb-border-radius-top-left:0px;--awb-border-radius-top-right:0px;--awb-border-radius-bottom-right:0px;--awb-border-radius-bottom-left:0px;--awb-padding-top:0px;--awb-padding-bottom:0px;--awb-flex-wrap:wrap;\" ><div class=\"fusion-builder-row fusion-row\"><div class=\"fusion-layout-column fusion_builder_column fusion-builder-column-1 fusion_builder_column_2_3 2_3 fusion-two-third fusion-column-first\" style=\"--awb-padding-top:0px;--awb-padding-right:0px;--awb-padding-bottom:0px;--awb-bg-size:cover;--awb-border-color:#ffffff;--awb-border-style:solid;--awb-margin-bottom:0px;width:66.666666666667%;width:calc(66.666666666667% - ( ( 4% ) * 0.66666666666667 ) );margin-right: 4%;\"><div class=\"fusion-column-wrapper fusion-column-has-shadow fusion-flex-column-wrapper-legacy\"><div class=\"fusion-text fusion-text-1\"><h3><strong>IMPORTANT:<\/strong>\u00a0<strong>La realitzaci\u00f3 de les sessions a Lleida i Girona s\u00f3n dates definitives i es realitzaran en format virtual, degut a la situaci\u00f3 provocada per la pand\u00e8mia del coronavirus.<\/strong><\/h3>\n<h3><\/h3>\n<\/div><div class=\"fusion-sep-clear\"><\/div><div class=\"fusion-separator fusion-full-width-sep\" style=\"margin-left: auto;margin-right: auto;margin-top:20px;width:100%;\"><\/div><div class=\"fusion-sep-clear\"><\/div><div class=\"fusion-clearfix\"><\/div><\/div><\/div><div class=\"fusion-layout-column fusion_builder_column fusion-builder-column-2 fusion_builder_column_1_3 1_3 fusion-one-third fusion-column-last\" style=\"--awb-padding-top:0px;--awb-padding-right:0px;--awb-padding-bottom:0px;--awb-padding-left:0px;--awb-bg-color:#ffffff;--awb-bg-color-hover:#ffffff;--awb-bg-size:cover;--awb-border-color:#ffffff;--awb-border-left:2px;--awb-border-style:solid;width:33.333333333333%;width:calc(33.333333333333% - ( ( 4% ) * 0.33333333333333 ) );\"><div class=\"fusion-column-wrapper fusion-column-has-shadow fusion-flex-column-wrapper-legacy\"><div class=\"fusion-sep-clear\"><\/div><div class=\"fusion-separator fusion-full-width-sep\" style=\"margin-left: auto;margin-right: auto;margin-bottom:30px;width:100%;\"><\/div><div class=\"fusion-sep-clear\"><\/div><div class=\"fusion-clearfix\"><\/div><\/div><\/div><div class=\"fusion-layout-column fusion_builder_column fusion-builder-column-3 fusion_builder_column_2_3 2_3 fusion-two-third fusion-column-first\" style=\"--awb-padding-right:10px;--awb-padding-bottom:0px;--awb-padding-left:10px;--awb-bg-size:cover;--awb-border-color:#ffffff;--awb-border-style:solid;--awb-margin-bottom:0px;width:66.666666666667%;width:calc(66.666666666667% - ( ( 4% ) * 0.66666666666667 ) );margin-right: 4%;\"><div class=\"fusion-column-wrapper fusion-column-has-shadow fusion-flex-column-wrapper-legacy\"><div class=\"fusion-text fusion-text-2 awb-text-cols fusion-text-columns-2\" style=\"--awb-columns:2;--awb-column-spacing:2em;--awb-column-min-width:100px;\"><p><strong>Sessi\u00f3 Amposta<\/strong><br \/>\nData: 27 de febrer de 2020<br \/>\nEspai: Espai Ebre km 0 de l\u2019Oficina de<br \/>\nTurisme d\u2019Amposta (Avinguda de Sant<br \/>\nJaume, 42-52. Amposta)<\/p>\n<p><strong>Sessi\u00f3 Vila-seca<\/strong><br \/>\nData: 28 de febrer de 2020<br \/>\nEspai: Espai Jaume Ferrer Clap\u00e9s de la seu<br \/>\nd\u2019Eurecat Vila-seca (Parc Cient\u00edfic i<br \/>\nTecnol\u00f2gic de Turisme i Oci. Joanot<br \/>\nMartorell, 15. Vila-seca)<\/p>\n<p><strong>Sessi\u00f3 Manresa<\/strong><br \/>\nData: 6 de mar\u00e7 de 2020<br \/>\nEspai: Sala d\u2019actes de la seu d\u2019Eurecat<br \/>\nManresa (Pl. de la Ci\u00e8ncia, 2. Manresa)<\/p>\n<p><strong>Sessi\u00f3 Lleida<\/strong><br \/>\nData: <strong>28 de maig de 2020 | Data definitiva<\/strong><br \/>\nFormat: virtual<\/p>\n<p><strong>Sessi\u00f3 Girona<\/strong><br \/>\nData: <strong>29 de maig de 2020 | Data definitiva<\/strong><br \/>\nFormat: virtual<\/p>\n<\/div><div class=\"fusion-clearfix\"><\/div><\/div><\/div><div class=\"fusion-layout-column fusion_builder_column fusion-builder-column-4 fusion_builder_column_1_3 1_3 fusion-one-third fusion-column-last\" style=\"--awb-padding-top:10px;--awb-padding-right:15px;--awb-padding-bottom:10px;--awb-padding-left:15px;--awb-bg-color:#ffcc00;--awb-bg-color-hover:#ffcc00;--awb-bg-size:cover;--awb-border-color:#ffffff;--awb-border-left:2px;--awb-border-style:solid;width:33.333333333333%;width:calc(33.333333333333% - ( ( 4% ) * 0.33333333333333 ) );\"><div class=\"fusion-column-wrapper fusion-column-has-shadow fusion-flex-column-wrapper-legacy\"><div class=\"fusion-text fusion-text-3\"><h2><span style=\"color: #000000;\"><strong>A qui s&#8217;adre\u00e7a:<\/strong><\/span><\/h2>\n<h3><strong><span style=\"color: #ffffff;\">Aquest taller est\u00e0 adre\u00e7at a professionals que volen con\u00e8ixer m\u00e9s en profunditat com funciona la creaci\u00f3 de valor dins l\u2019experi\u00e8ncia tur\u00edstica i quins s\u00f3n els elements que el client t\u00e9 en compte per prendre la decisi\u00f3.<\/span><\/strong><\/h3>\n<\/div><div class=\"fusion-clearfix\"><\/div><\/div><\/div><div class=\"fusion-layout-column fusion_builder_column fusion-builder-column-5 fusion_builder_column_2_3 2_3 fusion-two-third fusion-column-first\" style=\"--awb-padding-top:10px;--awb-padding-right:10px;--awb-padding-bottom:10px;--awb-padding-left:10px;--awb-bg-size:cover;--awb-border-color:#ffffff;--awb-border-right:1px;--awb-border-style:solid;--awb-margin-bottom:0px;width:66.666666666667%;width:calc(66.666666666667% - ( ( 4% ) * 0.66666666666667 ) );margin-right: 4%;\"><div class=\"fusion-column-wrapper fusion-column-has-shadow fusion-flex-column-wrapper-legacy\"><div class=\"fusion-text fusion-text-4\"><h3>El primer eix de treball de l\u2019actual <strong>Pla Estrat\u00e8gic de Turisme de Catalunya<\/strong> contempla el lliurament d\u2019una experi\u00e8ncia tur\u00edstica excepcional. Per tal d\u2019assolir aquest repte, <strong>el present curs ofereix als creadors d\u2019experi\u00e8ncies tur\u00edstiques les eines per poder innovar i afegir valor als productes.<\/strong><\/h3>\n<h3>D\u2019una manera interactiva i eminentment pr\u00e0ctica, en un format intensiu, els participants podran familiaritzar-se amb eines de\u00a0 m\u00e0rqueting de valors i intercanviar idees amb altres creadors de producte, aix\u00ed com analitzar casos d\u2019\u00fas.<\/h3>\n<\/div><div class=\"fusion-sep-clear\"><\/div><div class=\"fusion-separator fusion-full-width-sep\" style=\"margin-left: auto;margin-right: auto;margin-top:20px;margin-bottom:0px;width:100%;\"><\/div><div class=\"fusion-sep-clear\"><\/div><div class=\"fusion-button-wrapper\"><a class=\"fusion-button button-flat fusion-button-default-size button-default fusion-button-default button-1 fusion-button-default-span fusion-button-default-type\" target=\"_blank\" rel=\"noopener noreferrer\" href=\"https:\/\/eurecat.org\/wp-content\/uploads\/2020\/05\/Cartell_CursDGT_DissenyProducte-1.pdf\"><span class=\"fusion-button-text awb-button__text awb-button__text--default\">DESCARREGA&#8217;T EL PROGRAMA COMPLET<\/span><i class=\"fa-keyboard fas awb-button__icon awb-button__icon--default button-icon-right\" aria-hidden=\"true\"><\/i><\/a><\/div><div class=\"fusion-sep-clear\"><\/div><div class=\"fusion-separator fusion-full-width-sep\" style=\"margin-left: auto;margin-right: auto;margin-top:20px;margin-bottom:20px;width:100%;\"><\/div><div class=\"fusion-sep-clear\"><\/div><div class=\"fusion-clearfix\"><\/div><\/div><\/div><div class=\"fusion-layout-column fusion_builder_column fusion-builder-column-6 fusion_builder_column_1_3 1_3 fusion-one-third fusion-column-last\" style=\"--awb-padding-top:10px;--awb-padding-right:10px;--awb-padding-bottom:10px;--awb-padding-left:10px;--awb-bg-color:#ffffff;--awb-bg-color-hover:#ffffff;--awb-bg-size:cover;--awb-border-color:#ffffff;--awb-border-left:1px;--awb-border-style:solid;--awb-margin-bottom:0px;width:33.333333333333%;width:calc(33.333333333333% - ( ( 4% ) * 0.33333333333333 ) );\"><div class=\"fusion-column-wrapper fusion-column-has-shadow fusion-flex-column-wrapper-legacy\"><div class=\"fusion-text fusion-text-5\"><h3><strong>Taller pr\u00e0ctic amb places limitades. Imprescindible inscripci\u00f3 pr\u00e8via a trav\u00e9s del formulari.<\/strong><\/h3>\n<h3><em>La participaci\u00f3 al taller permet obtenir un certificat d\u2019assist\u00e8ncia lliurat pel Departament d\u2019Innovaci\u00f3 Tur\u00edstica del centre tecnol\u00f2gic Eurecat. <\/em><\/h3>\n<\/div><div class=\"fusion-sep-clear\"><\/div><div class=\"fusion-separator fusion-full-width-sep\" style=\"margin-left: auto;margin-right: auto;margin-top:10px;margin-bottom:20px;width:100%;\"><\/div><div class=\"fusion-sep-clear\"><\/div><div class=\"fusion-clearfix\"><\/div><\/div><\/div><\/div><\/div><div class=\"fusion-fullwidth fullwidth-box fusion-builder-row-3 nonhundred-percent-fullwidth non-hundred-percent-height-scrolling\" style=\"--awb-border-radius-top-left:0px;--awb-border-radius-top-right:0px;--awb-border-radius-bottom-right:0px;--awb-border-radius-bottom-left:0px;--awb-padding-top:10px;--awb-padding-bottom:10px;--awb-background-color:#3d6fb6;--awb-flex-wrap:wrap;\" ><div class=\"fusion-builder-row fusion-row\"><div class=\"fusion-layout-column fusion_builder_column fusion-builder-column-7 fusion_builder_column_1_1 1_1 fusion-one-full fusion-column-first fusion-column-last\" style=\"--awb-bg-size:cover;\"><div class=\"fusion-column-wrapper fusion-column-has-shadow fusion-flex-column-wrapper-legacy\"><div class=\"fusion-text fusion-text-6\"><h2><\/h2>\n<h2 style=\"text-align: center;\"><strong><span style=\"color: #ffffff;\">DOCENT<\/span><\/strong><\/h2>\n<\/div><div class=\"fusion-clearfix\"><\/div><\/div><\/div><\/div><\/div><div class=\"fusion-fullwidth fullwidth-box fusion-builder-row-4 nonhundred-percent-fullwidth non-hundred-percent-height-scrolling\" style=\"--awb-border-radius-top-left:0px;--awb-border-radius-top-right:0px;--awb-border-radius-bottom-right:0px;--awb-border-radius-bottom-left:0px;--awb-padding-top:20px;--awb-padding-bottom:40px;--awb-background-color:#ffffff;--awb-flex-wrap:wrap;\" ><div class=\"fusion-builder-row fusion-row\"><div class=\"fusion-layout-column fusion_builder_column fusion-builder-column-8 fusion_builder_column_1_5 1_5 fusion-one-fifth fusion-column-first\" style=\"--awb-bg-size:cover;width:20%;width:calc(20% - ( ( 4% ) * 0.2 ) );margin-right: 4%;\"><div class=\"fusion-column-wrapper fusion-column-has-shadow fusion-flex-column-wrapper-legacy\"><div class=\"fusion-image-element in-legacy-container\" style=\"--awb-caption-title-font-family:var(--h2_typography-font-family);--awb-caption-title-font-weight:var(--h2_typography-font-weight);--awb-caption-title-font-style:var(--h2_typography-font-style);--awb-caption-title-size:var(--h2_typography-font-size);--awb-caption-title-transform:var(--h2_typography-text-transform);--awb-caption-title-line-height:var(--h2_typography-line-height);--awb-caption-title-letter-spacing:var(--h2_typography-letter-spacing);\"><span class=\" fusion-imageframe imageframe-none imageframe-1 hover-type-none\"><img decoding=\"async\" width=\"1080\" height=\"810\" title=\"foto jaume3\" src=\"https:\/\/eurecat.org\/wp-content\/uploads\/2020\/02\/foto-jaume3.jpg\" alt class=\"img-responsive wp-image-95739\" srcset=\"https:\/\/eurecat.org\/wp-content\/uploads\/2020\/02\/foto-jaume3-200x150.jpg 200w, https:\/\/eurecat.org\/wp-content\/uploads\/2020\/02\/foto-jaume3-400x300.jpg 400w, https:\/\/eurecat.org\/wp-content\/uploads\/2020\/02\/foto-jaume3-600x450.jpg 600w, https:\/\/eurecat.org\/wp-content\/uploads\/2020\/02\/foto-jaume3-800x600.jpg 800w, https:\/\/eurecat.org\/wp-content\/uploads\/2020\/02\/foto-jaume3.jpg 1080w\" sizes=\"(max-width: 800px) 100vw, 400px\" \/><\/span><\/div><div class=\"fusion-clearfix\"><\/div><\/div><\/div><div class=\"fusion-layout-column fusion_builder_column fusion-builder-column-9 fusion_builder_column_4_5 4_5 fusion-four-fifth fusion-column-last\" style=\"--awb-bg-size:cover;width:80%;width:calc(80% - ( ( 4% ) * 0.8 ) );\"><div class=\"fusion-column-wrapper fusion-column-has-shadow fusion-flex-column-wrapper-legacy\"><div class=\"fusion-text fusion-text-7\"><h2><strong><span style=\"color: #3d6fb6;\">Jaume Mar\u00edn, Expert en Marketing i Storytelling.<\/span><\/strong><\/h2>\n<h3>Apassionat en la innovaci\u00f3 i creaci\u00f3 de productes memorables i conferenciant internacional, \u00e9s docent a la Universitat de Girona i del CETT de Barcelona. Durant m\u00e9s de 19 anys ha estat Director de M\u00e0rqueting del Patronat de Turisme Costa Brava Pirineu de Girona, on han obtingut reconeixements com la \u201cMillor campanya de m\u00e0rqueting d\u2019Europa\u201d amb <em>#eurofoodtrip<\/em>, o el \u201c<em>Silver Award<\/em>\u201d <em>\u00a0<\/em>europeu per l&#8217;acci\u00f3 promocional \u00ab<em>Tastemotion, The ultimate dinning experience<\/em>\u00ab. Tamb\u00e9 ha estat director de m\u00e0rqueting de PGA Golf Catalunya Resort i Empord\u00e0 Golf Resort, aix\u00ed com ha treballat en el mateix \u00e0mbit al Scottish Sports Council.<\/h3>\n<\/div><div class=\"fusion-clearfix\"><\/div><\/div><\/div><\/div><\/div><div class=\"fusion-fullwidth fullwidth-box fusion-builder-row-5 nonhundred-percent-fullwidth non-hundred-percent-height-scrolling\" style=\"--awb-border-radius-top-left:0px;--awb-border-radius-top-right:0px;--awb-border-radius-bottom-right:0px;--awb-border-radius-bottom-left:0px;--awb-padding-top:10px;--awb-padding-bottom:10px;--awb-background-color:#3d6fb6;--awb-flex-wrap:wrap;\" ><div class=\"fusion-builder-row fusion-row\"><div class=\"fusion-layout-column fusion_builder_column fusion-builder-column-10 fusion_builder_column_1_1 1_1 fusion-one-full fusion-column-first fusion-column-last\" style=\"--awb-bg-size:cover;\"><div class=\"fusion-column-wrapper fusion-column-has-shadow fusion-flex-column-wrapper-legacy\"><div class=\"fusion-text fusion-text-8\"><h2 style=\"text-align: center;\"><strong><span style=\"color: #ffffff;\"><br \/>\nCONTINGUT<\/span><\/strong><\/h2>\n<\/div><div class=\"fusion-clearfix\"><\/div><\/div><\/div><\/div><\/div><div class=\"fusion-fullwidth fullwidth-box fusion-builder-row-6 nonhundred-percent-fullwidth non-hundred-percent-height-scrolling\" style=\"--awb-border-radius-top-left:0px;--awb-border-radius-top-right:0px;--awb-border-radius-bottom-right:0px;--awb-border-radius-bottom-left:0px;--awb-padding-top:10px;--awb-padding-bottom:10px;--awb-background-color:#ffffff;--awb-flex-wrap:wrap;\" ><div class=\"fusion-builder-row fusion-row\"><div class=\"fusion-layout-column fusion_builder_column fusion-builder-column-11 fusion_builder_column_1_5 1_5 fusion-one-fifth fusion-column-first\" style=\"--awb-bg-size:cover;width:20%;width:calc(20% - ( ( 4% ) * 0.2 ) );margin-right: 4%;\"><div class=\"fusion-column-wrapper fusion-column-has-shadow fusion-flex-column-wrapper-legacy\"><div class=\"fusion-clearfix\"><\/div><\/div><\/div><div class=\"fusion-layout-column fusion_builder_column fusion-builder-column-12 fusion_builder_column_4_5 4_5 fusion-four-fifth fusion-column-last\" style=\"--awb-padding-right:40px;--awb-padding-left:20px;--awb-overflow:hidden;--awb-bg-size:cover;--awb-border-color:#3d6fb6;--awb-border-left:3px;--awb-border-style:solid;--awb-border-radius:0px 20px 0px 0px;width:80%;width:calc(80% - ( ( 4% ) * 0.8 ) );\"><div class=\"fusion-column-wrapper fusion-column-has-shadow fusion-flex-column-wrapper-legacy\"><div class=\"fusion-text fusion-text-9\"><h3><span style=\"color: #3d6fb6;\"><strong>Part te\u00f2rica. <\/strong><\/span><\/h3>\n<\/div><div class=\"fusion-text fusion-text-10\"><h3>En qu\u00e8 consisteix el valor de l\u2019experi\u00e8ncia tur\u00edstica? Per qu\u00e8 li donem tanta import\u00e0ncia? Quin \u00e9s el seu veritable potencial?<\/h3>\n<\/div><div class=\"fusion-text fusion-text-11\"><h3><span style=\"color: #3d6fb6;\"><strong>Model + exemples<\/strong><\/span><\/h3>\n<\/div><div class=\"fusion-text fusion-text-12\"><h3>Familiaritzaci\u00f3 amb els models de m\u00e0rqueting de valor existents, complementats amb exemples\/casos d\u2019\u00fas i aplicats a la creaci\u00f3 d\u2019experi\u00e8ncies tur\u00edstiques.<\/h3>\n<div><\/div>\n<div><\/div>\n<div><\/div>\n<div><\/div>\n<div><\/div>\n<div><\/div>\n<div><\/div>\n<div><\/div>\n<div><\/div>\n<div><\/div>\n<div><\/div>\n<div><\/div>\n<div><\/div>\n<div><\/div>\n<\/div><div class=\"fusion-text fusion-text-13\"><h3><span style=\"color: #3d6fb6;\"><strong>Part pr\u00e0ctica. <\/strong><\/span><\/h3>\n<\/div><div class=\"fusion-text fusion-text-14\"><h3>Per grups, s\u2019assignaran casos d\u2019\u00fas propis i concrets per poder dur a terme un exercici pr\u00e0ctic.<\/h3>\n<\/div><div class=\"fusion-clearfix\"><\/div><\/div><\/div><\/div><\/div><div class=\"fusion-fullwidth fullwidth-box fusion-builder-row-7 nonhundred-percent-fullwidth non-hundred-percent-height-scrolling\" style=\"--awb-border-radius-top-left:0px;--awb-border-radius-top-right:0px;--awb-border-radius-bottom-right:0px;--awb-border-radius-bottom-left:0px;--awb-padding-top:10px;--awb-padding-bottom:10px;--awb-background-color:#3d6fb6;--awb-flex-wrap:wrap;\" ><div class=\"fusion-builder-row fusion-row\"><div class=\"fusion-layout-column fusion_builder_column fusion-builder-column-13 fusion_builder_column_1_1 1_1 fusion-one-full fusion-column-first fusion-column-last\" style=\"--awb-bg-size:cover;\"><div class=\"fusion-column-wrapper fusion-column-has-shadow fusion-flex-column-wrapper-legacy\"><div class=\"fusion-text fusion-text-15\"><h2><\/h2>\n<h2 style=\"text-align: center;\"><strong><span style=\"color: #ffffff;\">ORGANITZADORS<\/span><\/strong><\/h2>\n<\/div><div class=\"fusion-clearfix\"><\/div><\/div><\/div><\/div><\/div><div class=\"fusion-fullwidth fullwidth-box fusion-builder-row-8 nonhundred-percent-fullwidth non-hundred-percent-height-scrolling\" style=\"--awb-border-radius-top-left:0px;--awb-border-radius-top-right:0px;--awb-border-radius-bottom-right:0px;--awb-border-radius-bottom-left:0px;--awb-padding-top:10px;--awb-padding-bottom:10px;--awb-background-color:#ffffff;--awb-flex-wrap:wrap;\" ><div class=\"fusion-builder-row fusion-row\"><div class=\"fusion-layout-column fusion_builder_column fusion-builder-column-14 fusion_builder_column_1_1 1_1 fusion-one-full fusion-column-first fusion-column-last\" style=\"--awb-bg-size:cover;\"><div class=\"fusion-column-wrapper fusion-column-has-shadow fusion-flex-column-wrapper-legacy\"><div class=\"fusion-image-element fusion-image-align-center in-legacy-container\" style=\"text-align:center;--awb-caption-title-font-family:var(--h2_typography-font-family);--awb-caption-title-font-weight:var(--h2_typography-font-weight);--awb-caption-title-font-style:var(--h2_typography-font-style);--awb-caption-title-size:var(--h2_typography-font-size);--awb-caption-title-transform:var(--h2_typography-text-transform);--awb-caption-title-line-height:var(--h2_typography-line-height);--awb-caption-title-letter-spacing:var(--h2_typography-letter-spacing);\"><div class=\"imageframe-align-center\"><span class=\" fusion-imageframe imageframe-none imageframe-2 hover-type-none\"><img decoding=\"async\" width=\"1400\" height=\"100\" title=\"Franja-logos_1400px_bona-web\" src=\"https:\/\/eurecat.org\/wp-content\/uploads\/2020\/02\/Franja-logos_1400px_bona-web.jpg\" alt class=\"img-responsive wp-image-95856\" srcset=\"https:\/\/eurecat.org\/wp-content\/uploads\/2020\/02\/Franja-logos_1400px_bona-web-200x14.jpg 200w, https:\/\/eurecat.org\/wp-content\/uploads\/2020\/02\/Franja-logos_1400px_bona-web-400x29.jpg 400w, https:\/\/eurecat.org\/wp-content\/uploads\/2020\/02\/Franja-logos_1400px_bona-web-600x43.jpg 600w, https:\/\/eurecat.org\/wp-content\/uploads\/2020\/02\/Franja-logos_1400px_bona-web-800x57.jpg 800w, https:\/\/eurecat.org\/wp-content\/uploads\/2020\/02\/Franja-logos_1400px_bona-web-1200x86.jpg 1200w, https:\/\/eurecat.org\/wp-content\/uploads\/2020\/02\/Franja-logos_1400px_bona-web.jpg 1400w\" sizes=\"(max-width: 800px) 100vw, 1400px\" \/><\/span><\/div><\/div><div class=\"fusion-clearfix\"><\/div><\/div><\/div><\/div><\/div><div class=\"fusion-fullwidth fullwidth-box fusion-builder-row-9 nonhundred-percent-fullwidth non-hundred-percent-height-scrolling\" style=\"--awb-border-radius-top-left:0px;--awb-border-radius-top-right:0px;--awb-border-radius-bottom-right:0px;--awb-border-radius-bottom-left:0px;--awb-padding-top:5px;--awb-padding-right:0px;--awb-padding-bottom:5px;--awb-padding-left:0px;--awb-background-color:#3d6fb6;--awb-flex-wrap:wrap;\" ><div class=\"fusion-builder-row fusion-row\"><div class=\"fusion-layout-column fusion_builder_column fusion-builder-column-15 fusion_builder_column_1_1 1_1 fusion-one-full fusion-column-first fusion-column-last\" style=\"--awb-bg-size:cover;\"><div class=\"fusion-column-wrapper fusion-column-has-shadow fusion-flex-column-wrapper-legacy\"><div class=\"fusion-text fusion-text-16\"><h2><\/h2>\n<h2 style=\"text-align: center;\"><strong><span style=\"color: #ffffff;\">ON<\/span><\/strong><\/h2>\n<\/div><div class=\"fusion-clearfix\"><\/div><\/div><\/div><\/div><\/div><div class=\"fusion-fullwidth fullwidth-box fusion-builder-row-10 nonhundred-percent-fullwidth non-hundred-percent-height-scrolling\" style=\"--awb-border-radius-top-left:0px;--awb-border-radius-top-right:0px;--awb-border-radius-bottom-right:0px;--awb-border-radius-bottom-left:0px;--awb-padding-top:10px;--awb-padding-right:10px;--awb-padding-bottom:10px;--awb-padding-left:10px;--awb-background-color:#ffffff;--awb-flex-wrap:wrap;\" ><div class=\"fusion-builder-row fusion-row\"><div class=\"fusion-layout-column fusion_builder_column fusion-builder-column-16 fusion_builder_column_1_5 1_5 fusion-one-fifth fusion-column-first\" style=\"--awb-bg-size:cover;--awb-margin-bottom:0px;width:20%;width:calc(20% - ( ( 4% + 4% + 4% + 4% ) * 0.2 ) );margin-right: 4%;\"><div class=\"fusion-column-wrapper fusion-column-has-shadow fusion-flex-column-wrapper-legacy\"><div class=\"fusion-column-content-centered\"><div class=\"fusion-column-content\"><div class=\"fusion-text fusion-text-17\"><p style=\"text-align: center;\"><strong>AMPOSTA<\/strong><br \/>\nEspai Ebre km 0 de l\u2019Oficina de Turisme d\u2019Amposta<br \/>\n(Avinguda de Sant Jaume, 42-52\u2013 Amposta)<\/p>\n<\/div><div class=\"fusion-sep-clear\"><\/div><div class=\"fusion-separator fusion-full-width-sep\" style=\"margin-left: auto;margin-right: auto;margin-top:35px;width:100%;\"><\/div><div class=\"fusion-sep-clear\"><\/div><iframe src=\"https:\/\/www.google.com\/maps\/embed?pb=!1m18!1m12!1m3!1d3024.345375151865!2d0.5836118513980618!3d40.71041284554733!2m3!1f0!2f0!3f0!3m2!1i1024!2i768!4f13.1!3m3!1m2!1s0x12a0fe714eae3c1d%3A0x59d94e57d06e627c!2sEspai%20Ebre%20KM0%20Amposta!5e0!3m2!1sca!2ses!4v1581077984982!5m2!1sca!2ses\" width=\"600\" height=\"450\" frameborder=\"0\" style=\"border:0;\" allowfullscreen=\"\"><\/iframe><\/div><\/div><div class=\"fusion-clearfix\"><\/div><\/div><\/div><div class=\"fusion-layout-column fusion_builder_column fusion-builder-column-17 fusion_builder_column_1_5 1_5 fusion-one-fifth\" style=\"--awb-bg-size:cover;--awb-margin-bottom:0px;width:20%;width:calc(20% - ( ( 4% + 4% + 4% + 4% ) * 0.2 ) );margin-right: 4%;\"><div class=\"fusion-column-wrapper fusion-column-has-shadow fusion-flex-column-wrapper-legacy\"><div class=\"fusion-column-content-centered\"><div class=\"fusion-column-content\"><div class=\"fusion-text fusion-text-18\"><p style=\"text-align: center;\"><strong>VILA-SECA<\/strong><br \/>\nAula 1.4. de la Facultat de Turisme i Geografia de la URV<br \/>\n(Joanot Martorell, 15 \u2013 Vila-seca)<\/p>\n<\/div><div class=\"fusion-sep-clear\"><\/div><div class=\"fusion-separator fusion-full-width-sep\" style=\"margin-left: auto;margin-right: auto;margin-top:40px;width:100%;\"><\/div><div class=\"fusion-sep-clear\"><\/div><div class=\"fusion-text fusion-text-19\"><p><iframe style=\"border: 0;\" src=\"https:\/\/www.google.com\/maps\/embed?pb=!1m14!1m8!1m3!1d12025.81656383597!2d1.147911!3d41.1027718!3m2!1i1024!2i768!4f13.1!3m3!1m2!1s0x0%3A0x3ba9bb7077c5ad3!2sFacultat%20de%20Turisme%20i%20Geografia%20-%20URV!5e0!3m2!1ses!2ses!4v1582111710873!5m2!1ses!2ses\" width=\"600\" height=\"450\" frameborder=\"0\" allowfullscreen=\"allowfullscreen\"><\/iframe><\/p>\n<\/div><\/div><\/div><div class=\"fusion-clearfix\"><\/div><\/div><\/div><div class=\"fusion-layout-column fusion_builder_column fusion-builder-column-18 fusion_builder_column_1_5 1_5 fusion-one-fifth\" style=\"--awb-bg-size:cover;--awb-margin-bottom:0px;width:20%;width:calc(20% - ( ( 4% + 4% + 4% + 4% ) * 0.2 ) );margin-right: 4%;\"><div class=\"fusion-column-wrapper fusion-column-has-shadow fusion-flex-column-wrapper-legacy\"><div class=\"fusion-column-content-centered\"><div class=\"fusion-column-content\"><div class=\"fusion-text fusion-text-20\"><p style=\"text-align: center;\"><strong>MANRESA<\/strong><br \/>\nSala d\u2019actes de la seu d\u2019Eurecat Manresa<br \/>\n(Pl. de la Ci\u00e8ncia, 2 &#8211; Manresa)<\/p>\n<\/div><div class=\"fusion-sep-clear\"><\/div><div class=\"fusion-separator fusion-full-width-sep\" style=\"margin-left: auto;margin-right: auto;margin-top:35px;width:100%;\"><\/div><div class=\"fusion-sep-clear\"><\/div><iframe src=\"https:\/\/www.google.com\/maps\/embed?pb=!1m14!1m8!1m3!1d1488.4939978812458!2d1.8483792!3d41.7423518!3m2!1i1024!2i768!4f13.1!3m3!1m2!1s0x12a4580a6e25555f%3A0x97b198b7469c1bc7!2sEurecat%20-%20Manresa!5e0!3m2!1sca!2ses!4v1580810027176!5m2!1sca!2ses\" width=\"600\" height=\"450\" frameborder=\"0\" style=\"border:0;\" allowfullscreen=\"\"><\/iframe><\/div><\/div><div class=\"fusion-clearfix\"><\/div><\/div><\/div><div class=\"fusion-layout-column fusion_builder_column fusion-builder-column-19 fusion_builder_column_1_5 1_5 fusion-one-fifth\" style=\"--awb-bg-size:cover;--awb-margin-bottom:0px;width:20%;width:calc(20% - ( ( 4% + 4% + 4% + 4% ) * 0.2 ) );margin-right: 4%;\"><div class=\"fusion-column-wrapper fusion-column-has-shadow fusion-flex-column-wrapper-legacy\"><div class=\"fusion-column-content-centered\"><div class=\"fusion-column-content\"><div class=\"fusion-text fusion-text-21\"><p style=\"text-align: center;\"><strong>LLEIDA<\/strong><br \/>\nFormat virtual<\/p>\n<\/div><\/div><\/div><div class=\"fusion-clearfix\"><\/div><\/div><\/div><div class=\"fusion-layout-column fusion_builder_column fusion-builder-column-20 fusion_builder_column_1_5 1_5 fusion-one-fifth fusion-column-last\" style=\"--awb-bg-size:cover;--awb-margin-bottom:0px;width:20%;width:calc(20% - ( ( 4% + 4% + 4% + 4% ) * 0.2 ) );\"><div class=\"fusion-column-wrapper fusion-column-has-shadow fusion-flex-column-wrapper-legacy\"><div class=\"fusion-column-content-centered\"><div class=\"fusion-column-content\"><div class=\"fusion-text fusion-text-22\"><p style=\"text-align: center;\"><strong>GIRONA<\/strong><br \/>\nFormat virtual<\/p>\n<\/div><div class=\"fusion-sep-clear\"><\/div><div class=\"fusion-separator fusion-full-width-sep\" style=\"margin-left: auto;margin-right: auto;margin-top:20px;width:100%;\"><\/div><div class=\"fusion-sep-clear\"><\/div><\/div><\/div><div class=\"fusion-clearfix\"><\/div><\/div><\/div><\/div><\/div>\n","protected":false},"excerpt":{"rendered":"","protected":false},"author":21,"featured_media":95788,"parent":2777,"menu_order":44,"comment_status":"closed","ping_status":"closed","template":"100-width.php","meta":{"footnotes":""},"class_list":["post-101832","page","type-page","status-publish","has-post-thumbnail","hentry"],"yoast_head":"<!-- This site is optimized with the Yoast SEO plugin v27.4 - https:\/\/yoast.com\/product\/yoast-seo-wordpress\/ -->\n<title>Taller \u2018DISSENY DE PRODUCTE: COM CREAR VALOR DINS DE L\u2019EXPERI\u00c8NCIA TUR\u00cdSTICA?\u2019 - Eurecat<\/title>\n<meta name=\"robots\" content=\"index, follow, max-snippet:-1, max-image-preview:large, max-video-preview:-1\" \/>\n<link rel=\"canonical\" href=\"https:\/\/eurecat.org\/es\/servicios\/eurecatevents\/taller-disseny-de-producte-com-crear-valor-dins-de-l-experiencia-turistica\/\" \/>\n<meta property=\"og:locale\" content=\"es_ES\" \/>\n<meta property=\"og:type\" content=\"article\" \/>\n<meta property=\"og:title\" content=\"Taller \u2018DISSENY DE PRODUCTE: COM CREAR VALOR DINS DE L\u2019EXPERI\u00c8NCIA TUR\u00cdSTICA?\u2019 - Eurecat\" \/>\n<meta property=\"og:url\" content=\"https:\/\/eurecat.org\/es\/servicios\/eurecatevents\/taller-disseny-de-producte-com-crear-valor-dins-de-l-experiencia-turistica\/\" \/>\n<meta property=\"og:site_name\" content=\"Eurecat\" \/>\n<meta property=\"article:modified_time\" content=\"2020-06-04T10:14:04+00:00\" \/>\n<meta property=\"og:image\" content=\"https:\/\/eurecat.org\/wp-content\/uploads\/2020\/02\/Imatge-destacada_site-v1.jpg\" \/>\n\t<meta property=\"og:image:width\" content=\"640\" \/>\n\t<meta property=\"og:image:height\" content=\"300\" \/>\n\t<meta property=\"og:image:type\" content=\"image\/jpeg\" \/>\n<meta name=\"twitter:card\" content=\"summary_large_image\" \/>\n<meta name=\"twitter:label1\" content=\"Tiempo de lectura\" \/>\n\t<meta name=\"twitter:data1\" content=\"28 minutos\" \/>\n<script type=\"application\/ld+json\" class=\"yoast-schema-graph\">{\"@context\":\"https:\\\/\\\/schema.org\",\"@graph\":[{\"@type\":\"WebPage\",\"@id\":\"https:\\\/\\\/eurecat.org\\\/es\\\/servicios\\\/eurecatevents\\\/taller-disseny-de-producte-com-crear-valor-dins-de-l-experiencia-turistica\\\/\",\"url\":\"https:\\\/\\\/eurecat.org\\\/es\\\/servicios\\\/eurecatevents\\\/taller-disseny-de-producte-com-crear-valor-dins-de-l-experiencia-turistica\\\/\",\"name\":\"Taller \u2018DISSENY DE PRODUCTE: COM CREAR VALOR DINS DE L\u2019EXPERI\u00c8NCIA TUR\u00cdSTICA?\u2019 - Eurecat\",\"isPartOf\":{\"@id\":\"https:\\\/\\\/eurecat.org\\\/es\\\/#website\"},\"primaryImageOfPage\":{\"@id\":\"https:\\\/\\\/eurecat.org\\\/es\\\/servicios\\\/eurecatevents\\\/taller-disseny-de-producte-com-crear-valor-dins-de-l-experiencia-turistica\\\/#primaryimage\"},\"image\":{\"@id\":\"https:\\\/\\\/eurecat.org\\\/es\\\/servicios\\\/eurecatevents\\\/taller-disseny-de-producte-com-crear-valor-dins-de-l-experiencia-turistica\\\/#primaryimage\"},\"thumbnailUrl\":\"https:\\\/\\\/eurecat.org\\\/wp-content\\\/uploads\\\/2020\\\/02\\\/Imatge-destacada_site-v1.jpg\",\"datePublished\":\"2020-06-04T10:09:38+00:00\",\"dateModified\":\"2020-06-04T10:14:04+00:00\",\"breadcrumb\":{\"@id\":\"https:\\\/\\\/eurecat.org\\\/es\\\/servicios\\\/eurecatevents\\\/taller-disseny-de-producte-com-crear-valor-dins-de-l-experiencia-turistica\\\/#breadcrumb\"},\"inLanguage\":\"es\",\"potentialAction\":[{\"@type\":\"ReadAction\",\"target\":[\"https:\\\/\\\/eurecat.org\\\/es\\\/servicios\\\/eurecatevents\\\/taller-disseny-de-producte-com-crear-valor-dins-de-l-experiencia-turistica\\\/\"]}]},{\"@type\":\"ImageObject\",\"inLanguage\":\"es\",\"@id\":\"https:\\\/\\\/eurecat.org\\\/es\\\/servicios\\\/eurecatevents\\\/taller-disseny-de-producte-com-crear-valor-dins-de-l-experiencia-turistica\\\/#primaryimage\",\"url\":\"https:\\\/\\\/eurecat.org\\\/wp-content\\\/uploads\\\/2020\\\/02\\\/Imatge-destacada_site-v1.jpg\",\"contentUrl\":\"https:\\\/\\\/eurecat.org\\\/wp-content\\\/uploads\\\/2020\\\/02\\\/Imatge-destacada_site-v1.jpg\",\"width\":640,\"height\":300},{\"@type\":\"BreadcrumbList\",\"@id\":\"https:\\\/\\\/eurecat.org\\\/es\\\/servicios\\\/eurecatevents\\\/taller-disseny-de-producte-com-crear-valor-dins-de-l-experiencia-turistica\\\/#breadcrumb\",\"itemListElement\":[{\"@type\":\"ListItem\",\"position\":1,\"name\":\"Inici\",\"item\":\"https:\\\/\\\/eurecat.org\\\/es\\\/\"},{\"@type\":\"ListItem\",\"position\":2,\"name\":\"Actividades\",\"item\":\"https:\\\/\\\/eurecat.org\\\/es\\\/servicios\\\/\"},{\"@type\":\"ListItem\",\"position\":3,\"name\":\"Esdeveniments Eurecat\",\"item\":\"https:\\\/\\\/eurecat.org\\\/es\\\/servicios\\\/eurecatevents\\\/\"},{\"@type\":\"ListItem\",\"position\":4,\"name\":\"Taller \u2018DISSENY DE PRODUCTE: COM CREAR VALOR DINS DE L\u2019EXPERI\u00c8NCIA TUR\u00cdSTICA?\u2019\"}]},{\"@type\":\"WebSite\",\"@id\":\"https:\\\/\\\/eurecat.org\\\/es\\\/#website\",\"url\":\"https:\\\/\\\/eurecat.org\\\/es\\\/\",\"name\":\"Eurecat\",\"description\":\"Otro sitio realizado con WordPress\",\"potentialAction\":[{\"@type\":\"SearchAction\",\"target\":{\"@type\":\"EntryPoint\",\"urlTemplate\":\"https:\\\/\\\/eurecat.org\\\/es\\\/?s={search_term_string}\"},\"query-input\":{\"@type\":\"PropertyValueSpecification\",\"valueRequired\":true,\"valueName\":\"search_term_string\"}}],\"inLanguage\":\"es\"}]}<\/script>\n<!-- \/ Yoast SEO plugin. -->","yoast_head_json":{"title":"Taller \u2018DISSENY DE PRODUCTE: COM CREAR VALOR DINS DE L\u2019EXPERI\u00c8NCIA TUR\u00cdSTICA?\u2019 - Eurecat","robots":{"index":"index","follow":"follow","max-snippet":"max-snippet:-1","max-image-preview":"max-image-preview:large","max-video-preview":"max-video-preview:-1"},"canonical":"https:\/\/eurecat.org\/es\/servicios\/eurecatevents\/taller-disseny-de-producte-com-crear-valor-dins-de-l-experiencia-turistica\/","og_locale":"es_ES","og_type":"article","og_title":"Taller \u2018DISSENY DE PRODUCTE: COM CREAR VALOR DINS DE L\u2019EXPERI\u00c8NCIA TUR\u00cdSTICA?\u2019 - Eurecat","og_url":"https:\/\/eurecat.org\/es\/servicios\/eurecatevents\/taller-disseny-de-producte-com-crear-valor-dins-de-l-experiencia-turistica\/","og_site_name":"Eurecat","article_modified_time":"2020-06-04T10:14:04+00:00","og_image":[{"width":640,"height":300,"url":"https:\/\/eurecat.org\/wp-content\/uploads\/2020\/02\/Imatge-destacada_site-v1.jpg","type":"image\/jpeg"}],"twitter_card":"summary_large_image","twitter_misc":{"Tiempo de lectura":"28 minutos"},"schema":{"@context":"https:\/\/schema.org","@graph":[{"@type":"WebPage","@id":"https:\/\/eurecat.org\/es\/servicios\/eurecatevents\/taller-disseny-de-producte-com-crear-valor-dins-de-l-experiencia-turistica\/","url":"https:\/\/eurecat.org\/es\/servicios\/eurecatevents\/taller-disseny-de-producte-com-crear-valor-dins-de-l-experiencia-turistica\/","name":"Taller \u2018DISSENY DE PRODUCTE: COM CREAR VALOR DINS DE L\u2019EXPERI\u00c8NCIA TUR\u00cdSTICA?\u2019 - Eurecat","isPartOf":{"@id":"https:\/\/eurecat.org\/es\/#website"},"primaryImageOfPage":{"@id":"https:\/\/eurecat.org\/es\/servicios\/eurecatevents\/taller-disseny-de-producte-com-crear-valor-dins-de-l-experiencia-turistica\/#primaryimage"},"image":{"@id":"https:\/\/eurecat.org\/es\/servicios\/eurecatevents\/taller-disseny-de-producte-com-crear-valor-dins-de-l-experiencia-turistica\/#primaryimage"},"thumbnailUrl":"https:\/\/eurecat.org\/wp-content\/uploads\/2020\/02\/Imatge-destacada_site-v1.jpg","datePublished":"2020-06-04T10:09:38+00:00","dateModified":"2020-06-04T10:14:04+00:00","breadcrumb":{"@id":"https:\/\/eurecat.org\/es\/servicios\/eurecatevents\/taller-disseny-de-producte-com-crear-valor-dins-de-l-experiencia-turistica\/#breadcrumb"},"inLanguage":"es","potentialAction":[{"@type":"ReadAction","target":["https:\/\/eurecat.org\/es\/servicios\/eurecatevents\/taller-disseny-de-producte-com-crear-valor-dins-de-l-experiencia-turistica\/"]}]},{"@type":"ImageObject","inLanguage":"es","@id":"https:\/\/eurecat.org\/es\/servicios\/eurecatevents\/taller-disseny-de-producte-com-crear-valor-dins-de-l-experiencia-turistica\/#primaryimage","url":"https:\/\/eurecat.org\/wp-content\/uploads\/2020\/02\/Imatge-destacada_site-v1.jpg","contentUrl":"https:\/\/eurecat.org\/wp-content\/uploads\/2020\/02\/Imatge-destacada_site-v1.jpg","width":640,"height":300},{"@type":"BreadcrumbList","@id":"https:\/\/eurecat.org\/es\/servicios\/eurecatevents\/taller-disseny-de-producte-com-crear-valor-dins-de-l-experiencia-turistica\/#breadcrumb","itemListElement":[{"@type":"ListItem","position":1,"name":"Inici","item":"https:\/\/eurecat.org\/es\/"},{"@type":"ListItem","position":2,"name":"Actividades","item":"https:\/\/eurecat.org\/es\/servicios\/"},{"@type":"ListItem","position":3,"name":"Esdeveniments Eurecat","item":"https:\/\/eurecat.org\/es\/servicios\/eurecatevents\/"},{"@type":"ListItem","position":4,"name":"Taller \u2018DISSENY DE PRODUCTE: COM CREAR VALOR DINS DE L\u2019EXPERI\u00c8NCIA TUR\u00cdSTICA?\u2019"}]},{"@type":"WebSite","@id":"https:\/\/eurecat.org\/es\/#website","url":"https:\/\/eurecat.org\/es\/","name":"Eurecat","description":"Otro sitio realizado con WordPress","potentialAction":[{"@type":"SearchAction","target":{"@type":"EntryPoint","urlTemplate":"https:\/\/eurecat.org\/es\/?s={search_term_string}"},"query-input":{"@type":"PropertyValueSpecification","valueRequired":true,"valueName":"search_term_string"}}],"inLanguage":"es"}]}},"_links":{"self":[{"href":"https:\/\/eurecat.org\/es\/wp-json\/wp\/v2\/pages\/101832","targetHints":{"allow":["GET"]}}],"collection":[{"href":"https:\/\/eurecat.org\/es\/wp-json\/wp\/v2\/pages"}],"about":[{"href":"https:\/\/eurecat.org\/es\/wp-json\/wp\/v2\/types\/page"}],"author":[{"embeddable":true,"href":"https:\/\/eurecat.org\/es\/wp-json\/wp\/v2\/users\/21"}],"replies":[{"embeddable":true,"href":"https:\/\/eurecat.org\/es\/wp-json\/wp\/v2\/comments?post=101832"}],"version-history":[{"count":0,"href":"https:\/\/eurecat.org\/es\/wp-json\/wp\/v2\/pages\/101832\/revisions"}],"up":[{"embeddable":true,"href":"https:\/\/eurecat.org\/es\/wp-json\/wp\/v2\/pages\/2777"}],"wp:featuredmedia":[{"embeddable":true,"href":"https:\/\/eurecat.org\/es\/wp-json\/wp\/v2\/media\/95788"}],"wp:attachment":[{"href":"https:\/\/eurecat.org\/es\/wp-json\/wp\/v2\/media?parent=101832"}],"curies":[{"name":"wp","href":"https:\/\/api.w.org\/{rel}","templated":true}]}}