{"id":104208,"date":"2020-08-25T07:25:44","date_gmt":"2020-08-25T07:25:44","guid":{"rendered":"https:\/\/eurecat.org\/?page_id=104208"},"modified":"2020-10-27T08:23:20","modified_gmt":"2020-10-27T08:23:20","slug":"seminario-online-el-futuro-de_los-wearables","status":"publish","type":"page","link":"https:\/\/eurecat.org\/es\/servicios\/eurecatevents\/seminario-online-el-futuro-de_los-wearables\/","title":{"rendered":"Seminario online: El futuro de los wearables. C\u00f3mo el dise\u00f1o y los nuevos materiales pueden aportar valor a los wearables del futuro"},"content":{"rendered":"<div class=\"fusion-fullwidth fullwidth-box fusion-builder-row-1 nonhundred-percent-fullwidth non-hundred-percent-height-scrolling\" style=\"--awb-border-radius-top-left:0px;--awb-border-radius-top-right:0px;--awb-border-radius-bottom-right:0px;--awb-border-radius-bottom-left:0px;--awb-padding-top:20px;--awb-padding-bottom:20px;--awb-flex-wrap:wrap;\" ><div class=\"fusion-builder-row fusion-row\"><div class=\"fusion-layout-column fusion_builder_column fusion-builder-column-0 fusion_builder_column_1_1 1_1 fusion-one-full fusion-column-first fusion-column-last\" style=\"--awb-padding-top:0px;--awb-padding-bottom:10px;--awb-bg-size:cover;--awb-margin-top:10px;--awb-margin-bottom:10px;\"><div class=\"fusion-column-wrapper fusion-column-has-shadow fusion-flex-column-wrapper-legacy\"><div class=\"fusion-text fusion-text-1\"><h1 style=\"text-align: center;\"><strong><span style=\"color: #662483;\">SEMINARIO ONLINE<br \/>\nEl futuro de los wearables: C\u00f3mo el dise\u00f1o y los nuevos materiales<br \/>\npueden aportar valor a los wearables del futuro<\/span><\/strong><strong><span style=\"color: #3d6fb6;\"><br \/>\n<\/span><\/strong><\/h1>\n<\/div><div class=\"fusion-clearfix\"><\/div><\/div><\/div><div class=\"fusion-layout-column fusion_builder_column fusion-builder-column-1 fusion_builder_column_1_2 1_2 fusion-one-half fusion-column-first\" style=\"--awb-padding-top:0px;--awb-padding-bottom:30px;--awb-bg-size:cover;--awb-margin-top:20px;width:50%;width:calc(50% - ( ( 4% ) * 0.5 ) );margin-right: 4%;\"><div class=\"fusion-column-wrapper fusion-column-has-shadow fusion-flex-column-wrapper-legacy\"><div class=\"fusion-column-content-centered\"><div class=\"fusion-column-content\"><div class=\"fusion-image-element in-legacy-container\" style=\"--awb-margin-right:20px;--awb-caption-title-font-family:var(--h2_typography-font-family);--awb-caption-title-font-weight:var(--h2_typography-font-weight);--awb-caption-title-font-style:var(--h2_typography-font-style);--awb-caption-title-size:var(--h2_typography-font-size);--awb-caption-title-transform:var(--h2_typography-text-transform);--awb-caption-title-line-height:var(--h2_typography-line-height);--awb-caption-title-letter-spacing:var(--h2_typography-letter-spacing);\"><span class=\" fusion-imageframe imageframe-none imageframe-1 hover-type-none\"><img decoding=\"async\" width=\"570\" height=\"230\" title=\"HEADER2-cast\" src=\"https:\/\/eurecat.org\/wp-content\/uploads\/2020\/10\/HEADER2-cast.jpg\" alt class=\"img-responsive wp-image-106345\" srcset=\"https:\/\/eurecat.org\/wp-content\/uploads\/2020\/10\/HEADER2-cast-200x81.jpg 200w, https:\/\/eurecat.org\/wp-content\/uploads\/2020\/10\/HEADER2-cast-400x161.jpg 400w, https:\/\/eurecat.org\/wp-content\/uploads\/2020\/10\/HEADER2-cast.jpg 570w\" sizes=\"(max-width: 800px) 100vw, 570px\" \/><\/span><\/div><\/div><\/div><div class=\"fusion-clearfix\"><\/div><\/div><\/div><div class=\"fusion-layout-column fusion_builder_column fusion-builder-column-2 fusion_builder_column_1_2 1_2 fusion-one-half fusion-column-last\" style=\"--awb-padding-top:0px;--awb-padding-bottom:30px;--awb-bg-size:cover;--awb-margin-top:20px;width:50%;width:calc(50% - ( ( 4% ) * 0.5 ) );\"><div class=\"fusion-column-wrapper fusion-column-has-shadow fusion-flex-column-wrapper-legacy\"><div class=\"fusion-text fusion-text-2\"><h1 style=\"text-align: center;\"><strong><span style=\"color: #662483;\">28 octubre 2020<br \/>\nde 10h a 12:20h<br \/>\n<\/span><\/strong><\/h1>\n<\/div><div class=\"fusion-clearfix\"><\/div><\/div><\/div><\/div><\/div><div class=\"fusion-fullwidth fullwidth-box fusion-builder-row-2 fusion-parallax-none hundred-percent-fullwidth non-hundred-percent-height-scrolling\" style=\"--awb-border-radius-top-left:0px;--awb-border-radius-top-right:0px;--awb-border-radius-bottom-right:0px;--awb-border-radius-bottom-left:0px;--awb-padding-top:220px;--awb-padding-bottom:220px;--awb-background-image:url(&quot;https:\/\/eurecat.org\/wp-content\/uploads\/2020\/08\/imatgecapweb_def.jpg&quot;);--awb-background-size:cover;--awb-flex-wrap:wrap;\" ><div class=\"fusion-builder-row fusion-row\"><div class=\"fusion-layout-column fusion_builder_column fusion-builder-column-3 fusion_builder_column_1_1 1_1 fusion-one-full fusion-column-first fusion-column-last\" style=\"--awb-padding-top:0px;--awb-padding-bottom:10px;--awb-bg-size:cover;--awb-margin-top:10px;--awb-margin-bottom:10px;\"><div class=\"fusion-column-wrapper fusion-column-has-shadow fusion-flex-column-wrapper-legacy\"><div class=\"fusion-clearfix\"><\/div><\/div><\/div><\/div><\/div><div class=\"fusion-fullwidth fullwidth-box fusion-builder-row-3 nonhundred-percent-fullwidth non-hundred-percent-height-scrolling\" style=\"--awb-border-radius-top-left:0px;--awb-border-radius-top-right:0px;--awb-border-radius-bottom-right:0px;--awb-border-radius-bottom-left:0px;--awb-padding-top:20px;--awb-padding-bottom:20px;--awb-flex-wrap:wrap;\" ><div class=\"fusion-builder-row fusion-row\"><div class=\"fusion-layout-column fusion_builder_column fusion-builder-column-4 fusion_builder_column_2_3 2_3 fusion-two-third fusion-column-first\" style=\"--awb-padding-top:0px;--awb-padding-bottom:30px;--awb-bg-size:cover;--awb-margin-top:20px;width:66.666666666667%;width:calc(66.666666666667% - ( ( 4% ) * 0.66666666666667 ) );margin-right: 4%;\"><div class=\"fusion-column-wrapper fusion-column-has-shadow fusion-flex-column-wrapper-legacy\"><div class=\"fusion-sep-clear\"><\/div><div class=\"fusion-separator fusion-full-width-sep\" style=\"margin-left: auto;margin-right: auto;width:100%;\"><\/div><div class=\"fusion-sep-clear\"><\/div><div class=\"fusion-text fusion-text-3\"><h3>Espa\u00f1a es el segundo pa\u00eds con mayor utilizaci\u00f3n de dispositivos wearables y la utilidad de estos art\u00edculos no se limita a la salud y la actividad f\u00edsica para los consumidores. Tambi\u00e9n aumentan la productividad empresarial. La visi\u00f3n de los dise\u00f1adores, el feedback de las experiencias de usuario y el uso de materiales sostenibles van a determinar que el futuro de los wearables sea una realidad a corto plazo.<\/h3>\n<h3><strong>Eurecat<\/strong> junto con el <strong>Cl\u00faster Functional Print<\/strong> y la <strong>Plataforma 3NEO<\/strong>, organizan este seminario orientado a fomentar la innovaci\u00f3n y el desarrollo tecnol\u00f3gico entre las empresas del \u00e1mbito de la impresi\u00f3n avanzada y wearables, start-ups y dise\u00f1adores para dar respuesta a diferentes retos de la sociedad.<\/h3>\n<h3>El objetivo es <strong>identificar oportunidades de mercado<\/strong>, en cuanto a productos y aplicaciones concretas, que el sector de electr\u00f3nica impresa pueda ofrecer al sector de los gadgets y wearables d\u00f3nde se necesite electr\u00f3nica flexible customizada a medida y an\u00e1lisis de datos recogidos durante su uso.<\/h3>\n<\/div><div class=\"fusion-sep-clear\"><\/div><div class=\"fusion-separator fusion-full-width-sep\" style=\"margin-left: auto;margin-right: auto;width:100%;\"><\/div><div class=\"fusion-sep-clear\"><\/div><div class=\"fusion-text fusion-text-4\"><h3><span style=\"color: #662483;\"><strong>A QUI\u00c9N EST\u00c1 DIRIGIDO:<\/strong><\/span><\/h3>\n<ul>\n<li>\n<h3>Gerentes<\/h3>\n<\/li>\n<li>\n<h3>Directores de I+D<\/h3>\n<\/li>\n<li>\n<h3>Directores T\u00e9cnicos con alta proactividad y ganas de innovar y diversificar en \u00e1reas de futuro.<\/h3>\n<\/li>\n<li>\n<h3>Dise\u00f1adores<\/h3>\n<\/li>\n<\/ul>\n<\/div><div class=\"fusion-sep-clear\"><\/div><div class=\"fusion-separator fusion-full-width-sep\" style=\"margin-left: auto;margin-right: auto;width:100%;\"><\/div><div class=\"fusion-sep-clear\"><\/div><div class=\"fusion-clearfix\"><\/div><\/div><\/div><div class=\"fusion-layout-column fusion_builder_column fusion-builder-column-5 fusion_builder_column_1_3 1_3 fusion-one-third fusion-column-last\" style=\"--awb-padding-top:0px;--awb-padding-bottom:30px;--awb-bg-size:cover;--awb-margin-top:20px;width:33.333333333333%;width:calc(33.333333333333% - ( ( 4% ) * 0.33333333333333 ) );\"><div class=\"fusion-column-wrapper fusion-column-has-shadow fusion-flex-column-wrapper-legacy\"><div class=\"fusion-sep-clear\"><\/div><div class=\"fusion-separator fusion-full-width-sep\" style=\"margin-left: auto;margin-right: auto;width:100%;\"><\/div><div class=\"fusion-sep-clear\"><\/div><div class=\"fusion-sep-clear\"><\/div><div class=\"fusion-separator fusion-full-width-sep\" style=\"margin-left: auto;margin-right: auto;width:100%;\"><\/div><div class=\"fusion-sep-clear\"><\/div><div class=\"fusion-sep-clear\"><\/div><div class=\"fusion-separator fusion-full-width-sep\" style=\"margin-left: auto;margin-right: auto;width:100%;\"><\/div><div class=\"fusion-sep-clear\"><\/div><div class=\"fusion-sep-clear\"><\/div><div class=\"fusion-separator fusion-full-width-sep\" style=\"margin-left: auto;margin-right: auto;width:100%;\"><\/div><div class=\"fusion-sep-clear\"><\/div><div class=\"fusion-button-wrapper fusion-alignleft\"><a class=\"fusion-button button-flat fusion-button-default-size button-default fusion-button-default button-1 fusion-button-default-span fusion-button-default-type\" target=\"_self\" href=\"https:\/\/www.tfaforms.com\/4846743\"><span class=\"fusion-button-text awb-button__text awb-button__text--default\">INSCR\u00cdBETE<\/span><\/a><\/div><div class=\"fusion-sep-clear\"><\/div><div class=\"fusion-separator fusion-full-width-sep\" style=\"margin-left: auto;margin-right: auto;width:100%;\"><\/div><div class=\"fusion-sep-clear\"><\/div><div class=\"fusion-sep-clear\"><\/div><div class=\"fusion-separator fusion-full-width-sep\" style=\"margin-left: auto;margin-right: auto;width:100%;\"><\/div><div class=\"fusion-sep-clear\"><\/div><div class=\"fusion-sep-clear\"><\/div><div class=\"fusion-separator fusion-full-width-sep\" style=\"margin-left: auto;margin-right: auto;width:100%;\"><\/div><div class=\"fusion-sep-clear\"><\/div><div class=\"fusion-sep-clear\"><\/div><div class=\"fusion-separator fusion-full-width-sep\" style=\"margin-left: auto;margin-right: auto;width:100%;\"><\/div><div class=\"fusion-sep-clear\"><\/div><div class=\"fusion-button-wrapper fusion-alignleft\"><a class=\"fusion-button button-flat fusion-button-default-size button-default fusion-button-default button-2 fusion-button-default-span fusion-button-default-type\" target=\"_self\" href=\"https:\/\/cdn.eurecat.org\/\/PDF\/JORNADAS2020\/jornada-wearables-28oct\/programa_cast.pdf\"><span class=\"fusion-button-text awb-button__text awb-button__text--default\">Programa pdf<\/span><\/a><\/div><div class=\"fusion-clearfix\"><\/div><\/div><\/div><\/div><\/div><div class=\"fusion-fullwidth fullwidth-box fusion-builder-row-4 nonhundred-percent-fullwidth non-hundred-percent-height-scrolling\" style=\"--awb-border-radius-top-left:0px;--awb-border-radius-top-right:0px;--awb-border-radius-bottom-right:0px;--awb-border-radius-bottom-left:0px;--awb-padding-bottom:20px;--awb-background-color:#3d6fb6;--awb-flex-wrap:wrap;\" ><div class=\"fusion-builder-row fusion-row\"><div class=\"fusion-layout-column fusion_builder_column fusion-builder-column-6 fusion_builder_column_1_1 1_1 fusion-one-full fusion-column-first fusion-column-last\" style=\"--awb-padding-top:30px;--awb-bg-size:cover;\"><div class=\"fusion-column-wrapper fusion-column-has-shadow fusion-flex-column-wrapper-legacy\"><div class=\"fusion-text fusion-text-5\"><h2 style=\"text-align: center;\"><span style=\"color: #ffffff;\"><strong>AGENDA<\/strong><\/span><\/h2>\n<\/div><div class=\"fusion-clearfix\"><\/div><\/div><\/div><\/div><\/div><div class=\"fusion-fullwidth fullwidth-box fusion-builder-row-5 nonhundred-percent-fullwidth non-hundred-percent-height-scrolling\" style=\"--awb-border-radius-top-left:0px;--awb-border-radius-top-right:0px;--awb-border-radius-bottom-right:0px;--awb-border-radius-bottom-left:0px;--awb-padding-top:20px;--awb-padding-right:50px;--awb-padding-bottom:10px;--awb-padding-left:50px;--awb-flex-wrap:wrap;\" ><div class=\"fusion-builder-row fusion-row\"><div class=\"fusion-layout-column fusion_builder_column fusion-builder-column-7 fusion_builder_column_1_2 1_2 fusion-one-half fusion-column-first\" style=\"--awb-padding-right:20px;--awb-bg-color:#ffffff;--awb-bg-color-hover:#ffffff;--awb-bg-size:cover;--awb-border-color:#3d6fb6;--awb-border-right:1px;--awb-border-style:solid;width:50%;width:calc(50% - ( ( 4% ) * 0.5 ) );margin-right: 4%;\"><div class=\"fusion-column-wrapper fusion-column-has-shadow fusion-flex-column-wrapper-legacy\"><div class=\"fusion-text fusion-text-6\"><h3><strong>Presenta y modera: <\/strong><\/h3>\n<p><b>Cristina <\/b><b>Casellas, <\/b><i>Promotora <\/i><i>tecnol\u00f3gica<\/i> <em>de la Unidad de<\/em> <i>Functional<\/i> <i>Printing<\/i><i> &amp; <\/i><i>Embedded<\/i> <i>Devices<\/i><i>. <\/i><strong>EURECAT<\/strong><\/p>\n<\/div><div class=\"fusion-text fusion-text-7\"><h3><span style=\"color: #3d6fb6;\"><strong>10:00h<\/strong><\/span><\/h3>\n<\/div><div class=\"fusion-text fusion-text-8\"><h3><strong>Bienvenida e introducci\u00f3n de la jornada. Retos de la sociedad.<br \/>\n<\/strong><\/h3>\n<p><strong>&#8211; Susana Barasoain Arrondo, <\/strong><em>Cluster Manager.<\/em><strong>Functional Print Cluster |Plataforma Tecnol\u00f3gica Espa\u00f1ola de Impresi\u00f3n Avanzada 3NEO<\/strong><\/p>\n<p><strong>-Laura Cl\u00e8ries, <\/strong><em>Director of Elisava Research | Project Lead @materialdesigners.org\u00a0 |Director of Master in Design through New Materials | Co-editor@visions-by.com. <\/em><strong>ELISAVA Barcelona School of Design &amp; Engineering<\/strong><\/p>\n<\/div><div class=\"fusion-text fusion-text-9\"><h3><span style=\"color: #3d6fb6;\"><strong>10:30h<\/strong><\/span><\/h3>\n<\/div><div class=\"fusion-text fusion-text-10\"><h3><strong>Mirada del dise\u00f1o para una producci\u00f3n y un consumo m\u00e1s sostenibles.<\/strong><\/h3>\n<p><strong>Ernest Perera<\/strong>, <em>Founder &amp; Chief Designer.<\/em> <strong>ERNEST PERERA DESIGN STUDIO | AMOR DE MADRE<\/strong><\/p>\n<\/div><div class=\"fusion-text fusion-text-11\"><h3><span style=\"color: #3d6fb6;\"><strong>10:50h<\/strong><\/span><\/h3>\n<\/div><div class=\"fusion-text fusion-text-12\"><h3><strong>Bater\u00edas sostenibles para aplicaciones de un solo uso.<br \/>\n<\/strong><\/h3>\n<p><strong>Juan Pablo Esquivel,<\/strong> <em>Cient\u00edfico Titular , Co-fundador &amp; Asesor cient\u00edfico.<\/em> <strong>IMB-CNM (CSIC) | FUELIM<\/strong><\/p>\n<\/div><div class=\"fusion-clearfix\"><\/div><\/div><\/div><div class=\"fusion-layout-column fusion_builder_column fusion-builder-column-8 fusion_builder_column_1_2 1_2 fusion-one-half fusion-column-last\" style=\"--awb-padding-right:10px;--awb-bg-size:cover;--awb-border-color:#ffffff;--awb-border-right:1px;--awb-border-style:solid;width:50%;width:calc(50% - ( ( 4% ) * 0.5 ) );\"><div class=\"fusion-column-wrapper fusion-column-has-shadow fusion-flex-column-wrapper-legacy\"><div class=\"fusion-text fusion-text-13\"><h3><span style=\"color: #3d6fb6;\"><strong>11:10h<\/strong><\/span><\/h3>\n<\/div><div class=\"fusion-text fusion-text-14\"><h3><strong>Wearables para detecci\u00f3n y monitorizaci\u00f3n fatiga deportistas.<\/strong><\/h3>\n<p><strong><strong>Jaime Punter, <\/strong><\/strong><em>CTO.<\/em><strong><strong> ONALABS<\/strong><\/strong><\/p>\n<\/div><div class=\"fusion-text fusion-text-15\"><h3><span style=\"color: #3d6fb6;\"><strong>11:30h<\/strong><\/span><\/h3>\n<\/div><div class=\"fusion-text fusion-text-16\"><h3><strong>E-glove guante inteligente para rehabilitaci\u00f3n pacientes hospitales.<\/strong><\/h3>\n<p><strong>Maziar Ahmadi, <\/strong><em>Co-founder<\/em>. <strong>IMAZTech.<\/strong><\/p>\n<\/div><div class=\"fusion-text fusion-text-17\"><h3><span style=\"color: #3d6fb6;\"><strong>11:50h<\/strong><\/span><\/h3>\n<\/div><div class=\"fusion-text fusion-text-18\"><h3><strong>Electr\u00f3nica flexible para los wearables del futuro. SmartEEs.<\/strong><\/h3>\n<p><b>Cristina <\/b><b>Casellas, <\/b><i>Promotora <\/i><i>tecnol\u00f3gica<\/i> <em>de la Unidad de<\/em> <i>Functional<\/i> <i>Printing<\/i><i> &amp; <\/i><i>Embedded<\/i> <i>Devices<\/i><i>. <\/i><strong>EURECAT<\/strong><b><\/b><\/p>\n<\/div><div class=\"fusion-text fusion-text-19\"><h3><span style=\"color: #3d6fb6;\"><strong>12:10h<\/strong><\/span><\/h3>\n<\/div><div class=\"fusion-text fusion-text-20\"><h3><strong>Turno de preguntas y respuestas.<\/strong><\/h3>\n<\/div><div class=\"fusion-text fusion-text-21\"><h3><span style=\"color: #3d6fb6;\"><strong>12:20h<\/strong><\/span><\/h3>\n<\/div><div class=\"fusion-text fusion-text-22\"><h3><strong>Fin de la jornada.<\/strong><\/h3>\n<\/div><div class=\"fusion-clearfix\"><\/div><\/div><\/div><\/div><\/div><div class=\"fusion-fullwidth fullwidth-box fusion-builder-row-6 nonhundred-percent-fullwidth non-hundred-percent-height-scrolling\" style=\"--awb-border-radius-top-left:0px;--awb-border-radius-top-right:0px;--awb-border-radius-bottom-right:0px;--awb-border-radius-bottom-left:0px;--awb-padding-top:10px;--awb-padding-bottom:10px;--awb-background-color:#3d6fb6;--awb-flex-wrap:wrap;\" ><div class=\"fusion-builder-row fusion-row\"><div class=\"fusion-layout-column fusion_builder_column fusion-builder-column-9 fusion_builder_column_1_1 1_1 fusion-one-full fusion-column-first fusion-column-last\" style=\"--awb-bg-size:cover;\"><div class=\"fusion-column-wrapper fusion-column-has-shadow fusion-flex-column-wrapper-legacy\"><div class=\"fusion-text fusion-text-23\"><h2><\/h2>\n<h2 style=\"text-align: center;\"><strong><span style=\"color: #ffffff;\">PONENTES <\/span><\/strong><\/h2>\n<\/div><div class=\"fusion-clearfix\"><\/div><\/div><\/div><\/div><\/div><div class=\"fusion-fullwidth fullwidth-box fusion-builder-row-7 nonhundred-percent-fullwidth non-hundred-percent-height-scrolling\" style=\"--awb-border-radius-top-left:0px;--awb-border-radius-top-right:0px;--awb-border-radius-bottom-right:0px;--awb-border-radius-bottom-left:0px;--awb-padding-top:10px;--awb-padding-bottom:10px;--awb-margin-top:20px;--awb-background-color:#ffffff;--awb-flex-wrap:wrap;\" ><div class=\"fusion-builder-row fusion-row\"><div class=\"fusion-layout-column fusion_builder_column fusion-builder-column-10 fusion_builder_column_1_5 1_5 fusion-one-fifth fusion-column-first\" style=\"--awb-bg-size:cover;width:20%;width:calc(20% - ( ( 4% ) * 0.2 ) );margin-right: 4%;\"><div class=\"fusion-column-wrapper fusion-column-has-shadow fusion-flex-column-wrapper-legacy\"><div class=\"fusion-image-element in-legacy-container\" style=\"--awb-max-width:200px;--awb-caption-title-font-family:var(--h2_typography-font-family);--awb-caption-title-font-weight:var(--h2_typography-font-weight);--awb-caption-title-font-style:var(--h2_typography-font-style);--awb-caption-title-size:var(--h2_typography-font-size);--awb-caption-title-transform:var(--h2_typography-text-transform);--awb-caption-title-line-height:var(--h2_typography-line-height);--awb-caption-title-letter-spacing:var(--h2_typography-letter-spacing);\"><span class=\" fusion-imageframe imageframe-none imageframe-2 hover-type-none\"><img decoding=\"async\" width=\"200\" height=\"158\" title=\"suana-barasoain_web\" src=\"https:\/\/eurecat.org\/wp-content\/uploads\/2020\/09\/suana-barasoain_web.jpg\" alt class=\"img-responsive wp-image-105706\"\/><\/span><\/div><div class=\"fusion-clearfix\"><\/div><\/div><\/div><div class=\"fusion-layout-column fusion_builder_column fusion-builder-column-11 fusion_builder_column_4_5 4_5 fusion-four-fifth fusion-column-last\" style=\"--awb-bg-size:cover;width:80%;width:calc(80% - ( ( 4% ) * 0.8 ) );\"><div class=\"fusion-column-wrapper fusion-column-has-shadow fusion-flex-column-wrapper-legacy\"><div class=\"fusion-text fusion-text-24\"><p><strong><span style=\"color: #662483;\">Susana Barasoain, Cluster Manager del Functional Print Cluster y de la Plataforma Tecnol\u00f3gica 3NEO<br \/>\n<a href=\"http:\/\/functionalprint.com\/\">FUNCTIONAL PRINT CLUSTER<\/a> |\u00a0 <a href=\"http:\/\/www.3neo.org\/\">PLATAFORMA TECNOL\u00d3GICA 3NEO<\/a><\/span><\/strong><\/p>\n<p><strong>Susana Barasoain<\/strong> es licenciada en Derecho por la Universidad de Navarra y Master in European Business por la EAP \u2013 ESCP Business School (Par\u00eds \u2013 Madrid). Posee amplia experiencia en Coordinaci\u00f3n, Gesti\u00f3n Empresarial y Direcci\u00f3n de proyectos.<\/p>\n<p>Durante m\u00e1s de 7 a\u00f1os gestion\u00f3 planes de estrategia e impulso comercial de marcas de calzado en el Reino Unido y posteriormente deriv\u00f3 a la gesti\u00f3n de proyectos en Modacc, el Cl\u00faster de la Moda de Catalunya, durante m\u00e1s de 8 a\u00f1os.<\/p>\n<p>Actualmente desarrolla tareas de Cluster Manager en el Cluster Functional Print que a su vez gestiona la gerencia de la Plataforma Tecnol\u00f3gica 3NEO, dos entidades de \u00e1mbito estatal dedicadas a la promoci\u00f3n y el desarrollo de las Tecnolog\u00edas De La Impresi\u00f3n Avanzada que gestionan fundamentalmente 4 \u00e1reas: Electr\u00f3nica Impresa, impresi\u00f3n biofuncional, Smart packaging e hibridaci\u00f3n 2D\/3D, siempre enfocadas a los principales mercados de actuaci\u00f3n: Automoci\u00f3n, Electr\u00f3nica de Consumo, Salud, Energ\u00eda y Agroalimentaci\u00f3n.<\/p>\n<\/div><div class=\"fusion-clearfix\"><\/div><\/div><\/div><div class=\"fusion-layout-column fusion_builder_column fusion-builder-column-12 fusion_builder_column_1_5 1_5 fusion-one-fifth fusion-column-first\" style=\"--awb-bg-size:cover;width:20%;width:calc(20% - ( ( 4% ) * 0.2 ) );margin-right: 4%;\"><div class=\"fusion-column-wrapper fusion-column-has-shadow fusion-flex-column-wrapper-legacy\"><div class=\"fusion-image-element in-legacy-container\" style=\"--awb-max-width:200px;--awb-caption-title-font-family:var(--h2_typography-font-family);--awb-caption-title-font-weight:var(--h2_typography-font-weight);--awb-caption-title-font-style:var(--h2_typography-font-style);--awb-caption-title-size:var(--h2_typography-font-size);--awb-caption-title-transform:var(--h2_typography-text-transform);--awb-caption-title-line-height:var(--h2_typography-line-height);--awb-caption-title-letter-spacing:var(--h2_typography-letter-spacing);\"><span class=\" fusion-imageframe imageframe-none imageframe-3 hover-type-none\"><img decoding=\"async\" width=\"200\" height=\"158\" title=\"laura_cleries_web\" src=\"https:\/\/eurecat.org\/wp-content\/uploads\/2020\/09\/laura_cleries_web.jpg\" alt class=\"img-responsive wp-image-105564\"\/><\/span><\/div><div class=\"fusion-clearfix\"><\/div><\/div><\/div><div class=\"fusion-layout-column fusion_builder_column fusion-builder-column-13 fusion_builder_column_4_5 4_5 fusion-four-fifth fusion-column-last\" style=\"--awb-bg-size:cover;width:80%;width:calc(80% - ( ( 4% ) * 0.8 ) );\"><div class=\"fusion-column-wrapper fusion-column-has-shadow fusion-flex-column-wrapper-legacy\"><div class=\"fusion-text fusion-text-25\"><p><strong><span style=\"color: #662483;\">Laura Cl\u00e8ries, Director of Elisava Research | Project Lead @materialdesigners.org | Director of Master in Design through New Materials |Co-editor@visions-by.com<br \/>\n<a href=\"https:\/\/www.elisava.net\/\">ELISAVA Barcelona School of Design &amp; Engineering <\/a><\/span><\/strong><\/p>\n<p><strong>Laura Cl\u00e8ries<\/strong> is a design researcher, strategic thinker and doer, editor, and curator in transformative innovation through design research led strategic foresight and with an additional focus on materials.<br \/>\nShe has both creative and scientific backgrounds: sheobtained her BA in Physical Chemistry and her PhD in Materials Science from the University of Barcelona and then pursued degree studies in Industrial Design.<br \/>\nShe holds extensive international academic and corporate experience in industry (Klockner Implants, Zara Home), universities (UoL, NYU, UAlabama, UToronto, IED, Elisava) and Think Tanks (Pantone Colour Planner, WGSN).<br \/>\nHer recent work is addressed at generating content and strategies at international levelthrough management of public and business research projects that bring actionable growth, and through the curation of events and exhibitions (Materiality, Zoom in Design, Design Does, Design Attitudes, Future Woods),<br \/>\nconferences (TEDx, Understanding Design, Madrid Design Festival) and publications (Visions By magazine, Temes de Disseny design research journal).<br \/>\nShe is currently professor and Head of Research at ELISAVA School of Design and Engineering, as well as director of the Master in Design through New Materials.<br \/>\nIn her talks, she is often tagged as a Futures lifestyles detective.<\/p>\n<\/div><div class=\"fusion-clearfix\"><\/div><\/div><\/div><div class=\"fusion-layout-column fusion_builder_column fusion-builder-column-14 fusion_builder_column_1_5 1_5 fusion-one-fifth fusion-column-first\" style=\"--awb-bg-size:cover;width:20%;width:calc(20% - ( ( 4% ) * 0.2 ) );margin-right: 4%;\"><div class=\"fusion-column-wrapper fusion-column-has-shadow fusion-flex-column-wrapper-legacy\"><div class=\"fusion-image-element in-legacy-container\" style=\"--awb-max-width:200px;--awb-caption-title-font-family:var(--h2_typography-font-family);--awb-caption-title-font-weight:var(--h2_typography-font-weight);--awb-caption-title-font-style:var(--h2_typography-font-style);--awb-caption-title-size:var(--h2_typography-font-size);--awb-caption-title-transform:var(--h2_typography-text-transform);--awb-caption-title-line-height:var(--h2_typography-line-height);--awb-caption-title-letter-spacing:var(--h2_typography-letter-spacing);\"><span class=\" fusion-imageframe imageframe-none imageframe-4 hover-type-none\"><img decoding=\"async\" width=\"200\" height=\"158\" alt=\"Ernest Perera\" title=\"ErnestPerera_web\" src=\"https:\/\/eurecat.org\/wp-content\/uploads\/2020\/08\/ErnestPerera_web.jpg\" class=\"img-responsive wp-image-104335\"\/><\/span><\/div><div class=\"fusion-clearfix\"><\/div><\/div><\/div><div class=\"fusion-layout-column fusion_builder_column fusion-builder-column-15 fusion_builder_column_4_5 4_5 fusion-four-fifth fusion-column-last\" style=\"--awb-bg-size:cover;width:80%;width:calc(80% - ( ( 4% ) * 0.8 ) );\"><div class=\"fusion-column-wrapper fusion-column-has-shadow fusion-flex-column-wrapper-legacy\"><div class=\"fusion-text fusion-text-26\"><p><strong><span style=\"color: #662483;\">Ernest Perera, Founder &amp; Chief Designer.<br \/>\n<a href=\"http:\/\/www.ernestperera.com\/\"><b>ERNEST PERERA DESIGN STUDIO<\/b><\/a><b><\/b><b><\/b><b> | <a href=\"https:\/\/amordemadre.com\/\">AMOR DE MADRE<\/a><\/b><br \/>\n<\/span><\/strong><\/p>\n<p>Ernest Perera es licenciado en Bellas artes por la Universidad de Barcelona UB\u00a0 especialidad escultura) y doctorando en Ingenier\u00eda de Proyectos y Sistemas, Universitat Polit\u00e8cnica de Catalunya (UPC).<br \/>\nDesde el a\u00f1o 1999 hasta la actualidad crea y dirige el estudio Ernest Perera Design Studio dedicado al dise\u00f1o de producto, packaging, espacios ef\u00edmeros y dise\u00f1o experimental (www.ernestperera.com) y tambi\u00e9n desde el a\u00f1o 2005 crea y dirige la editora AMORDEMADRE de objetos por el hogar (www.amordemadre.com).<br \/>\nErnest tambi\u00e9n es responsable de \u00e1rea del Departamento de Dise\u00f1o de Producto de la escuela Superior de dise\u00f1o LCI Barcelona.<br \/>\nErnest colabora con numerosas empresas y entidades como: Adidas,Camper, Museo de Historia de Barcelona MUHBA, eCareYou, Festival Blanco, Museo Picasso de Barcelona, Ayuntamiento de Vilanova, etc.<br \/>\nAdem\u00e1s ha impartido numerosos workshops, conferencias y ha participado en m\u00faltiples exposiciones.<\/p>\n<\/div><div class=\"fusion-clearfix\"><\/div><\/div><\/div><div class=\"fusion-layout-column fusion_builder_column fusion-builder-column-16 fusion_builder_column_1_5 1_5 fusion-one-fifth fusion-column-first\" style=\"--awb-bg-size:cover;width:20%;width:calc(20% - ( ( 4% ) * 0.2 ) );margin-right: 4%;\"><div class=\"fusion-column-wrapper fusion-column-has-shadow fusion-flex-column-wrapper-legacy\"><div class=\"fusion-image-element in-legacy-container\" style=\"--awb-max-width:200px;--awb-caption-title-font-family:var(--h2_typography-font-family);--awb-caption-title-font-weight:var(--h2_typography-font-weight);--awb-caption-title-font-style:var(--h2_typography-font-style);--awb-caption-title-size:var(--h2_typography-font-size);--awb-caption-title-transform:var(--h2_typography-text-transform);--awb-caption-title-line-height:var(--h2_typography-line-height);--awb-caption-title-letter-spacing:var(--h2_typography-letter-spacing);\"><span class=\" fusion-imageframe imageframe-none imageframe-5 hover-type-none\"><img decoding=\"async\" width=\"200\" height=\"158\" alt=\"Juan Pablo Esquivel\" title=\"JuanPabloEsquivel_web\" src=\"https:\/\/eurecat.org\/wp-content\/uploads\/2020\/08\/JuanPabloEsquivel_web.jpg\" class=\"img-responsive wp-image-104341\"\/><\/span><\/div><div class=\"fusion-clearfix\"><\/div><\/div><\/div><div class=\"fusion-layout-column fusion_builder_column fusion-builder-column-17 fusion_builder_column_4_5 4_5 fusion-four-fifth fusion-column-last\" style=\"--awb-bg-size:cover;width:80%;width:calc(80% - ( ( 4% ) * 0.8 ) );\"><div class=\"fusion-column-wrapper fusion-column-has-shadow fusion-flex-column-wrapper-legacy\"><div class=\"fusion-text fusion-text-27\"><p><strong><span style=\"color: #662483;\">Juan Pablo Esquivel, Cient\u00edfic Titular | Co-fundador &amp; Assesor cient\u00edfic<br \/>\n<\/span><\/strong><strong><span style=\"color: #662483;\"><b><a href=\"http:\/\/www.imb-cnm.csic.es\/index.php\/en\/\">IMB-CNM (CSIC) <\/a><\/b><b>| <\/b><b><a href=\"https:\/\/www.fuelium.tech\/\">FUELIM<\/a><\/b><br \/>\n<\/span><\/strong><\/p>\n<p>Juan Pablo Esquivel codirigeix el grup de recerca Self-Powered Engineered Devices Group en l&#8217;Institut de Microelectr\u00f2nica de Barcelona, IMB-CNM (CSIC). Tamb\u00e9 \u00e9s cofundador i assessor cient\u00edfic de l&#8217;empresa spin-off Fuelium.<\/p>\n<p>\u00c9s Ing. Mecatr\u00f2nica pel Tecnol\u00f2gic de Monterrey i Doctor Ing. Electr\u00f2nica per l&#8217;O. Aut\u00f2noma de Barcelona. Ha estat S\u00e8nior Fellow en l&#8217;O. Washington a Seattle, a trav\u00e9s d&#8217;una Marie Curie Fellowship.<\/p>\n<p>El seu treball est\u00e0 dedicat al desenvolupament de bateries biodegradables i cel\u00b7les de combustible per a dispositius autoalimentats, combinant enginyeria, electroqu\u00edmica, microflu\u00eddica en paper i electr\u00f2nica impresa amb principis de sostenibilitat i una orientaci\u00f3 al mercat. Ha rebut diversos premis i distincions internacionals pel seu treball, com el Premi Catalunya de Ecodise\u00f1o i el TR35 M\u00e8xic del MIT Technology Review.<\/p>\n<p>\u00c9s autor de m\u00e9s de 90 contribucions cient\u00edfiques publicades en revistes internacionals i congressos, aix\u00ed com inventor en 11 patents.<\/p>\n<\/div><div class=\"fusion-clearfix\"><\/div><\/div><\/div><div class=\"fusion-layout-column fusion_builder_column fusion-builder-column-18 fusion_builder_column_1_5 1_5 fusion-one-fifth fusion-column-first\" style=\"--awb-bg-size:cover;width:20%;width:calc(20% - ( ( 4% ) * 0.2 ) );margin-right: 4%;\"><div class=\"fusion-column-wrapper fusion-column-has-shadow fusion-flex-column-wrapper-legacy\"><div class=\"fusion-image-element in-legacy-container\" style=\"--awb-max-width:200px;--awb-caption-title-font-family:var(--h2_typography-font-family);--awb-caption-title-font-weight:var(--h2_typography-font-weight);--awb-caption-title-font-style:var(--h2_typography-font-style);--awb-caption-title-size:var(--h2_typography-font-size);--awb-caption-title-transform:var(--h2_typography-text-transform);--awb-caption-title-line-height:var(--h2_typography-line-height);--awb-caption-title-letter-spacing:var(--h2_typography-letter-spacing);\"><span class=\" fusion-imageframe imageframe-none imageframe-6 hover-type-none\"><img decoding=\"async\" width=\"200\" height=\"158\" title=\"jaime_punter_web\" src=\"https:\/\/eurecat.org\/wp-content\/uploads\/2020\/09\/jaime_punter_web.jpg\" alt class=\"img-responsive wp-image-104704\"\/><\/span><\/div><div class=\"fusion-clearfix\"><\/div><\/div><\/div><div class=\"fusion-layout-column fusion_builder_column fusion-builder-column-19 fusion_builder_column_4_5 4_5 fusion-four-fifth fusion-column-last\" style=\"--awb-bg-size:cover;width:80%;width:calc(80% - ( ( 4% ) * 0.8 ) );\"><div class=\"fusion-column-wrapper fusion-column-has-shadow fusion-flex-column-wrapper-legacy\"><div class=\"fusion-text fusion-text-28\"><p><strong><span style=\"color: #662483;\"><b>Jaime Punter, CTO.<br \/>\n<a href=\"https:\/\/www.onalabs.com\/\">ONALABS<\/a><\/b><br \/>\n<\/span><\/strong><\/p>\n<p>Jaime Punter-Villagrasa graduated in Electronics Engineering from the University of Barcelona (2008) and subsequently completed his European PhD in Engineering and Advanced Technologies (Cum Laude, 2016), in the area of biomedical wearable devices, point-of-care and lab-on-a-chip technologies.<br \/>\nJaime Punter have worked in and lead research joint projects, involving different institutions and focusing on the multidisciplinary essence of the biomedical research and development. He has been the head of the electronic engineering team for disposable diabetes Type 2 detection device project DADDi2 (TEC-2013-48506-C3-3-R), funded by the Spanish Ministry of Economy (2015-2016). Head of the R&amp;D department of Infantium S.L., working on wearable emotion care devices project Infantium 2.0 (ProjectID: 666810) funded by Horizon2020 European Union program (2017). Post-Doctoral Researcher Technical Leader on the University of Galway for the Start-up venture Feeltect (2018) and Chief Technological Officer at Onalabs since 2019.<\/p>\n<\/div><div class=\"fusion-clearfix\"><\/div><\/div><\/div><div class=\"fusion-layout-column fusion_builder_column fusion-builder-column-20 fusion_builder_column_1_5 1_5 fusion-one-fifth fusion-column-first\" style=\"--awb-bg-size:cover;width:20%;width:calc(20% - ( ( 4% ) * 0.2 ) );margin-right: 4%;\"><div class=\"fusion-column-wrapper fusion-column-has-shadow fusion-flex-column-wrapper-legacy\"><div class=\"fusion-image-element in-legacy-container\" style=\"--awb-max-width:200px;--awb-caption-title-font-family:var(--h2_typography-font-family);--awb-caption-title-font-weight:var(--h2_typography-font-weight);--awb-caption-title-font-style:var(--h2_typography-font-style);--awb-caption-title-size:var(--h2_typography-font-size);--awb-caption-title-transform:var(--h2_typography-text-transform);--awb-caption-title-line-height:var(--h2_typography-line-height);--awb-caption-title-letter-spacing:var(--h2_typography-letter-spacing);\"><span class=\" fusion-imageframe imageframe-none imageframe-7 hover-type-none\"><img decoding=\"async\" width=\"200\" height=\"158\" alt=\"Maziar Ahmadi\" title=\"MaziarAhmadi_web\" src=\"https:\/\/eurecat.org\/wp-content\/uploads\/2020\/08\/MaziarAhmadi_web.jpg\" class=\"img-responsive wp-image-104345\"\/><\/span><\/div><div class=\"fusion-clearfix\"><\/div><\/div><\/div><div class=\"fusion-layout-column fusion_builder_column fusion-builder-column-21 fusion_builder_column_4_5 4_5 fusion-four-fifth fusion-column-last\" style=\"--awb-bg-size:cover;width:80%;width:calc(80% - ( ( 4% ) * 0.8 ) );\"><div class=\"fusion-column-wrapper fusion-column-has-shadow fusion-flex-column-wrapper-legacy\"><div class=\"fusion-text fusion-text-29\"><p><strong><span style=\"color: #662483;\">Maziar Ahmadi, Co-founder.<br \/>\n<b><a href=\"http:\/\/imaztech.org\/es\/inicio\/\">IMAZTech<\/a><\/b><br \/>\n<\/span><\/strong><\/p>\n<p>Maziar Ahmadi Zeidabadi (PhD.) as an Associate Professor at Polytechnic University of Catalonia (UPC) and Co-funder IMAZ Technology innovation S.R.L. is holding the Doctorate (PhD) in electronic engineering at Polytechnic University of Catalonia (2016). His specialization and experience focused on the developing manufacturing MEMS \/ NEMS devices.<\/p>\n<p>He has long experience in development of flexible and stretchable printed electronic devices , micro-devices, especially 3D micro-energy storages, Li-battery ion and supercapacitor.<\/p>\n<p>He has experience in Coordination and Execution of several European projects. In addition, his research also included the functionalization of pigments, the formulation of conductive and functional inks (Aqueous and organic base).<\/p>\n<\/div><div class=\"fusion-clearfix\"><\/div><\/div><\/div><div class=\"fusion-layout-column fusion_builder_column fusion-builder-column-22 fusion_builder_column_1_5 1_5 fusion-one-fifth fusion-column-first\" style=\"--awb-bg-size:cover;width:20%;width:calc(20% - ( ( 4% ) * 0.2 ) );margin-right: 4%;\"><div class=\"fusion-column-wrapper fusion-column-has-shadow fusion-flex-column-wrapper-legacy\"><div class=\"fusion-image-element in-legacy-container\" style=\"--awb-max-width:200px;--awb-caption-title-font-family:var(--h2_typography-font-family);--awb-caption-title-font-weight:var(--h2_typography-font-weight);--awb-caption-title-font-style:var(--h2_typography-font-style);--awb-caption-title-size:var(--h2_typography-font-size);--awb-caption-title-transform:var(--h2_typography-text-transform);--awb-caption-title-line-height:var(--h2_typography-line-height);--awb-caption-title-letter-spacing:var(--h2_typography-letter-spacing);\"><span class=\" fusion-imageframe imageframe-none imageframe-8 hover-type-none\"><img decoding=\"async\" width=\"200\" height=\"158\" alt=\"Cristina Casellas\" title=\"CristinaCasellas_web\" src=\"https:\/\/eurecat.org\/wp-content\/uploads\/2020\/08\/CristinaCasellas_web.jpg\" class=\"img-responsive wp-image-104348\"\/><\/span><\/div><div class=\"fusion-clearfix\"><\/div><\/div><\/div><div class=\"fusion-layout-column fusion_builder_column fusion-builder-column-23 fusion_builder_column_4_5 4_5 fusion-four-fifth fusion-column-last\" style=\"--awb-bg-size:cover;width:80%;width:calc(80% - ( ( 4% ) * 0.8 ) );\"><div class=\"fusion-column-wrapper fusion-column-has-shadow fusion-flex-column-wrapper-legacy\"><div class=\"fusion-text fusion-text-30\"><p><strong><span style=\"color: #662483;\">Cristina Casellas, Promotora tecnol\u00f3gica de la Unidad de Functional Printing &amp; Embedded Devices.<br \/>\nEURECAT<\/span><\/strong><\/p>\n<p>Cristina Casellas es Ingeniera T\u00e9cnica Qu\u00edmica especializada en desarrollo de materiales, procesos y productos por la Escuela de Ingenier\u00eda T\u00e9cnica Industrial de Barcelona (EUETIB) adscrita a la UPC.<\/p>\n<p>M\u00e1ster en Sociedad de la Informaci\u00f3n y del Conocimiento (UOC) y Postgrado en Gesti\u00f3n Estrat\u00e9gica y Empresarial (UPF).<br \/>\nTiene m\u00e1s de 8 a\u00f1os de experiencia en la Industria Qu\u00edmica.<\/p>\n<p>Ha trabajado como Investigadora y como Project Manager en el \u00e1mbito de la electr\u00f3nica impresa y impresi\u00f3n funcional y como Product Manager.<\/p>\n<p>Actualmente desarrolla tareas de promoci\u00f3n tecnol\u00f3gica dentro de la Unidad de Functional Printing &amp; Embedded Devices en Eurecat.<\/p>\n<\/div><div class=\"fusion-clearfix\"><\/div><\/div><\/div><\/div><\/div><div class=\"fusion-fullwidth fullwidth-box fusion-builder-row-8 nonhundred-percent-fullwidth non-hundred-percent-height-scrolling\" style=\"--awb-border-radius-top-left:0px;--awb-border-radius-top-right:0px;--awb-border-radius-bottom-right:0px;--awb-border-radius-bottom-left:0px;--awb-padding-bottom:20px;--awb-background-color:#3d6fb6;--awb-flex-wrap:wrap;\" ><div class=\"fusion-builder-row fusion-row\"><div class=\"fusion-layout-column fusion_builder_column fusion-builder-column-24 fusion_builder_column_1_1 1_1 fusion-one-full fusion-column-first fusion-column-last\" style=\"--awb-padding-top:30px;--awb-bg-size:cover;\"><div class=\"fusion-column-wrapper fusion-column-has-shadow fusion-flex-column-wrapper-legacy\"><div class=\"fusion-text fusion-text-31\"><h2 style=\"text-align: center;\"><span style=\"color: #ffffff;\"><strong>ENTIDADES COLABORADORAS<\/strong><\/span><\/h2>\n<\/div><div class=\"fusion-clearfix\"><\/div><\/div><\/div><\/div><\/div><div class=\"fusion-fullwidth fullwidth-box fusion-builder-row-9 nonhundred-percent-fullwidth non-hundred-percent-height-scrolling\" style=\"--awb-border-radius-top-left:0px;--awb-border-radius-top-right:0px;--awb-border-radius-bottom-right:0px;--awb-border-radius-bottom-left:0px;--awb-padding-top:20px;--awb-padding-bottom:20px;--awb-flex-wrap:wrap;\" ><div class=\"fusion-builder-row fusion-row\"><div class=\"fusion-layout-column fusion_builder_column fusion-builder-column-25 fusion_builder_column_1_3 1_3 fusion-one-third fusion-column-first\" style=\"--awb-padding-top:0px;--awb-padding-bottom:30px;--awb-bg-size:cover;--awb-margin-top:20px;width:33.333333333333%;width:calc(33.333333333333% - ( ( 4% + 4% ) * 0.33333333333333 ) );margin-right: 4%;\"><div class=\"fusion-column-wrapper fusion-column-has-shadow fusion-flex-column-wrapper-legacy\"><div class=\"fusion-image-element fusion-image-align-center in-legacy-container\" style=\"text-align:center;--awb-caption-title-font-family:var(--h2_typography-font-family);--awb-caption-title-font-weight:var(--h2_typography-font-weight);--awb-caption-title-font-style:var(--h2_typography-font-style);--awb-caption-title-size:var(--h2_typography-font-size);--awb-caption-title-transform:var(--h2_typography-text-transform);--awb-caption-title-line-height:var(--h2_typography-line-height);--awb-caption-title-letter-spacing:var(--h2_typography-letter-spacing);\"><div class=\"imageframe-align-center\"><span class=\" fusion-imageframe imageframe-none imageframe-9 hover-type-none\"><a class=\"fusion-no-lightbox\" href=\"https:\/\/www.elisava.net\/\" target=\"_self\" aria-label=\"elisava200x112_cast\"><img decoding=\"async\" width=\"200\" height=\"112\" src=\"https:\/\/eurecat.org\/wp-content\/uploads\/2020\/09\/elisava200x112_cast.jpg\" alt class=\"img-responsive wp-image-105591\"\/><\/a><\/span><\/div><\/div><div class=\"fusion-clearfix\"><\/div><\/div><\/div><div class=\"fusion-layout-column fusion_builder_column fusion-builder-column-26 fusion_builder_column_1_3 1_3 fusion-one-third\" style=\"--awb-padding-top:0px;--awb-padding-bottom:30px;--awb-bg-size:cover;--awb-margin-top:20px;width:33.333333333333%;width:calc(33.333333333333% - ( ( 4% + 4% ) * 0.33333333333333 ) );margin-right: 4%;\"><div class=\"fusion-column-wrapper fusion-column-has-shadow fusion-flex-column-wrapper-legacy\"><div class=\"fusion-image-element fusion-image-align-center in-legacy-container\" style=\"text-align:center;--awb-caption-title-font-family:var(--h2_typography-font-family);--awb-caption-title-font-weight:var(--h2_typography-font-weight);--awb-caption-title-font-style:var(--h2_typography-font-style);--awb-caption-title-size:var(--h2_typography-font-size);--awb-caption-title-transform:var(--h2_typography-text-transform);--awb-caption-title-line-height:var(--h2_typography-line-height);--awb-caption-title-letter-spacing:var(--h2_typography-letter-spacing);\"><div class=\"imageframe-align-center\"><span class=\" fusion-imageframe imageframe-none imageframe-10 hover-type-none\"><a class=\"fusion-no-lightbox\" href=\"https:\/\/www.bcd.es\/\" target=\"_self\" aria-label=\"BCD_200x112px\"><img decoding=\"async\" width=\"200\" height=\"112\" src=\"https:\/\/eurecat.org\/wp-content\/uploads\/2020\/09\/BCD_200x112px.jpg\" alt class=\"img-responsive wp-image-105714\"\/><\/a><\/span><\/div><\/div><div class=\"fusion-clearfix\"><\/div><\/div><\/div><div class=\"fusion-layout-column fusion_builder_column fusion-builder-column-27 fusion_builder_column_1_3 1_3 fusion-one-third fusion-column-last\" style=\"--awb-padding-top:0px;--awb-padding-bottom:30px;--awb-bg-size:cover;--awb-margin-top:20px;width:33.333333333333%;width:calc(33.333333333333% - ( ( 4% + 4% ) * 0.33333333333333 ) );\"><div class=\"fusion-column-wrapper fusion-column-has-shadow fusion-flex-column-wrapper-legacy\"><div class=\"fusion-clearfix\"><\/div><\/div><\/div><\/div><\/div>\n","protected":false},"excerpt":{"rendered":"","protected":false},"author":24,"featured_media":104359,"parent":2777,"menu_order":52,"comment_status":"closed","ping_status":"closed","template":"100-width.php","meta":{"footnotes":""},"class_list":["post-104208","page","type-page","status-publish","has-post-thumbnail","hentry"],"yoast_head":"<!-- This site is optimized with the Yoast SEO plugin v27.5 - https:\/\/yoast.com\/product\/yoast-seo-wordpress\/ -->\n<title>wearables<\/title>\n<meta name=\"description\" content=\"seminari online orientat a fomentar la innovaci\u00f3 i el desenvolupament tecnol\u00f2gic entre les empreses de l&#039;\u00e0mbit de la impressi\u00f3 avan\u00e7ada i wearables, start-ups i dissenyadors per a donar resposta a diferents reptes de la societat.\" \/>\n<meta name=\"robots\" content=\"index, follow, max-snippet:-1, max-image-preview:large, max-video-preview:-1\" \/>\n<link rel=\"canonical\" href=\"https:\/\/eurecat.org\/es\/servicios\/eurecatevents\/seminario-online-el-futuro-de_los-wearables\/\" \/>\n<meta property=\"og:locale\" content=\"es_ES\" \/>\n<meta property=\"og:type\" content=\"article\" \/>\n<meta property=\"og:title\" content=\"wearables\" \/>\n<meta property=\"og:description\" content=\"seminari online orientat a fomentar la innovaci\u00f3 i el desenvolupament tecnol\u00f2gic entre les empreses de l&#039;\u00e0mbit de la impressi\u00f3 avan\u00e7ada i wearables, start-ups i dissenyadors per a donar resposta a diferents reptes de la societat.\" \/>\n<meta property=\"og:url\" content=\"https:\/\/eurecat.org\/es\/servicios\/eurecatevents\/seminario-online-el-futuro-de_los-wearables\/\" \/>\n<meta property=\"og:site_name\" content=\"Eurecat\" \/>\n<meta property=\"article:modified_time\" content=\"2020-10-27T08:23:20+00:00\" \/>\n<meta property=\"og:image\" content=\"https:\/\/eurecat.org\/wp-content\/uploads\/2020\/08\/BASEdestacada520x272_cast.jpg\" \/>\n\t<meta property=\"og:image:width\" content=\"520\" \/>\n\t<meta property=\"og:image:height\" content=\"272\" \/>\n\t<meta property=\"og:image:type\" content=\"image\/jpeg\" \/>\n<meta name=\"twitter:card\" content=\"summary_large_image\" \/>\n<meta name=\"twitter:label1\" content=\"Tiempo de lectura\" \/>\n\t<meta name=\"twitter:data1\" content=\"49 minutos\" \/>\n<script type=\"application\/ld+json\" class=\"yoast-schema-graph\">{\"@context\":\"https:\\\/\\\/schema.org\",\"@graph\":[{\"@type\":\"WebPage\",\"@id\":\"https:\\\/\\\/eurecat.org\\\/es\\\/servicios\\\/eurecatevents\\\/seminario-online-el-futuro-de_los-wearables\\\/\",\"url\":\"https:\\\/\\\/eurecat.org\\\/es\\\/servicios\\\/eurecatevents\\\/seminario-online-el-futuro-de_los-wearables\\\/\",\"name\":\"wearables\",\"isPartOf\":{\"@id\":\"https:\\\/\\\/eurecat.org\\\/es\\\/#website\"},\"primaryImageOfPage\":{\"@id\":\"https:\\\/\\\/eurecat.org\\\/es\\\/servicios\\\/eurecatevents\\\/seminario-online-el-futuro-de_los-wearables\\\/#primaryimage\"},\"image\":{\"@id\":\"https:\\\/\\\/eurecat.org\\\/es\\\/servicios\\\/eurecatevents\\\/seminario-online-el-futuro-de_los-wearables\\\/#primaryimage\"},\"thumbnailUrl\":\"https:\\\/\\\/eurecat.org\\\/wp-content\\\/uploads\\\/2020\\\/08\\\/BASEdestacada520x272_cast.jpg\",\"datePublished\":\"2020-08-25T07:25:44+00:00\",\"dateModified\":\"2020-10-27T08:23:20+00:00\",\"description\":\"seminari online orientat a fomentar la innovaci\u00f3 i el desenvolupament tecnol\u00f2gic entre les empreses de l'\u00e0mbit de la impressi\u00f3 avan\u00e7ada i wearables, start-ups i dissenyadors per a donar resposta a diferents reptes de la societat.\",\"breadcrumb\":{\"@id\":\"https:\\\/\\\/eurecat.org\\\/es\\\/servicios\\\/eurecatevents\\\/seminario-online-el-futuro-de_los-wearables\\\/#breadcrumb\"},\"inLanguage\":\"es\",\"potentialAction\":[{\"@type\":\"ReadAction\",\"target\":[\"https:\\\/\\\/eurecat.org\\\/es\\\/servicios\\\/eurecatevents\\\/seminario-online-el-futuro-de_los-wearables\\\/\"]}]},{\"@type\":\"ImageObject\",\"inLanguage\":\"es\",\"@id\":\"https:\\\/\\\/eurecat.org\\\/es\\\/servicios\\\/eurecatevents\\\/seminario-online-el-futuro-de_los-wearables\\\/#primaryimage\",\"url\":\"https:\\\/\\\/eurecat.org\\\/wp-content\\\/uploads\\\/2020\\\/08\\\/BASEdestacada520x272_cast.jpg\",\"contentUrl\":\"https:\\\/\\\/eurecat.org\\\/wp-content\\\/uploads\\\/2020\\\/08\\\/BASEdestacada520x272_cast.jpg\",\"width\":520,\"height\":272},{\"@type\":\"BreadcrumbList\",\"@id\":\"https:\\\/\\\/eurecat.org\\\/es\\\/servicios\\\/eurecatevents\\\/seminario-online-el-futuro-de_los-wearables\\\/#breadcrumb\",\"itemListElement\":[{\"@type\":\"ListItem\",\"position\":1,\"name\":\"Inici\",\"item\":\"https:\\\/\\\/eurecat.org\\\/es\\\/\"},{\"@type\":\"ListItem\",\"position\":2,\"name\":\"Actividades\",\"item\":\"https:\\\/\\\/eurecat.org\\\/es\\\/servicios\\\/\"},{\"@type\":\"ListItem\",\"position\":3,\"name\":\"Esdeveniments Eurecat\",\"item\":\"https:\\\/\\\/eurecat.org\\\/es\\\/servicios\\\/eurecatevents\\\/\"},{\"@type\":\"ListItem\",\"position\":4,\"name\":\"Seminario online: El futuro de los wearables. C\u00f3mo el dise\u00f1o y los nuevos materiales pueden aportar valor a los wearables del futuro\"}]},{\"@type\":\"WebSite\",\"@id\":\"https:\\\/\\\/eurecat.org\\\/es\\\/#website\",\"url\":\"https:\\\/\\\/eurecat.org\\\/es\\\/\",\"name\":\"Eurecat\",\"description\":\"Otro sitio realizado con WordPress\",\"potentialAction\":[{\"@type\":\"SearchAction\",\"target\":{\"@type\":\"EntryPoint\",\"urlTemplate\":\"https:\\\/\\\/eurecat.org\\\/es\\\/?s={search_term_string}\"},\"query-input\":{\"@type\":\"PropertyValueSpecification\",\"valueRequired\":true,\"valueName\":\"search_term_string\"}}],\"inLanguage\":\"es\"}]}<\/script>\n<!-- \/ Yoast SEO plugin. -->","yoast_head_json":{"title":"wearables","description":"seminari online orientat a fomentar la innovaci\u00f3 i el desenvolupament tecnol\u00f2gic entre les empreses de l'\u00e0mbit de la impressi\u00f3 avan\u00e7ada i wearables, start-ups i dissenyadors per a donar resposta a diferents reptes de la societat.","robots":{"index":"index","follow":"follow","max-snippet":"max-snippet:-1","max-image-preview":"max-image-preview:large","max-video-preview":"max-video-preview:-1"},"canonical":"https:\/\/eurecat.org\/es\/servicios\/eurecatevents\/seminario-online-el-futuro-de_los-wearables\/","og_locale":"es_ES","og_type":"article","og_title":"wearables","og_description":"seminari online orientat a fomentar la innovaci\u00f3 i el desenvolupament tecnol\u00f2gic entre les empreses de l'\u00e0mbit de la impressi\u00f3 avan\u00e7ada i wearables, start-ups i dissenyadors per a donar resposta a diferents reptes de la societat.","og_url":"https:\/\/eurecat.org\/es\/servicios\/eurecatevents\/seminario-online-el-futuro-de_los-wearables\/","og_site_name":"Eurecat","article_modified_time":"2020-10-27T08:23:20+00:00","og_image":[{"width":520,"height":272,"url":"https:\/\/eurecat.org\/wp-content\/uploads\/2020\/08\/BASEdestacada520x272_cast.jpg","type":"image\/jpeg"}],"twitter_card":"summary_large_image","twitter_misc":{"Tiempo de lectura":"49 minutos"},"schema":{"@context":"https:\/\/schema.org","@graph":[{"@type":"WebPage","@id":"https:\/\/eurecat.org\/es\/servicios\/eurecatevents\/seminario-online-el-futuro-de_los-wearables\/","url":"https:\/\/eurecat.org\/es\/servicios\/eurecatevents\/seminario-online-el-futuro-de_los-wearables\/","name":"wearables","isPartOf":{"@id":"https:\/\/eurecat.org\/es\/#website"},"primaryImageOfPage":{"@id":"https:\/\/eurecat.org\/es\/servicios\/eurecatevents\/seminario-online-el-futuro-de_los-wearables\/#primaryimage"},"image":{"@id":"https:\/\/eurecat.org\/es\/servicios\/eurecatevents\/seminario-online-el-futuro-de_los-wearables\/#primaryimage"},"thumbnailUrl":"https:\/\/eurecat.org\/wp-content\/uploads\/2020\/08\/BASEdestacada520x272_cast.jpg","datePublished":"2020-08-25T07:25:44+00:00","dateModified":"2020-10-27T08:23:20+00:00","description":"seminari online orientat a fomentar la innovaci\u00f3 i el desenvolupament tecnol\u00f2gic entre les empreses de l'\u00e0mbit de la impressi\u00f3 avan\u00e7ada i wearables, start-ups i dissenyadors per a donar resposta a diferents reptes de la societat.","breadcrumb":{"@id":"https:\/\/eurecat.org\/es\/servicios\/eurecatevents\/seminario-online-el-futuro-de_los-wearables\/#breadcrumb"},"inLanguage":"es","potentialAction":[{"@type":"ReadAction","target":["https:\/\/eurecat.org\/es\/servicios\/eurecatevents\/seminario-online-el-futuro-de_los-wearables\/"]}]},{"@type":"ImageObject","inLanguage":"es","@id":"https:\/\/eurecat.org\/es\/servicios\/eurecatevents\/seminario-online-el-futuro-de_los-wearables\/#primaryimage","url":"https:\/\/eurecat.org\/wp-content\/uploads\/2020\/08\/BASEdestacada520x272_cast.jpg","contentUrl":"https:\/\/eurecat.org\/wp-content\/uploads\/2020\/08\/BASEdestacada520x272_cast.jpg","width":520,"height":272},{"@type":"BreadcrumbList","@id":"https:\/\/eurecat.org\/es\/servicios\/eurecatevents\/seminario-online-el-futuro-de_los-wearables\/#breadcrumb","itemListElement":[{"@type":"ListItem","position":1,"name":"Inici","item":"https:\/\/eurecat.org\/es\/"},{"@type":"ListItem","position":2,"name":"Actividades","item":"https:\/\/eurecat.org\/es\/servicios\/"},{"@type":"ListItem","position":3,"name":"Esdeveniments Eurecat","item":"https:\/\/eurecat.org\/es\/servicios\/eurecatevents\/"},{"@type":"ListItem","position":4,"name":"Seminario online: El futuro de los wearables. C\u00f3mo el dise\u00f1o y los nuevos materiales pueden aportar valor a los wearables del futuro"}]},{"@type":"WebSite","@id":"https:\/\/eurecat.org\/es\/#website","url":"https:\/\/eurecat.org\/es\/","name":"Eurecat","description":"Otro sitio realizado con WordPress","potentialAction":[{"@type":"SearchAction","target":{"@type":"EntryPoint","urlTemplate":"https:\/\/eurecat.org\/es\/?s={search_term_string}"},"query-input":{"@type":"PropertyValueSpecification","valueRequired":true,"valueName":"search_term_string"}}],"inLanguage":"es"}]}},"_links":{"self":[{"href":"https:\/\/eurecat.org\/es\/wp-json\/wp\/v2\/pages\/104208","targetHints":{"allow":["GET"]}}],"collection":[{"href":"https:\/\/eurecat.org\/es\/wp-json\/wp\/v2\/pages"}],"about":[{"href":"https:\/\/eurecat.org\/es\/wp-json\/wp\/v2\/types\/page"}],"author":[{"embeddable":true,"href":"https:\/\/eurecat.org\/es\/wp-json\/wp\/v2\/users\/24"}],"replies":[{"embeddable":true,"href":"https:\/\/eurecat.org\/es\/wp-json\/wp\/v2\/comments?post=104208"}],"version-history":[{"count":0,"href":"https:\/\/eurecat.org\/es\/wp-json\/wp\/v2\/pages\/104208\/revisions"}],"up":[{"embeddable":true,"href":"https:\/\/eurecat.org\/es\/wp-json\/wp\/v2\/pages\/2777"}],"wp:featuredmedia":[{"embeddable":true,"href":"https:\/\/eurecat.org\/es\/wp-json\/wp\/v2\/media\/104359"}],"wp:attachment":[{"href":"https:\/\/eurecat.org\/es\/wp-json\/wp\/v2\/media?parent=104208"}],"curies":[{"name":"wp","href":"https:\/\/api.w.org\/{rel}","templated":true}]}}