{"id":109493,"date":"2021-01-08T10:05:04","date_gmt":"2021-01-08T09:05:04","guid":{"rendered":"https:\/\/eurecat.org\/?page_id=109493"},"modified":"2022-06-07T13:38:12","modified_gmt":"2022-06-07T12:38:12","slug":"med4youth-estudio-dieta-mediterranea-adolescentes","status":"publish","type":"page","link":"https:\/\/eurecat.org\/es\/proyectos\/proyectos-europeos\/med4youth-estudio-dieta-mediterranea-adolescentes\/","title":{"rendered":"Estudio dieta mediterr\u00e1nea y adolescentes &#8211; MED4Youth"},"content":{"rendered":"<div class=\"fusion-fullwidth fullwidth-box fusion-builder-row-1 nonhundred-percent-fullwidth non-hundred-percent-height-scrolling\" style=\"--awb-border-radius-top-left:0px;--awb-border-radius-top-right:0px;--awb-border-radius-bottom-right:0px;--awb-border-radius-bottom-left:0px;--awb-padding-top:10px;--awb-padding-bottom:10px;--awb-flex-wrap:wrap;\" ><div class=\"fusion-builder-row fusion-row\"><div class=\"fusion-layout-column fusion_builder_column fusion-builder-column-0 fusion_builder_column_1_1 1_1 fusion-one-full fusion-column-first fusion-column-last\" style=\"--awb-bg-size:cover;\"><div class=\"fusion-column-wrapper fusion-flex-column-wrapper-legacy\"><div class=\"fusion-text fusion-text-1\" style=\"--awb-text-transform:none;\"><h1 style=\"text-align: left;\"><strong><span style=\"color: black;\">Estudio de nutrici\u00f3n sobre los beneficios de la dieta mediterr\u00e1nea entre los adolescentes<\/span><\/strong><\/h1>\n<h2>Buscamos participantes para el estudio de nutrici\u00f3n y salud del proyecto MED4Youth. Ay\u00fadanos a demostrar la efectividad de la dieta mediterr\u00e1nea para mantener un peso \u00f3ptimo y h\u00e1bitos saludables entre los j\u00f3venes<\/h2>\n<h2>Para m\u00e1s informaci\u00f3n puedes ponerte en contacto con nosotros a trav\u00e9s del correo electr\u00f3nico <strong><a href=\"mailto:estudis@eurecat.org\">estudis@eurecat.org<\/a> <\/strong>o del tel\u00e9fono <strong>636 944 723<\/strong>.<\/h2>\n<\/div><div class=\"fusion-button-wrapper fusion-alignleft\"><a class=\"fusion-button button-flat fusion-button-default-size button-default fusion-button-default button-1 fusion-button-default-span fusion-button-default-type\" style=\"--awb-margin-top:20px;--awb-margin-bottom:20px;\" target=\"_blank\" rel=\"noopener noreferrer\" href=\"https:\/\/www.tfaforms.com\/4970087\"><span class=\"fusion-button-text awb-button__text awb-button__text--default\">\u00bfQUIERES M\u00c1S INFORMACI\u00d3N? CONTACTA CON NOSOTROS<\/span><\/a><\/div><div class=\"fusion-clearfix\"><\/div><\/div><\/div><\/div><\/div><div class=\"fusion-fullwidth fullwidth-box fusion-builder-row-2 nonhundred-percent-fullwidth non-hundred-percent-height-scrolling\" style=\"--awb-border-radius-top-left:0px;--awb-border-radius-top-right:0px;--awb-border-radius-bottom-right:0px;--awb-border-radius-bottom-left:0px;--awb-flex-wrap:wrap;\" ><div class=\"fusion-builder-row fusion-row\"><div class=\"fusion-layout-column fusion_builder_column fusion-builder-column-1 fusion_builder_column_1_1 1_1 fusion-one-full fusion-column-first fusion-column-last\" style=\"--awb-bg-size:cover;\"><div class=\"fusion-column-wrapper fusion-flex-column-wrapper-legacy\"><div class=\"fusion-sep-clear\"><\/div><div class=\"fusion-separator fusion-full-width-sep\" style=\"margin-left: auto;margin-right: auto;width:100%;\"><div class=\"fusion-separator-border sep-single sep-solid\" style=\"--awb-height:20px;--awb-amount:20px;border-color:#e0dede;border-top-width:1px;\"><\/div><\/div><div class=\"fusion-sep-clear\"><\/div><div class=\"fusion-clearfix\"><\/div><\/div><\/div><\/div><\/div><div class=\"fusion-fullwidth fullwidth-box fusion-builder-row-3 nonhundred-percent-fullwidth non-hundred-percent-height-scrolling\" style=\"--awb-border-radius-top-left:0px;--awb-border-radius-top-right:0px;--awb-border-radius-bottom-right:0px;--awb-border-radius-bottom-left:0px;--awb-padding-right:0px;--awb-margin-top:20px;--awb-margin-bottom:15px;--awb-flex-wrap:wrap;\" ><div class=\"fusion-builder-row fusion-row\"><div class=\"fusion-layout-column fusion_builder_column fusion-builder-column-2 fusion_builder_column_1_2 1_2 fusion-one-half fusion-column-first\" style=\"--awb-bg-size:cover;width:50%;width:calc(50% - ( ( 4% ) * 0.5 ) );margin-right: 4%;\"><div class=\"fusion-column-wrapper fusion-flex-column-wrapper-legacy\"><div class=\"fusion-text fusion-text-2\" style=\"--awb-text-transform:none;\"><h2><\/h2>\n<h2><strong>Los beneficios de la dieta mediterr\u00e1nea en adolescentes<\/strong><\/h2>\n<p>\u00bfSab\u00edas que la Organizaci\u00f3n Mundial de la Salud (OMS) ha identificado la dieta mediterr\u00e1nea como una de las dietas m\u00e1s saludables a nivel mundial? \u00bfSab\u00edas que los h\u00e1bitos poco saludables, como una mala alimentaci\u00f3n o el poco ejercicio f\u00edsico, provocan sobrepeso entre la poblaci\u00f3n adolescente?<\/p>\n<p>El proyecto europeo MED4Youth, coordinado por Eurecat, quiere demostrar <strong>c\u00f3mo una dieta mediterr\u00e1nea con productos t\u00edpicos del Mediterr\u00e1neo<\/strong>, como son la granada, los garbanzos\/hummus, los frutos secos o el pan de masa madre, <strong>es m\u00e1s eficaz para mantener un peso \u00f3ptimo y unos h\u00e1bitos saludables, especialmente entre los adolescentes.\u00a0<\/strong><\/p>\n<\/div><div class=\"fusion-clearfix\"><\/div><\/div><\/div><div class=\"fusion-layout-column fusion_builder_column fusion-builder-column-3 fusion_builder_column_1_2 1_2 fusion-one-half fusion-column-last\" style=\"--awb-padding-left:0px;--awb-bg-image:url(&#039;https:\/\/eurecat.org\/wp-content\/uploads\/2020\/09\/Consuming.png&#039;);--awb-bg-size:cover;width:50%;width:calc(50% - ( ( 4% ) * 0.5 ) );\"><div class=\"fusion-column-wrapper fusion-column-has-shadow fusion-flex-column-wrapper-legacy fusion-empty-column-bg-image fusion-column-has-bg-image\" data-bg-url=\"https:\/\/eurecat.org\/wp-content\/uploads\/2020\/09\/Consuming.png\"><img decoding=\"async\" class=\"fusion-empty-dims-img-placeholder\" alt=\"nutrici\u00f3 personalitzada\" aria-label=\"Consuming\" src=\"data:image\/svg+xml,%3Csvg%20xmlns%3D%27http%3A%2F%2Fwww.w3.org%2F2000%2Fsvg%27%20width%3D%271360%27%20height%3D%27686%27%20viewBox%3D%270%200%201360%20686%27%3E%3Crect%20width%3D%271360%27%20height%3D%27686%27%20fill-opacity%3D%220%22%2F%3E%3C%2Fsvg%3E\"><div class=\"fusion-clearfix\"><\/div><\/div><\/div><\/div><\/div><div class=\"fusion-fullwidth fullwidth-box fusion-builder-row-4 nonhundred-percent-fullwidth non-hundred-percent-height-scrolling\" style=\"--awb-border-radius-top-left:0px;--awb-border-radius-top-right:0px;--awb-border-radius-bottom-right:0px;--awb-border-radius-bottom-left:0px;--awb-padding-top:40px;--awb-padding-bottom:40px;--awb-padding-left:0px;--awb-margin-top:20px;--awb-margin-bottom:15px;--awb-background-color:#f2f2f2;--awb-flex-wrap:wrap;\" ><div class=\"fusion-builder-row fusion-row\"><div class=\"fusion-layout-column fusion_builder_column fusion-builder-column-4 fusion_builder_column_1_2 1_2 fusion-one-half fusion-column-first\" style=\"--awb-padding-right:0px;--awb-bg-size:cover;width:50%;width:calc(50% - ( ( 4% ) * 0.5 ) );margin-right: 4%;\"><div class=\"fusion-column-wrapper fusion-column-has-shadow fusion-flex-column-wrapper-legacy\"><div class=\"fusion-image-element in-legacy-container\" style=\"--awb-caption-title-font-family:var(--h2_typography-font-family);--awb-caption-title-font-weight:var(--h2_typography-font-weight);--awb-caption-title-font-style:var(--h2_typography-font-style);--awb-caption-title-size:var(--h2_typography-font-size);--awb-caption-title-transform:var(--h2_typography-text-transform);--awb-caption-title-line-height:var(--h2_typography-line-height);--awb-caption-title-letter-spacing:var(--h2_typography-letter-spacing);\"><span class=\" fusion-imageframe imageframe-none imageframe-1 hover-type-none\"><img decoding=\"async\" width=\"1200\" height=\"800\" title=\"World_Obesity_Image_Bank_01-159\" src=\"https:\/\/eurecat.org\/wp-content\/uploads\/2021\/01\/World_Obesity_Image_Bank_01-159.jpg\" alt class=\"img-responsive wp-image-109515\" srcset=\"https:\/\/eurecat.org\/wp-content\/uploads\/2021\/01\/World_Obesity_Image_Bank_01-159-200x133.jpg 200w, https:\/\/eurecat.org\/wp-content\/uploads\/2021\/01\/World_Obesity_Image_Bank_01-159-400x267.jpg 400w, https:\/\/eurecat.org\/wp-content\/uploads\/2021\/01\/World_Obesity_Image_Bank_01-159-600x400.jpg 600w, https:\/\/eurecat.org\/wp-content\/uploads\/2021\/01\/World_Obesity_Image_Bank_01-159-800x533.jpg 800w, https:\/\/eurecat.org\/wp-content\/uploads\/2021\/01\/World_Obesity_Image_Bank_01-159.jpg 1200w\" sizes=\"(max-width: 800px) 100vw, 800px\" \/><\/span><\/div><div class=\"fusion-clearfix\"><\/div><\/div><\/div><div class=\"fusion-layout-column fusion_builder_column fusion-builder-column-5 fusion_builder_column_1_2 1_2 fusion-one-half fusion-column-last\" style=\"--awb-padding-bottom:20px;--awb-bg-size:cover;width:50%;width:calc(50% - ( ( 4% ) * 0.5 ) );\"><div class=\"fusion-column-wrapper fusion-column-has-shadow fusion-flex-column-wrapper-legacy\"><div class=\"fusion-text fusion-text-3\" style=\"--awb-text-transform:none;\"><h2><strong>\u00bfTienes un hijo\/a y quieres ayudarlo a mantener buenos h\u00e1bitos alimenticios y un estilo de vida saludable? Buscamos chicos y chicas de entre 11 y 17 a\u00f1os que quieran mejorar su salud<\/strong><\/h2>\n<p>El estudio tiene una duraci\u00f3n de <strong>cuatro meses por participante y el seguimiento se realiza, mayoritariamente, de manera online y a trav\u00e9s de una app. <\/strong>\u00a0Por este motivo, <strong>los \u00a0adolescentes que quieran formar parte del MED4Youth deber\u00e1n apuntarse <\/strong>a trav\u00e9s del correo electr\u00f3nico <a href=\"info@med4youth.eu\">info@med4youth.eu<\/a> o llamando al tel\u00e9fono <strong>636 944 723<\/strong>.<\/p>\n<p>Los participantes contar\u00e1n, de <strong>manera totalmente gratuita<\/strong>, con un <strong>seguimiento por parte de expertos en nutrici\u00f3n y salud<\/strong> para ayudarles a seguir una <strong>dieta personalizada<\/strong> realizada por profesionales durante el estudio. Adem\u00e1s, los participantes y sus tutores legales recibir\u00e1n a<strong>poyo online durante todo el estudio mediante una aplicaci\u00f3n web<\/strong>, que proporcionar\u00e1 recetas y consejos saludables para motivar a los adolescentes a mantener los h\u00e1bitos saludables.<\/p>\n<h3><em><strong>Requisitos<\/strong><\/em><\/h3>\n<ul>\n<li>Tener entre 11 y 17 a\u00f1os<\/li>\n<li>Presentar un \u00cdndice de Masa Corporal (IMC) igual o superior al percentil 90<\/li>\n<li>Tener el consentimiento de los padres o tutores legales para participar<\/li>\n<li>Acceso a un m\u00f3vil, tableta u ordenador con conexi\u00f3n a Internet<\/li>\n<li>No padecer enfermedades cr\u00f3nicas ni ser al\u00e9rgico o intolerante a los frutos secos, la granada, el pan o los garbanzos<\/li>\n<\/ul>\n<\/div><div class=\"fusion-clearfix\"><\/div><\/div><\/div><\/div><\/div><div class=\"fusion-fullwidth fullwidth-box fusion-builder-row-5 nonhundred-percent-fullwidth non-hundred-percent-height-scrolling\" style=\"--awb-border-radius-top-left:0px;--awb-border-radius-top-right:0px;--awb-border-radius-bottom-right:0px;--awb-border-radius-bottom-left:0px;--awb-padding-top:20px;--awb-padding-right:0px;--awb-margin-top:20px;--awb-margin-bottom:15px;--awb-flex-wrap:wrap;\" ><div class=\"fusion-builder-row fusion-row\"><div class=\"fusion-layout-column fusion_builder_column fusion-builder-column-6 fusion_builder_column_1_2 1_2 fusion-one-half fusion-column-first\" style=\"--awb-bg-size:cover;width:50%;width:calc(50% - ( ( 4% ) * 0.5 ) );margin-right: 4%;\"><div class=\"fusion-column-wrapper fusion-flex-column-wrapper-legacy\"><div class=\"fusion-text fusion-text-4\" style=\"--awb-text-transform:none;\"><h2><\/h2>\n<h2><strong>\u00a1Un proyecto europeo \u00fanico!<\/strong><\/h2>\n<p>MED4Youth es el <strong>primer estudio de estas caracter\u00edsticas<\/strong> que se est\u00e1 realizando<strong> simult\u00e1neamente con adolescentes de tres pa\u00edses mediterr\u00e1neos<\/strong> (Espa\u00f1a, Italia y Portugal).<\/p>\n<p>A nivel espa\u00f1ol, el estudio est\u00e1 coordinado por la unidad de <a href=\"https:\/\/eurecat.org\/es\/ambitos-de-conocimiento\/nutricion-salud\/\">Nutrici\u00f3n y Salud de Eurecat<\/a>, con la participaci\u00f3n de la unidad de <a href=\"https:\/\/eurecat.org\/es\/ambitos-de-conocimiento\/ciencias-omicas\/\">Ciencias \u00d3micas<\/a>, ubicadas en el \u00c1rea de Biotecnolog\u00eda de Reus (Tarragona).<\/p>\n<p>Ha sido aprobado y revisado por el Comit\u00e9 \u00c9tico de Investigaci\u00f3n con Medicamentos del Instituto de Investigaci\u00f3n Sanitaria Pere Virgili. CEIM-IISPV (n\u00famero 210\/2020).<\/p>\n<p>Durante el estudio, Eurecat tomar\u00e1 todas las medidas necesarias para garantizar la seguridad y la prevenci\u00f3n de los participantes contra la Covid-19.<\/p>\n<\/div><div class=\"fusion-clearfix\"><\/div><\/div><\/div><div class=\"fusion-layout-column fusion_builder_column fusion-builder-column-7 fusion_builder_column_1_2 1_2 fusion-one-half fusion-column-last\" style=\"--awb-padding-left:0px;--awb-bg-image:url(&#039;https:\/\/eurecat.org\/wp-content\/uploads\/2021\/01\/Estudi_nutricio-600x297-1.png&#039;);--awb-bg-size:cover;width:50%;width:calc(50% - ( ( 4% ) * 0.5 ) );\"><div class=\"fusion-column-wrapper fusion-column-has-shadow fusion-flex-column-wrapper-legacy fusion-empty-column-bg-image fusion-column-has-bg-image\" data-bg-url=\"https:\/\/eurecat.org\/wp-content\/uploads\/2021\/01\/Estudi_nutricio-600x297-1.png\"><img decoding=\"async\" class=\"fusion-empty-dims-img-placeholder\" alt=\"dieta mediterr\u00e0nia\" aria-label=\"Estudi_nutricio-600&#215;297\" src=\"data:image\/svg+xml,%3Csvg%20xmlns%3D%27http%3A%2F%2Fwww.w3.org%2F2000%2Fsvg%27%20width%3D%27600%27%20height%3D%27297%27%20viewBox%3D%270%200%20600%20297%27%3E%3Crect%20width%3D%27600%27%20height%3D%27297%27%20fill-opacity%3D%220%22%2F%3E%3C%2Fsvg%3E\"><div class=\"fusion-clearfix\"><\/div><\/div><\/div><\/div><\/div><div class=\"fusion-fullwidth fullwidth-box fusion-builder-row-6 nonhundred-percent-fullwidth non-hundred-percent-height-scrolling\" style=\"--awb-border-radius-top-left:0px;--awb-border-radius-top-right:0px;--awb-border-radius-bottom-right:0px;--awb-border-radius-bottom-left:0px;--awb-flex-wrap:wrap;\" ><div class=\"fusion-builder-row fusion-row\"><div class=\"fusion-layout-column fusion_builder_column fusion-builder-column-8 fusion_builder_column_1_1 1_1 fusion-one-full fusion-column-first fusion-column-last\" style=\"--awb-bg-size:cover;\"><div class=\"fusion-column-wrapper fusion-flex-column-wrapper-legacy\"><div class=\"fusion-sep-clear\"><\/div><div class=\"fusion-separator fusion-full-width-sep\" style=\"margin-left: auto;margin-right: auto;width:100%;\"><div class=\"fusion-separator-border sep-single sep-solid\" style=\"--awb-height:20px;--awb-amount:20px;border-color:#e0dede;border-top-width:1px;\"><\/div><\/div><div class=\"fusion-sep-clear\"><\/div><div class=\"fusion-clearfix\"><\/div><\/div><\/div><\/div><\/div><div class=\"fusion-fullwidth fullwidth-box fusion-builder-row-7 nonhundred-percent-fullwidth non-hundred-percent-height-scrolling\" style=\"--awb-border-radius-top-left:0px;--awb-border-radius-top-right:0px;--awb-border-radius-bottom-right:0px;--awb-border-radius-bottom-left:0px;--awb-padding-top:20px;--awb-margin-top:20px;--awb-margin-bottom:10px;--awb-flex-wrap:wrap;\" ><div class=\"fusion-builder-row fusion-row\"><div class=\"fusion-layout-column fusion_builder_column fusion-builder-column-9 fusion_builder_column_1_2 1_2 fusion-one-half fusion-column-first\" style=\"--awb-padding-bottom:20px;--awb-bg-size:cover;--awb-margin-bottom:10px;width:50%;width:calc(50% - ( ( 4% ) * 0.5 ) );margin-right: 4%;\"><div class=\"fusion-column-wrapper fusion-column-has-shadow fusion-flex-column-wrapper-legacy\"><div class=\"fusion-text fusion-text-5\"><h2><strong>Sobre el proyecto MED4Youth<\/strong><\/h2>\n<p>El proyecto <a href=\"https:\/\/med4youth.eu\">MED4Youth<\/a> desarrolla un estudio cl\u00ednico a nivel europeo con 240 adolescentes de Italia, Portugal y Espa\u00f1a. El proyecto forma parte del programa <a href=\"https:\/\/prima-med.org\/\">PRIMA<\/a>, que tiene el apoyo de la Uni\u00f3n Europea y ACCI\u00d3 a nivel catal\u00e1n.<\/p>\n<h3><strong>Colaboradores<\/strong><\/h3>\n<p><a href=\"https:\/\/panishop.com\"><img decoding=\"async\" class=\"alignnone wp-image-114350\" src=\"https:\/\/eurecat.org\/wp-content\/uploads\/2021\/05\/Panishop-Logo-marca-R.png\" alt=\"\" width=\"263\" height=\"35\" \/><\/a><\/p>\n<\/div><div class=\"fusion-clearfix\"><\/div><\/div><\/div><div class=\"fusion-layout-column fusion_builder_column fusion-builder-column-10 fusion_builder_column_1_2 1_2 fusion-one-half fusion-column-last\" style=\"--awb-bg-size:cover;width:50%;width:calc(50% - ( ( 4% ) * 0.5 ) );\"><div class=\"fusion-column-wrapper fusion-flex-column-wrapper-legacy\"><div class=\"fusion-text fusion-text-6\" style=\"--awb-text-transform:none;\"><h2><strong>\u00bfQuieres apuntar a tu hijo\/a en el estudio? Cont\u00e1ctanos!<\/strong><\/h2>\n<p>Si quieres apuntar a tu hijo\/a, tienes dudas o preguntas sobre el estudio o quieres conocer m\u00e1s informaci\u00f3n sobre el proyecto contacta con nosotros a trav\u00e9s del <strong>correo electr\u00f3nico<a href=\"mailto:estudis@eurecat.org\"> estudis@eurecat.org<\/a><\/strong> o tambi\u00e9n puedes llamarnos o enviarnos un whatsapp al tel\u00e9fono<strong> 636 944 723<\/strong>.<\/p>\n<p><img decoding=\"async\" class=\"wp-image-114428 alignleft\" src=\"https:\/\/eurecat.org\/wp-content\/uploads\/2021\/05\/PRIMA.png\" alt=\"\" width=\"224\" height=\"80\" \/><img decoding=\"async\" class=\"alignnone wp-image-114431\" src=\"https:\/\/eurecat.org\/wp-content\/uploads\/2021\/05\/EU_PRIMA.png\" alt=\"\" width=\"367\" height=\"92\" \/><\/p>\n<\/div><div class=\"fusion-clearfix\"><\/div><\/div><\/div><\/div><\/div>\n","protected":false},"excerpt":{"rendered":"","protected":false},"author":18,"featured_media":109520,"parent":56973,"menu_order":0,"comment_status":"closed","ping_status":"closed","template":"100-width.php","meta":{"footnotes":""},"class_list":["post-109493","page","type-page","status-publish","has-post-thumbnail","hentry"],"yoast_head":"<!-- This site is optimized with the Yoast SEO plugin v27.5 - https:\/\/yoast.com\/product\/yoast-seo-wordpress\/ -->\n<title>Estudi dieta mediterr\u00e0nia adolescents MED4Youth - Eurecat<\/title>\n<meta name=\"description\" content=\"Participa a l\u2019estudi del projecte MED4Youth i ajuda\u2019ns a demostrar l\u2019efectivitat de la dieta mediterr\u00e0nia per mantenir un pes \u00f2ptim.\" \/>\n<meta name=\"robots\" content=\"index, follow, max-snippet:-1, max-image-preview:large, max-video-preview:-1\" \/>\n<link rel=\"canonical\" href=\"https:\/\/eurecat.org\/es\/proyectos\/proyectos-europeos\/med4youth-estudio-dieta-mediterranea-adolescentes\/\" \/>\n<meta property=\"og:locale\" content=\"es_ES\" \/>\n<meta property=\"og:type\" content=\"article\" \/>\n<meta property=\"og:title\" content=\"Estudi dieta mediterr\u00e0nia adolescents MED4Youth - Eurecat\" \/>\n<meta property=\"og:description\" content=\"Participa a l\u2019estudi del projecte MED4Youth i ajuda\u2019ns a demostrar l\u2019efectivitat de la dieta mediterr\u00e0nia per mantenir un pes \u00f2ptim.\" \/>\n<meta property=\"og:url\" content=\"https:\/\/eurecat.org\/es\/proyectos\/proyectos-europeos\/med4youth-estudio-dieta-mediterranea-adolescentes\/\" \/>\n<meta property=\"og:site_name\" content=\"Eurecat\" \/>\n<meta property=\"article:modified_time\" content=\"2022-06-07T12:38:12+00:00\" \/>\n<meta property=\"og:image\" content=\"https:\/\/eurecat.org\/wp-content\/uploads\/2021\/01\/Estudi_nutricio-600x297-1.png\" \/>\n\t<meta property=\"og:image:width\" content=\"600\" \/>\n\t<meta property=\"og:image:height\" content=\"297\" \/>\n\t<meta property=\"og:image:type\" content=\"image\/png\" \/>\n<meta name=\"twitter:card\" content=\"summary_large_image\" \/>\n<meta name=\"twitter:label1\" content=\"Tiempo de lectura\" \/>\n\t<meta name=\"twitter:data1\" content=\"13 minutos\" \/>\n<script type=\"application\/ld+json\" class=\"yoast-schema-graph\">{\"@context\":\"https:\\\/\\\/schema.org\",\"@graph\":[{\"@type\":\"WebPage\",\"@id\":\"https:\\\/\\\/eurecat.org\\\/es\\\/proyectos\\\/proyectos-europeos\\\/med4youth-estudio-dieta-mediterranea-adolescentes\\\/\",\"url\":\"https:\\\/\\\/eurecat.org\\\/es\\\/proyectos\\\/proyectos-europeos\\\/med4youth-estudio-dieta-mediterranea-adolescentes\\\/\",\"name\":\"Estudi dieta mediterr\u00e0nia adolescents MED4Youth - Eurecat\",\"isPartOf\":{\"@id\":\"https:\\\/\\\/eurecat.org\\\/es\\\/#website\"},\"primaryImageOfPage\":{\"@id\":\"https:\\\/\\\/eurecat.org\\\/es\\\/proyectos\\\/proyectos-europeos\\\/med4youth-estudio-dieta-mediterranea-adolescentes\\\/#primaryimage\"},\"image\":{\"@id\":\"https:\\\/\\\/eurecat.org\\\/es\\\/proyectos\\\/proyectos-europeos\\\/med4youth-estudio-dieta-mediterranea-adolescentes\\\/#primaryimage\"},\"thumbnailUrl\":\"https:\\\/\\\/eurecat.org\\\/wp-content\\\/uploads\\\/2021\\\/01\\\/Estudi_nutricio-600x297-1.png\",\"datePublished\":\"2021-01-08T09:05:04+00:00\",\"dateModified\":\"2022-06-07T12:38:12+00:00\",\"description\":\"Participa a l\u2019estudi del projecte MED4Youth i ajuda\u2019ns a demostrar l\u2019efectivitat de la dieta mediterr\u00e0nia per mantenir un pes \u00f2ptim.\",\"breadcrumb\":{\"@id\":\"https:\\\/\\\/eurecat.org\\\/es\\\/proyectos\\\/proyectos-europeos\\\/med4youth-estudio-dieta-mediterranea-adolescentes\\\/#breadcrumb\"},\"inLanguage\":\"es\",\"potentialAction\":[{\"@type\":\"ReadAction\",\"target\":[\"https:\\\/\\\/eurecat.org\\\/es\\\/proyectos\\\/proyectos-europeos\\\/med4youth-estudio-dieta-mediterranea-adolescentes\\\/\"]}]},{\"@type\":\"ImageObject\",\"inLanguage\":\"es\",\"@id\":\"https:\\\/\\\/eurecat.org\\\/es\\\/proyectos\\\/proyectos-europeos\\\/med4youth-estudio-dieta-mediterranea-adolescentes\\\/#primaryimage\",\"url\":\"https:\\\/\\\/eurecat.org\\\/wp-content\\\/uploads\\\/2021\\\/01\\\/Estudi_nutricio-600x297-1.png\",\"contentUrl\":\"https:\\\/\\\/eurecat.org\\\/wp-content\\\/uploads\\\/2021\\\/01\\\/Estudi_nutricio-600x297-1.png\",\"width\":600,\"height\":297,\"caption\":\"dieta mediterr\u00e0nia\"},{\"@type\":\"BreadcrumbList\",\"@id\":\"https:\\\/\\\/eurecat.org\\\/es\\\/proyectos\\\/proyectos-europeos\\\/med4youth-estudio-dieta-mediterranea-adolescentes\\\/#breadcrumb\",\"itemListElement\":[{\"@type\":\"ListItem\",\"position\":1,\"name\":\"Inici\",\"item\":\"https:\\\/\\\/eurecat.org\\\/es\\\/\"},{\"@type\":\"ListItem\",\"position\":2,\"name\":\"Proyectos\",\"item\":\"https:\\\/\\\/eurecat.org\\\/es\\\/proyectos\\\/\"},{\"@type\":\"ListItem\",\"position\":3,\"name\":\"Proyectos europeos\",\"item\":\"https:\\\/\\\/eurecat.org\\\/es\\\/proyectos\\\/proyectos-europeos\\\/\"},{\"@type\":\"ListItem\",\"position\":4,\"name\":\"Estudio dieta mediterr\u00e1nea y adolescentes &#8211; MED4Youth\"}]},{\"@type\":\"WebSite\",\"@id\":\"https:\\\/\\\/eurecat.org\\\/es\\\/#website\",\"url\":\"https:\\\/\\\/eurecat.org\\\/es\\\/\",\"name\":\"Eurecat\",\"description\":\"Otro sitio realizado con WordPress\",\"potentialAction\":[{\"@type\":\"SearchAction\",\"target\":{\"@type\":\"EntryPoint\",\"urlTemplate\":\"https:\\\/\\\/eurecat.org\\\/es\\\/?s={search_term_string}\"},\"query-input\":{\"@type\":\"PropertyValueSpecification\",\"valueRequired\":true,\"valueName\":\"search_term_string\"}}],\"inLanguage\":\"es\"}]}<\/script>\n<!-- \/ Yoast SEO plugin. -->","yoast_head_json":{"title":"Estudi dieta mediterr\u00e0nia adolescents MED4Youth - Eurecat","description":"Participa a l\u2019estudi del projecte MED4Youth i ajuda\u2019ns a demostrar l\u2019efectivitat de la dieta mediterr\u00e0nia per mantenir un pes \u00f2ptim.","robots":{"index":"index","follow":"follow","max-snippet":"max-snippet:-1","max-image-preview":"max-image-preview:large","max-video-preview":"max-video-preview:-1"},"canonical":"https:\/\/eurecat.org\/es\/proyectos\/proyectos-europeos\/med4youth-estudio-dieta-mediterranea-adolescentes\/","og_locale":"es_ES","og_type":"article","og_title":"Estudi dieta mediterr\u00e0nia adolescents MED4Youth - Eurecat","og_description":"Participa a l\u2019estudi del projecte MED4Youth i ajuda\u2019ns a demostrar l\u2019efectivitat de la dieta mediterr\u00e0nia per mantenir un pes \u00f2ptim.","og_url":"https:\/\/eurecat.org\/es\/proyectos\/proyectos-europeos\/med4youth-estudio-dieta-mediterranea-adolescentes\/","og_site_name":"Eurecat","article_modified_time":"2022-06-07T12:38:12+00:00","og_image":[{"width":600,"height":297,"url":"https:\/\/eurecat.org\/wp-content\/uploads\/2021\/01\/Estudi_nutricio-600x297-1.png","type":"image\/png"}],"twitter_card":"summary_large_image","twitter_misc":{"Tiempo de lectura":"13 minutos"},"schema":{"@context":"https:\/\/schema.org","@graph":[{"@type":"WebPage","@id":"https:\/\/eurecat.org\/es\/proyectos\/proyectos-europeos\/med4youth-estudio-dieta-mediterranea-adolescentes\/","url":"https:\/\/eurecat.org\/es\/proyectos\/proyectos-europeos\/med4youth-estudio-dieta-mediterranea-adolescentes\/","name":"Estudi dieta mediterr\u00e0nia adolescents MED4Youth - Eurecat","isPartOf":{"@id":"https:\/\/eurecat.org\/es\/#website"},"primaryImageOfPage":{"@id":"https:\/\/eurecat.org\/es\/proyectos\/proyectos-europeos\/med4youth-estudio-dieta-mediterranea-adolescentes\/#primaryimage"},"image":{"@id":"https:\/\/eurecat.org\/es\/proyectos\/proyectos-europeos\/med4youth-estudio-dieta-mediterranea-adolescentes\/#primaryimage"},"thumbnailUrl":"https:\/\/eurecat.org\/wp-content\/uploads\/2021\/01\/Estudi_nutricio-600x297-1.png","datePublished":"2021-01-08T09:05:04+00:00","dateModified":"2022-06-07T12:38:12+00:00","description":"Participa a l\u2019estudi del projecte MED4Youth i ajuda\u2019ns a demostrar l\u2019efectivitat de la dieta mediterr\u00e0nia per mantenir un pes \u00f2ptim.","breadcrumb":{"@id":"https:\/\/eurecat.org\/es\/proyectos\/proyectos-europeos\/med4youth-estudio-dieta-mediterranea-adolescentes\/#breadcrumb"},"inLanguage":"es","potentialAction":[{"@type":"ReadAction","target":["https:\/\/eurecat.org\/es\/proyectos\/proyectos-europeos\/med4youth-estudio-dieta-mediterranea-adolescentes\/"]}]},{"@type":"ImageObject","inLanguage":"es","@id":"https:\/\/eurecat.org\/es\/proyectos\/proyectos-europeos\/med4youth-estudio-dieta-mediterranea-adolescentes\/#primaryimage","url":"https:\/\/eurecat.org\/wp-content\/uploads\/2021\/01\/Estudi_nutricio-600x297-1.png","contentUrl":"https:\/\/eurecat.org\/wp-content\/uploads\/2021\/01\/Estudi_nutricio-600x297-1.png","width":600,"height":297,"caption":"dieta mediterr\u00e0nia"},{"@type":"BreadcrumbList","@id":"https:\/\/eurecat.org\/es\/proyectos\/proyectos-europeos\/med4youth-estudio-dieta-mediterranea-adolescentes\/#breadcrumb","itemListElement":[{"@type":"ListItem","position":1,"name":"Inici","item":"https:\/\/eurecat.org\/es\/"},{"@type":"ListItem","position":2,"name":"Proyectos","item":"https:\/\/eurecat.org\/es\/proyectos\/"},{"@type":"ListItem","position":3,"name":"Proyectos europeos","item":"https:\/\/eurecat.org\/es\/proyectos\/proyectos-europeos\/"},{"@type":"ListItem","position":4,"name":"Estudio dieta mediterr\u00e1nea y adolescentes &#8211; MED4Youth"}]},{"@type":"WebSite","@id":"https:\/\/eurecat.org\/es\/#website","url":"https:\/\/eurecat.org\/es\/","name":"Eurecat","description":"Otro sitio realizado con WordPress","potentialAction":[{"@type":"SearchAction","target":{"@type":"EntryPoint","urlTemplate":"https:\/\/eurecat.org\/es\/?s={search_term_string}"},"query-input":{"@type":"PropertyValueSpecification","valueRequired":true,"valueName":"search_term_string"}}],"inLanguage":"es"}]}},"_links":{"self":[{"href":"https:\/\/eurecat.org\/es\/wp-json\/wp\/v2\/pages\/109493","targetHints":{"allow":["GET"]}}],"collection":[{"href":"https:\/\/eurecat.org\/es\/wp-json\/wp\/v2\/pages"}],"about":[{"href":"https:\/\/eurecat.org\/es\/wp-json\/wp\/v2\/types\/page"}],"author":[{"embeddable":true,"href":"https:\/\/eurecat.org\/es\/wp-json\/wp\/v2\/users\/18"}],"replies":[{"embeddable":true,"href":"https:\/\/eurecat.org\/es\/wp-json\/wp\/v2\/comments?post=109493"}],"version-history":[{"count":0,"href":"https:\/\/eurecat.org\/es\/wp-json\/wp\/v2\/pages\/109493\/revisions"}],"up":[{"embeddable":true,"href":"https:\/\/eurecat.org\/es\/wp-json\/wp\/v2\/pages\/56973"}],"wp:featuredmedia":[{"embeddable":true,"href":"https:\/\/eurecat.org\/es\/wp-json\/wp\/v2\/media\/109520"}],"wp:attachment":[{"href":"https:\/\/eurecat.org\/es\/wp-json\/wp\/v2\/media?parent=109493"}],"curies":[{"name":"wp","href":"https:\/\/api.w.org\/{rel}","templated":true}]}}