{"id":112994,"date":"2021-04-15T10:25:09","date_gmt":"2021-04-15T09:25:09","guid":{"rendered":"https:\/\/eurecat.org\/?page_id=112994"},"modified":"2021-05-13T11:39:13","modified_gmt":"2021-05-13T10:39:13","slug":"ecodisenar-productos-sostenibles","status":"publish","type":"page","link":"https:\/\/eurecat.org\/es\/servicios\/eurecatevents\/ecodisenar-productos-sostenibles\/","title":{"rendered":"ECODISE\u00d1AR PRODUCTOS SOSTENIBLES"},"content":{"rendered":"<div class=\"fusion-fullwidth fullwidth-box fusion-builder-row-1 nonhundred-percent-fullwidth non-hundred-percent-height-scrolling\" style=\"--awb-border-radius-top-left:0px;--awb-border-radius-top-right:0px;--awb-border-radius-bottom-right:0px;--awb-border-radius-bottom-left:0px;--awb-padding-top:0px;--awb-padding-right:0px;--awb-padding-bottom:0px;--awb-padding-left:0px;--awb-margin-top:0px;--awb-margin-bottom:0px;--awb-flex-wrap:wrap;\" ><div class=\"fusion-builder-row fusion-row\"><div class=\"fusion-layout-column fusion_builder_column fusion-builder-column-0 fusion_builder_column_1_1 1_1 fusion-one-full fusion-column-first fusion-column-last\" style=\"--awb-bg-size:cover;\"><div class=\"fusion-column-wrapper fusion-column-has-shadow fusion-flex-column-wrapper-legacy\"><div class=\"fusion-text fusion-text-1\"><p style=\"text-align: center;\"><span style=\"color: #3c3d91;\"><strong>WEBINAR TECNOL\u00d3GICO<\/strong><\/span><\/p>\n<\/div><div class=\"fusion-text fusion-text-2\"><h1 style=\"text-align: center;\"><strong><span style=\"color: #3d6fb6;\"><span style=\"color: #662483;\">ECODISE\u00d1AR PRODUCTOS SOSTENIBLES<\/span><\/span><\/strong><\/h1>\n<\/div><div class=\"fusion-text fusion-text-3\"><h2 style=\"text-align: center;\"><strong><span style=\"color: #3c3d91;\">12 de mayo 2021 | de 10:00h a 12:30 h<\/span><\/strong><\/h2>\n<\/div><div class=\"fusion-clearfix\"><\/div><\/div><\/div><\/div><\/div><div class=\"fusion-bg-parallax\" data-bg-align=\"center center\" data-direction=\"up\" data-mute=\"false\" data-opacity=\"100\" data-velocity=\"-0\" data-mobile-enabled=\"false\" data-break_parents=\"0\" data-bg-image=\"https:\/\/eurecat.org\/wp-content\/uploads\/2021\/04\/imatgecapweb-1.jpg\" data-bg-repeat=\"false\" ><\/div><div class=\"fusion-fullwidth fullwidth-box fusion-builder-row-2 fusion-parallax-up hundred-percent-fullwidth non-hundred-percent-height-scrolling\" style=\"--awb-border-radius-top-left:0px;--awb-border-radius-top-right:0px;--awb-border-radius-bottom-right:0px;--awb-border-radius-bottom-left:0px;--awb-padding-top:200px;--awb-padding-bottom:200px;--awb-margin-top:0px;--awb-margin-bottom:0px;--awb-background-image:url(&quot;https:\/\/eurecat.org\/wp-content\/uploads\/2021\/04\/imatgecapweb-1.jpg&quot;);--awb-background-size:cover;--awb-flex-wrap:wrap;\" ><div class=\"fusion-builder-row fusion-row\"><\/div><\/div><div class=\"fusion-fullwidth fullwidth-box fusion-builder-row-3 nonhundred-percent-fullwidth non-hundred-percent-height-scrolling\" style=\"--awb-border-radius-top-left:0px;--awb-border-radius-top-right:0px;--awb-border-radius-bottom-right:0px;--awb-border-radius-bottom-left:0px;--awb-padding-top:20px;--awb-flex-wrap:wrap;\" ><div class=\"fusion-builder-row fusion-row\"><div class=\"fusion-layout-column fusion_builder_column fusion-builder-column-1 fusion_builder_column_1_2 1_2 fusion-one-half fusion-column-first\" style=\"--awb-bg-size:cover;width:50%;width:calc(50% - ( ( 4% ) * 0.5 ) );margin-right: 4%;\"><div class=\"fusion-column-wrapper fusion-column-has-shadow fusion-flex-column-wrapper-legacy\"><div class=\"fusion-text fusion-text-4\"><p><strong>Organiza:<\/strong><\/p>\n<p><img decoding=\"async\" class=\"alignnone wp-image-113070 size-full\" src=\"https:\/\/eurecat.org\/wp-content\/uploads\/2021\/04\/HEADER-eurecat-i-fad.jpg\" alt=\"\" width=\"570\" height=\"106\" srcset=\"https:\/\/eurecat.org\/wp-content\/uploads\/2021\/04\/HEADER-eurecat-i-fad-200x37.jpg 200w, https:\/\/eurecat.org\/wp-content\/uploads\/2021\/04\/HEADER-eurecat-i-fad-300x56.jpg 300w, https:\/\/eurecat.org\/wp-content\/uploads\/2021\/04\/HEADER-eurecat-i-fad-400x74.jpg 400w, https:\/\/eurecat.org\/wp-content\/uploads\/2021\/04\/HEADER-eurecat-i-fad.jpg 570w\" sizes=\"(max-width: 570px) 100vw, 570px\" \/><\/p>\n<\/div><div class=\"fusion-clearfix\"><\/div><\/div><\/div><div class=\"fusion-layout-column fusion_builder_column fusion-builder-column-2 fusion_builder_column_1_2 1_2 fusion-one-half fusion-column-last\" style=\"--awb-bg-size:cover;width:50%;width:calc(50% - ( ( 4% ) * 0.5 ) );\"><div class=\"fusion-column-wrapper fusion-column-has-shadow fusion-flex-column-wrapper-legacy\"><div class=\"fusion-text fusion-text-5\"><p><strong>Colaboran:<\/strong><\/p>\n<\/div><div class=\"fusion-sep-clear\"><\/div><div class=\"fusion-separator fusion-full-width-sep\" style=\"margin-left: auto;margin-right: auto;margin-top:10px;margin-bottom:0px;width:100%;\"><\/div><div class=\"fusion-sep-clear\"><\/div><div class=\"fusion-image-carousel fusion-image-carousel-fixed fusion-image-carousel-1 lightbox-enabled\"><div class=\"awb-carousel awb-swiper awb-swiper-carousel awb-carousel--carousel awb-swiper-dots-position-bottom\" data-layout=\"carousel\" data-autoplay=\"yes\" data-autoplayspeed=\"2500\" data-autoplaypause=\"no\" data-loop=\"yes\" data-columns=\"3\" data-columnsmedium=\"1\" data-columnssmall=\"1\" data-itemmargin=\"14\" data-itemwidth=\"180\" data-touchscroll=\"no\" data-freemode=\"no\" data-imagesize=\"fixed\" data-scrollitems=\"0\" data-centeredslides=\"no\" data-rotationangle=\"50\" data-depth=\"100\" data-speed=\"500\" data-shadow=\"no\" data-pagination=\"bullets\" style=\"--awb-columns:3;--awb-column-spacing:14px;\"><div class=\"swiper-wrapper awb-image-carousel-wrapper fusion-flex-align-items-center\"><div class=\"swiper-slide\"><div class=\"fusion-carousel-item-wrapper\"><div class=\"fusion-image-wrapper hover-type-none\"><a data-rel=\"iLightbox[image_carousel_1]\" data-title=\"22@\" aria-label=\"22@\" href=\"https:\/\/eurecat.org\/wp-content\/uploads\/2021\/04\/22@.png\" target=\"_self\"><img decoding=\"async\" width=\"200\" height=\"112\" src=\"https:\/\/eurecat.org\/wp-content\/uploads\/2021\/04\/22@.png\" class=\"attachment-portfolio-two size-portfolio-two\" alt=\"\" \/><\/a><\/div><\/div><\/div><div class=\"swiper-slide\"><div class=\"fusion-carousel-item-wrapper\"><div class=\"fusion-image-wrapper hover-type-none\"><a data-rel=\"iLightbox[image_carousel_1]\" data-title=\"CMAV_1\" aria-label=\"CMAV_1\" href=\"https:\/\/eurecat.org\/wp-content\/uploads\/2021\/03\/CMAV_1.jpg\" target=\"_self\"><img decoding=\"async\" width=\"200\" height=\"150\" src=\"https:\/\/eurecat.org\/wp-content\/uploads\/2021\/03\/CMAV_1.jpg\" class=\"attachment-portfolio-two size-portfolio-two\" alt=\"\" \/><\/a><\/div><\/div><\/div><div class=\"swiper-slide\"><div class=\"fusion-carousel-item-wrapper\"><div class=\"fusion-image-wrapper hover-type-none\"><a data-rel=\"iLightbox[image_carousel_1]\" data-title=\"packcluster\" aria-label=\"packcluster\" href=\"https:\/\/eurecat.org\/wp-content\/uploads\/2021\/04\/packcluster.png\" target=\"_self\"><img decoding=\"async\" width=\"200\" height=\"112\" src=\"https:\/\/eurecat.org\/wp-content\/uploads\/2021\/04\/packcluster.png\" class=\"attachment-portfolio-two size-portfolio-two\" alt=\"\" \/><\/a><\/div><\/div><\/div><div class=\"swiper-slide\"><div class=\"fusion-carousel-item-wrapper\"><div class=\"fusion-image-wrapper hover-type-none\"><a data-rel=\"iLightbox[image_carousel_1]\" data-title=\"ACCI\u00d3 integrat vertical CAT_web\" aria-label=\"ACCI\u00d3 integrat vertical CAT_web\" href=\"http:\/\/www.accio.gencat.cat\/ca\/inici\" target=\"_self\"><img decoding=\"async\" width=\"200\" height=\"150\" src=\"https:\/\/eurecat.org\/wp-content\/uploads\/2021\/04\/ACCIO-integrat-vertical-CAT_web.png\" class=\"attachment-portfolio-two size-portfolio-two\" alt=\"\" \/><\/a><\/div><\/div><\/div><div class=\"swiper-slide\"><div class=\"fusion-carousel-item-wrapper\"><div class=\"fusion-image-wrapper hover-type-none\"><a data-rel=\"iLightbox[image_carousel_1]\" data-title=\"llotja\" aria-label=\"llotja\" href=\"http:\/\/www.llotja.cat\/llotja\/p\/1\/737\/0\/Inici\" target=\"_self\"><img decoding=\"async\" width=\"200\" height=\"112\" src=\"https:\/\/eurecat.org\/wp-content\/uploads\/2021\/04\/llotja-1.jpg\" class=\"attachment-portfolio-two size-portfolio-two\" alt=\"\" \/><\/a><\/div><\/div><\/div><\/div><\/div><\/div><div class=\"fusion-clearfix\"><\/div><\/div><\/div><\/div><\/div><div class=\"fusion-fullwidth fullwidth-box fusion-builder-row-4 nonhundred-percent-fullwidth non-hundred-percent-height-scrolling\" style=\"--awb-border-radius-top-left:0px;--awb-border-radius-top-right:0px;--awb-border-radius-bottom-right:0px;--awb-border-radius-bottom-left:0px;--awb-padding-top:0px;--awb-padding-bottom:0px;--awb-flex-wrap:wrap;\" ><div class=\"fusion-builder-row fusion-row\"><div class=\"fusion-layout-column fusion_builder_column fusion-builder-column-3 fusion_builder_column_2_3 2_3 fusion-two-third fusion-column-first\" style=\"--awb-bg-size:cover;--awb-margin-top:0px px;--awb-margin-bottom:0px px;width:66.666666666667%;width:calc(66.666666666667% - ( ( 4% ) * 0.66666666666667 ) );margin-right: 4%;\"><div class=\"fusion-column-wrapper fusion-column-has-shadow fusion-flex-column-wrapper-legacy\"><div class=\"fusion-sep-clear\"><\/div><div class=\"fusion-separator fusion-full-width-sep\" style=\"margin-left: auto;margin-right: auto;margin-top:10px;margin-bottom:10px;width:100%;\"><div class=\"fusion-separator-border sep-single\" style=\"--awb-height:20px;--awb-amount:20px;--awb-sep-color:#ffffff;border-color:#ffffff;border-top-width:1px;\"><\/div><\/div><div class=\"fusion-sep-clear\"><\/div><div class=\"fusion-text fusion-text-6\"><h2 data-fontsize=\"16\" data-lineheight=\"24px\"><span style=\"color: #2e5b9f;\"><strong>C\u00f3mo crear productos m\u00e1s sostenibles para una econom\u00eda circular\u00a0<\/strong><\/span><\/h2>\n<h2 data-fontsize=\"16\" data-lineheight=\"24px\"><span style=\"color: #333333;\">Nuestra sociedad basada en el consumo est\u00e1 llegando a l\u00edmites insostenibles para el planeta. Pese a que cada vez se endurecen m\u00e1s las legislaciones para poner coto a los productos y servicios que generan una mayor huella de carbono, es el propio consumidor el que est\u00e1 tomando la delantera a los gobiernos, demandando productos m\u00e1s sostenibles y respetuosos. Las empresas deben implementar criterios de sostenibilidad desde las fases iniciales de conceptualizaci\u00f3n y desarrollo de sus nuevos productos y servicios.<\/span><\/h2>\n<\/div><div class=\"fusion-clearfix\"><\/div><\/div><\/div><div class=\"fusion-layout-column fusion_builder_column fusion-builder-column-4 fusion_builder_column_1_3 1_3 fusion-one-third fusion-column-last\" style=\"--awb-padding-top:10px;--awb-padding-right:15px;--awb-padding-bottom:10px;--awb-padding-left:15px;--awb-bg-color:#662483;--awb-bg-color-hover:#662483;--awb-bg-size:cover;--awb-border-color:#ffffff;--awb-border-left:7px;--awb-border-style:solid;width:33.333333333333%;width:calc(33.333333333333% - ( ( 4% ) * 0.33333333333333 ) );\"><div class=\"fusion-column-wrapper fusion-column-has-shadow fusion-flex-column-wrapper-legacy\"><div class=\"fusion-sep-clear\"><\/div><div class=\"fusion-separator fusion-full-width-sep\" style=\"margin-left: auto;margin-right: auto;margin-top:0px;margin-bottom:0px;width:100%;\"><\/div><div class=\"fusion-sep-clear\"><\/div><div class=\"fusion-text fusion-text-7\"><h2><span style=\"color: #ffffff;\"><strong>A<\/strong><strong> qui\u00e9n se dirige:<\/strong><\/span><\/h2>\n<h3><span style=\"color: #ffffff;\"><b>Responsables de innovaci\u00f3n, dise\u00f1o y desarrollo<\/b>de empresas y startups con producto propio, interesadas\/dos en mejorar la sostenibilidad de los productos que comercializan sus empresas.<\/span><\/h3>\n<\/div><div class=\"fusion-clearfix\"><\/div><\/div><\/div><div class=\"fusion-layout-column fusion_builder_column fusion-builder-column-5 fusion_builder_column_2_3 2_3 fusion-two-third fusion-column-first\" style=\"--awb-bg-size:cover;--awb-margin-top:0px px;--awb-margin-bottom:0px px;width:66.666666666667%;width:calc(66.666666666667% - ( ( 4% ) * 0.66666666666667 ) );margin-right: 4%;\"><div class=\"fusion-column-wrapper fusion-column-has-shadow fusion-flex-column-wrapper-legacy\"><div class=\"fusion-text fusion-text-8\"><h2><span style=\"color: #3c3d91;\">Objetivos<\/span><span style=\"color: #3c3d91;\">\u00a0de este seminario:<\/span><\/h2>\n<p>&nbsp;<\/p>\n<h2>Conocer c\u00f3mo abordar los procesos de creaci\u00f3n, desarrollo e industrializaci\u00f3n de productos que sean m\u00e1s sostenibles para la sociedad y el planeta. Hablaremos de:<\/h2>\n<h2><strong>\u2022\u00a0 Materiales sostenibles<br \/>\n<\/strong><strong>\u2022\u00a0 Ecodise\u00f1o<br \/>\n\u2022\u00a0 Econom\u00eda circular<br \/>\n\u2022\u00a0 An\u00e1lisis ciclo de vida<br \/>\n\u2022\u00a0 Bater\u00edas<br \/>\n\u2022\u00a0 Tendencias<\/strong><\/h2>\n<\/div><div class=\"fusion-button-wrapper\"><a class=\"fusion-button button-flat fusion-button-default-size button-custom fusion-button-default button-1 fusion-button-default-span fusion-button-default-type\" style=\"--button_accent_color:#ffffff;--button_accent_hover_color:#ffffff;--button_border_hover_color:#ffffff;--button_gradient_top_color:#662483;--button_gradient_bottom_color:#662483;--button_gradient_top_color_hover:#662483;--button_gradient_bottom_color_hover:#662483;\" target=\"_blank\" rel=\"noopener noreferrer\" href=\"https:\/\/www.youtube.com\/watch?v=cZ89L9bLGC0\"><span class=\"fusion-button-text awb-button__text awb-button__text--default\">CONSULTA EL V\u00cdDEO<\/span><i class=\"fa-book-open fas awb-button__icon awb-button__icon--default button-icon-right\" aria-hidden=\"true\"><\/i><\/a><\/div><div class=\"fusion-sep-clear\"><\/div><div class=\"fusion-separator fusion-full-width-sep\" style=\"margin-left: auto;margin-right: auto;margin-bottom:15px;width:100%;\"><\/div><div class=\"fusion-sep-clear\"><\/div><div class=\"fusion-button-wrapper\"><a class=\"fusion-button button-flat fusion-button-default-size button-custom fusion-button-default button-2 fusion-button-default-span fusion-button-default-type\" style=\"--button_accent_color:#ffffff;--button_accent_hover_color:#ffffff;--button_border_hover_color:#ffffff;--button_gradient_top_color:#662483;--button_gradient_bottom_color:#662483;--button_gradient_top_color_hover:#662483;--button_gradient_bottom_color_hover:#662483;\" target=\"_blank\" rel=\"noopener noreferrer\" href=\"https:\/\/www.tfaforms.com\/4904930\"><i class=\"fa-bookmark fas awb-button__icon awb-button__icon--default button-icon-left\" aria-hidden=\"true\"><\/i><span class=\"fusion-button-text awb-button__text awb-button__text--default\">CONSULTAS<\/span><\/a><\/div><div class=\"fusion-clearfix\"><\/div><\/div><\/div><div class=\"fusion-layout-column fusion_builder_column fusion-builder-column-6 fusion_builder_column_1_3 1_3 fusion-one-third fusion-column-last\" style=\"--awb-padding-top:10px;--awb-padding-right:15px;--awb-padding-bottom:10px;--awb-padding-left:15px;--awb-bg-color:rgba(102,36,131,0.15);--awb-bg-color-hover:rgba(102,36,131,0.15);--awb-bg-size:cover;--awb-border-color:#ffffff;--awb-border-left:7px;--awb-border-style:solid;width:33.333333333333%;width:calc(33.333333333333% - ( ( 4% ) * 0.33333333333333 ) );\"><div class=\"fusion-column-wrapper fusion-column-has-shadow fusion-flex-column-wrapper-legacy\"><div class=\"fusion-text fusion-text-9\"><h2><span style=\"color: #662483;\"><strong>\u00c1mbitos de aplicaci\u00f3n:<\/strong><\/span><\/h2>\n<\/div><div class=\"fusion-image-element in-legacy-container\" style=\"--awb-caption-title-font-family:var(--h2_typography-font-family);--awb-caption-title-font-weight:var(--h2_typography-font-weight);--awb-caption-title-font-style:var(--h2_typography-font-style);--awb-caption-title-size:var(--h2_typography-font-size);--awb-caption-title-transform:var(--h2_typography-text-transform);--awb-caption-title-line-height:var(--h2_typography-line-height);--awb-caption-title-letter-spacing:var(--h2_typography-letter-spacing);\"><span class=\" fusion-imageframe imageframe-none imageframe-1 hover-type-none\"><img decoding=\"async\" width=\"383\" height=\"132\" title=\"Icones-web_mides-def_cast_1\" src=\"https:\/\/eurecat.org\/wp-content\/uploads\/2021\/04\/Icones-web_mides-def_cast_1.png\" alt class=\"img-responsive wp-image-113541\" srcset=\"https:\/\/eurecat.org\/wp-content\/uploads\/2021\/04\/Icones-web_mides-def_cast_1-200x69.png 200w, https:\/\/eurecat.org\/wp-content\/uploads\/2021\/04\/Icones-web_mides-def_cast_1.png 383w\" sizes=\"(max-width: 800px) 100vw, 383px\" \/><\/span><\/div><div class=\"fusion-image-element in-legacy-container\" style=\"--awb-caption-title-font-family:var(--h2_typography-font-family);--awb-caption-title-font-weight:var(--h2_typography-font-weight);--awb-caption-title-font-style:var(--h2_typography-font-style);--awb-caption-title-size:var(--h2_typography-font-size);--awb-caption-title-transform:var(--h2_typography-text-transform);--awb-caption-title-line-height:var(--h2_typography-line-height);--awb-caption-title-letter-spacing:var(--h2_typography-letter-spacing);\"><span class=\" fusion-imageframe imageframe-none imageframe-2 hover-type-none\"><img decoding=\"async\" width=\"383\" height=\"132\" title=\"Icones-web_mides-def_cast_2\" src=\"https:\/\/eurecat.org\/wp-content\/uploads\/2021\/04\/Icones-web_mides-def_cast_2.png\" alt class=\"img-responsive wp-image-113544\" srcset=\"https:\/\/eurecat.org\/wp-content\/uploads\/2021\/04\/Icones-web_mides-def_cast_2-200x69.png 200w, https:\/\/eurecat.org\/wp-content\/uploads\/2021\/04\/Icones-web_mides-def_cast_2.png 383w\" sizes=\"(max-width: 800px) 100vw, 383px\" \/><\/span><\/div><div class=\"fusion-sep-clear\"><\/div><div class=\"fusion-separator fusion-full-width-sep\" style=\"margin-left: auto;margin-right: auto;margin-bottom:15px;width:100%;\"><\/div><div class=\"fusion-sep-clear\"><\/div><div class=\"fusion-clearfix\"><\/div><\/div><\/div><\/div><\/div><div class=\"fusion-fullwidth fullwidth-box fusion-builder-row-5 nonhundred-percent-fullwidth non-hundred-percent-height-scrolling\" style=\"--link_hover_color: #3d6fb6;--awb-border-radius-top-left:0px;--awb-border-radius-top-right:0px;--awb-border-radius-bottom-right:0px;--awb-border-radius-bottom-left:0px;--awb-padding-top:10px;--awb-padding-bottom:10px;--awb-background-color:#3d6fb6;--awb-flex-wrap:wrap;\" ><div class=\"fusion-builder-row fusion-row\"><div class=\"fusion-layout-column fusion_builder_column fusion-builder-column-7 fusion_builder_column_1_1 1_1 fusion-one-full fusion-column-first fusion-column-last\" style=\"--awb-padding-top:20px;--awb-bg-size:cover;\"><div class=\"fusion-column-wrapper fusion-column-has-shadow fusion-flex-column-wrapper-legacy\"><div class=\"fusion-text fusion-text-10\"><h2><\/h2>\n<h2 style=\"text-align: center;\"><span style=\"color: #ffffff;\"><strong>PROGRAMA<\/strong><\/span><\/h2>\n<\/div><div class=\"fusion-clearfix\"><\/div><\/div><\/div><\/div><\/div><div class=\"fusion-fullwidth fullwidth-box fusion-builder-row-6 nonhundred-percent-fullwidth non-hundred-percent-height-scrolling\" style=\"--awb-border-radius-top-left:0px;--awb-border-radius-top-right:0px;--awb-border-radius-bottom-right:0px;--awb-border-radius-bottom-left:0px;--awb-padding-top:10px;--awb-padding-bottom:10px;--awb-background-color:#ffffff;--awb-flex-wrap:wrap;\" ><div class=\"fusion-builder-row fusion-row\"><div class=\"fusion-layout-column fusion_builder_column fusion-builder-column-8 fusion_builder_column_1_2 1_2 fusion-one-half fusion-column-first\" style=\"--awb-padding-right:30px;--awb-padding-left:30px;--awb-bg-size:cover;--awb-border-color:#662483;--awb-border-left:2px;--awb-border-style:solid;width:50%;width:calc(50% - ( ( 4% ) * 0.5 ) );margin-right: 4%;\"><div class=\"fusion-column-wrapper fusion-column-has-shadow fusion-flex-column-wrapper-legacy\"><div class=\"fusion-text fusion-text-11\"><h3><span style=\"color: #3d6fb6;\"><strong>10:00h<\/strong><\/span><\/h3>\n<\/div><div class=\"fusion-text fusion-text-12\"><h2><span style=\"color: #662483;\"><b>Bienvenida e introducci\u00f3n a la jornada<\/b><\/span><b><br \/>\n<\/b><\/h2>\n<h3><span style=\"color: #333333;\"><strong>Val\u00e9rie Bergeron,<\/strong> Materials library manager en Materfad | Subdirectora en FAD <\/span><\/h3>\n<h3><strong>Jos\u00e9 Antonio Gago<\/strong>, Market Manager servicios Innovaci\u00f3n de Producto y Design Thinking en Eurecat<\/h3>\n<h3><\/h3>\n<\/div><div class=\"fusion-text fusion-text-13\"><h3><span style=\"color: #3d6fb6;\"><strong><span style=\"color: #3d6fb6;\">10:15h<\/span><\/strong><\/span><\/h3>\n<h2><span style=\"color: #3d6fb6;\"><strong>BLOQUE INSPIRACIONAL<\/strong><\/span><\/h2>\n<\/div><div class=\"fusion-text fusion-text-14\"><h2><span style=\"color: #662483;\"><span style=\"color: #333333;\"><b><span style=\"color: #662483;\"><strong>&#8216;Materiales tab\u00fa, en el contexto de una socio econom\u00eda inteligente y liberada&#8217;<\/strong><\/span><br \/>\n<\/b><\/span><\/span><\/h2>\n<h3><span style=\"color: #662483;\"><strong><span style=\"color: #333333;\">Robert D. Thompson,<\/span> <\/strong><\/span><span style=\"color: #333333;\">Director Cient\u00edfico en Materfad<\/span><span style=\"color: #662483;\"><br \/>\n<\/span><\/h3>\n<\/div><div class=\"fusion-text fusion-text-15\"><h3><span style=\"color: #3d6fb6;\"><strong>10:45h <\/strong><\/span><\/h3>\n<h2><span style=\"color: #3d6fb6;\"><strong>BLOQUE MATERIALES<\/strong><\/span><\/h2>\n<\/div><div class=\"fusion-text fusion-text-16\"><h2><span style=\"color: #662483;\"><b>&#8216;Econom\u00eda circular aplicada a los pl\u00e1sticos&#8217;<\/b><\/span><\/h2>\n<h3><span style=\"color: #333333;\"><strong>M\u00aa Eug\u00e8nia Rodr\u00edguez<\/strong>, Directora unidad Composites en Eurecat<\/span><\/h3>\n<div><\/div>\n<div><\/div>\n<div><\/div>\n<div><\/div>\n<div><\/div>\n<div><\/div>\n<div><\/div>\n<div><\/div>\n<\/div><div class=\"fusion-text fusion-text-17\"><h3><span style=\"color: #3d6fb6;\"><strong><span style=\"color: #3d6fb6;\">11:00h<\/span>\u00a0\u00a0<\/strong><\/span><\/h3>\n<h2><\/h2>\n<\/div><div class=\"fusion-text fusion-text-18\"><h2><span style=\"color: #662483;\"><b>&#8216;Productos textiles sostenibles, tendencias de futuro&#8217;<\/b><\/span><\/h2>\n<h3><span style=\"color: #333333;\"><strong>Francesc Ma\u00f1osa<\/strong>, Investigador unidad Smart Textiles en\u00a0Eurecat<\/span><\/h3>\n<div><\/div>\n<div><\/div>\n<div><\/div>\n<div><\/div>\n<div><\/div>\n<div><\/div>\n<div><\/div>\n<div><\/div>\n<\/div><div class=\"fusion-text fusion-text-19\"><h3><span style=\"color: #3d6fb6;\"><strong>11:15h <\/strong><\/span><\/h3>\n<h2><span style=\"color: #3d6fb6;\"><strong>BLOQUE ECODISE\u00d1O<\/strong><\/span><\/h2>\n<\/div><div class=\"fusion-text fusion-text-20\"><h2><span style=\"color: #662483;\"><b>&#8216;Verdades y mentiras sobre la sostenibilidad del dise\u00f1o circular: An\u00e1lisis del ciclo de vida aplicado a productos<\/b><b>&#8216;<\/b><\/span><b><br \/>\n<\/b><\/h2>\n<h3><span style=\"color: #333333;\"><strong>Jos\u00e9 Jorge Esp\u00ed<\/strong>, Responsable de L\u00ednea en Impacto Sostenible en la Unidad de Residuos, Energ\u00eda e Impacto Ambiental en Eurecat<\/span><\/h3>\n<\/div><div class=\"fusion-clearfix\"><\/div><\/div><\/div><div class=\"fusion-layout-column fusion_builder_column fusion-builder-column-9 fusion_builder_column_1_2 1_2 fusion-one-half fusion-column-last\" style=\"--awb-padding-right:30px;--awb-padding-left:30px;--awb-bg-size:cover;--awb-border-color:#662483;--awb-border-left:2px;--awb-border-style:solid;width:50%;width:calc(50% - ( ( 4% ) * 0.5 ) );\"><div class=\"fusion-column-wrapper fusion-column-has-shadow fusion-flex-column-wrapper-legacy\"><div class=\"fusion-text fusion-text-21\"><h3><span style=\"color: #3d6fb6;\"><strong>11:30h<\/strong><\/span><\/h3>\n<h2><\/h2>\n<\/div><div class=\"fusion-text fusion-text-22\"><h2><span style=\"color: #662483;\"><b>&#8216;<\/b><b>Dise\u00f1o de producto para la circularidad<\/b><b>&#8216;<\/b><\/span><b><br \/>\n<\/b><\/h2>\n<h3 class=\"fusion-responsive-typography-calculated\" data-fontsize=\"16\" data-lineheight=\"24px\"><strong>Irene R\u00e0fols, <\/strong>Directora de Innovaci\u00f3n y Desarrollo de Producto en Eurecat<\/h3>\n<\/div><div class=\"fusion-text fusion-text-23\"><h3><span style=\"color: #3d6fb6;\"><strong>11:45h<\/strong><\/span><\/h3>\n<h2><\/h2>\n<\/div><div class=\"fusion-text fusion-text-24\"><h2><span style=\"color: #662483;\"><b>&#8216;Implementaci\u00f3n sostenible de bater\u00edas&#8217;<\/b><\/span><b><br \/>\n<\/b><\/h2>\n<h3><span style=\"color: #333333;\"><strong>Dr. Jordi Jacas<\/strong>, Senior Researcher en IREC<\/span><\/h3>\n<\/div><div class=\"fusion-text fusion-text-25\"><h3><span style=\"color: #3d6fb6;\"><strong>12:00h <\/strong><\/span><\/h3>\n<h2><span style=\"color: #3d6fb6;\"><strong>BLOQUE CASOS Y AYUDAS<\/strong><\/span><\/h2>\n<\/div><div class=\"fusion-text fusion-text-26\"><h2><span style=\"color: #662483;\"><b>&#8216;De Residuo a valor&#8217;<\/b><\/span><b><br \/>\n<\/b><\/h2>\n<h3><span style=\"color: #333333;\"><strong>Sylvia Calvo<\/strong>, fundadora de Sylvia Calvo BCN, Circular Fashion<br \/>\n<\/span><\/h3>\n<\/div><div class=\"fusion-text fusion-text-27\"><h3><span style=\"color: #3d6fb6;\"><strong>12:15h<\/strong><\/span><\/h3>\n<\/div><div class=\"fusion-text fusion-text-28\"><h2><span style=\"color: #662483;\"><b>&#8216;Empresa y ecodise\u00f1o al servicio de las ciudades&#8217;<\/b><\/span><b><br \/>\n<\/b><\/h2>\n<h3><span style=\"color: #333333;\"><strong>Alfredo Balmaceda<\/strong>, Co-Managing Director, Zicla<\/span><\/h3>\n<h2><span style=\"color: #662483;\"><b>&#8216;El caso de la familia de productos Zebra&#8217;<\/b><\/span><b><br \/>\n<\/b><\/h2>\n<h3><span style=\"color: #333333;\"><strong>Curro Claret<\/strong>, Dise\u00f1ador Industrial<\/span><\/h3>\n<\/div><div class=\"fusion-text fusion-text-29\"><h3><span style=\"color: #3d6fb6;\"><strong>12:30h<\/strong><\/span><\/h3>\n<\/div><div class=\"fusion-text fusion-text-30\"><h2><span style=\"color: #662483;\"><b>&#8216;Premio Catalunya de Ecodise\u00f1o y Ayudas Agencia de Residuos de Catalunya&#8217;<\/b><\/span><b><br \/>\n<\/b><\/h2>\n<h3><span style=\"color: #333333;\"><strong>Alfred Vara<\/strong>, Responsable del Departamento de Prevenci\u00f3n y Eficiencia de los Recursos en la Agencia de Residuos de Catalunya, Generalitat de Catalunya<\/span><\/h3>\n<\/div><div class=\"fusion-text fusion-text-31\"><h3><span style=\"color: #3d6fb6;\"><strong>12:45h<\/strong><\/span><\/h3>\n<\/div><div class=\"fusion-text fusion-text-32\"><h2><span style=\"color: #662483;\"><strong>&#8216;Preguntas y Cierre del seminario&#8217;<\/strong><\/span><\/h2>\n<h3><\/h3>\n<\/div><div class=\"fusion-clearfix\"><\/div><\/div><\/div><\/div><\/div><div class=\"fusion-fullwidth fullwidth-box fusion-builder-row-7 nonhundred-percent-fullwidth non-hundred-percent-height-scrolling\" style=\"--link_hover_color: #3d6fb6;--awb-border-radius-top-left:0px;--awb-border-radius-top-right:0px;--awb-border-radius-bottom-right:0px;--awb-border-radius-bottom-left:0px;--awb-padding-top:10px;--awb-padding-bottom:10px;--awb-background-color:#3d6fb6;--awb-flex-wrap:wrap;\" ><div class=\"fusion-builder-row fusion-row\"><div class=\"fusion-layout-column fusion_builder_column fusion-builder-column-10 fusion_builder_column_1_1 1_1 fusion-one-full fusion-column-first fusion-column-last\" style=\"--awb-padding-top:20px;--awb-bg-size:cover;\"><div class=\"fusion-column-wrapper fusion-column-has-shadow fusion-flex-column-wrapper-legacy\"><div class=\"fusion-text fusion-text-33\"><h2><\/h2>\n<h2 style=\"text-align: center;\"><span style=\"color: #ffffff;\"><strong>PRESENTACIONES POR ORDEN DE INTERVENCI\u00d3N<\/strong><\/span><\/h2>\n<\/div><div class=\"fusion-clearfix\"><\/div><\/div><\/div><\/div><\/div><div class=\"fusion-fullwidth fullwidth-box fusion-builder-row-8 nonhundred-percent-fullwidth non-hundred-percent-height-scrolling\" style=\"--awb-border-radius-top-left:0px;--awb-border-radius-top-right:0px;--awb-border-radius-bottom-right:0px;--awb-border-radius-bottom-left:0px;--awb-flex-wrap:wrap;\" ><div class=\"fusion-builder-row fusion-row\"><div class=\"fusion-layout-column fusion_builder_column fusion-builder-column-11 fusion_builder_column_1_1 1_1 fusion-one-full fusion-column-first fusion-column-last\" style=\"--awb-bg-size:cover;--awb-box-shadow: 0px 0px ;;--awb-margin-bottom:0px;\"><div class=\"fusion-column-wrapper fusion-column-has-shadow fusion-flex-column-wrapper-legacy\"><div class=\"fusion-sep-clear\"><\/div><div class=\"fusion-separator fusion-full-width-sep\" style=\"margin-left: auto;margin-right: auto;margin-top:30px;margin-bottom:30px;width:100%;\"><\/div><div class=\"fusion-sep-clear\"><\/div><div class=\"fusion-clearfix\"><\/div><\/div><\/div><div class=\"fusion-layout-column fusion_builder_column fusion-builder-column-12 fusion_builder_column_1_5 1_5 fusion-one-fifth fusion-column-first\" style=\"--awb-bg-size:cover;width:20%;width:calc(20% - ( ( 4% ) * 0.2 ) );margin-right: 4%;\"><div class=\"fusion-column-wrapper fusion-column-has-shadow fusion-flex-column-wrapper-legacy\"><div class=\"fusion-image-element fusion-image-align-center in-legacy-container\" style=\"text-align:center;--awb-caption-title-font-family:var(--h2_typography-font-family);--awb-caption-title-font-weight:var(--h2_typography-font-weight);--awb-caption-title-font-style:var(--h2_typography-font-style);--awb-caption-title-size:var(--h2_typography-font-size);--awb-caption-title-transform:var(--h2_typography-text-transform);--awb-caption-title-line-height:var(--h2_typography-line-height);--awb-caption-title-letter-spacing:var(--h2_typography-letter-spacing);\"><div class=\"imageframe-align-center\"><span class=\" fusion-imageframe imageframe-none imageframe-3 hover-type-none\"><img decoding=\"async\" width=\"200\" height=\"158\" title=\"Jos\u00e9-Antonio-Gago\" src=\"https:\/\/eurecat.org\/wp-content\/uploads\/2021\/03\/Jose-Antonio-Gago-2.png\" alt class=\"img-responsive wp-image-111255\"\/><\/span><\/div><\/div><div class=\"fusion-clearfix\"><\/div><\/div><\/div><div class=\"fusion-layout-column fusion_builder_column fusion-builder-column-13 fusion_builder_column_4_5 4_5 fusion-four-fifth fusion-column-last\" style=\"--awb-padding-right:30px;--awb-padding-left:30px;--awb-bg-size:cover;--awb-border-color:#2e5b9f;--awb-border-top:0;--awb-border-right:0;--awb-border-bottom:0;--awb-border-left:2px;--awb-border-style:solid;width:80%;width:calc(80% - ( ( 4% ) * 0.8 ) );\"><div class=\"fusion-column-wrapper fusion-column-has-shadow fusion-flex-column-wrapper-legacy\"><div class=\"fusion-text fusion-text-34\"><h3 class=\"fusion-responsive-typography-calculated\" data-fontsize=\"16\" data-lineheight=\"24px\"><span style=\"color: #2e5b9f;\"><strong>Jos\u00e9 Antonio Gago<\/strong>,\u00a0<strong>Market Manager Servicios Innovaci\u00f3n de Producto y Design Thinking en Eurecat<\/strong><\/span><\/h3>\n<p>Dise\u00f1ador industrial y Master in Business Innovation con una amplia experiencia en la creaci\u00f3n de nuevos conceptos para diversos sectores. Actualmente es Market Manager de Innovaci\u00f3n de Producto en Eurecat, Centro Tecnol\u00f3gico de Catalu\u00f1a. Anteriormente fue director de Innovaci\u00f3n y Dise\u00f1o en empresas como Leku\u00e9 e Indo. Experto en la cocreaci\u00f3n con usuarios, mediante la aplicaci\u00f3n de la metodolog\u00eda Design Thinking, para identificar oportunidades de innovaci\u00f3n y definir nuevos conceptos de productos y servicios,\u00a0 en empresas tales como: Danone, Campofr\u00edo, Vueling, Chov\u00ed, Iberital, Agbar, o Lacer entre otras.<\/p>\n<h3 class=\"fusion-responsive-typography-calculated\" data-fontsize=\"18\" data-lineheight=\"27px\"><\/h3>\n<h3><\/h3>\n<\/div><div class=\"fusion-clearfix\"><\/div><\/div><\/div><div class=\"fusion-layout-column fusion_builder_column fusion-builder-column-14 fusion_builder_column_1_1 1_1 fusion-one-full fusion-column-first fusion-column-last\" style=\"--awb-bg-size:cover;--awb-box-shadow: 0px 0px ;;--awb-margin-bottom:0px;\"><div class=\"fusion-column-wrapper fusion-column-has-shadow fusion-flex-column-wrapper-legacy\"><div class=\"fusion-sep-clear\"><\/div><div class=\"fusion-separator fusion-full-width-sep\" style=\"margin-left: auto;margin-right: auto;margin-top:30px;margin-bottom:30px;width:100%;\"><\/div><div class=\"fusion-sep-clear\"><\/div><div class=\"fusion-clearfix\"><\/div><\/div><\/div><div class=\"fusion-layout-column fusion_builder_column fusion-builder-column-15 fusion_builder_column_1_5 1_5 fusion-one-fifth fusion-column-first\" style=\"--awb-bg-size:cover;width:20%;width:calc(20% - ( ( 4% ) * 0.2 ) );margin-right: 4%;\"><div class=\"fusion-column-wrapper fusion-column-has-shadow fusion-flex-column-wrapper-legacy\"><div class=\"fusion-image-element fusion-image-align-center in-legacy-container\" style=\"text-align:center;--awb-caption-title-font-family:var(--h2_typography-font-family);--awb-caption-title-font-weight:var(--h2_typography-font-weight);--awb-caption-title-font-style:var(--h2_typography-font-style);--awb-caption-title-size:var(--h2_typography-font-size);--awb-caption-title-transform:var(--h2_typography-text-transform);--awb-caption-title-line-height:var(--h2_typography-line-height);--awb-caption-title-letter-spacing:var(--h2_typography-letter-spacing);\"><div class=\"imageframe-align-center\"><span class=\" fusion-imageframe imageframe-none imageframe-4 hover-type-none\"><img decoding=\"async\" width=\"200\" height=\"158\" title=\"Valerie_B\" src=\"https:\/\/eurecat.org\/wp-content\/uploads\/2021\/05\/Valerie_B.png\" alt class=\"img-responsive wp-image-114291\"\/><\/span><\/div><\/div><div class=\"fusion-clearfix\"><\/div><\/div><\/div><div class=\"fusion-layout-column fusion_builder_column fusion-builder-column-16 fusion_builder_column_4_5 4_5 fusion-four-fifth fusion-column-last\" style=\"--awb-padding-right:30px;--awb-padding-left:30px;--awb-bg-size:cover;--awb-border-color:#2e5b9f;--awb-border-top:0;--awb-border-right:0;--awb-border-bottom:0;--awb-border-left:2px;--awb-border-style:solid;width:80%;width:calc(80% - ( ( 4% ) * 0.8 ) );\"><div class=\"fusion-column-wrapper fusion-column-has-shadow fusion-flex-column-wrapper-legacy\"><div class=\"fusion-text fusion-text-35\"><h3 class=\"fusion-responsive-typography-calculated\" data-fontsize=\"16\" data-lineheight=\"24px\"><span style=\"color: #2e5b9f;\"><strong>Val\u00e9rie Bergeron<\/strong>,\u00a0<strong>Materials library manager en Materfad y Subdirectora en FAD<br \/>\n<\/strong><\/span><\/h3>\n<p>Arquitecta D.P.L.G. es directora adjunta del FAD, Fomento de las Artes y del Dise\u00f1o, desde 2019, y directora de Materfad, centro de materiales avanzados de Barcelona, desde su creaci\u00f3n en 2008. Coordina y planifica las actividades de Materfad para concretar tres misiones: la generaci\u00f3n, la transferencia y la divulgaci\u00f3n de conocimientos sobre materiales y tecnolog\u00edas para acompa\u00f1ar los procesos de innovaci\u00f3n relacionados con el uso responsable de los mismos.<br \/>\nHa ejercido su actividad profesional como arquitecta aut\u00f3noma en Barcelona, desde 1986, y con anterioridad en Paris y Mil\u00e1n. Ha colaborado en proyectos de arquitectura, dise\u00f1o industrial y museogr\u00e1fico en los despachos de Vittorio Gregotti (Mil\u00e1n), de Gae Aulenti (Paris y Barcelona) y de Beth Gal\u00ed (Barcelona). FontanaArte, Escofet y Santa &amp; Cole han editado sus productos.<br \/>\nwww.fad.cat\/materfad\/es<\/p>\n<h3 class=\"fusion-responsive-typography-calculated\" data-fontsize=\"18\" data-lineheight=\"27px\"><\/h3>\n<h3><\/h3>\n<\/div><div class=\"fusion-clearfix\"><\/div><\/div><\/div><div class=\"fusion-layout-column fusion_builder_column fusion-builder-column-17 fusion_builder_column_1_1 1_1 fusion-one-full fusion-column-first fusion-column-last\" style=\"--awb-bg-size:cover;--awb-box-shadow: 0px 0px ;;--awb-margin-bottom:0px;\"><div class=\"fusion-column-wrapper fusion-column-has-shadow fusion-flex-column-wrapper-legacy\"><div class=\"fusion-sep-clear\"><\/div><div class=\"fusion-separator fusion-full-width-sep\" style=\"margin-left: auto;margin-right: auto;margin-bottom:15px;width:100%;\"><\/div><div class=\"fusion-sep-clear\"><\/div><div class=\"fusion-clearfix\"><\/div><\/div><\/div><div class=\"fusion-layout-column fusion_builder_column fusion-builder-column-18 fusion_builder_column_1_5 1_5 fusion-one-fifth fusion-column-first\" style=\"--awb-bg-size:cover;width:20%;width:calc(20% - ( ( 4% ) * 0.2 ) );margin-right: 4%;\"><div class=\"fusion-column-wrapper fusion-column-has-shadow fusion-flex-column-wrapper-legacy\"><div class=\"fusion-image-element fusion-image-align-center in-legacy-container\" style=\"text-align:center;--awb-caption-title-font-family:var(--h2_typography-font-family);--awb-caption-title-font-weight:var(--h2_typography-font-weight);--awb-caption-title-font-style:var(--h2_typography-font-style);--awb-caption-title-size:var(--h2_typography-font-size);--awb-caption-title-transform:var(--h2_typography-text-transform);--awb-caption-title-line-height:var(--h2_typography-line-height);--awb-caption-title-letter-spacing:var(--h2_typography-letter-spacing);\"><div class=\"imageframe-align-center\"><span class=\" fusion-imageframe imageframe-none imageframe-5 hover-type-none\"><img decoding=\"async\" width=\"200\" height=\"158\" title=\"Francesc_Manosa\" src=\"https:\/\/eurecat.org\/wp-content\/uploads\/2021\/04\/Francesc_Manosa.png\" alt class=\"img-responsive wp-image-113535\"\/><\/span><\/div><\/div><div class=\"fusion-clearfix\"><\/div><\/div><\/div><div class=\"fusion-layout-column fusion_builder_column fusion-builder-column-19 fusion_builder_column_4_5 4_5 fusion-four-fifth fusion-column-last\" style=\"--awb-padding-right:30px;--awb-padding-left:30px;--awb-bg-size:cover;--awb-border-color:#2e5b9f;--awb-border-top:0;--awb-border-right:0;--awb-border-bottom:0;--awb-border-left:2px;--awb-border-style:solid;width:80%;width:calc(80% - ( ( 4% ) * 0.8 ) );\"><div class=\"fusion-column-wrapper fusion-column-has-shadow fusion-flex-column-wrapper-legacy\"><div class=\"fusion-text fusion-text-36\"><h3 class=\"fusion-responsive-typography-calculated\" data-fontsize=\"16\" data-lineheight=\"24px\"><span style=\"color: #2e5b9f;\"><strong>Francesc Ma\u00f1osa<\/strong>, <strong>Investigador en Eurecat<\/strong><\/span><\/h3>\n<div>\n<div data-tid=\"messageBodyContainer\">\n<div data-tid=\"messageBodyContent\">\n<p>T\u00e9cnico superior en dise\u00f1o t\u00e9cnico en textil y piel, especialista en tejidos de calada, con amplia experiencia en desarrollo de producto en sectores diversos que incluyen decoraci\u00f3n, automoci\u00f3n y tejidos para protecci\u00f3n solar. Conoce a fondo las estructures textiles y la influencia que estas pueden tener en la funcionalidad de los tejidos. Es autor de varias publicaciones y ha colaborado con el Ministerio de Educaci\u00f3n en la elaboraci\u00f3n de materiales did\u00e1cticos relacionados con la formaci\u00f3n en el \u00e1mbito textil. Actualmente es investigador en la unidad de tejidos funcionales de Eurecat donde lidera las inciativas de textil sostenible en colaboraci\u00f3n con la unidad de gesti\u00f3n de la energ\u00eda y de residiuo (WEEI).<\/p>\n<\/div>\n<\/div>\n<div data-tid=\"messageBodyContainer\">\n<div data-tid=\"messageBodyContent\">\n<h3 class=\"fusion-responsive-typography-calculated\" data-fontsize=\"18\" data-lineheight=\"27px\"><span style=\"color: #662483;\"><b>\u2018Productos textiles sostenibles, tendencias de futuro<\/b><\/span><span style=\"color: #662483;\"><b>&#8216;<\/b><\/span><\/h3>\n<\/div>\n<\/div>\n<\/div>\n<p>El reciclaje de productos es complejo. En un mismo producto suelen juntarse varios tipos de materiales que requieren tratamientos diferentes.<br \/>\nEsta dificultad obliga a encontrar materiales alternativos a los convencionales que, cumpliendo las mismas funciones que estos, puedan ser f\u00e1cilmente absorbidos en el medio ambiente sin que su producci\u00f3n entre en conflicto con la producci\u00f3n de otros bienes, como pueden ser los alimentos. Mientras tanto, los fabricantes de tejido aprovechan los avances tecnol\u00f3gicos para poner en el mercado tejidos en un formato lo m\u00e1s cercano posible al de consumo, reduciendo procesos de confecci\u00f3n y con considerables ahorros de consumo energ\u00e9tico y de materiales.<\/p>\n<\/div><div class=\"fusion-clearfix\"><\/div><\/div><\/div><div class=\"fusion-layout-column fusion_builder_column fusion-builder-column-20 fusion_builder_column_1_1 1_1 fusion-one-full fusion-column-first fusion-column-last\" style=\"--awb-bg-size:cover;--awb-box-shadow: 0px 0px ;;--awb-margin-bottom:0px;\"><div class=\"fusion-column-wrapper fusion-column-has-shadow fusion-flex-column-wrapper-legacy\"><div class=\"fusion-sep-clear\"><\/div><div class=\"fusion-separator fusion-full-width-sep\" style=\"margin-left: auto;margin-right: auto;margin-bottom:15px;width:100%;\"><\/div><div class=\"fusion-sep-clear\"><\/div><div class=\"fusion-clearfix\"><\/div><\/div><\/div><div class=\"fusion-layout-column fusion_builder_column fusion-builder-column-21 fusion_builder_column_1_5 1_5 fusion-one-fifth fusion-column-first\" style=\"--awb-bg-size:cover;width:20%;width:calc(20% - ( ( 4% ) * 0.2 ) );margin-right: 4%;\"><div class=\"fusion-column-wrapper fusion-column-has-shadow fusion-flex-column-wrapper-legacy\"><div class=\"fusion-image-element fusion-image-align-center in-legacy-container\" style=\"text-align:center;--awb-caption-title-font-family:var(--h2_typography-font-family);--awb-caption-title-font-weight:var(--h2_typography-font-weight);--awb-caption-title-font-style:var(--h2_typography-font-style);--awb-caption-title-size:var(--h2_typography-font-size);--awb-caption-title-transform:var(--h2_typography-text-transform);--awb-caption-title-line-height:var(--h2_typography-line-height);--awb-caption-title-letter-spacing:var(--h2_typography-letter-spacing);\"><div class=\"imageframe-align-center\"><span class=\" fusion-imageframe imageframe-none imageframe-6 hover-type-none\"><img decoding=\"async\" width=\"200\" height=\"158\" title=\"SylviaCalvo\" src=\"https:\/\/eurecat.org\/wp-content\/uploads\/2021\/05\/SylviaCalvo-1.jpg\" alt class=\"img-responsive wp-image-113881\"\/><\/span><\/div><\/div><div class=\"fusion-clearfix\"><\/div><\/div><\/div><div class=\"fusion-layout-column fusion_builder_column fusion-builder-column-22 fusion_builder_column_4_5 4_5 fusion-four-fifth fusion-column-last\" style=\"--awb-padding-right:30px;--awb-padding-left:30px;--awb-bg-size:cover;--awb-border-color:#2e5b9f;--awb-border-top:0;--awb-border-right:0;--awb-border-bottom:0;--awb-border-left:2px;--awb-border-style:solid;width:80%;width:calc(80% - ( ( 4% ) * 0.8 ) );\"><div class=\"fusion-column-wrapper fusion-column-has-shadow fusion-flex-column-wrapper-legacy\"><div class=\"fusion-text fusion-text-37\"><h3 class=\"fusion-responsive-typography-calculated\" data-fontsize=\"16\" data-lineheight=\"24px\"><span style=\"color: #2e5b9f;\"><strong>Sylvia Calvo, fundadora de Sylvia Calvo BCN &#8211; Circular Fashion<\/strong><\/span><\/h3>\n<p>Emprendedora y licenciada en Filolog\u00eda Inglesa en la Universidad de Barcelona, MBA de Keller Graduate School of Management en Chicago, USA, donde residi\u00f3 quince a\u00f1os, y al regresar a Barcelona asisti\u00f3 al m\u00e1ster de Negocio y Derecho Mar\u00edtimo.<br \/>\nEn 2012, su concepto sobre la moda e industria textil cambi\u00f3 completamente. Empez\u00f3 a investigar sobre sostenibilidad y alternativas con impacto ambiental, social y econ\u00f3mico positivo. En 2013 junto a cinco compa\u00f1eros, co-fund\u00f3 la asociaci\u00f3n sin \u00e1nimo de lucro \u00abModa Sostenible Barcelona\u00bb (MSBCN), la primera en promocionar la creaci\u00f3n, producci\u00f3n, venta y uso de moda sostenible con valores para acercarla a la ciudadan\u00eda. En 2015 fund\u00f3 \u201cSylvia Calvo BCN\u201d, basada en principios de econom\u00eda circular, siendo el yute de sacos de caf\u00e9 reciclados su material principal para sus creaciones. Una alternativa responsable y original con valores positivos. Su lema \u00abDe Residuo a Valor\u00bb. Miembro de la Comisi\u00f3n de Econom\u00eda Circular de PIMEC.<br \/>\nProfesora en Catalyst Sustainability Graduate School; LCI Design School in Barcelona; Qstura in Girona, y sesiones Internacionales dentro del programa<br \/>\n\u00abVirtual Textile Industry Journeys\u00bb en Estados Unidos.<\/p>\n<h3 class=\"fusion-responsive-typography-calculated\" data-fontsize=\"18\" data-lineheight=\"27px\"><span style=\"color: #662483;\"><b>\u2018De residuo a valor<\/b><\/span><span style=\"color: #662483;\"><b>&#8216;<\/b><\/span><\/h3>\n<p>Sylvia Calvo BCN es una firma de moda sostenible y circular que se fund\u00f3 bajo el nombre en Barcelona. Siguiendo el lema \u201cDe Residuo a Recurso\u201d, la firma crea moda en la que la sostenibilidad y los principios de econom\u00eda circular son parte del dise\u00f1o y del proceso de creaci\u00f3n y producci\u00f3n. El proceso de producci\u00f3n es local y artesanal y utiliza materiales org\u00e1nicos y reciclados con un impacto m\u00ednimo sobre el medio ambiente, confiriendo as\u00ed un estilo \u00fanico y distintivo a cada prenda. Veremos los principios aplicados y c\u00f3mo se alinean con algunos ODSs.<\/p>\n<\/div><div class=\"fusion-clearfix\"><\/div><\/div><\/div><div class=\"fusion-layout-column fusion_builder_column fusion-builder-column-23 fusion_builder_column_1_1 1_1 fusion-one-full fusion-column-first fusion-column-last\" style=\"--awb-bg-size:cover;--awb-box-shadow: 0px 0px ;;--awb-margin-bottom:0px;\"><div class=\"fusion-column-wrapper fusion-column-has-shadow fusion-flex-column-wrapper-legacy\"><div class=\"fusion-sep-clear\"><\/div><div class=\"fusion-separator fusion-full-width-sep\" style=\"margin-left: auto;margin-right: auto;margin-bottom:15px;width:100%;\"><\/div><div class=\"fusion-sep-clear\"><\/div><div class=\"fusion-clearfix\"><\/div><\/div><\/div><div class=\"fusion-layout-column fusion_builder_column fusion-builder-column-24 fusion_builder_column_1_5 1_5 fusion-one-fifth fusion-column-first\" style=\"--awb-bg-size:cover;width:20%;width:calc(20% - ( ( 4% ) * 0.2 ) );margin-right: 4%;\"><div class=\"fusion-column-wrapper fusion-column-has-shadow fusion-flex-column-wrapper-legacy\"><div class=\"fusion-image-element fusion-image-align-center in-legacy-container\" style=\"text-align:center;--awb-caption-title-font-family:var(--h2_typography-font-family);--awb-caption-title-font-weight:var(--h2_typography-font-weight);--awb-caption-title-font-style:var(--h2_typography-font-style);--awb-caption-title-size:var(--h2_typography-font-size);--awb-caption-title-transform:var(--h2_typography-text-transform);--awb-caption-title-line-height:var(--h2_typography-line-height);--awb-caption-title-letter-spacing:var(--h2_typography-letter-spacing);\"><div class=\"imageframe-align-center\"><span class=\" fusion-imageframe imageframe-none imageframe-7 hover-type-none\"><img decoding=\"async\" width=\"200\" height=\"158\" title=\"Alfredo_B\" src=\"https:\/\/eurecat.org\/wp-content\/uploads\/2021\/05\/Alfredo_B.png\" alt class=\"img-responsive wp-image-114274\"\/><\/span><\/div><\/div><div class=\"fusion-clearfix\"><\/div><\/div><\/div><div class=\"fusion-layout-column fusion_builder_column fusion-builder-column-25 fusion_builder_column_4_5 4_5 fusion-four-fifth fusion-column-last\" style=\"--awb-padding-right:30px;--awb-padding-left:30px;--awb-bg-size:cover;--awb-border-color:#2e5b9f;--awb-border-top:0;--awb-border-right:0;--awb-border-bottom:0;--awb-border-left:2px;--awb-border-style:solid;width:80%;width:calc(80% - ( ( 4% ) * 0.8 ) );\"><div class=\"fusion-column-wrapper fusion-column-has-shadow fusion-flex-column-wrapper-legacy\"><div class=\"fusion-text fusion-text-38\"><h3 class=\"fusion-responsive-typography-calculated\" data-fontsize=\"16\" data-lineheight=\"24px\"><span style=\"color: #2e5b9f;\"><strong>Alfredo Balmaceda, Co-Managing Director en Zicla<\/strong><\/span><\/h3>\n<p>Alfredo Balmaceda es Ingeniero de Caminos y Doctor en Ingenier\u00eda, y ha trabajado durante m\u00e1s de veinte a\u00f1os en consultor\u00eda en medio ambiente y sostenibilidad ambiental. Es socio fundador de la empresa ZICLA, creada en 2005, que se dedica a la innovaci\u00f3n con residuos v\u00eda el desarrollo de materias primas a partir de residuos y de soluciones para las ciudades basadas en el uso de productos reciclados, eco-dise\u00f1ados y fabricados a partir de residuos.<\/p>\n<h3 class=\"fusion-responsive-typography-calculated\" data-fontsize=\"18\" data-lineheight=\"27px\"><span style=\"color: #662483;\"><b>\u2018Empresa y ecodise\u00f1o al servicio de las ciudades<\/b><\/span><span style=\"color: #662483;\"><b>&#8216;<\/b><\/span><\/h3>\n<p>Alfredo Balmaceda es Ingeniero de Caminos y Doctor en Ingenier\u00eda, y ha trabajado durante m\u00e1s de veinte a\u00f1os en consultor\u00eda en medio ambiente y sostenibilidad ambiental. Es socio fundador de la empresa ZICLA, creada en 2005, que se dedica a la innovaci\u00f3n con residuos v\u00eda el desarrollo de materias primas a partir de residuos y de soluciones para las ciudades basadas en el uso de productos reciclados, eco-dise\u00f1ados y fabricados a partir de residuos.<\/p>\n<\/div><div class=\"fusion-clearfix\"><\/div><\/div><\/div><div class=\"fusion-layout-column fusion_builder_column fusion-builder-column-26 fusion_builder_column_1_1 1_1 fusion-one-full fusion-column-first fusion-column-last\" style=\"--awb-bg-size:cover;--awb-box-shadow: 0px 0px ;;--awb-margin-bottom:0px;\"><div class=\"fusion-column-wrapper fusion-column-has-shadow fusion-flex-column-wrapper-legacy\"><div class=\"fusion-sep-clear\"><\/div><div class=\"fusion-separator fusion-full-width-sep\" style=\"margin-left: auto;margin-right: auto;margin-bottom:15px;width:100%;\"><\/div><div class=\"fusion-sep-clear\"><\/div><div class=\"fusion-clearfix\"><\/div><\/div><\/div><div class=\"fusion-layout-column fusion_builder_column fusion-builder-column-27 fusion_builder_column_1_5 1_5 fusion-one-fifth fusion-column-first\" style=\"--awb-bg-size:cover;width:20%;width:calc(20% - ( ( 4% ) * 0.2 ) );margin-right: 4%;\"><div class=\"fusion-column-wrapper fusion-column-has-shadow fusion-flex-column-wrapper-legacy\"><div class=\"fusion-image-element fusion-image-align-center in-legacy-container\" style=\"text-align:center;--awb-caption-title-font-family:var(--h2_typography-font-family);--awb-caption-title-font-weight:var(--h2_typography-font-weight);--awb-caption-title-font-style:var(--h2_typography-font-style);--awb-caption-title-size:var(--h2_typography-font-size);--awb-caption-title-transform:var(--h2_typography-text-transform);--awb-caption-title-line-height:var(--h2_typography-line-height);--awb-caption-title-letter-spacing:var(--h2_typography-letter-spacing);\"><div class=\"imageframe-align-center\"><span class=\" fusion-imageframe imageframe-none imageframe-8 hover-type-none\"><img decoding=\"async\" width=\"200\" height=\"158\" title=\"Irene-R\u00e0fols\" src=\"https:\/\/eurecat.org\/wp-content\/uploads\/2021\/03\/Irene-Rafols.png\" alt class=\"img-responsive wp-image-111287\"\/><\/span><\/div><\/div><div class=\"fusion-clearfix\"><\/div><\/div><\/div><div class=\"fusion-layout-column fusion_builder_column fusion-builder-column-28 fusion_builder_column_4_5 4_5 fusion-four-fifth fusion-column-last\" style=\"--awb-padding-right:30px;--awb-padding-left:30px;--awb-bg-size:cover;--awb-box-shadow: 0px 0px ;;--awb-border-color:#2e5b9f;--awb-border-top:0;--awb-border-right:0;--awb-border-bottom:0;--awb-border-left:2px;--awb-border-style:solid;--awb-margin-bottom:0px;width:80%;width:calc(80% - ( ( 4% ) * 0.8 ) );\"><div class=\"fusion-column-wrapper fusion-column-has-shadow fusion-flex-column-wrapper-legacy\"><div class=\"fusion-text fusion-text-39\"><h3 class=\"fusion-responsive-typography-calculated\" data-fontsize=\"16\" data-lineheight=\"24px\"><span style=\"color: #2e5b9f;\"><strong>Irene R\u00e0fols<\/strong>, <strong>Directora de Innovaci\u00f3n y Desarrollo de Producto en Eurecat<\/strong><\/span><\/h3>\n<div>\n<div data-tid=\"messageBodyContainer\">\n<div data-tid=\"messageBodyContent\">\n<p>Directora de la Unidad de Desarrollo de Producto de Eurecat, es Arquitecta por la ETSAB \u2013 Universitat Polit\u00e8cnica de Catalunya y es M\u00e1ster en Ingenier\u00eda y Fabricaci\u00f3n Computadora por el CIM \u2013 Universitat Polit\u00e8cnica de Catalunya.<br \/>\nActualmente lidera la Unidad de Innovaci\u00f3n y Desarrollo de Producto de Eurecat. Unidad especializada en el desarrollo de nuevos productos desde el concepto hasta la primera serie, con un alto contenido tecnol\u00f3gico innovador que cuenta con la colaboraci\u00f3n a todas las Unidades de Tecnolog\u00eda de Eurecat.<br \/>\nDesde hace m\u00e1s de 10 a\u00f1os ha liderado y participado en muchos proyectos financiados a la I+D (europeos y nacionales) y tambi\u00e9n ha desarrollado productos para empresas privadas en distintos sectores como el de la salud, deporte, construcci\u00f3n o bienes de consumo. Es autora de tres patentes.<\/p>\n<\/div>\n<\/div>\n<div data-tid=\"messageBodyContainer\">\n<div data-tid=\"messageBodyContent\">\n<h3 class=\"fusion-responsive-typography-calculated\" data-fontsize=\"18\" data-lineheight=\"27px\"><span style=\"color: #662483;\"><b>\u2018Dise\u00f1o de producto para la circularidad<\/b><\/span><span style=\"color: #662483;\"><b>&#8216;<\/b><\/span><\/h3>\n<\/div>\n<\/div>\n<\/div>\n<\/div><div class=\"fusion-clearfix\"><\/div><\/div><\/div><div class=\"fusion-layout-column fusion_builder_column fusion-builder-column-29 fusion_builder_column_1_1 1_1 fusion-one-full fusion-column-first fusion-column-last\" style=\"--awb-bg-size:cover;--awb-box-shadow: 0px 0px ;;--awb-margin-bottom:0px;\"><div class=\"fusion-column-wrapper fusion-column-has-shadow fusion-flex-column-wrapper-legacy\"><div class=\"fusion-sep-clear\"><\/div><div class=\"fusion-separator fusion-full-width-sep\" style=\"margin-left: auto;margin-right: auto;margin-bottom:15px;width:100%;\"><\/div><div class=\"fusion-sep-clear\"><\/div><div class=\"fusion-clearfix\"><\/div><\/div><\/div><div class=\"fusion-layout-column fusion_builder_column fusion-builder-column-30 fusion_builder_column_1_5 1_5 fusion-one-fifth fusion-column-first\" style=\"--awb-bg-size:cover;width:20%;width:calc(20% - ( ( 4% ) * 0.2 ) );margin-right: 4%;\"><div class=\"fusion-column-wrapper fusion-column-has-shadow fusion-flex-column-wrapper-legacy\"><div class=\"fusion-image-element fusion-image-align-center in-legacy-container\" style=\"text-align:center;--awb-caption-title-font-family:var(--h2_typography-font-family);--awb-caption-title-font-weight:var(--h2_typography-font-weight);--awb-caption-title-font-style:var(--h2_typography-font-style);--awb-caption-title-size:var(--h2_typography-font-size);--awb-caption-title-transform:var(--h2_typography-text-transform);--awb-caption-title-line-height:var(--h2_typography-line-height);--awb-caption-title-letter-spacing:var(--h2_typography-letter-spacing);\"><div class=\"imageframe-align-center\"><span class=\" fusion-imageframe imageframe-none imageframe-9 hover-type-none\"><img decoding=\"async\" width=\"200\" height=\"158\" title=\"Jordi_Jacas\" src=\"https:\/\/eurecat.org\/wp-content\/uploads\/2021\/05\/Jordi_Jacas-1.png\" alt class=\"img-responsive wp-image-114287\"\/><\/span><\/div><\/div><div class=\"fusion-clearfix\"><\/div><\/div><\/div><div class=\"fusion-layout-column fusion_builder_column fusion-builder-column-31 fusion_builder_column_4_5 4_5 fusion-four-fifth fusion-column-last\" style=\"--awb-padding-right:30px;--awb-padding-left:30px;--awb-bg-size:cover;--awb-box-shadow: 0px 0px ;;--awb-border-color:#2e5b9f;--awb-border-top:0;--awb-border-right:0;--awb-border-bottom:0;--awb-border-left:2px;--awb-border-style:solid;--awb-margin-bottom:0px;width:80%;width:calc(80% - ( ( 4% ) * 0.8 ) );\"><div class=\"fusion-column-wrapper fusion-column-has-shadow fusion-flex-column-wrapper-legacy\"><div class=\"fusion-text fusion-text-40\"><h3 class=\"fusion-responsive-typography-calculated\" data-fontsize=\"16\" data-lineheight=\"24px\"><span style=\"color: #2e5b9f;\"><strong>Jordi Jacas<\/strong>, <strong>Investigador Senior en IREC<\/strong><\/span><\/h3>\n<div>\n<div data-tid=\"messageBodyContainer\">\n<div data-tid=\"messageBodyContent\">Doctor en Ciencias e Ingenier\u00eda de Materiales por la Universidad de Sheffield. Durante la tesis, trabaj\u00f3 en la caracterizaci\u00f3n el\u00e9ctrica y electroqu\u00edmica de nuevos materiales basados en litio. Posteriormente, desarroll\u00f3 nuevas herramientas de caracterizaci\u00f3n in-situ de bater\u00edas utilizando la difracci\u00f3n de neutrones. Actualmente, Jordi Jacas es investigador senior en IREC con experiencia en diferentes tecnolog\u00edas de almacenamiento energ\u00e9tico: bater\u00edas litio-azufre, bater\u00edas semi-s\u00f3lidas y supercondensadores, y es el coordinador del proyecto europeo COBRA que tiene como objetivo dise\u00f1ar y fabricar la nueva generaci\u00f3n de bater\u00edas de litio para el veh\u00edculo el\u00e9ctrico. Es responsable de m\u00e1s de 30 publicaciones en revistas especializadas y forma parte del comit\u00e9 cient\u00edfico y evaluador de la revista \u00abFrontiers in Energy Research\u00bb y la Universidad Aut\u00f3noma de Barcelona. Su identificador ORCID es https:\/\/orcid.org\/0000-0001-5981-6168.<\/div>\n<\/div>\n<div data-tid=\"messageBodyContainer\">\n<div data-tid=\"messageBodyContent\">\n<h3 class=\"fusion-responsive-typography-calculated\" data-fontsize=\"18\" data-lineheight=\"27px\"><span style=\"color: #662483;\"><b>\u2018Implementaci\u00f3n sostenible en bater\u00edas&#8217;<\/b><\/span><span style=\"color: #662483;\"><b>&#8216;<\/b><\/span><\/h3>\n<\/div>\n<\/div>\n<\/div>\n<\/div><div class=\"fusion-clearfix\"><\/div><\/div><\/div><\/div><\/div>\n","protected":false},"excerpt":{"rendered":"","protected":false},"author":23,"featured_media":113421,"parent":2777,"menu_order":63,"comment_status":"closed","ping_status":"closed","template":"100-width.php","meta":{"footnotes":""},"class_list":["post-112994","page","type-page","status-publish","has-post-thumbnail","hentry"],"yoast_head":"<!-- This site is optimized with the Yoast SEO plugin v27.5 - https:\/\/yoast.com\/product\/yoast-seo-wordpress\/ -->\n<title>ECODISE\u00d1AR PRODUCTOS SOSTENIBLES - Eurecat<\/title>\n<meta name=\"description\" content=\"ecodisseny aplicat a productes ECODISE\u00d1AR PRODUCTOS SOSTENIBLES\" \/>\n<meta name=\"robots\" content=\"index, follow, max-snippet:-1, max-image-preview:large, max-video-preview:-1\" \/>\n<link rel=\"canonical\" href=\"https:\/\/eurecat.org\/es\/servicios\/eurecatevents\/ecodisenar-productos-sostenibles\/\" \/>\n<meta property=\"og:locale\" content=\"es_ES\" \/>\n<meta property=\"og:type\" content=\"article\" \/>\n<meta property=\"og:title\" content=\"ECODISE\u00d1AR PRODUCTOS SOSTENIBLES - Eurecat\" \/>\n<meta property=\"og:description\" content=\"ecodisseny aplicat a productes ECODISE\u00d1AR PRODUCTOS SOSTENIBLES\" \/>\n<meta property=\"og:url\" content=\"https:\/\/eurecat.org\/es\/servicios\/eurecatevents\/ecodisenar-productos-sostenibles\/\" \/>\n<meta property=\"og:site_name\" content=\"Eurecat\" \/>\n<meta property=\"article:modified_time\" content=\"2021-05-13T10:39:13+00:00\" \/>\n<meta property=\"og:image\" content=\"https:\/\/eurecat.org\/wp-content\/uploads\/2021\/04\/BASEdestacada520x272_cast-2.jpg\" \/>\n\t<meta property=\"og:image:width\" content=\"520\" \/>\n\t<meta property=\"og:image:height\" content=\"272\" \/>\n\t<meta property=\"og:image:type\" content=\"image\/jpeg\" \/>\n<meta name=\"twitter:card\" content=\"summary_large_image\" \/>\n<meta name=\"twitter:label1\" content=\"Tiempo de lectura\" \/>\n\t<meta name=\"twitter:data1\" content=\"40 minutos\" \/>\n<script type=\"application\/ld+json\" class=\"yoast-schema-graph\">{\"@context\":\"https:\\\/\\\/schema.org\",\"@graph\":[{\"@type\":\"WebPage\",\"@id\":\"https:\\\/\\\/eurecat.org\\\/es\\\/servicios\\\/eurecatevents\\\/ecodisenar-productos-sostenibles\\\/\",\"url\":\"https:\\\/\\\/eurecat.org\\\/es\\\/servicios\\\/eurecatevents\\\/ecodisenar-productos-sostenibles\\\/\",\"name\":\"ECODISE\u00d1AR PRODUCTOS SOSTENIBLES - Eurecat\",\"isPartOf\":{\"@id\":\"https:\\\/\\\/eurecat.org\\\/es\\\/#website\"},\"primaryImageOfPage\":{\"@id\":\"https:\\\/\\\/eurecat.org\\\/es\\\/servicios\\\/eurecatevents\\\/ecodisenar-productos-sostenibles\\\/#primaryimage\"},\"image\":{\"@id\":\"https:\\\/\\\/eurecat.org\\\/es\\\/servicios\\\/eurecatevents\\\/ecodisenar-productos-sostenibles\\\/#primaryimage\"},\"thumbnailUrl\":\"https:\\\/\\\/eurecat.org\\\/wp-content\\\/uploads\\\/2021\\\/04\\\/BASEdestacada520x272_cast-2.jpg\",\"datePublished\":\"2021-04-15T09:25:09+00:00\",\"dateModified\":\"2021-05-13T10:39:13+00:00\",\"description\":\"ecodisseny aplicat a productes ECODISE\u00d1AR PRODUCTOS SOSTENIBLES\",\"breadcrumb\":{\"@id\":\"https:\\\/\\\/eurecat.org\\\/es\\\/servicios\\\/eurecatevents\\\/ecodisenar-productos-sostenibles\\\/#breadcrumb\"},\"inLanguage\":\"es\",\"potentialAction\":[{\"@type\":\"ReadAction\",\"target\":[\"https:\\\/\\\/eurecat.org\\\/es\\\/servicios\\\/eurecatevents\\\/ecodisenar-productos-sostenibles\\\/\"]}]},{\"@type\":\"ImageObject\",\"inLanguage\":\"es\",\"@id\":\"https:\\\/\\\/eurecat.org\\\/es\\\/servicios\\\/eurecatevents\\\/ecodisenar-productos-sostenibles\\\/#primaryimage\",\"url\":\"https:\\\/\\\/eurecat.org\\\/wp-content\\\/uploads\\\/2021\\\/04\\\/BASEdestacada520x272_cast-2.jpg\",\"contentUrl\":\"https:\\\/\\\/eurecat.org\\\/wp-content\\\/uploads\\\/2021\\\/04\\\/BASEdestacada520x272_cast-2.jpg\",\"width\":520,\"height\":272},{\"@type\":\"BreadcrumbList\",\"@id\":\"https:\\\/\\\/eurecat.org\\\/es\\\/servicios\\\/eurecatevents\\\/ecodisenar-productos-sostenibles\\\/#breadcrumb\",\"itemListElement\":[{\"@type\":\"ListItem\",\"position\":1,\"name\":\"Inici\",\"item\":\"https:\\\/\\\/eurecat.org\\\/es\\\/\"},{\"@type\":\"ListItem\",\"position\":2,\"name\":\"Actividades\",\"item\":\"https:\\\/\\\/eurecat.org\\\/es\\\/servicios\\\/\"},{\"@type\":\"ListItem\",\"position\":3,\"name\":\"Esdeveniments Eurecat\",\"item\":\"https:\\\/\\\/eurecat.org\\\/es\\\/servicios\\\/eurecatevents\\\/\"},{\"@type\":\"ListItem\",\"position\":4,\"name\":\"ECODISE\u00d1AR PRODUCTOS SOSTENIBLES\"}]},{\"@type\":\"WebSite\",\"@id\":\"https:\\\/\\\/eurecat.org\\\/es\\\/#website\",\"url\":\"https:\\\/\\\/eurecat.org\\\/es\\\/\",\"name\":\"Eurecat\",\"description\":\"Otro sitio realizado con WordPress\",\"potentialAction\":[{\"@type\":\"SearchAction\",\"target\":{\"@type\":\"EntryPoint\",\"urlTemplate\":\"https:\\\/\\\/eurecat.org\\\/es\\\/?s={search_term_string}\"},\"query-input\":{\"@type\":\"PropertyValueSpecification\",\"valueRequired\":true,\"valueName\":\"search_term_string\"}}],\"inLanguage\":\"es\"}]}<\/script>\n<!-- \/ Yoast SEO plugin. -->","yoast_head_json":{"title":"ECODISE\u00d1AR PRODUCTOS SOSTENIBLES - Eurecat","description":"ecodisseny aplicat a productes ECODISE\u00d1AR PRODUCTOS SOSTENIBLES","robots":{"index":"index","follow":"follow","max-snippet":"max-snippet:-1","max-image-preview":"max-image-preview:large","max-video-preview":"max-video-preview:-1"},"canonical":"https:\/\/eurecat.org\/es\/servicios\/eurecatevents\/ecodisenar-productos-sostenibles\/","og_locale":"es_ES","og_type":"article","og_title":"ECODISE\u00d1AR PRODUCTOS SOSTENIBLES - Eurecat","og_description":"ecodisseny aplicat a productes ECODISE\u00d1AR PRODUCTOS SOSTENIBLES","og_url":"https:\/\/eurecat.org\/es\/servicios\/eurecatevents\/ecodisenar-productos-sostenibles\/","og_site_name":"Eurecat","article_modified_time":"2021-05-13T10:39:13+00:00","og_image":[{"width":520,"height":272,"url":"https:\/\/eurecat.org\/wp-content\/uploads\/2021\/04\/BASEdestacada520x272_cast-2.jpg","type":"image\/jpeg"}],"twitter_card":"summary_large_image","twitter_misc":{"Tiempo de lectura":"40 minutos"},"schema":{"@context":"https:\/\/schema.org","@graph":[{"@type":"WebPage","@id":"https:\/\/eurecat.org\/es\/servicios\/eurecatevents\/ecodisenar-productos-sostenibles\/","url":"https:\/\/eurecat.org\/es\/servicios\/eurecatevents\/ecodisenar-productos-sostenibles\/","name":"ECODISE\u00d1AR PRODUCTOS SOSTENIBLES - Eurecat","isPartOf":{"@id":"https:\/\/eurecat.org\/es\/#website"},"primaryImageOfPage":{"@id":"https:\/\/eurecat.org\/es\/servicios\/eurecatevents\/ecodisenar-productos-sostenibles\/#primaryimage"},"image":{"@id":"https:\/\/eurecat.org\/es\/servicios\/eurecatevents\/ecodisenar-productos-sostenibles\/#primaryimage"},"thumbnailUrl":"https:\/\/eurecat.org\/wp-content\/uploads\/2021\/04\/BASEdestacada520x272_cast-2.jpg","datePublished":"2021-04-15T09:25:09+00:00","dateModified":"2021-05-13T10:39:13+00:00","description":"ecodisseny aplicat a productes ECODISE\u00d1AR PRODUCTOS SOSTENIBLES","breadcrumb":{"@id":"https:\/\/eurecat.org\/es\/servicios\/eurecatevents\/ecodisenar-productos-sostenibles\/#breadcrumb"},"inLanguage":"es","potentialAction":[{"@type":"ReadAction","target":["https:\/\/eurecat.org\/es\/servicios\/eurecatevents\/ecodisenar-productos-sostenibles\/"]}]},{"@type":"ImageObject","inLanguage":"es","@id":"https:\/\/eurecat.org\/es\/servicios\/eurecatevents\/ecodisenar-productos-sostenibles\/#primaryimage","url":"https:\/\/eurecat.org\/wp-content\/uploads\/2021\/04\/BASEdestacada520x272_cast-2.jpg","contentUrl":"https:\/\/eurecat.org\/wp-content\/uploads\/2021\/04\/BASEdestacada520x272_cast-2.jpg","width":520,"height":272},{"@type":"BreadcrumbList","@id":"https:\/\/eurecat.org\/es\/servicios\/eurecatevents\/ecodisenar-productos-sostenibles\/#breadcrumb","itemListElement":[{"@type":"ListItem","position":1,"name":"Inici","item":"https:\/\/eurecat.org\/es\/"},{"@type":"ListItem","position":2,"name":"Actividades","item":"https:\/\/eurecat.org\/es\/servicios\/"},{"@type":"ListItem","position":3,"name":"Esdeveniments Eurecat","item":"https:\/\/eurecat.org\/es\/servicios\/eurecatevents\/"},{"@type":"ListItem","position":4,"name":"ECODISE\u00d1AR PRODUCTOS SOSTENIBLES"}]},{"@type":"WebSite","@id":"https:\/\/eurecat.org\/es\/#website","url":"https:\/\/eurecat.org\/es\/","name":"Eurecat","description":"Otro sitio realizado con WordPress","potentialAction":[{"@type":"SearchAction","target":{"@type":"EntryPoint","urlTemplate":"https:\/\/eurecat.org\/es\/?s={search_term_string}"},"query-input":{"@type":"PropertyValueSpecification","valueRequired":true,"valueName":"search_term_string"}}],"inLanguage":"es"}]}},"_links":{"self":[{"href":"https:\/\/eurecat.org\/es\/wp-json\/wp\/v2\/pages\/112994","targetHints":{"allow":["GET"]}}],"collection":[{"href":"https:\/\/eurecat.org\/es\/wp-json\/wp\/v2\/pages"}],"about":[{"href":"https:\/\/eurecat.org\/es\/wp-json\/wp\/v2\/types\/page"}],"author":[{"embeddable":true,"href":"https:\/\/eurecat.org\/es\/wp-json\/wp\/v2\/users\/23"}],"replies":[{"embeddable":true,"href":"https:\/\/eurecat.org\/es\/wp-json\/wp\/v2\/comments?post=112994"}],"version-history":[{"count":0,"href":"https:\/\/eurecat.org\/es\/wp-json\/wp\/v2\/pages\/112994\/revisions"}],"up":[{"embeddable":true,"href":"https:\/\/eurecat.org\/es\/wp-json\/wp\/v2\/pages\/2777"}],"wp:featuredmedia":[{"embeddable":true,"href":"https:\/\/eurecat.org\/es\/wp-json\/wp\/v2\/media\/113421"}],"wp:attachment":[{"href":"https:\/\/eurecat.org\/es\/wp-json\/wp\/v2\/media?parent=112994"}],"curies":[{"name":"wp","href":"https:\/\/api.w.org\/{rel}","templated":true}]}}