{"id":114657,"date":"2021-05-19T15:02:32","date_gmt":"2021-05-19T14:02:32","guid":{"rendered":"https:\/\/eurecat.org\/?page_id=114657"},"modified":"2022-01-14T14:17:48","modified_gmt":"2022-01-14T13:17:48","slug":"eines-gestio-talent-sector-turistic","status":"publish","type":"page","link":"https:\/\/eurecat.org\/es\/servicios\/eurecatevents\/eines-gestio-talent-sector-turistic\/","title":{"rendered":"Taller LABIIT: Herramientas para la gesti\u00f3n del talento en el sector tur\u00edstico"},"content":{"rendered":"<div class=\"fusion-fullwidth fullwidth-box fusion-builder-row-1 nonhundred-percent-fullwidth non-hundred-percent-height-scrolling\" style=\"--awb-border-radius-top-left:0px;--awb-border-radius-top-right:0px;--awb-border-radius-bottom-right:0px;--awb-border-radius-bottom-left:0px;--awb-padding-top:5px;--awb-padding-bottom:5px;--awb-background-color:#ffffff;--awb-flex-wrap:wrap;\" ><div class=\"fusion-builder-row fusion-row\"><div class=\"fusion-layout-column fusion_builder_column fusion-builder-column-0 fusion_builder_column_1_1 1_1 fusion-one-full fusion-column-first fusion-column-last\" style=\"--awb-bg-image:url(&#039;https:\/\/eurecat.org\/wp-content\/uploads\/2021\/05\/Imatge-banner-site-web-1.jpg&#039;);--awb-bg-size:cover;\"><div class=\"fusion-column-wrapper fusion-column-has-shadow fusion-flex-column-wrapper-legacy fusion-empty-column-bg-image fusion-column-has-bg-image\" data-bg-url=\"https:\/\/eurecat.org\/wp-content\/uploads\/2021\/05\/Imatge-banner-site-web-1.jpg\"><img decoding=\"async\" class=\"fusion-empty-dims-img-placeholder\" alt=\"LABIIT\" aria-label=\"Imatge-banner-site-web\" src=\"data:image\/svg+xml,%3Csvg%20xmlns%3D%27http%3A%2F%2Fwww.w3.org%2F2000%2Fsvg%27%20width%3D%271200%27%20height%3D%27400%27%20viewBox%3D%270%200%201200%20400%27%3E%3Crect%20width%3D%271200%27%20height%3D%27400%27%20fill-opacity%3D%220%22%2F%3E%3C%2Fsvg%3E\"><div class=\"fusion-clearfix\"><\/div><\/div><\/div><\/div><\/div><div class=\"fusion-fullwidth fullwidth-box fusion-builder-row-2 nonhundred-percent-fullwidth non-hundred-percent-height-scrolling\" style=\"--awb-border-radius-top-left:0px;--awb-border-radius-top-right:0px;--awb-border-radius-bottom-right:0px;--awb-border-radius-bottom-left:0px;--awb-padding-top:5px;--awb-padding-bottom:5px;--awb-flex-wrap:wrap;\" ><div class=\"fusion-builder-row fusion-row\"><div class=\"fusion-layout-column fusion_builder_column fusion-builder-column-1 fusion_builder_column_1_1 1_1 fusion-one-full fusion-column-first fusion-column-last\" style=\"--awb-padding-top:0px;--awb-padding-bottom:10px;--awb-bg-size:cover;--awb-margin-top:10px;--awb-margin-bottom:10px;\"><div class=\"fusion-column-wrapper fusion-column-has-shadow fusion-flex-column-wrapper-legacy\"><div class=\"fusion-image-element fusion-image-align-center in-legacy-container\" style=\"text-align:center;--awb-caption-title-font-family:var(--h2_typography-font-family);--awb-caption-title-font-weight:var(--h2_typography-font-weight);--awb-caption-title-font-style:var(--h2_typography-font-style);--awb-caption-title-size:var(--h2_typography-font-size);--awb-caption-title-transform:var(--h2_typography-text-transform);--awb-caption-title-line-height:var(--h2_typography-line-height);--awb-caption-title-letter-spacing:var(--h2_typography-letter-spacing);\"><div class=\"imageframe-align-center\"><span class=\" fusion-imageframe imageframe-none imageframe-1 hover-type-none\"><img decoding=\"async\" width=\"1200\" height=\"102\" alt=\"logos LABIIT\" title=\"logos\" src=\"https:\/\/eurecat.org\/wp-content\/uploads\/2021\/05\/logos-1.jpg\" class=\"img-responsive wp-image-114672\" srcset=\"https:\/\/eurecat.org\/wp-content\/uploads\/2021\/05\/logos-1-200x17.jpg 200w, https:\/\/eurecat.org\/wp-content\/uploads\/2021\/05\/logos-1-400x34.jpg 400w, https:\/\/eurecat.org\/wp-content\/uploads\/2021\/05\/logos-1-600x51.jpg 600w, https:\/\/eurecat.org\/wp-content\/uploads\/2021\/05\/logos-1-800x68.jpg 800w, https:\/\/eurecat.org\/wp-content\/uploads\/2021\/05\/logos-1.jpg 1200w\" sizes=\"(max-width: 800px) 100vw, 1200px\" \/><\/span><\/div><\/div><div class=\"fusion-text fusion-text-1\" style=\"--awb-text-transform:none;\"><h1 style=\"text-align: center;\"><span style=\"color: #ad3089;\"><strong>\u00abHerramientas para la gesti\u00f3n del talento en el sector tur\u00edstico\u00bb<\/strong><br \/>\n<\/span><strong><span style=\"color: #ad3089;\">Taller presencial: 9 y 10 de junio 2021<\/span><\/strong><\/h1>\n<\/div><div class=\"fusion-clearfix\"><\/div><\/div><\/div><\/div><\/div><div class=\"fusion-fullwidth fullwidth-box fusion-builder-row-3 nonhundred-percent-fullwidth non-hundred-percent-height-scrolling\" style=\"--awb-border-radius-top-left:0px;--awb-border-radius-top-right:0px;--awb-border-radius-bottom-right:0px;--awb-border-radius-bottom-left:0px;--awb-padding-top:5px;--awb-padding-bottom:5px;--awb-flex-wrap:wrap;\" ><div class=\"fusion-builder-row fusion-row\"><div class=\"fusion-layout-column fusion_builder_column fusion-builder-column-2 fusion_builder_column_1_2 1_2 fusion-one-half fusion-column-first\" style=\"--awb-padding-top:0px;--awb-padding-right:20px;--awb-padding-bottom:10px;--awb-bg-size:cover;--awb-border-color:#ad3089;--awb-border-top:0;--awb-border-right:1px;--awb-border-bottom:0;--awb-border-left:0;--awb-border-style:solid;--awb-margin-top:5px;width:50%;width:calc(50% - ( ( 4% ) * 0.5 ) );margin-right: 4%;\"><div class=\"fusion-column-wrapper fusion-column-has-shadow fusion-flex-column-wrapper-legacy\"><div class=\"fusion-text fusion-text-2\" style=\"--awb-text-transform:none;\"><p>En el\u00a0<strong>Taller de Turismo<\/strong>, organizado por el Laboratorio de Innovaci\u00f3n e Inteligencia Tur\u00edstica del Departamento de Innovaci\u00f3n Tur\u00edstica de Eurecat con el Patronato de Turismo de la Diputaci\u00f3 de Tarragona,\u00a0<strong>conoceremos de forma pr\u00e1ctica las principales\u00a0herramientas y recursos de gesti\u00f3n de personas y de proyectos<\/strong>\u00a0para potenciar el talento en el sector tur\u00edstico. Trabajaremos c\u00f3mo potenciar el empoderamiento profesional y aprenderemos a fomentar equipos de trabajo cohesionados.<\/p>\n<\/div><div class=\"fusion-text fusion-text-3\" style=\"--awb-text-transform:none;\"><p>Este taller est\u00e1 dirigido a:<\/p>\n<ul>\n<li><strong>Empresas tur\u00edsticas<\/strong><\/li>\n<li><strong>Instituciones<\/strong><\/li>\n<li><strong>Gestores de los \u00e1mbitos p\u00fablico y privado del sector del turismo y el ocio.<\/strong><\/li>\n<\/ul>\n<\/div><div class=\"fusion-sep-clear\"><\/div><div class=\"fusion-separator\" style=\"margin-left: auto;margin-right: auto;width:100%;max-width:4px;\"><\/div><div class=\"fusion-sep-clear\"><\/div><div class=\"fusion-sep-clear\"><\/div><div class=\"fusion-separator\" style=\"margin-left: auto;margin-right: auto;width:100%;max-width:4px;\"><\/div><div class=\"fusion-sep-clear\"><\/div><div class=\"fusion-button-wrapper fusion-alignleft\"><a class=\"fusion-button button-flat fusion-button-default-size button-custom fusion-button-default button-1 fusion-button-default-span fusion-button-default-type\" style=\"--button_accent_color:#ffffff;--button_accent_hover_color:#ffffff;--button_border_hover_color:#ffffff;--button_gradient_top_color:#ad3089;--button_gradient_bottom_color:#ad3089;--button_gradient_top_color_hover:#ad3089;--button_gradient_bottom_color_hover:#ad3089;\" target=\"_self\" href=\"https:\/\/youtu.be\/VKu8zA8E5_A\"><span class=\"fusion-button-text awb-button__text awb-button__text--default\">VER EL V\u00edDEORESUMEN DE LAS SESIONES<\/span><i class=\"fa-play-circle far awb-button__icon awb-button__icon--default button-icon-right\" aria-hidden=\"true\"><\/i><\/a><\/div><div class=\"fusion-sep-clear\"><\/div><div class=\"fusion-separator\" style=\"margin-left: auto;margin-right: auto;width:100%;max-width:4px;\"><\/div><div class=\"fusion-sep-clear\"><\/div><div class=\"fusion-sep-clear\"><\/div><div class=\"fusion-separator\" style=\"margin-left: auto;margin-right: auto;width:100%;max-width:4px;\"><\/div><div class=\"fusion-sep-clear\"><\/div><div class=\"fusion-sep-clear\"><\/div><div class=\"fusion-separator\" style=\"margin-left: auto;margin-right: auto;width:100%;max-width:4px;\"><\/div><div class=\"fusion-sep-clear\"><\/div><div class=\"fusion-clearfix\"><\/div><\/div><\/div><div class=\"fusion-layout-column fusion_builder_column fusion-builder-column-3 fusion_builder_column_1_2 1_2 fusion-one-half fusion-column-last\" style=\"--awb-padding-top:0px;--awb-padding-bottom:30px;--awb-bg-size:cover;--awb-margin-top:5px;width:50%;width:calc(50% - ( ( 4% ) * 0.5 ) );\"><div class=\"fusion-column-wrapper fusion-column-has-shadow fusion-flex-column-wrapper-legacy\"><div class=\"fusion-text fusion-text-4\" style=\"--awb-text-transform:none;\"><p><span style=\"color: #ad3089;\"><strong>SESI\u00d3N EN COSTA DAURADA <\/strong><\/span><\/p>\n<p><strong>D\u00eda<\/strong>: 9 de junio de 2021<\/p>\n<p><strong>Horario<\/strong>: de 10 a 13 horas<\/p>\n<p><strong>Lugar<\/strong>:\u00a0<a href=\"https:\/\/goo.gl\/maps\/EHQDgc9BZ5oG2jJA9\">Aula Magna de la Facultad de Turismo y Geograf\u00eda de la URV (C\/ Joanot Martorell, 15, Vila-seca)<\/a><\/p>\n<p><strong style=\"color: #ad3089;\">SESI\u00d3N EN TERRES DE L\u2019EBRE<\/strong><\/p>\n<p><strong>D\u00eda<\/strong>: 10 de junio de 2021<\/p>\n<p><strong>Horario<\/strong>: de 10 a 13 horas<\/p>\n<p><strong>Lugar<\/strong>:\u00a0<a href=\"https:\/\/goo.gl\/maps\/j896YWsTH2m895w98\">Museo de Tortosa (Rambla Felip Pedrell, 3, Tortosa)<\/a><\/p>\n<\/div><div class=\"fusion-clearfix\"><\/div><\/div><\/div><\/div><\/div><div class=\"fusion-fullwidth fullwidth-box fusion-builder-row-4 nonhundred-percent-fullwidth non-hundred-percent-height-scrolling\" style=\"--awb-border-radius-top-left:0px;--awb-border-radius-top-right:0px;--awb-border-radius-bottom-right:0px;--awb-border-radius-bottom-left:0px;--awb-padding-bottom:20px;--awb-background-color:#3d6fb6;--awb-flex-wrap:wrap;\" ><div class=\"fusion-builder-row fusion-row\"><div class=\"fusion-layout-column fusion_builder_column fusion-builder-column-4 fusion_builder_column_1_1 1_1 fusion-one-full fusion-column-first fusion-column-last\" style=\"--awb-padding-top:30px;--awb-bg-size:cover;\"><div class=\"fusion-column-wrapper fusion-column-has-shadow fusion-flex-column-wrapper-legacy\"><div class=\"fusion-text fusion-text-5\" style=\"--awb-text-transform:none;\"><h2 style=\"text-align: center;\"><span style=\"color: #ffffff;\"><strong>CONTENIDO\u00a0<\/strong><\/span><\/h2>\n<\/div><div class=\"fusion-clearfix\"><\/div><\/div><\/div><\/div><\/div><div class=\"fusion-fullwidth fullwidth-box fusion-builder-row-5 nonhundred-percent-fullwidth non-hundred-percent-height-scrolling\" style=\"--awb-border-radius-top-left:0px;--awb-border-radius-top-right:0px;--awb-border-radius-bottom-right:0px;--awb-border-radius-bottom-left:0px;--awb-padding-top:20px;--awb-padding-right:50px;--awb-padding-bottom:10px;--awb-padding-left:50px;--awb-flex-wrap:wrap;\" ><div class=\"fusion-builder-row fusion-row\"><div class=\"fusion-layout-column fusion_builder_column fusion-builder-column-5 fusion_builder_column_1_1 1_1 fusion-one-full fusion-column-first fusion-column-last\" style=\"--awb-padding-right:20px;--awb-bg-color:#ffffff;--awb-bg-color-hover:#ffffff;--awb-bg-size:cover;--awb-border-color:#3d6fb6;--awb-border-right:1px;--awb-border-style:solid;\"><div class=\"fusion-column-wrapper fusion-column-has-shadow fusion-flex-column-wrapper-legacy\"><div class=\"fusion-text fusion-text-6\" style=\"--awb-text-transform:none;\"><ul>\n<li>Fomentar el apertura mental y la predisposici\u00f3n emocional positiva. Descubrir herramientas para focalizarse en el desarrollo profesional. La mirada desde la realidad del capital humano de la actividad del turismo.<\/li>\n<li>Reforzar la responsabilidad individual y el compromiso con el rol profesional. Potenciar el empoderamiento profesional como la base de la eficiencia individual y colectiva. Eje clave en la gesti\u00f3n de personas en el sector tur\u00edstico.<\/li>\n<li>Facilitar recursos y herramientas de gesti\u00f3n de personas y proyectos y aprender a fomentar los equipos de trabajo altamente eficientes y cohesionados, orientados al rendimiento y la excelencia del sector tur\u00edstico.<\/li>\n<li>La profesionalizaci\u00f3n en las empresas y organizaciones tur\u00edsticas. \u00bfC\u00f3mo se gestiona?<\/li>\n<\/ul>\n<\/div><div class=\"fusion-clearfix\"><\/div><\/div><\/div><\/div><\/div><div class=\"fusion-fullwidth fullwidth-box fusion-builder-row-6 nonhundred-percent-fullwidth non-hundred-percent-height-scrolling\" style=\"--awb-border-radius-top-left:0px;--awb-border-radius-top-right:0px;--awb-border-radius-bottom-right:0px;--awb-border-radius-bottom-left:0px;--awb-padding-top:10px;--awb-padding-bottom:10px;--awb-background-color:#3d6fb6;--awb-flex-wrap:wrap;\" ><div class=\"fusion-builder-row fusion-row\"><div class=\"fusion-layout-column fusion_builder_column fusion-builder-column-6 fusion_builder_column_1_1 1_1 fusion-one-full fusion-column-first fusion-column-last\" style=\"--awb-bg-size:cover;\"><div class=\"fusion-column-wrapper fusion-column-has-shadow fusion-flex-column-wrapper-legacy\"><div class=\"fusion-text fusion-text-7\" style=\"--awb-text-transform:none;\"><h2><\/h2>\n<h2 style=\"text-align: center;\"><strong><span style=\"color: #ffffff;\">DOCENTE<\/span><\/strong><\/h2>\n<\/div><div class=\"fusion-clearfix\"><\/div><\/div><\/div><\/div><\/div><div class=\"fusion-fullwidth fullwidth-box fusion-builder-row-7 nonhundred-percent-fullwidth non-hundred-percent-height-scrolling\" style=\"--awb-border-radius-top-left:0px;--awb-border-radius-top-right:0px;--awb-border-radius-bottom-right:0px;--awb-border-radius-bottom-left:0px;--awb-padding-top:10px;--awb-padding-bottom:10px;--awb-margin-top:20px;--awb-background-color:#ffffff;--awb-flex-wrap:wrap;\" ><div class=\"fusion-builder-row fusion-row\"><div class=\"fusion-layout-column fusion_builder_column fusion-builder-column-7 fusion_builder_column_1_5 1_5 fusion-one-fifth fusion-column-first\" style=\"--awb-bg-size:cover;width:20%;width:calc(20% - ( ( 4% ) * 0.2 ) );margin-right: 4%;\"><div class=\"fusion-column-wrapper fusion-column-has-shadow fusion-flex-column-wrapper-legacy\"><div class=\"fusion-image-element in-legacy-container\" style=\"--awb-max-width:200px;--awb-caption-title-font-family:var(--h2_typography-font-family);--awb-caption-title-font-weight:var(--h2_typography-font-weight);--awb-caption-title-font-style:var(--h2_typography-font-style);--awb-caption-title-size:var(--h2_typography-font-size);--awb-caption-title-transform:var(--h2_typography-text-transform);--awb-caption-title-line-height:var(--h2_typography-line-height);--awb-caption-title-letter-spacing:var(--h2_typography-letter-spacing);\"><span class=\" fusion-imageframe imageframe-none imageframe-2 hover-type-none\"><img decoding=\"async\" width=\"200\" height=\"158\" alt=\"XA\" title=\"Xavier Plana\" src=\"https:\/\/eurecat.org\/wp-content\/uploads\/2021\/05\/Xavier-Plana.jpg\" class=\"img-responsive wp-image-114668\"\/><\/span><\/div><div class=\"fusion-clearfix\"><\/div><\/div><\/div><div class=\"fusion-layout-column fusion_builder_column fusion-builder-column-8 fusion_builder_column_4_5 4_5 fusion-four-fifth fusion-column-last\" style=\"--awb-bg-size:cover;width:80%;width:calc(80% - ( ( 4% ) * 0.8 ) );\"><div class=\"fusion-column-wrapper fusion-column-has-shadow fusion-flex-column-wrapper-legacy\"><div class=\"fusion-text fusion-text-8\" style=\"--awb-text-transform:none;\"><p><strong><span style=\"color: #ad3089;\">Xavier Plana, psic\u00f3logo de empresa y consultor<\/span><\/strong><\/p>\n<p>Sic\u00f3logo de empresa, consultor, coach, conferenciante y formador, especializado en desarrollo personal y organizacional, tanto a nivel operativo como estrat\u00e9gico. Explica que la vida le llev\u00f3 a estudiar Trabajo Social para ahondar en esta disciplina que promueve el cambio y el desarrollo social. El mismo impulso para conectar con el pensamiento y el comportamiento humano, que le llev\u00f3 a estudiar Sicolog\u00eda. Compaginar estudios de sicolog\u00eda y trabajar en una empresa, le condujo a buscar c\u00f3mo pod\u00eda conectar los valores del humanismo con la din\u00e1mica empresarial y mont\u00f3 \u00cdCAM para impartir formaci\u00f3n y coaching de inspiraci\u00f3n humanista. Socio fundador de la empresa de Team Building Trek&amp;Team, actividades para empresas en el entorno natural. Tambi\u00e9n se ha formado en PNL y Gestalt, entre otras disciplinas.<\/p>\n<p><strong>Twitter: <a href=\"https:\/\/twitter.com\/xavierplana?lang=es\">@xavierplana<\/a><\/strong><\/p>\n<\/div><div class=\"fusion-clearfix\"><\/div><\/div><\/div><\/div><\/div>\n","protected":false},"excerpt":{"rendered":"","protected":false},"author":23,"featured_media":114680,"parent":2777,"menu_order":65,"comment_status":"closed","ping_status":"closed","template":"100-width.php","meta":{"footnotes":""},"class_list":["post-114657","page","type-page","status-publish","has-post-thumbnail","hentry"],"yoast_head":"<!-- This site is optimized with the Yoast SEO plugin v27.4 - https:\/\/yoast.com\/product\/yoast-seo-wordpress\/ -->\n<title>LABIIT Herramientas para la gesti\u00f3n del talento en el sector tur\u00edstico<\/title>\n<meta name=\"description\" content=\"En el Taller coneixerem les principals eines i recursos de gesti\u00f3 de persones i de projectes per potenciar el talent en el sector tur\u00edstic.\" \/>\n<meta name=\"robots\" content=\"index, follow, max-snippet:-1, max-image-preview:large, max-video-preview:-1\" \/>\n<link rel=\"canonical\" href=\"https:\/\/eurecat.org\/es\/servicios\/eurecatevents\/eines-gestio-talent-sector-turistic\/\" \/>\n<meta property=\"og:locale\" content=\"es_ES\" \/>\n<meta property=\"og:type\" content=\"article\" \/>\n<meta property=\"og:title\" content=\"LABIIT Herramientas para la gesti\u00f3n del talento en el sector tur\u00edstico\" \/>\n<meta property=\"og:description\" content=\"En el Taller coneixerem les principals eines i recursos de gesti\u00f3 de persones i de projectes per potenciar el talent en el sector tur\u00edstic.\" \/>\n<meta property=\"og:url\" content=\"https:\/\/eurecat.org\/es\/servicios\/eurecatevents\/eines-gestio-talent-sector-turistic\/\" \/>\n<meta property=\"og:site_name\" content=\"Eurecat\" \/>\n<meta property=\"article:modified_time\" content=\"2022-01-14T13:17:48+00:00\" \/>\n<meta property=\"og:image\" content=\"https:\/\/eurecat.org\/wp-content\/uploads\/2021\/05\/Labiit_destacada.jpg\" \/>\n\t<meta property=\"og:image:width\" content=\"520\" \/>\n\t<meta property=\"og:image:height\" content=\"272\" \/>\n\t<meta property=\"og:image:type\" content=\"image\/jpeg\" \/>\n<meta name=\"twitter:card\" content=\"summary_large_image\" \/>\n<meta name=\"twitter:label1\" content=\"Tiempo de lectura\" \/>\n\t<meta name=\"twitter:data1\" content=\"11 minutos\" \/>\n<script type=\"application\/ld+json\" class=\"yoast-schema-graph\">{\"@context\":\"https:\\\/\\\/schema.org\",\"@graph\":[{\"@type\":\"WebPage\",\"@id\":\"https:\\\/\\\/eurecat.org\\\/es\\\/servicios\\\/eurecatevents\\\/eines-gestio-talent-sector-turistic\\\/\",\"url\":\"https:\\\/\\\/eurecat.org\\\/es\\\/servicios\\\/eurecatevents\\\/eines-gestio-talent-sector-turistic\\\/\",\"name\":\"LABIIT Herramientas para la gesti\u00f3n del talento en el sector tur\u00edstico\",\"isPartOf\":{\"@id\":\"https:\\\/\\\/eurecat.org\\\/es\\\/#website\"},\"primaryImageOfPage\":{\"@id\":\"https:\\\/\\\/eurecat.org\\\/es\\\/servicios\\\/eurecatevents\\\/eines-gestio-talent-sector-turistic\\\/#primaryimage\"},\"image\":{\"@id\":\"https:\\\/\\\/eurecat.org\\\/es\\\/servicios\\\/eurecatevents\\\/eines-gestio-talent-sector-turistic\\\/#primaryimage\"},\"thumbnailUrl\":\"https:\\\/\\\/eurecat.org\\\/wp-content\\\/uploads\\\/2021\\\/05\\\/Labiit_destacada.jpg\",\"datePublished\":\"2021-05-19T14:02:32+00:00\",\"dateModified\":\"2022-01-14T13:17:48+00:00\",\"description\":\"En el Taller coneixerem les principals eines i recursos de gesti\u00f3 de persones i de projectes per potenciar el talent en el sector tur\u00edstic.\",\"breadcrumb\":{\"@id\":\"https:\\\/\\\/eurecat.org\\\/es\\\/servicios\\\/eurecatevents\\\/eines-gestio-talent-sector-turistic\\\/#breadcrumb\"},\"inLanguage\":\"es\",\"potentialAction\":[{\"@type\":\"ReadAction\",\"target\":[\"https:\\\/\\\/eurecat.org\\\/es\\\/servicios\\\/eurecatevents\\\/eines-gestio-talent-sector-turistic\\\/\"]}]},{\"@type\":\"ImageObject\",\"inLanguage\":\"es\",\"@id\":\"https:\\\/\\\/eurecat.org\\\/es\\\/servicios\\\/eurecatevents\\\/eines-gestio-talent-sector-turistic\\\/#primaryimage\",\"url\":\"https:\\\/\\\/eurecat.org\\\/wp-content\\\/uploads\\\/2021\\\/05\\\/Labiit_destacada.jpg\",\"contentUrl\":\"https:\\\/\\\/eurecat.org\\\/wp-content\\\/uploads\\\/2021\\\/05\\\/Labiit_destacada.jpg\",\"width\":520,\"height\":272,\"caption\":\"LABIIT\"},{\"@type\":\"BreadcrumbList\",\"@id\":\"https:\\\/\\\/eurecat.org\\\/es\\\/servicios\\\/eurecatevents\\\/eines-gestio-talent-sector-turistic\\\/#breadcrumb\",\"itemListElement\":[{\"@type\":\"ListItem\",\"position\":1,\"name\":\"Inici\",\"item\":\"https:\\\/\\\/eurecat.org\\\/es\\\/\"},{\"@type\":\"ListItem\",\"position\":2,\"name\":\"Actividades\",\"item\":\"https:\\\/\\\/eurecat.org\\\/es\\\/servicios\\\/\"},{\"@type\":\"ListItem\",\"position\":3,\"name\":\"Esdeveniments Eurecat\",\"item\":\"https:\\\/\\\/eurecat.org\\\/es\\\/servicios\\\/eurecatevents\\\/\"},{\"@type\":\"ListItem\",\"position\":4,\"name\":\"Taller LABIIT: Herramientas para la gesti\u00f3n del talento en el sector tur\u00edstico\"}]},{\"@type\":\"WebSite\",\"@id\":\"https:\\\/\\\/eurecat.org\\\/es\\\/#website\",\"url\":\"https:\\\/\\\/eurecat.org\\\/es\\\/\",\"name\":\"Eurecat\",\"description\":\"Otro sitio realizado con WordPress\",\"potentialAction\":[{\"@type\":\"SearchAction\",\"target\":{\"@type\":\"EntryPoint\",\"urlTemplate\":\"https:\\\/\\\/eurecat.org\\\/es\\\/?s={search_term_string}\"},\"query-input\":{\"@type\":\"PropertyValueSpecification\",\"valueRequired\":true,\"valueName\":\"search_term_string\"}}],\"inLanguage\":\"es\"}]}<\/script>\n<!-- \/ Yoast SEO plugin. -->","yoast_head_json":{"title":"LABIIT Herramientas para la gesti\u00f3n del talento en el sector tur\u00edstico","description":"En el Taller coneixerem les principals eines i recursos de gesti\u00f3 de persones i de projectes per potenciar el talent en el sector tur\u00edstic.","robots":{"index":"index","follow":"follow","max-snippet":"max-snippet:-1","max-image-preview":"max-image-preview:large","max-video-preview":"max-video-preview:-1"},"canonical":"https:\/\/eurecat.org\/es\/servicios\/eurecatevents\/eines-gestio-talent-sector-turistic\/","og_locale":"es_ES","og_type":"article","og_title":"LABIIT Herramientas para la gesti\u00f3n del talento en el sector tur\u00edstico","og_description":"En el Taller coneixerem les principals eines i recursos de gesti\u00f3 de persones i de projectes per potenciar el talent en el sector tur\u00edstic.","og_url":"https:\/\/eurecat.org\/es\/servicios\/eurecatevents\/eines-gestio-talent-sector-turistic\/","og_site_name":"Eurecat","article_modified_time":"2022-01-14T13:17:48+00:00","og_image":[{"width":520,"height":272,"url":"https:\/\/eurecat.org\/wp-content\/uploads\/2021\/05\/Labiit_destacada.jpg","type":"image\/jpeg"}],"twitter_card":"summary_large_image","twitter_misc":{"Tiempo de lectura":"11 minutos"},"schema":{"@context":"https:\/\/schema.org","@graph":[{"@type":"WebPage","@id":"https:\/\/eurecat.org\/es\/servicios\/eurecatevents\/eines-gestio-talent-sector-turistic\/","url":"https:\/\/eurecat.org\/es\/servicios\/eurecatevents\/eines-gestio-talent-sector-turistic\/","name":"LABIIT Herramientas para la gesti\u00f3n del talento en el sector tur\u00edstico","isPartOf":{"@id":"https:\/\/eurecat.org\/es\/#website"},"primaryImageOfPage":{"@id":"https:\/\/eurecat.org\/es\/servicios\/eurecatevents\/eines-gestio-talent-sector-turistic\/#primaryimage"},"image":{"@id":"https:\/\/eurecat.org\/es\/servicios\/eurecatevents\/eines-gestio-talent-sector-turistic\/#primaryimage"},"thumbnailUrl":"https:\/\/eurecat.org\/wp-content\/uploads\/2021\/05\/Labiit_destacada.jpg","datePublished":"2021-05-19T14:02:32+00:00","dateModified":"2022-01-14T13:17:48+00:00","description":"En el Taller coneixerem les principals eines i recursos de gesti\u00f3 de persones i de projectes per potenciar el talent en el sector tur\u00edstic.","breadcrumb":{"@id":"https:\/\/eurecat.org\/es\/servicios\/eurecatevents\/eines-gestio-talent-sector-turistic\/#breadcrumb"},"inLanguage":"es","potentialAction":[{"@type":"ReadAction","target":["https:\/\/eurecat.org\/es\/servicios\/eurecatevents\/eines-gestio-talent-sector-turistic\/"]}]},{"@type":"ImageObject","inLanguage":"es","@id":"https:\/\/eurecat.org\/es\/servicios\/eurecatevents\/eines-gestio-talent-sector-turistic\/#primaryimage","url":"https:\/\/eurecat.org\/wp-content\/uploads\/2021\/05\/Labiit_destacada.jpg","contentUrl":"https:\/\/eurecat.org\/wp-content\/uploads\/2021\/05\/Labiit_destacada.jpg","width":520,"height":272,"caption":"LABIIT"},{"@type":"BreadcrumbList","@id":"https:\/\/eurecat.org\/es\/servicios\/eurecatevents\/eines-gestio-talent-sector-turistic\/#breadcrumb","itemListElement":[{"@type":"ListItem","position":1,"name":"Inici","item":"https:\/\/eurecat.org\/es\/"},{"@type":"ListItem","position":2,"name":"Actividades","item":"https:\/\/eurecat.org\/es\/servicios\/"},{"@type":"ListItem","position":3,"name":"Esdeveniments Eurecat","item":"https:\/\/eurecat.org\/es\/servicios\/eurecatevents\/"},{"@type":"ListItem","position":4,"name":"Taller LABIIT: Herramientas para la gesti\u00f3n del talento en el sector tur\u00edstico"}]},{"@type":"WebSite","@id":"https:\/\/eurecat.org\/es\/#website","url":"https:\/\/eurecat.org\/es\/","name":"Eurecat","description":"Otro sitio realizado con WordPress","potentialAction":[{"@type":"SearchAction","target":{"@type":"EntryPoint","urlTemplate":"https:\/\/eurecat.org\/es\/?s={search_term_string}"},"query-input":{"@type":"PropertyValueSpecification","valueRequired":true,"valueName":"search_term_string"}}],"inLanguage":"es"}]}},"_links":{"self":[{"href":"https:\/\/eurecat.org\/es\/wp-json\/wp\/v2\/pages\/114657","targetHints":{"allow":["GET"]}}],"collection":[{"href":"https:\/\/eurecat.org\/es\/wp-json\/wp\/v2\/pages"}],"about":[{"href":"https:\/\/eurecat.org\/es\/wp-json\/wp\/v2\/types\/page"}],"author":[{"embeddable":true,"href":"https:\/\/eurecat.org\/es\/wp-json\/wp\/v2\/users\/23"}],"replies":[{"embeddable":true,"href":"https:\/\/eurecat.org\/es\/wp-json\/wp\/v2\/comments?post=114657"}],"version-history":[{"count":0,"href":"https:\/\/eurecat.org\/es\/wp-json\/wp\/v2\/pages\/114657\/revisions"}],"up":[{"embeddable":true,"href":"https:\/\/eurecat.org\/es\/wp-json\/wp\/v2\/pages\/2777"}],"wp:featuredmedia":[{"embeddable":true,"href":"https:\/\/eurecat.org\/es\/wp-json\/wp\/v2\/media\/114680"}],"wp:attachment":[{"href":"https:\/\/eurecat.org\/es\/wp-json\/wp\/v2\/media?parent=114657"}],"curies":[{"name":"wp","href":"https:\/\/api.w.org\/{rel}","templated":true}]}}