{"id":122639,"date":"2022-04-29T10:19:03","date_gmt":"2022-04-29T08:19:03","guid":{"rendered":"https:\/\/eurecat.org\/eurecat\/programa-de-beques-vicente-lopez-2022\/"},"modified":"2026-03-25T10:07:11","modified_gmt":"2026-03-25T09:07:11","slug":"programa-de-becas-vicente-lopez","status":"publish","type":"page","link":"https:\/\/eurecat.org\/es\/talent\/programa-de-becas-vicente-lopez\/","title":{"rendered":"Programa de Becas de Doctorado Vicente L\u00f3pez"},"content":{"rendered":"<div class=\"fusion-fullwidth fullwidth-box fusion-builder-row-1 nonhundred-percent-fullwidth non-hundred-percent-height-scrolling\" style=\"--awb-border-radius-top-left:0px;--awb-border-radius-top-right:0px;--awb-border-radius-bottom-right:0px;--awb-border-radius-bottom-left:0px;--awb-padding-right:30px;--awb-padding-bottom:30px;--awb-padding-left:30px;--awb-flex-wrap:wrap;\" ><div class=\"fusion-builder-row fusion-row\"><div class=\"fusion-layout-column fusion_builder_column fusion-builder-column-0 fusion_builder_column_2_3 2_3 fusion-two-third fusion-column-first\" style=\"--awb-bg-size:cover;width:66.666666666667%;width:calc(66.666666666667% - ( ( 4% ) * 0.66666666666667 ) );margin-right: 4%;\"><div class=\"fusion-column-wrapper fusion-flex-column-wrapper-legacy\"><div class=\"fusion-image-element in-legacy-container\" style=\"--awb-caption-title-font-family:var(--h2_typography-font-family);--awb-caption-title-font-weight:var(--h2_typography-font-weight);--awb-caption-title-font-style:var(--h2_typography-font-style);--awb-caption-title-size:var(--h2_typography-font-size);--awb-caption-title-transform:var(--h2_typography-text-transform);--awb-caption-title-line-height:var(--h2_typography-line-height);--awb-caption-title-letter-spacing:var(--h2_typography-letter-spacing);\"><span class=\" fusion-imageframe imageframe-none imageframe-1 hover-type-none\"><img decoding=\"async\" width=\"1190\" height=\"479\" title=\"LOGO_vicentelopez_ESP\" src=\"https:\/\/eurecat.org\/wp-content\/uploads\/2022\/04\/LOGO_vicentelopez_ESP.png\" alt class=\"img-responsive wp-image-122645\" srcset=\"https:\/\/eurecat.org\/wp-content\/uploads\/2022\/04\/LOGO_vicentelopez_ESP-200x81.png 200w, https:\/\/eurecat.org\/wp-content\/uploads\/2022\/04\/LOGO_vicentelopez_ESP-400x161.png 400w, https:\/\/eurecat.org\/wp-content\/uploads\/2022\/04\/LOGO_vicentelopez_ESP-600x242.png 600w, https:\/\/eurecat.org\/wp-content\/uploads\/2022\/04\/LOGO_vicentelopez_ESP-800x322.png 800w, https:\/\/eurecat.org\/wp-content\/uploads\/2022\/04\/LOGO_vicentelopez_ESP.png 1190w\" sizes=\"(max-width: 800px) 100vw, 1190px\" \/><\/span><\/div><div class=\"fusion-clearfix\"><\/div><\/div><\/div><div class=\"fusion-layout-column fusion_builder_column fusion-builder-column-1 fusion_builder_column_1_3 1_3 fusion-one-third fusion-column-last\" style=\"--awb-padding-top:50px3;--awb-padding-bottom:30px;--awb-bg-size:cover;width:33.333333333333%;width:calc(33.333333333333% - ( ( 4% ) * 0.33333333333333 ) );\"><div class=\"fusion-column-wrapper fusion-flex-column-wrapper-legacy\"><div class=\"fusion-sep-clear\"><\/div><div class=\"fusion-separator fusion-full-width-sep\" style=\"margin-left: auto;margin-right: auto;margin-top:20px;margin-bottom:20px;width:100%;\"><div class=\"fusion-separator-border sep-single sep-solid\" style=\"--awb-height:20px;--awb-amount:20px;border-color:#e0dede;border-top-width:1px;\"><\/div><\/div><div class=\"fusion-sep-clear\"><\/div><div class=\"fusion-button-wrapper fusion-aligncenter\"><a class=\"fusion-button button-flat button-large button-default fusion-button-default button-1 fusion-button-default-span fusion-button-default-type\" target=\"_blank\" rel=\"noopener noreferrer\" href=\"https:\/\/eurecat.org\/wp-content\/uploads\/2026\/01\/2026_Bases_Castella.pdf\"><span class=\"fusion-button-text awb-button__text awb-button__text--default\">CONSULTA LAS BASES<\/span><\/a><\/div><div class=\"fusion-sep-clear\"><\/div><div class=\"fusion-separator fusion-full-width-sep\" style=\"margin-left: auto;margin-right: auto;margin-top:30px;margin-bottom:30px;width:100%;\"><div class=\"fusion-separator-border sep-single sep-solid\" style=\"--awb-height:20px;--awb-amount:20px;border-color:#e0dede;border-top-width:1px;\"><\/div><\/div><div class=\"fusion-sep-clear\"><\/div><div class=\"fusion-clearfix\"><\/div><\/div><\/div><\/div><\/div><div class=\"fusion-fullwidth fullwidth-box fusion-builder-row-2 nonhundred-percent-fullwidth non-hundred-percent-height-scrolling\" style=\"--awb-background-position:left top;--awb-border-sizes-top:0px;--awb-border-sizes-bottom:0px;--awb-border-sizes-left:0px;--awb-border-sizes-right:0px;--awb-border-radius-top-left:0px;--awb-border-radius-top-right:0px;--awb-border-radius-bottom-right:0px;--awb-border-radius-bottom-left:0px;--awb-padding-top:30px;--awb-padding-right:30px;--awb-padding-bottom:30px;--awb-padding-left:30px;--awb-flex-wrap:wrap;\" ><div class=\"fusion-builder-row fusion-row\"><div class=\"fusion-layout-column fusion_builder_column fusion-builder-column-2 fusion_builder_column_2_3 2_3 fusion-two-third fusion-column-first\" style=\"--awb-padding-left:30px;--awb-bg-size:cover;width:66.666666666667%;width:calc(66.666666666667% - ( ( 4% ) * 0.66666666666667 ) );margin-right: 4%;\"><div class=\"fusion-column-wrapper fusion-flex-column-wrapper-legacy\"><ul style=\"--awb-iconcolor:#3d6fb6;--awb-line-height:23.8px;--awb-icon-width:23.8px;--awb-icon-height:23.8px;--awb-icon-margin:9.8px;--awb-content-margin:33.6px;\" class=\"fusion-checklist fusion-checklist-1 fusion-checklist-default type-icons\"><li class=\"fusion-li-item\" style=\"\"><span class=\"icon-wrapper circle-no\"><i class=\"fusion-li-icon fa-chevron-right fas\" aria-hidden=\"true\"><\/i><\/span><div class=\"fusion-li-item-content\">\n<h2><strong>La convocatoria ofrece contratos predoctorales en Eurecat.<\/strong><\/h2>\n<\/div><\/li><li class=\"fusion-li-item\" style=\"\"><span class=\"icon-wrapper circle-no\"><i class=\"fusion-li-icon fa-chevron-right fas\" aria-hidden=\"true\"><\/i><\/span><div class=\"fusion-li-item-content\">\n<h2><strong>La presentaci\u00f3n de las candidaturas se realiza a trav\u00e9s de la web de Eurecat<\/strong><\/h2>\n<\/div><\/li><li class=\"fusion-li-item\" style=\"\"><span class=\"icon-wrapper circle-no\"><i class=\"fusion-li-icon fa-chevron-right fas\" aria-hidden=\"true\"><\/i><\/span><div class=\"fusion-li-item-content\">\n<h2><strong>El programa llevar\u00e1 el nombre del Dr. Vicente L\u00f3pez Mart\u00ednez por su aportaci\u00f3n al sistema catal\u00e1n de innovaci\u00f3n.<\/strong><\/h2>\n<\/div><\/li><\/ul><div class=\"fusion-sep-clear\"><\/div><div class=\"fusion-separator fusion-full-width-sep\" style=\"margin-left: auto;margin-right: auto;margin-top:15px;margin-bottom:15px;width:100%;\"><\/div><div class=\"fusion-sep-clear\"><\/div><div class=\"fusion-text fusion-text-1\"><p>El centro tecnol\u00f3gico Eurecat lanza la 6\u00aa edici\u00f3n el programa Vicente L\u00f3pez destinado al fomento de la realizaci\u00f3n de tesis doctorales en las \u00e1reas industrial, digital y biotecnol\u00f3gica, con el fin de aumentar el conocimiento cient\u00edfico en estos \u00e1mbitos y favorecer as\u00ed la transferencia tecnol\u00f3gica en la industria.<\/p>\n<\/div><div class=\"fusion-sep-clear\"><\/div><div class=\"fusion-separator fusion-full-width-sep\" style=\"margin-left: auto;margin-right: auto;margin-top:15px;margin-bottom:15px;width:100%;\"><\/div><div class=\"fusion-sep-clear\"><\/div><div class=\"fusion-text fusion-text-2\"><h2><strong>Convocatoria:<\/strong><\/h2>\n<p><span style=\"color: #3366ff;\">\u00a1Novedad!<\/span> La convocatoria ofrece varias plazas a lo largo de todo el 2026-2027 de contratos predoctorales en Eurecat, vinculados a la realizaci\u00f3n de tesis doctorales y con dedicaci\u00f3n a tiempo completo. Las convocatorias se ir\u00e1n publicando de forma regular en la web.<\/p>\n<\/div><div class=\"fusion-sep-clear\"><\/div><div class=\"fusion-separator fusion-full-width-sep\" style=\"margin-left: auto;margin-right: auto;margin-top:15px;margin-bottom:15px;width:100%;\"><\/div><div class=\"fusion-sep-clear\"><\/div><div class=\"fusion-text fusion-text-3\"><h2><strong>Presentaci\u00f3n de solicitudes:<\/strong><\/h2>\n<p>Las solicitudes seguir\u00e1n el procedimiento indicado en las vacantes disponibles y en las <a href=\"https:\/\/eurecat.org\/wp-content\/uploads\/2023\/02\/Bases_VicenteLopez_2023_ESP.pdf\">bases de la convocatoria<\/a>.<\/p>\n<h2><strong>Procedimiento de selecci\u00f3n:<\/strong><\/h2>\n<p>La selecci\u00f3n de los candidatos la llevar\u00e1 a cabo <strong>una comisi\u00f3n constituida al efecto para cada plaza<\/strong> que estar\u00e1 formada por las personas directoras de las tesis vinculadas a la\/s plaza\/s vacantes, la persona responsable de la Unidad Tecnol\u00f3gica de Eurecat del \u00e1mbito de conocimiento previsto y una t\u00e9cnica de selecci\u00f3n del departamento de recursos humanos de Eurecat.<\/p>\n<p>Las comisiones propondr\u00e1n la asignaci\u00f3n de las plazas utilizando como criterio prioritario el expediente de las personas solicitantes y su adecuaci\u00f3n al \u00e1mbito de conocimiento en el que se tendr\u00e1 que realizar tesis doctoral. Las personas miembros de la comisi\u00f3n podr\u00e1n acordar la realizaci\u00f3n de una entrevista personal con los candidatos.<\/p>\n<p>Las comisiones acordar\u00e1n una lista priorizada con la relaci\u00f3n de las personas candidatas valoradas positivamente y todas las solicitudes recibidas tendr\u00e1n respuesta de la aceptaci\u00f3n o no de su candidatura al programa.<\/p>\n<\/div><div class=\"fusion-sep-clear\"><\/div><div class=\"fusion-separator fusion-full-width-sep\" style=\"margin-left: auto;margin-right: auto;margin-top:15px;margin-bottom:15px;width:100%;\"><\/div><div class=\"fusion-sep-clear\"><\/div><div class=\"fusion-text fusion-text-4\"><h2><strong>Becas:<\/strong><\/h2>\n<\/div><div id=\"tc-jswidget\" data-client-id=\"956055f67b5adccda8e06e86feaf29e8\" data-lang=\"en\" data-job-listing=\"1\"><\/div><div class=\"fusion-sep-clear\"><\/div><div class=\"fusion-separator fusion-full-width-sep\" style=\"margin-left: auto;margin-right: auto;margin-top:15px;margin-bottom:15px;width:100%;\"><\/div><div class=\"fusion-sep-clear\"><\/div><div class=\"fusion-text fusion-text-5\"><h2><strong>Requisitos para participar en el programa:<\/strong><\/h2>\n<p>Pueden presentar solicitud todas las personas que est\u00e9n en disposici\u00f3n de iniciar un programa oficial de doctorado de acuerdo con la normativa vigente. En este sentido, los solicitantes deben tener un grado y un m\u00e1ster universitario, ya sean t\u00edtulos oficiales espa\u00f1oles o de otros pa\u00edses integrantes del Espacio Europeo de Educaci\u00f3n Superior, que habiliten para el acceso a un doctorado y deben haber superado un m\u00ednimo de 300 cr\u00e9ditos ECTS en el conjunto de estudios universitarios oficiales; por lo menos 60 de ellos deben ser de nivel de m\u00e1ster.<\/p>\n<p>Tambi\u00e9n podr\u00e1n presentar solicitud aquellas personas que est\u00e9n matriculadas en un m\u00e1ster universitario oficial que les permita acceder al doctorado en el curso 2026 \u2013 2027. Todas las personas solicitantes deben acreditar un buen nivel de ingl\u00e9s.<\/p>\n<p>En el momento de presentar la solicitud, la persona solicitante deber\u00e1 demostrar documentalmente el nivel de estudios que posee, de acuerdo con la Normativa Legal vigente, para acceder a un doctorado en Espa\u00f1a.<\/p>\n<p>Respecto a las personas seleccionadas que no dispongan de nacionalidad espa\u00f1ola y permiso de trabajo, se tramitar\u00e1 la autorizaci\u00f3n pertinente para que puedan ser contratadas. Con esta finalidad ser\u00e1 necesario que se re\u00fanan los requisitos establecidos por la ley para poder tener acceso a este permiso.<\/p>\n<p>Las personas contratadas, tendr\u00e1n que residir en Catalu\u00f1a durante el programa para poder participar en el mismo de forma presencial en las instalaciones de Eurecat, exceptuando las estancias de colaboraci\u00f3n en otras universidades o centros de investigaci\u00f3n que puedan ser de inter\u00e9s para elaborar su tesis.<\/p>\n<\/div><script id=\"tc-jswidget-script\" type=\"application\/javascript\" src=\"https:\/\/careers.talentclue.com\/sites\/static\/widget\/jswidget.min.js\"><\/script><div class=\"fusion-clearfix\"><\/div><\/div><\/div><div class=\"fusion-layout-column fusion_builder_column fusion-builder-column-3 fusion_builder_column_1_3 1_3 fusion-one-third fusion-column-last\" style=\"--awb-padding-top:10px;--awb-padding-right:10px;--awb-padding-bottom:10px;--awb-padding-left:10px;--awb-bg-color:rgba(242,242,242,0.72);--awb-bg-color-hover:rgba(242,242,242,0.72);--awb-bg-size:cover;width:33.333333333333%;width:calc(33.333333333333% - ( ( 4% ) * 0.33333333333333 ) );\"><div class=\"fusion-column-wrapper fusion-flex-column-wrapper-legacy\"><div class=\"fusion-text fusion-text-6\"><p><img decoding=\"async\" class=\"aligncenter size-full wp-image-62979\" src=\"https:\/\/eurecat.org\/wp-content\/uploads\/2018\/06\/Vicente_Lopez_400x400px.jpg\" alt=\"Vicente L\u00f3pez Eurecat\" width=\"400\" height=\"400\" srcset=\"https:\/\/eurecat.org\/wp-content\/uploads\/2018\/06\/Vicente_Lopez_400x400px-66x66.jpg 66w, https:\/\/eurecat.org\/wp-content\/uploads\/2018\/06\/Vicente_Lopez_400x400px-150x150.jpg 150w, https:\/\/eurecat.org\/wp-content\/uploads\/2018\/06\/Vicente_Lopez_400x400px-200x200.jpg 200w, https:\/\/eurecat.org\/wp-content\/uploads\/2018\/06\/Vicente_Lopez_400x400px-300x300.jpg 300w, https:\/\/eurecat.org\/wp-content\/uploads\/2018\/06\/Vicente_Lopez_400x400px.jpg 400w\" sizes=\"(max-width: 400px) 100vw, 400px\" \/><\/p>\n<\/div><div class=\"fusion-sep-clear\"><\/div><div class=\"fusion-separator fusion-full-width-sep\" style=\"margin-left: auto;margin-right: auto;margin-top:20px;margin-bottom:20px;width:100%;\"><div class=\"fusion-separator-border sep-single sep-solid\" style=\"--awb-height:20px;--awb-amount:20px;--awb-sep-color:#f2f2f2;border-color:#f2f2f2;border-top-width:1px;\"><\/div><\/div><div class=\"fusion-sep-clear\"><\/div><div class=\"fusion-text fusion-text-7\"><h2><strong>Dr. Vicente L\u00f3pez<\/strong><\/h2>\n<p>El programa toma el nombre del doctor Vicente L\u00f3pez Mart\u00ednez por su aportaci\u00f3n al sistema catal\u00e1n de innovaci\u00f3n, donde trabaj\u00f3 intensamente promoviendo los v\u00ednculos entre las universidades, los centros tecnol\u00f3gicos y las empresas. Vicente L\u00f3pez fue fundador del Centro Tecnol\u00f3gico Barcelona Media, hoy integrado a Eurecat, y sobresali\u00f3 como investigador, gestor y emprendedor.<\/p>\n<\/div><div class=\"fusion-sep-clear\"><\/div><div class=\"fusion-separator fusion-full-width-sep\" style=\"margin-left: auto;margin-right: auto;margin-top:15px;margin-bottom:15px;width:100%;\"><\/div><div class=\"fusion-sep-clear\"><\/div><div class=\"fusion-text fusion-text-8\"><h2><strong>Biograf\u00eda del doctor Vicente L\u00f3pez<\/strong><\/h2>\n<p><strong>Vicente L\u00f3pez Mart\u00ednez (1954 \u2013 2012)<\/strong>\u00a0fue un gran promotor de la innovaci\u00f3n en Catalu\u00f1a apostando por la investigaci\u00f3n aplicada basada en el modelo universidades, centros tecnol\u00f3gicos y empresas. Fue fundador del centro tecnol\u00f3gico Barcelona Media, hoy en d\u00eda integrado en el centro tecnol\u00f3gico Eurecat, inicialmente como director general y m\u00e1s tarde como vicepresidente ejecutivo del centro. Fue, tambi\u00e9n, vicepresidente de la Federaci\u00f3n de Centros Tecnol\u00f3gicos FEDIT.<\/p>\n<p>Licenciado en Ciencias Qu\u00edmicas, obtuvo el doctorado en Qu\u00edmica Cu\u00e1ntica por la Universidad Aut\u00f3noma de Madrid (UAM). Se mantuvo activo como investigador a lo largo de su vida profesional, compaginando esta actividad con las de gestor y emprendedor. Fue investigador del Instituto Tecnol\u00f3gico de California (CALTECH), profesor titular en el Departamento de F\u00edsica Qu\u00edmica de la UAM, investigador y m\u00e1s tarde director t\u00e9cnico del Instituto de Ingenier\u00eda del Conocimiento (IIC) de la UAM, catedr\u00e1tico en el Departamento de Ciencias de la Computaci\u00f3n de la UAM y del Departamento de Tecnolog\u00edas de la Informaci\u00f3n y Comunicaciones de la Universitat Pompeu Fabra, publicando m\u00e1s de 50 art\u00edculos cient\u00edficos.<\/p>\n<p>Como emprendedor e innovador, Vicente cre\u00f3 y puso en marcha dos empresas tecnol\u00f3gicas para el grupo Prisa: Proel (publicidad electr\u00f3nica) e Inicia Comunicaciones (proveedora de servicios de internet y portales). Co-fundador y m\u00e1s tarde miembro del comit\u00e9 de direcci\u00f3n de Raditech, una empresa proveedora de servicios y productos de investigaci\u00f3n en Internet, fue miembro del consejo de Telef\u00f3nica y fund\u00f3 ImmSound, una empresa proveedora de productos de sonido inmersivo, donde ejerci\u00f3 como CEO y Presidente.\u00a0 Immsound fue, posteriormente, adquirida por Dolby.<\/p>\n<p>Vicente, adem\u00e1s de ser una persona carism\u00e1tica, pose\u00eda un gran sentido humanista que aplicaba en sus diversas actividades. Supo guiar Barcelona Media con compromiso, visi\u00f3n y trabajo constante desde sus comienzos y desde all\u00ed apoy\u00f3 e impuls\u00f3 el modelo de centro tecnol\u00f3gico como punto de encuentro entre las universidades, centros de investigaci\u00f3n y empresas, haciendo de puente entre la investigaci\u00f3n b\u00e1sica y su aplicaci\u00f3n industrial.<\/p>\n<\/div><div class=\"fusion-clearfix\"><\/div><\/div><\/div><\/div><\/div>\n","protected":false},"excerpt":{"rendered":"","protected":false},"author":6,"featured_media":122645,"parent":138207,"menu_order":30,"comment_status":"closed","ping_status":"closed","template":"100-width.php","meta":{"footnotes":""},"class_list":["post-122639","page","type-page","status-publish","has-post-thumbnail","hentry"],"yoast_head":"<!-- This site is optimized with the Yoast SEO plugin v27.4 - https:\/\/yoast.com\/product\/yoast-seo-wordpress\/ -->\n<title>Programa a de Becas de Doctorado Vicente L\u00f3pez<\/title>\n<meta name=\"description\" content=\"El programa de becas de Doctorado es una propuesta de Eurecat Centro Tecnol\u00f3gico de Catalu\u00f1a para impulsar las propuestas de los investigadores que quieren desarrollar su tesis doctoral en campos de investigaci\u00f3n en los que el centro tiene competencias.\" \/>\n<meta name=\"robots\" content=\"index, follow, max-snippet:-1, max-image-preview:large, max-video-preview:-1\" \/>\n<link rel=\"canonical\" href=\"https:\/\/eurecat.org\/es\/talent\/programa-de-becas-vicente-lopez\/\" \/>\n<meta property=\"og:locale\" content=\"es_ES\" \/>\n<meta property=\"og:type\" content=\"article\" \/>\n<meta property=\"og:title\" content=\"Programa a de Becas de Doctorado Vicente L\u00f3pez\" \/>\n<meta property=\"og:description\" content=\"El programa de becas de Doctorado es una propuesta de Eurecat Centro Tecnol\u00f3gico de Catalu\u00f1a para impulsar las propuestas de los investigadores que quieren desarrollar su tesis doctoral en campos de investigaci\u00f3n en los que el centro tiene competencias.\" \/>\n<meta property=\"og:url\" content=\"https:\/\/eurecat.org\/es\/talent\/programa-de-becas-vicente-lopez\/\" \/>\n<meta property=\"og:site_name\" content=\"Eurecat\" \/>\n<meta property=\"article:modified_time\" content=\"2026-03-25T09:07:11+00:00\" \/>\n<meta property=\"og:image\" content=\"https:\/\/eurecat.org\/wp-content\/uploads\/2022\/04\/LOGO_vicentelopez_ESP.png\" \/>\n\t<meta property=\"og:image:width\" content=\"1190\" \/>\n\t<meta property=\"og:image:height\" content=\"479\" \/>\n\t<meta property=\"og:image:type\" content=\"image\/png\" \/>\n<meta name=\"twitter:card\" content=\"summary_large_image\" \/>\n<meta name=\"twitter:label1\" content=\"Tiempo de lectura\" \/>\n\t<meta name=\"twitter:data1\" content=\"6 minutos\" \/>\n<script type=\"application\/ld+json\" class=\"yoast-schema-graph\">{\"@context\":\"https:\\\/\\\/schema.org\",\"@graph\":[{\"@type\":\"WebPage\",\"@id\":\"https:\\\/\\\/eurecat.org\\\/es\\\/talent\\\/programa-de-becas-vicente-lopez\\\/\",\"url\":\"https:\\\/\\\/eurecat.org\\\/es\\\/talent\\\/programa-de-becas-vicente-lopez\\\/\",\"name\":\"Programa a de Becas de Doctorado Vicente L\u00f3pez\",\"isPartOf\":{\"@id\":\"https:\\\/\\\/eurecat.org\\\/es\\\/#website\"},\"primaryImageOfPage\":{\"@id\":\"https:\\\/\\\/eurecat.org\\\/es\\\/talent\\\/programa-de-becas-vicente-lopez\\\/#primaryimage\"},\"image\":{\"@id\":\"https:\\\/\\\/eurecat.org\\\/es\\\/talent\\\/programa-de-becas-vicente-lopez\\\/#primaryimage\"},\"thumbnailUrl\":\"https:\\\/\\\/eurecat.org\\\/wp-content\\\/uploads\\\/2022\\\/04\\\/LOGO_vicentelopez_ESP.png\",\"datePublished\":\"2022-04-29T08:19:03+00:00\",\"dateModified\":\"2026-03-25T09:07:11+00:00\",\"description\":\"El programa de becas de Doctorado es una propuesta de Eurecat Centro Tecnol\u00f3gico de Catalu\u00f1a para impulsar las propuestas de los investigadores que quieren desarrollar su tesis doctoral en campos de investigaci\u00f3n en los que el centro tiene competencias.\",\"breadcrumb\":{\"@id\":\"https:\\\/\\\/eurecat.org\\\/es\\\/talent\\\/programa-de-becas-vicente-lopez\\\/#breadcrumb\"},\"inLanguage\":\"es\",\"potentialAction\":[{\"@type\":\"ReadAction\",\"target\":[\"https:\\\/\\\/eurecat.org\\\/es\\\/talent\\\/programa-de-becas-vicente-lopez\\\/\"]}]},{\"@type\":\"ImageObject\",\"inLanguage\":\"es\",\"@id\":\"https:\\\/\\\/eurecat.org\\\/es\\\/talent\\\/programa-de-becas-vicente-lopez\\\/#primaryimage\",\"url\":\"https:\\\/\\\/eurecat.org\\\/wp-content\\\/uploads\\\/2022\\\/04\\\/LOGO_vicentelopez_ESP.png\",\"contentUrl\":\"https:\\\/\\\/eurecat.org\\\/wp-content\\\/uploads\\\/2022\\\/04\\\/LOGO_vicentelopez_ESP.png\",\"width\":1190,\"height\":479},{\"@type\":\"BreadcrumbList\",\"@id\":\"https:\\\/\\\/eurecat.org\\\/es\\\/talent\\\/programa-de-becas-vicente-lopez\\\/#breadcrumb\",\"itemListElement\":[{\"@type\":\"ListItem\",\"position\":1,\"name\":\"Inici\",\"item\":\"https:\\\/\\\/eurecat.org\\\/es\\\/\"},{\"@type\":\"ListItem\",\"position\":2,\"name\":\"Talento\",\"item\":\"https:\\\/\\\/eurecat.org\\\/es\\\/talent\\\/\"},{\"@type\":\"ListItem\",\"position\":3,\"name\":\"Programa de Becas de Doctorado Vicente L\u00f3pez\"}]},{\"@type\":\"WebSite\",\"@id\":\"https:\\\/\\\/eurecat.org\\\/es\\\/#website\",\"url\":\"https:\\\/\\\/eurecat.org\\\/es\\\/\",\"name\":\"Eurecat\",\"description\":\"Otro sitio realizado con WordPress\",\"potentialAction\":[{\"@type\":\"SearchAction\",\"target\":{\"@type\":\"EntryPoint\",\"urlTemplate\":\"https:\\\/\\\/eurecat.org\\\/es\\\/?s={search_term_string}\"},\"query-input\":{\"@type\":\"PropertyValueSpecification\",\"valueRequired\":true,\"valueName\":\"search_term_string\"}}],\"inLanguage\":\"es\"}]}<\/script>\n<!-- \/ Yoast SEO plugin. -->","yoast_head_json":{"title":"Programa a de Becas de Doctorado Vicente L\u00f3pez","description":"El programa de becas de Doctorado es una propuesta de Eurecat Centro Tecnol\u00f3gico de Catalu\u00f1a para impulsar las propuestas de los investigadores que quieren desarrollar su tesis doctoral en campos de investigaci\u00f3n en los que el centro tiene competencias.","robots":{"index":"index","follow":"follow","max-snippet":"max-snippet:-1","max-image-preview":"max-image-preview:large","max-video-preview":"max-video-preview:-1"},"canonical":"https:\/\/eurecat.org\/es\/talent\/programa-de-becas-vicente-lopez\/","og_locale":"es_ES","og_type":"article","og_title":"Programa a de Becas de Doctorado Vicente L\u00f3pez","og_description":"El programa de becas de Doctorado es una propuesta de Eurecat Centro Tecnol\u00f3gico de Catalu\u00f1a para impulsar las propuestas de los investigadores que quieren desarrollar su tesis doctoral en campos de investigaci\u00f3n en los que el centro tiene competencias.","og_url":"https:\/\/eurecat.org\/es\/talent\/programa-de-becas-vicente-lopez\/","og_site_name":"Eurecat","article_modified_time":"2026-03-25T09:07:11+00:00","og_image":[{"width":1190,"height":479,"url":"https:\/\/eurecat.org\/wp-content\/uploads\/2022\/04\/LOGO_vicentelopez_ESP.png","type":"image\/png"}],"twitter_card":"summary_large_image","twitter_misc":{"Tiempo de lectura":"6 minutos"},"schema":{"@context":"https:\/\/schema.org","@graph":[{"@type":"WebPage","@id":"https:\/\/eurecat.org\/es\/talent\/programa-de-becas-vicente-lopez\/","url":"https:\/\/eurecat.org\/es\/talent\/programa-de-becas-vicente-lopez\/","name":"Programa a de Becas de Doctorado Vicente L\u00f3pez","isPartOf":{"@id":"https:\/\/eurecat.org\/es\/#website"},"primaryImageOfPage":{"@id":"https:\/\/eurecat.org\/es\/talent\/programa-de-becas-vicente-lopez\/#primaryimage"},"image":{"@id":"https:\/\/eurecat.org\/es\/talent\/programa-de-becas-vicente-lopez\/#primaryimage"},"thumbnailUrl":"https:\/\/eurecat.org\/wp-content\/uploads\/2022\/04\/LOGO_vicentelopez_ESP.png","datePublished":"2022-04-29T08:19:03+00:00","dateModified":"2026-03-25T09:07:11+00:00","description":"El programa de becas de Doctorado es una propuesta de Eurecat Centro Tecnol\u00f3gico de Catalu\u00f1a para impulsar las propuestas de los investigadores que quieren desarrollar su tesis doctoral en campos de investigaci\u00f3n en los que el centro tiene competencias.","breadcrumb":{"@id":"https:\/\/eurecat.org\/es\/talent\/programa-de-becas-vicente-lopez\/#breadcrumb"},"inLanguage":"es","potentialAction":[{"@type":"ReadAction","target":["https:\/\/eurecat.org\/es\/talent\/programa-de-becas-vicente-lopez\/"]}]},{"@type":"ImageObject","inLanguage":"es","@id":"https:\/\/eurecat.org\/es\/talent\/programa-de-becas-vicente-lopez\/#primaryimage","url":"https:\/\/eurecat.org\/wp-content\/uploads\/2022\/04\/LOGO_vicentelopez_ESP.png","contentUrl":"https:\/\/eurecat.org\/wp-content\/uploads\/2022\/04\/LOGO_vicentelopez_ESP.png","width":1190,"height":479},{"@type":"BreadcrumbList","@id":"https:\/\/eurecat.org\/es\/talent\/programa-de-becas-vicente-lopez\/#breadcrumb","itemListElement":[{"@type":"ListItem","position":1,"name":"Inici","item":"https:\/\/eurecat.org\/es\/"},{"@type":"ListItem","position":2,"name":"Talento","item":"https:\/\/eurecat.org\/es\/talent\/"},{"@type":"ListItem","position":3,"name":"Programa de Becas de Doctorado Vicente L\u00f3pez"}]},{"@type":"WebSite","@id":"https:\/\/eurecat.org\/es\/#website","url":"https:\/\/eurecat.org\/es\/","name":"Eurecat","description":"Otro sitio realizado con WordPress","potentialAction":[{"@type":"SearchAction","target":{"@type":"EntryPoint","urlTemplate":"https:\/\/eurecat.org\/es\/?s={search_term_string}"},"query-input":{"@type":"PropertyValueSpecification","valueRequired":true,"valueName":"search_term_string"}}],"inLanguage":"es"}]}},"_links":{"self":[{"href":"https:\/\/eurecat.org\/es\/wp-json\/wp\/v2\/pages\/122639","targetHints":{"allow":["GET"]}}],"collection":[{"href":"https:\/\/eurecat.org\/es\/wp-json\/wp\/v2\/pages"}],"about":[{"href":"https:\/\/eurecat.org\/es\/wp-json\/wp\/v2\/types\/page"}],"author":[{"embeddable":true,"href":"https:\/\/eurecat.org\/es\/wp-json\/wp\/v2\/users\/6"}],"replies":[{"embeddable":true,"href":"https:\/\/eurecat.org\/es\/wp-json\/wp\/v2\/comments?post=122639"}],"version-history":[{"count":1,"href":"https:\/\/eurecat.org\/es\/wp-json\/wp\/v2\/pages\/122639\/revisions"}],"predecessor-version":[{"id":194705,"href":"https:\/\/eurecat.org\/es\/wp-json\/wp\/v2\/pages\/122639\/revisions\/194705"}],"up":[{"embeddable":true,"href":"https:\/\/eurecat.org\/es\/wp-json\/wp\/v2\/pages\/138207"}],"wp:featuredmedia":[{"embeddable":true,"href":"https:\/\/eurecat.org\/es\/wp-json\/wp\/v2\/media\/122645"}],"wp:attachment":[{"href":"https:\/\/eurecat.org\/es\/wp-json\/wp\/v2\/media?parent=122639"}],"curies":[{"name":"wp","href":"https:\/\/api.w.org\/{rel}","templated":true}]}}