{"id":131427,"date":"2023-02-23T10:44:20","date_gmt":"2023-02-23T09:44:20","guid":{"rendered":"https:\/\/eurecat.org\/?page_id=131427"},"modified":"2023-11-14T09:04:53","modified_gmt":"2023-11-14T08:04:53","slug":"jornada-infraestructuras-tecnologicas-sector-agricola","status":"publish","type":"page","link":"https:\/\/eurecat.org\/es\/servicios\/eurecatevents\/jornada-infraestructuras-tecnologicas-sector-agricola\/","title":{"rendered":"Jornada sobre Infraestructuras Tecnol\u00f3gicas para la Digitalizaci\u00f3n del Sector Agr\u00edcola"},"content":{"rendered":"<div class=\"fusion-fullwidth fullwidth-box fusion-builder-row-1 has-pattern-background has-mask-background nonhundred-percent-fullwidth non-hundred-percent-height-scrolling\" style=\"--link_hover_color: #662e8f;--link_color: #662e8f;--awb-border-radius-top-left:0px;--awb-border-radius-top-right:0px;--awb-border-radius-bottom-right:0px;--awb-border-radius-bottom-left:0px;--awb-padding-top:5px;--awb-padding-bottom:5px;--awb-background-color:#ffffff;--awb-flex-wrap:wrap;\" ><div class=\"fusion-builder-row fusion-row\"><header class=\"fusion-layout-column fusion_builder_column fusion-builder-column-0 fusion_builder_column_1_1 1_1 fusion-one-full fusion-column-first fusion-column-last\" style=\"--awb-padding-top:20px;--awb-padding-bottom:20px;--awb-bg-image:url(&#039;https:\/\/eurecat.org\/wp-content\/uploads\/2023\/02\/Imatge-banner-site-web-CAST.jpg&#039;);--awb-bg-position:right center;--awb-bg-size:cover;--awb-margin-top:5px;--awb-margin-bottom:5px;\"><div class=\"fusion-column-wrapper fusion-column-has-shadow fusion-flex-column-wrapper-legacy fusion-empty-column-bg-image fusion-column-has-bg-image\" data-bg-url=\"https:\/\/eurecat.org\/wp-content\/uploads\/2023\/02\/Imatge-banner-site-web-CAST.jpg\"><div class=\"fusion-column-content-centered\"><div class=\"fusion-column-content\"><img decoding=\"async\" class=\"fusion-empty-dims-img-placeholder\" aria-label=\"Imatge-banner-site-web-CAST\" src=\"data:image\/svg+xml,%3Csvg%20xmlns%3D%27http%3A%2F%2Fwww.w3.org%2F2000%2Fsvg%27%20width%3D%271200%27%20height%3D%27392%27%20viewBox%3D%270%200%201200%20392%27%3E%3Crect%20width%3D%271200%27%20height%3D%27392%27%20fill-opacity%3D%220%22%2F%3E%3C%2Fsvg%3E\"><\/div><\/div><div class=\"fusion-clearfix\"><\/div><\/div><\/header><\/div><\/div><div class=\"fusion-fullwidth fullwidth-box fusion-builder-row-2 nonhundred-percent-fullwidth non-hundred-percent-height-scrolling\" style=\"--awb-border-radius-top-left:0px;--awb-border-radius-top-right:0px;--awb-border-radius-bottom-right:0px;--awb-border-radius-bottom-left:0px;--awb-padding-top:20px;--awb-padding-bottom:20px;--awb-flex-wrap:wrap;\" ><div class=\"fusion-builder-row fusion-row\"><div class=\"fusion-layout-column fusion_builder_column fusion-builder-column-1 fusion_builder_column_1_1 1_1 fusion-one-full fusion-column-first fusion-column-last\" style=\"--awb-padding-top:0px;--awb-padding-bottom:0px;--awb-bg-size:cover;--awb-margin-top:5px;--awb-margin-bottom:5px;\"><div class=\"fusion-column-wrapper fusion-column-has-shadow fusion-flex-column-wrapper-legacy\"><div class=\"fusion-text fusion-text-1\"><h1 style=\"text-align: center;\"><strong><span style=\"color: #662483;\">\u00a1CONTENIDOS DISPONIBLES! <\/span><\/strong><\/h1>\n<\/div><div class=\"fusion-clearfix\"><\/div><\/div><\/div><\/div><\/div><div class=\"fusion-fullwidth fullwidth-box fusion-builder-row-3 nonhundred-percent-fullwidth non-hundred-percent-height-scrolling\" style=\"--awb-border-radius-top-left:0px;--awb-border-radius-top-right:0px;--awb-border-radius-bottom-right:0px;--awb-border-radius-bottom-left:0px;--awb-padding-top:20px;--awb-padding-bottom:20px;--awb-flex-wrap:wrap;\" ><div class=\"fusion-builder-row fusion-row\"><div class=\"fusion-layout-column fusion_builder_column fusion-builder-column-2 fusion_builder_column_2_3 2_3 fusion-two-third fusion-column-first\" style=\"--awb-padding-top:0px;--awb-padding-bottom:30px;--awb-bg-size:cover;--awb-margin-top:20px;width:66.666666666667%;width:calc(66.666666666667% - ( ( 4% ) * 0.66666666666667 ) );margin-right: 4%;\"><div class=\"fusion-column-wrapper fusion-column-has-shadow fusion-flex-column-wrapper-legacy\"><div class=\"fusion-text fusion-text-2\"><h2><strong><span style=\"color: #662483;\">Jornada Infraestructuras Tecnol\u00f3gicas para la Digitalizaci\u00f3n del Sector Agr\u00edcola<\/span><\/strong><\/h2>\n<p>La digitalizaci\u00f3n es un vector de innovaci\u00f3n y sostenibilidad necesario para mejorar la competitividad del sector agr\u00edcola, formando parte de todas las agendas estrat\u00e9gicas a nivel nacional e internacional. Asimismo, disponer de un tejido industrial fuerte y de calidad capaz de proveer de soluciones digitales a los productores es clave para fomentar la creaci\u00f3n de empleo y de riqueza. Es por esto, que la inversi\u00f3n en iniciativas que optimicen y aceleren la innovaci\u00f3n en las empresas est\u00e1 siendo un factor de posicionamiento y diferenciaci\u00f3n que mejora la competitividad de las distintas regiones europeas.<\/p>\n<p>La Comisi\u00f3n Europea define las redes de Infraestructuras para la experimentaci\u00f3n y validaci\u00f3n como una herramienta diferencial para la maduraci\u00f3n tecnol\u00f3gica. El objetivo de estas infraestructuras es del de ayudar a desarrollar nuevas soluciones tecnol\u00f3gicas y acercarlas al mercado mediante su validaci\u00f3n en entornos reales.<\/p>\n<p>Durante esta jornada, <strong>productores, empresas y entidades de investigaci\u00f3n presentar\u00e1n sus experiencias y buenas pr\u00e1cticas para la validaci\u00f3n de soluciones digitales y discutir\u00e1n sobre la necesidad y las ventajas de disponer de una red de Infraestructuras tecnol\u00f3gicas que aceleren la digitalizaci\u00f3n del sector agr\u00edcola.<\/strong><\/p>\n<\/div><div class=\"fusion-sep-clear\"><\/div><div class=\"fusion-separator\" style=\"margin-left: auto;margin-right: auto;width:100%;max-width:4px;\"><\/div><div class=\"fusion-sep-clear\"><\/div><div class=\"fusion-text fusion-text-3\"><h3><span style=\"color: #000000;\"><strong><span style=\"color: #662e8f;\">Organiza:<\/span><\/strong><\/span><\/h3>\n<\/div><div class=\"fusion-image-element fusion-image-align-center in-legacy-container\" style=\"text-align:center;--awb-caption-title-font-family:var(--h2_typography-font-family);--awb-caption-title-font-weight:var(--h2_typography-font-weight);--awb-caption-title-font-style:var(--h2_typography-font-style);--awb-caption-title-size:var(--h2_typography-font-size);--awb-caption-title-transform:var(--h2_typography-text-transform);--awb-caption-title-line-height:var(--h2_typography-line-height);--awb-caption-title-letter-spacing:var(--h2_typography-letter-spacing);\"><div class=\"imageframe-align-center\"><span class=\" fusion-imageframe imageframe-none imageframe-1 hover-type-none\"><img decoding=\"async\" width=\"1200\" height=\"102\" title=\"logos1200x102\" src=\"https:\/\/eurecat.org\/wp-content\/uploads\/2023\/02\/logos1200x102.jpg\" alt class=\"img-responsive wp-image-131416\" srcset=\"https:\/\/eurecat.org\/wp-content\/uploads\/2023\/02\/logos1200x102-200x17.jpg 200w, https:\/\/eurecat.org\/wp-content\/uploads\/2023\/02\/logos1200x102-400x34.jpg 400w, https:\/\/eurecat.org\/wp-content\/uploads\/2023\/02\/logos1200x102-600x51.jpg 600w, https:\/\/eurecat.org\/wp-content\/uploads\/2023\/02\/logos1200x102-800x68.jpg 800w, https:\/\/eurecat.org\/wp-content\/uploads\/2023\/02\/logos1200x102.jpg 1200w\" sizes=\"(max-width: 800px) 100vw, 1200px\" \/><\/span><\/div><\/div><div class=\"fusion-text fusion-text-4\"><h3><span style=\"color: #000000;\"><strong><span style=\"color: #662e8f;\">Colabora:<\/span><\/strong><\/span><\/h3>\n<\/div><div class=\"fusion-image-element fusion-image-align-center in-legacy-container\" style=\"text-align:center;--awb-caption-title-font-family:var(--h2_typography-font-family);--awb-caption-title-font-weight:var(--h2_typography-font-weight);--awb-caption-title-font-style:var(--h2_typography-font-style);--awb-caption-title-size:var(--h2_typography-font-size);--awb-caption-title-transform:var(--h2_typography-text-transform);--awb-caption-title-line-height:var(--h2_typography-line-height);--awb-caption-title-letter-spacing:var(--h2_typography-letter-spacing);\"><div class=\"imageframe-align-center\"><span class=\" fusion-imageframe imageframe-none imageframe-2 hover-type-none\"><a class=\"fusion-no-lightbox\" href=\"https:\/\/parclleida.es\/\" target=\"_self\" aria-label=\"logos1200x102\"><img decoding=\"async\" width=\"1200\" height=\"102\" src=\"https:\/\/eurecat.org\/wp-content\/uploads\/2023\/03\/logos1200x102.jpg\" alt class=\"img-responsive wp-image-132157\" srcset=\"https:\/\/eurecat.org\/wp-content\/uploads\/2023\/03\/logos1200x102-200x17.jpg 200w, https:\/\/eurecat.org\/wp-content\/uploads\/2023\/03\/logos1200x102-400x34.jpg 400w, https:\/\/eurecat.org\/wp-content\/uploads\/2023\/03\/logos1200x102-600x51.jpg 600w, https:\/\/eurecat.org\/wp-content\/uploads\/2023\/03\/logos1200x102-800x68.jpg 800w, https:\/\/eurecat.org\/wp-content\/uploads\/2023\/03\/logos1200x102.jpg 1200w\" sizes=\"(max-width: 800px) 100vw, 1200px\" \/><\/a><\/span><\/div><\/div><div class=\"fusion-sep-clear\"><\/div><div class=\"fusion-separator fusion-has-icon fusion-full-width-sep\" style=\"margin-left: auto;margin-right: auto;margin-top:15px;margin-bottom:15px;width:100%;\"><div class=\"fusion-separator-border sep-single\" style=\"--awb-height:20px;--awb-amount:20px;--awb-sep-color:#662e8f;border-color:#662e8f;border-top-width:1px;\"><\/div><span class=\"icon-wrapper\" style=\"border-color:transparent;font-size:20px;width: 1.75em; height: 1.75em;border-width:1px;padding:1px;margin-top:-0.5px\"><i class=\"fa-book-open fas\" style=\"font-size: inherit;color:#662e8f;\" aria-hidden=\"true\"><\/i><\/span><div class=\"fusion-separator-border sep-single\" style=\"--awb-height:20px;--awb-amount:20px;--awb-sep-color:#662e8f;border-color:#662e8f;border-top-width:1px;\"><\/div><\/div><div class=\"fusion-sep-clear\"><\/div><div class=\"fusion-text fusion-text-5\"><h3><span style=\"color: #000000;\"><strong><span style=\"color: #662e8f;\">Entidades Colaboradoras en la difusi\u00f3n:<\/span><\/strong><\/span><\/h3>\n<\/div><div class=\"fusion-image-carousel fusion-image-carousel-fixed fusion-image-carousel-1\" style=\"margin-top:30px;margin-bottom:30px;\"><div class=\"awb-carousel awb-swiper awb-swiper-carousel awb-carousel--carousel awb-swiper-dots-position-bottom\" data-layout=\"carousel\" data-autoplay=\"yes\" data-autoplayspeed=\"2500\" data-autoplaypause=\"no\" data-loop=\"yes\" data-columns=\"2\" data-columnsmedium=\"1\" data-columnssmall=\"1\" data-itemmargin=\"13\" data-itemwidth=\"180\" data-touchscroll=\"no\" data-freemode=\"no\" data-imagesize=\"fixed\" data-scrollitems=\"0\" data-centeredslides=\"no\" data-rotationangle=\"50\" data-depth=\"100\" data-speed=\"500\" data-shadow=\"no\" data-pagination=\"bullets\" style=\"--awb-columns:2;\"><div class=\"swiper-wrapper awb-image-carousel-wrapper fusion-flex-align-items-center\"><div class=\"swiper-slide\"><div class=\"fusion-carousel-item-wrapper\"><div class=\"fusion-image-wrapper hover-type-none\"><a href=\"https:\/\/www.agronoms.cat\/\" target=\"_self\"><img decoding=\"async\" width=\"200\" height=\"150\" src=\"https:\/\/eurecat.org\/wp-content\/uploads\/2023\/02\/agronoms-web.jpg\" class=\"attachment-portfolio-two size-portfolio-two\" alt=\"\" \/><\/a><\/div><\/div><\/div><div class=\"swiper-slide\"><div class=\"fusion-carousel-item-wrapper\"><div class=\"fusion-image-wrapper hover-type-none\"><a href=\"https:\/\/www.agroxarxa.com\/\" target=\"_self\"><img decoding=\"async\" width=\"200\" height=\"150\" src=\"https:\/\/eurecat.org\/wp-content\/uploads\/2023\/03\/agroxarxa.jpg\" class=\"attachment-portfolio-two size-portfolio-two\" alt=\"\" \/><\/a><\/div><\/div><\/div><div class=\"swiper-slide\"><div class=\"fusion-carousel-item-wrapper\"><div class=\"fusion-image-wrapper hover-type-none\"><a href=\"https:\/\/www.desenvolupamentrural.cat\/\" target=\"_self\"><img decoding=\"async\" width=\"200\" height=\"150\" src=\"https:\/\/eurecat.org\/wp-content\/uploads\/2023\/03\/arca.jpg\" class=\"attachment-portfolio-two size-portfolio-two\" alt=\"\" \/><\/a><\/div><\/div><\/div><div class=\"swiper-slide\"><div class=\"fusion-carousel-item-wrapper\"><div class=\"fusion-image-wrapper hover-type-none\"><a href=\"https:\/\/www.aseitec.org\/\" target=\"_self\"><img decoding=\"async\" width=\"200\" height=\"150\" src=\"https:\/\/eurecat.org\/wp-content\/uploads\/2023\/03\/aseitec.jpg\" class=\"attachment-portfolio-two size-portfolio-two\" alt=\"\" \/><\/a><\/div><\/div><\/div><div class=\"swiper-slide\"><div class=\"fusion-carousel-item-wrapper\"><div class=\"fusion-image-wrapper hover-type-none\"><a href=\"https:\/\/www.clusterfoodservice.org\/\" target=\"_self\"><img decoding=\"async\" width=\"200\" height=\"150\" src=\"https:\/\/eurecat.org\/wp-content\/uploads\/2023\/03\/cluster-foodservice.jpg\" class=\"attachment-portfolio-two size-portfolio-two\" alt=\"\" \/><\/a><\/div><\/div><\/div><div class=\"swiper-slide\"><div class=\"fusion-carousel-item-wrapper\"><div class=\"fusion-image-wrapper hover-type-none\"><a href=\"https:\/\/dih4cat.cat\/\" target=\"_self\"><img decoding=\"async\" width=\"200\" height=\"150\" src=\"https:\/\/eurecat.org\/wp-content\/uploads\/2023\/03\/DIH4CAT.jpg\" class=\"attachment-portfolio-two size-portfolio-two\" alt=\"\" \/><\/a><\/div><\/div><\/div><div class=\"swiper-slide\"><div class=\"fusion-carousel-item-wrapper\"><div class=\"fusion-image-wrapper hover-type-none\"><a href=\"https:\/\/productesdelaterra.diba.cat\/\" target=\"_self\"><img decoding=\"async\" width=\"200\" height=\"150\" src=\"https:\/\/eurecat.org\/wp-content\/uploads\/2023\/03\/diba-productes-terra.jpg\" class=\"attachment-portfolio-two size-portfolio-two\" alt=\"\" \/><\/a><\/div><\/div><\/div><div class=\"swiper-slide\"><div class=\"fusion-carousel-item-wrapper\"><div class=\"fusion-image-wrapper hover-type-none\"><img decoding=\"async\" width=\"200\" height=\"150\" src=\"https:\/\/eurecat.org\/wp-content\/uploads\/2023\/03\/femac-web.jpg\" class=\"attachment-portfolio-two size-portfolio-two\" alt=\"\" \/><\/div><\/div><\/div><div class=\"swiper-slide\"><div class=\"fusion-carousel-item-wrapper\"><div class=\"fusion-image-wrapper hover-type-none\"><a href=\"https:\/\/www.cooperativesagraries.cat\/\" target=\"_self\"><img decoding=\"async\" width=\"200\" height=\"150\" src=\"https:\/\/eurecat.org\/wp-content\/uploads\/2023\/03\/federacio-cooperatives-agraries.jpg\" class=\"attachment-portfolio-two size-portfolio-two\" alt=\"\" \/><\/a><\/div><\/div><\/div><div class=\"swiper-slide\"><div class=\"fusion-carousel-item-wrapper\"><div class=\"fusion-image-wrapper hover-type-none\"><a href=\"http:\/\/www.innovi.cat\" target=\"_self\"><img decoding=\"async\" width=\"200\" height=\"150\" src=\"https:\/\/eurecat.org\/wp-content\/uploads\/2023\/02\/innovi.jpg\" class=\"attachment-portfolio-two size-portfolio-two\" alt=\"\" \/><\/a><\/div><\/div><\/div><div class=\"swiper-slide\"><div class=\"fusion-carousel-item-wrapper\"><div class=\"fusion-image-wrapper hover-type-none\"><a href=\"https:\/\/www.secpho.org\/\" target=\"_self\"><img decoding=\"async\" width=\"200\" height=\"150\" src=\"https:\/\/eurecat.org\/wp-content\/uploads\/2023\/03\/secpho.jpg\" class=\"attachment-portfolio-two size-portfolio-two\" alt=\"\" \/><\/a><\/div><\/div><\/div><\/div><\/div><\/div><div class=\"fusion-clearfix\"><\/div><\/div><\/div><div class=\"fusion-layout-column fusion_builder_column fusion-builder-column-3 fusion_builder_column_1_3 1_3 fusion-one-third fusion-column-last\" style=\"--awb-padding-top:0px;--awb-padding-bottom:30px;--awb-bg-size:cover;--awb-margin-top:20px;width:33.333333333333%;width:calc(33.333333333333% - ( ( 4% ) * 0.33333333333333 ) );\"><div class=\"fusion-column-wrapper fusion-column-has-shadow fusion-flex-column-wrapper-legacy\"><div class=\"fusion-text fusion-text-6\"><h2 style=\"text-align: left;\"><span style=\"color: #000000;\"><strong><span style=\"color: #662e8f;\">Desc\u00e1rgate las presentaciones<\/span><\/strong><\/span><\/h2>\n<\/div><div class=\"fusion-text fusion-text-7\"><h3><strong><span style=\"color: #101820;\">Presentaciones de empresas participantes en la mesa de debate.<\/span><\/strong><\/h3>\n<p><strong>Ra\u00fcl S\u00e1nchez | <a href=\"https:\/\/cdn.eurecat.org\/\/PDF\/Jornada-Agrobofood\/SERRATER.pdf\">Serrater<\/a><\/strong><br \/>\n<strong>Joan Esteve\u00a0 | <\/strong><a href=\"https:\/\/cdn.eurecat.org\/\/PDF\/Jornada-Agrobofood\/RAIMAT.pdf\"><strong>Celler_Raimat<\/strong><\/a><br \/>\n<strong>Joan Bonany | <\/strong><a href=\"https:\/\/cdn.eurecat.org\/\/PDF\/Jornada-Agrobofood\/IRTA.pdf\"><strong>IRTA<\/strong><\/a><br \/>\n<strong>Jes\u00fas Pablo Gonz\u00e1lez |<\/strong><a href=\"https:\/\/cdn.eurecat.org\/\/PDF\/Jornada-Agrobofood\/Eurecat-V2.pdf\"><strong>Eurecat<\/strong><\/a><\/p>\n<h3><strong><span style=\"color: #101820;\">Validaci\u00f3n de soluciones digitales en entornos reales: Experiencias y buenas pr\u00e1cticas de proyectos actuales.<\/span><\/strong><\/h3>\n<p><a href=\"https:\/\/cdn.eurecat.org\/\/PDF\/Jornada-Agrobofood\/TEYME.pdf\"><b>Teyme<\/b><\/a><\/p>\n<p><a href=\"https:\/\/cdn.eurecat.org\/\/PDF\/Jornada-Agrobofood\/ALPHA.pdf\"><b>Alpha <\/b><b>Unmanned<\/b> <b>Systems<\/b><\/a><\/p>\n<p><a href=\"https:\/\/cdn.eurecat.org\/\/PDF\/Jornada-Agrobofood\/SALTO.pdf\"><b>Grup<\/b><b> Salt\u00f3<\/b><\/a><\/p>\n<p><a href=\"https:\/\/cdn.eurecat.org\/\/PDF\/Jornada-Agrobofood\/LAB4IMPACT.pdf\"><b>Lab4Impact<\/b><\/a><\/p>\n<p><b><a href=\"https:\/\/cdn.eurecat.org\/\/PDF\/Jornada-Agrobofood\/JYMPA.pdf\">JYMPA<\/a><\/b><\/p>\n<p><a href=\"https:\/\/cdn.eurecat.org\/\/PDF\/Jornada-Agrobofood\/ATRIA-INNOVATION.pdf\"><b>Atria<\/b> <b>Innovation<\/b><\/a><\/p>\n<p><a href=\"https:\/\/cdn.eurecat.org\/\/PDF\/Jornada-Agrobofood\/EBREDRONE.pdf\"><b>EbreDrone<\/b><\/a><\/p>\n<p><a href=\"https:\/\/cdn.eurecat.org\/\/PDF\/Jornada-Agrobofood\/VITIGEOSS.pdf\"><b>Eurecat (Vitigeoss)<\/b><\/a><\/p>\n<p><a href=\"https:\/\/cdn.eurecat.org\/\/PDF\/Jornada-Agrobofood\/PALRobotics.pdf\"><b>PAL <\/b><b>Robotics<\/b><\/a><\/p>\n<\/div><div class=\"fusion-sep-clear\"><\/div><div class=\"fusion-separator fusion-full-width-sep\" style=\"margin-left: auto;margin-right: auto;margin-top:30px;margin-bottom:30px;width:100%;\"><\/div><div class=\"fusion-sep-clear\"><\/div><div class=\"fusion-clearfix\"><\/div><\/div><\/div><\/div><\/div><div class=\"fusion-fullwidth fullwidth-box fusion-builder-row-4 has-pattern-background has-mask-background nonhundred-percent-fullwidth non-hundred-percent-height-scrolling\" style=\"--awb-border-radius-top-left:0px;--awb-border-radius-top-right:0px;--awb-border-radius-bottom-right:0px;--awb-border-radius-bottom-left:0px;--awb-padding-bottom:20px;--awb-background-color:#3d6fb6;--awb-flex-wrap:wrap;\" ><div class=\"fusion-builder-row fusion-row\"><div class=\"fusion-layout-column fusion_builder_column fusion-builder-column-4 fusion_builder_column_1_1 1_1 fusion-one-full fusion-column-first fusion-column-last\" style=\"--awb-padding-top:30px;--awb-bg-size:cover;\"><div class=\"fusion-column-wrapper fusion-column-has-shadow fusion-flex-column-wrapper-legacy\"><div class=\"fusion-text fusion-text-8\"><h2 style=\"text-align: center;\"><span style=\"color: #ffffff;\"><strong>AGENDA\u00a0<\/strong><\/span><\/h2>\n<\/div><div class=\"fusion-clearfix\"><\/div><\/div><\/div><\/div><\/div><div class=\"fusion-fullwidth fullwidth-box fusion-builder-row-5 nonhundred-percent-fullwidth non-hundred-percent-height-scrolling\" style=\"--awb-border-radius-top-left:0px;--awb-border-radius-top-right:0px;--awb-border-radius-bottom-right:0px;--awb-border-radius-bottom-left:0px;--awb-padding-top:20px;--awb-padding-right:50px;--awb-padding-bottom:10px;--awb-padding-left:50px;--awb-flex-wrap:wrap;\" ><div class=\"fusion-builder-row fusion-row\"><div class=\"fusion-layout-column fusion_builder_column fusion-builder-column-5 fusion_builder_column_3_4 3_4 fusion-three-fourth fusion-column-first\" style=\"--awb-padding-right:40px;--awb-bg-color:#ffffff;--awb-bg-color-hover:#ffffff;--awb-bg-size:cover;--awb-border-color:#ffffff;--awb-border-right:1px;--awb-border-style:solid;width:75%;width:calc(75% - ( ( 4% ) * 0.75 ) );margin-right: 4%;\"><div class=\"fusion-column-wrapper fusion-column-has-shadow fusion-flex-column-wrapper-legacy\"><div class=\"fusion-column-content-centered\"><div class=\"fusion-column-content\"><div class=\"fusion-text fusion-text-9\"><h3><span style=\"color: #662e8f;\"><strong>09:30h<br \/>\n<\/strong><\/span><span style=\"color: #101820;\">Registro y Caf\u00e9 de bienvenida<\/span><\/h3>\n<\/div><div class=\"fusion-text fusion-text-10\"><h3><span style=\"color: #662e8f;\"><strong>10:00h<br \/>\n<\/strong><\/span><span style=\"color: #101820;\">Bienvenida Institucional por parte de:<\/span><\/h3>\n<p>&#8211;\u00a0<strong>Ilmo. Sr. Joan Talarn,<\/strong> Presidente de la <strong>Diputaci\u00f3 de Lleida<br \/>\n<\/strong>&#8211; <strong>Sra. Mariama Sall<\/strong>, Regidora de las Personas, Comunidad y Agenda 2030 del <strong>Ayuntamiento de Lleida<\/strong> y Miembro del Consejo de Administraci\u00f3n del <strong>Parc AgroBioTechLleida.<\/strong><br \/>\n&#8211;\u00a0<strong>Sr. Jaume Si\u00f3,<\/strong> Responsable del Gabinete T\u00e9cnico del Departamento de Acci\u00f3n Clim\u00e1tica, Alimentaci\u00f3n\u00a0y Agenda Rural de la\u00a0<strong>Generalitat de Catalunya<\/strong><br \/>\n&#8211;\u00a0<strong>Sr. Gabriel Anzaldi,<\/strong> Director de desarrollo cient\u00edfico tecnol\u00f3gico de <strong>Eurecat<\/strong><\/p>\n<\/div><div class=\"fusion-text fusion-text-11\"><h3><span style=\"color: #662e8f;\"><strong>10:20h<br \/>\n<\/strong><\/span><span style=\"color: #101820;\">Presentaciones y Mesa de debate entre productores fruteros e instituciones de investigaci\u00f3n sobre la necesidad de disponer de Infraestructuras tecnol\u00f3gicas para la digitalizaci\u00f3n del sector agr\u00edcola.<\/span><\/h3>\n<p><strong><span style=\"color: #000000;\">Modera:<\/span><\/strong><br \/>\n<span style=\"color: #000000;\"><strong>V\u00edctor Falguera<em>,<\/em><\/strong>\u00a0responsable de I+D\u00a0en\u00a0<strong>AKIS International<\/strong><\/span><\/p>\n<p><strong><span style=\"color: #000000;\">Participan:<\/span><\/strong><br \/>\n<span style=\"color: #000000;\">&#8211;\u00a0<strong>Ra\u00fcl S\u00e1nchez,<\/strong>\u00a0responsable de operaciones\u00a0en\u00a0<strong>Serrater\u00a0<\/strong><\/span><br \/>\n<span style=\"color: #000000;\">&#8211;\u00a0<strong>Joan Esteve,\u00a0<\/strong>director\u00a0en\u00a0<strong>Celler Raimat<\/strong><\/span><br \/>\n<span style=\"color: #000000;\">&#8211;\u00a0<strong>Joan Bonany,<\/strong> coordinador de la Iniciativa Estrat\u00e9gica de Sistemas Agroalimentarios Inteligentes en <strong>IRTA<\/strong><\/span><br \/>\n<span style=\"color: #000000;\">&#8211;\u00a0<strong>Jes\u00fas Pablo Gonz\u00e1lez,<\/strong>\u00a0promotor tecnol\u00f3gico de rob\u00f3tica\u00a0en<strong>\u00a0Eurecat<\/strong><\/span><\/p>\n<\/div><div class=\"fusion-text fusion-text-12\"><h3><span style=\"color: #662e8f;\"><strong>11:30h<br \/>\n<\/strong><\/span><span style=\"color: #101820;\">Pausa caf\u00e9 &amp; Networking<\/span><\/h3>\n<\/div><div class=\"fusion-text fusion-text-13\"><h3><span style=\"color: #662e8f;\"><strong>12:00h<br \/>\n<\/strong><\/span><span style=\"color: #101820;\">Validaci\u00f3n de soluciones digitales en entornos reales: Experiencias y buenas pr\u00e1cticas de proyectos actuales.<\/span><\/h3>\n<p><strong>Participan:<\/strong><br \/>\n<span style=\"color: #000000;\"><strong>PAL Robotics, Teyme, SALTO Lab4Impact, Alpha Unmanned Systems, JYMPA, Atria Innovation, EbreDrone, Eurecat<\/strong>, etc.<\/span><\/p>\n<\/div><div class=\"fusion-text fusion-text-14\"><h3><span style=\"color: #662e8f;\"><strong>13:00h<br \/>\n<\/strong><\/span><span style=\"color: #101820;\">Comida &amp; Networking<\/span><\/h3>\n<\/div><div class=\"fusion-text fusion-text-15\"><h3><span style=\"color: #662e8f;\"><strong>14:00h<br \/>\n<\/strong><\/span><span style=\"color: #101820;\">Final de la Jornada\u00a0<\/span><\/h3>\n<\/div><\/div><\/div><div class=\"fusion-clearfix\"><\/div><\/div><\/div><div class=\"fusion-layout-column fusion_builder_column fusion-builder-column-6 fusion_builder_column_1_4 1_4 fusion-one-fourth fusion-column-last\" style=\"--awb-padding-right:20px;--awb-bg-color:#ffffff;--awb-bg-color-hover:#ffffff;--awb-bg-size:cover;--awb-border-color:#ffffff;--awb-border-right:1px;--awb-border-style:solid;width:25%;width:calc(25% - ( ( 4% ) * 0.25 ) );\"><div class=\"fusion-column-wrapper fusion-column-has-shadow fusion-flex-column-wrapper-legacy\"><div class=\"fusion-sep-clear\"><\/div><div class=\"fusion-separator fusion-full-width-sep\" style=\"margin-left: auto;margin-right: auto;width:100%;\"><\/div><div class=\"fusion-sep-clear\"><\/div><div class=\"fusion-sep-clear\"><\/div><div class=\"fusion-separator fusion-full-width-sep\" style=\"margin-left: auto;margin-right: auto;width:100%;\"><\/div><div class=\"fusion-sep-clear\"><\/div><div class=\"fusion-button-wrapper fusion-aligncenter\"><a class=\"fusion-button button-flat fusion-button-default-size button-default fusion-button-default button-1 fusion-button-default-span fusion-button-default-type\" target=\"_self\" href=\"https:\/\/cdn.eurecat.org\/\/PDF\/Jornada-Agrobofood\/AGENDA-Infraestructuras-CAST-V8.pdf\"><i class=\"fa-arrow-alt-circle-down fas awb-button__icon awb-button__icon--default button-icon-left\" aria-hidden=\"true\"><\/i><span class=\"fusion-button-text awb-button__text awb-button__text--default\">DESC\u00c1RGATE LA AGENDA<\/span><\/a><\/div><div class=\"fusion-clearfix\"><\/div><\/div><\/div><\/div><\/div><div class=\"fusion-fullwidth fullwidth-box fusion-builder-row-6 has-pattern-background has-mask-background nonhundred-percent-fullwidth non-hundred-percent-height-scrolling\" style=\"--awb-border-radius-top-left:0px;--awb-border-radius-top-right:0px;--awb-border-radius-bottom-right:0px;--awb-border-radius-bottom-left:0px;--awb-padding-top:10px;--awb-padding-bottom:10px;--awb-background-color:#3d6fb6;--awb-flex-wrap:wrap;\" ><div class=\"fusion-builder-row fusion-row\"><div class=\"fusion-layout-column fusion_builder_column fusion-builder-column-7 fusion_builder_column_1_1 1_1 fusion-one-full fusion-column-first fusion-column-last\" style=\"--awb-bg-size:cover;\"><div class=\"fusion-column-wrapper fusion-column-has-shadow fusion-flex-column-wrapper-legacy\"><div class=\"fusion-text fusion-text-16\"><h2><\/h2>\n<h2 style=\"text-align: center;\"><strong><span style=\"color: #ffffff;\">JORNADA PRESENCIAL<\/span><\/strong><\/h2>\n<\/div><div class=\"fusion-clearfix\"><\/div><\/div><\/div><\/div><\/div><div class=\"fusion-fullwidth fullwidth-box fusion-builder-row-7 nonhundred-percent-fullwidth non-hundred-percent-height-scrolling\" style=\"--awb-border-radius-top-left:0px;--awb-border-radius-top-right:0px;--awb-border-radius-bottom-right:0px;--awb-border-radius-bottom-left:0px;--awb-padding-top:10px;--awb-padding-bottom:10px;--awb-margin-top:20px;--awb-background-color:#ffffff;--awb-flex-wrap:wrap;\" ><div class=\"fusion-builder-row fusion-row\"><div class=\"fusion-layout-column fusion_builder_column fusion-builder-column-8 fusion_builder_column_1_1 1_1 fusion-one-full fusion-column-first fusion-column-last\" style=\"--awb-bg-size:cover;\"><div class=\"fusion-column-wrapper fusion-column-has-shadow fusion-flex-column-wrapper-legacy\"><div class=\"fusion-column-content-centered\"><div class=\"fusion-column-content\"><div class=\"fusion-text fusion-text-17\"><p>Formato: <strong>PRESENCIAL<\/strong><br \/>\nFecha: <strong>23 de marzo de 2023<br \/>\n<\/strong>Lugar: <strong>Parc AgroBioTech Lleida<\/strong> | Parc Gardeny | edificio CeDiCo 1\u00aa planta | Auditorio Joan Or\u00f3\u00a0 | 25071 Lleida<\/p>\n<\/div><div class=\"fusion-image-element in-legacy-container\" style=\"--awb-caption-title-font-family:var(--h2_typography-font-family);--awb-caption-title-font-weight:var(--h2_typography-font-weight);--awb-caption-title-font-style:var(--h2_typography-font-style);--awb-caption-title-size:var(--h2_typography-font-size);--awb-caption-title-transform:var(--h2_typography-text-transform);--awb-caption-title-line-height:var(--h2_typography-line-height);--awb-caption-title-letter-spacing:var(--h2_typography-letter-spacing);\"><span class=\" fusion-imageframe imageframe-none imageframe-3 hover-type-none\"><a class=\"fusion-no-lightbox\" href=\"https:\/\/goo.gl\/maps\/4myvY1H6suTpn7pt6\" target=\"_blank\" aria-label=\"mapa\" rel=\"noopener noreferrer\"><img decoding=\"async\" width=\"1373\" height=\"324\" src=\"https:\/\/eurecat.org\/wp-content\/uploads\/2023\/02\/mapa-1.jpg\" alt class=\"img-responsive wp-image-131621\" srcset=\"https:\/\/eurecat.org\/wp-content\/uploads\/2023\/02\/mapa-1-200x47.jpg 200w, https:\/\/eurecat.org\/wp-content\/uploads\/2023\/02\/mapa-1-400x94.jpg 400w, https:\/\/eurecat.org\/wp-content\/uploads\/2023\/02\/mapa-1-600x142.jpg 600w, https:\/\/eurecat.org\/wp-content\/uploads\/2023\/02\/mapa-1-800x189.jpg 800w, https:\/\/eurecat.org\/wp-content\/uploads\/2023\/02\/mapa-1-1200x283.jpg 1200w, https:\/\/eurecat.org\/wp-content\/uploads\/2023\/02\/mapa-1.jpg 1373w\" sizes=\"(max-width: 800px) 100vw, 1373px\" \/><\/a><\/span><\/div><\/div><\/div><div class=\"fusion-clearfix\"><\/div><\/div><\/div><\/div><\/div>\n","protected":false},"excerpt":{"rendered":"","protected":false},"author":24,"featured_media":131429,"parent":2777,"menu_order":0,"comment_status":"closed","ping_status":"closed","template":"100-width.php","meta":{"footnotes":""},"class_list":["post-131427","page","type-page","status-publish","has-post-thumbnail","hentry"],"yoast_head":"<!-- This site is optimized with the Yoast SEO plugin v27.4 - https:\/\/yoast.com\/product\/yoast-seo-wordpress\/ -->\n<title>Jornada sobre Infraestructuras Tecnol\u00f3gicas para la Digitalizaci\u00f3n del Sector Agr\u00edcola - Eurecat<\/title>\n<meta name=\"description\" content=\"Durante esta jornada, productores, empresas y entidades de investigaci\u00f3n presentar\u00e1n sus experiencias y buenas pr\u00e1cticas para la validaci\u00f3n de soluciones digitales y discutir\u00e1n sobre la necesidad y las ventajas de disponer de una red de Infraestructuras tecnol\u00f3gicas que aceleren la digitalizaci\u00f3n del sector agr\u00edcola.\" \/>\n<meta name=\"robots\" content=\"index, follow, max-snippet:-1, max-image-preview:large, max-video-preview:-1\" \/>\n<link rel=\"canonical\" href=\"https:\/\/eurecat.org\/es\/servicios\/eurecatevents\/jornada-infraestructuras-tecnologicas-sector-agricola\/\" \/>\n<meta property=\"og:locale\" content=\"es_ES\" \/>\n<meta property=\"og:type\" content=\"article\" \/>\n<meta property=\"og:title\" content=\"Jornada sobre Infraestructuras Tecnol\u00f3gicas para la Digitalizaci\u00f3n del Sector Agr\u00edcola - Eurecat\" \/>\n<meta property=\"og:description\" content=\"Durante esta jornada, productores, empresas y entidades de investigaci\u00f3n presentar\u00e1n sus experiencias y buenas pr\u00e1cticas para la validaci\u00f3n de soluciones digitales y discutir\u00e1n sobre la necesidad y las ventajas de disponer de una red de Infraestructuras tecnol\u00f3gicas que aceleren la digitalizaci\u00f3n del sector agr\u00edcola.\" \/>\n<meta property=\"og:url\" content=\"https:\/\/eurecat.org\/es\/servicios\/eurecatevents\/jornada-infraestructuras-tecnologicas-sector-agricola\/\" \/>\n<meta property=\"og:site_name\" content=\"Eurecat\" \/>\n<meta property=\"article:modified_time\" content=\"2023-11-14T08:04:53+00:00\" \/>\n<meta property=\"og:image\" content=\"https:\/\/eurecat.org\/wp-content\/uploads\/2023\/02\/BASEdestacada520x272_cast.jpg\" \/>\n\t<meta property=\"og:image:width\" content=\"520\" \/>\n\t<meta property=\"og:image:height\" content=\"272\" \/>\n\t<meta property=\"og:image:type\" content=\"image\/jpeg\" \/>\n<meta name=\"twitter:card\" content=\"summary_large_image\" \/>\n<meta name=\"twitter:label1\" content=\"Tiempo de lectura\" \/>\n\t<meta name=\"twitter:data1\" content=\"18 minutos\" \/>\n<script type=\"application\/ld+json\" class=\"yoast-schema-graph\">{\"@context\":\"https:\\\/\\\/schema.org\",\"@graph\":[{\"@type\":\"WebPage\",\"@id\":\"https:\\\/\\\/eurecat.org\\\/es\\\/servicios\\\/eurecatevents\\\/jornada-infraestructuras-tecnologicas-sector-agricola\\\/\",\"url\":\"https:\\\/\\\/eurecat.org\\\/es\\\/servicios\\\/eurecatevents\\\/jornada-infraestructuras-tecnologicas-sector-agricola\\\/\",\"name\":\"Jornada sobre Infraestructuras Tecnol\u00f3gicas para la Digitalizaci\u00f3n del Sector Agr\u00edcola - Eurecat\",\"isPartOf\":{\"@id\":\"https:\\\/\\\/eurecat.org\\\/es\\\/#website\"},\"primaryImageOfPage\":{\"@id\":\"https:\\\/\\\/eurecat.org\\\/es\\\/servicios\\\/eurecatevents\\\/jornada-infraestructuras-tecnologicas-sector-agricola\\\/#primaryimage\"},\"image\":{\"@id\":\"https:\\\/\\\/eurecat.org\\\/es\\\/servicios\\\/eurecatevents\\\/jornada-infraestructuras-tecnologicas-sector-agricola\\\/#primaryimage\"},\"thumbnailUrl\":\"https:\\\/\\\/eurecat.org\\\/wp-content\\\/uploads\\\/2023\\\/02\\\/BASEdestacada520x272_cast.jpg\",\"datePublished\":\"2023-02-23T09:44:20+00:00\",\"dateModified\":\"2023-11-14T08:04:53+00:00\",\"description\":\"Durante esta jornada, productores, empresas y entidades de investigaci\u00f3n presentar\u00e1n sus experiencias y buenas pr\u00e1cticas para la validaci\u00f3n de soluciones digitales y discutir\u00e1n sobre la necesidad y las ventajas de disponer de una red de Infraestructuras tecnol\u00f3gicas que aceleren la digitalizaci\u00f3n del sector agr\u00edcola.\",\"breadcrumb\":{\"@id\":\"https:\\\/\\\/eurecat.org\\\/es\\\/servicios\\\/eurecatevents\\\/jornada-infraestructuras-tecnologicas-sector-agricola\\\/#breadcrumb\"},\"inLanguage\":\"es\",\"potentialAction\":[{\"@type\":\"ReadAction\",\"target\":[\"https:\\\/\\\/eurecat.org\\\/es\\\/servicios\\\/eurecatevents\\\/jornada-infraestructuras-tecnologicas-sector-agricola\\\/\"]}]},{\"@type\":\"ImageObject\",\"inLanguage\":\"es\",\"@id\":\"https:\\\/\\\/eurecat.org\\\/es\\\/servicios\\\/eurecatevents\\\/jornada-infraestructuras-tecnologicas-sector-agricola\\\/#primaryimage\",\"url\":\"https:\\\/\\\/eurecat.org\\\/wp-content\\\/uploads\\\/2023\\\/02\\\/BASEdestacada520x272_cast.jpg\",\"contentUrl\":\"https:\\\/\\\/eurecat.org\\\/wp-content\\\/uploads\\\/2023\\\/02\\\/BASEdestacada520x272_cast.jpg\",\"width\":520,\"height\":272},{\"@type\":\"BreadcrumbList\",\"@id\":\"https:\\\/\\\/eurecat.org\\\/es\\\/servicios\\\/eurecatevents\\\/jornada-infraestructuras-tecnologicas-sector-agricola\\\/#breadcrumb\",\"itemListElement\":[{\"@type\":\"ListItem\",\"position\":1,\"name\":\"Inici\",\"item\":\"https:\\\/\\\/eurecat.org\\\/es\\\/\"},{\"@type\":\"ListItem\",\"position\":2,\"name\":\"Actividades\",\"item\":\"https:\\\/\\\/eurecat.org\\\/es\\\/servicios\\\/\"},{\"@type\":\"ListItem\",\"position\":3,\"name\":\"Esdeveniments Eurecat\",\"item\":\"https:\\\/\\\/eurecat.org\\\/es\\\/servicios\\\/eurecatevents\\\/\"},{\"@type\":\"ListItem\",\"position\":4,\"name\":\"Jornada sobre Infraestructuras Tecnol\u00f3gicas para la Digitalizaci\u00f3n del Sector Agr\u00edcola\"}]},{\"@type\":\"WebSite\",\"@id\":\"https:\\\/\\\/eurecat.org\\\/es\\\/#website\",\"url\":\"https:\\\/\\\/eurecat.org\\\/es\\\/\",\"name\":\"Eurecat\",\"description\":\"Otro sitio realizado con WordPress\",\"potentialAction\":[{\"@type\":\"SearchAction\",\"target\":{\"@type\":\"EntryPoint\",\"urlTemplate\":\"https:\\\/\\\/eurecat.org\\\/es\\\/?s={search_term_string}\"},\"query-input\":{\"@type\":\"PropertyValueSpecification\",\"valueRequired\":true,\"valueName\":\"search_term_string\"}}],\"inLanguage\":\"es\"}]}<\/script>\n<!-- \/ Yoast SEO plugin. -->","yoast_head_json":{"title":"Jornada sobre Infraestructuras Tecnol\u00f3gicas para la Digitalizaci\u00f3n del Sector Agr\u00edcola - Eurecat","description":"Durante esta jornada, productores, empresas y entidades de investigaci\u00f3n presentar\u00e1n sus experiencias y buenas pr\u00e1cticas para la validaci\u00f3n de soluciones digitales y discutir\u00e1n sobre la necesidad y las ventajas de disponer de una red de Infraestructuras tecnol\u00f3gicas que aceleren la digitalizaci\u00f3n del sector agr\u00edcola.","robots":{"index":"index","follow":"follow","max-snippet":"max-snippet:-1","max-image-preview":"max-image-preview:large","max-video-preview":"max-video-preview:-1"},"canonical":"https:\/\/eurecat.org\/es\/servicios\/eurecatevents\/jornada-infraestructuras-tecnologicas-sector-agricola\/","og_locale":"es_ES","og_type":"article","og_title":"Jornada sobre Infraestructuras Tecnol\u00f3gicas para la Digitalizaci\u00f3n del Sector Agr\u00edcola - Eurecat","og_description":"Durante esta jornada, productores, empresas y entidades de investigaci\u00f3n presentar\u00e1n sus experiencias y buenas pr\u00e1cticas para la validaci\u00f3n de soluciones digitales y discutir\u00e1n sobre la necesidad y las ventajas de disponer de una red de Infraestructuras tecnol\u00f3gicas que aceleren la digitalizaci\u00f3n del sector agr\u00edcola.","og_url":"https:\/\/eurecat.org\/es\/servicios\/eurecatevents\/jornada-infraestructuras-tecnologicas-sector-agricola\/","og_site_name":"Eurecat","article_modified_time":"2023-11-14T08:04:53+00:00","og_image":[{"width":520,"height":272,"url":"https:\/\/eurecat.org\/wp-content\/uploads\/2023\/02\/BASEdestacada520x272_cast.jpg","type":"image\/jpeg"}],"twitter_card":"summary_large_image","twitter_misc":{"Tiempo de lectura":"18 minutos"},"schema":{"@context":"https:\/\/schema.org","@graph":[{"@type":"WebPage","@id":"https:\/\/eurecat.org\/es\/servicios\/eurecatevents\/jornada-infraestructuras-tecnologicas-sector-agricola\/","url":"https:\/\/eurecat.org\/es\/servicios\/eurecatevents\/jornada-infraestructuras-tecnologicas-sector-agricola\/","name":"Jornada sobre Infraestructuras Tecnol\u00f3gicas para la Digitalizaci\u00f3n del Sector Agr\u00edcola - Eurecat","isPartOf":{"@id":"https:\/\/eurecat.org\/es\/#website"},"primaryImageOfPage":{"@id":"https:\/\/eurecat.org\/es\/servicios\/eurecatevents\/jornada-infraestructuras-tecnologicas-sector-agricola\/#primaryimage"},"image":{"@id":"https:\/\/eurecat.org\/es\/servicios\/eurecatevents\/jornada-infraestructuras-tecnologicas-sector-agricola\/#primaryimage"},"thumbnailUrl":"https:\/\/eurecat.org\/wp-content\/uploads\/2023\/02\/BASEdestacada520x272_cast.jpg","datePublished":"2023-02-23T09:44:20+00:00","dateModified":"2023-11-14T08:04:53+00:00","description":"Durante esta jornada, productores, empresas y entidades de investigaci\u00f3n presentar\u00e1n sus experiencias y buenas pr\u00e1cticas para la validaci\u00f3n de soluciones digitales y discutir\u00e1n sobre la necesidad y las ventajas de disponer de una red de Infraestructuras tecnol\u00f3gicas que aceleren la digitalizaci\u00f3n del sector agr\u00edcola.","breadcrumb":{"@id":"https:\/\/eurecat.org\/es\/servicios\/eurecatevents\/jornada-infraestructuras-tecnologicas-sector-agricola\/#breadcrumb"},"inLanguage":"es","potentialAction":[{"@type":"ReadAction","target":["https:\/\/eurecat.org\/es\/servicios\/eurecatevents\/jornada-infraestructuras-tecnologicas-sector-agricola\/"]}]},{"@type":"ImageObject","inLanguage":"es","@id":"https:\/\/eurecat.org\/es\/servicios\/eurecatevents\/jornada-infraestructuras-tecnologicas-sector-agricola\/#primaryimage","url":"https:\/\/eurecat.org\/wp-content\/uploads\/2023\/02\/BASEdestacada520x272_cast.jpg","contentUrl":"https:\/\/eurecat.org\/wp-content\/uploads\/2023\/02\/BASEdestacada520x272_cast.jpg","width":520,"height":272},{"@type":"BreadcrumbList","@id":"https:\/\/eurecat.org\/es\/servicios\/eurecatevents\/jornada-infraestructuras-tecnologicas-sector-agricola\/#breadcrumb","itemListElement":[{"@type":"ListItem","position":1,"name":"Inici","item":"https:\/\/eurecat.org\/es\/"},{"@type":"ListItem","position":2,"name":"Actividades","item":"https:\/\/eurecat.org\/es\/servicios\/"},{"@type":"ListItem","position":3,"name":"Esdeveniments Eurecat","item":"https:\/\/eurecat.org\/es\/servicios\/eurecatevents\/"},{"@type":"ListItem","position":4,"name":"Jornada sobre Infraestructuras Tecnol\u00f3gicas para la Digitalizaci\u00f3n del Sector Agr\u00edcola"}]},{"@type":"WebSite","@id":"https:\/\/eurecat.org\/es\/#website","url":"https:\/\/eurecat.org\/es\/","name":"Eurecat","description":"Otro sitio realizado con WordPress","potentialAction":[{"@type":"SearchAction","target":{"@type":"EntryPoint","urlTemplate":"https:\/\/eurecat.org\/es\/?s={search_term_string}"},"query-input":{"@type":"PropertyValueSpecification","valueRequired":true,"valueName":"search_term_string"}}],"inLanguage":"es"}]}},"_links":{"self":[{"href":"https:\/\/eurecat.org\/es\/wp-json\/wp\/v2\/pages\/131427","targetHints":{"allow":["GET"]}}],"collection":[{"href":"https:\/\/eurecat.org\/es\/wp-json\/wp\/v2\/pages"}],"about":[{"href":"https:\/\/eurecat.org\/es\/wp-json\/wp\/v2\/types\/page"}],"author":[{"embeddable":true,"href":"https:\/\/eurecat.org\/es\/wp-json\/wp\/v2\/users\/24"}],"replies":[{"embeddable":true,"href":"https:\/\/eurecat.org\/es\/wp-json\/wp\/v2\/comments?post=131427"}],"version-history":[{"count":2,"href":"https:\/\/eurecat.org\/es\/wp-json\/wp\/v2\/pages\/131427\/revisions"}],"predecessor-version":[{"id":142957,"href":"https:\/\/eurecat.org\/es\/wp-json\/wp\/v2\/pages\/131427\/revisions\/142957"}],"up":[{"embeddable":true,"href":"https:\/\/eurecat.org\/es\/wp-json\/wp\/v2\/pages\/2777"}],"wp:featuredmedia":[{"embeddable":true,"href":"https:\/\/eurecat.org\/es\/wp-json\/wp\/v2\/media\/131429"}],"wp:attachment":[{"href":"https:\/\/eurecat.org\/es\/wp-json\/wp\/v2\/media?parent=131427"}],"curies":[{"name":"wp","href":"https:\/\/api.w.org\/{rel}","templated":true}]}}