{"id":152930,"date":"2024-06-06T11:35:07","date_gmt":"2024-06-06T09:35:07","guid":{"rendered":"https:\/\/eurecat.org\/sectores\/manufacturing\/"},"modified":"2025-09-01T14:16:52","modified_gmt":"2025-09-01T12:16:52","slug":"manufacturing","status":"publish","type":"page","link":"https:\/\/eurecat.org\/es\/sectores\/manufacturing\/","title":{"rendered":"Manufacturing"},"content":{"rendered":"<div class=\"fusion-fullwidth fullwidth-box fusion-builder-row-1 fusion-flex-container has-pattern-background has-mask-background fusion-parallax-none nonhundred-percent-fullwidth non-hundred-percent-height-scrolling eu_2024 section-hero section-color-transparent\" style=\"--awb-border-radius-top-left:0px;--awb-border-radius-top-right:0px;--awb-border-radius-bottom-right:0px;--awb-border-radius-bottom-left:0px;--awb-background-color:rgba(0,0,0,0.37);--awb-background-image:url(&quot;https:\/\/eurecat.org\/wp-content\/uploads\/2024\/08\/manufacturing.jpg&quot;);--awb-background-size:cover;--awb-flex-wrap:wrap;\" ><div class=\"fusion-builder-row fusion-row fusion-flex-align-items-flex-start fusion-flex-content-wrap\" style=\"max-width:1424.8px;margin-left: calc(-4% \/ 2 );margin-right: calc(-4% \/ 2 );\"><div class=\"fusion-layout-column fusion_builder_column fusion-builder-column-0 fusion_builder_column_1_1 1_1 fusion-flex-column\" style=\"--awb-bg-size:cover;--awb-width-large:100%;--awb-margin-top-large:0px;--awb-spacing-right-large:1.92%;--awb-margin-bottom-large:20px;--awb-spacing-left-large:1.92%;--awb-width-medium:100%;--awb-order-medium:0;--awb-spacing-right-medium:1.92%;--awb-spacing-left-medium:1.92%;--awb-width-small:100%;--awb-order-small:0;--awb-spacing-right-small:1.92%;--awb-spacing-left-small:1.92%;\" data-scroll-devices=\"small-visibility,medium-visibility,large-visibility\"><div class=\"fusion-column-wrapper fusion-column-has-shadow fusion-flex-justify-content-flex-start fusion-content-layout-column\"><div class=\"fusion-text fusion-text-1\"><p>Sector<\/p>\n<h1>Manufacturing<\/h1>\n<\/div><\/div><\/div><\/div><\/div><div class=\"fusion-fullwidth fullwidth-box fusion-builder-row-2 fusion-flex-container has-pattern-background has-mask-background fusion-parallax-fixed nonhundred-percent-fullwidth non-hundred-percent-height-scrolling eu_2024 section-color-transparent section-intro\" style=\"--awb-background-position:left top;--awb-border-radius-top-left:0px;--awb-border-radius-top-right:0px;--awb-border-radius-bottom-right:0px;--awb-border-radius-bottom-left:0px;--awb-background-image:url(&quot;https:\/\/eurecat.org\/wp-content\/uploads\/2024\/07\/cercle-opacity.png&quot;);--awb-background-size:600px;--awb-flex-wrap:wrap;background-attachment:fixed;\" ><div class=\"fusion-builder-row fusion-row fusion-flex-align-items-flex-start fusion-flex-content-wrap\" style=\"max-width:1424.8px;margin-left: calc(-4% \/ 2 );margin-right: calc(-4% \/ 2 );\"><div class=\"fusion-layout-column fusion_builder_column fusion-builder-column-1 fusion_builder_column_1_1 1_1 fusion-flex-column\" style=\"--awb-bg-size:cover;--awb-width-large:100%;--awb-margin-top-large:0px;--awb-spacing-right-large:1.92%;--awb-margin-bottom-large:20px;--awb-spacing-left-large:1.92%;--awb-width-medium:100%;--awb-order-medium:0;--awb-spacing-right-medium:1.92%;--awb-spacing-left-medium:1.92%;--awb-width-small:100%;--awb-order-small:0;--awb-spacing-right-small:1.92%;--awb-spacing-left-small:1.92%;\"><div class=\"fusion-column-wrapper fusion-column-has-shadow fusion-flex-justify-content-flex-start fusion-content-layout-column\"><div class=\"fusion-text fusion-text-2\"><h2>Contamos con capacidades cient\u00edficas y tecnol\u00f3gicas diferenciales para avanzar hacia una industria m\u00e1s inteligente, eficiente y sostenible<\/h2>\n<\/div><div class=\"fusion-text fusion-text-3 txt-lg\"><p>En Eurecat generamos, desarrollamos y aplicamos tecnolog\u00edas de fabricaci\u00f3n digital y avance al servicio de las plantas industriales para una fabricaci\u00f3n altamente optimizada, personalizada, producci\u00f3n zero defects, mantenimiento predictivo, productos inteligentes, etc. Aportamos soluciones innovadoras para cada tipo de empresa y sector en \u00e1mbitos como la inteligencia artificial, la rob\u00f3tica colaborativa, la automatizaci\u00f3n, la impresi\u00f3n 3D, la plastr\u00f3nica, tecnolog\u00edas qu\u00edmicas, textiles funcionales o la circularidad y sostenibilidad de materiales compuestos.<\/p>\n<\/div><\/div><\/div><\/div><\/div><div class=\"fusion-fullwidth fullwidth-box fusion-builder-row-3 fusion-flex-container has-pattern-background has-mask-background nonhundred-percent-fullwidth non-hundred-percent-height-scrolling eu_2024 section-color-lighter\" style=\"--awb-border-radius-top-left:0px;--awb-border-radius-top-right:0px;--awb-border-radius-bottom-right:0px;--awb-border-radius-bottom-left:0px;--awb-background-size:cover;--awb-flex-wrap:wrap;\" ><div class=\"fusion-builder-row fusion-row fusion-flex-align-items-flex-start fusion-flex-content-wrap\" style=\"max-width:1424.8px;margin-left: calc(-4% \/ 2 );margin-right: calc(-4% \/ 2 );\"><div class=\"fusion-layout-column fusion_builder_column fusion-builder-column-2 fusion_builder_column_1_1 1_1 fusion-flex-column\" style=\"--awb-bg-size:cover;--awb-width-large:100%;--awb-margin-top-large:0px;--awb-spacing-right-large:1.92%;--awb-margin-bottom-large:20px;--awb-spacing-left-large:1.92%;--awb-width-medium:100%;--awb-order-medium:0;--awb-spacing-right-medium:1.92%;--awb-spacing-left-medium:1.92%;--awb-width-small:100%;--awb-order-small:0;--awb-spacing-right-small:1.92%;--awb-spacing-left-small:1.92%;\" data-scroll-devices=\"small-visibility,medium-visibility,large-visibility\"><div class=\"fusion-column-wrapper fusion-column-has-shadow fusion-flex-justify-content-flex-start fusion-content-layout-column\"><div class=\"fusion-text fusion-text-4 topline\"><h2>A qu\u00e9 sectores nos dirigimos<\/h2>\n<\/div><\/div><\/div><div class=\"fusion-layout-column fusion_builder_column fusion-builder-column-3 fusion_builder_column_1_3 1_3 fusion-flex-column\" style=\"--awb-bg-size:cover;--awb-width-large:33.333333333333%;--awb-margin-top-large:0px;--awb-spacing-right-large:5.76%;--awb-margin-bottom-large:20px;--awb-spacing-left-large:5.76%;--awb-width-medium:50%;--awb-order-medium:0;--awb-spacing-right-medium:3.84%;--awb-spacing-left-medium:3.84%;--awb-width-small:100%;--awb-order-small:0;--awb-spacing-right-small:1.92%;--awb-spacing-left-small:1.92%;\" data-scroll-devices=\"small-visibility,medium-visibility,large-visibility\"><div class=\"fusion-column-wrapper fusion-column-has-shadow fusion-flex-justify-content-flex-start fusion-content-layout-column\"><div class=\"fusion-image-element \" style=\"--awb-caption-title-font-family:var(--h2_typography-font-family);--awb-caption-title-font-weight:var(--h2_typography-font-weight);--awb-caption-title-font-style:var(--h2_typography-font-style);--awb-caption-title-size:var(--h2_typography-font-size);--awb-caption-title-transform:var(--h2_typography-text-transform);--awb-caption-title-line-height:var(--h2_typography-line-height);--awb-caption-title-letter-spacing:var(--h2_typography-letter-spacing);\"><span class=\" fusion-imageframe imageframe-none imageframe-1 hover-type-none\"><img decoding=\"async\" width=\"700\" height=\"370\" title=\"bensequip\" src=\"https:\/\/eurecat.org\/wp-content\/uploads\/2024\/08\/bensequip.jpg\" alt class=\"img-responsive wp-image-157049\" srcset=\"https:\/\/eurecat.org\/wp-content\/uploads\/2024\/08\/bensequip-200x106.jpg 200w, https:\/\/eurecat.org\/wp-content\/uploads\/2024\/08\/bensequip-400x211.jpg 400w, https:\/\/eurecat.org\/wp-content\/uploads\/2024\/08\/bensequip-600x317.jpg 600w, https:\/\/eurecat.org\/wp-content\/uploads\/2024\/08\/bensequip.jpg 700w\" sizes=\"(max-width: 1024px) 100vw, (max-width: 640px) 100vw, 600px\" \/><\/span><\/div><div class=\"fusion-text fusion-text-5 border-top\"><h3>Industrias de Base y Bienes de Equipo<\/h3>\n<\/div><div class=\"fusion-text fusion-text-6\"><p>Ayudamos en todo el proceso desde la <strong>caracterizaci\u00f3n y mejora con la aditivaci\u00f3n de los materiales<\/strong>, la<strong> incorporaci\u00f3n de nuevas tecnolog\u00edas<\/strong> en procesos industriales tradicionales, el desarrollo y conceptualizaci\u00f3n de productos y maquinarias y la automatizaci\u00f3n y rob\u00f3tica industrial.<\/p>\n<\/div><div ><a class=\"fusion-button button-flat fusion-button-default-size button-default fusion-button-default button-1 fusion-button-default-span fusion-button-default-type\" target=\"_self\" href=\"https:\/\/eurecat.org\/es\/sectores\/industrias-de-base-y-bienes-equipo\/\"><span class=\"fusion-button-text awb-button__text awb-button__text--default\">M\u00e1s informaci\u00f3n <\/span><\/a><\/div><\/div><\/div><div class=\"fusion-layout-column fusion_builder_column fusion-builder-column-4 fusion_builder_column_1_3 1_3 fusion-flex-column\" style=\"--awb-bg-size:cover;--awb-width-large:33.333333333333%;--awb-margin-top-large:0px;--awb-spacing-right-large:5.76%;--awb-margin-bottom-large:20px;--awb-spacing-left-large:5.76%;--awb-width-medium:50%;--awb-order-medium:0;--awb-spacing-right-medium:3.84%;--awb-spacing-left-medium:3.84%;--awb-width-small:100%;--awb-order-small:0;--awb-spacing-right-small:1.92%;--awb-spacing-left-small:1.92%;\" data-scroll-devices=\"small-visibility,medium-visibility,large-visibility\"><div class=\"fusion-column-wrapper fusion-column-has-shadow fusion-flex-justify-content-flex-start fusion-content-layout-column\"><div class=\"fusion-image-element \" style=\"--awb-caption-title-font-family:var(--h2_typography-font-family);--awb-caption-title-font-weight:var(--h2_typography-font-weight);--awb-caption-title-font-style:var(--h2_typography-font-style);--awb-caption-title-size:var(--h2_typography-font-size);--awb-caption-title-transform:var(--h2_typography-text-transform);--awb-caption-title-line-height:var(--h2_typography-line-height);--awb-caption-title-letter-spacing:var(--h2_typography-letter-spacing);\"><span class=\" fusion-imageframe imageframe-none imageframe-2 hover-type-none\"><img decoding=\"async\" width=\"700\" height=\"370\" title=\"quimica\" src=\"https:\/\/eurecat.org\/wp-content\/uploads\/2024\/08\/quimica-1.jpg\" alt class=\"img-responsive wp-image-157058\" srcset=\"https:\/\/eurecat.org\/wp-content\/uploads\/2024\/08\/quimica-1-200x106.jpg 200w, https:\/\/eurecat.org\/wp-content\/uploads\/2024\/08\/quimica-1-400x211.jpg 400w, https:\/\/eurecat.org\/wp-content\/uploads\/2024\/08\/quimica-1-600x317.jpg 600w, https:\/\/eurecat.org\/wp-content\/uploads\/2024\/08\/quimica-1.jpg 700w\" sizes=\"(max-width: 1024px) 100vw, (max-width: 640px) 100vw, 600px\" \/><\/span><\/div><div class=\"fusion-text fusion-text-7 border-top\"><h3>Qu\u00edmica<\/h3>\n<\/div><div class=\"fusion-text fusion-text-8\"><p>Dise\u00f1amos soluciones que ayuden a nuestros clientes a incrementar la productividad de los procesos, a mejorar o sustituir productos y materiales, e incorporar materiales avanzados en sus productos.<\/p>\n<\/div><div ><a class=\"fusion-button button-flat fusion-button-default-size button-default fusion-button-default button-2 fusion-button-default-span fusion-button-default-type\" target=\"_self\" href=\"https:\/\/eurecat.org\/es\/sectores\/quimica\/\"><span class=\"fusion-button-text awb-button__text awb-button__text--default\">M\u00e1s informaci\u00f3n <\/span><\/a><\/div><\/div><\/div><div class=\"fusion-layout-column fusion_builder_column fusion-builder-column-5 fusion_builder_column_1_3 1_3 fusion-flex-column\" style=\"--awb-bg-size:cover;--awb-width-large:33.333333333333%;--awb-margin-top-large:0px;--awb-spacing-right-large:5.76%;--awb-margin-bottom-large:20px;--awb-spacing-left-large:5.76%;--awb-width-medium:50%;--awb-order-medium:0;--awb-spacing-right-medium:3.84%;--awb-spacing-left-medium:3.84%;--awb-width-small:100%;--awb-order-small:0;--awb-spacing-right-small:1.92%;--awb-spacing-left-small:1.92%;\" data-scroll-devices=\"small-visibility,medium-visibility,large-visibility\"><div class=\"fusion-column-wrapper fusion-column-has-shadow fusion-flex-justify-content-flex-start fusion-content-layout-column\"><div class=\"fusion-image-element \" style=\"--awb-caption-title-font-family:var(--h2_typography-font-family);--awb-caption-title-font-weight:var(--h2_typography-font-weight);--awb-caption-title-font-style:var(--h2_typography-font-style);--awb-caption-title-size:var(--h2_typography-font-size);--awb-caption-title-transform:var(--h2_typography-text-transform);--awb-caption-title-line-height:var(--h2_typography-line-height);--awb-caption-title-letter-spacing:var(--h2_typography-letter-spacing);\"><span class=\" fusion-imageframe imageframe-none imageframe-3 hover-type-none\"><img decoding=\"async\" width=\"700\" height=\"370\" title=\"textil\" src=\"https:\/\/eurecat.org\/wp-content\/uploads\/2024\/08\/textil.jpg\" alt class=\"img-responsive wp-image-157061\" srcset=\"https:\/\/eurecat.org\/wp-content\/uploads\/2024\/08\/textil-200x106.jpg 200w, https:\/\/eurecat.org\/wp-content\/uploads\/2024\/08\/textil-400x211.jpg 400w, https:\/\/eurecat.org\/wp-content\/uploads\/2024\/08\/textil-600x317.jpg 600w, https:\/\/eurecat.org\/wp-content\/uploads\/2024\/08\/textil.jpg 700w\" sizes=\"(max-width: 1024px) 100vw, (max-width: 640px) 100vw, 600px\" \/><\/span><\/div><div class=\"fusion-text fusion-text-9 border-top\"><h3>Textil<\/h3>\n<\/div><div class=\"fusion-text fusion-text-10\"><p>Creamos soluciones textiles de nueva generaci\u00f3n con tecnolog\u00edas y materiales innovadores para empresas textiles inteligentes, eficientes y sostenibles.<\/p>\n<\/div><div ><a class=\"fusion-button button-flat fusion-button-default-size button-default fusion-button-default button-3 fusion-button-default-span fusion-button-default-type\" target=\"_self\" href=\"https:\/\/eurecat.org\/es\/sectores\/textil\/\"><span class=\"fusion-button-text awb-button__text awb-button__text--default\">M\u00e1s informaci\u00f3n <\/span><\/a><\/div><\/div><\/div><\/div><\/div><div class=\"fusion-fullwidth fullwidth-box fusion-builder-row-4 fusion-flex-container has-pattern-background has-mask-background nonhundred-percent-fullwidth non-hundred-percent-height-scrolling eu_2024 section-header section-color-gradient \" style=\"--awb-border-radius-top-left:0px;--awb-border-radius-top-right:0px;--awb-border-radius-bottom-right:0px;--awb-border-radius-bottom-left:0px;--awb-background-size:cover;--awb-flex-wrap:wrap;\" ><div class=\"fusion-builder-row fusion-row fusion-flex-align-items-flex-start fusion-flex-content-wrap\" style=\"max-width:1424.8px;margin-left: calc(-4% \/ 2 );margin-right: calc(-4% \/ 2 );\"><div class=\"fusion-layout-column fusion_builder_column fusion-builder-column-6 fusion_builder_column_1_1 1_1 fusion-flex-column\" style=\"--awb-bg-size:cover;--awb-width-large:100%;--awb-margin-top-large:0px;--awb-spacing-right-large:1.92%;--awb-margin-bottom-large:20px;--awb-spacing-left-large:1.92%;--awb-width-medium:100%;--awb-order-medium:0;--awb-spacing-right-medium:1.92%;--awb-spacing-left-medium:1.92%;--awb-width-small:100%;--awb-order-small:0;--awb-spacing-right-small:1.92%;--awb-spacing-left-small:1.92%;\" data-scroll-devices=\"small-visibility,medium-visibility,large-visibility\"><div class=\"fusion-column-wrapper fusion-column-has-shadow fusion-flex-justify-content-flex-start fusion-content-layout-column\"><div class=\"fusion-text fusion-text-11 topline\"><h2>Contacto<\/h2>\n<\/div><\/div><\/div><\/div><\/div><div class=\"fusion-fullwidth fullwidth-box fusion-builder-row-5 fusion-flex-container has-pattern-background has-mask-background fusion-parallax-fixed nonhundred-percent-fullwidth non-hundred-percent-height-scrolling eu_2024 section-color-transparent section-contact\" style=\"--awb-background-position:left top;--awb-border-radius-top-left:0px;--awb-border-radius-top-right:0px;--awb-border-radius-bottom-right:0px;--awb-border-radius-bottom-left:0px;--awb-background-image:url(&quot;https:\/\/eurecat.org\/wp-content\/uploads\/2024\/07\/cercle-opacity.png&quot;);--awb-background-size:600px;--awb-flex-wrap:wrap;background-attachment:fixed;\" ><div class=\"fusion-builder-row fusion-row fusion-flex-align-items-flex-start fusion-flex-content-wrap\" style=\"max-width:1424.8px;margin-left: calc(-4% \/ 2 );margin-right: calc(-4% \/ 2 );\"><div class=\"fusion-layout-column fusion_builder_column fusion-builder-column-7 fusion_builder_column_1_1 1_1 fusion-flex-column contact\" style=\"--awb-bg-size:cover;--awb-width-large:100%;--awb-margin-top-large:0px;--awb-spacing-right-large:1.92%;--awb-margin-bottom-large:20px;--awb-spacing-left-large:1.92%;--awb-width-medium:100%;--awb-order-medium:0;--awb-spacing-right-medium:1.92%;--awb-spacing-left-medium:1.92%;--awb-width-small:100%;--awb-order-small:0;--awb-spacing-right-small:1.92%;--awb-spacing-left-small:1.92%;\" data-scroll-devices=\"small-visibility,medium-visibility,large-visibility\"><div class=\"fusion-column-wrapper fusion-column-has-shadow fusion-flex-justify-content-flex-start fusion-content-layout-column\"><div class=\"fusion-image-element \" style=\"--awb-caption-title-font-family:var(--h2_typography-font-family);--awb-caption-title-font-weight:var(--h2_typography-font-weight);--awb-caption-title-font-style:var(--h2_typography-font-style);--awb-caption-title-size:var(--h2_typography-font-size);--awb-caption-title-transform:var(--h2_typography-text-transform);--awb-caption-title-line-height:var(--h2_typography-line-height);--awb-caption-title-letter-spacing:var(--h2_typography-letter-spacing);\"><span class=\" fusion-imageframe imageframe-none imageframe-4 hover-type-none contact-img\"><img decoding=\"async\" width=\"360\" height=\"360\" alt=\"eva fite eurecat\" title=\"eva-fite-eurecat-circle-360x360px\" src=\"https:\/\/eurecat.org\/wp-content\/uploads\/2020\/01\/eva-fite-eurecat-circle-360x360px.png\" class=\"img-responsive wp-image-95081\" srcset=\"https:\/\/eurecat.org\/wp-content\/uploads\/2020\/01\/eva-fite-eurecat-circle-360x360px-200x200.png 200w, https:\/\/eurecat.org\/wp-content\/uploads\/2020\/01\/eva-fite-eurecat-circle-360x360px.png 360w\" sizes=\"(max-width: 1024px) 100vw, (max-width: 640px) 100vw, 360px\" \/><\/span><\/div><div class=\"fusion-text fusion-text-12 contact-name topline\"><h3>Eva Fit\u00e9<\/h3>\n<\/div><div class=\"fusion-text fusion-text-13 contact-job-position\"><div class=\"fusion-text fusion-text-24 contact-job-position\">\n<p><strong>Responsable de Desarrollo de Negocio Manufacturing\u00a0<\/strong><\/p>\n<\/div>\n<\/div><div class=\"fusion-text fusion-text-14 contact-description\"><div class=\"fusion-text fusion-text-25 contact-description\">\n<p>M\u00e1s de diez a\u00f1os de experiencia en innovaci\u00f3n industrial. Asesoramiento especializado en innovaci\u00f3n abierta e innovaci\u00f3n disruptiva. Grandes conocimientos industriales. Ingeniera Qu\u00edmica por la Universidad Rovira i Virgili (URV) y Postgrado en Intervenci\u00f3n Medioambiental de la Universidad de Barcelona (UB).<\/p>\n<\/div>\n<\/div><div class=\"fusion-text fusion-text-15 contact-list\"><ul>\n<li>Tel. +34 639 320 461<\/li>\n<li><a href=\"mailto:eva.fite@eurecat.org\">eva.fite[at]eurecat.org<\/a><\/li>\n<\/ul>\n<\/div><div ><a class=\"fusion-button button-flat fusion-button-default-size button-default fusion-button-default button-4 fusion-button-default-span fusion-button-default-type\" target=\"_self\" href=\"eva.fite@eurecat.org\"><span class=\"fusion-button-text awb-button__text awb-button__text--default\">Contacta<\/span><\/a><\/div><\/div><\/div><\/div><\/div><div class=\"fusion-fullwidth fullwidth-box fusion-builder-row-6 fusion-flex-container has-pattern-background has-mask-background nonhundred-percent-fullwidth non-hundred-percent-height-scrolling eu_2024 section-header section-color-gradient \" style=\"--awb-border-radius-top-left:0px;--awb-border-radius-top-right:0px;--awb-border-radius-bottom-right:0px;--awb-border-radius-bottom-left:0px;--awb-background-size:cover;--awb-flex-wrap:wrap;\" ><div class=\"fusion-builder-row fusion-row fusion-flex-align-items-flex-start fusion-flex-content-wrap\" style=\"max-width:1424.8px;margin-left: calc(-4% \/ 2 );margin-right: calc(-4% \/ 2 );\"><div class=\"fusion-layout-column fusion_builder_column fusion-builder-column-8 fusion_builder_column_1_1 1_1 fusion-flex-column\" style=\"--awb-bg-size:cover;--awb-width-large:100%;--awb-margin-top-large:0px;--awb-spacing-right-large:1.92%;--awb-margin-bottom-large:20px;--awb-spacing-left-large:1.92%;--awb-width-medium:100%;--awb-order-medium:0;--awb-spacing-right-medium:1.92%;--awb-spacing-left-medium:1.92%;--awb-width-small:100%;--awb-order-small:0;--awb-spacing-right-small:1.92%;--awb-spacing-left-small:1.92%;\" data-scroll-devices=\"small-visibility,medium-visibility,large-visibility\"><div class=\"fusion-column-wrapper fusion-column-has-shadow fusion-flex-justify-content-flex-start fusion-content-layout-column\"><div class=\"fusion-text fusion-text-16 topline\"><h2>Noticias del sector<\/h2>\n<\/div><\/div><\/div><\/div><\/div><div class=\"fusion-fullwidth fullwidth-box fusion-builder-row-7 fusion-flex-container has-pattern-background has-mask-background nonhundred-percent-fullwidth non-hundred-percent-height-scrolling eu_2024 section-news\" style=\"--awb-border-radius-top-left:0px;--awb-border-radius-top-right:0px;--awb-border-radius-bottom-right:0px;--awb-border-radius-bottom-left:0px;--awb-padding-top:50px;--awb-padding-bottom:10px;--awb-flex-wrap:wrap;\" ><div class=\"fusion-builder-row fusion-row fusion-flex-align-items-flex-start fusion-flex-content-wrap\" style=\"max-width:1424.8px;margin-left: calc(-4% \/ 2 );margin-right: calc(-4% \/ 2 );\"><div class=\"fusion-layout-column fusion_builder_column fusion-builder-column-9 fusion_builder_column_1_1 1_1 fusion-flex-column\" style=\"--awb-bg-size:cover;--awb-width-large:100%;--awb-margin-top-large:0px;--awb-spacing-right-large:1.92%;--awb-margin-bottom-large:20px;--awb-spacing-left-large:1.92%;--awb-width-medium:100%;--awb-order-medium:0;--awb-spacing-right-medium:1.92%;--awb-spacing-left-medium:1.92%;--awb-width-small:100%;--awb-order-small:0;--awb-spacing-right-small:1.92%;--awb-spacing-left-small:1.92%;\" data-scroll-devices=\"small-visibility,medium-visibility,large-visibility\"><div class=\"fusion-column-wrapper fusion-column-has-shadow fusion-flex-justify-content-flex-start fusion-content-layout-column\"><div class=\"fusion-recent-posts fusion-recent-posts-1 avada-container layout-default layout-columns-3\"><section class=\"fusion-columns columns fusion-columns-3 columns-3\"><article class=\"post fusion-column column col col-lg-4 col-md-4 col-sm-4\"><div class=\"fusion-flexslider fusion-flexslider-loading flexslider flexslider-hover-type-liftup\"><ul class=\"slides\"><li><a href=\"https:\/\/eurecat.org\/es\/el-centro-tecnologico-eurecat-amplia-sus-capacidades-para-la-fabricacion-de-textiles-mas-circulares-reciclables-y-funcionales\/\" aria-label=\"El centro tecnol\u00f3gico Eurecat ampl\u00eda sus capacidades para la fabricaci\u00f3n de textiles m\u00e1s circulares, reciclables y funcionales\" class=\"hover-type-liftup\"><img decoding=\"async\" width=\"700\" height=\"441\" src=\"https:\/\/eurecat.org\/wp-content\/uploads\/2026\/04\/26_techtextil1-700x441.jpg\" class=\"attachment-recent-posts size-recent-posts\" alt=\"\" srcset=\"https:\/\/eurecat.org\/wp-content\/uploads\/2026\/04\/26_techtextil1-320x202.jpg 320w, https:\/\/eurecat.org\/wp-content\/uploads\/2026\/04\/26_techtextil1-700x441.jpg 700w\" sizes=\"(max-width: 700px) 100vw, 700px\" \/><\/a><\/li><li><a href=\"https:\/\/eurecat.org\/es\/el-centro-tecnologico-eurecat-amplia-sus-capacidades-para-la-fabricacion-de-textiles-mas-circulares-reciclables-y-funcionales\/\" aria-label=\"El centro tecnol\u00f3gico Eurecat ampl\u00eda sus capacidades para la fabricaci\u00f3n de textiles m\u00e1s circulares, reciclables y funcionales\" class=\"hover-type-liftup\"><img decoding=\"async\" width=\"700\" height=\"441\" src=\"https:\/\/eurecat.org\/wp-content\/uploads\/2026\/04\/26_techtextil2-700x441.jpg\" class=\"attachment-recent-posts size-recent-posts\" alt=\"\" srcset=\"https:\/\/eurecat.org\/wp-content\/uploads\/2026\/04\/26_techtextil2-320x202.jpg 320w, https:\/\/eurecat.org\/wp-content\/uploads\/2026\/04\/26_techtextil2-700x441.jpg 700w\" sizes=\"(max-width: 700px) 100vw, 700px\" \/><\/a><\/li><li><a href=\"https:\/\/eurecat.org\/es\/el-centro-tecnologico-eurecat-amplia-sus-capacidades-para-la-fabricacion-de-textiles-mas-circulares-reciclables-y-funcionales\/\" aria-label=\"El centro tecnol\u00f3gico Eurecat ampl\u00eda sus capacidades para la fabricaci\u00f3n de textiles m\u00e1s circulares, reciclables y funcionales\" class=\"hover-type-liftup\"><img decoding=\"async\" width=\"700\" height=\"441\" src=\"https:\/\/eurecat.org\/wp-content\/uploads\/2026\/04\/26_techtextil3-700x441.jpg\" class=\"attachment-recent-posts size-recent-posts\" alt=\"\" srcset=\"https:\/\/eurecat.org\/wp-content\/uploads\/2026\/04\/26_techtextil3-320x202.jpg 320w, https:\/\/eurecat.org\/wp-content\/uploads\/2026\/04\/26_techtextil3-700x441.jpg 700w\" sizes=\"(max-width: 700px) 100vw, 700px\" \/><\/a><\/li><li><a href=\"https:\/\/eurecat.org\/es\/el-centro-tecnologico-eurecat-amplia-sus-capacidades-para-la-fabricacion-de-textiles-mas-circulares-reciclables-y-funcionales\/\" aria-label=\"El centro tecnol\u00f3gico Eurecat ampl\u00eda sus capacidades para la fabricaci\u00f3n de textiles m\u00e1s circulares, reciclables y funcionales\" class=\"hover-type-liftup\"><img decoding=\"async\" width=\"700\" height=\"441\" src=\"https:\/\/eurecat.org\/wp-content\/uploads\/2026\/04\/26_techtextil4-700x441.jpg\" class=\"attachment-recent-posts size-recent-posts\" alt=\"\" srcset=\"https:\/\/eurecat.org\/wp-content\/uploads\/2026\/04\/26_techtextil4-320x202.jpg 320w, https:\/\/eurecat.org\/wp-content\/uploads\/2026\/04\/26_techtextil4-700x441.jpg 700w\" sizes=\"(max-width: 700px) 100vw, 700px\" \/><\/a><\/li><\/ul><\/div><div class=\"recent-posts-content\"><span class=\"vcard\" style=\"display: none;\"><span class=\"fn\"><a href=\"https:\/\/eurecat.org\/es\/author\/eva-marquez\/\" title=\"Entradas de EurecatEQZ\" rel=\"author\">EurecatEQZ<\/a><\/span><\/span><span class=\"updated\" style=\"display:none;\">2026-04-24T14:53:10+02:00<\/span><h3 class=\"entry-title\"><a href=\"https:\/\/eurecat.org\/es\/el-centro-tecnologico-eurecat-amplia-sus-capacidades-para-la-fabricacion-de-textiles-mas-circulares-reciclables-y-funcionales\/\">El centro tecnol\u00f3gico Eurecat ampl\u00eda sus capacidades para la fabricaci\u00f3n de textiles m\u00e1s circulares, reciclables y funcionales<\/a><\/h3><p> El centro tecnol\u00f3gico Eurecat ha ampliado sus capacidades tecnol\u00f3gicas para dar apoyo integral a toda la cadena de valor [...]<\/p><\/div><\/article><article class=\"post fusion-column column col col-lg-4 col-md-4 col-sm-4\"><div class=\"fusion-flexslider fusion-flexslider-loading flexslider flexslider-hover-type-liftup\"><ul class=\"slides\"><li><a href=\"https:\/\/eurecat.org\/es\/tarragona-acoge-el-demo-day-de-la-red-h2cat-con-mas-de-una-decena-de-tecnologias-clave-para-la-descarbonizacion-industrial\/\" aria-label=\"Tarragona acoge el Demo Day de la red H2CAT con m\u00e1s de una decena de tecnolog\u00edas clave para la descarbonizaci\u00f3n industrial\" class=\"hover-type-liftup\"><img decoding=\"async\" width=\"700\" height=\"441\" src=\"https:\/\/eurecat.org\/wp-content\/uploads\/2026\/04\/Xarxa_H2CAT_1-700x441.jpg\" class=\"attachment-recent-posts size-recent-posts\" alt=\"\" srcset=\"https:\/\/eurecat.org\/wp-content\/uploads\/2026\/04\/Xarxa_H2CAT_1-320x202.jpg 320w, https:\/\/eurecat.org\/wp-content\/uploads\/2026\/04\/Xarxa_H2CAT_1-700x441.jpg 700w\" sizes=\"(max-width: 700px) 100vw, 700px\" \/><\/a><\/li><li><a href=\"https:\/\/eurecat.org\/es\/tarragona-acoge-el-demo-day-de-la-red-h2cat-con-mas-de-una-decena-de-tecnologias-clave-para-la-descarbonizacion-industrial\/\" aria-label=\"Tarragona acoge el Demo Day de la red H2CAT con m\u00e1s de una decena de tecnolog\u00edas clave para la descarbonizaci\u00f3n industrial\" class=\"hover-type-liftup\"><img decoding=\"async\" width=\"700\" height=\"441\" src=\"https:\/\/eurecat.org\/wp-content\/uploads\/2026\/04\/26_Xarxa_H2CAT_2-700x441.jpg\" class=\"attachment-recent-posts size-recent-posts\" alt=\"\" srcset=\"https:\/\/eurecat.org\/wp-content\/uploads\/2026\/04\/26_Xarxa_H2CAT_2-320x202.jpg 320w, https:\/\/eurecat.org\/wp-content\/uploads\/2026\/04\/26_Xarxa_H2CAT_2-700x441.jpg 700w\" sizes=\"(max-width: 700px) 100vw, 700px\" \/><\/a><\/li><li><a href=\"https:\/\/eurecat.org\/es\/tarragona-acoge-el-demo-day-de-la-red-h2cat-con-mas-de-una-decena-de-tecnologias-clave-para-la-descarbonizacion-industrial\/\" aria-label=\"Tarragona acoge el Demo Day de la red H2CAT con m\u00e1s de una decena de tecnolog\u00edas clave para la descarbonizaci\u00f3n industrial\" class=\"hover-type-liftup\"><img decoding=\"async\" width=\"700\" height=\"441\" src=\"https:\/\/eurecat.org\/wp-content\/uploads\/2026\/04\/26_Xarxa_H2CAT_3-700x441.jpg\" class=\"attachment-recent-posts size-recent-posts\" alt=\"\" srcset=\"https:\/\/eurecat.org\/wp-content\/uploads\/2026\/04\/26_Xarxa_H2CAT_3-320x202.jpg 320w, https:\/\/eurecat.org\/wp-content\/uploads\/2026\/04\/26_Xarxa_H2CAT_3-700x441.jpg 700w\" sizes=\"(max-width: 700px) 100vw, 700px\" \/><\/a><\/li><\/ul><\/div><div class=\"recent-posts-content\"><span class=\"vcard\" style=\"display: none;\"><span class=\"fn\"><a href=\"https:\/\/eurecat.org\/es\/author\/eva-marquez\/\" title=\"Entradas de EurecatEQZ\" rel=\"author\">EurecatEQZ<\/a><\/span><\/span><span class=\"updated\" style=\"display:none;\">2026-04-09T09:13:37+02:00<\/span><h3 class=\"entry-title\"><a href=\"https:\/\/eurecat.org\/es\/tarragona-acoge-el-demo-day-de-la-red-h2cat-con-mas-de-una-decena-de-tecnologias-clave-para-la-descarbonizacion-industrial\/\">Tarragona acoge el Demo Day de la red H2CAT con m\u00e1s de una decena de tecnolog\u00edas clave para la descarbonizaci\u00f3n industrial<\/a><\/h3><p> La red H2CAT, coordinada por el centro tecnol\u00f3gico Eurecat, ha celebrado, hoy, en el Instituto Catal\u00e1n de Investigaci\u00f3n Qu\u00edmica [...]<\/p><\/div><\/article><article class=\"post fusion-column column col col-lg-4 col-md-4 col-sm-4\"><div class=\"fusion-flexslider fusion-flexslider-loading flexslider flexslider-hover-type-liftup\"><ul class=\"slides\"><li><a href=\"https:\/\/eurecat.org\/es\/eurecat-anticipa-materiales-avanzados-y-soluciones-tecnologicas-en-hidrogeno-y-valorizacion-del-dioxido-de-carbono-para-la-descarbonizacion-industrial\/\" aria-label=\"Eurecat anticipa materiales avanzados y soluciones tecnol\u00f3gicas en hidr\u00f3geno y valorizaci\u00f3n del di\u00f3xido de carbono para la descarbonizaci\u00f3n industrial\" class=\"hover-type-liftup\"><img decoding=\"async\" width=\"700\" height=\"441\" src=\"https:\/\/eurecat.org\/wp-content\/uploads\/2026\/03\/26_EHEC_1-700x441.jpg\" class=\"attachment-recent-posts size-recent-posts\" alt=\"\" srcset=\"https:\/\/eurecat.org\/wp-content\/uploads\/2026\/03\/26_EHEC_1-320x202.jpg 320w, https:\/\/eurecat.org\/wp-content\/uploads\/2026\/03\/26_EHEC_1-700x441.jpg 700w\" sizes=\"(max-width: 700px) 100vw, 700px\" \/><\/a><\/li><li><a href=\"https:\/\/eurecat.org\/es\/eurecat-anticipa-materiales-avanzados-y-soluciones-tecnologicas-en-hidrogeno-y-valorizacion-del-dioxido-de-carbono-para-la-descarbonizacion-industrial\/\" aria-label=\"Eurecat anticipa materiales avanzados y soluciones tecnol\u00f3gicas en hidr\u00f3geno y valorizaci\u00f3n del di\u00f3xido de carbono para la descarbonizaci\u00f3n industrial\" class=\"hover-type-liftup\"><img decoding=\"async\" width=\"700\" height=\"441\" src=\"https:\/\/eurecat.org\/wp-content\/uploads\/2026\/03\/26_EHEC_2-700x441.jpg\" class=\"attachment-recent-posts size-recent-posts\" alt=\"\" srcset=\"https:\/\/eurecat.org\/wp-content\/uploads\/2026\/03\/26_EHEC_2-320x202.jpg 320w, https:\/\/eurecat.org\/wp-content\/uploads\/2026\/03\/26_EHEC_2-700x441.jpg 700w\" sizes=\"(max-width: 700px) 100vw, 700px\" \/><\/a><\/li><li><a href=\"https:\/\/eurecat.org\/es\/eurecat-anticipa-materiales-avanzados-y-soluciones-tecnologicas-en-hidrogeno-y-valorizacion-del-dioxido-de-carbono-para-la-descarbonizacion-industrial\/\" aria-label=\"Eurecat anticipa materiales avanzados y soluciones tecnol\u00f3gicas en hidr\u00f3geno y valorizaci\u00f3n del di\u00f3xido de carbono para la descarbonizaci\u00f3n industrial\" class=\"hover-type-liftup\"><img decoding=\"async\" width=\"700\" height=\"441\" src=\"https:\/\/eurecat.org\/wp-content\/uploads\/2026\/03\/26_EHEC_3-700x441.jpg\" class=\"attachment-recent-posts size-recent-posts\" alt=\"\" srcset=\"https:\/\/eurecat.org\/wp-content\/uploads\/2026\/03\/26_EHEC_3-320x202.jpg 320w, https:\/\/eurecat.org\/wp-content\/uploads\/2026\/03\/26_EHEC_3-700x441.jpg 700w\" sizes=\"(max-width: 700px) 100vw, 700px\" \/><\/a><\/li><\/ul><\/div><div class=\"recent-posts-content\"><span class=\"vcard\" style=\"display: none;\"><span class=\"fn\"><a href=\"https:\/\/eurecat.org\/es\/author\/eva-marquez\/\" title=\"Entradas de EurecatEQZ\" rel=\"author\">EurecatEQZ<\/a><\/span><\/span><span class=\"updated\" style=\"display:none;\">2026-03-13T12:34:41+01:00<\/span><h3 class=\"entry-title\"><a href=\"https:\/\/eurecat.org\/es\/eurecat-anticipa-materiales-avanzados-y-soluciones-tecnologicas-en-hidrogeno-y-valorizacion-del-dioxido-de-carbono-para-la-descarbonizacion-industrial\/\">Eurecat anticipa materiales avanzados y soluciones tecnol\u00f3gicas en hidr\u00f3geno y valorizaci\u00f3n del di\u00f3xido de carbono para la descarbonizaci\u00f3n industrial<\/a><\/h3><p> El centro tecnol\u00f3gico Eurecat anticipa soluciones tecnol\u00f3gicas pioneras y materiales avanzados en el \u00e1mbito del hidr\u00f3geno y la valorizaci\u00f3n [...]<\/p><\/div><\/article><article class=\"post fusion-column column col col-lg-4 col-md-4 col-sm-4\"><div class=\"fusion-flexslider fusion-flexslider-loading flexslider flexslider-hover-type-liftup\"><ul class=\"slides\"><li><a href=\"https:\/\/eurecat.org\/es\/ciuden-encarga-al-centro-tecnologico-eurecat-una-planta-piloto-para-producir-combustible-sintetico-sostenible-destinado-a-la-aviacion\/\" aria-label=\"CIUDEN encarga a Eurecat una planta piloto para producir combustible sint\u00e9tico sostenible destinado a la aviaci\u00f3n\" class=\"hover-type-liftup\"><img decoding=\"async\" width=\"700\" height=\"441\" src=\"https:\/\/eurecat.org\/wp-content\/uploads\/2025\/12\/CIUDEN_CDTCS_800px-700x441.jpg\" class=\"attachment-recent-posts size-recent-posts\" alt=\"\" srcset=\"https:\/\/eurecat.org\/wp-content\/uploads\/2025\/12\/CIUDEN_CDTCS_800px-320x202.jpg 320w, https:\/\/eurecat.org\/wp-content\/uploads\/2025\/12\/CIUDEN_CDTCS_800px-700x441.jpg 700w\" sizes=\"(max-width: 700px) 100vw, 700px\" \/><\/a><\/li><\/ul><\/div><div class=\"recent-posts-content\"><span class=\"vcard\" style=\"display: none;\"><span class=\"fn\"><a href=\"https:\/\/eurecat.org\/es\/author\/eva-marquez\/\" title=\"Entradas de EurecatEQZ\" rel=\"author\">EurecatEQZ<\/a><\/span><\/span><span class=\"updated\" style=\"display:none;\">2025-12-11T15:44:08+01:00<\/span><h3 class=\"entry-title\"><a href=\"https:\/\/eurecat.org\/es\/ciuden-encarga-al-centro-tecnologico-eurecat-una-planta-piloto-para-producir-combustible-sintetico-sostenible-destinado-a-la-aviacion\/\">CIUDEN encarga a Eurecat una planta piloto para producir combustible sint\u00e9tico sostenible destinado a la aviaci\u00f3n<\/a><\/h3><p> La Fundaci\u00f3n Ciudad de la Energ\u00eda (CIUDEN), dependiente del Ministerio para la Transici\u00f3n Ecol\u00f3gica y el Reto Demogr\u00e1fico, ha [...]<\/p><\/div><\/article><article class=\"post fusion-column column col col-lg-4 col-md-4 col-sm-4\"><div class=\"fusion-flexslider fusion-flexslider-loading flexslider flexslider-hover-type-liftup\"><ul class=\"slides\"><li><a href=\"https:\/\/eurecat.org\/es\/ciuden-y-eurecat-finalizan-el-diseno-de-una-planta-piloto-pionera-para-la-produccion-de-metanol-mas-eficiente-y-sostenible\/\" aria-label=\"CIUDEN y Eurecat finalizan el dise\u00f1o de una planta piloto pionera para la producci\u00f3n de metanol m\u00e1s eficiente y sostenible\" class=\"hover-type-liftup\"><img decoding=\"async\" width=\"700\" height=\"441\" src=\"https:\/\/eurecat.org\/wp-content\/uploads\/2025\/11\/Eurecat_Ciuden_800px-700x441.jpg\" class=\"attachment-recent-posts size-recent-posts\" alt=\"\" srcset=\"https:\/\/eurecat.org\/wp-content\/uploads\/2025\/11\/Eurecat_Ciuden_800px-320x202.jpg 320w, https:\/\/eurecat.org\/wp-content\/uploads\/2025\/11\/Eurecat_Ciuden_800px-700x441.jpg 700w\" sizes=\"(max-width: 700px) 100vw, 700px\" \/><\/a><\/li><li><a href=\"https:\/\/eurecat.org\/es\/ciuden-y-eurecat-finalizan-el-diseno-de-una-planta-piloto-pionera-para-la-produccion-de-metanol-mas-eficiente-y-sostenible\/\" aria-label=\"CIUDEN y Eurecat finalizan el dise\u00f1o de una planta piloto pionera para la producci\u00f3n de metanol m\u00e1s eficiente y sostenible\" class=\"hover-type-liftup\"><img decoding=\"async\" width=\"700\" height=\"441\" src=\"https:\/\/eurecat.org\/wp-content\/uploads\/2025\/11\/Eurecat_Ciuden800px-700x441.jpg\" class=\"attachment-recent-posts size-recent-posts\" alt=\"\" srcset=\"https:\/\/eurecat.org\/wp-content\/uploads\/2025\/11\/Eurecat_Ciuden800px-320x202.jpg 320w, https:\/\/eurecat.org\/wp-content\/uploads\/2025\/11\/Eurecat_Ciuden800px-700x441.jpg 700w\" sizes=\"(max-width: 700px) 100vw, 700px\" \/><\/a><\/li><\/ul><\/div><div class=\"recent-posts-content\"><span class=\"vcard\" style=\"display: none;\"><span class=\"fn\"><a href=\"https:\/\/eurecat.org\/es\/author\/eva-marquez\/\" title=\"Entradas de EurecatEQZ\" rel=\"author\">EurecatEQZ<\/a><\/span><\/span><span class=\"updated\" style=\"display:none;\">2025-11-03T12:06:48+01:00<\/span><h3 class=\"entry-title\"><a href=\"https:\/\/eurecat.org\/es\/ciuden-y-eurecat-finalizan-el-diseno-de-una-planta-piloto-pionera-para-la-produccion-de-metanol-mas-eficiente-y-sostenible\/\">CIUDEN y Eurecat finalizan el dise\u00f1o de una planta piloto pionera para la producci\u00f3n de metanol m\u00e1s eficiente y sostenible<\/a><\/h3><p> El Centro de Desarrollo de Tecnolog\u00edas de la Fundaci\u00f3n Ciudad de la Energ\u00eda (CIUDEN) en Cubillos del Sil y [...]<\/p><\/div><\/article><article class=\"post fusion-column column col col-lg-4 col-md-4 col-sm-4\"><div class=\"fusion-flexslider fusion-flexslider-loading flexslider flexslider-hover-type-liftup\"><ul class=\"slides\"><li><a href=\"https:\/\/eurecat.org\/es\/reimagine-textile-entrega-los-premios-anuales-de-innovacion-a-iniciativas-pioneras-para-la-transformacion-del-sector-textil\/\" aria-label=\"Reimagine Textile entrega los premios anuales de innovaci\u00f3n a iniciativas pioneras para la transformaci\u00f3n del sector textil\" class=\"hover-type-liftup\"><img decoding=\"async\" width=\"700\" height=\"441\" src=\"https:\/\/eurecat.org\/wp-content\/uploads\/2025\/10\/ReimagineTextile_Premis_800px-700x441.jpg\" class=\"attachment-recent-posts size-recent-posts\" alt=\"\" srcset=\"https:\/\/eurecat.org\/wp-content\/uploads\/2025\/10\/ReimagineTextile_Premis_800px-320x202.jpg 320w, https:\/\/eurecat.org\/wp-content\/uploads\/2025\/10\/ReimagineTextile_Premis_800px-700x441.jpg 700w\" sizes=\"(max-width: 700px) 100vw, 700px\" \/><\/a><\/li><\/ul><\/div><div class=\"recent-posts-content\"><span class=\"vcard\" style=\"display: none;\"><span class=\"fn\"><a href=\"https:\/\/eurecat.org\/es\/author\/eva-marquez\/\" title=\"Entradas de EurecatEQZ\" rel=\"author\">EurecatEQZ<\/a><\/span><\/span><span class=\"updated\" style=\"display:none;\">2025-10-31T12:57:06+01:00<\/span><h3 class=\"entry-title\"><a href=\"https:\/\/eurecat.org\/es\/reimagine-textile-entrega-los-premios-anuales-de-innovacion-a-iniciativas-pioneras-para-la-transformacion-del-sector-textil\/\">Reimagine Textile entrega los premios anuales de innovaci\u00f3n a iniciativas pioneras para la transformaci\u00f3n del sector textil<\/a><\/h3><p> El Centro de Congresos del TecnoCampus ha acogido una nueva edici\u00f3n de Reimagine Textile Day, la jornada de referencia [...]<\/p><\/div><\/article><\/section><div class=\"pagination clearfix\"><span class=\"current\">1<\/span><a href=\"https:\/\/eurecat.org\/es\/wp-json\/wp\/v2\/pages\/152930\/page\/2\/\" class=\"inactive\">2<\/a><a class=\"pagination-next\" rel=\"next\" href=\"https:\/\/eurecat.org\/es\/wp-json\/wp\/v2\/pages\/152930\/page\/2\/\"><span class=\"page-text\">Siguiente<\/span><span class=\"page-next\"><\/span><\/a><\/div><div class=\"fusion-clearfix\"><\/div><\/div><\/div><\/div><\/div><\/div>\n","protected":false},"excerpt":{"rendered":"","protected":false},"author":6,"featured_media":0,"parent":2736,"menu_order":0,"comment_status":"closed","ping_status":"closed","template":"100-width.php","meta":{"footnotes":""},"class_list":["post-152930","page","type-page","status-publish","hentry"],"yoast_head":"<!-- This site is optimized with the Yoast SEO plugin v27.4 - https:\/\/yoast.com\/product\/yoast-seo-wordpress\/ -->\n<title>Manufacturing - Eurecat<\/title>\n<meta name=\"robots\" content=\"index, follow, max-snippet:-1, max-image-preview:large, max-video-preview:-1\" \/>\n<link rel=\"canonical\" href=\"https:\/\/eurecat.org\/es\/sectores\/manufacturing\/\" \/>\n<meta property=\"og:locale\" content=\"es_ES\" \/>\n<meta property=\"og:type\" content=\"article\" \/>\n<meta property=\"og:title\" content=\"Manufacturing - Eurecat\" \/>\n<meta property=\"og:url\" content=\"https:\/\/eurecat.org\/es\/sectores\/manufacturing\/\" \/>\n<meta property=\"og:site_name\" content=\"Eurecat\" \/>\n<meta property=\"article:modified_time\" content=\"2025-09-01T12:16:52+00:00\" \/>\n<meta name=\"twitter:card\" content=\"summary_large_image\" \/>\n<meta name=\"twitter:label1\" content=\"Tiempo de lectura\" \/>\n\t<meta name=\"twitter:data1\" content=\"6 minutos\" \/>\n<script type=\"application\/ld+json\" class=\"yoast-schema-graph\">{\"@context\":\"https:\\\/\\\/schema.org\",\"@graph\":[{\"@type\":\"WebPage\",\"@id\":\"https:\\\/\\\/eurecat.org\\\/es\\\/sectores\\\/manufacturing\\\/\",\"url\":\"https:\\\/\\\/eurecat.org\\\/es\\\/sectores\\\/manufacturing\\\/\",\"name\":\"Manufacturing - Eurecat\",\"isPartOf\":{\"@id\":\"https:\\\/\\\/eurecat.org\\\/es\\\/#website\"},\"datePublished\":\"2024-06-06T09:35:07+00:00\",\"dateModified\":\"2025-09-01T12:16:52+00:00\",\"breadcrumb\":{\"@id\":\"https:\\\/\\\/eurecat.org\\\/es\\\/sectores\\\/manufacturing\\\/#breadcrumb\"},\"inLanguage\":\"es\",\"potentialAction\":[{\"@type\":\"ReadAction\",\"target\":[\"https:\\\/\\\/eurecat.org\\\/es\\\/sectores\\\/manufacturing\\\/\"]}]},{\"@type\":\"BreadcrumbList\",\"@id\":\"https:\\\/\\\/eurecat.org\\\/es\\\/sectores\\\/manufacturing\\\/#breadcrumb\",\"itemListElement\":[{\"@type\":\"ListItem\",\"position\":1,\"name\":\"Inici\",\"item\":\"https:\\\/\\\/eurecat.org\\\/es\\\/\"},{\"@type\":\"ListItem\",\"position\":2,\"name\":\"Sectores\",\"item\":\"https:\\\/\\\/eurecat.org\\\/es\\\/sectores\\\/\"},{\"@type\":\"ListItem\",\"position\":3,\"name\":\"Manufacturing\"}]},{\"@type\":\"WebSite\",\"@id\":\"https:\\\/\\\/eurecat.org\\\/es\\\/#website\",\"url\":\"https:\\\/\\\/eurecat.org\\\/es\\\/\",\"name\":\"Eurecat\",\"description\":\"Otro sitio realizado con WordPress\",\"potentialAction\":[{\"@type\":\"SearchAction\",\"target\":{\"@type\":\"EntryPoint\",\"urlTemplate\":\"https:\\\/\\\/eurecat.org\\\/es\\\/?s={search_term_string}\"},\"query-input\":{\"@type\":\"PropertyValueSpecification\",\"valueRequired\":true,\"valueName\":\"search_term_string\"}}],\"inLanguage\":\"es\"}]}<\/script>\n<!-- \/ Yoast SEO plugin. -->","yoast_head_json":{"title":"Manufacturing - Eurecat","robots":{"index":"index","follow":"follow","max-snippet":"max-snippet:-1","max-image-preview":"max-image-preview:large","max-video-preview":"max-video-preview:-1"},"canonical":"https:\/\/eurecat.org\/es\/sectores\/manufacturing\/","og_locale":"es_ES","og_type":"article","og_title":"Manufacturing - Eurecat","og_url":"https:\/\/eurecat.org\/es\/sectores\/manufacturing\/","og_site_name":"Eurecat","article_modified_time":"2025-09-01T12:16:52+00:00","twitter_card":"summary_large_image","twitter_misc":{"Tiempo de lectura":"6 minutos"},"schema":{"@context":"https:\/\/schema.org","@graph":[{"@type":"WebPage","@id":"https:\/\/eurecat.org\/es\/sectores\/manufacturing\/","url":"https:\/\/eurecat.org\/es\/sectores\/manufacturing\/","name":"Manufacturing - Eurecat","isPartOf":{"@id":"https:\/\/eurecat.org\/es\/#website"},"datePublished":"2024-06-06T09:35:07+00:00","dateModified":"2025-09-01T12:16:52+00:00","breadcrumb":{"@id":"https:\/\/eurecat.org\/es\/sectores\/manufacturing\/#breadcrumb"},"inLanguage":"es","potentialAction":[{"@type":"ReadAction","target":["https:\/\/eurecat.org\/es\/sectores\/manufacturing\/"]}]},{"@type":"BreadcrumbList","@id":"https:\/\/eurecat.org\/es\/sectores\/manufacturing\/#breadcrumb","itemListElement":[{"@type":"ListItem","position":1,"name":"Inici","item":"https:\/\/eurecat.org\/es\/"},{"@type":"ListItem","position":2,"name":"Sectores","item":"https:\/\/eurecat.org\/es\/sectores\/"},{"@type":"ListItem","position":3,"name":"Manufacturing"}]},{"@type":"WebSite","@id":"https:\/\/eurecat.org\/es\/#website","url":"https:\/\/eurecat.org\/es\/","name":"Eurecat","description":"Otro sitio realizado con WordPress","potentialAction":[{"@type":"SearchAction","target":{"@type":"EntryPoint","urlTemplate":"https:\/\/eurecat.org\/es\/?s={search_term_string}"},"query-input":{"@type":"PropertyValueSpecification","valueRequired":true,"valueName":"search_term_string"}}],"inLanguage":"es"}]}},"_links":{"self":[{"href":"https:\/\/eurecat.org\/es\/wp-json\/wp\/v2\/pages\/152930","targetHints":{"allow":["GET"]}}],"collection":[{"href":"https:\/\/eurecat.org\/es\/wp-json\/wp\/v2\/pages"}],"about":[{"href":"https:\/\/eurecat.org\/es\/wp-json\/wp\/v2\/types\/page"}],"author":[{"embeddable":true,"href":"https:\/\/eurecat.org\/es\/wp-json\/wp\/v2\/users\/6"}],"replies":[{"embeddable":true,"href":"https:\/\/eurecat.org\/es\/wp-json\/wp\/v2\/comments?post=152930"}],"version-history":[{"count":3,"href":"https:\/\/eurecat.org\/es\/wp-json\/wp\/v2\/pages\/152930\/revisions"}],"predecessor-version":[{"id":188054,"href":"https:\/\/eurecat.org\/es\/wp-json\/wp\/v2\/pages\/152930\/revisions\/188054"}],"up":[{"embeddable":true,"href":"https:\/\/eurecat.org\/es\/wp-json\/wp\/v2\/pages\/2736"}],"wp:attachment":[{"href":"https:\/\/eurecat.org\/es\/wp-json\/wp\/v2\/media?parent=152930"}],"curies":[{"name":"wp","href":"https:\/\/api.w.org\/{rel}","templated":true}]}}