{"id":165234,"date":"2024-12-03T16:54:23","date_gmt":"2024-12-03T15:54:23","guid":{"rendered":"https:\/\/eurecat.org\/solucions-climatiques-i-serveis-ecosistemics-climses\/"},"modified":"2025-01-15T08:24:55","modified_gmt":"2025-01-15T07:24:55","slug":"soluciones-climaticas-y-servicios-ecosistemicos","status":"publish","type":"page","link":"https:\/\/eurecat.org\/es\/soluciones-climaticas-y-servicios-ecosistemicos\/","title":{"rendered":"Soluciones Clim\u00e1ticas y Servicios Ecosist\u00e9micos"},"content":{"rendered":"<div class=\"fusion-fullwidth fullwidth-box fusion-builder-row-1 fusion-flex-container has-pattern-background has-mask-background fusion-parallax-none nonhundred-percent-fullwidth non-hundred-percent-height-scrolling eu_2024 section-hero section-color-transparent\" style=\"--awb-border-radius-top-left:0px;--awb-border-radius-top-right:0px;--awb-border-radius-bottom-right:0px;--awb-border-radius-bottom-left:0px;--awb-background-color:rgba(0,0,0,0.37);--awb-background-image:url(&quot;https:\/\/eurecat.org\/wp-content\/uploads\/2024\/09\/00-HEADER-SECTORS-CLIMSES.jpg&quot;);--awb-background-size:cover;--awb-flex-wrap:wrap;\" ><div class=\"fusion-builder-row fusion-row fusion-flex-align-items-flex-start fusion-flex-content-wrap\" style=\"max-width:1424.8px;margin-left: calc(-4% \/ 2 );margin-right: calc(-4% \/ 2 );\"><div class=\"fusion-layout-column fusion_builder_column fusion-builder-column-0 fusion_builder_column_1_1 1_1 fusion-flex-column\" style=\"--awb-bg-size:cover;--awb-width-large:100%;--awb-margin-top-large:0px;--awb-spacing-right-large:1.92%;--awb-margin-bottom-large:20px;--awb-spacing-left-large:1.92%;--awb-width-medium:100%;--awb-order-medium:0;--awb-spacing-right-medium:1.92%;--awb-spacing-left-medium:1.92%;--awb-width-small:100%;--awb-order-small:0;--awb-spacing-right-small:1.92%;--awb-spacing-left-small:1.92%;\" data-scroll-devices=\"small-visibility,medium-visibility,large-visibility\"><div class=\"fusion-column-wrapper fusion-column-has-shadow fusion-flex-justify-content-flex-start fusion-content-layout-column\"><div class=\"fusion-text fusion-text-1\"><h1>Soluciones Clim\u00e1ticas y Servicios Ecosist\u00e9micos<\/h1>\n<\/div><\/div><\/div><\/div><\/div><div class=\"fusion-fullwidth fullwidth-box fusion-builder-row-2 fusion-flex-container has-pattern-background has-mask-background fusion-parallax-fixed nonhundred-percent-fullwidth non-hundred-percent-height-scrolling eu_2024 section-color-transparent section-intro\" style=\"--awb-background-position:left top;--awb-border-radius-top-left:0px;--awb-border-radius-top-right:0px;--awb-border-radius-bottom-right:0px;--awb-border-radius-bottom-left:0px;--awb-background-image:url(&quot;https:\/\/eurecat.org\/wp-content\/uploads\/2024\/07\/cercle-opacity.png&quot;);--awb-background-size:600px;--awb-flex-wrap:wrap;background-attachment:fixed;\" ><div class=\"fusion-builder-row fusion-row fusion-flex-align-items-flex-start fusion-flex-content-wrap\" style=\"max-width:1424.8px;margin-left: calc(-4% \/ 2 );margin-right: calc(-4% \/ 2 );\"><div class=\"fusion-layout-column fusion_builder_column fusion-builder-column-1 fusion_builder_column_1_1 1_1 fusion-flex-column\" style=\"--awb-bg-size:cover;--awb-width-large:100%;--awb-margin-top-large:0px;--awb-spacing-right-large:1.92%;--awb-margin-bottom-large:20px;--awb-spacing-left-large:1.92%;--awb-width-medium:100%;--awb-order-medium:0;--awb-spacing-right-medium:1.92%;--awb-spacing-left-medium:1.92%;--awb-width-small:100%;--awb-order-small:0;--awb-spacing-right-small:1.92%;--awb-spacing-left-small:1.92%;\"><div class=\"fusion-column-wrapper fusion-column-has-shadow fusion-flex-justify-content-flex-start fusion-content-layout-column\"><div class=\"fusion-text fusion-text-2\"><h2>I+D+i al servicio de las empresas y los territorios para un futuro m\u00e1s resiliente al cambio clim\u00e1tico<\/h2>\n<\/div><div class=\"fusion-text fusion-text-3 txt-lg\"><p>Generamos conocimiento mediante el estudio de procesos socioecol\u00f3gicos con el objetivo de optimizar su gesti\u00f3n y potenciar los servicios ecosist\u00e9micos que nos proporcionan los ecosistemas, para favorecer la transici\u00f3n ecol\u00f3gica y la resiliencia de los territorios y sus actividades econ\u00f3micas.<\/p>\n<\/div><\/div><\/div><div class=\"fusion-layout-column fusion_builder_column fusion-builder-column-2 fusion_builder_column_1_2 1_2 fusion-flex-column\" style=\"--awb-bg-size:cover;--awb-width-large:50%;--awb-margin-top-large:0px;--awb-spacing-right-large:3.84%;--awb-margin-bottom-large:20px;--awb-spacing-left-large:3.84%;--awb-width-medium:50%;--awb-order-medium:0;--awb-spacing-right-medium:3.84%;--awb-spacing-left-medium:3.84%;--awb-width-small:100%;--awb-order-small:0;--awb-spacing-right-small:1.92%;--awb-spacing-left-small:1.92%;\" data-scroll-devices=\"small-visibility,medium-visibility,large-visibility\"><div class=\"fusion-column-wrapper fusion-column-has-shadow fusion-flex-justify-content-flex-start fusion-content-layout-column\"><div class=\"fusion-text fusion-text-4 topline\"><h3>Actividad I+D+i<\/h3>\n<\/div><div class=\"fusion-text fusion-text-5\"><p data-pm-slice=\"1 1 &#091;&#093;\">Trabajamos en estrecha colaboraci\u00f3n con agentes tecnol\u00f3gicos y de conocimiento, empresas, administraciones p\u00fablicas y el tejido social involucrado para el desarrollo de la I+D+i:<\/p>\n<ul>\n<li>Combinamos la investigaci\u00f3n aplicada, la innovaci\u00f3n tecnol\u00f3gica y la colaboraci\u00f3n interdisciplinaria para desarrollar soluciones clim\u00e1ticas.<\/li>\n<li>Mejoramos la resiliencia territorial, costera, h\u00eddrica y empresarial, con un enfoque en la bioeconom\u00eda y las soluciones basadas en la naturaleza.<\/li>\n<li>Evaluamos e implementamos estrategias que contribuyen a la sostenibilidad y a la adaptaci\u00f3n al cambio clim\u00e1tico a trav\u00e9s de Living Labs y una red de fincas experimentales equipadas con sensores de monitoreo avanzados.<\/li>\n<\/ul>\n<\/div><\/div><\/div><div class=\"fusion-layout-column fusion_builder_column fusion-builder-column-3 fusion_builder_column_1_2 1_2 fusion-flex-column\" style=\"--awb-bg-size:cover;--awb-width-large:50%;--awb-margin-top-large:0px;--awb-spacing-right-large:3.84%;--awb-margin-bottom-large:20px;--awb-spacing-left-large:3.84%;--awb-width-medium:50%;--awb-order-medium:0;--awb-spacing-right-medium:3.84%;--awb-spacing-left-medium:3.84%;--awb-width-small:100%;--awb-order-small:0;--awb-spacing-right-small:1.92%;--awb-spacing-left-small:1.92%;\" data-scroll-devices=\"small-visibility,medium-visibility,large-visibility\"><div class=\"fusion-column-wrapper fusion-column-has-shadow fusion-flex-justify-content-flex-start fusion-content-layout-column\"><div class=\"fusion-text fusion-text-6 topline\"><h3>Transversalidad<\/h3>\n<\/div><div class=\"fusion-text fusion-text-7\"><p>Desarrollamos actividades en \u00e1reas diversas, desde la elaboraci\u00f3n de soluciones basadas en la naturaleza hasta el dise\u00f1o de planes relacionados con la bioeconom\u00eda y la resiliencia territorial. Trabajamos en consonancia con la sostenibilidad y la adaptaci\u00f3n al cambio clim\u00e1tico como eje central de nuestros esfuerzos.<\/p>\n<\/div><div class=\"fusion-text fusion-text-8 topline\"><h3>Asesoramiento personalizado<\/h3>\n<\/div><div class=\"fusion-text fusion-text-9\"><p>Asesoramos a gobiernos y empresas para adoptar medidas de mitigaci\u00f3n y adaptaci\u00f3n al cambio clim\u00e1tico, desarrollamos indicadores y creamos alianzas para garantizar que nuestra investigaci\u00f3n y transferencia de conocimiento tengan un impacto positivo tanto a nivel nacional como internacional.<\/p>\n<\/div><\/div><\/div><\/div><\/div><div class=\"fusion-fullwidth fullwidth-box fusion-builder-row-3 fusion-flex-container has-pattern-background has-mask-background nonhundred-percent-fullwidth non-hundred-percent-height-scrolling eu_2024 section-color-gradient \" style=\"--awb-border-radius-top-left:0px;--awb-border-radius-top-right:0px;--awb-border-radius-bottom-right:0px;--awb-border-radius-bottom-left:0px;--awb-background-size:cover;--awb-flex-wrap:wrap;\" ><div class=\"fusion-builder-row fusion-row fusion-flex-align-items-flex-start fusion-flex-content-wrap\" style=\"max-width:1424.8px;margin-left: calc(-4% \/ 2 );margin-right: calc(-4% \/ 2 );\"><div class=\"fusion-layout-column fusion_builder_column fusion-builder-column-4 fusion_builder_column_1_1 1_1 fusion-flex-column\" style=\"--awb-bg-size:cover;--awb-width-large:100%;--awb-margin-top-large:0px;--awb-spacing-right-large:1.92%;--awb-margin-bottom-large:20px;--awb-spacing-left-large:1.92%;--awb-width-medium:100%;--awb-order-medium:0;--awb-spacing-right-medium:1.92%;--awb-spacing-left-medium:1.92%;--awb-width-small:100%;--awb-order-small:0;--awb-spacing-right-small:1.92%;--awb-spacing-left-small:1.92%;\" data-scroll-devices=\"small-visibility,medium-visibility,large-visibility\"><div class=\"fusion-column-wrapper fusion-column-has-shadow fusion-flex-justify-content-flex-start fusion-content-layout-column\"><div class=\"fusion-text fusion-text-10 topline\"><h2>Servicios<\/h2>\n<\/div><div class=\"fusion-text fusion-text-11 txt-xl\"><p>En la <strong>Unidad Tecnol\u00f3gica de Soluciones Clim\u00e1ticas y Servicios Ecosist\u00e9micos<\/strong> frecemos servicios y soluciones a medida en las siguientes seis grandes \u00e1reas:<\/p>\n<\/div><\/div><\/div><div class=\"fusion-layout-column fusion_builder_column fusion-builder-column-5 fusion_builder_column_1_3 1_3 fusion-flex-column\" style=\"--awb-bg-size:cover;--awb-width-large:33.333333333333%;--awb-margin-top-large:0px;--awb-spacing-right-large:5.76%;--awb-margin-bottom-large:20px;--awb-spacing-left-large:5.76%;--awb-width-medium:50%;--awb-order-medium:0;--awb-spacing-right-medium:3.84%;--awb-spacing-left-medium:3.84%;--awb-width-small:100%;--awb-order-small:0;--awb-spacing-right-small:1.92%;--awb-spacing-left-small:1.92%;\" data-scroll-devices=\"small-visibility,medium-visibility,large-visibility\"><div class=\"fusion-column-wrapper fusion-column-has-shadow fusion-flex-justify-content-flex-start fusion-content-layout-column\"><div class=\"fusion-image-element \" style=\"--awb-aspect-ratio:16 \/ 9;--awb-object-position:45% 58%;--awb-caption-title-font-family:var(--h2_typography-font-family);--awb-caption-title-font-weight:var(--h2_typography-font-weight);--awb-caption-title-font-style:var(--h2_typography-font-style);--awb-caption-title-size:var(--h2_typography-font-size);--awb-caption-title-transform:var(--h2_typography-text-transform);--awb-caption-title-line-height:var(--h2_typography-line-height);--awb-caption-title-letter-spacing:var(--h2_typography-letter-spacing);\"><span class=\" fusion-imageframe imageframe-none imageframe-1 hover-type-none has-aspect-ratio\"><img decoding=\"async\" width=\"1024\" height=\"684\" title=\"conreu\" src=\"https:\/\/eurecat.org\/wp-content\/uploads\/2024\/09\/conreu-1.jpg\" class=\"img-responsive wp-image-158484 img-with-aspect-ratio\" data-parent-fit=\"cover\" data-parent-container=\".fusion-image-element\" alt srcset=\"https:\/\/eurecat.org\/wp-content\/uploads\/2024\/09\/conreu-1-200x134.jpg 200w, https:\/\/eurecat.org\/wp-content\/uploads\/2024\/09\/conreu-1-400x267.jpg 400w, https:\/\/eurecat.org\/wp-content\/uploads\/2024\/09\/conreu-1-600x401.jpg 600w, https:\/\/eurecat.org\/wp-content\/uploads\/2024\/09\/conreu-1-800x534.jpg 800w, https:\/\/eurecat.org\/wp-content\/uploads\/2024\/09\/conreu-1.jpg 1024w\" sizes=\"(max-width: 1024px) 100vw, (max-width: 640px) 100vw, 600px\" \/><\/span><\/div><div class=\"fusion-text fusion-text-12\"><h3>Resiliencia territorial<\/h3>\n<\/div><div class=\"fusion-text fusion-text-13\"><p>Desarrollamos estudios y soluciones para abordar la resiliencia a escala de paisaje. Trabajamos en red con otras instituciones y organizaciones para desarrollar modelos de gesti\u00f3n integrales de los paisajes mediterr\u00e1neos, abarcando zonas urbanas, naturales y rurales, con un enfoque en la agricultura, los ecosistemas y la biodiversidad.<\/p>\n<\/div><\/div><\/div><div class=\"fusion-layout-column fusion_builder_column fusion-builder-column-6 fusion_builder_column_1_3 1_3 fusion-flex-column\" style=\"--awb-bg-size:cover;--awb-width-large:33.333333333333%;--awb-margin-top-large:0px;--awb-spacing-right-large:5.76%;--awb-margin-bottom-large:20px;--awb-spacing-left-large:5.76%;--awb-width-medium:50%;--awb-order-medium:0;--awb-spacing-right-medium:3.84%;--awb-spacing-left-medium:3.84%;--awb-width-small:100%;--awb-order-small:0;--awb-spacing-right-small:1.92%;--awb-spacing-left-small:1.92%;\" data-scroll-devices=\"small-visibility,medium-visibility,large-visibility\"><div class=\"fusion-column-wrapper fusion-column-has-shadow fusion-flex-justify-content-flex-start fusion-content-layout-column\"><div class=\"fusion-image-element \" style=\"--awb-aspect-ratio:16 \/ 9;--awb-caption-title-font-family:var(--h2_typography-font-family);--awb-caption-title-font-weight:var(--h2_typography-font-weight);--awb-caption-title-font-style:var(--h2_typography-font-style);--awb-caption-title-size:var(--h2_typography-font-size);--awb-caption-title-transform:var(--h2_typography-text-transform);--awb-caption-title-line-height:var(--h2_typography-line-height);--awb-caption-title-letter-spacing:var(--h2_typography-letter-spacing);\"><span class=\" fusion-imageframe imageframe-none imageframe-2 hover-type-none has-aspect-ratio\"><img decoding=\"async\" width=\"1024\" height=\"684\" title=\"costa1024x684\" src=\"https:\/\/eurecat.org\/wp-content\/uploads\/2024\/09\/costa1024x684-1.jpg\" class=\"img-responsive wp-image-158489 img-with-aspect-ratio\" data-parent-fit=\"cover\" data-parent-container=\".fusion-image-element\" alt srcset=\"https:\/\/eurecat.org\/wp-content\/uploads\/2024\/09\/costa1024x684-1-200x134.jpg 200w, https:\/\/eurecat.org\/wp-content\/uploads\/2024\/09\/costa1024x684-1-400x267.jpg 400w, https:\/\/eurecat.org\/wp-content\/uploads\/2024\/09\/costa1024x684-1-600x401.jpg 600w, https:\/\/eurecat.org\/wp-content\/uploads\/2024\/09\/costa1024x684-1-800x534.jpg 800w, https:\/\/eurecat.org\/wp-content\/uploads\/2024\/09\/costa1024x684-1.jpg 1024w\" sizes=\"(max-width: 1024px) 100vw, (max-width: 640px) 100vw, 600px\" \/><\/span><\/div><div class=\"fusion-text fusion-text-14\"><h3>Resiliencia costera<\/h3>\n<\/div><div class=\"fusion-text fusion-text-15\"><p>Realizamos estudios detallados para identificar los factores de estr\u00e9s en las zonas costeras y ofrecer soluciones basadas en la naturaleza, con el objetivo de mitigar los efectos del cambio clim\u00e1tico. Monitorizamos estas soluciones y desarrollamos m\u00e9tricas para evaluar los servicios ecosist\u00e9micos que proporcionan.<\/p>\n<\/div><\/div><\/div><div class=\"fusion-layout-column fusion_builder_column fusion-builder-column-7 fusion_builder_column_1_3 1_3 fusion-flex-column\" style=\"--awb-bg-size:cover;--awb-width-large:33.333333333333%;--awb-margin-top-large:0px;--awb-spacing-right-large:5.76%;--awb-margin-bottom-large:20px;--awb-spacing-left-large:5.76%;--awb-width-medium:50%;--awb-order-medium:0;--awb-spacing-right-medium:3.84%;--awb-spacing-left-medium:3.84%;--awb-width-small:100%;--awb-order-small:0;--awb-spacing-right-small:1.92%;--awb-spacing-left-small:1.92%;\" data-scroll-devices=\"small-visibility,medium-visibility,large-visibility\"><div class=\"fusion-column-wrapper fusion-column-has-shadow fusion-flex-justify-content-flex-start fusion-content-layout-column\"><div class=\"fusion-image-element \" style=\"--awb-aspect-ratio:16 \/ 9;--awb-caption-title-font-family:var(--h2_typography-font-family);--awb-caption-title-font-weight:var(--h2_typography-font-weight);--awb-caption-title-font-style:var(--h2_typography-font-style);--awb-caption-title-size:var(--h2_typography-font-size);--awb-caption-title-transform:var(--h2_typography-text-transform);--awb-caption-title-line-height:var(--h2_typography-line-height);--awb-caption-title-letter-spacing:var(--h2_typography-letter-spacing);\"><span class=\" fusion-imageframe imageframe-none imageframe-3 hover-type-none has-aspect-ratio\"><img decoding=\"async\" width=\"1024\" height=\"684\" title=\"hidrica\" src=\"https:\/\/eurecat.org\/wp-content\/uploads\/2024\/09\/hidrica-1.jpg\" class=\"img-responsive wp-image-158492 img-with-aspect-ratio\" data-parent-fit=\"cover\" data-parent-container=\".fusion-image-element\" alt srcset=\"https:\/\/eurecat.org\/wp-content\/uploads\/2024\/09\/hidrica-1-200x134.jpg 200w, https:\/\/eurecat.org\/wp-content\/uploads\/2024\/09\/hidrica-1-400x267.jpg 400w, https:\/\/eurecat.org\/wp-content\/uploads\/2024\/09\/hidrica-1-600x401.jpg 600w, https:\/\/eurecat.org\/wp-content\/uploads\/2024\/09\/hidrica-1-800x534.jpg 800w, https:\/\/eurecat.org\/wp-content\/uploads\/2024\/09\/hidrica-1.jpg 1024w\" sizes=\"(max-width: 1024px) 100vw, (max-width: 640px) 100vw, 600px\" \/><\/span><\/div><div class=\"fusion-text fusion-text-16\"><h3>Resiliencia h\u00eddrica<\/h3>\n<\/div><div class=\"fusion-text fusion-text-17\"><p>Abordamos los retos h\u00eddricos asociados a las presiones provocadas por el cambio clim\u00e1tico y otros factores de cambio global. Nos centramos tanto en la calidad como en la cantidad de los recursos h\u00eddricos, evaluando sus efectos sobre los ecosistemas y la salud humana, as\u00ed como sobre las actividades econ\u00f3micas.<\/p>\n<\/div><\/div><\/div><div class=\"fusion-layout-column fusion_builder_column fusion-builder-column-8 fusion_builder_column_1_3 1_3 fusion-flex-column\" style=\"--awb-bg-size:cover;--awb-width-large:33.333333333333%;--awb-margin-top-large:0px;--awb-spacing-right-large:5.76%;--awb-margin-bottom-large:20px;--awb-spacing-left-large:5.76%;--awb-width-medium:50%;--awb-order-medium:0;--awb-spacing-right-medium:3.84%;--awb-spacing-left-medium:3.84%;--awb-width-small:100%;--awb-order-small:0;--awb-spacing-right-small:1.92%;--awb-spacing-left-small:1.92%;\" data-scroll-devices=\"small-visibility,medium-visibility,large-visibility\"><div class=\"fusion-column-wrapper fusion-column-has-shadow fusion-flex-justify-content-flex-start fusion-content-layout-column\"><div class=\"fusion-image-element \" style=\"--awb-aspect-ratio:16 \/ 9;--awb-object-position:45% 58%;--awb-caption-title-font-family:var(--h2_typography-font-family);--awb-caption-title-font-weight:var(--h2_typography-font-weight);--awb-caption-title-font-style:var(--h2_typography-font-style);--awb-caption-title-size:var(--h2_typography-font-size);--awb-caption-title-transform:var(--h2_typography-text-transform);--awb-caption-title-line-height:var(--h2_typography-line-height);--awb-caption-title-letter-spacing:var(--h2_typography-letter-spacing);\"><span class=\" fusion-imageframe imageframe-none imageframe-4 hover-type-none has-aspect-ratio\"><img decoding=\"async\" width=\"1024\" height=\"684\" title=\"empresarial1024x684\" src=\"https:\/\/eurecat.org\/wp-content\/uploads\/2024\/09\/empresarial1024x684-1.jpg\" class=\"img-responsive wp-image-158496 img-with-aspect-ratio\" data-parent-fit=\"cover\" data-parent-container=\".fusion-image-element\" alt srcset=\"https:\/\/eurecat.org\/wp-content\/uploads\/2024\/09\/empresarial1024x684-1-200x134.jpg 200w, https:\/\/eurecat.org\/wp-content\/uploads\/2024\/09\/empresarial1024x684-1-400x267.jpg 400w, https:\/\/eurecat.org\/wp-content\/uploads\/2024\/09\/empresarial1024x684-1-600x401.jpg 600w, https:\/\/eurecat.org\/wp-content\/uploads\/2024\/09\/empresarial1024x684-1-800x534.jpg 800w, https:\/\/eurecat.org\/wp-content\/uploads\/2024\/09\/empresarial1024x684-1.jpg 1024w\" sizes=\"(max-width: 1024px) 100vw, (max-width: 640px) 100vw, 600px\" \/><\/span><\/div><div class=\"fusion-text fusion-text-18\"><h3>Resiliencia empresarial<\/h3>\n<\/div><div class=\"fusion-text fusion-text-19\"><p>Evaluamos toda la cadena de valor de empresas y sectores econ\u00f3micos para aumentar su resiliencia frente al cambio clim\u00e1tico. Evaluamos los riesgos, proponemos medidas correctivas y acompa\u00f1amos en su implementaci\u00f3n.<\/p>\n<\/div><\/div><\/div><div class=\"fusion-layout-column fusion_builder_column fusion-builder-column-9 fusion_builder_column_1_3 1_3 fusion-flex-column\" style=\"--awb-bg-size:cover;--awb-width-large:33.333333333333%;--awb-margin-top-large:0px;--awb-spacing-right-large:5.76%;--awb-margin-bottom-large:20px;--awb-spacing-left-large:5.76%;--awb-width-medium:50%;--awb-order-medium:0;--awb-spacing-right-medium:3.84%;--awb-spacing-left-medium:3.84%;--awb-width-small:100%;--awb-order-small:0;--awb-spacing-right-small:1.92%;--awb-spacing-left-small:1.92%;\" data-scroll-devices=\"small-visibility,medium-visibility,large-visibility\"><div class=\"fusion-column-wrapper fusion-column-has-shadow fusion-flex-justify-content-flex-start fusion-content-layout-column\"><div class=\"fusion-image-element \" style=\"--awb-aspect-ratio:16 \/ 9;--awb-object-position:45% 58%;--awb-caption-title-font-family:var(--h2_typography-font-family);--awb-caption-title-font-weight:var(--h2_typography-font-weight);--awb-caption-title-font-style:var(--h2_typography-font-style);--awb-caption-title-size:var(--h2_typography-font-size);--awb-caption-title-transform:var(--h2_typography-text-transform);--awb-caption-title-line-height:var(--h2_typography-line-height);--awb-caption-title-letter-spacing:var(--h2_typography-letter-spacing);\"><span class=\" fusion-imageframe imageframe-none imageframe-5 hover-type-none has-aspect-ratio\"><img decoding=\"async\" width=\"1024\" height=\"684\" title=\"hidrogen1024x684\" src=\"https:\/\/eurecat.org\/wp-content\/uploads\/2024\/09\/hidrogen1024x684-1.jpg\" class=\"img-responsive wp-image-158500 img-with-aspect-ratio\" data-parent-fit=\"cover\" data-parent-container=\".fusion-image-element\" alt srcset=\"https:\/\/eurecat.org\/wp-content\/uploads\/2024\/09\/hidrogen1024x684-1-200x134.jpg 200w, https:\/\/eurecat.org\/wp-content\/uploads\/2024\/09\/hidrogen1024x684-1-400x267.jpg 400w, https:\/\/eurecat.org\/wp-content\/uploads\/2024\/09\/hidrogen1024x684-1-600x401.jpg 600w, https:\/\/eurecat.org\/wp-content\/uploads\/2024\/09\/hidrogen1024x684-1-800x534.jpg 800w, https:\/\/eurecat.org\/wp-content\/uploads\/2024\/09\/hidrogen1024x684-1.jpg 1024w\" sizes=\"(max-width: 1024px) 100vw, (max-width: 640px) 100vw, 600px\" \/><\/span><\/div><div class=\"fusion-text fusion-text-20\"><h3>Bioeconom\u00eda<\/h3>\n<\/div><div class=\"fusion-text fusion-text-21\"><p>Fomentamos la bioeconom\u00eda en los planes integrales de gesti\u00f3n de los territorios en los que trabajamos. Co-creamos los planes de gesti\u00f3n territoriales y sectoriales de la mano de los agentes relevantes en cada caso.<\/p>\n<\/div><\/div><\/div><div class=\"fusion-layout-column fusion_builder_column fusion-builder-column-10 fusion_builder_column_1_3 1_3 fusion-flex-column\" style=\"--awb-bg-size:cover;--awb-width-large:33.333333333333%;--awb-margin-top-large:0px;--awb-spacing-right-large:5.76%;--awb-margin-bottom-large:20px;--awb-spacing-left-large:5.76%;--awb-width-medium:50%;--awb-order-medium:0;--awb-spacing-right-medium:3.84%;--awb-spacing-left-medium:3.84%;--awb-width-small:100%;--awb-order-small:0;--awb-spacing-right-small:1.92%;--awb-spacing-left-small:1.92%;\" data-scroll-devices=\"small-visibility,medium-visibility,large-visibility\"><div class=\"fusion-column-wrapper fusion-column-has-shadow fusion-flex-justify-content-flex-start fusion-content-layout-column\"><div class=\"fusion-image-element \" style=\"--awb-aspect-ratio:16 \/ 9;--awb-object-position:45% 58%;--awb-caption-title-font-family:var(--h2_typography-font-family);--awb-caption-title-font-weight:var(--h2_typography-font-weight);--awb-caption-title-font-style:var(--h2_typography-font-style);--awb-caption-title-size:var(--h2_typography-font-size);--awb-caption-title-transform:var(--h2_typography-text-transform);--awb-caption-title-line-height:var(--h2_typography-line-height);--awb-caption-title-letter-spacing:var(--h2_typography-letter-spacing);\"><span class=\" fusion-imageframe imageframe-none imageframe-6 hover-type-none has-aspect-ratio\"><img decoding=\"async\" width=\"1024\" height=\"684\" title=\"living-lab\" src=\"https:\/\/eurecat.org\/wp-content\/uploads\/2024\/09\/living-lab.jpg\" class=\"img-responsive wp-image-158504 img-with-aspect-ratio\" data-parent-fit=\"cover\" data-parent-container=\".fusion-image-element\" alt srcset=\"https:\/\/eurecat.org\/wp-content\/uploads\/2024\/09\/living-lab-200x134.jpg 200w, https:\/\/eurecat.org\/wp-content\/uploads\/2024\/09\/living-lab-400x267.jpg 400w, https:\/\/eurecat.org\/wp-content\/uploads\/2024\/09\/living-lab-600x401.jpg 600w, https:\/\/eurecat.org\/wp-content\/uploads\/2024\/09\/living-lab-800x534.jpg 800w, https:\/\/eurecat.org\/wp-content\/uploads\/2024\/09\/living-lab.jpg 1024w\" sizes=\"(max-width: 1024px) 100vw, (max-width: 640px) 100vw, 600px\" \/><\/span><\/div><div class=\"fusion-text fusion-text-22\"><h3>Living Labs<\/h3>\n<\/div><div class=\"fusion-text fusion-text-23\"><p>Hemos desplegado un living lab en el delta del Ebro<span style=\"color: #ffffff;\"> <a style=\"color: #ffffff;\" href=\"https:\/\/centreenresilienciaclimatica.org\/es\/living-lab-ebre-bioterritori\/\" target=\"_blank\" rel=\"noopener\">(Living Lab EbreBioterritori)<\/a>,<\/span> el cual nos permite identificar y abordar retos territoriales de manera integral, teniendo en cuenta a todos los agentes y co-creando las soluciones con un enfoque participativo e interdisciplinario. Actualmente, estamos en proceso de desplegar un segundo living lab en el \u00e1rea metropolitana de Barcelona para abordar aspectos relacionados con la resiliencia urbana.<\/p>\n<\/div><\/div><\/div><\/div><\/div><div class=\"fusion-fullwidth fullwidth-box fusion-builder-row-4 fusion-flex-container has-pattern-background has-mask-background nonhundred-percent-fullwidth non-hundred-percent-height-scrolling eu_2024 section-header section-color-gradient \" style=\"--awb-border-radius-top-left:0px;--awb-border-radius-top-right:0px;--awb-border-radius-bottom-right:0px;--awb-border-radius-bottom-left:0px;--awb-background-size:cover;--awb-flex-wrap:wrap;\" ><div class=\"fusion-builder-row fusion-row fusion-flex-align-items-flex-start fusion-flex-content-wrap\" style=\"max-width:1424.8px;margin-left: calc(-4% \/ 2 );margin-right: calc(-4% \/ 2 );\"><div class=\"fusion-layout-column fusion_builder_column fusion-builder-column-11 fusion_builder_column_1_1 1_1 fusion-flex-column\" style=\"--awb-bg-size:cover;--awb-width-large:100%;--awb-margin-top-large:0px;--awb-spacing-right-large:1.92%;--awb-margin-bottom-large:20px;--awb-spacing-left-large:1.92%;--awb-width-medium:100%;--awb-order-medium:0;--awb-spacing-right-medium:1.92%;--awb-spacing-left-medium:1.92%;--awb-width-small:100%;--awb-order-small:0;--awb-spacing-right-small:1.92%;--awb-spacing-left-small:1.92%;\" data-scroll-devices=\"small-visibility,medium-visibility,large-visibility\"><div class=\"fusion-column-wrapper fusion-column-has-shadow fusion-flex-justify-content-flex-start fusion-content-layout-column\"><div class=\"fusion-text fusion-text-24 topline\"><h2>Contacto<\/h2>\n<\/div><\/div><\/div><\/div><\/div><div class=\"fusion-fullwidth fullwidth-box fusion-builder-row-5 fusion-flex-container has-pattern-background has-mask-background fusion-parallax-fixed nonhundred-percent-fullwidth non-hundred-percent-height-scrolling eu_2024 section-color-transparent section-contact\" style=\"--awb-background-position:left top;--awb-border-radius-top-left:0px;--awb-border-radius-top-right:0px;--awb-border-radius-bottom-right:0px;--awb-border-radius-bottom-left:0px;--awb-background-image:url(&quot;https:\/\/eurecat.org\/wp-content\/uploads\/2024\/07\/cercle-opacity.png&quot;);--awb-background-size:600px;--awb-flex-wrap:wrap;background-attachment:fixed;\" ><div class=\"fusion-builder-row fusion-row fusion-flex-align-items-flex-start fusion-flex-content-wrap\" style=\"max-width:1424.8px;margin-left: calc(-4% \/ 2 );margin-right: calc(-4% \/ 2 );\"><div class=\"fusion-layout-column fusion_builder_column fusion-builder-column-12 fusion_builder_column_1_1 1_1 fusion-flex-column contact\" style=\"--awb-bg-size:cover;--awb-width-large:100%;--awb-margin-top-large:0px;--awb-spacing-right-large:1.92%;--awb-margin-bottom-large:20px;--awb-spacing-left-large:1.92%;--awb-width-medium:100%;--awb-order-medium:0;--awb-spacing-right-medium:1.92%;--awb-spacing-left-medium:1.92%;--awb-width-small:100%;--awb-order-small:0;--awb-spacing-right-small:1.92%;--awb-spacing-left-small:1.92%;\" data-scroll-devices=\"small-visibility,medium-visibility,large-visibility\"><div class=\"fusion-column-wrapper fusion-column-has-shadow fusion-flex-justify-content-flex-start fusion-content-layout-column\"><div class=\"fusion-image-element \" style=\"--awb-caption-title-font-family:var(--h2_typography-font-family);--awb-caption-title-font-weight:var(--h2_typography-font-weight);--awb-caption-title-font-style:var(--h2_typography-font-style);--awb-caption-title-size:var(--h2_typography-font-size);--awb-caption-title-transform:var(--h2_typography-text-transform);--awb-caption-title-line-height:var(--h2_typography-line-height);--awb-caption-title-letter-spacing:var(--h2_typography-letter-spacing);\"><span class=\" fusion-imageframe imageframe-none imageframe-7 hover-type-none contact-img\"><img decoding=\"async\" width=\"300\" height=\"300\" title=\"Nil_Alvarez\" src=\"https:\/\/eurecat.org\/wp-content\/uploads\/2025\/01\/Nil_Alvarez.png\" alt class=\"img-responsive wp-image-168123\" srcset=\"https:\/\/eurecat.org\/wp-content\/uploads\/2025\/01\/Nil_Alvarez-200x200.png 200w, https:\/\/eurecat.org\/wp-content\/uploads\/2025\/01\/Nil_Alvarez.png 300w\" sizes=\"(max-width: 1024px) 100vw, (max-width: 640px) 100vw, 300px\" \/><\/span><\/div><div class=\"fusion-text fusion-text-25 contact-name topline\"><h3>Nil \u00c1lvarez<\/h3>\n<\/div><div class=\"fusion-text fusion-text-26 contact-job-position\"><p><strong>Jefe de la Unidad Tecnol\u00f3gica de Soluciones Clim\u00e1ticas y Servicios Ecosist\u00e9micos<\/strong><\/p>\n<\/div><div class=\"fusion-text fusion-text-27\"><p>Licenciado en Ciencias Ambientales y doctorando en el Centro de Investigaci\u00f3n Ecol\u00f3gica y Aplicaciones Forestales (CREAF) de la Universidad Aut\u00f3noma de Barcelona, cuenta con una amplia experiencia en investigaci\u00f3n y desarrollo. Su investigaci\u00f3n se centra en alcanzar la neutralidad clim\u00e1tica mediante la gesti\u00f3n innovadora de sistemas agroecol\u00f3gicos, integrando conocimientos de ecolog\u00eda, monitorizaci\u00f3n ambiental, restauraci\u00f3n de ecosistemas y dise\u00f1o de soluciones basadas en la naturaleza, con \u00e9nfasis en la gobernanza y la justicia social y territorial. Actualmente, lidera la Unidad Tecnol\u00f3gica de Soluciones Clim\u00e1ticas y Servicios Ecosist\u00e9micos de Eurecat.<\/p>\n<\/div><div class=\"fusion-text fusion-text-28\"><ul>\n<li>Tel. +34 977 105 015<\/li>\n<li><a href=\"mailto:nil.alvarez@eurecat.org\" target=\"_blank\" rel=\"noopener\">nil.alvarez@eurecat.org<\/a><\/li>\n<\/ul>\n<\/div><div ><a class=\"fusion-button button-flat fusion-button-default-size button-default fusion-button-default button-1 fusion-button-default-span fusion-button-default-type\" target=\"_self\" href=\"mailto:nil.alvarez@eurecat.org\"><span class=\"fusion-button-text awb-button__text awb-button__text--default\">Contacta<\/span><\/a><\/div><\/div><\/div><\/div><\/div><div class=\"fusion-fullwidth fullwidth-box fusion-builder-row-6 fusion-flex-container has-pattern-background has-mask-background nonhundred-percent-fullwidth non-hundred-percent-height-scrolling eu_2024 section-header section-color-gradient-light\" style=\"--awb-border-radius-top-left:0px;--awb-border-radius-top-right:0px;--awb-border-radius-bottom-right:0px;--awb-border-radius-bottom-left:0px;--awb-background-size:cover;--awb-flex-wrap:wrap;\" ><div class=\"fusion-builder-row fusion-row fusion-flex-align-items-flex-start fusion-flex-content-wrap\" style=\"max-width:1424.8px;margin-left: calc(-4% \/ 2 );margin-right: calc(-4% \/ 2 );\"><div class=\"fusion-layout-column fusion_builder_column fusion-builder-column-13 fusion_builder_column_1_1 1_1 fusion-flex-column\" style=\"--awb-bg-size:cover;--awb-width-large:100%;--awb-margin-top-large:0px;--awb-spacing-right-large:1.92%;--awb-margin-bottom-large:20px;--awb-spacing-left-large:1.92%;--awb-width-medium:100%;--awb-order-medium:0;--awb-spacing-right-medium:1.92%;--awb-spacing-left-medium:1.92%;--awb-width-small:100%;--awb-order-small:0;--awb-spacing-right-small:1.92%;--awb-spacing-left-small:1.92%;\" data-scroll-devices=\"small-visibility,medium-visibility,large-visibility\"><div class=\"fusion-column-wrapper fusion-column-has-shadow fusion-flex-justify-content-flex-start fusion-content-layout-column\"><div class=\"fusion-text fusion-text-29 topline\"><h2>Proyectos destacados<\/h2>\n<\/div><\/div><\/div><\/div><\/div><div class=\"fusion-fullwidth fullwidth-box fusion-builder-row-7 fusion-flex-container has-pattern-background has-mask-background hundred-percent-fullwidth non-hundred-percent-height-scrolling eu_2024 section-projectes-destacats\" style=\"--awb-border-radius-top-left:0px;--awb-border-radius-top-right:0px;--awb-border-radius-bottom-right:0px;--awb-border-radius-bottom-left:0px;--awb-flex-wrap:wrap;\" ><div class=\"fusion-builder-row fusion-row fusion-flex-align-items-flex-start fusion-flex-content-wrap\" style=\"width:104% !important;max-width:104% !important;margin-left: calc(-4% \/ 2 );margin-right: calc(-4% \/ 2 );\"><div class=\"fusion-layout-column fusion_builder_column fusion-builder-column-14 fusion_builder_column_1_4 1_4 fusion-flex-column\" style=\"--awb-bg-size:cover;--awb-width-large:25%;--awb-margin-top-large:0px;--awb-spacing-right-large:7.68%;--awb-margin-bottom-large:20px;--awb-spacing-left-large:7.68%;--awb-width-medium:50%;--awb-order-medium:0;--awb-spacing-right-medium:3.84%;--awb-spacing-left-medium:3.84%;--awb-width-small:100%;--awb-order-small:0;--awb-spacing-right-small:1.92%;--awb-spacing-left-small:1.92%;\" data-scroll-devices=\"small-visibility,medium-visibility,large-visibility\"><div class=\"fusion-column-wrapper fusion-column-has-shadow fusion-flex-justify-content-flex-start fusion-content-layout-column\"><div class=\"fusion-image-element \" style=\"--awb-margin-top:0px;--awb-margin-right:0px;--awb-margin-bottom:0px;--awb-margin-left:0px;--awb-caption-title-font-family:var(--h2_typography-font-family);--awb-caption-title-font-weight:var(--h2_typography-font-weight);--awb-caption-title-font-style:var(--h2_typography-font-style);--awb-caption-title-size:var(--h2_typography-font-size);--awb-caption-title-transform:var(--h2_typography-text-transform);--awb-caption-title-line-height:var(--h2_typography-line-height);--awb-caption-title-letter-spacing:var(--h2_typography-letter-spacing);\"><span class=\" fusion-imageframe imageframe-none imageframe-8 hover-type-none\"><a class=\"fusion-no-lightbox\" href=\"https:\/\/eurecat.org\/portfolio-items\/rest-coast\/\" target=\"_blank\" aria-label=\"rest-coast\" rel=\"noopener noreferrer\"><img decoding=\"async\" width=\"200\" height=\"112\" src=\"https:\/\/eurecat.org\/wp-content\/uploads\/2024\/09\/rest-coast.jpg\" alt class=\"img-responsive wp-image-158518\"\/><\/a><\/span><\/div><div class=\"fusion-text fusion-text-30 border-top\"><h3><a href=\"https:\/\/eurecat.org\/es\/portfolio-items\/rest-coast\/\" target=\"_blank\" rel=\"noopener\">Rest-Coast<\/a><\/h3>\n<\/div><div class=\"fusion-text fusion-text-31\"><p>El proyecto <strong>REST-COAST<\/strong> demuestra que la r<strong>estauraci\u00f3n costera a gran escala<\/strong> puede ser una soluci\u00f3n de baja huella de carbono para la <strong>adaptaci\u00f3n clim\u00e1tica y la reducci\u00f3n del riesgo de desastres en sistemas costeros amenazados<\/strong>, combinada con una mejora de su biodiversidad y prestaci\u00f3n de servicios ecosist\u00e9micos.<\/p>\n<\/div><\/div><\/div><div class=\"fusion-layout-column fusion_builder_column fusion-builder-column-15 fusion_builder_column_1_4 1_4 fusion-flex-column\" style=\"--awb-bg-size:cover;--awb-width-large:25%;--awb-margin-top-large:0px;--awb-spacing-right-large:7.68%;--awb-margin-bottom-large:20px;--awb-spacing-left-large:7.68%;--awb-width-medium:50%;--awb-order-medium:0;--awb-spacing-right-medium:3.84%;--awb-spacing-left-medium:3.84%;--awb-width-small:100%;--awb-order-small:0;--awb-spacing-right-small:1.92%;--awb-spacing-left-small:1.92%;\" data-scroll-devices=\"small-visibility,medium-visibility,large-visibility\"><div class=\"fusion-column-wrapper fusion-column-has-shadow fusion-flex-justify-content-flex-start fusion-content-layout-column\"><div class=\"fusion-image-element \" style=\"--awb-margin-top:0px;--awb-margin-right:0px;--awb-margin-bottom:0px;--awb-margin-left:0px;--awb-caption-title-font-family:var(--h2_typography-font-family);--awb-caption-title-font-weight:var(--h2_typography-font-weight);--awb-caption-title-font-style:var(--h2_typography-font-style);--awb-caption-title-size:var(--h2_typography-font-size);--awb-caption-title-transform:var(--h2_typography-text-transform);--awb-caption-title-line-height:var(--h2_typography-line-height);--awb-caption-title-letter-spacing:var(--h2_typography-letter-spacing);\"><span class=\" fusion-imageframe imageframe-none imageframe-9 hover-type-none\"><a class=\"fusion-no-lightbox\" href=\"https:\/\/eurecat.org\/portfolio-items\/bioresilmed\/\" target=\"_blank\" aria-label=\"bioresilmed\" rel=\"noopener noreferrer\"><img decoding=\"async\" width=\"200\" height=\"112\" src=\"https:\/\/eurecat.org\/wp-content\/uploads\/2024\/09\/bioresilmed.jpg\" alt class=\"img-responsive wp-image-158555\"\/><\/a><\/span><\/div><div class=\"fusion-text fusion-text-32 border-top\"><h3><a href=\"https:\/\/eurecat.org\/es\/portfolio-items\/bioresilmed\/\">Bioresilmed<\/a><\/h3>\n<\/div><div class=\"fusion-text fusion-text-33\"><p>El proyecto <strong>BIORESILMED<\/strong> genera las herramientas para el <strong>dise\u00f1o conjunto de un plan y la ejecuci\u00f3n de unas acciones que fomenten la bioeconom\u00eda<\/strong> en los dos tipos principales de paisajes mediterr\u00e1neos, los de <strong>costa y los de interior.<\/strong><\/p>\n<\/div><\/div><\/div><div class=\"fusion-layout-column fusion_builder_column fusion-builder-column-16 fusion_builder_column_1_4 1_4 fusion-flex-column\" style=\"--awb-bg-size:cover;--awb-width-large:25%;--awb-margin-top-large:0px;--awb-spacing-right-large:7.68%;--awb-margin-bottom-large:20px;--awb-spacing-left-large:7.68%;--awb-width-medium:50%;--awb-order-medium:0;--awb-spacing-right-medium:3.84%;--awb-spacing-left-medium:3.84%;--awb-width-small:100%;--awb-order-small:0;--awb-spacing-right-small:1.92%;--awb-spacing-left-small:1.92%;\" data-scroll-devices=\"small-visibility,medium-visibility,large-visibility\"><div class=\"fusion-column-wrapper fusion-column-has-shadow fusion-flex-justify-content-flex-start fusion-content-layout-column\"><div class=\"fusion-image-element \" style=\"--awb-margin-top:0px;--awb-margin-right:0px;--awb-margin-bottom:0px;--awb-margin-left:0px;--awb-caption-title-font-family:var(--h2_typography-font-family);--awb-caption-title-font-weight:var(--h2_typography-font-weight);--awb-caption-title-font-style:var(--h2_typography-font-style);--awb-caption-title-size:var(--h2_typography-font-size);--awb-caption-title-transform:var(--h2_typography-text-transform);--awb-caption-title-line-height:var(--h2_typography-line-height);--awb-caption-title-letter-spacing:var(--h2_typography-letter-spacing);\"><span class=\" fusion-imageframe imageframe-none imageframe-10 hover-type-none\"><a class=\"fusion-no-lightbox\" href=\"https:\/\/eurecat.org\/portfolio-items\/effective\/\" target=\"_blank\" aria-label=\"effective\" rel=\"noopener noreferrer\"><img decoding=\"async\" width=\"200\" height=\"112\" src=\"https:\/\/eurecat.org\/wp-content\/uploads\/2024\/09\/effective.jpg\" alt class=\"img-responsive wp-image-158532\"\/><\/a><\/span><\/div><div class=\"fusion-text fusion-text-34 border-top\"><h3><a href=\"https:\/\/eurecat.org\/es\/portfolio-items\/effective\/\">Effective<\/a><\/h3>\n<\/div><div class=\"fusion-text fusion-text-35\"><p>El proyecto<strong> EFFECTIVE<\/strong> desarrolla una <strong>base de conocimiento cient\u00edfico integral y orientaci\u00f3n pr\u00e1ctica<\/strong>, combinando soluciones tecnol\u00f3gicas, digitales y basadas en la naturaleza, y herramientas para fomentar la <strong>participaci\u00f3n social, para la gesti\u00f3n basada en los ecosistemas aplicada a la protecci\u00f3n y restauraci\u00f3n del Capital Natural Azul del Mediterr\u00e1neo de la UE.<\/strong><\/p>\n<\/div><\/div><\/div><div class=\"fusion-layout-column fusion_builder_column fusion-builder-column-17 fusion_builder_column_1_4 1_4 fusion-flex-column\" style=\"--awb-bg-size:cover;--awb-width-large:25%;--awb-margin-top-large:0px;--awb-spacing-right-large:7.68%;--awb-margin-bottom-large:20px;--awb-spacing-left-large:7.68%;--awb-width-medium:50%;--awb-order-medium:0;--awb-spacing-right-medium:3.84%;--awb-spacing-left-medium:3.84%;--awb-width-small:100%;--awb-order-small:0;--awb-spacing-right-small:1.92%;--awb-spacing-left-small:1.92%;\" data-scroll-devices=\"small-visibility,medium-visibility,large-visibility\"><div class=\"fusion-column-wrapper fusion-column-has-shadow fusion-flex-justify-content-flex-start fusion-content-layout-column\"><div class=\"fusion-image-element \" style=\"--awb-margin-top:0px;--awb-margin-right:0px;--awb-margin-bottom:0px;--awb-margin-left:0px;--awb-caption-title-font-family:var(--h2_typography-font-family);--awb-caption-title-font-weight:var(--h2_typography-font-weight);--awb-caption-title-font-style:var(--h2_typography-font-style);--awb-caption-title-size:var(--h2_typography-font-size);--awb-caption-title-transform:var(--h2_typography-text-transform);--awb-caption-title-line-height:var(--h2_typography-line-height);--awb-caption-title-letter-spacing:var(--h2_typography-letter-spacing);\"><span class=\" fusion-imageframe imageframe-none imageframe-11 hover-type-none\"><a class=\"fusion-no-lightbox\" href=\"https:\/\/eurecat.org\/portfolio-items\/impetus\/\" target=\"_blank\" aria-label=\"impetus\" rel=\"noopener noreferrer\"><img decoding=\"async\" width=\"200\" height=\"112\" src=\"https:\/\/eurecat.org\/wp-content\/uploads\/2024\/09\/impetus.jpg\" alt class=\"img-responsive wp-image-158536\"\/><\/a><\/span><\/div><div class=\"fusion-text fusion-text-36 border-top\"><h3><a href=\"https:\/\/eurecat.org\/es\/portfolio-items\/impetus\/\">Impetus<\/a><\/h3>\n<\/div><div class=\"fusion-text fusion-text-37\"><p>El proyecto <strong>IMPETUS<\/strong> tiene como objetivo <strong>acelerar la respuesta de Europa al cambio clim\u00e1tico<\/strong> y convertir los compromisos en <strong>acciones concretas,<\/strong> desarrollando <strong>medidas innovadoras para hacer que sus regiones sean m\u00e1s resilientes<\/strong>. Adem\u00e1s, el proyecto explora las sinergias entre <strong>la mitigaci\u00f3n del cambio clim\u00e1tico, el apoyo al crecimiento y la estabilidad socioecon\u00f3mica<\/strong> a nivel regional, as\u00ed como la<strong> transici\u00f3n de las comunidades<\/strong> hacia la sostenibilidad y la resiliencia ecol\u00f3gica.<\/p>\n<\/div><\/div><\/div><div class=\"fusion-layout-column fusion_builder_column fusion-builder-column-18 fusion_builder_column_1_4 1_4 fusion-flex-column\" style=\"--awb-bg-size:cover;--awb-width-large:25%;--awb-margin-top-large:0px;--awb-spacing-right-large:7.68%;--awb-margin-bottom-large:20px;--awb-spacing-left-large:7.68%;--awb-width-medium:50%;--awb-order-medium:0;--awb-spacing-right-medium:3.84%;--awb-spacing-left-medium:3.84%;--awb-width-small:100%;--awb-order-small:0;--awb-spacing-right-small:1.92%;--awb-spacing-left-small:1.92%;\" data-scroll-devices=\"small-visibility,medium-visibility,large-visibility\"><div class=\"fusion-column-wrapper fusion-column-has-shadow fusion-flex-justify-content-flex-start fusion-content-layout-column\"><div class=\"fusion-image-element \" style=\"--awb-margin-top:0px;--awb-margin-right:0px;--awb-margin-bottom:0px;--awb-margin-left:0px;--awb-caption-title-font-family:var(--h2_typography-font-family);--awb-caption-title-font-weight:var(--h2_typography-font-weight);--awb-caption-title-font-style:var(--h2_typography-font-style);--awb-caption-title-size:var(--h2_typography-font-size);--awb-caption-title-transform:var(--h2_typography-text-transform);--awb-caption-title-line-height:var(--h2_typography-line-height);--awb-caption-title-letter-spacing:var(--h2_typography-letter-spacing);\"><span class=\" fusion-imageframe imageframe-none imageframe-12 hover-type-none\"><a class=\"fusion-no-lightbox\" href=\"https:\/\/eurecat.org\/portfolio-items\/life-ecoadapt50\/\" target=\"_blank\" aria-label=\"lide-eco-adapt\" rel=\"noopener noreferrer\"><img decoding=\"async\" width=\"200\" height=\"112\" src=\"https:\/\/eurecat.org\/wp-content\/uploads\/2024\/09\/lide-eco-adapt.jpg\" alt class=\"img-responsive wp-image-158539\"\/><\/a><\/span><\/div><div class=\"fusion-text fusion-text-38 border-top\"><h3><a href=\"https:\/\/eurecat.org\/es\/portfolio-items\/life-ecoadapt50\/\">Life eCOadapt50<\/a><\/h3>\n<\/div><div class=\"fusion-text fusion-text-39\"><p>El proyecto <strong>Life eCOadapt50<\/strong> aumenta la concienciaci\u00f3n sobre la adaptaci\u00f3n al cambio clim\u00e1tico a nivel local, mediante la <strong>implicaci\u00f3n de los gobiernos regionales, centros de investigaci\u00f3n y actores socioecon\u00f3micos. <\/strong>En particular, Life eCOadapt50 aumenta la resiliencia de los sectores econ\u00f3micos m\u00e1s vulnerables al cambio clim\u00e1tico en cuatro actividades econ\u00f3micas: <strong>turismo, pesca, selvicultura y agricultura\/ganader\u00eda.<\/strong><\/p>\n<\/div><\/div><\/div><div class=\"fusion-layout-column fusion_builder_column fusion-builder-column-19 fusion_builder_column_1_4 1_4 fusion-flex-column\" style=\"--awb-bg-size:cover;--awb-width-large:25%;--awb-margin-top-large:0px;--awb-spacing-right-large:7.68%;--awb-margin-bottom-large:20px;--awb-spacing-left-large:7.68%;--awb-width-medium:50%;--awb-order-medium:0;--awb-spacing-right-medium:3.84%;--awb-spacing-left-medium:3.84%;--awb-width-small:100%;--awb-order-small:0;--awb-spacing-right-small:1.92%;--awb-spacing-left-small:1.92%;\" data-scroll-devices=\"small-visibility,medium-visibility,large-visibility\"><div class=\"fusion-column-wrapper fusion-column-has-shadow fusion-flex-justify-content-flex-start fusion-content-layout-column\"><div class=\"fusion-image-element \" style=\"--awb-margin-top:0px;--awb-margin-right:0px;--awb-margin-bottom:0px;--awb-margin-left:0px;--awb-caption-title-font-family:var(--h2_typography-font-family);--awb-caption-title-font-weight:var(--h2_typography-font-weight);--awb-caption-title-font-style:var(--h2_typography-font-style);--awb-caption-title-size:var(--h2_typography-font-size);--awb-caption-title-transform:var(--h2_typography-text-transform);--awb-caption-title-line-height:var(--h2_typography-line-height);--awb-caption-title-letter-spacing:var(--h2_typography-letter-spacing);\"><span class=\" fusion-imageframe imageframe-none imageframe-13 hover-type-none\"><a class=\"fusion-no-lightbox\" href=\"https:\/\/eurecat.org\/portfolio-items\/pect-ebre-bioterritori\/\" target=\"_blank\" aria-label=\"pect-ebre-bio\" rel=\"noopener noreferrer\"><img decoding=\"async\" width=\"200\" height=\"112\" src=\"https:\/\/eurecat.org\/wp-content\/uploads\/2024\/09\/pect-ebre-bio.jpg\" alt class=\"img-responsive wp-image-158543\"\/><\/a><\/span><\/div><div class=\"fusion-text fusion-text-40 border-top\"><h3><a href=\"https:\/\/eurecat.org\/es\/portfolio-items\/pect-ebre-bioterritori\/\">PECT Ebre Bioterritori<\/a><\/h3>\n<\/div><div class=\"fusion-text fusion-text-41\"><p>El <strong>Proyecto de Especializaci\u00f3n y Competitividad (PECT) Ebre Bioterritori<\/strong> favorece la transici\u00f3n sist\u00e9mica (t\u00e9cnico-econ\u00f3mica y social), hacia un modelo de <strong>explotaci\u00f3n sostenible del capital natural<\/strong>, articulando un entorno de innovaci\u00f3n estable en el conjunto de las Terres de l\u2019Ebre (Baix Ebre, Monsti\u00e0, Terra Alta y Ribera d\u2019Ebre).<\/p>\n<\/div><\/div><\/div><div class=\"fusion-layout-column fusion_builder_column fusion-builder-column-20 fusion_builder_column_1_4 1_4 fusion-flex-column\" style=\"--awb-bg-size:cover;--awb-width-large:25%;--awb-margin-top-large:0px;--awb-spacing-right-large:7.68%;--awb-margin-bottom-large:20px;--awb-spacing-left-large:7.68%;--awb-width-medium:50%;--awb-order-medium:0;--awb-spacing-right-medium:3.84%;--awb-spacing-left-medium:3.84%;--awb-width-small:100%;--awb-order-small:0;--awb-spacing-right-small:1.92%;--awb-spacing-left-small:1.92%;\" data-scroll-devices=\"small-visibility,medium-visibility,large-visibility\"><div class=\"fusion-column-wrapper fusion-column-has-shadow fusion-flex-justify-content-flex-start fusion-content-layout-column\"><div class=\"fusion-image-element \" style=\"--awb-margin-top:0px;--awb-margin-right:0px;--awb-margin-bottom:0px;--awb-margin-left:0px;--awb-caption-title-font-family:var(--h2_typography-font-family);--awb-caption-title-font-weight:var(--h2_typography-font-weight);--awb-caption-title-font-style:var(--h2_typography-font-style);--awb-caption-title-size:var(--h2_typography-font-size);--awb-caption-title-transform:var(--h2_typography-text-transform);--awb-caption-title-line-height:var(--h2_typography-line-height);--awb-caption-title-letter-spacing:var(--h2_typography-letter-spacing);\"><span class=\" fusion-imageframe imageframe-none imageframe-14 hover-type-none\"><a class=\"fusion-no-lightbox\" href=\"https:\/\/eurecat.org\/portfolio-items\/ecosedriv\/\" target=\"_blank\" aria-label=\"ecosedriv\" rel=\"noopener noreferrer\"><img decoding=\"async\" width=\"200\" height=\"112\" src=\"https:\/\/eurecat.org\/wp-content\/uploads\/2024\/09\/ecosedriv.jpg\" alt class=\"img-responsive wp-image-158547\"\/><\/a><\/span><\/div><div class=\"fusion-text fusion-text-42 border-top\"><h3><a href=\"https:\/\/eurecat.org\/es\/portfolio-items\/ecosedriv\/\">Ecosedriv<\/a><\/h3>\n<\/div><div class=\"fusion-text fusion-text-43\"><p>El proyecto <strong>ECOSEDRIV<\/strong> comprende y cuantifica las interacciones entre los <strong>sedimentos en suspensi\u00f3n, el r\u00e9gimen de caudales y las comunidades biol\u00f3gicas en r\u00edos altamente regulados<\/strong> para dise\u00f1ar nuevos esquemas de gesti\u00f3n de embalses con el fin de <strong>restaurar el flujo de sedimentos hacia la costa de manera sostenible.<\/strong><\/p>\n<\/div><\/div><\/div><div class=\"fusion-layout-column fusion_builder_column fusion-builder-column-21 fusion_builder_column_1_4 1_4 fusion-flex-column\" style=\"--awb-bg-size:cover;--awb-width-large:25%;--awb-margin-top-large:0px;--awb-spacing-right-large:7.68%;--awb-margin-bottom-large:20px;--awb-spacing-left-large:7.68%;--awb-width-medium:50%;--awb-order-medium:0;--awb-spacing-right-medium:3.84%;--awb-spacing-left-medium:3.84%;--awb-width-small:100%;--awb-order-small:0;--awb-spacing-right-small:1.92%;--awb-spacing-left-small:1.92%;\" data-scroll-devices=\"small-visibility,medium-visibility,large-visibility\"><div class=\"fusion-column-wrapper fusion-column-has-shadow fusion-flex-justify-content-flex-start fusion-content-layout-column\"><div class=\"fusion-image-element \" style=\"--awb-margin-top:0px;--awb-margin-right:0px;--awb-margin-bottom:0px;--awb-margin-left:0px;--awb-caption-title-font-family:var(--h2_typography-font-family);--awb-caption-title-font-weight:var(--h2_typography-font-weight);--awb-caption-title-font-style:var(--h2_typography-font-style);--awb-caption-title-size:var(--h2_typography-font-size);--awb-caption-title-transform:var(--h2_typography-text-transform);--awb-caption-title-line-height:var(--h2_typography-line-height);--awb-caption-title-letter-spacing:var(--h2_typography-letter-spacing);\"><span class=\" fusion-imageframe imageframe-none imageframe-15 hover-type-none\"><a class=\"fusion-no-lightbox\" href=\"https:\/\/eurecat.org\/portfolio-items\/e-sbn\/\" target=\"_blank\" aria-label=\"esbn\" rel=\"noopener noreferrer\"><img decoding=\"async\" width=\"200\" height=\"112\" src=\"https:\/\/eurecat.org\/wp-content\/uploads\/2024\/09\/esbn.jpg\" alt class=\"img-responsive wp-image-158550\"\/><\/a><\/span><\/div><div class=\"fusion-text fusion-text-44 border-top\"><h3><a href=\"https:\/\/eurecat.org\/es\/portfolio-items\/e-sbn\/\">E:SBN<\/a><\/h3>\n<\/div><div class=\"fusion-text fusion-text-45\"><p>El proyecto <strong>Sistematizaci\u00f3n de soluciones basadas en naturaleza en Espa\u00f1a (E:SBN)<\/strong> establece un sistema de identificaci\u00f3n, clasificaci\u00f3n y catalogaci\u00f3n de <strong>Soluciones Basadas en la Naturaleza (SBN)<\/strong> creadas en distintos tipos de ecosistemas en Espa\u00f1a, desde <strong>parques, corredores verdes, restauraci\u00f3n costera y de humedales o refugios clim\u00e1ticos<\/strong>, para que su planificaci\u00f3n e implementaci\u00f3n, tanto en entornos urbanos como rurales, se realice con una mirada global y de forma coherente, eficaz y <strong>adaptada a cada realidad territorial en el marco de la acci\u00f3n clim\u00e1tica.<\/strong><\/p>\n<\/div><\/div><\/div><\/div><\/div><div class=\"fusion-fullwidth fullwidth-box fusion-builder-row-8 fusion-flex-container has-pattern-background has-mask-background nonhundred-percent-fullwidth non-hundred-percent-height-scrolling eu_2024 section-header section-color-gradient \" style=\"--awb-border-radius-top-left:0px;--awb-border-radius-top-right:0px;--awb-border-radius-bottom-right:0px;--awb-border-radius-bottom-left:0px;--awb-background-size:cover;--awb-flex-wrap:wrap;\" ><div class=\"fusion-builder-row fusion-row fusion-flex-align-items-flex-start fusion-flex-content-wrap\" style=\"max-width:1424.8px;margin-left: calc(-4% \/ 2 );margin-right: calc(-4% \/ 2 );\"><div class=\"fusion-layout-column fusion_builder_column fusion-builder-column-22 fusion_builder_column_1_1 1_1 fusion-flex-column\" style=\"--awb-bg-size:cover;--awb-width-large:100%;--awb-margin-top-large:0px;--awb-spacing-right-large:1.92%;--awb-margin-bottom-large:20px;--awb-spacing-left-large:1.92%;--awb-width-medium:100%;--awb-order-medium:0;--awb-spacing-right-medium:1.92%;--awb-spacing-left-medium:1.92%;--awb-width-small:100%;--awb-order-small:0;--awb-spacing-right-small:1.92%;--awb-spacing-left-small:1.92%;\" data-scroll-devices=\"small-visibility,medium-visibility,large-visibility\"><div class=\"fusion-column-wrapper fusion-column-has-shadow fusion-flex-justify-content-flex-start fusion-content-layout-column\"><div class=\"fusion-text fusion-text-46 topline\"><h2><strong>Infraestructuras y redes de investigaci\u00f3n<\/strong><\/h2>\n<\/div><\/div><\/div><\/div><\/div><div class=\"fusion-fullwidth fullwidth-box fusion-builder-row-9 fusion-flex-container has-pattern-background has-mask-background nonhundred-percent-fullwidth non-hundred-percent-height-scrolling eu_2024 section-equipaments section-color-white\" style=\"--awb-border-radius-top-left:0px;--awb-border-radius-top-right:0px;--awb-border-radius-bottom-right:0px;--awb-border-radius-bottom-left:0px;--awb-flex-wrap:wrap;\" ><div class=\"fusion-builder-row fusion-row fusion-flex-align-items-flex-start fusion-flex-content-wrap\" style=\"max-width:1424.8px;margin-left: calc(-4% \/ 2 );margin-right: calc(-4% \/ 2 );\"><div class=\"fusion-layout-column fusion_builder_column fusion-builder-column-23 fusion_builder_column_1_3 1_3 fusion-flex-column equipament\" style=\"--awb-bg-size:cover;--awb-width-large:33.333333333333%;--awb-margin-top-large:0px;--awb-spacing-right-large:5.76%;--awb-margin-bottom-large:20px;--awb-spacing-left-large:5.76%;--awb-width-medium:50%;--awb-order-medium:0;--awb-spacing-right-medium:3.84%;--awb-spacing-left-medium:3.84%;--awb-width-small:100%;--awb-order-small:0;--awb-spacing-right-small:1.92%;--awb-spacing-left-small:1.92%;\" data-scroll-devices=\"small-visibility,medium-visibility,large-visibility\"><div class=\"fusion-column-wrapper fusion-column-has-shadow fusion-flex-justify-content-flex-start fusion-content-layout-column\"><div class=\"fusion-image-element \" style=\"--awb-margin-top:0px;--awb-margin-right:0px;--awb-margin-bottom:0px;--awb-margin-left:0px;--awb-caption-title-font-family:var(--h2_typography-font-family);--awb-caption-title-font-weight:var(--h2_typography-font-weight);--awb-caption-title-font-style:var(--h2_typography-font-style);--awb-caption-title-size:var(--h2_typography-font-size);--awb-caption-title-transform:var(--h2_typography-text-transform);--awb-caption-title-line-height:var(--h2_typography-line-height);--awb-caption-title-letter-spacing:var(--h2_typography-letter-spacing);\"><span class=\" fusion-imageframe imageframe-none imageframe-16 hover-type-none\"><img decoding=\"async\" width=\"1024\" height=\"684\" title=\"crc1024x684\" src=\"https:\/\/eurecat.org\/wp-content\/uploads\/2024\/09\/crc1024x684.jpg\" alt class=\"img-responsive wp-image-158562\" srcset=\"https:\/\/eurecat.org\/wp-content\/uploads\/2024\/09\/crc1024x684-200x134.jpg 200w, https:\/\/eurecat.org\/wp-content\/uploads\/2024\/09\/crc1024x684-400x267.jpg 400w, https:\/\/eurecat.org\/wp-content\/uploads\/2024\/09\/crc1024x684-600x401.jpg 600w, https:\/\/eurecat.org\/wp-content\/uploads\/2024\/09\/crc1024x684-800x534.jpg 800w, https:\/\/eurecat.org\/wp-content\/uploads\/2024\/09\/crc1024x684.jpg 1024w\" sizes=\"(max-width: 1024px) 100vw, (max-width: 640px) 100vw, 600px\" \/><\/span><\/div><div class=\"fusion-text fusion-text-47\"><h3>Centro en Resiliencia Clim\u00e1tica<\/h3>\n<\/div><div ><a class=\"fusion-button button-flat fusion-button-default-size button-default fusion-button-default button-2 fusion-button-default-span fusion-button-default-type\" target=\"_self\" href=\"https:\/\/centreenresilienciaclimatica.org\/es\/\"><span class=\"fusion-button-text awb-button__text awb-button__text--default\">M\u00e1s informaci\u00f3n<\/span><\/a><\/div><\/div><\/div><div class=\"fusion-layout-column fusion_builder_column fusion-builder-column-24 fusion_builder_column_1_3 1_3 fusion-flex-column equipament\" style=\"--awb-bg-size:cover;--awb-width-large:33.333333333333%;--awb-margin-top-large:0px;--awb-spacing-right-large:5.76%;--awb-margin-bottom-large:20px;--awb-spacing-left-large:5.76%;--awb-width-medium:50%;--awb-order-medium:0;--awb-spacing-right-medium:3.84%;--awb-spacing-left-medium:3.84%;--awb-width-small:100%;--awb-order-small:0;--awb-spacing-right-small:1.92%;--awb-spacing-left-small:1.92%;\" data-scroll-devices=\"small-visibility,medium-visibility,large-visibility\"><div class=\"fusion-column-wrapper fusion-column-has-shadow fusion-flex-justify-content-flex-start fusion-content-layout-column\"><div class=\"fusion-image-element \" style=\"--awb-margin-top:0px;--awb-margin-right:0px;--awb-margin-bottom:0px;--awb-margin-left:0px;--awb-caption-title-font-family:var(--h2_typography-font-family);--awb-caption-title-font-weight:var(--h2_typography-font-weight);--awb-caption-title-font-style:var(--h2_typography-font-style);--awb-caption-title-size:var(--h2_typography-font-size);--awb-caption-title-transform:var(--h2_typography-text-transform);--awb-caption-title-line-height:var(--h2_typography-line-height);--awb-caption-title-letter-spacing:var(--h2_typography-letter-spacing);\"><span class=\" fusion-imageframe imageframe-none imageframe-17 hover-type-none\"><img decoding=\"async\" width=\"1024\" height=\"684\" title=\"living-lab\" src=\"https:\/\/eurecat.org\/wp-content\/uploads\/2024\/09\/living-lab-1.jpg\" alt class=\"img-responsive wp-image-158568\" srcset=\"https:\/\/eurecat.org\/wp-content\/uploads\/2024\/09\/living-lab-1-200x134.jpg 200w, https:\/\/eurecat.org\/wp-content\/uploads\/2024\/09\/living-lab-1-400x267.jpg 400w, https:\/\/eurecat.org\/wp-content\/uploads\/2024\/09\/living-lab-1-600x401.jpg 600w, https:\/\/eurecat.org\/wp-content\/uploads\/2024\/09\/living-lab-1-800x534.jpg 800w, https:\/\/eurecat.org\/wp-content\/uploads\/2024\/09\/living-lab-1.jpg 1024w\" sizes=\"(max-width: 1024px) 100vw, (max-width: 640px) 100vw, 600px\" \/><\/span><\/div><div class=\"fusion-text fusion-text-48\"><h3>Living Lab Ebre Bioterritori<\/h3>\n<\/div><div ><a class=\"fusion-button button-flat fusion-button-default-size button-default fusion-button-default button-3 fusion-button-default-span fusion-button-default-type\" target=\"_self\" href=\"https:\/\/centreenresilienciaclimatica.org\/es\/living-lab-ebre-bioterritori\/\"><span class=\"fusion-button-text awb-button__text awb-button__text--default\">M\u00e1s informaci\u00f3n<\/span><\/a><\/div><\/div><\/div><div class=\"fusion-layout-column fusion_builder_column fusion-builder-column-25 fusion_builder_column_1_3 1_3 fusion-flex-column equipament\" style=\"--awb-bg-size:cover;--awb-width-large:33.333333333333%;--awb-margin-top-large:0px;--awb-spacing-right-large:5.76%;--awb-margin-bottom-large:20px;--awb-spacing-left-large:5.76%;--awb-width-medium:50%;--awb-order-medium:0;--awb-spacing-right-medium:3.84%;--awb-spacing-left-medium:3.84%;--awb-width-small:100%;--awb-order-small:0;--awb-spacing-right-small:1.92%;--awb-spacing-left-small:1.92%;\" data-scroll-devices=\"small-visibility,medium-visibility,large-visibility\"><div class=\"fusion-column-wrapper fusion-column-has-shadow fusion-flex-justify-content-flex-start fusion-content-layout-column\"><div class=\"fusion-image-element \" style=\"--awb-margin-top:0px;--awb-margin-right:0px;--awb-margin-bottom:0px;--awb-margin-left:0px;--awb-caption-title-font-family:var(--h2_typography-font-family);--awb-caption-title-font-weight:var(--h2_typography-font-weight);--awb-caption-title-font-style:var(--h2_typography-font-style);--awb-caption-title-size:var(--h2_typography-font-size);--awb-caption-title-transform:var(--h2_typography-text-transform);--awb-caption-title-line-height:var(--h2_typography-line-height);--awb-caption-title-letter-spacing:var(--h2_typography-letter-spacing);\"><span class=\" fusion-imageframe imageframe-none imageframe-18 hover-type-none\"><img decoding=\"async\" width=\"1024\" height=\"684\" title=\"REST-COAST1024x684\" src=\"https:\/\/eurecat.org\/wp-content\/uploads\/2024\/09\/REST-COAST1024x684.jpg\" alt class=\"img-responsive wp-image-158571\" srcset=\"https:\/\/eurecat.org\/wp-content\/uploads\/2024\/09\/REST-COAST1024x684-200x134.jpg 200w, https:\/\/eurecat.org\/wp-content\/uploads\/2024\/09\/REST-COAST1024x684-400x267.jpg 400w, https:\/\/eurecat.org\/wp-content\/uploads\/2024\/09\/REST-COAST1024x684-600x401.jpg 600w, https:\/\/eurecat.org\/wp-content\/uploads\/2024\/09\/REST-COAST1024x684-800x534.jpg 800w, https:\/\/eurecat.org\/wp-content\/uploads\/2024\/09\/REST-COAST1024x684.jpg 1024w\" sizes=\"(max-width: 1024px) 100vw, (max-width: 640px) 100vw, 600px\" \/><\/span><\/div><div class=\"fusion-text fusion-text-49\"><h3>Red de monitoreo del cambio clim\u00e1tico<\/h3>\n<\/div><div ><a class=\"fusion-button button-flat fusion-button-default-size button-default fusion-button-default button-4 fusion-button-default-span fusion-button-default-type\" target=\"_self\" href=\"https:\/\/eurecat.org\/es\/portfolio-items\/rest-coast\/\"><span class=\"fusion-button-text awb-button__text awb-button__text--default\">M\u00e1s informaci\u00f3n<\/span><\/a><\/div><\/div><\/div><div class=\"fusion-layout-column fusion_builder_column fusion-builder-column-26 fusion_builder_column_1_3 1_3 fusion-flex-column equipament\" style=\"--awb-bg-size:cover;--awb-width-large:33.333333333333%;--awb-margin-top-large:0px;--awb-spacing-right-large:5.76%;--awb-margin-bottom-large:20px;--awb-spacing-left-large:5.76%;--awb-width-medium:50%;--awb-order-medium:0;--awb-spacing-right-medium:3.84%;--awb-spacing-left-medium:3.84%;--awb-width-small:100%;--awb-order-small:0;--awb-spacing-right-small:1.92%;--awb-spacing-left-small:1.92%;\" data-scroll-devices=\"small-visibility,medium-visibility,large-visibility\"><div class=\"fusion-column-wrapper fusion-column-has-shadow fusion-flex-justify-content-flex-start fusion-content-layout-column\"><div class=\"fusion-image-element \" style=\"--awb-margin-top:0px;--awb-margin-right:0px;--awb-margin-bottom:0px;--awb-margin-left:0px;--awb-caption-title-font-family:var(--h2_typography-font-family);--awb-caption-title-font-weight:var(--h2_typography-font-weight);--awb-caption-title-font-style:var(--h2_typography-font-style);--awb-caption-title-size:var(--h2_typography-font-size);--awb-caption-title-transform:var(--h2_typography-text-transform);--awb-caption-title-line-height:var(--h2_typography-line-height);--awb-caption-title-letter-spacing:var(--h2_typography-letter-spacing);\"><span class=\" fusion-imageframe imageframe-none imageframe-19 hover-type-none\"><img decoding=\"async\" width=\"1024\" height=\"684\" title=\"finques-experimentals1024x684\" src=\"https:\/\/eurecat.org\/wp-content\/uploads\/2024\/09\/finques-experimentals1024x684.jpg\" alt class=\"img-responsive wp-image-158565\" srcset=\"https:\/\/eurecat.org\/wp-content\/uploads\/2024\/09\/finques-experimentals1024x684-200x134.jpg 200w, https:\/\/eurecat.org\/wp-content\/uploads\/2024\/09\/finques-experimentals1024x684-400x267.jpg 400w, https:\/\/eurecat.org\/wp-content\/uploads\/2024\/09\/finques-experimentals1024x684-600x401.jpg 600w, https:\/\/eurecat.org\/wp-content\/uploads\/2024\/09\/finques-experimentals1024x684-800x534.jpg 800w, https:\/\/eurecat.org\/wp-content\/uploads\/2024\/09\/finques-experimentals1024x684.jpg 1024w\" sizes=\"(max-width: 1024px) 100vw, (max-width: 640px) 100vw, 600px\" \/><\/span><\/div><div class=\"fusion-text fusion-text-50\"><h3>Red de fincas experimentales para desarrollar pruebas piloto<\/h3>\n<\/div><div ><a class=\"fusion-button button-flat fusion-button-default-size button-default fusion-button-default button-5 fusion-button-default-span fusion-button-default-type\" target=\"_self\" href=\"https:\/\/eurecat.org\/es\/portfolio-items\/bioresilmed\/\"><span class=\"fusion-button-text awb-button__text awb-button__text--default\">M\u00e1s informaci\u00f3n<\/span><\/a><\/div><\/div><\/div><\/div><\/div>\n","protected":false},"excerpt":{"rendered":"","protected":false},"author":39,"featured_media":0,"parent":0,"menu_order":0,"comment_status":"closed","ping_status":"closed","template":"100-width.php","meta":{"footnotes":""},"class_list":["post-165234","page","type-page","status-publish","hentry"],"yoast_head":"<!-- This site is optimized with the Yoast SEO plugin v27.4 - https:\/\/yoast.com\/product\/yoast-seo-wordpress\/ -->\n<title>Soluciones Clim\u00e1ticas y Servicios Ecosist\u00e9micos - Eurecat<\/title>\n<meta name=\"description\" content=\"Generaci\u00f3 de coneixement mitjan\u00e7ant l\u2019estudi de processos socioecol\u00f2gics per potenciar els serveis ecosist\u00e8mics dels ecosistemes naturals\" \/>\n<meta name=\"robots\" content=\"index, follow, max-snippet:-1, max-image-preview:large, max-video-preview:-1\" \/>\n<link rel=\"canonical\" href=\"https:\/\/eurecat.org\/es\/soluciones-climaticas-y-servicios-ecosistemicos\/\" \/>\n<meta property=\"og:locale\" content=\"es_ES\" \/>\n<meta property=\"og:type\" content=\"article\" \/>\n<meta property=\"og:title\" content=\"Soluciones Clim\u00e1ticas y Servicios Ecosist\u00e9micos - Eurecat\" \/>\n<meta property=\"og:description\" content=\"Generaci\u00f3 de coneixement mitjan\u00e7ant l\u2019estudi de processos socioecol\u00f2gics per potenciar els serveis ecosist\u00e8mics dels ecosistemes naturals\" \/>\n<meta property=\"og:url\" content=\"https:\/\/eurecat.org\/es\/soluciones-climaticas-y-servicios-ecosistemicos\/\" \/>\n<meta property=\"og:site_name\" content=\"Eurecat\" \/>\n<meta property=\"article:modified_time\" content=\"2025-01-15T07:24:55+00:00\" \/>\n<meta name=\"twitter:card\" content=\"summary_large_image\" \/>\n<meta name=\"twitter:label1\" content=\"Tiempo de lectura\" \/>\n\t<meta name=\"twitter:data1\" content=\"11 minutos\" \/>\n<script type=\"application\/ld+json\" class=\"yoast-schema-graph\">{\"@context\":\"https:\\\/\\\/schema.org\",\"@graph\":[{\"@type\":\"WebPage\",\"@id\":\"https:\\\/\\\/eurecat.org\\\/es\\\/soluciones-climaticas-y-servicios-ecosistemicos\\\/\",\"url\":\"https:\\\/\\\/eurecat.org\\\/es\\\/soluciones-climaticas-y-servicios-ecosistemicos\\\/\",\"name\":\"Soluciones Clim\u00e1ticas y Servicios Ecosist\u00e9micos - Eurecat\",\"isPartOf\":{\"@id\":\"https:\\\/\\\/eurecat.org\\\/es\\\/#website\"},\"datePublished\":\"2024-12-03T15:54:23+00:00\",\"dateModified\":\"2025-01-15T07:24:55+00:00\",\"description\":\"Generaci\u00f3 de coneixement mitjan\u00e7ant l\u2019estudi de processos socioecol\u00f2gics per potenciar els serveis ecosist\u00e8mics dels ecosistemes naturals\",\"breadcrumb\":{\"@id\":\"https:\\\/\\\/eurecat.org\\\/es\\\/soluciones-climaticas-y-servicios-ecosistemicos\\\/#breadcrumb\"},\"inLanguage\":\"es\",\"potentialAction\":[{\"@type\":\"ReadAction\",\"target\":[\"https:\\\/\\\/eurecat.org\\\/es\\\/soluciones-climaticas-y-servicios-ecosistemicos\\\/\"]}]},{\"@type\":\"BreadcrumbList\",\"@id\":\"https:\\\/\\\/eurecat.org\\\/es\\\/soluciones-climaticas-y-servicios-ecosistemicos\\\/#breadcrumb\",\"itemListElement\":[{\"@type\":\"ListItem\",\"position\":1,\"name\":\"Inici\",\"item\":\"https:\\\/\\\/eurecat.org\\\/es\\\/\"},{\"@type\":\"ListItem\",\"position\":2,\"name\":\"Soluciones Clim\u00e1ticas y Servicios Ecosist\u00e9micos\"}]},{\"@type\":\"WebSite\",\"@id\":\"https:\\\/\\\/eurecat.org\\\/es\\\/#website\",\"url\":\"https:\\\/\\\/eurecat.org\\\/es\\\/\",\"name\":\"Eurecat\",\"description\":\"Otro sitio realizado con WordPress\",\"potentialAction\":[{\"@type\":\"SearchAction\",\"target\":{\"@type\":\"EntryPoint\",\"urlTemplate\":\"https:\\\/\\\/eurecat.org\\\/es\\\/?s={search_term_string}\"},\"query-input\":{\"@type\":\"PropertyValueSpecification\",\"valueRequired\":true,\"valueName\":\"search_term_string\"}}],\"inLanguage\":\"es\"}]}<\/script>\n<!-- \/ Yoast SEO plugin. -->","yoast_head_json":{"title":"Soluciones Clim\u00e1ticas y Servicios Ecosist\u00e9micos - Eurecat","description":"Generaci\u00f3 de coneixement mitjan\u00e7ant l\u2019estudi de processos socioecol\u00f2gics per potenciar els serveis ecosist\u00e8mics dels ecosistemes naturals","robots":{"index":"index","follow":"follow","max-snippet":"max-snippet:-1","max-image-preview":"max-image-preview:large","max-video-preview":"max-video-preview:-1"},"canonical":"https:\/\/eurecat.org\/es\/soluciones-climaticas-y-servicios-ecosistemicos\/","og_locale":"es_ES","og_type":"article","og_title":"Soluciones Clim\u00e1ticas y Servicios Ecosist\u00e9micos - Eurecat","og_description":"Generaci\u00f3 de coneixement mitjan\u00e7ant l\u2019estudi de processos socioecol\u00f2gics per potenciar els serveis ecosist\u00e8mics dels ecosistemes naturals","og_url":"https:\/\/eurecat.org\/es\/soluciones-climaticas-y-servicios-ecosistemicos\/","og_site_name":"Eurecat","article_modified_time":"2025-01-15T07:24:55+00:00","twitter_card":"summary_large_image","twitter_misc":{"Tiempo de lectura":"11 minutos"},"schema":{"@context":"https:\/\/schema.org","@graph":[{"@type":"WebPage","@id":"https:\/\/eurecat.org\/es\/soluciones-climaticas-y-servicios-ecosistemicos\/","url":"https:\/\/eurecat.org\/es\/soluciones-climaticas-y-servicios-ecosistemicos\/","name":"Soluciones Clim\u00e1ticas y Servicios Ecosist\u00e9micos - Eurecat","isPartOf":{"@id":"https:\/\/eurecat.org\/es\/#website"},"datePublished":"2024-12-03T15:54:23+00:00","dateModified":"2025-01-15T07:24:55+00:00","description":"Generaci\u00f3 de coneixement mitjan\u00e7ant l\u2019estudi de processos socioecol\u00f2gics per potenciar els serveis ecosist\u00e8mics dels ecosistemes naturals","breadcrumb":{"@id":"https:\/\/eurecat.org\/es\/soluciones-climaticas-y-servicios-ecosistemicos\/#breadcrumb"},"inLanguage":"es","potentialAction":[{"@type":"ReadAction","target":["https:\/\/eurecat.org\/es\/soluciones-climaticas-y-servicios-ecosistemicos\/"]}]},{"@type":"BreadcrumbList","@id":"https:\/\/eurecat.org\/es\/soluciones-climaticas-y-servicios-ecosistemicos\/#breadcrumb","itemListElement":[{"@type":"ListItem","position":1,"name":"Inici","item":"https:\/\/eurecat.org\/es\/"},{"@type":"ListItem","position":2,"name":"Soluciones Clim\u00e1ticas y Servicios Ecosist\u00e9micos"}]},{"@type":"WebSite","@id":"https:\/\/eurecat.org\/es\/#website","url":"https:\/\/eurecat.org\/es\/","name":"Eurecat","description":"Otro sitio realizado con WordPress","potentialAction":[{"@type":"SearchAction","target":{"@type":"EntryPoint","urlTemplate":"https:\/\/eurecat.org\/es\/?s={search_term_string}"},"query-input":{"@type":"PropertyValueSpecification","valueRequired":true,"valueName":"search_term_string"}}],"inLanguage":"es"}]}},"_links":{"self":[{"href":"https:\/\/eurecat.org\/es\/wp-json\/wp\/v2\/pages\/165234","targetHints":{"allow":["GET"]}}],"collection":[{"href":"https:\/\/eurecat.org\/es\/wp-json\/wp\/v2\/pages"}],"about":[{"href":"https:\/\/eurecat.org\/es\/wp-json\/wp\/v2\/types\/page"}],"author":[{"embeddable":true,"href":"https:\/\/eurecat.org\/es\/wp-json\/wp\/v2\/users\/39"}],"replies":[{"embeddable":true,"href":"https:\/\/eurecat.org\/es\/wp-json\/wp\/v2\/comments?post=165234"}],"version-history":[{"count":2,"href":"https:\/\/eurecat.org\/es\/wp-json\/wp\/v2\/pages\/165234\/revisions"}],"predecessor-version":[{"id":168893,"href":"https:\/\/eurecat.org\/es\/wp-json\/wp\/v2\/pages\/165234\/revisions\/168893"}],"wp:attachment":[{"href":"https:\/\/eurecat.org\/es\/wp-json\/wp\/v2\/media?parent=165234"}],"curies":[{"name":"wp","href":"https:\/\/api.w.org\/{rel}","templated":true}]}}