{"id":171921,"date":"2025-02-10T16:40:47","date_gmt":"2025-02-10T15:40:47","guid":{"rendered":"https:\/\/eurecat.org\/?page_id=171921"},"modified":"2025-04-10T16:12:10","modified_gmt":"2025-04-10T14:12:10","slug":"jornada-innovacion-gestion-suelo-agua-subterranea","status":"publish","type":"page","link":"https:\/\/eurecat.org\/es\/servicios\/eurecatevents\/jornada-innovacion-gestion-suelo-agua-subterranea\/","title":{"rendered":"Jornada \u00bfC\u00f3mo impulsar la innovaci\u00f3n en la gesti\u00f3n del suelo y el agua subterr\u00e1nea?"},"content":{"rendered":"<div class=\"fusion-fullwidth fullwidth-box fusion-builder-row-1 hundred-percent-fullwidth non-hundred-percent-height-scrolling\" style=\"--awb-border-radius-top-left:0px;--awb-border-radius-top-right:0px;--awb-border-radius-bottom-right:0px;--awb-border-radius-bottom-left:0px;--awb-padding-top:-40px;--awb-flex-wrap:wrap;\" ><div class=\"fusion-builder-row fusion-row\"><div class=\"fusion-layout-column fusion_builder_column fusion-builder-column-0 fusion_builder_column_1_1 1_1 fusion-one-full fusion-column-first fusion-column-last fusion-column-no-min-height\" style=\"--awb-bg-size:cover;--awb-margin-bottom:0px;\"><div class=\"fusion-column-wrapper fusion-flex-column-wrapper-legacy\"><div class=\"fusion-text fusion-text-1 fusion-text-no-margin\" style=\"--awb-margin-bottom:20px;\"><h2 style=\"text-align: center;\"><span style=\"color: #800080;\"><strong>\u00a1<\/strong><\/span><span style=\"color: #000000;\"><span style=\"color: #800080;\"><strong>CONTENIDOS DISPONIBLES!<br \/>\n<\/strong><\/span><br \/>\n<\/span><span style=\"color: #3d6fb6;\"><strong>\u00bfC\u00f3mo impulsar la innovaci\u00f3n en la gesti\u00f3n <\/strong><\/span><span style=\"color: #3d6fb6;\"><strong>del suelo y el agua subterr\u00e1nea?<br \/>\n<\/strong><\/span><strong><span style=\"color: #3d6fb6;\">3 abril 2025 &#8211; Eurecat Manresa<\/span><\/strong><\/h2>\n<\/div><div class=\"fusion-sep-clear\"><\/div><div class=\"fusion-separator fusion-full-width-sep\" style=\"margin-left: auto;margin-right: auto;width:100%;\"><\/div><div class=\"fusion-sep-clear\"><\/div><div class=\"fusion-clearfix\"><\/div><\/div><\/div><div class=\"fusion-layout-column fusion_builder_column fusion-builder-column-1 fusion_builder_column_1_6 1_6 fusion-one-sixth fusion-column-first fusion-column-no-min-height\" style=\"--awb-padding-left:40px;--awb-bg-size:cover;--awb-margin-bottom:0px;width:16.666666666667%;width:calc(16.666666666667% - ( ( 4% + 4% + 4% + 4% ) * 0.16666666666667 ) );margin-right: 4%;\"><div class=\"fusion-column-wrapper fusion-flex-column-wrapper-legacy\"><div class=\"fusion-text fusion-text-2\"><h3><strong>Organiza:<\/strong><\/h3>\n<\/div><div class=\"fusion-image-element in-legacy-container\" style=\"--awb-caption-title-font-family:var(--h2_typography-font-family);--awb-caption-title-font-weight:var(--h2_typography-font-weight);--awb-caption-title-font-style:var(--h2_typography-font-style);--awb-caption-title-size:var(--h2_typography-font-size);--awb-caption-title-transform:var(--h2_typography-text-transform);--awb-caption-title-line-height:var(--h2_typography-line-height);--awb-caption-title-letter-spacing:var(--h2_typography-letter-spacing);\"><span class=\" fusion-imageframe imageframe-none imageframe-1 hover-type-none\"><a class=\"fusion-no-lightbox\" href=\"https:\/\/eurecat.org\/\" target=\"_self\" aria-label=\"logo-organitza-eurecat\"><img decoding=\"async\" width=\"400\" height=\"112\" src=\"https:\/\/eurecat.org\/wp-content\/uploads\/2024\/02\/logo-organitza-eurecat.jpg\" alt class=\"img-responsive wp-image-147545\" srcset=\"https:\/\/eurecat.org\/wp-content\/uploads\/2024\/02\/logo-organitza-eurecat-200x56.jpg 200w, https:\/\/eurecat.org\/wp-content\/uploads\/2024\/02\/logo-organitza-eurecat.jpg 400w\" sizes=\"(max-width: 800px) 100vw, 200px\" \/><\/a><\/span><\/div><div class=\"fusion-clearfix\"><\/div><\/div><\/div><div class=\"fusion-layout-column fusion_builder_column fusion-builder-column-2 fusion_builder_column_1_3 1_3 fusion-one-third fusion-column-no-min-height\" style=\"--awb-padding-left:40px;--awb-bg-size:cover;--awb-margin-bottom:0px;width:33.333333333333%;width:calc(33.333333333333% - ( ( 4% + 4% + 4% + 4% ) * 0.33333333333333 ) );margin-right: 4%;\"><div class=\"fusion-column-wrapper fusion-flex-column-wrapper-legacy\"><div class=\"fusion-text fusion-text-3\"><h3><strong>Colaboran:<\/strong><\/h3>\n<\/div><div class=\"fusion-image-element in-legacy-container\" style=\"--awb-caption-title-font-family:var(--h2_typography-font-family);--awb-caption-title-font-weight:var(--h2_typography-font-weight);--awb-caption-title-font-style:var(--h2_typography-font-style);--awb-caption-title-size:var(--h2_typography-font-size);--awb-caption-title-transform:var(--h2_typography-text-transform);--awb-caption-title-line-height:var(--h2_typography-line-height);--awb-caption-title-letter-spacing:var(--h2_typography-letter-spacing);\"><span class=\" fusion-imageframe imageframe-none imageframe-2 hover-type-none\"><a class=\"fusion-no-lightbox\" href=\"https:\/\/web.gencat.cat\/es\/inici\/index.html\" target=\"_self\" aria-label=\"logo-aca-arc-generalitat-catalunya\"><img decoding=\"async\" width=\"800\" height=\"220\" src=\"https:\/\/eurecat.org\/wp-content\/uploads\/2025\/02\/logo-aca-arc-gene-juntos-2.jpg\" alt class=\"img-responsive wp-image-172673\" srcset=\"https:\/\/eurecat.org\/wp-content\/uploads\/2025\/02\/logo-aca-arc-gene-juntos-2-200x55.jpg 200w, https:\/\/eurecat.org\/wp-content\/uploads\/2025\/02\/logo-aca-arc-gene-juntos-2-400x110.jpg 400w, https:\/\/eurecat.org\/wp-content\/uploads\/2025\/02\/logo-aca-arc-gene-juntos-2-600x165.jpg 600w, https:\/\/eurecat.org\/wp-content\/uploads\/2025\/02\/logo-aca-arc-gene-juntos-2.jpg 800w\" sizes=\"(max-width: 800px) 100vw, 400px\" \/><\/a><\/span><\/div><div class=\"fusion-clearfix\"><\/div><\/div><\/div><div class=\"fusion-layout-column fusion_builder_column fusion-builder-column-3 fusion_builder_column_1_6 1_6 fusion-one-sixth fusion-column-no-min-height\" style=\"--awb-padding-left:40px;--awb-bg-size:cover;--awb-margin-bottom:0px;width:16.666666666667%;width:calc(16.666666666667% - ( ( 4% + 4% + 4% + 4% ) * 0.16666666666667 ) );margin-right: 4%;\"><div class=\"fusion-column-wrapper fusion-flex-column-wrapper-legacy\"><div class=\"fusion-text fusion-text-4\"><h2><strong><span style=\"color: #ffffff;\">Col\u00b7labora:<\/span><\/strong><\/h2>\n<\/div><div class=\"fusion-image-element in-legacy-container\" style=\"--awb-caption-title-font-family:var(--h2_typography-font-family);--awb-caption-title-font-weight:var(--h2_typography-font-weight);--awb-caption-title-font-style:var(--h2_typography-font-style);--awb-caption-title-size:var(--h2_typography-font-size);--awb-caption-title-transform:var(--h2_typography-text-transform);--awb-caption-title-line-height:var(--h2_typography-line-height);--awb-caption-title-letter-spacing:var(--h2_typography-letter-spacing);\"><span class=\" fusion-imageframe imageframe-none imageframe-3 hover-type-none\"><a class=\"fusion-no-lightbox\" href=\"https:\/\/www.cdti.es\/\" target=\"_self\" aria-label=\"logo-cdti\"><img decoding=\"async\" width=\"400\" height=\"220\" src=\"https:\/\/eurecat.org\/wp-content\/uploads\/2025\/02\/logo-cdti-1.jpg\" alt class=\"img-responsive wp-image-172134\" srcset=\"https:\/\/eurecat.org\/wp-content\/uploads\/2025\/02\/logo-cdti-1-200x110.jpg 200w, https:\/\/eurecat.org\/wp-content\/uploads\/2025\/02\/logo-cdti-1.jpg 400w\" sizes=\"(max-width: 800px) 100vw, 200px\" \/><\/a><\/span><\/div><div class=\"fusion-clearfix\"><\/div><\/div><\/div><div class=\"fusion-layout-column fusion_builder_column fusion-builder-column-4 fusion_builder_column_1_6 1_6 fusion-one-sixth fusion-column-no-min-height\" style=\"--awb-padding-left:40px;--awb-bg-size:cover;--awb-margin-bottom:0px;width:16.666666666667%;width:calc(16.666666666667% - ( ( 4% + 4% + 4% + 4% ) * 0.16666666666667 ) );margin-right: 4%;\"><div class=\"fusion-column-wrapper fusion-flex-column-wrapper-legacy\"><div class=\"fusion-text fusion-text-5\"><h2><strong><span style=\"color: #ffffff;\">Col\u00b7labora:<\/span><\/strong><\/h2>\n<\/div><div class=\"fusion-image-element in-legacy-container\" style=\"--awb-caption-title-font-family:var(--h2_typography-font-family);--awb-caption-title-font-weight:var(--h2_typography-font-weight);--awb-caption-title-font-style:var(--h2_typography-font-style);--awb-caption-title-size:var(--h2_typography-font-size);--awb-caption-title-transform:var(--h2_typography-text-transform);--awb-caption-title-line-height:var(--h2_typography-line-height);--awb-caption-title-letter-spacing:var(--h2_typography-letter-spacing);\"><span class=\" fusion-imageframe imageframe-none imageframe-4 hover-type-none\"><a class=\"fusion-no-lightbox\" href=\"https:\/\/cwp.cat\/es\/incio\/\" target=\"_self\" aria-label=\"logo-CWP-2colores\"><img decoding=\"async\" width=\"400\" height=\"220\" src=\"https:\/\/eurecat.org\/wp-content\/uploads\/2025\/02\/logo-CWP-2colores.jpg\" alt class=\"img-responsive wp-image-172680\" srcset=\"https:\/\/eurecat.org\/wp-content\/uploads\/2025\/02\/logo-CWP-2colores-200x110.jpg 200w, https:\/\/eurecat.org\/wp-content\/uploads\/2025\/02\/logo-CWP-2colores.jpg 400w\" sizes=\"(max-width: 800px) 100vw, 200px\" \/><\/a><\/span><\/div><div class=\"fusion-clearfix\"><\/div><\/div><\/div><div class=\"fusion-layout-column fusion_builder_column fusion-builder-column-5 fusion_builder_column_1_6 1_6 fusion-one-sixth fusion-column-last fusion-column-no-min-height\" style=\"--awb-padding-left:40px;--awb-bg-size:cover;--awb-margin-bottom:0px;width:16.666666666667%;width:calc(16.666666666667% - ( ( 4% + 4% + 4% + 4% ) * 0.16666666666667 ) );\"><div class=\"fusion-column-wrapper fusion-flex-column-wrapper-legacy\"><div class=\"fusion-text fusion-text-6\"><h2><strong><span style=\"color: #ffffff;\">Col\u00b7labora:<\/span><\/strong><\/h2>\n<\/div><div class=\"fusion-image-element in-legacy-container\" style=\"--awb-caption-title-font-family:var(--h2_typography-font-family);--awb-caption-title-font-weight:var(--h2_typography-font-weight);--awb-caption-title-font-style:var(--h2_typography-font-style);--awb-caption-title-size:var(--h2_typography-font-size);--awb-caption-title-transform:var(--h2_typography-text-transform);--awb-caption-title-line-height:var(--h2_typography-line-height);--awb-caption-title-letter-spacing:var(--h2_typography-letter-spacing);\"><span class=\" fusion-imageframe imageframe-none imageframe-5 hover-type-none\"><a class=\"fusion-no-lightbox\" href=\"https:\/\/lifemysoil.eu\/es\/\" target=\"_self\" aria-label=\"logo-life-source\"><img decoding=\"async\" width=\"400\" height=\"220\" src=\"https:\/\/eurecat.org\/wp-content\/uploads\/2025\/02\/logo-life-source.jpg\" alt class=\"img-responsive wp-image-172130\" srcset=\"https:\/\/eurecat.org\/wp-content\/uploads\/2025\/02\/logo-life-source-200x110.jpg 200w, https:\/\/eurecat.org\/wp-content\/uploads\/2025\/02\/logo-life-source.jpg 400w\" sizes=\"(max-width: 800px) 100vw, 200px\" \/><\/a><\/span><\/div><div class=\"fusion-clearfix\"><\/div><\/div><\/div><\/div><\/div><div class=\"fusion-fullwidth fullwidth-box fusion-builder-row-2 has-pattern-background has-mask-background fusion-parallax-none hundred-percent-fullwidth non-hundred-percent-height-scrolling\" style=\"--awb-border-radius-top-left:0px;--awb-border-radius-top-right:0px;--awb-border-radius-bottom-right:0px;--awb-border-radius-bottom-left:0px;--awb-padding-top:220px;--awb-padding-bottom:220px;--awb-background-image:url(&quot;https:\/\/eurecat.org\/wp-content\/uploads\/2025\/02\/imatgecapweb-1.jpg&quot;);--awb-background-size:cover;--awb-flex-wrap:wrap;\" ><div class=\"fusion-builder-row fusion-row\"><div class=\"fusion-layout-column fusion_builder_column fusion-builder-column-6 fusion_builder_column_1_1 1_1 fusion-one-full fusion-column-first fusion-column-last fusion-column-no-min-height\" style=\"--awb-bg-size:cover;\"><div class=\"fusion-column-wrapper fusion-flex-column-wrapper-legacy\"><div class=\"fusion-column-content-centered\"><div class=\"fusion-column-content\"><div class=\"fusion-sep-clear\"><\/div><div class=\"fusion-separator fusion-full-width-sep\" style=\"margin-left: auto;margin-right: auto;width:100%;\"><\/div><div class=\"fusion-sep-clear\"><\/div><\/div><\/div><div class=\"fusion-clearfix\"><\/div><\/div><\/div><\/div><\/div><div class=\"fusion-fullwidth fullwidth-box fusion-builder-row-3 nonhundred-percent-fullwidth non-hundred-percent-height-scrolling\" style=\"--awb-background-position:left top;--awb-border-sizes-top:0px;--awb-border-sizes-bottom:0px;--awb-border-sizes-left:0px;--awb-border-sizes-right:0px;--awb-border-radius-top-left:0px;--awb-border-radius-top-right:0px;--awb-border-radius-bottom-right:0px;--awb-border-radius-bottom-left:0px;--awb-padding-top:30px;--awb-padding-right:0px;--awb-padding-bottom:30px;--awb-padding-left:0px;--awb-flex-wrap:wrap;\" ><div class=\"fusion-builder-row fusion-row\"><div class=\"fusion-layout-column fusion_builder_column fusion-builder-column-7 fusion_builder_column_2_5 2_5 fusion-two-fifth fusion-column-first\" style=\"--awb-padding-right:20px;--awb-padding-left:20px;--awb-bg-size:cover;width:40%;width:calc(40% - ( ( 4% + 4% ) * 0.4 ) );margin-right: 4%;\"><div class=\"fusion-column-wrapper fusion-flex-column-wrapper-legacy\"><div class=\"fusion-text fusion-text-7\"><p><b>Eurecat <\/b>con la colaboraci\u00f3n de la <strong><a href=\"https:\/\/aca.gencat.cat\/ca\/inici\">Agencia Catalana del Agua<\/a> (ACA),\u00a0 <\/strong>la <strong><a href=\"https:\/\/residus.gencat.cat\/es\/inici\/index.html\">Agencia de Residuos de Catalu\u00f1a<\/a>\u00a0(ARC)<\/strong>,\u00a0el <a href=\"https:\/\/www.cdti.es\/\"><strong>Centro para el Desarrollo Tecnol\u00f3gico y la Innovaci\u00f3n<\/strong><\/a> (CDTI), el <strong><a href=\"https:\/\/cwp.cat\/es\/incio\/\">Catalan Water Partnership<\/a> (CWP<\/strong><strong>) <\/strong>y el proyecto<strong>\u00a0<a href=\"https:\/\/life-source.se\/en\/start\/\">Life SOuRCE\u00a0<\/a><\/strong> organizan la jornada \u00ab<strong>\u00bfC\u00f3mo impulsar la innovaci\u00f3n en la gesti\u00f3n del suelo y el agua subterr\u00e1nea?\u00bb, <\/strong>que se celebrar\u00e1 el<strong> 3 de abril, <\/strong>en un formato <strong>presencial,<\/strong> en la Sala de Actos de la sede de <strong>Eurecat en Manresa.<br \/>\n<\/strong><br \/>\nEn este acto se presentar\u00e1n las <strong>l\u00edneas estrat\u00e9gicas de los planes de investigaci\u00f3n e innovaci\u00f3n que afectan el sector de la gesti\u00f3n del suelo y el agua subterr\u00e1nea, mostraremos ejemplos de proyectos innovadores que han permitido aumentar la competitividad empresarial de las empresas del sector, y tambi\u00e9n hablaremos de los instrumentos disponibles para impulsar la transferencia tecnol\u00f3gica.<\/strong><\/p>\n<p>Idiomas de la jornada: <strong>CATAL\u00c1N\/CASTELLANO<\/strong><\/p>\n<\/div><div class=\"fusion-clearfix\"><\/div><\/div><\/div><div class=\"fusion-layout-column fusion_builder_column fusion-builder-column-8 fusion_builder_column_2_5 2_5 fusion-two-fifth\" style=\"--awb-padding-right:20px;--awb-padding-left:40px;--awb-bg-size:cover;width:40%;width:calc(40% - ( ( 4% + 4% ) * 0.4 ) );margin-right: 4%;\"><div class=\"fusion-column-wrapper fusion-flex-column-wrapper-legacy\"><div class=\"fusion-text fusion-text-8\"><p><span style=\"color: #3d6fb6;\"><strong>A QUI\u00c9N SE DIRIGE:<\/strong><\/span><\/p>\n<ul>\n<li>T\u00e9cnicos\/as que trabajen en el sector de los suelos contaminados, en la industria, en actividades potencialmente contaminantes del suelo y del agua subterr\u00e1nea,<\/li>\n<li>Departamentos de I+D+I,<\/li>\n<li>Gestores\/as y\/o usuarios\/as del agua subterr\u00e1nea,<\/li>\n<li>Empresas consultoras o ingenier\u00edas ambientales,<\/li>\n<li>Universidades,<\/li>\n<li>Centros de Investigaci\u00f3n,<\/li>\n<li>Organismos P\u00fablicos.<\/li>\n<\/ul>\n<\/div><div class=\"fusion-clearfix\"><\/div><\/div><\/div><div class=\"fusion-layout-column fusion_builder_column fusion-builder-column-9 fusion_builder_column_1_5 1_5 fusion-one-fifth fusion-column-last\" style=\"--awb-padding-right:20px;--awb-padding-left:40px;--awb-bg-size:cover;width:20%;width:calc(20% - ( ( 4% + 4% ) * 0.2 ) );\"><div class=\"fusion-column-wrapper fusion-flex-column-wrapper-legacy\"><div class=\"fusion-button-wrapper fusion-aligncenter\"><a class=\"fusion-button button-flat fusion-button-default-size button-blue fusion-button-blue button-1 fusion-button-default-span \" target=\"_blank\" rel=\"noopener noreferrer\" href=\"https:\/\/cdn.eurecat.org\/\/PDF\/Eurecat\/Agenda-Innovacion-Suelo-Agua-Subterranea-CAST.pdf\"><span class=\"fusion-button-text awb-button__text awb-button__text--default\">Desc\u00e1rgate la agenda en pdf<\/span><\/a><\/div><div class=\"fusion-clearfix\"><\/div><\/div><\/div><\/div><\/div><div class=\"fusion-fullwidth fullwidth-box fusion-builder-row-4 has-pattern-background has-mask-background nonhundred-percent-fullwidth non-hundred-percent-height-scrolling\" style=\"--awb-border-radius-top-left:0px;--awb-border-radius-top-right:0px;--awb-border-radius-bottom-right:0px;--awb-border-radius-bottom-left:0px;--awb-padding-top:20px;--awb-padding-bottom:20px;--awb-background-color:#3d6fb6;--awb-flex-wrap:wrap;\" ><div class=\"fusion-builder-row fusion-row\"><div class=\"fusion-layout-column fusion_builder_column fusion-builder-column-10 fusion_builder_column_1_1 1_1 fusion-one-full fusion-column-first fusion-column-last\" style=\"--awb-bg-size:cover;--awb-margin-top:30px;\"><div class=\"fusion-column-wrapper fusion-flex-column-wrapper-legacy\"><div class=\"fusion-text fusion-text-9\"><h2 style=\"text-align: center;\"><span style=\"color: #ffffff;\"><strong>Agenda y Presentaciones disponibles<\/strong><\/span><\/h2>\n<\/div><div class=\"fusion-clearfix\"><\/div><\/div><\/div><\/div><\/div><div class=\"fusion-fullwidth fullwidth-box fusion-builder-row-5 nonhundred-percent-fullwidth non-hundred-percent-height-scrolling\" style=\"--awb-border-radius-top-left:0px;--awb-border-radius-top-right:0px;--awb-border-radius-bottom-right:0px;--awb-border-radius-bottom-left:0px;--awb-padding-top:20px;--awb-padding-right:50px;--awb-padding-bottom:20px;--awb-padding-left:50px;--awb-background-color:rgba(249,249,249,0);--awb-flex-wrap:wrap;\" ><div class=\"fusion-builder-row fusion-row\"><div class=\"fusion-layout-column fusion_builder_column fusion-builder-column-11 fusion_builder_column_1_2 1_2 fusion-one-half fusion-column-first\" style=\"--awb-padding-right:10px;--awb-padding-left:20px;--awb-bg-size:cover;--awb-border-color:#3d5fb6;--awb-border-right:1px;--awb-border-style:solid;width:50%;width:calc(50% - ( ( 4% ) * 0.5 ) );margin-right: 4%;\"><div class=\"fusion-column-wrapper fusion-flex-column-wrapper-legacy\"><div class=\"fusion-text fusion-text-10\"><p><span style=\"color: #3d6fb6;\"><strong>08:45h<\/strong><\/span><\/p>\n<\/div><div class=\"fusion-text fusion-text-11\"><p><strong><span style=\"color: #000000;\">Registro de asistentes y caf\u00e9 de bienvenida<\/span><\/strong><\/p>\n<\/div><div class=\"fusion-text fusion-text-12\"><p><span style=\"color: #3d6fb6;\"><strong>09:15h<\/strong><\/span><\/p>\n<\/div><div class=\"fusion-text fusion-text-13\"><p><strong>Conductora del evento<br \/>\n<\/strong><\/p>\n<ul>\n<li><em><strong>Merche Carod, <\/strong>Business Developer &#8211; Resources,<strong> Eurecat<\/strong><\/em><\/li>\n<\/ul>\n<p><em><strong>Bienvenida a la jornada<br \/>\n<\/strong><\/em><\/p>\n<ul>\n<li><em><strong>Irene Jubany, <\/strong>Coordinadora Cient\u00edfica &#8211; \u00c1rea de Sostenibilidad,<strong> Eurecat<\/strong><\/em><\/li>\n<\/ul>\n<\/div><div class=\"fusion-text fusion-text-14\"><h3 style=\"text-align: left;\"><span style=\"color: #3d6fb6;\"><b>BLOQUE 1: Retos del sector y en qu\u00e9 l\u00edneas avanza la innovaci\u00f3n en el \u00e1mbito de la gesti\u00f3n de los suelos y el agua subterr\u00e1nea<\/b><\/span><\/h3>\n<\/div><div class=\"fusion-text fusion-text-15\"><p><span style=\"color: #3d6fb6;\"><strong>09:30h<\/strong><\/span><\/p>\n<\/div><div class=\"fusion-text fusion-text-16\"><p><strong>L\u00edneas estrat\u00e9gicas para la innovaci\u00f3n<br \/>\n<\/strong><\/p>\n<ul>\n<li><em><strong>Carme Bosch<\/strong>, Responsable Suelos y Agua Subterr\u00e1nea<strong>,\u00a0Eurecat<br \/>\n<a href=\"https:\/\/cdn.eurecat.org\/\/PDF\/Eurecat\/Eurecat-Carme-Bosch-030425.pdf\"><span style=\"color: #800080;\">DESC\u00c1RGATE LA PRESENTACI\u00d3N: L\u00edneas estrat\u00e9gicas para la innovaci\u00f3n<\/span><\/a><\/strong><\/em><\/li>\n<\/ul>\n<\/div><div class=\"fusion-text fusion-text-17\"><p><span style=\"color: #3d6fb6;\"><strong>09:50h<\/strong><\/span><\/p>\n<\/div><div class=\"fusion-text fusion-text-18\"><p><strong>MESA REDONDA: Retos que presenta la gesti\u00f3n de los suelos y el agua subterr\u00e1nea\u00a0\u00a0<\/strong><\/p>\n<p><strong>Presenta y modera: <em>Aina Amengual, <\/em><\/strong><em>Project Manager de I+D<strong>, Catalan Water Partnership (CWP)<\/strong><\/em><\/p>\n<p><strong>Participan:<br \/>\n<\/strong><\/p>\n<ul>\n<li><em><strong>Emilio Orejudo,<\/strong> Responsable de la Unidad de Recuperaci\u00f3n y Mejora de los Acu\u00edferos,\u00a0<strong>Agencia Catalana del Agua (ACA)- Generalitat de Catalu\u00f1a<br \/>\n<\/strong><\/em><\/li>\n<li><em><strong>Josep Anton Dom\u00e8nech,<\/strong> Responsable del Departamento de Gesti\u00f3n de la Contaminaci\u00f3n del Suelo,\u00a0<strong>Agencia de Residuos de Catalu\u00f1a (ARC)- Generalitat de Catalu\u00f1a<\/strong><\/em><\/li>\n<li><em><strong>Irene Jubany, <\/strong>Coordinadora Cient\u00edfica &#8211; \u00c1rea de Sostenibilidad<strong>, Eurecat<\/strong><\/em><\/li>\n<li><em><strong>Josep Mas, <\/strong>Catedr\u00e1tico (CU), Departamento de Ciencias Ambientales, <strong>Universitat de Girona <\/strong>y Profesor de Investigaci\u00f3n, <strong>Instituto Catal\u00e1n de Investigaci\u00f3n del Agua (ICRA)<\/strong><\/em><\/li>\n<\/ul>\n<\/div><div class=\"fusion-text fusion-text-19\"><h3 style=\"text-align: left;\"><span style=\"color: #3d6fb6;\"><b>BLOQUE 2: Casos de \u00e9xito de proyectos\u00a0 de innovaci\u00f3n<\/b><\/span><\/h3>\n<\/div><div class=\"fusion-text fusion-text-20\"><p><span style=\"color: #3d6fb6;\"><strong>10:45h<\/strong><\/span><\/p>\n<\/div><div class=\"fusion-clearfix\"><\/div><\/div><\/div><div class=\"fusion-layout-column fusion_builder_column fusion-builder-column-12 fusion_builder_column_1_2 1_2 fusion-one-half fusion-column-last\" style=\"--awb-padding-right:10px;--awb-bg-size:cover;--awb-border-color:#3d6fb6;--awb-border-right:1px;--awb-border-style:solid;width:50%;width:calc(50% - ( ( 4% ) * 0.5 ) );\"><div class=\"fusion-column-wrapper fusion-flex-column-wrapper-legacy\"><div class=\"fusion-text fusion-text-21\"><p><strong>Ejemplos de proyectos de innovaci\u00f3n:<\/strong><\/p>\n<ul>\n<li><em><strong>Alfredo Perez de Mora, <\/strong>Senior Project manager Soil and Groundwater Remediation,<strong> TAUW GmbH\u00a0<\/strong><\/em><em><strong><br \/>\n<\/strong><a href=\"https:\/\/cdn.eurecat.org\/\/PDF\/Eurecat\/TAUW-AlfredoPerezdeMora-030425.pdf\"><span style=\"color: #800080;\"><em><strong>DESC\u00c1RGATE LA PRESENTACI\u00d3N: Aplicaciones biotecnol\u00f3gicas para la recuperaci\u00f3n de acu\u00edferos contaminados<\/strong><\/em><\/span><\/a><\/em><\/li>\n<li><em><strong>J\u00e9ssica Meijide,<\/strong> Advanced Researcher, <\/em><strong><em>Eurecat<\/em><br \/>\n<\/strong><a href=\"https:\/\/cdn.eurecat.org\/\/PDF\/Eurecat\/Eurecat-Jessica-Meijide-030425.pdf\"><span style=\"color: #800080;\"><em><strong>DESC\u00c1RGATE LA PRESENTACI\u00d3N: Tecnolog\u00edas onsite para el tratamiento del agua subterr\u00e1nea contaminada de PFAS<\/strong><\/em><\/span><\/a><\/li>\n<li><em><strong>Ester Vilanova, <\/strong>Directora de Soluciones Digitales para la gesti\u00f3n del agua, <strong>Amphos 21 Consulting<br \/>\n<\/strong><span style=\"color: #800080;\"><a style=\"color: #800080;\" href=\"https:\/\/cdn.eurecat.org\/\/PDF\/Eurecat\/Amphos21-Ester-Vilanova-030425.pdf\"><em><strong>DESC\u00c1RGATE LA PRESENTACI\u00d3N: Soluciones digitales para optimizar la gesti\u00f3n de las aguas subterr\u00e1neas<\/strong><\/em><\/a><\/span><\/em><\/li>\n<li><em><strong>Vinyet Sol\u00e0, <\/strong>T\u00e9cnica, <strong>CUADLL\u00a0<\/strong><strong><br \/>\n<\/strong><em><strong><span style=\"color: #800080;\"><a style=\"color: #800080;\" href=\"https:\/\/cdn.eurecat.org\/\/PDF\/Eurecat\/CUADLL-Vinyet-Sola-030425.pdf\">DESC\u00c1RGATE LA PRESENTACI\u00d3N: Una visi\u00f3n regional de la contaminaci\u00f3n\/ descontaminaci\u00f3n hidrogeol\u00f3gica: la Vall Baixa y delta del Llobregat<\/a><\/span><span style=\"color: #3d6fb6;\"><br \/>\n<\/span><\/strong><\/em><\/em><\/li>\n<li><em><strong>Gina Sorolla, <\/strong>T\u00e9cnica Paisajista,<strong>\u00a0Naturalea<br \/>\n<\/strong><em><strong><span style=\"color: #3d6fb6;\"><a href=\"https:\/\/cdn.eurecat.org\/\/PDF\/Eurecat\/Naturalea-Gina-Sorolla-030425.pdf\">DESC\u00c1RGATE LA PRESENTACI\u00d3N: Bioingenier\u00eda del paisaje para la mitigaci\u00f3n de los fen\u00f3menos meteorol\u00f3gicos extremos\u00bb<\/a><br \/>\n<\/span><\/strong><\/em><\/em><\/li>\n<li><em><strong>Nat\u00e0lia Bl\u00e1zquez, <\/strong>Responsable de Ensayos Piloto y Laboratorio<strong>, Litoclean<br \/>\n<\/strong><span style=\"color: #800080;\"><a style=\"color: #800080;\" href=\"https:\/\/cdn.eurecat.org\/\/PDF\/Eurecat\/LITOCLEAN-Natalia-Blazquez-030405.pdf\"><em><strong>DESC\u00c1RGATE LA PRESENTACI\u00d3N: Retos de la biorremediaci\u00f3n de suelos y aguas subterr\u00e1neas<\/strong><\/em><\/a><\/span><\/em><\/li>\n<\/ul>\n<\/div><div class=\"fusion-text fusion-text-22\"><p><span style=\"color: #3d6fb6;\"><strong>11:45h<\/strong><\/span><\/p>\n<\/div><div class=\"fusion-text fusion-text-23\"><h3 style=\"text-align: left;\"><span style=\"color: #3d6fb6;\"><b><b>Pausa Caf\u00e9 Networking y Visita a los Laboratorios Sostenibilidad de Eurecat<br \/>\n<\/b><\/b><\/span><\/h3>\n<\/div><div class=\"fusion-text fusion-text-24\"><h3 style=\"text-align: left;\"><span style=\"color: #3d6fb6;\"><b>BLOQUE 3: Mecanismos para impulsar la transferencia tecnol\u00f3gica<\/b><\/span><\/h3>\n<\/div><div class=\"fusion-text fusion-text-25\"><p><span style=\"color: #3d6fb6;\"><strong>12:45h<\/strong><\/span><\/p>\n<\/div><div class=\"fusion-text fusion-text-26\"><p><strong>Alianzas para impulsar la innovaci\u00f3n\u00a0<\/strong><\/p>\n<ul>\n<li><strong>Xavier Amores, <\/strong>Cluster manager,\u00a0<strong>Catalan Water Partnership (CWP)<br \/>\n<a href=\"https:\/\/cdn.eurecat.org\/\/PDF\/Eurecat\/CWP-Xavier-Amores-030425.pdf\"><span style=\"color: #800080;\"><em>DESC\u00c1RGATE LA PRESENTACI\u00d3N: Alianzas para impulsar la innovaci\u00f3n<\/em><\/span><\/a><\/strong><\/li>\n<\/ul>\n<\/div><div class=\"fusion-text fusion-text-27\"><p><span style=\"color: #3d6fb6;\"><strong>13:00h<\/strong><\/span><\/p>\n<\/div><div class=\"fusion-text fusion-text-28\"><p><b>Mecanismos de financiaci\u00f3n para iniciativas de I+D+i en el \u00e1mbito de la gesti\u00f3n de Suelos y Agua Subterr\u00e1nea<\/b><\/p>\n<ul>\n<li><em><strong>Mar\u00eda Jos\u00e9 Tom\u00e1s, <\/strong>Departamento de Promoci\u00f3n Institucional y Cooperaci\u00f3n Territorial,<strong> CDTI<br \/>\n<a href=\"https:\/\/cdn.eurecat.org\/\/PDF\/Eurecat\/CDTI-MJoseTomas-030425.pdf\"><span style=\"color: #800080;\">DESC\u00c1RGATE LA PRESENTACI\u00d3N: <b>Mecanismos de financiaci\u00f3n para iniciativas de I+D+i en el \u00e1mbito de la gesti\u00f3n de Suelos y Agua Subterr\u00e1nea<\/b><\/span><\/a><\/strong><\/em><\/li>\n<\/ul>\n<\/div><div class=\"fusion-text fusion-text-29\"><p><span style=\"color: #3d6fb6;\"><strong>13:30h<\/strong><\/span><\/p>\n<\/div><div class=\"fusion-text fusion-text-30\"><p><b>Fin de la jornada<\/b><\/p>\n<\/div><div class=\"fusion-clearfix\"><\/div><\/div><\/div><\/div><\/div><div class=\"fusion-fullwidth fullwidth-box fusion-builder-row-6 has-pattern-background has-mask-background nonhundred-percent-fullwidth non-hundred-percent-height-scrolling\" style=\"--awb-border-sizes-top:0px;--awb-border-sizes-bottom:0px;--awb-border-sizes-left:0px;--awb-border-sizes-right:0px;--awb-border-radius-top-left:0px;--awb-border-radius-top-right:0px;--awb-border-radius-bottom-right:0px;--awb-border-radius-bottom-left:0px;--awb-padding-top:0px;--awb-padding-right:0px;--awb-padding-bottom:0px;--awb-padding-left:0px;--awb-background-color:#3d6fb6;--awb-flex-wrap:wrap;\" ><div class=\"fusion-builder-row fusion-row\"><div class=\"fusion-layout-column fusion_builder_column fusion-builder-column-13 fusion_builder_column_1_1 1_1 fusion-one-full fusion-column-first fusion-column-last\" style=\"--awb-bg-position:center center;--awb-bg-size:cover;--awb-margin-top:30px;\" data-scroll-devices=\"small-visibility,medium-visibility,large-visibility\"><div class=\"fusion-column-wrapper fusion-column-has-shadow fusion-flex-column-wrapper-legacy\"><div class=\"fusion-column-content-centered\"><div class=\"fusion-column-content\"><div class=\"fusion-text fusion-text-31\"><h2 style=\"text-align: center;\"><span style=\"color: #ffffff;\"><strong>SEDE DE LA JORNADA<\/strong><\/span><\/h2>\n<\/div><\/div><\/div><div class=\"fusion-clearfix\"><\/div><\/div><\/div><\/div><\/div><div class=\"fusion-fullwidth fullwidth-box fusion-builder-row-7 has-pattern-background has-mask-background nonhundred-percent-fullwidth non-hundred-percent-height-scrolling\" style=\"--awb-border-sizes-top:0px;--awb-border-sizes-bottom:0px;--awb-border-sizes-left:0px;--awb-border-sizes-right:0px;--awb-border-radius-top-left:0px;--awb-border-radius-top-right:0px;--awb-border-radius-bottom-right:0px;--awb-border-radius-bottom-left:0px;--awb-padding-top:30px;--awb-padding-right:0px;--awb-padding-left:0px;--awb-flex-wrap:wrap;\" ><div class=\"fusion-builder-row fusion-row\"><div class=\"fusion-layout-column fusion_builder_column fusion-builder-column-14 fusion_builder_column_1_1 1_1 fusion-one-full fusion-column-first fusion-column-last fusion-column-inner-bg-wrapper\" style=\"--awb-padding-top:10px;--awb-padding-right:10px;--awb-padding-bottom:10px;--awb-padding-left:10px;--awb-inner-bg-position:center center;--awb-inner-bg-size:cover;--awb-margin-bottom:2px;\" data-scroll-devices=\"small-visibility,medium-visibility,large-visibility\"><span class=\"fusion-column-inner-bg hover-type-none\"><a class=\"fusion-column-anchor\" href=\"https:\/\/maps.app.goo.gl\/yEqepKncMAhHr1on9\"><span class=\"fusion-column-inner-bg-image\"><\/span><\/a><\/span><div class=\"fusion-column-wrapper fusion-column-has-shadow fusion-flex-column-wrapper-legacy\"><div class=\"fusion-column-content-centered\"><div class=\"fusion-column-content\"><div class=\"fusion-text fusion-text-32\"><h3 style=\"text-align: center;\"><a tabindex=\"0\" href=\"https:\/\/www.google.com\/maps\/place\/\/data=!4m2!3m1!1s0x12a4580f98b8664b:0x4947ca79b9cffc90?sa=X&amp;ved=1t:8290&amp;ictx=111\" data-url=\"\/maps\/place\/\/data=!4m2!3m1!1s0x12a4580f98b8664b:0x4947ca79b9cffc90?sa=X&amp;ved=2ahUKEwi0geHz8LiLAxWlKvsDHSh6M8AQ4kB6BAgLEAA\">EURECAT MANRESA:<br \/>\nPlaza de la Ciencia, 2, 08242 Manresa, Barcelona<\/a><\/h3>\n<\/div><\/div><\/div><div class=\"fusion-clearfix\"><\/div><\/div><\/div><\/div><\/div><div class=\"fusion-fullwidth fullwidth-box fusion-builder-row-8 has-pattern-background has-mask-background nonhundred-percent-fullwidth non-hundred-percent-height-scrolling\" style=\"--awb-border-sizes-top:0px;--awb-border-sizes-bottom:0px;--awb-border-sizes-left:0px;--awb-border-sizes-right:0px;--awb-border-radius-top-left:0px;--awb-border-radius-top-right:0px;--awb-border-radius-bottom-right:0px;--awb-border-radius-bottom-left:0px;--awb-padding-top:30px;--awb-padding-right:0px;--awb-padding-left:0px;--awb-flex-wrap:wrap;\" ><div class=\"fusion-builder-row fusion-row\"><div class=\"fusion-layout-column fusion_builder_column fusion-builder-column-15 fusion_builder_column_1_1 1_1 fusion-one-full fusion-column-first fusion-column-last fusion-column-inner-bg-wrapper\" style=\"--awb-padding-top:10px;--awb-padding-right:10px;--awb-padding-bottom:10px;--awb-padding-left:10px;--awb-inner-bg-image:url(&#039;https:\/\/eurecat.org\/wp-content\/uploads\/2019\/05\/mapa_eurecatmanresa.jpg&#039;);--awb-inner-bg-position:center center;--awb-inner-bg-size:cover;--awb-margin-bottom:2px;\" data-scroll-devices=\"small-visibility,medium-visibility,large-visibility\"><span class=\"fusion-column-inner-bg hover-type-none\"><a class=\"fusion-column-anchor\" href=\"https:\/\/maps.app.goo.gl\/yEqepKncMAhHr1on9\"><span class=\"fusion-column-inner-bg-image\"><\/span><\/a><\/span><div class=\"fusion-column-wrapper fusion-column-has-shadow fusion-flex-column-wrapper-legacy fusion-empty-column-bg-image fusion-column-has-bg-image\" data-bg-url=\"https:\/\/eurecat.org\/wp-content\/uploads\/2019\/05\/mapa_eurecatmanresa.jpg\"><div class=\"fusion-column-content-centered\"><div class=\"fusion-column-content\"><img decoding=\"async\" class=\"fusion-empty-dims-img-placeholder\" aria-label=\"mapa_eurecatmanresa\" src=\"data:image\/svg+xml,%3Csvg%20xmlns%3D%27http%3A%2F%2Fwww.w3.org%2F2000%2Fsvg%27%20width%3D%271373%27%20height%3D%27324%27%20viewBox%3D%270%200%201373%20324%27%3E%3Crect%20width%3D%271373%27%20height%3D%27324%27%20fill-opacity%3D%220%22%2F%3E%3C%2Fsvg%3E\"><\/div><\/div><div class=\"fusion-clearfix\"><\/div><\/div><\/div><\/div><\/div>\n","protected":false},"excerpt":{"rendered":"","protected":false},"author":24,"featured_media":0,"parent":2777,"menu_order":80,"comment_status":"closed","ping_status":"closed","template":"100-width.php","meta":{"footnotes":""},"class_list":["post-171921","page","type-page","status-publish","hentry"],"yoast_head":"<!-- This site is optimized with the Yoast SEO plugin v27.5 - https:\/\/yoast.com\/product\/yoast-seo-wordpress\/ -->\n<title>Jornada \u00bfC\u00f3mo impulsar la innovaci\u00f3n en la gesti\u00f3n del suelo y el agua subterr\u00e1nea? - Eurecat<\/title>\n<meta name=\"description\" content=\"En esta jornada se presentar\u00e1n las l\u00edneas estrat\u00e9gicas de los planes de investigaci\u00f3n e innovaci\u00f3n que afectan al sector de la gesti\u00f3n del suelo y el agua subterr\u00e1nea, ejemplos de proyectos innovadores que han permitido aumentar la competitividad empresarial de las empresas del sector, y tambi\u00e9n instrumentos disponibles para impulsar la transferencia tecnol\u00f3gica.\" \/>\n<meta name=\"robots\" content=\"index, follow, max-snippet:-1, max-image-preview:large, max-video-preview:-1\" \/>\n<link rel=\"canonical\" href=\"https:\/\/eurecat.org\/es\/servicios\/eurecatevents\/jornada-innovacion-gestion-suelo-agua-subterranea\/\" \/>\n<meta property=\"og:locale\" content=\"es_ES\" \/>\n<meta property=\"og:type\" content=\"article\" \/>\n<meta property=\"og:title\" content=\"Jornada \u00bfC\u00f3mo impulsar la innovaci\u00f3n en la gesti\u00f3n del suelo y el agua subterr\u00e1nea? - Eurecat\" \/>\n<meta property=\"og:description\" content=\"En esta jornada se presentar\u00e1n las l\u00edneas estrat\u00e9gicas de los planes de investigaci\u00f3n e innovaci\u00f3n que afectan al sector de la gesti\u00f3n del suelo y el agua subterr\u00e1nea, ejemplos de proyectos innovadores que han permitido aumentar la competitividad empresarial de las empresas del sector, y tambi\u00e9n instrumentos disponibles para impulsar la transferencia tecnol\u00f3gica.\" \/>\n<meta property=\"og:url\" content=\"https:\/\/eurecat.org\/es\/servicios\/eurecatevents\/jornada-innovacion-gestion-suelo-agua-subterranea\/\" \/>\n<meta property=\"og:site_name\" content=\"Eurecat\" \/>\n<meta property=\"article:modified_time\" content=\"2025-04-10T14:12:10+00:00\" \/>\n<meta name=\"twitter:card\" content=\"summary_large_image\" \/>\n<meta name=\"twitter:label1\" content=\"Tiempo de lectura\" \/>\n\t<meta name=\"twitter:data1\" content=\"5 minutos\" \/>\n<script type=\"application\/ld+json\" class=\"yoast-schema-graph\">{\"@context\":\"https:\\\/\\\/schema.org\",\"@graph\":[{\"@type\":\"WebPage\",\"@id\":\"https:\\\/\\\/eurecat.org\\\/es\\\/servicios\\\/eurecatevents\\\/jornada-innovacion-gestion-suelo-agua-subterranea\\\/\",\"url\":\"https:\\\/\\\/eurecat.org\\\/es\\\/servicios\\\/eurecatevents\\\/jornada-innovacion-gestion-suelo-agua-subterranea\\\/\",\"name\":\"Jornada \u00bfC\u00f3mo impulsar la innovaci\u00f3n en la gesti\u00f3n del suelo y el agua subterr\u00e1nea? - Eurecat\",\"isPartOf\":{\"@id\":\"https:\\\/\\\/eurecat.org\\\/es\\\/#website\"},\"datePublished\":\"2025-02-10T15:40:47+00:00\",\"dateModified\":\"2025-04-10T14:12:10+00:00\",\"description\":\"En esta jornada se presentar\u00e1n las l\u00edneas estrat\u00e9gicas de los planes de investigaci\u00f3n e innovaci\u00f3n que afectan al sector de la gesti\u00f3n del suelo y el agua subterr\u00e1nea, ejemplos de proyectos innovadores que han permitido aumentar la competitividad empresarial de las empresas del sector, y tambi\u00e9n instrumentos disponibles para impulsar la transferencia tecnol\u00f3gica.\",\"breadcrumb\":{\"@id\":\"https:\\\/\\\/eurecat.org\\\/es\\\/servicios\\\/eurecatevents\\\/jornada-innovacion-gestion-suelo-agua-subterranea\\\/#breadcrumb\"},\"inLanguage\":\"es\",\"potentialAction\":[{\"@type\":\"ReadAction\",\"target\":[\"https:\\\/\\\/eurecat.org\\\/es\\\/servicios\\\/eurecatevents\\\/jornada-innovacion-gestion-suelo-agua-subterranea\\\/\"]}]},{\"@type\":\"BreadcrumbList\",\"@id\":\"https:\\\/\\\/eurecat.org\\\/es\\\/servicios\\\/eurecatevents\\\/jornada-innovacion-gestion-suelo-agua-subterranea\\\/#breadcrumb\",\"itemListElement\":[{\"@type\":\"ListItem\",\"position\":1,\"name\":\"Inici\",\"item\":\"https:\\\/\\\/eurecat.org\\\/es\\\/\"},{\"@type\":\"ListItem\",\"position\":2,\"name\":\"Actividades\",\"item\":\"https:\\\/\\\/eurecat.org\\\/es\\\/servicios\\\/\"},{\"@type\":\"ListItem\",\"position\":3,\"name\":\"Esdeveniments Eurecat\",\"item\":\"https:\\\/\\\/eurecat.org\\\/es\\\/servicios\\\/eurecatevents\\\/\"},{\"@type\":\"ListItem\",\"position\":4,\"name\":\"Jornada \u00bfC\u00f3mo impulsar la innovaci\u00f3n en la gesti\u00f3n del suelo y el agua subterr\u00e1nea?\"}]},{\"@type\":\"WebSite\",\"@id\":\"https:\\\/\\\/eurecat.org\\\/es\\\/#website\",\"url\":\"https:\\\/\\\/eurecat.org\\\/es\\\/\",\"name\":\"Eurecat\",\"description\":\"Otro sitio realizado con WordPress\",\"potentialAction\":[{\"@type\":\"SearchAction\",\"target\":{\"@type\":\"EntryPoint\",\"urlTemplate\":\"https:\\\/\\\/eurecat.org\\\/es\\\/?s={search_term_string}\"},\"query-input\":{\"@type\":\"PropertyValueSpecification\",\"valueRequired\":true,\"valueName\":\"search_term_string\"}}],\"inLanguage\":\"es\"}]}<\/script>\n<!-- \/ Yoast SEO plugin. -->","yoast_head_json":{"title":"Jornada \u00bfC\u00f3mo impulsar la innovaci\u00f3n en la gesti\u00f3n del suelo y el agua subterr\u00e1nea? - Eurecat","description":"En esta jornada se presentar\u00e1n las l\u00edneas estrat\u00e9gicas de los planes de investigaci\u00f3n e innovaci\u00f3n que afectan al sector de la gesti\u00f3n del suelo y el agua subterr\u00e1nea, ejemplos de proyectos innovadores que han permitido aumentar la competitividad empresarial de las empresas del sector, y tambi\u00e9n instrumentos disponibles para impulsar la transferencia tecnol\u00f3gica.","robots":{"index":"index","follow":"follow","max-snippet":"max-snippet:-1","max-image-preview":"max-image-preview:large","max-video-preview":"max-video-preview:-1"},"canonical":"https:\/\/eurecat.org\/es\/servicios\/eurecatevents\/jornada-innovacion-gestion-suelo-agua-subterranea\/","og_locale":"es_ES","og_type":"article","og_title":"Jornada \u00bfC\u00f3mo impulsar la innovaci\u00f3n en la gesti\u00f3n del suelo y el agua subterr\u00e1nea? - Eurecat","og_description":"En esta jornada se presentar\u00e1n las l\u00edneas estrat\u00e9gicas de los planes de investigaci\u00f3n e innovaci\u00f3n que afectan al sector de la gesti\u00f3n del suelo y el agua subterr\u00e1nea, ejemplos de proyectos innovadores que han permitido aumentar la competitividad empresarial de las empresas del sector, y tambi\u00e9n instrumentos disponibles para impulsar la transferencia tecnol\u00f3gica.","og_url":"https:\/\/eurecat.org\/es\/servicios\/eurecatevents\/jornada-innovacion-gestion-suelo-agua-subterranea\/","og_site_name":"Eurecat","article_modified_time":"2025-04-10T14:12:10+00:00","twitter_card":"summary_large_image","twitter_misc":{"Tiempo de lectura":"5 minutos"},"schema":{"@context":"https:\/\/schema.org","@graph":[{"@type":"WebPage","@id":"https:\/\/eurecat.org\/es\/servicios\/eurecatevents\/jornada-innovacion-gestion-suelo-agua-subterranea\/","url":"https:\/\/eurecat.org\/es\/servicios\/eurecatevents\/jornada-innovacion-gestion-suelo-agua-subterranea\/","name":"Jornada \u00bfC\u00f3mo impulsar la innovaci\u00f3n en la gesti\u00f3n del suelo y el agua subterr\u00e1nea? - Eurecat","isPartOf":{"@id":"https:\/\/eurecat.org\/es\/#website"},"datePublished":"2025-02-10T15:40:47+00:00","dateModified":"2025-04-10T14:12:10+00:00","description":"En esta jornada se presentar\u00e1n las l\u00edneas estrat\u00e9gicas de los planes de investigaci\u00f3n e innovaci\u00f3n que afectan al sector de la gesti\u00f3n del suelo y el agua subterr\u00e1nea, ejemplos de proyectos innovadores que han permitido aumentar la competitividad empresarial de las empresas del sector, y tambi\u00e9n instrumentos disponibles para impulsar la transferencia tecnol\u00f3gica.","breadcrumb":{"@id":"https:\/\/eurecat.org\/es\/servicios\/eurecatevents\/jornada-innovacion-gestion-suelo-agua-subterranea\/#breadcrumb"},"inLanguage":"es","potentialAction":[{"@type":"ReadAction","target":["https:\/\/eurecat.org\/es\/servicios\/eurecatevents\/jornada-innovacion-gestion-suelo-agua-subterranea\/"]}]},{"@type":"BreadcrumbList","@id":"https:\/\/eurecat.org\/es\/servicios\/eurecatevents\/jornada-innovacion-gestion-suelo-agua-subterranea\/#breadcrumb","itemListElement":[{"@type":"ListItem","position":1,"name":"Inici","item":"https:\/\/eurecat.org\/es\/"},{"@type":"ListItem","position":2,"name":"Actividades","item":"https:\/\/eurecat.org\/es\/servicios\/"},{"@type":"ListItem","position":3,"name":"Esdeveniments Eurecat","item":"https:\/\/eurecat.org\/es\/servicios\/eurecatevents\/"},{"@type":"ListItem","position":4,"name":"Jornada \u00bfC\u00f3mo impulsar la innovaci\u00f3n en la gesti\u00f3n del suelo y el agua subterr\u00e1nea?"}]},{"@type":"WebSite","@id":"https:\/\/eurecat.org\/es\/#website","url":"https:\/\/eurecat.org\/es\/","name":"Eurecat","description":"Otro sitio realizado con WordPress","potentialAction":[{"@type":"SearchAction","target":{"@type":"EntryPoint","urlTemplate":"https:\/\/eurecat.org\/es\/?s={search_term_string}"},"query-input":{"@type":"PropertyValueSpecification","valueRequired":true,"valueName":"search_term_string"}}],"inLanguage":"es"}]}},"_links":{"self":[{"href":"https:\/\/eurecat.org\/es\/wp-json\/wp\/v2\/pages\/171921","targetHints":{"allow":["GET"]}}],"collection":[{"href":"https:\/\/eurecat.org\/es\/wp-json\/wp\/v2\/pages"}],"about":[{"href":"https:\/\/eurecat.org\/es\/wp-json\/wp\/v2\/types\/page"}],"author":[{"embeddable":true,"href":"https:\/\/eurecat.org\/es\/wp-json\/wp\/v2\/users\/24"}],"replies":[{"embeddable":true,"href":"https:\/\/eurecat.org\/es\/wp-json\/wp\/v2\/comments?post=171921"}],"version-history":[{"count":2,"href":"https:\/\/eurecat.org\/es\/wp-json\/wp\/v2\/pages\/171921\/revisions"}],"predecessor-version":[{"id":177007,"href":"https:\/\/eurecat.org\/es\/wp-json\/wp\/v2\/pages\/171921\/revisions\/177007"}],"up":[{"embeddable":true,"href":"https:\/\/eurecat.org\/es\/wp-json\/wp\/v2\/pages\/2777"}],"wp:attachment":[{"href":"https:\/\/eurecat.org\/es\/wp-json\/wp\/v2\/media?parent=171921"}],"curies":[{"name":"wp","href":"https:\/\/api.w.org\/{rel}","templated":true}]}}