{"id":18619,"date":"2016-11-04T13:45:17","date_gmt":"2016-11-04T13:45:17","guid":{"rendered":"http:\/\/eurecat.org\/es\/?page_id=18619"},"modified":"2016-11-07T11:03:58","modified_gmt":"2016-11-07T11:03:58","slug":"jornada-composites-cerdanyola","status":"publish","type":"page","link":"https:\/\/eurecat.org\/es\/servicios\/eurecatevents\/jornada-composites-cerdanyola\/","title":{"rendered":"Jornada Composites Cerdanyola"},"content":{"rendered":"<div class=\"fusion-fullwidth fullwidth-box fusion-builder-row-1 hundred-percent-fullwidth non-hundred-percent-height-scrolling\" style=\"--awb-border-radius-top-left:0px;--awb-border-radius-top-right:0px;--awb-border-radius-bottom-right:0px;--awb-border-radius-bottom-left:0px;--awb-overflow:visible;--awb-flex-wrap:wrap;\" ><div class=\"fusion-builder-row fusion-row\"><div class=\"fusion-layout-column fusion_builder_column fusion-builder-column-0 fusion_builder_column_1_1 1_1 fusion-one-full fusion-column-first fusion-column-last fusion-column-no-min-height\" style=\"--awb-bg-size:cover;--awb-margin-bottom:0px;\"><div class=\"fusion-column-wrapper fusion-flex-column-wrapper-legacy\"><div class=\"fusion-text fusion-text-1\"><h1 style=\"text-align: center;\"><strong><span style=\"color: #800080;\">Jornada <\/span><\/strong><\/h1>\n<h1 style=\"text-align: center;\"><strong><span style=\"color: #800080;\">Composites: una alternativa real para el sector de la automoci\u00f3n<\/span><\/strong><\/h1>\n<h3 style=\"text-align: center;\"><span style=\"color: #000000;\"><strong>Los materiales compuestos tienen un gran potencial en el sector transporte\u00a0en general, pero hasta hoy se han visto limitados por su baja cadencia productiva y el tipo de proceso de fabricaci\u00f3n, en muchos casos era muy artesano, lo que se traduc\u00eda tambi\u00e9n en un alto coste y limitaba su aplicaci\u00f3n.<\/strong><\/span><\/h3>\n<p style=\"text-align: center;\">Sin embargo, actualmente contamos con nuevas tecnolog\u00edas para acortar el tiempo del ciclo (RTM) unido al hecho de que en los \u00faltimos a\u00f1os ha habido un crecimiento exponencial de los composites de matriz polim\u00e9rica y se espera doblar su aplicaci\u00f3n para el 2020, puesto que su ligereza y resistencia ofrece un gran inter\u00e9s al sector automoci\u00f3n.<\/p>\n<p style=\"text-align: center;\">Adicionalmente, la pr\u00f3xima entrada en vigor de una nueva normativa europea en el sector en el a\u00f1o 2020, establece que en esa fecha las emisiones de cada veh\u00edculo no deber\u00e1n superar los 95 gramos de di\u00f3xido de carbono \u201ces tambi\u00e9n un factor que revierte en las buenas perspectivas para la aplicaci\u00f3n de materiales compuestos en el autom\u00f3vil\u201d.<\/p>\n<\/div><div class=\"fusion-sep-clear\"><\/div><div class=\"fusion-separator fusion-has-icon fusion-full-width-sep\" style=\"margin-left: auto;margin-right: auto;margin-top:30px;margin-bottom:30px;width:100%;\"><div class=\"fusion-separator-border sep-single sep-solid\" style=\"--awb-height:20px;--awb-amount:20px;border-color:#e0dede;border-top-width:1px;\"><\/div><span class=\"icon-wrapper\" style=\"border-color:#e0dede;background-color:rgba(255,255,255,0);font-size:14px;width: 1.75em; height: 1.75em;border-width:1px;padding:1px;margin-top:-0.5px\"><i class=\" fa fa-chevron-down\" style=\"font-size: inherit;color:#e0dede;\" aria-hidden=\"true\"><\/i><\/span><div class=\"fusion-separator-border sep-single sep-solid\" style=\"--awb-height:20px;--awb-amount:20px;border-color:#e0dede;border-top-width:1px;\"><\/div><\/div><div class=\"fusion-sep-clear\"><\/div><div class=\"fusion-clearfix\"><\/div><\/div><\/div><\/div><\/div><div class=\"fusion-fullwidth fullwidth-box fusion-builder-row-2 nonhundred-percent-fullwidth non-hundred-percent-height-scrolling\" style=\"--awb-background-position:left top;--awb-border-radius-top-left:0px;--awb-border-radius-top-right:0px;--awb-border-radius-bottom-right:0px;--awb-border-radius-bottom-left:0px;--awb-padding-top:20px;--awb-padding-right:0px;--awb-padding-bottom:0px;--awb-padding-left:0px;--awb-border-sizes-top:0px;--awb-border-sizes-bottom:0px;--awb-flex-wrap:wrap;\" ><div class=\"fusion-builder-row fusion-row\"><div class=\"fusion-layout-column fusion_builder_column fusion-builder-column-1 fusion_builder_column_3_5 3_5 fusion-three-fifth fusion-column-first\" style=\"--awb-bg-size:cover;width:58.4%; margin-right: 4%;\"><div class=\"fusion-column-wrapper fusion-flex-column-wrapper-legacy\"><div class=\"fusion-text fusion-text-2\"><h3><span style=\"color: #000080;\"><strong>\u00bfQui\u00e9nes somos?<\/strong><\/span><\/h3>\n<\/div><div class=\"fusion-sep-clear\"><\/div><div class=\"fusion-separator fusion-full-width-sep\" style=\"margin-left: auto;margin-right: auto;margin-bottom:10px;width:100%;\"><div class=\"fusion-separator-border sep-single sep-solid\" style=\"--awb-height:20px;--awb-amount:20px;--awb-sep-color:#e0e0e0;border-color:#e0e0e0;border-top-width:1px;\"><\/div><\/div><div class=\"fusion-sep-clear\"><\/div><div class=\"fusion-text fusion-text-3\"><p><strong><a href=\"http:\/\/www.eurecat.org\/\" target=\"_blank\">Eurecat<\/a><\/strong>\u00a0es el Centro Tecnol\u00f3gico de referencia en Catalu\u00f1a que nace\u00a0bajo una misma marca y una misma estrategia com\u00fan:\u00a0<strong>ayudar a las empresas catalanas a ser m\u00e1s competitivas<\/strong>, posicion\u00e1ndose como un partner estrat\u00e9gico referente a la implementaci\u00f3n de avances disruptivos en el core de las organizaciones.<\/p>\n<p>Los\u00a0\u00e1mbitos de conocimiento y experiencia de Eurecat permiten <strong>atender las necesidades del tejido empresarial desde una mirada m\u00e1s transversal e integradora<\/strong>. En esta l\u00ednea<strong>, <\/strong>\u00a0se presentan las capacidades de Eurecat a las empresas, pudiendo anticiparse al mercado y aumentar la competitividad, mediante productos, procesos y servicios innovadores de alto valor tecnol\u00f3gico.<\/p>\n<\/div><div class=\"fusion-sep-clear\"><\/div><div class=\"fusion-separator fusion-full-width-sep\" style=\"margin-left: auto;margin-right: auto;margin-top:10px;margin-bottom:10px;width:100%;\"><\/div><div class=\"fusion-sep-clear\"><\/div><div class=\"fusion-sep-clear\"><\/div><div class=\"fusion-separator fusion-full-width-sep\" style=\"margin-left: auto;margin-right: auto;margin-bottom:10px;width:100%;\"><div class=\"fusion-separator-border sep-single sep-solid\" style=\"--awb-height:20px;--awb-amount:20px;--awb-sep-color:#e0e0e0;border-color:#e0e0e0;border-top-width:1px;\"><\/div><\/div><div class=\"fusion-sep-clear\"><\/div><div class=\"fusion-sep-clear\"><\/div><div class=\"fusion-separator fusion-full-width-sep\" style=\"margin-left: auto;margin-right: auto;margin-top:20px;margin-bottom:20px;width:100%;\"><\/div><div class=\"fusion-sep-clear\"><\/div><div class=\"fusion-image-element fusion-image-align-center in-legacy-container\" style=\"text-align:center;--awb-caption-title-font-family:var(--h2_typography-font-family);--awb-caption-title-font-weight:var(--h2_typography-font-weight);--awb-caption-title-font-style:var(--h2_typography-font-style);--awb-caption-title-size:var(--h2_typography-font-size);--awb-caption-title-transform:var(--h2_typography-text-transform);--awb-caption-title-line-height:var(--h2_typography-line-height);--awb-caption-title-letter-spacing:var(--h2_typography-letter-spacing);\"><div class=\"imageframe-align-center\"><span class=\" fusion-imageframe imageframe-none imageframe-1 hover-type-none\"><img decoding=\"async\" width=\"634\" height=\"856\" title=\"20161128-composites-cerdanyola-cat\" src=\"https:\/\/eurecat.org\/wp-content\/uploads\/2016\/11\/20161128-Composites-cerdanyola-CAT.png\" alt class=\"img-responsive wp-image-18617\" srcset=\"https:\/\/eurecat.org\/wp-content\/uploads\/2016\/11\/20161128-Composites-cerdanyola-CAT-200x270.png 200w, https:\/\/eurecat.org\/wp-content\/uploads\/2016\/11\/20161128-Composites-cerdanyola-CAT-400x540.png 400w, https:\/\/eurecat.org\/wp-content\/uploads\/2016\/11\/20161128-Composites-cerdanyola-CAT-600x810.png 600w, https:\/\/eurecat.org\/wp-content\/uploads\/2016\/11\/20161128-Composites-cerdanyola-CAT.png 634w\" sizes=\"(max-width: 800px) 100vw, 634px\" \/><\/span><\/div><\/div><div class=\"fusion-clearfix\"><\/div><\/div><\/div><div class=\"fusion-layout-column fusion_builder_column fusion-builder-column-2 fusion_builder_column_2_5 2_5 fusion-two-fifth fusion-column-last\" style=\"--awb-padding-top:10px;--awb-padding-right:10px;--awb-padding-bottom:10px;--awb-padding-left:10px;--awb-bg-color:#fcfcfc;--awb-bg-color-hover:#fcfcfc;--awb-bg-position:center center;--awb-bg-size:cover;--awb-margin-bottom:2px;width:37.6%;\"><div class=\"fusion-column-wrapper fusion-flex-column-wrapper-legacy\"><div class=\"fusion-column-content-centered\"><div class=\"fusion-column-content\"><div class=\"fusion-button-wrapper fusion-aligncenter\"><a class=\"fusion-button button-flat button-large button-blue fusion-button-blue button-1 fusion-button-default-span \" target=\"_blank\" rel=\"noopener noreferrer\" href=\"https:\/\/app.formassembly.com\/447274\"><span class=\"fusion-button-icon-divider button-icon-divider-left\"><i class=\" fa fa-check awb-button__icon awb-button__icon--default\" aria-hidden=\"true\"><\/i><\/span><span class=\"fusion-button-text awb-button__text awb-button__text--default fusion-button-text-left\">INSCR\u00cdBETE<\/span><\/a><\/div><div class=\"fusion-sep-clear\"><\/div><div class=\"fusion-separator fusion-full-width-sep\" style=\"margin-left: auto;margin-right: auto;margin-top:30px;margin-bottom:30px;width:100%;\"><\/div><div class=\"fusion-sep-clear\"><\/div><div class=\"fusion-image-element fusion-image-align-center in-legacy-container\" style=\"text-align:center;--awb-caption-title-font-family:var(--h2_typography-font-family);--awb-caption-title-font-weight:var(--h2_typography-font-weight);--awb-caption-title-font-style:var(--h2_typography-font-style);--awb-caption-title-size:var(--h2_typography-font-size);--awb-caption-title-transform:var(--h2_typography-text-transform);--awb-caption-title-line-height:var(--h2_typography-line-height);--awb-caption-title-letter-spacing:var(--h2_typography-letter-spacing);\"><div class=\"imageframe-align-center\"><span class=\" fusion-imageframe imageframe-none imageframe-2 hover-type-none\"><a class=\"fusion-no-lightbox\" href=\"http:\/\/cdn.bdigital.org\/PDF\/jornada_composites\/programa_composites_cast.pdf\" target=\"_blank\" aria-label=\"buttonprogramaWEBEVENTS\" rel=\"noopener noreferrer\"><img decoding=\"async\" width=\"180\" height=\"70\" src=\"https:\/\/eurecat.org\/wp-content\/uploads\/2016\/02\/buttonprogramaWEBEVENTS.png\" alt class=\"img-responsive wp-image-5270\" srcset=\"https:\/\/eurecat.org\/wp-content\/uploads\/2016\/02\/buttonprogramaWEBEVENTS-120x47.png 120w, https:\/\/eurecat.org\/wp-content\/uploads\/2016\/02\/buttonprogramaWEBEVENTS-177x70.png 177w, https:\/\/eurecat.org\/wp-content\/uploads\/2016\/02\/buttonprogramaWEBEVENTS.png 180w\" sizes=\"(max-width: 180px) 100vw, 180px\" \/><\/a><\/span><\/div><\/div><div class=\"fusion-sep-clear\"><\/div><div class=\"fusion-separator fusion-full-width-sep\" style=\"margin-left: auto;margin-right: auto;margin-top:10px;margin-bottom:10px;width:100%;\"><div class=\"fusion-separator-border sep-single sep-solid\" style=\"--awb-height:20px;--awb-amount:20px;border-color:#e0dede;border-top-width:1px;\"><\/div><\/div><div class=\"fusion-sep-clear\"><\/div><div class=\"fusion-text fusion-text-4\"><h3 style=\"text-align: center;\"><span style=\"color: #000080;\"><strong>Informaci\u00f3 de la jornada<\/strong><\/span><\/h3>\n<\/div><div class=\"fusion-sep-clear\"><\/div><div class=\"fusion-separator fusion-full-width-sep\" style=\"margin-left: auto;margin-right: auto;margin-bottom:10px;width:100%;\"><\/div><div class=\"fusion-sep-clear\"><\/div><div class=\"fusion-text fusion-text-5\"><p style=\"text-align: center;\"><strong>D\u00eda:<\/strong>\u00a028 de noviembre del 2016<\/p>\n<p style=\"text-align: center;\"><strong>Horario:<\/strong> 09:00h a 12:00h<\/p>\n<p style=\"text-align: center;\"><strong>Lugar:<\/strong>\u00a0Eurecat Cerdanyola<\/p>\n<p style=\"text-align: center;\">Av. Universitat Aut\u00f3noma, 23 &#8211; 08290 &#8211; Cerdanyola del Vall\u00e8s<\/p>\n<\/div><div class=\"fusion-text fusion-text-6\"><p style=\"text-align: center;\"><strong>Contacte:<\/strong><\/p>\n<p style=\"text-align: center;\">Eurecat Events &#8211;\u00a0<strong><a href=\"mailto:events@eurecat.org\" target=\"_blank\">events@eurecat.org<\/a>\u00a0|\u00a0<\/strong>Tel: 932 381 400<\/p>\n<\/div><div class=\"fusion-sep-clear\"><\/div><div class=\"fusion-separator fusion-full-width-sep\" style=\"margin-left: auto;margin-right: auto;width:100%;\"><\/div><div class=\"fusion-sep-clear\"><\/div><div class=\"fusion-text fusion-text-7\"><p style=\"text-align: center;\"><strong>Localitzaci\u00f3:<\/strong><\/p>\n<\/div>\t\t\t\t\t<script type=\"text\/javascript\">\n\t\t\t\t\t\tvar map_fusion_map_69f44efb37e20;\n\t\t\t\t\t\tvar markers = [];\n\t\t\t\t\t\tvar counter = 0;\n\t\t\t\t\t\t\t\t\t\t\t\t\t\t\t\t\t\t\t\tvar fusionMapNonce = 'de0cc4b327';\n\t\t\t\t\t\t\t\t\t\t\t\tfunction fusion_run_map_fusion_map_69f44efb37e20() {\n\t\t\t\t\t\t\tjQuery ('#fusion_map_69f44efb37e20' ).fusion_maps( {\n\t\t\t\t\t\t\t\taddresses: [{\"address\":\"Avinguda Universitat Autonoma, 23 08290 Cerdanyola del valles\",\"infobox_content\":\"Avinguda Universitat Autonoma, 23 08290 Cerdanyola del valles\",\"coordinates\":false,\"cache\":true,\"latitude\":\"41.4887866\",\"longitude\":\"2.1263307000000395\"}],\n\t\t\t\t\t\t\t\tanimations: true,\n\t\t\t\t\t\t\t\tinfobox_background_color: '',\n\t\t\t\t\t\t\t\tinfobox_styling: 'default',\n\t\t\t\t\t\t\t\tinfobox_text_color: '',\n\t\t\t\t\t\t\t\tmap_style: 'default',\n\t\t\t\t\t\t\t\tmap_type: 'roadmap',\n\t\t\t\t\t\t\t\tmarker_icon: '',\n\t\t\t\t\t\t\t\toverlay_color: '',\n\t\t\t\t\t\t\t\toverlay_color_hsl: {\"hue\":0,\"sat\":0,\"lum\":100},\n\t\t\t\t\t\t\t\tshow_address: true,\n\t\t\t\t\t\t\t\tscale_control: false,\n\t\t\t\t\t\t\t\tscrollwheel: false,\n\t\t\t\t\t\t\t\tzoom: 16,\n\t\t\t\t\t\t\t\tzoom_control: true,\n\t\t\t\t\t\t\t} );\n\t\t\t\t\t\t}\n\n\t\t\t\t\t\tgoogle.maps.event.addDomListener(window, 'load', fusion_run_map_fusion_map_69f44efb37e20);\n\t\t\t\t\t<\/script>\n\t\t\t\t\t<div class=\"shortcode-map fusion-google-map fusion-maps-js-type\" id=\"fusion_map_69f44efb37e20\"><\/div><\/div><\/div><div class=\"fusion-clearfix\"><\/div><\/div><\/div><\/div><\/div><div class=\"fusion-fullwidth fullwidth-box fusion-builder-row-3 nonhundred-percent-fullwidth non-hundred-percent-height-scrolling\" style=\"--awb-background-position:left top;--awb-border-radius-top-left:0px;--awb-border-radius-top-right:0px;--awb-border-radius-bottom-right:0px;--awb-border-radius-bottom-left:0px;--awb-padding-top:1px;--awb-padding-right:0px;--awb-padding-bottom:20px;--awb-padding-left:0px;--awb-border-sizes-top:0px;--awb-border-sizes-bottom:0px;--awb-flex-wrap:wrap;\" ><div class=\"fusion-builder-row fusion-row\"><\/div><\/div>\n","protected":false},"excerpt":{"rendered":"","protected":false},"author":12,"featured_media":13529,"parent":2777,"menu_order":12,"comment_status":"closed","ping_status":"closed","template":"","meta":{"footnotes":""},"class_list":["post-18619","page","type-page","status-publish","has-post-thumbnail","hentry"],"yoast_head":"<!-- This site is optimized with the Yoast SEO plugin v27.5 - https:\/\/yoast.com\/product\/yoast-seo-wordpress\/ -->\n<title>Jornada de Composites Eurecat Cerdanyola<\/title>\n<meta name=\"description\" content=\"EURECAT, el gran centro tecnol\u00f3gico de Catalu\u00f1a organiza esta jornada de Composites: una alternativa real para el sector de la automoci\u00f3n\" \/>\n<meta name=\"robots\" content=\"index, follow, max-snippet:-1, max-image-preview:large, max-video-preview:-1\" \/>\n<link rel=\"canonical\" href=\"https:\/\/eurecat.org\/es\/servicios\/eurecatevents\/jornada-composites-cerdanyola\/\" \/>\n<meta property=\"og:locale\" content=\"es_ES\" \/>\n<meta property=\"og:type\" content=\"article\" \/>\n<meta property=\"og:title\" content=\"Jornada de Composites Eurecat Cerdanyola\" \/>\n<meta property=\"og:description\" content=\"EURECAT, el gran centro tecnol\u00f3gico de Catalu\u00f1a organiza esta jornada de Composites: una alternativa real para el sector de la automoci\u00f3n\" \/>\n<meta property=\"og:url\" content=\"https:\/\/eurecat.org\/es\/servicios\/eurecatevents\/jornada-composites-cerdanyola\/\" \/>\n<meta property=\"og:site_name\" content=\"Eurecat\" \/>\n<meta property=\"article:modified_time\" content=\"2016-11-07T11:03:58+00:00\" \/>\n<meta property=\"og:image\" content=\"https:\/\/eurecat.org\/wp-content\/uploads\/2016\/07\/eurecat-folleto.jpg\" \/>\n\t<meta property=\"og:image:width\" content=\"841\" \/>\n\t<meta property=\"og:image:height\" content=\"603\" \/>\n\t<meta property=\"og:image:type\" content=\"image\/jpeg\" \/>\n<meta name=\"twitter:card\" content=\"summary_large_image\" \/>\n<meta name=\"twitter:label1\" content=\"Tiempo de lectura\" \/>\n\t<meta name=\"twitter:data1\" content=\"6 minutos\" \/>\n<script type=\"application\/ld+json\" class=\"yoast-schema-graph\">{\"@context\":\"https:\\\/\\\/schema.org\",\"@graph\":[{\"@type\":\"WebPage\",\"@id\":\"https:\\\/\\\/eurecat.org\\\/es\\\/servicios\\\/eurecatevents\\\/jornada-composites-cerdanyola\\\/\",\"url\":\"https:\\\/\\\/eurecat.org\\\/es\\\/servicios\\\/eurecatevents\\\/jornada-composites-cerdanyola\\\/\",\"name\":\"Jornada de Composites Eurecat Cerdanyola\",\"isPartOf\":{\"@id\":\"https:\\\/\\\/eurecat.org\\\/es\\\/#website\"},\"primaryImageOfPage\":{\"@id\":\"https:\\\/\\\/eurecat.org\\\/es\\\/servicios\\\/eurecatevents\\\/jornada-composites-cerdanyola\\\/#primaryimage\"},\"image\":{\"@id\":\"https:\\\/\\\/eurecat.org\\\/es\\\/servicios\\\/eurecatevents\\\/jornada-composites-cerdanyola\\\/#primaryimage\"},\"thumbnailUrl\":\"https:\\\/\\\/eurecat.org\\\/wp-content\\\/uploads\\\/2016\\\/07\\\/eurecat-folleto.jpg\",\"datePublished\":\"2016-11-04T13:45:17+00:00\",\"dateModified\":\"2016-11-07T11:03:58+00:00\",\"description\":\"EURECAT, el gran centro tecnol\u00f3gico de Catalu\u00f1a organiza esta jornada de Composites: una alternativa real para el sector de la automoci\u00f3n\",\"breadcrumb\":{\"@id\":\"https:\\\/\\\/eurecat.org\\\/es\\\/servicios\\\/eurecatevents\\\/jornada-composites-cerdanyola\\\/#breadcrumb\"},\"inLanguage\":\"es\",\"potentialAction\":[{\"@type\":\"ReadAction\",\"target\":[\"https:\\\/\\\/eurecat.org\\\/es\\\/servicios\\\/eurecatevents\\\/jornada-composites-cerdanyola\\\/\"]}]},{\"@type\":\"ImageObject\",\"inLanguage\":\"es\",\"@id\":\"https:\\\/\\\/eurecat.org\\\/es\\\/servicios\\\/eurecatevents\\\/jornada-composites-cerdanyola\\\/#primaryimage\",\"url\":\"https:\\\/\\\/eurecat.org\\\/wp-content\\\/uploads\\\/2016\\\/07\\\/eurecat-folleto.jpg\",\"contentUrl\":\"https:\\\/\\\/eurecat.org\\\/wp-content\\\/uploads\\\/2016\\\/07\\\/eurecat-folleto.jpg\",\"width\":841,\"height\":603},{\"@type\":\"BreadcrumbList\",\"@id\":\"https:\\\/\\\/eurecat.org\\\/es\\\/servicios\\\/eurecatevents\\\/jornada-composites-cerdanyola\\\/#breadcrumb\",\"itemListElement\":[{\"@type\":\"ListItem\",\"position\":1,\"name\":\"Inici\",\"item\":\"https:\\\/\\\/eurecat.org\\\/es\\\/\"},{\"@type\":\"ListItem\",\"position\":2,\"name\":\"Actividades\",\"item\":\"https:\\\/\\\/eurecat.org\\\/es\\\/servicios\\\/\"},{\"@type\":\"ListItem\",\"position\":3,\"name\":\"Esdeveniments Eurecat\",\"item\":\"https:\\\/\\\/eurecat.org\\\/es\\\/servicios\\\/eurecatevents\\\/\"},{\"@type\":\"ListItem\",\"position\":4,\"name\":\"Jornada Composites Cerdanyola\"}]},{\"@type\":\"WebSite\",\"@id\":\"https:\\\/\\\/eurecat.org\\\/es\\\/#website\",\"url\":\"https:\\\/\\\/eurecat.org\\\/es\\\/\",\"name\":\"Eurecat\",\"description\":\"Otro sitio realizado con WordPress\",\"potentialAction\":[{\"@type\":\"SearchAction\",\"target\":{\"@type\":\"EntryPoint\",\"urlTemplate\":\"https:\\\/\\\/eurecat.org\\\/es\\\/?s={search_term_string}\"},\"query-input\":{\"@type\":\"PropertyValueSpecification\",\"valueRequired\":true,\"valueName\":\"search_term_string\"}}],\"inLanguage\":\"es\"}]}<\/script>\n<!-- \/ Yoast SEO plugin. -->","yoast_head_json":{"title":"Jornada de Composites Eurecat Cerdanyola","description":"EURECAT, el gran centro tecnol\u00f3gico de Catalu\u00f1a organiza esta jornada de Composites: una alternativa real para el sector de la automoci\u00f3n","robots":{"index":"index","follow":"follow","max-snippet":"max-snippet:-1","max-image-preview":"max-image-preview:large","max-video-preview":"max-video-preview:-1"},"canonical":"https:\/\/eurecat.org\/es\/servicios\/eurecatevents\/jornada-composites-cerdanyola\/","og_locale":"es_ES","og_type":"article","og_title":"Jornada de Composites Eurecat Cerdanyola","og_description":"EURECAT, el gran centro tecnol\u00f3gico de Catalu\u00f1a organiza esta jornada de Composites: una alternativa real para el sector de la automoci\u00f3n","og_url":"https:\/\/eurecat.org\/es\/servicios\/eurecatevents\/jornada-composites-cerdanyola\/","og_site_name":"Eurecat","article_modified_time":"2016-11-07T11:03:58+00:00","og_image":[{"width":841,"height":603,"url":"https:\/\/eurecat.org\/wp-content\/uploads\/2016\/07\/eurecat-folleto.jpg","type":"image\/jpeg"}],"twitter_card":"summary_large_image","twitter_misc":{"Tiempo de lectura":"6 minutos"},"schema":{"@context":"https:\/\/schema.org","@graph":[{"@type":"WebPage","@id":"https:\/\/eurecat.org\/es\/servicios\/eurecatevents\/jornada-composites-cerdanyola\/","url":"https:\/\/eurecat.org\/es\/servicios\/eurecatevents\/jornada-composites-cerdanyola\/","name":"Jornada de Composites Eurecat Cerdanyola","isPartOf":{"@id":"https:\/\/eurecat.org\/es\/#website"},"primaryImageOfPage":{"@id":"https:\/\/eurecat.org\/es\/servicios\/eurecatevents\/jornada-composites-cerdanyola\/#primaryimage"},"image":{"@id":"https:\/\/eurecat.org\/es\/servicios\/eurecatevents\/jornada-composites-cerdanyola\/#primaryimage"},"thumbnailUrl":"https:\/\/eurecat.org\/wp-content\/uploads\/2016\/07\/eurecat-folleto.jpg","datePublished":"2016-11-04T13:45:17+00:00","dateModified":"2016-11-07T11:03:58+00:00","description":"EURECAT, el gran centro tecnol\u00f3gico de Catalu\u00f1a organiza esta jornada de Composites: una alternativa real para el sector de la automoci\u00f3n","breadcrumb":{"@id":"https:\/\/eurecat.org\/es\/servicios\/eurecatevents\/jornada-composites-cerdanyola\/#breadcrumb"},"inLanguage":"es","potentialAction":[{"@type":"ReadAction","target":["https:\/\/eurecat.org\/es\/servicios\/eurecatevents\/jornada-composites-cerdanyola\/"]}]},{"@type":"ImageObject","inLanguage":"es","@id":"https:\/\/eurecat.org\/es\/servicios\/eurecatevents\/jornada-composites-cerdanyola\/#primaryimage","url":"https:\/\/eurecat.org\/wp-content\/uploads\/2016\/07\/eurecat-folleto.jpg","contentUrl":"https:\/\/eurecat.org\/wp-content\/uploads\/2016\/07\/eurecat-folleto.jpg","width":841,"height":603},{"@type":"BreadcrumbList","@id":"https:\/\/eurecat.org\/es\/servicios\/eurecatevents\/jornada-composites-cerdanyola\/#breadcrumb","itemListElement":[{"@type":"ListItem","position":1,"name":"Inici","item":"https:\/\/eurecat.org\/es\/"},{"@type":"ListItem","position":2,"name":"Actividades","item":"https:\/\/eurecat.org\/es\/servicios\/"},{"@type":"ListItem","position":3,"name":"Esdeveniments Eurecat","item":"https:\/\/eurecat.org\/es\/servicios\/eurecatevents\/"},{"@type":"ListItem","position":4,"name":"Jornada Composites Cerdanyola"}]},{"@type":"WebSite","@id":"https:\/\/eurecat.org\/es\/#website","url":"https:\/\/eurecat.org\/es\/","name":"Eurecat","description":"Otro sitio realizado con WordPress","potentialAction":[{"@type":"SearchAction","target":{"@type":"EntryPoint","urlTemplate":"https:\/\/eurecat.org\/es\/?s={search_term_string}"},"query-input":{"@type":"PropertyValueSpecification","valueRequired":true,"valueName":"search_term_string"}}],"inLanguage":"es"}]}},"_links":{"self":[{"href":"https:\/\/eurecat.org\/es\/wp-json\/wp\/v2\/pages\/18619","targetHints":{"allow":["GET"]}}],"collection":[{"href":"https:\/\/eurecat.org\/es\/wp-json\/wp\/v2\/pages"}],"about":[{"href":"https:\/\/eurecat.org\/es\/wp-json\/wp\/v2\/types\/page"}],"author":[{"embeddable":true,"href":"https:\/\/eurecat.org\/es\/wp-json\/wp\/v2\/users\/12"}],"replies":[{"embeddable":true,"href":"https:\/\/eurecat.org\/es\/wp-json\/wp\/v2\/comments?post=18619"}],"version-history":[{"count":0,"href":"https:\/\/eurecat.org\/es\/wp-json\/wp\/v2\/pages\/18619\/revisions"}],"up":[{"embeddable":true,"href":"https:\/\/eurecat.org\/es\/wp-json\/wp\/v2\/pages\/2777"}],"wp:featuredmedia":[{"embeddable":true,"href":"https:\/\/eurecat.org\/es\/wp-json\/wp\/v2\/media\/13529"}],"wp:attachment":[{"href":"https:\/\/eurecat.org\/es\/wp-json\/wp\/v2\/media?parent=18619"}],"curies":[{"name":"wp","href":"https:\/\/api.w.org\/{rel}","templated":true}]}}