{"id":18935,"date":"2016-11-16T13:13:55","date_gmt":"2016-11-16T13:13:55","guid":{"rendered":"http:\/\/eurecat.org\/es\/?page_id=18935"},"modified":"2016-11-23T11:54:51","modified_gmt":"2016-11-23T11:54:51","slug":"eurecat-en-terres-de-lebre","status":"publish","type":"page","link":"https:\/\/eurecat.org\/es\/servicios\/eurecatevents\/eurecat-en-terres-de-lebre\/","title":{"rendered":"Eurecat en Terres de l&#8217;Ebre"},"content":{"rendered":"<div class=\"fusion-fullwidth fullwidth-box fusion-builder-row-1 hundred-percent-fullwidth non-hundred-percent-height-scrolling\" style=\"--awb-border-radius-top-left:0px;--awb-border-radius-top-right:0px;--awb-border-radius-bottom-right:0px;--awb-border-radius-bottom-left:0px;--awb-overflow:visible;--awb-flex-wrap:wrap;\" ><div class=\"fusion-builder-row fusion-row\"><div class=\"fusion-layout-column fusion_builder_column fusion-builder-column-0 fusion_builder_column_1_1 1_1 fusion-one-full fusion-column-first fusion-column-last fusion-column-no-min-height\" style=\"--awb-bg-size:cover;--awb-margin-bottom:0px;\"><div class=\"fusion-column-wrapper fusion-flex-column-wrapper-legacy\"><div class=\"fusion-text fusion-text-1\"><h1 style=\"text-align: center;\"><strong><span style=\"color: #800080;\">Presentaci\u00f3n Eurecat en Terres de l&#8217;Ebre<\/span><\/strong><\/h1>\n<h3 style=\"text-align: center;\"><strong>En esta jornada de presentaci\u00f3n en Terres de l\u2019Ebre, Eurecat dar\u00e1 a conocer sus \u00e1mbitos de especializaci\u00f3n y cu\u00e1les son los retos que tendr\u00e1n que afrontar las empresas en la denominada Industria 4.0. Tambi\u00e9n, algunos de los instrumentos que el centro pone a disposici\u00f3n de las pymes para ayudarlas a innovar.<\/strong><\/h3>\n<\/div><div class=\"fusion-sep-clear\"><\/div><div class=\"fusion-separator fusion-has-icon fusion-full-width-sep\" style=\"margin-left: auto;margin-right: auto;margin-top:30px;margin-bottom:30px;width:100%;\"><div class=\"fusion-separator-border sep-single sep-solid\" style=\"--awb-height:20px;--awb-amount:20px;border-color:#e0dede;border-top-width:1px;\"><\/div><span class=\"icon-wrapper\" style=\"border-color:#e0dede;background-color:rgba(255,255,255,0);font-size:14px;width: 1.75em; height: 1.75em;border-width:1px;padding:1px;margin-top:-0.5px\"><i class=\" fa fa-chevron-down\" style=\"font-size: inherit;color:#e0dede;\" aria-hidden=\"true\"><\/i><\/span><div class=\"fusion-separator-border sep-single sep-solid\" style=\"--awb-height:20px;--awb-amount:20px;border-color:#e0dede;border-top-width:1px;\"><\/div><\/div><div class=\"fusion-sep-clear\"><\/div><div class=\"fusion-clearfix\"><\/div><\/div><\/div><\/div><\/div><div class=\"fusion-fullwidth fullwidth-box fusion-builder-row-2 nonhundred-percent-fullwidth non-hundred-percent-height-scrolling\" style=\"--awb-background-position:left top;--awb-border-radius-top-left:0px;--awb-border-radius-top-right:0px;--awb-border-radius-bottom-right:0px;--awb-border-radius-bottom-left:0px;--awb-padding-top:20px;--awb-padding-right:0px;--awb-padding-bottom:0px;--awb-padding-left:0px;--awb-border-sizes-top:0px;--awb-border-sizes-bottom:0px;--awb-flex-wrap:wrap;\" ><div class=\"fusion-builder-row fusion-row\"><div class=\"fusion-layout-column fusion_builder_column fusion-builder-column-1 fusion_builder_column_3_5 3_5 fusion-three-fifth fusion-column-first\" style=\"--awb-bg-size:cover;width:58.4%; margin-right: 4%;\"><div class=\"fusion-column-wrapper fusion-flex-column-wrapper-legacy\"><div class=\"fusion-text fusion-text-2\"><h3><span style=\"color: #000080;\"><strong>\u00bfQui\u00e9nes somos?<\/strong><\/span><\/h3>\n<\/div><div class=\"fusion-sep-clear\"><\/div><div class=\"fusion-separator fusion-full-width-sep\" style=\"margin-left: auto;margin-right: auto;margin-bottom:10px;width:100%;\"><div class=\"fusion-separator-border sep-single sep-solid\" style=\"--awb-height:20px;--awb-amount:20px;--awb-sep-color:#e0e0e0;border-color:#e0e0e0;border-top-width:1px;\"><\/div><\/div><div class=\"fusion-sep-clear\"><\/div><div class=\"fusion-text fusion-text-3\"><p><a href=\"http:\/\/www.eurecat.org\/\"><strong>Eurecat<\/strong><\/a>\u00a0es el Centro Tecnol\u00f3gico de referencia en Catalu\u00f1a que nace\u00a0bajo una misma marca y una misma estrategia com\u00fan:\u00a0<strong>ayudar a las empresas catalanas a ser m\u00e1s competitivas<\/strong>, posicion\u00e1ndose como un partner estrat\u00e9gico referente a la implementaci\u00f3n de avances disruptivos en el core de las organizaciones.<\/p>\n<p>Los\u00a0\u00e1mbitos de conocimiento y experiencia de Eurecat permiten\u00a0<strong>atender las necesidades del tejido empresarial desde una mirada m\u00e1s transversal e integradora<\/strong>. En esta l\u00ednea<strong>,<\/strong><strong>\u00a0<\/strong>\u00a0se presentan las capacidades de Eurecat a las empresas, pudiendo anticiparse al mercado y aumentar la competitividad, mediante productos, procesos y servicios innovadores de alto valor tecnol\u00f3gico.<\/p>\n<\/div><div class=\"fusion-sep-clear\"><\/div><div class=\"fusion-separator fusion-full-width-sep\" style=\"margin-left: auto;margin-right: auto;margin-top:10px;margin-bottom:10px;width:100%;\"><\/div><div class=\"fusion-sep-clear\"><\/div><div class=\"fusion-sep-clear\"><\/div><div class=\"fusion-separator fusion-full-width-sep\" style=\"margin-left: auto;margin-right: auto;margin-bottom:10px;width:100%;\"><div class=\"fusion-separator-border sep-single sep-solid\" style=\"--awb-height:20px;--awb-amount:20px;--awb-sep-color:#e0e0e0;border-color:#e0e0e0;border-top-width:1px;\"><\/div><\/div><div class=\"fusion-sep-clear\"><\/div><div class=\"fusion-sep-clear\"><\/div><div class=\"fusion-separator fusion-full-width-sep\" style=\"margin-left: auto;margin-right: auto;margin-top:20px;margin-bottom:20px;width:100%;\"><\/div><div class=\"fusion-sep-clear\"><\/div><div class=\"fusion-image-element fusion-image-align-center in-legacy-container\" style=\"text-align:center;--awb-caption-title-font-family:var(--h2_typography-font-family);--awb-caption-title-font-weight:var(--h2_typography-font-weight);--awb-caption-title-font-style:var(--h2_typography-font-style);--awb-caption-title-size:var(--h2_typography-font-size);--awb-caption-title-transform:var(--h2_typography-text-transform);--awb-caption-title-line-height:var(--h2_typography-line-height);--awb-caption-title-letter-spacing:var(--h2_typography-letter-spacing);\"><div class=\"imageframe-align-center\"><span class=\" fusion-imageframe imageframe-none imageframe-1 hover-type-none\"><img decoding=\"async\" width=\"620\" height=\"827\" title=\"20161202-eurecat-amposta_esp\" src=\"https:\/\/eurecat.org\/wp-content\/uploads\/2016\/11\/20161202-Eurecat-Amposta_ESP.png\" alt class=\"img-responsive wp-image-18933\" srcset=\"https:\/\/eurecat.org\/wp-content\/uploads\/2016\/11\/20161202-Eurecat-Amposta_ESP-200x267.png 200w, https:\/\/eurecat.org\/wp-content\/uploads\/2016\/11\/20161202-Eurecat-Amposta_ESP-400x534.png 400w, https:\/\/eurecat.org\/wp-content\/uploads\/2016\/11\/20161202-Eurecat-Amposta_ESP-600x800.png 600w, https:\/\/eurecat.org\/wp-content\/uploads\/2016\/11\/20161202-Eurecat-Amposta_ESP.png 620w\" sizes=\"(max-width: 800px) 100vw, 620px\" \/><\/span><\/div><\/div><div class=\"fusion-clearfix\"><\/div><\/div><\/div><div class=\"fusion-layout-column fusion_builder_column fusion-builder-column-2 fusion_builder_column_2_5 2_5 fusion-two-fifth fusion-column-last\" style=\"--awb-padding-top:10px;--awb-padding-right:10px;--awb-padding-bottom:10px;--awb-padding-left:10px;--awb-bg-color:#fcfcfc;--awb-bg-color-hover:#fcfcfc;--awb-bg-position:center center;--awb-bg-size:cover;--awb-margin-bottom:2px;width:37.6%;\"><div class=\"fusion-column-wrapper fusion-flex-column-wrapper-legacy\"><div class=\"fusion-column-content-centered\"><div class=\"fusion-column-content\"><div class=\"fusion-button-wrapper fusion-aligncenter\"><a class=\"fusion-button button-flat button-large button-blue fusion-button-blue button-1 fusion-button-default-span \" target=\"_blank\" rel=\"noopener noreferrer\" href=\"https:\/\/www.tfaforms.com\/447689\"><span class=\"fusion-button-icon-divider button-icon-divider-left\"><i class=\" fa fa-check awb-button__icon awb-button__icon--default\" aria-hidden=\"true\"><\/i><\/span><span class=\"fusion-button-text awb-button__text awb-button__text--default fusion-button-text-left\">INSCR\u00cdBETE!<\/span><\/a><\/div><div class=\"fusion-sep-clear\"><\/div><div class=\"fusion-separator fusion-full-width-sep\" style=\"margin-left: auto;margin-right: auto;margin-top:30px;margin-bottom:30px;width:100%;\"><\/div><div class=\"fusion-sep-clear\"><\/div><div class=\"fusion-image-element fusion-image-align-center in-legacy-container\" style=\"text-align:center;--awb-caption-title-font-family:var(--h2_typography-font-family);--awb-caption-title-font-weight:var(--h2_typography-font-weight);--awb-caption-title-font-style:var(--h2_typography-font-style);--awb-caption-title-size:var(--h2_typography-font-size);--awb-caption-title-transform:var(--h2_typography-text-transform);--awb-caption-title-line-height:var(--h2_typography-line-height);--awb-caption-title-letter-spacing:var(--h2_typography-letter-spacing);\"><div class=\"imageframe-align-center\"><span class=\" fusion-imageframe imageframe-none imageframe-2 hover-type-none\"><a class=\"fusion-no-lightbox\" href=\"http:\/\/cdn.bdigital.org\/PDF\/JornadaEurecatTerresdelEbre\/JornadaEurecat_Amposta_CAST.pdf\" target=\"_blank\" aria-label=\"buttonprogramaWEBEVENTS\" rel=\"noopener noreferrer\"><img decoding=\"async\" width=\"180\" height=\"70\" src=\"https:\/\/eurecat.org\/wp-content\/uploads\/2016\/02\/buttonprogramaWEBEVENTS.png\" alt class=\"img-responsive wp-image-5270\" srcset=\"https:\/\/eurecat.org\/wp-content\/uploads\/2016\/02\/buttonprogramaWEBEVENTS-120x47.png 120w, https:\/\/eurecat.org\/wp-content\/uploads\/2016\/02\/buttonprogramaWEBEVENTS-177x70.png 177w, https:\/\/eurecat.org\/wp-content\/uploads\/2016\/02\/buttonprogramaWEBEVENTS.png 180w\" sizes=\"(max-width: 180px) 100vw, 180px\" \/><\/a><\/span><\/div><\/div><div class=\"fusion-sep-clear\"><\/div><div class=\"fusion-separator fusion-full-width-sep\" style=\"margin-left: auto;margin-right: auto;margin-top:10px;margin-bottom:10px;width:100%;\"><div class=\"fusion-separator-border sep-single sep-solid\" style=\"--awb-height:20px;--awb-amount:20px;border-color:#e0dede;border-top-width:1px;\"><\/div><\/div><div class=\"fusion-sep-clear\"><\/div><div class=\"fusion-text fusion-text-4\"><h3 style=\"text-align: center;\"><span style=\"color: #000080;\"><strong>Informaci\u00f3n de la jornada<\/strong><\/span><\/h3>\n<\/div><div class=\"fusion-sep-clear\"><\/div><div class=\"fusion-separator fusion-full-width-sep\" style=\"margin-left: auto;margin-right: auto;margin-bottom:10px;width:100%;\"><\/div><div class=\"fusion-sep-clear\"><\/div><div class=\"fusion-text fusion-text-5\"><p style=\"text-align: center;\"><strong>D\u00eda:<\/strong>\u00a002 de diciembre del 2016<\/p>\n<p style=\"text-align: center;\"><strong>Horario:<\/strong> 09:15h a 12:00h<\/p>\n<p style=\"text-align: center;\"><strong>Lugar:<\/strong>\u00a0Teatre del Casal<\/p>\n<p style=\"text-align: center;\">Ctra. de la Simp\u00e0tica, 6\u00a0&#8211; 43870 ,\u00a0Amposta<\/p>\n<\/div><div class=\"fusion-text fusion-text-6\"><p style=\"text-align: center;\"><strong>Contacto:<\/strong><\/p>\n<p style=\"text-align: center;\">Eurecat Events &#8211;\u00a0<strong><a href=\"mailto:events@eurecat.org\" target=\"_blank\">events@eurecat.org<\/a>\u00a0|\u00a0<\/strong>Tel: 932 381 400<\/p>\n<\/div><div class=\"fusion-sep-clear\"><\/div><div class=\"fusion-separator fusion-full-width-sep\" style=\"margin-left: auto;margin-right: auto;width:100%;\"><\/div><div class=\"fusion-sep-clear\"><\/div><div class=\"fusion-text fusion-text-7\"><p style=\"text-align: center;\"><strong>Localizaci\u00f3n:<\/strong><\/p>\n<\/div><div class=\"fusion-text fusion-text-8\"><p><\/a><\/p>\n<\/div><div class=\"fusion-sep-clear\"><\/div><div class=\"fusion-separator fusion-full-width-sep\" style=\"margin-left: auto;margin-right: auto;width:100%;\"><\/div><div class=\"fusion-sep-clear\"><\/div><\/div><\/div><div class=\"fusion-clearfix\"><\/div><\/div><\/div><\/div><\/div><div class=\"fusion-fullwidth fullwidth-box fusion-builder-row-3 nonhundred-percent-fullwidth non-hundred-percent-height-scrolling\" style=\"--awb-border-radius-top-left:0px;--awb-border-radius-top-right:0px;--awb-border-radius-bottom-right:0px;--awb-border-radius-bottom-left:0px;--awb-padding-top:20px;--awb-padding-bottom:20px;--awb-flex-wrap:wrap;\" ><div class=\"fusion-builder-row fusion-row\"><div class=\"fusion-layout-column fusion_builder_column fusion-builder-column-3 fusion_builder_column_1_5 1_5 fusion-one-fifth fusion-column-first\" style=\"--awb-bg-size:cover;width:20%;width:calc(20% - ( ( 4% ) * 0.2 ) );margin-right: 4%;\"><div class=\"fusion-column-wrapper fusion-flex-column-wrapper-legacy\"><div class=\"fusion-text fusion-text-9\"><h2><strong><span style=\"color: #333399;\">Coorganitza:<\/span><\/strong><\/h2>\n<\/div><div class=\"fusion-text fusion-text-10\"><p><img decoding=\"async\" class=\"aligncenter size-full wp-image-19207\" src=\"https:\/\/eurecat.org\/wp-content\/uploads\/2016\/11\/sumalogosamposta205px.jpg\" alt=\"sumalogosamposta205px\" width=\"215\" height=\"250\" srcset=\"https:\/\/eurecat.org\/wp-content\/uploads\/2016\/11\/sumalogosamposta205px-120x140.jpg 120w, https:\/\/eurecat.org\/wp-content\/uploads\/2016\/11\/sumalogosamposta205px-200x233.jpg 200w, https:\/\/eurecat.org\/wp-content\/uploads\/2016\/11\/sumalogosamposta205px.jpg 215w\" sizes=\"(max-width: 215px) 100vw, 215px\" \/><\/p>\n<\/div><div class=\"fusion-clearfix\"><\/div><\/div><\/div><div class=\"fusion-layout-column fusion_builder_column fusion-builder-column-4 fusion_builder_column_1_5 1_5 fusion-one-fifth fusion-column-last\" style=\"--awb-bg-size:cover;width:20%;width:calc(20% - ( ( 4% ) * 0.2 ) );\"><div class=\"fusion-column-wrapper fusion-flex-column-wrapper-legacy\"><div class=\"fusion-text fusion-text-11\"><h2><strong><span style=\"color: #333399;\">Entidad Colaboradora:<\/span><\/strong><\/h2>\n<\/div><div class=\"fusion-text fusion-text-12\"><p><a href=\"http:\/\/aecebre.com\/\"><img decoding=\"async\" class=\"aligncenter size-full wp-image-19214\" src=\"https:\/\/eurecat.org\/wp-content\/uploads\/2016\/11\/logo-AECE-150px.jpg\" alt=\"logo-aece-150px\" width=\"129\" height=\"150\" srcset=\"https:\/\/eurecat.org\/wp-content\/uploads\/2016\/11\/logo-AECE-150px-120x140.jpg 120w, https:\/\/eurecat.org\/wp-content\/uploads\/2016\/11\/logo-AECE-150px.jpg 129w\" sizes=\"(max-width: 129px) 100vw, 129px\" \/><\/a><\/p>\n<\/div><div class=\"fusion-clearfix\"><\/div><\/div><\/div><\/div><\/div><div class=\"fusion-fullwidth fullwidth-box fusion-builder-row-4 nonhundred-percent-fullwidth non-hundred-percent-height-scrolling\" style=\"--awb-background-position:left top;--awb-border-radius-top-left:0px;--awb-border-radius-top-right:0px;--awb-border-radius-bottom-right:0px;--awb-border-radius-bottom-left:0px;--awb-padding-top:20px;--awb-padding-right:0px;--awb-padding-bottom:0px;--awb-padding-left:0px;--awb-border-sizes-top:0px;--awb-border-sizes-bottom:0px;--awb-flex-wrap:wrap;\" ><div class=\"fusion-builder-row fusion-row\"><div class=\"fusion-layout-column fusion_builder_column fusion-builder-column-5 fusion_builder_column_1_1 1_1 fusion-one-full fusion-column-first fusion-column-last\" style=\"--awb-bg-size:cover;\"><div class=\"fusion-column-wrapper fusion-flex-column-wrapper-legacy\"><div class=\"fusion-text fusion-text-13\"><h3><span style=\"color: #000080;\"><strong>Ponentes<\/strong><\/span><\/h3>\n<\/div><div class=\"fusion-sep-clear\"><\/div><div class=\"fusion-separator fusion-full-width-sep\" style=\"margin-left: auto;margin-right: auto;margin-bottom:10px;width:100%;\"><div class=\"fusion-separator-border sep-single sep-solid\" style=\"--awb-height:20px;--awb-amount:20px;--awb-sep-color:#e0e0e0;border-color:#e0e0e0;border-top-width:1px;\"><\/div><\/div><div class=\"fusion-sep-clear\"><\/div><div class=\"fusion-sep-clear\"><\/div><div class=\"fusion-separator fusion-full-width-sep\" style=\"margin-left: auto;margin-right: auto;margin-top:10px;margin-bottom:10px;width:100%;\"><\/div><div class=\"fusion-sep-clear\"><\/div><div class=\"fusion-text fusion-text-14\"><h2><span style=\"color: #333399;\">RESUMEN DE LA PONENCIA<\/span><\/h2>\n<p><strong>El potencial de la revoluci\u00f3n biotecnol\u00f3gica del siglo XXI para Catalu\u00f1a. El papel de Eurecat<\/strong><\/p>\n<p>Desde la secuenciaci\u00f3n completa del genoma humano en 2001, empieza una revoluci\u00f3n en bioqu\u00edmica que trae a un adelanto tecnol\u00f3gico sin precedentes en la utilizaci\u00f3n de los organismos vivos o sus partes para finalidades industriales. Catalu\u00f1a es un Pa\u00eds fuerte en investigaci\u00f3n biom\u00e9dica y en biolog\u00eda molecular, pero sin un tejido industrial potente basado en la biotecnolog\u00eda m\u00e1s actual. Hay un reto importante que Catalu\u00f1a tiene que abordar como uno de los puntales de la futura competitividad. En este contexto, la puesta en marcha del \u00e1rea de biotecnolog\u00eda de Eurecat tiene que ser un facilitador que empieza con la incorporaci\u00f3n del CTNS y del COS.<\/p>\n<\/div><div class=\"fusion-builder-row fusion-builder-row-inner fusion-row\"><div class=\"fusion-layout-column fusion_builder_column_inner fusion-builder-nested-column-0 fusion_builder_column_inner_1_4 1_4 fusion-one-fourth fusion-column-first\" style=\"--awb-bg-size:cover;width:25%;width:calc(25% - ( ( 4% ) * 0.25 ) );margin-right: 4%;\"><div class=\"fusion-column-wrapper fusion-flex-column-wrapper-legacy\"><div class=\"fusion-text fusion-text-15\"><p><img decoding=\"async\" class=\"aligncenter wp-image-19143 size-thumbnail\" src=\"https:\/\/eurecat.org\/wp-content\/uploads\/2016\/11\/DrLluisArola200px-150x150.jpg\" alt=\"drlluisarola200px\" width=\"150\" height=\"150\" srcset=\"https:\/\/eurecat.org\/wp-content\/uploads\/2016\/11\/DrLluisArola200px-66x66.jpg 66w, https:\/\/eurecat.org\/wp-content\/uploads\/2016\/11\/DrLluisArola200px-120x120.jpg 120w, https:\/\/eurecat.org\/wp-content\/uploads\/2016\/11\/DrLluisArola200px-150x150.jpg 150w, https:\/\/eurecat.org\/wp-content\/uploads\/2016\/11\/DrLluisArola200px.jpg 200w\" sizes=\"(max-width: 150px) 100vw, 150px\" \/><\/p>\n<\/div><div class=\"fusion-clearfix\"><\/div><\/div><\/div><div class=\"fusion-layout-column fusion_builder_column_inner fusion-builder-nested-column-1 fusion_builder_column_inner_3_4 3_4 fusion-three-fourth fusion-column-last\" style=\"--awb-bg-size:cover;width:75%;width:calc(75% - ( ( 4% ) * 0.75 ) );\"><div class=\"fusion-column-wrapper fusion-flex-column-wrapper-legacy\"><div class=\"fusion-text fusion-text-16\"><h2>Dr. Llu\u00eds Arola, director del Centre Tecnol\u00f2gic de Nutrici\u00f3 i Salut (Eurecat &#8211; CTNS)<\/h2>\n<\/div><div class=\"accordian fusion-accordian\" style=\"--awb-border-size:1px;--awb-icon-size:13px;--awb-content-font-size:14px;--awb-icon-alignment:left;--awb-hover-color:#f9f9f9;--awb-border-color:#cccccc;--awb-background-color:#ffffff;--awb-divider-color:#e0dede;--awb-divider-hover-color:#e0dede;--awb-icon-color:#ffffff;--awb-title-color:#662483;--awb-content-color:#747474;--awb-icon-box-color:#333333;--awb-toggle-hover-accent-color:#642c81;--awb-title-font-family:&quot;Open Sans&quot;;--awb-title-font-weight:400;--awb-title-font-style:normal;--awb-title-font-size:13px;--awb-content-font-family:&quot;Open Sans&quot;;--awb-content-font-style:normal;--awb-content-font-weight:400;\"><div class=\"panel-group fusion-toggle-icon-boxed\" id=\"accordion-18935-1\"><div class=\"fusion-panel panel-default panel-6e51ee96474d29d6a fusion-toggle-no-divider\"><div class=\"panel-heading\"><h4 class=\"panel-title toggle\" id=\"toggle_6e51ee96474d29d6a\"><a aria-expanded=\"false\" aria-controls=\"6e51ee96474d29d6a\" role=\"button\" data-toggle=\"collapse\" data-parent=\"#accordion-18935-1\" data-target=\"#6e51ee96474d29d6a\" href=\"#6e51ee96474d29d6a\"><span class=\"fusion-toggle-icon-wrapper\" aria-hidden=\"true\"><i class=\"fa-fusion-box active-icon awb-icon-minus\" aria-hidden=\"true\"><\/i><i class=\"fa-fusion-box inactive-icon awb-icon-plus\" aria-hidden=\"true\"><\/i><\/span><span class=\"fusion-toggle-heading\">Resumen de la ponencia<\/span><\/a><\/h4><\/div><div id=\"6e51ee96474d29d6a\" class=\"panel-collapse collapse \" aria-labelledby=\"toggle_6e51ee96474d29d6a\"><div class=\"panel-body toggle-content fusion-clearfix\">\n<p><strong>El potencial de la revoluci\u00f3n biotecnol\u00f3gica del siglo XXI para Catalu\u00f1a. El papel de Eurecat<\/strong><\/p>\n<p>Desde la secuenciaci\u00f3n completa del genoma humano en 2001, empieza una revoluci\u00f3n en bioqu\u00edmica que trae a un adelanto tecnol\u00f3gico sin precedentes en la utilizaci\u00f3n de los organismos vivos o sus partes para finalidades industriales. Catalu\u00f1a es un Pa\u00eds fuerte en investigaci\u00f3n biom\u00e9dica y en biolog\u00eda molecular, pero sin un tejido industrial potente basado en la biotecnolog\u00eda m\u00e1s actual. Hay un reto importante que Catalu\u00f1a tiene que abordar como uno de los puntales de la futura competitividad. En este contexto, la puesta en marcha del \u00e1rea de biotecnolog\u00eda de Eurecat tiene que ser un facilitador que empieza con la incorporaci\u00f3n del CTNS y del COS.<\/p>\n<\/div><\/div><\/div><\/div><\/div><div class=\"fusion-clearfix\"><\/div><\/div><\/div><\/div><div class=\"fusion-clearfix\"><\/div><\/div><\/div><\/div><\/div><div class=\"fusion-fullwidth fullwidth-box fusion-builder-row-5 nonhundred-percent-fullwidth non-hundred-percent-height-scrolling\" style=\"--awb-background-position:left top;--awb-border-radius-top-left:0px;--awb-border-radius-top-right:0px;--awb-border-radius-bottom-right:0px;--awb-border-radius-bottom-left:0px;--awb-padding-top:0px;--awb-padding-right:0px;--awb-padding-bottom:0px;--awb-padding-left:0px;--awb-border-sizes-top:0px;--awb-border-sizes-bottom:0px;--awb-flex-wrap:wrap;\" ><div class=\"fusion-builder-row fusion-row\"><div class=\"fusion-layout-column fusion_builder_column fusion-builder-column-6 fusion_builder_column_1_1 1_1 fusion-one-full fusion-column-first fusion-column-last\" style=\"--awb-bg-size:cover;\"><div class=\"fusion-column-wrapper fusion-flex-column-wrapper-legacy\"><div class=\"fusion-builder-row fusion-builder-row-inner fusion-row\"><div class=\"fusion-layout-column fusion_builder_column_inner fusion-builder-nested-column-2 fusion_builder_column_inner_1_4 1_4 fusion-one-fourth fusion-column-first\" style=\"--awb-bg-size:cover;width:25%;width:calc(25% - ( ( 4% ) * 0.25 ) );margin-right: 4%;\"><div class=\"fusion-column-wrapper fusion-flex-column-wrapper-legacy\"><div class=\"fusion-text fusion-text-17\"><p><img decoding=\"async\" class=\"aligncenter wp-image-19149 size-thumbnail\" src=\"https:\/\/eurecat.org\/wp-content\/uploads\/2016\/11\/SantiJanez200px-150x150.jpg\" alt=\"santijanez200px\" width=\"150\" height=\"150\" srcset=\"https:\/\/eurecat.org\/wp-content\/uploads\/2016\/11\/SantiJanez200px-66x66.jpg 66w, https:\/\/eurecat.org\/wp-content\/uploads\/2016\/11\/SantiJanez200px-120x120.jpg 120w, https:\/\/eurecat.org\/wp-content\/uploads\/2016\/11\/SantiJanez200px-150x150.jpg 150w, https:\/\/eurecat.org\/wp-content\/uploads\/2016\/11\/SantiJanez200px.jpg 200w\" sizes=\"(max-width: 150px) 100vw, 150px\" \/><\/p>\n<\/div><div class=\"fusion-clearfix\"><\/div><\/div><\/div><div class=\"fusion-layout-column fusion_builder_column_inner fusion-builder-nested-column-3 fusion_builder_column_inner_3_4 3_4 fusion-three-fourth fusion-column-last\" style=\"--awb-bg-size:cover;width:75%;width:calc(75% - ( ( 4% ) * 0.75 ) );\"><div class=\"fusion-column-wrapper fusion-flex-column-wrapper-legacy\"><div class=\"fusion-text fusion-text-18\"><h2>Santi Ja\u00f1ez, Desarrollo de Negocio y Proyectos Multidisciplinares en Eurecat<\/h2>\n<\/div><div class=\"accordian fusion-accordian\" style=\"--awb-border-size:1px;--awb-icon-size:13px;--awb-content-font-size:14px;--awb-icon-alignment:left;--awb-hover-color:#f9f9f9;--awb-border-color:#cccccc;--awb-background-color:#ffffff;--awb-divider-color:#e0dede;--awb-divider-hover-color:#e0dede;--awb-icon-color:#ffffff;--awb-title-color:#662483;--awb-content-color:#747474;--awb-icon-box-color:#333333;--awb-toggle-hover-accent-color:#642c81;--awb-title-font-family:&quot;Open Sans&quot;;--awb-title-font-weight:400;--awb-title-font-style:normal;--awb-title-font-size:13px;--awb-content-font-family:&quot;Open Sans&quot;;--awb-content-font-style:normal;--awb-content-font-weight:400;\"><div class=\"panel-group fusion-toggle-icon-boxed\" id=\"accordion-18935-2\"><div class=\"fusion-panel panel-default panel-9b5386e21dd4338bf fusion-toggle-no-divider\"><div class=\"panel-heading\"><h4 class=\"panel-title toggle\" id=\"toggle_9b5386e21dd4338bf\"><a aria-expanded=\"false\" aria-controls=\"9b5386e21dd4338bf\" role=\"button\" data-toggle=\"collapse\" data-parent=\"#accordion-18935-2\" data-target=\"#9b5386e21dd4338bf\" href=\"#9b5386e21dd4338bf\"><span class=\"fusion-toggle-icon-wrapper\" aria-hidden=\"true\"><i class=\"fa-fusion-box active-icon awb-icon-minus\" aria-hidden=\"true\"><\/i><i class=\"fa-fusion-box inactive-icon awb-icon-plus\" aria-hidden=\"true\"><\/i><\/span><span class=\"fusion-toggle-heading\">Resumen de la ponencia<\/span><\/a><\/h4><\/div><div id=\"9b5386e21dd4338bf\" class=\"panel-collapse collapse \" aria-labelledby=\"toggle_9b5386e21dd4338bf\"><div class=\"panel-body toggle-content fusion-clearfix\">\n<p><strong>Nuevos Retos de la industria del futuro: conectividad, sostenibilidad y digitalizaci\u00f3n<\/strong><\/p>\n<p>La sociedad requiere cada vez m\u00e1s servicios y productos con m\u00e1s valor a\u00f1adido. Productos que incorporan e integran funciones y servicios cada vez m\u00e1s complejos. Productos que se conectan entre s\u00ed y desde cualquier lugar, que comparten datos e informaci\u00f3n en tiempo real. Productos multitecnolgia, que integran electr\u00f3nica, que est\u00e1n fabricados con materiales avanzados de dise\u00f1o atractivos y funcionales y sobre todo, productos altamente personalizables, sostenibles y con unos costes de manufactura m\u00e1s bajos. El desarrollo e implantaci\u00f3n de soluciones en lo que ahora se denomina Industria Conectada o Industria 4.0, es un ejemplo paradigm\u00e1tico del valor de la transversalidad y combinaci\u00f3n tecnol\u00f3gica.<\/p>\n<p>Para cumplir con estas expectativas los procesos y las t\u00e9cnicas de manufactura deben adaptarse a estos requerimientos obligando a las empresas a incorporar equipos y desarrollar sistemas manufactura altamente avanzada as\u00ed como la integraci\u00f3n de varias disciplinas como la Inteligencia artificial, la sens\u00f3rica, la fabricaci\u00f3n aditiva o la simulaci\u00f3n num\u00e9rica entre otros. Tambi\u00e9n se introducir\u00e1 el modelo de econom\u00eda circular que tiene por objetivo reducir tanto la entrada de los materiales como la producci\u00f3n de desechos, cerrando los flujos econ\u00f3micos y ecol\u00f3gicos de los recursos. En la ponencia se dar\u00e1n ejemplos de proyectos innovadores en los cuales se aplica este concepto en el \u00e1mbito industrial cubriendo la gesti\u00f3n del agua, los residuos y la energ\u00eda.<\/p>\n<p>Eurecat aborda el paradigma de la Innovaci\u00f3n y en Desarrollo Tecnol\u00f3gico continuado, de manera hol\u00edstica y pluridisciplinar. Se cubre de forma integral toda la cadena de valor de un producto, desde la idea conceptual hasta su industrializaci\u00f3n, siguiendo la estrategia de la econom\u00eda circular, y dando sentido y contenido al concepto de la Industria 4.0 y el que tiene que ser la F\u00e1brica del Futuro.<\/p>\n<\/div><\/div><\/div><\/div><\/div><div class=\"fusion-clearfix\"><\/div><\/div><\/div><\/div><div class=\"fusion-clearfix\"><\/div><\/div><\/div><\/div><\/div><div class=\"fusion-fullwidth fullwidth-box fusion-builder-row-6 nonhundred-percent-fullwidth non-hundred-percent-height-scrolling\" style=\"--awb-background-position:left top;--awb-border-radius-top-left:0px;--awb-border-radius-top-right:0px;--awb-border-radius-bottom-right:0px;--awb-border-radius-bottom-left:0px;--awb-padding-top:0px;--awb-padding-right:0px;--awb-padding-bottom:0px;--awb-padding-left:0px;--awb-border-sizes-top:0px;--awb-border-sizes-bottom:0px;--awb-flex-wrap:wrap;\" ><div class=\"fusion-builder-row fusion-row\"><div class=\"fusion-layout-column fusion_builder_column fusion-builder-column-7 fusion_builder_column_1_1 1_1 fusion-one-full fusion-column-first fusion-column-last\" style=\"--awb-bg-size:cover;\"><div class=\"fusion-column-wrapper fusion-flex-column-wrapper-legacy\"><div class=\"fusion-builder-row fusion-builder-row-inner fusion-row\"><div class=\"fusion-layout-column fusion_builder_column_inner fusion-builder-nested-column-4 fusion_builder_column_inner_1_4 1_4 fusion-one-fourth fusion-column-first\" style=\"--awb-bg-size:cover;width:25%;width:calc(25% - ( ( 4% ) * 0.25 ) );margin-right: 4%;\"><div class=\"fusion-column-wrapper fusion-flex-column-wrapper-legacy\"><div class=\"fusion-text fusion-text-19\"><p><img decoding=\"async\" class=\"aligncenter wp-image-19146 size-thumbnail\" src=\"https:\/\/eurecat.org\/wp-content\/uploads\/2016\/11\/patriciaARCOS200px-150x150.jpg\" alt=\"patriciaarcos200px\" width=\"150\" height=\"150\" srcset=\"https:\/\/eurecat.org\/wp-content\/uploads\/2016\/11\/patriciaARCOS200px-66x66.jpg 66w, https:\/\/eurecat.org\/wp-content\/uploads\/2016\/11\/patriciaARCOS200px-120x120.jpg 120w, https:\/\/eurecat.org\/wp-content\/uploads\/2016\/11\/patriciaARCOS200px-150x150.jpg 150w, https:\/\/eurecat.org\/wp-content\/uploads\/2016\/11\/patriciaARCOS200px.jpg 200w\" sizes=\"(max-width: 150px) 100vw, 150px\" \/><\/p>\n<\/div><div class=\"fusion-clearfix\"><\/div><\/div><\/div><div class=\"fusion-layout-column fusion_builder_column_inner fusion-builder-nested-column-5 fusion_builder_column_inner_3_4 3_4 fusion-three-fourth fusion-column-last\" style=\"--awb-bg-size:cover;width:75%;width:calc(75% - ( ( 4% ) * 0.75 ) );\"><div class=\"fusion-column-wrapper fusion-flex-column-wrapper-legacy\"><div class=\"fusion-text fusion-text-20\"><h2>Patricia Arcos, Directora del Centro de Excelencia para la Innovaci\u00f3n en la Pyme de Eurecat<\/h2>\n<\/div><div class=\"accordian fusion-accordian\" style=\"--awb-border-size:1px;--awb-icon-size:13px;--awb-content-font-size:14px;--awb-icon-alignment:left;--awb-hover-color:#f9f9f9;--awb-border-color:#cccccc;--awb-background-color:#ffffff;--awb-divider-color:#e0dede;--awb-divider-hover-color:#e0dede;--awb-icon-color:#ffffff;--awb-title-color:#662483;--awb-content-color:#747474;--awb-icon-box-color:#333333;--awb-toggle-hover-accent-color:#642c81;--awb-title-font-family:&quot;Open Sans&quot;;--awb-title-font-weight:400;--awb-title-font-style:normal;--awb-title-font-size:13px;--awb-content-font-family:&quot;Open Sans&quot;;--awb-content-font-style:normal;--awb-content-font-weight:400;\"><div class=\"panel-group fusion-toggle-icon-boxed\" id=\"accordion-18935-3\"><div class=\"fusion-panel panel-default panel-bc69402cdb82c27fa fusion-toggle-no-divider\"><div class=\"panel-heading\"><h4 class=\"panel-title toggle\" id=\"toggle_bc69402cdb82c27fa\"><a aria-expanded=\"false\" aria-controls=\"bc69402cdb82c27fa\" role=\"button\" data-toggle=\"collapse\" data-parent=\"#accordion-18935-3\" data-target=\"#bc69402cdb82c27fa\" href=\"#bc69402cdb82c27fa\"><span class=\"fusion-toggle-icon-wrapper\" aria-hidden=\"true\"><i class=\"fa-fusion-box active-icon awb-icon-minus\" aria-hidden=\"true\"><\/i><i class=\"fa-fusion-box inactive-icon awb-icon-plus\" aria-hidden=\"true\"><\/i><\/span><span class=\"fusion-toggle-heading\">Resumen de la ponencia<\/span><\/a><\/h4><\/div><div id=\"bc69402cdb82c27fa\" class=\"panel-collapse collapse \" aria-labelledby=\"toggle_bc69402cdb82c27fa\"><div class=\"panel-body toggle-content fusion-clearfix\">\n<p><strong>+PiME Innovaci\u00f3n tecnol\u00f3gica permanente al alcance de la pyme<\/strong><\/p>\n<p>Centro de Excelencia para la Innovaci\u00f3n en la Pyme, es una iniciativa conjunta de Eurecat, AMEC, PIMEC y AEIC (Asociaci\u00f3n de Ingenieros Industriales de Catalu\u00f1a) para acercar la innovaci\u00f3n a la pyme catalana y ayudarla a desarrollar procesos de innovaci\u00f3n que la hagan m\u00e1s competitiva, generadora de ocupaci\u00f3n de calidad y creadora de riqueza para el conjunto de la sociedad. Con \u201cM\u00e1s PYME\u201d queremos potenciar la cultura de la innovaci\u00f3n, dotando las empresas de metodolog\u00eda y recursos para hacer de la innovaci\u00f3n un proceso permanente dentro de la empresa.<\/p>\n<\/div><\/div><\/div><\/div><\/div><div class=\"fusion-clearfix\"><\/div><\/div><\/div><\/div><div class=\"fusion-clearfix\"><\/div><\/div><\/div><\/div><\/div><div class=\"fusion-fullwidth fullwidth-box fusion-builder-row-7 nonhundred-percent-fullwidth non-hundred-percent-height-scrolling\" style=\"--awb-background-position:left top;--awb-border-radius-top-left:0px;--awb-border-radius-top-right:0px;--awb-border-radius-bottom-right:0px;--awb-border-radius-bottom-left:0px;--awb-padding-top:1px;--awb-padding-right:0px;--awb-padding-bottom:20px;--awb-padding-left:0px;--awb-border-sizes-top:0px;--awb-border-sizes-bottom:0px;--awb-flex-wrap:wrap;\" ><div class=\"fusion-builder-row fusion-row\"><\/div><\/div>\n","protected":false},"excerpt":{"rendered":"","protected":false},"author":12,"featured_media":13529,"parent":2777,"menu_order":13,"comment_status":"closed","ping_status":"closed","template":"","meta":{"footnotes":""},"class_list":["post-18935","page","type-page","status-publish","has-post-thumbnail","hentry"],"yoast_head":"<!-- This site is optimized with the Yoast SEO plugin v27.5 - https:\/\/yoast.com\/product\/yoast-seo-wordpress\/ -->\n<title>Presentaci\u00f3n Eurecat en Terres de l&#039;Ebre<\/title>\n<meta name=\"description\" content=\"EURECAT, el gran centro tecnol\u00f3gico de Catalu\u00f1a organiza esta jornada de presentaci\u00f3n a las empresas de Terres de l&#039;ebre\" \/>\n<meta name=\"robots\" content=\"index, follow, max-snippet:-1, max-image-preview:large, max-video-preview:-1\" \/>\n<link rel=\"canonical\" href=\"https:\/\/eurecat.org\/es\/servicios\/eurecatevents\/eurecat-en-terres-de-lebre\/\" \/>\n<meta property=\"og:locale\" content=\"es_ES\" \/>\n<meta property=\"og:type\" content=\"article\" \/>\n<meta property=\"og:title\" content=\"Presentaci\u00f3n Eurecat en Terres de l&#039;Ebre\" \/>\n<meta property=\"og:description\" content=\"EURECAT, el gran centro tecnol\u00f3gico de Catalu\u00f1a organiza esta jornada de presentaci\u00f3n a las empresas de Terres de l&#039;ebre\" \/>\n<meta property=\"og:url\" content=\"https:\/\/eurecat.org\/es\/servicios\/eurecatevents\/eurecat-en-terres-de-lebre\/\" \/>\n<meta property=\"og:site_name\" content=\"Eurecat\" \/>\n<meta property=\"article:modified_time\" content=\"2016-11-23T11:54:51+00:00\" \/>\n<meta property=\"og:image\" content=\"https:\/\/eurecat.org\/wp-content\/uploads\/2016\/07\/eurecat-folleto.jpg\" \/>\n\t<meta property=\"og:image:width\" content=\"841\" \/>\n\t<meta property=\"og:image:height\" content=\"603\" \/>\n\t<meta property=\"og:image:type\" content=\"image\/jpeg\" \/>\n<meta name=\"twitter:card\" content=\"summary_large_image\" \/>\n<meta name=\"twitter:label1\" content=\"Tiempo de lectura\" \/>\n\t<meta name=\"twitter:data1\" content=\"15 minutos\" \/>\n<script type=\"application\/ld+json\" class=\"yoast-schema-graph\">{\"@context\":\"https:\\\/\\\/schema.org\",\"@graph\":[{\"@type\":\"WebPage\",\"@id\":\"https:\\\/\\\/eurecat.org\\\/es\\\/servicios\\\/eurecatevents\\\/eurecat-en-terres-de-lebre\\\/\",\"url\":\"https:\\\/\\\/eurecat.org\\\/es\\\/servicios\\\/eurecatevents\\\/eurecat-en-terres-de-lebre\\\/\",\"name\":\"Presentaci\u00f3n Eurecat en Terres de l'Ebre\",\"isPartOf\":{\"@id\":\"https:\\\/\\\/eurecat.org\\\/es\\\/#website\"},\"primaryImageOfPage\":{\"@id\":\"https:\\\/\\\/eurecat.org\\\/es\\\/servicios\\\/eurecatevents\\\/eurecat-en-terres-de-lebre\\\/#primaryimage\"},\"image\":{\"@id\":\"https:\\\/\\\/eurecat.org\\\/es\\\/servicios\\\/eurecatevents\\\/eurecat-en-terres-de-lebre\\\/#primaryimage\"},\"thumbnailUrl\":\"https:\\\/\\\/eurecat.org\\\/wp-content\\\/uploads\\\/2016\\\/07\\\/eurecat-folleto.jpg\",\"datePublished\":\"2016-11-16T13:13:55+00:00\",\"dateModified\":\"2016-11-23T11:54:51+00:00\",\"description\":\"EURECAT, el gran centro tecnol\u00f3gico de Catalu\u00f1a organiza esta jornada de presentaci\u00f3n a las empresas de Terres de l'ebre\",\"breadcrumb\":{\"@id\":\"https:\\\/\\\/eurecat.org\\\/es\\\/servicios\\\/eurecatevents\\\/eurecat-en-terres-de-lebre\\\/#breadcrumb\"},\"inLanguage\":\"es\",\"potentialAction\":[{\"@type\":\"ReadAction\",\"target\":[\"https:\\\/\\\/eurecat.org\\\/es\\\/servicios\\\/eurecatevents\\\/eurecat-en-terres-de-lebre\\\/\"]}]},{\"@type\":\"ImageObject\",\"inLanguage\":\"es\",\"@id\":\"https:\\\/\\\/eurecat.org\\\/es\\\/servicios\\\/eurecatevents\\\/eurecat-en-terres-de-lebre\\\/#primaryimage\",\"url\":\"https:\\\/\\\/eurecat.org\\\/wp-content\\\/uploads\\\/2016\\\/07\\\/eurecat-folleto.jpg\",\"contentUrl\":\"https:\\\/\\\/eurecat.org\\\/wp-content\\\/uploads\\\/2016\\\/07\\\/eurecat-folleto.jpg\",\"width\":841,\"height\":603},{\"@type\":\"BreadcrumbList\",\"@id\":\"https:\\\/\\\/eurecat.org\\\/es\\\/servicios\\\/eurecatevents\\\/eurecat-en-terres-de-lebre\\\/#breadcrumb\",\"itemListElement\":[{\"@type\":\"ListItem\",\"position\":1,\"name\":\"Inici\",\"item\":\"https:\\\/\\\/eurecat.org\\\/es\\\/\"},{\"@type\":\"ListItem\",\"position\":2,\"name\":\"Actividades\",\"item\":\"https:\\\/\\\/eurecat.org\\\/es\\\/servicios\\\/\"},{\"@type\":\"ListItem\",\"position\":3,\"name\":\"Esdeveniments Eurecat\",\"item\":\"https:\\\/\\\/eurecat.org\\\/es\\\/servicios\\\/eurecatevents\\\/\"},{\"@type\":\"ListItem\",\"position\":4,\"name\":\"Eurecat en Terres de l&#8217;Ebre\"}]},{\"@type\":\"WebSite\",\"@id\":\"https:\\\/\\\/eurecat.org\\\/es\\\/#website\",\"url\":\"https:\\\/\\\/eurecat.org\\\/es\\\/\",\"name\":\"Eurecat\",\"description\":\"Otro sitio realizado con WordPress\",\"potentialAction\":[{\"@type\":\"SearchAction\",\"target\":{\"@type\":\"EntryPoint\",\"urlTemplate\":\"https:\\\/\\\/eurecat.org\\\/es\\\/?s={search_term_string}\"},\"query-input\":{\"@type\":\"PropertyValueSpecification\",\"valueRequired\":true,\"valueName\":\"search_term_string\"}}],\"inLanguage\":\"es\"}]}<\/script>\n<!-- \/ Yoast SEO plugin. -->","yoast_head_json":{"title":"Presentaci\u00f3n Eurecat en Terres de l'Ebre","description":"EURECAT, el gran centro tecnol\u00f3gico de Catalu\u00f1a organiza esta jornada de presentaci\u00f3n a las empresas de Terres de l'ebre","robots":{"index":"index","follow":"follow","max-snippet":"max-snippet:-1","max-image-preview":"max-image-preview:large","max-video-preview":"max-video-preview:-1"},"canonical":"https:\/\/eurecat.org\/es\/servicios\/eurecatevents\/eurecat-en-terres-de-lebre\/","og_locale":"es_ES","og_type":"article","og_title":"Presentaci\u00f3n Eurecat en Terres de l'Ebre","og_description":"EURECAT, el gran centro tecnol\u00f3gico de Catalu\u00f1a organiza esta jornada de presentaci\u00f3n a las empresas de Terres de l'ebre","og_url":"https:\/\/eurecat.org\/es\/servicios\/eurecatevents\/eurecat-en-terres-de-lebre\/","og_site_name":"Eurecat","article_modified_time":"2016-11-23T11:54:51+00:00","og_image":[{"width":841,"height":603,"url":"https:\/\/eurecat.org\/wp-content\/uploads\/2016\/07\/eurecat-folleto.jpg","type":"image\/jpeg"}],"twitter_card":"summary_large_image","twitter_misc":{"Tiempo de lectura":"15 minutos"},"schema":{"@context":"https:\/\/schema.org","@graph":[{"@type":"WebPage","@id":"https:\/\/eurecat.org\/es\/servicios\/eurecatevents\/eurecat-en-terres-de-lebre\/","url":"https:\/\/eurecat.org\/es\/servicios\/eurecatevents\/eurecat-en-terres-de-lebre\/","name":"Presentaci\u00f3n Eurecat en Terres de l'Ebre","isPartOf":{"@id":"https:\/\/eurecat.org\/es\/#website"},"primaryImageOfPage":{"@id":"https:\/\/eurecat.org\/es\/servicios\/eurecatevents\/eurecat-en-terres-de-lebre\/#primaryimage"},"image":{"@id":"https:\/\/eurecat.org\/es\/servicios\/eurecatevents\/eurecat-en-terres-de-lebre\/#primaryimage"},"thumbnailUrl":"https:\/\/eurecat.org\/wp-content\/uploads\/2016\/07\/eurecat-folleto.jpg","datePublished":"2016-11-16T13:13:55+00:00","dateModified":"2016-11-23T11:54:51+00:00","description":"EURECAT, el gran centro tecnol\u00f3gico de Catalu\u00f1a organiza esta jornada de presentaci\u00f3n a las empresas de Terres de l'ebre","breadcrumb":{"@id":"https:\/\/eurecat.org\/es\/servicios\/eurecatevents\/eurecat-en-terres-de-lebre\/#breadcrumb"},"inLanguage":"es","potentialAction":[{"@type":"ReadAction","target":["https:\/\/eurecat.org\/es\/servicios\/eurecatevents\/eurecat-en-terres-de-lebre\/"]}]},{"@type":"ImageObject","inLanguage":"es","@id":"https:\/\/eurecat.org\/es\/servicios\/eurecatevents\/eurecat-en-terres-de-lebre\/#primaryimage","url":"https:\/\/eurecat.org\/wp-content\/uploads\/2016\/07\/eurecat-folleto.jpg","contentUrl":"https:\/\/eurecat.org\/wp-content\/uploads\/2016\/07\/eurecat-folleto.jpg","width":841,"height":603},{"@type":"BreadcrumbList","@id":"https:\/\/eurecat.org\/es\/servicios\/eurecatevents\/eurecat-en-terres-de-lebre\/#breadcrumb","itemListElement":[{"@type":"ListItem","position":1,"name":"Inici","item":"https:\/\/eurecat.org\/es\/"},{"@type":"ListItem","position":2,"name":"Actividades","item":"https:\/\/eurecat.org\/es\/servicios\/"},{"@type":"ListItem","position":3,"name":"Esdeveniments Eurecat","item":"https:\/\/eurecat.org\/es\/servicios\/eurecatevents\/"},{"@type":"ListItem","position":4,"name":"Eurecat en Terres de l&#8217;Ebre"}]},{"@type":"WebSite","@id":"https:\/\/eurecat.org\/es\/#website","url":"https:\/\/eurecat.org\/es\/","name":"Eurecat","description":"Otro sitio realizado con WordPress","potentialAction":[{"@type":"SearchAction","target":{"@type":"EntryPoint","urlTemplate":"https:\/\/eurecat.org\/es\/?s={search_term_string}"},"query-input":{"@type":"PropertyValueSpecification","valueRequired":true,"valueName":"search_term_string"}}],"inLanguage":"es"}]}},"_links":{"self":[{"href":"https:\/\/eurecat.org\/es\/wp-json\/wp\/v2\/pages\/18935","targetHints":{"allow":["GET"]}}],"collection":[{"href":"https:\/\/eurecat.org\/es\/wp-json\/wp\/v2\/pages"}],"about":[{"href":"https:\/\/eurecat.org\/es\/wp-json\/wp\/v2\/types\/page"}],"author":[{"embeddable":true,"href":"https:\/\/eurecat.org\/es\/wp-json\/wp\/v2\/users\/12"}],"replies":[{"embeddable":true,"href":"https:\/\/eurecat.org\/es\/wp-json\/wp\/v2\/comments?post=18935"}],"version-history":[{"count":0,"href":"https:\/\/eurecat.org\/es\/wp-json\/wp\/v2\/pages\/18935\/revisions"}],"up":[{"embeddable":true,"href":"https:\/\/eurecat.org\/es\/wp-json\/wp\/v2\/pages\/2777"}],"wp:featuredmedia":[{"embeddable":true,"href":"https:\/\/eurecat.org\/es\/wp-json\/wp\/v2\/media\/13529"}],"wp:attachment":[{"href":"https:\/\/eurecat.org\/es\/wp-json\/wp\/v2\/media?parent=18935"}],"curies":[{"name":"wp","href":"https:\/\/api.w.org\/{rel}","templated":true}]}}