{"id":21546,"date":"2017-02-20T10:48:03","date_gmt":"2017-02-20T09:48:03","guid":{"rendered":"http:\/\/eurecat.org\/?page_id=21546\/"},"modified":"2017-12-20T09:59:04","modified_gmt":"2017-12-20T09:59:04","slug":"jornada-eurecat-fabricacion-aditiva","status":"publish","type":"page","link":"https:\/\/eurecat.org\/es\/servicios\/eurecatevents\/jornada-eurecat-fabricacion-aditiva\/","title":{"rendered":"Jornada Eurecat Fabricaci\u00f3n Aditiva"},"content":{"rendered":"<div class=\"fusion-fullwidth fullwidth-box fusion-builder-row-1 hundred-percent-fullwidth non-hundred-percent-height-scrolling\" style=\"--awb-border-radius-top-left:0px;--awb-border-radius-top-right:0px;--awb-border-radius-bottom-right:0px;--awb-border-radius-bottom-left:0px;--awb-overflow:visible;--awb-flex-wrap:wrap;\" ><div class=\"fusion-builder-row fusion-row\"><div class=\"fusion-layout-column fusion_builder_column fusion-builder-column-0 fusion_builder_column_1_1 1_1 fusion-one-full fusion-column-first fusion-column-last fusion-column-no-min-height\" style=\"--awb-bg-size:cover;--awb-margin-bottom:0px;\"><div class=\"fusion-column-wrapper fusion-flex-column-wrapper-legacy\"><div class=\"fusion-text fusion-text-1\"><h1 style=\"text-align: center;\"><strong><span style=\"color: #800080;\">Fabricaci\u00f3n aditiva<\/span><\/strong><\/h1>\n<h3 style=\"text-align: center;\">La fabricaci\u00f3n aditiva representa un <strong>nuevo paradigma en la forma de producir las piezas y los productos<\/strong>, permitiendo optimizar materiales, crear nuevas formas, hacer dise\u00f1os personalizados, etc&#8230; pero requiere una nueva forma de conceptualizarlas y desarrollarlas para sacar todo el provecho de esta tecnolog\u00eda.<\/h3>\n<h3 style=\"text-align: center;\"><span style=\"color: #800080;\"><strong>Eurecat<\/strong><\/span> organiza esta jornada con la colaboraci\u00f3n de\u00a0<strong><a href=\"http:\/\/www.autodesk.es\/\"><span style=\"color: #800080;\">Autodes<\/span><\/a><\/strong><a href=\"http:\/\/www.autodesk.es\/\"><span style=\"color: #800080;\">k<\/span><\/a>, con el objetivo de dar a los asistentes una visi\u00f3n de las posibilidades de innovaci\u00f3n que ofrece la fabricaci\u00f3n aditiva (3D printing funcional, impresi\u00f3n estructural, 3D printing multiproceso, reducci\u00f3n de costos, etc.)<\/h3>\n<\/div><div class=\"fusion-sep-clear\"><\/div><div class=\"fusion-separator fusion-has-icon fusion-full-width-sep\" style=\"margin-left: auto;margin-right: auto;margin-top:30px;margin-bottom:30px;width:100%;\"><div class=\"fusion-separator-border sep-single sep-solid\" style=\"--awb-height:20px;--awb-amount:20px;border-color:#e0dede;border-top-width:1px;\"><\/div><span class=\"icon-wrapper\" style=\"border-color:#e0dede;background-color:rgba(255,255,255,0);font-size:14px;width: 1.75em; height: 1.75em;border-width:1px;padding:1px;margin-top:-0.5px\"><i class=\" fa fa-chevron-down\" style=\"font-size: inherit;color:#e0dede;\" aria-hidden=\"true\"><\/i><\/span><div class=\"fusion-separator-border sep-single sep-solid\" style=\"--awb-height:20px;--awb-amount:20px;border-color:#e0dede;border-top-width:1px;\"><\/div><\/div><div class=\"fusion-sep-clear\"><\/div><div class=\"fusion-clearfix\"><\/div><\/div><\/div><\/div><\/div><div class=\"fusion-fullwidth fullwidth-box fusion-builder-row-2 nonhundred-percent-fullwidth non-hundred-percent-height-scrolling\" style=\"--awb-background-position:left top;--awb-border-radius-top-left:0px;--awb-border-radius-top-right:0px;--awb-border-radius-bottom-right:0px;--awb-border-radius-bottom-left:0px;--awb-padding-top:20px;--awb-padding-right:0px;--awb-padding-bottom:0px;--awb-padding-left:0px;--awb-border-sizes-top:0px;--awb-border-sizes-bottom:0px;--awb-flex-wrap:wrap;\" ><div class=\"fusion-builder-row fusion-row\"><div class=\"fusion-layout-column fusion_builder_column fusion-builder-column-1 fusion_builder_column_3_5 3_5 fusion-three-fifth fusion-column-first\" style=\"--awb-bg-size:cover;width:58.4%; margin-right: 4%;\"><div class=\"fusion-column-wrapper fusion-flex-column-wrapper-legacy\"><div class=\"fusion-text fusion-text-2\"><h3><span style=\"color: #000080;\"><strong>\u00bfQui\u00e9nes somos?<\/strong><\/span><\/h3>\n<\/div><div class=\"fusion-sep-clear\"><\/div><div class=\"fusion-separator fusion-full-width-sep\" style=\"margin-left: auto;margin-right: auto;margin-bottom:10px;width:100%;\"><div class=\"fusion-separator-border sep-single sep-solid\" style=\"--awb-height:20px;--awb-amount:20px;--awb-sep-color:#e0e0e0;border-color:#e0e0e0;border-top-width:1px;\"><\/div><\/div><div class=\"fusion-sep-clear\"><\/div><div class=\"fusion-text fusion-text-3\"><p><strong><a href=\"http:\/\/www.eurecat.org\" target=\"_blank\" rel=\"noopener\">Eurecat<\/a><\/strong>\u00a0es el Centro Tecnol\u00f3gico de referencia en Catalu\u00f1a que nace bajo una misma marca i con una estrategia com\u00fan:\u00a0<strong>ayudar a las empresas catalanas a ser m\u00e1s competitivas<\/strong>, posicion\u00e1ndose como un partner estrat\u00e9gico en lo que la implementaci\u00f3n de avances disruptivos en el s\u00ed de sus organizaciones.<\/p>\n<p>Los \u00e1mbitos de conocimiento y experiencia de Eurecat permiten <strong>atender las necesidades del tejido empresarial desde una mirada m\u00e1s transversal e integradora<\/strong>. En esta l\u00ednea<strong>, <\/strong>se representar\u00e1n las capacidades de Eurecat a las empresas, pudiendo anticiparse al mercado y aumentar la competitividad, mediante productos, procesos y servicios innovadores y de alto valor tecnol\u00f3gico.<\/p>\n<\/div><div class=\"fusion-sep-clear\"><\/div><div class=\"fusion-separator fusion-full-width-sep\" style=\"margin-left: auto;margin-right: auto;margin-top:10px;margin-bottom:10px;width:100%;\"><\/div><div class=\"fusion-sep-clear\"><\/div><div class=\"fusion-sep-clear\"><\/div><div class=\"fusion-separator fusion-full-width-sep\" style=\"margin-left: auto;margin-right: auto;margin-bottom:10px;width:100%;\"><div class=\"fusion-separator-border sep-single sep-solid\" style=\"--awb-height:20px;--awb-amount:20px;--awb-sep-color:#e0e0e0;border-color:#e0e0e0;border-top-width:1px;\"><\/div><\/div><div class=\"fusion-sep-clear\"><\/div><div class=\"fusion-sep-clear\"><\/div><div class=\"fusion-separator fusion-full-width-sep\" style=\"margin-left: auto;margin-right: auto;margin-top:20px;margin-bottom:20px;width:100%;\"><\/div><div class=\"fusion-sep-clear\"><\/div><div class=\"fusion-image-element fusion-image-align-center in-legacy-container\" style=\"text-align:center;--awb-caption-title-font-family:var(--h2_typography-font-family);--awb-caption-title-font-weight:var(--h2_typography-font-weight);--awb-caption-title-font-style:var(--h2_typography-font-style);--awb-caption-title-size:var(--h2_typography-font-size);--awb-caption-title-transform:var(--h2_typography-text-transform);--awb-caption-title-line-height:var(--h2_typography-line-height);--awb-caption-title-letter-spacing:var(--h2_typography-letter-spacing);\"><div class=\"imageframe-align-center\"><span class=\" fusion-imageframe imageframe-none imageframe-1 hover-type-none\"><img decoding=\"async\" width=\"649\" height=\"851\" title=\"Programa_fabricacionaditiva20170316_ESP\" src=\"https:\/\/eurecat.org\/wp-content\/uploads\/2017\/02\/Programa_fabricacionaditiva20170316_ESP.png\" alt class=\"img-responsive wp-image-22612\" srcset=\"https:\/\/eurecat.org\/wp-content\/uploads\/2017\/02\/Programa_fabricacionaditiva20170316_ESP-200x262.png 200w, https:\/\/eurecat.org\/wp-content\/uploads\/2017\/02\/Programa_fabricacionaditiva20170316_ESP-400x524.png 400w, https:\/\/eurecat.org\/wp-content\/uploads\/2017\/02\/Programa_fabricacionaditiva20170316_ESP-600x787.png 600w, https:\/\/eurecat.org\/wp-content\/uploads\/2017\/02\/Programa_fabricacionaditiva20170316_ESP.png 649w\" sizes=\"(max-width: 800px) 100vw, 649px\" \/><\/span><\/div><\/div><div class=\"fusion-clearfix\"><\/div><\/div><\/div><div class=\"fusion-layout-column fusion_builder_column fusion-builder-column-2 fusion_builder_column_2_5 2_5 fusion-two-fifth fusion-column-last\" style=\"--awb-padding-top:10px;--awb-padding-right:10px;--awb-padding-bottom:10px;--awb-padding-left:10px;--awb-bg-color:#fcfcfc;--awb-bg-color-hover:#fcfcfc;--awb-bg-position:center center;--awb-bg-size:cover;--awb-margin-bottom:2px;width:37.6%;\"><div class=\"fusion-column-wrapper fusion-flex-column-wrapper-legacy\"><div class=\"fusion-column-content-centered\"><div class=\"fusion-column-content\"><div class=\"fusion-image-element fusion-image-align-center in-legacy-container\" style=\"text-align:center;--awb-caption-title-font-family:var(--h2_typography-font-family);--awb-caption-title-font-weight:var(--h2_typography-font-weight);--awb-caption-title-font-style:var(--h2_typography-font-style);--awb-caption-title-size:var(--h2_typography-font-size);--awb-caption-title-transform:var(--h2_typography-text-transform);--awb-caption-title-line-height:var(--h2_typography-line-height);--awb-caption-title-letter-spacing:var(--h2_typography-letter-spacing);\"><div class=\"imageframe-align-center\"><span class=\" fusion-imageframe imageframe-none imageframe-2 hover-type-none\"><img decoding=\"async\" width=\"800\" height=\"387\" title=\"MallaadditivaEurecat2017\" src=\"https:\/\/eurecat.org\/wp-content\/uploads\/2017\/02\/MallaadditivaEurecat2017.jpg\" alt class=\"img-responsive wp-image-21538\" srcset=\"https:\/\/eurecat.org\/wp-content\/uploads\/2017\/02\/MallaadditivaEurecat2017-200x97.jpg 200w, https:\/\/eurecat.org\/wp-content\/uploads\/2017\/02\/MallaadditivaEurecat2017-400x194.jpg 400w, https:\/\/eurecat.org\/wp-content\/uploads\/2017\/02\/MallaadditivaEurecat2017-600x290.jpg 600w, https:\/\/eurecat.org\/wp-content\/uploads\/2017\/02\/MallaadditivaEurecat2017.jpg 800w\" sizes=\"(max-width: 800px) 100vw, 600px\" \/><\/span><\/div><\/div><div class=\"fusion-image-element fusion-image-align-center in-legacy-container\" style=\"text-align:center;--awb-caption-title-font-family:var(--h2_typography-font-family);--awb-caption-title-font-weight:var(--h2_typography-font-weight);--awb-caption-title-font-style:var(--h2_typography-font-style);--awb-caption-title-size:var(--h2_typography-font-size);--awb-caption-title-transform:var(--h2_typography-text-transform);--awb-caption-title-line-height:var(--h2_typography-line-height);--awb-caption-title-letter-spacing:var(--h2_typography-letter-spacing);\"><div class=\"imageframe-align-center\"><span class=\" fusion-imageframe imageframe-none imageframe-3 hover-type-none\"><a class=\"fusion-no-lightbox\" href=\"http:\/\/cdn.bdigital.org\/PDF\/JornadaFabricacioAdditiva\/programa_FabricacioAdditiva_cast.pdf\" target=\"_blank\" aria-label=\"buttonprogramaWEBEVENTS\" rel=\"noopener noreferrer\"><img decoding=\"async\" width=\"180\" height=\"70\" src=\"https:\/\/eurecat.org\/wp-content\/uploads\/2016\/02\/buttonprogramaWEBEVENTS.png\" alt class=\"img-responsive wp-image-5270\" srcset=\"https:\/\/eurecat.org\/wp-content\/uploads\/2016\/02\/buttonprogramaWEBEVENTS-120x47.png 120w, https:\/\/eurecat.org\/wp-content\/uploads\/2016\/02\/buttonprogramaWEBEVENTS-177x70.png 177w, https:\/\/eurecat.org\/wp-content\/uploads\/2016\/02\/buttonprogramaWEBEVENTS.png 180w\" sizes=\"(max-width: 180px) 100vw, 180px\" \/><\/a><\/span><\/div><\/div><div class=\"fusion-sep-clear\"><\/div><div class=\"fusion-separator fusion-full-width-sep\" style=\"margin-left: auto;margin-right: auto;margin-top:10px;margin-bottom:10px;width:100%;\"><div class=\"fusion-separator-border sep-single sep-solid\" style=\"--awb-height:20px;--awb-amount:20px;border-color:#e0dede;border-top-width:1px;\"><\/div><\/div><div class=\"fusion-sep-clear\"><\/div><div class=\"fusion-text fusion-text-4\"><h3 style=\"text-align: center;\"><span style=\"color: #000080;\"><strong>Informaci\u00f3n de la jornada<\/strong><\/span><\/h3>\n<\/div><div class=\"fusion-sep-clear\"><\/div><div class=\"fusion-separator fusion-full-width-sep\" style=\"margin-left: auto;margin-right: auto;margin-bottom:10px;width:100%;\"><\/div><div class=\"fusion-sep-clear\"><\/div><div class=\"fusion-text fusion-text-5\"><p style=\"text-align: center;\"><strong>D\u00eda:<\/strong>\u00a0 16 de marzo del 2017<\/p>\n<p style=\"text-align: center;\"><strong>Horario:<\/strong> 09:00h a 12:30h<\/p>\n<p style=\"text-align: center;\"><strong>Lugar:<\/strong>\u00a0Eurecat\u00a0Cerdanyola<\/p>\n<p style=\"text-align: center;\">Sala Gran, Av\u00a0Universitat, 23<\/p>\n<p style=\"text-align: center;\">08290 Cerdanyola del Vall\u00e8s<\/p>\n<\/div><div class=\"fusion-text fusion-text-6\"><p style=\"text-align: center;\"><strong>Contacto:<\/strong><\/p>\n<p style=\"text-align: center;\">Eurecat Events &#8211;\u00a0<strong><a href=\"mailto:events@eurecat.org\" target=\"_blank\" rel=\"noopener\">events@eurecat.org<\/a>\u00a0|\u00a0<\/strong>Tel: 932 381 400<\/p>\n<\/div><div class=\"fusion-sep-clear\"><\/div><div class=\"fusion-separator fusion-full-width-sep\" style=\"margin-left: auto;margin-right: auto;width:100%;\"><\/div><div class=\"fusion-sep-clear\"><\/div><div class=\"fusion-text fusion-text-7\"><p style=\"text-align: center;\"><strong>Localizaci\u00f3n:<\/strong><\/p>\n<\/div><div class=\"fusion-text fusion-text-8\"><p><a href=\"https:\/\/www.google.es\/maps\/place\/Eurecat+-+Cerdanyola\/@41.4879702,2.1267991,16.26z\/data=!4m5!3m4!1s0x0:0xb7f38da751c1b3ae!8m2!3d41.4887866!4d2.1263307\"><img decoding=\"async\" class=\"aligncenter size-full wp-image-21570\" src=\"https:\/\/eurecat.org\/wp-content\/uploads\/2017\/02\/EurecatCERDANYOLA2017_2.png\" alt=\"\" width=\"500\" height=\"274\" srcset=\"https:\/\/eurecat.org\/wp-content\/uploads\/2017\/02\/EurecatCERDANYOLA2017_2-30x16.png 30w, https:\/\/eurecat.org\/wp-content\/uploads\/2017\/02\/EurecatCERDANYOLA2017_2-120x66.png 120w, https:\/\/eurecat.org\/wp-content\/uploads\/2017\/02\/EurecatCERDANYOLA2017_2-200x110.png 200w, https:\/\/eurecat.org\/wp-content\/uploads\/2017\/02\/EurecatCERDANYOLA2017_2-300x164.png 300w, https:\/\/eurecat.org\/wp-content\/uploads\/2017\/02\/EurecatCERDANYOLA2017_2-400x219.png 400w, https:\/\/eurecat.org\/wp-content\/uploads\/2017\/02\/EurecatCERDANYOLA2017_2.png 500w\" sizes=\"(max-width: 500px) 100vw, 500px\" \/><\/a><\/p>\n<\/div><div class=\"fusion-sep-clear\"><\/div><div class=\"fusion-separator fusion-full-width-sep\" style=\"margin-left: auto;margin-right: auto;width:100%;\"><div class=\"fusion-separator-border sep-single sep-solid\" style=\"--awb-height:20px;--awb-amount:20px;border-color:#e0dede;border-top-width:1px;\"><\/div><\/div><div class=\"fusion-sep-clear\"><\/div><div class=\"fusion-text fusion-text-9\"><p style=\"text-align: center;\"><span style=\"color: #800080;\"><strong>Partner<\/strong><\/span><\/p>\n<\/div><div class=\"fusion-image-element fusion-image-align-center in-legacy-container\" style=\"text-align:center;--awb-caption-title-font-family:var(--h2_typography-font-family);--awb-caption-title-font-weight:var(--h2_typography-font-weight);--awb-caption-title-font-style:var(--h2_typography-font-style);--awb-caption-title-size:var(--h2_typography-font-size);--awb-caption-title-transform:var(--h2_typography-text-transform);--awb-caption-title-line-height:var(--h2_typography-line-height);--awb-caption-title-letter-spacing:var(--h2_typography-letter-spacing);\"><div class=\"imageframe-align-center\"><span class=\" fusion-imageframe imageframe-none imageframe-4 hover-type-none\"><img decoding=\"async\" width=\"500\" height=\"84\" title=\"Autodesk_Logo_500px\" src=\"https:\/\/eurecat.org\/wp-content\/uploads\/2017\/02\/Autodesk_Logo_500px.png\" alt class=\"img-responsive wp-image-21541\" srcset=\"https:\/\/eurecat.org\/wp-content\/uploads\/2017\/02\/Autodesk_Logo_500px-200x34.png 200w, https:\/\/eurecat.org\/wp-content\/uploads\/2017\/02\/Autodesk_Logo_500px-400x67.png 400w, https:\/\/eurecat.org\/wp-content\/uploads\/2017\/02\/Autodesk_Logo_500px.png 500w\" sizes=\"(max-width: 800px) 100vw, 500px\" \/><\/span><\/div><\/div><\/div><\/div><div class=\"fusion-clearfix\"><\/div><\/div><\/div><\/div><\/div><div class=\"fusion-fullwidth fullwidth-box fusion-builder-row-3 nonhundred-percent-fullwidth non-hundred-percent-height-scrolling\" style=\"--awb-background-position:left top;--awb-border-radius-top-left:0px;--awb-border-radius-top-right:0px;--awb-border-radius-bottom-right:0px;--awb-border-radius-bottom-left:0px;--awb-padding-top:1px;--awb-padding-right:0px;--awb-padding-bottom:20px;--awb-padding-left:0px;--awb-border-sizes-top:0px;--awb-border-sizes-bottom:0px;--awb-flex-wrap:wrap;\" ><div class=\"fusion-builder-row fusion-row\"><div class=\"fusion-layout-column fusion_builder_column fusion-builder-column-3 fusion_builder_column_1_1 1_1 fusion-one-full fusion-column-first fusion-column-last\" style=\"--awb-bg-size:cover;\"><div class=\"fusion-column-wrapper fusion-flex-column-wrapper-legacy\"><div class=\"fusion-text fusion-text-10\"><p style=\"text-align: center;\"><span style=\"color: #800080;\"><strong>Prensa<\/strong><\/span><\/p>\n<\/div><div class=\"fusion-sep-clear\"><\/div><div class=\"fusion-separator fusion-full-width-sep\" style=\"margin-left: auto;margin-right: auto;margin-bottom:10px;width:100%;\"><div class=\"fusion-separator-border sep-single sep-solid\" style=\"--awb-height:20px;--awb-amount:20px;border-color:#e0dede;border-top-width:1px;\"><\/div><\/div><div class=\"fusion-sep-clear\"><\/div><div class=\"fusion-blog-shortcode fusion-blog-shortcode-1 fusion-blog-archive fusion-blog-layout-grid-wrapper fusion-blog-pagination\"><style type=\"text\/css\">.fusion-blog-shortcode-1 .fusion-blog-layout-grid .fusion-post-grid{padding:5px;}.fusion-blog-shortcode-1 .fusion-posts-container{margin-left: -5px !important; margin-right:-5px !important;}<\/style><div class=\"fusion-posts-container fusion-posts-container-pagination fusion-blog-rollover fusion-blog-layout-grid fusion-blog-layout-grid-4 isotope\" data-pages=\"333\" data-grid-col-space=\"10\" style=\"margin: -5px -5px 0;min-height:500px;\"><article id=\"blog-1-post-196067\" class=\"fusion-post-grid post-196067 post type-post status-publish format-standard has-post-thumbnail hentry category-notas-de-prensa category-tejidos-funcionales category-textil-es\">\n<div class=\"fusion-post-wrapper\" style=\"background-color:rgba(255,255,255,0);border:1px solid #ebeaea;border-bottom-width:3px;\">\n\n\t\t\t<div class=\"fusion-flexslider flexslider fusion-flexslider-loading fusion-post-slideshow\" style=\"border-color:#ebeaea;\">\n\t\t<ul class=\"slides\">\n\t\t\t\n\t\t\t\t\t\t\t\t\t\t\t\t\t\t<li><div  class=\"fusion-image-wrapper\" aria-haspopup=\"true\">\n\t\t\t\t<img decoding=\"async\" width=\"800\" height=\"533\" src=\"https:\/\/eurecat.org\/wp-content\/uploads\/2026\/04\/26_techtextil1.jpg\" class=\"attachment-full size-full wp-post-image\" alt=\"\" srcset=\"https:\/\/eurecat.org\/wp-content\/uploads\/2026\/04\/26_techtextil1-600x400.jpg 600w, https:\/\/eurecat.org\/wp-content\/uploads\/2026\/04\/26_techtextil1.jpg 800w\" sizes=\"(min-width: 2200px) 100vw, (min-width: 856px) 335px, (min-width: 784px) 447px, (min-width: 712px) 670px, (min-width: 640px) 712px, \" \/><div class=\"fusion-rollover\">\n\t<div class=\"fusion-rollover-content\">\n\n\t\t\t\t\t\t\t\t\t\t\t\t\t\t<a class=\"fusion-rollover-link\" href=\"https:\/\/eurecat.org\/es\/el-centro-tecnologico-eurecat-amplia-sus-capacidades-para-la-fabricacion-de-textiles-mas-circulares-reciclables-y-funcionales\/\">El centro tecnol\u00f3gico Eurecat ampl\u00eda sus capacidades para la fabricaci\u00f3n de textiles m\u00e1s circulares, reciclables y funcionales<\/a>\n\t\t\t\n\t\t\t\t\t\t\t\t\t\t\t\t\t\t\n\t\t\t\t\t\t\t\t\n\t\t\t\t\t\t\t\t\t\t\t\t\t<div class=\"fusion-rollover-sep\"><\/div>\n\t\t\t\t\n\t\t\t\t\t\t\t\t\t\t\t\t\t\t\t\t\t\t<a class=\"fusion-rollover-gallery\" href=\"https:\/\/eurecat.org\/wp-content\/uploads\/2026\/04\/26_techtextil1.jpg\" data-options=\"\" data-id=\"196067\" data-rel=\"iLightbox[gallery]\" data-title=\"26_techtextil1\" data-caption=\"\">\n\t\t\t\t\t\tGallery\t\t\t\t\t<\/a>\n\t\t\t\t\t\t\t\t\t\t\t\t\t\t\n\t\t\n\t\t\t\t\t\t\t\t\t\t\t\t<h4 class=\"fusion-rollover-title\">\n\t\t\t\t\t<a class=\"fusion-rollover-title-link\" href=\"https:\/\/eurecat.org\/es\/el-centro-tecnologico-eurecat-amplia-sus-capacidades-para-la-fabricacion-de-textiles-mas-circulares-reciclables-y-funcionales\/\">\n\t\t\t\t\t\tEl centro tecnol\u00f3gico Eurecat ampl\u00eda sus capacidades para la fabricaci\u00f3n de textiles m\u00e1s circulares, reciclables y funcionales\t\t\t\t\t<\/a>\n\t\t\t\t<\/h4>\n\t\t\t\n\t\t\t\t\t\t\t\t\t\t<div class=\"fusion-rollover-categories\"><a href=\"https:\/\/eurecat.org\/es\/category\/notas-de-prensa\/\" rel=\"tag\">Notas de prensa<\/a>, <a href=\"https:\/\/eurecat.org\/es\/category\/ambitos-conocimiento\/tejidos-funcionales\/\" rel=\"tag\">Tejidos Funcionales<\/a>, <a href=\"https:\/\/eurecat.org\/es\/category\/sectores\/textil-es\/\" rel=\"tag\">Textil<\/a><\/div>\t\t\t\t\t\n\t\t\n\t\t\t\t\t\t<a class=\"fusion-link-wrapper\" href=\"https:\/\/eurecat.org\/es\/el-centro-tecnologico-eurecat-amplia-sus-capacidades-para-la-fabricacion-de-textiles-mas-circulares-reciclables-y-funcionales\/\" aria-label=\"El centro tecnol\u00f3gico Eurecat ampl\u00eda sus capacidades para la fabricaci\u00f3n de textiles m\u00e1s circulares, reciclables y funcionales\"><\/a>\n\t<\/div>\n<\/div>\n<\/div>\n<\/li>\n\t\t\t\n\t\t\t\n\t\t\t\t\t\t\t\t\t\t\t\n\t\t\t\t\t\n\t\t\t\t\t\t\t\t\t\t\t<li>\n\t\t\t\t\t\t\t<div class=\"fusion-image-wrapper\">\n\t\t\t\t\t\t\t\t<a href=\"https:\/\/eurecat.org\/es\/el-centro-tecnologico-eurecat-amplia-sus-capacidades-para-la-fabricacion-de-textiles-mas-circulares-reciclables-y-funcionales\/\" aria-label=\"El centro tecnol\u00f3gico Eurecat ampl\u00eda sus capacidades para la fabricaci\u00f3n de textiles m\u00e1s circulares, reciclables y funcionales\">\n\t\t\t\t\t\t\t\t\t<img decoding=\"async\" width=\"800\" height=\"533\" src=\"https:\/\/eurecat.org\/wp-content\/uploads\/2026\/04\/26_techtextil2.jpg\" alt=\"\" class=\"wp-image-196059\" role=\"presentation\" srcset=\"https:\/\/eurecat.org\/wp-content\/uploads\/2026\/04\/26_techtextil2-600x400.jpg 600w, https:\/\/eurecat.org\/wp-content\/uploads\/2026\/04\/26_techtextil2.jpg 800w\" sizes=\"(min-width: 2200px) 100vw, (min-width: 856px) 335px, (min-width: 784px) 447px, (min-width: 712px) 670px, (min-width: 640px) 712px, \" \/>\t\t\t\t\t\t\t\t<\/a>\n\t\t\t\t\t\t\t\t<a style=\"display:none;\" href=\"https:\/\/eurecat.org\/wp-content\/uploads\/2026\/04\/26_techtextil2.jpg\" data-rel=\"iLightbox[gallery196067]\"  title=\"\" data-title=\"26_techtextil2\" data-caption=\"\">\n\t\t\t\t\t\t\t\t\t\t\t\t\t\t\t\t\t<\/a>\n\t\t\t\t\t\t\t<\/div>\n\t\t\t\t\t\t<\/li>\n\t\t\t\t\t\t\t\t\t\t\t\t\t\t\t\t\t\t\t\t\t\t\t\t\n\t\t\t\t\t\n\t\t\t\t\t\t\t\t\t\t\t<li>\n\t\t\t\t\t\t\t<div class=\"fusion-image-wrapper\">\n\t\t\t\t\t\t\t\t<a href=\"https:\/\/eurecat.org\/es\/el-centro-tecnologico-eurecat-amplia-sus-capacidades-para-la-fabricacion-de-textiles-mas-circulares-reciclables-y-funcionales\/\" aria-label=\"El centro tecnol\u00f3gico Eurecat ampl\u00eda sus capacidades para la fabricaci\u00f3n de textiles m\u00e1s circulares, reciclables y funcionales\">\n\t\t\t\t\t\t\t\t\t<img decoding=\"async\" width=\"800\" height=\"533\" src=\"https:\/\/eurecat.org\/wp-content\/uploads\/2026\/04\/26_techtextil3.jpg\" alt=\"\" class=\"wp-image-196062\" role=\"presentation\" srcset=\"https:\/\/eurecat.org\/wp-content\/uploads\/2026\/04\/26_techtextil3-600x400.jpg 600w, https:\/\/eurecat.org\/wp-content\/uploads\/2026\/04\/26_techtextil3.jpg 800w\" sizes=\"(min-width: 2200px) 100vw, (min-width: 856px) 335px, (min-width: 784px) 447px, (min-width: 712px) 670px, (min-width: 640px) 712px, \" \/>\t\t\t\t\t\t\t\t<\/a>\n\t\t\t\t\t\t\t\t<a style=\"display:none;\" href=\"https:\/\/eurecat.org\/wp-content\/uploads\/2026\/04\/26_techtextil3.jpg\" data-rel=\"iLightbox[gallery196067]\"  title=\"\" data-title=\"26_techtextil3\" data-caption=\"\">\n\t\t\t\t\t\t\t\t\t\t\t\t\t\t\t\t\t<\/a>\n\t\t\t\t\t\t\t<\/div>\n\t\t\t\t\t\t<\/li>\n\t\t\t\t\t\t\t\t\t\t\t\t\t\t\t\t\t\t\t\t\t\t\t\t\n\t\t\t\t\t\n\t\t\t\t\t\t\t\t\t\t\t<li>\n\t\t\t\t\t\t\t<div class=\"fusion-image-wrapper\">\n\t\t\t\t\t\t\t\t<a href=\"https:\/\/eurecat.org\/es\/el-centro-tecnologico-eurecat-amplia-sus-capacidades-para-la-fabricacion-de-textiles-mas-circulares-reciclables-y-funcionales\/\" aria-label=\"El centro tecnol\u00f3gico Eurecat ampl\u00eda sus capacidades para la fabricaci\u00f3n de textiles m\u00e1s circulares, reciclables y funcionales\">\n\t\t\t\t\t\t\t\t\t<img decoding=\"async\" width=\"800\" height=\"533\" src=\"https:\/\/eurecat.org\/wp-content\/uploads\/2026\/04\/26_techtextil4.jpg\" alt=\"\" class=\"wp-image-196065\" role=\"presentation\" srcset=\"https:\/\/eurecat.org\/wp-content\/uploads\/2026\/04\/26_techtextil4-600x400.jpg 600w, https:\/\/eurecat.org\/wp-content\/uploads\/2026\/04\/26_techtextil4.jpg 800w\" sizes=\"(min-width: 2200px) 100vw, (min-width: 856px) 335px, (min-width: 784px) 447px, (min-width: 712px) 670px, (min-width: 640px) 712px, \" \/>\t\t\t\t\t\t\t\t<\/a>\n\t\t\t\t\t\t\t\t<a style=\"display:none;\" href=\"https:\/\/eurecat.org\/wp-content\/uploads\/2026\/04\/26_techtextil4.jpg\" data-rel=\"iLightbox[gallery196067]\"  title=\"\" data-title=\"26_techtextil4\" data-caption=\"\">\n\t\t\t\t\t\t\t\t\t\t\t\t\t\t\t\t\t<\/a>\n\t\t\t\t\t\t\t<\/div>\n\t\t\t\t\t\t<\/li>\n\t\t\t\t\t\t\t\t\t\t\t\t\t\t\t\t\t\t\t\t\t\t\t\t\t\t\t\t\t\t\t\t\t\t\t\t<\/ul>\n\t<\/div>\n\t<div class=\"fusion-post-content-wrapper\" style=\"padding:30px 25px 20px 25px;\"><div class=\"fusion-post-content post-content\"><h2 class=\"blog-shortcode-post-title entry-title\"><a href=\"https:\/\/eurecat.org\/es\/el-centro-tecnologico-eurecat-amplia-sus-capacidades-para-la-fabricacion-de-textiles-mas-circulares-reciclables-y-funcionales\/\">El centro tecnol\u00f3gico Eurecat ampl\u00eda sus capacidades para la fabricaci\u00f3n de textiles m\u00e1s circulares, reciclables y funcionales<\/a><\/h2><p class=\"fusion-single-line-meta\">By <span class=\"vcard\"><span class=\"fn\"><a href=\"https:\/\/eurecat.org\/es\/author\/eva-marquez\/\" title=\"Entradas de EurecatEQZ\" rel=\"author\">EurecatEQZ<\/a><\/span><\/span><span class=\"fusion-inline-sep\">|<\/span><span class=\"updated\" style=\"display:none;\">2026-04-24T14:53:10+02:00<\/span><span>abril 24th, 2026<\/span><span class=\"fusion-inline-sep\">|<\/span>Categories: <a href=\"https:\/\/eurecat.org\/es\/category\/notas-de-prensa\/\" rel=\"category tag\">Notas de prensa<\/a>, <a href=\"https:\/\/eurecat.org\/es\/category\/ambitos-conocimiento\/tejidos-funcionales\/\" rel=\"category tag\">Tejidos Funcionales<\/a>, <a href=\"https:\/\/eurecat.org\/es\/category\/sectores\/textil-es\/\" rel=\"category tag\">Textil<\/a><span class=\"fusion-inline-sep\">|<\/span><\/p><div class=\"fusion-content-sep sep-double sep-solid\"><\/div><div class=\"fusion-post-content-container\"><p> El centro tecnol\u00f3gico Eurecat ha ampliado sus capacidades tecnol\u00f3gicas para dar apoyo integral a toda la cadena de valor textil circular, desde el dise\u00f1o y el desarrollo de la fibra hasta el reciclaje y [...]<\/p><\/div><\/div><div class=\"fusion-meta-info\"><div class=\"fusion-alignleft\"><a class=\"fusion-read-more\" href=\"https:\/\/eurecat.org\/es\/el-centro-tecnologico-eurecat-amplia-sus-capacidades-para-la-fabricacion-de-textiles-mas-circulares-reciclables-y-funcionales\/\" aria-label=\"More on El centro tecnol\u00f3gico Eurecat ampl\u00eda sus capacidades para la fabricaci\u00f3n de textiles m\u00e1s circulares, reciclables y funcionales\">Read More<\/a><\/div><div class=\"fusion-alignright\"><a href=\"https:\/\/eurecat.org\/es\/el-centro-tecnologico-eurecat-amplia-sus-capacidades-para-la-fabricacion-de-textiles-mas-circulares-reciclables-y-funcionales\/#respond\"><i class=\"awb-icon-bubbles\" aria-hidden=\"true\"><\/i>&nbsp;0<\/a><\/div><\/div><\/div><div class=\"fusion-clearfix\"><\/div><\/div>\n<\/article>\n<article id=\"blog-1-post-195808\" class=\"fusion-post-grid post-195808 post type-post status-publish format-standard has-post-thumbnail hentry category-big-data-analytics category-notas-de-prensa\">\n<div class=\"fusion-post-wrapper\" style=\"background-color:rgba(255,255,255,0);border:1px solid #ebeaea;border-bottom-width:3px;\">\n\n\t\t\t<div class=\"fusion-flexslider flexslider fusion-flexslider-loading fusion-post-slideshow\" style=\"border-color:#ebeaea;\">\n\t\t<ul class=\"slides\">\n\t\t\t\n\t\t\t\t\t\t\t\t\t\t\t\t\t\t<li><div  class=\"fusion-image-wrapper\" aria-haspopup=\"true\">\n\t\t\t\t<img decoding=\"async\" width=\"750\" height=\"400\" src=\"https:\/\/eurecat.org\/wp-content\/uploads\/2026\/04\/26_PREMI_REDTELECOM.jpg\" class=\"attachment-full size-full wp-post-image\" alt=\"\" srcset=\"https:\/\/eurecat.org\/wp-content\/uploads\/2026\/04\/26_PREMI_REDTELECOM-600x320.jpg 600w, https:\/\/eurecat.org\/wp-content\/uploads\/2026\/04\/26_PREMI_REDTELECOM.jpg 750w\" sizes=\"(min-width: 2200px) 100vw, (min-width: 856px) 335px, (min-width: 784px) 447px, (min-width: 712px) 670px, (min-width: 640px) 712px, \" \/><div class=\"fusion-rollover\">\n\t<div class=\"fusion-rollover-content\">\n\n\t\t\t\t\t\t\t\t\t\t\t\t\t\t<a class=\"fusion-rollover-link\" href=\"https:\/\/eurecat.org\/es\/eurecat-distinguido-en-la-primera-edicion-de-los-premios-redestelcom-unos-galardones-que-reconocen-proyectos-soluciones-y-servicios-que-estan-marcando-el-rumbo-del-sector\/\">Eurecat, distinguido en la primera edici\u00f3n de los premios Redes&#038;Telecom, unos galardones que reconocen proyectos, soluciones y servicios que est\u00e1n marcando el rumbo del sector<\/a>\n\t\t\t\n\t\t\t\t\t\t\t\t\t\t\t\t\t\t\n\t\t\t\t\t\t\t\t\n\t\t\t\t\t\t\t\t\t\t\t\t\t<div class=\"fusion-rollover-sep\"><\/div>\n\t\t\t\t\n\t\t\t\t\t\t\t\t\t\t\t\t\t\t\t\t\t\t<a class=\"fusion-rollover-gallery\" href=\"https:\/\/eurecat.org\/wp-content\/uploads\/2026\/04\/26_PREMI_REDTELECOM.jpg\" data-options=\"\" data-id=\"195808\" data-rel=\"iLightbox[gallery]\" data-title=\"26_PREMI_RED&amp;TELECOM\" data-caption=\"\">\n\t\t\t\t\t\tGallery\t\t\t\t\t<\/a>\n\t\t\t\t\t\t\t\t\t\t\t\t\t\t\n\t\t\n\t\t\t\t\t\t\t\t\t\t\t\t<h4 class=\"fusion-rollover-title\">\n\t\t\t\t\t<a class=\"fusion-rollover-title-link\" href=\"https:\/\/eurecat.org\/es\/eurecat-distinguido-en-la-primera-edicion-de-los-premios-redestelcom-unos-galardones-que-reconocen-proyectos-soluciones-y-servicios-que-estan-marcando-el-rumbo-del-sector\/\">\n\t\t\t\t\t\tEurecat, distinguido en la primera edici\u00f3n de los premios Redes&#038;Telecom, unos galardones que reconocen proyectos, soluciones y servicios que est\u00e1n marcando el rumbo del sector\t\t\t\t\t<\/a>\n\t\t\t\t<\/h4>\n\t\t\t\n\t\t\t\t\t\t\t\t\t\t<div class=\"fusion-rollover-categories\"><a href=\"https:\/\/eurecat.org\/es\/category\/ambitos-conocimiento\/big-data-analytics\/\" rel=\"tag\">Data Science &amp; Big Data Analytics<\/a>, <a href=\"https:\/\/eurecat.org\/es\/category\/notas-de-prensa\/\" rel=\"tag\">Notas de prensa<\/a><\/div>\t\t\t\t\t\n\t\t\n\t\t\t\t\t\t<a class=\"fusion-link-wrapper\" href=\"https:\/\/eurecat.org\/es\/eurecat-distinguido-en-la-primera-edicion-de-los-premios-redestelcom-unos-galardones-que-reconocen-proyectos-soluciones-y-servicios-que-estan-marcando-el-rumbo-del-sector\/\" aria-label=\"Eurecat, distinguido en la primera edici\u00f3n de los premios Redes&#038;Telecom, unos galardones que reconocen proyectos, soluciones y servicios que est\u00e1n marcando el rumbo del sector\"><\/a>\n\t<\/div>\n<\/div>\n<\/div>\n<\/li>\n\t\t\t\n\t\t\t\n\t\t\t\t\t\t\t\t\t\t\t\t\t\t\t\t\t\t\t\t\t\t\t\t\t\t\t\t\t\t\t\t\t\t\t\t\t\t\t\t\t\t\t\t\t\t\t\t\t\t\t\t\t\t\t\t\t\t\t\t\t\t\t\t\t\t\t\t<\/ul>\n\t<\/div>\n\t<div class=\"fusion-post-content-wrapper\" style=\"padding:30px 25px 20px 25px;\"><div class=\"fusion-post-content post-content\"><h2 class=\"blog-shortcode-post-title entry-title\"><a href=\"https:\/\/eurecat.org\/es\/eurecat-distinguido-en-la-primera-edicion-de-los-premios-redestelcom-unos-galardones-que-reconocen-proyectos-soluciones-y-servicios-que-estan-marcando-el-rumbo-del-sector\/\">Eurecat, distinguido en la primera edici\u00f3n de los premios Redes&#038;Telecom, unos galardones que reconocen proyectos, soluciones y servicios que est\u00e1n marcando el rumbo del sector<\/a><\/h2><p class=\"fusion-single-line-meta\">By <span class=\"vcard\"><span class=\"fn\"><a href=\"https:\/\/eurecat.org\/es\/author\/eva-marquez\/\" title=\"Entradas de EurecatEQZ\" rel=\"author\">EurecatEQZ<\/a><\/span><\/span><span class=\"fusion-inline-sep\">|<\/span><span class=\"updated\" style=\"display:none;\">2026-04-23T09:57:09+02:00<\/span><span>abril 20th, 2026<\/span><span class=\"fusion-inline-sep\">|<\/span>Categories: <a href=\"https:\/\/eurecat.org\/es\/category\/ambitos-conocimiento\/big-data-analytics\/\" rel=\"category tag\">Data Science &amp; Big Data Analytics<\/a>, <a href=\"https:\/\/eurecat.org\/es\/category\/notas-de-prensa\/\" rel=\"category tag\">Notas de prensa<\/a><span class=\"fusion-inline-sep\">|<\/span><\/p><div class=\"fusion-content-sep sep-double sep-solid\"><\/div><div class=\"fusion-post-content-container\"><p> Redes&amp;Telecom, publicaci\u00f3n decana de la industria de las telecomunicaciones en Espa\u00f1a, ha celebrado en Madrid la primera edici\u00f3n de sus premios, unos galardones que dan visibilidad a proyectos, soluciones y servicios que est\u00e1n marcando [...]<\/p><\/div><\/div><div class=\"fusion-meta-info\"><div class=\"fusion-alignleft\"><a class=\"fusion-read-more\" href=\"https:\/\/eurecat.org\/es\/eurecat-distinguido-en-la-primera-edicion-de-los-premios-redestelcom-unos-galardones-que-reconocen-proyectos-soluciones-y-servicios-que-estan-marcando-el-rumbo-del-sector\/\" aria-label=\"More on Eurecat, distinguido en la primera edici\u00f3n de los premios Redes&#038;Telecom, unos galardones que reconocen proyectos, soluciones y servicios que est\u00e1n marcando el rumbo del sector\">Read More<\/a><\/div><div class=\"fusion-alignright\"><a href=\"https:\/\/eurecat.org\/es\/eurecat-distinguido-en-la-primera-edicion-de-los-premios-redestelcom-unos-galardones-que-reconocen-proyectos-soluciones-y-servicios-que-estan-marcando-el-rumbo-del-sector\/#respond\"><i class=\"awb-icon-bubbles\" aria-hidden=\"true\"><\/i>&nbsp;0<\/a><\/div><\/div><\/div><div class=\"fusion-clearfix\"><\/div><\/div>\n<\/article>\n<article id=\"blog-1-post-195293\" class=\"fusion-post-grid post-195293 post type-post status-publish format-standard has-post-thumbnail hentry category-notas-de-prensa category-quimica-es\">\n<div class=\"fusion-post-wrapper\" style=\"background-color:rgba(255,255,255,0);border:1px solid #ebeaea;border-bottom-width:3px;\">\n\n\t\t\t<div class=\"fusion-flexslider flexslider fusion-flexslider-loading fusion-post-slideshow\" style=\"border-color:#ebeaea;\">\n\t\t<ul class=\"slides\">\n\t\t\t\n\t\t\t\t\t\t\t\t\t\t\t\t\t\t<li><div  class=\"fusion-image-wrapper\" aria-haspopup=\"true\">\n\t\t\t\t<img decoding=\"async\" width=\"800\" height=\"533\" src=\"https:\/\/eurecat.org\/wp-content\/uploads\/2026\/04\/Xarxa_H2CAT_1.jpg\" class=\"attachment-full size-full wp-post-image\" alt=\"\" srcset=\"https:\/\/eurecat.org\/wp-content\/uploads\/2026\/04\/Xarxa_H2CAT_1-600x400.jpg 600w, https:\/\/eurecat.org\/wp-content\/uploads\/2026\/04\/Xarxa_H2CAT_1.jpg 800w\" sizes=\"(min-width: 2200px) 100vw, (min-width: 856px) 335px, (min-width: 784px) 447px, (min-width: 712px) 670px, (min-width: 640px) 712px, \" \/><div class=\"fusion-rollover\">\n\t<div class=\"fusion-rollover-content\">\n\n\t\t\t\t\t\t\t\t\t\t\t\t\t\t<a class=\"fusion-rollover-link\" href=\"https:\/\/eurecat.org\/es\/tarragona-acoge-el-demo-day-de-la-red-h2cat-con-mas-de-una-decena-de-tecnologias-clave-para-la-descarbonizacion-industrial\/\">Tarragona acoge el Demo Day de la red H2CAT con m\u00e1s de una decena de tecnolog\u00edas clave para la descarbonizaci\u00f3n industrial<\/a>\n\t\t\t\n\t\t\t\t\t\t\t\t\t\t\t\t\t\t\n\t\t\t\t\t\t\t\t\n\t\t\t\t\t\t\t\t\t\t\t\t\t<div class=\"fusion-rollover-sep\"><\/div>\n\t\t\t\t\n\t\t\t\t\t\t\t\t\t\t\t\t\t\t\t\t\t\t<a class=\"fusion-rollover-gallery\" href=\"https:\/\/eurecat.org\/wp-content\/uploads\/2026\/04\/Xarxa_H2CAT_1.jpg\" data-options=\"\" data-id=\"195293\" data-rel=\"iLightbox[gallery]\" data-title=\"Xarxa_H2CAT_1\" data-caption=\"\">\n\t\t\t\t\t\tGallery\t\t\t\t\t<\/a>\n\t\t\t\t\t\t\t\t\t\t\t\t\t\t\n\t\t\n\t\t\t\t\t\t\t\t\t\t\t\t<h4 class=\"fusion-rollover-title\">\n\t\t\t\t\t<a class=\"fusion-rollover-title-link\" href=\"https:\/\/eurecat.org\/es\/tarragona-acoge-el-demo-day-de-la-red-h2cat-con-mas-de-una-decena-de-tecnologias-clave-para-la-descarbonizacion-industrial\/\">\n\t\t\t\t\t\tTarragona acoge el Demo Day de la red H2CAT con m\u00e1s de una decena de tecnolog\u00edas clave para la descarbonizaci\u00f3n industrial\t\t\t\t\t<\/a>\n\t\t\t\t<\/h4>\n\t\t\t\n\t\t\t\t\t\t\t\t\t\t<div class=\"fusion-rollover-categories\"><a href=\"https:\/\/eurecat.org\/es\/category\/notas-de-prensa\/\" rel=\"tag\">Notas de prensa<\/a>, <a href=\"https:\/\/eurecat.org\/es\/category\/ambitos-conocimiento\/quimica-es\/\" rel=\"tag\">Qu\u00edmica<\/a><\/div>\t\t\t\t\t\n\t\t\n\t\t\t\t\t\t<a class=\"fusion-link-wrapper\" href=\"https:\/\/eurecat.org\/es\/tarragona-acoge-el-demo-day-de-la-red-h2cat-con-mas-de-una-decena-de-tecnologias-clave-para-la-descarbonizacion-industrial\/\" aria-label=\"Tarragona acoge el Demo Day de la red H2CAT con m\u00e1s de una decena de tecnolog\u00edas clave para la descarbonizaci\u00f3n industrial\"><\/a>\n\t<\/div>\n<\/div>\n<\/div>\n<\/li>\n\t\t\t\n\t\t\t\n\t\t\t\t\t\t\t\t\t\t\t\n\t\t\t\t\t\n\t\t\t\t\t\t\t\t\t\t\t<li>\n\t\t\t\t\t\t\t<div class=\"fusion-image-wrapper\">\n\t\t\t\t\t\t\t\t<a href=\"https:\/\/eurecat.org\/es\/tarragona-acoge-el-demo-day-de-la-red-h2cat-con-mas-de-una-decena-de-tecnologias-clave-para-la-descarbonizacion-industrial\/\" aria-label=\"Tarragona acoge el Demo Day de la red H2CAT con m\u00e1s de una decena de tecnolog\u00edas clave para la descarbonizaci\u00f3n industrial\">\n\t\t\t\t\t\t\t\t\t<img decoding=\"async\" width=\"800\" height=\"533\" src=\"https:\/\/eurecat.org\/wp-content\/uploads\/2026\/04\/26_Xarxa_H2CAT_2.jpg\" alt=\"\" class=\"wp-image-195288\" role=\"presentation\" srcset=\"https:\/\/eurecat.org\/wp-content\/uploads\/2026\/04\/26_Xarxa_H2CAT_2-600x400.jpg 600w, https:\/\/eurecat.org\/wp-content\/uploads\/2026\/04\/26_Xarxa_H2CAT_2.jpg 800w\" sizes=\"(min-width: 2200px) 100vw, (min-width: 856px) 335px, (min-width: 784px) 447px, (min-width: 712px) 670px, (min-width: 640px) 712px, \" \/>\t\t\t\t\t\t\t\t<\/a>\n\t\t\t\t\t\t\t\t<a style=\"display:none;\" href=\"https:\/\/eurecat.org\/wp-content\/uploads\/2026\/04\/26_Xarxa_H2CAT_2.jpg\" data-rel=\"iLightbox[gallery195293]\"  title=\"\" data-title=\"26_Xarxa_H2CAT_2\" data-caption=\"\">\n\t\t\t\t\t\t\t\t\t\t\t\t\t\t\t\t\t<\/a>\n\t\t\t\t\t\t\t<\/div>\n\t\t\t\t\t\t<\/li>\n\t\t\t\t\t\t\t\t\t\t\t\t\t\t\t\t\t\t\t\t\t\t\t\t\n\t\t\t\t\t\n\t\t\t\t\t\t\t\t\t\t\t<li>\n\t\t\t\t\t\t\t<div class=\"fusion-image-wrapper\">\n\t\t\t\t\t\t\t\t<a href=\"https:\/\/eurecat.org\/es\/tarragona-acoge-el-demo-day-de-la-red-h2cat-con-mas-de-una-decena-de-tecnologias-clave-para-la-descarbonizacion-industrial\/\" aria-label=\"Tarragona acoge el Demo Day de la red H2CAT con m\u00e1s de una decena de tecnolog\u00edas clave para la descarbonizaci\u00f3n industrial\">\n\t\t\t\t\t\t\t\t\t<img decoding=\"async\" width=\"800\" height=\"533\" src=\"https:\/\/eurecat.org\/wp-content\/uploads\/2026\/04\/26_Xarxa_H2CAT_3.jpg\" alt=\"\" class=\"wp-image-195291\" role=\"presentation\" srcset=\"https:\/\/eurecat.org\/wp-content\/uploads\/2026\/04\/26_Xarxa_H2CAT_3-600x400.jpg 600w, https:\/\/eurecat.org\/wp-content\/uploads\/2026\/04\/26_Xarxa_H2CAT_3.jpg 800w\" sizes=\"(min-width: 2200px) 100vw, (min-width: 856px) 335px, (min-width: 784px) 447px, (min-width: 712px) 670px, (min-width: 640px) 712px, \" \/>\t\t\t\t\t\t\t\t<\/a>\n\t\t\t\t\t\t\t\t<a style=\"display:none;\" href=\"https:\/\/eurecat.org\/wp-content\/uploads\/2026\/04\/26_Xarxa_H2CAT_3.jpg\" data-rel=\"iLightbox[gallery195293]\"  title=\"\" data-title=\"26_Xarxa_H2CAT_3\" data-caption=\"\">\n\t\t\t\t\t\t\t\t\t\t\t\t\t\t\t\t\t<\/a>\n\t\t\t\t\t\t\t<\/div>\n\t\t\t\t\t\t<\/li>\n\t\t\t\t\t\t\t\t\t\t\t\t\t\t\t\t\t\t\t\t\t\t\t\t\t\t\t\t\t\t\t\t\t\t\t\t\t\t\t\t\t\t\t\t\t\t\t\t\t\t\t<\/ul>\n\t<\/div>\n\t<div class=\"fusion-post-content-wrapper\" style=\"padding:30px 25px 20px 25px;\"><div class=\"fusion-post-content post-content\"><h2 class=\"blog-shortcode-post-title entry-title\"><a href=\"https:\/\/eurecat.org\/es\/tarragona-acoge-el-demo-day-de-la-red-h2cat-con-mas-de-una-decena-de-tecnologias-clave-para-la-descarbonizacion-industrial\/\">Tarragona acoge el Demo Day de la red H2CAT con m\u00e1s de una decena de tecnolog\u00edas clave para la descarbonizaci\u00f3n industrial<\/a><\/h2><p class=\"fusion-single-line-meta\">By <span class=\"vcard\"><span class=\"fn\"><a href=\"https:\/\/eurecat.org\/es\/author\/eva-marquez\/\" title=\"Entradas de EurecatEQZ\" rel=\"author\">EurecatEQZ<\/a><\/span><\/span><span class=\"fusion-inline-sep\">|<\/span><span class=\"updated\" style=\"display:none;\">2026-04-09T09:13:37+02:00<\/span><span>abril 8th, 2026<\/span><span class=\"fusion-inline-sep\">|<\/span>Categories: <a href=\"https:\/\/eurecat.org\/es\/category\/notas-de-prensa\/\" rel=\"category tag\">Notas de prensa<\/a>, <a href=\"https:\/\/eurecat.org\/es\/category\/ambitos-conocimiento\/quimica-es\/\" rel=\"category tag\">Qu\u00edmica<\/a><span class=\"fusion-inline-sep\">|<\/span><\/p><div class=\"fusion-content-sep sep-double sep-solid\"><\/div><div class=\"fusion-post-content-container\"><p> La red H2CAT, coordinada por el centro tecnol\u00f3gico Eurecat, ha celebrado, hoy, en el Instituto Catal\u00e1n de Investigaci\u00f3n Qu\u00edmica (ICIQ), en Tarragona, una jornada de networking tecnol\u00f3gico que ha reunido a investigadores, empresas y [...]<\/p><\/div><\/div><div class=\"fusion-meta-info\"><div class=\"fusion-alignleft\"><a class=\"fusion-read-more\" href=\"https:\/\/eurecat.org\/es\/tarragona-acoge-el-demo-day-de-la-red-h2cat-con-mas-de-una-decena-de-tecnologias-clave-para-la-descarbonizacion-industrial\/\" aria-label=\"More on Tarragona acoge el Demo Day de la red H2CAT con m\u00e1s de una decena de tecnolog\u00edas clave para la descarbonizaci\u00f3n industrial\">Read More<\/a><\/div><div class=\"fusion-alignright\"><a href=\"https:\/\/eurecat.org\/es\/tarragona-acoge-el-demo-day-de-la-red-h2cat-con-mas-de-una-decena-de-tecnologias-clave-para-la-descarbonizacion-industrial\/#respond\"><i class=\"awb-icon-bubbles\" aria-hidden=\"true\"><\/i>&nbsp;0<\/a><\/div><\/div><\/div><div class=\"fusion-clearfix\"><\/div><\/div>\n<\/article>\n<article id=\"blog-1-post-195127\" class=\"fusion-post-grid post-195127 post type-post status-publish format-standard has-post-thumbnail hentry category-e-health-es category-notas-de-prensa\">\n<div class=\"fusion-post-wrapper\" style=\"background-color:rgba(255,255,255,0);border:1px solid #ebeaea;border-bottom-width:3px;\">\n\n\t\t\t<div class=\"fusion-flexslider flexslider fusion-flexslider-loading fusion-post-slideshow\" style=\"border-color:#ebeaea;\">\n\t\t<ul class=\"slides\">\n\t\t\t\n\t\t\t\t\t\t\t\t\t\t\t\t\t\t<li><div  class=\"fusion-image-wrapper\" aria-haspopup=\"true\">\n\t\t\t\t<img decoding=\"async\" width=\"800\" height=\"533\" src=\"https:\/\/eurecat.org\/wp-content\/uploads\/2026\/04\/26_DIA_MUNDIA_SALUT2.jpg\" class=\"attachment-full size-full wp-post-image\" alt=\"\" srcset=\"https:\/\/eurecat.org\/wp-content\/uploads\/2026\/04\/26_DIA_MUNDIA_SALUT2-600x400.jpg 600w, https:\/\/eurecat.org\/wp-content\/uploads\/2026\/04\/26_DIA_MUNDIA_SALUT2.jpg 800w\" sizes=\"(min-width: 2200px) 100vw, (min-width: 856px) 335px, (min-width: 784px) 447px, (min-width: 712px) 670px, (min-width: 640px) 712px, \" \/><div class=\"fusion-rollover\">\n\t<div class=\"fusion-rollover-content\">\n\n\t\t\t\t\t\t\t\t\t\t\t\t\t\t<a class=\"fusion-rollover-link\" href=\"https:\/\/eurecat.org\/es\/eurecat-apunta-al-potencial-de-la-inteligencia-artificial-la-robotica-y-la-sensorica-para-avanzar-hacia-una-salud-mas-preventiva-equitativa-y-personalizada\/\">Eurecat apunta al potencial de la inteligencia artificial, la rob\u00f3tica y la sens\u00f3rica para avanzar hacia una salud m\u00e1s preventiva, equitativa y personalizada<\/a>\n\t\t\t\n\t\t\t\t\t\t\t\t\t\t\t\t\t\t\n\t\t\t\t\t\t\t\t\n\t\t\t\t\t\t\t\t\t\t\t\t\t<div class=\"fusion-rollover-sep\"><\/div>\n\t\t\t\t\n\t\t\t\t\t\t\t\t\t\t\t\t\t\t\t\t\t\t<a class=\"fusion-rollover-gallery\" href=\"https:\/\/eurecat.org\/wp-content\/uploads\/2026\/04\/26_DIA_MUNDIA_SALUT2.jpg\" data-options=\"\" data-id=\"195127\" data-rel=\"iLightbox[gallery]\" data-title=\"26_DIA_MUNDIA_SALUT2\" data-caption=\"\">\n\t\t\t\t\t\tGallery\t\t\t\t\t<\/a>\n\t\t\t\t\t\t\t\t\t\t\t\t\t\t\n\t\t\n\t\t\t\t\t\t\t\t\t\t\t\t<h4 class=\"fusion-rollover-title\">\n\t\t\t\t\t<a class=\"fusion-rollover-title-link\" href=\"https:\/\/eurecat.org\/es\/eurecat-apunta-al-potencial-de-la-inteligencia-artificial-la-robotica-y-la-sensorica-para-avanzar-hacia-una-salud-mas-preventiva-equitativa-y-personalizada\/\">\n\t\t\t\t\t\tEurecat apunta al potencial de la inteligencia artificial, la rob\u00f3tica y la sens\u00f3rica para avanzar hacia una salud m\u00e1s preventiva, equitativa y personalizada\t\t\t\t\t<\/a>\n\t\t\t\t<\/h4>\n\t\t\t\n\t\t\t\t\t\t\t\t\t\t<div class=\"fusion-rollover-categories\"><a href=\"https:\/\/eurecat.org\/es\/category\/ambitos-conocimiento\/e-health-es\/\" rel=\"tag\">E-health<\/a>, <a href=\"https:\/\/eurecat.org\/es\/category\/notas-de-prensa\/\" rel=\"tag\">Notas de prensa<\/a><\/div>\t\t\t\t\t\n\t\t\n\t\t\t\t\t\t<a class=\"fusion-link-wrapper\" href=\"https:\/\/eurecat.org\/es\/eurecat-apunta-al-potencial-de-la-inteligencia-artificial-la-robotica-y-la-sensorica-para-avanzar-hacia-una-salud-mas-preventiva-equitativa-y-personalizada\/\" aria-label=\"Eurecat apunta al potencial de la inteligencia artificial, la rob\u00f3tica y la sens\u00f3rica para avanzar hacia una salud m\u00e1s preventiva, equitativa y personalizada\"><\/a>\n\t<\/div>\n<\/div>\n<\/div>\n<\/li>\n\t\t\t\n\t\t\t\n\t\t\t\t\t\t\t\t\t\t\t\t\t\t\t\t\t\t\t\t\t\t\t\t\t\t\t\t\t\t\t\t\t\t\t\t\t\t\t\t\t\t\t\t\t\t\t\t\t\t\t\t\t\t\t\t\t\t\t\t\t\t\t\t\t\t\t\t<\/ul>\n\t<\/div>\n\t<div class=\"fusion-post-content-wrapper\" style=\"padding:30px 25px 20px 25px;\"><div class=\"fusion-post-content post-content\"><h2 class=\"blog-shortcode-post-title entry-title\"><a href=\"https:\/\/eurecat.org\/es\/eurecat-apunta-al-potencial-de-la-inteligencia-artificial-la-robotica-y-la-sensorica-para-avanzar-hacia-una-salud-mas-preventiva-equitativa-y-personalizada\/\">Eurecat apunta al potencial de la inteligencia artificial, la rob\u00f3tica y la sens\u00f3rica para avanzar hacia una salud m\u00e1s preventiva, equitativa y personalizada<\/a><\/h2><p class=\"fusion-single-line-meta\">By <span class=\"vcard\"><span class=\"fn\"><a href=\"https:\/\/eurecat.org\/es\/author\/eva-marquez\/\" title=\"Entradas de EurecatEQZ\" rel=\"author\">EurecatEQZ<\/a><\/span><\/span><span class=\"fusion-inline-sep\">|<\/span><span class=\"updated\" style=\"display:none;\">2026-04-07T13:59:45+02:00<\/span><span>abril 7th, 2026<\/span><span class=\"fusion-inline-sep\">|<\/span>Categories: <a href=\"https:\/\/eurecat.org\/es\/category\/ambitos-conocimiento\/e-health-es\/\" rel=\"category tag\">E-health<\/a>, <a href=\"https:\/\/eurecat.org\/es\/category\/notas-de-prensa\/\" rel=\"category tag\">Notas de prensa<\/a><span class=\"fusion-inline-sep\">|<\/span><\/p><div class=\"fusion-content-sep sep-double sep-solid\"><\/div><div class=\"fusion-post-content-container\"><p> La inteligencia artificial, la ciencia de datos, los sensores, la rob\u00f3tica y la salud digital est\u00e1n abriendo paso a un nuevo modelo de atenci\u00f3n m\u00e1s preventiva, predictiva, participativa, personalizada y de precisi\u00f3n, \u201ccon capacidad [...]<\/p><\/div><\/div><div class=\"fusion-meta-info\"><div class=\"fusion-alignleft\"><a class=\"fusion-read-more\" href=\"https:\/\/eurecat.org\/es\/eurecat-apunta-al-potencial-de-la-inteligencia-artificial-la-robotica-y-la-sensorica-para-avanzar-hacia-una-salud-mas-preventiva-equitativa-y-personalizada\/\" aria-label=\"More on Eurecat apunta al potencial de la inteligencia artificial, la rob\u00f3tica y la sens\u00f3rica para avanzar hacia una salud m\u00e1s preventiva, equitativa y personalizada\">Read More<\/a><\/div><div class=\"fusion-alignright\"><a href=\"https:\/\/eurecat.org\/es\/eurecat-apunta-al-potencial-de-la-inteligencia-artificial-la-robotica-y-la-sensorica-para-avanzar-hacia-una-salud-mas-preventiva-equitativa-y-personalizada\/#respond\"><i class=\"awb-icon-bubbles\" aria-hidden=\"true\"><\/i>&nbsp;0<\/a><\/div><\/div><\/div><div class=\"fusion-clearfix\"><\/div><\/div>\n<\/article>\n<div class=\"fusion-clearfix\"><\/div><\/div><div class=\"pagination clearfix\"><span class=\"current\">1<\/span><a href=\"https:\/\/eurecat.org\/es\/wp-json\/wp\/v2\/pages\/21546\/page\/2\/\" class=\"inactive\">2<\/a><a class=\"pagination-next\" rel=\"next\" href=\"https:\/\/eurecat.org\/es\/wp-json\/wp\/v2\/pages\/21546\/page\/2\/\"><span class=\"page-text\">Siguiente<\/span><span class=\"page-next\"><\/span><\/a><\/div><div class=\"fusion-clearfix\"><\/div><\/div><div class=\"fusion-clearfix\"><\/div><\/div><\/div><\/div><\/div>\n","protected":false},"excerpt":{"rendered":"","protected":false},"author":12,"featured_media":13529,"parent":2777,"menu_order":14,"comment_status":"closed","ping_status":"closed","template":"","meta":{"footnotes":""},"class_list":["post-21546","page","type-page","status-publish","has-post-thumbnail","hentry"],"yoast_head":"<!-- This site is optimized with the Yoast SEO plugin v27.5 - https:\/\/yoast.com\/product\/yoast-seo-wordpress\/ -->\n<title>Jornada Eurecat Fabricaci\u00f3n Aditiva - Eurecat<\/title>\n<meta name=\"robots\" content=\"index, follow, max-snippet:-1, max-image-preview:large, max-video-preview:-1\" \/>\n<link rel=\"canonical\" href=\"https:\/\/eurecat.org\/es\/servicios\/eurecatevents\/jornada-eurecat-fabricacion-aditiva\/\" \/>\n<meta property=\"og:locale\" content=\"es_ES\" \/>\n<meta property=\"og:type\" content=\"article\" \/>\n<meta property=\"og:title\" content=\"Jornada Eurecat Fabricaci\u00f3n Aditiva - Eurecat\" \/>\n<meta property=\"og:url\" content=\"https:\/\/eurecat.org\/es\/servicios\/eurecatevents\/jornada-eurecat-fabricacion-aditiva\/\" \/>\n<meta property=\"og:site_name\" content=\"Eurecat\" \/>\n<meta property=\"article:modified_time\" content=\"2017-12-20T09:59:04+00:00\" \/>\n<meta property=\"og:image\" content=\"https:\/\/eurecat.org\/wp-content\/uploads\/2016\/07\/eurecat-folleto.jpg\" \/>\n\t<meta property=\"og:image:width\" content=\"841\" \/>\n\t<meta property=\"og:image:height\" content=\"603\" \/>\n\t<meta property=\"og:image:type\" content=\"image\/jpeg\" \/>\n<meta name=\"twitter:card\" content=\"summary_large_image\" \/>\n<meta name=\"twitter:label1\" content=\"Tiempo de lectura\" \/>\n\t<meta name=\"twitter:data1\" content=\"6 minutos\" \/>\n<script type=\"application\/ld+json\" class=\"yoast-schema-graph\">{\"@context\":\"https:\\\/\\\/schema.org\",\"@graph\":[{\"@type\":\"WebPage\",\"@id\":\"https:\\\/\\\/eurecat.org\\\/es\\\/servicios\\\/eurecatevents\\\/jornada-eurecat-fabricacion-aditiva\\\/\",\"url\":\"https:\\\/\\\/eurecat.org\\\/es\\\/servicios\\\/eurecatevents\\\/jornada-eurecat-fabricacion-aditiva\\\/\",\"name\":\"Jornada Eurecat Fabricaci\u00f3n Aditiva - Eurecat\",\"isPartOf\":{\"@id\":\"https:\\\/\\\/eurecat.org\\\/es\\\/#website\"},\"primaryImageOfPage\":{\"@id\":\"https:\\\/\\\/eurecat.org\\\/es\\\/servicios\\\/eurecatevents\\\/jornada-eurecat-fabricacion-aditiva\\\/#primaryimage\"},\"image\":{\"@id\":\"https:\\\/\\\/eurecat.org\\\/es\\\/servicios\\\/eurecatevents\\\/jornada-eurecat-fabricacion-aditiva\\\/#primaryimage\"},\"thumbnailUrl\":\"https:\\\/\\\/eurecat.org\\\/wp-content\\\/uploads\\\/2016\\\/07\\\/eurecat-folleto.jpg\",\"datePublished\":\"2017-02-20T09:48:03+00:00\",\"dateModified\":\"2017-12-20T09:59:04+00:00\",\"breadcrumb\":{\"@id\":\"https:\\\/\\\/eurecat.org\\\/es\\\/servicios\\\/eurecatevents\\\/jornada-eurecat-fabricacion-aditiva\\\/#breadcrumb\"},\"inLanguage\":\"es\",\"potentialAction\":[{\"@type\":\"ReadAction\",\"target\":[\"https:\\\/\\\/eurecat.org\\\/es\\\/servicios\\\/eurecatevents\\\/jornada-eurecat-fabricacion-aditiva\\\/\"]}]},{\"@type\":\"ImageObject\",\"inLanguage\":\"es\",\"@id\":\"https:\\\/\\\/eurecat.org\\\/es\\\/servicios\\\/eurecatevents\\\/jornada-eurecat-fabricacion-aditiva\\\/#primaryimage\",\"url\":\"https:\\\/\\\/eurecat.org\\\/wp-content\\\/uploads\\\/2016\\\/07\\\/eurecat-folleto.jpg\",\"contentUrl\":\"https:\\\/\\\/eurecat.org\\\/wp-content\\\/uploads\\\/2016\\\/07\\\/eurecat-folleto.jpg\",\"width\":841,\"height\":603},{\"@type\":\"BreadcrumbList\",\"@id\":\"https:\\\/\\\/eurecat.org\\\/es\\\/servicios\\\/eurecatevents\\\/jornada-eurecat-fabricacion-aditiva\\\/#breadcrumb\",\"itemListElement\":[{\"@type\":\"ListItem\",\"position\":1,\"name\":\"Inici\",\"item\":\"https:\\\/\\\/eurecat.org\\\/es\\\/\"},{\"@type\":\"ListItem\",\"position\":2,\"name\":\"Actividades\",\"item\":\"https:\\\/\\\/eurecat.org\\\/es\\\/servicios\\\/\"},{\"@type\":\"ListItem\",\"position\":3,\"name\":\"Esdeveniments Eurecat\",\"item\":\"https:\\\/\\\/eurecat.org\\\/es\\\/servicios\\\/eurecatevents\\\/\"},{\"@type\":\"ListItem\",\"position\":4,\"name\":\"Jornada Eurecat Fabricaci\u00f3n Aditiva\"}]},{\"@type\":\"WebSite\",\"@id\":\"https:\\\/\\\/eurecat.org\\\/es\\\/#website\",\"url\":\"https:\\\/\\\/eurecat.org\\\/es\\\/\",\"name\":\"Eurecat\",\"description\":\"Otro sitio realizado con WordPress\",\"potentialAction\":[{\"@type\":\"SearchAction\",\"target\":{\"@type\":\"EntryPoint\",\"urlTemplate\":\"https:\\\/\\\/eurecat.org\\\/es\\\/?s={search_term_string}\"},\"query-input\":{\"@type\":\"PropertyValueSpecification\",\"valueRequired\":true,\"valueName\":\"search_term_string\"}}],\"inLanguage\":\"es\"}]}<\/script>\n<!-- \/ Yoast SEO plugin. -->","yoast_head_json":{"title":"Jornada Eurecat Fabricaci\u00f3n Aditiva - Eurecat","robots":{"index":"index","follow":"follow","max-snippet":"max-snippet:-1","max-image-preview":"max-image-preview:large","max-video-preview":"max-video-preview:-1"},"canonical":"https:\/\/eurecat.org\/es\/servicios\/eurecatevents\/jornada-eurecat-fabricacion-aditiva\/","og_locale":"es_ES","og_type":"article","og_title":"Jornada Eurecat Fabricaci\u00f3n Aditiva - Eurecat","og_url":"https:\/\/eurecat.org\/es\/servicios\/eurecatevents\/jornada-eurecat-fabricacion-aditiva\/","og_site_name":"Eurecat","article_modified_time":"2017-12-20T09:59:04+00:00","og_image":[{"width":841,"height":603,"url":"https:\/\/eurecat.org\/wp-content\/uploads\/2016\/07\/eurecat-folleto.jpg","type":"image\/jpeg"}],"twitter_card":"summary_large_image","twitter_misc":{"Tiempo de lectura":"6 minutos"},"schema":{"@context":"https:\/\/schema.org","@graph":[{"@type":"WebPage","@id":"https:\/\/eurecat.org\/es\/servicios\/eurecatevents\/jornada-eurecat-fabricacion-aditiva\/","url":"https:\/\/eurecat.org\/es\/servicios\/eurecatevents\/jornada-eurecat-fabricacion-aditiva\/","name":"Jornada Eurecat Fabricaci\u00f3n Aditiva - Eurecat","isPartOf":{"@id":"https:\/\/eurecat.org\/es\/#website"},"primaryImageOfPage":{"@id":"https:\/\/eurecat.org\/es\/servicios\/eurecatevents\/jornada-eurecat-fabricacion-aditiva\/#primaryimage"},"image":{"@id":"https:\/\/eurecat.org\/es\/servicios\/eurecatevents\/jornada-eurecat-fabricacion-aditiva\/#primaryimage"},"thumbnailUrl":"https:\/\/eurecat.org\/wp-content\/uploads\/2016\/07\/eurecat-folleto.jpg","datePublished":"2017-02-20T09:48:03+00:00","dateModified":"2017-12-20T09:59:04+00:00","breadcrumb":{"@id":"https:\/\/eurecat.org\/es\/servicios\/eurecatevents\/jornada-eurecat-fabricacion-aditiva\/#breadcrumb"},"inLanguage":"es","potentialAction":[{"@type":"ReadAction","target":["https:\/\/eurecat.org\/es\/servicios\/eurecatevents\/jornada-eurecat-fabricacion-aditiva\/"]}]},{"@type":"ImageObject","inLanguage":"es","@id":"https:\/\/eurecat.org\/es\/servicios\/eurecatevents\/jornada-eurecat-fabricacion-aditiva\/#primaryimage","url":"https:\/\/eurecat.org\/wp-content\/uploads\/2016\/07\/eurecat-folleto.jpg","contentUrl":"https:\/\/eurecat.org\/wp-content\/uploads\/2016\/07\/eurecat-folleto.jpg","width":841,"height":603},{"@type":"BreadcrumbList","@id":"https:\/\/eurecat.org\/es\/servicios\/eurecatevents\/jornada-eurecat-fabricacion-aditiva\/#breadcrumb","itemListElement":[{"@type":"ListItem","position":1,"name":"Inici","item":"https:\/\/eurecat.org\/es\/"},{"@type":"ListItem","position":2,"name":"Actividades","item":"https:\/\/eurecat.org\/es\/servicios\/"},{"@type":"ListItem","position":3,"name":"Esdeveniments Eurecat","item":"https:\/\/eurecat.org\/es\/servicios\/eurecatevents\/"},{"@type":"ListItem","position":4,"name":"Jornada Eurecat Fabricaci\u00f3n Aditiva"}]},{"@type":"WebSite","@id":"https:\/\/eurecat.org\/es\/#website","url":"https:\/\/eurecat.org\/es\/","name":"Eurecat","description":"Otro sitio realizado con WordPress","potentialAction":[{"@type":"SearchAction","target":{"@type":"EntryPoint","urlTemplate":"https:\/\/eurecat.org\/es\/?s={search_term_string}"},"query-input":{"@type":"PropertyValueSpecification","valueRequired":true,"valueName":"search_term_string"}}],"inLanguage":"es"}]}},"_links":{"self":[{"href":"https:\/\/eurecat.org\/es\/wp-json\/wp\/v2\/pages\/21546","targetHints":{"allow":["GET"]}}],"collection":[{"href":"https:\/\/eurecat.org\/es\/wp-json\/wp\/v2\/pages"}],"about":[{"href":"https:\/\/eurecat.org\/es\/wp-json\/wp\/v2\/types\/page"}],"author":[{"embeddable":true,"href":"https:\/\/eurecat.org\/es\/wp-json\/wp\/v2\/users\/12"}],"replies":[{"embeddable":true,"href":"https:\/\/eurecat.org\/es\/wp-json\/wp\/v2\/comments?post=21546"}],"version-history":[{"count":0,"href":"https:\/\/eurecat.org\/es\/wp-json\/wp\/v2\/pages\/21546\/revisions"}],"up":[{"embeddable":true,"href":"https:\/\/eurecat.org\/es\/wp-json\/wp\/v2\/pages\/2777"}],"wp:featuredmedia":[{"embeddable":true,"href":"https:\/\/eurecat.org\/es\/wp-json\/wp\/v2\/media\/13529"}],"wp:attachment":[{"href":"https:\/\/eurecat.org\/es\/wp-json\/wp\/v2\/media?parent=21546"}],"curies":[{"name":"wp","href":"https:\/\/api.w.org\/{rel}","templated":true}]}}