{"id":24969,"date":"2017-05-09T12:06:36","date_gmt":"2017-05-09T12:06:36","guid":{"rendered":"http:\/\/eurecat.org\/?page_id=24969\/"},"modified":"2017-12-21T10:12:31","modified_gmt":"2017-12-21T10:12:31","slug":"tecnologias-alargan-la-vida","status":"publish","type":"page","link":"https:\/\/eurecat.org\/es\/servicios\/eurecatevents\/tecnologias-alargan-la-vida\/","title":{"rendered":"Conferencia &#8211; Tecnolog\u00edas que alargan la vida"},"content":{"rendered":"<div class=\"fusion-fullwidth fullwidth-box fusion-builder-row-1 hundred-percent-fullwidth non-hundred-percent-height-scrolling\" style=\"--awb-border-radius-top-left:0px;--awb-border-radius-top-right:0px;--awb-border-radius-bottom-right:0px;--awb-border-radius-bottom-left:0px;--awb-padding-top:-40px;--awb-flex-wrap:wrap;\" ><div class=\"fusion-builder-row fusion-row\"><div class=\"fusion-layout-column fusion_builder_column fusion-builder-column-0 fusion_builder_column_1_1 1_1 fusion-one-full fusion-column-first fusion-column-last fusion-column-no-min-height\" style=\"--awb-bg-size:cover;--awb-margin-bottom:0px;\"><div class=\"fusion-column-wrapper fusion-flex-column-wrapper-legacy\"><div class=\"fusion-text fusion-text-1\"><h1 style=\"text-align: center;\"><strong><span style=\"color: #800080;\">Conferencia: Tecnolog\u00edas que alargan la vida<\/span><\/strong><\/h1>\n<\/div><div class=\"fusion-text fusion-text-2\"><h1 style=\"text-align: center;\"><span style=\"color: #000000;\"><strong>30 de mayo del 2017<\/strong><\/span><\/h1>\n<h2 style=\"text-align: center;\"><span style=\"color: #000000;\"><strong>Auditorio del Edificio Imagina<\/strong><\/span><\/h2>\n<p style=\"text-align: center;\"><span style=\"color: #000000;\">Av. Diagonal, 177 &#8211; 08018 Barcelona<\/span><\/p>\n<\/div><div class=\"fusion-clearfix\"><\/div><\/div><\/div><\/div><\/div><div class=\"fusion-fullwidth fullwidth-box fusion-builder-row-2 hundred-percent-fullwidth non-hundred-percent-height-scrolling\" style=\"--awb-border-radius-top-left:0px;--awb-border-radius-top-right:0px;--awb-border-radius-bottom-right:0px;--awb-border-radius-bottom-left:0px;--awb-padding-top:-40px;--awb-flex-wrap:wrap;\" ><div class=\"fusion-builder-row fusion-row\"><div class=\"fusion-layout-column fusion_builder_column fusion-builder-column-1 fusion_builder_column_1_4 1_4 fusion-one-fourth fusion-column-first\" style=\"--awb-bg-size:cover;width:25%;width:calc(25% - ( ( 4% + 4% ) * 0.25 ) );margin-right: 4%;\"><div class=\"fusion-column-wrapper fusion-flex-column-wrapper-legacy\"><div class=\"fusion-text fusion-text-3\"><p><strong><span style=\"color: #3d6fb6;\">Organiza:<\/span><\/strong><\/p>\n<\/div><div class=\"fusion-image-element fusion-image-align-center in-legacy-container\" style=\"text-align:center;--awb-caption-title-font-family:var(--h2_typography-font-family);--awb-caption-title-font-weight:var(--h2_typography-font-weight);--awb-caption-title-font-style:var(--h2_typography-font-style);--awb-caption-title-size:var(--h2_typography-font-size);--awb-caption-title-transform:var(--h2_typography-text-transform);--awb-caption-title-line-height:var(--h2_typography-line-height);--awb-caption-title-letter-spacing:var(--h2_typography-letter-spacing);\"><div class=\"imageframe-align-center\"><span class=\" fusion-imageframe imageframe-none imageframe-1 hover-type-none\"><img decoding=\"async\" width=\"200\" height=\"112\" title=\"eurecat_200x112px\" src=\"https:\/\/eurecat.org\/wp-content\/uploads\/2016\/06\/eurecat_200x112px.jpg\" alt class=\"img-responsive wp-image-13317\" srcset=\"https:\/\/eurecat.org\/wp-content\/uploads\/2016\/06\/eurecat_200x112px-120x67.jpg 120w, https:\/\/eurecat.org\/wp-content\/uploads\/2016\/06\/eurecat_200x112px.jpg 200w\" sizes=\"(max-width: 200px) 100vw, 200px\" \/><\/span><\/div><\/div><div class=\"fusion-clearfix\"><\/div><\/div><\/div><div class=\"fusion-layout-column fusion_builder_column fusion-builder-column-2 fusion_builder_column_1_3 1_3 fusion-one-third\" style=\"--awb-padding-top:50px;--awb-bg-size:cover;width:33.333333333333%;width:calc(33.333333333333% - ( ( 4% + 4% ) * 0.33333333333333 ) );margin-right: 4%;\"><div class=\"fusion-column-wrapper fusion-flex-column-wrapper-legacy\"><div class=\"fusion-image-element fusion-image-align-center in-legacy-container\" style=\"text-align:center;--awb-caption-title-font-family:var(--h2_typography-font-family);--awb-caption-title-font-weight:var(--h2_typography-font-weight);--awb-caption-title-font-style:var(--h2_typography-font-style);--awb-caption-title-size:var(--h2_typography-font-size);--awb-caption-title-transform:var(--h2_typography-text-transform);--awb-caption-title-line-height:var(--h2_typography-line-height);--awb-caption-title-letter-spacing:var(--h2_typography-letter-spacing);\"><div class=\"imageframe-align-center\"><span class=\" fusion-imageframe imageframe-none imageframe-2 hover-type-none\"><a class=\"fusion-no-lightbox\" href=\"http:\/\/www.singularityubarcelona.eu\/\" target=\"_self\" aria-label=\"logoSingularityUBarcleona112\"><img decoding=\"async\" width=\"586\" height=\"112\" src=\"https:\/\/eurecat.org\/wp-content\/uploads\/2017\/05\/logoSingularityUBarcleona112.jpg\" alt class=\"img-responsive wp-image-25097\" srcset=\"https:\/\/eurecat.org\/wp-content\/uploads\/2017\/05\/logoSingularityUBarcleona112-200x38.jpg 200w, https:\/\/eurecat.org\/wp-content\/uploads\/2017\/05\/logoSingularityUBarcleona112-400x76.jpg 400w, https:\/\/eurecat.org\/wp-content\/uploads\/2017\/05\/logoSingularityUBarcleona112.jpg 586w\" sizes=\"(max-width: 800px) 100vw, 586px\" \/><\/a><\/span><\/div><\/div><div class=\"fusion-clearfix\"><\/div><\/div><\/div><div class=\"fusion-layout-column fusion_builder_column fusion-builder-column-3 fusion_builder_column_1_3 1_3 fusion-one-third fusion-column-last\" style=\"--awb-bg-size:cover;width:33.333333333333%;width:calc(33.333333333333% - ( ( 4% + 4% ) * 0.33333333333333 ) );\"><div class=\"fusion-column-wrapper fusion-flex-column-wrapper-legacy\"><div class=\"fusion-text fusion-text-4\"><p><strong><span style=\"color: #3d6fb6;\">Colabora:<\/span><\/strong><\/p>\n<\/div><div class=\"fusion-image-element fusion-image-align-center in-legacy-container\" style=\"text-align:center;--awb-caption-title-font-family:var(--h2_typography-font-family);--awb-caption-title-font-weight:var(--h2_typography-font-weight);--awb-caption-title-font-style:var(--h2_typography-font-style);--awb-caption-title-size:var(--h2_typography-font-size);--awb-caption-title-transform:var(--h2_typography-text-transform);--awb-caption-title-line-height:var(--h2_typography-line-height);--awb-caption-title-letter-spacing:var(--h2_typography-letter-spacing);\"><div class=\"imageframe-align-center\"><span class=\" fusion-imageframe imageframe-none imageframe-3 hover-type-none\"><img decoding=\"async\" width=\"586\" height=\"112\" title=\"logoAccio\" src=\"https:\/\/eurecat.org\/wp-content\/uploads\/2017\/05\/logoAccio.jpg\" alt class=\"img-responsive wp-image-25122\" srcset=\"https:\/\/eurecat.org\/wp-content\/uploads\/2017\/05\/logoAccio-200x38.jpg 200w, https:\/\/eurecat.org\/wp-content\/uploads\/2017\/05\/logoAccio-400x76.jpg 400w, https:\/\/eurecat.org\/wp-content\/uploads\/2017\/05\/logoAccio.jpg 586w\" sizes=\"(max-width: 800px) 100vw, 586px\" \/><\/span><\/div><\/div><div class=\"fusion-clearfix\"><\/div><\/div><\/div><\/div><\/div><div class=\"fusion-fullwidth fullwidth-box fusion-builder-row-3 hundred-percent-fullwidth non-hundred-percent-height-scrolling\" style=\"--awb-border-radius-top-left:0px;--awb-border-radius-top-right:0px;--awb-border-radius-bottom-right:0px;--awb-border-radius-bottom-left:0px;--awb-padding-top:-40px;--awb-flex-wrap:wrap;\" ><div class=\"fusion-builder-row fusion-row\"><div class=\"fusion-layout-column fusion_builder_column fusion-builder-column-4 fusion_builder_column_1_3 1_3 fusion-one-third fusion-column-first\" style=\"--awb-bg-size:cover;width:33.333333333333%;width:calc(33.333333333333% - ( ( 4% + 4% + 4% + 4% ) * 0.33333333333333 ) );margin-right: 4%;\"><div class=\"fusion-column-wrapper fusion-flex-column-wrapper-legacy\"><div class=\"fusion-text fusion-text-5\"><h2 style=\"text-align: center;\"><strong><span style=\"color: #3d6fb6;\">Patrocina:<\/span><\/strong><\/h2>\n<\/div><div class=\"fusion-image-element fusion-image-align-center in-legacy-container\" style=\"text-align:center;--awb-caption-title-font-family:var(--h2_typography-font-family);--awb-caption-title-font-weight:var(--h2_typography-font-weight);--awb-caption-title-font-style:var(--h2_typography-font-style);--awb-caption-title-size:var(--h2_typography-font-size);--awb-caption-title-transform:var(--h2_typography-text-transform);--awb-caption-title-line-height:var(--h2_typography-line-height);--awb-caption-title-letter-spacing:var(--h2_typography-letter-spacing);\"><div class=\"imageframe-align-center\"><span class=\" fusion-imageframe imageframe-none imageframe-4 hover-type-none\"><img decoding=\"async\" width=\"259\" height=\"80\" title=\"GTlogo-web\" src=\"https:\/\/eurecat.org\/wp-content\/uploads\/2017\/05\/GTlogo-web.gif\" alt class=\"img-responsive wp-image-25571\"\/><\/span><\/div><\/div><div class=\"fusion-clearfix\"><\/div><\/div><\/div><div class=\"fusion-layout-column fusion_builder_column fusion-builder-column-5 fusion_builder_column_1_6 1_6 fusion-one-sixth\" style=\"--awb-bg-size:cover;width:16.666666666667%;width:calc(16.666666666667% - ( ( 4% + 4% + 4% + 4% ) * 0.16666666666667 ) );margin-right: 4%;\"><div class=\"fusion-column-wrapper fusion-flex-column-wrapper-legacy\"><div class=\"fusion-sep-clear\"><\/div><div class=\"fusion-separator fusion-full-width-sep\" style=\"margin-left: auto;margin-right: auto;width:100%;\"><\/div><div class=\"fusion-sep-clear\"><\/div><div class=\"fusion-clearfix\"><\/div><\/div><\/div><div class=\"fusion-layout-column fusion_builder_column fusion-builder-column-6 fusion_builder_column_1_6 1_6 fusion-one-sixth\" style=\"--awb-padding-top:40px;--awb-bg-size:cover;width:16.666666666667%;width:calc(16.666666666667% - ( ( 4% + 4% + 4% + 4% ) * 0.16666666666667 ) );margin-right: 4%;\"><div class=\"fusion-column-wrapper fusion-flex-column-wrapper-legacy\"><div class=\"fusion-text fusion-text-6\"><p style=\"text-align: center;\"><strong><span style=\"color: #3d6fb6;\">Con el apoyo de:<\/span><\/strong><\/p>\n<\/div><div class=\"fusion-image-element fusion-image-align-center in-legacy-container\" style=\"text-align:center;--awb-caption-title-font-family:var(--h2_typography-font-family);--awb-caption-title-font-weight:var(--h2_typography-font-weight);--awb-caption-title-font-style:var(--h2_typography-font-style);--awb-caption-title-size:var(--h2_typography-font-size);--awb-caption-title-transform:var(--h2_typography-text-transform);--awb-caption-title-line-height:var(--h2_typography-line-height);--awb-caption-title-letter-spacing:var(--h2_typography-letter-spacing);\"><div class=\"imageframe-align-center\"><span class=\" fusion-imageframe imageframe-none imageframe-5 hover-type-none\"><img decoding=\"async\" width=\"501\" height=\"76\" title=\"lavanguardia_75px\" src=\"https:\/\/eurecat.org\/wp-content\/uploads\/2017\/05\/lavanguardia_75px.png\" alt class=\"img-responsive wp-image-25801\" srcset=\"https:\/\/eurecat.org\/wp-content\/uploads\/2017\/05\/lavanguardia_75px-200x30.png 200w, https:\/\/eurecat.org\/wp-content\/uploads\/2017\/05\/lavanguardia_75px-400x61.png 400w, https:\/\/eurecat.org\/wp-content\/uploads\/2017\/05\/lavanguardia_75px.png 501w\" sizes=\"(max-width: 800px) 100vw, 200px\" \/><\/span><\/div><\/div><div class=\"fusion-clearfix\"><\/div><\/div><\/div><div class=\"fusion-layout-column fusion_builder_column fusion-builder-column-7 fusion_builder_column_1_6 1_6 fusion-one-sixth\" style=\"--awb-padding-top:50px;--awb-bg-size:cover;width:16.666666666667%;width:calc(16.666666666667% - ( ( 4% + 4% + 4% + 4% ) * 0.16666666666667 ) );margin-right: 4%;\"><div class=\"fusion-column-wrapper fusion-flex-column-wrapper-legacy\"><div class=\"fusion-image-element fusion-image-align-center in-legacy-container\" style=\"text-align:center;--awb-caption-title-font-family:var(--h2_typography-font-family);--awb-caption-title-font-weight:var(--h2_typography-font-weight);--awb-caption-title-font-style:var(--h2_typography-font-style);--awb-caption-title-size:var(--h2_typography-font-size);--awb-caption-title-transform:var(--h2_typography-text-transform);--awb-caption-title-line-height:var(--h2_typography-line-height);--awb-caption-title-letter-spacing:var(--h2_typography-letter-spacing);\"><div class=\"imageframe-align-center\"><span class=\" fusion-imageframe imageframe-none imageframe-6 hover-type-none\"><img decoding=\"async\" width=\"900\" height=\"400\" title=\"logo_descarregable_es\" src=\"https:\/\/eurecat.org\/wp-content\/uploads\/2017\/05\/logo_descarregable_es.png\" alt class=\"img-responsive wp-image-25835\" srcset=\"https:\/\/eurecat.org\/wp-content\/uploads\/2017\/05\/logo_descarregable_es-200x89.png 200w, https:\/\/eurecat.org\/wp-content\/uploads\/2017\/05\/logo_descarregable_es-400x178.png 400w, https:\/\/eurecat.org\/wp-content\/uploads\/2017\/05\/logo_descarregable_es-600x267.png 600w, https:\/\/eurecat.org\/wp-content\/uploads\/2017\/05\/logo_descarregable_es-800x356.png 800w, https:\/\/eurecat.org\/wp-content\/uploads\/2017\/05\/logo_descarregable_es.png 900w\" sizes=\"(max-width: 800px) 100vw, 200px\" \/><\/span><\/div><\/div><div class=\"fusion-clearfix\"><\/div><\/div><\/div><div class=\"fusion-layout-column fusion_builder_column fusion-builder-column-8 fusion_builder_column_1_6 1_6 fusion-one-sixth fusion-column-last\" style=\"--awb-padding-top:50px;--awb-bg-size:cover;width:16.666666666667%;width:calc(16.666666666667% - ( ( 4% + 4% + 4% + 4% ) * 0.16666666666667 ) );\"><div class=\"fusion-column-wrapper fusion-flex-column-wrapper-legacy\"><div class=\"fusion-image-element fusion-image-align-center in-legacy-container\" style=\"text-align:center;--awb-caption-title-font-family:var(--h2_typography-font-family);--awb-caption-title-font-weight:var(--h2_typography-font-weight);--awb-caption-title-font-style:var(--h2_typography-font-style);--awb-caption-title-size:var(--h2_typography-font-size);--awb-caption-title-transform:var(--h2_typography-text-transform);--awb-caption-title-line-height:var(--h2_typography-line-height);--awb-caption-title-letter-spacing:var(--h2_typography-letter-spacing);\"><div class=\"imageframe-align-center\"><span class=\" fusion-imageframe imageframe-none imageframe-7 hover-type-none\"><img decoding=\"async\" width=\"100\" height=\"71\" title=\"FAIRMONT-BLACK-2017\" src=\"https:\/\/eurecat.org\/wp-content\/uploads\/2017\/05\/FAIRMONT-BLACK-2017.jpg\" alt class=\"img-responsive wp-image-25628\" srcset=\"https:\/\/eurecat.org\/wp-content\/uploads\/2017\/05\/FAIRMONT-BLACK-2017-30x21.jpg 30w, https:\/\/eurecat.org\/wp-content\/uploads\/2017\/05\/FAIRMONT-BLACK-2017.jpg 100w\" sizes=\"(max-width: 100px) 100vw, 100px\" \/><\/span><\/div><\/div><div class=\"fusion-clearfix\"><\/div><\/div><\/div><\/div><\/div><div class=\"fusion-bg-parallax\" data-bg-align=\"center center\" data-direction=\"down\" data-mute=\"false\" data-opacity=\"100\" data-velocity=\"-0.3\" data-mobile-enabled=\"false\" data-break_parents=\"0\" data-bg-image=\"https:\/\/eurecat.org\/wp-content\/uploads\/2017\/05\/futurologia04.jpeg\" data-bg-repeat=\"false\" ><\/div><div class=\"fusion-fullwidth fullwidth-box fusion-builder-row-4 fusion-parallax-down hundred-percent-fullwidth non-hundred-percent-height-scrolling\" style=\"--awb-border-radius-top-left:0px;--awb-border-radius-top-right:0px;--awb-border-radius-bottom-right:0px;--awb-border-radius-bottom-left:0px;--awb-margin-top:10px;--awb-margin-bottom:10px;--awb-background-image:url(&quot;https:\/\/eurecat.org\/wp-content\/uploads\/2017\/05\/futurologia04.jpeg&quot;);--awb-background-size:cover;--awb-flex-wrap:wrap;\" ><div class=\"fusion-builder-row fusion-row\"><div class=\"fusion-layout-column fusion_builder_column fusion-builder-column-9 fusion_builder_column_1_1 1_1 fusion-one-full fusion-column-first fusion-column-last fusion-column-no-min-height\" style=\"--awb-bg-size:cover;--awb-margin-bottom:0px;\"><div class=\"fusion-column-wrapper fusion-flex-column-wrapper-legacy\"><div class=\"fusion-text fusion-text-7\"><h3 style=\"text-align: right;\"><strong><span style=\"color: #ffffff;\">\u00bfViviremos 140 a\u00f1os?<\/span><\/strong><\/h3>\n<h3 style=\"text-align: right;\"><strong><span style=\"color: #ffffff;\">\u00bfQu\u00e9 tecnolog\u00edas exponenciales ser\u00e1n responsables de alargar nuestras vidas?<\/span><\/strong><\/h3>\n<h3 style=\"text-align: right;\"><strong><span style=\"color: #ffffff;\">\u00bfQu\u00e9 papel juega el Big Data y la Inteligencia artificial en el progreso de la vida?<\/span><\/strong><\/h3>\n<h3 style=\"text-align: right;\"><strong><span style=\"color: #ffffff;\">\u00bfPodr\u00e1 la gen\u00e9tica y biotecnolog\u00eda avanzar hasta curar todas las enfermedades?<\/span><\/strong><\/h3>\n<h3 style=\"text-align: right;\"><strong><span style=\"color: #ffffff;\">\u00bfLa criopreservaci\u00f3n, es ciencia o es ficci\u00f3n?<\/span><\/strong><\/h3>\n<h3 style=\"text-align: right;\"><strong><span style=\"color: #ffffff;\">\u00bfC\u00f3mo puede el Ecosistema tecnol\u00f3gico y empresarial catal\u00e1n aprovechar las oportunidades que abren las nuevas ciencias de la vida?<\/span><\/strong><\/h3>\n<\/div><div class=\"fusion-clearfix\"><\/div><\/div><\/div><\/div><\/div><div class=\"fusion-fullwidth fullwidth-box fusion-builder-row-5 nonhundred-percent-fullwidth non-hundred-percent-height-scrolling\" style=\"--awb-background-position:left top;--awb-border-radius-top-left:0px;--awb-border-radius-top-right:0px;--awb-border-radius-bottom-right:0px;--awb-border-radius-bottom-left:0px;--awb-padding-top:20px;--awb-padding-right:0px;--awb-padding-bottom:0px;--awb-padding-left:0px;--awb-border-sizes-top:0px;--awb-border-sizes-bottom:0px;--awb-flex-wrap:wrap;\" ><div class=\"fusion-builder-row fusion-row\"><div class=\"fusion-layout-column fusion_builder_column fusion-builder-column-10 fusion_builder_column_1_1 1_1 fusion-one-full fusion-column-first fusion-column-last\" style=\"--awb-bg-size:cover;\"><div class=\"fusion-column-wrapper fusion-flex-column-wrapper-legacy\"><div class=\"fusion-text fusion-text-8\"><p><strong>Eurecat<\/strong> y la <strong>SingularityU Barcelona<\/strong> organizan la primera de un ciclo de cuatro conferencias que bajo el t\u00edtulo \u00abEl Mundo que viene\u00bb quieren acercar la visi\u00f3n de expertos en tecnolog\u00edas exponenciales y futuristas capaces de ilustrar e inspirar el talento a nuestras empresas.<\/p>\n<\/div><div class=\"fusion-sep-clear\"><\/div><div class=\"fusion-separator fusion-no-small-visibility\" style=\"margin-left: auto;margin-right: auto;margin-top:40px;margin-bottom:40px;width:100%;max-width:100px;\"><div class=\"fusion-separator-border sep-single sep-solid\" style=\"--awb-height:20px;--awb-amount:20px;--awb-sep-color:#3d6fb6;border-color:#3d6fb6;border-top-width:1px;\"><\/div><\/div><div class=\"fusion-sep-clear\"><\/div><div class=\"fusion-text fusion-text-9\"><p>La Conferencia <em><span style=\"color: #800080;\"><strong>\u00abTecnolog\u00edas que alargan la vida<\/strong><\/span><\/em>\u00bb contar\u00e1 con reconocidos expertos que debatir\u00e1n c\u00f3mo la integraci\u00f3n de tecnolog\u00edas como el Big Data, la gen\u00e9tica, la biomedicina o la ingenier\u00eda de \u00f3rganos nos permitir\u00e1n vivir m\u00e1s y mejor. Las innovaciones en estas \u00e1reas est\u00e1n haciendo avanzar la medicina y crean nuevas oportunidades de negocio a diario.<\/p>\n<\/div><div class=\"fusion-sep-clear\"><\/div><div class=\"fusion-separator fusion-no-small-visibility\" style=\"margin-left: auto;margin-right: auto;margin-top:40px;margin-bottom:40px;width:100%;max-width:100px;\"><div class=\"fusion-separator-border sep-single sep-solid\" style=\"--awb-height:20px;--awb-amount:20px;--awb-sep-color:#3d6fb6;border-color:#3d6fb6;border-top-width:1px;\"><\/div><\/div><div class=\"fusion-sep-clear\"><\/div><div class=\"fusion-builder-row fusion-builder-row-inner fusion-row\"><div class=\"fusion-layout-column fusion_builder_column_inner fusion-builder-nested-column-0 fusion_builder_column_inner_3_4 3_4 fusion-three-fourth fusion-column-first\" style=\"--awb-bg-size:cover;width:75%;width:calc(75% - ( ( 4% ) * 0.75 ) );margin-right: 4%;\"><div class=\"fusion-column-wrapper fusion-flex-column-wrapper-legacy\"><div class=\"fusion-text fusion-text-10\"><p><strong>A qui\u00e9n se dirige:<\/strong><\/p>\n<p>Profesionales y emprendedores de cualquier \u00e1rea de actividad que quieran estar al d\u00eda. Tambi\u00e9n especialistas en el sector de la Inteligencia Artificial, Rob\u00f3tica, Biotecnolog\u00eda, Salud, Medicina, Farmacia, etc. P\u00fablico inquieto para entender los cambios que nos afectan y afectar\u00e1n.<\/p>\n<\/div><div class=\"fusion-clearfix\"><\/div><\/div><\/div><div class=\"fusion-layout-column fusion_builder_column_inner fusion-builder-nested-column-1 fusion_builder_column_inner_1_4 1_4 fusion-one-fourth fusion-column-last\" style=\"--awb-bg-size:cover;width:25%;width:calc(25% - ( ( 4% ) * 0.25 ) );\"><div class=\"fusion-column-wrapper fusion-flex-column-wrapper-legacy\"><div class=\"fusion-text fusion-text-11\"><p style=\"text-align: center;\"><span style=\"color: #000000;\"><strong>Idioma de la conferencia:<\/strong><\/span><\/p>\n<p style=\"text-align: center;\"><span style=\"color: #000000;\"><strong>CASTELLANO e INGL\u00c9S<\/strong><\/span><\/p>\n<\/div><div class=\"fusion-clearfix\"><\/div><\/div><\/div><\/div><div class=\"fusion-clearfix\"><\/div><\/div><\/div><\/div><\/div><div class=\"fusion-fullwidth fullwidth-box fusion-builder-row-6 nonhundred-percent-fullwidth non-hundred-percent-height-scrolling\" style=\"--awb-border-radius-top-left:0px;--awb-border-radius-top-right:0px;--awb-border-radius-bottom-right:0px;--awb-border-radius-bottom-left:0px;--awb-padding-top:20px;--awb-padding-bottom:20px;--awb-background-color:#3d6fb6;--awb-flex-wrap:wrap;\" ><div class=\"fusion-builder-row fusion-row\"><div class=\"fusion-layout-column fusion_builder_column fusion-builder-column-11 fusion_builder_column_1_1 1_1 fusion-one-full fusion-column-first fusion-column-last\" style=\"--awb-bg-size:cover;--awb-margin-top:30px;\"><div class=\"fusion-column-wrapper fusion-flex-column-wrapper-legacy\"><div class=\"fusion-text fusion-text-12\"><h2 style=\"text-align: center;\"><span style=\"color: #ffffff;\"><strong>Programa<\/strong><\/span><\/h2>\n<\/div><div class=\"fusion-clearfix\"><\/div><\/div><\/div><\/div><\/div><div class=\"fusion-fullwidth fullwidth-box fusion-builder-row-7 nonhundred-percent-fullwidth non-hundred-percent-height-scrolling\" style=\"--awb-border-radius-top-left:0px;--awb-border-radius-top-right:0px;--awb-border-radius-bottom-right:0px;--awb-border-radius-bottom-left:0px;--awb-padding-top:20px;--awb-padding-right:50px;--awb-padding-bottom:20px;--awb-padding-left:50px;--awb-background-color:rgba(249,249,249,0);--awb-flex-wrap:wrap;\" ><div class=\"fusion-builder-row fusion-row\"><div class=\"fusion-layout-column fusion_builder_column fusion-builder-column-12 fusion_builder_column_1_5 1_5 fusion-one-fifth fusion-column-first\" style=\"--awb-padding-right:10px;--awb-padding-left:20px;--awb-bg-size:cover;--awb-border-color:#3d5fb6;--awb-border-right:1px;--awb-border-style:solid;width:20%;width:calc(20% - ( ( 4% + 4% + 4% + 4% ) * 0.2 ) );margin-right: 4%;\"><div class=\"fusion-column-wrapper fusion-flex-column-wrapper-legacy\"><div class=\"fusion-text fusion-text-13\"><p><span style=\"color: #3d6fb6;\"><strong>09:00h<\/strong><\/span><\/p>\n<\/div><div class=\"fusion-text fusion-text-14\"><p><span style=\"color: #000000;\">Registro de asistentes<\/span><\/p>\n<\/div><div class=\"fusion-text fusion-text-15\"><p><span style=\"color: #3d6fb6;\"><strong>09:30h<\/strong><\/span><\/p>\n<\/div><div class=\"fusion-text fusion-text-16\"><p>Bienvenida e inauguraci\u00f3n:<\/p>\n<p><strong>Sr. Miquel Rey<\/strong>, Director General de Negocio de Eurecat<\/p>\n<\/div><div class=\"fusion-clearfix\"><\/div><\/div><\/div><div class=\"fusion-layout-column fusion_builder_column fusion-builder-column-13 fusion_builder_column_1_5 1_5 fusion-one-fifth\" style=\"--awb-padding-right:10px;--awb-bg-size:cover;--awb-border-color:#3d6fb6;--awb-border-right:1px;--awb-border-style:solid;width:20%;width:calc(20% - ( ( 4% + 4% + 4% + 4% ) * 0.2 ) );margin-right: 4%;\"><div class=\"fusion-column-wrapper fusion-flex-column-wrapper-legacy\"><div class=\"fusion-text fusion-text-17\"><p><span style=\"color: #3d6fb6;\"><strong>Conferencia<\/strong><\/span><\/p>\n<p><span style=\"color: #3d6fb6;\"><strong>9:45h &#8211; 10:30h<\/strong><\/span><\/p>\n<p><strong>Tecnolog\u00edas exponenciales aplicadas a la vida <\/strong><\/p>\n<p><strong>Sr. Jos\u00e9 Luis Cordeiro <\/strong><\/p>\n<p>Profesor fundador de la Singularity University, reconocido futurista, Director del Millennium Project, Nodo Venezuela. Profesor visitante en IDE-JETRO, Tokio, en el Institute of Physics and Technology, Rusia, entre otros.<\/p>\n<p>Es autor de m\u00e1s de 10 libros y coautor de 20: \u00ab2020 transhuman and Economy of the future\u00bb, \u00abLa muerte de la muerte\u00bb, etc.<\/p>\n<p>Licenciado, MBA y PhD, en Mechanical Engineering en la Massachusetts Institute of Technology (MIT).<\/p>\n<\/div><div class=\"fusion-clearfix\"><\/div><\/div><\/div><div class=\"fusion-layout-column fusion_builder_column fusion-builder-column-14 fusion_builder_column_1_5 1_5 fusion-one-fifth\" style=\"--awb-padding-right:10px;--awb-bg-size:cover;--awb-border-color:#3d6fb6;--awb-border-right:1px;--awb-border-style:solid;width:20%;width:calc(20% - ( ( 4% + 4% + 4% + 4% ) * 0.2 ) );margin-right: 4%;\"><div class=\"fusion-column-wrapper fusion-flex-column-wrapper-legacy\"><div class=\"fusion-text fusion-text-18\"><p><span style=\"color: #3d6fb6;\"><strong>Conferencia<\/strong><\/span><\/p>\n<p><span style=\"color: #3d6fb6;\"><strong>10:30h &#8211; 11:15h<\/strong><\/span><\/p>\n<p><strong>Nuevos avances en la mejora de la longevidad<\/strong><\/p>\n<p><strong>Sr. Aubrey de Grey<\/strong><\/p>\n<p>Cofundador y Director de Ciencia de SENS, fundaci\u00f3n que investiga las terapias m\u00e9dicas regenerativas. Referente mundial en las terapias Anti-Aging, asesor cient\u00edfico y divulgador. Autor de la obra <em>\u00abThe Mitochondrial Free Radical Theory of Aging\u00bb<\/em>.<\/p>\n<p>Licenciado en Ciencias de la Computaci\u00f3n y PhD. en Biolog\u00eda en la Universidad de Cambridge en 1985 y 2000, respectivamente. Actualmente Cient\u00edfico de la fundaci\u00f3n Matusal\u00e9n en los EEUU.<\/p>\n<\/div><div class=\"fusion-clearfix\"><\/div><\/div><\/div><div class=\"fusion-layout-column fusion_builder_column fusion-builder-column-15 fusion_builder_column_1_5 1_5 fusion-one-fifth\" style=\"--awb-padding-right:30px;--awb-bg-size:cover;--awb-border-color:#3d6fb6;--awb-border-right:1px;--awb-border-style:solid;width:20%;width:calc(20% - ( ( 4% + 4% + 4% + 4% ) * 0.2 ) );margin-right: 4%;\"><div class=\"fusion-column-wrapper fusion-flex-column-wrapper-legacy\"><div class=\"fusion-text fusion-text-19\"><p><span style=\"color: #3d6fb6;\"><strong>Mesa\u00a0Redonda<\/strong><\/span><\/p>\n<p><span style=\"color: #3d6fb6;\"><strong>11:15h &#8211; 11:45h<\/strong><\/span><\/p>\n<p><strong>\u00bfC\u00f3mo se pueden aprovechar todas estas oportunidades que abre la tecnolog\u00eda en el ecosistema catal\u00e1n?<\/strong><strong><br \/>\nModera:<\/strong><\/p>\n<p><strong>Sr. Jordi Palmiola<\/strong>, Project Manager de la Unidad de Proyectos Integrales de Eurecat<\/p>\n<p><strong><br \/>\nIntervienen a la Mesa:<\/strong><\/p>\n<p><strong>Sr. Aubrey de Grey, <\/strong>Cofundador y Director de Ciencia de SENS y referente mundial en las terapias Anti-Aging, asesor cient\u00edfico y divulgador.<\/p>\n<p><strong>Sr. Jos\u00e9 Luis Cordeiro, <\/strong>Profesor fundador de la Singularity University, reconocido futurista, Director del Millennium Project, Nodo Venezuela.<\/p>\n<p><strong>Sr. Alejandro Mart\u00ednez<\/strong>, Presidente (CEO) de Grant Thornton.<\/p>\n<p><strong>Sr. Joaqu\u00edn Serra<\/strong>, Vicepresidente Ejecutivo Senior y CBDO of Natura Biss\u00e9 Group, Presidente y Cofundador de Reimagine food, y Embajador en Espa\u00f1a de la Singularity University.<\/p>\n<p><strong>Sra. N\u00faria Canela,\u00a0<\/strong>Directora de la Unidad <em>Centre for Omic Sciences <\/em> d\u2019Eurecat y la Universitat Rovira i Virgili<\/p>\n<p><strong>Sr. Fernando S\u00e1nchez,\u00a0<\/strong>Director de Marketing y Comunicaci\u00f3n del grupo M\u00e9mora<\/p>\n<\/div><div class=\"fusion-clearfix\"><\/div><\/div><\/div><div class=\"fusion-layout-column fusion_builder_column fusion-builder-column-16 fusion_builder_column_1_5 1_5 fusion-one-fifth fusion-column-last\" style=\"--awb-padding-right:30px;--awb-bg-size:cover;width:20%;width:calc(20% - ( ( 4% + 4% + 4% + 4% ) * 0.2 ) );\"><div class=\"fusion-column-wrapper fusion-flex-column-wrapper-legacy\"><div class=\"fusion-text fusion-text-20\"><p><span style=\"color: #3d6fb6;\"><strong>11:45h<\/strong><\/span><\/p>\n<\/div><div class=\"fusion-text fusion-text-21\"><p>Clausura<\/p>\n<\/div><div class=\"fusion-clearfix\"><\/div><\/div><\/div><\/div><\/div><div class=\"fusion-fullwidth fullwidth-box fusion-builder-row-8 nonhundred-percent-fullwidth non-hundred-percent-height-scrolling\" style=\"--awb-border-radius-top-left:0px;--awb-border-radius-top-right:0px;--awb-border-radius-bottom-right:0px;--awb-border-radius-bottom-left:0px;--awb-padding-top:20px;--awb-padding-bottom:20px;--awb-background-color:#3d6fb6;--awb-flex-wrap:wrap;\" ><div class=\"fusion-builder-row fusion-row\"><div class=\"fusion-layout-column fusion_builder_column fusion-builder-column-17 fusion_builder_column_1_1 1_1 fusion-one-full fusion-column-first fusion-column-last\" style=\"--awb-padding-left:100px;--awb-bg-size:cover;\"><div class=\"fusion-column-wrapper fusion-flex-column-wrapper-legacy\"><div class=\"fusion-clearfix\"><\/div><\/div><\/div><\/div><\/div><div class=\"fusion-fullwidth fullwidth-box fusion-builder-row-9 nonhundred-percent-fullwidth non-hundred-percent-height-scrolling\" style=\"--awb-border-radius-top-left:0px;--awb-border-radius-top-right:0px;--awb-border-radius-bottom-right:0px;--awb-border-radius-bottom-left:0px;--awb-padding-top:20px;--awb-padding-right:50px;--awb-padding-bottom:20px;--awb-padding-left:50px;--awb-border-sizes-top:2px;--awb-border-sizes-bottom:2px;--awb-flex-wrap:wrap;\" ><div class=\"fusion-builder-row fusion-row\"><div class=\"fusion-layout-column fusion_builder_column fusion-builder-column-18 fusion_builder_column_1_5 1_5 fusion-one-fifth fusion-column-first\" style=\"--awb-bg-size:cover;width:20%;width:calc(20% - ( ( 4% ) * 0.2 ) );margin-right: 4%;\"><div class=\"fusion-column-wrapper fusion-flex-column-wrapper-legacy\"><div class=\"fusion-text fusion-text-22\"><p><img decoding=\"async\" class=\"aligncenter size-full wp-image-25079\" src=\"https:\/\/eurecat.org\/wp-content\/uploads\/2017\/05\/Aubrey_degrey_circle150.png\" alt=\"\" width=\"150\" height=\"150\" srcset=\"https:\/\/eurecat.org\/wp-content\/uploads\/2017\/05\/Aubrey_degrey_circle150-30x30.png 30w, https:\/\/eurecat.org\/wp-content\/uploads\/2017\/05\/Aubrey_degrey_circle150-66x66.png 66w, https:\/\/eurecat.org\/wp-content\/uploads\/2017\/05\/Aubrey_degrey_circle150-120x120.png 120w, https:\/\/eurecat.org\/wp-content\/uploads\/2017\/05\/Aubrey_degrey_circle150.png 150w\" sizes=\"(max-width: 150px) 100vw, 150px\" \/><\/p>\n<\/div><div class=\"fusion-text fusion-text-23\"><p style=\"text-align: center;\"><span style=\"color: #3d6fb6;\"><strong>Aubrey de Grey<\/strong><\/span><\/p>\n<\/div><div class=\"fusion-clearfix\"><\/div><\/div><\/div><div class=\"fusion-layout-column fusion_builder_column fusion-builder-column-19 fusion_builder_column_4_5 4_5 fusion-four-fifth fusion-column-last\" style=\"--awb-bg-size:cover;width:80%;width:calc(80% - ( ( 4% ) * 0.8 ) );\"><div class=\"fusion-column-wrapper fusion-flex-column-wrapper-legacy\"><div class=\"fusion-text fusion-text-24\"><p>Cofundador y Director de Ciencia de SENS, Fundaci\u00f3n que investiga las terapias m\u00e9dicas regenerativas. Referente mundial en las terapias Anti-Aging, asesor cient\u00edfico y divulgador. Autor de la obra The Mitochondrial Free Radical Theory of Aging. Licenciado en Ciencias de la Computaci\u00f3n y PhD. en Biolog\u00eda en la Universidad de Cambridge en 1985 y 2000, respectivamente<\/p>\n<\/div><div class=\"accordian fusion-accordian\" style=\"--awb-border-size:1px;--awb-icon-size:13px;--awb-content-font-size:14px;--awb-icon-alignment:left;--awb-hover-color:#f9f9f9;--awb-border-color:#cccccc;--awb-background-color:#ffffff;--awb-divider-color:#e0dede;--awb-divider-hover-color:#e0dede;--awb-icon-color:#ffffff;--awb-title-color:#662483;--awb-content-color:#747474;--awb-icon-box-color:#333333;--awb-toggle-hover-accent-color:#642c81;--awb-title-font-family:&quot;Open Sans&quot;;--awb-title-font-weight:400;--awb-title-font-style:normal;--awb-title-font-size:13px;--awb-content-font-family:&quot;Open Sans&quot;;--awb-content-font-style:normal;--awb-content-font-weight:400;\"><div class=\"panel-group fusion-toggle-icon-boxed\" id=\"accordion-24969-1\"><div class=\"fusion-panel panel-default panel-4700c3a6799da127b fusion-toggle-no-divider\"><div class=\"panel-heading\"><h4 class=\"panel-title toggle\" id=\"toggle_4700c3a6799da127b\"><a aria-expanded=\"false\" aria-controls=\"4700c3a6799da127b\" role=\"button\" data-toggle=\"collapse\" data-parent=\"#accordion-24969-1\" data-target=\"#4700c3a6799da127b\" href=\"#4700c3a6799da127b\"><span class=\"fusion-toggle-icon-wrapper\" aria-hidden=\"true\"><i class=\"fa-fusion-box active-icon awb-icon-minus\" aria-hidden=\"true\"><\/i><i class=\"fa-fusion-box inactive-icon awb-icon-plus\" aria-hidden=\"true\"><\/i><\/span><span class=\"fusion-toggle-heading\">M\u00e1s sobre Aubrey Grey:<\/span><\/a><\/h4><\/div><div id=\"4700c3a6799da127b\" class=\"panel-collapse collapse \" aria-labelledby=\"toggle_4700c3a6799da127b\"><div class=\"panel-body toggle-content fusion-clearfix\">\n<p>SENS, Director de Ciencia y Cofundador, el Dr. de Grey es el geront\u00f3logo biom\u00e9dico que investig\u00f3 la idea y fund\u00f3 la Fundaci\u00f3n de Investigaci\u00f3n SENS. Se licenci\u00f3\u00a0en Ciencias de la Computaci\u00f3n y Ph.D. en Biolog\u00eda de la Universidad de Cambridge en 1985 y 2000, respectivamente.\u00a0Actualmente Cient\u00edfico de la fundaci\u00f3n Matusal\u00e9n en los EEUU.<\/p>\n<p>El Dr. de Grey es redactor jefe de Rejuvenation Research, es miembro de la Gerontological Society of America y de la American Aging Association y se desempe\u00f1a en los consejos editoriales y cient\u00edficos de numerosas revistas y organizaciones.<\/p>\n<p>Aubrey David Nicholas Jasper de Grey (20 de abril de 1963 en Londres, Inglaterra) es un geront\u00f3logo biom\u00e9dico ingl\u00e9s educado en la Universidad de Cambridge, en el Reino Unido.<\/p>\n<p>De Grey es autor de \u201cLa teor\u00eda del envejecimiento de los radicales libres mitocondriales\u201d. Trabaja en el desarrollo de la senescencia negligible ingenierizada, una estrategia de reparaci\u00f3n de tejidos que rejuvenecer\u00eda el cuerpo humano y por lo tanto permitir\u00eda una esperanza de vida indefinida. Para conseguir esto, ha identificado siete tipos de da\u00f1os a tejidos causados por el envejecimiento que deben ser reparados m\u00e9dicamente antes de que este objetivo se pueda alcanzar.<\/p>\n<p>En a\u00f1os recientes, de Grey ha sido entrevistado en muchos medios, incluyendo los programas 60 minutos de la CBS, la BBC, el New York Times, la revista Fortune, Free Talk Live, Prison Planet, Popular Science y The Colbert Report. Actualmente sus actividades principales son las de presidente y delegado principal cient\u00edfico de la Methuselah Foundation (Fundaci\u00f3n Matusal\u00e9n) y redactor jefe de la revista acad\u00e9mica Rejuvenation Research (Investigaci\u00f3n del Rejuvenecimiento).<\/p>\n<\/div><\/div><\/div><\/div><\/div><div class=\"fusion-clearfix\"><\/div><\/div><\/div><\/div><\/div><div class=\"fusion-fullwidth fullwidth-box fusion-builder-row-10 nonhundred-percent-fullwidth non-hundred-percent-height-scrolling\" style=\"--awb-border-radius-top-left:0px;--awb-border-radius-top-right:0px;--awb-border-radius-bottom-right:0px;--awb-border-radius-bottom-left:0px;--awb-padding-top:20px;--awb-padding-right:50px;--awb-padding-bottom:20px;--awb-padding-left:50px;--awb-border-sizes-top:2px;--awb-border-sizes-bottom:2px;--awb-flex-wrap:wrap;\" ><div class=\"fusion-builder-row fusion-row\"><div class=\"fusion-layout-column fusion_builder_column fusion-builder-column-20 fusion_builder_column_1_5 1_5 fusion-one-fifth fusion-column-first\" style=\"--awb-bg-size:cover;width:20%;width:calc(20% - ( ( 4% ) * 0.2 ) );margin-right: 4%;\"><div class=\"fusion-column-wrapper fusion-flex-column-wrapper-legacy\"><div class=\"fusion-text fusion-text-25\"><p><img decoding=\"async\" class=\"aligncenter size-full wp-image-25082\" src=\"https:\/\/eurecat.org\/wp-content\/uploads\/2017\/05\/JoseluisCoreiro_circle_150.png\" alt=\"\" width=\"150\" height=\"150\" srcset=\"https:\/\/eurecat.org\/wp-content\/uploads\/2017\/05\/JoseluisCoreiro_circle_150-30x30.png 30w, https:\/\/eurecat.org\/wp-content\/uploads\/2017\/05\/JoseluisCoreiro_circle_150-66x66.png 66w, https:\/\/eurecat.org\/wp-content\/uploads\/2017\/05\/JoseluisCoreiro_circle_150-120x120.png 120w, https:\/\/eurecat.org\/wp-content\/uploads\/2017\/05\/JoseluisCoreiro_circle_150.png 150w\" sizes=\"(max-width: 150px) 100vw, 150px\" \/><\/p>\n<\/div><div class=\"fusion-text fusion-text-26\"><p style=\"text-align: center;\"><span style=\"color: #3d6fb6;\"><strong>Jos\u00e9 Luis Cordeiro<\/strong><\/span><\/p>\n<\/div><div class=\"fusion-clearfix\"><\/div><\/div><\/div><div class=\"fusion-layout-column fusion_builder_column fusion-builder-column-21 fusion_builder_column_4_5 4_5 fusion-four-fifth fusion-column-last\" style=\"--awb-bg-size:cover;width:80%;width:calc(80% - ( ( 4% ) * 0.8 ) );\"><div class=\"fusion-column-wrapper fusion-flex-column-wrapper-legacy\"><div class=\"fusion-text fusion-text-27\"><p>Profesor fundador de la Singularity University, reconocido futurista, Director del Millennium Project, Venezuela Nodo. Profesor visitante en IDE-JETRO, Tokio, en el Institute of Physics and Technology, Rusia, entre otros. Es autor de m\u00e1s de 10 libros y coautor de 20: \u00ab2020 transhuman and Economy of the future\u00bb, \u00abLa muerte de la muerte\u00bb, etc. Licenciado, MBA y PhD, en Mechanical Engineering en la Massachusetts Institute of Technology (MIT).<\/p>\n<\/div><div class=\"accordian fusion-accordian\" style=\"--awb-border-size:1px;--awb-icon-size:13px;--awb-content-font-size:14px;--awb-icon-alignment:left;--awb-hover-color:#f9f9f9;--awb-border-color:#cccccc;--awb-background-color:#ffffff;--awb-divider-color:#e0dede;--awb-divider-hover-color:#e0dede;--awb-icon-color:#ffffff;--awb-title-color:#662483;--awb-content-color:#747474;--awb-icon-box-color:#333333;--awb-toggle-hover-accent-color:#642c81;--awb-title-font-family:&quot;Open Sans&quot;;--awb-title-font-weight:400;--awb-title-font-style:normal;--awb-title-font-size:13px;--awb-content-font-family:&quot;Open Sans&quot;;--awb-content-font-style:normal;--awb-content-font-weight:400;\"><div class=\"panel-group fusion-toggle-icon-boxed\" id=\"accordion-24969-2\"><div class=\"fusion-panel panel-default panel-62ebe45d9f0cd2f02 fusion-toggle-no-divider\"><div class=\"panel-heading\"><h4 class=\"panel-title toggle\" id=\"toggle_62ebe45d9f0cd2f02\"><a aria-expanded=\"false\" aria-controls=\"62ebe45d9f0cd2f02\" role=\"button\" data-toggle=\"collapse\" data-parent=\"#accordion-24969-2\" data-target=\"#62ebe45d9f0cd2f02\" href=\"#62ebe45d9f0cd2f02\"><span class=\"fusion-toggle-icon-wrapper\" aria-hidden=\"true\"><i class=\"fa-fusion-box active-icon awb-icon-minus\" aria-hidden=\"true\"><\/i><i class=\"fa-fusion-box inactive-icon awb-icon-plus\" aria-hidden=\"true\"><\/i><\/span><span class=\"fusion-toggle-heading\">M\u00e1s sobre Jose Luis Cordeiro:<\/span><\/a><\/h4><\/div><div id=\"62ebe45d9f0cd2f02\" class=\"panel-collapse collapse \" aria-labelledby=\"toggle_62ebe45d9f0cd2f02\"><div class=\"panel-body toggle-content fusion-clearfix\">\n<p>Jos\u00e9 Luis Cordeiro, de nacionalidad venezolana, estudi\u00f3 en el Massachusets Institute of Technology (MIT), donde obtuvo su licenciatura y su M\u00e1ster en Ingenier\u00eda Mec\u00e1nica, con una especializaci\u00f3n en Econom\u00eda e Idiomas. Su tesis de grado consider\u00f3 el modelo din\u00e1mico de la Estaci\u00f3n Espacial Freedom (la actual Estaci\u00f3n Espacial \u201cInternacional\u201d) de la NASA.<\/p>\n<p>M\u00e1s adelante realiz\u00f3 estudios de Econom\u00eda Internacional y Pol\u00edtica Comparada en la Universidad de Georgetown, y luego complet\u00f3 su M\u00e1ster en Administraci\u00f3n de Empresas (MBA) en el Institut Europ\u00e9en d\u2019Administration des Affaires (INSEAD) en Fontainebleau, Francia, donde se especializ\u00f3 en Finanzas y Globalizaci\u00f3n.\u00a0\u00a0Inici\u00f3 su doctorado en MIT, que continu\u00f3 a\u00f1os m\u00e1s tarde en Tokio y finalmente recibi\u00f3 su PhD en la Universidad Sim\u00f3n Bol\u00edvar de Venezuela.<\/p>\n<p>Durante sus estudios, el doctor Cordeiro trabaj\u00f3 en la Organizaci\u00f3n de las Naciones Unidas para el Desarrollo Industrial (ONUDI) en Viena, y m\u00e1s tarde en el Center for Strategic and International Studies (CSIS) en Washington.\u00a0\u00a0 Durante varios a\u00f1os asesor\u00f3 a las mayores compa\u00f1\u00edas petroleras del mundo, entre ellas: Agip, BP, ChevronTexaco, ExxonMobil, PDVSA, Pemex, Petrobras, Repsol, Shell and Total. M\u00e1s tarde, en Par\u00eds, colabor\u00f3 con la consultora internacional Booz\u2010Allen &amp; Hamilton, en la que se especializ\u00f3 en las \u00e1reas de estrategia, finanzas y reestructuraci\u00f3n.<\/p>\n<\/div><\/div><\/div><\/div><\/div><div class=\"fusion-clearfix\"><\/div><\/div><\/div><\/div><\/div><div class=\"fusion-fullwidth fullwidth-box fusion-builder-row-11 nonhundred-percent-fullwidth non-hundred-percent-height-scrolling\" style=\"--awb-border-radius-top-left:0px;--awb-border-radius-top-right:0px;--awb-border-radius-bottom-right:0px;--awb-border-radius-bottom-left:0px;--awb-padding-top:20px;--awb-padding-right:50px;--awb-padding-bottom:20px;--awb-padding-left:50px;--awb-border-sizes-top:2px;--awb-border-sizes-bottom:2px;--awb-flex-wrap:wrap;\" ><div class=\"fusion-builder-row fusion-row\"><div class=\"fusion-layout-column fusion_builder_column fusion-builder-column-22 fusion_builder_column_1_5 1_5 fusion-one-fifth fusion-column-first\" style=\"--awb-bg-size:cover;width:20%;width:calc(20% - ( ( 4% ) * 0.2 ) );margin-right: 4%;\"><div class=\"fusion-column-wrapper fusion-flex-column-wrapper-legacy\"><div class=\"fusion-text fusion-text-28\"><p><img decoding=\"async\" class=\"aligncenter size-full wp-image-25729\" src=\"https:\/\/eurecat.org\/wp-content\/uploads\/2017\/05\/AlejandroMartinez150.png\" alt=\"\" width=\"150\" height=\"150\" srcset=\"https:\/\/eurecat.org\/wp-content\/uploads\/2017\/05\/AlejandroMartinez150-30x30.png 30w, https:\/\/eurecat.org\/wp-content\/uploads\/2017\/05\/AlejandroMartinez150-66x66.png 66w, https:\/\/eurecat.org\/wp-content\/uploads\/2017\/05\/AlejandroMartinez150-120x120.png 120w, https:\/\/eurecat.org\/wp-content\/uploads\/2017\/05\/AlejandroMartinez150.png 150w\" sizes=\"(max-width: 150px) 100vw, 150px\" \/><\/p>\n<\/div><div class=\"fusion-text fusion-text-29\"><p style=\"text-align: center;\"><span style=\"color: #3d6fb6;\"><strong>Alejandro Mart\u00ednez<\/strong><\/span><\/p>\n<\/div><div class=\"fusion-clearfix\"><\/div><\/div><\/div><div class=\"fusion-layout-column fusion_builder_column fusion-builder-column-23 fusion_builder_column_4_5 4_5 fusion-four-fifth fusion-column-last\" style=\"--awb-bg-size:cover;width:80%;width:calc(80% - ( ( 4% ) * 0.8 ) );\"><div class=\"fusion-column-wrapper fusion-flex-column-wrapper-legacy\"><div class=\"fusion-text fusion-text-30\"><p><span style=\"color: #000000;\"><strong>Alejandro Mart\u00ednez<\/strong> es presidente de Grant Thornton en Espa\u00f1a desde el pasado mes de octubre. Licenciado en Ciencias Econ\u00f3micas y Empresariales por la Universidad de Barcelona, Alejandro ha desarrollado su carrera como auditor en Grant Thornton durante los \u00faltimos treinta a\u00f1os. Al mismo tiempo ha ejercido un papel muy activo en los \u00f3rganos de direcci\u00f3n de la Firma a nivel internacional; de hecho, dirige el \u00c1rea de Desarrollo de Negocio Internacional y es Miembro del Comit\u00e9 Asesor de Assurance y del Comit\u00e9 de Ejecuci\u00f3n Estrat\u00e9gica de Grant Thornton International.<\/span><\/p>\n<\/div><div class=\"fusion-clearfix\"><\/div><\/div><\/div><\/div><\/div><div class=\"fusion-fullwidth fullwidth-box fusion-builder-row-12 nonhundred-percent-fullwidth non-hundred-percent-height-scrolling\" style=\"--awb-border-radius-top-left:0px;--awb-border-radius-top-right:0px;--awb-border-radius-bottom-right:0px;--awb-border-radius-bottom-left:0px;--awb-padding-top:20px;--awb-padding-right:50px;--awb-padding-bottom:20px;--awb-padding-left:50px;--awb-border-sizes-top:2px;--awb-border-sizes-bottom:2px;--awb-flex-wrap:wrap;\" ><div class=\"fusion-builder-row fusion-row\"><div class=\"fusion-layout-column fusion_builder_column fusion-builder-column-24 fusion_builder_column_1_5 1_5 fusion-one-fifth fusion-column-first\" style=\"--awb-bg-size:cover;width:20%;width:calc(20% - ( ( 4% ) * 0.2 ) );margin-right: 4%;\"><div class=\"fusion-column-wrapper fusion-flex-column-wrapper-legacy\"><div class=\"fusion-text fusion-text-31\"><p style=\"text-align: center;\"><img decoding=\"async\" class=\"alignnone wp-image-25603\" src=\"https:\/\/eurecat.org\/wp-content\/uploads\/2017\/05\/Joaquin_Serra-300x294.png\" alt=\"\" width=\"158\" height=\"155\" srcset=\"https:\/\/eurecat.org\/wp-content\/uploads\/2017\/05\/Joaquin_Serra-30x30.png 30w, https:\/\/eurecat.org\/wp-content\/uploads\/2017\/05\/Joaquin_Serra-66x66.png 66w, https:\/\/eurecat.org\/wp-content\/uploads\/2017\/05\/Joaquin_Serra-120x117.png 120w, https:\/\/eurecat.org\/wp-content\/uploads\/2017\/05\/Joaquin_Serra-200x196.png 200w, https:\/\/eurecat.org\/wp-content\/uploads\/2017\/05\/Joaquin_Serra-300x294.png 300w, https:\/\/eurecat.org\/wp-content\/uploads\/2017\/05\/Joaquin_Serra-400x392.png 400w, https:\/\/eurecat.org\/wp-content\/uploads\/2017\/05\/Joaquin_Serra-500x489.png 500w, https:\/\/eurecat.org\/wp-content\/uploads\/2017\/05\/Joaquin_Serra-600x587.png 600w, https:\/\/eurecat.org\/wp-content\/uploads\/2017\/05\/Joaquin_Serra.png 758w\" sizes=\"(max-width: 158px) 100vw, 158px\" \/><\/p>\n<\/div><div class=\"fusion-text fusion-text-32\"><p style=\"text-align: center;\"><span style=\"color: #3d6fb6;\"><strong>Joaqu\u00edn Serra<\/strong><\/span><\/p>\n<\/div><div class=\"fusion-clearfix\"><\/div><\/div><\/div><div class=\"fusion-layout-column fusion_builder_column fusion-builder-column-25 fusion_builder_column_4_5 4_5 fusion-four-fifth fusion-column-last\" style=\"--awb-bg-size:cover;width:80%;width:calc(80% - ( ( 4% ) * 0.8 ) );\"><div class=\"fusion-column-wrapper fusion-flex-column-wrapper-legacy\"><div class=\"fusion-text fusion-text-33\"><p><strong>Joaqu\u00edn Serra<\/strong> es Embajador de la Singularity University en Espa\u00f1a, la misi\u00f3n de la cual es inspirar a los l\u00edderes sobre c\u00f3mo aplicar las nuevas tecnolog\u00edas para resolver los grandes retos de la humanidad.<\/p>\n<p>Vicepresidente Ejecutivo Senior y CBDO de Natura Biss\u00e9 Group, centra sus esfuerzos en la orientaci\u00f3n y la direcci\u00f3n de las l\u00edneas estrat\u00e9gicas de crecimiento de la empresa. Su papel ha sido fundamental para convertir Natura Biss\u00e9 en sin\u00f3nimo de lujo, innovaci\u00f3n y calidad.<\/p>\n<\/div><div class=\"accordian fusion-accordian\" style=\"--awb-border-size:1px;--awb-icon-size:13px;--awb-content-font-size:14px;--awb-icon-alignment:left;--awb-hover-color:#f9f9f9;--awb-border-color:#cccccc;--awb-background-color:#ffffff;--awb-divider-color:#e0dede;--awb-divider-hover-color:#e0dede;--awb-icon-color:#ffffff;--awb-title-color:#662483;--awb-content-color:#747474;--awb-icon-box-color:#333333;--awb-toggle-hover-accent-color:#642c81;--awb-title-font-family:&quot;Open Sans&quot;;--awb-title-font-weight:400;--awb-title-font-style:normal;--awb-title-font-size:13px;--awb-content-font-family:&quot;Open Sans&quot;;--awb-content-font-style:normal;--awb-content-font-weight:400;\"><div class=\"panel-group fusion-toggle-icon-boxed\" id=\"accordion-24969-3\"><div class=\"fusion-panel panel-default panel-a8f69ba375c31e4a2 fusion-toggle-no-divider\"><div class=\"panel-heading\"><h4 class=\"panel-title toggle\" id=\"toggle_a8f69ba375c31e4a2\"><a aria-expanded=\"false\" aria-controls=\"a8f69ba375c31e4a2\" role=\"button\" data-toggle=\"collapse\" data-parent=\"#accordion-24969-3\" data-target=\"#a8f69ba375c31e4a2\" href=\"#a8f69ba375c31e4a2\"><span class=\"fusion-toggle-icon-wrapper\" aria-hidden=\"true\"><i class=\"fa-fusion-box active-icon awb-icon-minus\" aria-hidden=\"true\"><\/i><i class=\"fa-fusion-box inactive-icon awb-icon-plus\" aria-hidden=\"true\"><\/i><\/span><span class=\"fusion-toggle-heading\">+info<\/span><\/a><\/h4><\/div><div id=\"a8f69ba375c31e4a2\" class=\"panel-collapse collapse \" aria-labelledby=\"toggle_a8f69ba375c31e4a2\"><div class=\"panel-body toggle-content fusion-clearfix\">\n<p>Es el presidente de Feed your Skin, una empresa conjunta con AMC Innova (l\u00edder en el sector de los alimentos en general, frutas y zumos en particular) que comercializa bebidas funcionales para el cuidado de la piel bajo el nombre de marca de Beauty &amp; Go, una nueva categor\u00eda de producto.<\/p>\n<p>Es Presidente y Cofundador de Reimagine Food, una compa\u00f1\u00eda enfocada en innovaci\u00f3n disruptiva en el mundo de la ciencia culinaria y la comida, poniendo en contacto empresarios e inversores para aportar grandes ideas en estos campos. Presidente y Fundador de Reimagine Drone, aceleradora de startups de tecnolog\u00eda drone.<\/p>\n<p>Es miembro del Fortuny Circle, un miembro de la Junta Directiva de la Asociaci\u00f3n de las mejores marcas y miembro de la Junta de Barcelona Global.<\/p>\n<\/div><\/div><\/div><\/div><\/div><div class=\"fusion-clearfix\"><\/div><\/div><\/div><\/div><\/div><div class=\"fusion-fullwidth fullwidth-box fusion-builder-row-13 nonhundred-percent-fullwidth non-hundred-percent-height-scrolling\" style=\"--awb-border-radius-top-left:0px;--awb-border-radius-top-right:0px;--awb-border-radius-bottom-right:0px;--awb-border-radius-bottom-left:0px;--awb-padding-top:20px;--awb-padding-right:50px;--awb-padding-bottom:20px;--awb-padding-left:50px;--awb-border-sizes-top:2px;--awb-border-sizes-bottom:2px;--awb-flex-wrap:wrap;\" ><div class=\"fusion-builder-row fusion-row\"><div class=\"fusion-layout-column fusion_builder_column fusion-builder-column-26 fusion_builder_column_1_5 1_5 fusion-one-fifth fusion-column-first\" style=\"--awb-bg-size:cover;width:20%;width:calc(20% - ( ( 4% ) * 0.2 ) );margin-right: 4%;\"><div class=\"fusion-column-wrapper fusion-flex-column-wrapper-legacy\"><div class=\"fusion-text fusion-text-34\"><p style=\"text-align: center;\"><img decoding=\"async\" class=\"alignnone wp-image-25600\" src=\"https:\/\/eurecat.org\/wp-content\/uploads\/2017\/05\/Jordi_Palmiola-300x300.png\" alt=\"\" width=\"153\" height=\"153\" srcset=\"https:\/\/eurecat.org\/wp-content\/uploads\/2017\/05\/Jordi_Palmiola-30x30.png 30w, https:\/\/eurecat.org\/wp-content\/uploads\/2017\/05\/Jordi_Palmiola-66x66.png 66w, https:\/\/eurecat.org\/wp-content\/uploads\/2017\/05\/Jordi_Palmiola-120x120.png 120w, https:\/\/eurecat.org\/wp-content\/uploads\/2017\/05\/Jordi_Palmiola-150x150.png 150w, https:\/\/eurecat.org\/wp-content\/uploads\/2017\/05\/Jordi_Palmiola-200x199.png 200w, https:\/\/eurecat.org\/wp-content\/uploads\/2017\/05\/Jordi_Palmiola-300x300.png 300w, https:\/\/eurecat.org\/wp-content\/uploads\/2017\/05\/Jordi_Palmiola-400x399.png 400w, https:\/\/eurecat.org\/wp-content\/uploads\/2017\/05\/Jordi_Palmiola-500x499.png 500w, https:\/\/eurecat.org\/wp-content\/uploads\/2017\/05\/Jordi_Palmiola-600x598.png 600w, https:\/\/eurecat.org\/wp-content\/uploads\/2017\/05\/Jordi_Palmiola.png 724w\" sizes=\"(max-width: 153px) 100vw, 153px\" \/><\/p>\n<\/div><div class=\"fusion-text fusion-text-35\"><p style=\"text-align: center;\"><span style=\"color: #3d6fb6;\"><strong>Jordi Palmiola<\/strong><\/span><\/p>\n<\/div><div class=\"fusion-clearfix\"><\/div><\/div><\/div><div class=\"fusion-layout-column fusion_builder_column fusion-builder-column-27 fusion_builder_column_4_5 4_5 fusion-four-fifth fusion-column-last\" style=\"--awb-bg-size:cover;width:80%;width:calc(80% - ( ( 4% ) * 0.8 ) );\"><div class=\"fusion-column-wrapper fusion-flex-column-wrapper-legacy\"><div class=\"fusion-text fusion-text-36\"><p>Project Manager de la Unidad de Proyectos Integrales de Eurecat. Profesor de Mec\u00e1nica de la Escuela T\u00e9cnica Superior de Ingenieros Industriales y Aeron\u00e1uticos de Terrassa (UPC). Miembro de HumanityPlus. Seguidor de la evoluci\u00f3n de las tecnolog\u00edas convergentes y del fen\u00f3meno del transhumanismo en la red.<\/p>\n<p>Ingeniero Industrial por la UPC (2001) y M\u00e1ster en Project Management por la URL (2012).<\/p>\n<\/div><div class=\"fusion-clearfix\"><\/div><\/div><\/div><\/div><\/div><div class=\"fusion-fullwidth fullwidth-box fusion-builder-row-14 nonhundred-percent-fullwidth non-hundred-percent-height-scrolling\" style=\"--awb-border-radius-top-left:0px;--awb-border-radius-top-right:0px;--awb-border-radius-bottom-right:0px;--awb-border-radius-bottom-left:0px;--awb-padding-top:20px;--awb-padding-right:50px;--awb-padding-bottom:20px;--awb-padding-left:50px;--awb-border-sizes-top:2px;--awb-border-sizes-bottom:2px;--awb-flex-wrap:wrap;\" ><div class=\"fusion-builder-row fusion-row\"><div class=\"fusion-layout-column fusion_builder_column fusion-builder-column-28 fusion_builder_column_1_5 1_5 fusion-one-fifth fusion-column-first\" style=\"--awb-bg-size:cover;width:20%;width:calc(20% - ( ( 4% ) * 0.2 ) );margin-right: 4%;\"><div class=\"fusion-column-wrapper fusion-flex-column-wrapper-legacy\"><div class=\"fusion-text fusion-text-37\"><p style=\"text-align: center;\"><img decoding=\"async\" class=\"aligncenter size-full wp-image-25840\" src=\"https:\/\/eurecat.org\/wp-content\/uploads\/2017\/05\/foto-nuria-canela_cicle.png\" alt=\"\" width=\"200\" height=\"200\" srcset=\"https:\/\/eurecat.org\/wp-content\/uploads\/2017\/05\/foto-nuria-canela_cicle-30x30.png 30w, https:\/\/eurecat.org\/wp-content\/uploads\/2017\/05\/foto-nuria-canela_cicle-66x66.png 66w, https:\/\/eurecat.org\/wp-content\/uploads\/2017\/05\/foto-nuria-canela_cicle-120x120.png 120w, https:\/\/eurecat.org\/wp-content\/uploads\/2017\/05\/foto-nuria-canela_cicle-150x150.png 150w, https:\/\/eurecat.org\/wp-content\/uploads\/2017\/05\/foto-nuria-canela_cicle.png 200w\" sizes=\"(max-width: 200px) 100vw, 200px\" \/><\/p>\n<\/div><div class=\"fusion-text fusion-text-38\"><p style=\"text-align: center;\"><span style=\"color: #3d6fb6;\"><strong>N\u00faria Canela<\/strong><\/span><\/p>\n<\/div><div class=\"fusion-clearfix\"><\/div><\/div><\/div><div class=\"fusion-layout-column fusion_builder_column fusion-builder-column-29 fusion_builder_column_4_5 4_5 fusion-four-fifth fusion-column-last\" style=\"--awb-bg-size:cover;width:80%;width:calc(80% - ( ( 4% ) * 0.8 ) );\"><div class=\"fusion-column-wrapper fusion-flex-column-wrapper-legacy\"><div class=\"fusion-text fusion-text-39\"><p>N\u00faria Canela es doctora en Farmacia por la Universitat de Barcelona (2002). Su investigaci\u00f3n se centr\u00f3 en sus inicios en la investigaci\u00f3n oncol\u00f3gica y el descubrimiento de nuevos f\u00e1rmacos antitumorales. Durante su carrera cient\u00edfica ha adquirido experiencia en una gran variedad de disciplinas cient\u00edficas y t\u00e9cnicas anal\u00edticas. Ha trabajado como responsable de proyectos en Merck y en el Hospital Cl\u00ednico de Barcelona relacionados con las Plataformas de Prote\u00f3mica, y posteriormente en la <em>Universitat Rovira i Virgili<\/em> como responsable de la Plataforma de Gen\u00f3mica.<\/p>\n<p>Desde su fundaci\u00f3n en 2013, es coordinadora del Centro for Omic Sciences (COS) dedicado a ofrecer al mundo acad\u00e9mico y al empresarial, soluciones integradas para el estudio de la Biolog\u00eda de Sistemas, combinando la Gen\u00f3mica, la Transcript\u00f3mica, la prote\u00f3mica y la Metabol\u00f3mica.En 2014 el Ministerio de Econom\u00eda y Competitividad reconoci\u00f3 el COS, conjuntamente con el Centro Nacional de An\u00e1lisis Gen\u00f3micos (CNAG), como una Infraestructura Cient\u00edfico T\u00e9cnica Singular (ICTS) del Estado, por su gran potencial biotecnol\u00f3gico en la aplicaci\u00f3n de las metodolog\u00edas \u00d3micas en el \u00e1mbito de la salud.<\/p>\n<p>Es la investigadora principal del grupo de investigaci\u00f3n GROM, (Research Group on Omic Methodologies) y su investigaci\u00f3n m\u00e1s reciente se centra en la relaci\u00f3n del microbioma intestinal con la nutrici\u00f3n y la salud, pero con el punto de vista de la aplicaci\u00f3n de todas las plataformas \u00f3micas disponibles para obtener una visi\u00f3n m\u00e1s realista de los sistema biol\u00f3gico que forman el hu\u00e9sped y la microbiota, y de c\u00f3mo se puede mantener el equilibrio entre la simbiosis o la disbiosis para mejorar la salud.<\/p>\n<\/div><div class=\"fusion-clearfix\"><\/div><\/div><\/div><\/div><\/div><div class=\"fusion-fullwidth fullwidth-box fusion-builder-row-15 nonhundred-percent-fullwidth non-hundred-percent-height-scrolling\" style=\"--awb-border-radius-top-left:0px;--awb-border-radius-top-right:0px;--awb-border-radius-bottom-right:0px;--awb-border-radius-bottom-left:0px;--awb-padding-top:20px;--awb-padding-right:50px;--awb-padding-bottom:20px;--awb-padding-left:50px;--awb-border-sizes-top:2px;--awb-border-sizes-bottom:2px;--awb-flex-wrap:wrap;\" ><div class=\"fusion-builder-row fusion-row\"><div class=\"fusion-layout-column fusion_builder_column fusion-builder-column-30 fusion_builder_column_1_5 1_5 fusion-one-fifth fusion-column-first\" style=\"--awb-bg-size:cover;width:20%;width:calc(20% - ( ( 4% ) * 0.2 ) );margin-right: 4%;\"><div class=\"fusion-column-wrapper fusion-flex-column-wrapper-legacy\"><div class=\"fusion-text fusion-text-40\"><p style=\"text-align: center;\"><img decoding=\"async\" class=\"aligncenter size-full wp-image-25930\" src=\"https:\/\/eurecat.org\/wp-content\/uploads\/2017\/05\/FernandoSanchez_circle150.png\" alt=\"\" width=\"150\" height=\"150\" srcset=\"https:\/\/eurecat.org\/wp-content\/uploads\/2017\/05\/FernandoSanchez_circle150-30x30.png 30w, https:\/\/eurecat.org\/wp-content\/uploads\/2017\/05\/FernandoSanchez_circle150-66x66.png 66w, https:\/\/eurecat.org\/wp-content\/uploads\/2017\/05\/FernandoSanchez_circle150-120x120.png 120w, https:\/\/eurecat.org\/wp-content\/uploads\/2017\/05\/FernandoSanchez_circle150.png 150w\" sizes=\"(max-width: 150px) 100vw, 150px\" \/><\/p>\n<\/div><div class=\"fusion-text fusion-text-41\"><p style=\"text-align: center;\"><span style=\"color: #3d6fb6;\"><strong>Fernando S\u00e1nchez<\/strong><\/span><\/p>\n<\/div><div class=\"fusion-clearfix\"><\/div><\/div><\/div><div class=\"fusion-layout-column fusion_builder_column fusion-builder-column-31 fusion_builder_column_4_5 4_5 fusion-four-fifth fusion-column-last\" style=\"--awb-bg-size:cover;width:80%;width:calc(80% - ( ( 4% ) * 0.8 ) );\"><div class=\"fusion-column-wrapper fusion-flex-column-wrapper-legacy\"><div class=\"fusion-text fusion-text-42\"><p>Fernando S\u00e1nchez Tulla es licenciado en administraci\u00f3n y direcci\u00f3n de empresas y MBA con la especialidad en Funeral Services (FUSEMBA), adem\u00e1s de haberse formado posteriormente en Marketing Digital y en Community Management. Es miembro de diversos comit\u00e9s de las asociaciones de empresas de servicios funerarios tanto espa\u00f1ola, europea como mundial (PANASEF, EFFS y FIAT-IFTA respectivamente).<\/p>\n<p>Se incorpor\u00f3 en 2008 en el Grupo M\u00e9mora y actualmente desempe\u00f1a el cargo de Director de Marketing y Comunicaci\u00f3n del grupo. Anteriormente y durante 4 a\u00f1os ocup\u00f3 la direcci\u00f3n de una start-up de productos ecol\u00f3gicos vinculada a este sector encarg\u00e1ndose de su consolidaci\u00f3n en el mercado espa\u00f1ol y liderando su expansi\u00f3n internacional por Europa, Estados Unidos y Asia. Inici\u00f3 su carrera profesional en una empresa de log\u00edstica internacional vinculada a la London Metal Exchange (Bolsa de Metales de Londres).<\/p>\n<p>Participa como conferenciante y profesor asociado en diversas universidades.<\/p>\n<\/div><div class=\"fusion-clearfix\"><\/div><\/div><\/div><\/div><\/div><div class=\"fusion-bg-parallax\" data-bg-align=\"center center\" data-direction=\"up\" data-mute=\"false\" data-opacity=\"100\" data-velocity=\"-0.3\" data-mobile-enabled=\"false\" data-break_parents=\"0\" data-bg-image=\"https:\/\/eurecat.org\/wp-content\/uploads\/2017\/05\/GoogleMAPS_Barcelona.jpg\" data-bg-repeat=\"false\" ><\/div><div class=\"fusion-fullwidth fullwidth-box fusion-builder-row-16 faded-background fusion-parallax-up nonhundred-percent-fullwidth non-hundred-percent-height-scrolling\" style=\"--awb-border-radius-top-left:0px;--awb-border-radius-top-right:0px;--awb-border-radius-bottom-right:0px;--awb-border-radius-bottom-left:0px;--awb-padding-top:150px;--awb-padding-right:0px;--awb-padding-bottom:150px;--awb-padding-left:0px;--awb-background-size:cover;--awb-border-sizes-top:0px;--awb-border-sizes-bottom:0px;--awb-flex-wrap:wrap;\" ><div class=\"fullwidth-faded\" style=\"--awb-background-image:url(https:\/\/eurecat.org\/wp-content\/uploads\/2017\/05\/GoogleMAPS_Barcelona.jpg);--awb-background-size:cover;\" ><\/div><div class=\"fusion-builder-row fusion-row\"><div class=\"fusion-layout-column fusion_builder_column fusion-builder-column-32 fusion_builder_column_1_1 1_1 fusion-one-full fusion-column-first fusion-column-last\" style=\"--awb-padding-top:10px;--awb-padding-right:10px;--awb-padding-bottom:10px;--awb-padding-left:10px;--awb-bg-position:center center;--awb-bg-size:cover;--awb-margin-bottom:2px;\"><div class=\"fusion-column-wrapper fusion-flex-column-wrapper-legacy\"><div class=\"fusion-column-content-centered\"><div class=\"fusion-column-content\"><\/div><\/div><div class=\"fusion-clearfix\"><\/div><\/div><\/div><\/div><\/div><div class=\"fusion-fullwidth fullwidth-box fusion-builder-row-17 nonhundred-percent-fullwidth non-hundred-percent-height-scrolling\" style=\"--awb-border-radius-top-left:0px;--awb-border-radius-top-right:0px;--awb-border-radius-bottom-right:0px;--awb-border-radius-bottom-left:0px;--awb-padding-top:20px;--awb-padding-bottom:20px;--awb-flex-wrap:wrap;\" ><div class=\"fusion-builder-row fusion-row\"><div class=\"fusion-layout-column fusion_builder_column fusion-builder-column-33 fusion_builder_column_1_1 1_1 fusion-one-full fusion-column-first fusion-column-last\" style=\"--awb-bg-size:cover;\"><div class=\"fusion-column-wrapper fusion-flex-column-wrapper-legacy\"><div class=\"fusion-text fusion-text-43\"><p style=\"text-align: center;\"><span style=\"color: #3d6fb6;\"><strong>Entidades que colaboran en la difusi\u00f3n:<\/strong><\/span><\/p>\n<\/div><div class=\"fusion-clearfix\"><\/div><\/div><\/div><div class=\"fusion-layout-column fusion_builder_column fusion-builder-column-34 fusion_builder_column_1_5 1_5 fusion-one-fifth fusion-column-first\" style=\"--awb-bg-size:cover;width:20%;width:calc(20% - ( ( 4% + 4% + 4% + 4% ) * 0.2 ) );margin-right: 4%;\"><div class=\"fusion-column-wrapper fusion-flex-column-wrapper-legacy\"><div class=\"fusion-image-element in-legacy-container\" style=\"--awb-caption-title-font-family:var(--h2_typography-font-family);--awb-caption-title-font-weight:var(--h2_typography-font-weight);--awb-caption-title-font-style:var(--h2_typography-font-style);--awb-caption-title-size:var(--h2_typography-font-size);--awb-caption-title-transform:var(--h2_typography-text-transform);--awb-caption-title-line-height:var(--h2_typography-line-height);--awb-caption-title-letter-spacing:var(--h2_typography-letter-spacing);\"><span class=\" fusion-imageframe imageframe-none imageframe-8 hover-type-none\"><a class=\"fusion-no-lightbox\" href=\"http:\/\/www.bioinformaticsbarcelona.eu\/\" target=\"_self\" aria-label=\"Biocat_200x112\"><img decoding=\"async\" width=\"200\" height=\"122\" src=\"https:\/\/eurecat.org\/wp-content\/uploads\/2017\/05\/Biocat_200x112.jpg\" alt class=\"img-responsive wp-image-25565\" srcset=\"https:\/\/eurecat.org\/wp-content\/uploads\/2017\/05\/Biocat_200x112-30x18.jpg 30w, https:\/\/eurecat.org\/wp-content\/uploads\/2017\/05\/Biocat_200x112-120x73.jpg 120w, https:\/\/eurecat.org\/wp-content\/uploads\/2017\/05\/Biocat_200x112.jpg 200w\" sizes=\"(max-width: 200px) 100vw, 200px\" \/><\/a><\/span><\/div><div class=\"fusion-clearfix\"><\/div><\/div><\/div><div class=\"fusion-layout-column fusion_builder_column fusion-builder-column-35 fusion_builder_column_1_5 1_5 fusion-one-fifth\" style=\"--awb-bg-size:cover;width:20%;width:calc(20% - ( ( 4% + 4% + 4% + 4% ) * 0.2 ) );margin-right: 4%;\"><div class=\"fusion-column-wrapper fusion-flex-column-wrapper-legacy\"><div class=\"fusion-image-element in-legacy-container\" style=\"--awb-caption-title-font-family:var(--h2_typography-font-family);--awb-caption-title-font-weight:var(--h2_typography-font-weight);--awb-caption-title-font-style:var(--h2_typography-font-style);--awb-caption-title-size:var(--h2_typography-font-size);--awb-caption-title-transform:var(--h2_typography-text-transform);--awb-caption-title-line-height:var(--h2_typography-line-height);--awb-caption-title-letter-spacing:var(--h2_typography-letter-spacing);\"><span class=\" fusion-imageframe imageframe-none imageframe-9 hover-type-none\"><a class=\"fusion-no-lightbox\" href=\"http:\/\/www.bioinformaticsbarcelona.eu\/\" target=\"_self\" aria-label=\"BIB_02\"><img decoding=\"async\" width=\"200\" height=\"122\" src=\"https:\/\/eurecat.org\/wp-content\/uploads\/2017\/05\/BIB_02.jpg\" alt class=\"img-responsive wp-image-25217\" srcset=\"https:\/\/eurecat.org\/wp-content\/uploads\/2017\/05\/BIB_02-30x18.jpg 30w, https:\/\/eurecat.org\/wp-content\/uploads\/2017\/05\/BIB_02-120x73.jpg 120w, https:\/\/eurecat.org\/wp-content\/uploads\/2017\/05\/BIB_02.jpg 200w\" sizes=\"(max-width: 200px) 100vw, 200px\" \/><\/a><\/span><\/div><div class=\"fusion-clearfix\"><\/div><\/div><\/div><div class=\"fusion-layout-column fusion_builder_column fusion-builder-column-36 fusion_builder_column_1_5 1_5 fusion-one-fifth\" style=\"--awb-bg-size:cover;width:20%;width:calc(20% - ( ( 4% + 4% + 4% + 4% ) * 0.2 ) );margin-right: 4%;\"><div class=\"fusion-column-wrapper fusion-flex-column-wrapper-legacy\"><div class=\"fusion-image-element in-legacy-container\" style=\"--awb-caption-title-font-family:var(--h2_typography-font-family);--awb-caption-title-font-weight:var(--h2_typography-font-weight);--awb-caption-title-font-style:var(--h2_typography-font-style);--awb-caption-title-size:var(--h2_typography-font-size);--awb-caption-title-transform:var(--h2_typography-text-transform);--awb-caption-title-line-height:var(--h2_typography-line-height);--awb-caption-title-letter-spacing:var(--h2_typography-letter-spacing);\"><span class=\" fusion-imageframe imageframe-none imageframe-10 hover-type-none\"><a class=\"fusion-no-lightbox\" href=\"http:\/\/www.urv.cat\" target=\"_self\" aria-label=\"CATALONIABIO200x112\"><img decoding=\"async\" width=\"200\" height=\"122\" src=\"https:\/\/eurecat.org\/wp-content\/uploads\/2017\/05\/CATALONIABIO200x112.jpg\" alt class=\"img-responsive wp-image-25568\" srcset=\"https:\/\/eurecat.org\/wp-content\/uploads\/2017\/05\/CATALONIABIO200x112-30x18.jpg 30w, https:\/\/eurecat.org\/wp-content\/uploads\/2017\/05\/CATALONIABIO200x112-120x73.jpg 120w, https:\/\/eurecat.org\/wp-content\/uploads\/2017\/05\/CATALONIABIO200x112.jpg 200w\" sizes=\"(max-width: 200px) 100vw, 200px\" \/><\/a><\/span><\/div><div class=\"fusion-clearfix\"><\/div><\/div><\/div><div class=\"fusion-layout-column fusion_builder_column fusion-builder-column-37 fusion_builder_column_1_5 1_5 fusion-one-fifth\" style=\"--awb-bg-size:cover;width:20%;width:calc(20% - ( ( 4% + 4% + 4% + 4% ) * 0.2 ) );margin-right: 4%;\"><div class=\"fusion-column-wrapper fusion-flex-column-wrapper-legacy\"><div class=\"fusion-image-element in-legacy-container\" style=\"--awb-caption-title-font-family:var(--h2_typography-font-family);--awb-caption-title-font-weight:var(--h2_typography-font-weight);--awb-caption-title-font-style:var(--h2_typography-font-style);--awb-caption-title-size:var(--h2_typography-font-size);--awb-caption-title-transform:var(--h2_typography-text-transform);--awb-caption-title-line-height:var(--h2_typography-line-height);--awb-caption-title-letter-spacing:var(--h2_typography-letter-spacing);\"><span class=\" fusion-imageframe imageframe-none imageframe-11 hover-type-none\"><a class=\"fusion-no-lightbox\" href=\"http:\/\/healthtechcluster.com\" target=\"_self\" aria-label=\"Health Tech Cluster_02\"><img decoding=\"async\" width=\"200\" height=\"122\" src=\"https:\/\/eurecat.org\/wp-content\/uploads\/2017\/05\/Health-Tech-Cluster_02.jpg\" alt class=\"img-responsive wp-image-25220\" srcset=\"https:\/\/eurecat.org\/wp-content\/uploads\/2017\/05\/Health-Tech-Cluster_02-30x18.jpg 30w, https:\/\/eurecat.org\/wp-content\/uploads\/2017\/05\/Health-Tech-Cluster_02-120x73.jpg 120w, https:\/\/eurecat.org\/wp-content\/uploads\/2017\/05\/Health-Tech-Cluster_02.jpg 200w\" sizes=\"(max-width: 200px) 100vw, 200px\" \/><\/a><\/span><\/div><div class=\"fusion-clearfix\"><\/div><\/div><\/div><div class=\"fusion-layout-column fusion_builder_column fusion-builder-column-38 fusion_builder_column_1_5 1_5 fusion-one-fifth fusion-column-last\" style=\"--awb-bg-size:cover;width:20%;width:calc(20% - ( ( 4% + 4% + 4% + 4% ) * 0.2 ) );\"><div class=\"fusion-column-wrapper fusion-flex-column-wrapper-legacy\"><div class=\"fusion-image-element in-legacy-container\" style=\"--awb-caption-title-font-family:var(--h2_typography-font-family);--awb-caption-title-font-weight:var(--h2_typography-font-weight);--awb-caption-title-font-style:var(--h2_typography-font-style);--awb-caption-title-size:var(--h2_typography-font-size);--awb-caption-title-transform:var(--h2_typography-text-transform);--awb-caption-title-line-height:var(--h2_typography-line-height);--awb-caption-title-letter-spacing:var(--h2_typography-letter-spacing);\"><span class=\" fusion-imageframe imageframe-none imageframe-12 hover-type-none\"><a class=\"fusion-no-lightbox\" href=\"http:\/\/healthtechcluster.com\" target=\"_self\" aria-label=\"IDIBAPS_200x112\"><img decoding=\"async\" width=\"200\" height=\"122\" src=\"https:\/\/eurecat.org\/wp-content\/uploads\/2017\/05\/IDIBAPS_200x112.jpg\" alt class=\"img-responsive wp-image-25486\" srcset=\"https:\/\/eurecat.org\/wp-content\/uploads\/2017\/05\/IDIBAPS_200x112-30x18.jpg 30w, https:\/\/eurecat.org\/wp-content\/uploads\/2017\/05\/IDIBAPS_200x112-120x73.jpg 120w, https:\/\/eurecat.org\/wp-content\/uploads\/2017\/05\/IDIBAPS_200x112.jpg 200w\" sizes=\"(max-width: 200px) 100vw, 200px\" \/><\/a><\/span><\/div><div class=\"fusion-clearfix\"><\/div><\/div><\/div><\/div><\/div><div class=\"fusion-fullwidth fullwidth-box fusion-builder-row-18 nonhundred-percent-fullwidth non-hundred-percent-height-scrolling\" style=\"--awb-border-radius-top-left:0px;--awb-border-radius-top-right:0px;--awb-border-radius-bottom-right:0px;--awb-border-radius-bottom-left:0px;--awb-padding-top:20px;--awb-padding-bottom:20px;--awb-flex-wrap:wrap;\" ><div class=\"fusion-builder-row fusion-row\"><div class=\"fusion-layout-column fusion_builder_column fusion-builder-column-39 fusion_builder_column_1_5 1_5 fusion-one-fifth fusion-column-first\" style=\"--awb-bg-size:cover;width:20%;width:calc(20% - ( ( 4% + 4% + 4% ) * 0.2 ) );margin-right: 4%;\"><div class=\"fusion-column-wrapper fusion-flex-column-wrapper-legacy\"><div class=\"fusion-image-element in-legacy-container\" style=\"--awb-caption-title-font-family:var(--h2_typography-font-family);--awb-caption-title-font-weight:var(--h2_typography-font-weight);--awb-caption-title-font-style:var(--h2_typography-font-style);--awb-caption-title-size:var(--h2_typography-font-size);--awb-caption-title-transform:var(--h2_typography-text-transform);--awb-caption-title-line-height:var(--h2_typography-line-height);--awb-caption-title-letter-spacing:var(--h2_typography-letter-spacing);\"><span class=\" fusion-imageframe imageframe-none imageframe-13 hover-type-none\"><a class=\"fusion-no-lightbox\" href=\"http:\/\/parc.uab.cat\" target=\"_self\" aria-label=\"Parc Recerca UAB_02\"><img decoding=\"async\" width=\"200\" height=\"122\" src=\"https:\/\/eurecat.org\/wp-content\/uploads\/2017\/05\/Parc-Recerca-UAB_02.jpg\" alt class=\"img-responsive wp-image-25223\" srcset=\"https:\/\/eurecat.org\/wp-content\/uploads\/2017\/05\/Parc-Recerca-UAB_02-30x18.jpg 30w, https:\/\/eurecat.org\/wp-content\/uploads\/2017\/05\/Parc-Recerca-UAB_02-120x73.jpg 120w, https:\/\/eurecat.org\/wp-content\/uploads\/2017\/05\/Parc-Recerca-UAB_02.jpg 200w\" sizes=\"(max-width: 200px) 100vw, 200px\" \/><\/a><\/span><\/div><div class=\"fusion-clearfix\"><\/div><\/div><\/div><div class=\"fusion-layout-column fusion_builder_column fusion-builder-column-40 fusion_builder_column_1_5 1_5 fusion-one-fifth\" style=\"--awb-bg-size:cover;width:20%;width:calc(20% - ( ( 4% + 4% + 4% ) * 0.2 ) );margin-right: 4%;\"><div class=\"fusion-column-wrapper fusion-flex-column-wrapper-legacy\"><div class=\"fusion-image-element in-legacy-container\" style=\"--awb-caption-title-font-family:var(--h2_typography-font-family);--awb-caption-title-font-weight:var(--h2_typography-font-weight);--awb-caption-title-font-style:var(--h2_typography-font-style);--awb-caption-title-size:var(--h2_typography-font-size);--awb-caption-title-transform:var(--h2_typography-text-transform);--awb-caption-title-line-height:var(--h2_typography-line-height);--awb-caption-title-letter-spacing:var(--h2_typography-letter-spacing);\"><span class=\" fusion-imageframe imageframe-none imageframe-14 hover-type-none\"><a class=\"fusion-no-lightbox\" href=\"https:\/\/www.prbb.org\/es\" target=\"_self\" aria-label=\"PRBB_200X122\"><img decoding=\"async\" width=\"200\" height=\"122\" src=\"https:\/\/eurecat.org\/wp-content\/uploads\/2017\/05\/PRBB_200X122.jpg\" alt class=\"img-responsive wp-image-25739\" srcset=\"https:\/\/eurecat.org\/wp-content\/uploads\/2017\/05\/PRBB_200X122-30x18.jpg 30w, https:\/\/eurecat.org\/wp-content\/uploads\/2017\/05\/PRBB_200X122-120x73.jpg 120w, https:\/\/eurecat.org\/wp-content\/uploads\/2017\/05\/PRBB_200X122.jpg 200w\" sizes=\"(max-width: 200px) 100vw, 200px\" \/><\/a><\/span><\/div><div class=\"fusion-clearfix\"><\/div><\/div><\/div><div class=\"fusion-layout-column fusion_builder_column fusion-builder-column-41 fusion_builder_column_1_5 1_5 fusion-one-fifth\" style=\"--awb-bg-size:cover;width:20%;width:calc(20% - ( ( 4% + 4% + 4% ) * 0.2 ) );margin-right: 4%;\"><div class=\"fusion-column-wrapper fusion-flex-column-wrapper-legacy\"><div class=\"fusion-image-element in-legacy-container\" style=\"--awb-caption-title-font-family:var(--h2_typography-font-family);--awb-caption-title-font-weight:var(--h2_typography-font-weight);--awb-caption-title-font-style:var(--h2_typography-font-style);--awb-caption-title-size:var(--h2_typography-font-size);--awb-caption-title-transform:var(--h2_typography-text-transform);--awb-caption-title-line-height:var(--h2_typography-line-height);--awb-caption-title-letter-spacing:var(--h2_typography-letter-spacing);\"><span class=\" fusion-imageframe imageframe-none imageframe-15 hover-type-none\"><a class=\"fusion-no-lightbox\" href=\"http:\/\/parc.uab.cat\" target=\"_self\" aria-label=\"ship2b200x122\"><img decoding=\"async\" width=\"200\" height=\"122\" src=\"https:\/\/eurecat.org\/wp-content\/uploads\/2017\/05\/ship2b200x122.jpg\" alt class=\"img-responsive wp-image-25734\" srcset=\"https:\/\/eurecat.org\/wp-content\/uploads\/2017\/05\/ship2b200x122-30x18.jpg 30w, https:\/\/eurecat.org\/wp-content\/uploads\/2017\/05\/ship2b200x122-120x73.jpg 120w, https:\/\/eurecat.org\/wp-content\/uploads\/2017\/05\/ship2b200x122.jpg 200w\" sizes=\"(max-width: 200px) 100vw, 200px\" \/><\/a><\/span><\/div><div class=\"fusion-clearfix\"><\/div><\/div><\/div><div class=\"fusion-layout-column fusion_builder_column fusion-builder-column-42 fusion_builder_column_1_5 1_5 fusion-one-fifth fusion-column-last\" style=\"--awb-bg-size:cover;width:20%;width:calc(20% - ( ( 4% + 4% + 4% ) * 0.2 ) );\"><div class=\"fusion-column-wrapper fusion-flex-column-wrapper-legacy\"><div class=\"fusion-image-element in-legacy-container\" style=\"--awb-caption-title-font-family:var(--h2_typography-font-family);--awb-caption-title-font-weight:var(--h2_typography-font-weight);--awb-caption-title-font-style:var(--h2_typography-font-style);--awb-caption-title-size:var(--h2_typography-font-size);--awb-caption-title-transform:var(--h2_typography-text-transform);--awb-caption-title-line-height:var(--h2_typography-line-height);--awb-caption-title-letter-spacing:var(--h2_typography-letter-spacing);\"><span class=\" fusion-imageframe imageframe-none imageframe-16 hover-type-none\"><a class=\"fusion-no-lightbox\" href=\"http:\/\/www.urv.cat\" target=\"_self\" aria-label=\"URV200x112\"><img decoding=\"async\" width=\"200\" height=\"122\" src=\"https:\/\/eurecat.org\/wp-content\/uploads\/2017\/05\/URV200x112.jpg\" alt class=\"img-responsive wp-image-25260\" srcset=\"https:\/\/eurecat.org\/wp-content\/uploads\/2017\/05\/URV200x112-30x18.jpg 30w, https:\/\/eurecat.org\/wp-content\/uploads\/2017\/05\/URV200x112-120x73.jpg 120w, https:\/\/eurecat.org\/wp-content\/uploads\/2017\/05\/URV200x112.jpg 200w\" sizes=\"(max-width: 200px) 100vw, 200px\" \/><\/a><\/span><\/div><div class=\"fusion-clearfix\"><\/div><\/div><\/div><\/div><\/div>\n","protected":false},"excerpt":{"rendered":"","protected":false},"author":12,"featured_media":25795,"parent":2777,"menu_order":19,"comment_status":"closed","ping_status":"closed","template":"100-width.php","meta":{"footnotes":""},"class_list":["post-24969","page","type-page","status-publish","has-post-thumbnail","hentry"],"yoast_head":"<!-- This site is optimized with the Yoast SEO plugin v27.5 - https:\/\/yoast.com\/product\/yoast-seo-wordpress\/ -->\n<title>Conferencia - Tecnolog\u00edas exponenciales que alargan la vida<\/title>\n<meta name=\"description\" content=\"Primera conferencia de quatre que es duran a terme per tot l&#039;Estat Espanyol i que vol apropar la visi\u00f3 d&#039;experts en tecnologies exponencials\" \/>\n<meta name=\"robots\" content=\"index, follow, max-snippet:-1, max-image-preview:large, max-video-preview:-1\" \/>\n<link rel=\"canonical\" href=\"https:\/\/eurecat.org\/es\/servicios\/eurecatevents\/tecnologias-alargan-la-vida\/\" \/>\n<meta property=\"og:locale\" content=\"es_ES\" \/>\n<meta property=\"og:type\" content=\"article\" \/>\n<meta property=\"og:title\" content=\"Conferencia - Tecnolog\u00edas exponenciales que alargan la vida\" \/>\n<meta property=\"og:description\" content=\"Primera conferencia de quatre que es duran a terme per tot l&#039;Estat Espanyol i que vol apropar la visi\u00f3 d&#039;experts en tecnologies exponencials\" \/>\n<meta property=\"og:url\" content=\"https:\/\/eurecat.org\/es\/servicios\/eurecatevents\/tecnologias-alargan-la-vida\/\" \/>\n<meta property=\"og:site_name\" content=\"Eurecat\" \/>\n<meta property=\"article:modified_time\" content=\"2017-12-21T10:12:31+00:00\" \/>\n<meta property=\"og:image\" content=\"https:\/\/eurecat.org\/wp-content\/uploads\/2017\/05\/vida20170530_ESP_600x400.jpg\" \/>\n\t<meta property=\"og:image:width\" content=\"600\" \/>\n\t<meta property=\"og:image:height\" content=\"400\" \/>\n\t<meta property=\"og:image:type\" content=\"image\/jpeg\" \/>\n<meta name=\"twitter:card\" content=\"summary_large_image\" \/>\n<meta name=\"twitter:label1\" content=\"Tiempo de lectura\" \/>\n\t<meta name=\"twitter:data1\" content=\"40 minutos\" \/>\n<script type=\"application\/ld+json\" class=\"yoast-schema-graph\">{\"@context\":\"https:\\\/\\\/schema.org\",\"@graph\":[{\"@type\":\"WebPage\",\"@id\":\"https:\\\/\\\/eurecat.org\\\/es\\\/servicios\\\/eurecatevents\\\/tecnologias-alargan-la-vida\\\/\",\"url\":\"https:\\\/\\\/eurecat.org\\\/es\\\/servicios\\\/eurecatevents\\\/tecnologias-alargan-la-vida\\\/\",\"name\":\"Conferencia - Tecnolog\u00edas exponenciales que alargan la vida\",\"isPartOf\":{\"@id\":\"https:\\\/\\\/eurecat.org\\\/es\\\/#website\"},\"primaryImageOfPage\":{\"@id\":\"https:\\\/\\\/eurecat.org\\\/es\\\/servicios\\\/eurecatevents\\\/tecnologias-alargan-la-vida\\\/#primaryimage\"},\"image\":{\"@id\":\"https:\\\/\\\/eurecat.org\\\/es\\\/servicios\\\/eurecatevents\\\/tecnologias-alargan-la-vida\\\/#primaryimage\"},\"thumbnailUrl\":\"https:\\\/\\\/eurecat.org\\\/wp-content\\\/uploads\\\/2017\\\/05\\\/vida20170530_ESP_600x400.jpg\",\"datePublished\":\"2017-05-09T12:06:36+00:00\",\"dateModified\":\"2017-12-21T10:12:31+00:00\",\"description\":\"Primera conferencia de quatre que es duran a terme per tot l'Estat Espanyol i que vol apropar la visi\u00f3 d'experts en tecnologies exponencials\",\"breadcrumb\":{\"@id\":\"https:\\\/\\\/eurecat.org\\\/es\\\/servicios\\\/eurecatevents\\\/tecnologias-alargan-la-vida\\\/#breadcrumb\"},\"inLanguage\":\"es\",\"potentialAction\":[{\"@type\":\"ReadAction\",\"target\":[\"https:\\\/\\\/eurecat.org\\\/es\\\/servicios\\\/eurecatevents\\\/tecnologias-alargan-la-vida\\\/\"]}]},{\"@type\":\"ImageObject\",\"inLanguage\":\"es\",\"@id\":\"https:\\\/\\\/eurecat.org\\\/es\\\/servicios\\\/eurecatevents\\\/tecnologias-alargan-la-vida\\\/#primaryimage\",\"url\":\"https:\\\/\\\/eurecat.org\\\/wp-content\\\/uploads\\\/2017\\\/05\\\/vida20170530_ESP_600x400.jpg\",\"contentUrl\":\"https:\\\/\\\/eurecat.org\\\/wp-content\\\/uploads\\\/2017\\\/05\\\/vida20170530_ESP_600x400.jpg\",\"width\":600,\"height\":400},{\"@type\":\"BreadcrumbList\",\"@id\":\"https:\\\/\\\/eurecat.org\\\/es\\\/servicios\\\/eurecatevents\\\/tecnologias-alargan-la-vida\\\/#breadcrumb\",\"itemListElement\":[{\"@type\":\"ListItem\",\"position\":1,\"name\":\"Inici\",\"item\":\"https:\\\/\\\/eurecat.org\\\/es\\\/\"},{\"@type\":\"ListItem\",\"position\":2,\"name\":\"Actividades\",\"item\":\"https:\\\/\\\/eurecat.org\\\/es\\\/servicios\\\/\"},{\"@type\":\"ListItem\",\"position\":3,\"name\":\"Esdeveniments Eurecat\",\"item\":\"https:\\\/\\\/eurecat.org\\\/es\\\/servicios\\\/eurecatevents\\\/\"},{\"@type\":\"ListItem\",\"position\":4,\"name\":\"Conferencia &#8211; Tecnolog\u00edas que alargan la vida\"}]},{\"@type\":\"WebSite\",\"@id\":\"https:\\\/\\\/eurecat.org\\\/es\\\/#website\",\"url\":\"https:\\\/\\\/eurecat.org\\\/es\\\/\",\"name\":\"Eurecat\",\"description\":\"Otro sitio realizado con WordPress\",\"potentialAction\":[{\"@type\":\"SearchAction\",\"target\":{\"@type\":\"EntryPoint\",\"urlTemplate\":\"https:\\\/\\\/eurecat.org\\\/es\\\/?s={search_term_string}\"},\"query-input\":{\"@type\":\"PropertyValueSpecification\",\"valueRequired\":true,\"valueName\":\"search_term_string\"}}],\"inLanguage\":\"es\"}]}<\/script>\n<!-- \/ Yoast SEO plugin. -->","yoast_head_json":{"title":"Conferencia - Tecnolog\u00edas exponenciales que alargan la vida","description":"Primera conferencia de quatre que es duran a terme per tot l'Estat Espanyol i que vol apropar la visi\u00f3 d'experts en tecnologies exponencials","robots":{"index":"index","follow":"follow","max-snippet":"max-snippet:-1","max-image-preview":"max-image-preview:large","max-video-preview":"max-video-preview:-1"},"canonical":"https:\/\/eurecat.org\/es\/servicios\/eurecatevents\/tecnologias-alargan-la-vida\/","og_locale":"es_ES","og_type":"article","og_title":"Conferencia - Tecnolog\u00edas exponenciales que alargan la vida","og_description":"Primera conferencia de quatre que es duran a terme per tot l'Estat Espanyol i que vol apropar la visi\u00f3 d'experts en tecnologies exponencials","og_url":"https:\/\/eurecat.org\/es\/servicios\/eurecatevents\/tecnologias-alargan-la-vida\/","og_site_name":"Eurecat","article_modified_time":"2017-12-21T10:12:31+00:00","og_image":[{"width":600,"height":400,"url":"https:\/\/eurecat.org\/wp-content\/uploads\/2017\/05\/vida20170530_ESP_600x400.jpg","type":"image\/jpeg"}],"twitter_card":"summary_large_image","twitter_misc":{"Tiempo de lectura":"40 minutos"},"schema":{"@context":"https:\/\/schema.org","@graph":[{"@type":"WebPage","@id":"https:\/\/eurecat.org\/es\/servicios\/eurecatevents\/tecnologias-alargan-la-vida\/","url":"https:\/\/eurecat.org\/es\/servicios\/eurecatevents\/tecnologias-alargan-la-vida\/","name":"Conferencia - Tecnolog\u00edas exponenciales que alargan la vida","isPartOf":{"@id":"https:\/\/eurecat.org\/es\/#website"},"primaryImageOfPage":{"@id":"https:\/\/eurecat.org\/es\/servicios\/eurecatevents\/tecnologias-alargan-la-vida\/#primaryimage"},"image":{"@id":"https:\/\/eurecat.org\/es\/servicios\/eurecatevents\/tecnologias-alargan-la-vida\/#primaryimage"},"thumbnailUrl":"https:\/\/eurecat.org\/wp-content\/uploads\/2017\/05\/vida20170530_ESP_600x400.jpg","datePublished":"2017-05-09T12:06:36+00:00","dateModified":"2017-12-21T10:12:31+00:00","description":"Primera conferencia de quatre que es duran a terme per tot l'Estat Espanyol i que vol apropar la visi\u00f3 d'experts en tecnologies exponencials","breadcrumb":{"@id":"https:\/\/eurecat.org\/es\/servicios\/eurecatevents\/tecnologias-alargan-la-vida\/#breadcrumb"},"inLanguage":"es","potentialAction":[{"@type":"ReadAction","target":["https:\/\/eurecat.org\/es\/servicios\/eurecatevents\/tecnologias-alargan-la-vida\/"]}]},{"@type":"ImageObject","inLanguage":"es","@id":"https:\/\/eurecat.org\/es\/servicios\/eurecatevents\/tecnologias-alargan-la-vida\/#primaryimage","url":"https:\/\/eurecat.org\/wp-content\/uploads\/2017\/05\/vida20170530_ESP_600x400.jpg","contentUrl":"https:\/\/eurecat.org\/wp-content\/uploads\/2017\/05\/vida20170530_ESP_600x400.jpg","width":600,"height":400},{"@type":"BreadcrumbList","@id":"https:\/\/eurecat.org\/es\/servicios\/eurecatevents\/tecnologias-alargan-la-vida\/#breadcrumb","itemListElement":[{"@type":"ListItem","position":1,"name":"Inici","item":"https:\/\/eurecat.org\/es\/"},{"@type":"ListItem","position":2,"name":"Actividades","item":"https:\/\/eurecat.org\/es\/servicios\/"},{"@type":"ListItem","position":3,"name":"Esdeveniments Eurecat","item":"https:\/\/eurecat.org\/es\/servicios\/eurecatevents\/"},{"@type":"ListItem","position":4,"name":"Conferencia &#8211; Tecnolog\u00edas que alargan la vida"}]},{"@type":"WebSite","@id":"https:\/\/eurecat.org\/es\/#website","url":"https:\/\/eurecat.org\/es\/","name":"Eurecat","description":"Otro sitio realizado con WordPress","potentialAction":[{"@type":"SearchAction","target":{"@type":"EntryPoint","urlTemplate":"https:\/\/eurecat.org\/es\/?s={search_term_string}"},"query-input":{"@type":"PropertyValueSpecification","valueRequired":true,"valueName":"search_term_string"}}],"inLanguage":"es"}]}},"_links":{"self":[{"href":"https:\/\/eurecat.org\/es\/wp-json\/wp\/v2\/pages\/24969","targetHints":{"allow":["GET"]}}],"collection":[{"href":"https:\/\/eurecat.org\/es\/wp-json\/wp\/v2\/pages"}],"about":[{"href":"https:\/\/eurecat.org\/es\/wp-json\/wp\/v2\/types\/page"}],"author":[{"embeddable":true,"href":"https:\/\/eurecat.org\/es\/wp-json\/wp\/v2\/users\/12"}],"replies":[{"embeddable":true,"href":"https:\/\/eurecat.org\/es\/wp-json\/wp\/v2\/comments?post=24969"}],"version-history":[{"count":0,"href":"https:\/\/eurecat.org\/es\/wp-json\/wp\/v2\/pages\/24969\/revisions"}],"up":[{"embeddable":true,"href":"https:\/\/eurecat.org\/es\/wp-json\/wp\/v2\/pages\/2777"}],"wp:featuredmedia":[{"embeddable":true,"href":"https:\/\/eurecat.org\/es\/wp-json\/wp\/v2\/media\/25795"}],"wp:attachment":[{"href":"https:\/\/eurecat.org\/es\/wp-json\/wp\/v2\/media?parent=24969"}],"curies":[{"name":"wp","href":"https:\/\/api.w.org\/{rel}","templated":true}]}}